{"id":9322,"date":"2020-11-05T14:46:03","date_gmt":"2020-11-05T17:46:03","guid":{"rendered":"https:\/\/162.215.13.167?page_id=9322"},"modified":"2022-12-20T10:57:17","modified_gmt":"2022-12-20T13:57:17","slug":"processo-seletivo-2020-prosel-esp-ufra-2020-2","status":"publish","type":"page","link":"https:\/\/portalfadesp.org.br\/?page_id=9322","title":{"rendered":"Processo Seletivo Especial UFRA \u2013 Lic. em Computa\u00e7\u00e3o \/ Mosqueiro 2020"},"content":{"rendered":"\t\t<div data-elementor-type=\"wp-page\" data-elementor-id=\"9322\" class=\"elementor elementor-9322\" data-elementor-post-type=\"page\">\n\t\t\t\t\t\t<section class=\"elementor-section elementor-top-section elementor-element elementor-element-7759e82 elementor-section-boxed elementor-section-height-default elementor-section-height-default\" data-id=\"7759e82\" data-element_type=\"section\">\n\t\t\t\t\t\t<div class=\"elementor-container elementor-column-gap-default\">\n\t\t\t\t\t<div class=\"elementor-column elementor-col-100 elementor-top-column elementor-element elementor-element-288dbe9\" data-id=\"288dbe9\" data-element_type=\"column\">\n\t\t\t<div class=\"elementor-widget-wrap elementor-element-populated\">\n\t\t\t\t\t\t<div class=\"elementor-element elementor-element-1ce31c8 elementor-widget elementor-widget-heading\" data-id=\"1ce31c8\" data-element_type=\"widget\" data-widget_type=\"heading.default\">\n\t\t\t\t<div class=\"elementor-widget-container\">\n\t\t\t\t\t<h1 class=\"elementor-heading-title elementor-size-default\">Processo Seletivo 2020 II (PROSEL ESP UFRA 2020 - MOSQUEIRO)<\/h1>\t\t\t\t<\/div>\n\t\t\t\t<\/div>\n\t\t\t\t<section class=\"elementor-section elementor-inner-section elementor-element elementor-element-5ba10ed elementor-section-boxed elementor-section-height-default elementor-section-height-default\" data-id=\"5ba10ed\" data-element_type=\"section\">\n\t\t\t\t\t\t<div class=\"elementor-container elementor-column-gap-default\">\n\t\t\t\t\t<div class=\"elementor-column elementor-col-50 elementor-inner-column elementor-element elementor-element-0b38389\" data-id=\"0b38389\" data-element_type=\"column\">\n\t\t\t<div class=\"elementor-widget-wrap elementor-element-populated\">\n\t\t\t\t\t\t<div class=\"elementor-element elementor-element-390424d elementor-widget elementor-widget-text-editor\" data-id=\"390424d\" data-element_type=\"widget\" data-widget_type=\"text-editor.default\">\n\t\t\t\t<div class=\"elementor-widget-container\">\n\t\t\t\t\t\t\t\t\t<p>A Universidade Federal Rural da Amaz\u00f4nia (UFRA) torna p\u00fablica a realiza\u00e7\u00e3o do Processo Seletivo Especial 2020 (PROSEL ESP UFRA 2020 ENEM), destinado a selecionar candidatos para o provimento de vagas no curso presencial de gradua\u00e7\u00e3o de Licenciatura em Computa\u00e7\u00e3o, em regime especial, mediante conv\u00eanio celebrado entre a Secretaria de Estado de Ci\u00eancia, Tecnologia e Educa\u00e7\u00e3o Profissional e Tecnol\u00f3gica (SECTET) e a Universidade Federal Rural da<br \/>Amaz\u00f4nia (UFRA). O referido curso ser\u00e1 ofertado pela Universidade Federal Rural da Amaz\u00f4nia (UFRA), mediante as condi\u00e7\u00f5es estabelecidas neste edital.<\/p><p><strong>Curso &#8211; <\/strong>Licenciatura em Computa\u00e7\u00e3o.<strong><br \/>Vagas \u2013 <\/strong>50<br \/><strong>Local da oferta \u2013 <\/strong>Mosqueiro (Bel\u00e9m)<\/p><p>&#8230;&#8230;&#8230;&#8230;&#8230;&#8230;&#8230;&#8230;&#8230;&#8230;..<\/p><p><strong>Datas importantes<\/strong>:<\/p><p><strong>Per\u00edodo de Inscri\u00e7\u00e3o (Prorrogadas)<\/strong> &#8211; at\u00e9 dia 30\/12\/2020<\/p><p>Solicita\u00e7\u00e3o de isen\u00e7\u00e3o de taxa para pessoa de baixa renda (aluno de escola p\u00fablica pertencente ao Cad\u00danico) &#8211; 05 a 12\/11\/2020.<\/p><p>Resultado preliminar da isen\u00e7\u00e3o de taxa para pessoa de baixa renda &#8211; 17\/11\/2020.<\/p><p><strong>Pagamento da taxa de inscri\u00e7\u00e3o (Prorrogada)<\/strong> &#8211; at\u00e9 31\/12\/2020.<\/p><p><strong>Divulga\u00e7\u00e3o das inscri\u00e7\u00f5es homologadas<\/strong> &#8211; 15\/12\/2020.<\/p><p><strong>Divulga\u00e7\u00e3o dos resultados obtidos no ENEM 2019<\/strong> &#8211; \u00a006\/08\/2021<\/p>\t\t\t\t\t\t\t\t<\/div>\n\t\t\t\t<\/div>\n\t\t\t\t\t<\/div>\n\t\t<\/div>\n\t\t\t\t<div class=\"elementor-column elementor-col-50 elementor-inner-column elementor-element elementor-element-7503a48\" data-id=\"7503a48\" data-element_type=\"column\">\n\t\t\t<div class=\"elementor-widget-wrap elementor-element-populated\">\n\t\t\t\t\t\t<div class=\"elementor-element elementor-element-d825992 elementor-widget elementor-widget-text-editor\" data-id=\"d825992\" data-element_type=\"widget\" data-widget_type=\"text-editor.default\">\n\t\t\t\t<div class=\"elementor-widget-container\">\n\t\t\t\t\t\t\t\t\t<p><a href=\"http:\/\/concursos.fadesp.org.br\/proselespufra2020\/web\/index.php\"><span style=\"color: #ffffff;\"><strong>Acompanhe sua Inscri\u00e7\u00e3o (Clique Aqui)<\/strong><\/span><\/a><\/p>\t\t\t\t\t\t\t\t<\/div>\n\t\t\t\t<\/div>\n\t\t\t\t<div class=\"elementor-element elementor-element-81ea865 elementor-widget elementor-widget-text-editor\" data-id=\"81ea865\" data-element_type=\"widget\" data-widget_type=\"text-editor.default\">\n\t\t\t\t<div class=\"elementor-widget-container\">\n\t\t\t\t\t\t\t\t\t<p style=\"text-align: center;\"><span style=\"color: #ffffff;\"><strong>Editais e Avisos<\/strong><\/span><\/p>\t\t\t\t\t\t\t\t<\/div>\n\t\t\t\t<\/div>\n\t\t\t\t<div class=\"elementor-element elementor-element-38145cc elementor-widget elementor-widget-text-editor\" data-id=\"38145cc\" data-element_type=\"widget\" data-widget_type=\"text-editor.default\">\n\t\t\t\t<div class=\"elementor-widget-container\">\n\t\t\t\t\t\t\t\t\t<p><strong><a href=\"https:\/\/proen.ufra.edu.br\/images\/FormaPara\/EDITAL_DE_HABILITACAO_DE_MATRICULA_FORMAPARA.pdf\">EDITAL DE HABILITA\u00c7\u00c3O E MATR\u00cdCULA<\/a><\/strong><\/p><p><a href=\"http:\/\/concursos.fadesp.org.br\/proselespufra2020\/arquivos\/RetificacaoResultadoDefinitivoUFRA.pdf\"><strong>RETIFICA\u00c7\u00c3O DO RESULTADO DEFINITIVO \u2013 PROSEL 2020<\/strong><\/a><\/p><p><a href=\"http:\/\/concursos.fadesp.org.br\/proselespufra2020\/arquivos\/ResultadoDefinitivoUFRA_MOSQUEIRO.pdf\"><strong>RESULTADO DEFINITIVO &#8211; PROSEL 2020<\/strong><\/a><\/p><p style=\"text-align: center;\"><a href=\"http:\/\/concursos.fadesp.org.br\/proselespufra2020\/arquivos\/ResultadoPreliminarUFRAMosqueiro.pdf\"><strong>RESULTADO PRELIMINAR &#8211; PROSEL 2020<\/strong><\/a><\/p><p style=\"text-align: center;\"><a href=\"http:\/\/concursos.fadesp.org.br\/proselespufra2020\/arquivos\/NOVO%20CRONOGRAMA%20ATUALIZADO.pdf\"><strong>NOVO CRONOGRAMA<\/strong><\/a><\/p><p style=\"text-align: center;\"><strong><a href=\"http:\/\/concursos.fadesp.org.br\/proselespufra2020\/arquivos\/Demanda%20-%20MOSQUEIRO.pdf\">DEMANDA &#8211; UFRA-PROSEL \/ Lic. em Computa\u00e7\u00e3o &#8211; 2020<\/a><\/strong><\/p><p style=\"text-align: center;\"><strong><a href=\"http:\/\/concursos.fadesp.org.br\/proselespufra2020\/arquivos\/NOVO%20CRONOGRAMA%2011_04%20-%20MOSQQUEIRO.pdf\">RETIFICA\u00c7\u00c3O DE CRONOGRAMA<\/a><\/strong><\/p><p style=\"text-align: center;\"><strong><a href=\"http:\/\/concursos.fadesp.org.br\/proselespufra2020\/arquivos\/Retifica%C3%A7%C3%A3o%20de%20Inscri%C3%A7%C3%B5es%20Homologadas.pdf\">Inscri\u00e7\u00f5es Homologadas\u00a0 Definitiva &#8211; PROSEL Especial<\/a><\/strong><\/p><p style=\"text-align: center;\"><strong><a href=\"http:\/\/concursos.fadesp.org.br\/proselespufra2020\/arquivos\/Rela%C3%A7%C3%A3o%20Definitiva%20de%20Isen%C3%A7%C3%A3o%20por%20Hipossufici%C3%AAncia%20Financeira%20-%20Mosqueiro.pdf\">Rela\u00e7\u00e3o Definitiva de Isen\u00e7\u00e3o por Hipossufici\u00eancia Financeira &#8211; Mosqueiro<\/a><\/strong><\/p><p style=\"text-align: center;\"><strong><a href=\"http:\/\/concursos.fadesp.org.br\/proselespufra2020\/arquivos\/Rela%C3%A7%C3%A3o%20Preliminar%20Isen%C3%A7%C3%A3o%20por%20Hipossufici%C3%AAncia%20Financeira%20-%20Mosqueiro.pdf\">Rela\u00e7\u00e3o Preliminar Isen\u00e7\u00e3o por Hipossufici\u00eancia Financeira<\/a><\/strong><\/p><p style=\"text-align: center;\"><strong><a href=\"http:\/\/concursos.fadesp.org.br\/proselespufra2020\/arquivos\/Edital%20PROSEL%202020%20UFRA%20ENEM%202019-Mosqueiro.pdf\" target=\"_blank\" rel=\"noopener\">Edital 01 &#8211; Abertura<\/a><\/strong><\/p><p style=\"text-align: center;\"><strong>\u00a0Informa\u00e7\u00f5es pelo<\/strong><br \/><strong>Fale Conosco do Concursos<br \/><a href=\"http:\/\/concursos.fadesp.org.br\/faleConosco.php\">(CLIQUE AQUI)<\/a><\/strong><\/p>\t\t\t\t\t\t\t\t<\/div>\n\t\t\t\t<\/div>\n\t\t\t\t\t<\/div>\n\t\t<\/div>\n\t\t\t\t\t<\/div>\n\t\t<\/section>\n\t\t\t\t\t<\/div>\n\t\t<\/div>\n\t\t\t\t\t<\/div>\n\t\t<\/section>\n\t\t\t\t<\/div>\n\t\t","protected":false},"excerpt":{"rendered":"<p>Processo Seletivo 2020 II (PROSEL ESP UFRA 2020 &#8211; MOSQUEIRO) A Universidade Federal Rural da Amaz\u00f4nia (UFRA) torna p\u00fablica a realiza\u00e7\u00e3o do Processo Seletivo Especial 2020 (PROSEL ESP UFRA 2020 ENEM), destinado a selecionar candidatos para o provimento de vagas no curso presencial de gradua\u00e7\u00e3o de Licenciatura em Computa\u00e7\u00e3o, em regime especial, mediante conv\u00eanio celebrado [&hellip;]<\/p>\n","protected":false},"author":9,"featured_media":0,"parent":329,"menu_order":0,"comment_status":"closed","ping_status":"closed","template":"","meta":{"_monsterinsights_skip_tracking":false,"_monsterinsights_sitenote_active":false,"_monsterinsights_sitenote_note":"","_monsterinsights_sitenote_category":0,"footnotes":""},"class_list":["post-9322","page","type-page","status-publish","hentry","entry"],"yoast_head":"<!-- This site is optimized with the Yoast SEO plugin v25.1 - https:\/\/yoast.com\/wordpress\/plugins\/seo\/ -->\n<title>Processo Seletivo Especial UFRA \u2013 Lic. em Computa\u00e7\u00e3o \/ Mosqueiro 2020 - FADESP<\/title>\n<meta name=\"robots\" content=\"index, follow, max-snippet:-1, max-image-preview:large, max-video-preview:-1\" \/>\n<link rel=\"canonical\" href=\"https:\/\/portalfadesp.org.br\/?page_id=9322\" \/>\n<meta property=\"og:locale\" content=\"pt_BR\" \/>\n<meta property=\"og:type\" content=\"article\" \/>\n<meta property=\"og:title\" content=\"Processo Seletivo Especial UFRA \u2013 Lic. em Computa\u00e7\u00e3o \/ Mosqueiro 2020 - FADESP\" \/>\n<meta property=\"og:description\" content=\"Processo Seletivo 2020 II (PROSEL ESP UFRA 2020 &#8211; MOSQUEIRO) A Universidade Federal Rural da Amaz\u00f4nia (UFRA) torna p\u00fablica a realiza\u00e7\u00e3o do Processo Seletivo Especial 2020 (PROSEL ESP UFRA 2020 ENEM), destinado a selecionar candidatos para o provimento de vagas no curso presencial de gradua\u00e7\u00e3o de Licenciatura em Computa\u00e7\u00e3o, em regime especial, mediante conv\u00eanio celebrado [&hellip;]\" \/>\n<meta property=\"og:url\" content=\"https:\/\/portalfadesp.org.br\/?page_id=9322\" \/>\n<meta property=\"og:site_name\" content=\"FADESP\" \/>\n<meta property=\"article:publisher\" content=\"https:\/\/www.facebook.com\/Fadesp-138351949524662\/\" \/>\n<meta property=\"article:modified_time\" content=\"2022-12-20T13:57:17+00:00\" \/>\n<meta name=\"twitter:card\" content=\"summary_large_image\" \/>\n<meta name=\"twitter:site\" content=\"@Fadesp\" \/>\n<meta name=\"twitter:label1\" content=\"Est. tempo de leitura\" \/>\n\t<meta name=\"twitter:data1\" content=\"1 minuto\" \/>\n<script type=\"application\/ld+json\" class=\"yoast-schema-graph\">{\"@context\":\"https:\/\/schema.org\",\"@graph\":[{\"@type\":\"WebPage\",\"@id\":\"https:\/\/portalfadesp.org.br\/?page_id=9322\",\"url\":\"https:\/\/portalfadesp.org.br\/?page_id=9322\",\"name\":\"Processo Seletivo Especial UFRA \u2013 Lic. em Computa\u00e7\u00e3o \/ Mosqueiro 2020 - FADESP\",\"isPartOf\":{\"@id\":\"https:\/\/portalfadesp.org.br\/#website\"},\"datePublished\":\"2020-11-05T17:46:03+00:00\",\"dateModified\":\"2022-12-20T13:57:17+00:00\",\"breadcrumb\":{\"@id\":\"https:\/\/portalfadesp.org.br\/?page_id=9322#breadcrumb\"},\"inLanguage\":\"pt-BR\",\"potentialAction\":[{\"@type\":\"ReadAction\",\"target\":[\"https:\/\/portalfadesp.org.br\/?page_id=9322\"]}]},{\"@type\":\"BreadcrumbList\",\"@id\":\"https:\/\/portalfadesp.org.br\/?page_id=9322#breadcrumb\",\"itemListElement\":[{\"@type\":\"ListItem\",\"position\":1,\"name\":\"In\u00edcio\",\"item\":\"https:\/\/portalfadesp.org.br\/\"},{\"@type\":\"ListItem\",\"position\":2,\"name\":\"Concursos &#8211; Homologados\",\"item\":\"https:\/\/portalfadesp.org.br\/?page_id=329\"},{\"@type\":\"ListItem\",\"position\":3,\"name\":\"Processo Seletivo Especial UFRA \u2013 Lic. em Computa\u00e7\u00e3o \/ Mosqueiro 2020\"}]},{\"@type\":\"WebSite\",\"@id\":\"https:\/\/portalfadesp.org.br\/#website\",\"url\":\"https:\/\/portalfadesp.org.br\/\",\"name\":\"FADESP\",\"description\":\"Funda\u00e7\u00e3o de Amparo e Desenvolvimento da Pesquisa\",\"publisher\":{\"@id\":\"https:\/\/portalfadesp.org.br\/#organization\"},\"potentialAction\":[{\"@type\":\"SearchAction\",\"target\":{\"@type\":\"EntryPoint\",\"urlTemplate\":\"https:\/\/portalfadesp.org.br\/?s={search_term_string}\"},\"query-input\":{\"@type\":\"PropertyValueSpecification\",\"valueRequired\":true,\"valueName\":\"search_term_string\"}}],\"inLanguage\":\"pt-BR\"},{\"@type\":\"Organization\",\"@id\":\"https:\/\/portalfadesp.org.br\/#organization\",\"name\":\"FADESP\",\"url\":\"https:\/\/portalfadesp.org.br\/\",\"logo\":{\"@type\":\"ImageObject\",\"inLanguage\":\"pt-BR\",\"@id\":\"https:\/\/portalfadesp.org.br\/#\/schema\/logo\/image\/\",\"url\":\"https:\/\/portalfadesp.org.br\/wp-content\/uploads\/2024\/01\/NOVOLOGOFADESPlaranjaH.png\",\"contentUrl\":\"https:\/\/portalfadesp.org.br\/wp-content\/uploads\/2024\/01\/NOVOLOGOFADESPlaranjaH.png\",\"width\":2742,\"height\":839,\"caption\":\"FADESP\"},\"image\":{\"@id\":\"https:\/\/portalfadesp.org.br\/#\/schema\/logo\/image\/\"},\"sameAs\":[\"https:\/\/www.facebook.com\/Fadesp-138351949524662\/\",\"https:\/\/x.com\/Fadesp\",\"https:\/\/www.instagram.com\/fadesp_ufpa\/\",\"https:\/\/www.youtube.com\/@fundacaodeamparoedesenvolv1903\",\"https:\/\/www.threads.net\/@fadesp_ufpa\"]}]}<\/script>\n<!-- \/ Yoast SEO plugin. -->","yoast_head_json":{"title":"Processo Seletivo Especial UFRA \u2013 Lic. em Computa\u00e7\u00e3o \/ Mosqueiro 2020 - FADESP","robots":{"index":"index","follow":"follow","max-snippet":"max-snippet:-1","max-image-preview":"max-image-preview:large","max-video-preview":"max-video-preview:-1"},"canonical":"https:\/\/portalfadesp.org.br\/?page_id=9322","og_locale":"pt_BR","og_type":"article","og_title":"Processo Seletivo Especial UFRA \u2013 Lic. em Computa\u00e7\u00e3o \/ Mosqueiro 2020 - FADESP","og_description":"Processo Seletivo 2020 II (PROSEL ESP UFRA 2020 &#8211; MOSQUEIRO) A Universidade Federal Rural da Amaz\u00f4nia (UFRA) torna p\u00fablica a realiza\u00e7\u00e3o do Processo Seletivo Especial 2020 (PROSEL ESP UFRA 2020 ENEM), destinado a selecionar candidatos para o provimento de vagas no curso presencial de gradua\u00e7\u00e3o de Licenciatura em Computa\u00e7\u00e3o, em regime especial, mediante conv\u00eanio celebrado [&hellip;]","og_url":"https:\/\/portalfadesp.org.br\/?page_id=9322","og_site_name":"FADESP","article_publisher":"https:\/\/www.facebook.com\/Fadesp-138351949524662\/","article_modified_time":"2022-12-20T13:57:17+00:00","twitter_card":"summary_large_image","twitter_site":"@Fadesp","twitter_misc":{"Est. tempo de leitura":"1 minuto"},"schema":{"@context":"https:\/\/schema.org","@graph":[{"@type":"WebPage","@id":"https:\/\/portalfadesp.org.br\/?page_id=9322","url":"https:\/\/portalfadesp.org.br\/?page_id=9322","name":"Processo Seletivo Especial UFRA \u2013 Lic. em Computa\u00e7\u00e3o \/ Mosqueiro 2020 - FADESP","isPartOf":{"@id":"https:\/\/portalfadesp.org.br\/#website"},"datePublished":"2020-11-05T17:46:03+00:00","dateModified":"2022-12-20T13:57:17+00:00","breadcrumb":{"@id":"https:\/\/portalfadesp.org.br\/?page_id=9322#breadcrumb"},"inLanguage":"pt-BR","potentialAction":[{"@type":"ReadAction","target":["https:\/\/portalfadesp.org.br\/?page_id=9322"]}]},{"@type":"BreadcrumbList","@id":"https:\/\/portalfadesp.org.br\/?page_id=9322#breadcrumb","itemListElement":[{"@type":"ListItem","position":1,"name":"In\u00edcio","item":"https:\/\/portalfadesp.org.br\/"},{"@type":"ListItem","position":2,"name":"Concursos &#8211; Homologados","item":"https:\/\/portalfadesp.org.br\/?page_id=329"},{"@type":"ListItem","position":3,"name":"Processo Seletivo Especial UFRA \u2013 Lic. em Computa\u00e7\u00e3o \/ Mosqueiro 2020"}]},{"@type":"WebSite","@id":"https:\/\/portalfadesp.org.br\/#website","url":"https:\/\/portalfadesp.org.br\/","name":"FADESP","description":"Funda\u00e7\u00e3o de Amparo e Desenvolvimento da Pesquisa","publisher":{"@id":"https:\/\/portalfadesp.org.br\/#organization"},"potentialAction":[{"@type":"SearchAction","target":{"@type":"EntryPoint","urlTemplate":"https:\/\/portalfadesp.org.br\/?s={search_term_string}"},"query-input":{"@type":"PropertyValueSpecification","valueRequired":true,"valueName":"search_term_string"}}],"inLanguage":"pt-BR"},{"@type":"Organization","@id":"https:\/\/portalfadesp.org.br\/#organization","name":"FADESP","url":"https:\/\/portalfadesp.org.br\/","logo":{"@type":"ImageObject","inLanguage":"pt-BR","@id":"https:\/\/portalfadesp.org.br\/#\/schema\/logo\/image\/","url":"https:\/\/portalfadesp.org.br\/wp-content\/uploads\/2024\/01\/NOVOLOGOFADESPlaranjaH.png","contentUrl":"https:\/\/portalfadesp.org.br\/wp-content\/uploads\/2024\/01\/NOVOLOGOFADESPlaranjaH.png","width":2742,"height":839,"caption":"FADESP"},"image":{"@id":"https:\/\/portalfadesp.org.br\/#\/schema\/logo\/image\/"},"sameAs":["https:\/\/www.facebook.com\/Fadesp-138351949524662\/","https:\/\/x.com\/Fadesp","https:\/\/www.instagram.com\/fadesp_ufpa\/","https:\/\/www.youtube.com\/@fundacaodeamparoedesenvolv1903","https:\/\/www.threads.net\/@fadesp_ufpa"]}]}},"_links":{"self":[{"href":"https:\/\/portalfadesp.org.br\/index.php?rest_route=\/wp\/v2\/pages\/9322","targetHints":{"allow":["GET"]}}],"collection":[{"href":"https:\/\/portalfadesp.org.br\/index.php?rest_route=\/wp\/v2\/pages"}],"about":[{"href":"https:\/\/portalfadesp.org.br\/index.php?rest_route=\/wp\/v2\/types\/page"}],"author":[{"embeddable":true,"href":"https:\/\/portalfadesp.org.br\/index.php?rest_route=\/wp\/v2\/users\/9"}],"replies":[{"embeddable":true,"href":"https:\/\/portalfadesp.org.br\/index.php?rest_route=%2Fwp%2Fv2%2Fcomments&post=9322"}],"version-history":[{"count":139,"href":"https:\/\/portalfadesp.org.br\/index.php?rest_route=\/wp\/v2\/pages\/9322\/revisions"}],"predecessor-version":[{"id":36294,"href":"https:\/\/portalfadesp.org.br\/index.php?rest_route=\/wp\/v2\/pages\/9322\/revisions\/36294"}],"up":[{"embeddable":true,"href":"https:\/\/portalfadesp.org.br\/index.php?rest_route=\/wp\/v2\/pages\/329"}],"wp:attachment":[{"href":"https:\/\/portalfadesp.org.br\/index.php?rest_route=%2Fwp%2Fv2%2Fmedia&parent=9322"}],"curies":[{"name":"wp","href":"https:\/\/api.w.org\/{rel}","templated":true}]}}