{"id":8944,"date":"2020-10-13T15:13:32","date_gmt":"2020-10-13T18:13:32","guid":{"rendered":"https:\/\/162.215.13.167?page_id=8944"},"modified":"2022-12-21T14:43:12","modified_gmt":"2022-12-21T17:43:12","slug":"concurso-publico-prefeitura-de-mocajuba-pa-2020","status":"publish","type":"page","link":"https:\/\/portalfadesp.org.br\/?page_id=8944","title":{"rendered":"Concurso P\u00fablico &#8211; Prefeitura de Mocajuba (PA) 2020"},"content":{"rendered":"\t\t<div data-elementor-type=\"wp-page\" data-elementor-id=\"8944\" class=\"elementor elementor-8944\" data-elementor-post-type=\"page\">\n\t\t\t\t\t\t<section class=\"elementor-section elementor-top-section elementor-element elementor-element-7759e82 elementor-section-boxed elementor-section-height-default elementor-section-height-default\" data-id=\"7759e82\" data-element_type=\"section\">\n\t\t\t\t\t\t<div class=\"elementor-container elementor-column-gap-default\">\n\t\t\t\t\t<div class=\"elementor-column elementor-col-100 elementor-top-column elementor-element elementor-element-288dbe9\" data-id=\"288dbe9\" data-element_type=\"column\">\n\t\t\t<div class=\"elementor-widget-wrap elementor-element-populated\">\n\t\t\t\t\t\t<div class=\"elementor-element elementor-element-1ce31c8 elementor-widget elementor-widget-heading\" data-id=\"1ce31c8\" data-element_type=\"widget\" data-widget_type=\"heading.default\">\n\t\t\t\t<div class=\"elementor-widget-container\">\n\t\t\t\t\t<h1 class=\"elementor-heading-title elementor-size-default\"><font face=\"Open Sans, sans-serif\"><span style=\"white-space: normal;\">Concurso P\u00fablico - Prefeitura de Mocajuba (PA) 2020<\/span><\/font><\/h1>\t\t\t\t<\/div>\n\t\t\t\t<\/div>\n\t\t\t\t<section class=\"elementor-section elementor-inner-section elementor-element elementor-element-5ba10ed elementor-section-boxed elementor-section-height-default elementor-section-height-default\" data-id=\"5ba10ed\" data-element_type=\"section\">\n\t\t\t\t\t\t<div class=\"elementor-container elementor-column-gap-default\">\n\t\t\t\t\t<div class=\"elementor-column elementor-col-50 elementor-inner-column elementor-element elementor-element-0b38389\" data-id=\"0b38389\" data-element_type=\"column\">\n\t\t\t<div class=\"elementor-widget-wrap elementor-element-populated\">\n\t\t\t\t\t\t<div class=\"elementor-element elementor-element-390424d elementor-widget elementor-widget-text-editor\" data-id=\"390424d\" data-element_type=\"widget\" data-widget_type=\"text-editor.default\">\n\t\t\t\t<div class=\"elementor-widget-container\">\n\t\t\t\t\t\t\t\t\t<p>A Prefeitura Municipal de Mocajuba, no uso de suas atribui\u00e7\u00f5es, torna p\u00fablica a realiza\u00e7\u00e3o de concurso p\u00fablico para o preenchimento de vagas efetivas e de cadastro de reserva, em cargos de n\u00edveis Fundamental (completo e incompleto), M\u00e9dio e Superior, conforme as condi\u00e7\u00f5es estabelecidas no edital.<\/p>\n<p><strong>Vagas<\/strong>&nbsp;\u2013 19 (Fundamental incompleto), 211 (Fundamental completo), 128 (M\u00e9dio\/T\u00e9cnico) e 227 (Superior.<br><strong>Cargos<\/strong>&nbsp;\u2013<br><strong>N\u00edvel Fundamental incompleto:<\/strong>&nbsp;Carpinteiro, Coletor de lixo, Coveiro, Jardineiro, Pedreiro, Pintor, Servente de Obra, Soldador.<br><strong>N\u00edvel Fundamental completo:<\/strong>&nbsp;Agente de Portaria, Auxiliar (de Eletricista, de Mec\u00e2nico e de Servi\u00e7os Gerais), Eletricista, Encanador, Manipulador de Alimentos, Maqueiro, Mec\u00e2nico de Maquinas Pesadas, Mec\u00e2nico de Autos, Motorista, Motorista de Transporte Escolar, Operador de M\u00e1quinas Pesadas, Servente Escolar (Zonas Rural e Urbana) e Vigia (Zonas Rural e Urbana).<br><strong>N\u00edvel M\u00e9dio\/T\u00e9cnico:<\/strong>&nbsp;Auxiliar de Sa\u00fade Bucal, Agente (de Vigil\u00e2ncia Ambiental, de Vigil\u00e2ncia Sanit\u00e1ria, de Fiscaliza\u00e7\u00e3o, Almoxarife, Assistente Administrativo, Agente Administrativo Educacional (Zonas Rural e Urbana), Condutor de Ambul\u00e2ncia, Cuidador Social e T\u00e9cnico (Agr\u00edcola, em Contabilidade, de Enfermagem, de Inform\u00e1tica, de Laborat\u00f3rio, de Opera\u00e7\u00e3o de Raio X, em Agrimensura, em Agropecu\u00e1ria, em Pr\u00f3tese Dent\u00e1ria, em Topografia).<br><strong>N\u00edvel Superior:<\/strong>&nbsp;Administrador, Arquiteto, Assistente Social, Biom\u00e9dico, Cirurgi\u00e3o Dentista, Contador, Educador Social, Enfermeiro, Engenheiro (Agr\u00f4nomo, Ambiental, Civil, Florestal, de Pesca), Farmac\u00eautico, Fisioterapeuta, Fonoaudi\u00f3logo, M\u00e9dico (Cirurgi\u00e3o, Cl\u00ednico Geral, Ginecologista, Pediatra, Psiquiatra), Nutricionista, Professor (do Atendimento Educacional Especializado AEE, Educa\u00e7\u00e3o Infantil, Ensino Fundamental, Artes, Ci\u00eancias, Educa\u00e7\u00e3o F\u00edsica, Ensino Religioso, Estudos Amaz\u00f4nicos, Geografia, Hist\u00f3ria, L\u00edngua Estrangeira Ingl\u00eas, L\u00edngua Portuguesa, Matem\u00e1tica), Coordena\u00e7\u00e3o Pedag\u00f3gica (Zonas Rural e Urbana), Psic\u00f3logo, Terapeuta Ocupacional, Tecn\u00f3logo em Alimentos, Veterin\u00e1rio.<\/p>\n<p><strong>Remunera\u00e7\u00e3o \u2013 <\/strong>de R$ 1.045,00 a R$ 5.000,00.<\/p>\n<p><strong>Taxa de inscri\u00e7\u00e3o &#8211; <\/strong>R$ 60,00 (n\u00edvel Fundamental completo e incompleto), R$ 70,00 (n\u00edvel M\u00e9dio) e R$ 90,00 (n\u00edvel Superior)<\/p>\n<p>&#8230;&#8230;&#8230;&#8230;&#8230;&#8230;&#8230;&#8230;&#8230;&#8230;..<\/p>\n<p><strong style=\"text-align: center;\">Datas &#8211; novo cronograma:&nbsp;<\/strong><\/p>\n<p><strong style=\"text-align: center;\">PROVA NO DIA 22\/05\/2022(Domingo)<\/strong><br><strong>MANH\u00c3<\/strong> (Entrada de 7h \u00e0s 8h, provas de 8h \u00e0s 12h)<br>&#8211; Fundamental Completo (Cargos de Vigia e Agente de Portaria)<br>&#8211; <strong>TARDE<\/strong> (Entrada de 13h30 \u00e0s 14h30. Provas de 14h30 \u00e0s 18h30)<br>&#8211; Fundamental Completo (Todos os demais Cargos)<br><strong style=\"text-align: center;\">PROVA NO DIA 29\/05\/2022(Domingo)<\/strong><br>&#8211;<strong> MANH\u00c3<\/strong> (Entrada de 7h \u00e0s 8h, provas de 8h \u00e0s 12h)<br>&#8211; Todos os cargos de N\u00edvel Superior<br>&#8211; <strong>TARDE<\/strong> (Entrada de 13h30 \u00e0s 14h30. Provas de 14h30 \u00e0s 18h30)<br>&#8211; Todos os cargos de N\u00edvel M\u00e9dio e Fundamental Incompleto<\/p>\t\t\t\t\t\t\t\t<\/div>\n\t\t\t\t<\/div>\n\t\t\t\t\t<\/div>\n\t\t<\/div>\n\t\t\t\t<div class=\"elementor-column elementor-col-50 elementor-inner-column elementor-element elementor-element-7503a48\" data-id=\"7503a48\" data-element_type=\"column\">\n\t\t\t<div class=\"elementor-widget-wrap elementor-element-populated\">\n\t\t\t\t\t\t<div class=\"elementor-element elementor-element-d825992 elementor-widget elementor-widget-text-editor\" data-id=\"d825992\" data-element_type=\"widget\" data-widget_type=\"text-editor.default\">\n\t\t\t\t<div class=\"elementor-widget-container\">\n\t\t\t\t\t\t\t\t\t<span style=\"color: #ffffff;\"><strong><a href=\"#\"><span style=\"color: #ffffff; font-size: 1em;\">Acompanhe sua Inscri\u00e7\u00e3o<\/span><\/a><a href=\"http:\/\/concursos.fadesp.org.br\/mocajuba2020\/web\/index.php\">\n<\/a><\/strong><\/span>\t\t\t\t\t\t\t\t<\/div>\n\t\t\t\t<\/div>\n\t\t\t\t<div class=\"elementor-element elementor-element-130d507 elementor-widget elementor-widget-text-editor\" data-id=\"130d507\" data-element_type=\"widget\" data-widget_type=\"text-editor.default\">\n\t\t\t\t<div class=\"elementor-widget-container\">\n\t\t\t\t\t\t\t\t\t<div class=\"botaoBug\" style=\"margin-bottom: 10px;\"><a href=\"http:\/\/concursos.fadesp.org.br\/mocajuba2020\/web\/index_recurso.php\"><b>Recurso On-line (clique aqui)<\/b><\/a><\/div>\n<div style=\"text-align: center; display: none;\">Cargos de N\u00edvel Fundamental Completo<\/div>\n<div class=\"botaoBug\" style=\"margin-bottom: 10px;\"><a href=\"http:\/\/concursos.fadesp.org.br\/mocajuba2020\/web\/index_titulos18.php\"><b>Comprovante da Prova de T\u00edtulos (clique aqui)<\/b><\/a><\/div>\n<p style=\"text-align: center;\"><strong><a href=\"http:\/\/concursos.fadesp.org.br\/Protocolo%20de%20Seguran%C3%A7a.pdf\">PROTOCOLO DE SEGURAN\u00c7A (COVID-19)<\/a><\/strong><\/p>\t\t\t\t\t\t\t\t<\/div>\n\t\t\t\t<\/div>\n\t\t\t\t<div class=\"elementor-element elementor-element-81ea865 elementor-widget elementor-widget-text-editor\" data-id=\"81ea865\" data-element_type=\"widget\" data-widget_type=\"text-editor.default\">\n\t\t\t\t<div class=\"elementor-widget-container\">\n\t\t\t\t\t\t\t\t\t<p style=\"text-align: center;\"><span style=\"color: #ffffff;\"><strong>Editais e Avisos<\/strong><\/span><\/p>\t\t\t\t\t\t\t\t<\/div>\n\t\t\t\t<\/div>\n\t\t\t\t<div class=\"elementor-element elementor-element-38145cc elementor-widget elementor-widget-text-editor\" data-id=\"38145cc\" data-element_type=\"widget\" data-widget_type=\"text-editor.default\">\n\t\t\t\t<div class=\"elementor-widget-container\">\n\t\t\t\t\t\t\t\t\t<p style=\"text-align: center;\"><a href=\"http:\/\/concursos.fadesp.org.br\/mocajuba2020\/arquivos\/RESULTADOS\/Homologa\u00e7\u00e3o do Resultado Defifinivo Final da Prefeitura de Mocajuba.pdf\"><strong>Homologa\u00e7\u00e3o do Resultado Defifinivo Final, de 30\/08\/2022<\/strong><\/a><\/p>\n<p style=\"text-align: center;\"><a href=\"http:\/\/concursos.fadesp.org.br\/mocajuba2020\/arquivos\/RESULTADOS\/classificatorio\/Resultado Preliminar Classificat\u00f3rio - Cargos de Professores.pdf\"><strong>Resultado Preliminar Classificat\u00f3rio &#8211; Cargos de Professores, de 19\/08\/2022<\/strong><\/a><\/p>\n<p style=\"text-align: center;\"><a href=\"http:\/\/concursos.fadesp.org.br\/mocajuba2020\/arquivos\/RESULTADOS\/classificatorio\/Resultado Preliminar Classificat\u00f3rio - Nivel Superior - Exceto Professores.pdf\"><strong>Resultado Preliminar Classificat\u00f3rio &#8211; N\u00edvel Superior, de 19\/08\/2022<\/strong><\/a><\/p>\n<p style=\"text-align: center;\"><a href=\"http:\/\/concursos.fadesp.org.br\/mocajuba2020\/arquivos\/RESULTADOS\/classificatorio\/Resultado Preliminar Classificat\u00f3rio - Nivel M\u00e9dio.pdf\"><strong>Resultado Preliminar Classificat\u00f3rio &#8211; N\u00edvel M\u00e9dio, de 19\/08\/2022<\/strong><\/a><\/p>\n<p style=\"text-align: center;\"><a href=\"http:\/\/concursos.fadesp.org.br\/mocajuba2020\/arquivos\/RESULTADOS\/classificatorio\/Resultado Preliminar Classificat\u00f3rio - Nivel Fundamental Completo.pdf\"><strong>Resultado Preliminar Classificat\u00f3rio &#8211; N\u00edvel Fundamental Completo, de 19\/08\/2022<\/strong><\/a><\/p>\n<p style=\"text-align: center;\"><a href=\"http:\/\/concursos.fadesp.org.br\/mocajuba2020\/arquivos\/RESULTADOS\/classificatorio\/Resultado Preliminar Classificat\u00f3rio - Nivel Fundamental Incompleto.pdf\"><strong>Resultado Preliminar Classificat\u00f3rio &#8211; N\u00edvel Fundamental Incompleto, de 19\/08\/2022<\/strong><\/a><\/p>\n<p style=\"text-align: center;\"><a href=\"http:\/\/concursos.fadesp.org.br\/mocajuba2020\/arquivos\/RESULTADOS\/Resultado Definitivo da Prova de T\u00edtulos.pdf\"><strong>Resultado Definitivo da Prova de T\u00edtulos, de 19\/08\/2022<\/strong><\/a><\/p>\n<p style=\"text-align: center;\"><a href=\"http:\/\/concursos.fadesp.org.br\/mocajuba2020\/arquivos\/Resultado Preliminar da Prova de T\u00edtulos.pdf\"><strong>Resultado Preliminar da Prova de T\u00edtulos, de 10\/08\/2022<\/strong><\/a><\/p>\n<p style=\"text-align: center;\"><a href=\"http:\/\/concursos.fadesp.org.br\/mocajuba2020\/arquivos\/Edital n\u00b0 02_2022 - Convoca\u00e7\u00e3o da Prova de T\u00edtulos.pdf\"><strong>Edital n\u00b0 02\/2022 &#8211; Convoca\u00e7\u00e3o da Prova de T\u00edtulos, de 08\/07\/2022<\/strong><\/a><\/p>\n<p style=\"text-align: center;\"><a href=\"http:\/\/concursos.fadesp.org.br\/mocajuba2020\/arquivos\/RESULTADOS\/definitivo\/Resultado Definitivo da Pontua\u00e7\u00e3o da Prova de Reda\u00e7\u00e3o - Cargos de Professores.pdf\"><strong>Resultado Definitivo da Pontua\u00e7\u00e3o da Prova de Reda\u00e7\u00e3o &#8211; Cargos de Professores, de 08\/07\/2022<\/strong><\/a><\/p>\n<p style=\"text-align: center;\"><a href=\"http:\/\/concursos.fadesp.org.br\/mocajuba2020\/arquivos\/RESULTADOS\/definitivo\/Resultado Definitivo da Pontua\u00e7\u00e3o da Prova Objetiva - Cargos de Professores.pdf\"><strong>Resultado Definitivo da Pontua\u00e7\u00e3o da Prova Objetiva &#8211; Cargos de Professores, de 08\/07\/2022<\/strong><\/a><\/p>\n<p style=\"text-align: center;\"><a href=\"http:\/\/concursos.fadesp.org.br\/mocajuba2020\/arquivos\/RESULTADOS\/definitivo\/Resultado Definitivo da Pontua\u00e7\u00e3o da Prova Objetiva - Nivel Superior Geral.pdf\"><strong>Resultado Definitivo da Pontua\u00e7\u00e3o da Prova Objetiva &#8211; N\u00edvel Superior Geral, de 08\/07\/2022<\/strong><\/a><\/p>\n<p style=\"text-align: center;\"><a href=\"http:\/\/concursos.fadesp.org.br\/mocajuba2020\/arquivos\/RESULTADOS\/definitivo\/Resultado Definitivo da Pontua\u00e7\u00e3o da Prova Objetiva - Nivel M\u00e9dio.pdf\"><strong>Resultado Definitivo da Pontua\u00e7\u00e3o da Prova Objetiva &#8211; N\u00edvel M\u00e9dio, de 08\/07\/2022<\/strong><\/a><\/p>\n<p style=\"text-align: center;\"><a href=\"http:\/\/concursos.fadesp.org.br\/mocajuba2020\/arquivos\/RESULTADOS\/definitivo\/Resultado Definitivo da Pontua\u00e7\u00e3o da Prova Objetiva - Nivel Fundamental Completo.pdf\"><strong>Resultado Definitivo da Pontua\u00e7\u00e3o da Prova Objetiva &#8211; N\u00edvel Fundamental Completo, de 08\/07\/2022<\/strong><\/a><\/p>\n<p style=\"text-align: center;\"><a href=\"http:\/\/concursos.fadesp.org.br\/mocajuba2020\/arquivos\/RESULTADOS\/definitivo\/Resultado Definitivo da Pontua\u00e7\u00e3o da Prova Objetiva - Nivel Fundamental Incompleto.pdf\"><strong>Resultado Definitivo da Pontua\u00e7\u00e3o da Prova Objetiva &#8211; N\u00edvel Fundamental Incompleto, de 08\/07\/2022<\/strong><\/a><\/p>\n<p style=\"text-align: center;\"><a href=\"http:\/\/concursos.fadesp.org.br\/mocajuba2020\/arquivos\/RESULTADOS\/Resultado da Prova de Reda\u00e7\u00e3o - Cargos de Professores.pdf\"><strong>Resultado da Prova de Reda\u00e7\u00e3o &#8211; Cargos de Professores, de 28\/06\/2022<\/strong><\/a><\/p>\n<p style=\"text-align: center;\"><a href=\"http:\/\/concursos.fadesp.org.br\/mocajuba2020\/arquivos\/RESULTADOS\/Resultado Prova Objetiva - Cargos de Professores.pdf\"><strong>Resultado Prova Objetiva &#8211; Cargos de Professores, de 28\/06\/2022<\/strong><\/a><\/p>\n<p style=\"text-align: center;\"><a href=\"http:\/\/concursos.fadesp.org.br\/mocajuba2020\/arquivos\/RESULTADOS\/Resultado - Nivel Superior Geral.pdf\"><strong>Resultado &#8211; N\u00edvel Superior Geral, de 28\/06\/2022<\/strong><\/a><\/p>\n<p style=\"text-align: center;\"><a href=\"http:\/\/concursos.fadesp.org.br\/mocajuba2020\/arquivos\/RESULTADOS\/Resultado - Nivel M\u00e9dio.pdf\"><strong>Resultado &#8211; N\u00edvel M\u00e9dio, de 28\/06\/2022<\/strong><\/a><\/p>\n<p style=\"text-align: center;\"><a href=\"http:\/\/concursos.fadesp.org.br\/mocajuba2020\/arquivos\/RESULTADOS\/Resultado - Nivel Fundamental Completo.pdf\"><strong>Resultado &#8211; N\u00edvel Fundamental Completo, de 28\/06\/2022<\/strong><\/a><\/p>\n<p style=\"text-align: center;\"><a href=\"http:\/\/concursos.fadesp.org.br\/mocajuba2020\/arquivos\/RESULTADOS\/Resultado - Nivel Fundamental Incompleto.pdf\"><strong>Resultado &#8211; N\u00edvel Fundamental Incompleto, de 28\/06\/2022<\/strong><\/a><\/p>\n<p style=\"text-align: center;\"><a href=\"http:\/\/concursos.fadesp.org.br\/mocajuba2020\/arquivos\/GABARITOS\/GABARITOS OFICIAL DEFINITIVO SUPERIOR PROFESSORES_DIA 29_05_2022.pdf\"><strong>GABARITOS OFICIAL DEFINITIVO SUPERIOR PROFESSORES, de 08\/06\/2022<\/strong><\/a><\/p>\n<p style=\"text-align: center;\"><a href=\"http:\/\/concursos.fadesp.org.br\/mocajuba2020\/arquivos\/GABARITOS\/GABARITO OFICIAL DEFINITIVO N\u00cdVEL SUPERIOR_DIA 29_05_2022.pdf\"><strong>GABARITO OFICIAL DEFINITIVO N\u00cdVEL SUPERIOR, de 08\/06\/2022<\/strong><\/a><\/p>\n<p style=\"text-align: center;\"><a href=\"http:\/\/concursos.fadesp.org.br\/mocajuba2020\/arquivos\/GABARITOS\/GABARITO OFICIAL DEFINITIVO N\u00cdVEL M\u00c9DIO_DIA 29_05_2022.pdf\"><strong>GABARITO OFICIAL DEFINITIVO N\u00cdVEL M\u00c9DIO, de 08\/06\/2022<\/strong><\/a><\/p>\n<p style=\"text-align: center;\"><a href=\"http:\/\/concursos.fadesp.org.br\/mocajuba2020\/arquivos\/GABARITOS\/GABARITO OFICIAL DEFINITIVO FUNDAMENTAL INCOMPLETO_DIA 29_05_2022.pdf\"><strong>GABARITO OFICIAL DEFINITIVO FUNDAMENTAL INCOMPLETO, de 08\/06\/2022<\/strong><\/a><\/p>\n<p style=\"text-align: center;\"><a href=\"http:\/\/concursos.fadesp.org.br\/mocajuba2020\/arquivos\/GABARITOS\/GABARITO_OFICIAL_DEFINITIVO_FUNDAMENTAL COMPLETO TARDE.pdf\"><strong>GABARITO OFICIAL DEFINITIVO FUNDAMENTAL COMPLETO TARDE, de 01\/05\/2022<\/strong><\/a><\/p>\n<p style=\"text-align: center;\"><a href=\"http:\/\/concursos.fadesp.org.br\/mocajuba2020\/arquivos\/GABARITOS\/GABARITO_OFICIAL_DEFINITIVO_FUNDAMENTAL COMPLETO MANH\u00c3.pdf\"><strong>GABARITO OFICIAL DEFINITIVO FUNDAMENTAL COMPLETO MANH\u00c3, de 01\/05\/2022<\/strong><\/a><\/p>\n<p style=\"text-align: center;\"><a href=\"http:\/\/concursos.fadesp.org.br\/mocajuba2020\/arquivos\/SUPERIOR_PROFESSOR\/GABARITOS\/GABARITO PRELIMINAR OFICIAL PROFESSORES.pdf\"><strong>GABARITO PRELIMINAR OFICIAL PROFESSORES, de 30\/05\/2022<\/strong><\/a><\/p>\n<p style=\"text-align: center;\"><a href=\"http:\/\/concursos.fadesp.org.br\/mocajuba2020\/arquivos\/SUPERIOR_PROFESSOR\/PROVAS\/PROF ATEND EDUCACIONA_PROF ED INFANTIL_PROF ENS FUNDAMENTAL_ZONAS RURAL E URBANA.pdf\"><strong>PROVA PROF ATEND EDUCACIONAL, PROF ED INFANTIL, PROF ENS FUNDAMENTAL, ZONAS RURAL E URBANA, de 30\/05\/2022<\/strong><\/a><\/p>\n<p style=\"text-align: center;\"><a href=\"http:\/\/concursos.fadesp.org.br\/mocajuba2020\/arquivos\/SUPERIOR_PROFESSOR\/PROVAS\/PROF DE ARTES ZONA RURAL E URBANA.pdf\"><strong>PROVA PROF DE ARTES ZONA RURAL E URBANA, de 30\/05\/2022<\/strong><\/a><\/p>\n<p style=\"text-align: center;\"><a href=\"http:\/\/concursos.fadesp.org.br\/mocajuba2020\/arquivos\/SUPERIOR_PROFESSOR\/PROVAS\/PROF DE CI\u00caNCIAS ZONA RURAL E URBANA.pdf\"><strong>PROVA PROF DE CI\u00caNCIAS ZONA RURAL E URBANA, de 30\/05\/2022<\/strong><\/a><\/p>\n<p style=\"text-align: center;\"><a href=\"http:\/\/concursos.fadesp.org.br\/mocajuba2020\/arquivos\/SUPERIOR_PROFESSOR\/PROVAS\/PROF DE EDUCA\u00c7\u00c3O F\u00cdSICA ZONA RURAL E URBANA.pdf\"><strong>PROVA PROF DE EDUCA\u00c7\u00c3O F\u00cdSICA ZONA RURAL E URBANA, de 30\/05\/2022<\/strong><\/a><\/p>\n<p style=\"text-align: center;\"><a href=\"http:\/\/concursos.fadesp.org.br\/mocajuba2020\/arquivos\/SUPERIOR_PROFESSOR\/PROVAS\/PROF DE ENSINO RELIGIOSO ZONA RURAL E URBANA.pdf\"><strong>PROVA PROF DE ENSINO RELIGIOSO ZONA RURAL E URBANA, de 30\/05\/2022<\/strong><\/a><\/p>\n<p style=\"text-align: center;\"><a href=\"http:\/\/concursos.fadesp.org.br\/mocajuba2020\/arquivos\/SUPERIOR_PROFESSOR\/PROVAS\/PROF DE ESTUDOS AMAZ\u00d4NICOS ZONA RURAL E URBANA.pdf\"><strong>PROVA PROF DE ESTUDOS AMAZ\u00d4NICOS ZONA RURAL E URBANA, de 30\/05\/2022<\/strong><\/a><\/p>\n<p style=\"text-align: center;\"><a href=\"http:\/\/concursos.fadesp.org.br\/mocajuba2020\/arquivos\/SUPERIOR_PROFESSOR\/PROVAS\/PROF DE GEOGRAFIA ZONA RURAL E URBANA.pdf\"><strong>PROVA PROF DE GEOGRAFIA ZONA RURAL E URBANA, de 30\/05\/2022<\/strong><\/a><\/p>\n<p style=\"text-align: center;\"><a href=\"http:\/\/concursos.fadesp.org.br\/mocajuba2020\/arquivos\/SUPERIOR_PROFESSOR\/PROVAS\/PROF DE HIST\u00d3RIA ZONA RURAL E URBANA.pdf\"><strong>PROVA PROF DE HIST\u00d3RIA ZONA RURAL E URBANA, de 30\/05\/2022<\/strong><\/a><\/p>\n<p style=\"text-align: center;\"><a href=\"http:\/\/concursos.fadesp.org.br\/mocajuba2020\/arquivos\/SUPERIOR_PROFESSOR\/PROVAS\/PROF DE L\u00cdNGUA ESTRANGEIRA INGL\u00caS ZONA RURAL E URBANA.pdf\"><strong>PROVA PROF DE L\u00cdNGUA ESTRANGEIRA INGL\u00caS ZONA RURAL E URBANA, de 30\/05\/2022<\/strong><\/a><\/p>\n<p style=\"text-align: center;\"><a href=\"http:\/\/concursos.fadesp.org.br\/mocajuba2020\/arquivos\/SUPERIOR_PROFESSOR\/PROVAS\/PROF DE L\u00cdNGUA PORTUGUESA ZONA RURAL E URBANA.pdf\"><strong>PROVA PROF DE L\u00cdNGUA PORTUGUESA ZONA RURAL E URBANA, de 30\/05\/2022<\/strong><\/a><\/p>\n<p style=\"text-align: center;\"><a href=\"http:\/\/concursos.fadesp.org.br\/mocajuba2020\/arquivos\/SUPERIOR_PROFESSOR\/PROVAS\/PROF DE MATEM\u00c1TICA ZONA RURAL E URBANA.pdf\"><strong>PROVA PROF DE MATEM\u00c1TICA ZONA RURAL E URBANA, de 30\/05\/2022<\/strong><\/a><\/p>\n<p style=\"text-align: center;\"><a href=\"http:\/\/concursos.fadesp.org.br\/mocajuba2020\/arquivos\/SUPERIOR\/GABARITOS\/GABARITO OFICIAL PRELIMINAR N\u00cdVEL SUPERIOR.pdf\"><strong>GABARITO PRELIMINAR OFICIAL N\u00cdVEL SUPERIOR, de 30\/05\/2022<\/strong><\/a><\/p>\n<p style=\"text-align: center;\"><a href=\"http:\/\/concursos.fadesp.org.br\/mocajuba2020\/arquivos\/SUPERIOR\/PROVAS\/ADMINISTRADOR.pdf\"><strong>PROVA ADMINISTRADOR, de 30\/05\/2022<\/strong><\/a><\/p>\n<p style=\"text-align: center;\"><a href=\"http:\/\/concursos.fadesp.org.br\/mocajuba2020\/arquivos\/SUPERIOR\/PROVAS\/ARQUITETO.pdf\"><strong>PROVA ARQUITETO, de 30\/05\/2022<\/strong><\/a><\/p>\n<p style=\"text-align: center;\"><a href=\"http:\/\/concursos.fadesp.org.br\/mocajuba2020\/arquivos\/SUPERIOR\/PROVAS\/ASSISTENTE SOCIAL E EDUCADOR SOCIAL.pdf\"><strong>PROVA ASSISTENTE SOCIAL E EDUCADOR SOCIAL, de 30\/05\/2022<\/strong><\/a><\/p>\n<p style=\"text-align: center;\"><a href=\"http:\/\/concursos.fadesp.org.br\/mocajuba2020\/arquivos\/SUPERIOR\/PROVAS\/BIOM\u00c9DICO.pdf\"><strong>PROVA BIOM\u00c9DICO, de 30\/05\/2022<\/strong><\/a><\/p>\n<p style=\"text-align: center;\"><a href=\"http:\/\/concursos.fadesp.org.br\/mocajuba2020\/arquivos\/SUPERIOR\/PROVAS\/CIRURGI\u00c3O-DENTISTA.pdf\"><strong>PROVA CIRURGI\u00c3O-DENTISTA, de 30\/05\/2022<\/strong><\/a><\/p>\n<p style=\"text-align: center;\"><a href=\"http:\/\/concursos.fadesp.org.br\/mocajuba2020\/arquivos\/SUPERIOR\/PROVAS\/CONTADOR.pdf\"><strong>PROVA CONTADOR, de 30\/05\/2022<\/strong><\/a><\/p>\n<p style=\"text-align: center;\"><a href=\"http:\/\/concursos.fadesp.org.br\/mocajuba2020\/arquivos\/SUPERIOR\/PROVAS\/COORDENA\u00c7\u00c3O PEDAG\u00d3GICA ZONA RURAL E URBANA.pdf\"><strong>PROVA COORDENA\u00c7\u00c3O PEDAG\u00d3GICA ZONA RURAL E URBANA, de 30\/05\/2022<\/strong><\/a><\/p>\n<p style=\"text-align: center;\"><a href=\"http:\/\/concursos.fadesp.org.br\/mocajuba2020\/arquivos\/SUPERIOR\/PROVAS\/ENFERMEIRO.pdf\"><strong>PROVA ENFERMEIRO, de 30\/05\/2022<\/strong><\/a><\/p>\n<p style=\"text-align: center;\"><a href=\"http:\/\/concursos.fadesp.org.br\/mocajuba2020\/arquivos\/SUPERIOR\/PROVAS\/ENGENHEIRO AGR\u00d4NOMO.pdf\"><strong>PROVA ENGENHEIRO AGR\u00d4NOMO, de 30\/05\/2022<\/strong><\/a><\/p>\n<p style=\"text-align: center;\"><a href=\"http:\/\/concursos.fadesp.org.br\/mocajuba2020\/arquivos\/SUPERIOR\/PROVAS\/ENGENHEIRO AMBIENTAL.pdf\"><strong>PROVA ENGENHEIRO AMBIENTAL, de 30\/05\/2022<\/strong><\/a><\/p>\n<p style=\"text-align: center;\"><a href=\"http:\/\/concursos.fadesp.org.br\/mocajuba2020\/arquivos\/SUPERIOR\/PROVAS\/ENGENHEIRO CIVIL.pdf\"><strong>PROVA ENGENHEIRO CIVIL, de 30\/05\/2022<\/strong><\/a><\/p>\n<p style=\"text-align: center;\"><a href=\"http:\/\/concursos.fadesp.org.br\/mocajuba2020\/arquivos\/SUPERIOR\/PROVAS\/ENGENHEIRO FLORESTAL.pdf\"><strong>PROVA ENGENHEIRO FLORESTAL, de 30\/05\/2022<\/strong><\/a><\/p>\n<p style=\"text-align: center;\"><a href=\"http:\/\/concursos.fadesp.org.br\/mocajuba2020\/arquivos\/SUPERIOR\/PROVAS\/ENGENHEIRO PESCA.pdf\"><strong>PROVA ENGENHEIRO PESCA, de 30\/05\/2022<\/strong><\/a><\/p>\n<p style=\"text-align: center;\"><a href=\"http:\/\/concursos.fadesp.org.br\/mocajuba2020\/arquivos\/SUPERIOR\/PROVAS\/FARMAC\u00caUTICO.pdf\"><strong>PROVA FARMAC\u00caUTICO, de 30\/05\/2022<\/strong><\/a><\/p>\n<p style=\"text-align: center;\"><a href=\"http:\/\/concursos.fadesp.org.br\/mocajuba2020\/arquivos\/SUPERIOR\/PROVAS\/FISIOTERAPEUTA.pdf\"><strong>PROVA FISIOTERAPEUTA, de 30\/05\/2022<\/strong><\/a><\/p>\n<p style=\"text-align: center;\"><a href=\"http:\/\/concursos.fadesp.org.br\/mocajuba2020\/arquivos\/SUPERIOR\/PROVAS\/FONOAUDI\u00d3LOGO.pdf\"><strong>PROVA FONOAUDI\u00d3LOGO, de 30\/05\/2022<\/strong><\/a><\/p>\n<p style=\"text-align: center;\"><a href=\"http:\/\/concursos.fadesp.org.br\/mocajuba2020\/arquivos\/SUPERIOR\/PROVAS\/M\u00c9DICO.pdf\"><strong>PROVA M\u00c9DICO, de 30\/05\/2022<\/strong><\/a><\/p>\n<p style=\"text-align: center;\"><a href=\"http:\/\/concursos.fadesp.org.br\/mocajuba2020\/arquivos\/SUPERIOR\/PROVAS\/NUTRICIONISTA.pdf\"><strong>PROVA NUTRICIONISTA, de 30\/05\/2022<\/strong><\/a><\/p>\n<p style=\"text-align: center;\"><a href=\"http:\/\/concursos.fadesp.org.br\/mocajuba2020\/arquivos\/SUPERIOR\/PROVAS\/PSIC\u00d3LOGO.pdf\"><strong>PROVA PSIC\u00d3LOGO, de 30\/05\/2022<\/strong><\/a><\/p>\n<p style=\"text-align: center;\"><a href=\"http:\/\/concursos.fadesp.org.br\/mocajuba2020\/arquivos\/SUPERIOR\/PROVAS\/TECN\u00d3LOGO EM ALIMENTOS.pdf\"><strong>PROVA TECN\u00d3LOGO EM ALIMENTOS, de 30\/05\/2022<\/strong><\/a><\/p>\n<p style=\"text-align: center;\"><a href=\"http:\/\/concursos.fadesp.org.br\/mocajuba2020\/arquivos\/SUPERIOR\/PROVAS\/TERAPEUTA OCUPACIONAL.pdf\"><strong>PROVA TERAPEUTA OCUPACIONAL, de 30\/05\/2022<\/strong><\/a><\/p>\n<p style=\"text-align: center;\"><a href=\"http:\/\/concursos.fadesp.org.br\/mocajuba2020\/arquivos\/SUPERIOR\/PROVAS\/VETERIN\u00c1RIO.pdf\"><strong>PROVA VETERIN\u00c1RIO, de 30\/05\/2022<\/strong><\/a><\/p>\n<p style=\"text-align: center;\"><a href=\"http:\/\/concursos.fadesp.org.br\/mocajuba2020\/arquivos\/M\u00c9DIO\/GABARITO PRELIMINAR\/GABARITO PRELIMINAR OFICIAL N\u00cdVEL M\u00c9DIO.pdf\"><strong>GABARITO PRELIMINAR OFICIAL N\u00cdVEL M\u00c9DIO, de 30\/05\/2022<\/strong><\/a><\/p>\n<p style=\"text-align: center;\"><a href=\"http:\/\/concursos.fadesp.org.br\/mocajuba2020\/arquivos\/M\u00c9DIO\/PROVAS\/AGENTE ADMINISTRATIVO EDUCACIONAL ZONA RURAL E URBANA.pdf\"><strong>PROVA AGENTE ADMINISTRATIVO EDUCACIONAL ZONA RURAL E URBANA, de 30\/05\/2022<\/strong><\/a><\/p>\n<p style=\"text-align: center;\"><a href=\"http:\/\/concursos.fadesp.org.br\/mocajuba2020\/arquivos\/M\u00c9DIO\/PROVAS\/AGENTE DE FISCALIZA\u00c7\u00c3O.pdf\"><strong>PROVA AGENTE DE FISCALIZA\u00c7\u00c3O, de 30\/05\/2022<\/strong><\/a><\/p>\n<p style=\"text-align: center;\"><a href=\"http:\/\/concursos.fadesp.org.br\/mocajuba2020\/arquivos\/M\u00c9DIO\/PROVAS\/AGENTE DE VIGIL\u00c2NCIA AMBIENTAL.pdf\"><strong>PROVA AGENTE DE VIGIL\u00c2NCIA AMBIENTAL, de 30\/05\/2022<\/strong><\/a><\/p>\n<p style=\"text-align: center;\"><a href=\"http:\/\/concursos.fadesp.org.br\/mocajuba2020\/arquivos\/M\u00c9DIO\/PROVAS\/AGENTE DE VIGIL\u00c2NCIA SANIT\u00c1RIA.pdf\"><strong>PROVA AGENTE DE VIGIL\u00c2NCIA SANIT\u00c1RIA, de 30\/05\/2022<\/strong><\/a><\/p>\n<p style=\"text-align: center;\"><a href=\"http:\/\/concursos.fadesp.org.br\/mocajuba2020\/arquivos\/M\u00c9DIO\/PROVAS\/ASSISTENTE ADMINISTRATIVO E ALMOXARIFE.pdf\"><strong>PROVA ASSISTENTE ADMINISTRATIVO E ALMOXARIFE, de 30\/05\/2022<\/strong><\/a><\/p>\n<p style=\"text-align: center;\"><a href=\"http:\/\/concursos.fadesp.org.br\/mocajuba2020\/arquivos\/M\u00c9DIO\/PROVAS\/AUXILIAR DE SA\u00daDE BUCAL.pdf\"><strong>PROVA AUXILIAR DE SA\u00daDE BUCAL, de 30\/05\/2022<\/strong><\/a><\/p>\n<p style=\"text-align: center;\"><a href=\"http:\/\/concursos.fadesp.org.br\/mocajuba2020\/arquivos\/M\u00c9DIO\/PROVAS\/CONDUTOR DE AMBUL\u00c2NCIA.pdf\"><strong>PROVA CONDUTOR DE AMBUL\u00c2NCIA, de 30\/05\/2022<\/strong><\/a><\/p>\n<p style=\"text-align: center;\"><a href=\"http:\/\/concursos.fadesp.org.br\/mocajuba2020\/arquivos\/M\u00c9DIO\/PROVAS\/CUIDADOR SOCIAL.pdf\"><strong>PROVA CUIDADOR SOCIAL, de 30\/05\/2022<\/strong><\/a><\/p>\n<p style=\"text-align: center;\"><a href=\"http:\/\/concursos.fadesp.org.br\/mocajuba2020\/arquivos\/M\u00c9DIO\/PROVAS\/T\u00c9CNICO AGR\u00cdCOLA_ EM AGRIMENSURA E EM AGROPECU\u00c1RIA.pdf\"><strong>PROVA T\u00c9CNICO AGR\u00cdCOLA, EM AGRIMENSURA E EM AGROPECU\u00c1RIA, de 30\/05\/2022<\/strong><\/a><\/p>\n<p style=\"text-align: center;\"><a href=\"http:\/\/concursos.fadesp.org.br\/mocajuba2020\/arquivos\/M\u00c9DIO\/PROVAS\/T\u00c9CNICO DE ENFERMAGEM.pdf\"><strong>PROVA T\u00c9CNICO DE ENFERMAGEM, de 30\/05\/2022<\/strong><\/a><\/p>\n<p style=\"text-align: center;\"><a href=\"http:\/\/concursos.fadesp.org.br\/mocajuba2020\/arquivos\/M\u00c9DIO\/PROVAS\/T\u00c9CNICO DE INFORM\u00c1TICA.pdf\"><strong>T\u00c9CNICO DE INFORM\u00c1TICA, de 30\/05\/2022<\/strong><\/a><\/p>\n<p style=\"text-align: center;\"><a href=\"http:\/\/concursos.fadesp.org.br\/mocajuba2020\/arquivos\/M\u00c9DIO\/PROVAS\/T\u00c9CNICO DE LABORAT\u00d3RIO.pdf\"><strong>PROVA T\u00c9CNICO DE LABORAT\u00d3RIO, de 30\/05\/2022<\/strong><\/a><\/p>\n<p style=\"text-align: center;\"><a href=\"http:\/\/concursos.fadesp.org.br\/mocajuba2020\/arquivos\/M\u00c9DIO\/PROVAS\/T\u00c9CNICO DE OPERA\u00c7\u00c3O DE RAIO X.pdf\"><strong>PROVA T\u00c9CNICO DE OPERA\u00c7\u00c3O DE RAIO X, de 30\/05\/2022<\/strong><\/a><\/p>\n<p style=\"text-align: center;\"><a href=\"http:\/\/concursos.fadesp.org.br\/mocajuba2020\/arquivos\/M\u00c9DIO\/PROVAS\/T\u00c9CNICO EM CONTABILIDADE.pdf\"><strong>PROVA T\u00c9CNICO EM CONTABILIDADE, de 30\/05\/2022<\/strong><\/a><\/p>\n<p style=\"text-align: center;\"><a href=\"http:\/\/concursos.fadesp.org.br\/mocajuba2020\/arquivos\/M\u00c9DIO\/PROVAS\/T\u00c9CNICO EM PR\u00d3TESE DENT\u00c1RIA.pdf\"><strong>PROVA T\u00c9CNICO EM PR\u00d3TESE DENT\u00c1RIA, de 30\/05\/2022<\/strong><\/a><\/p>\n<p style=\"text-align: center;\"><a href=\"http:\/\/concursos.fadesp.org.br\/mocajuba2020\/arquivos\/M\u00c9DIO\/PROVAS\/T\u00c9CNICO EM TOPOGRAFIA.pdf\"><strong>PROVA T\u00c9CNICO EM TOPOGRAFIA, de 30\/05\/2022<\/strong><\/a><\/p>\n<p style=\"text-align: center;\"><a href=\"http:\/\/concursos.fadesp.org.br\/mocajuba2020\/arquivos\/FUNDAMENTAL INCOMPLETO\/GABARITO PRELIMINAR OFICIAL FUNDAMENTAL INCOMPLETO.pdf\"><strong>GABARITO OFICIAL PRELIMINAR FUNDAMENTAL INCOMPLETO, de 30\/05\/2022<\/strong><\/a><\/p>\n<p style=\"text-align: center;\"><a href=\"http:\/\/concursos.fadesp.org.br\/mocajuba2020\/arquivos\/FUNDAMENTAL INCOMPLETO\/PROVA FUNDAMENTAL INCOMPLETO.pdf\"><strong>PROVA FUNDAMENTAL INCOMPLETO, de 30\/05\/2022<\/strong><\/a><\/p>\n<p style=\"text-align: center;\"><a href=\"http:\/\/concursos.fadesp.org.br\/mocajuba2020\/arquivos\/GABARITOS\/GABARITO PRELIMINAR OFICIAL FUNDAMENTAL COMPLETO TARDE.pdf\"><strong>GABARITO PRELIMINAR OFICIAL FUNDAMENTAL COMPLETO TARDE, de 23\/05\/2022<\/strong><\/a><\/p>\n<p style=\"text-align: center;\"><a href=\"http:\/\/concursos.fadesp.org.br\/mocajuba2020\/arquivos\/GABARITOS\/GABARITO PRELIMINAR OFICIAL FUNDAMENTAL COMPLETO MANH\u00c3.pdf\"><strong>GABARITO PRELIMINAR OFICIAL FUNDAMENTAL COMPLETO MANH\u00c3, de 23\/05\/2022<\/strong><\/a><\/p>\n<p style=\"text-align: center;\"><a href=\"http:\/\/concursos.fadesp.org.br\/mocajuba2020\/arquivos\/PROVAS\/PROVA FUNDAMENTAL COMPLETO TARDE.pdf\"><strong>PROVA FUNDAMENTAL COMPLETO TARDE, de 23\/05\/2022<\/strong><\/a><\/p>\n<p style=\"text-align: center;\"><a href=\"http:\/\/concursos.fadesp.org.br\/mocajuba2020\/arquivos\/PROVAS\/PROVA FUNDAMENTAL COMPLETO MANH\u00c3.pdf\"><strong>PROVA FUNDAMENTAL COMPLETO MANH\u00c3, de 23\/05\/2022<\/strong><\/a><\/p>\n<p style=\"text-align: center;\"><a href=\"http:\/\/concursos.fadesp.org.br\/mocajuba2020\/arquivos\/Aviso - Reifica\u00e7\u00e3o de Hor\u00e1rios de Provas.pdf\"><strong>Aviso &#8211; Reifica\u00e7\u00e3o de Hor\u00e1rios de Provas, de 06\/05\/2022<\/strong><\/a><\/p>\n<p style=\"text-align: center;\"><a href=\"http:\/\/concursos.fadesp.org.br\/mocajuba2020\/arquivos\/Rela\u00e7\u00e3o de PcD Concorrentes.pdf\"><strong>Rela\u00e7\u00e3o de PcD Concorrentes, de 05\/05\/2022<\/strong><\/a><\/p>\n<p style=\"text-align: center;\"><a href=\"http:\/\/concursos.fadesp.org.br\/mocajuba2020\/arquivos\/Rela\u00e7\u00e3o de PcD com Atendimentos Especiais no dia da Prova.pdf\"><strong>Rela\u00e7\u00e3o de PcD com Atendimentos Especiais no dia da Prova, de 05\/05\/2022<\/strong><\/a><\/p>\n<p style=\"text-align: center;\"><a href=\"http:\/\/concursos.fadesp.org.br\/mocajuba2020\/arquivos\/Aviso - Datas de Provas do Concurso.pdf\"><strong>Aviso &#8211; Datas de Provas do Concurso, 26\/04\/2022<\/strong><\/a><\/p>\n<p style=\"text-align: center;\"><a href=\"http:\/\/concursos.fadesp.org.br\/mocajuba2020\/arquivos\/Cronograma%20Mocajuba%20%20-%20Final.pdf\"><strong>Cronograma &#8211; Final, de 26\/04\/2022<\/strong><\/a><\/p>\n<p style=\"text-align: center;\"><a href=\"http:\/\/concursos.fadesp.org.br\/mocajuba2020\/arquivos\/Cronograma_Mocajuba_Retificado.pdf\"><strong>Cronograma Retificado &#8211; 22\/02\/2022<\/strong><\/a><\/p>\n<p style=\"text-align: center;\"><a href=\"http:\/\/concursos.fadesp.org.br\/mocajuba2020\/arquivos\/Demanda.pdf\"><strong>Demanda &#8211; 15\/02\/2022<\/strong><\/a><\/p>\n<p style=\"text-align: center;\"><strong><a href=\"http:\/\/concursos.fadesp.org.br\/mocajuba2020\/arquivos\/Resultado_Definitivo_das_Inscricoes.pdf\">Resultado Definitivo das Inscri\u00e7\u00f5es &#8211; 08\/02\/2022<\/a><\/strong><\/p>\n<p style=\"text-align: center;\"><strong><a href=\"http:\/\/concursos.fadesp.org.br\/mocajuba2020\/arquivos\/Resultado_Preliminar_das_Inscricoes.pdf\">Resultado Preliminar das Inscri\u00e7\u00f5es &#8211; 28\/01\/2022<\/a><\/strong><\/p>\n<p style=\"text-align: center;\"><strong><a href=\"http:\/\/concursos.fadesp.org.br\/mocajuba2020\/arquivos\/COMUNICADO_RETOMADA_CONCURSO_PUBLICO.pdf\">RETOMADA DO CONCURSO P\u00daBLICO N\u00ba 01\/2020 &#8211; 28\/01\/2022<\/a><\/strong><\/p>\n<p style=\"text-align: center;\"><a href=\"http:\/\/concursos.fadesp.org.br\/mocajuba2020\/arquivos\/Nota%20de%20Esclarecimento.pdf\">Nota de Esclarecimento &#8211; 26\/01\/2021<\/a><\/p>\n<p style=\"text-align: center;\"><a href=\"https:\/\/portalfadesp.org.br\/wp-content\/uploads\/2020\/11\/RESULTADO-DEFINITIVO-DO-PEDIDO-DE-ISENCAO-PcD.pdf\">RESULTADO DEFINITIVO DO PEDIDO DE ISEN\u00c7\u00c3O PcD<\/a><\/p>\n<p style=\"text-align: center;\"><a href=\"http:\/\/concursos.fadesp.org.br\/mocajuba2020\/arquivos\/LEI%202.125_2006%20PLANOS%20DE%20CARGOS%20E%20SAL%C3%81RIOS.pdf\">LEI 2.125_2006 PLANOS DE CARGOS E SAL\u00c1RIOS<\/a><\/p>\n<p style=\"text-align: center;\"><a href=\"http:\/\/concursos.fadesp.org.br\/mocajuba2020\/arquivos\/Lei%20Organica%20Municipal%20Mocajuba%20Portal%20Prefeitura%20Mocajuba%20PA.pdf\">Lei Org\u00e2nica Municipal Mocajuba Portal Prefeitura Mocajuba PA<\/a><\/p>\n<p style=\"text-align: center;\"><a href=\"http:\/\/concursos.fadesp.org.br\/mocajuba2020\/arquivos\/Tabela%20de%20Cargos.pdf\">Tabela de Cargos<\/a><\/p>\n<p style=\"text-align: center;\"><strong><a href=\"http:\/\/concursos.fadesp.org.br\/mocajuba2020\/arquivos\/Edital%20de%20Abertura%20n%C2%B0%2001_2020_PMM.pdf\">Edital N\u00ba 01\/2020\/PMM de Abertura &#8211; 04\/11\/2020\u00a0<\/a><\/strong><\/p>\n<p style=\"text-align: center;\">Informa\u00e7\u00f5es pelo<strong>\nFale Conosco do Concursos\n<a href=\"http:\/\/concursos.fadesp.org.br\/faleConosco.php\">(CLIQUE AQUI)<\/a><\/strong><\/p>\t\t\t\t\t\t\t\t<\/div>\n\t\t\t\t<\/div>\n\t\t\t\t\t<\/div>\n\t\t<\/div>\n\t\t\t\t\t<\/div>\n\t\t<\/section>\n\t\t\t\t\t<\/div>\n\t\t<\/div>\n\t\t\t\t\t<\/div>\n\t\t<\/section>\n\t\t\t\t<\/div>\n\t\t","protected":false},"excerpt":{"rendered":"<p>Concurso P\u00fablico &#8211; Prefeitura de Mocajuba (PA) 2020 A Prefeitura Municipal de Mocajuba, no uso de suas atribui\u00e7\u00f5es, torna p\u00fablica a realiza\u00e7\u00e3o de concurso p\u00fablico para o preenchimento de vagas efetivas e de cadastro de reserva, em cargos de n\u00edveis Fundamental (completo e incompleto), M\u00e9dio e Superior, conforme as condi\u00e7\u00f5es estabelecidas no edital. Vagas&nbsp;\u2013 19 [&hellip;]<\/p>\n","protected":false},"author":11,"featured_media":0,"parent":329,"menu_order":0,"comment_status":"closed","ping_status":"closed","template":"","meta":{"_monsterinsights_skip_tracking":false,"_monsterinsights_sitenote_active":false,"_monsterinsights_sitenote_note":"","_monsterinsights_sitenote_category":0,"footnotes":""},"class_list":["post-8944","page","type-page","status-publish","hentry","entry"],"yoast_head":"<!-- This site is optimized with the Yoast SEO plugin v25.1 - https:\/\/yoast.com\/wordpress\/plugins\/seo\/ -->\n<title>Concurso P\u00fablico - Prefeitura de Mocajuba (PA) 2020 - FADESP<\/title>\n<meta name=\"robots\" content=\"index, follow, max-snippet:-1, max-image-preview:large, max-video-preview:-1\" \/>\n<link rel=\"canonical\" href=\"https:\/\/portalfadesp.org.br\/?page_id=8944\" \/>\n<meta property=\"og:locale\" content=\"pt_BR\" \/>\n<meta property=\"og:type\" content=\"article\" \/>\n<meta property=\"og:title\" content=\"Concurso P\u00fablico - Prefeitura de Mocajuba (PA) 2020 - FADESP\" \/>\n<meta property=\"og:description\" content=\"Concurso P\u00fablico &#8211; Prefeitura de Mocajuba (PA) 2020 A Prefeitura Municipal de Mocajuba, no uso de suas atribui\u00e7\u00f5es, torna p\u00fablica a realiza\u00e7\u00e3o de concurso p\u00fablico para o preenchimento de vagas efetivas e de cadastro de reserva, em cargos de n\u00edveis Fundamental (completo e incompleto), M\u00e9dio e Superior, conforme as condi\u00e7\u00f5es estabelecidas no edital. Vagas&nbsp;\u2013 19 [&hellip;]\" \/>\n<meta property=\"og:url\" content=\"https:\/\/portalfadesp.org.br\/?page_id=8944\" \/>\n<meta property=\"og:site_name\" content=\"FADESP\" \/>\n<meta property=\"article:publisher\" content=\"https:\/\/www.facebook.com\/Fadesp-138351949524662\/\" \/>\n<meta property=\"article:modified_time\" content=\"2022-12-21T17:43:12+00:00\" \/>\n<meta name=\"twitter:card\" content=\"summary_large_image\" \/>\n<meta name=\"twitter:site\" content=\"@Fadesp\" \/>\n<meta name=\"twitter:label1\" content=\"Est. tempo de leitura\" \/>\n\t<meta name=\"twitter:data1\" content=\"6 minutos\" \/>\n<script type=\"application\/ld+json\" class=\"yoast-schema-graph\">{\"@context\":\"https:\/\/schema.org\",\"@graph\":[{\"@type\":\"WebPage\",\"@id\":\"https:\/\/portalfadesp.org.br\/?page_id=8944\",\"url\":\"https:\/\/portalfadesp.org.br\/?page_id=8944\",\"name\":\"Concurso P\u00fablico - Prefeitura de Mocajuba (PA) 2020 - FADESP\",\"isPartOf\":{\"@id\":\"https:\/\/portalfadesp.org.br\/#website\"},\"datePublished\":\"2020-10-13T18:13:32+00:00\",\"dateModified\":\"2022-12-21T17:43:12+00:00\",\"breadcrumb\":{\"@id\":\"https:\/\/portalfadesp.org.br\/?page_id=8944#breadcrumb\"},\"inLanguage\":\"pt-BR\",\"potentialAction\":[{\"@type\":\"ReadAction\",\"target\":[\"https:\/\/portalfadesp.org.br\/?page_id=8944\"]}]},{\"@type\":\"BreadcrumbList\",\"@id\":\"https:\/\/portalfadesp.org.br\/?page_id=8944#breadcrumb\",\"itemListElement\":[{\"@type\":\"ListItem\",\"position\":1,\"name\":\"In\u00edcio\",\"item\":\"https:\/\/portalfadesp.org.br\/\"},{\"@type\":\"ListItem\",\"position\":2,\"name\":\"Concursos &#8211; Homologados\",\"item\":\"https:\/\/portalfadesp.org.br\/?page_id=329\"},{\"@type\":\"ListItem\",\"position\":3,\"name\":\"Concurso P\u00fablico &#8211; Prefeitura de Mocajuba (PA) 2020\"}]},{\"@type\":\"WebSite\",\"@id\":\"https:\/\/portalfadesp.org.br\/#website\",\"url\":\"https:\/\/portalfadesp.org.br\/\",\"name\":\"FADESP\",\"description\":\"Funda\u00e7\u00e3o de Amparo e Desenvolvimento da Pesquisa\",\"publisher\":{\"@id\":\"https:\/\/portalfadesp.org.br\/#organization\"},\"potentialAction\":[{\"@type\":\"SearchAction\",\"target\":{\"@type\":\"EntryPoint\",\"urlTemplate\":\"https:\/\/portalfadesp.org.br\/?s={search_term_string}\"},\"query-input\":{\"@type\":\"PropertyValueSpecification\",\"valueRequired\":true,\"valueName\":\"search_term_string\"}}],\"inLanguage\":\"pt-BR\"},{\"@type\":\"Organization\",\"@id\":\"https:\/\/portalfadesp.org.br\/#organization\",\"name\":\"FADESP\",\"url\":\"https:\/\/portalfadesp.org.br\/\",\"logo\":{\"@type\":\"ImageObject\",\"inLanguage\":\"pt-BR\",\"@id\":\"https:\/\/portalfadesp.org.br\/#\/schema\/logo\/image\/\",\"url\":\"https:\/\/portalfadesp.org.br\/wp-content\/uploads\/2024\/01\/NOVOLOGOFADESPlaranjaH.png\",\"contentUrl\":\"https:\/\/portalfadesp.org.br\/wp-content\/uploads\/2024\/01\/NOVOLOGOFADESPlaranjaH.png\",\"width\":2742,\"height\":839,\"caption\":\"FADESP\"},\"image\":{\"@id\":\"https:\/\/portalfadesp.org.br\/#\/schema\/logo\/image\/\"},\"sameAs\":[\"https:\/\/www.facebook.com\/Fadesp-138351949524662\/\",\"https:\/\/x.com\/Fadesp\",\"https:\/\/www.instagram.com\/fadesp_ufpa\/\",\"https:\/\/www.youtube.com\/@fundacaodeamparoedesenvolv1903\",\"https:\/\/www.threads.net\/@fadesp_ufpa\"]}]}<\/script>\n<!-- \/ Yoast SEO plugin. -->","yoast_head_json":{"title":"Concurso P\u00fablico - Prefeitura de Mocajuba (PA) 2020 - FADESP","robots":{"index":"index","follow":"follow","max-snippet":"max-snippet:-1","max-image-preview":"max-image-preview:large","max-video-preview":"max-video-preview:-1"},"canonical":"https:\/\/portalfadesp.org.br\/?page_id=8944","og_locale":"pt_BR","og_type":"article","og_title":"Concurso P\u00fablico - Prefeitura de Mocajuba (PA) 2020 - FADESP","og_description":"Concurso P\u00fablico &#8211; Prefeitura de Mocajuba (PA) 2020 A Prefeitura Municipal de Mocajuba, no uso de suas atribui\u00e7\u00f5es, torna p\u00fablica a realiza\u00e7\u00e3o de concurso p\u00fablico para o preenchimento de vagas efetivas e de cadastro de reserva, em cargos de n\u00edveis Fundamental (completo e incompleto), M\u00e9dio e Superior, conforme as condi\u00e7\u00f5es estabelecidas no edital. Vagas&nbsp;\u2013 19 [&hellip;]","og_url":"https:\/\/portalfadesp.org.br\/?page_id=8944","og_site_name":"FADESP","article_publisher":"https:\/\/www.facebook.com\/Fadesp-138351949524662\/","article_modified_time":"2022-12-21T17:43:12+00:00","twitter_card":"summary_large_image","twitter_site":"@Fadesp","twitter_misc":{"Est. tempo de leitura":"6 minutos"},"schema":{"@context":"https:\/\/schema.org","@graph":[{"@type":"WebPage","@id":"https:\/\/portalfadesp.org.br\/?page_id=8944","url":"https:\/\/portalfadesp.org.br\/?page_id=8944","name":"Concurso P\u00fablico - Prefeitura de Mocajuba (PA) 2020 - FADESP","isPartOf":{"@id":"https:\/\/portalfadesp.org.br\/#website"},"datePublished":"2020-10-13T18:13:32+00:00","dateModified":"2022-12-21T17:43:12+00:00","breadcrumb":{"@id":"https:\/\/portalfadesp.org.br\/?page_id=8944#breadcrumb"},"inLanguage":"pt-BR","potentialAction":[{"@type":"ReadAction","target":["https:\/\/portalfadesp.org.br\/?page_id=8944"]}]},{"@type":"BreadcrumbList","@id":"https:\/\/portalfadesp.org.br\/?page_id=8944#breadcrumb","itemListElement":[{"@type":"ListItem","position":1,"name":"In\u00edcio","item":"https:\/\/portalfadesp.org.br\/"},{"@type":"ListItem","position":2,"name":"Concursos &#8211; Homologados","item":"https:\/\/portalfadesp.org.br\/?page_id=329"},{"@type":"ListItem","position":3,"name":"Concurso P\u00fablico &#8211; Prefeitura de Mocajuba (PA) 2020"}]},{"@type":"WebSite","@id":"https:\/\/portalfadesp.org.br\/#website","url":"https:\/\/portalfadesp.org.br\/","name":"FADESP","description":"Funda\u00e7\u00e3o de Amparo e Desenvolvimento da Pesquisa","publisher":{"@id":"https:\/\/portalfadesp.org.br\/#organization"},"potentialAction":[{"@type":"SearchAction","target":{"@type":"EntryPoint","urlTemplate":"https:\/\/portalfadesp.org.br\/?s={search_term_string}"},"query-input":{"@type":"PropertyValueSpecification","valueRequired":true,"valueName":"search_term_string"}}],"inLanguage":"pt-BR"},{"@type":"Organization","@id":"https:\/\/portalfadesp.org.br\/#organization","name":"FADESP","url":"https:\/\/portalfadesp.org.br\/","logo":{"@type":"ImageObject","inLanguage":"pt-BR","@id":"https:\/\/portalfadesp.org.br\/#\/schema\/logo\/image\/","url":"https:\/\/portalfadesp.org.br\/wp-content\/uploads\/2024\/01\/NOVOLOGOFADESPlaranjaH.png","contentUrl":"https:\/\/portalfadesp.org.br\/wp-content\/uploads\/2024\/01\/NOVOLOGOFADESPlaranjaH.png","width":2742,"height":839,"caption":"FADESP"},"image":{"@id":"https:\/\/portalfadesp.org.br\/#\/schema\/logo\/image\/"},"sameAs":["https:\/\/www.facebook.com\/Fadesp-138351949524662\/","https:\/\/x.com\/Fadesp","https:\/\/www.instagram.com\/fadesp_ufpa\/","https:\/\/www.youtube.com\/@fundacaodeamparoedesenvolv1903","https:\/\/www.threads.net\/@fadesp_ufpa"]}]}},"_links":{"self":[{"href":"https:\/\/portalfadesp.org.br\/index.php?rest_route=\/wp\/v2\/pages\/8944","targetHints":{"allow":["GET"]}}],"collection":[{"href":"https:\/\/portalfadesp.org.br\/index.php?rest_route=\/wp\/v2\/pages"}],"about":[{"href":"https:\/\/portalfadesp.org.br\/index.php?rest_route=\/wp\/v2\/types\/page"}],"author":[{"embeddable":true,"href":"https:\/\/portalfadesp.org.br\/index.php?rest_route=\/wp\/v2\/users\/11"}],"replies":[{"embeddable":true,"href":"https:\/\/portalfadesp.org.br\/index.php?rest_route=%2Fwp%2Fv2%2Fcomments&post=8944"}],"version-history":[{"count":292,"href":"https:\/\/portalfadesp.org.br\/index.php?rest_route=\/wp\/v2\/pages\/8944\/revisions"}],"predecessor-version":[{"id":38711,"href":"https:\/\/portalfadesp.org.br\/index.php?rest_route=\/wp\/v2\/pages\/8944\/revisions\/38711"}],"up":[{"embeddable":true,"href":"https:\/\/portalfadesp.org.br\/index.php?rest_route=\/wp\/v2\/pages\/329"}],"wp:attachment":[{"href":"https:\/\/portalfadesp.org.br\/index.php?rest_route=%2Fwp%2Fv2%2Fmedia&parent=8944"}],"curies":[{"name":"wp","href":"https:\/\/api.w.org\/{rel}","templated":true}]}}