{"id":8800,"date":"2020-10-08T08:33:29","date_gmt":"2020-10-08T11:33:29","guid":{"rendered":"https:\/\/162.215.13.167?page_id=8800"},"modified":"2022-12-21T14:43:45","modified_gmt":"2022-12-21T17:43:45","slug":"mapa-cultural-do-para-busca-ativa-selecao-de-cadastradores","status":"publish","type":"page","link":"https:\/\/portalfadesp.org.br\/?page_id=8800","title":{"rendered":"Mapa Cultural do Par\u00e1 &#8211; Busca Ativa \/ Sele\u00e7\u00e3o de cadastradores."},"content":{"rendered":"\t\t<div data-elementor-type=\"wp-post\" data-elementor-id=\"8800\" class=\"elementor elementor-8800\" data-elementor-post-type=\"page\">\n\t\t\t\t\t\t<section class=\"elementor-section elementor-top-section elementor-element elementor-element-2a40db40 elementor-section-boxed elementor-section-height-default elementor-section-height-default\" data-id=\"2a40db40\" data-element_type=\"section\">\n\t\t\t\t\t\t<div class=\"elementor-container elementor-column-gap-default\">\n\t\t\t\t\t<div class=\"elementor-column elementor-col-100 elementor-top-column elementor-element elementor-element-4e956b47\" data-id=\"4e956b47\" data-element_type=\"column\">\n\t\t\t<div class=\"elementor-widget-wrap elementor-element-populated\">\n\t\t\t\t\t\t<div class=\"elementor-element elementor-element-372de194 elementor-widget elementor-widget-heading\" data-id=\"372de194\" data-element_type=\"widget\" data-widget_type=\"heading.default\">\n\t\t\t\t<div class=\"elementor-widget-container\">\n\t\t\t\t\t<h1 class=\"elementor-heading-title elementor-size-default\">Mapa Cultural do Par\u00e1 - Busca Ativa \/ Sele\u00e7\u00e3o de Cadastradores<\/h1>\t\t\t\t<\/div>\n\t\t\t\t<\/div>\n\t\t\t\t<section class=\"elementor-section elementor-inner-section elementor-element elementor-element-31e54043 elementor-section-boxed elementor-section-height-default elementor-section-height-default\" data-id=\"31e54043\" data-element_type=\"section\">\n\t\t\t\t\t\t<div class=\"elementor-container elementor-column-gap-default\">\n\t\t\t\t\t<div class=\"elementor-column elementor-col-50 elementor-inner-column elementor-element elementor-element-15f41bd\" data-id=\"15f41bd\" data-element_type=\"column\">\n\t\t\t<div class=\"elementor-widget-wrap elementor-element-populated\">\n\t\t\t\t\t\t<div class=\"elementor-element elementor-element-35279451 elementor-widget elementor-widget-text-editor\" data-id=\"35279451\" data-element_type=\"widget\" data-widget_type=\"text-editor.default\">\n\t\t\t\t<div class=\"elementor-widget-container\">\n\t\t\t\t\t\t\t\t\t<p>A Funda\u00e7\u00e3o de Amparo e Desenvolvimento da Pesquisa (FADESP) torna p\u00fablica a presente Chamada para selecionar Mediadores e Mediadoras para realizar o levantamento\/cadastramento de fazedores e fazedoras de cultura, residentes em lugares remotos e sem acesso \u00e0 Internet, aos benef\u00edcios institu\u00eddos pela Lei Aldir Blanc. A a\u00e7\u00e3o se dar\u00e1 atrav\u00e9s de busca ativa, credenciando mestras, mestres, guardi\u00e3s, guardi\u00f5es, fazedores e fazedoras da cultura em geral e Espa\u00e7os Culturais localizados em comunidades Quilombolas, Ind\u00edgenas, Ribeirinhas e Extrativistas (certificadas ou n\u00e3o por institui\u00e7\u00f5es) que tiveram suas pr\u00e1ticas culturais afetadas pelo isolamento causado pela Pandemia da COVID 19, no Estado do Par\u00e1.<\/p><p><strong>Realiza\u00e7\u00e3o:<\/strong> Secretaria de Cultura do Par\u00e1 (Secult), UFPA, FADESP.<\/p><p><b>Inscri\u00e7\u00e3o: prorrogada <\/b>at\u00e9 a meia-noite de 12\/10\/2020.<\/p><p><strong>Como se inscrever:<\/strong> preencher o formul\u00e1rio dispon\u00edvel ao lado e envi\u00e1-lo para o email <strong><a href=\"mailto:bativa@fadesp.org.br\">bativasecult@fadesp.org.br<\/a>, <\/strong>com o t\u00edtulo CHAMADA PROJETO BUSCA ATIVA-SECULT.<\/p><p><strong>Exig\u00eancias para a inscri\u00e7\u00e3o:<br \/><\/strong>&#8211; Experi\u00eancia com inser\u00e7\u00e3o e manipula\u00e7\u00e3o de dados em planilha excel;<br \/>&#8211; Disponibilidade para viagem de campo com acesso aos territ\u00f3rios de povos e comunidades tradicionais;<br \/>&#8211; Facilidade de comunica\u00e7\u00e3o e articula\u00e7\u00e3o com lideran\u00e7as comunit\u00e1rias para acessar os territ\u00f3rios tradicionais;<br \/>&#8211; Facilidade para o desenvolvimento de entrevistas em plataformas virtuais e f\u00edsicas (question\u00e1rios impressos);<br \/>&#8211; Saber manejar plataforma\/aplicativo em telefone celular;<br \/>&#8211; Manejo de aparelho celular para efetiva\u00e7\u00e3o de pequenos v\u00eddeos e grava\u00e7\u00e3o de \u00e1udios;<br \/>&#8211; Ter iniciativa e capacidade de resolu\u00e7\u00e3o de problemas simples;<br \/>&#8211; Primar pela \u00e9tica e respeito aos modos de vida dos povos e comunidades tradicionais;<br \/>&#8211; Capacidade de redigir relat\u00f3rio de dados simples e;<br \/>&#8211; Confidencialidade acerca de dados referentes aos\/as entrevistados\/as.<\/p>\t\t\t\t\t\t\t\t<\/div>\n\t\t\t\t<\/div>\n\t\t\t\t\t<\/div>\n\t\t<\/div>\n\t\t\t\t<div class=\"elementor-column elementor-col-50 elementor-inner-column elementor-element elementor-element-1a284bc5\" data-id=\"1a284bc5\" data-element_type=\"column\">\n\t\t\t<div class=\"elementor-widget-wrap elementor-element-populated\">\n\t\t\t\t\t\t<div class=\"elementor-element elementor-element-6445c0f3 elementor-widget elementor-widget-text-editor\" data-id=\"6445c0f3\" data-element_type=\"widget\" data-widget_type=\"text-editor.default\">\n\t\t\t\t<div class=\"elementor-widget-container\">\n\t\t\t\t\t\t\t\t\t<p><strong><br><\/strong><\/p><p><strong>INFORMA\u00c7\u00d5ES SOBRE TREINAMENTO VIRTUAL<br>(na \u00e1rea de editais, abaixo, confira a lista de selecionados e as instru\u00e7\u00f5es)<\/strong><\/p>\n<p><strong>Calend\u00e1rio de treinamento<\/strong><br>&#8211; CADASTRADORES E CADASTRADORAS QUE IR\u00c3O TRABALHAR COM QUILOMBOLAS, RIBEIRINHOS E EXTRATIVISTAS: TREINAMENTO DIA 29\/10\/2020, \u00c0S 15 HORAS.<br>*Link de acesso*:&nbsp;<a href=\"https:\/\/bit.ly\/31Tsp1D\" target=\"_blank\" rel=\"noopener\" data-saferedirecturl=\"https:\/\/www.google.com\/url?q=https:\/\/bit.ly\/31Tsp1D&amp;source=gmail&amp;ust=1604011975941000&amp;usg=AFQjCNFvW73NFOg00aFVqOMWXedRfgTn8Q\">https:\/\/bit.ly\/31Tsp1D<\/a><br>*ID da reuni\u00e3o*: 819 0356 5982<br>*Senha de acesso*: busca1<br>&#8230;&#8230;&#8230;&#8230;&#8230;&#8230;&#8230;&#8230;&#8230;..<\/p>\n<p><span style=\"font-size: 14px;\">&#8211; CADASTRADORES E CADASTRADORAS QUE IR\u00c3O TRABALHAR COM POVOS IND\u00cdGENAS: TREINAMENTO DIA 30\/10\/2020, \u00c0S 15 HORAS.<\/span><br><\/p><p>*Link de acesso*: <a href=\"https:\/\/bit.ly\/3mzdUHU\" target=\"_blank\" rel=\"noopener\" data-saferedirecturl=\"https:\/\/www.google.com\/url?q=https:\/\/bit.ly\/3mzdUHU&amp;source=gmail&amp;ust=1604012168866000&amp;usg=AFQjCNECpIuIVxpDwov6cJ7yMeIBspdxSA\">https:\/\/bit.ly\/3mzdUHU<\/a><br>*ID da reuni\u00e3o*: 895 6866 0445<br>*Senha de acesso*: busca2<\/p>\n<p>MAIS INFORMA\u00c7\u00d5ES: <u>bativasecult@fadesp.org.br<\/u><\/p><p><u><br><\/u><\/p>\n<p><\/p>\t\t\t\t\t\t\t\t<\/div>\n\t\t\t\t<\/div>\n\t\t\t\t<div class=\"elementor-element elementor-element-433fb7f0 elementor-widget elementor-widget-text-editor\" data-id=\"433fb7f0\" data-element_type=\"widget\" data-widget_type=\"text-editor.default\">\n\t\t\t\t<div class=\"elementor-widget-container\">\n\t\t\t\t\t\t\t\t\t<p style=\"text-align: center;\"><span style=\"color: #ffffff;\"><strong>Editais e avisos<\/strong>.<\/span><\/p>\t\t\t\t\t\t\t\t<\/div>\n\t\t\t\t<\/div>\n\t\t\t\t<div class=\"elementor-element elementor-element-61ab10cc elementor-widget elementor-widget-text-editor\" data-id=\"61ab10cc\" data-element_type=\"widget\" data-widget_type=\"text-editor.default\">\n\t\t\t\t<div class=\"elementor-widget-container\">\n\t\t\t\t\t\t\t\t\t<p style=\"text-align: left;\"><a href=\"..\/wp-content\/uploads\/2020\/10\/RESULTADO-FINAL-BUSCA-ATIVA-SECULT.pdf\" target=\"_blank\" rel=\"noopener\">Resultado da sele\u00e7\u00e3o<\/a><\/p>\n<p style=\"text-align: left;\"><a href=\"..\/wp-content\/uploads\/2020\/10\/Chamada-BUSCA-ATIVA-FINAL-1.pdf\" target=\"_blank\" rel=\"noopener\">Chamada P\u00fablica<\/a><\/p>\n<p style=\"text-align: left;\"><a href=\"..\/wp-content\/uploads\/2020\/10\/FICHA-DE-CADASTRO-BUSCA-ATIVA-SECULT-FINAL.docx\" target=\"_blank\" rel=\"noopener\">Formul\u00e1rio de inscri\u00e7\u00e3o<\/a><\/p>\t\t\t\t\t\t\t\t<\/div>\n\t\t\t\t<\/div>\n\t\t\t\t\t<\/div>\n\t\t<\/div>\n\t\t\t\t\t<\/div>\n\t\t<\/section>\n\t\t\t\t\t<\/div>\n\t\t<\/div>\n\t\t\t\t\t<\/div>\n\t\t<\/section>\n\t\t\t\t<\/div>\n\t\t","protected":false},"excerpt":{"rendered":"<p>Mapa Cultural do Par\u00e1 &#8211; Busca Ativa \/ Sele\u00e7\u00e3o de Cadastradores A Funda\u00e7\u00e3o de Amparo e Desenvolvimento da Pesquisa (FADESP) torna p\u00fablica a presente Chamada para selecionar Mediadores e Mediadoras para realizar o levantamento\/cadastramento de fazedores e fazedoras de cultura, residentes em lugares remotos e sem acesso \u00e0 Internet, aos benef\u00edcios institu\u00eddos pela Lei Aldir [&hellip;]<\/p>\n","protected":false},"author":11,"featured_media":0,"parent":0,"menu_order":0,"comment_status":"closed","ping_status":"closed","template":"","meta":{"_monsterinsights_skip_tracking":false,"_monsterinsights_sitenote_active":false,"_monsterinsights_sitenote_note":"","_monsterinsights_sitenote_category":0,"footnotes":""},"class_list":["post-8800","page","type-page","status-publish","hentry","entry"],"yoast_head":"<!-- This site is optimized with the Yoast SEO plugin v25.1 - https:\/\/yoast.com\/wordpress\/plugins\/seo\/ -->\n<title>Mapa Cultural do Par\u00e1 - Busca Ativa \/ Sele\u00e7\u00e3o de cadastradores. - FADESP<\/title>\n<meta name=\"robots\" content=\"index, follow, max-snippet:-1, max-image-preview:large, max-video-preview:-1\" \/>\n<link rel=\"canonical\" href=\"https:\/\/portalfadesp.org.br\/?page_id=8800\" \/>\n<meta property=\"og:locale\" content=\"pt_BR\" \/>\n<meta property=\"og:type\" content=\"article\" \/>\n<meta property=\"og:title\" content=\"Mapa Cultural do Par\u00e1 - Busca Ativa \/ Sele\u00e7\u00e3o de cadastradores. - FADESP\" \/>\n<meta property=\"og:description\" content=\"Mapa Cultural do Par\u00e1 &#8211; Busca Ativa \/ Sele\u00e7\u00e3o de Cadastradores A Funda\u00e7\u00e3o de Amparo e Desenvolvimento da Pesquisa (FADESP) torna p\u00fablica a presente Chamada para selecionar Mediadores e Mediadoras para realizar o levantamento\/cadastramento de fazedores e fazedoras de cultura, residentes em lugares remotos e sem acesso \u00e0 Internet, aos benef\u00edcios institu\u00eddos pela Lei Aldir [&hellip;]\" \/>\n<meta property=\"og:url\" content=\"https:\/\/portalfadesp.org.br\/?page_id=8800\" \/>\n<meta property=\"og:site_name\" content=\"FADESP\" \/>\n<meta property=\"article:publisher\" content=\"https:\/\/www.facebook.com\/Fadesp-138351949524662\/\" \/>\n<meta property=\"article:modified_time\" content=\"2022-12-21T17:43:45+00:00\" \/>\n<meta name=\"twitter:card\" content=\"summary_large_image\" \/>\n<meta name=\"twitter:site\" content=\"@Fadesp\" \/>\n<meta name=\"twitter:label1\" content=\"Est. tempo de leitura\" \/>\n\t<meta name=\"twitter:data1\" content=\"2 minutos\" \/>\n<script type=\"application\/ld+json\" class=\"yoast-schema-graph\">{\"@context\":\"https:\/\/schema.org\",\"@graph\":[{\"@type\":\"WebPage\",\"@id\":\"https:\/\/portalfadesp.org.br\/?page_id=8800\",\"url\":\"https:\/\/portalfadesp.org.br\/?page_id=8800\",\"name\":\"Mapa Cultural do Par\u00e1 - Busca Ativa \/ Sele\u00e7\u00e3o de cadastradores. - FADESP\",\"isPartOf\":{\"@id\":\"https:\/\/portalfadesp.org.br\/#website\"},\"datePublished\":\"2020-10-08T11:33:29+00:00\",\"dateModified\":\"2022-12-21T17:43:45+00:00\",\"breadcrumb\":{\"@id\":\"https:\/\/portalfadesp.org.br\/?page_id=8800#breadcrumb\"},\"inLanguage\":\"pt-BR\",\"potentialAction\":[{\"@type\":\"ReadAction\",\"target\":[\"https:\/\/portalfadesp.org.br\/?page_id=8800\"]}]},{\"@type\":\"BreadcrumbList\",\"@id\":\"https:\/\/portalfadesp.org.br\/?page_id=8800#breadcrumb\",\"itemListElement\":[{\"@type\":\"ListItem\",\"position\":1,\"name\":\"In\u00edcio\",\"item\":\"https:\/\/portalfadesp.org.br\/\"},{\"@type\":\"ListItem\",\"position\":2,\"name\":\"Mapa Cultural do Par\u00e1 &#8211; Busca Ativa \/ Sele\u00e7\u00e3o de cadastradores.\"}]},{\"@type\":\"WebSite\",\"@id\":\"https:\/\/portalfadesp.org.br\/#website\",\"url\":\"https:\/\/portalfadesp.org.br\/\",\"name\":\"FADESP\",\"description\":\"Funda\u00e7\u00e3o de Amparo e Desenvolvimento da Pesquisa\",\"publisher\":{\"@id\":\"https:\/\/portalfadesp.org.br\/#organization\"},\"potentialAction\":[{\"@type\":\"SearchAction\",\"target\":{\"@type\":\"EntryPoint\",\"urlTemplate\":\"https:\/\/portalfadesp.org.br\/?s={search_term_string}\"},\"query-input\":{\"@type\":\"PropertyValueSpecification\",\"valueRequired\":true,\"valueName\":\"search_term_string\"}}],\"inLanguage\":\"pt-BR\"},{\"@type\":\"Organization\",\"@id\":\"https:\/\/portalfadesp.org.br\/#organization\",\"name\":\"FADESP\",\"url\":\"https:\/\/portalfadesp.org.br\/\",\"logo\":{\"@type\":\"ImageObject\",\"inLanguage\":\"pt-BR\",\"@id\":\"https:\/\/portalfadesp.org.br\/#\/schema\/logo\/image\/\",\"url\":\"https:\/\/portalfadesp.org.br\/wp-content\/uploads\/2024\/01\/NOVOLOGOFADESPlaranjaH.png\",\"contentUrl\":\"https:\/\/portalfadesp.org.br\/wp-content\/uploads\/2024\/01\/NOVOLOGOFADESPlaranjaH.png\",\"width\":2742,\"height\":839,\"caption\":\"FADESP\"},\"image\":{\"@id\":\"https:\/\/portalfadesp.org.br\/#\/schema\/logo\/image\/\"},\"sameAs\":[\"https:\/\/www.facebook.com\/Fadesp-138351949524662\/\",\"https:\/\/x.com\/Fadesp\",\"https:\/\/www.instagram.com\/fadesp_ufpa\/\",\"https:\/\/www.youtube.com\/@fundacaodeamparoedesenvolv1903\",\"https:\/\/www.threads.net\/@fadesp_ufpa\"]}]}<\/script>\n<!-- \/ Yoast SEO plugin. -->","yoast_head_json":{"title":"Mapa Cultural do Par\u00e1 - Busca Ativa \/ Sele\u00e7\u00e3o de cadastradores. - FADESP","robots":{"index":"index","follow":"follow","max-snippet":"max-snippet:-1","max-image-preview":"max-image-preview:large","max-video-preview":"max-video-preview:-1"},"canonical":"https:\/\/portalfadesp.org.br\/?page_id=8800","og_locale":"pt_BR","og_type":"article","og_title":"Mapa Cultural do Par\u00e1 - Busca Ativa \/ Sele\u00e7\u00e3o de cadastradores. - FADESP","og_description":"Mapa Cultural do Par\u00e1 &#8211; Busca Ativa \/ Sele\u00e7\u00e3o de Cadastradores A Funda\u00e7\u00e3o de Amparo e Desenvolvimento da Pesquisa (FADESP) torna p\u00fablica a presente Chamada para selecionar Mediadores e Mediadoras para realizar o levantamento\/cadastramento de fazedores e fazedoras de cultura, residentes em lugares remotos e sem acesso \u00e0 Internet, aos benef\u00edcios institu\u00eddos pela Lei Aldir [&hellip;]","og_url":"https:\/\/portalfadesp.org.br\/?page_id=8800","og_site_name":"FADESP","article_publisher":"https:\/\/www.facebook.com\/Fadesp-138351949524662\/","article_modified_time":"2022-12-21T17:43:45+00:00","twitter_card":"summary_large_image","twitter_site":"@Fadesp","twitter_misc":{"Est. tempo de leitura":"2 minutos"},"schema":{"@context":"https:\/\/schema.org","@graph":[{"@type":"WebPage","@id":"https:\/\/portalfadesp.org.br\/?page_id=8800","url":"https:\/\/portalfadesp.org.br\/?page_id=8800","name":"Mapa Cultural do Par\u00e1 - Busca Ativa \/ Sele\u00e7\u00e3o de cadastradores. - FADESP","isPartOf":{"@id":"https:\/\/portalfadesp.org.br\/#website"},"datePublished":"2020-10-08T11:33:29+00:00","dateModified":"2022-12-21T17:43:45+00:00","breadcrumb":{"@id":"https:\/\/portalfadesp.org.br\/?page_id=8800#breadcrumb"},"inLanguage":"pt-BR","potentialAction":[{"@type":"ReadAction","target":["https:\/\/portalfadesp.org.br\/?page_id=8800"]}]},{"@type":"BreadcrumbList","@id":"https:\/\/portalfadesp.org.br\/?page_id=8800#breadcrumb","itemListElement":[{"@type":"ListItem","position":1,"name":"In\u00edcio","item":"https:\/\/portalfadesp.org.br\/"},{"@type":"ListItem","position":2,"name":"Mapa Cultural do Par\u00e1 &#8211; Busca Ativa \/ Sele\u00e7\u00e3o de cadastradores."}]},{"@type":"WebSite","@id":"https:\/\/portalfadesp.org.br\/#website","url":"https:\/\/portalfadesp.org.br\/","name":"FADESP","description":"Funda\u00e7\u00e3o de Amparo e Desenvolvimento da Pesquisa","publisher":{"@id":"https:\/\/portalfadesp.org.br\/#organization"},"potentialAction":[{"@type":"SearchAction","target":{"@type":"EntryPoint","urlTemplate":"https:\/\/portalfadesp.org.br\/?s={search_term_string}"},"query-input":{"@type":"PropertyValueSpecification","valueRequired":true,"valueName":"search_term_string"}}],"inLanguage":"pt-BR"},{"@type":"Organization","@id":"https:\/\/portalfadesp.org.br\/#organization","name":"FADESP","url":"https:\/\/portalfadesp.org.br\/","logo":{"@type":"ImageObject","inLanguage":"pt-BR","@id":"https:\/\/portalfadesp.org.br\/#\/schema\/logo\/image\/","url":"https:\/\/portalfadesp.org.br\/wp-content\/uploads\/2024\/01\/NOVOLOGOFADESPlaranjaH.png","contentUrl":"https:\/\/portalfadesp.org.br\/wp-content\/uploads\/2024\/01\/NOVOLOGOFADESPlaranjaH.png","width":2742,"height":839,"caption":"FADESP"},"image":{"@id":"https:\/\/portalfadesp.org.br\/#\/schema\/logo\/image\/"},"sameAs":["https:\/\/www.facebook.com\/Fadesp-138351949524662\/","https:\/\/x.com\/Fadesp","https:\/\/www.instagram.com\/fadesp_ufpa\/","https:\/\/www.youtube.com\/@fundacaodeamparoedesenvolv1903","https:\/\/www.threads.net\/@fadesp_ufpa"]}]}},"_links":{"self":[{"href":"https:\/\/portalfadesp.org.br\/index.php?rest_route=\/wp\/v2\/pages\/8800","targetHints":{"allow":["GET"]}}],"collection":[{"href":"https:\/\/portalfadesp.org.br\/index.php?rest_route=\/wp\/v2\/pages"}],"about":[{"href":"https:\/\/portalfadesp.org.br\/index.php?rest_route=\/wp\/v2\/types\/page"}],"author":[{"embeddable":true,"href":"https:\/\/portalfadesp.org.br\/index.php?rest_route=\/wp\/v2\/users\/11"}],"replies":[{"embeddable":true,"href":"https:\/\/portalfadesp.org.br\/index.php?rest_route=%2Fwp%2Fv2%2Fcomments&post=8800"}],"version-history":[{"count":47,"href":"https:\/\/portalfadesp.org.br\/index.php?rest_route=\/wp\/v2\/pages\/8800\/revisions"}],"predecessor-version":[{"id":38714,"href":"https:\/\/portalfadesp.org.br\/index.php?rest_route=\/wp\/v2\/pages\/8800\/revisions\/38714"}],"wp:attachment":[{"href":"https:\/\/portalfadesp.org.br\/index.php?rest_route=%2Fwp%2Fv2%2Fmedia&parent=8800"}],"curies":[{"name":"wp","href":"https:\/\/api.w.org\/{rel}","templated":true}]}}