{"id":8741,"date":"2020-10-02T17:11:16","date_gmt":"2020-10-02T20:11:16","guid":{"rendered":"https:\/\/162.215.13.167?page_id=8741"},"modified":"2022-12-20T11:00:14","modified_gmt":"2022-12-20T14:00:14","slug":"processo-seletivo-2020-ii-prosel-esp-ifpa-2020-2","status":"publish","type":"page","link":"https:\/\/portalfadesp.org.br\/?page_id=8741","title":{"rendered":"Processo Seletivo 2020 II (PROSEL ESP IFPA 2020)"},"content":{"rendered":"\t\t<div data-elementor-type=\"wp-page\" data-elementor-id=\"8741\" class=\"elementor elementor-8741\" data-elementor-post-type=\"page\">\n\t\t\t\t\t\t<section class=\"elementor-section elementor-top-section elementor-element elementor-element-e1804d9 elementor-section-boxed elementor-section-height-default elementor-section-height-default\" data-id=\"e1804d9\" data-element_type=\"section\">\n\t\t\t\t\t\t<div class=\"elementor-container elementor-column-gap-default\">\n\t\t\t\t\t<div class=\"elementor-column elementor-col-100 elementor-top-column elementor-element elementor-element-c64afbd\" data-id=\"c64afbd\" data-element_type=\"column\">\n\t\t\t<div class=\"elementor-widget-wrap elementor-element-populated\">\n\t\t\t\t\t\t<div class=\"elementor-element elementor-element-f66f9da elementor-widget elementor-widget-heading\" data-id=\"f66f9da\" data-element_type=\"widget\" data-widget_type=\"heading.default\">\n\t\t\t\t<div class=\"elementor-widget-container\">\n\t\t\t\t\t<h1 class=\"elementor-heading-title elementor-size-default\">Processo Seletivo 2020 II (PROSEL ESP IFPA 2020)<\/h1>\t\t\t\t<\/div>\n\t\t\t\t<\/div>\n\t\t\t\t<section class=\"elementor-section elementor-inner-section elementor-element elementor-element-dbb439d elementor-section-boxed elementor-section-height-default elementor-section-height-default\" data-id=\"dbb439d\" data-element_type=\"section\">\n\t\t\t\t\t\t<div class=\"elementor-container elementor-column-gap-default\">\n\t\t\t\t\t<div class=\"elementor-column elementor-col-50 elementor-inner-column elementor-element elementor-element-d7d3a1f\" data-id=\"d7d3a1f\" data-element_type=\"column\">\n\t\t\t<div class=\"elementor-widget-wrap elementor-element-populated\">\n\t\t\t\t\t\t<div class=\"elementor-element elementor-element-cc05b78 elementor-widget elementor-widget-text-editor\" data-id=\"cc05b78\" data-element_type=\"widget\" data-widget_type=\"text-editor.default\">\n\t\t\t\t<div class=\"elementor-widget-container\">\n\t\t\t\t\t\t\t\t\t<p>O Instituto Federal do Par\u00e1 (IFPA) torna p\u00fablica a realiza\u00e7\u00e3o do Processo Seletivo 2020 (PROSEL ESP IFPA 2020) para o provimento de vagas nos cursos presenciais de gradua\u00e7\u00e3o, em regime especial, mediante as condi\u00e7\u00f5es estabelecidas no edital de abertura. Os cursos fazem parte do Forma Par\u00e1, prograna realizado pelo governo do Estado atrav\u00e9s da Secretaria de Estado de Ci\u00eancia, Tecnologia, Educa\u00e7\u00e3o Profissional e Tecnologia (Sectet).<\/p><p><strong>Vagas &#8211; <\/strong>240<\/p><p><strong>Cursos \/ local da oferta<\/strong> &#8211;\u00a0 Licenciatura em Hist\u00f3ria (Marituba), Muan\u00e1 (Licenciatura em F\u00edsica), Cachoeira do Piri\u00e1 (Bacharelado em Agronomia), Dom Eliseu (Tecnol\u00f3gico em Rede de Computadores), Novo Repartimento (Licenciatura em Ci\u00eancias Biol\u00f3gicas).<\/p><p><strong>Requisitos &#8211; <\/strong>Ensino M\u00e9dio completo ou equivalente.<\/p><p><strong>Taxa de inscri\u00e7\u00e3o &#8211; <\/strong>R$ 80,00<\/p><p>&#8230;&#8230;&#8230;&#8230;&#8230;&#8230;&#8230;&#8230;&#8230;&#8230;..<\/p><p><strong>Datas importantes<\/strong>:<\/p><p><strong>Per\u00edodo de Inscri\u00e7\u00e3o<\/strong> &#8211; at\u00e9 12\/11\/2020<\/p><p><strong>Solicita\u00e7\u00e3o de atendimento especial &#8211; <\/strong>at\u00e9 12\/11\/2020<\/p><p><strong>Solicita\u00e7\u00e3o de isen\u00e7\u00e3o de taxa para pessoa de baixa renda<\/strong>&#8211; 05 a 12\/10\/2020<\/p><p><strong>Resultado preliminar da isen\u00e7\u00e3o de taxa para pessoa de baixa renda<\/strong> &#8211; 13\/10\/2020<\/p><p><strong>Pagamento da taxa de inscri\u00e7\u00e3o<\/strong> &#8211; at\u00e9 13\/11\/2020<\/p><p><span style=\"color: #ff0000;\"><strong>Cart\u00e3o de Inscri\u00e7\u00e3o para impress\u00e3o (Nova Data)<\/strong> &#8211; 22\/06 a 03\/07\/2021.<\/span><\/p><p><span style=\"color: #ff0000;\"><strong>Data\u00a0 da Prova<\/strong>\u00a0<\/span><strong><span style=\"color: #ff0000;\">(Nova Data)-<\/span><\/strong><span style=\"color: #ff0000;\"> 04\/07\/2021\u00a0, de 8h \u00e0s 12h.<\/span><\/p>\t\t\t\t\t\t\t\t<\/div>\n\t\t\t\t<\/div>\n\t\t\t\t\t<\/div>\n\t\t<\/div>\n\t\t\t\t<div class=\"elementor-column elementor-col-50 elementor-inner-column elementor-element elementor-element-51ef3c9\" data-id=\"51ef3c9\" data-element_type=\"column\">\n\t\t\t<div class=\"elementor-widget-wrap elementor-element-populated\">\n\t\t\t\t\t\t<div class=\"elementor-element elementor-element-552c919 elementor-widget elementor-widget-text-editor\" data-id=\"552c919\" data-element_type=\"widget\" data-widget_type=\"text-editor.default\">\n\t\t\t\t<div class=\"elementor-widget-container\">\n\t\t\t\t\t\t\t\t\t<p style=\"text-align: center;\"><span style=\"color: #ffffff;\"><b>Acompanhe sua Inscri\u00e7\u00e3o<\/b><\/span><\/p>\t\t\t\t\t\t\t\t<\/div>\n\t\t\t\t<\/div>\n\t\t\t\t<div class=\"elementor-element elementor-element-3f4b21e elementor-widget elementor-widget-text-editor\" data-id=\"3f4b21e\" data-element_type=\"widget\" data-widget_type=\"text-editor.default\">\n\t\t\t\t<div class=\"elementor-widget-container\">\n\t\t\t\t\t\t\t\t\t<div class=\"botaoBug\">\n<a href=\"http:\/\/concursos.fadesp.org.br\/pssifpa2020\/web\/index_recurso.php\"><span style=\"color: #ffffff;\"><strong>Resposta dos Recursos<\/strong><\/a>\n<\/div>\t\t\t\t\t\t\t\t<\/div>\n\t\t\t\t<\/div>\n\t\t\t\t<div class=\"elementor-element elementor-element-4676b5c elementor-widget elementor-widget-text-editor\" data-id=\"4676b5c\" data-element_type=\"widget\" data-widget_type=\"text-editor.default\">\n\t\t\t\t<div class=\"elementor-widget-container\">\n\t\t\t\t\t\t\t\t\t<a href=\"http:\/\/concursos.fadesp.org.br\/pssifpa2020\/web\/index.php\"><strong>\u00c1REA DO CANDIDATO<\/strong><\/a>\n<p style=\"text-align: center;\"><a href=\"http:\/\/concursos.fadesp.org.br\/pssifpa2020\/web\/index_nota.php\"><strong><span style=\"color: #000000;\">VEJA SUA NOTA &#8211; IFPA 2020<\/span><\/strong><\/a><\/p>\n<p style=\"text-align: center;\"><a href=\"https:\/\/portalfadesp.org.br\/wp-content\/uploads\/2021\/07\/GABARITO-DEFINITIVO_PROSEL_2020.pdf\"><span style=\"color: #000000;\"><strong>GABARITO DEFINITIVO &#8211; 2020<\/strong><\/span><\/a><\/p>\n<p style=\"text-align: center;\"><a style=\"color: #000000;\" href=\"https:\/\/portalfadesp.org.br\/wp-content\/uploads\/2021\/07\/PROVA-PROSEL-2020_04_07_2020.pdf\"><strong>PROVA PROSEL &#8211; IFPA 2020<\/strong><\/a><\/p>\n<p style=\"text-align: center;\"><a href=\"https:\/\/portalfadesp.org.br\/wp-content\/uploads\/2021\/07\/GABARITO-PRELIMINAR_PROSEL-2020.pdf\"><span style=\"color: #000000;\"><strong>PROSEL IFPA &#8211; GABARITO PRELIMINAR 2020<\/strong><\/span><\/a><\/p>\n<p style=\"text-align: center;\"><a href=\"http:\/\/concursos.fadesp.org.br\/Protocolo%20de%20Seguran%C3%A7a.pdf\"><span style=\"color: #000000;\"><strong>PROTOCOLO DE SEGURAN\u00c7A (COVID-19)<\/strong><\/span><\/a><\/p>\t\t\t\t\t\t\t\t<\/div>\n\t\t\t\t<\/div>\n\t\t\t\t<div class=\"elementor-element elementor-element-2761924 elementor-widget elementor-widget-text-editor\" data-id=\"2761924\" data-element_type=\"widget\" data-widget_type=\"text-editor.default\">\n\t\t\t\t<div class=\"elementor-widget-container\">\n\t\t\t\t\t\t\t\t\t<p style=\"text-align: center;\"><span style=\"color: #ffffff;\"><strong>Editais e Avisos<\/strong><\/span><\/p>\t\t\t\t\t\t\t\t<\/div>\n\t\t\t\t<\/div>\n\t\t\t\t<div class=\"elementor-element elementor-element-b2441f8 elementor-widget elementor-widget-text-editor\" data-id=\"b2441f8\" data-element_type=\"widget\" data-widget_type=\"text-editor.default\">\n\t\t\t\t<div class=\"elementor-widget-container\">\n\t\t\t\t\t\t\t\t\t<p style=\"text-align: center;\"><a href=\"https:\/\/prosel.ifpa.edu.br\/processo-seletivo-especial-2020\"><strong>CONVOCA\u00c7\u00c3O PARA A HABILITA\u00c7\u00c3O<\/strong><\/a><\/p><p style=\"text-align: center;\"><span style=\"color: #000000;\"><a style=\"color: #000000;\" href=\"http:\/\/concursos.fadesp.org.br\/pssifpa2020\/arquivos\/ResultadoDefinitivoIFPA.pdf\"><strong>RESULTADO DEFINITIVO &#8211; PROSEL 2020<\/strong><\/a><\/span><\/p><p style=\"text-align: center;\"><strong><a href=\"http:\/\/concursos.fadesp.org.br\/pssifpa2020\/arquivos\/ResultadoPreliminarIFPA.pdf\">RESULTADO PRELIMINAR &#8211; PROSEL 2020<\/a><\/strong><\/p><p style=\"text-align: center;\"><a href=\"http:\/\/concursos.fadesp.org.br\/NOVO%20CRONOGRAMA%2017_05.pdf\"><strong>NOVO CRONOGRAMA<\/strong><\/a><\/p><p style=\"text-align: center;\"><strong><a href=\"http:\/\/concursos.fadesp.org.br\/pssifpa2020\/arquivos\/Demanda%20-%20IFPA.pdf\">DEMANDA &#8211; IFPA &#8211; PROSEL 2020<\/a><\/strong><\/p><p style=\"text-align: center;\"><a href=\"http:\/\/concursos.fadesp.org.br\/pssifpa2020\/arquivos\/NOVO%20CRONOGRAMA.pdf\"><strong>RETIFICA\u00c7\u00c3O DE CRONOGRAMA<\/strong><\/a><\/p><p style=\"text-align: center;\"><strong><a href=\"http:\/\/concursos.fadesp.org.br\/pssifpa2020\/arquivos\/inscri%C3%A7%C3%A3oHomologadas-IFPA2020.pdf\">Inscri\u00e7\u00f5es Homologadas Retificado-IFPA &#8211; 2020<\/a><\/strong><\/p><p style=\"text-align: center;\"><a href=\"http:\/\/concursos.fadesp.org.br\/pssifpa2020\/arquivos\/Rela%C3%A7%C3%A3o%20Final%20Isen%C3%A7%C3%A3o%20por%20Hipossufici%C3%AAncia%20Financeira%20IFPA.pdf\"><strong>Rela\u00e7\u00e3o Final Isen\u00e7\u00e3o por Hipossufici\u00eancia Financeira IFPA<\/strong><\/a><\/p><p style=\"text-align: center;\"><strong><a href=\"http:\/\/concursos.fadesp.org.br\/pssifpa2020\/arquivos\/Rela%C3%A7%C3%A3o%20Preliminar%20Isen%C3%A7%C3%A3o%20por%20Hipossufici%C3%AAncia%20Financeira%20IFPA.pdf\">Rela\u00e7\u00e3o Preliminar Isen\u00e7\u00e3o por Hipossufici\u00eancia Financeira IFPA<\/a><\/strong><\/p><p style=\"text-align: center;\"><a href=\"http:\/\/concursos.fadesp.org.br\/pssifpa2020\/arquivos\/Edital_PROSEL_IFPA.pdf\" target=\"_blank\" rel=\"noopener\"><strong>Edital 01 &#8211; Abertura<\/strong><\/a><\/p><p style=\"text-align: center;\">\u00a0Informa\u00e7\u00f5es pelo:<br \/><a href=\"http:\/\/concursos.fadesp.org.br\/faleConosco.php\" target=\"_blank\" rel=\"noopener\"><strong>Fale Conosco do Concursos<br \/>(CLIQUE AQUI)<\/strong><\/a><\/p>\t\t\t\t\t\t\t\t<\/div>\n\t\t\t\t<\/div>\n\t\t\t\t\t<\/div>\n\t\t<\/div>\n\t\t\t\t\t<\/div>\n\t\t<\/section>\n\t\t\t\t\t<\/div>\n\t\t<\/div>\n\t\t\t\t\t<\/div>\n\t\t<\/section>\n\t\t\t\t<\/div>\n\t\t","protected":false},"excerpt":{"rendered":"<p>Processo Seletivo 2020 II (PROSEL ESP IFPA 2020) O Instituto Federal do Par\u00e1 (IFPA) torna p\u00fablica a realiza\u00e7\u00e3o do Processo Seletivo 2020 (PROSEL ESP IFPA 2020) para o provimento de vagas nos cursos presenciais de gradua\u00e7\u00e3o, em regime especial, mediante as condi\u00e7\u00f5es estabelecidas no edital de abertura. Os cursos fazem parte do Forma Par\u00e1, prograna [&hellip;]<\/p>\n","protected":false},"author":9,"featured_media":0,"parent":329,"menu_order":0,"comment_status":"closed","ping_status":"closed","template":"","meta":{"_monsterinsights_skip_tracking":false,"_monsterinsights_sitenote_active":false,"_monsterinsights_sitenote_note":"","_monsterinsights_sitenote_category":0,"footnotes":""},"class_list":["post-8741","page","type-page","status-publish","hentry","entry"],"yoast_head":"<!-- This site is optimized with the Yoast SEO plugin v25.1 - https:\/\/yoast.com\/wordpress\/plugins\/seo\/ -->\n<title>Processo Seletivo 2020 II (PROSEL ESP IFPA 2020) - FADESP<\/title>\n<meta name=\"robots\" content=\"index, follow, max-snippet:-1, max-image-preview:large, max-video-preview:-1\" \/>\n<link rel=\"canonical\" href=\"https:\/\/portalfadesp.org.br\/?page_id=8741\" \/>\n<meta property=\"og:locale\" content=\"pt_BR\" \/>\n<meta property=\"og:type\" content=\"article\" \/>\n<meta property=\"og:title\" content=\"Processo Seletivo 2020 II (PROSEL ESP IFPA 2020) - FADESP\" \/>\n<meta property=\"og:description\" content=\"Processo Seletivo 2020 II (PROSEL ESP IFPA 2020) O Instituto Federal do Par\u00e1 (IFPA) torna p\u00fablica a realiza\u00e7\u00e3o do Processo Seletivo 2020 (PROSEL ESP IFPA 2020) para o provimento de vagas nos cursos presenciais de gradua\u00e7\u00e3o, em regime especial, mediante as condi\u00e7\u00f5es estabelecidas no edital de abertura. Os cursos fazem parte do Forma Par\u00e1, prograna [&hellip;]\" \/>\n<meta property=\"og:url\" content=\"https:\/\/portalfadesp.org.br\/?page_id=8741\" \/>\n<meta property=\"og:site_name\" content=\"FADESP\" \/>\n<meta property=\"article:publisher\" content=\"https:\/\/www.facebook.com\/Fadesp-138351949524662\/\" \/>\n<meta property=\"article:modified_time\" content=\"2022-12-20T14:00:14+00:00\" \/>\n<meta name=\"twitter:card\" content=\"summary_large_image\" \/>\n<meta name=\"twitter:site\" content=\"@Fadesp\" \/>\n<meta name=\"twitter:label1\" content=\"Est. tempo de leitura\" \/>\n\t<meta name=\"twitter:data1\" content=\"1 minuto\" \/>\n<script type=\"application\/ld+json\" class=\"yoast-schema-graph\">{\"@context\":\"https:\/\/schema.org\",\"@graph\":[{\"@type\":\"WebPage\",\"@id\":\"https:\/\/portalfadesp.org.br\/?page_id=8741\",\"url\":\"https:\/\/portalfadesp.org.br\/?page_id=8741\",\"name\":\"Processo Seletivo 2020 II (PROSEL ESP IFPA 2020) - FADESP\",\"isPartOf\":{\"@id\":\"https:\/\/portalfadesp.org.br\/#website\"},\"datePublished\":\"2020-10-02T20:11:16+00:00\",\"dateModified\":\"2022-12-20T14:00:14+00:00\",\"breadcrumb\":{\"@id\":\"https:\/\/portalfadesp.org.br\/?page_id=8741#breadcrumb\"},\"inLanguage\":\"pt-BR\",\"potentialAction\":[{\"@type\":\"ReadAction\",\"target\":[\"https:\/\/portalfadesp.org.br\/?page_id=8741\"]}]},{\"@type\":\"BreadcrumbList\",\"@id\":\"https:\/\/portalfadesp.org.br\/?page_id=8741#breadcrumb\",\"itemListElement\":[{\"@type\":\"ListItem\",\"position\":1,\"name\":\"In\u00edcio\",\"item\":\"https:\/\/portalfadesp.org.br\/\"},{\"@type\":\"ListItem\",\"position\":2,\"name\":\"Concursos &#8211; Homologados\",\"item\":\"https:\/\/portalfadesp.org.br\/?page_id=329\"},{\"@type\":\"ListItem\",\"position\":3,\"name\":\"Processo Seletivo 2020 II (PROSEL ESP IFPA 2020)\"}]},{\"@type\":\"WebSite\",\"@id\":\"https:\/\/portalfadesp.org.br\/#website\",\"url\":\"https:\/\/portalfadesp.org.br\/\",\"name\":\"FADESP\",\"description\":\"Funda\u00e7\u00e3o de Amparo e Desenvolvimento da Pesquisa\",\"publisher\":{\"@id\":\"https:\/\/portalfadesp.org.br\/#organization\"},\"potentialAction\":[{\"@type\":\"SearchAction\",\"target\":{\"@type\":\"EntryPoint\",\"urlTemplate\":\"https:\/\/portalfadesp.org.br\/?s={search_term_string}\"},\"query-input\":{\"@type\":\"PropertyValueSpecification\",\"valueRequired\":true,\"valueName\":\"search_term_string\"}}],\"inLanguage\":\"pt-BR\"},{\"@type\":\"Organization\",\"@id\":\"https:\/\/portalfadesp.org.br\/#organization\",\"name\":\"FADESP\",\"url\":\"https:\/\/portalfadesp.org.br\/\",\"logo\":{\"@type\":\"ImageObject\",\"inLanguage\":\"pt-BR\",\"@id\":\"https:\/\/portalfadesp.org.br\/#\/schema\/logo\/image\/\",\"url\":\"https:\/\/portalfadesp.org.br\/wp-content\/uploads\/2024\/01\/NOVOLOGOFADESPlaranjaH.png\",\"contentUrl\":\"https:\/\/portalfadesp.org.br\/wp-content\/uploads\/2024\/01\/NOVOLOGOFADESPlaranjaH.png\",\"width\":2742,\"height\":839,\"caption\":\"FADESP\"},\"image\":{\"@id\":\"https:\/\/portalfadesp.org.br\/#\/schema\/logo\/image\/\"},\"sameAs\":[\"https:\/\/www.facebook.com\/Fadesp-138351949524662\/\",\"https:\/\/x.com\/Fadesp\",\"https:\/\/www.instagram.com\/fadesp_ufpa\/\",\"https:\/\/www.youtube.com\/@fundacaodeamparoedesenvolv1903\",\"https:\/\/www.threads.net\/@fadesp_ufpa\"]}]}<\/script>\n<!-- \/ Yoast SEO plugin. -->","yoast_head_json":{"title":"Processo Seletivo 2020 II (PROSEL ESP IFPA 2020) - FADESP","robots":{"index":"index","follow":"follow","max-snippet":"max-snippet:-1","max-image-preview":"max-image-preview:large","max-video-preview":"max-video-preview:-1"},"canonical":"https:\/\/portalfadesp.org.br\/?page_id=8741","og_locale":"pt_BR","og_type":"article","og_title":"Processo Seletivo 2020 II (PROSEL ESP IFPA 2020) - FADESP","og_description":"Processo Seletivo 2020 II (PROSEL ESP IFPA 2020) O Instituto Federal do Par\u00e1 (IFPA) torna p\u00fablica a realiza\u00e7\u00e3o do Processo Seletivo 2020 (PROSEL ESP IFPA 2020) para o provimento de vagas nos cursos presenciais de gradua\u00e7\u00e3o, em regime especial, mediante as condi\u00e7\u00f5es estabelecidas no edital de abertura. Os cursos fazem parte do Forma Par\u00e1, prograna [&hellip;]","og_url":"https:\/\/portalfadesp.org.br\/?page_id=8741","og_site_name":"FADESP","article_publisher":"https:\/\/www.facebook.com\/Fadesp-138351949524662\/","article_modified_time":"2022-12-20T14:00:14+00:00","twitter_card":"summary_large_image","twitter_site":"@Fadesp","twitter_misc":{"Est. tempo de leitura":"1 minuto"},"schema":{"@context":"https:\/\/schema.org","@graph":[{"@type":"WebPage","@id":"https:\/\/portalfadesp.org.br\/?page_id=8741","url":"https:\/\/portalfadesp.org.br\/?page_id=8741","name":"Processo Seletivo 2020 II (PROSEL ESP IFPA 2020) - FADESP","isPartOf":{"@id":"https:\/\/portalfadesp.org.br\/#website"},"datePublished":"2020-10-02T20:11:16+00:00","dateModified":"2022-12-20T14:00:14+00:00","breadcrumb":{"@id":"https:\/\/portalfadesp.org.br\/?page_id=8741#breadcrumb"},"inLanguage":"pt-BR","potentialAction":[{"@type":"ReadAction","target":["https:\/\/portalfadesp.org.br\/?page_id=8741"]}]},{"@type":"BreadcrumbList","@id":"https:\/\/portalfadesp.org.br\/?page_id=8741#breadcrumb","itemListElement":[{"@type":"ListItem","position":1,"name":"In\u00edcio","item":"https:\/\/portalfadesp.org.br\/"},{"@type":"ListItem","position":2,"name":"Concursos &#8211; Homologados","item":"https:\/\/portalfadesp.org.br\/?page_id=329"},{"@type":"ListItem","position":3,"name":"Processo Seletivo 2020 II (PROSEL ESP IFPA 2020)"}]},{"@type":"WebSite","@id":"https:\/\/portalfadesp.org.br\/#website","url":"https:\/\/portalfadesp.org.br\/","name":"FADESP","description":"Funda\u00e7\u00e3o de Amparo e Desenvolvimento da Pesquisa","publisher":{"@id":"https:\/\/portalfadesp.org.br\/#organization"},"potentialAction":[{"@type":"SearchAction","target":{"@type":"EntryPoint","urlTemplate":"https:\/\/portalfadesp.org.br\/?s={search_term_string}"},"query-input":{"@type":"PropertyValueSpecification","valueRequired":true,"valueName":"search_term_string"}}],"inLanguage":"pt-BR"},{"@type":"Organization","@id":"https:\/\/portalfadesp.org.br\/#organization","name":"FADESP","url":"https:\/\/portalfadesp.org.br\/","logo":{"@type":"ImageObject","inLanguage":"pt-BR","@id":"https:\/\/portalfadesp.org.br\/#\/schema\/logo\/image\/","url":"https:\/\/portalfadesp.org.br\/wp-content\/uploads\/2024\/01\/NOVOLOGOFADESPlaranjaH.png","contentUrl":"https:\/\/portalfadesp.org.br\/wp-content\/uploads\/2024\/01\/NOVOLOGOFADESPlaranjaH.png","width":2742,"height":839,"caption":"FADESP"},"image":{"@id":"https:\/\/portalfadesp.org.br\/#\/schema\/logo\/image\/"},"sameAs":["https:\/\/www.facebook.com\/Fadesp-138351949524662\/","https:\/\/x.com\/Fadesp","https:\/\/www.instagram.com\/fadesp_ufpa\/","https:\/\/www.youtube.com\/@fundacaodeamparoedesenvolv1903","https:\/\/www.threads.net\/@fadesp_ufpa"]}]}},"_links":{"self":[{"href":"https:\/\/portalfadesp.org.br\/index.php?rest_route=\/wp\/v2\/pages\/8741","targetHints":{"allow":["GET"]}}],"collection":[{"href":"https:\/\/portalfadesp.org.br\/index.php?rest_route=\/wp\/v2\/pages"}],"about":[{"href":"https:\/\/portalfadesp.org.br\/index.php?rest_route=\/wp\/v2\/types\/page"}],"author":[{"embeddable":true,"href":"https:\/\/portalfadesp.org.br\/index.php?rest_route=\/wp\/v2\/users\/9"}],"replies":[{"embeddable":true,"href":"https:\/\/portalfadesp.org.br\/index.php?rest_route=%2Fwp%2Fv2%2Fcomments&post=8741"}],"version-history":[{"count":199,"href":"https:\/\/portalfadesp.org.br\/index.php?rest_route=\/wp\/v2\/pages\/8741\/revisions"}],"predecessor-version":[{"id":36309,"href":"https:\/\/portalfadesp.org.br\/index.php?rest_route=\/wp\/v2\/pages\/8741\/revisions\/36309"}],"up":[{"embeddable":true,"href":"https:\/\/portalfadesp.org.br\/index.php?rest_route=\/wp\/v2\/pages\/329"}],"wp:attachment":[{"href":"https:\/\/portalfadesp.org.br\/index.php?rest_route=%2Fwp%2Fv2%2Fmedia&parent=8741"}],"curies":[{"name":"wp","href":"https:\/\/api.w.org\/{rel}","templated":true}]}}