{"id":8300,"date":"2020-09-14T15:08:35","date_gmt":"2020-09-14T18:08:35","guid":{"rendered":"https:\/\/162.215.13.167?page_id=8300"},"modified":"2022-12-21T15:00:09","modified_gmt":"2022-12-21T18:00:09","slug":"curso-de-doutorado-em-educacao-na-amazonia-educanorte","status":"publish","type":"page","link":"https:\/\/portalfadesp.org.br\/?page_id=8300","title":{"rendered":"Curso de Doutorado em Educa\u00e7\u00e3o na Amaz\u00f4nia &#8211; EDUCANORTE"},"content":{"rendered":"\t\t<div data-elementor-type=\"wp-post\" data-elementor-id=\"8300\" class=\"elementor elementor-8300\" data-elementor-post-type=\"page\">\n\t\t\t\t\t\t<section class=\"elementor-section elementor-top-section elementor-element elementor-element-2a40db40 elementor-section-boxed elementor-section-height-default elementor-section-height-default\" data-id=\"2a40db40\" data-element_type=\"section\">\n\t\t\t\t\t\t<div class=\"elementor-container elementor-column-gap-default\">\n\t\t\t\t\t<div class=\"elementor-column elementor-col-100 elementor-top-column elementor-element elementor-element-4e956b47\" data-id=\"4e956b47\" data-element_type=\"column\">\n\t\t\t<div class=\"elementor-widget-wrap elementor-element-populated\">\n\t\t\t\t\t\t<div class=\"elementor-element elementor-element-372de194 elementor-widget elementor-widget-heading\" data-id=\"372de194\" data-element_type=\"widget\" data-widget_type=\"heading.default\">\n\t\t\t\t<div class=\"elementor-widget-container\">\n\t\t\t\t\t<h1 class=\"elementor-heading-title elementor-size-default\">Curso de Doutorado em Educa\u00e7\u00e3o na Amaz\u00f4nia \u2013 PGEDA, Associa\u00e7\u00e3o Plena em\nRede (Educanorte)<\/h1>\t\t\t\t<\/div>\n\t\t\t\t<\/div>\n\t\t\t\t<section class=\"elementor-section elementor-inner-section elementor-element elementor-element-31e54043 elementor-section-boxed elementor-section-height-default elementor-section-height-default\" data-id=\"31e54043\" data-element_type=\"section\">\n\t\t\t\t\t\t<div class=\"elementor-container elementor-column-gap-default\">\n\t\t\t\t\t<div class=\"elementor-column elementor-col-50 elementor-inner-column elementor-element elementor-element-15f41bd\" data-id=\"15f41bd\" data-element_type=\"column\">\n\t\t\t<div class=\"elementor-widget-wrap elementor-element-populated\">\n\t\t\t\t\t\t<div class=\"elementor-element elementor-element-35279451 elementor-widget elementor-widget-text-editor\" data-id=\"35279451\" data-element_type=\"widget\" data-widget_type=\"text-editor.default\">\n\t\t\t\t<div class=\"elementor-widget-container\">\n\t\t\t\t\t\t\t\t\t<p>O Colegiado do Curso de Doutorado em Educa\u00e7\u00e3o na Amaz\u00f4nia &#8211; PGEDA, Associa\u00e7\u00e3o Plena em Rede das Institui\u00e7\u00f5es Universidade Federal do Par\u00e1 (UFPA); Universidade Federal do Amazonas (UFAM); Universidade Federal do Oeste do Par\u00e1 (UFOPA); Universidade Federal de Roraima (UFRR); Universidade do Estado do Amazonas (UEA); Universidade Federal do Tocantins (UFT); Universidade Federal do Acre (UFAC); Universidade Federal do Amap\u00e1 (UNIFAP); Universidade Federal de Rond\u00f4nia (UNIR), faz saber que, no per\u00edodo de 24\/08 a 30\/09\/2020, estar\u00e3o abertas inscri\u00e7\u00f5es para a sele\u00e7\u00e3o de candidatos para o preenchimento de at\u00e9 94 (noventa e quatro) vagas, distribu\u00eddas entre os seus Polos.<\/p><p><strong>Vagas:<\/strong> at\u00e9 94<\/p><p><strong>Inscri\u00e7\u00e3o:<\/strong> 24\/08 a 30\/09\/2020.<\/p><p><strong>Taxa de inscri\u00e7\u00e3o:<\/strong> R$ 120,00.<\/p><p><strong>Linhas de pesquisa:<\/strong><br \/><strong>1 &#8211;<\/strong> Educa\u00e7\u00e3o na Amaz\u00f4nia: forma\u00e7\u00e3o do educador, pr\u00e1xis pedag\u00f3gica e curr\u00edculo.<br \/><strong>2 &#8211;<\/strong> Estado, pol\u00edticas p\u00fablicas e gest\u00e3o da educa\u00e7\u00e3o.<br \/><strong>3 &#8211;<\/strong> Saberes, linguagem e educa\u00e7\u00e3o.<\/p>\t\t\t\t\t\t\t\t<\/div>\n\t\t\t\t<\/div>\n\t\t\t\t\t<\/div>\n\t\t<\/div>\n\t\t\t\t<div class=\"elementor-column elementor-col-50 elementor-inner-column elementor-element elementor-element-1a284bc5\" data-id=\"1a284bc5\" data-element_type=\"column\">\n\t\t\t<div class=\"elementor-widget-wrap elementor-element-populated\">\n\t\t\t\t\t\t<div class=\"elementor-element elementor-element-433fb7f0 elementor-widget elementor-widget-text-editor\" data-id=\"433fb7f0\" data-element_type=\"widget\" data-widget_type=\"text-editor.default\">\n\t\t\t\t<div class=\"elementor-widget-container\">\n\t\t\t\t\t\t\t\t\t<p style=\"text-align: center;\"><span style=\"color: #ffffff;\"><strong>Editais e Avisos<\/strong><\/span><\/p>\t\t\t\t\t\t\t\t<\/div>\n\t\t\t\t<\/div>\n\t\t\t\t<div class=\"elementor-element elementor-element-61ab10cc elementor-widget elementor-widget-text-editor\" data-id=\"61ab10cc\" data-element_type=\"widget\" data-widget_type=\"text-editor.default\">\n\t\t\t\t<div class=\"elementor-widget-container\">\n\t\t\t\t\t\t\t\t\t<p style=\"text-align: center;\"><span style=\"text-decoration: underline;\"><strong><a href=\"http:\/\/educanorte.net.br\/\" target=\"_blank\" rel=\"noopener\">Editais de abertura e erratas<\/a><\/strong><\/span><\/p><p style=\"text-align: center;\"><span style=\"text-decoration: underline;\"><strong><a href=\"http:\/\/educanorte.net.br\/\" target=\"_blank\" rel=\"noopener\">Site do curso<\/a><\/strong><\/span><\/p>\t\t\t\t\t\t\t\t<\/div>\n\t\t\t\t<\/div>\n\t\t\t\t\t<\/div>\n\t\t<\/div>\n\t\t\t\t\t<\/div>\n\t\t<\/section>\n\t\t\t\t\t<\/div>\n\t\t<\/div>\n\t\t\t\t\t<\/div>\n\t\t<\/section>\n\t\t\t\t<\/div>\n\t\t","protected":false},"excerpt":{"rendered":"<p>Curso de Doutorado em Educa\u00e7\u00e3o na Amaz\u00f4nia \u2013 PGEDA, Associa\u00e7\u00e3o Plena em Rede (Educanorte) O Colegiado do Curso de Doutorado em Educa\u00e7\u00e3o na Amaz\u00f4nia &#8211; PGEDA, Associa\u00e7\u00e3o Plena em Rede das Institui\u00e7\u00f5es Universidade Federal do Par\u00e1 (UFPA); Universidade Federal do Amazonas (UFAM); Universidade Federal do Oeste do Par\u00e1 (UFOPA); Universidade Federal de Roraima (UFRR); Universidade [&hellip;]<\/p>\n","protected":false},"author":11,"featured_media":0,"parent":0,"menu_order":0,"comment_status":"closed","ping_status":"closed","template":"","meta":{"_monsterinsights_skip_tracking":false,"_monsterinsights_sitenote_active":false,"_monsterinsights_sitenote_note":"","_monsterinsights_sitenote_category":0,"footnotes":""},"class_list":["post-8300","page","type-page","status-publish","hentry","entry"],"yoast_head":"<!-- This site is optimized with the Yoast SEO plugin v25.1 - https:\/\/yoast.com\/wordpress\/plugins\/seo\/ -->\n<title>Curso de Doutorado em Educa\u00e7\u00e3o na Amaz\u00f4nia - EDUCANORTE - FADESP<\/title>\n<meta name=\"robots\" content=\"index, follow, max-snippet:-1, max-image-preview:large, max-video-preview:-1\" \/>\n<link rel=\"canonical\" href=\"https:\/\/portalfadesp.org.br\/?page_id=8300\" \/>\n<meta property=\"og:locale\" content=\"pt_BR\" \/>\n<meta property=\"og:type\" content=\"article\" \/>\n<meta property=\"og:title\" content=\"Curso de Doutorado em Educa\u00e7\u00e3o na Amaz\u00f4nia - EDUCANORTE - FADESP\" \/>\n<meta property=\"og:description\" content=\"Curso de Doutorado em Educa\u00e7\u00e3o na Amaz\u00f4nia \u2013 PGEDA, Associa\u00e7\u00e3o Plena em Rede (Educanorte) O Colegiado do Curso de Doutorado em Educa\u00e7\u00e3o na Amaz\u00f4nia &#8211; PGEDA, Associa\u00e7\u00e3o Plena em Rede das Institui\u00e7\u00f5es Universidade Federal do Par\u00e1 (UFPA); Universidade Federal do Amazonas (UFAM); Universidade Federal do Oeste do Par\u00e1 (UFOPA); Universidade Federal de Roraima (UFRR); Universidade [&hellip;]\" \/>\n<meta property=\"og:url\" content=\"https:\/\/portalfadesp.org.br\/?page_id=8300\" \/>\n<meta property=\"og:site_name\" content=\"FADESP\" \/>\n<meta property=\"article:publisher\" content=\"https:\/\/www.facebook.com\/Fadesp-138351949524662\/\" \/>\n<meta property=\"article:modified_time\" content=\"2022-12-21T18:00:09+00:00\" \/>\n<meta name=\"twitter:card\" content=\"summary_large_image\" \/>\n<meta name=\"twitter:site\" content=\"@Fadesp\" \/>\n<meta name=\"twitter:label1\" content=\"Est. tempo de leitura\" \/>\n\t<meta name=\"twitter:data1\" content=\"1 minuto\" \/>\n<script type=\"application\/ld+json\" class=\"yoast-schema-graph\">{\"@context\":\"https:\/\/schema.org\",\"@graph\":[{\"@type\":\"WebPage\",\"@id\":\"https:\/\/portalfadesp.org.br\/?page_id=8300\",\"url\":\"https:\/\/portalfadesp.org.br\/?page_id=8300\",\"name\":\"Curso de Doutorado em Educa\u00e7\u00e3o na Amaz\u00f4nia - EDUCANORTE - FADESP\",\"isPartOf\":{\"@id\":\"https:\/\/portalfadesp.org.br\/#website\"},\"datePublished\":\"2020-09-14T18:08:35+00:00\",\"dateModified\":\"2022-12-21T18:00:09+00:00\",\"breadcrumb\":{\"@id\":\"https:\/\/portalfadesp.org.br\/?page_id=8300#breadcrumb\"},\"inLanguage\":\"pt-BR\",\"potentialAction\":[{\"@type\":\"ReadAction\",\"target\":[\"https:\/\/portalfadesp.org.br\/?page_id=8300\"]}]},{\"@type\":\"BreadcrumbList\",\"@id\":\"https:\/\/portalfadesp.org.br\/?page_id=8300#breadcrumb\",\"itemListElement\":[{\"@type\":\"ListItem\",\"position\":1,\"name\":\"In\u00edcio\",\"item\":\"https:\/\/portalfadesp.org.br\/\"},{\"@type\":\"ListItem\",\"position\":2,\"name\":\"Curso de Doutorado em Educa\u00e7\u00e3o na Amaz\u00f4nia &#8211; EDUCANORTE\"}]},{\"@type\":\"WebSite\",\"@id\":\"https:\/\/portalfadesp.org.br\/#website\",\"url\":\"https:\/\/portalfadesp.org.br\/\",\"name\":\"FADESP\",\"description\":\"Funda\u00e7\u00e3o de Amparo e Desenvolvimento da Pesquisa\",\"publisher\":{\"@id\":\"https:\/\/portalfadesp.org.br\/#organization\"},\"potentialAction\":[{\"@type\":\"SearchAction\",\"target\":{\"@type\":\"EntryPoint\",\"urlTemplate\":\"https:\/\/portalfadesp.org.br\/?s={search_term_string}\"},\"query-input\":{\"@type\":\"PropertyValueSpecification\",\"valueRequired\":true,\"valueName\":\"search_term_string\"}}],\"inLanguage\":\"pt-BR\"},{\"@type\":\"Organization\",\"@id\":\"https:\/\/portalfadesp.org.br\/#organization\",\"name\":\"FADESP\",\"url\":\"https:\/\/portalfadesp.org.br\/\",\"logo\":{\"@type\":\"ImageObject\",\"inLanguage\":\"pt-BR\",\"@id\":\"https:\/\/portalfadesp.org.br\/#\/schema\/logo\/image\/\",\"url\":\"https:\/\/portalfadesp.org.br\/wp-content\/uploads\/2024\/01\/NOVOLOGOFADESPlaranjaH.png\",\"contentUrl\":\"https:\/\/portalfadesp.org.br\/wp-content\/uploads\/2024\/01\/NOVOLOGOFADESPlaranjaH.png\",\"width\":2742,\"height\":839,\"caption\":\"FADESP\"},\"image\":{\"@id\":\"https:\/\/portalfadesp.org.br\/#\/schema\/logo\/image\/\"},\"sameAs\":[\"https:\/\/www.facebook.com\/Fadesp-138351949524662\/\",\"https:\/\/x.com\/Fadesp\",\"https:\/\/www.instagram.com\/fadesp_ufpa\/\",\"https:\/\/www.youtube.com\/@fundacaodeamparoedesenvolv1903\",\"https:\/\/www.threads.net\/@fadesp_ufpa\"]}]}<\/script>\n<!-- \/ Yoast SEO plugin. -->","yoast_head_json":{"title":"Curso de Doutorado em Educa\u00e7\u00e3o na Amaz\u00f4nia - EDUCANORTE - FADESP","robots":{"index":"index","follow":"follow","max-snippet":"max-snippet:-1","max-image-preview":"max-image-preview:large","max-video-preview":"max-video-preview:-1"},"canonical":"https:\/\/portalfadesp.org.br\/?page_id=8300","og_locale":"pt_BR","og_type":"article","og_title":"Curso de Doutorado em Educa\u00e7\u00e3o na Amaz\u00f4nia - EDUCANORTE - FADESP","og_description":"Curso de Doutorado em Educa\u00e7\u00e3o na Amaz\u00f4nia \u2013 PGEDA, Associa\u00e7\u00e3o Plena em Rede (Educanorte) O Colegiado do Curso de Doutorado em Educa\u00e7\u00e3o na Amaz\u00f4nia &#8211; PGEDA, Associa\u00e7\u00e3o Plena em Rede das Institui\u00e7\u00f5es Universidade Federal do Par\u00e1 (UFPA); Universidade Federal do Amazonas (UFAM); Universidade Federal do Oeste do Par\u00e1 (UFOPA); Universidade Federal de Roraima (UFRR); Universidade [&hellip;]","og_url":"https:\/\/portalfadesp.org.br\/?page_id=8300","og_site_name":"FADESP","article_publisher":"https:\/\/www.facebook.com\/Fadesp-138351949524662\/","article_modified_time":"2022-12-21T18:00:09+00:00","twitter_card":"summary_large_image","twitter_site":"@Fadesp","twitter_misc":{"Est. tempo de leitura":"1 minuto"},"schema":{"@context":"https:\/\/schema.org","@graph":[{"@type":"WebPage","@id":"https:\/\/portalfadesp.org.br\/?page_id=8300","url":"https:\/\/portalfadesp.org.br\/?page_id=8300","name":"Curso de Doutorado em Educa\u00e7\u00e3o na Amaz\u00f4nia - EDUCANORTE - FADESP","isPartOf":{"@id":"https:\/\/portalfadesp.org.br\/#website"},"datePublished":"2020-09-14T18:08:35+00:00","dateModified":"2022-12-21T18:00:09+00:00","breadcrumb":{"@id":"https:\/\/portalfadesp.org.br\/?page_id=8300#breadcrumb"},"inLanguage":"pt-BR","potentialAction":[{"@type":"ReadAction","target":["https:\/\/portalfadesp.org.br\/?page_id=8300"]}]},{"@type":"BreadcrumbList","@id":"https:\/\/portalfadesp.org.br\/?page_id=8300#breadcrumb","itemListElement":[{"@type":"ListItem","position":1,"name":"In\u00edcio","item":"https:\/\/portalfadesp.org.br\/"},{"@type":"ListItem","position":2,"name":"Curso de Doutorado em Educa\u00e7\u00e3o na Amaz\u00f4nia &#8211; EDUCANORTE"}]},{"@type":"WebSite","@id":"https:\/\/portalfadesp.org.br\/#website","url":"https:\/\/portalfadesp.org.br\/","name":"FADESP","description":"Funda\u00e7\u00e3o de Amparo e Desenvolvimento da Pesquisa","publisher":{"@id":"https:\/\/portalfadesp.org.br\/#organization"},"potentialAction":[{"@type":"SearchAction","target":{"@type":"EntryPoint","urlTemplate":"https:\/\/portalfadesp.org.br\/?s={search_term_string}"},"query-input":{"@type":"PropertyValueSpecification","valueRequired":true,"valueName":"search_term_string"}}],"inLanguage":"pt-BR"},{"@type":"Organization","@id":"https:\/\/portalfadesp.org.br\/#organization","name":"FADESP","url":"https:\/\/portalfadesp.org.br\/","logo":{"@type":"ImageObject","inLanguage":"pt-BR","@id":"https:\/\/portalfadesp.org.br\/#\/schema\/logo\/image\/","url":"https:\/\/portalfadesp.org.br\/wp-content\/uploads\/2024\/01\/NOVOLOGOFADESPlaranjaH.png","contentUrl":"https:\/\/portalfadesp.org.br\/wp-content\/uploads\/2024\/01\/NOVOLOGOFADESPlaranjaH.png","width":2742,"height":839,"caption":"FADESP"},"image":{"@id":"https:\/\/portalfadesp.org.br\/#\/schema\/logo\/image\/"},"sameAs":["https:\/\/www.facebook.com\/Fadesp-138351949524662\/","https:\/\/x.com\/Fadesp","https:\/\/www.instagram.com\/fadesp_ufpa\/","https:\/\/www.youtube.com\/@fundacaodeamparoedesenvolv1903","https:\/\/www.threads.net\/@fadesp_ufpa"]}]}},"_links":{"self":[{"href":"https:\/\/portalfadesp.org.br\/index.php?rest_route=\/wp\/v2\/pages\/8300","targetHints":{"allow":["GET"]}}],"collection":[{"href":"https:\/\/portalfadesp.org.br\/index.php?rest_route=\/wp\/v2\/pages"}],"about":[{"href":"https:\/\/portalfadesp.org.br\/index.php?rest_route=\/wp\/v2\/types\/page"}],"author":[{"embeddable":true,"href":"https:\/\/portalfadesp.org.br\/index.php?rest_route=\/wp\/v2\/users\/11"}],"replies":[{"embeddable":true,"href":"https:\/\/portalfadesp.org.br\/index.php?rest_route=%2Fwp%2Fv2%2Fcomments&post=8300"}],"version-history":[{"count":22,"href":"https:\/\/portalfadesp.org.br\/index.php?rest_route=\/wp\/v2\/pages\/8300\/revisions"}],"predecessor-version":[{"id":38777,"href":"https:\/\/portalfadesp.org.br\/index.php?rest_route=\/wp\/v2\/pages\/8300\/revisions\/38777"}],"wp:attachment":[{"href":"https:\/\/portalfadesp.org.br\/index.php?rest_route=%2Fwp%2Fv2%2Fmedia&parent=8300"}],"curies":[{"name":"wp","href":"https:\/\/api.w.org\/{rel}","templated":true}]}}