{"id":8090,"date":"2020-10-01T14:04:40","date_gmt":"2020-10-01T17:04:40","guid":{"rendered":"https:\/\/162.215.13.167?page_id=8090"},"modified":"2022-12-20T11:01:34","modified_gmt":"2022-12-20T14:01:34","slug":"processo-seletivo-2020-ii-prosel-esp-uepa-2020","status":"publish","type":"page","link":"https:\/\/portalfadesp.org.br\/?page_id=8090","title":{"rendered":"Processo Seletivo 2020 II (PROSEL ESP UEPA 2020)"},"content":{"rendered":"\t\t<div data-elementor-type=\"wp-post\" data-elementor-id=\"8090\" class=\"elementor elementor-8090\" data-elementor-post-type=\"page\">\n\t\t\t\t\t\t<section class=\"elementor-section elementor-top-section elementor-element elementor-element-1f2996d1 elementor-section-boxed elementor-section-height-default elementor-section-height-default\" data-id=\"1f2996d1\" data-element_type=\"section\">\n\t\t\t\t\t\t<div class=\"elementor-container elementor-column-gap-default\">\n\t\t\t\t\t<div class=\"elementor-column elementor-col-100 elementor-top-column elementor-element elementor-element-59a4b3f8\" data-id=\"59a4b3f8\" data-element_type=\"column\">\n\t\t\t<div class=\"elementor-widget-wrap elementor-element-populated\">\n\t\t\t\t\t\t<div class=\"elementor-element elementor-element-799471af elementor-widget elementor-widget-heading\" data-id=\"799471af\" data-element_type=\"widget\" data-widget_type=\"heading.default\">\n\t\t\t\t<div class=\"elementor-widget-container\">\n\t\t\t\t\t<h2 class=\"elementor-heading-title elementor-size-default\">Processo Seletivo 2020 II (PROSEL ESP UEPA 2020)<\/h2>\t\t\t\t<\/div>\n\t\t\t\t<\/div>\n\t\t\t\t<section class=\"elementor-section elementor-inner-section elementor-element elementor-element-336311f elementor-section-boxed elementor-section-height-default elementor-section-height-default\" data-id=\"336311f\" data-element_type=\"section\">\n\t\t\t\t\t\t<div class=\"elementor-container elementor-column-gap-default\">\n\t\t\t\t\t<div class=\"elementor-column elementor-col-50 elementor-inner-column elementor-element elementor-element-75ca0dc3\" data-id=\"75ca0dc3\" data-element_type=\"column\">\n\t\t\t<div class=\"elementor-widget-wrap elementor-element-populated\">\n\t\t\t\t\t\t<div class=\"elementor-element elementor-element-425a3096 elementor-widget elementor-widget-text-editor\" data-id=\"425a3096\" data-element_type=\"widget\" data-widget_type=\"text-editor.default\">\n\t\t\t\t<div class=\"elementor-widget-container\">\n\t\t\t\t\t\t\t\t\t<p>A Universidade do Estado do Par\u00e1 (UEPA) torna p\u00fablica a realiza\u00e7\u00e3o do Processo Seletivo 2020 (PROSEL ESP UEPA 2020) para o provimento de vagas nos cursos presenciais de gradua\u00e7\u00e3o, em regime especial, mediante as condi\u00e7\u00f5es estabelecidas no edital de abertura. Os cursos fazem parte do Forma Par\u00e1, prograna realizado pelo governo do Estado atrav\u00e9s da Secretaria de Estado de Ci\u00eancia, Tecnologia, Educa\u00e7\u00e3o Profissional e Tecnologia (Sectet).<\/p><p><strong>Vagas &#8211; <\/strong>100<\/p><p><strong>Cursos \/ local da oferta<\/strong> &#8211;\u00a0 Tecn\u00f3logo em Gastronomia (Icoaraci-Bel\u00e9m e Salin\u00f3polis)<\/p><p><strong>Requisitos &#8211; <\/strong>Ensino M\u00e9dio completo ou equivalente.<\/p><p><strong>Taxa de inscri\u00e7\u00e3o &#8211; <\/strong>R$ 80,00<\/p><p>&#8230;&#8230;&#8230;&#8230;&#8230;&#8230;&#8230;&#8230;&#8230;&#8230;..<\/p><p><strong>Datas importantes<\/strong>:<\/p><p><strong>Per\u00edodo de Inscri\u00e7\u00e3o<\/strong> &#8211; 01\/10 a 12\/11\/2020<\/p><p><strong>Solicita\u00e7\u00e3o de atendimento especial &#8211; <\/strong>01\/10 a 12\/11\/2020<\/p><p><strong>Solicita\u00e7\u00e3o de isen\u00e7\u00e3o de taxa para pessoa de baixa renda e PcD<\/strong>&#8211; 01 a 05\/10\/2020<\/p><p><strong>Resultado preliminar da isen\u00e7\u00e3o de taxa para pessoa de baixa renda<\/strong> &#8211; 17\/10\/2020<\/p><p><strong>Pagamento da taxa de inscri\u00e7\u00e3o<\/strong> &#8211; at\u00e9 13\/11\/2020<\/p><p><span style=\"color: #ff0000;\"><strong>Cart\u00e3o de Inscri\u00e7\u00e3o para impress\u00e3o (Nova Data)<\/strong> &#8211; 22\/06 a 03\/07\/2021.<\/span><\/p><p><span style=\"color: #ff0000;\"><strong>Data\u00a0 da Prova<\/strong>\u00a0<\/span><strong><span style=\"color: #ff0000;\">(Nova Data)-<\/span><\/strong><span style=\"color: #ff0000;\"> 04\/07\/2021\u00a0, de 8h \u00e0s 12h.<\/span><\/p>\t\t\t\t\t\t\t\t<\/div>\n\t\t\t\t<\/div>\n\t\t\t\t\t<\/div>\n\t\t<\/div>\n\t\t\t\t<div class=\"elementor-column elementor-col-50 elementor-inner-column elementor-element elementor-element-79608089\" data-id=\"79608089\" data-element_type=\"column\">\n\t\t\t<div class=\"elementor-widget-wrap elementor-element-populated\">\n\t\t\t\t\t\t<div class=\"elementor-element elementor-element-37283151 elementor-widget elementor-widget-text-editor\" data-id=\"37283151\" data-element_type=\"widget\" data-widget_type=\"text-editor.default\">\n\t\t\t\t<div class=\"elementor-widget-container\">\n\t\t\t\t\t\t\t\t\t<p><strong><span style=\"color: #ffffff;\">Acompanhe sua Inscri\u00e7\u00e3o<\/span><\/strong><\/p>\t\t\t\t\t\t\t\t<\/div>\n\t\t\t\t<\/div>\n\t\t\t\t<div class=\"elementor-element elementor-element-828fad3 elementor-widget elementor-widget-text-editor\" data-id=\"828fad3\" data-element_type=\"widget\" data-widget_type=\"text-editor.default\">\n\t\t\t\t<div class=\"elementor-widget-container\">\n\t\t\t\t\t\t\t\t\t<div class=\"botaoBug\"><a href=\"http:\/\/concursos.fadesp.org.br\/pssuepa2020\/web\/index_recurso.php\"><strong>Resposta dos Recursos<\/strong><\/a><\/div>\t\t\t\t\t\t\t\t<\/div>\n\t\t\t\t<\/div>\n\t\t\t\t<div class=\"elementor-element elementor-element-290958d elementor-widget elementor-widget-text-editor\" data-id=\"290958d\" data-element_type=\"widget\" data-widget_type=\"text-editor.default\">\n\t\t\t\t<div class=\"elementor-widget-container\">\n\t\t\t\t\t\t\t\t\t<a href=\"http:\/\/concursos.fadesp.org.br\/pssuepa2020\/web\/index.php\"><strong>\u00c1REA DO CANDIDATO<\/strong><\/a>\n<p style=\"text-align: center;\"><a href=\"http:\/\/concursos.fadesp.org.br\/pssuepa2020\/web\/index_nota.php\"><strong><span style=\"color: #000000;\">VEJA SUA NOTA &#8211; UEPA 2020<\/span><\/strong><\/a><\/p>\n<p style=\"text-align: center;\"><span style=\"color: #000000;\"><a style=\"color: #000000;\" href=\"https:\/\/portalfadesp.org.br\/wp-content\/uploads\/2021\/07\/GABARITO-DEFINITIVO_PROSEL_2020.pdf\"><strong>GABARITO DEFINITIVO &#8211; 2020<\/strong><\/a><\/span><\/p>\n<p style=\"text-align: center;\"><span style=\"color: #000000;\"><a style=\"color: #000000;\" href=\"https:\/\/portalfadesp.org.br\/wp-content\/uploads\/2021\/07\/PROVA-PROSEL-2020_04_07_2020.pdf\"><strong>PROVA PROSEL &#8211; UEPA 2020<\/strong><\/a><\/span><\/p>\n<p style=\"text-align: center;\"><a href=\"https:\/\/portalfadesp.org.br\/wp-content\/uploads\/2021\/07\/GABARITO-PRELIMINAR_PROSEL-2020.pdf\"><span style=\"color: #000000;\"><strong>PROSEL UEPA &#8211; GABARITO PRELIMINAR 2020<\/strong><\/span><\/a><\/p>\n<p style=\"text-align: center;\"><a href=\"http:\/\/concursos.fadesp.org.br\/Protocolo%20de%20Seguran%C3%A7a.pdf\"><span style=\"color: #000000;\"><strong>PROTOCOLO DE SEGURAN\u00c7A (COVID-19)<\/strong><\/span><\/a><\/p>\t\t\t\t\t\t\t\t<\/div>\n\t\t\t\t<\/div>\n\t\t\t\t<div class=\"elementor-element elementor-element-519019c1 elementor-widget elementor-widget-text-editor\" data-id=\"519019c1\" data-element_type=\"widget\" data-widget_type=\"text-editor.default\">\n\t\t\t\t<div class=\"elementor-widget-container\">\n\t\t\t\t\t\t\t\t\t<p style=\"text-align: center;\"><span style=\"color: #ffffff;\"><strong>Editais e Avisos<\/strong><\/span><\/p>\t\t\t\t\t\t\t\t<\/div>\n\t\t\t\t<\/div>\n\t\t\t\t<div class=\"elementor-element elementor-element-165e423c elementor-widget elementor-widget-text-editor\" data-id=\"165e423c\" data-element_type=\"widget\" data-widget_type=\"text-editor.default\">\n\t\t\t\t<div class=\"elementor-widget-container\">\n\t\t\t\t\t\t\t\t\t<p style=\"text-align: center;\"><span style=\"color: #000000;\"><a style=\"color: #000000;\" href=\"http:\/\/concursos.fadesp.org.br\/pssuepa2020\/arquivos\/ResultadoDefinitivoUEPA.pdf\"><strong>RESULTADO DEFINITIVO &#8211; PROSEL 2020<\/strong><\/a><\/span><\/p>\n<p style=\"text-align: center;\"><a href=\"http:\/\/concursos.fadesp.org.br\/pssuepa2020\/arquivos\/ResultadoPreliminarUEPA.pdf\"><span style=\"color: #000000;\"><strong>RESULTADO PRELIMINAR &#8211; PROSEL 2020<\/strong><\/span><\/a><\/p>\n<p style=\"text-align: center;\"><a href=\"http:\/\/concursos.fadesp.org.br\/NOVO%20CRONOGRAMA%2017_05.pdf\"><strong>NOVO CRONOGRAMA<\/strong><\/a><\/p>\n<p style=\"text-align: center;\"><strong><a href=\"http:\/\/concursos.fadesp.org.br\/pssuepa2020\/arquivos\/Demanda%20-%20UEPA.pdf\">DEMANDA &#8211; UEPA &#8211; PROSEL 2020<\/a><\/strong><\/p>\n<p style=\"text-align: center;\"><a href=\"http:\/\/concursos.fadesp.org.br\/pssuepa2020\/arquivos\/NOVO%20CRONOGRAMA.pdf\"><strong>RETIFICA\u00c7\u00c3O DE\u00a0 CRONOGRAMA<\/strong><\/a><\/p>\n<p style=\"text-align: center;\"><strong><a href=\"https:\/\/portalfadesp.org.br\/wp-content\/uploads\/2020\/11\/AtendimentoEspecial-UEPA2020.pdf\">Atendimento Especial- UEPA &#8211; 2020<\/a><\/strong><\/p>\n<p style=\"text-align: center;\"><strong><a href=\"http:\/\/concursos.fadesp.org.br\/pssuepa2020\/arquivos\/Inscri%C3%A7%C3%B5es%20Homologadas.pdf\">Inscri\u00e7\u00f5es Homologadas-UEPA &#8211; RETIFICA\u00c7\u00c3O -2020<\/a><\/strong><\/p>\n<a href=\"http:\/\/concursos.fadesp.org.br\/pssuepa2020\/arquivos\/Retifica%C3%A7%C3%A3o%20Cronograma%20da%20UEPA.pdf\"><strong>RETIFICA\u00c7\u00c3O DO CRONOGRAMA<\/strong><\/a>\n\n<strong><a href=\"http:\/\/concursos.fadesp.org.br\/pssuepa2020\/arquivos\/Resultado%20Final%20Isen%C3%A7%C3%A3o%20PcD%20Prosel%20UEPA.pdf\">Resultado Final Isen\u00e7\u00e3o PcD Prosel UEPA<\/a><\/strong>\n\n<strong><a href=\"http:\/\/concursos.fadesp.org.br\/pssuepa2020\/arquivos\/Resultado%20Final%20Isen%C3%A7%C3%A3o%20Hipossufici%C3%AAncia%20Prosel%20UEPA.pdf\">Resultado Final Isen\u00e7\u00e3o Hipossufici\u00eancia Prosel UEPA<\/a><\/strong>\n\n<a href=\"https:\/\/portalfadesp.org.br\/wp-content\/uploads\/2020\/10\/Resultado-Preliminar-Isen\u00e7\u00e3o-PcD-Prosel-UEPA.pdf\" target=\"_blank\" rel=\"noopener\">Resultado Preliminar Isen\u00e7\u00e3o PcD\u00a0<\/a>\n\n<a href=\"https:\/\/portalfadesp.org.br\/wp-content\/uploads\/2020\/10\/Resultado-Preliminar-Isen\u00e7\u00e3o-Hipossufici\u00eancia-Prosel-UEPA.pdf\" target=\"_blank\" rel=\"noopener\">Resultado Preliminar Isen\u00e7\u00e3o Hipossufici\u00eancia\u00a0<\/a>\n\n<a href=\"https:\/\/portalfadesp.org.br\/wp-content\/uploads\/2020\/10\/Nota-de-Esclarecimento.pdf\" target=\"_blank\" rel=\"noopener\">Nota de Esclarecimento &#8211; sobre b\u00f4nus<\/a>\n<p style=\"text-align: center;\"><a href=\"https:\/\/portalfadesp.org.br\/wp-content\/uploads\/2020\/10\/Edital-PROSEL-2020-UEPA-II.pdf\" target=\"_blank\" rel=\"noopener\"><strong>Edital 01 &#8211; Abertura<\/strong><\/a><\/p>\n<p style=\"text-align: center;\">\u00a0Informa\u00e7\u00f5es pelo:\n<a href=\"http:\/\/concursos.fadesp.org.br\/faleConosco.php\" target=\"_blank\" rel=\"noopener\"><strong>Fale Conosco do Concursos\n(CLIQUE AQUI)<\/strong><\/a><\/p>\t\t\t\t\t\t\t\t<\/div>\n\t\t\t\t<\/div>\n\t\t\t\t\t<\/div>\n\t\t<\/div>\n\t\t\t\t\t<\/div>\n\t\t<\/section>\n\t\t\t\t\t<\/div>\n\t\t<\/div>\n\t\t\t\t\t<\/div>\n\t\t<\/section>\n\t\t\t\t<\/div>\n\t\t","protected":false},"excerpt":{"rendered":"<p>Processo Seletivo 2020 II (PROSEL ESP UEPA 2020) A Universidade do Estado do Par\u00e1 (UEPA) torna p\u00fablica a realiza\u00e7\u00e3o do Processo Seletivo 2020 (PROSEL ESP UEPA 2020) para o provimento de vagas nos cursos presenciais de gradua\u00e7\u00e3o, em regime especial, mediante as condi\u00e7\u00f5es estabelecidas no edital de abertura. Os cursos fazem parte do Forma Par\u00e1, [&hellip;]<\/p>\n","protected":false},"author":11,"featured_media":0,"parent":329,"menu_order":50,"comment_status":"closed","ping_status":"closed","template":"","meta":{"_monsterinsights_skip_tracking":false,"_monsterinsights_sitenote_active":false,"_monsterinsights_sitenote_note":"","_monsterinsights_sitenote_category":0,"footnotes":""},"class_list":["post-8090","page","type-page","status-publish","hentry","entry"],"yoast_head":"<!-- This site is optimized with the Yoast SEO plugin v25.1 - https:\/\/yoast.com\/wordpress\/plugins\/seo\/ -->\n<title>Processo Seletivo 2020 II (PROSEL ESP UEPA 2020) - FADESP<\/title>\n<meta name=\"robots\" content=\"index, follow, max-snippet:-1, max-image-preview:large, max-video-preview:-1\" \/>\n<link rel=\"canonical\" href=\"https:\/\/portalfadesp.org.br\/?page_id=8090\" \/>\n<meta property=\"og:locale\" content=\"pt_BR\" \/>\n<meta property=\"og:type\" content=\"article\" \/>\n<meta property=\"og:title\" content=\"Processo Seletivo 2020 II (PROSEL ESP UEPA 2020) - FADESP\" \/>\n<meta property=\"og:description\" content=\"Processo Seletivo 2020 II (PROSEL ESP UEPA 2020) A Universidade do Estado do Par\u00e1 (UEPA) torna p\u00fablica a realiza\u00e7\u00e3o do Processo Seletivo 2020 (PROSEL ESP UEPA 2020) para o provimento de vagas nos cursos presenciais de gradua\u00e7\u00e3o, em regime especial, mediante as condi\u00e7\u00f5es estabelecidas no edital de abertura. Os cursos fazem parte do Forma Par\u00e1, [&hellip;]\" \/>\n<meta property=\"og:url\" content=\"https:\/\/portalfadesp.org.br\/?page_id=8090\" \/>\n<meta property=\"og:site_name\" content=\"FADESP\" \/>\n<meta property=\"article:publisher\" content=\"https:\/\/www.facebook.com\/Fadesp-138351949524662\/\" \/>\n<meta property=\"article:modified_time\" content=\"2022-12-20T14:01:34+00:00\" \/>\n<meta name=\"twitter:card\" content=\"summary_large_image\" \/>\n<meta name=\"twitter:site\" content=\"@Fadesp\" \/>\n<meta name=\"twitter:label1\" content=\"Est. tempo de leitura\" \/>\n\t<meta name=\"twitter:data1\" content=\"1 minuto\" \/>\n<script type=\"application\/ld+json\" class=\"yoast-schema-graph\">{\"@context\":\"https:\/\/schema.org\",\"@graph\":[{\"@type\":\"WebPage\",\"@id\":\"https:\/\/portalfadesp.org.br\/?page_id=8090\",\"url\":\"https:\/\/portalfadesp.org.br\/?page_id=8090\",\"name\":\"Processo Seletivo 2020 II (PROSEL ESP UEPA 2020) - FADESP\",\"isPartOf\":{\"@id\":\"https:\/\/portalfadesp.org.br\/#website\"},\"datePublished\":\"2020-10-01T17:04:40+00:00\",\"dateModified\":\"2022-12-20T14:01:34+00:00\",\"breadcrumb\":{\"@id\":\"https:\/\/portalfadesp.org.br\/?page_id=8090#breadcrumb\"},\"inLanguage\":\"pt-BR\",\"potentialAction\":[{\"@type\":\"ReadAction\",\"target\":[\"https:\/\/portalfadesp.org.br\/?page_id=8090\"]}]},{\"@type\":\"BreadcrumbList\",\"@id\":\"https:\/\/portalfadesp.org.br\/?page_id=8090#breadcrumb\",\"itemListElement\":[{\"@type\":\"ListItem\",\"position\":1,\"name\":\"In\u00edcio\",\"item\":\"https:\/\/portalfadesp.org.br\/\"},{\"@type\":\"ListItem\",\"position\":2,\"name\":\"Concursos &#8211; Homologados\",\"item\":\"https:\/\/portalfadesp.org.br\/?page_id=329\"},{\"@type\":\"ListItem\",\"position\":3,\"name\":\"Processo Seletivo 2020 II (PROSEL ESP UEPA 2020)\"}]},{\"@type\":\"WebSite\",\"@id\":\"https:\/\/portalfadesp.org.br\/#website\",\"url\":\"https:\/\/portalfadesp.org.br\/\",\"name\":\"FADESP\",\"description\":\"Funda\u00e7\u00e3o de Amparo e Desenvolvimento da Pesquisa\",\"publisher\":{\"@id\":\"https:\/\/portalfadesp.org.br\/#organization\"},\"potentialAction\":[{\"@type\":\"SearchAction\",\"target\":{\"@type\":\"EntryPoint\",\"urlTemplate\":\"https:\/\/portalfadesp.org.br\/?s={search_term_string}\"},\"query-input\":{\"@type\":\"PropertyValueSpecification\",\"valueRequired\":true,\"valueName\":\"search_term_string\"}}],\"inLanguage\":\"pt-BR\"},{\"@type\":\"Organization\",\"@id\":\"https:\/\/portalfadesp.org.br\/#organization\",\"name\":\"FADESP\",\"url\":\"https:\/\/portalfadesp.org.br\/\",\"logo\":{\"@type\":\"ImageObject\",\"inLanguage\":\"pt-BR\",\"@id\":\"https:\/\/portalfadesp.org.br\/#\/schema\/logo\/image\/\",\"url\":\"https:\/\/portalfadesp.org.br\/wp-content\/uploads\/2024\/01\/NOVOLOGOFADESPlaranjaH.png\",\"contentUrl\":\"https:\/\/portalfadesp.org.br\/wp-content\/uploads\/2024\/01\/NOVOLOGOFADESPlaranjaH.png\",\"width\":2742,\"height\":839,\"caption\":\"FADESP\"},\"image\":{\"@id\":\"https:\/\/portalfadesp.org.br\/#\/schema\/logo\/image\/\"},\"sameAs\":[\"https:\/\/www.facebook.com\/Fadesp-138351949524662\/\",\"https:\/\/x.com\/Fadesp\",\"https:\/\/www.instagram.com\/fadesp_ufpa\/\",\"https:\/\/www.youtube.com\/@fundacaodeamparoedesenvolv1903\",\"https:\/\/www.threads.net\/@fadesp_ufpa\"]}]}<\/script>\n<!-- \/ Yoast SEO plugin. -->","yoast_head_json":{"title":"Processo Seletivo 2020 II (PROSEL ESP UEPA 2020) - FADESP","robots":{"index":"index","follow":"follow","max-snippet":"max-snippet:-1","max-image-preview":"max-image-preview:large","max-video-preview":"max-video-preview:-1"},"canonical":"https:\/\/portalfadesp.org.br\/?page_id=8090","og_locale":"pt_BR","og_type":"article","og_title":"Processo Seletivo 2020 II (PROSEL ESP UEPA 2020) - FADESP","og_description":"Processo Seletivo 2020 II (PROSEL ESP UEPA 2020) A Universidade do Estado do Par\u00e1 (UEPA) torna p\u00fablica a realiza\u00e7\u00e3o do Processo Seletivo 2020 (PROSEL ESP UEPA 2020) para o provimento de vagas nos cursos presenciais de gradua\u00e7\u00e3o, em regime especial, mediante as condi\u00e7\u00f5es estabelecidas no edital de abertura. Os cursos fazem parte do Forma Par\u00e1, [&hellip;]","og_url":"https:\/\/portalfadesp.org.br\/?page_id=8090","og_site_name":"FADESP","article_publisher":"https:\/\/www.facebook.com\/Fadesp-138351949524662\/","article_modified_time":"2022-12-20T14:01:34+00:00","twitter_card":"summary_large_image","twitter_site":"@Fadesp","twitter_misc":{"Est. tempo de leitura":"1 minuto"},"schema":{"@context":"https:\/\/schema.org","@graph":[{"@type":"WebPage","@id":"https:\/\/portalfadesp.org.br\/?page_id=8090","url":"https:\/\/portalfadesp.org.br\/?page_id=8090","name":"Processo Seletivo 2020 II (PROSEL ESP UEPA 2020) - FADESP","isPartOf":{"@id":"https:\/\/portalfadesp.org.br\/#website"},"datePublished":"2020-10-01T17:04:40+00:00","dateModified":"2022-12-20T14:01:34+00:00","breadcrumb":{"@id":"https:\/\/portalfadesp.org.br\/?page_id=8090#breadcrumb"},"inLanguage":"pt-BR","potentialAction":[{"@type":"ReadAction","target":["https:\/\/portalfadesp.org.br\/?page_id=8090"]}]},{"@type":"BreadcrumbList","@id":"https:\/\/portalfadesp.org.br\/?page_id=8090#breadcrumb","itemListElement":[{"@type":"ListItem","position":1,"name":"In\u00edcio","item":"https:\/\/portalfadesp.org.br\/"},{"@type":"ListItem","position":2,"name":"Concursos &#8211; Homologados","item":"https:\/\/portalfadesp.org.br\/?page_id=329"},{"@type":"ListItem","position":3,"name":"Processo Seletivo 2020 II (PROSEL ESP UEPA 2020)"}]},{"@type":"WebSite","@id":"https:\/\/portalfadesp.org.br\/#website","url":"https:\/\/portalfadesp.org.br\/","name":"FADESP","description":"Funda\u00e7\u00e3o de Amparo e Desenvolvimento da Pesquisa","publisher":{"@id":"https:\/\/portalfadesp.org.br\/#organization"},"potentialAction":[{"@type":"SearchAction","target":{"@type":"EntryPoint","urlTemplate":"https:\/\/portalfadesp.org.br\/?s={search_term_string}"},"query-input":{"@type":"PropertyValueSpecification","valueRequired":true,"valueName":"search_term_string"}}],"inLanguage":"pt-BR"},{"@type":"Organization","@id":"https:\/\/portalfadesp.org.br\/#organization","name":"FADESP","url":"https:\/\/portalfadesp.org.br\/","logo":{"@type":"ImageObject","inLanguage":"pt-BR","@id":"https:\/\/portalfadesp.org.br\/#\/schema\/logo\/image\/","url":"https:\/\/portalfadesp.org.br\/wp-content\/uploads\/2024\/01\/NOVOLOGOFADESPlaranjaH.png","contentUrl":"https:\/\/portalfadesp.org.br\/wp-content\/uploads\/2024\/01\/NOVOLOGOFADESPlaranjaH.png","width":2742,"height":839,"caption":"FADESP"},"image":{"@id":"https:\/\/portalfadesp.org.br\/#\/schema\/logo\/image\/"},"sameAs":["https:\/\/www.facebook.com\/Fadesp-138351949524662\/","https:\/\/x.com\/Fadesp","https:\/\/www.instagram.com\/fadesp_ufpa\/","https:\/\/www.youtube.com\/@fundacaodeamparoedesenvolv1903","https:\/\/www.threads.net\/@fadesp_ufpa"]}]}},"_links":{"self":[{"href":"https:\/\/portalfadesp.org.br\/index.php?rest_route=\/wp\/v2\/pages\/8090","targetHints":{"allow":["GET"]}}],"collection":[{"href":"https:\/\/portalfadesp.org.br\/index.php?rest_route=\/wp\/v2\/pages"}],"about":[{"href":"https:\/\/portalfadesp.org.br\/index.php?rest_route=\/wp\/v2\/types\/page"}],"author":[{"embeddable":true,"href":"https:\/\/portalfadesp.org.br\/index.php?rest_route=\/wp\/v2\/users\/11"}],"replies":[{"embeddable":true,"href":"https:\/\/portalfadesp.org.br\/index.php?rest_route=%2Fwp%2Fv2%2Fcomments&post=8090"}],"version-history":[{"count":192,"href":"https:\/\/portalfadesp.org.br\/index.php?rest_route=\/wp\/v2\/pages\/8090\/revisions"}],"predecessor-version":[{"id":36315,"href":"https:\/\/portalfadesp.org.br\/index.php?rest_route=\/wp\/v2\/pages\/8090\/revisions\/36315"}],"up":[{"embeddable":true,"href":"https:\/\/portalfadesp.org.br\/index.php?rest_route=\/wp\/v2\/pages\/329"}],"wp:attachment":[{"href":"https:\/\/portalfadesp.org.br\/index.php?rest_route=%2Fwp%2Fv2%2Fmedia&parent=8090"}],"curies":[{"name":"wp","href":"https:\/\/api.w.org\/{rel}","templated":true}]}}