{"id":6442,"date":"2020-03-10T11:09:25","date_gmt":"2020-03-10T14:09:25","guid":{"rendered":"https:\/\/162.215.13.167?page_id=6442"},"modified":"2024-01-05T11:18:30","modified_gmt":"2024-01-05T14:18:30","slug":"prefeitura-municipal-de-belem-acs-e-ace-2020","status":"publish","type":"page","link":"https:\/\/portalfadesp.org.br\/?page_id=6442","title":{"rendered":"Reabertura do Processo Seletivo P\u00fablico, edital n\u00b0 01\/2020\/PMB\/SESMA\u2013ACS\/ACE"},"content":{"rendered":"\t\t<div data-elementor-type=\"wp-post\" data-elementor-id=\"6442\" class=\"elementor elementor-6442\" data-elementor-post-type=\"page\">\n\t\t\t\t\t\t<section class=\"elementor-section elementor-top-section elementor-element elementor-element-1f2996d1 elementor-section-boxed elementor-section-height-default elementor-section-height-default\" data-id=\"1f2996d1\" data-element_type=\"section\">\n\t\t\t\t\t\t<div class=\"elementor-container elementor-column-gap-default\">\n\t\t\t\t\t<div class=\"elementor-column elementor-col-100 elementor-top-column elementor-element elementor-element-59a4b3f8\" data-id=\"59a4b3f8\" data-element_type=\"column\">\n\t\t\t<div class=\"elementor-widget-wrap elementor-element-populated\">\n\t\t\t\t\t\t<div class=\"elementor-element elementor-element-799471af elementor-widget elementor-widget-heading\" data-id=\"799471af\" data-element_type=\"widget\" data-widget_type=\"heading.default\">\n\t\t\t\t<div class=\"elementor-widget-container\">\n\t\t\t\t\t<h2 class=\"elementor-heading-title elementor-size-medium\"><b><span style=\"font-size:11.0pt;mso-bidi-font-size:12.0pt;line-height:107%;font-family:\n&quot;Arial&quot;,sans-serif;mso-fareast-font-family:Calibri;mso-fareast-theme-font:minor-latin;\nletter-spacing:.05pt;mso-ansi-language:PT-BR;mso-fareast-language:EN-US;\nmso-bidi-language:AR-SA\">Reaber<\/span><span style=\"font-size:11.0pt;mso-bidi-font-size:\n12.0pt;line-height:107%;font-family:&quot;Arial&quot;,sans-serif;mso-fareast-font-family:\nCalibri;mso-fareast-theme-font:minor-latin;mso-ansi-language:PT-BR;mso-fareast-language:\nEN-US;mso-bidi-language:AR-SA\">tura<span style=\"letter-spacing:.05pt\"> <\/span>do<span style=\"letter-spacing:.05pt\"> <\/span>Processo<span style=\"letter-spacing:.05pt\">\n<\/span>Seletivo<span style=\"letter-spacing:.05pt\"> <\/span>P\u00fablico,<span style=\"letter-spacing:.05pt\"> <\/span>Edital<span style=\"letter-spacing:.05pt\"> <\/span>n\u00b0<span style=\"letter-spacing:.05pt\"> <\/span>01\/2020\/PMB\/SESMA\u2013ACS\/ACE<\/span><\/b><\/h2>\t\t\t\t<\/div>\n\t\t\t\t<\/div>\n\t\t\t\t<section class=\"elementor-section elementor-inner-section elementor-element elementor-element-336311f elementor-section-boxed elementor-section-height-default elementor-section-height-default\" data-id=\"336311f\" data-element_type=\"section\">\n\t\t\t\t\t\t<div class=\"elementor-container elementor-column-gap-default\">\n\t\t\t\t\t<div class=\"elementor-column elementor-col-50 elementor-inner-column elementor-element elementor-element-75ca0dc3\" data-id=\"75ca0dc3\" data-element_type=\"column\">\n\t\t\t<div class=\"elementor-widget-wrap elementor-element-populated\">\n\t\t\t\t\t\t<div class=\"elementor-element elementor-element-425a3096 elementor-widget elementor-widget-text-editor\" data-id=\"425a3096\" data-element_type=\"widget\" data-widget_type=\"text-editor.default\">\n\t\t\t\t<div class=\"elementor-widget-container\">\n\t\t\t\t\t\t\t\t\t<p>A Prefeitura Municipal de Bel\u00e9m (PMB)<strong>, <\/strong>por meio da Secretaria Municipal de Administra\u00e7\u00e3o (SEMAD), auxiliada pela Secretaria Municipal de Sa\u00fade (SESMA), torna p\u00fablico <strong>o Edital de Reabertura do Processo Seletivo P\u00fablico, Edital n\u00b0 01\/2020\/PMB\/SESMA\u2013ACS\/ACE, <\/strong>para o preenchimento de vagas para os empregos p\u00fablicos de Agente Comunit\u00e1rio de Sa\u00fade (ACS) e Agente de Combate \u00e0s Endemias (ACE), conforme itens, subitens e anexos deste Edital.<\/p><p>O Processo Seletivo P\u00fablico ser\u00e1 realizado da seguinte forma, para os cargos de ACS\/ACE:<\/p><p>1\u00aa Etapa \u2013 Exame de Conhecimentos (Prova Objetiva), de car\u00e1ter eliminat\u00f3rio e classificat\u00f3rio.<\/p><p>2\u00aa Etapa \u2013 Curso Introdut\u00f3rio de Forma\u00e7\u00e3o Inicial, de car\u00e1ter eliminat\u00f3rio e prova objetiva ap\u00f3s o final do mesmo, de car\u00e1ter eliminat\u00f3rio e classificat\u00f3rio.<\/p><p><strong>Agentes Comunit\u00e1rios de Sa\u00fade (ACS) \u2013 1120 vagas + 150 vagas de cadastro reserva.<\/strong><\/p><p><span style=\"font-size: 14px;\">&#8211; Residir na \u00e1rea da comunidade(bairro) em que pretende atuar, desde a data da publica\u00e7\u00e3o do edital do Processo Seletivo P\u00fablico.<\/span><\/p><p>&#8211; Ter conclu\u00eddo com aproveitamento, curso de forma\u00e7\u00e3o inicial, com carga hor\u00e1ria m\u00ednima de 40 (quarenta) horas.<\/p><p>&#8211; Ter conclu\u00eddo Ensino M\u00e9dio.<\/p><p>Observa\u00e7\u00e3o: Sal\u00e1rio base conforme disp\u00f5e a Lei Federal n\u00ba 13.708\/2018 \u2013 Institui o Piso Nacional dos ACS e ACE.<\/p><p>&#8211; Vencimento Base: R$ 2.640,00 (com base na EC 120\/2022)<\/p><p><strong>Agentes de Combate \u00e0s Endemias (ACE) \u2013 295 vagas.<\/strong><\/p><p>&#8211; Ter conclu\u00eddo com aproveitamento, curso de forma\u00e7\u00e3o inicial, com carga hor\u00e1ria m\u00ednima de 40 (quarenta) horas.<\/p><p>&#8211; Ter conclu\u00eddo Ensino M\u00e9dio.<\/p><p>&#8211; Vencimento Base: R$ 2.640,00 com base na EC 120\/2022).<\/p><p>Observa\u00e7\u00e3o: Sal\u00e1rio base conforme disp\u00f5e a Lei Federal n\u00ba 13.708\/2018 \u2013 Institui o Piso Nacional dos ACS e ACE.<\/p><p>&#8211; Vencimento Base: R$ 2.640,00 (com base na EC 120\/2022).<\/p><p><strong style=\"font-family: Helvetica, Arial, sans-serif; font-size: 14px;\">Reabertura das Inscri\u00e7\u00f5es: <\/strong><span style=\"font-size: 14px;\">24\/08\/2023 a 01\/09\/2023.<\/span><\/p><p><strong>Solicita\u00e7\u00e3o de isen\u00e7\u00e3o da taxa de inscri\u00e7\u00e3o para PcD e Hipossufici\u00eancia Econ\u00f4mica: 24\/08\/2023<\/strong> a <strong>26\/08\/2023<\/strong>.<\/p><p><strong>\u00daltimo dia de pagamento: <\/strong>04\/09\/2023.<\/p><p><strong>Valor da Taxa: <\/strong>R$ 58,00 (cinquenta e oito reais).<\/p><p><strong>Prova Objetiva: <\/strong>17\/09\/2023\u00a0<\/p><p><span style=\"font-family: Helvetica, Arial, sans-serif; font-size: 14px;\">M<\/span><span style=\"font-family: Helvetica, Arial, sans-serif; font-size: 14px;\">anh\u00e3: ACS, das 9h \u00e0s 12h<\/span><\/p><p><span style=\"font-family: Helvetica, Arial, sans-serif; font-size: 14px;\">T<\/span><span style=\"font-family: Helvetica, Arial, sans-serif; font-size: 14px;\">arde: ACE das 15h \u00e0s 18h<\/span><\/p><p>&#8211; Convoca\u00e7\u00e3o ao Curso Preparat\u00f3rio dos aprovados na prova objetiva (ACS\/ACE): 25\/09\/2023<\/p><p>&#8211; Realiza\u00e7\u00e3o do Curso Introdut\u00f3rio Espec\u00edfico de ACS\/ACE: 26 a 30\/09\/2023<\/p><p>&#8211; Prova Objetiva da 2\u00aa Etapa de ACS\/ACE: 01\/10\/2023<\/p><p>&#8211; Resultado e Homologa\u00e7\u00e3o do Resultado Definitivo final do Processo Seletivo P\u00fablico: 19\/10\/2023<\/p>\t\t\t\t\t\t\t\t<\/div>\n\t\t\t\t<\/div>\n\t\t\t\t\t<\/div>\n\t\t<\/div>\n\t\t\t\t<div class=\"elementor-column elementor-col-50 elementor-inner-column elementor-element elementor-element-79608089\" data-id=\"79608089\" data-element_type=\"column\">\n\t\t\t<div class=\"elementor-widget-wrap elementor-element-populated\">\n\t\t\t\t\t\t<div class=\"elementor-element elementor-element-f9f1cd6 elementor-widget elementor-widget-text-editor\" data-id=\"f9f1cd6\" data-element_type=\"widget\" data-widget_type=\"text-editor.default\">\n\t\t\t\t<div class=\"elementor-widget-container\">\n\t\t\t\t\t\t\t\t\t<p style=\"text-align: center;\"><strong>AVISO<\/strong><\/p>\n<p><span class=\"selectable-text copyable-text\">Os certificados do curso introdut\u00f3rio para Agente Comunit\u00e1rio de Sa\u00fade (ACS) e de Agente de Combate \u00e0s Endemias est\u00e3o dispon\u00edveis na \u00e1rea do candidato abaixo.<\/span><\/p>\t\t\t\t\t\t\t\t<\/div>\n\t\t\t\t<\/div>\n\t\t\t\t<div class=\"elementor-element elementor-element-8dae7ea elementor-widget elementor-widget-text-editor\" data-id=\"8dae7ea\" data-element_type=\"widget\" data-widget_type=\"text-editor.default\">\n\t\t\t\t<div class=\"elementor-widget-container\">\n\t\t\t\t\t\t\t\t\t<div class=\"botaoBug\" style=\"margin-bottom: 10px;\"><a href=\"http:\/\/concursos2.fadesp.org.br\/prefeitura\/2023\/pmb\/web\/\"><strong>\u00c1rea do candidato (Clique aqui)<\/strong><\/a><\/div><div><em>* Na \u00e1rea do candidato poder\u00e1 ser realizado seu cadastro, inscri\u00e7\u00e3o, emiss\u00e3o de boleto, recursos, impress\u00e3o de cart\u00e3o com local de prova e afins\u2026<\/em><\/div><div>\u00a0<\/div><p style=\"text-align: center;\"><strong>PEDIMOS QUE LEIAM COM ATEN\u00c7\u00c3O<\/strong><\/p><p style=\"text-align: left;\">\u200bAs Inscri\u00e7\u00f5es est\u00e3o REABERTAS para novos candidatos e para todos os candidatos j\u00e1 inscritos no ano de 2020.<\/p><p>Os candidatos j\u00e1 inscritos, obrigatoriamente, dever\u00e3o refazer sua inscri\u00e7\u00e3o.<\/p><p>Os candidatos pagantes e isentos da taxa de inscri\u00e7\u00e3o do ano de 2020, receber\u00e3o autom\u00e1ticamente no momento de sua inscri\u00e7\u00e3o no sistema atual um cr\u00e9dito, para n\u00e3o precisarem pagar novamente a taxa.<\/p><p>No caso de candidatos pagos em 2020, que n\u00e3o se enguadram no Anexo I \u2013 Quadro de Vagas e Cadastro Reserva por Base Geogr\u00e1fica, os mesmos dever\u00e3o solicitar a devida devolu\u00e7\u00e3o de sua taxa de inscri\u00e7\u00e3o por meio do e-mail concursos@fadesp.org.br, anexando os seguintes documentos: carteira de identidade, comprovante da inscri\u00e7\u00e3o, boleto banc\u00e1rio, somente ap\u00f3s o encerramento do novo per\u00edodo de inscri\u00e7\u00f5es constante no edital.<\/p><p>Os pagantes e isentos no ano de 2020, que n\u00e3o refizerem sua inscri\u00e7\u00e3o neste novo per\u00edodo 2023, ser\u00e3o eliminados do processo seletivo.<\/p>\t\t\t\t\t\t\t\t<\/div>\n\t\t\t\t<\/div>\n\t\t\t\t<div class=\"elementor-element elementor-element-51cafa8 elementor-widget elementor-widget-text-editor\" data-id=\"51cafa8\" data-element_type=\"widget\" data-widget_type=\"text-editor.default\">\n\t\t\t\t<div class=\"elementor-widget-container\">\n\t\t\t\t\t\t\t\t\t<p style=\"text-align: center;\">*****<\/p><p style=\"text-align: center;\"><strong>COMUNICADO OFICIAL FADESP<\/strong><\/p><p>A Funda\u00e7\u00e3o de Amparo e Desenvolvimento da Pesquisa (FADESP) informa que o processo seletivo p\u00fablico da prefeitura municipal de Bel\u00e9m &#8211; cargo ACE, ocorrido na tarde do \u00faltimo domingo, 17, <strong><u>est\u00e1 anulado<\/u><\/strong>.<\/p><p>Todas as provas elaboradas pelas bancas da FADESP s\u00e3o originais. Por erro humano, foi utilizado um conte\u00fado n\u00e3o-in\u00e9dito, na disciplina de l\u00edngua portuguesa.<\/p><p>Ao longo dos \u00faltimos 18 anos, per\u00edodo em que atua no segmento de concursos p\u00fablicos e processos seletivos, a FADESP sempre foi refer\u00eancia de transpar\u00eancia, retid\u00e3o e qualidade. Somente em 2023, realizamos 12 certames \u2013 dos quais, 8 deles foram espec\u00edficos para sele\u00e7\u00e3o ACS\/ACE: das 1.265 quest\u00f5es elaboradas para esse total de concorr\u00eancias, apenas 5 foram anuladas, representando 0,4%. Atendemos quase 29 mil candidatos desde o come\u00e7o deste ano.<\/p><p>Por todo o exposto, lamentamos o ocorrido e nos pr\u00f3ximos dias, <u>divulgaremos novo cronograma para realiza\u00e7\u00e3o de prova para o cargo de ACE<\/u>.<\/p><p><strong>O processo para o cargo de ACS permanece v\u00e1lido e inalterado.<\/strong><\/p><p><strong>\u00a0<\/strong><\/p><p>Funda\u00e7\u00e3o de Amparo e Desenvolvimento da Pesquisa<\/p><p>Bel\u00e9m, 18 de setembro de 2023<\/p>\t\t\t\t\t\t\t\t<\/div>\n\t\t\t\t<\/div>\n\t\t\t\t<div class=\"elementor-element elementor-element-bead169 elementor-widget elementor-widget-text-editor\" data-id=\"bead169\" data-element_type=\"widget\" data-widget_type=\"text-editor.default\">\n\t\t\t\t<div class=\"elementor-widget-container\">\n\t\t\t\t\t\t\t\t\t<p><strong><span style=\"color: #ffffff;\">Editais<\/span><\/strong><\/p>\t\t\t\t\t\t\t\t<\/div>\n\t\t\t\t<\/div>\n\t\t\t\t<div class=\"elementor-element elementor-element-165e423c elementor-widget elementor-widget-text-editor\" data-id=\"165e423c\" data-element_type=\"widget\" data-widget_type=\"text-editor.default\">\n\t\t\t\t<div class=\"elementor-widget-container\">\n\t\t\t\t\t\t\t\t\t<p style=\"text-align: center;\"><a href=\"https:\/\/portalfadesp.org.br\/wp-content\/uploads\/2023\/12\/Edital-n\u00b0-16_2023_PMB-Homologacao-do-Resultado-Final-Definitivo-de-ACE-12-12-2023-32342.pdf\">Edital n\u00b0 16_2023_PMB &#8211; Homologa\u00e7\u00e3o do Resultado Final Definitivo de ACE, de 12\/12\/2023 <strong>(Clique aqui)<\/strong><\/a><\/p><p style=\"text-align: center;\"><a href=\"https:\/\/portalfadesp.org.br\/wp-content\/uploads\/2023\/12\/Edital-n\u00b0-15_2023_PMB-Resultado-Final-Preliminar-de-ACE-07-12-2023.pdf\">Edital n\u00b0 15_2023_PMB &#8211; Resultado Final Preliminar de ACE, de 07\/12\/2023 <strong>(Clique aqui)<\/strong><\/a><\/p><p style=\"text-align: center;\"><a href=\"https:\/\/portalfadesp.org.br\/wp-content\/uploads\/2023\/12\/Edital-n\u00b0-14_2023_PMB-Resultado-Definitivo-da-Prova-Objetiva-da-2a-Etapa-do-Curso-de-ACE-05-12-2023.docx.pdf\">Edital n\u00b0 14_2023_PMB &#8211; Resultado Definitivo da Prova Objetiva da 2\u00aa Etapa do Curso de ACE, de 05\/12\/2023 <strong>(Clique aqui)<\/strong><\/a><\/p><p style=\"text-align: center;\"><a href=\"https:\/\/portalfadesp.org.br\/wp-content\/uploads\/2023\/11\/Edital-n\u00b0-13_2023_PMB-Resultado-Preliminar-da-Prova-Objetiva-da-2a-Etapa-do-Curso-de-ACE-28-11-2023.pdf\">Edital n\u00b0 13_2023_PMB &#8211; Resultado Preliminar da Prova Objetiva da 2\u00aa Etapa do Curso de ACE, de 28\/11\/2023 <strong>(Clique aqui)<\/strong><\/a><\/p><p style=\"text-align: center;\"><a href=\"https:\/\/portalfadesp.org.br\/wp-content\/uploads\/2023\/11\/GABARITO-DEFINITIVO-DA-PROVA-FINAL-DO-CURSO-INTRODUTORIO-2a-ETAPA-ACE-27-11-2023-TBNME3.pdf\">GABARITO DEFINITIVO DA PROVA FINAL DO CURSO INTRODUT\u00d3RIO &#8211; 2\u00aa ETAPA ACE, de 27\/11\/2023 <strong>(Clique aqui)<\/strong><\/a><\/p><p style=\"text-align: center;\"><a href=\"https:\/\/portalfadesp.org.br\/wp-content\/uploads\/2023\/11\/GABARITO-PRELIMINAR-DA-PROVA-FINAL-DO-CURSO-INTRODUTORIO-DE-FORMACAO-INICIAL-DE-ACE-23-11-2023.pdf\">GABARITO PRELIMINAR DA PROVA FINAL DO CURSO INTRODUT\u00d3RIO DE FORMA\u00c7\u00c3O INICIAL DE ACE, de 23\/11\/2023 <strong>(Clique aqui)<\/strong><\/a><\/p><p style=\"text-align: center;\"><a href=\"https:\/\/portalfadesp.org.br\/wp-content\/uploads\/2023\/11\/Edital-n\u00b012_2023_PMB-Resultado-da-Frequencia-ao-Curso-de-ACE-14-11-2023.docx.pdf\">Edital n\u00b012_2023_PMB &#8211; Resultado da Frequ\u00eancia ao Curso de ACE, de 14\/11\/2023 <strong>(Clique aqui)<\/strong>\u00a0<\/a><\/p><p style=\"text-align: center;\"><a href=\"https:\/\/portalfadesp.org.br\/wp-content\/uploads\/2023\/11\/Edital-n\u00b0-11_2023_PMB-Convocacao-ao-Curso-de-ACE-01-11-2023.pdf\">Edital n\u00b0 11_2023_PMB &#8211; Convoca\u00e7\u00e3o ao Curso de ACE, de 01\/11\/2023 <strong>(Clique aqui)<\/strong><\/a><\/p><p style=\"text-align: center;\"><a href=\"https:\/\/portalfadesp.org.br\/wp-content\/uploads\/2023\/11\/Edital-n\u00b0-10_2023_PMB-Resultado-Definitivo-da-Prova-Objetiva-da-1a-Etapa-de-ACE-01-11-2023.pdf\">Edital n\u00b0 10_2023_PMB -Resultado Definitivo da Prova Objetiva da 1a Etapa de ACE, de 01\/11\/2023 <strong>(Clique aqui)<\/strong><\/a><\/p><p style=\"text-align: center;\"><a href=\"https:\/\/portalfadesp.org.br\/wp-content\/uploads\/2023\/10\/Edital-n\u00b0-09_2023_PMB-Resultado-Preliminar-da-Prova-Objetiva-da-1a-Etapa-de-ACE.pdf\">Edital n\u00b0 09_2023_PMB -Resultado Preliminar da Prova Objetiva da 1a Etapa de ACE, de 26\/10\/2023 <\/a><strong>(Clique aqui)<\/strong><\/p><p style=\"text-align: center;\"><a href=\"http:\/\/concursos2.fadesp.org.br\/prefeitura\/2023\/pmb\/arquivos\/GABARITO OFICIAL DEFINITIVO AGENTE DE COMBATE \u00c0S ENDEMIAS 25-10-2023.pdf\" data-wplink-url-error=\"true\">GABARITO OFICIAL DEFINITIVO AGENTE DE COMBATE \u00c0S ENDEMIAS, de 25\/10\/2023 <strong>(Clique aqui)<\/strong><\/a><\/p><p style=\"text-align: center;\"><a href=\"http:\/\/concursos2.fadesp.org.br\/prefeitura\/2023\/pmb\/arquivos\/Edital n\u00b0 08_2023_PMB - Resultado Definitivo Final de ACS -16-10-2023.pdf\" data-wplink-url-error=\"true\">Edital n\u00b0 08_2023_PMB &#8211; Resultado Definitivo Final de ACS, de 16\/10\/2023 <strong>(Clique aqui)<\/strong><\/a><\/p><p style=\"text-align: center;\"><a href=\"https:\/\/portalfadesp.org.br\/wp-content\/uploads\/2023\/09\/Errata_n_02_2023_PMB_-_Calendario_do_PSP_-_ACE.pdf\">Novo cronograma do PSP &#8211; ACE, de 26\/09\/2023 <strong>(Clique Aqui)<\/strong><\/a><\/p><p style=\"text-align: center;\"><a href=\"http:\/\/concursos2.fadesp.org.br\/prefeitura\/2023\/pmb\/arquivos\/GABARITO OFICIAL PRELIMINAR AGENTE DE COMBATE \u00c0S ENDEMIAS 16-10-2023 BN43MW2.pdf\" data-wplink-url-error=\"true\">GABARITO OFICIAL PRELIMINAR AGENTE DE COMBATE \u00c0S ENDEMIAS, de 16\/10\/2023 <strong>(Clique aqui)<\/strong><\/a><\/p><p style=\"text-align: center;\"><a href=\"http:\/\/concursos2.fadesp.org.br\/prefeitura\/2023\/pmb\/arquivos\/PROVA OBJETIVA DE ACE BEL\u00c9M TIPO 2 16-10-2023 BN43MW.pdf\" data-wplink-url-error=\"true\">PROVA OBJETIVA DE ACE BEL\u00c9M TIPO 2, de 16\/10\/2023 <strong>(Clique aqui)<\/strong><\/a><\/p><p style=\"text-align: center;\"><a href=\"http:\/\/concursos2.fadesp.org.br\/prefeitura\/2023\/pmb\/arquivos\/PROVA OBJETIVA DE ACE BEL\u00c9M TIPO 1 16-10-2023 BN43MW.pdf\" data-wplink-url-error=\"true\">PROVA OBJETIVA DE ACE BEL\u00c9M TIPO 1, de 16\/10\/2023 <strong>(Clique aqui)<\/strong><\/a><\/p><p style=\"text-align: center;\"><a href=\"https:\/\/portalfadesp.org.br\/wp-content\/uploads\/2023\/10\/Edital-n\u00b0-07_2023_PMB-Resultado-Preliminar-Final-de-ACS-11-10-2023.pdf\">Edital n\u00b0 07 2023 PMB &#8211; Resultado Preliminar Final de ACS, de 11\/10\/2023 <strong>(Clique Aqui)<\/strong><\/a><\/p><p style=\"text-align: center;\"><a href=\"https:\/\/portalfadesp.org.br\/wp-content\/uploads\/2023\/10\/Edital-n\u00b0-06_2023_PMB-Resultado-Definitivo-da-Prova-Objetiva-da-2a-Etapa-do-Curso-de-ACS-11-10-2023.pdf\">Edital n\u00b0 06 2023 PMB &#8211; Resultado Definitivo da Prova Objetiva da 2\u00aa Etapa do Curso de ACS, de 11\/10\/2023\u00a0<strong>(Clique Aqui)<\/strong><\/a><\/p><p style=\"text-align: center;\"><a href=\"https:\/\/portalfadesp.org.br\/wp-content\/uploads\/2023\/10\/Edital-n\u00b0-05_2023_PMB-Resultado-Definitivo-da-Frequencia-ao-Curso-de-ACS-11-10-2023.pdf\">Edital n\u00b0 05 2023 PMB &#8211; Resultado Definitivo da Frequ\u00eancia ao Curso de ACS, de 11\/10\/2023\u00a0<strong>(Clique Aqui)<\/strong><\/a><\/p><p style=\"text-align: center;\"><a href=\"http:\/\/concursos2.fadesp.org.br\/prefeitura\/2023\/pmb\/arquivos\/Edital n\u00b0 04_2023_PMB - Resultado Preliminar da Prova Objetiva da 2\u00aa Etapa do Curso de ACS - 06-10-2023.pdf\" data-wplink-url-error=\"true\">Edital n\u00b0 04_2023_PMB &#8211; Resultado Preliminar da Prova Objetiva da 2\u00aa Etapa do Curso de ACS, 06\/10\/2023 <strong>(Clique aqui)<\/strong><\/a><\/p><p style=\"text-align: center;\"><a href=\"http:\/\/concursos2.fadesp.org.br\/prefeitura\/2023\/pmb\/arquivos\/GABARITO DEFINITIVO DA PROVA FINAL DO CURSO INTRODUT\u00d3RIO DE FORMA\u00c7\u00c3O INICIAL DE ACS - 06-10-2023 RNMED.pdf\" data-wplink-url-error=\"true\">GABARITO DEFINITIVO DA PROVA FINAL DO CURSO INTRODUT\u00d3RIO DE FORMA\u00c7\u00c3O INICIAL DE ACS, 06\/10\/2023 <strong>(Clique aqui)<\/strong><\/a><\/p><p style=\"text-align: center;\"><a href=\"https:\/\/portalfadesp.org.br\/wp-content\/uploads\/2023\/10\/Gabarito_preliminar_da_prova_final_do_curso_introdutorio_de_formacao_inicial_de_ACS_02-10-2023.pdf\">Gabarito Preliminar da Prova Final do Curso Introdut\u00f3rio de Forma\u00e7\u00e3o Inicial de ACS, de 02\/10\/2023<strong> (Clique Aqui)<\/strong><\/a><\/p><p style=\"text-align: center;\"><a href=\"https:\/\/portalfadesp.org.br\/wp-content\/uploads\/2023\/10\/Prova_final_do_curso_introdutorio_de_formacao_inicial_de_ACS_tipo2_02-10-2023.pdf\">Prova Final do Curso Introdut\u00f3rio de Forma\u00e7\u00e3o Inicial de ACS TIPO 2,\u00a0 de 02\/10\/2023 <strong>(Clique Aqui)<\/strong><\/a><\/p><p style=\"text-align: center;\"><span style=\"color: #000000;\"><a style=\"color: #000000;\" href=\"https:\/\/portalfadesp.org.br\/wp-content\/uploads\/2023\/10\/Prova_final_do_curso_introdutorio_de_formacao_inicial_de_ACS_tipo1_02-10-2023.pdf\">Prova Final do Curso Introdut\u00f3rio de Forma\u00e7\u00e3o Inicial de ACS TIPO 1,\u00a0 de 02\/10\/2023 <strong>(Clique Aqui)<\/strong><\/a><\/span><\/p><p style=\"text-align: center;\"><a href=\"https:\/\/portalfadesp.org.br\/wp-content\/uploads\/2023\/09\/Edital_no_03_2023_PMB_-_Resultado_da_Frequencia_ao_Curso_de_ACS_-_30-09-2023.pdf\">Edital n\u00b0 03\/2023 PMB &#8211; Resultado da Frequ\u00eancia ao Curso de ACS, de 30\/09\/2023 <strong>(Clique Aqui)<\/strong><\/a><\/p><p style=\"text-align: center;\"><a href=\"https:\/\/portalfadesp.org.br\/wp-content\/uploads\/2023\/09\/Segunda-Retificacao-do-Resultado-Definitivo-da-Prova-Objetiva-26-09-2023.pdf\">Segunda Retifica\u00e7\u00e3o do Resultado Definitivo da Prova Objetiva &#8211; 27\/09\/2023<strong> (Clique Aqui)<\/strong><\/a><\/p><p style=\"text-align: center;\"><a href=\"https:\/\/portalfadesp.org.br\/wp-content\/uploads\/2023\/09\/Segunda-Retificacao-do-Edital-n\u00b0-02_2023_PMB-Convocacao-ao-Curso-de-ACS-26-09-2023.pdf\">Segunda Retifica\u00e7\u00e3o do Edital n\u00b0 02 2023 PMB &#8211; Convoca\u00e7\u00e3o ao Curso de ACS 27\/09\/2023 <strong>(Clique Aqui)<\/strong><\/a><\/p><p style=\"text-align: center;\"><a href=\"https:\/\/portalfadesp.org.br\/wp-content\/uploads\/2023\/09\/Retificacao-do-Edital-n\u00b0-02_2023_PMB-Convocacao-ao-Curso-de-ACS-25-09-2023.pdf\">Retifica\u00e7\u00e3o da convoca\u00e7\u00e3o ao curso introdut\u00f3rio de forma\u00e7\u00e3o inicial de agente comunit\u00e1rio de sa\u00fade <strong>(Clique aqui)<\/strong><\/a><\/p><p style=\"text-align: center;\"><a href=\"https:\/\/portalfadesp.org.br\/wp-content\/uploads\/2023\/09\/Cargo-DAUOT-Brasilia-Retificacao-do-Resultado-Definitivo-da-Prova-Objetiva-25-09-2023.pdf\">Retifica\u00e7\u00e3o do resultado definitivo da 1\u00aa etapa do Cargo Agente Comunit\u00e1rio de Sa\u00fade \/ DAOUT \u2013 BRAS\u00cdLIA<\/a> <a href=\"https:\/\/portalfadesp.org.br\/wp-content\/uploads\/2023\/09\/Cargo-DAUOT-Brasilia-Retificacao-do-Resultado-Definitivo-da-Prova-Objetiva-25-09-2023.pdf\"><strong>(Clique aqui)<\/strong><\/a><\/p><p style=\"text-align: center;\"><a href=\"https:\/\/portalfadesp.org.br\/wp-content\/uploads\/2023\/09\/Edital_n_02_2023_PMB_-_Convocacao_ao_Curso_de_ACS_-25-09-2023.pdf\">Convoca\u00e7\u00e3o para curso Introdut\u00f3rio de Forma\u00e7\u00e3o Inicial de ACS <strong>(Clique Aqui)<\/strong><\/a><\/p><p style=\"text-align: center;\"><a href=\"https:\/\/portalfadesp.org.br\/wp-content\/uploads\/2023\/09\/Resultado_Definitivo_da_Prova_Objetiva_25-09-2023.pdf\">Resultado Definitivo da 1\u00aa Etapa do cargo Agente Comunit\u00e1rio de Sa\u00fade <strong>(Clique Aqui)<\/strong><\/a><\/p><p style=\"text-align: center;\"><a href=\"https:\/\/portalfadesp.org.br\/wp-content\/uploads\/2023\/09\/Resultado-Preliminar-da-Prova-Objetiva.pdf\">Resultado Preliminar da 1\u00aa Etapa do cargo Agente Comunit\u00e1rio de Sa\u00fade<br \/><strong>(Clique Aqui)<\/strong><\/a><\/p><p style=\"text-align: center;\"><a href=\"https:\/\/portalfadesp.org.br\/wp-content\/uploads\/2023\/09\/GABARITO_OFICIAL_DEFINITIVO_AGENTE_COMUNITARIO_DE_SAUDE_-_21-09-2023.pdf\">GABARITO OFICIAL DEFINITIVO AGENTE COMUNIT\u00c1RIO DE SA\u00daDE, de 21\/09\/2023 <strong>(Clique aqui)<\/strong><\/a><\/p><p style=\"text-align: center;\"><a href=\"http:\/\/concursos2.fadesp.org.br\/prefeitura\/2023\/pmb\/arquivos\/GABARITO OFICIAL PRELIMINAR AGENTE COMUNIT\u00c1RIO DE SA\u00daDE - 17-09-2023 \u00e0s 20h25min 4BN23M12.pdf\">GABARITO OFICIAL PRELIMINAR AGENTE COMUNIT\u00c1RIO DE SA\u00daDE, de 17\/09\/2023 \u00e0s 20h31min <strong>(Clique aqui)<\/strong><\/a><\/p><p style=\"text-align: center;\"><a href=\"https:\/\/portalfadesp.org.br\/wp-content\/uploads\/2023\/09\/PROVA-ACS-AGENTE-COMUNITARIO-DE-SAUDE-BELEM-TIPO-1.pdf\">PROVA ACS AGENTE COMUNITARIO DE SAUDE BEL\u00c9M TIPO 1, de 18\/09\/2023 \u00e0s 08h00min <strong>(Clique aqui)<\/strong><\/a><\/p><p style=\"text-align: center;\"><a href=\"https:\/\/portalfadesp.org.br\/wp-content\/uploads\/2023\/09\/PROVA-ACS-AGENTE-COMUNITARIO-DE-SAUDE-BELEM-TIPO-2.pdf\">PROVA ACS AGENTE COMUNITARIO DE SAUDE BEL\u00c9M TIPO 2, de 18\/09\/2023 \u00e0s 08h00min <strong>(Clique Aqui)<\/strong><\/a><\/p><p style=\"text-align: center;\"><a href=\"http:\/\/concursos2.fadesp.org.br\/prefeitura\/2023\/pmb\/arquivos\/Errata n\u00b0 01_2023_PMB - Anexo IV - Calend\u00e1rio do PSP.pdf\">Errata n\u00b0 01_2023_PMB &#8211; Anexo IV &#8211; Calend\u00e1rio do PSP, de 07\/09\/2023 <strong>(Clique aqui)<\/strong><\/a><\/p><p style=\"text-align: center;\"><a href=\"http:\/\/concursos2.fadesp.org.br\/prefeitura\/2023\/pmb\/arquivos\/DEMANDA - RETIFICADA 11-09-2023.pdf\">DEMANDA &#8211; RETIFICADA, de 11\/09\/2023 <strong>(Clique aqui)<\/strong><\/a><\/p><p style=\"text-align: center;\"><a href=\"http:\/\/concursos2.fadesp.org.br\/prefeitura\/2023\/pmb\/arquivos\/Resultado Definitivo de Inscri\u00e7\u00f5es Homologadas - Retificado em 11-09-2023.pdf\">Resultado Definitivo de Inscri\u00e7\u00f5es Homologadas &#8211; Retificado, de 11\/09\/2023 <strong>(Clique aqui)<\/strong><\/a><\/p><p style=\"text-align: center;\"><a href=\"http:\/\/concursos2.fadesp.org.br\/prefeitura\/2023\/pmb\/arquivos\/Resultado Definitivo de Concorrentes PcD - Retificado em 11-09-2023.pdf\">Resultado Definitivo de Concorrentes PcD &#8211; Retificado, de 11\/09\/2023 <strong>(Clique aqui)<\/strong><\/a><\/p><p style=\"text-align: center;\"><a href=\"http:\/\/concursos2.fadesp.org.br\/prefeitura\/2023\/pmb\/arquivos\/DEMANDA - 08-09-2023.pdf\">DEMANDA, de 08\/09\/2023 <strong>(Clique aqui)<\/strong><\/a><\/p><p style=\"text-align: center;\"><a href=\"http:\/\/concursos2.fadesp.org.br\/prefeitura\/2023\/pmb\/arquivos\/Resultado Definitivo de Inscri\u00e7\u00f5es Homologadas - 08-09-2023.pdf\">Resultado Definitivo de Inscri\u00e7\u00f5es Homologadas, de 08\/09\/2023 <strong>(Clique aqui)<\/strong><\/a><\/p><p style=\"text-align: center;\"><a href=\"http:\/\/concursos2.fadesp.org.br\/prefeitura\/2023\/pmb\/arquivos\/Resultado Definitivo de Concorrentes PcD - 08-09-2023.pdf\">Resultado Definitivo de Concorrentes PcD, de 08\/09\/2023 <strong>(Clique aqui)<\/strong><\/a><\/p><p style=\"text-align: center;\"><a href=\"http:\/\/concursos2.fadesp.org.br\/prefeitura\/2023\/pmb\/arquivos\/Resultado Definitivo de Atendimentos Especias no Dia da Prova - 08-09-2023.pdf\">Resultado Definitivo de Atendimentos Especias no Dia da Prova, de 08\/09\/2023 <strong>(Clique aqui)<\/strong><\/a><\/p><p style=\"text-align: center;\"><a href=\"http:\/\/concursos2.fadesp.org.br\/prefeitura\/2023\/pmb\/arquivos\/dom-06-09-2023.pdf\">PROCESSO SELETIVO P\u00daBLICO ACE\/ACS ERRATA N\u00ba 01\/2023 PMB DOM N\u00ba 14.790 (P\u00c1GINA 4) &#8211; ANEXO IV &#8211; CALEND\u00c1RIO, de 06\/09\/2023 <strong>(Clique aqui)<\/strong><\/a><\/p><p style=\"text-align: center;\"><a href=\"http:\/\/concursos2.fadesp.org.br\/prefeitura\/2023\/pmb\/arquivos\/Resultado Preliminar de Inscri\u00e7\u00f5es Homologadas - 05-09-2023 BN3421.pdf\">Resultado Preliminar de Inscri\u00e7\u00f5es Homologadas, de 05\/09\/2023 <strong>(Clique aqui)<\/strong><\/a><\/p><p style=\"text-align: center;\"><a href=\"http:\/\/concursos2.fadesp.org.br\/prefeitura\/2023\/pmb\/arquivos\/Resultado Preliminar de Concorrentes PcD - 05-09-2023 BN3421.pdf\">Resultado Preliminar de Concorrentes PcD, de 05\/09\/2023 <strong>(Clique aqui)<\/strong><\/a><\/p><p style=\"text-align: center;\"><a href=\"http:\/\/concursos2.fadesp.org.br\/prefeitura\/2023\/pmb\/arquivos\/Resultado Preliminar de Atendimentos Especias no dia da prova - 05-09-2023 BN3421.pdf\">Resultado Preliminar de Atendimentos Especiais no dia da prova, de 05\/09\/2023 <strong>(Clique aqui)<\/strong><\/a><\/p><p style=\"text-align: center;\"><a href=\"http:\/\/concursos2.fadesp.org.br\/prefeitura\/2023\/pmb\/arquivos\/Resultado Definitivo da Isen\u00e7\u00e3o de Taxa de Inscri\u00e7\u00e3o - 31-08-2023 B5NM32.pdf\">Resultado Definitivo da Isen\u00e7\u00e3o de Taxa de Inscri\u00e7\u00e3o, de 31\/08\/2023 <strong>(Clique aqui)<\/strong><\/a><\/p><p style=\"text-align: center;\"><a href=\"http:\/\/concursos2.fadesp.org.br\/prefeitura\/2023\/pmb\/arquivos\/Resultado Preliminar da Isen\u00e7\u00e3o de Taxa de Inscri\u00e7\u00e3o - 29082023.pdf\">Resultado Preliminar da Isen\u00e7\u00e3o de Taxa de Inscri\u00e7\u00e3o, de 29\/08\/2023 <strong>(Clique aqui)<\/strong><\/a><\/p><p style=\"text-align: center;\"><a href=\"http:\/\/concursos2.fadesp.org.br\/prefeitura\/2023\/pmb\/arquivos\/Informa\u00e7\u00f5es Gerais B\u00e1sicas 2023.pdf\">Informa\u00e7\u00f5es Gerais B\u00e1sicas 2023, de 23\/08\/2023 <strong>(Clique aqui)<\/strong><\/a><\/p><p style=\"text-align: center;\"><a href=\"http:\/\/concursos2.fadesp.org.br\/prefeitura\/2023\/pmb\/arquivos\/EDITAL DE REABERTURA N\u00ba 01_2023 - 23-08-2023a.pdf\">EDITAL DE REABERTURA N\u00ba 01_2023, de 23\/08\/2023 <strong>(Clique aqui)<\/strong><\/a><\/p><p style=\"text-align: center;\"><a href=\"http:\/\/concursos2.fadesp.org.br\/prefeitura\/2023\/pmb\/arquivos\/dom-23-08-2023.pdf\">EDITAL DE REABERTURA N\u00ba 01_2023 &#8211; PUBLICADO DOM, de 23\/08\/2023 <strong>(Clique aqui)<\/strong><\/a><\/p><p style=\"text-align: center;\"><span style=\"color: #000000;\"><a style=\"color: #000000;\" href=\"https:\/\/portalfadesp.org.br\/wp-content\/uploads\/2020\/03\/Edtal-n-01-2020-PMB-SESMA-ACS-ACE.pdf\" target=\"_blank\" rel=\"noopener\">Edital de Abertura &#8211; 2020<\/a><\/span><\/p><p style=\"text-align: center;\"><strong>\u00a0Informa\u00e7\u00f5es no setor de Concursos,\u00a0das 8h \u00e0s 17h<\/strong><br \/><strong>(91) 4005-7446 \/ 7433\/ 7479 concursos@fadesp.org.br<\/strong><\/p>\t\t\t\t\t\t\t\t<\/div>\n\t\t\t\t<\/div>\n\t\t\t\t\t<\/div>\n\t\t<\/div>\n\t\t\t\t\t<\/div>\n\t\t<\/section>\n\t\t\t\t\t<\/div>\n\t\t<\/div>\n\t\t\t\t\t<\/div>\n\t\t<\/section>\n\t\t\t\t<\/div>\n\t\t","protected":false},"excerpt":{"rendered":"<p>Reabertura do Processo Seletivo P\u00fablico, Edital n\u00b0 01\/2020\/PMB\/SESMA\u2013ACS\/ACE A Prefeitura Municipal de Bel\u00e9m (PMB), por meio da Secretaria Municipal de Administra\u00e7\u00e3o (SEMAD), auxiliada pela Secretaria Municipal de Sa\u00fade (SESMA), torna p\u00fablico o Edital de Reabertura do Processo Seletivo P\u00fablico, Edital n\u00b0 01\/2020\/PMB\/SESMA\u2013ACS\/ACE, para o preenchimento de vagas para os empregos p\u00fablicos de Agente Comunit\u00e1rio de [&hellip;]<\/p>\n","protected":false},"author":11,"featured_media":0,"parent":329,"menu_order":50,"comment_status":"closed","ping_status":"closed","template":"","meta":{"_monsterinsights_skip_tracking":false,"_monsterinsights_sitenote_active":false,"_monsterinsights_sitenote_note":"","_monsterinsights_sitenote_category":0,"footnotes":""},"class_list":["post-6442","page","type-page","status-publish","hentry","entry"],"yoast_head":"<!-- This site is optimized with the Yoast SEO plugin v25.1 - https:\/\/yoast.com\/wordpress\/plugins\/seo\/ -->\n<title>Reabertura do Processo Seletivo P\u00fablico, edital n\u00b0 01\/2020\/PMB\/SESMA\u2013ACS\/ACE - FADESP<\/title>\n<meta name=\"robots\" content=\"index, follow, max-snippet:-1, max-image-preview:large, max-video-preview:-1\" \/>\n<link rel=\"canonical\" href=\"https:\/\/portalfadesp.org.br\/?page_id=6442\" \/>\n<meta property=\"og:locale\" content=\"pt_BR\" \/>\n<meta property=\"og:type\" content=\"article\" \/>\n<meta property=\"og:title\" content=\"Reabertura do Processo Seletivo P\u00fablico, edital n\u00b0 01\/2020\/PMB\/SESMA\u2013ACS\/ACE - FADESP\" \/>\n<meta property=\"og:description\" content=\"Reabertura do Processo Seletivo P\u00fablico, Edital n\u00b0 01\/2020\/PMB\/SESMA\u2013ACS\/ACE A Prefeitura Municipal de Bel\u00e9m (PMB), por meio da Secretaria Municipal de Administra\u00e7\u00e3o (SEMAD), auxiliada pela Secretaria Municipal de Sa\u00fade (SESMA), torna p\u00fablico o Edital de Reabertura do Processo Seletivo P\u00fablico, Edital n\u00b0 01\/2020\/PMB\/SESMA\u2013ACS\/ACE, para o preenchimento de vagas para os empregos p\u00fablicos de Agente Comunit\u00e1rio de [&hellip;]\" \/>\n<meta property=\"og:url\" content=\"https:\/\/portalfadesp.org.br\/?page_id=6442\" \/>\n<meta property=\"og:site_name\" content=\"FADESP\" \/>\n<meta property=\"article:publisher\" content=\"https:\/\/www.facebook.com\/Fadesp-138351949524662\/\" \/>\n<meta property=\"article:modified_time\" content=\"2024-01-05T14:18:30+00:00\" \/>\n<meta name=\"twitter:card\" content=\"summary_large_image\" \/>\n<meta name=\"twitter:site\" content=\"@Fadesp\" \/>\n<meta name=\"twitter:label1\" content=\"Est. tempo de leitura\" \/>\n\t<meta name=\"twitter:data1\" content=\"9 minutos\" \/>\n<script type=\"application\/ld+json\" class=\"yoast-schema-graph\">{\"@context\":\"https:\/\/schema.org\",\"@graph\":[{\"@type\":\"WebPage\",\"@id\":\"https:\/\/portalfadesp.org.br\/?page_id=6442\",\"url\":\"https:\/\/portalfadesp.org.br\/?page_id=6442\",\"name\":\"Reabertura do Processo Seletivo P\u00fablico, edital n\u00b0 01\/2020\/PMB\/SESMA\u2013ACS\/ACE - FADESP\",\"isPartOf\":{\"@id\":\"https:\/\/portalfadesp.org.br\/#website\"},\"datePublished\":\"2020-03-10T14:09:25+00:00\",\"dateModified\":\"2024-01-05T14:18:30+00:00\",\"breadcrumb\":{\"@id\":\"https:\/\/portalfadesp.org.br\/?page_id=6442#breadcrumb\"},\"inLanguage\":\"pt-BR\",\"potentialAction\":[{\"@type\":\"ReadAction\",\"target\":[\"https:\/\/portalfadesp.org.br\/?page_id=6442\"]}]},{\"@type\":\"BreadcrumbList\",\"@id\":\"https:\/\/portalfadesp.org.br\/?page_id=6442#breadcrumb\",\"itemListElement\":[{\"@type\":\"ListItem\",\"position\":1,\"name\":\"In\u00edcio\",\"item\":\"https:\/\/portalfadesp.org.br\/\"},{\"@type\":\"ListItem\",\"position\":2,\"name\":\"Concursos &#8211; Homologados\",\"item\":\"https:\/\/portalfadesp.org.br\/?page_id=329\"},{\"@type\":\"ListItem\",\"position\":3,\"name\":\"Reabertura do Processo Seletivo P\u00fablico, edital n\u00b0 01\/2020\/PMB\/SESMA\u2013ACS\/ACE\"}]},{\"@type\":\"WebSite\",\"@id\":\"https:\/\/portalfadesp.org.br\/#website\",\"url\":\"https:\/\/portalfadesp.org.br\/\",\"name\":\"FADESP\",\"description\":\"Funda\u00e7\u00e3o de Amparo e Desenvolvimento da Pesquisa\",\"publisher\":{\"@id\":\"https:\/\/portalfadesp.org.br\/#organization\"},\"potentialAction\":[{\"@type\":\"SearchAction\",\"target\":{\"@type\":\"EntryPoint\",\"urlTemplate\":\"https:\/\/portalfadesp.org.br\/?s={search_term_string}\"},\"query-input\":{\"@type\":\"PropertyValueSpecification\",\"valueRequired\":true,\"valueName\":\"search_term_string\"}}],\"inLanguage\":\"pt-BR\"},{\"@type\":\"Organization\",\"@id\":\"https:\/\/portalfadesp.org.br\/#organization\",\"name\":\"FADESP\",\"url\":\"https:\/\/portalfadesp.org.br\/\",\"logo\":{\"@type\":\"ImageObject\",\"inLanguage\":\"pt-BR\",\"@id\":\"https:\/\/portalfadesp.org.br\/#\/schema\/logo\/image\/\",\"url\":\"https:\/\/portalfadesp.org.br\/wp-content\/uploads\/2024\/01\/NOVOLOGOFADESPlaranjaH.png\",\"contentUrl\":\"https:\/\/portalfadesp.org.br\/wp-content\/uploads\/2024\/01\/NOVOLOGOFADESPlaranjaH.png\",\"width\":2742,\"height\":839,\"caption\":\"FADESP\"},\"image\":{\"@id\":\"https:\/\/portalfadesp.org.br\/#\/schema\/logo\/image\/\"},\"sameAs\":[\"https:\/\/www.facebook.com\/Fadesp-138351949524662\/\",\"https:\/\/x.com\/Fadesp\",\"https:\/\/www.instagram.com\/fadesp_ufpa\/\",\"https:\/\/www.youtube.com\/@fundacaodeamparoedesenvolv1903\",\"https:\/\/www.threads.net\/@fadesp_ufpa\"]}]}<\/script>\n<!-- \/ Yoast SEO plugin. -->","yoast_head_json":{"title":"Reabertura do Processo Seletivo P\u00fablico, edital n\u00b0 01\/2020\/PMB\/SESMA\u2013ACS\/ACE - FADESP","robots":{"index":"index","follow":"follow","max-snippet":"max-snippet:-1","max-image-preview":"max-image-preview:large","max-video-preview":"max-video-preview:-1"},"canonical":"https:\/\/portalfadesp.org.br\/?page_id=6442","og_locale":"pt_BR","og_type":"article","og_title":"Reabertura do Processo Seletivo P\u00fablico, edital n\u00b0 01\/2020\/PMB\/SESMA\u2013ACS\/ACE - FADESP","og_description":"Reabertura do Processo Seletivo P\u00fablico, Edital n\u00b0 01\/2020\/PMB\/SESMA\u2013ACS\/ACE A Prefeitura Municipal de Bel\u00e9m (PMB), por meio da Secretaria Municipal de Administra\u00e7\u00e3o (SEMAD), auxiliada pela Secretaria Municipal de Sa\u00fade (SESMA), torna p\u00fablico o Edital de Reabertura do Processo Seletivo P\u00fablico, Edital n\u00b0 01\/2020\/PMB\/SESMA\u2013ACS\/ACE, para o preenchimento de vagas para os empregos p\u00fablicos de Agente Comunit\u00e1rio de [&hellip;]","og_url":"https:\/\/portalfadesp.org.br\/?page_id=6442","og_site_name":"FADESP","article_publisher":"https:\/\/www.facebook.com\/Fadesp-138351949524662\/","article_modified_time":"2024-01-05T14:18:30+00:00","twitter_card":"summary_large_image","twitter_site":"@Fadesp","twitter_misc":{"Est. tempo de leitura":"9 minutos"},"schema":{"@context":"https:\/\/schema.org","@graph":[{"@type":"WebPage","@id":"https:\/\/portalfadesp.org.br\/?page_id=6442","url":"https:\/\/portalfadesp.org.br\/?page_id=6442","name":"Reabertura do Processo Seletivo P\u00fablico, edital n\u00b0 01\/2020\/PMB\/SESMA\u2013ACS\/ACE - FADESP","isPartOf":{"@id":"https:\/\/portalfadesp.org.br\/#website"},"datePublished":"2020-03-10T14:09:25+00:00","dateModified":"2024-01-05T14:18:30+00:00","breadcrumb":{"@id":"https:\/\/portalfadesp.org.br\/?page_id=6442#breadcrumb"},"inLanguage":"pt-BR","potentialAction":[{"@type":"ReadAction","target":["https:\/\/portalfadesp.org.br\/?page_id=6442"]}]},{"@type":"BreadcrumbList","@id":"https:\/\/portalfadesp.org.br\/?page_id=6442#breadcrumb","itemListElement":[{"@type":"ListItem","position":1,"name":"In\u00edcio","item":"https:\/\/portalfadesp.org.br\/"},{"@type":"ListItem","position":2,"name":"Concursos &#8211; Homologados","item":"https:\/\/portalfadesp.org.br\/?page_id=329"},{"@type":"ListItem","position":3,"name":"Reabertura do Processo Seletivo P\u00fablico, edital n\u00b0 01\/2020\/PMB\/SESMA\u2013ACS\/ACE"}]},{"@type":"WebSite","@id":"https:\/\/portalfadesp.org.br\/#website","url":"https:\/\/portalfadesp.org.br\/","name":"FADESP","description":"Funda\u00e7\u00e3o de Amparo e Desenvolvimento da Pesquisa","publisher":{"@id":"https:\/\/portalfadesp.org.br\/#organization"},"potentialAction":[{"@type":"SearchAction","target":{"@type":"EntryPoint","urlTemplate":"https:\/\/portalfadesp.org.br\/?s={search_term_string}"},"query-input":{"@type":"PropertyValueSpecification","valueRequired":true,"valueName":"search_term_string"}}],"inLanguage":"pt-BR"},{"@type":"Organization","@id":"https:\/\/portalfadesp.org.br\/#organization","name":"FADESP","url":"https:\/\/portalfadesp.org.br\/","logo":{"@type":"ImageObject","inLanguage":"pt-BR","@id":"https:\/\/portalfadesp.org.br\/#\/schema\/logo\/image\/","url":"https:\/\/portalfadesp.org.br\/wp-content\/uploads\/2024\/01\/NOVOLOGOFADESPlaranjaH.png","contentUrl":"https:\/\/portalfadesp.org.br\/wp-content\/uploads\/2024\/01\/NOVOLOGOFADESPlaranjaH.png","width":2742,"height":839,"caption":"FADESP"},"image":{"@id":"https:\/\/portalfadesp.org.br\/#\/schema\/logo\/image\/"},"sameAs":["https:\/\/www.facebook.com\/Fadesp-138351949524662\/","https:\/\/x.com\/Fadesp","https:\/\/www.instagram.com\/fadesp_ufpa\/","https:\/\/www.youtube.com\/@fundacaodeamparoedesenvolv1903","https:\/\/www.threads.net\/@fadesp_ufpa"]}]}},"_links":{"self":[{"href":"https:\/\/portalfadesp.org.br\/index.php?rest_route=\/wp\/v2\/pages\/6442","targetHints":{"allow":["GET"]}}],"collection":[{"href":"https:\/\/portalfadesp.org.br\/index.php?rest_route=\/wp\/v2\/pages"}],"about":[{"href":"https:\/\/portalfadesp.org.br\/index.php?rest_route=\/wp\/v2\/types\/page"}],"author":[{"embeddable":true,"href":"https:\/\/portalfadesp.org.br\/index.php?rest_route=\/wp\/v2\/users\/11"}],"replies":[{"embeddable":true,"href":"https:\/\/portalfadesp.org.br\/index.php?rest_route=%2Fwp%2Fv2%2Fcomments&post=6442"}],"version-history":[{"count":488,"href":"https:\/\/portalfadesp.org.br\/index.php?rest_route=\/wp\/v2\/pages\/6442\/revisions"}],"predecessor-version":[{"id":44956,"href":"https:\/\/portalfadesp.org.br\/index.php?rest_route=\/wp\/v2\/pages\/6442\/revisions\/44956"}],"up":[{"embeddable":true,"href":"https:\/\/portalfadesp.org.br\/index.php?rest_route=\/wp\/v2\/pages\/329"}],"wp:attachment":[{"href":"https:\/\/portalfadesp.org.br\/index.php?rest_route=%2Fwp%2Fv2%2Fmedia&parent=6442"}],"curies":[{"name":"wp","href":"https:\/\/api.w.org\/{rel}","templated":true}]}}