{"id":6163,"date":"2020-02-19T13:12:39","date_gmt":"2020-02-19T16:12:39","guid":{"rendered":"https:\/\/162.215.13.167?page_id=6163"},"modified":"2022-12-20T11:11:11","modified_gmt":"2022-12-20T14:11:11","slug":"camara-municipal-de-maraba-2020","status":"publish","type":"page","link":"https:\/\/portalfadesp.org.br\/?page_id=6163","title":{"rendered":"C\u00e2mara Municipal de Marab\u00e1 &#8211; 2020"},"content":{"rendered":"\t\t<div data-elementor-type=\"wp-post\" data-elementor-id=\"6163\" class=\"elementor elementor-6163\" data-elementor-post-type=\"page\">\n\t\t\t\t\t\t<section class=\"elementor-section elementor-top-section elementor-element elementor-element-1f2996d1 elementor-section-boxed elementor-section-height-default elementor-section-height-default\" data-id=\"1f2996d1\" data-element_type=\"section\">\n\t\t\t\t\t\t<div class=\"elementor-container elementor-column-gap-default\">\n\t\t\t\t\t<div class=\"elementor-column elementor-col-100 elementor-top-column elementor-element elementor-element-59a4b3f8\" data-id=\"59a4b3f8\" data-element_type=\"column\">\n\t\t\t<div class=\"elementor-widget-wrap elementor-element-populated\">\n\t\t\t\t\t\t<div class=\"elementor-element elementor-element-799471af elementor-widget elementor-widget-heading\" data-id=\"799471af\" data-element_type=\"widget\" data-widget_type=\"heading.default\">\n\t\t\t\t<div class=\"elementor-widget-container\">\n\t\t\t\t\t<h2 class=\"elementor-heading-title elementor-size-default\">C\u00e2mara Municipal de Marab\u00e1 - 2020<\/h2>\t\t\t\t<\/div>\n\t\t\t\t<\/div>\n\t\t\t\t<section class=\"elementor-section elementor-inner-section elementor-element elementor-element-336311f elementor-section-boxed elementor-section-height-default elementor-section-height-default\" data-id=\"336311f\" data-element_type=\"section\">\n\t\t\t\t\t\t<div class=\"elementor-container elementor-column-gap-default\">\n\t\t\t\t\t<div class=\"elementor-column elementor-col-50 elementor-inner-column elementor-element elementor-element-75ca0dc3\" data-id=\"75ca0dc3\" data-element_type=\"column\">\n\t\t\t<div class=\"elementor-widget-wrap elementor-element-populated\">\n\t\t\t\t\t\t<div class=\"elementor-element elementor-element-425a3096 elementor-widget elementor-widget-text-editor\" data-id=\"425a3096\" data-element_type=\"widget\" data-widget_type=\"text-editor.default\">\n\t\t\t\t<div class=\"elementor-widget-container\">\n\t\t\t\t\t\t\t\t\t<p>A C\u00e2mara Municipal de Marab\u00e1 torna p\u00fablica a realiza\u00e7\u00e3o de concurso para o preenchimento de vagas para cargos dos quadros de pessoal efetivo e reserva de n\u00edveis Fundamental , M\u00e9dio e Superior.<\/p><p><strong>Vagas \u2013 <\/strong>27<\/p><p><strong>Cargos \u2013 <\/strong>Agente de Portaria, Motorista, Agente Administrativo, T\u00e9cnico Legislativo, T\u00e9cnico em Contabilidade, T\u00e9cnico em Processamento de Dados, T\u00e9cnico em Tradu\u00e7\u00e3o e Interpreta\u00e7\u00e3o de Libras, Advogado e Engenheiro Civil.<\/p><p><strong>Remunera\u00e7\u00e3o \u2013\u00a0<\/strong>de R$ 1.154,34 a R$ 4.092,66.<\/p><p><strong>Inscri\u00e7\u00f5es \u2013<\/strong> de 19\/02 a 16\/03\/2020<\/p><p><strong>Taxa \u2013\u00a0<\/strong>Fundamental: R$ 48,00.<br \/>\u00a0 \u00a0 \u00a0 \u00a0 \u00a0 \u00a0 \u00a0M\u00e9dio: R$ 60,00.<br \/>\u00a0 \u00a0 \u00a0 \u00a0 \u00a0 \u00a0 \u00a0Superior: R$ 72,00.<\/p><p>\u2026\u2026\u2026\u2026\u2026\u2026\u2026\u2026\u2026\u2026\u2026\u2026\u2026\u2026\u2026\u2026\u2026\u2026\u2026\u2026\u2026\u2026\u2026\u2026\u2026\u2026&#8230;.<\/p><p><strong>Datas importantes<\/strong>:<\/p><p><strong>Per\u00edodo de Inscri\u00e7\u00e3o<\/strong> \u2013 de 19\/02 a 16\/03\/2020<\/p><p><strong>Pedido de isen\u00e7\u00e3o para hipossuficiente financeiro e PcD <\/strong>\u00a0\u2013\u00a0 de 19 a 21\/02\/2020<\/p><p><strong>Pagamento da taxa de inscri\u00e7\u00e3o<\/strong> \u2013 at\u00e9 17\/03\/2020<\/p><p><strong>Impress\u00e3o do cart\u00e3o de confirma\u00e7\u00e3o<\/strong> \u2013 <strong>23\/06\/2021<\/strong><\/p><p><strong>Data, hora e local da prova objetiva<\/strong> \u2013 11\/07\/21 08:00\u00a0 \u00e0s 12:00 e 14h30 \u00e0s 18h30.<\/p><p><strong>Postagem de Documentos\u00a0 aos candidatos dos cargos de n\u00edvel superior aptos \u00e0 Prova de T\u00edtulos<\/strong>\u2013 Sem data definida.<\/p><p><strong>Data da prova pr\u00e1tica para o cargo de T\u00e9cnico em Tradu\u00e7\u00e3o e Interpreta\u00e7\u00e3o de Libras<\/strong> &#8211; Sem data definida.<\/p>\t\t\t\t\t\t\t\t<\/div>\n\t\t\t\t<\/div>\n\t\t\t\t\t<\/div>\n\t\t<\/div>\n\t\t\t\t<div class=\"elementor-column elementor-col-50 elementor-inner-column elementor-element elementor-element-79608089\" data-id=\"79608089\" data-element_type=\"column\">\n\t\t\t<div class=\"elementor-widget-wrap elementor-element-populated\">\n\t\t\t\t\t\t<div class=\"elementor-element elementor-element-37283151 elementor-widget elementor-widget-text-editor\" data-id=\"37283151\" data-element_type=\"widget\" data-widget_type=\"text-editor.default\">\n\t\t\t\t<div class=\"elementor-widget-container\">\n\t\t\t\t\t\t\t\t\t<p><span style=\"color: #ffffff;\"><strong>Acompanhe sua Inscri\u00e7\u00e3o\u00a0 Homologada<\/strong><\/span><\/p>\t\t\t\t\t\t\t\t<\/div>\n\t\t\t\t<\/div>\n\t\t\t\t<div class=\"elementor-element elementor-element-e490575 elementor-widget elementor-widget-text-editor\" data-id=\"e490575\" data-element_type=\"widget\" data-widget_type=\"text-editor.default\">\n\t\t\t\t<div class=\"elementor-widget-container\">\n\t\t\t\t\t\t\t\t\t<div class=\"botaoBug\">\n\n<a href=\"http:\/\/concursos.fadesp.org.br\/cmm2020\/web\/index_recurso.php\" target=\"_blank\" rel=\"noopener\"><b>Recurso On-line<\/b><\/a>\n\n<\/div>\t\t\t\t\t\t\t\t<\/div>\n\t\t\t\t<\/div>\n\t\t\t\t<div class=\"elementor-element elementor-element-88236ee elementor-widget elementor-widget-text-editor\" data-id=\"88236ee\" data-element_type=\"widget\" data-widget_type=\"text-editor.default\">\n\t\t\t\t<div class=\"elementor-widget-container\">\n\t\t\t\t\t\t\t\t\t<h5><a href=\"http:\/\/concursos.fadesp.org.br\/cmm2020\/arquivos\/resultados\/homologacao_concurso_cmm2020.pdf\"><strong>Homologa\u00e7\u00e3o do Concurso da C\u00e2mara Municipal de Marab\u00e1<\/strong><\/a><\/h5><p style=\"text-align: center;\"><a href=\"http:\/\/concursos.fadesp.org.br\/cmm2020\/arquivos\/protocolo%20de%20seguranca%20-%20concurso.pdf\"><span style=\"color: #000000;\"><strong>PROTOCOLO DE SEGURAN\u00c7A (COVID-19)<\/strong><\/span><\/a><\/p>\t\t\t\t\t\t\t\t<\/div>\n\t\t\t\t<\/div>\n\t\t\t\t<div class=\"elementor-element elementor-element-08d5224 elementor-widget elementor-widget-eael-adv-accordion\" data-id=\"08d5224\" data-element_type=\"widget\" data-widget_type=\"eael-adv-accordion.default\">\n\t\t\t\t<div class=\"elementor-widget-container\">\n\t\t\t\t\t        <div class=\"eael-adv-accordion\" id=\"eael-adv-accordion-08d5224\" data-scroll-on-click=\"no\" data-scroll-speed=\"300\" data-accordion-id=\"08d5224\" data-accordion-type=\"accordion\" data-toogle-speed=\"300\">\n    <div class=\"eael-accordion-list\">\n                <div id=\"resultado-final-definitivo\" class=\"elementor-tab-title eael-accordion-header active-default\" tabindex=\"0\" data-tab=\"1\" aria-controls=\"elementor-tab-content-9261\"><h6 class=\"eael-accordion-tab-title\">Resultado Final - Definitivo<\/h6><svg aria-hidden=\"true\" class=\"fa-toggle e-font-icon-svg e-fas-angle-right\" viewBox=\"0 0 256 512\" xmlns=\"http:\/\/www.w3.org\/2000\/svg\"><path d=\"M224.3 273l-136 136c-9.4 9.4-24.6 9.4-33.9 0l-22.6-22.6c-9.4-9.4-9.4-24.6 0-33.9l96.4-96.4-96.4-96.4c-9.4-9.4-9.4-24.6 0-33.9L54.3 103c9.4-9.4 24.6-9.4 33.9 0l136 136c9.5 9.4 9.5 24.6.1 34z\"><\/path><\/svg><\/div><div id=\"elementor-tab-content-9261\" class=\"eael-accordion-content clearfix active-default\" data-tab=\"1\" aria-labelledby=\"resultado-final-definitivo\"><p style=\"text-align: left;\"><a href=\"http:\/\/concursos.fadesp.org.br\/cmm2020\/arquivos\/FinalDefinitivo\/ResultadoFinalDefinitivoNivelFundamental.pdf\">Resultado Final Definitivo \u2013 N\u00edvel Fundamental<\/a><\/p><p style=\"text-align: left;\"><a href=\"http:\/\/concursos.fadesp.org.br\/cmm2020\/arquivos\/FinalDefinitivo\/ResultadoFinalPreliminarNivelMedio.pdf\">Resultado Final Definitivo \u2013 N\u00edvel M\u00e9dio<\/a><\/p><p style=\"text-align: left;\"><a href=\"http:\/\/concursos.fadesp.org.br\/cmm2020\/arquivos\/FinalDefinitivo\/ResultadoFinalPreliminarNivelSuperior.pdf\">Resultado Final Definitivo \u2013 N\u00edvel Superior<\/a><\/p><\/div>\n                <\/div><\/div>\t\t\t\t<\/div>\n\t\t\t\t<\/div>\n\t\t\t\t<div class=\"elementor-element elementor-element-120c70e elementor-widget elementor-widget-eael-adv-accordion\" data-id=\"120c70e\" data-element_type=\"widget\" data-widget_type=\"eael-adv-accordion.default\">\n\t\t\t\t<div class=\"elementor-widget-container\">\n\t\t\t\t\t        <div class=\"eael-adv-accordion\" id=\"eael-adv-accordion-120c70e\" data-scroll-on-click=\"no\" data-scroll-speed=\"300\" data-accordion-id=\"120c70e\" data-accordion-type=\"accordion\" data-toogle-speed=\"300\">\n    <div class=\"eael-accordion-list\">\n                <div id=\"resultado-definitivo\" class=\"elementor-tab-title eael-accordion-header\" tabindex=\"0\" data-tab=\"1\" aria-controls=\"elementor-tab-content-1891\"><h6 class=\"eael-accordion-tab-title\">Resultado - Definitivo<\/h6><svg aria-hidden=\"true\" class=\"fa-toggle e-font-icon-svg e-fas-angle-right\" viewBox=\"0 0 256 512\" xmlns=\"http:\/\/www.w3.org\/2000\/svg\"><path d=\"M224.3 273l-136 136c-9.4 9.4-24.6 9.4-33.9 0l-22.6-22.6c-9.4-9.4-9.4-24.6 0-33.9l96.4-96.4-96.4-96.4c-9.4-9.4-9.4-24.6 0-33.9L54.3 103c9.4-9.4 24.6-9.4 33.9 0l136 136c9.5 9.4 9.5 24.6.1 34z\"><\/path><\/svg><\/div><div id=\"elementor-tab-content-1891\" class=\"eael-accordion-content clearfix\" data-tab=\"1\" aria-labelledby=\"resultado-definitivo\"><div class=\"gabaritosprovas\"><p><strong><a href=\"http:\/\/concursos.fadesp.org.br\/cmm2020\/arquivos\/FinalPreliminar\/ResultadoDefinitivoProvaPratica.pdf\">Resultado Definitivo da Prova Pr\u00e1tica<\/a><\/strong><\/p><p><strong><a href=\"http:\/\/concursos.fadesp.org.br\/cmm2020\/arquivos\/FinalPreliminar\/ResultadoDefinitivoProvaTitulos.pdf\">Resultado Definitivo da Prova de T\u00edtulos<\/a><\/strong><\/p><p><strong><a href=\"http:\/\/concursos.fadesp.org.br\/cmm2020\/arquivos\/FinalPreliminar\/ResultadoDefinitivoAvaliacaoDocumentacao.pdf\">Resultado Definitivo da Avalia\u00e7\u00e3o de Documenta\u00e7\u00e3o<\/a>\u00a0\u00a0<\/strong><\/p><p><a href=\"http:\/\/concursos.fadesp.org.br\/cmm2020\/arquivos\/resultados\/ResultadoDefinitivoProvaObjetivaNivelFundamental.pdf\">Resultado Definitivo &#8211; N\u00edvel Fundamental<\/a><\/p><p><a href=\"http:\/\/concursos.fadesp.org.br\/cmm2020\/arquivos\/resultados\/ResultadoDefinitivoProvaObjetivaNivelMedio.pdf\">Resultado Definitivo &#8211; N\u00edvel M\u00e9dio<\/a><\/p><p><a href=\"http:\/\/concursos.fadesp.org.br\/cmm2020\/arquivos\/resultados\/ResultadoDefinitivoProvaObjetivaNivelSuperior.pdf\">Resultado Definitivo &#8211; N\u00edvel Superior<\/a><\/p><\/div><\/div>\n                <\/div><\/div>\t\t\t\t<\/div>\n\t\t\t\t<\/div>\n\t\t\t\t<div class=\"elementor-element elementor-element-f2e7ab0 elementor-widget elementor-widget-eael-adv-accordion\" data-id=\"f2e7ab0\" data-element_type=\"widget\" data-widget_type=\"eael-adv-accordion.default\">\n\t\t\t\t<div class=\"elementor-widget-container\">\n\t\t\t\t\t        <div class=\"eael-adv-accordion\" id=\"eael-adv-accordion-f2e7ab0\" data-scroll-on-click=\"no\" data-scroll-speed=\"300\" data-accordion-id=\"f2e7ab0\" data-accordion-type=\"accordion\" data-toogle-speed=\"300\">\n    <div class=\"eael-accordion-list\">\n                <div id=\"resultado-preliminar\" class=\"elementor-tab-title eael-accordion-header\" tabindex=\"0\" data-tab=\"1\" aria-controls=\"elementor-tab-content-2541\"><h6 class=\"eael-accordion-tab-title\">Resultado - Preliminar<\/h6><svg aria-hidden=\"true\" class=\"fa-toggle e-font-icon-svg e-fas-angle-right\" viewBox=\"0 0 256 512\" xmlns=\"http:\/\/www.w3.org\/2000\/svg\"><path d=\"M224.3 273l-136 136c-9.4 9.4-24.6 9.4-33.9 0l-22.6-22.6c-9.4-9.4-9.4-24.6 0-33.9l96.4-96.4-96.4-96.4c-9.4-9.4-9.4-24.6 0-33.9L54.3 103c9.4-9.4 24.6-9.4 33.9 0l136 136c9.5 9.4 9.5 24.6.1 34z\"><\/path><\/svg><\/div><div id=\"elementor-tab-content-2541\" class=\"eael-accordion-content clearfix\" data-tab=\"1\" aria-labelledby=\"resultado-preliminar\"><div class=\"gabaritosprovas\"><div class=\"gabaritosprovas\"><p><a href=\"http:\/\/concursos.fadesp.org.br\/cmm2020\/arquivos\/FinalPreliminar\/ResultadoFinalPreliminarNivelFundamental.pdf\"><strong>Resultado Final Preliminar N\u00edvel Fundamental<\/strong><\/a><\/p><p><strong><a href=\"http:\/\/concursos.fadesp.org.br\/cmm2020\/arquivos\/FinalPreliminar\/ResultadoFinalPreliminarNivelMedio.pdf\">Resultado Final Preliminar N\u00edvel M\u00e9dio<\/a><\/strong><\/p><p><strong><a href=\"http:\/\/concursos.fadesp.org.br\/cmm2020\/arquivos\/FinalPreliminar\/ResultadoFinalPreliminarNivelSuperior.pdf\">Resultado Final Preliminar N\u00edvel Superior<\/a><\/strong><\/p><p><a href=\"http:\/\/concursos.fadesp.org.br\/cmm2020\/arquivos\/resultados\/ResultadoPreliminarProvaPratica.pdf\">Resultado Preliminar da Prova Pr\u00e1tica<\/a><\/p><p><a href=\"http:\/\/concursos.fadesp.org.br\/cmm2020\/arquivos\/resultados\/ResultadoPreliminarProvadeTitulo.pdf\">Resultado Preliminar da Prova de T\u00edtulos<\/a><\/p><p><a href=\"http:\/\/concursos.fadesp.org.br\/cmm2020\/arquivos\/resultados\/ResultadoPreliminarProtocoloDocumentacao.pdf\">Resultado Preliminar da Avalia\u00e7\u00e3o de Documenta\u00e7\u00e3o &#8211; Todos os Cargos<\/a><\/p><p><a href=\"http:\/\/concursos.fadesp.org.br\/cmm2020\/arquivos\/resultados\/ResultadoPreliminarPcD.pdf\">Resultado Preliminar PCD<\/a><\/p><p><a href=\"http:\/\/concursos.fadesp.org.br\/cmm2020\/arquivos\/resultados\/ResultadoPreliminarNivelFundamental.pdf\">Resultado Preliminar &#8211; N\u00edvel Fundamental<\/a><\/p><p><a href=\"http:\/\/concursos.fadesp.org.br\/cmm2020\/arquivos\/resultados\/ResultadoPreliminarNivelMedio.pdf\">Resultado Preliminar &#8211; N\u00edvel M\u00e9dio<\/a><\/p><p><a href=\"http:\/\/concursos.fadesp.org.br\/cmm2020\/arquivos\/resultados\/ResultadoPreliminarNivelSuperior.pdf\">Resultado Preliminar &#8211; N\u00edvel Superior<\/a><\/p><\/div><\/div><\/div>\n                <\/div><\/div>\t\t\t\t<\/div>\n\t\t\t\t<\/div>\n\t\t\t\t<div class=\"elementor-element elementor-element-eeaf7cc elementor-widget elementor-widget-eael-adv-accordion\" data-id=\"eeaf7cc\" data-element_type=\"widget\" data-widget_type=\"eael-adv-accordion.default\">\n\t\t\t\t<div class=\"elementor-widget-container\">\n\t\t\t\t\t        <div class=\"eael-adv-accordion\" id=\"eael-adv-accordion-eeaf7cc\" data-scroll-on-click=\"no\" data-scroll-speed=\"300\" data-accordion-id=\"eeaf7cc\" data-accordion-type=\"accordion\" data-toogle-speed=\"300\">\n    <div class=\"eael-accordion-list\">\n                <div id=\"gabaritos-definitivo\" class=\"elementor-tab-title eael-accordion-header\" tabindex=\"0\" data-tab=\"1\" aria-controls=\"elementor-tab-content-2501\"><h6 class=\"eael-accordion-tab-title\">Gabaritos - Definitivo<\/h6><svg aria-hidden=\"true\" class=\"fa-toggle e-font-icon-svg e-fas-angle-right\" viewBox=\"0 0 256 512\" xmlns=\"http:\/\/www.w3.org\/2000\/svg\"><path d=\"M224.3 273l-136 136c-9.4 9.4-24.6 9.4-33.9 0l-22.6-22.6c-9.4-9.4-9.4-24.6 0-33.9l96.4-96.4-96.4-96.4c-9.4-9.4-9.4-24.6 0-33.9L54.3 103c9.4-9.4 24.6-9.4 33.9 0l136 136c9.5 9.4 9.5 24.6.1 34z\"><\/path><\/svg><\/div><div id=\"elementor-tab-content-2501\" class=\"eael-accordion-content clearfix\" data-tab=\"1\" aria-labelledby=\"gabaritos-definitivo\"><div class=\"gabaritosprovas\">\n<div class=\"gabaritosprovas\">\n\n<a href=\"http:\/\/concursos.fadesp.org.br\/cmm2020\/arquivos\/Retificacao_Gabarito_definitivo-Advogado.pdf\">Retifica\u00e7\u00e3o Advogado<\/a>\n\n<a href=\"https:\/\/portalfadesp.org.br\/wp-content\/uploads\/2021\/07\/ADVOGADO_GABARITO-DEFINITIVO.pdf\">Advogado<\/a>\n<a href=\"https:\/\/portalfadesp.org.br\/wp-content\/uploads\/2021\/07\/AGENTE-ADMINISTRATIVO_GABARITO-DEFINITIVO.pdf\">Agente Administrativo<\/a>\n<a href=\"https:\/\/portalfadesp.org.br\/wp-content\/uploads\/2021\/07\/AGENTE-DE-PORTARIA_GABARITO-DEFINITIVO.pdf\">Agente de Portaria<\/a>\n<a href=\"https:\/\/portalfadesp.org.br\/wp-content\/uploads\/2021\/07\/ENGENHEIRO-CIVIL_GABARITO-DEFINITIVO.pdf\">Engenheiro Civil<\/a>\n<a href=\"https:\/\/portalfadesp.org.br\/wp-content\/uploads\/2021\/07\/MOTORISTA_GABARITO-DEFINITIVO.pdf\">Motorista<\/a>\n<a href=\"https:\/\/portalfadesp.org.br\/wp-content\/uploads\/2021\/07\/TECNICO-EM-CONTABILIDADE_GABARITO-DEFINITIVO.pdf\">T\u00e9cnico em Contabilidade<\/a>\n<a href=\"https:\/\/portalfadesp.org.br\/wp-content\/uploads\/2021\/07\/TECNICO-EM-PROCESSAMENTO-DE-DADOS_GABARITO-DEFINITIVO.pdf\">T\u00e9cnico em Processamento de Dados<\/a>\n<a href=\"https:\/\/portalfadesp.org.br\/wp-content\/uploads\/2021\/07\/TECNICO-EM-TRADUCAO-E-INTERPRETACAO-DE-LIBRAS_GABARITO-DEFINITIVO.pdf\">T\u00e9cnico em Tradu\u00e7\u00e3o e Interpreta\u00e7\u00e3o de Libras<\/a>\n<a href=\"https:\/\/portalfadesp.org.br\/wp-content\/uploads\/2021\/07\/TECNICO-LEGISLATIVO_GABARITO-DEFINITIVO.pdf\">T\u00e9cnico Legislativo<\/a>\n\n<\/div>\n<\/div><\/div>\n                <\/div><\/div>\t\t\t\t<\/div>\n\t\t\t\t<\/div>\n\t\t\t\t<div class=\"elementor-element elementor-element-5f990f5 elementor-widget elementor-widget-eael-adv-accordion\" data-id=\"5f990f5\" data-element_type=\"widget\" data-widget_type=\"eael-adv-accordion.default\">\n\t\t\t\t<div class=\"elementor-widget-container\">\n\t\t\t\t\t        <div class=\"eael-adv-accordion\" id=\"eael-adv-accordion-5f990f5\" data-scroll-on-click=\"no\" data-scroll-speed=\"300\" data-accordion-id=\"5f990f5\" data-accordion-type=\"accordion\" data-toogle-speed=\"300\">\n    <div class=\"eael-accordion-list\">\n                <div id=\"gabaritos-preliminar\" class=\"elementor-tab-title eael-accordion-header\" tabindex=\"0\" data-tab=\"1\" aria-controls=\"elementor-tab-content-1001\"><h6 class=\"eael-accordion-tab-title\">Gabaritos - Preliminar<\/h6><svg aria-hidden=\"true\" class=\"fa-toggle e-font-icon-svg e-fas-angle-right\" viewBox=\"0 0 256 512\" xmlns=\"http:\/\/www.w3.org\/2000\/svg\"><path d=\"M224.3 273l-136 136c-9.4 9.4-24.6 9.4-33.9 0l-22.6-22.6c-9.4-9.4-9.4-24.6 0-33.9l96.4-96.4-96.4-96.4c-9.4-9.4-9.4-24.6 0-33.9L54.3 103c9.4-9.4 24.6-9.4 33.9 0l136 136c9.5 9.4 9.5 24.6.1 34z\"><\/path><\/svg><\/div><div id=\"elementor-tab-content-1001\" class=\"eael-accordion-content clearfix\" data-tab=\"1\" aria-labelledby=\"gabaritos-preliminar\"><div class=\"gabaritosprovas\"><p style=\"text-align: left;\"><a title=\"Advogado\" href=\"https:\/\/portalfadesp.org.br\/wp-content\/uploads\/2021\/07\/ADVOGADO.pdf\">Advogado<\/a><br \/><a title=\"Agente Administrativo\" href=\"https:\/\/portalfadesp.org.br\/wp-content\/uploads\/2021\/07\/AGENTE-ADMINISTRATIVO.pdf\">Agente Administrativo<\/a><br \/><a title=\"Agente de Portaria\" href=\"https:\/\/portalfadesp.org.br\/wp-content\/uploads\/2021\/07\/AGENTE-DE-PORTARIA.pdf\">Agente de Portaria<\/a><br \/><a title=\"Engenheiro Civil\" href=\"https:\/\/portalfadesp.org.br\/wp-content\/uploads\/2021\/07\/ENGENHEIRO-CIVIL.pdf\">Engenheiro Civil<\/a><br \/><a title=\"Motorista\" href=\"https:\/\/portalfadesp.org.br\/wp-content\/uploads\/2021\/07\/MOTORISTA.pdf\">Motorista<\/a><br \/><a title=\"T\u00e9cnico em Contabilidade\" href=\"https:\/\/portalfadesp.org.br\/wp-content\/uploads\/2021\/07\/TECNICO-EM-CONTABILIDADE.pdf\">T\u00e9cnico em Contabilidade<\/a><br \/><a title=\"T\u00e9cnico em Processamento de Dados\" href=\"https:\/\/portalfadesp.org.br\/wp-content\/uploads\/2021\/07\/TECNICO-EM-PROCESSAMENTO-DE-DADOS.pdf\">T\u00e9cnico em Processamento de Dados<\/a><br \/><a title=\"T\u00e9cnico em Tradu\u00e7\u00e3o e Interpreta\u00e7\u00e3o de Libras\" href=\"https:\/\/portalfadesp.org.br\/wp-content\/uploads\/2021\/07\/TECNICO-EM-TRADUCAO-E-INTERPRETACAO-DE-LIBRAS.pdf\">T\u00e9cnico em Tradu\u00e7\u00e3o e Interpreta\u00e7\u00e3o de Libras<\/a><br \/><a title=\"T\u00e9cnico Legislativo\" href=\"https:\/\/portalfadesp.org.br\/wp-content\/uploads\/2021\/07\/TECNICO-LEGISLATIVO.pdf\">T\u00e9cnico Legislativo<\/a><\/p><\/div><\/div>\n                <\/div><\/div>\t\t\t\t<\/div>\n\t\t\t\t<\/div>\n\t\t\t\t<div class=\"elementor-element elementor-element-714bde1 elementor-widget elementor-widget-eael-adv-accordion\" data-id=\"714bde1\" data-element_type=\"widget\" data-widget_type=\"eael-adv-accordion.default\">\n\t\t\t\t<div class=\"elementor-widget-container\">\n\t\t\t\t\t        <div class=\"eael-adv-accordion\" id=\"eael-adv-accordion-714bde1\" data-scroll-on-click=\"no\" data-scroll-speed=\"300\" data-accordion-id=\"714bde1\" data-accordion-type=\"accordion\" data-toogle-speed=\"300\">\n    <div class=\"eael-accordion-list\">\n                <div id=\"provas\" class=\"elementor-tab-title eael-accordion-header\" tabindex=\"0\" data-tab=\"1\" aria-controls=\"elementor-tab-content-1181\"><h6 class=\"eael-accordion-tab-title\">Provas<\/h6><svg aria-hidden=\"true\" class=\"fa-toggle e-font-icon-svg e-fas-angle-right\" viewBox=\"0 0 256 512\" xmlns=\"http:\/\/www.w3.org\/2000\/svg\"><path d=\"M224.3 273l-136 136c-9.4 9.4-24.6 9.4-33.9 0l-22.6-22.6c-9.4-9.4-9.4-24.6 0-33.9l96.4-96.4-96.4-96.4c-9.4-9.4-9.4-24.6 0-33.9L54.3 103c9.4-9.4 24.6-9.4 33.9 0l136 136c9.5 9.4 9.5 24.6.1 34z\"><\/path><\/svg><\/div><div id=\"elementor-tab-content-1181\" class=\"eael-accordion-content clearfix\" data-tab=\"1\" aria-labelledby=\"provas\"><div class=\"gabaritosprovas\"><p><a title=\"Advogado Tipo 1 - Branca - Manh\u00e3\" href=\"https:\/\/portalfadesp.org.br\/wp-content\/uploads\/2021\/07\/ADVOGADO-TIPO-1-BRANCA-MANHA.pdf\">Advogado &#8211; Tipo 1 &#8211; Branca &#8211; Manh\u00e3<\/a><\/p><p><a title=\"Advogado - Tipo 2 - Amarela - Manh\u00e3\" href=\"https:\/\/portalfadesp.org.br\/wp-content\/uploads\/2021\/07\/ADVOGADO-TIPO-2-AMARELA-MANHA.pdf\">Advogado &#8211; Tipo 2 &#8211; Amarela &#8211; Manh\u00e3<\/a><\/p><div class=\"gabaritosprovas\"><p><a title=\"Agente Administrativo - Tipo 1 - Branca - Manh\u00e3\" href=\"https:\/\/portalfadesp.org.br\/wp-content\/uploads\/2021\/07\/AGENTE-ADMINISTRATIVO-TIPO-1-BRANCA-MANHA.pdf\">Agente Administrativo &#8211; Tipo 1 &#8211; Branca &#8211; Manh\u00e3<\/a><br \/><a title=\"Agente Administrativo - Tipo 2 - Amarela - Manh\u00e3\" href=\"https:\/\/portalfadesp.org.br\/wp-content\/uploads\/2021\/07\/AGENTE-ADMINISTRATIVO-TIPO-2-AMARELA-MANHA.pdf\">Agente Administrativo &#8211; Tipo 2 &#8211; Amarela &#8211; Manh\u00e3<\/a><br \/><a title=\"Agente de Portaria - Tipo 1 - Branca - Tarde\" href=\"https:\/\/portalfadesp.org.br\/wp-content\/uploads\/2021\/07\/AGENTE-DE-PORTARIA-TARDE-PROVA-1-BRANCA.pdf\">Agente de Portaria &#8211; Tipo 1 &#8211; Branca &#8211; Tarde<\/a><br \/><a title=\"Agente de Portaria - Tipo 2 - Amarela - Tarde\" href=\"https:\/\/portalfadesp.org.br\/wp-content\/uploads\/2021\/07\/AGENTE-DE-PORTARIA-TARDE-PROVA-2-AMARELA.pdf\">Agente de Portaria &#8211; Tipo 2 &#8211; Amarela &#8211; Tarde<\/a><br \/><a title=\"Engenheiro Civil - Tipo 1 - Branca - Manh\u00e3\" href=\"https:\/\/portalfadesp.org.br\/wp-content\/uploads\/2021\/07\/ENGENHEIRO-CIVIL-TIPO-1-BRANCA-MANHA.pdf\">Engenheiro Civil &#8211; Tipo 1 &#8211; Branca &#8211; Manh\u00e3<\/a><br \/><a title=\"Engenheiro Civil - Tipo 2 - Amarela - Manh\u00e3\" href=\"https:\/\/portalfadesp.org.br\/wp-content\/uploads\/2021\/07\/ENGENHEIRO-CIVIL-TIPO-2-AMARELA-MANHA.pdf\">Engenheiro Civil &#8211; Tipo 2 &#8211; Amarela &#8211; Manh\u00e3<\/a><br \/><a title=\"Motorista - Tipo 1 - Branca - Tarde\" href=\"https:\/\/portalfadesp.org.br\/wp-content\/uploads\/2021\/07\/MOTORISTA-TARDE-PROVA-1-BRANCA.pdf\">Motorista &#8211; Tipo 1 &#8211; Branca &#8211; Tarde<\/a><br \/><a title=\"Motorista - Tipo 2 - Amarela - Tarde\" href=\"https:\/\/portalfadesp.org.br\/wp-content\/uploads\/2021\/07\/MOTORISTA-TARDE-PROVA-2-AMARELA.pdf\">Motorista &#8211; Tipo 2 &#8211; Amarela &#8211; Tarde<\/a><br \/><a title=\"T\u00e9cnico em Contabilidade - Tipo 1 - Branca - Tarde\" href=\"https:\/\/portalfadesp.org.br\/wp-content\/uploads\/2021\/07\/TECNICO-EM-CONTABILIDADE-TARDE-PROVA-1-BRANCA.pdf\">T\u00e9cnico em Contabilidade &#8211; Tipo 1 &#8211; Branca &#8211; Tarde<\/a><br \/><a title=\"T\u00e9cnico em Contabilidade - Tipo 2 - Amarela - Tarde\" href=\"https:\/\/portalfadesp.org.br\/wp-content\/uploads\/2021\/07\/TECNICO-EM-CONTABILIDADE-TARDE-PROVA-2-AMARELA.pdf\">T\u00e9cnico em Contabilidade &#8211; Tipo 2 &#8211; Amarela &#8211; Tarde<\/a><br \/><a title=\"T\u00e9cnico em Processamento de Dados - Tipo 1 - Branca - Tarde\" href=\"https:\/\/portalfadesp.org.br\/wp-content\/uploads\/2021\/07\/TECNICO-EM-PROCESSAMENTO-DE-DADOS-TARDE-PROVA-1-BRANCA.pdf\">T\u00e9cnico em Processamento de Dados &#8211; Tipo 1 &#8211; Branca &#8211; Tarde<\/a><br \/><a title=\"T\u00e9cnico em Processamento de Dados - Tipo 2 - Amarela - Tarde\" href=\"https:\/\/portalfadesp.org.br\/wp-content\/uploads\/2021\/07\/TECNICO-EM-PROCESSAMENTO-DE-DADOS-TARDE-PROVA-2-AMARELA.pdf\">T\u00e9cnico em Processamento de Dados &#8211; Tipo 2 &#8211; Amarela &#8211; Tarde<\/a><br \/><a title=\"T\u00e9cnico em Tradu\u00e7\u00e3o e Interpreta\u00e7\u00e3o de Libras - Tipo 1 - Branca - Tarde\" href=\"http:\/\/concursos.fadesp.org.br\/arquivosPortal\/T%C3%89CNICO%20EM%20TRADU%C3%87%C3%83O%20E%20LIBRAS%20-%20TARDE%20-%20PROVA%201%20-%20BRANCA.pdf\">T\u00e9cnico em Tradu\u00e7\u00e3o e Interpreta\u00e7\u00e3o de Libras &#8211; Tipo 1 &#8211; Branca &#8211; Tarde<\/a><br \/><a title=\"T\u00e9cnico em Tradu\u00e7\u00e3o e Interpreta\u00e7\u00e3o de Libras - Tipo 2 - Amarela - Tarde\" href=\"http:\/\/concursos.fadesp.org.br\/arquivosPortal\/T%C3%89CNICO%20EM%20TRADU%C3%87%C3%83O%20E%20LIBRAS%20-%20TARDE%20-%20PROVA%202%20-%20AMARELA.pdf\">T\u00e9cnico em Tradu\u00e7\u00e3o e Interpreta\u00e7\u00e3o de Libras &#8211; Tipo 2 &#8211; Amarela &#8211; Tarde<\/a><br \/><a title=\"T\u00e9cnico Legislativo - Tipo 1 - Branca - Tarde\" href=\"https:\/\/portalfadesp.org.br\/wp-content\/uploads\/2021\/07\/TECNICO-LEGISLATIVO-TARDE-PROVA-1-BRANCA.pdf\">T\u00e9cnico Legislativo &#8211; Tipo 1 &#8211; Branca &#8211; Tarde<\/a><br \/><a title=\"T\u00e9cnico Legislativo - Tipo 2 - Amarela - Tarde\" href=\"https:\/\/portalfadesp.org.br\/wp-content\/uploads\/2021\/07\/TECNICO-LEGISLATIVO-TARDE-PROVA-2-AMARELA.pdf\">T\u00e9cnico Legislativo &#8211; Tipo 2 &#8211; Amarela &#8211; Tarde<\/a><\/p><\/div><\/div><\/div>\n                <\/div><\/div>\t\t\t\t<\/div>\n\t\t\t\t<\/div>\n\t\t\t\t<div class=\"elementor-element elementor-element-519019c1 elementor-widget elementor-widget-text-editor\" data-id=\"519019c1\" data-element_type=\"widget\" data-widget_type=\"text-editor.default\">\n\t\t\t\t<div class=\"elementor-widget-container\">\n\t\t\t\t\t\t\t\t\t<p style=\"text-align: center;\"><span style=\"color: #ffffff;\"><strong>Editais<\/strong><\/span><\/p>\t\t\t\t\t\t\t\t<\/div>\n\t\t\t\t<\/div>\n\t\t\t\t<div class=\"elementor-element elementor-element-165e423c elementor-widget elementor-widget-text-editor\" data-id=\"165e423c\" data-element_type=\"widget\" data-widget_type=\"text-editor.default\">\n\t\t\t\t<div class=\"elementor-widget-container\">\n\t\t\t\t\t\t\t\t\t<p style=\"text-align: center;\"><a href=\"http:\/\/concursos.fadesp.org.br\/cmm2020\/arquivos\/edital\/Edital06_RetificacaoConvoca\u00e7\u00e3oProvaPratica.pdf\"><strong>Edital 06 &#8211; Retifica\u00e7\u00e3o De Convoca\u00e7\u00e3o Prova Pr\u00e1tica \u2013 Local de Prova<\/strong><\/a><\/p><p style=\"text-align: center;\"><strong><a href=\"http:\/\/concursos.fadesp.org.br\/cmm2020\/arquivos\/edital\/Edital05_RetificacaoConvoca\u00e7\u00e3oProvaPratica.pdf\">Edital 05 &#8211; Retifica\u00e7\u00e3o De Convoca\u00e7\u00e3o Prova Pr\u00e1tica<\/a><\/strong><\/p><p style=\"text-align: center;\"><strong><a href=\"http:\/\/concursos.fadesp.org.br\/cmm2020\/arquivos\/edital\/Edital04ProtocoloDocumentacao.pdf\">Edital 04 &#8211; Convoca\u00e7\u00e3o Protocolo Documenta\u00e7\u00e3o<\/a><\/strong><\/p><p style=\"text-align: center;\"><strong><a href=\"http:\/\/concursos.fadesp.org.br\/cmm2020\/arquivos\/edital\/Edital03ConvocacaoProvaTitulo.pdf\">Edital 03 &#8211; Convoca\u00e7\u00e3o Prova Titulo<\/a><\/strong><\/p><p style=\"text-align: center;\"><strong><a href=\"http:\/\/concursos.fadesp.org.br\/cmm2020\/arquivos\/edital\/Edital02ConvocacaoProvaPratica.pdf\">Edital 02 &#8211; Convoca\u00e7\u00e3o Prova Pr\u00e1tica<\/a><\/strong><\/p><p style=\"text-align: center;\" align=\"center\"><strong><a href=\"https:\/\/portalfadesp.org.br\/wp-content\/uploads\/2021\/07\/Retificacao-do-Resultado-Final-Cadidatos-PCD.pdf\">Retifica\u00e7\u00e3o Resultado Final &#8211; Candidatos PCD<\/a><\/strong><\/p><p style=\"text-align: center;\" align=\"center\"><strong><a href=\"https:\/\/portalfadesp.org.br\/wp-content\/uploads\/2021\/07\/Resultado-Final-Cadidatos-PCD.pdf\">Resultado Final \u2013 Candidatos PC<\/a>D<\/strong><\/p><p style=\"text-align: center;\" align=\"center\"><strong><a href=\"http:\/\/concursos.fadesp.org.br\/cmm2020\/arquivos\/Resultado%20Preliminar%20de%20PCDs.pdf\">Resultado Preliminar \u2013 Candidatos PCD<\/a><\/strong><\/p><p style=\"text-align: center;\"><strong><a href=\"https:\/\/portalfadesp.org.br\/wp-content\/uploads\/2021\/07\/Resolucao_512-20_Regimento_Interno_CMM.pdf\">Regimento Interno CMM &#8211; Resolu\u00e7\u00e3o 512\/2020 (Revogado Regimento Interno Da CMM 394\/96)<\/a><\/strong><\/p><p style=\"text-align: center;\"><strong><a href=\"https:\/\/portalfadesp.org.br\/wp-content\/uploads\/2021\/07\/Retificacao-do-Anexo-III_Conteudo-Programatico.pdf\">Retifica\u00e7\u00e3o Do Anexo III &#8211; Conte\u00fado Program\u00e1tico<\/a><\/strong><\/p><p style=\"text-align: center;\"><strong><a href=\"http:\/\/concursos.fadesp.org.br\/cmm2020\/arquivos\/Retifica%C3%A7%C3%A3o%20ao%20Edital%20-%202021.02.04.DOE.pdf\">AVISO<\/a><\/strong><\/p><p style=\"text-align: center;\"><a href=\"https:\/\/portalfadesp.org.br\/wp-content\/uploads\/2021\/07\/Anexo-IV-do-Edital-Cronograma-de-Execucao-Retificado.pdf\"><strong>Novo Cronograma<\/strong><\/a><\/p><p style=\"text-align: center;\"><strong><a href=\"http:\/\/concursos.fadesp.org.br\/cmm2020\/arquivos\/utils\/Demanda.pdf\">Demanda<\/a><\/strong><\/p><p style=\"text-align: center;\"><strong><a href=\"http:\/\/concursos.fadesp.org.br\/cmm2020\/arquivos\/utils\/Inscri%C3%A7%C3%B5es%20Homologadas.pdf\">Inscri\u00e7\u00f5es Homologadas<\/a><\/strong><\/p><p style=\"text-align: center;\"><strong><a href=\"http:\/\/concursos.fadesp.org.br\/cmm2020\/arquivos\/Resultado%20Definitivo%20do%20Processo%20de%20Isen%C3%A7%C3%A3o%20de%20Taxa%20de%20Inscri%C3%A7%C3%A3o.pdf\">Resultado Definitivo Do Processo De Isen\u00e7\u00e3o De Taxa De Inscri\u00e7\u00e3o<\/a><\/strong><\/p><p style=\"text-align: center;\"><strong><a href=\"http:\/\/concursos.fadesp.org.br\/cmm2020\/arquivos\/Resultado%20Preliminar%20do%20Processo%20de%20Isen%C3%A7%C3%A3o%20de%20Taxa%20de%20Inscri%C3%A7%C3%A3o.pdf\">Resultado Preliminar Do Processo De Isen\u00e7\u00e3o De Taxa De Inscri\u00e7\u00e3o<\/a><\/strong><\/p><p style=\"text-align: center;\"><strong><a href=\"http:\/\/concursos.fadesp.org.br\/cmm2020\/arquivos\/14%20-%20Lei%2017940-19_Altera_RJU_Maraba-PA.pdf\">LEI 17940\/19 &#8211; ALTERA RJU MARAB\u00c1\/PA<\/a><\/strong><\/p><p style=\"text-align: center;\"><strong><a href=\"http:\/\/concursos.fadesp.org.br\/cmm2020\/arquivos\/13%20-%20Lei_17844-18_Altera_RJU_Maraba-PA.pdf\">LEI 17844\/18 &#8211; ALTERA RJU MARAB\u00c1\/PA<\/a><\/strong><\/p><p style=\"text-align: center;\"><strong><a href=\"http:\/\/concursos.fadesp.org.br\/cmm2020\/arquivos\/12%20-%20Lei_17592-13_Altera_RJU_Maraba-PA.pdf\">LEI 17592\/13 &#8211; ALTERA RJU MARAB\u00c1\/PA<\/a><\/strong><\/p><p style=\"text-align: center;\"><strong><a href=\"http:\/\/concursos.fadesp.org.br\/cmm2020\/arquivos\/11%20-%20Lei_17385-09_Altera_RJU_Maraba-PA.pdf\">LEI 17385\/09 &#8211; ALTERA RJU MARAB\u00c1\/PA<\/a><\/strong><\/p><p style=\"text-align: center;\"><strong><a href=\"http:\/\/concursos.fadesp.org.br\/cmm2020\/arquivos\/10%20-%20Lei_17336-09_Altera_RJU_Maraba-PA.pdf\">LEI 17336\/09 &#8211; ALTERA RJU MARAB\u00c1\/PA<\/a><\/strong><\/p><p style=\"text-align: center;\"><strong><a href=\"http:\/\/concursos.fadesp.org.br\/cmm2020\/arquivos\/9%20-%20Lei_17331-08_RJU_Maraba-PA.pdf\">LEI 17331\/08 &#8211; RJU MARAB\u00c1\/PA<\/a><\/strong><\/p><p style=\"text-align: center;\" align=\"center\"><strong><a href=\"http:\/\/concursos.fadesp.org.br\/cmm2020\/arquivos\/8%20-%20Resolucao_394-96_Regimento_Interno_CMM.pdf\">Resolu\u00e7\u00e3o 394\/96 &#8211; Regimento Interno CMM<\/a><\/strong><\/p><p style=\"text-align: center;\" align=\"center\"><strong><a href=\"http:\/\/concursos.fadesp.org.br\/cmm2020\/arquivos\/7%20-%20Emenda%20a%20Lei%20Org%C3%A2nica%20do%20Munic%C3%ADpio%20de%20Marab%C3%A1.pdf\">Emenda \u00c0 Lei Org\u00e2nica Do Munic\u00edpio De Marab\u00e1<\/a><\/strong><\/p><p style=\"text-align: center;\" align=\"center\"><strong><a href=\"http:\/\/concursos.fadesp.org.br\/cmm2020\/arquivos\/6%20-%20Lei%20Org%C3%A2nica%20do%20Munic%C3%ADpio%20de%20Marab%C3%A1%20-%20Revisada%20em%2027_11_2018%20-%20Consolidada.pdf\">Lei Org\u00e2nica Do Munic\u00edpio De Marab\u00e1 &#8211; Revisada Em 27\/11\/2018<\/a><\/strong><\/p><p style=\"text-align: center;\" align=\"center\"><strong><a href=\"https:\/\/portalfadesp.org.br\/wp-content\/uploads\/2020\/02\/16-Declarac\u00e3o-Particular-de-Renda.pdf\">Declara\u00e7\u00e3o Particular De Renda De Trabalhador Aut\u00f4nomo \u2013 DPRTA<\/a><\/strong><\/p><p style=\"text-align: center;\" align=\"center\"><strong><a href=\"https:\/\/portalfadesp.org.br\/wp-content\/uploads\/2020\/02\/15-Declara\u00e7\u00e3o-Particular-de-Depend\u00eancia-Econ\u00f4mica.pdf\">Declara\u00e7\u00e3o Particular De Depend\u00eancia Econ\u00f4mica\u2013 DPDE<\/a><\/strong><\/p><p style=\"text-align: center;\" align=\"center\"><strong><a href=\"http:\/\/concursos.fadesp.org.br\/cmm2020\/arquivos\/5%20-%20Anexo%20IV%20do%20Edital%20-%20Cronograma%20de%20Execu%C3%A7%C3%A3o.pdf\">Anexo IV &#8211; Cronograma De Execu\u00e7\u00e3o<\/a><\/strong><\/p><p style=\"text-align: center;\"><strong><a href=\"http:\/\/concursos.fadesp.org.br\/cmm2020\/arquivos\/4%20-%20Anexo%20III%20do%20Edital%20-%20%20Conte%C3%BAdo%20Program%C3%A1tico%20das%20Provas%20Objetivas.pdf\">Anexo III &#8211; Conte\u00fados Program\u00e1ticos das Provas Objetivas<\/a><\/strong><\/p><p style=\"text-align: center;\" align=\"center\"><strong><a href=\"http:\/\/concursos.fadesp.org.br\/cmm2020\/arquivos\/3%20-%20Anexo%20II%20do%20Edital%20-%20%20Cargos,%20C%C3%B3digos,%20S%C3%ADntese%20das%20Atividades%20e%20Valora%C3%A7%C3%A3o%20das%20Provas.pdf\">Anexo II &#8211; Cargos, C\u00f3digos, S\u00edntese Das Atividades E Valora\u00e7\u00e3o Das Provas<\/a><\/strong><\/p><p style=\"text-align: center;\" align=\"center\"><strong><a href=\"http:\/\/concursos.fadesp.org.br\/cmm2020\/arquivos\/2%20-%20Anexo%20I%20do%20Edital%20-%20Nomenclaturas%20dos%20Cargos,%20C%C3%B3digos,%20Vagas,%20Requisitos%20para%20Provimento,%20Jornada%20de%20Trabalho,%20Vencimento%20e%20Taxa%20de%20Inscri%C3%A7%C3%A3o.pdf\">Anexo I &#8211; Nomenclaturas Dos Cargos, C\u00f3digos, Vagas, Requisitos Para Provimento, Jornada De Trabalho, Vencimento E Taxa De Inscri\u00e7\u00e3o<\/a><\/strong><\/p><p style=\"text-align: center;\"><a href=\"http:\/\/concursos.fadesp.org.br\/cmm2020\/arquivos\/1%20-%20Minuta%20do%20Edital%20n%C2%B0%2001_2020_CMM.pdf\"><strong>Edital 01 &#8211; Abertura<\/strong><\/a><\/p><p style=\"text-align: center;\">\u00a0Informa\u00e7\u00f5es no setor de Concursos,\u00a0das 8h \u00e0s 17h<br \/>(91) 4005-7446 \/ 7433 \/ 7479 concursocmm2020@fadesp.org.br<\/p>\t\t\t\t\t\t\t\t<\/div>\n\t\t\t\t<\/div>\n\t\t\t\t\t<\/div>\n\t\t<\/div>\n\t\t\t\t\t<\/div>\n\t\t<\/section>\n\t\t\t\t\t<\/div>\n\t\t<\/div>\n\t\t\t\t\t<\/div>\n\t\t<\/section>\n\t\t\t\t<\/div>\n\t\t","protected":false},"excerpt":{"rendered":"<p>C\u00e2mara Municipal de Marab\u00e1 &#8211; 2020 A C\u00e2mara Municipal de Marab\u00e1 torna p\u00fablica a realiza\u00e7\u00e3o de concurso para o preenchimento de vagas para cargos dos quadros de pessoal efetivo e reserva de n\u00edveis Fundamental , M\u00e9dio e Superior. Vagas \u2013 27 Cargos \u2013 Agente de Portaria, Motorista, Agente Administrativo, T\u00e9cnico Legislativo, T\u00e9cnico em Contabilidade, T\u00e9cnico [&hellip;]<\/p>\n","protected":false},"author":11,"featured_media":0,"parent":329,"menu_order":50,"comment_status":"closed","ping_status":"closed","template":"","meta":{"_monsterinsights_skip_tracking":false,"_monsterinsights_sitenote_active":false,"_monsterinsights_sitenote_note":"","_monsterinsights_sitenote_category":0,"footnotes":""},"class_list":["post-6163","page","type-page","status-publish","hentry","entry"],"yoast_head":"<!-- This site is optimized with the Yoast SEO plugin v25.1 - https:\/\/yoast.com\/wordpress\/plugins\/seo\/ -->\n<title>C\u00e2mara Municipal de Marab\u00e1 - 2020 - FADESP<\/title>\n<meta name=\"robots\" content=\"index, follow, max-snippet:-1, max-image-preview:large, max-video-preview:-1\" \/>\n<link rel=\"canonical\" href=\"https:\/\/portalfadesp.org.br\/?page_id=6163\" \/>\n<meta property=\"og:locale\" content=\"pt_BR\" \/>\n<meta property=\"og:type\" content=\"article\" \/>\n<meta property=\"og:title\" content=\"C\u00e2mara Municipal de Marab\u00e1 - 2020 - FADESP\" \/>\n<meta property=\"og:description\" content=\"C\u00e2mara Municipal de Marab\u00e1 &#8211; 2020 A C\u00e2mara Municipal de Marab\u00e1 torna p\u00fablica a realiza\u00e7\u00e3o de concurso para o preenchimento de vagas para cargos dos quadros de pessoal efetivo e reserva de n\u00edveis Fundamental , M\u00e9dio e Superior. Vagas \u2013 27 Cargos \u2013 Agente de Portaria, Motorista, Agente Administrativo, T\u00e9cnico Legislativo, T\u00e9cnico em Contabilidade, T\u00e9cnico [&hellip;]\" \/>\n<meta property=\"og:url\" content=\"https:\/\/portalfadesp.org.br\/?page_id=6163\" \/>\n<meta property=\"og:site_name\" content=\"FADESP\" \/>\n<meta property=\"article:publisher\" content=\"https:\/\/www.facebook.com\/Fadesp-138351949524662\/\" \/>\n<meta property=\"article:modified_time\" content=\"2022-12-20T14:11:11+00:00\" \/>\n<meta name=\"twitter:card\" content=\"summary_large_image\" \/>\n<meta name=\"twitter:site\" content=\"@Fadesp\" \/>\n<meta name=\"twitter:label1\" content=\"Est. tempo de leitura\" \/>\n\t<meta name=\"twitter:data1\" content=\"4 minutos\" \/>\n<script type=\"application\/ld+json\" class=\"yoast-schema-graph\">{\"@context\":\"https:\/\/schema.org\",\"@graph\":[{\"@type\":\"WebPage\",\"@id\":\"https:\/\/portalfadesp.org.br\/?page_id=6163\",\"url\":\"https:\/\/portalfadesp.org.br\/?page_id=6163\",\"name\":\"C\u00e2mara Municipal de Marab\u00e1 - 2020 - FADESP\",\"isPartOf\":{\"@id\":\"https:\/\/portalfadesp.org.br\/#website\"},\"datePublished\":\"2020-02-19T16:12:39+00:00\",\"dateModified\":\"2022-12-20T14:11:11+00:00\",\"breadcrumb\":{\"@id\":\"https:\/\/portalfadesp.org.br\/?page_id=6163#breadcrumb\"},\"inLanguage\":\"pt-BR\",\"potentialAction\":[{\"@type\":\"ReadAction\",\"target\":[\"https:\/\/portalfadesp.org.br\/?page_id=6163\"]}]},{\"@type\":\"BreadcrumbList\",\"@id\":\"https:\/\/portalfadesp.org.br\/?page_id=6163#breadcrumb\",\"itemListElement\":[{\"@type\":\"ListItem\",\"position\":1,\"name\":\"In\u00edcio\",\"item\":\"https:\/\/portalfadesp.org.br\/\"},{\"@type\":\"ListItem\",\"position\":2,\"name\":\"Concursos &#8211; Homologados\",\"item\":\"https:\/\/portalfadesp.org.br\/?page_id=329\"},{\"@type\":\"ListItem\",\"position\":3,\"name\":\"C\u00e2mara Municipal de Marab\u00e1 &#8211; 2020\"}]},{\"@type\":\"WebSite\",\"@id\":\"https:\/\/portalfadesp.org.br\/#website\",\"url\":\"https:\/\/portalfadesp.org.br\/\",\"name\":\"FADESP\",\"description\":\"Funda\u00e7\u00e3o de Amparo e Desenvolvimento da Pesquisa\",\"publisher\":{\"@id\":\"https:\/\/portalfadesp.org.br\/#organization\"},\"potentialAction\":[{\"@type\":\"SearchAction\",\"target\":{\"@type\":\"EntryPoint\",\"urlTemplate\":\"https:\/\/portalfadesp.org.br\/?s={search_term_string}\"},\"query-input\":{\"@type\":\"PropertyValueSpecification\",\"valueRequired\":true,\"valueName\":\"search_term_string\"}}],\"inLanguage\":\"pt-BR\"},{\"@type\":\"Organization\",\"@id\":\"https:\/\/portalfadesp.org.br\/#organization\",\"name\":\"FADESP\",\"url\":\"https:\/\/portalfadesp.org.br\/\",\"logo\":{\"@type\":\"ImageObject\",\"inLanguage\":\"pt-BR\",\"@id\":\"https:\/\/portalfadesp.org.br\/#\/schema\/logo\/image\/\",\"url\":\"https:\/\/portalfadesp.org.br\/wp-content\/uploads\/2024\/01\/NOVOLOGOFADESPlaranjaH.png\",\"contentUrl\":\"https:\/\/portalfadesp.org.br\/wp-content\/uploads\/2024\/01\/NOVOLOGOFADESPlaranjaH.png\",\"width\":2742,\"height\":839,\"caption\":\"FADESP\"},\"image\":{\"@id\":\"https:\/\/portalfadesp.org.br\/#\/schema\/logo\/image\/\"},\"sameAs\":[\"https:\/\/www.facebook.com\/Fadesp-138351949524662\/\",\"https:\/\/x.com\/Fadesp\",\"https:\/\/www.instagram.com\/fadesp_ufpa\/\",\"https:\/\/www.youtube.com\/@fundacaodeamparoedesenvolv1903\",\"https:\/\/www.threads.net\/@fadesp_ufpa\"]}]}<\/script>\n<!-- \/ Yoast SEO plugin. -->","yoast_head_json":{"title":"C\u00e2mara Municipal de Marab\u00e1 - 2020 - FADESP","robots":{"index":"index","follow":"follow","max-snippet":"max-snippet:-1","max-image-preview":"max-image-preview:large","max-video-preview":"max-video-preview:-1"},"canonical":"https:\/\/portalfadesp.org.br\/?page_id=6163","og_locale":"pt_BR","og_type":"article","og_title":"C\u00e2mara Municipal de Marab\u00e1 - 2020 - FADESP","og_description":"C\u00e2mara Municipal de Marab\u00e1 &#8211; 2020 A C\u00e2mara Municipal de Marab\u00e1 torna p\u00fablica a realiza\u00e7\u00e3o de concurso para o preenchimento de vagas para cargos dos quadros de pessoal efetivo e reserva de n\u00edveis Fundamental , M\u00e9dio e Superior. Vagas \u2013 27 Cargos \u2013 Agente de Portaria, Motorista, Agente Administrativo, T\u00e9cnico Legislativo, T\u00e9cnico em Contabilidade, T\u00e9cnico [&hellip;]","og_url":"https:\/\/portalfadesp.org.br\/?page_id=6163","og_site_name":"FADESP","article_publisher":"https:\/\/www.facebook.com\/Fadesp-138351949524662\/","article_modified_time":"2022-12-20T14:11:11+00:00","twitter_card":"summary_large_image","twitter_site":"@Fadesp","twitter_misc":{"Est. tempo de leitura":"4 minutos"},"schema":{"@context":"https:\/\/schema.org","@graph":[{"@type":"WebPage","@id":"https:\/\/portalfadesp.org.br\/?page_id=6163","url":"https:\/\/portalfadesp.org.br\/?page_id=6163","name":"C\u00e2mara Municipal de Marab\u00e1 - 2020 - FADESP","isPartOf":{"@id":"https:\/\/portalfadesp.org.br\/#website"},"datePublished":"2020-02-19T16:12:39+00:00","dateModified":"2022-12-20T14:11:11+00:00","breadcrumb":{"@id":"https:\/\/portalfadesp.org.br\/?page_id=6163#breadcrumb"},"inLanguage":"pt-BR","potentialAction":[{"@type":"ReadAction","target":["https:\/\/portalfadesp.org.br\/?page_id=6163"]}]},{"@type":"BreadcrumbList","@id":"https:\/\/portalfadesp.org.br\/?page_id=6163#breadcrumb","itemListElement":[{"@type":"ListItem","position":1,"name":"In\u00edcio","item":"https:\/\/portalfadesp.org.br\/"},{"@type":"ListItem","position":2,"name":"Concursos &#8211; Homologados","item":"https:\/\/portalfadesp.org.br\/?page_id=329"},{"@type":"ListItem","position":3,"name":"C\u00e2mara Municipal de Marab\u00e1 &#8211; 2020"}]},{"@type":"WebSite","@id":"https:\/\/portalfadesp.org.br\/#website","url":"https:\/\/portalfadesp.org.br\/","name":"FADESP","description":"Funda\u00e7\u00e3o de Amparo e Desenvolvimento da Pesquisa","publisher":{"@id":"https:\/\/portalfadesp.org.br\/#organization"},"potentialAction":[{"@type":"SearchAction","target":{"@type":"EntryPoint","urlTemplate":"https:\/\/portalfadesp.org.br\/?s={search_term_string}"},"query-input":{"@type":"PropertyValueSpecification","valueRequired":true,"valueName":"search_term_string"}}],"inLanguage":"pt-BR"},{"@type":"Organization","@id":"https:\/\/portalfadesp.org.br\/#organization","name":"FADESP","url":"https:\/\/portalfadesp.org.br\/","logo":{"@type":"ImageObject","inLanguage":"pt-BR","@id":"https:\/\/portalfadesp.org.br\/#\/schema\/logo\/image\/","url":"https:\/\/portalfadesp.org.br\/wp-content\/uploads\/2024\/01\/NOVOLOGOFADESPlaranjaH.png","contentUrl":"https:\/\/portalfadesp.org.br\/wp-content\/uploads\/2024\/01\/NOVOLOGOFADESPlaranjaH.png","width":2742,"height":839,"caption":"FADESP"},"image":{"@id":"https:\/\/portalfadesp.org.br\/#\/schema\/logo\/image\/"},"sameAs":["https:\/\/www.facebook.com\/Fadesp-138351949524662\/","https:\/\/x.com\/Fadesp","https:\/\/www.instagram.com\/fadesp_ufpa\/","https:\/\/www.youtube.com\/@fundacaodeamparoedesenvolv1903","https:\/\/www.threads.net\/@fadesp_ufpa"]}]}},"_links":{"self":[{"href":"https:\/\/portalfadesp.org.br\/index.php?rest_route=\/wp\/v2\/pages\/6163","targetHints":{"allow":["GET"]}}],"collection":[{"href":"https:\/\/portalfadesp.org.br\/index.php?rest_route=\/wp\/v2\/pages"}],"about":[{"href":"https:\/\/portalfadesp.org.br\/index.php?rest_route=\/wp\/v2\/types\/page"}],"author":[{"embeddable":true,"href":"https:\/\/portalfadesp.org.br\/index.php?rest_route=\/wp\/v2\/users\/11"}],"replies":[{"embeddable":true,"href":"https:\/\/portalfadesp.org.br\/index.php?rest_route=%2Fwp%2Fv2%2Fcomments&post=6163"}],"version-history":[{"count":407,"href":"https:\/\/portalfadesp.org.br\/index.php?rest_route=\/wp\/v2\/pages\/6163\/revisions"}],"predecessor-version":[{"id":36327,"href":"https:\/\/portalfadesp.org.br\/index.php?rest_route=\/wp\/v2\/pages\/6163\/revisions\/36327"}],"up":[{"embeddable":true,"href":"https:\/\/portalfadesp.org.br\/index.php?rest_route=\/wp\/v2\/pages\/329"}],"wp:attachment":[{"href":"https:\/\/portalfadesp.org.br\/index.php?rest_route=%2Fwp%2Fv2%2Fmedia&parent=6163"}],"curies":[{"name":"wp","href":"https:\/\/api.w.org\/{rel}","templated":true}]}}