{"id":5674,"date":"2020-01-17T13:09:43","date_gmt":"2020-01-17T16:09:43","guid":{"rendered":"https:\/\/162.215.13.167?page_id=5674"},"modified":"2022-12-20T10:10:45","modified_gmt":"2022-12-20T13:10:45","slug":"prefeitura-municipal-de-bonito-2020","status":"publish","type":"page","link":"https:\/\/portalfadesp.org.br\/?page_id=5674","title":{"rendered":"Prefeitura Municipal de Bonito &#8211; 2020"},"content":{"rendered":"\t\t<div data-elementor-type=\"wp-post\" data-elementor-id=\"5674\" class=\"elementor elementor-5674\" data-elementor-post-type=\"page\">\n\t\t\t\t\t\t<section class=\"elementor-section elementor-top-section elementor-element elementor-element-1f2996d1 elementor-section-boxed elementor-section-height-default elementor-section-height-default\" data-id=\"1f2996d1\" data-element_type=\"section\">\n\t\t\t\t\t\t<div class=\"elementor-container elementor-column-gap-default\">\n\t\t\t\t\t<div class=\"elementor-column elementor-col-100 elementor-top-column elementor-element elementor-element-59a4b3f8\" data-id=\"59a4b3f8\" data-element_type=\"column\">\n\t\t\t<div class=\"elementor-widget-wrap elementor-element-populated\">\n\t\t\t\t\t\t<div class=\"elementor-element elementor-element-799471af elementor-widget elementor-widget-heading\" data-id=\"799471af\" data-element_type=\"widget\" data-widget_type=\"heading.default\">\n\t\t\t\t<div class=\"elementor-widget-container\">\n\t\t\t\t\t<h2 class=\"elementor-heading-title elementor-size-default\">Prefeitura Municipal de Bonito - 2020<\/h2>\t\t\t\t<\/div>\n\t\t\t\t<\/div>\n\t\t\t\t<section class=\"elementor-section elementor-inner-section elementor-element elementor-element-336311f elementor-section-boxed elementor-section-height-default elementor-section-height-default\" data-id=\"336311f\" data-element_type=\"section\">\n\t\t\t\t\t\t<div class=\"elementor-container elementor-column-gap-default\">\n\t\t\t\t\t<div class=\"elementor-column elementor-col-50 elementor-inner-column elementor-element elementor-element-75ca0dc3\" data-id=\"75ca0dc3\" data-element_type=\"column\">\n\t\t\t<div class=\"elementor-widget-wrap elementor-element-populated\">\n\t\t\t\t\t\t<div class=\"elementor-element elementor-element-425a3096 elementor-widget elementor-widget-text-editor\" data-id=\"425a3096\" data-element_type=\"widget\" data-widget_type=\"text-editor.default\">\n\t\t\t\t<div class=\"elementor-widget-container\">\n\t\t\t\t\t\t\t\t\t<p>A Prefeitura Municipal de Bonito torna p\u00fablica a realiza\u00e7\u00e3o de concurso para o preenchimento de vagas para cargos dos quadros de pessoal efetivo de n\u00edveis Fundamental , M\u00e9dio e Superior.<\/p><p><strong>Vagas \u2013 <\/strong>160\u00a0<\/p><p><strong>Cargos \u2013 <\/strong>Auxiliar de Servi\u00e7os Operacionais, Auxiliar de Servi\u00e7os Gerais, Motorista, Assistente Administrativo, Vigia, Pedreiro, Jardineiro, Viveirista, T\u00e9cnico de Enfermagem, Enfermeiro, Professor, Secretario Escolar, Pedagogo, Bibliotec\u00e1rio, Procurador Municipal, Assistente Social, M\u00e9dico, Psic\u00f3logo, Fisioterapeuta, Fonoaudi\u00f3logo, Odont\u00f3logo, Auxiliar em Sa\u00fade Bucal, T\u00e9cnico em Higiene Dental, T\u00e9cnico em Laborat\u00f3rio, Farmac\u00eautico, Agente de Vigil\u00e2ncia \u00e0 Sa\u00fade, Nutricionista, Agente de Tr\u00e2nsito e Transporte, Fiscal Ambiental, Engenheiro Florestal, Engenheiro Agr\u00f4nomo, Engenheiro Ambiental, T\u00e9cnico em Gest\u00e3o Ambiental, T\u00e9cnico em Gest\u00e3o de Meio Ambiente, T\u00e9cnico em Agroneg\u00f3cios.<\/p><p><strong>Remunera\u00e7\u00e3o \u2013\u00a0<\/strong>de R$ 1.045,00 a R$ 3 mil.<\/p><p><strong>Inscri\u00e7\u00f5es \u2013 <\/strong>14\/02 a 13\/03\/20.<\/p><p><strong>Taxa \u2013\u00a0<\/strong>Fundamental: R$ 60,00.<br \/>\u00a0 \u00a0 \u00a0 \u00a0 \u00a0 \u00a0 \u00a0M\u00e9dio: R$ 70,00.<br \/>\u00a0 \u00a0 \u00a0 \u00a0 \u00a0 \u00a0 \u00a0Superior: R$ 90,00.<\/p><p>\u2026\u2026\u2026\u2026\u2026\u2026\u2026\u2026\u2026\u2026\u2026\u2026\u2026\u2026\u2026\u2026\u2026\u2026\u2026\u2026\u2026\u2026\u2026\u2026\u2026\u2026\u2026\u2026\u2026\u2026\u2026\u2026\u2026..<\/p><p><strong>Datas importantes (previstas)<\/strong>:<\/p><p><strong>Per\u00edodo de Inscri\u00e7\u00e3o<\/strong> \u2013 14\/02 a 13\/03\/20<\/p><p><strong>Pedido de isen\u00e7\u00e3o por PcD<\/strong> \u2013 14 a 21\/02\/20.<\/p><p><strong>Pagamento da taxa de inscri\u00e7\u00e3o<\/strong> \u2013 at\u00e9 16\/03\/20.<\/p><p><strong>Impress\u00e3o do cart\u00e3o de confirma\u00e7\u00e3o<\/strong> \u2013 data indefinida.<\/p><p><strong>Data, hora e local da prova objetiva<\/strong> \u2013 data indefinida.<\/p><p><b>Convoca\u00e7\u00e3o para prova de t\u00edtulos para professores <\/b>\u2013 data indefinida.<\/p>\t\t\t\t\t\t\t\t<\/div>\n\t\t\t\t<\/div>\n\t\t\t\t\t<\/div>\n\t\t<\/div>\n\t\t\t\t<div class=\"elementor-column elementor-col-50 elementor-inner-column elementor-element elementor-element-79608089\" data-id=\"79608089\" data-element_type=\"column\">\n\t\t\t<div class=\"elementor-widget-wrap elementor-element-populated\">\n\t\t\t\t\t\t<div class=\"elementor-element elementor-element-912843e elementor-widget elementor-widget-text-editor\" data-id=\"912843e\" data-element_type=\"widget\" data-widget_type=\"text-editor.default\">\n\t\t\t\t<div class=\"elementor-widget-container\">\n\t\t\t\t\t\t\t\t\t<p><strong>Avisos<\/strong><\/p>\t\t\t\t\t\t\t\t<\/div>\n\t\t\t\t<\/div>\n\t\t\t\t<div class=\"elementor-element elementor-element-5058d18 elementor-widget elementor-widget-text-editor\" data-id=\"5058d18\" data-element_type=\"widget\" data-widget_type=\"text-editor.default\">\n\t\t\t\t<div class=\"elementor-widget-container\">\n\t\t\t\t\t\t\t\t\t<p>\u00a0 \u00a0 \u00a0 \u00a0 \u00a0 \u00a0 \u00a0 \u00a0 \u00a0 \u00a0 \u00a0 \u00a0 \u00a0 \u00a0 \u00a0 \u00a0 \u00a0 \u00a0 \u00a0 \u00a0 \u00a0 \u00a0 \u00a0 \u00a0 \u00a0 \u00a0 <strong>\u00a0 \u00a0 \u00a0 \u00a0 \u00a0 \u00a0 \u00a0COMUNICADO<\/strong><\/p><p>A Prefeitura do Munic\u00edpio de Bonito anuncia retomada de seu Concurso P\u00fablico, destinado ao provimento de cargos do quadro efetivo &#8211; que foi suspenso, por decreto, em decorr\u00eancia da pandemia da COVID-19, no ano de 2020.<\/p><p>Mais informa\u00e7\u00f5es ser\u00e3o comunicadas em breve em nosso portal.<\/p><p style=\"text-align: center;\"><strong><span style=\"color: #000000;\">Acompanhe sua inscri\u00e7\u00e3o Homologada <\/span><span style=\"color: #dd6b3b;\"><a style=\"text-decoration: underline; color: #dd6b3b;\" href=\"http:\/\/concursos.fadesp.org.br\/bonito2020\/web\/index.php\">(clique aqui)<\/a><\/span><\/strong><\/p>\t\t\t\t\t\t\t\t<\/div>\n\t\t\t\t<\/div>\n\t\t\t\t<div class=\"elementor-element elementor-element-ceece12 elementor-widget elementor-widget-text-editor\" data-id=\"ceece12\" data-element_type=\"widget\" data-widget_type=\"text-editor.default\">\n\t\t\t\t<div class=\"elementor-widget-container\">\n\t\t\t\t\t\t\t\t\t<p><strong>Editais<\/strong><\/p>\t\t\t\t\t\t\t\t<\/div>\n\t\t\t\t<\/div>\n\t\t\t\t<div class=\"elementor-element elementor-element-165e423c elementor-widget elementor-widget-text-editor\" data-id=\"165e423c\" data-element_type=\"widget\" data-widget_type=\"text-editor.default\">\n\t\t\t\t<div class=\"elementor-widget-container\">\n\t\t\t\t\t\t\t\t\t<p style=\"text-align: left;\"><strong><a href=\"http:\/\/concursos.fadesp.org.br\/bonito2020\/arquivos\/utils\/Inscri%C3%A7%C3%B5es%20Homologadas%20concurso%20de%20Bonito%20PA.pdf\">Inscri\u00e7\u00f5es Homologadas<\/a><\/strong><\/p>\n<p style=\"text-align: left;\"><strong><a href=\"http:\/\/concursos.fadesp.org.br\/bonito2020\/arquivos\/DECRETO%20N%C2%BA%20009-2020(REPUBLICA%C3%87%C3%83O)%20-%20ADIAMENTO%20DO%20CONCURSO%20P%C3%9ABLICO%20-%20SEM%20PRAZO%20PARA%20REALIZA%C3%87%C3%83O%20DAS%20PROVAS.pdf\">DECRETO N\u00ba 009-2020 &#8211; ADIA PROVAS POR TEMPO INDETERMINADO<\/a><\/strong><\/p>\n<p style=\"text-align: left;\"><strong><a href=\"https:\/\/portalfadesp.org.br\/wp-content\/uploads\/2020\/03\/Demanda-concurso-de-Bonito-PA.pdf\" target=\"_blank\" rel=\"noopener\">N\u00famero de inscritos<\/a><\/strong><\/p>\n<p style=\"text-align: left;\"><strong><a href=\"http:\/\/concursos.fadesp.org.br\/bonito2020\/arquivos\/ISEN%C3%87%C3%83O%20PcD%20RESULTADO%20FINAL.pdf\">ISEN\u00c7\u00c3O PcD RESULTADO FINAL<\/a><\/strong><\/p>\n<p style=\"text-align: left;\"><strong><a href=\"http:\/\/concursos.fadesp.org.br\/bonito2020\/arquivos\/ISEN%C3%87%C3%83O%20PcD%20RESULTADO%20PRELIMINAR.pdf\">ISEN\u00c7\u00c3O PcD RESULTADO PRELIMINAR<\/a><\/strong><\/p>\n<p style=\"text-align: left;\"><strong><a href=\"https:\/\/portalfadesp.org.br\/wp-content\/uploads\/2020\/03\/LEI-43-1992-ESTATUTO-SERVIDOR-P\u00daBLICO-MUNICIPAL-RJU.pdf\" target=\"_blank\" rel=\"noopener\">LEI 43-1992 &#8211; ESTATUTO SERVIDOR P\u00daBLICO MUNICIPAL RJU<\/a><\/strong><\/p>\n<p style=\"text-align: left;\"><strong><a href=\"https:\/\/portalfadesp.org.br\/wp-content\/uploads\/2020\/02\/Tabela-de-Cargos-Retificada.pdf\" target=\"_blank\" rel=\"noopener\">Tabela de Cargos &#8211; Retificada<\/a><\/strong><\/p>\n<p style=\"text-align: left;\"><a href=\"https:\/\/portalfadesp.org.br\/wp-content\/uploads\/2020\/02\/Edital-n%C2%BA-01_2020_PMB-Edital-de-Abertura-Retificado.pdf\"><strong>Edital n\u00b0 01_2020_PMB &#8211; Edital de Abertura &#8211; Retificado<\/strong><\/a><\/p>\n<p style=\"text-align: left;\"><strong><a href=\"https:\/\/portalfadesp.org.br\/wp-content\/uploads\/2020\/02\/Publica\u00e7\u00e3o-de-Aviso-de-Republica\u00e7\u00e3o-de-Edital-de-Abertura.pdf\" target=\"_blank\" rel=\"noopener\">Publica\u00e7\u00e3o de Aviso de Republica\u00e7\u00e3o de Edital de Abertura<\/a><\/strong><\/p>\n<p style=\"text-align: center;\"><strong>\u00a0Informa\u00e7\u00f5es no setor de Concursos,\u00a0das 8h \u00e0s 17h<\/strong>\n<strong>(91) 4005-7446 \/ 7433 \/ 7479 concursopmb2020@fadesp.org.br<\/strong><\/p>\t\t\t\t\t\t\t\t<\/div>\n\t\t\t\t<\/div>\n\t\t\t\t\t<\/div>\n\t\t<\/div>\n\t\t\t\t\t<\/div>\n\t\t<\/section>\n\t\t\t\t\t<\/div>\n\t\t<\/div>\n\t\t\t\t\t<\/div>\n\t\t<\/section>\n\t\t\t\t<\/div>\n\t\t","protected":false},"excerpt":{"rendered":"<p>Prefeitura Municipal de Bonito &#8211; 2020 A Prefeitura Municipal de Bonito torna p\u00fablica a realiza\u00e7\u00e3o de concurso para o preenchimento de vagas para cargos dos quadros de pessoal efetivo de n\u00edveis Fundamental , M\u00e9dio e Superior. Vagas \u2013 160\u00a0 Cargos \u2013 Auxiliar de Servi\u00e7os Operacionais, Auxiliar de Servi\u00e7os Gerais, Motorista, Assistente Administrativo, Vigia, Pedreiro, Jardineiro, [&hellip;]<\/p>\n","protected":false},"author":11,"featured_media":0,"parent":325,"menu_order":50,"comment_status":"closed","ping_status":"closed","template":"","meta":{"_monsterinsights_skip_tracking":false,"_monsterinsights_sitenote_active":false,"_monsterinsights_sitenote_note":"","_monsterinsights_sitenote_category":0,"footnotes":""},"class_list":["post-5674","page","type-page","status-publish","hentry","entry"],"yoast_head":"<!-- This site is optimized with the Yoast SEO plugin v25.1 - https:\/\/yoast.com\/wordpress\/plugins\/seo\/ -->\n<title>Prefeitura Municipal de Bonito - 2020 - FADESP<\/title>\n<meta name=\"robots\" content=\"index, follow, max-snippet:-1, max-image-preview:large, max-video-preview:-1\" \/>\n<link rel=\"canonical\" href=\"https:\/\/portalfadesp.org.br\/?page_id=5674\" \/>\n<meta property=\"og:locale\" content=\"pt_BR\" \/>\n<meta property=\"og:type\" content=\"article\" \/>\n<meta property=\"og:title\" content=\"Prefeitura Municipal de Bonito - 2020 - FADESP\" \/>\n<meta property=\"og:description\" content=\"Prefeitura Municipal de Bonito &#8211; 2020 A Prefeitura Municipal de Bonito torna p\u00fablica a realiza\u00e7\u00e3o de concurso para o preenchimento de vagas para cargos dos quadros de pessoal efetivo de n\u00edveis Fundamental , M\u00e9dio e Superior. Vagas \u2013 160\u00a0 Cargos \u2013 Auxiliar de Servi\u00e7os Operacionais, Auxiliar de Servi\u00e7os Gerais, Motorista, Assistente Administrativo, Vigia, Pedreiro, Jardineiro, [&hellip;]\" \/>\n<meta property=\"og:url\" content=\"https:\/\/portalfadesp.org.br\/?page_id=5674\" \/>\n<meta property=\"og:site_name\" content=\"FADESP\" \/>\n<meta property=\"article:publisher\" content=\"https:\/\/www.facebook.com\/Fadesp-138351949524662\/\" \/>\n<meta property=\"article:modified_time\" content=\"2022-12-20T13:10:45+00:00\" \/>\n<meta name=\"twitter:card\" content=\"summary_large_image\" \/>\n<meta name=\"twitter:site\" content=\"@Fadesp\" \/>\n<meta name=\"twitter:label1\" content=\"Est. tempo de leitura\" \/>\n\t<meta name=\"twitter:data1\" content=\"2 minutos\" \/>\n<script type=\"application\/ld+json\" class=\"yoast-schema-graph\">{\"@context\":\"https:\/\/schema.org\",\"@graph\":[{\"@type\":\"WebPage\",\"@id\":\"https:\/\/portalfadesp.org.br\/?page_id=5674\",\"url\":\"https:\/\/portalfadesp.org.br\/?page_id=5674\",\"name\":\"Prefeitura Municipal de Bonito - 2020 - FADESP\",\"isPartOf\":{\"@id\":\"https:\/\/portalfadesp.org.br\/#website\"},\"datePublished\":\"2020-01-17T16:09:43+00:00\",\"dateModified\":\"2022-12-20T13:10:45+00:00\",\"breadcrumb\":{\"@id\":\"https:\/\/portalfadesp.org.br\/?page_id=5674#breadcrumb\"},\"inLanguage\":\"pt-BR\",\"potentialAction\":[{\"@type\":\"ReadAction\",\"target\":[\"https:\/\/portalfadesp.org.br\/?page_id=5674\"]}]},{\"@type\":\"BreadcrumbList\",\"@id\":\"https:\/\/portalfadesp.org.br\/?page_id=5674#breadcrumb\",\"itemListElement\":[{\"@type\":\"ListItem\",\"position\":1,\"name\":\"In\u00edcio\",\"item\":\"https:\/\/portalfadesp.org.br\/\"},{\"@type\":\"ListItem\",\"position\":2,\"name\":\"Concursos &#8211; Abertos\",\"item\":\"https:\/\/portalfadesp.org.br\/?page_id=33858\"},{\"@type\":\"ListItem\",\"position\":3,\"name\":\"Concurso &#8211; Em andamento\",\"item\":\"https:\/\/portalfadesp.org.br\/?page_id=325\"},{\"@type\":\"ListItem\",\"position\":4,\"name\":\"Prefeitura Municipal de Bonito &#8211; 2020\"}]},{\"@type\":\"WebSite\",\"@id\":\"https:\/\/portalfadesp.org.br\/#website\",\"url\":\"https:\/\/portalfadesp.org.br\/\",\"name\":\"FADESP\",\"description\":\"Funda\u00e7\u00e3o de Amparo e Desenvolvimento da Pesquisa\",\"publisher\":{\"@id\":\"https:\/\/portalfadesp.org.br\/#organization\"},\"potentialAction\":[{\"@type\":\"SearchAction\",\"target\":{\"@type\":\"EntryPoint\",\"urlTemplate\":\"https:\/\/portalfadesp.org.br\/?s={search_term_string}\"},\"query-input\":{\"@type\":\"PropertyValueSpecification\",\"valueRequired\":true,\"valueName\":\"search_term_string\"}}],\"inLanguage\":\"pt-BR\"},{\"@type\":\"Organization\",\"@id\":\"https:\/\/portalfadesp.org.br\/#organization\",\"name\":\"FADESP\",\"url\":\"https:\/\/portalfadesp.org.br\/\",\"logo\":{\"@type\":\"ImageObject\",\"inLanguage\":\"pt-BR\",\"@id\":\"https:\/\/portalfadesp.org.br\/#\/schema\/logo\/image\/\",\"url\":\"https:\/\/portalfadesp.org.br\/wp-content\/uploads\/2024\/01\/NOVOLOGOFADESPlaranjaH.png\",\"contentUrl\":\"https:\/\/portalfadesp.org.br\/wp-content\/uploads\/2024\/01\/NOVOLOGOFADESPlaranjaH.png\",\"width\":2742,\"height\":839,\"caption\":\"FADESP\"},\"image\":{\"@id\":\"https:\/\/portalfadesp.org.br\/#\/schema\/logo\/image\/\"},\"sameAs\":[\"https:\/\/www.facebook.com\/Fadesp-138351949524662\/\",\"https:\/\/x.com\/Fadesp\",\"https:\/\/www.instagram.com\/fadesp_ufpa\/\",\"https:\/\/www.youtube.com\/@fundacaodeamparoedesenvolv1903\",\"https:\/\/www.threads.net\/@fadesp_ufpa\"]}]}<\/script>\n<!-- \/ Yoast SEO plugin. -->","yoast_head_json":{"title":"Prefeitura Municipal de Bonito - 2020 - FADESP","robots":{"index":"index","follow":"follow","max-snippet":"max-snippet:-1","max-image-preview":"max-image-preview:large","max-video-preview":"max-video-preview:-1"},"canonical":"https:\/\/portalfadesp.org.br\/?page_id=5674","og_locale":"pt_BR","og_type":"article","og_title":"Prefeitura Municipal de Bonito - 2020 - FADESP","og_description":"Prefeitura Municipal de Bonito &#8211; 2020 A Prefeitura Municipal de Bonito torna p\u00fablica a realiza\u00e7\u00e3o de concurso para o preenchimento de vagas para cargos dos quadros de pessoal efetivo de n\u00edveis Fundamental , M\u00e9dio e Superior. Vagas \u2013 160\u00a0 Cargos \u2013 Auxiliar de Servi\u00e7os Operacionais, Auxiliar de Servi\u00e7os Gerais, Motorista, Assistente Administrativo, Vigia, Pedreiro, Jardineiro, [&hellip;]","og_url":"https:\/\/portalfadesp.org.br\/?page_id=5674","og_site_name":"FADESP","article_publisher":"https:\/\/www.facebook.com\/Fadesp-138351949524662\/","article_modified_time":"2022-12-20T13:10:45+00:00","twitter_card":"summary_large_image","twitter_site":"@Fadesp","twitter_misc":{"Est. tempo de leitura":"2 minutos"},"schema":{"@context":"https:\/\/schema.org","@graph":[{"@type":"WebPage","@id":"https:\/\/portalfadesp.org.br\/?page_id=5674","url":"https:\/\/portalfadesp.org.br\/?page_id=5674","name":"Prefeitura Municipal de Bonito - 2020 - FADESP","isPartOf":{"@id":"https:\/\/portalfadesp.org.br\/#website"},"datePublished":"2020-01-17T16:09:43+00:00","dateModified":"2022-12-20T13:10:45+00:00","breadcrumb":{"@id":"https:\/\/portalfadesp.org.br\/?page_id=5674#breadcrumb"},"inLanguage":"pt-BR","potentialAction":[{"@type":"ReadAction","target":["https:\/\/portalfadesp.org.br\/?page_id=5674"]}]},{"@type":"BreadcrumbList","@id":"https:\/\/portalfadesp.org.br\/?page_id=5674#breadcrumb","itemListElement":[{"@type":"ListItem","position":1,"name":"In\u00edcio","item":"https:\/\/portalfadesp.org.br\/"},{"@type":"ListItem","position":2,"name":"Concursos &#8211; Abertos","item":"https:\/\/portalfadesp.org.br\/?page_id=33858"},{"@type":"ListItem","position":3,"name":"Concurso &#8211; Em andamento","item":"https:\/\/portalfadesp.org.br\/?page_id=325"},{"@type":"ListItem","position":4,"name":"Prefeitura Municipal de Bonito &#8211; 2020"}]},{"@type":"WebSite","@id":"https:\/\/portalfadesp.org.br\/#website","url":"https:\/\/portalfadesp.org.br\/","name":"FADESP","description":"Funda\u00e7\u00e3o de Amparo e Desenvolvimento da Pesquisa","publisher":{"@id":"https:\/\/portalfadesp.org.br\/#organization"},"potentialAction":[{"@type":"SearchAction","target":{"@type":"EntryPoint","urlTemplate":"https:\/\/portalfadesp.org.br\/?s={search_term_string}"},"query-input":{"@type":"PropertyValueSpecification","valueRequired":true,"valueName":"search_term_string"}}],"inLanguage":"pt-BR"},{"@type":"Organization","@id":"https:\/\/portalfadesp.org.br\/#organization","name":"FADESP","url":"https:\/\/portalfadesp.org.br\/","logo":{"@type":"ImageObject","inLanguage":"pt-BR","@id":"https:\/\/portalfadesp.org.br\/#\/schema\/logo\/image\/","url":"https:\/\/portalfadesp.org.br\/wp-content\/uploads\/2024\/01\/NOVOLOGOFADESPlaranjaH.png","contentUrl":"https:\/\/portalfadesp.org.br\/wp-content\/uploads\/2024\/01\/NOVOLOGOFADESPlaranjaH.png","width":2742,"height":839,"caption":"FADESP"},"image":{"@id":"https:\/\/portalfadesp.org.br\/#\/schema\/logo\/image\/"},"sameAs":["https:\/\/www.facebook.com\/Fadesp-138351949524662\/","https:\/\/x.com\/Fadesp","https:\/\/www.instagram.com\/fadesp_ufpa\/","https:\/\/www.youtube.com\/@fundacaodeamparoedesenvolv1903","https:\/\/www.threads.net\/@fadesp_ufpa"]}]}},"_links":{"self":[{"href":"https:\/\/portalfadesp.org.br\/index.php?rest_route=\/wp\/v2\/pages\/5674","targetHints":{"allow":["GET"]}}],"collection":[{"href":"https:\/\/portalfadesp.org.br\/index.php?rest_route=\/wp\/v2\/pages"}],"about":[{"href":"https:\/\/portalfadesp.org.br\/index.php?rest_route=\/wp\/v2\/types\/page"}],"author":[{"embeddable":true,"href":"https:\/\/portalfadesp.org.br\/index.php?rest_route=\/wp\/v2\/users\/11"}],"replies":[{"embeddable":true,"href":"https:\/\/portalfadesp.org.br\/index.php?rest_route=%2Fwp%2Fv2%2Fcomments&post=5674"}],"version-history":[{"count":123,"href":"https:\/\/portalfadesp.org.br\/index.php?rest_route=\/wp\/v2\/pages\/5674\/revisions"}],"predecessor-version":[{"id":36123,"href":"https:\/\/portalfadesp.org.br\/index.php?rest_route=\/wp\/v2\/pages\/5674\/revisions\/36123"}],"up":[{"embeddable":true,"href":"https:\/\/portalfadesp.org.br\/index.php?rest_route=\/wp\/v2\/pages\/325"}],"wp:attachment":[{"href":"https:\/\/portalfadesp.org.br\/index.php?rest_route=%2Fwp%2Fv2%2Fmedia&parent=5674"}],"curies":[{"name":"wp","href":"https:\/\/api.w.org\/{rel}","templated":true}]}}