{"id":5669,"date":"2020-01-17T14:38:33","date_gmt":"2020-01-17T17:38:33","guid":{"rendered":"https:\/\/162.215.13.167?page_id=5669"},"modified":"2022-12-20T11:11:41","modified_gmt":"2022-12-20T14:11:41","slug":"npi-processo-de-selecao-2020","status":"publish","type":"page","link":"https:\/\/portalfadesp.org.br\/?page_id=5669","title":{"rendered":"ESCOLA DE APLICA\u00c7\u00c3O UFPA \/ PROCESSO DE SELE\u00c7\u00c3O &#8211; 2020"},"content":{"rendered":"\t\t<div data-elementor-type=\"wp-post\" data-elementor-id=\"5669\" class=\"elementor elementor-5669\" data-elementor-post-type=\"page\">\n\t\t\t\t\t\t<section class=\"elementor-section elementor-top-section elementor-element elementor-element-1f2996d1 elementor-section-boxed elementor-section-height-default elementor-section-height-default\" data-id=\"1f2996d1\" data-element_type=\"section\">\n\t\t\t\t\t\t<div class=\"elementor-container elementor-column-gap-default\">\n\t\t\t\t\t<div class=\"elementor-column elementor-col-100 elementor-top-column elementor-element elementor-element-59a4b3f8\" data-id=\"59a4b3f8\" data-element_type=\"column\">\n\t\t\t<div class=\"elementor-widget-wrap elementor-element-populated\">\n\t\t\t\t\t\t<div class=\"elementor-element elementor-element-799471af elementor-widget elementor-widget-heading\" data-id=\"799471af\" data-element_type=\"widget\" data-widget_type=\"heading.default\">\n\t\t\t\t<div class=\"elementor-widget-container\">\n\t\t\t\t\t<h1 class=\"elementor-heading-title elementor-size-default\">ESCOLA DE APLICA\u00c7\u00c3O UFPA \/ PROCESSO DE SELE\u00c7\u00c3O - 2020<\/h1>\t\t\t\t<\/div>\n\t\t\t\t<\/div>\n\t\t\t\t<section class=\"elementor-section elementor-inner-section elementor-element elementor-element-336311f elementor-section-boxed elementor-section-height-default elementor-section-height-default\" data-id=\"336311f\" data-element_type=\"section\">\n\t\t\t\t\t\t<div class=\"elementor-container elementor-column-gap-default\">\n\t\t\t\t\t<div class=\"elementor-column elementor-col-50 elementor-inner-column elementor-element elementor-element-75ca0dc3\" data-id=\"75ca0dc3\" data-element_type=\"column\">\n\t\t\t<div class=\"elementor-widget-wrap elementor-element-populated\">\n\t\t\t\t\t\t<div class=\"elementor-element elementor-element-425a3096 elementor-widget elementor-widget-text-editor\" data-id=\"425a3096\" data-element_type=\"widget\" data-widget_type=\"text-editor.default\">\n\t\t\t\t<div class=\"elementor-widget-container\">\n\t\t\t\t\t\t\t\t\t<p>A Escola de Aplica\u00e7\u00e3o da Universidade Federal do Par\u00e1 torna p\u00fablica o edital de abertura das inscri\u00e7\u00f5es para a sele\u00e7\u00e3o para a sele\u00e7\u00e3o de candidatos ao ingresso para o ano letivo de 2020. O preenchimento ser\u00e1 feito atrav\u00e9s de sorteio p\u00fablico.<\/p><p><strong>Vagas \u2013 <\/strong>Educa\u00e7\u00e3o Infantil, Ensino Fundamental e M\u00e9dio.<\/p><p><strong>Inscri\u00e7\u00f5es \u2013<\/strong> de 17 a 21\/01\/2020.<\/p><p><strong>Taxa \u2013 <\/strong>R$ 20,00 a ser paga at\u00e9 22\/01\/2020.<\/p><p>\u2026\u2026\u2026\u2026\u2026\u2026\u2026\u2026\u2026\u2026\u2026\u2026\u2026\u2026\u2026\u2026\u2026\u2026\u2026\u2026\u2026\u2026\u2026\u2026\u2026\u2026<\/p><p><strong>Datas importantes<\/strong>:\u00a0<\/p><p><strong>Per\u00edodo de Inscri\u00e7\u00e3o<\/strong> \u2013 de 17 a 21\/01\/2020.<\/p><p><strong>Pagamento da taxa de inscri\u00e7\u00e3o<\/strong> \u2013 at\u00e9 22\/01\/2020.<\/p><p><strong style=\"font-size: 14px;\">Corre\u00e7\u00e3o de dados cadastrais<\/strong><span style=\"font-size: 14px;\"> &#8211; at\u00e9 27\/01\/2020.<\/span><\/p><p><strong>Divulga\u00e7\u00e3o de lista de inscri\u00e7\u00f5es homologadas para o sorteio<\/strong> &#8211; 28\/01\/2020.<\/p><p><strong>Sorteio das vagas<\/strong> &#8211; 30\/01\/2020, no sal\u00e3o vermelho da EAUFPA.<\/p>\t\t\t\t\t\t\t\t<\/div>\n\t\t\t\t<\/div>\n\t\t\t\t\t<\/div>\n\t\t<\/div>\n\t\t\t\t<div class=\"elementor-column elementor-col-50 elementor-inner-column elementor-element elementor-element-79608089\" data-id=\"79608089\" data-element_type=\"column\">\n\t\t\t<div class=\"elementor-widget-wrap elementor-element-populated\">\n\t\t\t\t\t\t<div class=\"elementor-element elementor-element-37283151 elementor-widget elementor-widget-text-editor\" data-id=\"37283151\" data-element_type=\"widget\" data-widget_type=\"text-editor.default\">\n\t\t\t\t<div class=\"elementor-widget-container\">\n\t\t\t\t\t\t\t\t\t<p><strong>Avisos<\/strong><\/p>\t\t\t\t\t\t\t\t<\/div>\n\t\t\t\t<\/div>\n\t\t\t\t<div class=\"elementor-element elementor-element-e9a0bf6 elementor-widget elementor-widget-text-editor\" data-id=\"e9a0bf6\" data-element_type=\"widget\" data-widget_type=\"text-editor.default\">\n\t\t\t\t<div class=\"elementor-widget-container\">\n\t\t\t\t\t\t\t\t\t<p><span style=\"color: rgb(0, 0, 0); font-size: 14px;\">O sorteio das vagas ser\u00e1 realizado no dia 30 de janeiro de 2020&nbsp;<\/span><b style=\"color: rgb(0, 0, 0); font-size: 14px;\">no Gin\u00e1sio da EAUFPA<\/b><span style=\"color: rgb(0, 0, 0); font-size: 14px;\">, localizado na Av. Perimetral N\u00ba 1000, Bel\u00e9m-PA.<\/span><br><\/p>\n<p><span style=\"color: #000000;\">A matr\u00edcula dos (as) candidatos (as) habilitados (as) de acordo com crit\u00e9rios deste Edital ser\u00e1 realizada nos dias <b>31 de janeiro, 3 e 4 de fevereiro&nbsp;<\/b> de 2020, no hor\u00e1rio de 08h:00m \u00e0s 12h:00, nas Coordena\u00e7\u00f5es de Educa\u00e7\u00e3o Infantil, Fundamental I e Ensino M\u00e9dio e das 14h:00m \u00e0s 17h:30m na Coordena\u00e7\u00e3o do Fundamental II.&nbsp;<\/span><\/p>\t\t\t\t\t\t\t\t<\/div>\n\t\t\t\t<\/div>\n\t\t\t\t<div class=\"elementor-element elementor-element-519019c1 elementor-widget elementor-widget-text-editor\" data-id=\"519019c1\" data-element_type=\"widget\" data-widget_type=\"text-editor.default\">\n\t\t\t\t<div class=\"elementor-widget-container\">\n\t\t\t\t\t\t\t\t\t<p style=\"text-align: center;\"><span style=\"color: #ffffff;\"><strong>Editais\u00a0<\/strong><\/span><\/p>\t\t\t\t\t\t\t\t<\/div>\n\t\t\t\t<\/div>\n\t\t\t\t<div class=\"elementor-element elementor-element-165e423c elementor-widget elementor-widget-text-editor\" data-id=\"165e423c\" data-element_type=\"widget\" data-widget_type=\"text-editor.default\">\n\t\t\t\t<div class=\"elementor-widget-container\">\n\t\t\t\t\t\t\t\t\t<p style=\"text-align: center;\"><strong><a href=\"https:\/\/portalfadesp.org.br\/wp-content\/uploads\/2020\/02\/2\u00ba-ANO.pdf\" target=\"_blank\" rel=\"noopener\">1\u00aa Convoca\u00e7\u00e3o cadastro reserva &#8211; 2\u00ba ANO &#8211; Ensino M\u00e9dio<\/a><\/strong><\/p>\n<p style=\"text-align: center;\"><strong><a href=\"https:\/\/portalfadesp.org.br\/wp-content\/uploads\/2020\/02\/1\u00ba-ANO.pdf\" target=\"_blank\" rel=\"noopener\">Convoca\u00e7\u00e3o cadastro reserva &#8211; 1\u00ba ANO Ensino M\u00e9dio<\/a><\/strong><\/p>\n<p style=\"text-align: center;\"><strong><a href=\"http:\/\/concursos.fadesp.org.br\/ea2020\/arquivos\/Convocacoes\/2-Convoca%C3%A7%C3%A3o_cadastro_reserva-1-ANO-Ensimo-medio.pdf\">2\u00aa Convoca\u00e7\u00e3o cadastro reserva \u2013 1\u00ba ANO &#8211; Ensino M\u00e9dio.<\/a><\/strong><\/p>\n<p style=\"text-align: center;\"><strong><a href=\"http:\/\/concursos.fadesp.org.br\/ea2020\/arquivos\/Convocacoes\/2-Convoca%C3%A7%C3%A3o_cadastro_reserva-2-ANO-Ensimo-medio.pdf\">2\u00aa Convoca\u00e7\u00e3o cadastro reserva \u2013 2\u00ba ANO &#8211; Ensino M\u00e9dio.<\/a><\/strong><\/p>\n<p style=\"text-align: center;\"><strong><a href=\"http:\/\/concursos.fadesp.org.br\/ea2020\/arquivos\/Convocacoes\/2-Ensino%20Fundemental%20I-2-chamada_cadastro_reserva2020.pdf\">Ensino Fundamental I \u2013 2\u00aa chamada cadastro de reserva 2020<\/a><\/strong><\/p>\n<p style=\"text-align: center;\"><strong><a href=\"http:\/\/concursos.fadesp.org.br\/ea2020\/arquivos\/Convocacoes\/1-Ensino%20Fundemental%20II-%201-chamada_cadastro_reserva2020.pdf\">Ensino Fundamental II \u2013 1\u00aa chamada cadastro de reserva 2020<\/a><\/strong><\/p>\n<p style=\"text-align: center;\"><strong><a href=\"http:\/\/concursos.fadesp.org.br\/ea2020\/arquivos\/N\u00edvel Fundamental - CHAMADA DE CADASTRO DE RESERVA.pdf\">Ensino Fundamental &#8211; chamada cadastro de reserva 2020<\/a><\/strong><\/p>\n<p style=\"text-align: center;\"><strong><a href=\"http:\/\/concursos.fadesp.org.br\/ea2020\/arquivos\/EDUCA\u00c7\u00c3O INFANTIL - chamada cadastro de reserva 2020.pdf\">EDUCA\u00c7\u00c3O INFANTIL &#8211; chamada cadastro de reserva 2020<\/a><\/strong><\/p>\n<p style=\"text-align: center;\"><strong><a href=\"http:\/\/concursos.fadesp.org.br\/ea2020\/arquivos\/ENSINO MEDIO SORTEIO 2020.pdf\">ENSINO M\u00c9DIO SORTEIO 2020<\/a><\/strong><\/p>\n<p style=\"text-align: center;\"><strong><a href=\"http:\/\/concursos.fadesp.org.br\/ea2020\/arquivos\/ENSINO FUND. II - SORTEIO 2020-.pdf\">ENSINO FUND. II &#8211; SORTEIO 2020<\/a><\/strong><\/p>\n<p style=\"text-align: center;\"><strong><a href=\"http:\/\/concursos.fadesp.org.br\/ea2020\/arquivos\/EDUCA\u00c7\u00c3O FUND. I - SORTEIO 2020.pdf\">EDUCA\u00c7\u00c3O FUND. I &#8211; SORTEIO 2020<\/a><\/strong><\/p>\n<p style=\"text-align: center;\"><strong><a href=\"http:\/\/concursos.fadesp.org.br\/ea2020\/arquivos\/EDUCA\u00c7\u00c3O INFANTIL - SORTEIO 2020.pdf\">EDUCA\u00c7\u00c3O INFANTIL &#8211; SORTEIO 2020<\/a><\/strong><\/p>\n<p style=\"text-align: center;\"><strong><a href=\"http:\/\/concursos.fadesp.org.br\/ea2020\/arquivos\/Inscri\u00e7\u00f5es Homologadas - Definitiva.pdf\">Inscri\u00e7\u00f5es Homologadas &#8211; Lista Definitiva<\/a><\/strong><\/p>\n<p style=\"text-align: center;\"><strong><a href=\"http:\/\/concursos.fadesp.org.br\/ea2020\/arquivos\/EDITAL PRELIMINAR - Inscri\u00e7\u00f5es Homologadas.pdf\">PR\u00c9-LISTA DE INSCRITOS<\/a><\/strong><\/p>\n<p style=\"text-align: center;\"><strong><a href=\"http:\/\/concursos.fadesp.org.br\/ea2020\/arquivos\/Pedidos de Isen\u00e7\u00e3o.pdf\">Lista dos candidatos que solicitaram isen\u00e7\u00e3o<\/a><\/strong><\/p>\n<p style=\"text-align: center;\"><strong><a href=\"http:\/\/concursos.fadesp.org.br\/ea2020\/arquivos\/Edital 01 - Abertura - Retifica\u00e7\u00f5es.pdf\">Edital 01 &#8211; Retifica\u00e7\u00f5es<\/a><\/strong><\/p>\n<p style=\"text-align: center;\"><strong><a href=\"https:\/\/portalfadesp.org.br\/wp-content\/uploads\/2020\/01\/EDITAL-ESCOLA-DE-APLICA%C3%87%C3%83O.pdf\" target=\"_blank\" rel=\"noopener\">Edital 01 &#8211; Abertura<\/a><\/strong><\/p>\n<p style=\"text-align: center;\"><strong>\u00a0Informa\u00e7\u00f5es no setor de Concursos,\u00a0das 8h \u00e0s 17h<\/strong>\n<strong>(91) 4005-7440 \/ 7441 \/ 7442 concursos@fadesp.org.br<\/strong><\/p>\t\t\t\t\t\t\t\t<\/div>\n\t\t\t\t<\/div>\n\t\t\t\t\t<\/div>\n\t\t<\/div>\n\t\t\t\t\t<\/div>\n\t\t<\/section>\n\t\t\t\t\t<\/div>\n\t\t<\/div>\n\t\t\t\t\t<\/div>\n\t\t<\/section>\n\t\t\t\t<\/div>\n\t\t","protected":false},"excerpt":{"rendered":"<p>ESCOLA DE APLICA\u00c7\u00c3O UFPA \/ PROCESSO DE SELE\u00c7\u00c3O &#8211; 2020 A Escola de Aplica\u00e7\u00e3o da Universidade Federal do Par\u00e1 torna p\u00fablica o edital de abertura das inscri\u00e7\u00f5es para a sele\u00e7\u00e3o para a sele\u00e7\u00e3o de candidatos ao ingresso para o ano letivo de 2020. O preenchimento ser\u00e1 feito atrav\u00e9s de sorteio p\u00fablico. Vagas \u2013 Educa\u00e7\u00e3o Infantil, [&hellip;]<\/p>\n","protected":false},"author":11,"featured_media":0,"parent":329,"menu_order":50,"comment_status":"closed","ping_status":"closed","template":"","meta":{"_monsterinsights_skip_tracking":false,"_monsterinsights_sitenote_active":false,"_monsterinsights_sitenote_note":"","_monsterinsights_sitenote_category":0,"footnotes":""},"class_list":["post-5669","page","type-page","status-publish","hentry","entry"],"yoast_head":"<!-- This site is optimized with the Yoast SEO plugin v25.1 - https:\/\/yoast.com\/wordpress\/plugins\/seo\/ -->\n<title>ESCOLA DE APLICA\u00c7\u00c3O UFPA \/ PROCESSO DE SELE\u00c7\u00c3O - 2020 - FADESP<\/title>\n<meta name=\"robots\" content=\"index, follow, max-snippet:-1, max-image-preview:large, max-video-preview:-1\" \/>\n<link rel=\"canonical\" href=\"https:\/\/portalfadesp.org.br\/?page_id=5669\" \/>\n<meta property=\"og:locale\" content=\"pt_BR\" \/>\n<meta property=\"og:type\" content=\"article\" \/>\n<meta property=\"og:title\" content=\"ESCOLA DE APLICA\u00c7\u00c3O UFPA \/ PROCESSO DE SELE\u00c7\u00c3O - 2020 - FADESP\" \/>\n<meta property=\"og:description\" content=\"ESCOLA DE APLICA\u00c7\u00c3O UFPA \/ PROCESSO DE SELE\u00c7\u00c3O &#8211; 2020 A Escola de Aplica\u00e7\u00e3o da Universidade Federal do Par\u00e1 torna p\u00fablica o edital de abertura das inscri\u00e7\u00f5es para a sele\u00e7\u00e3o para a sele\u00e7\u00e3o de candidatos ao ingresso para o ano letivo de 2020. O preenchimento ser\u00e1 feito atrav\u00e9s de sorteio p\u00fablico. Vagas \u2013 Educa\u00e7\u00e3o Infantil, [&hellip;]\" \/>\n<meta property=\"og:url\" content=\"https:\/\/portalfadesp.org.br\/?page_id=5669\" \/>\n<meta property=\"og:site_name\" content=\"FADESP\" \/>\n<meta property=\"article:publisher\" content=\"https:\/\/www.facebook.com\/Fadesp-138351949524662\/\" \/>\n<meta property=\"article:modified_time\" content=\"2022-12-20T14:11:41+00:00\" \/>\n<meta name=\"twitter:card\" content=\"summary_large_image\" \/>\n<meta name=\"twitter:site\" content=\"@Fadesp\" \/>\n<meta name=\"twitter:label1\" content=\"Est. tempo de leitura\" \/>\n\t<meta name=\"twitter:data1\" content=\"2 minutos\" \/>\n<script type=\"application\/ld+json\" class=\"yoast-schema-graph\">{\"@context\":\"https:\/\/schema.org\",\"@graph\":[{\"@type\":\"WebPage\",\"@id\":\"https:\/\/portalfadesp.org.br\/?page_id=5669\",\"url\":\"https:\/\/portalfadesp.org.br\/?page_id=5669\",\"name\":\"ESCOLA DE APLICA\u00c7\u00c3O UFPA \/ PROCESSO DE SELE\u00c7\u00c3O - 2020 - FADESP\",\"isPartOf\":{\"@id\":\"https:\/\/portalfadesp.org.br\/#website\"},\"datePublished\":\"2020-01-17T17:38:33+00:00\",\"dateModified\":\"2022-12-20T14:11:41+00:00\",\"breadcrumb\":{\"@id\":\"https:\/\/portalfadesp.org.br\/?page_id=5669#breadcrumb\"},\"inLanguage\":\"pt-BR\",\"potentialAction\":[{\"@type\":\"ReadAction\",\"target\":[\"https:\/\/portalfadesp.org.br\/?page_id=5669\"]}]},{\"@type\":\"BreadcrumbList\",\"@id\":\"https:\/\/portalfadesp.org.br\/?page_id=5669#breadcrumb\",\"itemListElement\":[{\"@type\":\"ListItem\",\"position\":1,\"name\":\"In\u00edcio\",\"item\":\"https:\/\/portalfadesp.org.br\/\"},{\"@type\":\"ListItem\",\"position\":2,\"name\":\"Concursos &#8211; Homologados\",\"item\":\"https:\/\/portalfadesp.org.br\/?page_id=329\"},{\"@type\":\"ListItem\",\"position\":3,\"name\":\"ESCOLA DE APLICA\u00c7\u00c3O UFPA \/ PROCESSO DE SELE\u00c7\u00c3O &#8211; 2020\"}]},{\"@type\":\"WebSite\",\"@id\":\"https:\/\/portalfadesp.org.br\/#website\",\"url\":\"https:\/\/portalfadesp.org.br\/\",\"name\":\"FADESP\",\"description\":\"Funda\u00e7\u00e3o de Amparo e Desenvolvimento da Pesquisa\",\"publisher\":{\"@id\":\"https:\/\/portalfadesp.org.br\/#organization\"},\"potentialAction\":[{\"@type\":\"SearchAction\",\"target\":{\"@type\":\"EntryPoint\",\"urlTemplate\":\"https:\/\/portalfadesp.org.br\/?s={search_term_string}\"},\"query-input\":{\"@type\":\"PropertyValueSpecification\",\"valueRequired\":true,\"valueName\":\"search_term_string\"}}],\"inLanguage\":\"pt-BR\"},{\"@type\":\"Organization\",\"@id\":\"https:\/\/portalfadesp.org.br\/#organization\",\"name\":\"FADESP\",\"url\":\"https:\/\/portalfadesp.org.br\/\",\"logo\":{\"@type\":\"ImageObject\",\"inLanguage\":\"pt-BR\",\"@id\":\"https:\/\/portalfadesp.org.br\/#\/schema\/logo\/image\/\",\"url\":\"https:\/\/portalfadesp.org.br\/wp-content\/uploads\/2024\/01\/NOVOLOGOFADESPlaranjaH.png\",\"contentUrl\":\"https:\/\/portalfadesp.org.br\/wp-content\/uploads\/2024\/01\/NOVOLOGOFADESPlaranjaH.png\",\"width\":2742,\"height\":839,\"caption\":\"FADESP\"},\"image\":{\"@id\":\"https:\/\/portalfadesp.org.br\/#\/schema\/logo\/image\/\"},\"sameAs\":[\"https:\/\/www.facebook.com\/Fadesp-138351949524662\/\",\"https:\/\/x.com\/Fadesp\",\"https:\/\/www.instagram.com\/fadesp_ufpa\/\",\"https:\/\/www.youtube.com\/@fundacaodeamparoedesenvolv1903\",\"https:\/\/www.threads.net\/@fadesp_ufpa\"]}]}<\/script>\n<!-- \/ Yoast SEO plugin. -->","yoast_head_json":{"title":"ESCOLA DE APLICA\u00c7\u00c3O UFPA \/ PROCESSO DE SELE\u00c7\u00c3O - 2020 - FADESP","robots":{"index":"index","follow":"follow","max-snippet":"max-snippet:-1","max-image-preview":"max-image-preview:large","max-video-preview":"max-video-preview:-1"},"canonical":"https:\/\/portalfadesp.org.br\/?page_id=5669","og_locale":"pt_BR","og_type":"article","og_title":"ESCOLA DE APLICA\u00c7\u00c3O UFPA \/ PROCESSO DE SELE\u00c7\u00c3O - 2020 - FADESP","og_description":"ESCOLA DE APLICA\u00c7\u00c3O UFPA \/ PROCESSO DE SELE\u00c7\u00c3O &#8211; 2020 A Escola de Aplica\u00e7\u00e3o da Universidade Federal do Par\u00e1 torna p\u00fablica o edital de abertura das inscri\u00e7\u00f5es para a sele\u00e7\u00e3o para a sele\u00e7\u00e3o de candidatos ao ingresso para o ano letivo de 2020. O preenchimento ser\u00e1 feito atrav\u00e9s de sorteio p\u00fablico. Vagas \u2013 Educa\u00e7\u00e3o Infantil, [&hellip;]","og_url":"https:\/\/portalfadesp.org.br\/?page_id=5669","og_site_name":"FADESP","article_publisher":"https:\/\/www.facebook.com\/Fadesp-138351949524662\/","article_modified_time":"2022-12-20T14:11:41+00:00","twitter_card":"summary_large_image","twitter_site":"@Fadesp","twitter_misc":{"Est. tempo de leitura":"2 minutos"},"schema":{"@context":"https:\/\/schema.org","@graph":[{"@type":"WebPage","@id":"https:\/\/portalfadesp.org.br\/?page_id=5669","url":"https:\/\/portalfadesp.org.br\/?page_id=5669","name":"ESCOLA DE APLICA\u00c7\u00c3O UFPA \/ PROCESSO DE SELE\u00c7\u00c3O - 2020 - FADESP","isPartOf":{"@id":"https:\/\/portalfadesp.org.br\/#website"},"datePublished":"2020-01-17T17:38:33+00:00","dateModified":"2022-12-20T14:11:41+00:00","breadcrumb":{"@id":"https:\/\/portalfadesp.org.br\/?page_id=5669#breadcrumb"},"inLanguage":"pt-BR","potentialAction":[{"@type":"ReadAction","target":["https:\/\/portalfadesp.org.br\/?page_id=5669"]}]},{"@type":"BreadcrumbList","@id":"https:\/\/portalfadesp.org.br\/?page_id=5669#breadcrumb","itemListElement":[{"@type":"ListItem","position":1,"name":"In\u00edcio","item":"https:\/\/portalfadesp.org.br\/"},{"@type":"ListItem","position":2,"name":"Concursos &#8211; Homologados","item":"https:\/\/portalfadesp.org.br\/?page_id=329"},{"@type":"ListItem","position":3,"name":"ESCOLA DE APLICA\u00c7\u00c3O UFPA \/ PROCESSO DE SELE\u00c7\u00c3O &#8211; 2020"}]},{"@type":"WebSite","@id":"https:\/\/portalfadesp.org.br\/#website","url":"https:\/\/portalfadesp.org.br\/","name":"FADESP","description":"Funda\u00e7\u00e3o de Amparo e Desenvolvimento da Pesquisa","publisher":{"@id":"https:\/\/portalfadesp.org.br\/#organization"},"potentialAction":[{"@type":"SearchAction","target":{"@type":"EntryPoint","urlTemplate":"https:\/\/portalfadesp.org.br\/?s={search_term_string}"},"query-input":{"@type":"PropertyValueSpecification","valueRequired":true,"valueName":"search_term_string"}}],"inLanguage":"pt-BR"},{"@type":"Organization","@id":"https:\/\/portalfadesp.org.br\/#organization","name":"FADESP","url":"https:\/\/portalfadesp.org.br\/","logo":{"@type":"ImageObject","inLanguage":"pt-BR","@id":"https:\/\/portalfadesp.org.br\/#\/schema\/logo\/image\/","url":"https:\/\/portalfadesp.org.br\/wp-content\/uploads\/2024\/01\/NOVOLOGOFADESPlaranjaH.png","contentUrl":"https:\/\/portalfadesp.org.br\/wp-content\/uploads\/2024\/01\/NOVOLOGOFADESPlaranjaH.png","width":2742,"height":839,"caption":"FADESP"},"image":{"@id":"https:\/\/portalfadesp.org.br\/#\/schema\/logo\/image\/"},"sameAs":["https:\/\/www.facebook.com\/Fadesp-138351949524662\/","https:\/\/x.com\/Fadesp","https:\/\/www.instagram.com\/fadesp_ufpa\/","https:\/\/www.youtube.com\/@fundacaodeamparoedesenvolv1903","https:\/\/www.threads.net\/@fadesp_ufpa"]}]}},"_links":{"self":[{"href":"https:\/\/portalfadesp.org.br\/index.php?rest_route=\/wp\/v2\/pages\/5669","targetHints":{"allow":["GET"]}}],"collection":[{"href":"https:\/\/portalfadesp.org.br\/index.php?rest_route=\/wp\/v2\/pages"}],"about":[{"href":"https:\/\/portalfadesp.org.br\/index.php?rest_route=\/wp\/v2\/types\/page"}],"author":[{"embeddable":true,"href":"https:\/\/portalfadesp.org.br\/index.php?rest_route=\/wp\/v2\/users\/11"}],"replies":[{"embeddable":true,"href":"https:\/\/portalfadesp.org.br\/index.php?rest_route=%2Fwp%2Fv2%2Fcomments&post=5669"}],"version-history":[{"count":79,"href":"https:\/\/portalfadesp.org.br\/index.php?rest_route=\/wp\/v2\/pages\/5669\/revisions"}],"predecessor-version":[{"id":36333,"href":"https:\/\/portalfadesp.org.br\/index.php?rest_route=\/wp\/v2\/pages\/5669\/revisions\/36333"}],"up":[{"embeddable":true,"href":"https:\/\/portalfadesp.org.br\/index.php?rest_route=\/wp\/v2\/pages\/329"}],"wp:attachment":[{"href":"https:\/\/portalfadesp.org.br\/index.php?rest_route=%2Fwp%2Fv2%2Fmedia&parent=5669"}],"curies":[{"name":"wp","href":"https:\/\/api.w.org\/{rel}","templated":true}]}}