{"id":5565,"date":"2020-01-10T11:32:58","date_gmt":"2020-01-10T14:32:58","guid":{"rendered":"https:\/\/162.215.13.167?page_id=5565"},"modified":"2022-12-21T14:58:28","modified_gmt":"2022-12-21T17:58:28","slug":"prefeitura-ponta-de-pedras-2020","status":"publish","type":"page","link":"https:\/\/portalfadesp.org.br\/?page_id=5565","title":{"rendered":"Prefeitura Ponta de Pedras &#8211; 2020"},"content":{"rendered":"\t\t<div data-elementor-type=\"wp-post\" data-elementor-id=\"5565\" class=\"elementor elementor-5565\" data-elementor-post-type=\"page\">\n\t\t\t\t\t\t<section class=\"elementor-section elementor-top-section elementor-element elementor-element-6a3536f elementor-section-boxed elementor-section-height-default elementor-section-height-default\" data-id=\"6a3536f\" data-element_type=\"section\">\n\t\t\t\t\t\t<div class=\"elementor-container elementor-column-gap-default\">\n\t\t\t\t\t<div class=\"elementor-column elementor-col-100 elementor-top-column elementor-element elementor-element-5e107171\" data-id=\"5e107171\" data-element_type=\"column\">\n\t\t\t<div class=\"elementor-widget-wrap elementor-element-populated\">\n\t\t\t\t\t\t<div class=\"elementor-element elementor-element-6122afba elementor-widget elementor-widget-heading\" data-id=\"6122afba\" data-element_type=\"widget\" data-widget_type=\"heading.default\">\n\t\t\t\t<div class=\"elementor-widget-container\">\n\t\t\t\t\t<h1 class=\"elementor-heading-title elementor-size-default\">Prefeitura Municipal de Ponta de Pedras- 2020<\/h1>\t\t\t\t<\/div>\n\t\t\t\t<\/div>\n\t\t\t\t<section class=\"elementor-section elementor-inner-section elementor-element elementor-element-2b3d37c9 elementor-section-boxed elementor-section-height-default elementor-section-height-default\" data-id=\"2b3d37c9\" data-element_type=\"section\">\n\t\t\t\t\t\t<div class=\"elementor-container elementor-column-gap-default\">\n\t\t\t\t\t<div class=\"elementor-column elementor-col-50 elementor-inner-column elementor-element elementor-element-343e9397\" data-id=\"343e9397\" data-element_type=\"column\">\n\t\t\t<div class=\"elementor-widget-wrap elementor-element-populated\">\n\t\t\t\t\t\t<div class=\"elementor-element elementor-element-436bd9c2 elementor-widget elementor-widget-text-editor\" data-id=\"436bd9c2\" data-element_type=\"widget\" data-widget_type=\"text-editor.default\">\n\t\t\t\t<div class=\"elementor-widget-container\">\n\t\t\t\t\t\t\t\t\t<p>A Prefeitura Municipal de Ponta de Pedras torna p\u00fablica a realiza\u00e7\u00e3o de concurso para o preenchimento de vagas para cargos dos quadros de pessoal efetivo e reserva de n\u00edveis Fundamental , M\u00e9dio e Superior.<\/p><p><strong>Vagas &#8211; <\/strong>123<\/p><p><strong>Cargos &#8211; <\/strong>Servente, Servi\u00e7os Gerais, Vigia, Secret\u00e1rio Escolar, Auxiliar Administrativo, T\u00e9cnico em Enfermagem, T\u00e9cnico em Radiologia, Nutricionista Educacional, Assistente Social Educacional, Enfermeiro, Fisioterapeuta, Odontologista, M\u00e9dico, Psic\u00f3logo e Professor.<\/p><p><strong>Remunera\u00e7\u00e3o &#8211; <\/strong>de R$ 1.093,00 a R$ 6.617,00.<\/p><p><strong>Inscri\u00e7\u00f5es &#8211;<\/strong>10\/01 a 13\/02\/2020.<\/p><p><strong>Taxa &#8211; <\/strong>Fundamental: R$ 60,00.<br \/>\u00a0 \u00a0 \u00a0 \u00a0 \u00a0 \u00a0 \u00a0M\u00e9dio: R$ 70,00.<br \/>\u00a0 \u00a0 \u00a0 \u00a0 \u00a0 \u00a0 \u00a0Superior: R$ 90,00.<\/p><p>&#8230;&#8230;&#8230;&#8230;&#8230;&#8230;&#8230;&#8230;&#8230;&#8230;&#8230;&#8230;&#8230;&#8230;&#8230;&#8230;&#8230;&#8230;&#8230;&#8230;&#8230;&#8230;&#8230;&#8230;&#8230;&#8230;&#8230;&#8230;&#8230;&#8230;&#8230;&#8230;&#8230;..<\/p><p><strong>Datas importantes<\/strong>:<\/p><p><strong>Per\u00edodo de Inscri\u00e7\u00e3o<\/strong> &#8211; 10\/01 a <strong>19\/02\/2020.<\/strong><\/p><p><strong>Pedido de isen\u00e7\u00e3o por PcD<\/strong> &#8211;\u00a0 de 10 a 17\/01\/2020.<\/p><p><strong>Pagamento da taxa de inscri\u00e7\u00e3o<\/strong> &#8211; at\u00e9 <strong>20\/02<\/strong>\/2020.<\/p><p><strong>Impress\u00e3o do cart\u00e3o de confirma\u00e7\u00e3o<\/strong> &#8211; 28\/02 a 08\/03\/2020.<\/p><p><strong>Data, hora e local da prova objetiva<\/strong> &#8211; 07\/03\/2020 para N\u00edvel Superior e 08\/03\/2020 para n\u00edveis Fundamental e M\u00e9dio, em Ponta de Pedras.<\/p><p><b>Convoca\u00e7\u00e3o para prova de t\u00edtulos para professores<\/b>&#8211; 27\/03\/2020.<\/p>\t\t\t\t\t\t\t\t<\/div>\n\t\t\t\t<\/div>\n\t\t\t\t\t<\/div>\n\t\t<\/div>\n\t\t\t\t<div class=\"elementor-column elementor-col-50 elementor-inner-column elementor-element elementor-element-6ffad77f\" data-id=\"6ffad77f\" data-element_type=\"column\">\n\t\t\t<div class=\"elementor-widget-wrap elementor-element-populated\">\n\t\t\t\t\t\t<div class=\"elementor-element elementor-element-a1c55e6 elementor-widget elementor-widget-text-editor\" data-id=\"a1c55e6\" data-element_type=\"widget\" data-widget_type=\"text-editor.default\">\n\t\t\t\t<div class=\"elementor-widget-container\">\n\t\t\t\t\t\t\t\t\t<p><strong>Avisos<\/strong><\/p>\t\t\t\t\t\t\t\t<\/div>\n\t\t\t\t<\/div>\n\t\t\t\t<div class=\"elementor-element elementor-element-bb312f7 elementor-widget elementor-widget-text-editor\" data-id=\"bb312f7\" data-element_type=\"widget\" data-widget_type=\"text-editor.default\">\n\t\t\t\t<div class=\"elementor-widget-container\">\n\t\t\t\t\t\t\t\t\t<p style=\"text-align: center;\"><span style=\"text-decoration: underline; color: #ff6600;\"><strong><a style=\"color: #ff6600; text-decoration: underline;\" href=\"http:\/\/concursos.fadesp.org.br\/pedras2019\/web\/index_recurso.php\">Respostas dos Recursos<\/a><\/strong><\/span><\/p>\t\t\t\t\t\t\t\t<\/div>\n\t\t\t\t<\/div>\n\t\t\t\t<div class=\"elementor-element elementor-element-6e736e79 elementor-widget elementor-widget-text-editor\" data-id=\"6e736e79\" data-element_type=\"widget\" data-widget_type=\"text-editor.default\">\n\t\t\t\t<div class=\"elementor-widget-container\">\n\t\t\t\t\t\t\t\t\t<p style=\"text-align: center;\"><span style=\"color: #ffffff;\"><strong>Editais<\/strong><\/span><\/p>\t\t\t\t\t\t\t\t<\/div>\n\t\t\t\t<\/div>\n\t\t\t\t<div class=\"elementor-element elementor-element-362da917 elementor-widget elementor-widget-text-editor\" data-id=\"362da917\" data-element_type=\"widget\" data-widget_type=\"text-editor.default\">\n\t\t\t\t<div class=\"elementor-widget-container\">\n\t\t\t\t\t\t\t\t\t<p style=\"text-align: center;\"><strong><a href=\"http:\/\/concursos.fadesp.org.br\/pedras2019\/arquivos\/RESULTADOS\/HOMOLOGA%C3%87%C3%83O%20DO%20RESULTADO%20FINAL%20DO%20CONCURSO%20PARA%20OS%20CARGOS%20DE%20PROFESSORES.pdf\">Homologa\u00e7\u00e3o Do Resultado Final Para Os Cargos De Professores<\/a><\/strong><\/p><p style=\"text-align: center;\"><strong><a href=\"http:\/\/concursos.fadesp.org.br\/pedras2019\/arquivos\/RESULTADOS\/PUBLICA%C3%87%C3%83O%20HOMOLOGA%C3%87%C3%83O.pdf\">Aviso Da Homologa\u00e7\u00e3o Do Resultado Do Concurso P\u00fablico Para Os Cargos De Professores<\/a><\/strong><\/p><p style=\"text-align: center;\"><strong><a href=\"http:\/\/concursos.fadesp.org.br\/pedras2019\/arquivos\/RESULTADO%20FINAL%20PRELIMINAR%20DO%20CONCURSO%20PARA%20OS%20CARGOS%20DE%20PROFESSORES%20RETIFICADO.pdf\">Resultado Final Preliminar Do Concurso Para Os Cargos De Professores &#8211;\u00a0 Retificado<\/a><\/strong><\/p><p style=\"text-align: center;\"><strong><a href=\"http:\/\/concursos.fadesp.org.br\/pedras2019\/arquivos\/RESULTADOS\/RESULTADO%20FINAL%20DA%20PROVA%20DE%20T%C3%8DTULOS%20PARA%20OS%20CARGOS%20DE%20PROFESSORES.pdf\">Resultado Final Da Prova De T\u00edtulos Para Os Cargos De Professores<\/a><\/strong><\/p><p style=\"text-align: center;\"><strong><a href=\"http:\/\/concursos.fadesp.org.br\/pedras2019\/arquivos\/RESULTADOS\/RESULTADO%20PRELIMINAR%20DA%20PROVA%20DE%20T%C3%8DTULOS%20PARA%20OS%20CARGOS%20DE%20PROFESSORES.pdf\">Resultado Preliminar Da Prova De T\u00edtulos Para Os Cargos De Professores<\/a><\/strong><\/p><p style=\"text-align: center;\"><strong><a href=\"http:\/\/concursos.fadesp.org.br\/pedras2019\/arquivos\/AVISO%20DE%20CONVOCA%C3%87%C3%83O%20%C3%80%20PROVA%20DE%20T%C3%8DTULOS.pdf\">Aviso De Convoca\u00e7\u00e3o \u00c0 Prova De T\u00edtulos <\/a><\/strong><\/p><p style=\"text-align: center;\"><strong><a href=\"http:\/\/concursos.fadesp.org.br\/pedras2019\/arquivos\/EDITAL%20DE%20CONVOCA%C3%87%C3%83O%20DA%20PROVA%20DE%20T%C3%8DTULOS%20E%20%20DE%20RETIFICA%C3%87%C3%83O%20DO%20CRONOGRAMA.pdf\">Edital De Convoca\u00e7\u00e3o Da Prova De T\u00edtulos E De Retifica\u00e7\u00e3o Do Cronograma<\/a><\/strong><\/p><p style=\"text-align: center;\"><strong><a href=\"http:\/\/concursos.fadesp.org.br\/pedras2019\/arquivos\/RESULTADOS\/AVISO%20DE%20HOMOLOGA%C3%87%C3%83O%20CONCURSO%2001-2020.pdf\">Aviso De Homologa\u00e7\u00e3o Concurso 01-2020<\/a><\/strong><\/p><p style=\"text-align: center;\"><strong><a href=\"http:\/\/concursos.fadesp.org.br\/pedras2019\/arquivos\/RESULTADOS\/Homologa%C3%A7%C3%A3o%20Edital%20n%C2%B0%2001_2019_PMPP%20Exceto%20Magist%C3%A9rio.pdf\">Homologa\u00e7\u00e3o Edital n\u00b0 01_2019_PMPP Exceto Magist\u00e9rio<\/a><\/strong><\/p><p style=\"text-align: center;\"><strong><a href=\"https:\/\/portalfadesp.org.br\/wp-content\/uploads\/2020\/03\/COMUNICADO-CONCURSO.pdf\">SUSPENS\u00c3O DA PROVA DE T\u00cdTULOS<\/a><\/strong><\/p><p style=\"text-align: center;\"><strong><a href=\"http:\/\/concursos.fadesp.org.br\/pedras2019\/arquivos\/RESULTADOS\/DF1\/Resultado%20Final%20N%C3%ADvel%20Fundamental.pdf\">Resultado Final N\u00edvel Fundamental<\/a><\/strong><\/p><p style=\"text-align: center;\"><strong><a href=\"http:\/\/concursos.fadesp.org.br\/pedras2019\/arquivos\/RESULTADOS\/DF1\/Resultado%20Final%20N%C3%ADvel%20M%C3%A9dio.pdf\">Resultado Final N\u00edvel M\u00e9dio<\/a><\/strong><\/p><p style=\"text-align: center;\"><strong><a href=\"http:\/\/concursos.fadesp.org.br\/pedras2019\/arquivos\/RESULTADOS\/DF1\/Resultado%20Final%20N%C3%ADvel%20Superior%20Exceto%20Magist%C3%A9rio.pdf\">Resultado Final N\u00edvel Superior Exceto Magist\u00e9rio<\/a><\/strong><\/p><p style=\"text-align: center;\"><strong><a href=\"http:\/\/concursos.fadesp.org.br\/pedras2019\/arquivos\/RESULTADOS\/DF1\/Resultado%20Final%20N%C3%ADvel%20Superior%20Magist%C3%A9rio.pdf\">Resultado Final N\u00edvel Superior Magist\u00e9rio<\/a><\/strong><\/p><p style=\"text-align: center;\"><strong><a href=\"http:\/\/concursos.fadesp.org.br\/pedras2019\/arquivos\/RESULTADOS\/Resultado%20Preliminar%20N%C3%ADvel%20Fundamental.pdf\">Resultado Preliminar N\u00edvel Fundamental<\/a><\/strong><\/p><p style=\"text-align: center;\"><strong><a href=\"http:\/\/concursos.fadesp.org.br\/pedras2019\/arquivos\/RESULTADOS\/Resultado%20Preliminar%20N%C3%ADvel%20M%C3%A9dio.pdf\">Resultado Preliminar N\u00edvel M\u00e9dio<\/a><\/strong><\/p><p style=\"text-align: center;\"><strong><a href=\"http:\/\/concursos.fadesp.org.br\/pedras2019\/arquivos\/RESULTADOS\/Resultado%20Preliminar%20N%C3%ADvel%20Superior%20Magist%C3%A9rio.pdf\">Resultado Preliminar N\u00edvel Superior Magist\u00e9rio<\/a><\/strong><\/p><p style=\"text-align: center;\"><strong><a href=\"http:\/\/concursos.fadesp.org.br\/pedras2019\/arquivos\/RESULTADOS\/Resultado%20Preliminar%20N%C3%ADvel%20Superior%20Exceto%20Magist%C3%A9rio.pdf\" target=\"_blank\" rel=\"noopener\">Resultado Preliminar N\u00edvel Superior Exceto Magist\u00e9rio<\/a><\/strong><\/p><p style=\"text-align: center;\"><strong><a href=\"http:\/\/concursos.fadesp.org.br\/pedras2019\/arquivos\/Gabaritos.html\">Gabaritos Definitivos<\/a><\/strong><\/p><p style=\"text-align: center;\"><strong><a href=\"http:\/\/concursos.fadesp.org.br\/pedras2019\/arquivos\/Gabaritos.html\">GABARITOS- Prefeitura Municipal de Ponta de Pedras<\/a><\/strong><\/p><p style=\"text-align: center;\"><strong><a href=\"http:\/\/concursos.fadesp.org.br\/pedras2019\/arquivos\/Provas.html\">PROVAS &#8211; Prefeitura Municipal de Ponta de Pedras<\/a><\/strong><\/p><p style=\"text-align: center;\"><strong><a href=\"http:\/\/concursos.fadesp.org.br\/pedras2019\/arquivos\/AVISO%20CART%C3%95ES%20DE%20INSCRI%C3%87%C3%83O.pdf\">AVISO CART\u00d5ES DE INSCRI\u00c7\u00c3O<\/a><\/strong><\/p><p style=\"text-align: center;\"><strong><a href=\"http:\/\/concursos.fadesp.org.br\/pedras2019\/arquivos\/Demanda%20por%20n%C3%ADvel%20e%20por%20cargo.pdf\">Demanda por n\u00edvel e por cargo<\/a><\/strong><\/p><p style=\"text-align: center;\"><strong><a href=\"http:\/\/concursos.fadesp.org.br\/pedras2019\/arquivos\/Candidatos%20Sabatistas.pdf\">Candidatos Sabatistas<\/a><\/strong><\/p><p style=\"text-align: center;\"><strong><a href=\"http:\/\/concursos.fadesp.org.br\/pedras2019\/arquivos\/Atendimento%20especial.pdf\">Atendimento especial<\/a><\/strong><\/p><p style=\"text-align: center;\"><strong><a href=\"http:\/\/concursos.fadesp.org.br\/pedras2019\/arquivos\/Edital%20n%C2%B0%2002_2020_PMPP%20Retifica%20o%20Edital%20de%20Abertura.pdf\">Edital N\u00ba 02\/2020 \u2013 PMPP \u2013 Retifica Edital 01\/2020<\/a><\/strong><\/p><p style=\"text-align: center;\"><strong><a href=\"http:\/\/concursos.fadesp.org.br\/pedras2019\/arquivos\/Retifica%C3%A7%C3%A3o%20do%20Edital%20de%20Abertura.pdf\">Retifica\u00e7\u00e3o do Edital de Abertura<\/a><\/strong><\/p><p style=\"text-align: center;\"><strong><a href=\"http:\/\/concursos.fadesp.org.br\/pedras2019\/arquivos\/RESULTADO%20FINAL%20DO%20PEDIDO%20DE%20ISEN%C3%87%C3%83O%20DE%20PAGAMENTO%20DE%20TAXA%20DE%20INSCRI%C3%87%C3%83O%20NO%20CONCURSO%20P%C3%9ABLICO%20PMPP%202020%20POR%20SEREM%20PcD.pdf\">RESULTADO FINAL DO PEDIDO DE ISEN\u00c7\u00c3O DE PAGAMENTO DE TAXA DE INSCRI\u00c7\u00c3O NO CONCURSO P\u00daBLICO PMPP 2020 POR SEREM PcD<\/a><\/strong><\/p><p style=\"text-align: center;\"><strong><a href=\"http:\/\/concursos.fadesp.org.br\/pedras2019\/arquivos\/RESULTADO%20PRELIMINAR%20DO%20PEDIDO%20DE%20ISEN%C3%87%C3%83O%20DE%20PAGAMENTO%20DE%20TAXA%20DE%20INSCRI%C3%87%C3%83O%20NO%20CONCURSO%20P%C3%9ABLICO%20PMPP%202020%20POR%20SEREM%20PcD.pdf\">RESULTADO PRELIMINAR DO PEDIDO DE ISEN\u00c7\u00c3O DE PAGAMENTO DE TAXA DE INSCRI\u00c7\u00c3O NO CONCURSO P\u00daBLICO PMPP 2020 POR SEREM PcD.<\/a><\/strong><\/p><p style=\"text-align: center;\"><strong><a href=\"https:\/\/portalfadesp.org.br\/wp-content\/uploads\/2020\/01\/Edital-01-abertura.pdf\" target=\"_blank\" rel=\"noopener\">Edital 01 &#8211; Abertura<\/a><\/strong><\/p>\t\t\t\t\t\t\t\t<\/div>\n\t\t\t\t<\/div>\n\t\t\t\t<div class=\"elementor-element elementor-element-d277a5b elementor-widget elementor-widget-text-editor\" data-id=\"d277a5b\" data-element_type=\"widget\" data-widget_type=\"text-editor.default\">\n\t\t\t\t<div class=\"elementor-widget-container\">\n\t\t\t\t\t\t\t\t\t<p><strong>Informa\u00e7\u00f5es no setor de Concursos,\u00a0<\/strong><strong>das 8h \u00e0s 17h.\u00a0<br \/><\/strong><strong>Fone: (91) 4005-7440 \/ 7441 \/ 7442 <br \/>email: concursos@fadesp.org.br<\/strong><\/p>\t\t\t\t\t\t\t\t<\/div>\n\t\t\t\t<\/div>\n\t\t\t\t\t<\/div>\n\t\t<\/div>\n\t\t\t\t\t<\/div>\n\t\t<\/section>\n\t\t\t\t\t<\/div>\n\t\t<\/div>\n\t\t\t\t\t<\/div>\n\t\t<\/section>\n\t\t\t\t<\/div>\n\t\t","protected":false},"excerpt":{"rendered":"<p>Prefeitura Municipal de Ponta de Pedras- 2020 A Prefeitura Municipal de Ponta de Pedras torna p\u00fablica a realiza\u00e7\u00e3o de concurso para o preenchimento de vagas para cargos dos quadros de pessoal efetivo e reserva de n\u00edveis Fundamental , M\u00e9dio e Superior. Vagas &#8211; 123 Cargos &#8211; Servente, Servi\u00e7os Gerais, Vigia, Secret\u00e1rio Escolar, Auxiliar Administrativo, T\u00e9cnico [&hellip;]<\/p>\n","protected":false},"author":11,"featured_media":0,"parent":329,"menu_order":55,"comment_status":"closed","ping_status":"closed","template":"","meta":{"_monsterinsights_skip_tracking":false,"_monsterinsights_sitenote_active":false,"_monsterinsights_sitenote_note":"","_monsterinsights_sitenote_category":0,"footnotes":""},"class_list":["post-5565","page","type-page","status-publish","hentry","entry"],"yoast_head":"<!-- This site is optimized with the Yoast SEO plugin v25.1 - https:\/\/yoast.com\/wordpress\/plugins\/seo\/ -->\n<title>Prefeitura Ponta de Pedras - 2020 - FADESP<\/title>\n<meta name=\"robots\" content=\"index, follow, max-snippet:-1, max-image-preview:large, max-video-preview:-1\" \/>\n<link rel=\"canonical\" href=\"https:\/\/portalfadesp.org.br\/?page_id=5565\" \/>\n<meta property=\"og:locale\" content=\"pt_BR\" \/>\n<meta property=\"og:type\" content=\"article\" \/>\n<meta property=\"og:title\" content=\"Prefeitura Ponta de Pedras - 2020 - FADESP\" \/>\n<meta property=\"og:description\" content=\"Prefeitura Municipal de Ponta de Pedras- 2020 A Prefeitura Municipal de Ponta de Pedras torna p\u00fablica a realiza\u00e7\u00e3o de concurso para o preenchimento de vagas para cargos dos quadros de pessoal efetivo e reserva de n\u00edveis Fundamental , M\u00e9dio e Superior. Vagas &#8211; 123 Cargos &#8211; Servente, Servi\u00e7os Gerais, Vigia, Secret\u00e1rio Escolar, Auxiliar Administrativo, T\u00e9cnico [&hellip;]\" \/>\n<meta property=\"og:url\" content=\"https:\/\/portalfadesp.org.br\/?page_id=5565\" \/>\n<meta property=\"og:site_name\" content=\"FADESP\" \/>\n<meta property=\"article:publisher\" content=\"https:\/\/www.facebook.com\/Fadesp-138351949524662\/\" \/>\n<meta property=\"article:modified_time\" content=\"2022-12-21T17:58:28+00:00\" \/>\n<meta name=\"twitter:card\" content=\"summary_large_image\" \/>\n<meta name=\"twitter:site\" content=\"@Fadesp\" \/>\n<meta name=\"twitter:label1\" content=\"Est. tempo de leitura\" \/>\n\t<meta name=\"twitter:data1\" content=\"2 minutos\" \/>\n<script type=\"application\/ld+json\" class=\"yoast-schema-graph\">{\"@context\":\"https:\/\/schema.org\",\"@graph\":[{\"@type\":\"WebPage\",\"@id\":\"https:\/\/portalfadesp.org.br\/?page_id=5565\",\"url\":\"https:\/\/portalfadesp.org.br\/?page_id=5565\",\"name\":\"Prefeitura Ponta de Pedras - 2020 - FADESP\",\"isPartOf\":{\"@id\":\"https:\/\/portalfadesp.org.br\/#website\"},\"datePublished\":\"2020-01-10T14:32:58+00:00\",\"dateModified\":\"2022-12-21T17:58:28+00:00\",\"breadcrumb\":{\"@id\":\"https:\/\/portalfadesp.org.br\/?page_id=5565#breadcrumb\"},\"inLanguage\":\"pt-BR\",\"potentialAction\":[{\"@type\":\"ReadAction\",\"target\":[\"https:\/\/portalfadesp.org.br\/?page_id=5565\"]}]},{\"@type\":\"BreadcrumbList\",\"@id\":\"https:\/\/portalfadesp.org.br\/?page_id=5565#breadcrumb\",\"itemListElement\":[{\"@type\":\"ListItem\",\"position\":1,\"name\":\"In\u00edcio\",\"item\":\"https:\/\/portalfadesp.org.br\/\"},{\"@type\":\"ListItem\",\"position\":2,\"name\":\"Concursos &#8211; Homologados\",\"item\":\"https:\/\/portalfadesp.org.br\/?page_id=329\"},{\"@type\":\"ListItem\",\"position\":3,\"name\":\"Prefeitura Ponta de Pedras &#8211; 2020\"}]},{\"@type\":\"WebSite\",\"@id\":\"https:\/\/portalfadesp.org.br\/#website\",\"url\":\"https:\/\/portalfadesp.org.br\/\",\"name\":\"FADESP\",\"description\":\"Funda\u00e7\u00e3o de Amparo e Desenvolvimento da Pesquisa\",\"publisher\":{\"@id\":\"https:\/\/portalfadesp.org.br\/#organization\"},\"potentialAction\":[{\"@type\":\"SearchAction\",\"target\":{\"@type\":\"EntryPoint\",\"urlTemplate\":\"https:\/\/portalfadesp.org.br\/?s={search_term_string}\"},\"query-input\":{\"@type\":\"PropertyValueSpecification\",\"valueRequired\":true,\"valueName\":\"search_term_string\"}}],\"inLanguage\":\"pt-BR\"},{\"@type\":\"Organization\",\"@id\":\"https:\/\/portalfadesp.org.br\/#organization\",\"name\":\"FADESP\",\"url\":\"https:\/\/portalfadesp.org.br\/\",\"logo\":{\"@type\":\"ImageObject\",\"inLanguage\":\"pt-BR\",\"@id\":\"https:\/\/portalfadesp.org.br\/#\/schema\/logo\/image\/\",\"url\":\"https:\/\/portalfadesp.org.br\/wp-content\/uploads\/2024\/01\/NOVOLOGOFADESPlaranjaH.png\",\"contentUrl\":\"https:\/\/portalfadesp.org.br\/wp-content\/uploads\/2024\/01\/NOVOLOGOFADESPlaranjaH.png\",\"width\":2742,\"height\":839,\"caption\":\"FADESP\"},\"image\":{\"@id\":\"https:\/\/portalfadesp.org.br\/#\/schema\/logo\/image\/\"},\"sameAs\":[\"https:\/\/www.facebook.com\/Fadesp-138351949524662\/\",\"https:\/\/x.com\/Fadesp\",\"https:\/\/www.instagram.com\/fadesp_ufpa\/\",\"https:\/\/www.youtube.com\/@fundacaodeamparoedesenvolv1903\",\"https:\/\/www.threads.net\/@fadesp_ufpa\"]}]}<\/script>\n<!-- \/ Yoast SEO plugin. -->","yoast_head_json":{"title":"Prefeitura Ponta de Pedras - 2020 - FADESP","robots":{"index":"index","follow":"follow","max-snippet":"max-snippet:-1","max-image-preview":"max-image-preview:large","max-video-preview":"max-video-preview:-1"},"canonical":"https:\/\/portalfadesp.org.br\/?page_id=5565","og_locale":"pt_BR","og_type":"article","og_title":"Prefeitura Ponta de Pedras - 2020 - FADESP","og_description":"Prefeitura Municipal de Ponta de Pedras- 2020 A Prefeitura Municipal de Ponta de Pedras torna p\u00fablica a realiza\u00e7\u00e3o de concurso para o preenchimento de vagas para cargos dos quadros de pessoal efetivo e reserva de n\u00edveis Fundamental , M\u00e9dio e Superior. Vagas &#8211; 123 Cargos &#8211; Servente, Servi\u00e7os Gerais, Vigia, Secret\u00e1rio Escolar, Auxiliar Administrativo, T\u00e9cnico [&hellip;]","og_url":"https:\/\/portalfadesp.org.br\/?page_id=5565","og_site_name":"FADESP","article_publisher":"https:\/\/www.facebook.com\/Fadesp-138351949524662\/","article_modified_time":"2022-12-21T17:58:28+00:00","twitter_card":"summary_large_image","twitter_site":"@Fadesp","twitter_misc":{"Est. tempo de leitura":"2 minutos"},"schema":{"@context":"https:\/\/schema.org","@graph":[{"@type":"WebPage","@id":"https:\/\/portalfadesp.org.br\/?page_id=5565","url":"https:\/\/portalfadesp.org.br\/?page_id=5565","name":"Prefeitura Ponta de Pedras - 2020 - FADESP","isPartOf":{"@id":"https:\/\/portalfadesp.org.br\/#website"},"datePublished":"2020-01-10T14:32:58+00:00","dateModified":"2022-12-21T17:58:28+00:00","breadcrumb":{"@id":"https:\/\/portalfadesp.org.br\/?page_id=5565#breadcrumb"},"inLanguage":"pt-BR","potentialAction":[{"@type":"ReadAction","target":["https:\/\/portalfadesp.org.br\/?page_id=5565"]}]},{"@type":"BreadcrumbList","@id":"https:\/\/portalfadesp.org.br\/?page_id=5565#breadcrumb","itemListElement":[{"@type":"ListItem","position":1,"name":"In\u00edcio","item":"https:\/\/portalfadesp.org.br\/"},{"@type":"ListItem","position":2,"name":"Concursos &#8211; Homologados","item":"https:\/\/portalfadesp.org.br\/?page_id=329"},{"@type":"ListItem","position":3,"name":"Prefeitura Ponta de Pedras &#8211; 2020"}]},{"@type":"WebSite","@id":"https:\/\/portalfadesp.org.br\/#website","url":"https:\/\/portalfadesp.org.br\/","name":"FADESP","description":"Funda\u00e7\u00e3o de Amparo e Desenvolvimento da Pesquisa","publisher":{"@id":"https:\/\/portalfadesp.org.br\/#organization"},"potentialAction":[{"@type":"SearchAction","target":{"@type":"EntryPoint","urlTemplate":"https:\/\/portalfadesp.org.br\/?s={search_term_string}"},"query-input":{"@type":"PropertyValueSpecification","valueRequired":true,"valueName":"search_term_string"}}],"inLanguage":"pt-BR"},{"@type":"Organization","@id":"https:\/\/portalfadesp.org.br\/#organization","name":"FADESP","url":"https:\/\/portalfadesp.org.br\/","logo":{"@type":"ImageObject","inLanguage":"pt-BR","@id":"https:\/\/portalfadesp.org.br\/#\/schema\/logo\/image\/","url":"https:\/\/portalfadesp.org.br\/wp-content\/uploads\/2024\/01\/NOVOLOGOFADESPlaranjaH.png","contentUrl":"https:\/\/portalfadesp.org.br\/wp-content\/uploads\/2024\/01\/NOVOLOGOFADESPlaranjaH.png","width":2742,"height":839,"caption":"FADESP"},"image":{"@id":"https:\/\/portalfadesp.org.br\/#\/schema\/logo\/image\/"},"sameAs":["https:\/\/www.facebook.com\/Fadesp-138351949524662\/","https:\/\/x.com\/Fadesp","https:\/\/www.instagram.com\/fadesp_ufpa\/","https:\/\/www.youtube.com\/@fundacaodeamparoedesenvolv1903","https:\/\/www.threads.net\/@fadesp_ufpa"]}]}},"_links":{"self":[{"href":"https:\/\/portalfadesp.org.br\/index.php?rest_route=\/wp\/v2\/pages\/5565","targetHints":{"allow":["GET"]}}],"collection":[{"href":"https:\/\/portalfadesp.org.br\/index.php?rest_route=\/wp\/v2\/pages"}],"about":[{"href":"https:\/\/portalfadesp.org.br\/index.php?rest_route=\/wp\/v2\/types\/page"}],"author":[{"embeddable":true,"href":"https:\/\/portalfadesp.org.br\/index.php?rest_route=\/wp\/v2\/users\/11"}],"replies":[{"embeddable":true,"href":"https:\/\/portalfadesp.org.br\/index.php?rest_route=%2Fwp%2Fv2%2Fcomments&post=5565"}],"version-history":[{"count":131,"href":"https:\/\/portalfadesp.org.br\/index.php?rest_route=\/wp\/v2\/pages\/5565\/revisions"}],"predecessor-version":[{"id":38773,"href":"https:\/\/portalfadesp.org.br\/index.php?rest_route=\/wp\/v2\/pages\/5565\/revisions\/38773"}],"up":[{"embeddable":true,"href":"https:\/\/portalfadesp.org.br\/index.php?rest_route=\/wp\/v2\/pages\/329"}],"wp:attachment":[{"href":"https:\/\/portalfadesp.org.br\/index.php?rest_route=%2Fwp%2Fv2%2Fmedia&parent=5565"}],"curies":[{"name":"wp","href":"https:\/\/api.w.org\/{rel}","templated":true}]}}