{"id":54228,"date":"2026-04-10T10:08:28","date_gmt":"2026-04-10T13:08:28","guid":{"rendered":"https:\/\/portalfadesp.org.br\/?page_id=54228"},"modified":"2026-04-10T10:22:55","modified_gmt":"2026-04-10T13:22:55","slug":"pagina_concurso_modelo-3","status":"publish","type":"page","link":"https:\/\/portalfadesp.org.br\/?page_id=54228","title":{"rendered":"Exame de Profici\u00eancia em Leitura em L\u00ednguas Estrangeiras \u2013 PROFILE (SESS\u00c3O DE MAIO\/2026) \u2013 FALEM\/UFPA"},"content":{"rendered":"\t\t<div data-elementor-type=\"wp-post\" data-elementor-id=\"54228\" class=\"elementor elementor-54228\" data-elementor-post-type=\"page\">\n\t\t\t\t\t\t<section class=\"elementor-section elementor-top-section elementor-element elementor-element-1f2996d1 elementor-section-boxed elementor-section-height-default elementor-section-height-default\" data-id=\"1f2996d1\" data-element_type=\"section\">\n\t\t\t\t\t\t<div class=\"elementor-container elementor-column-gap-default\">\n\t\t\t\t\t<div class=\"elementor-column elementor-col-100 elementor-top-column elementor-element elementor-element-59a4b3f8\" data-id=\"59a4b3f8\" data-element_type=\"column\">\n\t\t\t<div class=\"elementor-widget-wrap elementor-element-populated\">\n\t\t\t\t\t\t<div class=\"elementor-element elementor-element-799471af elementor-widget elementor-widget-heading\" data-id=\"799471af\" data-element_type=\"widget\" data-widget_type=\"heading.default\">\n\t\t\t\t<div class=\"elementor-widget-container\">\n\t\t\t\t\t<h1 class=\"elementor-heading-title elementor-size-default\">Exame de Profici\u00eancia em Leitura em L\u00ednguas Estrangeiras \u2013 PROFILE (SESS\u00c3O DE MAIO\/2026) \u2013 FALEM\/UFPA<\/h1>\t\t\t\t<\/div>\n\t\t\t\t<\/div>\n\t\t\t\t<section class=\"elementor-section elementor-inner-section elementor-element elementor-element-336311f elementor-section-boxed elementor-section-height-default elementor-section-height-default\" data-id=\"336311f\" data-element_type=\"section\">\n\t\t\t\t\t\t<div class=\"elementor-container elementor-column-gap-default\">\n\t\t\t\t\t<div class=\"elementor-column elementor-col-50 elementor-inner-column elementor-element elementor-element-75ca0dc3\" data-id=\"75ca0dc3\" data-element_type=\"column\">\n\t\t\t<div class=\"elementor-widget-wrap elementor-element-populated\">\n\t\t\t\t\t\t<div class=\"elementor-element elementor-element-425a3096 elementor-widget elementor-widget-text-editor\" data-id=\"425a3096\" data-element_type=\"widget\" data-widget_type=\"text-editor.default\">\n\t\t\t\t<div class=\"elementor-widget-container\">\n\t\t\t\t\t\t\t\t\t<p>A coordenadora do PROFILE, Profa. Dra. Cristina Vasconcelos Porto, por meio<br \/>da Faculdade de Letras Estrangeiras Modernas (FALEM), da Universidade<br \/>Federal do Par\u00e1, faz saber que, no per\u00edodo de 13 a 29 de abril de 2026,<br \/>estar\u00e3o abertas as inscri\u00e7\u00f5es para a Profici\u00eancia em Leitura em L\u00ednguas<br \/>Estrangeiras para os candidatos a Programas de P\u00f3s- Gradua\u00e7\u00e3o strictu sensu<br \/>(Mestrado e\/ou Doutorado). As datas relevantes est\u00e3o contidas no ANEXO I<br \/>do Edital.<\/p><p><strong>Per\u00edodo de Inscri\u00e7\u00e3o: <\/strong>13 a 29 de abril de 2026, no site da FADESP (<a href=\"http:\/\/cursoseventos.fadesp.org.br\/gui\/PortalCursosEventos.aspx\">http:\/\/cursoseventos.fadesp.org.br\/gui\/PortalCursosEventos.aspx<\/a>)<\/p><p><strong>Taxa de inscri\u00e7\u00e3o:<\/strong>\u00a0R$:80,00 (oitenta reais)<\/p><p><strong>Data da prova:<\/strong>14 de maio de 2026<\/p><p><strong>Local e hor\u00e1rio das provas:<\/strong> As provas ser\u00e3o realizadas no Campus da<br \/>UFPA, na cidade de Bel\u00e9m\/PA. Os locais e hor\u00e1rios das provas ser\u00e3o<br \/>informados aos candidatos no site do PROFILE (profile.ufpa.br) a partir das<br \/>18h do dia 6 de maio de 2026.<\/p><p><strong>Para mais informa\u00e7\u00f5es:<\/strong><\/p><p><strong>Telefone:<\/strong> (91) 3201-8779, no hor\u00e1rio de 10h \u00e0s 16h (segunda a sexta- feira, exceto feriados).<\/p><p><strong>Site do PROFILE:<\/strong>\u00a0profile.ufpa.br<br \/><strong>E-mail do PROFILE:<\/strong>\u00a0profile.falem@gmail.com<br \/><strong>Endere\u00e7o da FALEM (Faculdade de Letras Estrangeiras Modernas):\u00a0<\/strong>Pr\u00e9dio do Instituto de Letras e Comunica\u00e7\u00e3o (em frente ao Gin\u00e1sio de<br \/>Esportes); 1\u00b0 andar, lado direito, pr\u00e9dio do anexo da FALEM; Cidade\u00a0Universit\u00e1ria Prof. Jos\u00e9 da Silveira Neto; Rua Augusto Correa, 1; CEP: 66075-\u00a0110; Bel\u00e9m-PA.<\/p>\t\t\t\t\t\t\t\t<\/div>\n\t\t\t\t<\/div>\n\t\t\t\t\t<\/div>\n\t\t<\/div>\n\t\t\t\t<div class=\"elementor-column elementor-col-50 elementor-inner-column elementor-element elementor-element-79608089\" data-id=\"79608089\" data-element_type=\"column\">\n\t\t\t<div class=\"elementor-widget-wrap elementor-element-populated\">\n\t\t\t\t\t\t<div class=\"elementor-element elementor-element-7ccac55 elementor-widget elementor-widget-text-editor\" data-id=\"7ccac55\" data-element_type=\"widget\" data-widget_type=\"text-editor.default\">\n\t\t\t\t<div class=\"elementor-widget-container\">\n\t\t\t\t\t\t\t\t\t<p><span style=\"color: #ffffff;\"><strong>Editais\u00a0<\/strong><\/span><\/p>\t\t\t\t\t\t\t\t<\/div>\n\t\t\t\t<\/div>\n\t\t\t\t<div class=\"elementor-element elementor-element-368e568 elementor-widget elementor-widget-text-editor\" data-id=\"368e568\" data-element_type=\"widget\" data-widget_type=\"text-editor.default\">\n\t\t\t\t<div class=\"elementor-widget-container\">\n\t\t\t\t\t\t\t\t\t<p style=\"text-align: center;\">Edital <strong><a href=\"https:\/\/portalfadesp.org.br\/wp-content\/uploads\/2026\/04\/profile-maio2026-edital-alterado.pdf\">(Clique aqui)<\/a><\/strong><\/p>\t\t\t\t\t\t\t\t<\/div>\n\t\t\t\t<\/div>\n\t\t\t\t\t<\/div>\n\t\t<\/div>\n\t\t\t\t\t<\/div>\n\t\t<\/section>\n\t\t\t\t\t<\/div>\n\t\t<\/div>\n\t\t\t\t\t<\/div>\n\t\t<\/section>\n\t\t\t\t<\/div>\n\t\t","protected":false},"excerpt":{"rendered":"<p>Exame de Profici\u00eancia em Leitura em L\u00ednguas Estrangeiras \u2013 PROFILE (SESS\u00c3O DE MAIO\/2026) \u2013 FALEM\/UFPA A coordenadora do PROFILE, Profa. Dra. Cristina Vasconcelos Porto, por meioda Faculdade de Letras Estrangeiras Modernas (FALEM), da UniversidadeFederal do Par\u00e1, faz saber que, no per\u00edodo de 13 a 29 de abril de 2026,estar\u00e3o abertas as inscri\u00e7\u00f5es para a Profici\u00eancia [&hellip;]<\/p>\n","protected":false},"author":12,"featured_media":0,"parent":0,"menu_order":0,"comment_status":"closed","ping_status":"closed","template":"","meta":{"_monsterinsights_skip_tracking":false,"_monsterinsights_sitenote_active":false,"_monsterinsights_sitenote_note":"","_monsterinsights_sitenote_category":0,"footnotes":""},"class_list":["post-54228","page","type-page","status-publish","hentry","entry"],"yoast_head":"<!-- This site is optimized with the Yoast SEO plugin v25.1 - https:\/\/yoast.com\/wordpress\/plugins\/seo\/ -->\n<title>Exame de Profici\u00eancia em Leitura em L\u00ednguas Estrangeiras \u2013 PROFILE (SESS\u00c3O DE MAIO\/2026) \u2013 FALEM\/UFPA - FADESP<\/title>\n<meta name=\"robots\" content=\"index, follow, max-snippet:-1, max-image-preview:large, max-video-preview:-1\" \/>\n<link rel=\"canonical\" href=\"https:\/\/portalfadesp.org.br\/?page_id=54228\" \/>\n<meta property=\"og:locale\" content=\"pt_BR\" \/>\n<meta property=\"og:type\" content=\"article\" \/>\n<meta property=\"og:title\" content=\"Exame de Profici\u00eancia em Leitura em L\u00ednguas Estrangeiras \u2013 PROFILE (SESS\u00c3O DE MAIO\/2026) \u2013 FALEM\/UFPA - FADESP\" \/>\n<meta property=\"og:description\" content=\"Exame de Profici\u00eancia em Leitura em L\u00ednguas Estrangeiras \u2013 PROFILE (SESS\u00c3O DE MAIO\/2026) \u2013 FALEM\/UFPA A coordenadora do PROFILE, Profa. Dra. Cristina Vasconcelos Porto, por meioda Faculdade de Letras Estrangeiras Modernas (FALEM), da UniversidadeFederal do Par\u00e1, faz saber que, no per\u00edodo de 13 a 29 de abril de 2026,estar\u00e3o abertas as inscri\u00e7\u00f5es para a Profici\u00eancia [&hellip;]\" \/>\n<meta property=\"og:url\" content=\"https:\/\/portalfadesp.org.br\/?page_id=54228\" \/>\n<meta property=\"og:site_name\" content=\"FADESP\" \/>\n<meta property=\"article:publisher\" content=\"https:\/\/www.facebook.com\/Fadesp-138351949524662\/\" \/>\n<meta property=\"article:modified_time\" content=\"2026-04-10T13:22:55+00:00\" \/>\n<meta name=\"twitter:card\" content=\"summary_large_image\" \/>\n<meta name=\"twitter:site\" content=\"@Fadesp\" \/>\n<meta name=\"twitter:label1\" content=\"Est. tempo de leitura\" \/>\n\t<meta name=\"twitter:data1\" content=\"2 minutos\" \/>\n<script type=\"application\/ld+json\" class=\"yoast-schema-graph\">{\"@context\":\"https:\/\/schema.org\",\"@graph\":[{\"@type\":\"WebPage\",\"@id\":\"https:\/\/portalfadesp.org.br\/?page_id=54228\",\"url\":\"https:\/\/portalfadesp.org.br\/?page_id=54228\",\"name\":\"Exame de Profici\u00eancia em Leitura em L\u00ednguas Estrangeiras \u2013 PROFILE (SESS\u00c3O DE MAIO\/2026) \u2013 FALEM\/UFPA - FADESP\",\"isPartOf\":{\"@id\":\"https:\/\/portalfadesp.org.br\/#website\"},\"datePublished\":\"2026-04-10T13:08:28+00:00\",\"dateModified\":\"2026-04-10T13:22:55+00:00\",\"breadcrumb\":{\"@id\":\"https:\/\/portalfadesp.org.br\/?page_id=54228#breadcrumb\"},\"inLanguage\":\"pt-BR\",\"potentialAction\":[{\"@type\":\"ReadAction\",\"target\":[\"https:\/\/portalfadesp.org.br\/?page_id=54228\"]}]},{\"@type\":\"BreadcrumbList\",\"@id\":\"https:\/\/portalfadesp.org.br\/?page_id=54228#breadcrumb\",\"itemListElement\":[{\"@type\":\"ListItem\",\"position\":1,\"name\":\"In\u00edcio\",\"item\":\"https:\/\/portalfadesp.org.br\/\"},{\"@type\":\"ListItem\",\"position\":2,\"name\":\"Exame de Profici\u00eancia em Leitura em L\u00ednguas Estrangeiras \u2013 PROFILE (SESS\u00c3O DE MAIO\/2026) \u2013 FALEM\/UFPA\"}]},{\"@type\":\"WebSite\",\"@id\":\"https:\/\/portalfadesp.org.br\/#website\",\"url\":\"https:\/\/portalfadesp.org.br\/\",\"name\":\"FADESP\",\"description\":\"Funda\u00e7\u00e3o de Amparo e Desenvolvimento da Pesquisa\",\"publisher\":{\"@id\":\"https:\/\/portalfadesp.org.br\/#organization\"},\"potentialAction\":[{\"@type\":\"SearchAction\",\"target\":{\"@type\":\"EntryPoint\",\"urlTemplate\":\"https:\/\/portalfadesp.org.br\/?s={search_term_string}\"},\"query-input\":{\"@type\":\"PropertyValueSpecification\",\"valueRequired\":true,\"valueName\":\"search_term_string\"}}],\"inLanguage\":\"pt-BR\"},{\"@type\":\"Organization\",\"@id\":\"https:\/\/portalfadesp.org.br\/#organization\",\"name\":\"FADESP\",\"url\":\"https:\/\/portalfadesp.org.br\/\",\"logo\":{\"@type\":\"ImageObject\",\"inLanguage\":\"pt-BR\",\"@id\":\"https:\/\/portalfadesp.org.br\/#\/schema\/logo\/image\/\",\"url\":\"https:\/\/portalfadesp.org.br\/wp-content\/uploads\/2024\/01\/NOVOLOGOFADESPlaranjaH.png\",\"contentUrl\":\"https:\/\/portalfadesp.org.br\/wp-content\/uploads\/2024\/01\/NOVOLOGOFADESPlaranjaH.png\",\"width\":2742,\"height\":839,\"caption\":\"FADESP\"},\"image\":{\"@id\":\"https:\/\/portalfadesp.org.br\/#\/schema\/logo\/image\/\"},\"sameAs\":[\"https:\/\/www.facebook.com\/Fadesp-138351949524662\/\",\"https:\/\/x.com\/Fadesp\",\"https:\/\/www.instagram.com\/fadesp_ufpa\/\",\"https:\/\/www.youtube.com\/@fundacaodeamparoedesenvolv1903\",\"https:\/\/www.threads.net\/@fadesp_ufpa\"]}]}<\/script>\n<!-- \/ Yoast SEO plugin. -->","yoast_head_json":{"title":"Exame de Profici\u00eancia em Leitura em L\u00ednguas Estrangeiras \u2013 PROFILE (SESS\u00c3O DE MAIO\/2026) \u2013 FALEM\/UFPA - FADESP","robots":{"index":"index","follow":"follow","max-snippet":"max-snippet:-1","max-image-preview":"max-image-preview:large","max-video-preview":"max-video-preview:-1"},"canonical":"https:\/\/portalfadesp.org.br\/?page_id=54228","og_locale":"pt_BR","og_type":"article","og_title":"Exame de Profici\u00eancia em Leitura em L\u00ednguas Estrangeiras \u2013 PROFILE (SESS\u00c3O DE MAIO\/2026) \u2013 FALEM\/UFPA - FADESP","og_description":"Exame de Profici\u00eancia em Leitura em L\u00ednguas Estrangeiras \u2013 PROFILE (SESS\u00c3O DE MAIO\/2026) \u2013 FALEM\/UFPA A coordenadora do PROFILE, Profa. Dra. Cristina Vasconcelos Porto, por meioda Faculdade de Letras Estrangeiras Modernas (FALEM), da UniversidadeFederal do Par\u00e1, faz saber que, no per\u00edodo de 13 a 29 de abril de 2026,estar\u00e3o abertas as inscri\u00e7\u00f5es para a Profici\u00eancia [&hellip;]","og_url":"https:\/\/portalfadesp.org.br\/?page_id=54228","og_site_name":"FADESP","article_publisher":"https:\/\/www.facebook.com\/Fadesp-138351949524662\/","article_modified_time":"2026-04-10T13:22:55+00:00","twitter_card":"summary_large_image","twitter_site":"@Fadesp","twitter_misc":{"Est. tempo de leitura":"2 minutos"},"schema":{"@context":"https:\/\/schema.org","@graph":[{"@type":"WebPage","@id":"https:\/\/portalfadesp.org.br\/?page_id=54228","url":"https:\/\/portalfadesp.org.br\/?page_id=54228","name":"Exame de Profici\u00eancia em Leitura em L\u00ednguas Estrangeiras \u2013 PROFILE (SESS\u00c3O DE MAIO\/2026) \u2013 FALEM\/UFPA - FADESP","isPartOf":{"@id":"https:\/\/portalfadesp.org.br\/#website"},"datePublished":"2026-04-10T13:08:28+00:00","dateModified":"2026-04-10T13:22:55+00:00","breadcrumb":{"@id":"https:\/\/portalfadesp.org.br\/?page_id=54228#breadcrumb"},"inLanguage":"pt-BR","potentialAction":[{"@type":"ReadAction","target":["https:\/\/portalfadesp.org.br\/?page_id=54228"]}]},{"@type":"BreadcrumbList","@id":"https:\/\/portalfadesp.org.br\/?page_id=54228#breadcrumb","itemListElement":[{"@type":"ListItem","position":1,"name":"In\u00edcio","item":"https:\/\/portalfadesp.org.br\/"},{"@type":"ListItem","position":2,"name":"Exame de Profici\u00eancia em Leitura em L\u00ednguas Estrangeiras \u2013 PROFILE (SESS\u00c3O DE MAIO\/2026) \u2013 FALEM\/UFPA"}]},{"@type":"WebSite","@id":"https:\/\/portalfadesp.org.br\/#website","url":"https:\/\/portalfadesp.org.br\/","name":"FADESP","description":"Funda\u00e7\u00e3o de Amparo e Desenvolvimento da Pesquisa","publisher":{"@id":"https:\/\/portalfadesp.org.br\/#organization"},"potentialAction":[{"@type":"SearchAction","target":{"@type":"EntryPoint","urlTemplate":"https:\/\/portalfadesp.org.br\/?s={search_term_string}"},"query-input":{"@type":"PropertyValueSpecification","valueRequired":true,"valueName":"search_term_string"}}],"inLanguage":"pt-BR"},{"@type":"Organization","@id":"https:\/\/portalfadesp.org.br\/#organization","name":"FADESP","url":"https:\/\/portalfadesp.org.br\/","logo":{"@type":"ImageObject","inLanguage":"pt-BR","@id":"https:\/\/portalfadesp.org.br\/#\/schema\/logo\/image\/","url":"https:\/\/portalfadesp.org.br\/wp-content\/uploads\/2024\/01\/NOVOLOGOFADESPlaranjaH.png","contentUrl":"https:\/\/portalfadesp.org.br\/wp-content\/uploads\/2024\/01\/NOVOLOGOFADESPlaranjaH.png","width":2742,"height":839,"caption":"FADESP"},"image":{"@id":"https:\/\/portalfadesp.org.br\/#\/schema\/logo\/image\/"},"sameAs":["https:\/\/www.facebook.com\/Fadesp-138351949524662\/","https:\/\/x.com\/Fadesp","https:\/\/www.instagram.com\/fadesp_ufpa\/","https:\/\/www.youtube.com\/@fundacaodeamparoedesenvolv1903","https:\/\/www.threads.net\/@fadesp_ufpa"]}]}},"_links":{"self":[{"href":"https:\/\/portalfadesp.org.br\/index.php?rest_route=\/wp\/v2\/pages\/54228","targetHints":{"allow":["GET"]}}],"collection":[{"href":"https:\/\/portalfadesp.org.br\/index.php?rest_route=\/wp\/v2\/pages"}],"about":[{"href":"https:\/\/portalfadesp.org.br\/index.php?rest_route=\/wp\/v2\/types\/page"}],"author":[{"embeddable":true,"href":"https:\/\/portalfadesp.org.br\/index.php?rest_route=\/wp\/v2\/users\/12"}],"replies":[{"embeddable":true,"href":"https:\/\/portalfadesp.org.br\/index.php?rest_route=%2Fwp%2Fv2%2Fcomments&post=54228"}],"version-history":[{"count":5,"href":"https:\/\/portalfadesp.org.br\/index.php?rest_route=\/wp\/v2\/pages\/54228\/revisions"}],"predecessor-version":[{"id":54235,"href":"https:\/\/portalfadesp.org.br\/index.php?rest_route=\/wp\/v2\/pages\/54228\/revisions\/54235"}],"wp:attachment":[{"href":"https:\/\/portalfadesp.org.br\/index.php?rest_route=%2Fwp%2Fv2%2Fmedia&parent=54228"}],"curies":[{"name":"wp","href":"https:\/\/api.w.org\/{rel}","templated":true}]}}