{"id":52161,"date":"2025-09-12T14:35:57","date_gmt":"2025-09-12T17:35:57","guid":{"rendered":"https:\/\/portalfadesp.org.br\/?page_id=52161"},"modified":"2025-12-11T11:56:22","modified_gmt":"2025-12-11T14:56:22","slug":"pagina_modelo-19-13-31","status":"publish","type":"page","link":"https:\/\/portalfadesp.org.br\/?page_id=52161","title":{"rendered":"CURSO DE ESPECIALIZA\u00c7\u00c3O EM DOC\u00caNCIA NO ENSINO SUPERIOR (UFPA) &#8211; 2025"},"content":{"rendered":"\t\t<div data-elementor-type=\"wp-post\" data-elementor-id=\"52161\" class=\"elementor elementor-52161\" data-elementor-post-type=\"page\">\n\t\t\t\t\t\t<section class=\"elementor-section elementor-top-section elementor-element elementor-element-1f2996d1 elementor-section-boxed elementor-section-height-default elementor-section-height-default\" data-id=\"1f2996d1\" data-element_type=\"section\">\n\t\t\t\t\t\t<div class=\"elementor-container elementor-column-gap-default\">\n\t\t\t\t\t<div class=\"elementor-column elementor-col-100 elementor-top-column elementor-element elementor-element-59a4b3f8\" data-id=\"59a4b3f8\" data-element_type=\"column\">\n\t\t\t<div class=\"elementor-widget-wrap elementor-element-populated\">\n\t\t\t\t\t\t<div class=\"elementor-element elementor-element-799471af elementor-widget elementor-widget-heading\" data-id=\"799471af\" data-element_type=\"widget\" data-widget_type=\"heading.default\">\n\t\t\t\t<div class=\"elementor-widget-container\">\n\t\t\t\t\t<h1 class=\"elementor-heading-title elementor-size-default\">CURSO DE ESPECIALIZA\u00c7\u00c3O EM DOC\u00caNCIA NO ENSINO SUPERIOR (UFPA) - 2025<\/h1>\t\t\t\t<\/div>\n\t\t\t\t<\/div>\n\t\t\t\t<section class=\"elementor-section elementor-inner-section elementor-element elementor-element-336311f elementor-section-boxed elementor-section-height-default elementor-section-height-default\" data-id=\"336311f\" data-element_type=\"section\">\n\t\t\t\t\t\t<div class=\"elementor-container elementor-column-gap-default\">\n\t\t\t\t\t<div class=\"elementor-column elementor-col-50 elementor-inner-column elementor-element elementor-element-75ca0dc3\" data-id=\"75ca0dc3\" data-element_type=\"column\">\n\t\t\t<div class=\"elementor-widget-wrap elementor-element-populated\">\n\t\t\t\t\t\t<div class=\"elementor-element elementor-element-425a3096 elementor-widget elementor-widget-text-editor\" data-id=\"425a3096\" data-element_type=\"widget\" data-widget_type=\"text-editor.default\">\n\t\t\t\t<div class=\"elementor-widget-container\">\n\t\t\t\t\t\t\t\t\t<p>A Universidade Federal do Par\u00e1 torna p\u00fablico o Edital para a sele\u00e7\u00e3o de candidatos ao CURSO DE ESPECIALIZA\u00c7\u00c3O EM DOC\u00caNCIA NO ENSINO SUPERIOR, aprovado na modalidade \u00e0 dist\u00e2ncia pela Resolu\u00e7\u00e3o CONSEPE Resolu\u00e7\u00e3o n. 5.797, de 19 de setembro de 2024 \u2013 CONSEPE, obedecendo as datas e demais condi\u00e7\u00f5es especificadas, a seguir:<\/p><p><b>Objetivo do curso: <\/b>Desenvolver compet\u00eancias e habilidades pedag\u00f3gicas e tecnol\u00f3gicas em profissionais graduados<br \/>de diversas \u00e1reas, capacitando-os para atuarem como docentes no ensino superior, promovendo<br \/>a excel\u00eancia acad\u00eamica e o aprimoramento cont\u00ednuo.<\/p><p><strong>P\u00fablico-Alvo: <\/strong>Profissionais graduados em qualquer \u00e1rea do conhecimento, com interesse em aprimorar suas<br \/>habilidades pedag\u00f3gicas e profissionais para atua\u00e7\u00e3o no ensino superior.<\/p><p><b>Dura\u00e7\u00e3o:\u00a0<\/b>14 meses<\/p><p><strong>Carga Hor\u00e1ria:\u00a0<\/strong>400 H<\/p><p><strong>Vagas: <\/strong>300 (trezentas) vagas, dentre as quais 30% ser\u00e3o reservadas \u00e0 demanda social, t\u00e9cnicos<br \/>e docentes efetivos da UFPA.<\/p><p><strong>Per\u00edodo de Inscri\u00e7\u00e3o:<\/strong>10\/12\/2025 a 13\/01\/2026<\/p><p>N\u00e3o haver\u00e1 cobran\u00e7a de taxa de inscri\u00e7\u00e3o para participa\u00e7\u00e3o neste processo seletivo.<\/p><p>A inscri\u00e7\u00e3o no processo seletivo do curso, deve ser realizada no Portal do Sigaa da UFPA, pelo link: <strong>https:\/\/sigaa.ufpa.br\/sigaa\/public\/processo_seletivo\/lista.jsf?nivel=L&amp;aba=p-<\/strong><br \/><strong>lato\u00a0<\/strong><\/p><p><strong>Matr\u00edcula:<\/strong> R$ 299,00 reais<\/p><p><strong>Mensalidade:<\/strong> 14 parcelas de R$399,00 reais.<\/p><p><strong>Descontos especiais nas mensalidades:<\/strong><br \/>&#8211; Benef\u00edcio de Pontualidade: R$ 299,00*<\/p><p><strong>Observa\u00e7\u00e3o:<\/strong> *O desconto s\u00f3 ser\u00e1 mantido para o pagamento realizado at\u00e9 o dia 15 de cada m\u00eas. Em caso de atraso, a parcela perder\u00e1 o benef\u00edcio da pontualidade retornando ao valor<br \/>normal.<\/p>\t\t\t\t\t\t\t\t<\/div>\n\t\t\t\t<\/div>\n\t\t\t\t\t<\/div>\n\t\t<\/div>\n\t\t\t\t<div class=\"elementor-column elementor-col-50 elementor-inner-column elementor-element elementor-element-79608089\" data-id=\"79608089\" data-element_type=\"column\">\n\t\t\t<div class=\"elementor-widget-wrap elementor-element-populated\">\n\t\t\t\t\t\t<div class=\"elementor-element elementor-element-7ccac55 elementor-widget elementor-widget-text-editor\" data-id=\"7ccac55\" data-element_type=\"widget\" data-widget_type=\"text-editor.default\">\n\t\t\t\t<div class=\"elementor-widget-container\">\n\t\t\t\t\t\t\t\t\t<p><span style=\"color: #ffffff;\"><strong>Editais\u00a0<\/strong><\/span><\/p>\t\t\t\t\t\t\t\t<\/div>\n\t\t\t\t<\/div>\n\t\t\t\t<div class=\"elementor-element elementor-element-368e568 elementor-widget elementor-widget-text-editor\" data-id=\"368e568\" data-element_type=\"widget\" data-widget_type=\"text-editor.default\">\n\t\t\t\t<div class=\"elementor-widget-container\">\n\t\t\t\t\t\t\t\t\t<p style=\"text-align: center;\">VAGAS REMANESCENTES EDITAL 02\/2025 <strong><a href=\"https:\/\/portalfadesp.org.br\/wp-content\/uploads\/2025\/12\/Edital_02-2025-DOCENCIA-1.pdf\">(Clique aqui)<\/a> <\/strong><\/p><p style=\"text-align: center;\">Edital N\u00ba 01\/2025 <strong><a href=\"https:\/\/portalfadesp.org.br\/wp-content\/uploads\/2025\/09\/Edital_01-2025-DOCENCIA.pdf\">(Clique aqui)<\/a><\/strong><\/p><p style=\"text-align: center;\">Anexo I &#8211; Curriculum Lattes <strong><a href=\"https:\/\/portalfadesp.org.br\/wp-content\/uploads\/2025\/09\/ANEXO-I-Curriculum-Lattes_Docencia.docx\">(Clique aqui)<\/a><\/strong><\/p><p style=\"text-align: center;\">Anexo II &#8211; Modelo de Projeto de Aplica\u00e7\u00e3o <strong><a href=\"https:\/\/portalfadesp.org.br\/wp-content\/uploads\/2025\/09\/ANEXO-II-Modelo-de-Projeto-de-Aplicacao-docencia.docx\">(Clique aqui)<\/a><\/strong><\/p><p style=\"text-align: center;\">Anexo III &#8211; Autodeclara\u00e7\u00e3o de Desemprego<strong> <a href=\"https:\/\/portalfadesp.org.br\/wp-content\/uploads\/2025\/09\/ANEXO-III-Autodeclaracao-de-desemprego.docx\">(Clique aqui)<\/a><\/strong><\/p><p style=\"text-align: center;\">Anexo IV &#8211; Sem V\u00ednculo na P\u00f3s <strong><a href=\"https:\/\/portalfadesp.org.br\/wp-content\/uploads\/2025\/09\/ANEXO-IV-Sem-vinculo-na-pos.docx\">(Clique aqui)<\/a><\/strong><\/p>\t\t\t\t\t\t\t\t<\/div>\n\t\t\t\t<\/div>\n\t\t\t\t\t<\/div>\n\t\t<\/div>\n\t\t\t\t\t<\/div>\n\t\t<\/section>\n\t\t\t\t\t<\/div>\n\t\t<\/div>\n\t\t\t\t\t<\/div>\n\t\t<\/section>\n\t\t\t\t<\/div>\n\t\t","protected":false},"excerpt":{"rendered":"<p>CURSO DE ESPECIALIZA\u00c7\u00c3O EM DOC\u00caNCIA NO ENSINO SUPERIOR (UFPA) &#8211; 2025 A Universidade Federal do Par\u00e1 torna p\u00fablico o Edital para a sele\u00e7\u00e3o de candidatos ao CURSO DE ESPECIALIZA\u00c7\u00c3O EM DOC\u00caNCIA NO ENSINO SUPERIOR, aprovado na modalidade \u00e0 dist\u00e2ncia pela Resolu\u00e7\u00e3o CONSEPE Resolu\u00e7\u00e3o n. 5.797, de 19 de setembro de 2024 \u2013 CONSEPE, obedecendo as [&hellip;]<\/p>\n","protected":false},"author":12,"featured_media":0,"parent":0,"menu_order":0,"comment_status":"closed","ping_status":"closed","template":"","meta":{"_monsterinsights_skip_tracking":false,"_monsterinsights_sitenote_active":false,"_monsterinsights_sitenote_note":"","_monsterinsights_sitenote_category":0,"footnotes":""},"class_list":["post-52161","page","type-page","status-publish","hentry","entry"],"yoast_head":"<!-- This site is optimized with the Yoast SEO plugin v25.1 - https:\/\/yoast.com\/wordpress\/plugins\/seo\/ -->\n<title>CURSO DE ESPECIALIZA\u00c7\u00c3O EM DOC\u00caNCIA NO ENSINO SUPERIOR (UFPA) - 2025 - FADESP<\/title>\n<meta name=\"robots\" content=\"index, follow, max-snippet:-1, max-image-preview:large, max-video-preview:-1\" \/>\n<link rel=\"canonical\" href=\"https:\/\/portalfadesp.org.br\/?page_id=52161\" \/>\n<meta property=\"og:locale\" content=\"pt_BR\" \/>\n<meta property=\"og:type\" content=\"article\" \/>\n<meta property=\"og:title\" content=\"CURSO DE ESPECIALIZA\u00c7\u00c3O EM DOC\u00caNCIA NO ENSINO SUPERIOR (UFPA) - 2025 - FADESP\" \/>\n<meta property=\"og:description\" content=\"CURSO DE ESPECIALIZA\u00c7\u00c3O EM DOC\u00caNCIA NO ENSINO SUPERIOR (UFPA) &#8211; 2025 A Universidade Federal do Par\u00e1 torna p\u00fablico o Edital para a sele\u00e7\u00e3o de candidatos ao CURSO DE ESPECIALIZA\u00c7\u00c3O EM DOC\u00caNCIA NO ENSINO SUPERIOR, aprovado na modalidade \u00e0 dist\u00e2ncia pela Resolu\u00e7\u00e3o CONSEPE Resolu\u00e7\u00e3o n. 5.797, de 19 de setembro de 2024 \u2013 CONSEPE, obedecendo as [&hellip;]\" \/>\n<meta property=\"og:url\" content=\"https:\/\/portalfadesp.org.br\/?page_id=52161\" \/>\n<meta property=\"og:site_name\" content=\"FADESP\" \/>\n<meta property=\"article:publisher\" content=\"https:\/\/www.facebook.com\/Fadesp-138351949524662\/\" \/>\n<meta property=\"article:modified_time\" content=\"2025-12-11T14:56:22+00:00\" \/>\n<meta name=\"twitter:card\" content=\"summary_large_image\" \/>\n<meta name=\"twitter:site\" content=\"@Fadesp\" \/>\n<meta name=\"twitter:label1\" content=\"Est. tempo de leitura\" \/>\n\t<meta name=\"twitter:data1\" content=\"2 minutos\" \/>\n<script type=\"application\/ld+json\" class=\"yoast-schema-graph\">{\"@context\":\"https:\/\/schema.org\",\"@graph\":[{\"@type\":\"WebPage\",\"@id\":\"https:\/\/portalfadesp.org.br\/?page_id=52161\",\"url\":\"https:\/\/portalfadesp.org.br\/?page_id=52161\",\"name\":\"CURSO DE ESPECIALIZA\u00c7\u00c3O EM DOC\u00caNCIA NO ENSINO SUPERIOR (UFPA) - 2025 - FADESP\",\"isPartOf\":{\"@id\":\"https:\/\/portalfadesp.org.br\/#website\"},\"datePublished\":\"2025-09-12T17:35:57+00:00\",\"dateModified\":\"2025-12-11T14:56:22+00:00\",\"breadcrumb\":{\"@id\":\"https:\/\/portalfadesp.org.br\/?page_id=52161#breadcrumb\"},\"inLanguage\":\"pt-BR\",\"potentialAction\":[{\"@type\":\"ReadAction\",\"target\":[\"https:\/\/portalfadesp.org.br\/?page_id=52161\"]}]},{\"@type\":\"BreadcrumbList\",\"@id\":\"https:\/\/portalfadesp.org.br\/?page_id=52161#breadcrumb\",\"itemListElement\":[{\"@type\":\"ListItem\",\"position\":1,\"name\":\"In\u00edcio\",\"item\":\"https:\/\/portalfadesp.org.br\/\"},{\"@type\":\"ListItem\",\"position\":2,\"name\":\"CURSO DE ESPECIALIZA\u00c7\u00c3O EM DOC\u00caNCIA NO ENSINO SUPERIOR (UFPA) &#8211; 2025\"}]},{\"@type\":\"WebSite\",\"@id\":\"https:\/\/portalfadesp.org.br\/#website\",\"url\":\"https:\/\/portalfadesp.org.br\/\",\"name\":\"FADESP\",\"description\":\"Funda\u00e7\u00e3o de Amparo e Desenvolvimento da Pesquisa\",\"publisher\":{\"@id\":\"https:\/\/portalfadesp.org.br\/#organization\"},\"potentialAction\":[{\"@type\":\"SearchAction\",\"target\":{\"@type\":\"EntryPoint\",\"urlTemplate\":\"https:\/\/portalfadesp.org.br\/?s={search_term_string}\"},\"query-input\":{\"@type\":\"PropertyValueSpecification\",\"valueRequired\":true,\"valueName\":\"search_term_string\"}}],\"inLanguage\":\"pt-BR\"},{\"@type\":\"Organization\",\"@id\":\"https:\/\/portalfadesp.org.br\/#organization\",\"name\":\"FADESP\",\"url\":\"https:\/\/portalfadesp.org.br\/\",\"logo\":{\"@type\":\"ImageObject\",\"inLanguage\":\"pt-BR\",\"@id\":\"https:\/\/portalfadesp.org.br\/#\/schema\/logo\/image\/\",\"url\":\"https:\/\/portalfadesp.org.br\/wp-content\/uploads\/2024\/01\/NOVOLOGOFADESPlaranjaH.png\",\"contentUrl\":\"https:\/\/portalfadesp.org.br\/wp-content\/uploads\/2024\/01\/NOVOLOGOFADESPlaranjaH.png\",\"width\":2742,\"height\":839,\"caption\":\"FADESP\"},\"image\":{\"@id\":\"https:\/\/portalfadesp.org.br\/#\/schema\/logo\/image\/\"},\"sameAs\":[\"https:\/\/www.facebook.com\/Fadesp-138351949524662\/\",\"https:\/\/x.com\/Fadesp\",\"https:\/\/www.instagram.com\/fadesp_ufpa\/\",\"https:\/\/www.youtube.com\/@fundacaodeamparoedesenvolv1903\",\"https:\/\/www.threads.net\/@fadesp_ufpa\"]}]}<\/script>\n<!-- \/ Yoast SEO plugin. -->","yoast_head_json":{"title":"CURSO DE ESPECIALIZA\u00c7\u00c3O EM DOC\u00caNCIA NO ENSINO SUPERIOR (UFPA) - 2025 - FADESP","robots":{"index":"index","follow":"follow","max-snippet":"max-snippet:-1","max-image-preview":"max-image-preview:large","max-video-preview":"max-video-preview:-1"},"canonical":"https:\/\/portalfadesp.org.br\/?page_id=52161","og_locale":"pt_BR","og_type":"article","og_title":"CURSO DE ESPECIALIZA\u00c7\u00c3O EM DOC\u00caNCIA NO ENSINO SUPERIOR (UFPA) - 2025 - FADESP","og_description":"CURSO DE ESPECIALIZA\u00c7\u00c3O EM DOC\u00caNCIA NO ENSINO SUPERIOR (UFPA) &#8211; 2025 A Universidade Federal do Par\u00e1 torna p\u00fablico o Edital para a sele\u00e7\u00e3o de candidatos ao CURSO DE ESPECIALIZA\u00c7\u00c3O EM DOC\u00caNCIA NO ENSINO SUPERIOR, aprovado na modalidade \u00e0 dist\u00e2ncia pela Resolu\u00e7\u00e3o CONSEPE Resolu\u00e7\u00e3o n. 5.797, de 19 de setembro de 2024 \u2013 CONSEPE, obedecendo as [&hellip;]","og_url":"https:\/\/portalfadesp.org.br\/?page_id=52161","og_site_name":"FADESP","article_publisher":"https:\/\/www.facebook.com\/Fadesp-138351949524662\/","article_modified_time":"2025-12-11T14:56:22+00:00","twitter_card":"summary_large_image","twitter_site":"@Fadesp","twitter_misc":{"Est. tempo de leitura":"2 minutos"},"schema":{"@context":"https:\/\/schema.org","@graph":[{"@type":"WebPage","@id":"https:\/\/portalfadesp.org.br\/?page_id=52161","url":"https:\/\/portalfadesp.org.br\/?page_id=52161","name":"CURSO DE ESPECIALIZA\u00c7\u00c3O EM DOC\u00caNCIA NO ENSINO SUPERIOR (UFPA) - 2025 - FADESP","isPartOf":{"@id":"https:\/\/portalfadesp.org.br\/#website"},"datePublished":"2025-09-12T17:35:57+00:00","dateModified":"2025-12-11T14:56:22+00:00","breadcrumb":{"@id":"https:\/\/portalfadesp.org.br\/?page_id=52161#breadcrumb"},"inLanguage":"pt-BR","potentialAction":[{"@type":"ReadAction","target":["https:\/\/portalfadesp.org.br\/?page_id=52161"]}]},{"@type":"BreadcrumbList","@id":"https:\/\/portalfadesp.org.br\/?page_id=52161#breadcrumb","itemListElement":[{"@type":"ListItem","position":1,"name":"In\u00edcio","item":"https:\/\/portalfadesp.org.br\/"},{"@type":"ListItem","position":2,"name":"CURSO DE ESPECIALIZA\u00c7\u00c3O EM DOC\u00caNCIA NO ENSINO SUPERIOR (UFPA) &#8211; 2025"}]},{"@type":"WebSite","@id":"https:\/\/portalfadesp.org.br\/#website","url":"https:\/\/portalfadesp.org.br\/","name":"FADESP","description":"Funda\u00e7\u00e3o de Amparo e Desenvolvimento da Pesquisa","publisher":{"@id":"https:\/\/portalfadesp.org.br\/#organization"},"potentialAction":[{"@type":"SearchAction","target":{"@type":"EntryPoint","urlTemplate":"https:\/\/portalfadesp.org.br\/?s={search_term_string}"},"query-input":{"@type":"PropertyValueSpecification","valueRequired":true,"valueName":"search_term_string"}}],"inLanguage":"pt-BR"},{"@type":"Organization","@id":"https:\/\/portalfadesp.org.br\/#organization","name":"FADESP","url":"https:\/\/portalfadesp.org.br\/","logo":{"@type":"ImageObject","inLanguage":"pt-BR","@id":"https:\/\/portalfadesp.org.br\/#\/schema\/logo\/image\/","url":"https:\/\/portalfadesp.org.br\/wp-content\/uploads\/2024\/01\/NOVOLOGOFADESPlaranjaH.png","contentUrl":"https:\/\/portalfadesp.org.br\/wp-content\/uploads\/2024\/01\/NOVOLOGOFADESPlaranjaH.png","width":2742,"height":839,"caption":"FADESP"},"image":{"@id":"https:\/\/portalfadesp.org.br\/#\/schema\/logo\/image\/"},"sameAs":["https:\/\/www.facebook.com\/Fadesp-138351949524662\/","https:\/\/x.com\/Fadesp","https:\/\/www.instagram.com\/fadesp_ufpa\/","https:\/\/www.youtube.com\/@fundacaodeamparoedesenvolv1903","https:\/\/www.threads.net\/@fadesp_ufpa"]}]}},"_links":{"self":[{"href":"https:\/\/portalfadesp.org.br\/index.php?rest_route=\/wp\/v2\/pages\/52161","targetHints":{"allow":["GET"]}}],"collection":[{"href":"https:\/\/portalfadesp.org.br\/index.php?rest_route=\/wp\/v2\/pages"}],"about":[{"href":"https:\/\/portalfadesp.org.br\/index.php?rest_route=\/wp\/v2\/types\/page"}],"author":[{"embeddable":true,"href":"https:\/\/portalfadesp.org.br\/index.php?rest_route=\/wp\/v2\/users\/12"}],"replies":[{"embeddable":true,"href":"https:\/\/portalfadesp.org.br\/index.php?rest_route=%2Fwp%2Fv2%2Fcomments&post=52161"}],"version-history":[{"count":34,"href":"https:\/\/portalfadesp.org.br\/index.php?rest_route=\/wp\/v2\/pages\/52161\/revisions"}],"predecessor-version":[{"id":52895,"href":"https:\/\/portalfadesp.org.br\/index.php?rest_route=\/wp\/v2\/pages\/52161\/revisions\/52895"}],"wp:attachment":[{"href":"https:\/\/portalfadesp.org.br\/index.php?rest_route=%2Fwp%2Fv2%2Fmedia&parent=52161"}],"curies":[{"name":"wp","href":"https:\/\/api.w.org\/{rel}","templated":true}]}}