{"id":51733,"date":"2025-08-18T11:09:11","date_gmt":"2025-08-18T14:09:11","guid":{"rendered":"https:\/\/portalfadesp.org.br\/?page_id=51733"},"modified":"2025-10-10T10:44:54","modified_gmt":"2025-10-10T13:44:54","slug":"pagina_concurso_modelo-3-2","status":"publish","type":"page","link":"https:\/\/portalfadesp.org.br\/?page_id=51733","title":{"rendered":"SELE\u00c7\u00c3O DE BOLSISTAS DO INSTITUTO TECNOL\u00d3GICO VALE DESENVOLVIMENTO SUSTENT\u00c1VEL (EDITAL N\u00b0 02\/2025 \u2013 ITV DS)"},"content":{"rendered":"\t\t<div data-elementor-type=\"wp-post\" data-elementor-id=\"51733\" class=\"elementor elementor-51733\" data-elementor-post-type=\"page\">\n\t\t\t\t\t\t<section class=\"elementor-section elementor-top-section elementor-element elementor-element-1f2996d1 elementor-section-boxed elementor-section-height-default elementor-section-height-default\" data-id=\"1f2996d1\" data-element_type=\"section\">\n\t\t\t\t\t\t<div class=\"elementor-container elementor-column-gap-default\">\n\t\t\t\t\t<div class=\"elementor-column elementor-col-100 elementor-top-column elementor-element elementor-element-59a4b3f8\" data-id=\"59a4b3f8\" data-element_type=\"column\">\n\t\t\t<div class=\"elementor-widget-wrap elementor-element-populated\">\n\t\t\t\t\t\t<div class=\"elementor-element elementor-element-799471af elementor-widget elementor-widget-heading\" data-id=\"799471af\" data-element_type=\"widget\" data-widget_type=\"heading.default\">\n\t\t\t\t<div class=\"elementor-widget-container\">\n\t\t\t\t\t<h1 class=\"elementor-heading-title elementor-size-default\">SELE\u00c7\u00c3O DE BOLSISTAS DO INSTITUTO TECNOL\u00d3GICO VALE DESENVOLVIMENTO SUSTENT\u00c1VEL (EDITAL N\u00b0 02\/2025 \u2013 ITV DS)<\/h1>\t\t\t\t<\/div>\n\t\t\t\t<\/div>\n\t\t\t\t<section class=\"elementor-section elementor-inner-section elementor-element elementor-element-336311f elementor-section-boxed elementor-section-height-default elementor-section-height-default\" data-id=\"336311f\" data-element_type=\"section\">\n\t\t\t\t\t\t<div class=\"elementor-container elementor-column-gap-default\">\n\t\t\t\t\t<div class=\"elementor-column elementor-col-50 elementor-inner-column elementor-element elementor-element-75ca0dc3\" data-id=\"75ca0dc3\" data-element_type=\"column\">\n\t\t\t<div class=\"elementor-widget-wrap elementor-element-populated\">\n\t\t\t\t\t\t<div class=\"elementor-element elementor-element-425a3096 elementor-widget elementor-widget-text-editor\" data-id=\"425a3096\" data-element_type=\"widget\" data-widget_type=\"text-editor.default\">\n\t\t\t\t<div class=\"elementor-widget-container\">\n\t\t\t\t\t\t\t\t\t<p style=\"font-weight: 400;\">O Instituto Tecnol\u00f3gico Vale Desenvolvimento Sustent\u00e1vel &#8211; ITV DS torna p\u00fablico o Edital de Processo Seletivo destinado ao preenchimento de vagas de bolsistas\u00a0para atendimento aos seus Projetos de Pesquisa, conforme normas estabelecidas neste Edital.<\/p><p style=\"font-style: inherit; font-weight: inherit;\">Este Processo Seletivo se destina ao preenchimento de vagas de Bolsistas, para atua\u00e7\u00e3o nos Projetos de Pesquisa do ITV DS, conforme estabelecido no Anexo I<span style=\"font-style: inherit; font-weight: 600;\">.<\/span><\/p><p style=\"font-weight: 400;\"><span style=\"font-style: inherit; font-weight: 600;\">A sele\u00e7\u00e3o dos bolsistas de que trata este edital compreender\u00e1 as seguintes etapas:<br \/><\/span><span style=\"font-style: inherit; font-weight: 600;\">1\u00aa Etapa \u2013\u00a0<\/span>Solicita\u00e7\u00e3o de Inscri\u00e7\u00e3o, conforme detalhamento apresentado neste Edital;<\/p><p style=\"font-weight: 400;\"><span style=\"font-style: inherit; font-weight: 600;\">2\u00aa Etapa \u2013\u00a0<\/span>Avalia\u00e7\u00e3o da Carta de Apresenta\u00e7\u00e3o e do Curr\u00edculo Lattes, com detalhamento apresentado neste Edital. Etapa eliminat\u00f3ria e classificat\u00f3ria.<span style=\"font-style: inherit; font-weight: 600;\"><br \/>3\u00aa Etapa \u2013\u00a0<\/span>Entrevista com a banca examinadora, com detalhamento apresentado neste Edital. Etapa eliminat\u00f3ria e classificat\u00f3ria.<\/p><p style=\"font-weight: 400;\"><span style=\"font-style: inherit; font-weight: inherit;\">As vagas ofertadas encontram-se no Anexo III \u2013 Perfil das Vagas do\u00a0<\/span>Edital n\u00ba 02\/2025 \u2013 ITV DS.<\/p><p style=\"font-style: inherit; font-weight: inherit;\"><span style=\"font-style: inherit; font-weight: inherit;\">O cronograma das atividades do Processo Seletivo est\u00e1 dispon\u00edvel no\u00a0<\/span>ANEXO V \u2013 CRONOGRAMA DO PROCESSO SELETIVO do Edital n\u00ba 02\/2025 \u2013 ITV DS.<\/p>\t\t\t\t\t\t\t\t<\/div>\n\t\t\t\t<\/div>\n\t\t\t\t\t<\/div>\n\t\t<\/div>\n\t\t\t\t<div class=\"elementor-column elementor-col-50 elementor-inner-column elementor-element elementor-element-79608089\" data-id=\"79608089\" data-element_type=\"column\">\n\t\t\t<div class=\"elementor-widget-wrap elementor-element-populated\">\n\t\t\t\t\t\t<div class=\"elementor-element elementor-element-4939757 elementor-widget elementor-widget-text-editor\" data-id=\"4939757\" data-element_type=\"widget\" data-widget_type=\"text-editor.default\">\n\t\t\t\t<div class=\"elementor-widget-container\">\n\t\t\t\t\t\t\t\t\t<h3 class=\"botaoBug\"><a href=\"https:\/\/concursos3.fadesp.org.br\/selecao\/bolsaitv20252\/web\/\"><strong>\u00c1rea do candidato (Clique aqui)<\/strong><\/a><\/h3>\n<div><em>* Na \u00e1rea do candidato poder\u00e1 ser realizado seu cadastro, inscri\u00e7\u00e3o, emiss\u00e3o de boleto, recursos, impress\u00e3o de cart\u00e3o com local de prova e afins\u2026<\/em><\/div>\t\t\t\t\t\t\t\t<\/div>\n\t\t\t\t<\/div>\n\t\t\t\t<div class=\"elementor-element elementor-element-7ccac55 elementor-widget elementor-widget-text-editor\" data-id=\"7ccac55\" data-element_type=\"widget\" data-widget_type=\"text-editor.default\">\n\t\t\t\t<div class=\"elementor-widget-container\">\n\t\t\t\t\t\t\t\t\t<p><strong>Editais\u00a0<\/strong><\/p>\t\t\t\t\t\t\t\t<\/div>\n\t\t\t\t<\/div>\n\t\t\t\t<div class=\"elementor-element elementor-element-368e568 elementor-widget elementor-widget-text-editor\" data-id=\"368e568\" data-element_type=\"widget\" data-widget_type=\"text-editor.default\">\n\t\t\t\t<div class=\"elementor-widget-container\">\n\t\t\t\t\t\t\t\t\t<p><a href=\"https:\/\/portalfadesp.org.br\/wp-content\/uploads\/2025\/09\/EDITAL-no-06-2025-\u2013-ITV-DS_-Resultado-Final.pdf\">EDITAL n\u00ba 06\/2025 &#8211; ITV DS &#8211; Resultado Final, de 18\/09\/2025 <strong>(Clique aqui)<\/strong><\/a><\/p><p><a href=\"https:\/\/portalfadesp.org.br\/wp-content\/uploads\/2025\/09\/EDITAL-no-05-2025-\u2013-ITV-DS_-Resultado-Preliminar.pdf\">EDITAL n\u00ba 05\/2025 &#8211; ITV DS &#8211; Resultado Preliminar, de 15\/09\/2025 <strong>(Clique aqui)<\/strong><\/a><\/p><p><a href=\"https:\/\/portalfadesp.org.br\/wp-content\/uploads\/2025\/09\/EDITAL-no-04-2025-\u2013-ITV-DS_-Resultado-Definitivo-da-Avaliacao-dos-Curriculos-e-demais-documentos.pdf\">EDITAL n\u00ba 04\/2025 &#8211; ITV DS &#8211; Resultado Definitivo da Avalia\u00e7\u00e3o dos Curr\u00edculos e demais documentos, de 09\/09\/2025 <strong>(Clique aqui)<\/strong><\/a><\/p><p><a href=\"https:\/\/portalfadesp.org.br\/wp-content\/uploads\/2025\/09\/EDITAL-no-03-2025-\u2013-ITV-DS_-Resultado-Preliminar-da-Avaliacao-dos-Curriculos-e-demais-documentos.pdf\">EDITAL n\u00ba 03\/2025 &#8211; ITV DS &#8211; Resultado Preliminar da Avalia\u00e7\u00e3o dos Curr\u00edculos e demais documentos, de 05\/09\/2025 <strong>(Clique aqui)<\/strong><\/a><\/p><p style=\"text-align: left;\"><a href=\"https:\/\/portalfadesp.org.br\/wp-content\/uploads\/2025\/08\/EDITAL-n-02-2025-\u2013-ITV-DS_Final.pdf\">EDITAL n 02\/2025 \u2013 ITV DS, de 18\/08\/2025 <strong>(Clique aqui)<\/strong><\/a><\/p>\t\t\t\t\t\t\t\t<\/div>\n\t\t\t\t<\/div>\n\t\t\t\t\t<\/div>\n\t\t<\/div>\n\t\t\t\t\t<\/div>\n\t\t<\/section>\n\t\t\t\t\t<\/div>\n\t\t<\/div>\n\t\t\t\t\t<\/div>\n\t\t<\/section>\n\t\t\t\t<\/div>\n\t\t","protected":false},"excerpt":{"rendered":"<p>SELE\u00c7\u00c3O DE BOLSISTAS DO INSTITUTO TECNOL\u00d3GICO VALE DESENVOLVIMENTO SUSTENT\u00c1VEL (EDITAL N\u00b0 02\/2025 \u2013 ITV DS) O Instituto Tecnol\u00f3gico Vale Desenvolvimento Sustent\u00e1vel &#8211; ITV DS torna p\u00fablico o Edital de Processo Seletivo destinado ao preenchimento de vagas de bolsistas\u00a0para atendimento aos seus Projetos de Pesquisa, conforme normas estabelecidas neste Edital. Este Processo Seletivo se destina ao [&hellip;]<\/p>\n","protected":false},"author":12,"featured_media":0,"parent":329,"menu_order":0,"comment_status":"closed","ping_status":"closed","template":"","meta":{"_monsterinsights_skip_tracking":false,"_monsterinsights_sitenote_active":false,"_monsterinsights_sitenote_note":"","_monsterinsights_sitenote_category":0,"footnotes":""},"class_list":["post-51733","page","type-page","status-publish","hentry","entry"],"yoast_head":"<!-- This site is optimized with the Yoast SEO plugin v25.1 - https:\/\/yoast.com\/wordpress\/plugins\/seo\/ -->\n<title>SELE\u00c7\u00c3O DE BOLSISTAS DO INSTITUTO TECNOL\u00d3GICO VALE DESENVOLVIMENTO SUSTENT\u00c1VEL (EDITAL N\u00b0 02\/2025 \u2013 ITV DS) - FADESP<\/title>\n<meta name=\"robots\" content=\"index, follow, max-snippet:-1, max-image-preview:large, max-video-preview:-1\" \/>\n<link rel=\"canonical\" href=\"https:\/\/portalfadesp.org.br\/?page_id=51733\" \/>\n<meta property=\"og:locale\" content=\"pt_BR\" \/>\n<meta property=\"og:type\" content=\"article\" \/>\n<meta property=\"og:title\" content=\"SELE\u00c7\u00c3O DE BOLSISTAS DO INSTITUTO TECNOL\u00d3GICO VALE DESENVOLVIMENTO SUSTENT\u00c1VEL (EDITAL N\u00b0 02\/2025 \u2013 ITV DS) - FADESP\" \/>\n<meta property=\"og:description\" content=\"SELE\u00c7\u00c3O DE BOLSISTAS DO INSTITUTO TECNOL\u00d3GICO VALE DESENVOLVIMENTO SUSTENT\u00c1VEL (EDITAL N\u00b0 02\/2025 \u2013 ITV DS) O Instituto Tecnol\u00f3gico Vale Desenvolvimento Sustent\u00e1vel &#8211; ITV DS torna p\u00fablico o Edital de Processo Seletivo destinado ao preenchimento de vagas de bolsistas\u00a0para atendimento aos seus Projetos de Pesquisa, conforme normas estabelecidas neste Edital. Este Processo Seletivo se destina ao [&hellip;]\" \/>\n<meta property=\"og:url\" content=\"https:\/\/portalfadesp.org.br\/?page_id=51733\" \/>\n<meta property=\"og:site_name\" content=\"FADESP\" \/>\n<meta property=\"article:publisher\" content=\"https:\/\/www.facebook.com\/Fadesp-138351949524662\/\" \/>\n<meta property=\"article:modified_time\" content=\"2025-10-10T13:44:54+00:00\" \/>\n<meta name=\"twitter:card\" content=\"summary_large_image\" \/>\n<meta name=\"twitter:site\" content=\"@Fadesp\" \/>\n<meta name=\"twitter:label1\" content=\"Est. tempo de leitura\" \/>\n\t<meta name=\"twitter:data1\" content=\"2 minutos\" \/>\n<script type=\"application\/ld+json\" class=\"yoast-schema-graph\">{\"@context\":\"https:\/\/schema.org\",\"@graph\":[{\"@type\":\"WebPage\",\"@id\":\"https:\/\/portalfadesp.org.br\/?page_id=51733\",\"url\":\"https:\/\/portalfadesp.org.br\/?page_id=51733\",\"name\":\"SELE\u00c7\u00c3O DE BOLSISTAS DO INSTITUTO TECNOL\u00d3GICO VALE DESENVOLVIMENTO SUSTENT\u00c1VEL (EDITAL N\u00b0 02\/2025 \u2013 ITV DS) - FADESP\",\"isPartOf\":{\"@id\":\"https:\/\/portalfadesp.org.br\/#website\"},\"datePublished\":\"2025-08-18T14:09:11+00:00\",\"dateModified\":\"2025-10-10T13:44:54+00:00\",\"breadcrumb\":{\"@id\":\"https:\/\/portalfadesp.org.br\/?page_id=51733#breadcrumb\"},\"inLanguage\":\"pt-BR\",\"potentialAction\":[{\"@type\":\"ReadAction\",\"target\":[\"https:\/\/portalfadesp.org.br\/?page_id=51733\"]}]},{\"@type\":\"BreadcrumbList\",\"@id\":\"https:\/\/portalfadesp.org.br\/?page_id=51733#breadcrumb\",\"itemListElement\":[{\"@type\":\"ListItem\",\"position\":1,\"name\":\"In\u00edcio\",\"item\":\"https:\/\/portalfadesp.org.br\/\"},{\"@type\":\"ListItem\",\"position\":2,\"name\":\"Concursos &#8211; Homologados\",\"item\":\"https:\/\/portalfadesp.org.br\/?page_id=329\"},{\"@type\":\"ListItem\",\"position\":3,\"name\":\"SELE\u00c7\u00c3O DE BOLSISTAS DO INSTITUTO TECNOL\u00d3GICO VALE DESENVOLVIMENTO SUSTENT\u00c1VEL (EDITAL N\u00b0 02\/2025 \u2013 ITV DS)\"}]},{\"@type\":\"WebSite\",\"@id\":\"https:\/\/portalfadesp.org.br\/#website\",\"url\":\"https:\/\/portalfadesp.org.br\/\",\"name\":\"FADESP\",\"description\":\"Funda\u00e7\u00e3o de Amparo e Desenvolvimento da Pesquisa\",\"publisher\":{\"@id\":\"https:\/\/portalfadesp.org.br\/#organization\"},\"potentialAction\":[{\"@type\":\"SearchAction\",\"target\":{\"@type\":\"EntryPoint\",\"urlTemplate\":\"https:\/\/portalfadesp.org.br\/?s={search_term_string}\"},\"query-input\":{\"@type\":\"PropertyValueSpecification\",\"valueRequired\":true,\"valueName\":\"search_term_string\"}}],\"inLanguage\":\"pt-BR\"},{\"@type\":\"Organization\",\"@id\":\"https:\/\/portalfadesp.org.br\/#organization\",\"name\":\"FADESP\",\"url\":\"https:\/\/portalfadesp.org.br\/\",\"logo\":{\"@type\":\"ImageObject\",\"inLanguage\":\"pt-BR\",\"@id\":\"https:\/\/portalfadesp.org.br\/#\/schema\/logo\/image\/\",\"url\":\"https:\/\/portalfadesp.org.br\/wp-content\/uploads\/2024\/01\/NOVOLOGOFADESPlaranjaH.png\",\"contentUrl\":\"https:\/\/portalfadesp.org.br\/wp-content\/uploads\/2024\/01\/NOVOLOGOFADESPlaranjaH.png\",\"width\":2742,\"height\":839,\"caption\":\"FADESP\"},\"image\":{\"@id\":\"https:\/\/portalfadesp.org.br\/#\/schema\/logo\/image\/\"},\"sameAs\":[\"https:\/\/www.facebook.com\/Fadesp-138351949524662\/\",\"https:\/\/x.com\/Fadesp\",\"https:\/\/www.instagram.com\/fadesp_ufpa\/\",\"https:\/\/www.youtube.com\/@fundacaodeamparoedesenvolv1903\",\"https:\/\/www.threads.net\/@fadesp_ufpa\"]}]}<\/script>\n<!-- \/ Yoast SEO plugin. -->","yoast_head_json":{"title":"SELE\u00c7\u00c3O DE BOLSISTAS DO INSTITUTO TECNOL\u00d3GICO VALE DESENVOLVIMENTO SUSTENT\u00c1VEL (EDITAL N\u00b0 02\/2025 \u2013 ITV DS) - FADESP","robots":{"index":"index","follow":"follow","max-snippet":"max-snippet:-1","max-image-preview":"max-image-preview:large","max-video-preview":"max-video-preview:-1"},"canonical":"https:\/\/portalfadesp.org.br\/?page_id=51733","og_locale":"pt_BR","og_type":"article","og_title":"SELE\u00c7\u00c3O DE BOLSISTAS DO INSTITUTO TECNOL\u00d3GICO VALE DESENVOLVIMENTO SUSTENT\u00c1VEL (EDITAL N\u00b0 02\/2025 \u2013 ITV DS) - FADESP","og_description":"SELE\u00c7\u00c3O DE BOLSISTAS DO INSTITUTO TECNOL\u00d3GICO VALE DESENVOLVIMENTO SUSTENT\u00c1VEL (EDITAL N\u00b0 02\/2025 \u2013 ITV DS) O Instituto Tecnol\u00f3gico Vale Desenvolvimento Sustent\u00e1vel &#8211; ITV DS torna p\u00fablico o Edital de Processo Seletivo destinado ao preenchimento de vagas de bolsistas\u00a0para atendimento aos seus Projetos de Pesquisa, conforme normas estabelecidas neste Edital. Este Processo Seletivo se destina ao [&hellip;]","og_url":"https:\/\/portalfadesp.org.br\/?page_id=51733","og_site_name":"FADESP","article_publisher":"https:\/\/www.facebook.com\/Fadesp-138351949524662\/","article_modified_time":"2025-10-10T13:44:54+00:00","twitter_card":"summary_large_image","twitter_site":"@Fadesp","twitter_misc":{"Est. tempo de leitura":"2 minutos"},"schema":{"@context":"https:\/\/schema.org","@graph":[{"@type":"WebPage","@id":"https:\/\/portalfadesp.org.br\/?page_id=51733","url":"https:\/\/portalfadesp.org.br\/?page_id=51733","name":"SELE\u00c7\u00c3O DE BOLSISTAS DO INSTITUTO TECNOL\u00d3GICO VALE DESENVOLVIMENTO SUSTENT\u00c1VEL (EDITAL N\u00b0 02\/2025 \u2013 ITV DS) - FADESP","isPartOf":{"@id":"https:\/\/portalfadesp.org.br\/#website"},"datePublished":"2025-08-18T14:09:11+00:00","dateModified":"2025-10-10T13:44:54+00:00","breadcrumb":{"@id":"https:\/\/portalfadesp.org.br\/?page_id=51733#breadcrumb"},"inLanguage":"pt-BR","potentialAction":[{"@type":"ReadAction","target":["https:\/\/portalfadesp.org.br\/?page_id=51733"]}]},{"@type":"BreadcrumbList","@id":"https:\/\/portalfadesp.org.br\/?page_id=51733#breadcrumb","itemListElement":[{"@type":"ListItem","position":1,"name":"In\u00edcio","item":"https:\/\/portalfadesp.org.br\/"},{"@type":"ListItem","position":2,"name":"Concursos &#8211; Homologados","item":"https:\/\/portalfadesp.org.br\/?page_id=329"},{"@type":"ListItem","position":3,"name":"SELE\u00c7\u00c3O DE BOLSISTAS DO INSTITUTO TECNOL\u00d3GICO VALE DESENVOLVIMENTO SUSTENT\u00c1VEL (EDITAL N\u00b0 02\/2025 \u2013 ITV DS)"}]},{"@type":"WebSite","@id":"https:\/\/portalfadesp.org.br\/#website","url":"https:\/\/portalfadesp.org.br\/","name":"FADESP","description":"Funda\u00e7\u00e3o de Amparo e Desenvolvimento da Pesquisa","publisher":{"@id":"https:\/\/portalfadesp.org.br\/#organization"},"potentialAction":[{"@type":"SearchAction","target":{"@type":"EntryPoint","urlTemplate":"https:\/\/portalfadesp.org.br\/?s={search_term_string}"},"query-input":{"@type":"PropertyValueSpecification","valueRequired":true,"valueName":"search_term_string"}}],"inLanguage":"pt-BR"},{"@type":"Organization","@id":"https:\/\/portalfadesp.org.br\/#organization","name":"FADESP","url":"https:\/\/portalfadesp.org.br\/","logo":{"@type":"ImageObject","inLanguage":"pt-BR","@id":"https:\/\/portalfadesp.org.br\/#\/schema\/logo\/image\/","url":"https:\/\/portalfadesp.org.br\/wp-content\/uploads\/2024\/01\/NOVOLOGOFADESPlaranjaH.png","contentUrl":"https:\/\/portalfadesp.org.br\/wp-content\/uploads\/2024\/01\/NOVOLOGOFADESPlaranjaH.png","width":2742,"height":839,"caption":"FADESP"},"image":{"@id":"https:\/\/portalfadesp.org.br\/#\/schema\/logo\/image\/"},"sameAs":["https:\/\/www.facebook.com\/Fadesp-138351949524662\/","https:\/\/x.com\/Fadesp","https:\/\/www.instagram.com\/fadesp_ufpa\/","https:\/\/www.youtube.com\/@fundacaodeamparoedesenvolv1903","https:\/\/www.threads.net\/@fadesp_ufpa"]}]}},"_links":{"self":[{"href":"https:\/\/portalfadesp.org.br\/index.php?rest_route=\/wp\/v2\/pages\/51733","targetHints":{"allow":["GET"]}}],"collection":[{"href":"https:\/\/portalfadesp.org.br\/index.php?rest_route=\/wp\/v2\/pages"}],"about":[{"href":"https:\/\/portalfadesp.org.br\/index.php?rest_route=\/wp\/v2\/types\/page"}],"author":[{"embeddable":true,"href":"https:\/\/portalfadesp.org.br\/index.php?rest_route=\/wp\/v2\/users\/12"}],"replies":[{"embeddable":true,"href":"https:\/\/portalfadesp.org.br\/index.php?rest_route=%2Fwp%2Fv2%2Fcomments&post=51733"}],"version-history":[{"count":26,"href":"https:\/\/portalfadesp.org.br\/index.php?rest_route=\/wp\/v2\/pages\/51733\/revisions"}],"predecessor-version":[{"id":52220,"href":"https:\/\/portalfadesp.org.br\/index.php?rest_route=\/wp\/v2\/pages\/51733\/revisions\/52220"}],"up":[{"embeddable":true,"href":"https:\/\/portalfadesp.org.br\/index.php?rest_route=\/wp\/v2\/pages\/329"}],"wp:attachment":[{"href":"https:\/\/portalfadesp.org.br\/index.php?rest_route=%2Fwp%2Fv2%2Fmedia&parent=51733"}],"curies":[{"name":"wp","href":"https:\/\/api.w.org\/{rel}","templated":true}]}}