{"id":51673,"date":"2025-08-13T08:49:21","date_gmt":"2025-08-13T11:49:21","guid":{"rendered":"https:\/\/portalfadesp.org.br\/?page_id=51673"},"modified":"2025-12-19T13:15:59","modified_gmt":"2025-12-19T16:15:59","slug":"pagina_concurso_modelo-3-3","status":"publish","type":"page","link":"https:\/\/portalfadesp.org.br\/?page_id=51673","title":{"rendered":"SELE\u00c7\u00c3O PARA INGRESSO NO MESTRADO PROFISSIONAL EM TECNOLOGIAS INOVADORAS NA MINERA\u00c7\u00c3O UNIFESSPA\/ITV \u2013 2025 &#8211; EDITAL PPGTIM 01\/2025"},"content":{"rendered":"\t\t<div data-elementor-type=\"wp-post\" data-elementor-id=\"51673\" class=\"elementor elementor-51673\" data-elementor-post-type=\"page\">\n\t\t\t\t\t\t<section class=\"elementor-section elementor-top-section elementor-element elementor-element-1f2996d1 elementor-section-boxed elementor-section-height-default elementor-section-height-default\" data-id=\"1f2996d1\" data-element_type=\"section\">\n\t\t\t\t\t\t<div class=\"elementor-container elementor-column-gap-default\">\n\t\t\t\t\t<div class=\"elementor-column elementor-col-100 elementor-top-column elementor-element elementor-element-59a4b3f8\" data-id=\"59a4b3f8\" data-element_type=\"column\">\n\t\t\t<div class=\"elementor-widget-wrap elementor-element-populated\">\n\t\t\t\t\t\t<div class=\"elementor-element elementor-element-799471af elementor-widget elementor-widget-heading\" data-id=\"799471af\" data-element_type=\"widget\" data-widget_type=\"heading.default\">\n\t\t\t\t<div class=\"elementor-widget-container\">\n\t\t\t\t\t<h1 class=\"elementor-heading-title elementor-size-default\">SELE\u00c7\u00c3O PARA INGRESSO NO MESTRADO PROFISSIONAL EM TECNOLOGIAS INOVADORAS NA MINERA\u00c7\u00c3O UNIFESSPA\/ITV \u2013 2025 - EDITAL PPGTIM 01\/2025<\/h1>\t\t\t\t<\/div>\n\t\t\t\t<\/div>\n\t\t\t\t<section class=\"elementor-section elementor-inner-section elementor-element elementor-element-336311f elementor-section-boxed elementor-section-height-default elementor-section-height-default\" data-id=\"336311f\" data-element_type=\"section\">\n\t\t\t\t\t\t<div class=\"elementor-container elementor-column-gap-default\">\n\t\t\t\t\t<div class=\"elementor-column elementor-col-50 elementor-inner-column elementor-element elementor-element-75ca0dc3\" data-id=\"75ca0dc3\" data-element_type=\"column\">\n\t\t\t<div class=\"elementor-widget-wrap elementor-element-populated\">\n\t\t\t\t\t\t<div class=\"elementor-element elementor-element-425a3096 elementor-widget elementor-widget-text-editor\" data-id=\"425a3096\" data-element_type=\"widget\" data-widget_type=\"text-editor.default\">\n\t\t\t\t<div class=\"elementor-widget-container\">\n\t\t\t\t\t\t\t\t\t<p style=\"font-weight: 400;\">A Coordena\u00e7\u00e3o do Programa de P\u00f3s-Gradua\u00e7\u00e3o em Tecnologias Inovadoras na Minera\u00e7\u00e3o da Universidade Federal do Sul e Sudeste do Par\u00e1 e do Instituto Tecnol\u00f3gico Vale \u2013 PPGTIM \u2013 UNIFESSPA\/ITV, tendo em vista a decis\u00e3o do Colegiado de P\u00f3s-Gradua\u00e7\u00e3o, aprovada no dia 05 de agosto de 2025, comunica a abertura do processo seletivo para ingresso no Curso de Mestrado Profissional em Tecnologias Inovadoras na Minera\u00e7\u00e3o, turma de 2025. O processo de sele\u00e7\u00e3o ser\u00e1 regido pelos Regimentos 531 e 855, pela Resolu\u00e7\u00e3o n. 534 e pela Instru\u00e7\u00e3o Normativa 01 do PPGTIM e gerenciado pela Funda\u00e7\u00e3o de Amparo e Desenvolvimento da Pesquisa \u2013 FADESP.<\/p><p style=\"font-weight: 400;\"><strong><br \/>Per\u00edodo de Inscri\u00e7\u00e3o:<\/strong><span style=\"font-style: inherit; font-weight: inherit;\">\u00a0De acordo com o cronograma do edital.<\/span><\/p><p style=\"font-weight: 400;\"><span style=\"font-style: inherit; font-weight: inherit;\"><strong><br \/>Taxa de inscri\u00e7\u00e3o:<\/strong>\u00a0R$ 47,50 (quarenta e sete reais e cinquenta centavos)<\/span><\/p><p style=\"font-weight: 400;\"><span style=\"font-style: inherit; font-weight: inherit;\"><strong style=\"font-style: inherit;\"><br \/><u>Edital<\/u><\/strong><u>\u00a0<\/u><strong style=\"font-style: inherit;\"><u>P\u00fablico<\/u><\/strong><\/span><\/p><p style=\"font-weight: 400;\"><span style=\"font-style: inherit; font-weight: inherit;\"><strong style=\"font-style: inherit;\">Vagas<\/strong>:\u00a0Ser\u00e3o ofertadas 16 (dezesseis) vagas distribu\u00eddas nas 4 (quatro) linhas de pesquisa do PPGTIM, conforme Tabela 01.<\/span><\/p><p style=\"font-weight: 400;\"><span style=\"font-style: inherit; font-weight: inherit;\"><strong style=\"font-style: inherit;\">Categorias<\/strong>:<\/span><\/p><p style=\"font-weight: 400;\"><strong style=\"font-style: inherit;\">Categoria 01:<\/strong><span style=\"font-style: inherit; font-weight: inherit;\">\u00a0Dedica\u00e7\u00e3o em tempo integral (40h semanais) \u00e0s atividades do Programa, de modo presencial, com disponibilidade para residir em Marab\u00e1 ou, excepcionalmente, em outra localidade mediante aprova\u00e7\u00e3o do colegiado e anu\u00eancia do orientador.<\/span><\/p><p style=\"font-weight: 400;\"><span style=\"font-style: inherit; font-weight: inherit;\"><strong style=\"font-style: inherit;\">Categoria 02<\/strong>:\u00a0Dedica\u00e7\u00e3o em tempo parcial ao programa, para candidatos que possuem v\u00ednculo empregat\u00edcio (setor privado ou p\u00fablico), empresa formalizada ou para servidores da Unifesspa.<\/span><\/p><p style=\"font-weight: 400;\"><span style=\"font-style: inherit; font-weight: inherit;\"><br \/>O cronograma das atividades est\u00e1 dispon\u00edvel no EDITAL PPGTIM 01\/2025 \u2013 SELE\u00c7\u00c3O PARA INGRESSO NO MESTRADO EM TECNOLOGIAS INOVADORAS NA MINERA\u00c7\u00c3O UNIFESSPA\/ITV \u2013 2025<\/span><\/p><p style=\"font-weight: 400;\"><strong style=\"font-style: inherit;\"><br \/><u>Chamada Interna<\/u><\/strong><br \/><strong>Vagas<\/strong>:<span style=\"font-style: inherit; font-weight: inherit;\">\u00a0Ser\u00e3o ofertadas 16 (dezesseis) vagas distribu\u00eddas nas 4 (quatro) linhas de pesquisa do PPGTIM, conforme Tabela 01.<\/span><\/p><p style=\"font-weight: 400;\"><strong>Categorias<\/strong>:<\/p><p style=\"font-weight: 400;\"><span style=\"font-style: inherit; font-weight: inherit;\"><strong style=\"font-style: inherit;\">Categoria VALE<\/strong>:\u00a0Empregados da Vale.<\/span><\/p><p style=\"font-weight: 400;\"><strong style=\"font-style: inherit;\">Categoria ITV:\u00a0<\/strong><span style=\"font-style: inherit; font-weight: inherit;\">Empregados do ITV.<\/span><\/p><p style=\"font-weight: 400;\"><span style=\"font-style: inherit; font-weight: inherit;\"><br \/>O cronograma das atividades est\u00e1 dispon\u00edvel no CHAMADA INTERNA 01\/2025 \u2013 SELE\u00c7\u00c3O PARA INGRESSO NO MESTRADO EM TECNOLOGIAS INOVADORAS NA MINERA\u00c7\u00c3O UNIFESSPA\/ITV \u2013 2025<\/span><\/p>\t\t\t\t\t\t\t\t<\/div>\n\t\t\t\t<\/div>\n\t\t\t\t\t<\/div>\n\t\t<\/div>\n\t\t\t\t<div class=\"elementor-column elementor-col-50 elementor-inner-column elementor-element elementor-element-79608089\" data-id=\"79608089\" data-element_type=\"column\">\n\t\t\t<div class=\"elementor-widget-wrap elementor-element-populated\">\n\t\t\t\t\t\t<div class=\"elementor-element elementor-element-d802222 elementor-position-top elementor-widget elementor-widget-image-box\" data-id=\"d802222\" data-element_type=\"widget\" data-widget_type=\"image-box.default\">\n\t\t\t\t<div class=\"elementor-widget-container\">\n\t\t\t\t\t<div class=\"elementor-image-box-wrapper\"><figure class=\"elementor-image-box-img\"><a href=\"https:\/\/ppgtim.unifesspa.edu.br\/\" tabindex=\"-1\"><img fetchpriority=\"high\" decoding=\"async\" width=\"807\" height=\"123\" src=\"https:\/\/portalfadesp.org.br\/wp-content\/uploads\/2025\/08\/BannerPPGTIM.png\" class=\"elementor-animation-grow attachment-full size-full wp-image-51870\" alt=\"\" srcset=\"https:\/\/portalfadesp.org.br\/wp-content\/uploads\/2025\/08\/BannerPPGTIM.png 807w, https:\/\/portalfadesp.org.br\/wp-content\/uploads\/2025\/08\/BannerPPGTIM-300x46.png 300w, https:\/\/portalfadesp.org.br\/wp-content\/uploads\/2025\/08\/BannerPPGTIM-768x117.png 768w, https:\/\/portalfadesp.org.br\/wp-content\/uploads\/2025\/08\/BannerPPGTIM-800x123.png 800w\" sizes=\"(max-width: 807px) 100vw, 807px\" \/><\/a><\/figure><div class=\"elementor-image-box-content\"><h3 class=\"elementor-image-box-title\"><a href=\"https:\/\/ppgtim.unifesspa.edu.br\/\">Conhe\u00e7a o Programa de P\u00f3s-Gradua\u00e7\u00e3o<\/a><\/h3><\/div><\/div>\t\t\t\t<\/div>\n\t\t\t\t<\/div>\n\t\t\t\t<div class=\"elementor-element elementor-element-0c61bc4 elementor-widget elementor-widget-text-editor\" data-id=\"0c61bc4\" data-element_type=\"widget\" data-widget_type=\"text-editor.default\">\n\t\t\t\t<div class=\"elementor-widget-container\">\n\t\t\t\t\t\t\t\t\t<h3 class=\"botaoBug\"><a href=\"https:\/\/concursos3.fadesp.org.br\/mestrado\/ppgtim2025\/web\/\"><strong>\u00c1rea do candidato (Clique aqui)<\/strong><\/a><\/h3><div><em>* Na \u00e1rea do candidato poder\u00e1 ser realizado seu cadastro, inscri\u00e7\u00e3o, emiss\u00e3o de boleto, recursos, impress\u00e3o de cart\u00e3o com local de prova e afins\u2026<\/em><\/div>\t\t\t\t\t\t\t\t<\/div>\n\t\t\t\t<\/div>\n\t\t\t\t<div class=\"elementor-element elementor-element-7ccac55 elementor-widget elementor-widget-text-editor\" data-id=\"7ccac55\" data-element_type=\"widget\" data-widget_type=\"text-editor.default\">\n\t\t\t\t<div class=\"elementor-widget-container\">\n\t\t\t\t\t\t\t\t\t<p><strong>Editais\u00a0<\/strong><\/p>\t\t\t\t\t\t\t\t<\/div>\n\t\t\t\t<\/div>\n\t\t\t\t<div class=\"elementor-element elementor-element-368e568 elementor-widget elementor-widget-text-editor\" data-id=\"368e568\" data-element_type=\"widget\" data-widget_type=\"text-editor.default\">\n\t\t\t\t<div class=\"elementor-widget-container\">\n\t\t\t\t\t\t\t\t\t<p><a href=\"https:\/\/portalfadesp.org.br\/wp-content\/uploads\/2025\/12\/Edital-no-11-2025-PPGTIM-RESULTADO-FINAL-DO-PROCESSO-SELETIVO.pdf\">Edital n\u00ba 11\/2025 &#8211; PPGTIM &#8211; RESULTADO FINAL DO PROCESSO SELETIVO, de 05\/12\/2025 <strong>(Clique aqui)<\/strong><\/a><\/p><p><a href=\"https:\/\/portalfadesp.org.br\/wp-content\/uploads\/2025\/12\/Edital-no-10-2025-PPGTIM-RESULTADO-PRELIMINAR-DA-ANALISE-DE-CURRICULO-E-DO-PROCESSO-SELETIVO.pdf\">Edital n\u00ba 10\/2025 &#8211; PPGTIM &#8211; RESULTADO PRELIMINAR DA AN\u00c1LISE DE CURR\u00cdCULO E DO PROCESSO SELETIVO, de 01\/12\/2025 <strong>(Clique aqui)<\/strong><\/a><\/p><p><a href=\"https:\/\/portalfadesp.org.br\/wp-content\/uploads\/2025\/11\/Edital-no-09-2025-PPGTIM-RESULTADO-DEFINITIVO-DAS-PROVAS.pdf\">Edital n\u00ba 09\/2025 &#8211; PPGTIM &#8211; RESULTADO DEFINITIVO DAS PROVAS, de 21\/11\/2025 <strong>(Clique aqui)<\/strong><\/a><\/p><p><a href=\"https:\/\/portalfadesp.org.br\/wp-content\/uploads\/2025\/11\/Edital-no-08-2025-PPGTIM-RESULTADO-PRELIMINAR-DAS-PROVAS.pdf\">Edital n\u00ba 08\/2025 &#8211; PPGTIM &#8211; RESULTADO PRELIMINAR DAS PROVAS, de 17\/11\/2025 <strong>(Clique aqui)<\/strong><\/a><\/p><p><a href=\"https:\/\/drive.google.com\/drive\/folders\/1D0wvkXqxXdZVVw7RQoTZBBfVt_UnG2HA?usp=sharing\">GABARITO OFICIAL DEFINITIVO, de 17\/11\/2025 <strong>(Clique aqui)<\/strong><\/a><\/p><p><a href=\"https:\/\/drive.google.com\/drive\/folders\/12RS_tfJiG8Zse8P8X8hSSbrCQ8frPVPq?usp=sharing\">GABARITO OFICIAL PRELIMINAR, de 10\/11\/2025 <strong>(Clique aqui)<\/strong><\/a><\/p><p><a href=\"https:\/\/drive.google.com\/drive\/folders\/1Xa7Upno3qP6cVOLsWXUmil-D6YSgIbHY?usp=sharing\">PROVAS, de 10\/11\/2025 <strong>(Clique aqui)<\/strong><\/a><\/p><p><a href=\"https:\/\/portalfadesp.org.br\/wp-content\/uploads\/2025\/10\/Edital-no-07-2025-PPGTIM-RESULTADO-FINAL-DA-HOMOLOGACAO-DAS-INSCRICOES.pdf\">Edital n\u00ba 07\/2025 &#8211; PPGTIM &#8211; RESULTADO FINAL DA HOMOLOGA\u00c7\u00c3O DAS INSCRI\u00c7\u00d5ES, de 17\/10\/2025 <strong>(Clique aqui)<\/strong><\/a><\/p><p><a href=\"https:\/\/portalfadesp.org.br\/wp-content\/uploads\/2025\/10\/Edital-no-06-2025-PPGTIM-RESULTADO-PRELIMINAR-DA-HOMOLOGACAO-DAS-INSCRICOES.pdf\">Edital n\u00ba 06\/2025 &#8211; PPGTIM &#8211; RESULTADO PRELIMINAR DA HOMOLOGA\u00c7\u00c3O DAS INSCRI\u00c7\u00d5ES, de 14\/10\/2025 <strong>(Clique aqui)<\/strong><\/a><\/p><p><a href=\"https:\/\/portalfadesp.org.br\/wp-content\/uploads\/2025\/09\/Edital-no-05-2025-PPGTIM-RESULTADO-DEFINITIVO-DOS-PEDIDOS-DE-ISENCAO.pdf\">Edital n\u00ba 05\/2025 &#8211; PPGTIM &#8211; RESULTADO DEFINITIVO DOS PEDIDOS DE ISEN\u00c7\u00c3O, de 30\/09\/2025 <strong>(Clique aqui)<\/strong><\/a><\/p><p><a href=\"https:\/\/portalfadesp.org.br\/wp-content\/uploads\/2025\/09\/Edital-no-04-2025-PPGTIM-RESULTADO-PRELIMINAR-DOS-PEDIDOS-DE-ISENCAO.pdf\">Edital n\u00ba 04\/2025 &#8211; PPGTIM &#8211; RESULTADO PRELIMINAR DOS PEDIDOS DE ISEN\u00c7\u00c3O, de 24\/09\/2025 <strong>(Clique aqui)<\/strong><\/a><\/p><p><span style=\"color: #000000;\"><strong><a style=\"color: #000000;\" href=\"https:\/\/portalfadesp.org.br\/wp-content\/uploads\/2025\/09\/Edital-no-01-2025-Chamada_Interna_Consolidado_PPGTIM_2025_Retificado.pdf\">Edital n\u00ba 01\/2025 &#8211; Chamada Interna Consolidado PPGTIM 2025 &#8211; Retificado, de 09\/09\/2025 (Clique aqui)<\/a><\/strong><\/span><\/p><p><span style=\"color: #000000;\"><strong><a style=\"color: #000000;\" href=\"https:\/\/portalfadesp.org.br\/wp-content\/uploads\/2025\/09\/Edital-no-01-2025-Edital_Comunidade_Consolidado_PPGTIM_2025-Retificado.pdf\">Edital n\u00ba 01\/2025 &#8211; Edital Comunidade Consolidado PPGTIM 2025 &#8211; Retificado, de 09\/09\/2025 (Clique aqui)<\/a><\/strong><\/span><\/p><p><a href=\"https:\/\/portalfadesp.org.br\/wp-content\/uploads\/2025\/09\/Edital-no-03-2025-PPGTIM-01-2025-RESULTADO-DEFINITIVO-DOS-PEDIDOS-DE-ISENCAO.pdf\">Edital n\u00ba 03\/2025 &#8211; PPGTIM &#8211; RESULTADO DEFINITIVO DOS PEDIDOS DE ISEN\u00c7\u00c3O, de 03\/09\/2025 <strong>(Clique aqui)<\/strong><\/a><\/p><p><a href=\"https:\/\/portalfadesp.org.br\/wp-content\/uploads\/2025\/08\/Edital-no-02-2025-PPGTIM-01-2025-RESULTADO-PRELIMINAR-DOS-PEDIDOS-DE-ISENCAO.pdf\">Edital n\u00ba 02\/2025 &#8211; PPGTIM &#8211; RESULTADO PRELIMINAR DOS PEDIDOS DE ISEN\u00c7\u00c3O, de 28\/08\/2025 <strong>(Clique aqui)<\/strong><\/a><\/p><p><a href=\"https:\/\/portalfadesp.org.br\/wp-content\/uploads\/2025\/08\/Carta_aprovacao_PPGTIM_VP-1-2.doc\">Carta de aprova\u00e7\u00e3o PPGTIM VP 1, de 28\/08\/2025 <strong>(Clique aqui)<\/strong><\/a><\/p><p><a href=\"https:\/\/portalfadesp.org.br\/wp-content\/uploads\/2025\/08\/Edital_Chamada_Interna_PPGTIM_2025_assinado.pdf\">Edital Chamada Interna PPGTIM 2025, de 13\/08\/2025 <strong>(Clique aqui)<\/strong><\/a><\/p><p style=\"text-align: left;\"><a href=\"https:\/\/portalfadesp.org.br\/wp-content\/uploads\/2025\/08\/Edital_Comunidade_PPGTIM_2025_assinado.pdf\">Edital Comunidade PPGTIM 2025, de 13\/08\/2025 <strong>(Clique aqui)<\/strong><\/a><\/p>\t\t\t\t\t\t\t\t<\/div>\n\t\t\t\t<\/div>\n\t\t\t\t\t<\/div>\n\t\t<\/div>\n\t\t\t\t\t<\/div>\n\t\t<\/section>\n\t\t\t\t\t<\/div>\n\t\t<\/div>\n\t\t\t\t\t<\/div>\n\t\t<\/section>\n\t\t\t\t<\/div>\n\t\t","protected":false},"excerpt":{"rendered":"<p>SELE\u00c7\u00c3O PARA INGRESSO NO MESTRADO PROFISSIONAL EM TECNOLOGIAS INOVADORAS NA MINERA\u00c7\u00c3O UNIFESSPA\/ITV \u2013 2025 &#8211; EDITAL PPGTIM 01\/2025 A Coordena\u00e7\u00e3o do Programa de P\u00f3s-Gradua\u00e7\u00e3o em Tecnologias Inovadoras na Minera\u00e7\u00e3o da Universidade Federal do Sul e Sudeste do Par\u00e1 e do Instituto Tecnol\u00f3gico Vale \u2013 PPGTIM \u2013 UNIFESSPA\/ITV, tendo em vista a decis\u00e3o do Colegiado de [&hellip;]<\/p>\n","protected":false},"author":12,"featured_media":0,"parent":329,"menu_order":0,"comment_status":"closed","ping_status":"closed","template":"","meta":{"_monsterinsights_skip_tracking":false,"_monsterinsights_sitenote_active":false,"_monsterinsights_sitenote_note":"","_monsterinsights_sitenote_category":0,"footnotes":""},"class_list":["post-51673","page","type-page","status-publish","hentry","entry"],"yoast_head":"<!-- This site is optimized with the Yoast SEO plugin v25.1 - https:\/\/yoast.com\/wordpress\/plugins\/seo\/ -->\n<title>SELE\u00c7\u00c3O PARA INGRESSO NO MESTRADO PROFISSIONAL EM TECNOLOGIAS INOVADORAS NA MINERA\u00c7\u00c3O UNIFESSPA\/ITV \u2013 2025 - EDITAL PPGTIM 01\/2025 - FADESP<\/title>\n<meta name=\"robots\" content=\"index, follow, max-snippet:-1, max-image-preview:large, max-video-preview:-1\" \/>\n<link rel=\"canonical\" href=\"https:\/\/portalfadesp.org.br\/?page_id=51673\" \/>\n<meta property=\"og:locale\" content=\"pt_BR\" \/>\n<meta property=\"og:type\" content=\"article\" \/>\n<meta property=\"og:title\" content=\"SELE\u00c7\u00c3O PARA INGRESSO NO MESTRADO PROFISSIONAL EM TECNOLOGIAS INOVADORAS NA MINERA\u00c7\u00c3O UNIFESSPA\/ITV \u2013 2025 - EDITAL PPGTIM 01\/2025 - FADESP\" \/>\n<meta property=\"og:description\" content=\"SELE\u00c7\u00c3O PARA INGRESSO NO MESTRADO PROFISSIONAL EM TECNOLOGIAS INOVADORAS NA MINERA\u00c7\u00c3O UNIFESSPA\/ITV \u2013 2025 &#8211; EDITAL PPGTIM 01\/2025 A Coordena\u00e7\u00e3o do Programa de P\u00f3s-Gradua\u00e7\u00e3o em Tecnologias Inovadoras na Minera\u00e7\u00e3o da Universidade Federal do Sul e Sudeste do Par\u00e1 e do Instituto Tecnol\u00f3gico Vale \u2013 PPGTIM \u2013 UNIFESSPA\/ITV, tendo em vista a decis\u00e3o do Colegiado de [&hellip;]\" \/>\n<meta property=\"og:url\" content=\"https:\/\/portalfadesp.org.br\/?page_id=51673\" \/>\n<meta property=\"og:site_name\" content=\"FADESP\" \/>\n<meta property=\"article:publisher\" content=\"https:\/\/www.facebook.com\/Fadesp-138351949524662\/\" \/>\n<meta property=\"article:modified_time\" content=\"2025-12-19T16:15:59+00:00\" \/>\n<meta property=\"og:image\" content=\"https:\/\/portalfadesp.org.br\/wp-content\/uploads\/2025\/08\/BannerPPGTIM.png\" \/>\n\t<meta property=\"og:image:width\" content=\"807\" \/>\n\t<meta property=\"og:image:height\" content=\"123\" \/>\n\t<meta property=\"og:image:type\" content=\"image\/png\" \/>\n<meta name=\"twitter:card\" content=\"summary_large_image\" \/>\n<meta name=\"twitter:site\" content=\"@Fadesp\" \/>\n<meta name=\"twitter:label1\" content=\"Est. tempo de leitura\" \/>\n\t<meta name=\"twitter:data1\" content=\"4 minutos\" \/>\n<script type=\"application\/ld+json\" class=\"yoast-schema-graph\">{\"@context\":\"https:\/\/schema.org\",\"@graph\":[{\"@type\":\"WebPage\",\"@id\":\"https:\/\/portalfadesp.org.br\/?page_id=51673\",\"url\":\"https:\/\/portalfadesp.org.br\/?page_id=51673\",\"name\":\"SELE\u00c7\u00c3O PARA INGRESSO NO MESTRADO PROFISSIONAL EM TECNOLOGIAS INOVADORAS NA MINERA\u00c7\u00c3O UNIFESSPA\/ITV \u2013 2025 - EDITAL PPGTIM 01\/2025 - FADESP\",\"isPartOf\":{\"@id\":\"https:\/\/portalfadesp.org.br\/#website\"},\"primaryImageOfPage\":{\"@id\":\"https:\/\/portalfadesp.org.br\/?page_id=51673#primaryimage\"},\"image\":{\"@id\":\"https:\/\/portalfadesp.org.br\/?page_id=51673#primaryimage\"},\"thumbnailUrl\":\"https:\/\/portalfadesp.org.br\/wp-content\/uploads\/2025\/08\/BannerPPGTIM.png\",\"datePublished\":\"2025-08-13T11:49:21+00:00\",\"dateModified\":\"2025-12-19T16:15:59+00:00\",\"breadcrumb\":{\"@id\":\"https:\/\/portalfadesp.org.br\/?page_id=51673#breadcrumb\"},\"inLanguage\":\"pt-BR\",\"potentialAction\":[{\"@type\":\"ReadAction\",\"target\":[\"https:\/\/portalfadesp.org.br\/?page_id=51673\"]}]},{\"@type\":\"ImageObject\",\"inLanguage\":\"pt-BR\",\"@id\":\"https:\/\/portalfadesp.org.br\/?page_id=51673#primaryimage\",\"url\":\"https:\/\/portalfadesp.org.br\/wp-content\/uploads\/2025\/08\/BannerPPGTIM.png\",\"contentUrl\":\"https:\/\/portalfadesp.org.br\/wp-content\/uploads\/2025\/08\/BannerPPGTIM.png\",\"width\":807,\"height\":123},{\"@type\":\"BreadcrumbList\",\"@id\":\"https:\/\/portalfadesp.org.br\/?page_id=51673#breadcrumb\",\"itemListElement\":[{\"@type\":\"ListItem\",\"position\":1,\"name\":\"In\u00edcio\",\"item\":\"https:\/\/portalfadesp.org.br\/\"},{\"@type\":\"ListItem\",\"position\":2,\"name\":\"Concursos &#8211; Homologados\",\"item\":\"https:\/\/portalfadesp.org.br\/?page_id=329\"},{\"@type\":\"ListItem\",\"position\":3,\"name\":\"SELE\u00c7\u00c3O PARA INGRESSO NO MESTRADO PROFISSIONAL EM TECNOLOGIAS INOVADORAS NA MINERA\u00c7\u00c3O UNIFESSPA\/ITV \u2013 2025 &#8211; EDITAL PPGTIM 01\/2025\"}]},{\"@type\":\"WebSite\",\"@id\":\"https:\/\/portalfadesp.org.br\/#website\",\"url\":\"https:\/\/portalfadesp.org.br\/\",\"name\":\"FADESP\",\"description\":\"Funda\u00e7\u00e3o de Amparo e Desenvolvimento da Pesquisa\",\"publisher\":{\"@id\":\"https:\/\/portalfadesp.org.br\/#organization\"},\"potentialAction\":[{\"@type\":\"SearchAction\",\"target\":{\"@type\":\"EntryPoint\",\"urlTemplate\":\"https:\/\/portalfadesp.org.br\/?s={search_term_string}\"},\"query-input\":{\"@type\":\"PropertyValueSpecification\",\"valueRequired\":true,\"valueName\":\"search_term_string\"}}],\"inLanguage\":\"pt-BR\"},{\"@type\":\"Organization\",\"@id\":\"https:\/\/portalfadesp.org.br\/#organization\",\"name\":\"FADESP\",\"url\":\"https:\/\/portalfadesp.org.br\/\",\"logo\":{\"@type\":\"ImageObject\",\"inLanguage\":\"pt-BR\",\"@id\":\"https:\/\/portalfadesp.org.br\/#\/schema\/logo\/image\/\",\"url\":\"https:\/\/portalfadesp.org.br\/wp-content\/uploads\/2024\/01\/NOVOLOGOFADESPlaranjaH.png\",\"contentUrl\":\"https:\/\/portalfadesp.org.br\/wp-content\/uploads\/2024\/01\/NOVOLOGOFADESPlaranjaH.png\",\"width\":2742,\"height\":839,\"caption\":\"FADESP\"},\"image\":{\"@id\":\"https:\/\/portalfadesp.org.br\/#\/schema\/logo\/image\/\"},\"sameAs\":[\"https:\/\/www.facebook.com\/Fadesp-138351949524662\/\",\"https:\/\/x.com\/Fadesp\",\"https:\/\/www.instagram.com\/fadesp_ufpa\/\",\"https:\/\/www.youtube.com\/@fundacaodeamparoedesenvolv1903\",\"https:\/\/www.threads.net\/@fadesp_ufpa\"]}]}<\/script>\n<!-- \/ Yoast SEO plugin. -->","yoast_head_json":{"title":"SELE\u00c7\u00c3O PARA INGRESSO NO MESTRADO PROFISSIONAL EM TECNOLOGIAS INOVADORAS NA MINERA\u00c7\u00c3O UNIFESSPA\/ITV \u2013 2025 - EDITAL PPGTIM 01\/2025 - FADESP","robots":{"index":"index","follow":"follow","max-snippet":"max-snippet:-1","max-image-preview":"max-image-preview:large","max-video-preview":"max-video-preview:-1"},"canonical":"https:\/\/portalfadesp.org.br\/?page_id=51673","og_locale":"pt_BR","og_type":"article","og_title":"SELE\u00c7\u00c3O PARA INGRESSO NO MESTRADO PROFISSIONAL EM TECNOLOGIAS INOVADORAS NA MINERA\u00c7\u00c3O UNIFESSPA\/ITV \u2013 2025 - EDITAL PPGTIM 01\/2025 - FADESP","og_description":"SELE\u00c7\u00c3O PARA INGRESSO NO MESTRADO PROFISSIONAL EM TECNOLOGIAS INOVADORAS NA MINERA\u00c7\u00c3O UNIFESSPA\/ITV \u2013 2025 &#8211; EDITAL PPGTIM 01\/2025 A Coordena\u00e7\u00e3o do Programa de P\u00f3s-Gradua\u00e7\u00e3o em Tecnologias Inovadoras na Minera\u00e7\u00e3o da Universidade Federal do Sul e Sudeste do Par\u00e1 e do Instituto Tecnol\u00f3gico Vale \u2013 PPGTIM \u2013 UNIFESSPA\/ITV, tendo em vista a decis\u00e3o do Colegiado de [&hellip;]","og_url":"https:\/\/portalfadesp.org.br\/?page_id=51673","og_site_name":"FADESP","article_publisher":"https:\/\/www.facebook.com\/Fadesp-138351949524662\/","article_modified_time":"2025-12-19T16:15:59+00:00","og_image":[{"width":807,"height":123,"url":"https:\/\/portalfadesp.org.br\/wp-content\/uploads\/2025\/08\/BannerPPGTIM.png","type":"image\/png"}],"twitter_card":"summary_large_image","twitter_site":"@Fadesp","twitter_misc":{"Est. tempo de leitura":"4 minutos"},"schema":{"@context":"https:\/\/schema.org","@graph":[{"@type":"WebPage","@id":"https:\/\/portalfadesp.org.br\/?page_id=51673","url":"https:\/\/portalfadesp.org.br\/?page_id=51673","name":"SELE\u00c7\u00c3O PARA INGRESSO NO MESTRADO PROFISSIONAL EM TECNOLOGIAS INOVADORAS NA MINERA\u00c7\u00c3O UNIFESSPA\/ITV \u2013 2025 - EDITAL PPGTIM 01\/2025 - FADESP","isPartOf":{"@id":"https:\/\/portalfadesp.org.br\/#website"},"primaryImageOfPage":{"@id":"https:\/\/portalfadesp.org.br\/?page_id=51673#primaryimage"},"image":{"@id":"https:\/\/portalfadesp.org.br\/?page_id=51673#primaryimage"},"thumbnailUrl":"https:\/\/portalfadesp.org.br\/wp-content\/uploads\/2025\/08\/BannerPPGTIM.png","datePublished":"2025-08-13T11:49:21+00:00","dateModified":"2025-12-19T16:15:59+00:00","breadcrumb":{"@id":"https:\/\/portalfadesp.org.br\/?page_id=51673#breadcrumb"},"inLanguage":"pt-BR","potentialAction":[{"@type":"ReadAction","target":["https:\/\/portalfadesp.org.br\/?page_id=51673"]}]},{"@type":"ImageObject","inLanguage":"pt-BR","@id":"https:\/\/portalfadesp.org.br\/?page_id=51673#primaryimage","url":"https:\/\/portalfadesp.org.br\/wp-content\/uploads\/2025\/08\/BannerPPGTIM.png","contentUrl":"https:\/\/portalfadesp.org.br\/wp-content\/uploads\/2025\/08\/BannerPPGTIM.png","width":807,"height":123},{"@type":"BreadcrumbList","@id":"https:\/\/portalfadesp.org.br\/?page_id=51673#breadcrumb","itemListElement":[{"@type":"ListItem","position":1,"name":"In\u00edcio","item":"https:\/\/portalfadesp.org.br\/"},{"@type":"ListItem","position":2,"name":"Concursos &#8211; Homologados","item":"https:\/\/portalfadesp.org.br\/?page_id=329"},{"@type":"ListItem","position":3,"name":"SELE\u00c7\u00c3O PARA INGRESSO NO MESTRADO PROFISSIONAL EM TECNOLOGIAS INOVADORAS NA MINERA\u00c7\u00c3O UNIFESSPA\/ITV \u2013 2025 &#8211; EDITAL PPGTIM 01\/2025"}]},{"@type":"WebSite","@id":"https:\/\/portalfadesp.org.br\/#website","url":"https:\/\/portalfadesp.org.br\/","name":"FADESP","description":"Funda\u00e7\u00e3o de Amparo e Desenvolvimento da Pesquisa","publisher":{"@id":"https:\/\/portalfadesp.org.br\/#organization"},"potentialAction":[{"@type":"SearchAction","target":{"@type":"EntryPoint","urlTemplate":"https:\/\/portalfadesp.org.br\/?s={search_term_string}"},"query-input":{"@type":"PropertyValueSpecification","valueRequired":true,"valueName":"search_term_string"}}],"inLanguage":"pt-BR"},{"@type":"Organization","@id":"https:\/\/portalfadesp.org.br\/#organization","name":"FADESP","url":"https:\/\/portalfadesp.org.br\/","logo":{"@type":"ImageObject","inLanguage":"pt-BR","@id":"https:\/\/portalfadesp.org.br\/#\/schema\/logo\/image\/","url":"https:\/\/portalfadesp.org.br\/wp-content\/uploads\/2024\/01\/NOVOLOGOFADESPlaranjaH.png","contentUrl":"https:\/\/portalfadesp.org.br\/wp-content\/uploads\/2024\/01\/NOVOLOGOFADESPlaranjaH.png","width":2742,"height":839,"caption":"FADESP"},"image":{"@id":"https:\/\/portalfadesp.org.br\/#\/schema\/logo\/image\/"},"sameAs":["https:\/\/www.facebook.com\/Fadesp-138351949524662\/","https:\/\/x.com\/Fadesp","https:\/\/www.instagram.com\/fadesp_ufpa\/","https:\/\/www.youtube.com\/@fundacaodeamparoedesenvolv1903","https:\/\/www.threads.net\/@fadesp_ufpa"]}]}},"_links":{"self":[{"href":"https:\/\/portalfadesp.org.br\/index.php?rest_route=\/wp\/v2\/pages\/51673","targetHints":{"allow":["GET"]}}],"collection":[{"href":"https:\/\/portalfadesp.org.br\/index.php?rest_route=\/wp\/v2\/pages"}],"about":[{"href":"https:\/\/portalfadesp.org.br\/index.php?rest_route=\/wp\/v2\/types\/page"}],"author":[{"embeddable":true,"href":"https:\/\/portalfadesp.org.br\/index.php?rest_route=\/wp\/v2\/users\/12"}],"replies":[{"embeddable":true,"href":"https:\/\/portalfadesp.org.br\/index.php?rest_route=%2Fwp%2Fv2%2Fcomments&post=51673"}],"version-history":[{"count":66,"href":"https:\/\/portalfadesp.org.br\/index.php?rest_route=\/wp\/v2\/pages\/51673\/revisions"}],"predecessor-version":[{"id":52990,"href":"https:\/\/portalfadesp.org.br\/index.php?rest_route=\/wp\/v2\/pages\/51673\/revisions\/52990"}],"up":[{"embeddable":true,"href":"https:\/\/portalfadesp.org.br\/index.php?rest_route=\/wp\/v2\/pages\/329"}],"wp:attachment":[{"href":"https:\/\/portalfadesp.org.br\/index.php?rest_route=%2Fwp%2Fv2%2Fmedia&parent=51673"}],"curies":[{"name":"wp","href":"https:\/\/api.w.org\/{rel}","templated":true}]}}