{"id":51577,"date":"2025-07-31T14:47:01","date_gmt":"2025-07-31T17:47:01","guid":{"rendered":"https:\/\/portalfadesp.org.br\/?page_id=51577"},"modified":"2025-07-31T15:13:58","modified_gmt":"2025-07-31T18:13:58","slug":"pagina_modelo-19-13-13","status":"publish","type":"page","link":"https:\/\/portalfadesp.org.br\/?page_id=51577","title":{"rendered":"Exame de Profici\u00eancia em Leitura em L\u00ednguas Estrangeiras \u2013 PROFILE (SESS\u00c3O DE SETEMBRO\/2025)"},"content":{"rendered":"\t\t<div data-elementor-type=\"wp-post\" data-elementor-id=\"51577\" class=\"elementor elementor-51577\" data-elementor-post-type=\"page\">\n\t\t\t\t\t\t<section class=\"elementor-section elementor-top-section elementor-element elementor-element-1f2996d1 elementor-section-boxed elementor-section-height-default elementor-section-height-default\" data-id=\"1f2996d1\" data-element_type=\"section\">\n\t\t\t\t\t\t<div class=\"elementor-container elementor-column-gap-default\">\n\t\t\t\t\t<div class=\"elementor-column elementor-col-100 elementor-top-column elementor-element elementor-element-59a4b3f8\" data-id=\"59a4b3f8\" data-element_type=\"column\">\n\t\t\t<div class=\"elementor-widget-wrap elementor-element-populated\">\n\t\t\t\t\t\t<div class=\"elementor-element elementor-element-799471af elementor-widget elementor-widget-heading\" data-id=\"799471af\" data-element_type=\"widget\" data-widget_type=\"heading.default\">\n\t\t\t\t<div class=\"elementor-widget-container\">\n\t\t\t\t\t<h1 class=\"elementor-heading-title elementor-size-default\">Exame de Profici\u00eancia em Leitura em L\u00ednguas Estrangeiras \u2013 PROFILE (SESS\u00c3O DE SETEMBRO\/2025)<\/h1>\t\t\t\t<\/div>\n\t\t\t\t<\/div>\n\t\t\t\t<section class=\"elementor-section elementor-inner-section elementor-element elementor-element-336311f elementor-section-boxed elementor-section-height-default elementor-section-height-default\" data-id=\"336311f\" data-element_type=\"section\">\n\t\t\t\t\t\t<div class=\"elementor-container elementor-column-gap-default\">\n\t\t\t\t\t<div class=\"elementor-column elementor-col-50 elementor-inner-column elementor-element elementor-element-75ca0dc3\" data-id=\"75ca0dc3\" data-element_type=\"column\">\n\t\t\t<div class=\"elementor-widget-wrap elementor-element-populated\">\n\t\t\t\t\t\t<div class=\"elementor-element elementor-element-425a3096 elementor-widget elementor-widget-text-editor\" data-id=\"425a3096\" data-element_type=\"widget\" data-widget_type=\"text-editor.default\">\n\t\t\t\t<div class=\"elementor-widget-container\">\n\t\t\t\t\t\t\t\t\t<p><span style=\"color: #000000;\">A coordenadora do PROFILE, Profa. Dra. Cristina Vasconcelos Porto, por meio da Faculdade de Letras Estrangeiras Modernas (FALEM), da Universidade Federal do Par\u00e1, faz saber que, no per\u00edodo de 13 de agosto a 1 de setembro de 2025, estar\u00e3o abertas as inscri\u00e7\u00f5es para a Profici\u00eancia em Leitura em L\u00ednguas Estrangeiras para os candidatos a Programas de P\u00f3s- Gradua\u00e7\u00e3o strictu sensu (Mestrado e\/ou Doutorado). As datas relevantes est\u00e3o contidas no ANEXO I deste Edital.<\/span><\/p><p><span style=\"color: #000000;\"><strong>Per\u00edodo de Inscri\u00e7\u00e3o: <\/strong>13 de agosto a 1 de setembro de 2025, no site da FADESP <a style=\"color: #000000;\" href=\"http:\/\/cursoseventos.fadesp.org.br\/gui\/PortalCursosEventos.aspx\"><em>http:\/\/cursoseventos.fadesp.org.br\/gui\/PortalCursosEventos.aspx<\/em><\/a><\/span><\/p><p><span style=\"color: #000000;\"><strong>Taxa de inscri\u00e7\u00e3o:<\/strong>\u00a0R$:80,00 (oitenta reais)<\/span><\/p><p><span style=\"color: #000000;\"><strong>Data da prova: <\/strong>18 de setembro de 2025<\/span><\/p><p><span style=\"color: #000000;\"><strong>Local e hor\u00e1rio das provas:<\/strong> As provas ser\u00e3o realizadas no Campus da UFPA, na cidade de Bel\u00e9m\/PA. Os locais e hor\u00e1rios das provas ser\u00e3o<br \/>informados aos candidatos no site do PROFILE (profile.ufpa.br) a partir das 18h do dia 10 de setembro de 2025.<\/span><\/p><p><strong><span style=\"color: #000000;\">Para mais informa\u00e7\u00f5es:<\/span><\/strong><\/p><p><span style=\"color: #000000;\"><strong>Telefone:<\/strong> (91)3201-8779, no hor\u00e1rio de 10h \u00e0s 16h (segunda a sexta- feira, exceto feriados).<\/span><\/p><p><span style=\"color: #000000;\"><strong>Site do PROFILE:<\/strong> profile.ufpa.br<\/span><br \/><span style=\"color: #000000;\"><strong>E-mail do PROFILE:<\/strong> profile.falem@gmail.com<\/span><br \/><strong><span style=\"color: #000000;\">Endere\u00e7o da FALEM (Faculdade de Letras Estrangeiras Modernas): <\/span><\/strong><span style=\"color: #000000;\">Pr\u00e9dio do Instituto de Letras e Comunica\u00e7\u00e3o (em frente ao Gin\u00e1sio de<\/span><br \/><span style=\"color: #000000;\">Esportes); 1\u00b0 andar, lado direito, pr\u00e9dio do anexo da FALEM; Cidade <\/span><span style=\"color: #000000;\">Universit\u00e1ria Prof. Jos\u00e9 da Silveira Neto; Rua Augusto Correa, 1; CEP: 66075- <\/span><span style=\"color: #000000;\">110; Bel\u00e9m-PA.<\/span><\/p>\t\t\t\t\t\t\t\t<\/div>\n\t\t\t\t<\/div>\n\t\t\t\t\t<\/div>\n\t\t<\/div>\n\t\t\t\t<div class=\"elementor-column elementor-col-50 elementor-inner-column elementor-element elementor-element-79608089\" data-id=\"79608089\" data-element_type=\"column\">\n\t\t\t<div class=\"elementor-widget-wrap elementor-element-populated\">\n\t\t\t\t\t\t<div class=\"elementor-element elementor-element-7ccac55 elementor-widget elementor-widget-text-editor\" data-id=\"7ccac55\" data-element_type=\"widget\" data-widget_type=\"text-editor.default\">\n\t\t\t\t<div class=\"elementor-widget-container\">\n\t\t\t\t\t\t\t\t\t<p><span style=\"color: #ffffff;\"><strong>Editais\u00a0<\/strong><\/span><\/p>\t\t\t\t\t\t\t\t<\/div>\n\t\t\t\t<\/div>\n\t\t\t\t<div class=\"elementor-element elementor-element-368e568 elementor-widget elementor-widget-text-editor\" data-id=\"368e568\" data-element_type=\"widget\" data-widget_type=\"text-editor.default\">\n\t\t\t\t<div class=\"elementor-widget-container\">\n\t\t\t\t\t\t\t\t\t<p style=\"text-align: center;\"><span style=\"color: #000000;\">Edital <strong><a style=\"color: #000000;\" href=\"https:\/\/portalfadesp.org.br\/wp-content\/uploads\/2025\/07\/profile-setembro2025-edital.pdf\">(Clique aqui)<\/a><\/strong><\/span><\/p>\t\t\t\t\t\t\t\t<\/div>\n\t\t\t\t<\/div>\n\t\t\t\t\t<\/div>\n\t\t<\/div>\n\t\t\t\t\t<\/div>\n\t\t<\/section>\n\t\t\t\t\t<\/div>\n\t\t<\/div>\n\t\t\t\t\t<\/div>\n\t\t<\/section>\n\t\t\t\t<\/div>\n\t\t","protected":false},"excerpt":{"rendered":"<p>Exame de Profici\u00eancia em Leitura em L\u00ednguas Estrangeiras \u2013 PROFILE (SESS\u00c3O DE SETEMBRO\/2025) A coordenadora do PROFILE, Profa. Dra. Cristina Vasconcelos Porto, por meio da Faculdade de Letras Estrangeiras Modernas (FALEM), da Universidade Federal do Par\u00e1, faz saber que, no per\u00edodo de 13 de agosto a 1 de setembro de 2025, estar\u00e3o abertas as inscri\u00e7\u00f5es [&hellip;]<\/p>\n","protected":false},"author":12,"featured_media":0,"parent":0,"menu_order":0,"comment_status":"closed","ping_status":"closed","template":"","meta":{"_monsterinsights_skip_tracking":false,"_monsterinsights_sitenote_active":false,"_monsterinsights_sitenote_note":"","_monsterinsights_sitenote_category":0,"footnotes":""},"class_list":["post-51577","page","type-page","status-publish","hentry","entry"],"yoast_head":"<!-- This site is optimized with the Yoast SEO plugin v25.1 - https:\/\/yoast.com\/wordpress\/plugins\/seo\/ -->\n<title>Exame de Profici\u00eancia em Leitura em L\u00ednguas Estrangeiras \u2013 PROFILE (SESS\u00c3O DE SETEMBRO\/2025) - FADESP<\/title>\n<meta name=\"robots\" content=\"index, follow, max-snippet:-1, max-image-preview:large, max-video-preview:-1\" \/>\n<link rel=\"canonical\" href=\"https:\/\/portalfadesp.org.br\/?page_id=51577\" \/>\n<meta property=\"og:locale\" content=\"pt_BR\" \/>\n<meta property=\"og:type\" content=\"article\" \/>\n<meta property=\"og:title\" content=\"Exame de Profici\u00eancia em Leitura em L\u00ednguas Estrangeiras \u2013 PROFILE (SESS\u00c3O DE SETEMBRO\/2025) - FADESP\" \/>\n<meta property=\"og:description\" content=\"Exame de Profici\u00eancia em Leitura em L\u00ednguas Estrangeiras \u2013 PROFILE (SESS\u00c3O DE SETEMBRO\/2025) A coordenadora do PROFILE, Profa. Dra. Cristina Vasconcelos Porto, por meio da Faculdade de Letras Estrangeiras Modernas (FALEM), da Universidade Federal do Par\u00e1, faz saber que, no per\u00edodo de 13 de agosto a 1 de setembro de 2025, estar\u00e3o abertas as inscri\u00e7\u00f5es [&hellip;]\" \/>\n<meta property=\"og:url\" content=\"https:\/\/portalfadesp.org.br\/?page_id=51577\" \/>\n<meta property=\"og:site_name\" content=\"FADESP\" \/>\n<meta property=\"article:publisher\" content=\"https:\/\/www.facebook.com\/Fadesp-138351949524662\/\" \/>\n<meta property=\"article:modified_time\" content=\"2025-07-31T18:13:58+00:00\" \/>\n<meta name=\"twitter:card\" content=\"summary_large_image\" \/>\n<meta name=\"twitter:site\" content=\"@Fadesp\" \/>\n<meta name=\"twitter:label1\" content=\"Est. tempo de leitura\" \/>\n\t<meta name=\"twitter:data1\" content=\"2 minutos\" \/>\n<script type=\"application\/ld+json\" class=\"yoast-schema-graph\">{\"@context\":\"https:\/\/schema.org\",\"@graph\":[{\"@type\":\"WebPage\",\"@id\":\"https:\/\/portalfadesp.org.br\/?page_id=51577\",\"url\":\"https:\/\/portalfadesp.org.br\/?page_id=51577\",\"name\":\"Exame de Profici\u00eancia em Leitura em L\u00ednguas Estrangeiras \u2013 PROFILE (SESS\u00c3O DE SETEMBRO\/2025) - FADESP\",\"isPartOf\":{\"@id\":\"https:\/\/portalfadesp.org.br\/#website\"},\"datePublished\":\"2025-07-31T17:47:01+00:00\",\"dateModified\":\"2025-07-31T18:13:58+00:00\",\"breadcrumb\":{\"@id\":\"https:\/\/portalfadesp.org.br\/?page_id=51577#breadcrumb\"},\"inLanguage\":\"pt-BR\",\"potentialAction\":[{\"@type\":\"ReadAction\",\"target\":[\"https:\/\/portalfadesp.org.br\/?page_id=51577\"]}]},{\"@type\":\"BreadcrumbList\",\"@id\":\"https:\/\/portalfadesp.org.br\/?page_id=51577#breadcrumb\",\"itemListElement\":[{\"@type\":\"ListItem\",\"position\":1,\"name\":\"In\u00edcio\",\"item\":\"https:\/\/portalfadesp.org.br\/\"},{\"@type\":\"ListItem\",\"position\":2,\"name\":\"Exame de Profici\u00eancia em Leitura em L\u00ednguas Estrangeiras \u2013 PROFILE (SESS\u00c3O DE SETEMBRO\/2025)\"}]},{\"@type\":\"WebSite\",\"@id\":\"https:\/\/portalfadesp.org.br\/#website\",\"url\":\"https:\/\/portalfadesp.org.br\/\",\"name\":\"FADESP\",\"description\":\"Funda\u00e7\u00e3o de Amparo e Desenvolvimento da Pesquisa\",\"publisher\":{\"@id\":\"https:\/\/portalfadesp.org.br\/#organization\"},\"potentialAction\":[{\"@type\":\"SearchAction\",\"target\":{\"@type\":\"EntryPoint\",\"urlTemplate\":\"https:\/\/portalfadesp.org.br\/?s={search_term_string}\"},\"query-input\":{\"@type\":\"PropertyValueSpecification\",\"valueRequired\":true,\"valueName\":\"search_term_string\"}}],\"inLanguage\":\"pt-BR\"},{\"@type\":\"Organization\",\"@id\":\"https:\/\/portalfadesp.org.br\/#organization\",\"name\":\"FADESP\",\"url\":\"https:\/\/portalfadesp.org.br\/\",\"logo\":{\"@type\":\"ImageObject\",\"inLanguage\":\"pt-BR\",\"@id\":\"https:\/\/portalfadesp.org.br\/#\/schema\/logo\/image\/\",\"url\":\"https:\/\/portalfadesp.org.br\/wp-content\/uploads\/2024\/01\/NOVOLOGOFADESPlaranjaH.png\",\"contentUrl\":\"https:\/\/portalfadesp.org.br\/wp-content\/uploads\/2024\/01\/NOVOLOGOFADESPlaranjaH.png\",\"width\":2742,\"height\":839,\"caption\":\"FADESP\"},\"image\":{\"@id\":\"https:\/\/portalfadesp.org.br\/#\/schema\/logo\/image\/\"},\"sameAs\":[\"https:\/\/www.facebook.com\/Fadesp-138351949524662\/\",\"https:\/\/x.com\/Fadesp\",\"https:\/\/www.instagram.com\/fadesp_ufpa\/\",\"https:\/\/www.youtube.com\/@fundacaodeamparoedesenvolv1903\",\"https:\/\/www.threads.net\/@fadesp_ufpa\"]}]}<\/script>\n<!-- \/ Yoast SEO plugin. -->","yoast_head_json":{"title":"Exame de Profici\u00eancia em Leitura em L\u00ednguas Estrangeiras \u2013 PROFILE (SESS\u00c3O DE SETEMBRO\/2025) - FADESP","robots":{"index":"index","follow":"follow","max-snippet":"max-snippet:-1","max-image-preview":"max-image-preview:large","max-video-preview":"max-video-preview:-1"},"canonical":"https:\/\/portalfadesp.org.br\/?page_id=51577","og_locale":"pt_BR","og_type":"article","og_title":"Exame de Profici\u00eancia em Leitura em L\u00ednguas Estrangeiras \u2013 PROFILE (SESS\u00c3O DE SETEMBRO\/2025) - FADESP","og_description":"Exame de Profici\u00eancia em Leitura em L\u00ednguas Estrangeiras \u2013 PROFILE (SESS\u00c3O DE SETEMBRO\/2025) A coordenadora do PROFILE, Profa. Dra. Cristina Vasconcelos Porto, por meio da Faculdade de Letras Estrangeiras Modernas (FALEM), da Universidade Federal do Par\u00e1, faz saber que, no per\u00edodo de 13 de agosto a 1 de setembro de 2025, estar\u00e3o abertas as inscri\u00e7\u00f5es [&hellip;]","og_url":"https:\/\/portalfadesp.org.br\/?page_id=51577","og_site_name":"FADESP","article_publisher":"https:\/\/www.facebook.com\/Fadesp-138351949524662\/","article_modified_time":"2025-07-31T18:13:58+00:00","twitter_card":"summary_large_image","twitter_site":"@Fadesp","twitter_misc":{"Est. tempo de leitura":"2 minutos"},"schema":{"@context":"https:\/\/schema.org","@graph":[{"@type":"WebPage","@id":"https:\/\/portalfadesp.org.br\/?page_id=51577","url":"https:\/\/portalfadesp.org.br\/?page_id=51577","name":"Exame de Profici\u00eancia em Leitura em L\u00ednguas Estrangeiras \u2013 PROFILE (SESS\u00c3O DE SETEMBRO\/2025) - FADESP","isPartOf":{"@id":"https:\/\/portalfadesp.org.br\/#website"},"datePublished":"2025-07-31T17:47:01+00:00","dateModified":"2025-07-31T18:13:58+00:00","breadcrumb":{"@id":"https:\/\/portalfadesp.org.br\/?page_id=51577#breadcrumb"},"inLanguage":"pt-BR","potentialAction":[{"@type":"ReadAction","target":["https:\/\/portalfadesp.org.br\/?page_id=51577"]}]},{"@type":"BreadcrumbList","@id":"https:\/\/portalfadesp.org.br\/?page_id=51577#breadcrumb","itemListElement":[{"@type":"ListItem","position":1,"name":"In\u00edcio","item":"https:\/\/portalfadesp.org.br\/"},{"@type":"ListItem","position":2,"name":"Exame de Profici\u00eancia em Leitura em L\u00ednguas Estrangeiras \u2013 PROFILE (SESS\u00c3O DE SETEMBRO\/2025)"}]},{"@type":"WebSite","@id":"https:\/\/portalfadesp.org.br\/#website","url":"https:\/\/portalfadesp.org.br\/","name":"FADESP","description":"Funda\u00e7\u00e3o de Amparo e Desenvolvimento da Pesquisa","publisher":{"@id":"https:\/\/portalfadesp.org.br\/#organization"},"potentialAction":[{"@type":"SearchAction","target":{"@type":"EntryPoint","urlTemplate":"https:\/\/portalfadesp.org.br\/?s={search_term_string}"},"query-input":{"@type":"PropertyValueSpecification","valueRequired":true,"valueName":"search_term_string"}}],"inLanguage":"pt-BR"},{"@type":"Organization","@id":"https:\/\/portalfadesp.org.br\/#organization","name":"FADESP","url":"https:\/\/portalfadesp.org.br\/","logo":{"@type":"ImageObject","inLanguage":"pt-BR","@id":"https:\/\/portalfadesp.org.br\/#\/schema\/logo\/image\/","url":"https:\/\/portalfadesp.org.br\/wp-content\/uploads\/2024\/01\/NOVOLOGOFADESPlaranjaH.png","contentUrl":"https:\/\/portalfadesp.org.br\/wp-content\/uploads\/2024\/01\/NOVOLOGOFADESPlaranjaH.png","width":2742,"height":839,"caption":"FADESP"},"image":{"@id":"https:\/\/portalfadesp.org.br\/#\/schema\/logo\/image\/"},"sameAs":["https:\/\/www.facebook.com\/Fadesp-138351949524662\/","https:\/\/x.com\/Fadesp","https:\/\/www.instagram.com\/fadesp_ufpa\/","https:\/\/www.youtube.com\/@fundacaodeamparoedesenvolv1903","https:\/\/www.threads.net\/@fadesp_ufpa"]}]}},"_links":{"self":[{"href":"https:\/\/portalfadesp.org.br\/index.php?rest_route=\/wp\/v2\/pages\/51577","targetHints":{"allow":["GET"]}}],"collection":[{"href":"https:\/\/portalfadesp.org.br\/index.php?rest_route=\/wp\/v2\/pages"}],"about":[{"href":"https:\/\/portalfadesp.org.br\/index.php?rest_route=\/wp\/v2\/types\/page"}],"author":[{"embeddable":true,"href":"https:\/\/portalfadesp.org.br\/index.php?rest_route=\/wp\/v2\/users\/12"}],"replies":[{"embeddable":true,"href":"https:\/\/portalfadesp.org.br\/index.php?rest_route=%2Fwp%2Fv2%2Fcomments&post=51577"}],"version-history":[{"count":13,"href":"https:\/\/portalfadesp.org.br\/index.php?rest_route=\/wp\/v2\/pages\/51577\/revisions"}],"predecessor-version":[{"id":51593,"href":"https:\/\/portalfadesp.org.br\/index.php?rest_route=\/wp\/v2\/pages\/51577\/revisions\/51593"}],"wp:attachment":[{"href":"https:\/\/portalfadesp.org.br\/index.php?rest_route=%2Fwp%2Fv2%2Fmedia&parent=51577"}],"curies":[{"name":"wp","href":"https:\/\/api.w.org\/{rel}","templated":true}]}}