{"id":51423,"date":"2025-07-15T17:10:26","date_gmt":"2025-07-15T20:10:26","guid":{"rendered":"https:\/\/portalfadesp.org.br\/?page_id=51423"},"modified":"2025-07-15T17:54:21","modified_gmt":"2025-07-15T20:54:21","slug":"duvidas-frequentes","status":"publish","type":"page","link":"https:\/\/portalfadesp.org.br\/?page_id=51423","title":{"rendered":"D\u00favidas Frequentes"},"content":{"rendered":"\t\t<div data-elementor-type=\"wp-post\" data-elementor-id=\"51423\" class=\"elementor elementor-51423\" data-elementor-post-type=\"page\">\n\t\t\t\t\t\t<section class=\"elementor-section elementor-top-section elementor-element elementor-element-7cab04c3 elementor-section-full_width elementor-section-height-default elementor-section-height-default\" data-id=\"7cab04c3\" data-element_type=\"section\" data-settings=\"{&quot;background_background&quot;:&quot;classic&quot;}\">\n\t\t\t\t\t\t<div class=\"elementor-container elementor-column-gap-default\">\n\t\t\t\t\t<div class=\"elementor-column elementor-col-100 elementor-top-column elementor-element elementor-element-353e739a\" data-id=\"353e739a\" data-element_type=\"column\">\n\t\t\t<div class=\"elementor-widget-wrap elementor-element-populated\">\n\t\t\t\t\t\t<div class=\"elementor-element elementor-element-6ba4cc2 elementor-widget elementor-widget-heading\" data-id=\"6ba4cc2\" data-element_type=\"widget\" id=\"texto-faq\" data-widget_type=\"heading.default\">\n\t\t\t\t<div class=\"elementor-widget-container\">\n\t\t\t\t\t<h1 class=\"elementor-heading-title elementor-size-default\">D\u00favidas frequentes<\/h1>\t\t\t\t<\/div>\n\t\t\t\t<\/div>\n\t\t\t\t\t<\/div>\n\t\t<\/div>\n\t\t\t\t\t<\/div>\n\t\t<\/section>\n\t\t\t\t<section class=\"elementor-section elementor-top-section elementor-element elementor-element-f9a6bee elementor-section-boxed elementor-section-height-default elementor-section-height-default\" data-id=\"f9a6bee\" data-element_type=\"section\">\n\t\t\t\t\t\t<div class=\"elementor-container elementor-column-gap-default\">\n\t\t\t\t\t<div class=\"elementor-column elementor-col-100 elementor-top-column elementor-element elementor-element-950529b\" data-id=\"950529b\" data-element_type=\"column\">\n\t\t\t<div class=\"elementor-widget-wrap elementor-element-populated\">\n\t\t\t\t\t\t<div class=\"elementor-element elementor-element-8e96607 elementor-widget elementor-widget-heading\" data-id=\"8e96607\" data-element_type=\"widget\" data-widget_type=\"heading.default\">\n\t\t\t\t<div class=\"elementor-widget-container\">\n\t\t\t\t\t<h3 class=\"elementor-heading-title elementor-size-default\">O que \u00e9 a FADESP?<\/h3>\t\t\t\t<\/div>\n\t\t\t\t<\/div>\n\t\t\t\t<div class=\"elementor-element elementor-element-439e41b elementor-widget elementor-widget-heading\" data-id=\"439e41b\" data-element_type=\"widget\" data-widget_type=\"heading.default\">\n\t\t\t\t<div class=\"elementor-widget-container\">\n\t\t\t\t\t<h3 class=\"elementor-heading-title elementor-size-default\">A Funda\u00e7\u00e3o de Amparo e Desenvolvimento da Pesquisa (FADESP) \u00e9 uma institui\u00e7\u00e3o voltada ao apoio ao desenvolvimento cient\u00edfico-tecnol\u00f3gico da Amaz\u00f4nia e de seus povos. Foi criada em 1977 pela Universidade Federal do Par\u00e1 (UFPA). Integra o Conselho Nacional das Funda\u00e7\u00f5es de Apoio \u00e0s Institui\u00e7\u00f5es de Ensino Superior e de Pesquisa Cient\u00edfica e Tecnol\u00f3gica \u2013 CONFIES. \n<\/h3>\t\t\t\t<\/div>\n\t\t\t\t<\/div>\n\t\t\t\t<div class=\"elementor-element elementor-element-6b88b1d elementor-widget elementor-widget-heading\" data-id=\"6b88b1d\" data-element_type=\"widget\" data-widget_type=\"heading.default\">\n\t\t\t\t<div class=\"elementor-widget-container\">\n\t\t\t\t\t<h3 class=\"elementor-heading-title elementor-size-default\">O que \u00e9 uma Funda\u00e7\u00e3o de Apoio?\n<\/h3>\t\t\t\t<\/div>\n\t\t\t\t<\/div>\n\t\t\t\t<div class=\"elementor-element elementor-element-f88c89a elementor-widget elementor-widget-heading\" data-id=\"f88c89a\" data-element_type=\"widget\" data-widget_type=\"heading.default\">\n\t\t\t\t<div class=\"elementor-widget-container\">\n\t\t\t\t\t<h3 class=\"elementor-heading-title elementor-size-default\">Uma Funda\u00e7\u00e3o de Apoio \u00e9 uma entidade jur\u00eddica de direito privado, sem fins lucrativos, criada para dar suporte a projetos de ensino, pesquisa, extens\u00e3o, desenvolvimento institucional, cient\u00edfico e tecnol\u00f3gico, e est\u00edmulo \u00e0 inova\u00e7\u00e3o em Institui\u00e7\u00f5es Federais de Ensino Superior (IFES) e Institui\u00e7\u00f5es Cient\u00edficas e Tecnol\u00f3gicas (ICTs).\u00a0\u00c9 papel da FA atuar como instrumento para viabilizar a execu\u00e7\u00e3o de projetos nessas \u00e1reas, facilitando a gest\u00e3o de recursos e a intera\u00e7\u00e3o com o ambiente externo.\u00a0\n<\/h3>\t\t\t\t<\/div>\n\t\t\t\t<\/div>\n\t\t\t\t<div class=\"elementor-element elementor-element-1fb1455 elementor-widget elementor-widget-heading\" data-id=\"1fb1455\" data-element_type=\"widget\" data-widget_type=\"heading.default\">\n\t\t\t\t<div class=\"elementor-widget-container\">\n\t\t\t\t\t<h3 class=\"elementor-heading-title elementor-size-default\">Onde fica a FADESP?<\/h3>\t\t\t\t<\/div>\n\t\t\t\t<\/div>\n\t\t\t\t<div class=\"elementor-element elementor-element-02f60f4 elementor-widget elementor-widget-heading\" data-id=\"02f60f4\" data-element_type=\"widget\" data-widget_type=\"heading.default\">\n\t\t\t\t<div class=\"elementor-widget-container\">\n\t\t\t\t\t<h3 class=\"elementor-heading-title elementor-size-default\">Dentro do campus Guam\u00e1 da Universidade Federal do Par\u00e1 (Cidade Universit\u00e1ria Professor Jos\u00e9 da Silveira Netto).\n<\/h3>\t\t\t\t<\/div>\n\t\t\t\t<\/div>\n\t\t\t\t<div class=\"elementor-element elementor-element-a26781f elementor-widget elementor-widget-heading\" data-id=\"a26781f\" data-element_type=\"widget\" data-widget_type=\"heading.default\">\n\t\t\t\t<div class=\"elementor-widget-container\">\n\t\t\t\t\t<h3 class=\"elementor-heading-title elementor-size-default\">Sou pesquisador\/a e quero levar um projeto para a FADESP. Como devo proceder?<\/h3>\t\t\t\t<\/div>\n\t\t\t\t<\/div>\n\t\t\t\t<div class=\"elementor-element elementor-element-0261785 elementor-widget elementor-widget-heading\" data-id=\"0261785\" data-element_type=\"widget\" data-widget_type=\"heading.default\">\n\t\t\t\t<div class=\"elementor-widget-container\">\n\t\t\t\t\t<h3 class=\"elementor-heading-title elementor-size-default\">Deve-se inicialmente marcar uma reuni\u00e3o com a Coordena\u00e7\u00e3o de projetos e\/ou Executiva de Neg\u00f3cios. Sugerimos que entrem em contato pelos telefones gerais: \n<br \/><br \/>\n(91) 4005.7440 \/ 4005.7441 \/ 4005.7442\n<\/h3>\t\t\t\t<\/div>\n\t\t\t\t<\/div>\n\t\t\t\t\t<\/div>\n\t\t<\/div>\n\t\t\t\t\t<\/div>\n\t\t<\/section>\n\t\t\t\t<section class=\"elementor-section elementor-top-section elementor-element elementor-element-5a484c8 elementor-section-boxed elementor-section-height-default elementor-section-height-default\" data-id=\"5a484c8\" data-element_type=\"section\">\n\t\t\t\t\t\t<div class=\"elementor-container elementor-column-gap-default\">\n\t\t\t\t\t<div class=\"elementor-column elementor-col-100 elementor-top-column elementor-element elementor-element-34c21da\" data-id=\"34c21da\" data-element_type=\"column\">\n\t\t\t<div class=\"elementor-widget-wrap elementor-element-populated\">\n\t\t\t\t\t\t<div class=\"elementor-element elementor-element-4cacb2e elementor-widget-divider--view-line elementor-widget elementor-widget-divider\" data-id=\"4cacb2e\" data-element_type=\"widget\" data-widget_type=\"divider.default\">\n\t\t\t\t<div class=\"elementor-widget-container\">\n\t\t\t\t\t\t\t<div class=\"elementor-divider\">\n\t\t\t<span class=\"elementor-divider-separator\">\n\t\t\t\t\t\t<\/span>\n\t\t<\/div>\n\t\t\t\t\t\t<\/div>\n\t\t\t\t<\/div>\n\t\t\t\t<div class=\"elementor-element elementor-element-a4037fd elementor-widget elementor-widget-heading\" data-id=\"a4037fd\" data-element_type=\"widget\" data-widget_type=\"heading.default\">\n\t\t\t\t<div class=\"elementor-widget-container\">\n\t\t\t\t\t<h3 class=\"elementor-heading-title elementor-size-default\"><a href=\"https:\/\/45anos.fadesp.org.br\">Conhe\u00e7a mais de nossa hist\u00f3ria por meio da linha do tempo abaixo ou acesse o hotsite dos 45 anos da FADESP, clicando aqui.<\/a><\/h3>\t\t\t\t<\/div>\n\t\t\t\t<\/div>\n\t\t\t\t\t<\/div>\n\t\t<\/div>\n\t\t\t\t\t<\/div>\n\t\t<\/section>\n\t\t\t\t<section class=\"elementor-section elementor-top-section elementor-element elementor-element-f9082d3 elementor-section-boxed elementor-section-height-default elementor-section-height-default\" data-id=\"f9082d3\" data-element_type=\"section\">\n\t\t\t\t\t\t<div class=\"elementor-container elementor-column-gap-default\">\n\t\t\t\t\t<div class=\"elementor-column elementor-col-100 elementor-top-column elementor-element elementor-element-eb639cf\" data-id=\"eb639cf\" data-element_type=\"column\">\n\t\t\t<div class=\"elementor-widget-wrap elementor-element-populated\">\n\t\t\t\t\t\t<div class=\"elementor-element elementor-element-b63dde3 elementor-widget elementor-widget-image\" data-id=\"b63dde3\" data-element_type=\"widget\" data-widget_type=\"image.default\">\n\t\t\t\t<div class=\"elementor-widget-container\">\n\t\t\t\t\t\t\t\t\t\t\t\t\t\t\t<img fetchpriority=\"high\" decoding=\"async\" width=\"2560\" height=\"1719\" src=\"https:\/\/portalfadesp.org.br\/wp-content\/uploads\/2025\/06\/linha-do-tempo-fadesp-reduzido-final-novo-tamanho-2.pdf-scaled.png\" class=\"attachment-full size-full wp-image-51138\" alt=\"\" srcset=\"https:\/\/portalfadesp.org.br\/wp-content\/uploads\/2025\/06\/linha-do-tempo-fadesp-reduzido-final-novo-tamanho-2.pdf-scaled.png 2560w, https:\/\/portalfadesp.org.br\/wp-content\/uploads\/2025\/06\/linha-do-tempo-fadesp-reduzido-final-novo-tamanho-2.pdf-300x201.png 300w, https:\/\/portalfadesp.org.br\/wp-content\/uploads\/2025\/06\/linha-do-tempo-fadesp-reduzido-final-novo-tamanho-2.pdf-1024x688.png 1024w, https:\/\/portalfadesp.org.br\/wp-content\/uploads\/2025\/06\/linha-do-tempo-fadesp-reduzido-final-novo-tamanho-2.pdf-768x516.png 768w, https:\/\/portalfadesp.org.br\/wp-content\/uploads\/2025\/06\/linha-do-tempo-fadesp-reduzido-final-novo-tamanho-2.pdf-1536x1031.png 1536w, https:\/\/portalfadesp.org.br\/wp-content\/uploads\/2025\/06\/linha-do-tempo-fadesp-reduzido-final-novo-tamanho-2.pdf-2048x1375.png 2048w\" sizes=\"(max-width: 2560px) 100vw, 2560px\" \/>\t\t\t\t\t\t\t\t\t\t\t\t\t\t\t<\/div>\n\t\t\t\t<\/div>\n\t\t\t\t\t<\/div>\n\t\t<\/div>\n\t\t\t\t\t<\/div>\n\t\t<\/section>\n\t\t\t\t<\/div>\n\t\t","protected":false},"excerpt":{"rendered":"<p>D\u00favidas frequentes O que \u00e9 a FADESP? A Funda\u00e7\u00e3o de Amparo e Desenvolvimento da Pesquisa (FADESP) \u00e9 uma institui\u00e7\u00e3o voltada ao apoio ao desenvolvimento cient\u00edfico-tecnol\u00f3gico da Amaz\u00f4nia e de seus povos. Foi criada em 1977 pela Universidade Federal do Par\u00e1 (UFPA). Integra o Conselho Nacional das Funda\u00e7\u00f5es de Apoio \u00e0s Institui\u00e7\u00f5es de Ensino Superior e [&hellip;]<\/p>\n","protected":false},"author":24,"featured_media":0,"parent":0,"menu_order":0,"comment_status":"closed","ping_status":"closed","template":"","meta":{"_monsterinsights_skip_tracking":false,"_monsterinsights_sitenote_active":false,"_monsterinsights_sitenote_note":"","_monsterinsights_sitenote_category":0,"footnotes":""},"class_list":["post-51423","page","type-page","status-publish","hentry","entry"],"yoast_head":"<!-- This site is optimized with the Yoast SEO plugin v25.1 - https:\/\/yoast.com\/wordpress\/plugins\/seo\/ -->\n<title>D\u00favidas Frequentes - FADESP<\/title>\n<meta name=\"robots\" content=\"index, follow, max-snippet:-1, max-image-preview:large, max-video-preview:-1\" \/>\n<link rel=\"canonical\" href=\"https:\/\/portalfadesp.org.br\/?page_id=51423\" \/>\n<meta property=\"og:locale\" content=\"pt_BR\" \/>\n<meta property=\"og:type\" content=\"article\" \/>\n<meta property=\"og:title\" content=\"D\u00favidas Frequentes - FADESP\" \/>\n<meta property=\"og:description\" content=\"D\u00favidas frequentes O que \u00e9 a FADESP? A Funda\u00e7\u00e3o de Amparo e Desenvolvimento da Pesquisa (FADESP) \u00e9 uma institui\u00e7\u00e3o voltada ao apoio ao desenvolvimento cient\u00edfico-tecnol\u00f3gico da Amaz\u00f4nia e de seus povos. Foi criada em 1977 pela Universidade Federal do Par\u00e1 (UFPA). Integra o Conselho Nacional das Funda\u00e7\u00f5es de Apoio \u00e0s Institui\u00e7\u00f5es de Ensino Superior e [&hellip;]\" \/>\n<meta property=\"og:url\" content=\"https:\/\/portalfadesp.org.br\/?page_id=51423\" \/>\n<meta property=\"og:site_name\" content=\"FADESP\" \/>\n<meta property=\"article:publisher\" content=\"https:\/\/www.facebook.com\/Fadesp-138351949524662\/\" \/>\n<meta property=\"article:modified_time\" content=\"2025-07-15T20:54:21+00:00\" \/>\n<meta property=\"og:image\" content=\"https:\/\/portalfadesp.org.br\/wp-content\/uploads\/2025\/06\/linha-do-tempo-fadesp-reduzido-final-novo-tamanho-2.pdf-scaled.png\" \/>\n\t<meta property=\"og:image:width\" content=\"2560\" \/>\n\t<meta property=\"og:image:height\" content=\"1719\" \/>\n\t<meta property=\"og:image:type\" content=\"image\/png\" \/>\n<meta name=\"twitter:card\" content=\"summary_large_image\" \/>\n<meta name=\"twitter:site\" content=\"@Fadesp\" \/>\n<meta name=\"twitter:label1\" content=\"Est. tempo de leitura\" \/>\n\t<meta name=\"twitter:data1\" content=\"2 minutos\" \/>\n<script type=\"application\/ld+json\" class=\"yoast-schema-graph\">{\"@context\":\"https:\/\/schema.org\",\"@graph\":[{\"@type\":\"WebPage\",\"@id\":\"https:\/\/portalfadesp.org.br\/?page_id=51423\",\"url\":\"https:\/\/portalfadesp.org.br\/?page_id=51423\",\"name\":\"D\u00favidas Frequentes - FADESP\",\"isPartOf\":{\"@id\":\"https:\/\/portalfadesp.org.br\/#website\"},\"primaryImageOfPage\":{\"@id\":\"https:\/\/portalfadesp.org.br\/?page_id=51423#primaryimage\"},\"image\":{\"@id\":\"https:\/\/portalfadesp.org.br\/?page_id=51423#primaryimage\"},\"thumbnailUrl\":\"https:\/\/portalfadesp.org.br\/wp-content\/uploads\/2025\/06\/linha-do-tempo-fadesp-reduzido-final-novo-tamanho-2.pdf-scaled.png\",\"datePublished\":\"2025-07-15T20:10:26+00:00\",\"dateModified\":\"2025-07-15T20:54:21+00:00\",\"breadcrumb\":{\"@id\":\"https:\/\/portalfadesp.org.br\/?page_id=51423#breadcrumb\"},\"inLanguage\":\"pt-BR\",\"potentialAction\":[{\"@type\":\"ReadAction\",\"target\":[\"https:\/\/portalfadesp.org.br\/?page_id=51423\"]}]},{\"@type\":\"ImageObject\",\"inLanguage\":\"pt-BR\",\"@id\":\"https:\/\/portalfadesp.org.br\/?page_id=51423#primaryimage\",\"url\":\"https:\/\/portalfadesp.org.br\/wp-content\/uploads\/2025\/06\/linha-do-tempo-fadesp-reduzido-final-novo-tamanho-2.pdf-scaled.png\",\"contentUrl\":\"https:\/\/portalfadesp.org.br\/wp-content\/uploads\/2025\/06\/linha-do-tempo-fadesp-reduzido-final-novo-tamanho-2.pdf-scaled.png\",\"width\":2560,\"height\":1719},{\"@type\":\"BreadcrumbList\",\"@id\":\"https:\/\/portalfadesp.org.br\/?page_id=51423#breadcrumb\",\"itemListElement\":[{\"@type\":\"ListItem\",\"position\":1,\"name\":\"In\u00edcio\",\"item\":\"https:\/\/portalfadesp.org.br\/\"},{\"@type\":\"ListItem\",\"position\":2,\"name\":\"D\u00favidas Frequentes\"}]},{\"@type\":\"WebSite\",\"@id\":\"https:\/\/portalfadesp.org.br\/#website\",\"url\":\"https:\/\/portalfadesp.org.br\/\",\"name\":\"FADESP\",\"description\":\"Funda\u00e7\u00e3o de Amparo e Desenvolvimento da Pesquisa\",\"publisher\":{\"@id\":\"https:\/\/portalfadesp.org.br\/#organization\"},\"potentialAction\":[{\"@type\":\"SearchAction\",\"target\":{\"@type\":\"EntryPoint\",\"urlTemplate\":\"https:\/\/portalfadesp.org.br\/?s={search_term_string}\"},\"query-input\":{\"@type\":\"PropertyValueSpecification\",\"valueRequired\":true,\"valueName\":\"search_term_string\"}}],\"inLanguage\":\"pt-BR\"},{\"@type\":\"Organization\",\"@id\":\"https:\/\/portalfadesp.org.br\/#organization\",\"name\":\"FADESP\",\"url\":\"https:\/\/portalfadesp.org.br\/\",\"logo\":{\"@type\":\"ImageObject\",\"inLanguage\":\"pt-BR\",\"@id\":\"https:\/\/portalfadesp.org.br\/#\/schema\/logo\/image\/\",\"url\":\"https:\/\/portalfadesp.org.br\/wp-content\/uploads\/2024\/01\/NOVOLOGOFADESPlaranjaH.png\",\"contentUrl\":\"https:\/\/portalfadesp.org.br\/wp-content\/uploads\/2024\/01\/NOVOLOGOFADESPlaranjaH.png\",\"width\":2742,\"height\":839,\"caption\":\"FADESP\"},\"image\":{\"@id\":\"https:\/\/portalfadesp.org.br\/#\/schema\/logo\/image\/\"},\"sameAs\":[\"https:\/\/www.facebook.com\/Fadesp-138351949524662\/\",\"https:\/\/x.com\/Fadesp\",\"https:\/\/www.instagram.com\/fadesp_ufpa\/\",\"https:\/\/www.youtube.com\/@fundacaodeamparoedesenvolv1903\",\"https:\/\/www.threads.net\/@fadesp_ufpa\"]}]}<\/script>\n<!-- \/ Yoast SEO plugin. -->","yoast_head_json":{"title":"D\u00favidas Frequentes - FADESP","robots":{"index":"index","follow":"follow","max-snippet":"max-snippet:-1","max-image-preview":"max-image-preview:large","max-video-preview":"max-video-preview:-1"},"canonical":"https:\/\/portalfadesp.org.br\/?page_id=51423","og_locale":"pt_BR","og_type":"article","og_title":"D\u00favidas Frequentes - FADESP","og_description":"D\u00favidas frequentes O que \u00e9 a FADESP? A Funda\u00e7\u00e3o de Amparo e Desenvolvimento da Pesquisa (FADESP) \u00e9 uma institui\u00e7\u00e3o voltada ao apoio ao desenvolvimento cient\u00edfico-tecnol\u00f3gico da Amaz\u00f4nia e de seus povos. Foi criada em 1977 pela Universidade Federal do Par\u00e1 (UFPA). Integra o Conselho Nacional das Funda\u00e7\u00f5es de Apoio \u00e0s Institui\u00e7\u00f5es de Ensino Superior e [&hellip;]","og_url":"https:\/\/portalfadesp.org.br\/?page_id=51423","og_site_name":"FADESP","article_publisher":"https:\/\/www.facebook.com\/Fadesp-138351949524662\/","article_modified_time":"2025-07-15T20:54:21+00:00","og_image":[{"width":2560,"height":1719,"url":"https:\/\/portalfadesp.org.br\/wp-content\/uploads\/2025\/06\/linha-do-tempo-fadesp-reduzido-final-novo-tamanho-2.pdf-scaled.png","type":"image\/png"}],"twitter_card":"summary_large_image","twitter_site":"@Fadesp","twitter_misc":{"Est. tempo de leitura":"2 minutos"},"schema":{"@context":"https:\/\/schema.org","@graph":[{"@type":"WebPage","@id":"https:\/\/portalfadesp.org.br\/?page_id=51423","url":"https:\/\/portalfadesp.org.br\/?page_id=51423","name":"D\u00favidas Frequentes - FADESP","isPartOf":{"@id":"https:\/\/portalfadesp.org.br\/#website"},"primaryImageOfPage":{"@id":"https:\/\/portalfadesp.org.br\/?page_id=51423#primaryimage"},"image":{"@id":"https:\/\/portalfadesp.org.br\/?page_id=51423#primaryimage"},"thumbnailUrl":"https:\/\/portalfadesp.org.br\/wp-content\/uploads\/2025\/06\/linha-do-tempo-fadesp-reduzido-final-novo-tamanho-2.pdf-scaled.png","datePublished":"2025-07-15T20:10:26+00:00","dateModified":"2025-07-15T20:54:21+00:00","breadcrumb":{"@id":"https:\/\/portalfadesp.org.br\/?page_id=51423#breadcrumb"},"inLanguage":"pt-BR","potentialAction":[{"@type":"ReadAction","target":["https:\/\/portalfadesp.org.br\/?page_id=51423"]}]},{"@type":"ImageObject","inLanguage":"pt-BR","@id":"https:\/\/portalfadesp.org.br\/?page_id=51423#primaryimage","url":"https:\/\/portalfadesp.org.br\/wp-content\/uploads\/2025\/06\/linha-do-tempo-fadesp-reduzido-final-novo-tamanho-2.pdf-scaled.png","contentUrl":"https:\/\/portalfadesp.org.br\/wp-content\/uploads\/2025\/06\/linha-do-tempo-fadesp-reduzido-final-novo-tamanho-2.pdf-scaled.png","width":2560,"height":1719},{"@type":"BreadcrumbList","@id":"https:\/\/portalfadesp.org.br\/?page_id=51423#breadcrumb","itemListElement":[{"@type":"ListItem","position":1,"name":"In\u00edcio","item":"https:\/\/portalfadesp.org.br\/"},{"@type":"ListItem","position":2,"name":"D\u00favidas Frequentes"}]},{"@type":"WebSite","@id":"https:\/\/portalfadesp.org.br\/#website","url":"https:\/\/portalfadesp.org.br\/","name":"FADESP","description":"Funda\u00e7\u00e3o de Amparo e Desenvolvimento da Pesquisa","publisher":{"@id":"https:\/\/portalfadesp.org.br\/#organization"},"potentialAction":[{"@type":"SearchAction","target":{"@type":"EntryPoint","urlTemplate":"https:\/\/portalfadesp.org.br\/?s={search_term_string}"},"query-input":{"@type":"PropertyValueSpecification","valueRequired":true,"valueName":"search_term_string"}}],"inLanguage":"pt-BR"},{"@type":"Organization","@id":"https:\/\/portalfadesp.org.br\/#organization","name":"FADESP","url":"https:\/\/portalfadesp.org.br\/","logo":{"@type":"ImageObject","inLanguage":"pt-BR","@id":"https:\/\/portalfadesp.org.br\/#\/schema\/logo\/image\/","url":"https:\/\/portalfadesp.org.br\/wp-content\/uploads\/2024\/01\/NOVOLOGOFADESPlaranjaH.png","contentUrl":"https:\/\/portalfadesp.org.br\/wp-content\/uploads\/2024\/01\/NOVOLOGOFADESPlaranjaH.png","width":2742,"height":839,"caption":"FADESP"},"image":{"@id":"https:\/\/portalfadesp.org.br\/#\/schema\/logo\/image\/"},"sameAs":["https:\/\/www.facebook.com\/Fadesp-138351949524662\/","https:\/\/x.com\/Fadesp","https:\/\/www.instagram.com\/fadesp_ufpa\/","https:\/\/www.youtube.com\/@fundacaodeamparoedesenvolv1903","https:\/\/www.threads.net\/@fadesp_ufpa"]}]}},"_links":{"self":[{"href":"https:\/\/portalfadesp.org.br\/index.php?rest_route=\/wp\/v2\/pages\/51423","targetHints":{"allow":["GET"]}}],"collection":[{"href":"https:\/\/portalfadesp.org.br\/index.php?rest_route=\/wp\/v2\/pages"}],"about":[{"href":"https:\/\/portalfadesp.org.br\/index.php?rest_route=\/wp\/v2\/types\/page"}],"author":[{"embeddable":true,"href":"https:\/\/portalfadesp.org.br\/index.php?rest_route=\/wp\/v2\/users\/24"}],"replies":[{"embeddable":true,"href":"https:\/\/portalfadesp.org.br\/index.php?rest_route=%2Fwp%2Fv2%2Fcomments&post=51423"}],"version-history":[{"count":46,"href":"https:\/\/portalfadesp.org.br\/index.php?rest_route=\/wp\/v2\/pages\/51423\/revisions"}],"predecessor-version":[{"id":51482,"href":"https:\/\/portalfadesp.org.br\/index.php?rest_route=\/wp\/v2\/pages\/51423\/revisions\/51482"}],"wp:attachment":[{"href":"https:\/\/portalfadesp.org.br\/index.php?rest_route=%2Fwp%2Fv2%2Fmedia&parent=51423"}],"curies":[{"name":"wp","href":"https:\/\/api.w.org\/{rel}","templated":true}]}}