{"id":50489,"date":"2025-06-16T13:45:06","date_gmt":"2025-06-16T16:45:06","guid":{"rendered":"https:\/\/portalfadesp.org.br\/?page_id=50489"},"modified":"2025-06-24T09:52:12","modified_gmt":"2025-06-24T12:52:12","slug":"curso-pos-graduacao","status":"publish","type":"page","link":"https:\/\/portalfadesp.org.br\/?page_id=50489","title":{"rendered":"CURSOS DE P\u00d3S-GRADUA\u00c7\u00c3O"},"content":{"rendered":"\t\t<div data-elementor-type=\"wp-post\" data-elementor-id=\"50489\" class=\"elementor elementor-50489\" data-elementor-post-type=\"page\">\n\t\t\t\t\t\t<section class=\"elementor-section elementor-top-section elementor-element elementor-element-32601565 elementor-section-full_width elementor-section-height-default elementor-section-height-default\" data-id=\"32601565\" data-element_type=\"section\" data-settings=\"{&quot;background_background&quot;:&quot;classic&quot;}\">\n\t\t\t\t\t\t<div class=\"elementor-container elementor-column-gap-default\">\n\t\t\t\t\t<div class=\"elementor-column elementor-col-100 elementor-top-column elementor-element elementor-element-10d30861\" data-id=\"10d30861\" data-element_type=\"column\">\n\t\t\t<div class=\"elementor-widget-wrap elementor-element-populated\">\n\t\t\t\t\t\t<div class=\"elementor-element elementor-element-34e6d01f elementor-widget elementor-widget-heading\" data-id=\"34e6d01f\" data-element_type=\"widget\" data-widget_type=\"heading.default\">\n\t\t\t\t<div class=\"elementor-widget-container\">\n\t\t\t\t\t<h1 class=\"elementor-heading-title elementor-size-default\">CURSOS DE P\u00d3S-GRADUA\u00c7\u00c3O<\/h1>\t\t\t\t<\/div>\n\t\t\t\t<\/div>\n\t\t\t\t\t<\/div>\n\t\t<\/div>\n\t\t\t\t\t<\/div>\n\t\t<\/section>\n\t\t\t\t<section class=\"elementor-section elementor-top-section elementor-element elementor-element-6331675 elementor-section-boxed elementor-section-height-default elementor-section-height-default\" data-id=\"6331675\" data-element_type=\"section\">\n\t\t\t\t\t\t<div class=\"elementor-container elementor-column-gap-default\">\n\t\t\t\t\t<div class=\"elementor-column elementor-col-100 elementor-top-column elementor-element elementor-element-e007e2b\" data-id=\"e007e2b\" data-element_type=\"column\">\n\t\t\t<div class=\"elementor-widget-wrap elementor-element-populated\">\n\t\t\t\t\t\t<section class=\"elementor-section elementor-inner-section elementor-element elementor-element-92838b2 elementor-section-boxed elementor-section-height-default elementor-section-height-default\" data-id=\"92838b2\" data-element_type=\"section\">\n\t\t\t\t\t\t<div class=\"elementor-container elementor-column-gap-default\">\n\t\t\t\t\t<div class=\"elementor-column elementor-col-50 elementor-inner-column elementor-element elementor-element-f7282f7\" data-id=\"f7282f7\" data-element_type=\"column\">\n\t\t\t<div class=\"elementor-widget-wrap elementor-element-populated\">\n\t\t\t\t\t\t<div class=\"elementor-element elementor-element-4b5b9f9 elementor-widget elementor-widget-heading\" data-id=\"4b5b9f9\" data-element_type=\"widget\" data-widget_type=\"heading.default\">\n\t\t\t\t<div class=\"elementor-widget-container\">\n\t\t\t\t\t<h2 class=\"elementor-heading-title elementor-size-default\"><b>Todos<\/b> <\/h2>\t\t\t\t<\/div>\n\t\t\t\t<\/div>\n\t\t\t\t\t<\/div>\n\t\t<\/div>\n\t\t\t\t<div class=\"elementor-column elementor-col-50 elementor-inner-column elementor-element elementor-element-27aaf50\" data-id=\"27aaf50\" data-element_type=\"column\">\n\t\t\t<div class=\"elementor-widget-wrap elementor-element-populated\">\n\t\t\t\t\t\t<div class=\"elementor-element elementor-element-87c8ff5 btn-primary elementor-align-right elementor-widget elementor-widget-button\" data-id=\"87c8ff5\" data-element_type=\"widget\" data-widget_type=\"button.default\">\n\t\t\t\t<div class=\"elementor-widget-container\">\n\t\t\t\t\t\t\t\t\t<div class=\"elementor-button-wrapper\">\n\t\t\t\t\t<a class=\"elementor-button elementor-button-link elementor-size-sm\" href=\"https:\/\/cursoseventos.fadesp.org.br\/gui\/\" target=\"_blank\">\n\t\t\t\t\t\t<span class=\"elementor-button-content-wrapper\">\n\t\t\t\t\t\t\t\t\t<span class=\"elementor-button-text\">Portal de Inscri\u00e7\u00f5es, clique aqui.<\/span>\n\t\t\t\t\t<\/span>\n\t\t\t\t\t<\/a>\n\t\t\t\t<\/div>\n\t\t\t\t\t\t\t\t<\/div>\n\t\t\t\t<\/div>\n\t\t\t\t\t<\/div>\n\t\t<\/div>\n\t\t\t\t\t<\/div>\n\t\t<\/section>\n\t\t\t\t\t<\/div>\n\t\t<\/div>\n\t\t\t\t\t<\/div>\n\t\t<\/section>\n\t\t\t\t<section class=\"elementor-section elementor-top-section elementor-element elementor-element-7d317db agencia-noticias elementor-section-boxed elementor-section-height-default elementor-section-height-default\" data-id=\"7d317db\" data-element_type=\"section\">\n\t\t\t\t\t\t<div class=\"elementor-container elementor-column-gap-default\">\n\t\t\t\t\t<div class=\"elementor-column elementor-col-100 elementor-top-column elementor-element elementor-element-56b7e07\" data-id=\"56b7e07\" data-element_type=\"column\">\n\t\t\t<div class=\"elementor-widget-wrap elementor-element-populated\">\n\t\t\t\t\t\t<div class=\"elementor-element elementor-element-a277f71 elementor-grid-4 elementor-posts__hover-none elementor-grid-tablet-2 elementor-grid-mobile-1 elementor-posts--thumbnail-top elementor-widget elementor-widget-posts\" data-id=\"a277f71\" data-element_type=\"widget\" data-settings=\"{&quot;pagination_type&quot;:&quot;numbers&quot;,&quot;cards_columns&quot;:&quot;4&quot;,&quot;cards_columns_tablet&quot;:&quot;2&quot;,&quot;cards_columns_mobile&quot;:&quot;1&quot;,&quot;cards_row_gap&quot;:{&quot;unit&quot;:&quot;px&quot;,&quot;size&quot;:35,&quot;sizes&quot;:[]},&quot;cards_row_gap_tablet&quot;:{&quot;unit&quot;:&quot;px&quot;,&quot;size&quot;:&quot;&quot;,&quot;sizes&quot;:[]},&quot;cards_row_gap_mobile&quot;:{&quot;unit&quot;:&quot;px&quot;,&quot;size&quot;:&quot;&quot;,&quot;sizes&quot;:[]}}\" data-widget_type=\"posts.cards\">\n\t\t\t\t<div class=\"elementor-widget-container\">\n\t\t\t\t\t\t\t<div class=\"elementor-posts-container elementor-posts elementor-posts--skin-cards elementor-grid\">\n\t\t\t\t<article class=\"elementor-post elementor-grid-item post-50942 post type-post status-publish format-standard has-post-thumbnail hentry category-destaque-pos-graduacao category-no-home entry has-media\">\n\t\t\t<div class=\"elementor-post__card\">\n\t\t\t\t<a class=\"elementor-post__thumbnail__link\" href=\"https:\/\/portalfadesp.org.br\/?p=50942\" tabindex=\"-1\" ><div class=\"elementor-post__thumbnail\"><img fetchpriority=\"high\" decoding=\"async\" width=\"400\" height=\"385\" src=\"https:\/\/portalfadesp.org.br\/wp-content\/uploads\/2025\/06\/tec-informacao.png\" class=\"attachment-full size-full wp-image-50869\" alt=\"\" srcset=\"https:\/\/portalfadesp.org.br\/wp-content\/uploads\/2025\/06\/tec-informacao.png 400w, https:\/\/portalfadesp.org.br\/wp-content\/uploads\/2025\/06\/tec-informacao-300x289.png 300w\" sizes=\"(max-width: 400px) 100vw, 400px\" \/><\/div><\/a>\n\t\t\t\t<div class=\"elementor-post__text\">\n\t\t\t\t<h3 class=\"elementor-post__title\">\n\t\t\t<a href=\"https:\/\/portalfadesp.org.br\/?p=50942\" >\n\t\t\t\tEspecializa\u00e7\u00e3o da Gest\u00e3o da Tecnologia da Informa\u00e7\u00e3o 4.0 para Transforma\u00e7\u00e3o Digital (Vers\u00e3o 3.0)\t\t\t<\/a>\n\t\t<\/h3>\n\t\t\t\t<\/div>\n\t\t\t\t<div class=\"elementor-post__meta-data\">\n\t\t\t\t\t<span class=\"elementor-post-date\">\n\t\t\t24\/06\/2025\t\t<\/span>\n\t\t\t\t<\/div>\n\t\t\t\t\t<\/div>\n\t\t<\/article>\n\t\t\t\t<article class=\"elementor-post elementor-grid-item post-50969 post type-post status-publish format-standard has-post-thumbnail hentry category-destaque-pos-graduacao category-no-home entry has-media\">\n\t\t\t<div class=\"elementor-post__card\">\n\t\t\t\t<a class=\"elementor-post__thumbnail__link\" href=\"https:\/\/portalfadesp.org.br\/?p=50969\" tabindex=\"-1\" ><div class=\"elementor-post__thumbnail\"><img decoding=\"async\" width=\"400\" height=\"385\" src=\"https:\/\/portalfadesp.org.br\/wp-content\/uploads\/2025\/06\/neonatal.png\" class=\"attachment-full size-full wp-image-50863\" alt=\"\" srcset=\"https:\/\/portalfadesp.org.br\/wp-content\/uploads\/2025\/06\/neonatal.png 400w, https:\/\/portalfadesp.org.br\/wp-content\/uploads\/2025\/06\/neonatal-300x289.png 300w\" sizes=\"(max-width: 400px) 100vw, 400px\" \/><\/div><\/a>\n\t\t\t\t<div class=\"elementor-post__text\">\n\t\t\t\t<h3 class=\"elementor-post__title\">\n\t\t\t<a href=\"https:\/\/portalfadesp.org.br\/?p=50969\" >\n\t\t\t\tESPECIALIZA\u00c7\u00c3O EM ENFERMAGEM NEONATAL &#8211; ICS \/ UFPA (2024)\t\t\t<\/a>\n\t\t<\/h3>\n\t\t\t\t<\/div>\n\t\t\t\t<div class=\"elementor-post__meta-data\">\n\t\t\t\t\t<span class=\"elementor-post-date\">\n\t\t\t23\/06\/2025\t\t<\/span>\n\t\t\t\t<\/div>\n\t\t\t\t\t<\/div>\n\t\t<\/article>\n\t\t\t\t<article class=\"elementor-post elementor-grid-item post-50983 post type-post status-publish format-standard has-post-thumbnail hentry category-destaque-pos-graduacao category-no-home entry has-media\">\n\t\t\t<div class=\"elementor-post__card\">\n\t\t\t\t<a class=\"elementor-post__thumbnail__link\" href=\"https:\/\/portalfadesp.org.br\/?p=50983\" tabindex=\"-1\" ><div class=\"elementor-post__thumbnail\"><img decoding=\"async\" width=\"400\" height=\"385\" src=\"https:\/\/portalfadesp.org.br\/wp-content\/uploads\/2025\/06\/educacao-embiental.png\" class=\"attachment-full size-full wp-image-50853\" alt=\"\" srcset=\"https:\/\/portalfadesp.org.br\/wp-content\/uploads\/2025\/06\/educacao-embiental.png 400w, https:\/\/portalfadesp.org.br\/wp-content\/uploads\/2025\/06\/educacao-embiental-300x289.png 300w\" sizes=\"(max-width: 400px) 100vw, 400px\" \/><\/div><\/a>\n\t\t\t\t<div class=\"elementor-post__text\">\n\t\t\t\t<h3 class=\"elementor-post__title\">\n\t\t\t<a href=\"https:\/\/portalfadesp.org.br\/?p=50983\" >\n\t\t\t\tEspecializa\u00e7\u00e3o em Educa\u00e7\u00e3o Ambiental e Sustentabilidade &#8211; PROFIMA\/NUMA\/UFPA (Educa\u00e7\u00e3o a Dist\u00e2ncia &#8211; EAD)\t\t\t<\/a>\n\t\t<\/h3>\n\t\t\t\t<\/div>\n\t\t\t\t<div class=\"elementor-post__meta-data\">\n\t\t\t\t\t<span class=\"elementor-post-date\">\n\t\t\t22\/06\/2025\t\t<\/span>\n\t\t\t\t<\/div>\n\t\t\t\t\t<\/div>\n\t\t<\/article>\n\t\t\t\t<article class=\"elementor-post elementor-grid-item post-50985 post type-post status-publish format-standard has-post-thumbnail hentry category-destaque-pos-graduacao category-no-home entry has-media\">\n\t\t\t<div class=\"elementor-post__card\">\n\t\t\t\t<a class=\"elementor-post__thumbnail__link\" href=\"https:\/\/portalfadesp.org.br\/?p=50985\" tabindex=\"-1\" ><div class=\"elementor-post__thumbnail\"><img loading=\"lazy\" decoding=\"async\" width=\"400\" height=\"385\" src=\"https:\/\/portalfadesp.org.br\/wp-content\/uploads\/2025\/06\/analise-ambiental.png\" class=\"attachment-full size-full wp-image-50851\" alt=\"\" srcset=\"https:\/\/portalfadesp.org.br\/wp-content\/uploads\/2025\/06\/analise-ambiental.png 400w, https:\/\/portalfadesp.org.br\/wp-content\/uploads\/2025\/06\/analise-ambiental-300x289.png 300w\" sizes=\"(max-width: 400px) 100vw, 400px\" \/><\/div><\/a>\n\t\t\t\t<div class=\"elementor-post__text\">\n\t\t\t\t<h3 class=\"elementor-post__title\">\n\t\t\t<a href=\"https:\/\/portalfadesp.org.br\/?p=50985\" >\n\t\t\t\tESPECIALIZA\u00c7\u00c3O EM AN\u00c1LISE AMBIENTAL\t\t\t<\/a>\n\t\t<\/h3>\n\t\t\t\t<\/div>\n\t\t\t\t<div class=\"elementor-post__meta-data\">\n\t\t\t\t\t<span class=\"elementor-post-date\">\n\t\t\t21\/06\/2025\t\t<\/span>\n\t\t\t\t<\/div>\n\t\t\t\t\t<\/div>\n\t\t<\/article>\n\t\t\t\t<article class=\"elementor-post elementor-grid-item post-50987 post type-post status-publish format-standard has-post-thumbnail hentry category-destaque-pos-graduacao category-no-home entry has-media\">\n\t\t\t<div class=\"elementor-post__card\">\n\t\t\t\t<a class=\"elementor-post__thumbnail__link\" href=\"https:\/\/portalfadesp.org.br\/?p=50987\" tabindex=\"-1\" ><div class=\"elementor-post__thumbnail\"><img loading=\"lazy\" decoding=\"async\" width=\"400\" height=\"385\" src=\"https:\/\/portalfadesp.org.br\/wp-content\/uploads\/2025\/06\/seguranca-ambiental.png\" class=\"attachment-full size-full wp-image-50868\" alt=\"\" srcset=\"https:\/\/portalfadesp.org.br\/wp-content\/uploads\/2025\/06\/seguranca-ambiental.png 400w, https:\/\/portalfadesp.org.br\/wp-content\/uploads\/2025\/06\/seguranca-ambiental-300x289.png 300w\" sizes=\"(max-width: 400px) 100vw, 400px\" \/><\/div><\/a>\n\t\t\t\t<div class=\"elementor-post__text\">\n\t\t\t\t<h3 class=\"elementor-post__title\">\n\t\t\t<a href=\"https:\/\/portalfadesp.org.br\/?p=50987\" >\n\t\t\t\tEspecializa\u00e7\u00e3o em Gest\u00e3o e Seguran\u00e7a Ambiental em Laborat\u00f3rio (UFPA)\t\t\t<\/a>\n\t\t<\/h3>\n\t\t\t\t<\/div>\n\t\t\t\t<div class=\"elementor-post__meta-data\">\n\t\t\t\t\t<span class=\"elementor-post-date\">\n\t\t\t20\/06\/2025\t\t<\/span>\n\t\t\t\t<\/div>\n\t\t\t\t\t<\/div>\n\t\t<\/article>\n\t\t\t\t<article class=\"elementor-post elementor-grid-item post-50989 post type-post status-publish format-standard has-post-thumbnail hentry category-destaque-pos-graduacao category-no-home entry has-media\">\n\t\t\t<div class=\"elementor-post__card\">\n\t\t\t\t<a class=\"elementor-post__thumbnail__link\" href=\"https:\/\/portalfadesp.org.br\/?p=50989\" tabindex=\"-1\" ><div class=\"elementor-post__thumbnail\"><img loading=\"lazy\" decoding=\"async\" width=\"400\" height=\"385\" src=\"https:\/\/portalfadesp.org.br\/wp-content\/uploads\/2025\/06\/preventiva.png\" class=\"attachment-full size-full wp-image-50867\" alt=\"\" srcset=\"https:\/\/portalfadesp.org.br\/wp-content\/uploads\/2025\/06\/preventiva.png 400w, https:\/\/portalfadesp.org.br\/wp-content\/uploads\/2025\/06\/preventiva-300x289.png 300w\" sizes=\"(max-width: 400px) 100vw, 400px\" \/><\/div><\/a>\n\t\t\t\t<div class=\"elementor-post__text\">\n\t\t\t\t<h3 class=\"elementor-post__title\">\n\t\t\t<a href=\"https:\/\/portalfadesp.org.br\/?p=50989\" >\n\t\t\t\tEspecializa\u00e7\u00e3o em Medicina Preventiva e Social com \u00eanfase em sa\u00fade integrativa &#8211; NMT \/ UFPA (2024)\t\t\t<\/a>\n\t\t<\/h3>\n\t\t\t\t<\/div>\n\t\t\t\t<div class=\"elementor-post__meta-data\">\n\t\t\t\t\t<span class=\"elementor-post-date\">\n\t\t\t19\/06\/2025\t\t<\/span>\n\t\t\t\t<\/div>\n\t\t\t\t\t<\/div>\n\t\t<\/article>\n\t\t\t\t<article class=\"elementor-post elementor-grid-item post-50991 post type-post status-publish format-standard has-post-thumbnail hentry category-destaque-pos-graduacao category-no-home entry has-media\">\n\t\t\t<div class=\"elementor-post__card\">\n\t\t\t\t<a class=\"elementor-post__thumbnail__link\" href=\"https:\/\/portalfadesp.org.br\/?p=50991\" tabindex=\"-1\" ><div class=\"elementor-post__thumbnail\"><img loading=\"lazy\" decoding=\"async\" width=\"400\" height=\"385\" src=\"https:\/\/portalfadesp.org.br\/wp-content\/uploads\/2025\/06\/IA.png\" class=\"attachment-full size-full wp-image-50859\" alt=\"\" srcset=\"https:\/\/portalfadesp.org.br\/wp-content\/uploads\/2025\/06\/IA.png 400w, https:\/\/portalfadesp.org.br\/wp-content\/uploads\/2025\/06\/IA-300x289.png 300w\" sizes=\"(max-width: 400px) 100vw, 400px\" \/><\/div><\/a>\n\t\t\t\t<div class=\"elementor-post__text\">\n\t\t\t\t<h3 class=\"elementor-post__title\">\n\t\t\t<a href=\"https:\/\/portalfadesp.org.br\/?p=50991\" >\n\t\t\t\tESPECIALIZA\u00c7\u00c3O EM JORNALISMO DE DADOS, INTELIG\u00caNCIA ARTIFICIAL E PESQUISA NETNOGR\u00c1FICA\t\t\t<\/a>\n\t\t<\/h3>\n\t\t\t\t<\/div>\n\t\t\t\t<div class=\"elementor-post__meta-data\">\n\t\t\t\t\t<span class=\"elementor-post-date\">\n\t\t\t18\/06\/2025\t\t<\/span>\n\t\t\t\t<\/div>\n\t\t\t\t\t<\/div>\n\t\t<\/article>\n\t\t\t\t<article class=\"elementor-post elementor-grid-item post-50993 post type-post status-publish format-standard has-post-thumbnail hentry category-destaque-pos-graduacao category-no-home entry has-media\">\n\t\t\t<div class=\"elementor-post__card\">\n\t\t\t\t<a class=\"elementor-post__thumbnail__link\" href=\"https:\/\/portalfadesp.org.br\/?p=50993\" tabindex=\"-1\" ><div class=\"elementor-post__thumbnail\"><img loading=\"lazy\" decoding=\"async\" width=\"400\" height=\"385\" src=\"https:\/\/portalfadesp.org.br\/wp-content\/uploads\/2025\/06\/nutricao.jpg\" class=\"attachment-full size-full wp-image-50679\" alt=\"\" srcset=\"https:\/\/portalfadesp.org.br\/wp-content\/uploads\/2025\/06\/nutricao.jpg 400w, https:\/\/portalfadesp.org.br\/wp-content\/uploads\/2025\/06\/nutricao-300x289.jpg 300w\" sizes=\"(max-width: 400px) 100vw, 400px\" \/><\/div><\/a>\n\t\t\t\t<div class=\"elementor-post__text\">\n\t\t\t\t<h3 class=\"elementor-post__title\">\n\t\t\t<a href=\"https:\/\/portalfadesp.org.br\/?p=50993\" >\n\t\t\t\tESPECIALIZA\u00c7\u00c3O EM NUTRI\u00c7\u00c3O E SA\u00daDE COLETIVA &#8211; ICS \/ UFPA (2024)\t\t\t<\/a>\n\t\t<\/h3>\n\t\t\t\t<\/div>\n\t\t\t\t<div class=\"elementor-post__meta-data\">\n\t\t\t\t\t<span class=\"elementor-post-date\">\n\t\t\t17\/06\/2025\t\t<\/span>\n\t\t\t\t<\/div>\n\t\t\t\t\t<\/div>\n\t\t<\/article>\n\t\t\t\t<article class=\"elementor-post elementor-grid-item post-50996 post type-post status-publish format-standard has-post-thumbnail hentry category-destaque-pos-graduacao category-no-home entry has-media\">\n\t\t\t<div class=\"elementor-post__card\">\n\t\t\t\t<a class=\"elementor-post__thumbnail__link\" href=\"https:\/\/portalfadesp.org.br\/?p=50996\" tabindex=\"-1\" ><div class=\"elementor-post__thumbnail\"><img loading=\"lazy\" decoding=\"async\" width=\"400\" height=\"385\" src=\"https:\/\/portalfadesp.org.br\/wp-content\/uploads\/2025\/06\/literatura.png\" class=\"attachment-full size-full wp-image-50862\" alt=\"\" srcset=\"https:\/\/portalfadesp.org.br\/wp-content\/uploads\/2025\/06\/literatura.png 400w, https:\/\/portalfadesp.org.br\/wp-content\/uploads\/2025\/06\/literatura-300x289.png 300w\" sizes=\"(max-width: 400px) 100vw, 400px\" \/><\/div><\/a>\n\t\t\t\t<div class=\"elementor-post__text\">\n\t\t\t\t<h3 class=\"elementor-post__title\">\n\t\t\t<a href=\"https:\/\/portalfadesp.org.br\/?p=50996\" >\n\t\t\t\tESPECIALIZA\u00c7\u00c3O EM LITERATURA E LEITURA MULTIMODAL &#8211; ILC\/UFPA (2024)\t\t\t<\/a>\n\t\t<\/h3>\n\t\t\t\t<\/div>\n\t\t\t\t<div class=\"elementor-post__meta-data\">\n\t\t\t\t\t<span class=\"elementor-post-date\">\n\t\t\t16\/06\/2025\t\t<\/span>\n\t\t\t\t<\/div>\n\t\t\t\t\t<\/div>\n\t\t<\/article>\n\t\t\t\t<article class=\"elementor-post elementor-grid-item post-50998 post type-post status-publish format-standard has-post-thumbnail hentry category-destaque-pos-graduacao category-no-home entry has-media\">\n\t\t\t<div class=\"elementor-post__card\">\n\t\t\t\t<a class=\"elementor-post__thumbnail__link\" href=\"https:\/\/portalfadesp.org.br\/?p=50998\" tabindex=\"-1\" ><div class=\"elementor-post__thumbnail\"><img loading=\"lazy\" decoding=\"async\" width=\"400\" height=\"385\" src=\"https:\/\/portalfadesp.org.br\/wp-content\/uploads\/2025\/06\/farmacologia.jpg\" class=\"attachment-full size-full wp-image-50681\" alt=\"\" srcset=\"https:\/\/portalfadesp.org.br\/wp-content\/uploads\/2025\/06\/farmacologia.jpg 400w, https:\/\/portalfadesp.org.br\/wp-content\/uploads\/2025\/06\/farmacologia-300x289.jpg 300w\" sizes=\"(max-width: 400px) 100vw, 400px\" \/><\/div><\/a>\n\t\t\t\t<div class=\"elementor-post__text\">\n\t\t\t\t<h3 class=\"elementor-post__title\">\n\t\t\t<a href=\"https:\/\/portalfadesp.org.br\/?p=50998\" >\n\t\t\t\tCurso de Especializa\u00e7\u00e3o em Farmacologia &#8211; ICS\/UFPA (2025)\t\t\t<\/a>\n\t\t<\/h3>\n\t\t\t\t<\/div>\n\t\t\t\t<div class=\"elementor-post__meta-data\">\n\t\t\t\t\t<span class=\"elementor-post-date\">\n\t\t\t15\/06\/2025\t\t<\/span>\n\t\t\t\t<\/div>\n\t\t\t\t\t<\/div>\n\t\t<\/article>\n\t\t\t\t<article class=\"elementor-post elementor-grid-item post-51000 post type-post status-publish format-standard has-post-thumbnail hentry category-destaque-pos-graduacao category-no-home entry has-media\">\n\t\t\t<div class=\"elementor-post__card\">\n\t\t\t\t<a class=\"elementor-post__thumbnail__link\" href=\"https:\/\/portalfadesp.org.br\/?p=51000\" tabindex=\"-1\" ><div class=\"elementor-post__thumbnail\"><img loading=\"lazy\" decoding=\"async\" width=\"400\" height=\"385\" src=\"https:\/\/portalfadesp.org.br\/wp-content\/uploads\/2025\/06\/praticas-integrativas.png\" class=\"attachment-full size-full wp-image-50866\" alt=\"\" srcset=\"https:\/\/portalfadesp.org.br\/wp-content\/uploads\/2025\/06\/praticas-integrativas.png 400w, https:\/\/portalfadesp.org.br\/wp-content\/uploads\/2025\/06\/praticas-integrativas-300x289.png 300w\" sizes=\"(max-width: 400px) 100vw, 400px\" \/><\/div><\/a>\n\t\t\t\t<div class=\"elementor-post__text\">\n\t\t\t\t<h3 class=\"elementor-post__title\">\n\t\t\t<a href=\"https:\/\/portalfadesp.org.br\/?p=51000\" >\n\t\t\t\tCURSO DE ESPECIALIZA\u00c7\u00c3O EM PR\u00c1TICAS INTEGRATIVAS EM SA\u00daDE E BEM-ESTAR &#8211; UFPA\t\t\t<\/a>\n\t\t<\/h3>\n\t\t\t\t<\/div>\n\t\t\t\t<div class=\"elementor-post__meta-data\">\n\t\t\t\t\t<span class=\"elementor-post-date\">\n\t\t\t14\/06\/2025\t\t<\/span>\n\t\t\t\t<\/div>\n\t\t\t\t\t<\/div>\n\t\t<\/article>\n\t\t\t\t<article class=\"elementor-post elementor-grid-item post-51002 post type-post status-publish format-standard has-post-thumbnail hentry category-destaque-pos-graduacao category-no-home entry has-media\">\n\t\t\t<div class=\"elementor-post__card\">\n\t\t\t\t<a class=\"elementor-post__thumbnail__link\" href=\"https:\/\/portalfadesp.org.br\/?p=51002\" tabindex=\"-1\" ><div class=\"elementor-post__thumbnail\"><img loading=\"lazy\" decoding=\"async\" width=\"400\" height=\"385\" src=\"https:\/\/portalfadesp.org.br\/wp-content\/uploads\/2025\/06\/inovacao-e-educacao.png\" class=\"attachment-full size-full wp-image-50860\" alt=\"\" srcset=\"https:\/\/portalfadesp.org.br\/wp-content\/uploads\/2025\/06\/inovacao-e-educacao.png 400w, https:\/\/portalfadesp.org.br\/wp-content\/uploads\/2025\/06\/inovacao-e-educacao-300x289.png 300w\" sizes=\"(max-width: 400px) 100vw, 400px\" \/><\/div><\/a>\n\t\t\t\t<div class=\"elementor-post__text\">\n\t\t\t\t<h3 class=\"elementor-post__title\">\n\t\t\t<a href=\"https:\/\/portalfadesp.org.br\/?p=51002\" >\n\t\t\t\tCURSO DE ESPECIALIZA\u00c7\u00c3O EM PROFICI\u00caNCIA EM INOVA\u00c7\u00d5ES\u00a0 E TECNOLOGIAS DA EDUCA\u00c7\u00c3O 5.0\t\t\t<\/a>\n\t\t<\/h3>\n\t\t\t\t<\/div>\n\t\t\t\t<div class=\"elementor-post__meta-data\">\n\t\t\t\t\t<span class=\"elementor-post-date\">\n\t\t\t12\/06\/2025\t\t<\/span>\n\t\t\t\t<\/div>\n\t\t\t\t\t<\/div>\n\t\t<\/article>\n\t\t\t\t<article class=\"elementor-post elementor-grid-item post-51008 post type-post status-publish format-standard has-post-thumbnail hentry category-destaque-pos-graduacao category-no-home entry has-media\">\n\t\t\t<div class=\"elementor-post__card\">\n\t\t\t\t<a class=\"elementor-post__thumbnail__link\" href=\"https:\/\/portalfadesp.org.br\/?p=51008\" tabindex=\"-1\" ><div class=\"elementor-post__thumbnail\"><img loading=\"lazy\" decoding=\"async\" width=\"400\" height=\"385\" src=\"https:\/\/portalfadesp.org.br\/wp-content\/uploads\/2025\/06\/atencao-basica.png\" class=\"attachment-full size-full wp-image-50852\" alt=\"\" srcset=\"https:\/\/portalfadesp.org.br\/wp-content\/uploads\/2025\/06\/atencao-basica.png 400w, https:\/\/portalfadesp.org.br\/wp-content\/uploads\/2025\/06\/atencao-basica-300x289.png 300w\" sizes=\"(max-width: 400px) 100vw, 400px\" \/><\/div><\/a>\n\t\t\t\t<div class=\"elementor-post__text\">\n\t\t\t\t<h3 class=\"elementor-post__title\">\n\t\t\t<a href=\"https:\/\/portalfadesp.org.br\/?p=51008\" >\n\t\t\t\tESPECIALIZA\u00c7\u00c3O MULTIPROFISSIONAL EM ATEN\u00c7\u00c3O B\u00c1SICA E SA\u00daDE DA FAM\u00cdLIA \u2013 3\u00aa Edi\u00e7\u00e3o (CEMABS\/UFPA)\t\t\t<\/a>\n\t\t<\/h3>\n\t\t\t\t<\/div>\n\t\t\t\t<div class=\"elementor-post__meta-data\">\n\t\t\t\t\t<span class=\"elementor-post-date\">\n\t\t\t11\/06\/2025\t\t<\/span>\n\t\t\t\t<\/div>\n\t\t\t\t\t<\/div>\n\t\t<\/article>\n\t\t\t\t<article class=\"elementor-post elementor-grid-item post-51010 post type-post status-publish format-standard has-post-thumbnail hentry category-destaque-pos-graduacao category-no-home entry has-media\">\n\t\t\t<div class=\"elementor-post__card\">\n\t\t\t\t<a class=\"elementor-post__thumbnail__link\" href=\"https:\/\/portalfadesp.org.br\/?p=51010\" tabindex=\"-1\" ><div class=\"elementor-post__thumbnail\"><img loading=\"lazy\" decoding=\"async\" width=\"400\" height=\"385\" src=\"https:\/\/portalfadesp.org.br\/wp-content\/uploads\/2025\/06\/epidemiologia.png\" class=\"attachment-full size-full wp-image-50856\" alt=\"\" srcset=\"https:\/\/portalfadesp.org.br\/wp-content\/uploads\/2025\/06\/epidemiologia.png 400w, https:\/\/portalfadesp.org.br\/wp-content\/uploads\/2025\/06\/epidemiologia-300x289.png 300w\" sizes=\"(max-width: 400px) 100vw, 400px\" \/><\/div><\/a>\n\t\t\t\t<div class=\"elementor-post__text\">\n\t\t\t\t<h3 class=\"elementor-post__title\">\n\t\t\t<a href=\"https:\/\/portalfadesp.org.br\/?p=51010\" >\n\t\t\t\tESPECIALIZA\u00c7\u00c3O MULTIPROFISSIONAL EM EPIDEMIOLOGIA E SERVI\u00c7OS DE SA\u00daDE\t\t\t<\/a>\n\t\t<\/h3>\n\t\t\t\t<\/div>\n\t\t\t\t<div class=\"elementor-post__meta-data\">\n\t\t\t\t\t<span class=\"elementor-post-date\">\n\t\t\t10\/06\/2025\t\t<\/span>\n\t\t\t\t<\/div>\n\t\t\t\t\t<\/div>\n\t\t<\/article>\n\t\t\t\t<article class=\"elementor-post elementor-grid-item post-51012 post type-post status-publish format-standard has-post-thumbnail hentry category-destaque-pos-graduacao category-no-home entry has-media\">\n\t\t\t<div class=\"elementor-post__card\">\n\t\t\t\t<a class=\"elementor-post__thumbnail__link\" href=\"https:\/\/portalfadesp.org.br\/?p=51012\" tabindex=\"-1\" ><div class=\"elementor-post__thumbnail\"><img loading=\"lazy\" decoding=\"async\" width=\"400\" height=\"385\" src=\"https:\/\/portalfadesp.org.br\/wp-content\/uploads\/2025\/06\/odontologia.png\" class=\"attachment-full size-full wp-image-50865\" alt=\"\" srcset=\"https:\/\/portalfadesp.org.br\/wp-content\/uploads\/2025\/06\/odontologia.png 400w, https:\/\/portalfadesp.org.br\/wp-content\/uploads\/2025\/06\/odontologia-300x289.png 300w\" sizes=\"(max-width: 400px) 100vw, 400px\" \/><\/div><\/a>\n\t\t\t\t<div class=\"elementor-post__text\">\n\t\t\t\t<h3 class=\"elementor-post__title\">\n\t\t\t<a href=\"https:\/\/portalfadesp.org.br\/?p=51012\" >\n\t\t\t\tESPEC.EM ODONTOLOGIA P\/ PNE\t\t\t<\/a>\n\t\t<\/h3>\n\t\t\t\t<\/div>\n\t\t\t\t<div class=\"elementor-post__meta-data\">\n\t\t\t\t\t<span class=\"elementor-post-date\">\n\t\t\t09\/06\/2025\t\t<\/span>\n\t\t\t\t<\/div>\n\t\t\t\t\t<\/div>\n\t\t<\/article>\n\t\t\t\t<article class=\"elementor-post elementor-grid-item post-51014 post type-post status-publish format-standard has-post-thumbnail hentry category-destaque-pos-graduacao category-no-home entry has-media\">\n\t\t\t<div class=\"elementor-post__card\">\n\t\t\t\t<a class=\"elementor-post__thumbnail__link\" href=\"https:\/\/portalfadesp.org.br\/?p=51014\" tabindex=\"-1\" ><div class=\"elementor-post__thumbnail\"><img loading=\"lazy\" decoding=\"async\" width=\"400\" height=\"385\" src=\"https:\/\/portalfadesp.org.br\/wp-content\/uploads\/2025\/06\/lean.png\" class=\"attachment-full size-full wp-image-50861\" alt=\"\" srcset=\"https:\/\/portalfadesp.org.br\/wp-content\/uploads\/2025\/06\/lean.png 400w, https:\/\/portalfadesp.org.br\/wp-content\/uploads\/2025\/06\/lean-300x289.png 300w\" sizes=\"(max-width: 400px) 100vw, 400px\" \/><\/div><\/a>\n\t\t\t\t<div class=\"elementor-post__text\">\n\t\t\t\t<h3 class=\"elementor-post__title\">\n\t\t\t<a href=\"https:\/\/portalfadesp.org.br\/?p=51014\" >\n\t\t\t\tESPECIALIZA\u00c7\u00c3O EM GEST\u00c3O DE MELHORIAS EM AMBIENTE LEAN HEALTHCARE &#8211; CAMPUS UNIVERSIT\u00c1RIO DE ABAETETUBA\/UFPA\t\t\t<\/a>\n\t\t<\/h3>\n\t\t\t\t<\/div>\n\t\t\t\t<div class=\"elementor-post__meta-data\">\n\t\t\t\t\t<span class=\"elementor-post-date\">\n\t\t\t08\/06\/2025\t\t<\/span>\n\t\t\t\t<\/div>\n\t\t\t\t\t<\/div>\n\t\t<\/article>\n\t\t\t\t<article class=\"elementor-post elementor-grid-item post-51016 post type-post status-publish format-standard has-post-thumbnail hentry category-destaque-pos-graduacao category-no-home entry has-media\">\n\t\t\t<div class=\"elementor-post__card\">\n\t\t\t\t<a class=\"elementor-post__thumbnail__link\" href=\"https:\/\/portalfadesp.org.br\/?p=51016\" tabindex=\"-1\" ><div class=\"elementor-post__thumbnail\"><img loading=\"lazy\" decoding=\"async\" width=\"400\" height=\"385\" src=\"https:\/\/portalfadesp.org.br\/wp-content\/uploads\/2025\/06\/vet.png\" class=\"attachment-full size-full wp-image-50870\" alt=\"\" srcset=\"https:\/\/portalfadesp.org.br\/wp-content\/uploads\/2025\/06\/vet.png 400w, https:\/\/portalfadesp.org.br\/wp-content\/uploads\/2025\/06\/vet-300x289.png 300w\" sizes=\"(max-width: 400px) 100vw, 400px\" \/><\/div><\/a>\n\t\t\t\t<div class=\"elementor-post__text\">\n\t\t\t\t<h3 class=\"elementor-post__title\">\n\t\t\t<a href=\"https:\/\/portalfadesp.org.br\/?p=51016\" >\n\t\t\t\tP\u00f3s-Gradua\u00e7\u00e3o Semipresencial em Endoscopia e Videocirurgia Veterin\u00e1ria &#8211; INSTITUTO DE MEDICINA VETERIN\u00c1RIA \/ UFPA (2025)\t\t\t<\/a>\n\t\t<\/h3>\n\t\t\t\t<\/div>\n\t\t\t\t<div class=\"elementor-post__meta-data\">\n\t\t\t\t\t<span class=\"elementor-post-date\">\n\t\t\t07\/06\/2025\t\t<\/span>\n\t\t\t\t<\/div>\n\t\t\t\t\t<\/div>\n\t\t<\/article>\n\t\t\t\t<article class=\"elementor-post elementor-grid-item post-51018 post type-post status-publish format-standard has-post-thumbnail hentry category-destaque-pos-graduacao category-no-home entry has-media\">\n\t\t\t<div class=\"elementor-post__card\">\n\t\t\t\t<a class=\"elementor-post__thumbnail__link\" href=\"https:\/\/portalfadesp.org.br\/?p=51018\" tabindex=\"-1\" ><div class=\"elementor-post__thumbnail\"><img loading=\"lazy\" decoding=\"async\" width=\"400\" height=\"385\" src=\"https:\/\/portalfadesp.org.br\/wp-content\/uploads\/2025\/06\/eng-qualidade.png\" class=\"attachment-full size-full wp-image-50855\" alt=\"\" srcset=\"https:\/\/portalfadesp.org.br\/wp-content\/uploads\/2025\/06\/eng-qualidade.png 400w, https:\/\/portalfadesp.org.br\/wp-content\/uploads\/2025\/06\/eng-qualidade-300x289.png 300w\" sizes=\"(max-width: 400px) 100vw, 400px\" \/><\/div><\/a>\n\t\t\t\t<div class=\"elementor-post__text\">\n\t\t\t\t<h3 class=\"elementor-post__title\">\n\t\t\t<a href=\"https:\/\/portalfadesp.org.br\/?p=51018\" >\n\t\t\t\tESPECIALIZA\u00c7\u00c3O EM ENGENHARIA DA QUALIDADE (UFPA &#8211; CAMPUS ABAETETUBA) 2024\t\t\t<\/a>\n\t\t<\/h3>\n\t\t\t\t<\/div>\n\t\t\t\t<div class=\"elementor-post__meta-data\">\n\t\t\t\t\t<span class=\"elementor-post-date\">\n\t\t\t06\/06\/2025\t\t<\/span>\n\t\t\t\t<\/div>\n\t\t\t\t\t<\/div>\n\t\t<\/article>\n\t\t\t\t<article class=\"elementor-post elementor-grid-item post-51020 post type-post status-publish format-standard has-post-thumbnail hentry category-destaque-pos-graduacao category-no-home entry has-media\">\n\t\t\t<div class=\"elementor-post__card\">\n\t\t\t\t<a class=\"elementor-post__thumbnail__link\" href=\"https:\/\/portalfadesp.org.br\/?p=51020\" tabindex=\"-1\" ><div class=\"elementor-post__thumbnail\"><img loading=\"lazy\" decoding=\"async\" width=\"400\" height=\"385\" src=\"https:\/\/portalfadesp.org.br\/wp-content\/uploads\/2025\/06\/gestao-ambiental.png\" class=\"attachment-full size-full wp-image-50858\" alt=\"\" srcset=\"https:\/\/portalfadesp.org.br\/wp-content\/uploads\/2025\/06\/gestao-ambiental.png 400w, https:\/\/portalfadesp.org.br\/wp-content\/uploads\/2025\/06\/gestao-ambiental-300x289.png 300w\" sizes=\"(max-width: 400px) 100vw, 400px\" \/><\/div><\/a>\n\t\t\t\t<div class=\"elementor-post__text\">\n\t\t\t\t<h3 class=\"elementor-post__title\">\n\t\t\t<a href=\"https:\/\/portalfadesp.org.br\/?p=51020\" >\n\t\t\t\tESPECIALIZA\u00c7\u00c3O EM GEST\u00c3O AMBIENTAL URBANA (UFPA\/2025)\t\t\t<\/a>\n\t\t<\/h3>\n\t\t\t\t<\/div>\n\t\t\t\t<div class=\"elementor-post__meta-data\">\n\t\t\t\t\t<span class=\"elementor-post-date\">\n\t\t\t05\/06\/2025\t\t<\/span>\n\t\t\t\t<\/div>\n\t\t\t\t\t<\/div>\n\t\t<\/article>\n\t\t\t\t<article class=\"elementor-post elementor-grid-item post-51022 post type-post status-publish format-standard has-post-thumbnail hentry category-destaque-pos-graduacao category-no-home entry has-media\">\n\t\t\t<div class=\"elementor-post__card\">\n\t\t\t\t<a class=\"elementor-post__thumbnail__link\" href=\"https:\/\/portalfadesp.org.br\/?p=51022\" tabindex=\"-1\" ><div class=\"elementor-post__thumbnail\"><img loading=\"lazy\" decoding=\"async\" width=\"400\" height=\"385\" src=\"https:\/\/portalfadesp.org.br\/wp-content\/uploads\/2025\/06\/no-data.jpg\" class=\"attachment-full size-full wp-image-50690\" alt=\"\" srcset=\"https:\/\/portalfadesp.org.br\/wp-content\/uploads\/2025\/06\/no-data.jpg 400w, https:\/\/portalfadesp.org.br\/wp-content\/uploads\/2025\/06\/no-data-300x289.jpg 300w\" sizes=\"(max-width: 400px) 100vw, 400px\" \/><\/div><\/a>\n\t\t\t\t<div class=\"elementor-post__text\">\n\t\t\t\t<h3 class=\"elementor-post__title\">\n\t\t\t<a href=\"https:\/\/portalfadesp.org.br\/?p=51022\" >\n\t\t\t\tESPECIALIZA\u00c7\u00c3O EM NO-CODE DATA SCIENCE APLICADO \u00c0 PESQUISA, GEST\u00c3O E A NEG\u00d3CIOS NA \u00c1REA DA SA\u00daDE (UFPA) &#8211; 2025\t\t\t<\/a>\n\t\t<\/h3>\n\t\t\t\t<\/div>\n\t\t\t\t<div class=\"elementor-post__meta-data\">\n\t\t\t\t\t<span class=\"elementor-post-date\">\n\t\t\t04\/06\/2025\t\t<\/span>\n\t\t\t\t<\/div>\n\t\t\t\t\t<\/div>\n\t\t<\/article>\n\t\t\t\t<article class=\"elementor-post elementor-grid-item post-51024 post type-post status-publish format-standard has-post-thumbnail hentry category-destaque-pos-graduacao category-no-home entry has-media\">\n\t\t\t<div class=\"elementor-post__card\">\n\t\t\t\t<a class=\"elementor-post__thumbnail__link\" href=\"https:\/\/portalfadesp.org.br\/?p=51024\" tabindex=\"-1\" ><div class=\"elementor-post__thumbnail\"><img loading=\"lazy\" decoding=\"async\" width=\"400\" height=\"385\" src=\"https:\/\/portalfadesp.org.br\/wp-content\/uploads\/2025\/06\/educacao-inclusiva.png\" class=\"attachment-full size-full wp-image-50854\" alt=\"\" srcset=\"https:\/\/portalfadesp.org.br\/wp-content\/uploads\/2025\/06\/educacao-inclusiva.png 400w, https:\/\/portalfadesp.org.br\/wp-content\/uploads\/2025\/06\/educacao-inclusiva-300x289.png 300w\" sizes=\"(max-width: 400px) 100vw, 400px\" \/><\/div><\/a>\n\t\t\t\t<div class=\"elementor-post__text\">\n\t\t\t\t<h3 class=\"elementor-post__title\">\n\t\t\t<a href=\"https:\/\/portalfadesp.org.br\/?p=51024\" >\n\t\t\t\tCURSO DE ESPECIALIZA\u00c7\u00c3O EM PR\u00c1TIVAS PEDAG\u00d3GICAS NA EDUCA\u00c7\u00c3O INCLUSIVA (UFPA\/2025)\t\t\t<\/a>\n\t\t<\/h3>\n\t\t\t\t<\/div>\n\t\t\t\t<div class=\"elementor-post__meta-data\">\n\t\t\t\t\t<span class=\"elementor-post-date\">\n\t\t\t03\/06\/2025\t\t<\/span>\n\t\t\t\t<\/div>\n\t\t\t\t\t<\/div>\n\t\t<\/article>\n\t\t\t\t<\/div>\n\t\t\n\t\t\t\t\t\t<\/div>\n\t\t\t\t<\/div>\n\t\t\t\t\t<\/div>\n\t\t<\/div>\n\t\t\t\t\t<\/div>\n\t\t<\/section>\n\t\t\t\t<\/div>\n\t\t","protected":false},"excerpt":{"rendered":"<p>CURSOS DE P\u00d3S-GRADUA\u00c7\u00c3O Todos Portal de Inscri\u00e7\u00f5es, clique aqui.<\/p>\n","protected":false},"author":24,"featured_media":0,"parent":0,"menu_order":0,"comment_status":"closed","ping_status":"closed","template":"","meta":{"_monsterinsights_skip_tracking":false,"_monsterinsights_sitenote_active":false,"_monsterinsights_sitenote_note":"","_monsterinsights_sitenote_category":0,"footnotes":""},"class_list":["post-50489","page","type-page","status-publish","hentry","entry","has-media"],"yoast_head":"<!-- This site is optimized with the Yoast SEO plugin v25.1 - https:\/\/yoast.com\/wordpress\/plugins\/seo\/ -->\n<title>CURSOS DE P\u00d3S-GRADUA\u00c7\u00c3O - FADESP<\/title>\n<meta name=\"robots\" content=\"index, follow, max-snippet:-1, max-image-preview:large, max-video-preview:-1\" \/>\n<link rel=\"canonical\" href=\"https:\/\/portalfadesp.org.br\/?page_id=50489\" \/>\n<meta property=\"og:locale\" content=\"pt_BR\" \/>\n<meta property=\"og:type\" content=\"article\" \/>\n<meta property=\"og:title\" content=\"CURSOS DE P\u00d3S-GRADUA\u00c7\u00c3O - FADESP\" \/>\n<meta property=\"og:description\" content=\"CURSOS DE P\u00d3S-GRADUA\u00c7\u00c3O Todos Portal de Inscri\u00e7\u00f5es, clique aqui.\" \/>\n<meta property=\"og:url\" content=\"https:\/\/portalfadesp.org.br\/?page_id=50489\" \/>\n<meta property=\"og:site_name\" content=\"FADESP\" \/>\n<meta property=\"article:publisher\" content=\"https:\/\/www.facebook.com\/Fadesp-138351949524662\/\" \/>\n<meta property=\"article:modified_time\" content=\"2025-06-24T12:52:12+00:00\" \/>\n<meta name=\"twitter:card\" content=\"summary_large_image\" \/>\n<meta name=\"twitter:site\" content=\"@Fadesp\" \/>\n<meta name=\"twitter:label1\" content=\"Est. tempo de leitura\" \/>\n\t<meta name=\"twitter:data1\" content=\"6 minutos\" \/>\n<script type=\"application\/ld+json\" class=\"yoast-schema-graph\">{\"@context\":\"https:\/\/schema.org\",\"@graph\":[{\"@type\":\"WebPage\",\"@id\":\"https:\/\/portalfadesp.org.br\/?page_id=50489\",\"url\":\"https:\/\/portalfadesp.org.br\/?page_id=50489\",\"name\":\"CURSOS DE P\u00d3S-GRADUA\u00c7\u00c3O - FADESP\",\"isPartOf\":{\"@id\":\"https:\/\/portalfadesp.org.br\/#website\"},\"datePublished\":\"2025-06-16T16:45:06+00:00\",\"dateModified\":\"2025-06-24T12:52:12+00:00\",\"breadcrumb\":{\"@id\":\"https:\/\/portalfadesp.org.br\/?page_id=50489#breadcrumb\"},\"inLanguage\":\"pt-BR\",\"potentialAction\":[{\"@type\":\"ReadAction\",\"target\":[\"https:\/\/portalfadesp.org.br\/?page_id=50489\"]}]},{\"@type\":\"BreadcrumbList\",\"@id\":\"https:\/\/portalfadesp.org.br\/?page_id=50489#breadcrumb\",\"itemListElement\":[{\"@type\":\"ListItem\",\"position\":1,\"name\":\"In\u00edcio\",\"item\":\"https:\/\/portalfadesp.org.br\/\"},{\"@type\":\"ListItem\",\"position\":2,\"name\":\"CURSOS DE P\u00d3S-GRADUA\u00c7\u00c3O\"}]},{\"@type\":\"WebSite\",\"@id\":\"https:\/\/portalfadesp.org.br\/#website\",\"url\":\"https:\/\/portalfadesp.org.br\/\",\"name\":\"FADESP\",\"description\":\"Funda\u00e7\u00e3o de Amparo e Desenvolvimento da Pesquisa\",\"publisher\":{\"@id\":\"https:\/\/portalfadesp.org.br\/#organization\"},\"potentialAction\":[{\"@type\":\"SearchAction\",\"target\":{\"@type\":\"EntryPoint\",\"urlTemplate\":\"https:\/\/portalfadesp.org.br\/?s={search_term_string}\"},\"query-input\":{\"@type\":\"PropertyValueSpecification\",\"valueRequired\":true,\"valueName\":\"search_term_string\"}}],\"inLanguage\":\"pt-BR\"},{\"@type\":\"Organization\",\"@id\":\"https:\/\/portalfadesp.org.br\/#organization\",\"name\":\"FADESP\",\"url\":\"https:\/\/portalfadesp.org.br\/\",\"logo\":{\"@type\":\"ImageObject\",\"inLanguage\":\"pt-BR\",\"@id\":\"https:\/\/portalfadesp.org.br\/#\/schema\/logo\/image\/\",\"url\":\"https:\/\/portalfadesp.org.br\/wp-content\/uploads\/2024\/01\/NOVOLOGOFADESPlaranjaH.png\",\"contentUrl\":\"https:\/\/portalfadesp.org.br\/wp-content\/uploads\/2024\/01\/NOVOLOGOFADESPlaranjaH.png\",\"width\":2742,\"height\":839,\"caption\":\"FADESP\"},\"image\":{\"@id\":\"https:\/\/portalfadesp.org.br\/#\/schema\/logo\/image\/\"},\"sameAs\":[\"https:\/\/www.facebook.com\/Fadesp-138351949524662\/\",\"https:\/\/x.com\/Fadesp\",\"https:\/\/www.instagram.com\/fadesp_ufpa\/\",\"https:\/\/www.youtube.com\/@fundacaodeamparoedesenvolv1903\",\"https:\/\/www.threads.net\/@fadesp_ufpa\"]}]}<\/script>\n<!-- \/ Yoast SEO plugin. -->","yoast_head_json":{"title":"CURSOS DE P\u00d3S-GRADUA\u00c7\u00c3O - FADESP","robots":{"index":"index","follow":"follow","max-snippet":"max-snippet:-1","max-image-preview":"max-image-preview:large","max-video-preview":"max-video-preview:-1"},"canonical":"https:\/\/portalfadesp.org.br\/?page_id=50489","og_locale":"pt_BR","og_type":"article","og_title":"CURSOS DE P\u00d3S-GRADUA\u00c7\u00c3O - FADESP","og_description":"CURSOS DE P\u00d3S-GRADUA\u00c7\u00c3O Todos Portal de Inscri\u00e7\u00f5es, clique aqui.","og_url":"https:\/\/portalfadesp.org.br\/?page_id=50489","og_site_name":"FADESP","article_publisher":"https:\/\/www.facebook.com\/Fadesp-138351949524662\/","article_modified_time":"2025-06-24T12:52:12+00:00","twitter_card":"summary_large_image","twitter_site":"@Fadesp","twitter_misc":{"Est. tempo de leitura":"6 minutos"},"schema":{"@context":"https:\/\/schema.org","@graph":[{"@type":"WebPage","@id":"https:\/\/portalfadesp.org.br\/?page_id=50489","url":"https:\/\/portalfadesp.org.br\/?page_id=50489","name":"CURSOS DE P\u00d3S-GRADUA\u00c7\u00c3O - FADESP","isPartOf":{"@id":"https:\/\/portalfadesp.org.br\/#website"},"datePublished":"2025-06-16T16:45:06+00:00","dateModified":"2025-06-24T12:52:12+00:00","breadcrumb":{"@id":"https:\/\/portalfadesp.org.br\/?page_id=50489#breadcrumb"},"inLanguage":"pt-BR","potentialAction":[{"@type":"ReadAction","target":["https:\/\/portalfadesp.org.br\/?page_id=50489"]}]},{"@type":"BreadcrumbList","@id":"https:\/\/portalfadesp.org.br\/?page_id=50489#breadcrumb","itemListElement":[{"@type":"ListItem","position":1,"name":"In\u00edcio","item":"https:\/\/portalfadesp.org.br\/"},{"@type":"ListItem","position":2,"name":"CURSOS DE P\u00d3S-GRADUA\u00c7\u00c3O"}]},{"@type":"WebSite","@id":"https:\/\/portalfadesp.org.br\/#website","url":"https:\/\/portalfadesp.org.br\/","name":"FADESP","description":"Funda\u00e7\u00e3o de Amparo e Desenvolvimento da Pesquisa","publisher":{"@id":"https:\/\/portalfadesp.org.br\/#organization"},"potentialAction":[{"@type":"SearchAction","target":{"@type":"EntryPoint","urlTemplate":"https:\/\/portalfadesp.org.br\/?s={search_term_string}"},"query-input":{"@type":"PropertyValueSpecification","valueRequired":true,"valueName":"search_term_string"}}],"inLanguage":"pt-BR"},{"@type":"Organization","@id":"https:\/\/portalfadesp.org.br\/#organization","name":"FADESP","url":"https:\/\/portalfadesp.org.br\/","logo":{"@type":"ImageObject","inLanguage":"pt-BR","@id":"https:\/\/portalfadesp.org.br\/#\/schema\/logo\/image\/","url":"https:\/\/portalfadesp.org.br\/wp-content\/uploads\/2024\/01\/NOVOLOGOFADESPlaranjaH.png","contentUrl":"https:\/\/portalfadesp.org.br\/wp-content\/uploads\/2024\/01\/NOVOLOGOFADESPlaranjaH.png","width":2742,"height":839,"caption":"FADESP"},"image":{"@id":"https:\/\/portalfadesp.org.br\/#\/schema\/logo\/image\/"},"sameAs":["https:\/\/www.facebook.com\/Fadesp-138351949524662\/","https:\/\/x.com\/Fadesp","https:\/\/www.instagram.com\/fadesp_ufpa\/","https:\/\/www.youtube.com\/@fundacaodeamparoedesenvolv1903","https:\/\/www.threads.net\/@fadesp_ufpa"]}]}},"_links":{"self":[{"href":"https:\/\/portalfadesp.org.br\/index.php?rest_route=\/wp\/v2\/pages\/50489","targetHints":{"allow":["GET"]}}],"collection":[{"href":"https:\/\/portalfadesp.org.br\/index.php?rest_route=\/wp\/v2\/pages"}],"about":[{"href":"https:\/\/portalfadesp.org.br\/index.php?rest_route=\/wp\/v2\/types\/page"}],"author":[{"embeddable":true,"href":"https:\/\/portalfadesp.org.br\/index.php?rest_route=\/wp\/v2\/users\/24"}],"replies":[{"embeddable":true,"href":"https:\/\/portalfadesp.org.br\/index.php?rest_route=%2Fwp%2Fv2%2Fcomments&post=50489"}],"version-history":[{"count":253,"href":"https:\/\/portalfadesp.org.br\/index.php?rest_route=\/wp\/v2\/pages\/50489\/revisions"}],"predecessor-version":[{"id":51030,"href":"https:\/\/portalfadesp.org.br\/index.php?rest_route=\/wp\/v2\/pages\/50489\/revisions\/51030"}],"wp:attachment":[{"href":"https:\/\/portalfadesp.org.br\/index.php?rest_route=%2Fwp%2Fv2%2Fmedia&parent=50489"}],"curies":[{"name":"wp","href":"https:\/\/api.w.org\/{rel}","templated":true}]}}