{"id":5038,"date":"2019-11-21T11:04:22","date_gmt":"2019-11-21T14:04:22","guid":{"rendered":"https:\/\/162.215.13.167?page_id=5038"},"modified":"2022-12-20T11:15:58","modified_gmt":"2022-12-20T14:15:58","slug":"prefeitura-municipal-de-curua-2019","status":"publish","type":"page","link":"https:\/\/portalfadesp.org.br\/?page_id=5038","title":{"rendered":"Prefeitura Municipal de Curu\u00e1 &#8211; 2019"},"content":{"rendered":"\t\t<div data-elementor-type=\"wp-post\" data-elementor-id=\"5038\" class=\"elementor elementor-5038\" data-elementor-post-type=\"page\">\n\t\t\t\t\t\t<section class=\"elementor-section elementor-top-section elementor-element elementor-element-6a3536f elementor-section-boxed elementor-section-height-default elementor-section-height-default\" data-id=\"6a3536f\" data-element_type=\"section\">\n\t\t\t\t\t\t<div class=\"elementor-container elementor-column-gap-default\">\n\t\t\t\t\t<div class=\"elementor-column elementor-col-100 elementor-top-column elementor-element elementor-element-5e107171\" data-id=\"5e107171\" data-element_type=\"column\">\n\t\t\t<div class=\"elementor-widget-wrap elementor-element-populated\">\n\t\t\t\t\t\t<div class=\"elementor-element elementor-element-6122afba elementor-widget elementor-widget-heading\" data-id=\"6122afba\" data-element_type=\"widget\" data-widget_type=\"heading.default\">\n\t\t\t\t<div class=\"elementor-widget-container\">\n\t\t\t\t\t<h1 class=\"elementor-heading-title elementor-size-default\">Prefeitura Municipal de Curu\u00e1 - 2019<\/h1>\t\t\t\t<\/div>\n\t\t\t\t<\/div>\n\t\t\t\t<section class=\"elementor-section elementor-inner-section elementor-element elementor-element-2b3d37c9 elementor-section-boxed elementor-section-height-default elementor-section-height-default\" data-id=\"2b3d37c9\" data-element_type=\"section\">\n\t\t\t\t\t\t<div class=\"elementor-container elementor-column-gap-default\">\n\t\t\t\t\t<div class=\"elementor-column elementor-col-50 elementor-inner-column elementor-element elementor-element-343e9397\" data-id=\"343e9397\" data-element_type=\"column\">\n\t\t\t<div class=\"elementor-widget-wrap elementor-element-populated\">\n\t\t\t\t\t\t<div class=\"elementor-element elementor-element-436bd9c2 elementor-widget elementor-widget-text-editor\" data-id=\"436bd9c2\" data-element_type=\"widget\" data-widget_type=\"text-editor.default\">\n\t\t\t\t<div class=\"elementor-widget-container\">\n\t\t\t\t\t\t\t\t\t<p>A Prefeitura Municipal de Curu\u00e1 torna p\u00fablica a realiza\u00e7\u00e3o de concurso para o preenchimento de vagas em cargos efetivos de n\u00edveis Alfabetizado, Fundamental incompleto, Fundamental completo, da \u00e1rea isolada, M\u00e9dio, T\u00e9cnico e Superior.<\/p><p><strong>Vagas &#8211; <\/strong>150\u00a0<\/p><p><strong>Cargos &#8211;<\/strong> Auxiliar de Servi\u00e7os Gerais, Tratorista, Vigia, Servente, Agente Administrativo, Secret\u00e1rio Escolar, Agente de Controladoria, Agente de Pol\u00edticas P\u00fablicas, Assistente Administrativo, Fiscal Ambiental, Agente Comunit\u00e1rio de Sa\u00fade, Agente de Combate \u00e0s Endemias, T\u00e9cnico em Enfermagem, Enfermeiro, Farmac\u00eautico \u2013 Generalista, M\u00e9dico Cl\u00ednico Geral, M\u00e9dico Especialista, Odont\u00f3logo, Fiscal de Tr\u00e2nsito, Agr\u00f4nomo, Assistente Social, Educador F\u00edsico, Engenheiro Civil, Jornalista, Nutricionista, Pedagogo, Psic\u00f3logo, Mec\u00e2nico de M\u00e1quinas Pesadas, Mec\u00e2nico Geral, Motorista CNH B, Motorista CNH C ou D, Operador de Lancha, Operador de M\u00e1quina Pesada, T\u00e9cnico Pedag\u00f3gico e Professor.<\/p><p><strong>Remunera\u00e7\u00e3o &#8211;\u00a0<\/strong>R$ 998,00 a R$ 9.000,00.<\/p><p><strong>Taxa &#8211; N\u00edvel Alfabetizado, Fundamental Incompleto, \u00c1rea Isolada: <\/strong>R$ 70,00.<br \/><strong>N\u00edveis Fundamental Completo, M\u00e9dio e T\u00e9cnico:<\/strong> R$ 90,00.<br \/><strong>N\u00edvel Superior:<\/strong> R$ 100,00.<\/p><p><strong>Local da prova:<\/strong> Curu\u00e1<\/p><p>&#8230;&#8230;&#8230;&#8230;&#8230;&#8230;&#8230;&#8230;&#8230;&#8230;&#8230;&#8230;&#8230;&#8230;&#8230;&#8230;&#8230;&#8230;&#8230;&#8230;&#8230;&#8230;&#8230;&#8230;&#8230;&#8230;&#8230;&#8230;&#8230;&#8230;&#8230;&#8230;&#8230;..<\/p><p><strong>Datas importantes<\/strong>:<\/p><p><strong>Per\u00edodo de Inscri\u00e7\u00e3o<\/strong> &#8211; 19\/12\/2019 a <strong>21\/01\/2020<\/strong><\/p><p><strong>Pedido de isen\u00e7\u00e3o por PcD<\/strong> &#8211; 19\/12\/2019 a 24\/12\/2019<\/p><p><strong>Pagamento da taxa de inscri\u00e7\u00e3o<\/strong> &#8211; at\u00e9 <strong>22\/01\/2020<\/strong><\/p><p><strong>Impress\u00e3o do cart\u00e3o de confirma\u00e7\u00e3o<\/strong>\u00a0\u2013 24\/01 a 14\/02\/2020\u00a0<\/p><p><strong>Data da prova objetiva<\/strong> &#8211;<br \/><strong>Cargos de n\u00edveis Fundamental completo e Superior:<\/strong>\u00a0 15\/02\/2020<br \/><strong>Cargos de n\u00edveis M\u00e9dio, Alfabetizado, Fundamental incompleto e \u00c1rea Isolada: <\/strong>16\/02\/2020<\/p>\t\t\t\t\t\t\t\t<\/div>\n\t\t\t\t<\/div>\n\t\t\t\t\t<\/div>\n\t\t<\/div>\n\t\t\t\t<div class=\"elementor-column elementor-col-50 elementor-inner-column elementor-element elementor-element-6ffad77f\" data-id=\"6ffad77f\" data-element_type=\"column\">\n\t\t\t<div class=\"elementor-widget-wrap elementor-element-populated\">\n\t\t\t\t\t\t<div class=\"elementor-element elementor-element-76995c6f elementor-widget elementor-widget-text-editor\" data-id=\"76995c6f\" data-element_type=\"widget\" data-widget_type=\"text-editor.default\">\n\t\t\t\t<div class=\"elementor-widget-container\">\n\t\t\t\t\t\t\t\t\t<p style=\"text-align: center;\"><strong>Avisos<\/strong><\/p>\t\t\t\t\t\t\t\t<\/div>\n\t\t\t\t<\/div>\n\t\t\t\t<div class=\"elementor-element elementor-element-e46be3a elementor-widget elementor-widget-text-editor\" data-id=\"e46be3a\" data-element_type=\"widget\" data-widget_type=\"text-editor.default\">\n\t\t\t\t<div class=\"elementor-widget-container\">\n\t\t\t\t\t\t\t\t\t<div class=\"botaoBug\"><span style=\"color: #ffffff;\"><a style=\"color: #ffffff;\" href=\"http:\/\/concursos.fadesp.org.br\/curua2019\/web\/index_recurso.php\"><strong>Respostas dos Recursos<\/strong><\/a><\/span><\/div>\t\t\t\t\t\t\t\t<\/div>\n\t\t\t\t<\/div>\n\t\t\t\t<div class=\"elementor-element elementor-element-6e736e79 elementor-widget elementor-widget-text-editor\" data-id=\"6e736e79\" data-element_type=\"widget\" data-widget_type=\"text-editor.default\">\n\t\t\t\t<div class=\"elementor-widget-container\">\n\t\t\t\t\t\t\t\t\t<p style=\"text-align: center;\"><span style=\"color: #ffffff;\"><strong>Editais\u00a0<\/strong><\/span><\/p>\t\t\t\t\t\t\t\t<\/div>\n\t\t\t\t<\/div>\n\t\t\t\t<div class=\"elementor-element elementor-element-362da917 elementor-widget elementor-widget-text-editor\" data-id=\"362da917\" data-element_type=\"widget\" data-widget_type=\"text-editor.default\">\n\t\t\t\t<div class=\"elementor-widget-container\">\n\t\t\t\t\t\t\t\t\t<p style=\"text-align: center;\"><strong><a href=\"http:\/\/concursos.fadesp.org.br\/curua2019\/arquivos\/RESULTADO\/Homologacao_Resultado_Final_Agente_Comunitario_Saude.pdf\">Homologa\u00e7\u00e3o do Resultado Final do Cargo de Agente Comunit\u00e1rio de Sa\u00fade<\/a><\/strong><\/p>\n<p style=\"text-align: center;\"><strong><a href=\"http:\/\/concursos.fadesp.org.br\/curua2019\/arquivos\/RESULTADO\/RESULTADO_FINAL_AGENTE_COMUNITARIO_DE_SAUDE.pdf\">Resultado Final do Concurso P\u00fablico<\/a><\/strong><\/p>\n<p style=\"text-align: center;\"><strong><a href=\"http:\/\/concursos.fadesp.org.br\/curua2019\/arquivos\/RESULTADO_PRELIMINAR_PROVAS_PRATICAS_4_fase_e_5_fase.pdf\">Resultado Preliminar das Provas Pr\u00e1ticas 4\u00aa e 5\u00aa Fase<\/a><\/strong><\/p>\n<p style=\"text-align: center;\"><strong><a href=\"http:\/\/concursos.fadesp.org.br\/curua2019\/arquivos\/resultado\/Edital_N-0062021_HABILITACAO_E_QUALIFICACAO.pdf\">Edital n\u00ba 06 &#8211; Convoca\u00e7\u00e3o para Habilita\u00e7\u00e3o (4\u00aa fase) e Qualifica\u00e7\u00e3o (5\u00aa fase) para o Cargo de ACS<\/a><\/strong><\/p>\n<p style=\"text-align: center;\"><strong><a href=\"http:\/\/concursos.fadesp.org.br\/curua2019\/arquivos\/resultado\/Homologa\u00e7\u00e3oResultadoFinal.pdf\">Homologa\u00e7\u00e3o do Resultado Final exceto para os cargos de ACS<\/a><\/strong><\/p>\n<p style=\"text-align: center;\"><strong><a href=\"..\/wp-content\/uploads\/2021\/10\/Resultado_Final_do_Concurso.pdf\">RESULTADO FINAL DO CONCURSO<\/a><\/strong><\/p>\n<p style=\"text-align: center;\"><strong><a href=\"http:\/\/concursos.fadesp.org.br\/curua2019\/arquivos\/RESULTADO\/ResultadoPreliminarProvaPratica.pdf\">Resultado Preliminar da Prova Pr\u00e1tica<\/a><\/strong><\/p>\n<p style=\"text-align: center;\"><strong><a href=\"http:\/\/concursos.fadesp.org.br\/curua2019\/arquivos\/Convocaao_Propa_Pratica.pdf\">Provas Pr\u00e1ticas &#8211; Convoca\u00e7\u00e3o para a 3\u00aa Fase<\/a><\/strong>\n<strong><a href=\"http:\/\/concursos.fadesp.org.br\/curua2019\/arquivos\/Cronograma2021.pdf\">Cronograma da 3\u00ba Fase<\/a><\/strong><\/p>\n<p style=\"text-align: center;\"><strong><a href=\"http:\/\/concursos.fadesp.org.br\/curua2019\/arquivos\/Homologa\u00e7\u00e3o do Resultado Final PM CURU\u00c1 Cargos que n\u00e3o realizar\u00e3o 3a, 4a e 5a fases.pdf\">Homologa\u00e7\u00e3o do Resultado Final PM CURU\u00c1 Cargos que n\u00e3o realizar\u00e3o 3a, 4a e 5a fases<\/a><\/strong><\/p>\n<p style=\"text-align: center;\"><strong><a href=\"..\/wp-content\/uploads\/2020\/03\/Resultado-FINAL-PM-CURU\u00c1-PROFESSORES.pdf\">Resultado FINAL PM CURU\u00c1 PROFESSORES<\/a><\/strong><\/p>\n<p style=\"text-align: center;\"><strong><a href=\"..\/wp-content\/uploads\/2020\/03\/Resultado-FINAL-PRELIMINAR-PM-CURU\u00c1-PROFESSORES.pdf\">Resultado FINAL PRELIMINAR PM CURU\u00c1 PROFESSORES<\/a><\/strong><\/p>\n<p style=\"text-align: center;\"><strong><a href=\"http:\/\/concursos.fadesp.org.br\/curua2019\/arquivos\/RESULTADO\/DF1\/Resultado%20FINAL%20PM%20CURU%C3%81%20PROVA%20DE%20T%C3%8DTULOS.pdf\">Resultado FINAL PM CURU\u00c1 PROVA DE T\u00cdTULOS<\/a><\/strong><\/p>\n<p style=\"text-align: center;\"><strong><a href=\"http:\/\/concursos.fadesp.org.br\/curua2019\/arquivos\/RESULTADO\/Resultado%20Preliminar%20PM%20CURU%C3%81%20PROVA%20DE%20T%C3%8DTULOS.pdf\">Resultado Preliminar PM CURU\u00c1 PROVA DE T\u00cdTULOS<\/a><\/strong><\/p>\n<p style=\"text-align: center;\"><strong><a href=\"http:\/\/concursos.fadesp.org.br\/curua2019\/arquivos\/AVISOS\/AVISO%2005.pdf\">AVISO N\u00ba 5<\/a><\/strong><\/p>\n<p style=\"text-align: center;\"><strong><a href=\"http:\/\/concursos.fadesp.org.br\/curua2019\/arquivos\/Resultado%20Final%20Prova%20Objetiva%20PM%20CURU%C3%81%20Alfabetizado%20Fund%20Incompleto%20Completo%20e%20%C3%81rea%20Isolada.pdf\">Resultado Final Prova Objetiva PM CURU\u00c1 Alfabetizado Fund Incompleto Completo e \u00c1rea Isolada<\/a><\/strong><\/p>\n<p style=\"text-align: center;\"><strong><a href=\"http:\/\/concursos.fadesp.org.br\/curua2019\/arquivos\/Resultado%20Final%20da%20Prova%20Objetiva%20PM%20CURU%C3%81%20N%C3%ADvel%20M%C3%A9dio.pdf\">Resultado Final da Prova Objetiva PM CURU\u00c1 N\u00edvel M\u00e9dio<\/a><\/strong><\/p>\n<p style=\"text-align: center;\"><strong><a href=\"http:\/\/concursos.fadesp.org.br\/curua2019\/arquivos\/Resultado%20Final%20da%20Prova%20Objetiva%20PM%20CURU%C3%81%20N%C3%ADvel%20Superior%20Exceto%20Grupo%20Magist%C3%A9rio.pdf\">Resultado Final da Prova Objetiva PM CURU\u00c1 N\u00edvel Superior Exceto Grupo Magist\u00e9rio<\/a><\/strong><\/p>\n<p style=\"text-align: center;\"><strong><a href=\"http:\/\/concursos.fadesp.org.br\/curua2019\/arquivos\/Resultado%20Final%201a%20Fase%20PM%20CURU%C3%81%20N%C3%ADvel%20Superior%20Grupo%20Magist%C3%A9rio.pdf\">Resultado Final 1a Fase PM CURU\u00c1 N\u00edvel Superior Grupo Magist\u00e9rio<\/a><\/strong><\/p>\n<p style=\"text-align: center;\"><strong><a href=\"http:\/\/concursos.fadesp.org.br\/curua2019\/arquivos\/AVISOS\/AVISO%2004.pdf\">AVISO N\u00ba 4<\/a><\/strong><\/p>\n<p style=\"text-align: center;\"><strong><a href=\"http:\/\/concursos.fadesp.org.br\/curua2019\/arquivos\/RESULTADO\/Resultado%20Preliminar%20PM%20CURU%C3%81%20Alfabetizado%20Fund%20Incompleto%20Completo%20e%20%C3%81rea%20Isolada.pdf\">Resultado Preliminar PM CURU\u00c1 Alfabetizado Fund Incompleto Completo e \u00c1rea Isolada<\/a><\/strong><\/p>\n<p style=\"text-align: center;\"><strong><a href=\"http:\/\/concursos.fadesp.org.br\/curua2019\/arquivos\/Resultado%20Preliminar%20PM%20CURU%C3%81%20N%C3%ADvel%20M%C3%A9di%20Corrigido.pdf\">Resultado Preliminar PM CURU\u00c1 N\u00edvel M\u00e9dio Corrigido<\/a><\/strong><\/p>\n<p style=\"text-align: center;\"><strong><a href=\"http:\/\/concursos.fadesp.org.br\/curua2019\/arquivos\/RESULTADO\/Resultado%20Preliminar%20PM%20CURU%C3%81%20N%C3%ADvel%20Superior%20Exceto%20Grupo%20Magist%C3%A9rio.pdf\">Resultado Preliminar PM CURU\u00c1 N\u00edvel Superior Exceto Grupo Magist\u00e9rio<\/a><\/strong><\/p>\n<p style=\"text-align: center;\"><strong><a href=\"http:\/\/concursos.fadesp.org.br\/curua2019\/arquivos\/RESULTADO\/Resultado%20Preliminar%20PM%20CURU%C3%81%20N%C3%ADvel%20Superior%20Grupo%20Magist%C3%A9rio.pdf\">Resultado Preliminar PM CURU\u00c1 N\u00edvel Superior Grupo Magist\u00e9rio<\/a><\/strong><\/p>\n<p style=\"text-align: center;\"><strong><a href=\"http:\/\/concursos.fadesp.org.br\/curua2019\/arquivos\/GabaritosDefinitivos.html\">Gabaritos Definitivos<\/a><\/strong><\/p>\n<p style=\"text-align: center;\"><strong><a href=\"http:\/\/concursos.fadesp.org.br\/curua2019\/arquivos\/Gabaritos.html\">Gabaritos Provas Objetivas<\/a><\/strong><\/p>\n<p style=\"text-align: center;\"><strong><a href=\"http:\/\/concursos.fadesp.org.br\/curua2019\/arquivos\/Provas.html\">Provas Objetivas.\u00a0<\/a><\/strong><\/p>\n<p style=\"text-align: center;\"><strong><a href=\"http:\/\/concursos.fadesp.org.br\/curua2019\/arquivos\/AVISOS\/CANDIDATOS%20COM%20BOLETOS%20PAGOS%20AT.pdf\">IMPORTANTE: AVISO AOS CANDIDATOS COM BOLETOS PAGOS<\/a><\/strong><\/p>\n<p style=\"text-align: center;\"><strong><a href=\"http:\/\/concursos.fadesp.org.br\/curua2019\/arquivos\/AVISO%2003%20INSCRI%C3%87%C3%95ES%20HOMOLOGADAS.pdf\">AVISO 03 INSCRI\u00c7\u00d5ES HOMOLOGADAS<\/a><\/strong><\/p>\n<p style=\"text-align: center;\"><strong><a href=\"..\/wp-content\/uploads\/2020\/02\/AVISO-02-CANDIDATOS-SABATISTAS.pdf\" target=\"_blank\" rel=\"noopener\">AVISO 02 CANDIDATOS SABATISTAS<\/a><\/strong><\/p>\n<p style=\"text-align: center;\"><strong><a href=\"http:\/\/concursos.fadesp.org.br\/curua2019\/arquivos\/DEMANDA%20DO%20CONCURSO%20CURU%C3%81.pdf\">DEMANDA DO CONCURSO CURU\u00c1<\/a><\/strong><\/p>\n<p style=\"text-align: center;\"><strong><a href=\"http:\/\/concursos.fadesp.org.br\/curua2019\/arquivos\/RETIFICA%C3%87%C3%95ES%20EDITAL%20CURUA.pdf\">RETIFICA\u00c7\u00d5ES EDITAL CURU\u00c1<\/a><\/strong><\/p>\n<p style=\"text-align: center;\"><strong><a href=\"http:\/\/concursos.fadesp.org.br\/curua2019\/arquivos\/RESULTADO%20FINAL%20DO%20PEDIDO%20DE%20ISEN%C3%87%C3%83O%20DE%20PAGAMENTO%20DE%20TAXA%20DE%20INSCRI%C3%87%C3%83O%20NO%20CONCURSO%20P%C3%9ABLICO%202019%20POR%20SEREM%20PcD.pdf\">RESULTADO FINAL DO PEDIDO DE ISEN\u00c7\u00c3O PARA PcD<\/a><\/strong><\/p>\n<p style=\"text-align: center;\"><strong><a href=\"http:\/\/concursos.fadesp.org.br\/curua2019\/arquivos\/LEIS\/2-%20LEI%20MUNICIPAL%20N%C2%BA%2054-2000%20-%20PCCR%20ADM.pdf\">2- LEI MUNICIPAL N\u00ba 54-2000 &#8211; PCCR ADM<\/a><\/strong><\/p>\n<p style=\"text-align: center;\"><strong><a href=\"http:\/\/concursos.fadesp.org.br\/curua2019\/arquivos\/LEIS\/334-2017%20-%20LEI%20POLITICA%20ASSISTENCIA%20SOCIAL.pdf\">334-2017 &#8211; LEI POL\u00cdTICA ASSIST\u00caNCIA SOCIAL<\/a><\/strong><\/p>\n<p style=\"text-align: center;\"><strong><a href=\"http:\/\/concursos.fadesp.org.br\/curua2019\/arquivos\/LEIS\/ANEXO%20III%20PCCR%20Educa%C3%A7%C3%A3o%20-%20%20ALTERADO%20PELA%20LEI%20356%20DE%202019.pdf\">ANEXO III PCCR Educa\u00e7\u00e3o &#8211; ALTERADO PELA LEI 356 DE 201<\/a>9<\/strong><\/p>\n<p style=\"text-align: center;\"><strong><a href=\"http:\/\/concursos.fadesp.org.br\/curua2019\/arquivos\/LEIS\/ANEXO%20PCCR%20DA%20EDUCACAO.pdf\">ANEXO PCCR DA EDUCA\u00c7\u00c3O<\/a><\/strong><\/p>\n<p style=\"text-align: center;\"><strong><a href=\"http:\/\/concursos.fadesp.org.br\/curua2019\/arquivos\/LEIS\/LEI%2009-97%20-%20CODIGO%20DE%20POSTURA.pdf\">LEI 09-97 &#8211; C\u00d3DIGO DE POSTURA<\/a><\/strong><\/p>\n<p style=\"text-align: center;\"><strong><a href=\"http:\/\/concursos.fadesp.org.br\/curua2019\/arquivos\/LEIS\/LEI%2010-97%20-%20CODIGO%20DE%20OBRAS.pdf\">LEI 10-97 &#8211; C\u00d3DIGO DE OBRAS<\/a><\/strong><\/p>\n<p style=\"text-align: center;\"><strong><a href=\"http:\/\/concursos.fadesp.org.br\/curua2019\/arquivos\/LEIS\/LEI%20170-2005%20-%20CODIGO%20TRIBUTARIO.pdf\">LEI 170-2005 &#8211; C\u00d3DIGO TRIBUT\u00c1RIO<\/a><\/strong><\/p>\n<p style=\"text-align: center;\"><strong><a href=\"http:\/\/concursos.fadesp.org.br\/curua2019\/arquivos\/LEIS\/LEI%20266-2010%20-%20CODIGO%20AMBIENTAL.pdf\">LEI 266-2010 &#8211; C\u00d3DIGO AMBIENTAL<\/a><\/strong><\/p>\n<p style=\"text-align: center;\"><strong><a href=\"http:\/\/concursos.fadesp.org.br\/curua2019\/arquivos\/LEIS\/LEI%20339%202018%20-%20LEI%20ACESSO%20A%20INFORMACAO.pdf\">LEI 339 2018 &#8211; LEI ACESSO \u00c0 INFORMA\u00c7\u00c3O<\/a><\/strong><\/p>\n<p style=\"text-align: center;\"><strong><a href=\"http:\/\/concursos.fadesp.org.br\/curua2019\/arquivos\/LEIS\/Lei%20346-2018%20-%20REORGANIZA%20A%20PMC%20LEI%20DAS.pdf\">Lei 346-2018\u00a0\u00a0<\/a><\/strong><\/p>\n<p style=\"text-align: center;\"><strong><a href=\"http:\/\/concursos.fadesp.org.br\/curua2019\/arquivos\/LEIS\/LEI%20ORG%C3%82NICA%20DO%20MUNIC%C3%8DPIO%20DE%20CURU%C3%81%20-%20LEI%20N%C2%BA%20001_1997.pdf\">LEI ORG\u00c2NICA DO MUNIC\u00cdPIO DE CURU\u00c1 &#8211; LEI N\u00ba 001_1997<\/a><\/strong><\/p>\n<p style=\"text-align: center;\"><strong><a href=\"http:\/\/concursos.fadesp.org.br\/curua2019\/arquivos\/LEIS\/PCCR%20EDUCA%C3%87%C3%83O%20CURU%C3%81%20%20-%20LEI%20N%C2%BA%2094%20DE%202002.pdf\">PCCR EDUCA\u00c7\u00c3O CURU\u00c1 &#8211; LEI N\u00ba 94 DE 2002<\/a><\/strong><\/p>\n<p style=\"text-align: center;\"><strong><a href=\"http:\/\/concursos.fadesp.org.br\/curua2019\/arquivos\/LEIS\/REGIME%20JUR%C3%8DDICO%20UNICO.pdf\">REGIME JUR\u00cdDICO \u00daNICO<\/a><\/strong><\/p>\n<p style=\"text-align: center;\"><strong><a href=\"http:\/\/concursos.fadesp.org.br\/curua2019\/arquivos\/Resultado%20Preliminar%20PcD.pdf\">RESULTADO PRELIMINAR DO PEDIDO DE ISEN\u00c7\u00c3O PARA PcD<\/a><\/strong><\/p>\n<p style=\"text-align: center;\"><strong><a href=\"http:\/\/concursos.fadesp.org.br\/curua2019\/arquivos\/AVISOS\/AVISO%20n%C2%B0%201.pdf\">AVISO: CORRE\u00c7\u00c3O DE DADOS DE INSCRI\u00c7\u00c3O<\/a><\/strong><\/p>\n<p style=\"text-align: center;\"><strong><a href=\"http:\/\/concursos.fadesp.org.br\/curua2019\/arquivos\/Edital%20de%20Abertura%20n%C2%B0%2002_2019_PMC%20Retifica%20o%20Edital%2001_2019_PMC.pdf\">Edital de Abertura n\u00b0 02_2019_PMC Retifica o Edital 01_2019_PMC<\/a><\/strong><\/p>\n<p style=\"text-align: center;\"><strong><a href=\"http:\/\/concursos.fadesp.org.br\/curua2019\/arquivos\/Edital%20de%20Abertura%20n%C2%B0%2001_2019_PMC.pdf\">Edital n\u00ba 01 &#8211; Abertura<\/a><\/strong><\/p>\n<p style=\"text-align: center;\"><strong><a href=\"..\/wp-content\/uploads\/2019\/11\/DOE-edital.pdf\" target=\"_blank\" rel=\"noopener\">DOE &#8211; edital de aviso do concurso.<\/a><\/strong><\/p>\t\t\t\t\t\t\t\t<\/div>\n\t\t\t\t<\/div>\n\t\t\t\t<div class=\"elementor-element elementor-element-d277a5b elementor-widget elementor-widget-text-editor\" data-id=\"d277a5b\" data-element_type=\"widget\" data-widget_type=\"text-editor.default\">\n\t\t\t\t<div class=\"elementor-widget-container\">\n\t\t\t\t\t\t\t\t\t<p><strong>Informa\u00e7\u00f5es no setor de Concursos,\u00a0<\/strong><strong>das 8h \u00e0s 17h.\u00a0<br \/><\/strong><strong>Fone: (91) 4005-7440 \/ 7441 \/ 7442 <br \/>email: concursocurua2019@fadesp.org.br<\/strong><\/p>\t\t\t\t\t\t\t\t<\/div>\n\t\t\t\t<\/div>\n\t\t\t\t\t<\/div>\n\t\t<\/div>\n\t\t\t\t\t<\/div>\n\t\t<\/section>\n\t\t\t\t\t<\/div>\n\t\t<\/div>\n\t\t\t\t\t<\/div>\n\t\t<\/section>\n\t\t\t\t<\/div>\n\t\t","protected":false},"excerpt":{"rendered":"<p>Prefeitura Municipal de Curu\u00e1 &#8211; 2019 A Prefeitura Municipal de Curu\u00e1 torna p\u00fablica a realiza\u00e7\u00e3o de concurso para o preenchimento de vagas em cargos efetivos de n\u00edveis Alfabetizado, Fundamental incompleto, Fundamental completo, da \u00e1rea isolada, M\u00e9dio, T\u00e9cnico e Superior. Vagas &#8211; 150\u00a0 Cargos &#8211; Auxiliar de Servi\u00e7os Gerais, Tratorista, Vigia, Servente, Agente Administrativo, Secret\u00e1rio Escolar, [&hellip;]<\/p>\n","protected":false},"author":11,"featured_media":0,"parent":329,"menu_order":55,"comment_status":"closed","ping_status":"closed","template":"","meta":{"_monsterinsights_skip_tracking":false,"_monsterinsights_sitenote_active":false,"_monsterinsights_sitenote_note":"","_monsterinsights_sitenote_category":0,"footnotes":""},"class_list":["post-5038","page","type-page","status-publish","hentry","entry"],"yoast_head":"<!-- This site is optimized with the Yoast SEO plugin v25.1 - https:\/\/yoast.com\/wordpress\/plugins\/seo\/ -->\n<title>Prefeitura Municipal de Curu\u00e1 - 2019 - FADESP<\/title>\n<meta name=\"robots\" content=\"index, follow, max-snippet:-1, max-image-preview:large, max-video-preview:-1\" \/>\n<link rel=\"canonical\" href=\"https:\/\/portalfadesp.org.br\/?page_id=5038\" \/>\n<meta property=\"og:locale\" content=\"pt_BR\" \/>\n<meta property=\"og:type\" content=\"article\" \/>\n<meta property=\"og:title\" content=\"Prefeitura Municipal de Curu\u00e1 - 2019 - FADESP\" \/>\n<meta property=\"og:description\" content=\"Prefeitura Municipal de Curu\u00e1 &#8211; 2019 A Prefeitura Municipal de Curu\u00e1 torna p\u00fablica a realiza\u00e7\u00e3o de concurso para o preenchimento de vagas em cargos efetivos de n\u00edveis Alfabetizado, Fundamental incompleto, Fundamental completo, da \u00e1rea isolada, M\u00e9dio, T\u00e9cnico e Superior. Vagas &#8211; 150\u00a0 Cargos &#8211; Auxiliar de Servi\u00e7os Gerais, Tratorista, Vigia, Servente, Agente Administrativo, Secret\u00e1rio Escolar, [&hellip;]\" \/>\n<meta property=\"og:url\" content=\"https:\/\/portalfadesp.org.br\/?page_id=5038\" \/>\n<meta property=\"og:site_name\" content=\"FADESP\" \/>\n<meta property=\"article:publisher\" content=\"https:\/\/www.facebook.com\/Fadesp-138351949524662\/\" \/>\n<meta property=\"article:modified_time\" content=\"2022-12-20T14:15:58+00:00\" \/>\n<meta name=\"twitter:card\" content=\"summary_large_image\" \/>\n<meta name=\"twitter:site\" content=\"@Fadesp\" \/>\n<meta name=\"twitter:label1\" content=\"Est. tempo de leitura\" \/>\n\t<meta name=\"twitter:data1\" content=\"3 minutos\" \/>\n<script type=\"application\/ld+json\" class=\"yoast-schema-graph\">{\"@context\":\"https:\/\/schema.org\",\"@graph\":[{\"@type\":\"WebPage\",\"@id\":\"https:\/\/portalfadesp.org.br\/?page_id=5038\",\"url\":\"https:\/\/portalfadesp.org.br\/?page_id=5038\",\"name\":\"Prefeitura Municipal de Curu\u00e1 - 2019 - FADESP\",\"isPartOf\":{\"@id\":\"https:\/\/portalfadesp.org.br\/#website\"},\"datePublished\":\"2019-11-21T14:04:22+00:00\",\"dateModified\":\"2022-12-20T14:15:58+00:00\",\"breadcrumb\":{\"@id\":\"https:\/\/portalfadesp.org.br\/?page_id=5038#breadcrumb\"},\"inLanguage\":\"pt-BR\",\"potentialAction\":[{\"@type\":\"ReadAction\",\"target\":[\"https:\/\/portalfadesp.org.br\/?page_id=5038\"]}]},{\"@type\":\"BreadcrumbList\",\"@id\":\"https:\/\/portalfadesp.org.br\/?page_id=5038#breadcrumb\",\"itemListElement\":[{\"@type\":\"ListItem\",\"position\":1,\"name\":\"In\u00edcio\",\"item\":\"https:\/\/portalfadesp.org.br\/\"},{\"@type\":\"ListItem\",\"position\":2,\"name\":\"Concursos &#8211; Homologados\",\"item\":\"https:\/\/portalfadesp.org.br\/?page_id=329\"},{\"@type\":\"ListItem\",\"position\":3,\"name\":\"Prefeitura Municipal de Curu\u00e1 &#8211; 2019\"}]},{\"@type\":\"WebSite\",\"@id\":\"https:\/\/portalfadesp.org.br\/#website\",\"url\":\"https:\/\/portalfadesp.org.br\/\",\"name\":\"FADESP\",\"description\":\"Funda\u00e7\u00e3o de Amparo e Desenvolvimento da Pesquisa\",\"publisher\":{\"@id\":\"https:\/\/portalfadesp.org.br\/#organization\"},\"potentialAction\":[{\"@type\":\"SearchAction\",\"target\":{\"@type\":\"EntryPoint\",\"urlTemplate\":\"https:\/\/portalfadesp.org.br\/?s={search_term_string}\"},\"query-input\":{\"@type\":\"PropertyValueSpecification\",\"valueRequired\":true,\"valueName\":\"search_term_string\"}}],\"inLanguage\":\"pt-BR\"},{\"@type\":\"Organization\",\"@id\":\"https:\/\/portalfadesp.org.br\/#organization\",\"name\":\"FADESP\",\"url\":\"https:\/\/portalfadesp.org.br\/\",\"logo\":{\"@type\":\"ImageObject\",\"inLanguage\":\"pt-BR\",\"@id\":\"https:\/\/portalfadesp.org.br\/#\/schema\/logo\/image\/\",\"url\":\"https:\/\/portalfadesp.org.br\/wp-content\/uploads\/2024\/01\/NOVOLOGOFADESPlaranjaH.png\",\"contentUrl\":\"https:\/\/portalfadesp.org.br\/wp-content\/uploads\/2024\/01\/NOVOLOGOFADESPlaranjaH.png\",\"width\":2742,\"height\":839,\"caption\":\"FADESP\"},\"image\":{\"@id\":\"https:\/\/portalfadesp.org.br\/#\/schema\/logo\/image\/\"},\"sameAs\":[\"https:\/\/www.facebook.com\/Fadesp-138351949524662\/\",\"https:\/\/x.com\/Fadesp\",\"https:\/\/www.instagram.com\/fadesp_ufpa\/\",\"https:\/\/www.youtube.com\/@fundacaodeamparoedesenvolv1903\",\"https:\/\/www.threads.net\/@fadesp_ufpa\"]}]}<\/script>\n<!-- \/ Yoast SEO plugin. -->","yoast_head_json":{"title":"Prefeitura Municipal de Curu\u00e1 - 2019 - FADESP","robots":{"index":"index","follow":"follow","max-snippet":"max-snippet:-1","max-image-preview":"max-image-preview:large","max-video-preview":"max-video-preview:-1"},"canonical":"https:\/\/portalfadesp.org.br\/?page_id=5038","og_locale":"pt_BR","og_type":"article","og_title":"Prefeitura Municipal de Curu\u00e1 - 2019 - FADESP","og_description":"Prefeitura Municipal de Curu\u00e1 &#8211; 2019 A Prefeitura Municipal de Curu\u00e1 torna p\u00fablica a realiza\u00e7\u00e3o de concurso para o preenchimento de vagas em cargos efetivos de n\u00edveis Alfabetizado, Fundamental incompleto, Fundamental completo, da \u00e1rea isolada, M\u00e9dio, T\u00e9cnico e Superior. Vagas &#8211; 150\u00a0 Cargos &#8211; Auxiliar de Servi\u00e7os Gerais, Tratorista, Vigia, Servente, Agente Administrativo, Secret\u00e1rio Escolar, [&hellip;]","og_url":"https:\/\/portalfadesp.org.br\/?page_id=5038","og_site_name":"FADESP","article_publisher":"https:\/\/www.facebook.com\/Fadesp-138351949524662\/","article_modified_time":"2022-12-20T14:15:58+00:00","twitter_card":"summary_large_image","twitter_site":"@Fadesp","twitter_misc":{"Est. tempo de leitura":"3 minutos"},"schema":{"@context":"https:\/\/schema.org","@graph":[{"@type":"WebPage","@id":"https:\/\/portalfadesp.org.br\/?page_id=5038","url":"https:\/\/portalfadesp.org.br\/?page_id=5038","name":"Prefeitura Municipal de Curu\u00e1 - 2019 - FADESP","isPartOf":{"@id":"https:\/\/portalfadesp.org.br\/#website"},"datePublished":"2019-11-21T14:04:22+00:00","dateModified":"2022-12-20T14:15:58+00:00","breadcrumb":{"@id":"https:\/\/portalfadesp.org.br\/?page_id=5038#breadcrumb"},"inLanguage":"pt-BR","potentialAction":[{"@type":"ReadAction","target":["https:\/\/portalfadesp.org.br\/?page_id=5038"]}]},{"@type":"BreadcrumbList","@id":"https:\/\/portalfadesp.org.br\/?page_id=5038#breadcrumb","itemListElement":[{"@type":"ListItem","position":1,"name":"In\u00edcio","item":"https:\/\/portalfadesp.org.br\/"},{"@type":"ListItem","position":2,"name":"Concursos &#8211; Homologados","item":"https:\/\/portalfadesp.org.br\/?page_id=329"},{"@type":"ListItem","position":3,"name":"Prefeitura Municipal de Curu\u00e1 &#8211; 2019"}]},{"@type":"WebSite","@id":"https:\/\/portalfadesp.org.br\/#website","url":"https:\/\/portalfadesp.org.br\/","name":"FADESP","description":"Funda\u00e7\u00e3o de Amparo e Desenvolvimento da Pesquisa","publisher":{"@id":"https:\/\/portalfadesp.org.br\/#organization"},"potentialAction":[{"@type":"SearchAction","target":{"@type":"EntryPoint","urlTemplate":"https:\/\/portalfadesp.org.br\/?s={search_term_string}"},"query-input":{"@type":"PropertyValueSpecification","valueRequired":true,"valueName":"search_term_string"}}],"inLanguage":"pt-BR"},{"@type":"Organization","@id":"https:\/\/portalfadesp.org.br\/#organization","name":"FADESP","url":"https:\/\/portalfadesp.org.br\/","logo":{"@type":"ImageObject","inLanguage":"pt-BR","@id":"https:\/\/portalfadesp.org.br\/#\/schema\/logo\/image\/","url":"https:\/\/portalfadesp.org.br\/wp-content\/uploads\/2024\/01\/NOVOLOGOFADESPlaranjaH.png","contentUrl":"https:\/\/portalfadesp.org.br\/wp-content\/uploads\/2024\/01\/NOVOLOGOFADESPlaranjaH.png","width":2742,"height":839,"caption":"FADESP"},"image":{"@id":"https:\/\/portalfadesp.org.br\/#\/schema\/logo\/image\/"},"sameAs":["https:\/\/www.facebook.com\/Fadesp-138351949524662\/","https:\/\/x.com\/Fadesp","https:\/\/www.instagram.com\/fadesp_ufpa\/","https:\/\/www.youtube.com\/@fundacaodeamparoedesenvolv1903","https:\/\/www.threads.net\/@fadesp_ufpa"]}]}},"_links":{"self":[{"href":"https:\/\/portalfadesp.org.br\/index.php?rest_route=\/wp\/v2\/pages\/5038","targetHints":{"allow":["GET"]}}],"collection":[{"href":"https:\/\/portalfadesp.org.br\/index.php?rest_route=\/wp\/v2\/pages"}],"about":[{"href":"https:\/\/portalfadesp.org.br\/index.php?rest_route=\/wp\/v2\/types\/page"}],"author":[{"embeddable":true,"href":"https:\/\/portalfadesp.org.br\/index.php?rest_route=\/wp\/v2\/users\/11"}],"replies":[{"embeddable":true,"href":"https:\/\/portalfadesp.org.br\/index.php?rest_route=%2Fwp%2Fv2%2Fcomments&post=5038"}],"version-history":[{"count":243,"href":"https:\/\/portalfadesp.org.br\/index.php?rest_route=\/wp\/v2\/pages\/5038\/revisions"}],"predecessor-version":[{"id":36351,"href":"https:\/\/portalfadesp.org.br\/index.php?rest_route=\/wp\/v2\/pages\/5038\/revisions\/36351"}],"up":[{"embeddable":true,"href":"https:\/\/portalfadesp.org.br\/index.php?rest_route=\/wp\/v2\/pages\/329"}],"wp:attachment":[{"href":"https:\/\/portalfadesp.org.br\/index.php?rest_route=%2Fwp%2Fv2%2Fmedia&parent=5038"}],"curies":[{"name":"wp","href":"https:\/\/api.w.org\/{rel}","templated":true}]}}