{"id":49835,"date":"2025-06-04T15:32:59","date_gmt":"2025-06-04T18:32:59","guid":{"rendered":"https:\/\/portalfadesp.org.br\/?page_id=49835"},"modified":"2026-03-16T15:03:03","modified_gmt":"2026-03-16T18:03:03","slug":"pagina_modelo-19-13-11","status":"publish","type":"page","link":"https:\/\/portalfadesp.org.br\/?page_id=49835","title":{"rendered":"ESPECIALIZA\u00c7\u00c3O EM GEST\u00c3O AMBIENTAL URBANA (UFPA\/2025)"},"content":{"rendered":"\t\t<div data-elementor-type=\"wp-post\" data-elementor-id=\"49835\" class=\"elementor elementor-49835\" data-elementor-post-type=\"page\">\n\t\t\t\t\t\t<section class=\"elementor-section elementor-top-section elementor-element elementor-element-1f2996d1 elementor-section-boxed elementor-section-height-default elementor-section-height-default\" data-id=\"1f2996d1\" data-element_type=\"section\">\n\t\t\t\t\t\t<div class=\"elementor-container elementor-column-gap-default\">\n\t\t\t\t\t<div class=\"elementor-column elementor-col-100 elementor-top-column elementor-element elementor-element-59a4b3f8\" data-id=\"59a4b3f8\" data-element_type=\"column\">\n\t\t\t<div class=\"elementor-widget-wrap elementor-element-populated\">\n\t\t\t\t\t\t<div class=\"elementor-element elementor-element-799471af elementor-widget elementor-widget-heading\" data-id=\"799471af\" data-element_type=\"widget\" data-widget_type=\"heading.default\">\n\t\t\t\t<div class=\"elementor-widget-container\">\n\t\t\t\t\t<h1 class=\"elementor-heading-title elementor-size-default\">ESPECIALIZA\u00c7\u00c3O EM GEST\u00c3O AMBIENTAL URBANA (UFPA\/2025)<\/h1>\t\t\t\t<\/div>\n\t\t\t\t<\/div>\n\t\t\t\t<section class=\"elementor-section elementor-inner-section elementor-element elementor-element-336311f elementor-section-boxed elementor-section-height-default elementor-section-height-default\" data-id=\"336311f\" data-element_type=\"section\">\n\t\t\t\t\t\t<div class=\"elementor-container elementor-column-gap-default\">\n\t\t\t\t\t<div class=\"elementor-column elementor-col-50 elementor-inner-column elementor-element elementor-element-75ca0dc3\" data-id=\"75ca0dc3\" data-element_type=\"column\">\n\t\t\t<div class=\"elementor-widget-wrap elementor-element-populated\">\n\t\t\t\t\t\t<div class=\"elementor-element elementor-element-425a3096 elementor-widget elementor-widget-text-editor\" data-id=\"425a3096\" data-element_type=\"widget\" data-widget_type=\"text-editor.default\">\n\t\t\t\t<div class=\"elementor-widget-container\">\n\t\t\t\t\t\t\t\t\t<p>A Universidade Federal do Par\u00e1, via Faculdade de Arquitetura e Urbanismo do Instituto de Tecnologia, disponibiliza o edital 001\/2025\/2025\/FAU\/ITEC, para o ingresso no Curso de Especializa\u00e7\u00e3o em Gest\u00e3o Ambiental Urbana aprovado pela Resolu\u00e7\u00e3o do CONSEPE RESOLU\u00c7\u00c3O N. 5.761, DE 21 DE MAR\u00c7O DE 2024, no uso de suas atribui\u00e7\u00f5es legais, torna p\u00fablica o EDITAL001\/2025\/FAU\/ITEC para o Processo Seletivo deste edital como segue.<\/p><p><strong>Objetivo<\/strong><br \/>&#8211; Capacitar profissionais de arquitetura urbanismo, engenharias, das ci\u00eancias humanas, biol\u00f3gicas e \u00e1reas afins com o meio ambiente, para atuarem nas atividades relacionadas \u00e0 gest\u00e3o ambiental, mais especificamente no meio urbano.<\/p><p><strong>P\u00fablico alvo<\/strong><br \/>&#8211; Graduados em arquitetura e urbanismo e \u00e1reas afins<\/p><p><strong>Vagas:<\/strong> 60 (sessenta)\u00a0<\/p><p><strong>Per\u00edodo de Inscri\u00e7\u00e3o: <\/strong>at\u00e9 06\/03\/2026<\/p><p><strong>Taxa de inscri\u00e7\u00e3o:<\/strong> R$:50,00<\/p><p><strong>Para mais informa\u00e7\u00f5es:<\/strong>espgest.amburb@ufpa.br<\/p>\t\t\t\t\t\t\t\t<\/div>\n\t\t\t\t<\/div>\n\t\t\t\t\t<\/div>\n\t\t<\/div>\n\t\t\t\t<div class=\"elementor-column elementor-col-50 elementor-inner-column elementor-element elementor-element-79608089\" data-id=\"79608089\" data-element_type=\"column\">\n\t\t\t<div class=\"elementor-widget-wrap elementor-element-populated\">\n\t\t\t\t\t\t<div class=\"elementor-element elementor-element-7ccac55 elementor-widget elementor-widget-text-editor\" data-id=\"7ccac55\" data-element_type=\"widget\" data-widget_type=\"text-editor.default\">\n\t\t\t\t<div class=\"elementor-widget-container\">\n\t\t\t\t\t\t\t\t\t<p><span style=\"color: #ffffff;\"><strong>Editais\u00a0<\/strong><\/span><\/p>\t\t\t\t\t\t\t\t<\/div>\n\t\t\t\t<\/div>\n\t\t\t\t<div class=\"elementor-element elementor-element-368e568 elementor-widget elementor-widget-text-editor\" data-id=\"368e568\" data-element_type=\"widget\" data-widget_type=\"text-editor.default\">\n\t\t\t\t<div class=\"elementor-widget-container\">\n\t\t\t\t\t\t\t\t\t<p style=\"text-align: center;\">RESULTADO FINAL- P\u00d3S RECURSO <strong><a href=\"https:\/\/portalfadesp.org.br\/wp-content\/uploads\/2026\/03\/RESULTADO_DEFINITIVO_POS_RECURSO_-_DO_PROCESSO_SELETIVO_DA_ESP_GESTAMBURB__ampla_concorrencia___assinado.pdf\">(Clique aqui)<\/a><\/strong><\/p><p style=\"text-align: center;\">RESULTADO DEFINITIVO &#8211; COTA SOCIAL <strong><a href=\"https:\/\/portalfadesp.org.br\/wp-content\/uploads\/2026\/03\/RESULTADO_DEFINITIVO_DO_PROCESSO_SELETIVO_DA_ESP_GESTAMBURB__social_assinado.pdf\">(Clique aqui)<\/a><\/strong><\/p><p style=\"text-align: center;\">RESULTADO DEFINITIVO &#8211; AMPLA CONCORR\u00caNCIA <strong><a href=\"https:\/\/portalfadesp.org.br\/wp-content\/uploads\/2026\/03\/RESULTADO_DEFINITIVO_DO_PROCESSO_SELETIVO_DA_ESP_GESTAMBURB__ampla_concorrencia___assinado.pdf\">(Clique aqui)<\/a><\/strong><\/p><p style=\"text-align: center;\">RESULTADO PRELIMINAR &#8211; COTA SOCIAL <strong><a href=\"https:\/\/portalfadesp.org.br\/wp-content\/uploads\/2026\/03\/RESULTADO_PRELIMINAR_DO_PROCESSO_SELETIVO_DA_ESP_GESTAMBURB__social_assinado_.pdf\">(Clique aqui)<\/a><\/strong><\/p><p style=\"text-align: center;\">RESULTADO PRELIMINAR &#8211; AMPLA CONCORR\u00caNCIA <strong><a href=\"https:\/\/portalfadesp.org.br\/wp-content\/uploads\/2026\/03\/RESULTADO_PRELIMINAR_DO_PROCESSO_SELETIVO_DA_ESP_GESTAMBURB__ampla_concorrencia_atualiza__assinado.pdf\">(Clique aqui)<\/a><\/strong><\/p><p style=\"text-align: center;\">Edital prorrogado 5 <strong><a href=\"https:\/\/portalfadesp.org.br\/wp-content\/uploads\/2026\/02\/EDITAL-PRORROGACAO_06_2026.pdf\">(Clique aqui)<\/a><\/strong><\/p><p style=\"text-align: center;\">Edital prorrogado 4 <strong><a href=\"https:\/\/portalfadesp.org.br\/wp-content\/uploads\/2026\/01\/EDITAL-PRORROGACAO_05_2026.pdf\">(Clique aqui)<\/a><\/strong><\/p><p style=\"text-align: center;\">Edital prorrogado 3<strong> <a href=\"https:\/\/portalfadesp.org.br\/wp-content\/uploads\/2025\/08\/EDITAL-PRORROGACAO_04.pdf\">(Clique aqui)<\/a><\/strong><\/p><p style=\"text-align: center;\">Edital prorrogado 2<strong> <a href=\"https:\/\/portalfadesp.org.br\/wp-content\/uploads\/2025\/07\/EDITAL-PRORROGACAO_03.pdf\">(Clique aqui)<\/a><\/strong><\/p><p style=\"text-align: center;\">Edital prorrogado 1 <strong><a href=\"https:\/\/portalfadesp.org.br\/wp-content\/uploads\/2025\/06\/EDITAL-PRORROGACAO_.pdf\">(Clique aqui)<\/a><\/strong><\/p><p style=\"text-align: center;\">Edital <strong><a href=\"https:\/\/portalfadesp.org.br\/wp-content\/uploads\/2025\/06\/EDITAL-ATUALIZADO-EM-04-DE-JUNHO-DE-2025-1.pdf\">(Clique aqui)<\/a><\/strong><\/p>\t\t\t\t\t\t\t\t<\/div>\n\t\t\t\t<\/div>\n\t\t\t\t\t<\/div>\n\t\t<\/div>\n\t\t\t\t\t<\/div>\n\t\t<\/section>\n\t\t\t\t\t<\/div>\n\t\t<\/div>\n\t\t\t\t\t<\/div>\n\t\t<\/section>\n\t\t\t\t<\/div>\n\t\t","protected":false},"excerpt":{"rendered":"<p>ESPECIALIZA\u00c7\u00c3O EM GEST\u00c3O AMBIENTAL URBANA (UFPA\/2025) A Universidade Federal do Par\u00e1, via Faculdade de Arquitetura e Urbanismo do Instituto de Tecnologia, disponibiliza o edital 001\/2025\/2025\/FAU\/ITEC, para o ingresso no Curso de Especializa\u00e7\u00e3o em Gest\u00e3o Ambiental Urbana aprovado pela Resolu\u00e7\u00e3o do CONSEPE RESOLU\u00c7\u00c3O N. 5.761, DE 21 DE MAR\u00c7O DE 2024, no uso de suas atribui\u00e7\u00f5es [&hellip;]<\/p>\n","protected":false},"author":12,"featured_media":0,"parent":0,"menu_order":0,"comment_status":"closed","ping_status":"closed","template":"","meta":{"_monsterinsights_skip_tracking":false,"_monsterinsights_sitenote_active":false,"_monsterinsights_sitenote_note":"","_monsterinsights_sitenote_category":0,"footnotes":""},"class_list":["post-49835","page","type-page","status-publish","hentry","entry"],"yoast_head":"<!-- This site is optimized with the Yoast SEO plugin v25.1 - https:\/\/yoast.com\/wordpress\/plugins\/seo\/ -->\n<title>ESPECIALIZA\u00c7\u00c3O EM GEST\u00c3O AMBIENTAL URBANA (UFPA\/2025) - FADESP<\/title>\n<meta name=\"robots\" content=\"index, follow, max-snippet:-1, max-image-preview:large, max-video-preview:-1\" \/>\n<link rel=\"canonical\" href=\"https:\/\/portalfadesp.org.br\/?page_id=49835\" \/>\n<meta property=\"og:locale\" content=\"pt_BR\" \/>\n<meta property=\"og:type\" content=\"article\" \/>\n<meta property=\"og:title\" content=\"ESPECIALIZA\u00c7\u00c3O EM GEST\u00c3O AMBIENTAL URBANA (UFPA\/2025) - FADESP\" \/>\n<meta property=\"og:description\" content=\"ESPECIALIZA\u00c7\u00c3O EM GEST\u00c3O AMBIENTAL URBANA (UFPA\/2025) A Universidade Federal do Par\u00e1, via Faculdade de Arquitetura e Urbanismo do Instituto de Tecnologia, disponibiliza o edital 001\/2025\/2025\/FAU\/ITEC, para o ingresso no Curso de Especializa\u00e7\u00e3o em Gest\u00e3o Ambiental Urbana aprovado pela Resolu\u00e7\u00e3o do CONSEPE RESOLU\u00c7\u00c3O N. 5.761, DE 21 DE MAR\u00c7O DE 2024, no uso de suas atribui\u00e7\u00f5es [&hellip;]\" \/>\n<meta property=\"og:url\" content=\"https:\/\/portalfadesp.org.br\/?page_id=49835\" \/>\n<meta property=\"og:site_name\" content=\"FADESP\" \/>\n<meta property=\"article:publisher\" content=\"https:\/\/www.facebook.com\/Fadesp-138351949524662\/\" \/>\n<meta property=\"article:modified_time\" content=\"2026-03-16T18:03:03+00:00\" \/>\n<meta name=\"twitter:card\" content=\"summary_large_image\" \/>\n<meta name=\"twitter:site\" content=\"@Fadesp\" \/>\n<meta name=\"twitter:label1\" content=\"Est. tempo de leitura\" \/>\n\t<meta name=\"twitter:data1\" content=\"2 minutos\" \/>\n<script type=\"application\/ld+json\" class=\"yoast-schema-graph\">{\"@context\":\"https:\/\/schema.org\",\"@graph\":[{\"@type\":\"WebPage\",\"@id\":\"https:\/\/portalfadesp.org.br\/?page_id=49835\",\"url\":\"https:\/\/portalfadesp.org.br\/?page_id=49835\",\"name\":\"ESPECIALIZA\u00c7\u00c3O EM GEST\u00c3O AMBIENTAL URBANA (UFPA\/2025) - FADESP\",\"isPartOf\":{\"@id\":\"https:\/\/portalfadesp.org.br\/#website\"},\"datePublished\":\"2025-06-04T18:32:59+00:00\",\"dateModified\":\"2026-03-16T18:03:03+00:00\",\"breadcrumb\":{\"@id\":\"https:\/\/portalfadesp.org.br\/?page_id=49835#breadcrumb\"},\"inLanguage\":\"pt-BR\",\"potentialAction\":[{\"@type\":\"ReadAction\",\"target\":[\"https:\/\/portalfadesp.org.br\/?page_id=49835\"]}]},{\"@type\":\"BreadcrumbList\",\"@id\":\"https:\/\/portalfadesp.org.br\/?page_id=49835#breadcrumb\",\"itemListElement\":[{\"@type\":\"ListItem\",\"position\":1,\"name\":\"In\u00edcio\",\"item\":\"https:\/\/portalfadesp.org.br\/\"},{\"@type\":\"ListItem\",\"position\":2,\"name\":\"ESPECIALIZA\u00c7\u00c3O EM GEST\u00c3O AMBIENTAL URBANA (UFPA\/2025)\"}]},{\"@type\":\"WebSite\",\"@id\":\"https:\/\/portalfadesp.org.br\/#website\",\"url\":\"https:\/\/portalfadesp.org.br\/\",\"name\":\"FADESP\",\"description\":\"Funda\u00e7\u00e3o de Amparo e Desenvolvimento da Pesquisa\",\"publisher\":{\"@id\":\"https:\/\/portalfadesp.org.br\/#organization\"},\"potentialAction\":[{\"@type\":\"SearchAction\",\"target\":{\"@type\":\"EntryPoint\",\"urlTemplate\":\"https:\/\/portalfadesp.org.br\/?s={search_term_string}\"},\"query-input\":{\"@type\":\"PropertyValueSpecification\",\"valueRequired\":true,\"valueName\":\"search_term_string\"}}],\"inLanguage\":\"pt-BR\"},{\"@type\":\"Organization\",\"@id\":\"https:\/\/portalfadesp.org.br\/#organization\",\"name\":\"FADESP\",\"url\":\"https:\/\/portalfadesp.org.br\/\",\"logo\":{\"@type\":\"ImageObject\",\"inLanguage\":\"pt-BR\",\"@id\":\"https:\/\/portalfadesp.org.br\/#\/schema\/logo\/image\/\",\"url\":\"https:\/\/portalfadesp.org.br\/wp-content\/uploads\/2024\/01\/NOVOLOGOFADESPlaranjaH.png\",\"contentUrl\":\"https:\/\/portalfadesp.org.br\/wp-content\/uploads\/2024\/01\/NOVOLOGOFADESPlaranjaH.png\",\"width\":2742,\"height\":839,\"caption\":\"FADESP\"},\"image\":{\"@id\":\"https:\/\/portalfadesp.org.br\/#\/schema\/logo\/image\/\"},\"sameAs\":[\"https:\/\/www.facebook.com\/Fadesp-138351949524662\/\",\"https:\/\/x.com\/Fadesp\",\"https:\/\/www.instagram.com\/fadesp_ufpa\/\",\"https:\/\/www.youtube.com\/@fundacaodeamparoedesenvolv1903\",\"https:\/\/www.threads.net\/@fadesp_ufpa\"]}]}<\/script>\n<!-- \/ Yoast SEO plugin. -->","yoast_head_json":{"title":"ESPECIALIZA\u00c7\u00c3O EM GEST\u00c3O AMBIENTAL URBANA (UFPA\/2025) - FADESP","robots":{"index":"index","follow":"follow","max-snippet":"max-snippet:-1","max-image-preview":"max-image-preview:large","max-video-preview":"max-video-preview:-1"},"canonical":"https:\/\/portalfadesp.org.br\/?page_id=49835","og_locale":"pt_BR","og_type":"article","og_title":"ESPECIALIZA\u00c7\u00c3O EM GEST\u00c3O AMBIENTAL URBANA (UFPA\/2025) - FADESP","og_description":"ESPECIALIZA\u00c7\u00c3O EM GEST\u00c3O AMBIENTAL URBANA (UFPA\/2025) A Universidade Federal do Par\u00e1, via Faculdade de Arquitetura e Urbanismo do Instituto de Tecnologia, disponibiliza o edital 001\/2025\/2025\/FAU\/ITEC, para o ingresso no Curso de Especializa\u00e7\u00e3o em Gest\u00e3o Ambiental Urbana aprovado pela Resolu\u00e7\u00e3o do CONSEPE RESOLU\u00c7\u00c3O N. 5.761, DE 21 DE MAR\u00c7O DE 2024, no uso de suas atribui\u00e7\u00f5es [&hellip;]","og_url":"https:\/\/portalfadesp.org.br\/?page_id=49835","og_site_name":"FADESP","article_publisher":"https:\/\/www.facebook.com\/Fadesp-138351949524662\/","article_modified_time":"2026-03-16T18:03:03+00:00","twitter_card":"summary_large_image","twitter_site":"@Fadesp","twitter_misc":{"Est. tempo de leitura":"2 minutos"},"schema":{"@context":"https:\/\/schema.org","@graph":[{"@type":"WebPage","@id":"https:\/\/portalfadesp.org.br\/?page_id=49835","url":"https:\/\/portalfadesp.org.br\/?page_id=49835","name":"ESPECIALIZA\u00c7\u00c3O EM GEST\u00c3O AMBIENTAL URBANA (UFPA\/2025) - FADESP","isPartOf":{"@id":"https:\/\/portalfadesp.org.br\/#website"},"datePublished":"2025-06-04T18:32:59+00:00","dateModified":"2026-03-16T18:03:03+00:00","breadcrumb":{"@id":"https:\/\/portalfadesp.org.br\/?page_id=49835#breadcrumb"},"inLanguage":"pt-BR","potentialAction":[{"@type":"ReadAction","target":["https:\/\/portalfadesp.org.br\/?page_id=49835"]}]},{"@type":"BreadcrumbList","@id":"https:\/\/portalfadesp.org.br\/?page_id=49835#breadcrumb","itemListElement":[{"@type":"ListItem","position":1,"name":"In\u00edcio","item":"https:\/\/portalfadesp.org.br\/"},{"@type":"ListItem","position":2,"name":"ESPECIALIZA\u00c7\u00c3O EM GEST\u00c3O AMBIENTAL URBANA (UFPA\/2025)"}]},{"@type":"WebSite","@id":"https:\/\/portalfadesp.org.br\/#website","url":"https:\/\/portalfadesp.org.br\/","name":"FADESP","description":"Funda\u00e7\u00e3o de Amparo e Desenvolvimento da Pesquisa","publisher":{"@id":"https:\/\/portalfadesp.org.br\/#organization"},"potentialAction":[{"@type":"SearchAction","target":{"@type":"EntryPoint","urlTemplate":"https:\/\/portalfadesp.org.br\/?s={search_term_string}"},"query-input":{"@type":"PropertyValueSpecification","valueRequired":true,"valueName":"search_term_string"}}],"inLanguage":"pt-BR"},{"@type":"Organization","@id":"https:\/\/portalfadesp.org.br\/#organization","name":"FADESP","url":"https:\/\/portalfadesp.org.br\/","logo":{"@type":"ImageObject","inLanguage":"pt-BR","@id":"https:\/\/portalfadesp.org.br\/#\/schema\/logo\/image\/","url":"https:\/\/portalfadesp.org.br\/wp-content\/uploads\/2024\/01\/NOVOLOGOFADESPlaranjaH.png","contentUrl":"https:\/\/portalfadesp.org.br\/wp-content\/uploads\/2024\/01\/NOVOLOGOFADESPlaranjaH.png","width":2742,"height":839,"caption":"FADESP"},"image":{"@id":"https:\/\/portalfadesp.org.br\/#\/schema\/logo\/image\/"},"sameAs":["https:\/\/www.facebook.com\/Fadesp-138351949524662\/","https:\/\/x.com\/Fadesp","https:\/\/www.instagram.com\/fadesp_ufpa\/","https:\/\/www.youtube.com\/@fundacaodeamparoedesenvolv1903","https:\/\/www.threads.net\/@fadesp_ufpa"]}]}},"_links":{"self":[{"href":"https:\/\/portalfadesp.org.br\/index.php?rest_route=\/wp\/v2\/pages\/49835","targetHints":{"allow":["GET"]}}],"collection":[{"href":"https:\/\/portalfadesp.org.br\/index.php?rest_route=\/wp\/v2\/pages"}],"about":[{"href":"https:\/\/portalfadesp.org.br\/index.php?rest_route=\/wp\/v2\/types\/page"}],"author":[{"embeddable":true,"href":"https:\/\/portalfadesp.org.br\/index.php?rest_route=\/wp\/v2\/users\/12"}],"replies":[{"embeddable":true,"href":"https:\/\/portalfadesp.org.br\/index.php?rest_route=%2Fwp%2Fv2%2Fcomments&post=49835"}],"version-history":[{"count":28,"href":"https:\/\/portalfadesp.org.br\/index.php?rest_route=\/wp\/v2\/pages\/49835\/revisions"}],"predecessor-version":[{"id":53965,"href":"https:\/\/portalfadesp.org.br\/index.php?rest_route=\/wp\/v2\/pages\/49835\/revisions\/53965"}],"wp:attachment":[{"href":"https:\/\/portalfadesp.org.br\/index.php?rest_route=%2Fwp%2Fv2%2Fmedia&parent=49835"}],"curies":[{"name":"wp","href":"https:\/\/api.w.org\/{rel}","templated":true}]}}