{"id":4951,"date":"2019-11-14T13:07:22","date_gmt":"2019-11-14T16:07:22","guid":{"rendered":"https:\/\/162.215.13.167?page_id=4951"},"modified":"2022-12-20T11:17:06","modified_gmt":"2022-12-20T14:17:06","slug":"processo-seletivo-simplificado-pss-de-pacaja-pa","status":"publish","type":"page","link":"https:\/\/portalfadesp.org.br\/?page_id=4951","title":{"rendered":"Processo Seletivo Simplificado (PSS) de Pacaj\u00e1 \u2013 PA &#8211; 2019"},"content":{"rendered":"\t\t<div data-elementor-type=\"wp-post\" data-elementor-id=\"4951\" class=\"elementor elementor-4951\" data-elementor-post-type=\"page\">\n\t\t\t\t\t\t<section class=\"elementor-section elementor-top-section elementor-element elementor-element-6a3536f elementor-section-boxed elementor-section-height-default elementor-section-height-default\" data-id=\"6a3536f\" data-element_type=\"section\">\n\t\t\t\t\t\t<div class=\"elementor-container elementor-column-gap-default\">\n\t\t\t\t\t<div class=\"elementor-column elementor-col-100 elementor-top-column elementor-element elementor-element-5e107171\" data-id=\"5e107171\" data-element_type=\"column\">\n\t\t\t<div class=\"elementor-widget-wrap elementor-element-populated\">\n\t\t\t\t\t\t<div class=\"elementor-element elementor-element-6122afba elementor-widget elementor-widget-heading\" data-id=\"6122afba\" data-element_type=\"widget\" data-widget_type=\"heading.default\">\n\t\t\t\t<div class=\"elementor-widget-container\">\n\t\t\t\t\t<h1 class=\"elementor-heading-title elementor-size-default\">Processo Seletivo Simplificado (PSS) de Pacaj\u00e1 \u2013 PA<\/h1>\t\t\t\t<\/div>\n\t\t\t\t<\/div>\n\t\t\t\t<section class=\"elementor-section elementor-inner-section elementor-element elementor-element-2b3d37c9 elementor-section-boxed elementor-section-height-default elementor-section-height-default\" data-id=\"2b3d37c9\" data-element_type=\"section\">\n\t\t\t\t\t\t<div class=\"elementor-container elementor-column-gap-default\">\n\t\t\t\t\t<div class=\"elementor-column elementor-col-50 elementor-inner-column elementor-element elementor-element-343e9397\" data-id=\"343e9397\" data-element_type=\"column\">\n\t\t\t<div class=\"elementor-widget-wrap elementor-element-populated\">\n\t\t\t\t\t\t<div class=\"elementor-element elementor-element-436bd9c2 elementor-widget elementor-widget-text-editor\" data-id=\"436bd9c2\" data-element_type=\"widget\" data-widget_type=\"text-editor.default\">\n\t\t\t\t<div class=\"elementor-widget-container\">\n\t\t\t\t\t\t\t\t\t<p>A Prefeitura Municipal de Pacaj\u00e1 torna p\u00fablica a realiza\u00e7\u00e3o de Processo Seletivo Simplificado (PSS) para a contrata\u00e7\u00e3o, por prazo determinado, de profissionais para exercer fun\u00e7\u00f5es com os seguintes n\u00edveis de escolaridade: Fundamental Incompleto, Fundamental Completo, M\u00e9dio, M\u00e9dio N\u00edvel T\u00e9cnico e Superior<\/p><p><strong>Vagas &#8211;\u00a0 <\/strong><strong>118<\/strong><\/p><p><strong>Cargos &#8211;<\/strong>Auxiliar de Servi\u00e7os Gerais, Assistente Administrativo, Vigia, Servente, Motorista de Ve\u00edculos Leves, Motorista de Ve\u00edculos Pesados, Agente de Vigil\u00e2ncia Epidemiol\u00f3gica, T\u00e9cnico em Enfermagem, T\u00e9cnico em Radiologia, Enfermeiro, Odont\u00f3logo, Biom\u00e9dico, Pedreiro, Servente de Pedreiro, Eletricista, Operador de Maquinas Pesadas, Pintor, Auxiliar de Mec\u00e2nico, T\u00e9cnico em Gest\u00e3o Ambiental, Jardineiro, Coveiro, T\u00e9cnico em Agropecu\u00e1ria e Gari.<\/p><p><strong>Inscri\u00e7\u00f5es &#8211; <\/strong>18\/11 a 05\/12\/19.<\/p><p><strong>Taxa &#8211;<\/strong><strong>\u00a0<\/strong>R$ 30,00 (Trinta Reais)<\/p><p>&#8230;&#8230;&#8230;&#8230;&#8230;&#8230;&#8230;&#8230;&#8230;&#8230;&#8230;&#8230;&#8230;&#8230;&#8230;&#8230;&#8230;&#8230;&#8230;&#8230;&#8230;&#8230;&#8230;&#8230;&#8230;&#8230;&#8230;&#8230;&#8230;&#8230;&#8230;.<\/p><p><strong>Datas importantes<\/strong>:<\/p><p>Inscri\u00e7\u00e3o: <strong>18\/11 a 05\/12\/19<\/strong><\/p><p>Pagamento da taxa: <strong>at\u00e9 06\/12\/19<\/strong><\/p><p>Divulga\u00e7\u00e3o do resultado preliminar: <strong>06\/01\/20<\/strong><\/p><p><strong>Homologa\u00e7\u00e3o dos Resultado Final: 17\/01\/20<\/strong><\/p>\t\t\t\t\t\t\t\t<\/div>\n\t\t\t\t<\/div>\n\t\t\t\t\t<\/div>\n\t\t<\/div>\n\t\t\t\t<div class=\"elementor-column elementor-col-50 elementor-inner-column elementor-element elementor-element-6ffad77f\" data-id=\"6ffad77f\" data-element_type=\"column\">\n\t\t\t<div class=\"elementor-widget-wrap elementor-element-populated\">\n\t\t\t\t\t\t<div class=\"elementor-element elementor-element-6e736e79 elementor-widget elementor-widget-text-editor\" data-id=\"6e736e79\" data-element_type=\"widget\" data-widget_type=\"text-editor.default\">\n\t\t\t\t<div class=\"elementor-widget-container\">\n\t\t\t\t\t\t\t\t\t<p style=\"text-align: center;\"><span style=\"color: #ffffff;\"><strong>Editais e Avisos<\/strong><\/span><\/p>\t\t\t\t\t\t\t\t<\/div>\n\t\t\t\t<\/div>\n\t\t\t\t<div class=\"elementor-element elementor-element-362da917 elementor-widget elementor-widget-text-editor\" data-id=\"362da917\" data-element_type=\"widget\" data-widget_type=\"text-editor.default\">\n\t\t\t\t<div class=\"elementor-widget-container\">\n\t\t\t\t\t\t\t\t\t<p style=\"text-align: center;\"><span style=\"color: #000000;\"><strong><a style=\"color: #000000;\" href=\"http:\/\/concursos.fadesp.org.br\/pacaja2019\/arquivos\/Edital%20n%C2%B0%20003_2020_PMP%20-%20PSS%20-%20Resultado%20Final%20do%20PSS.pdf\">Edital n\u00b0 003_2020_PMP &#8211; PSS &#8211; Homologa\u00e7\u00e3o dos Resultados<\/a><\/strong><\/span><\/p>\n<p style=\"text-align: center;\"><span style=\"color: #000000;\"><strong><a style=\"color: #000000;\" href=\"http:\/\/concursos.fadesp.org.br\/pacaja2019\/arquivos\/Edital%20n%C2%B0%20002_2020_PMP%20-%20PSS%20-%20Resultado%20Final%20do%20PSS.pdf\">Edital n\u00b0 002_2020_PMP &#8211; PSS &#8211; Resultado Final do PSS<\/a><\/strong><\/span><\/p>\n<p style=\"text-align: center;\"><span style=\"color: #000000;\"><strong><a style=\"color: #000000;\" href=\"http:\/\/concursos.fadesp.org.br\/pacaja2019\/arquivos\/Edital%20n%C2%B0%20001_2020_PMP%20-%20PSS%20-%20Resultado%20Preliminar%20da%20Avalia%C3%A7%C3%A3o%20de%20Documentos.pdf\">EDITAL N\u00ba 001\/2020 \u2013 RESULTADO PRELIMINAR DA AVALIA\u00c7\u00c3O DE DOCUMENTOS <\/a><\/strong><\/span><\/p>\n<p style=\"text-align: center;\"><span style=\"color: #000000;\"><strong><a style=\"color: #000000;\" href=\"http:\/\/concursos.fadesp.org.br\/pacaja2019\/arquivos\/DEMANDAPACAJAAT.pdf\">Demanda Pacaj\u00e1 PSS -2019<\/a><\/strong><\/span><\/p>\n<p style=\"text-align: center;\"><span style=\"color: #000000;\"><strong><a style=\"color: #000000;\" href=\"..\/wp-content\/uploads\/2019\/12\/Edital-n\u00b0-003_2019_PMP-PSS-Retifica\u00e7\u00e3o-Cronograma.pdf\" target=\"_blank\" rel=\"noopener\">Edital n\u00b0 003_2019_PMP &#8211; PSS &#8211; Retifica\u00e7\u00e3o Cronograma<\/a><\/strong><\/span><\/p>\n<p style=\"text-align: center;\"><span style=\"color: #000000;\"><strong><a style=\"color: #000000;\" href=\"http:\/\/concursos.fadesp.org.br\/pacaja2019\/arquivos\/Isen%C3%A7%C3%A3o%20Prelimiinar%20PcD%20Pacaj%C3%A1.pdf\">RESULTADO PRELIMINAR DA ISEN\u00c7\u00c3O <\/a>PARA PcD<\/strong><\/span><\/p>\n<p style=\"text-align: center;\"><span style=\"color: #000000;\"><strong><a style=\"color: #000000;\" href=\"..\/wp-content\/uploads\/2019\/11\/Edital-n%C2%B0-002_2019_PMP-PSS-Retifica%C3%A7%C3%B5e.pdf\">EDITAL N\u00ba 002\/2019 &#8211; RETIFICA\u00c7\u00d5ES<\/a><\/strong><\/span><\/p>\n<p style=\"text-align: center;\"><span style=\"color: #000000;\"><strong><a style=\"color: #000000;\" href=\"http:\/\/concursos.fadesp.org.br\/pacaja2019\/arquivos\/EDITAL%20N%C2%B0%20001_2019_PMP%20-%20PSS.pdf\">EDITAL N 001\/2019<\/a><\/strong><\/span><\/p>\t\t\t\t\t\t\t\t<\/div>\n\t\t\t\t<\/div>\n\t\t\t\t<div class=\"elementor-element elementor-element-d277a5b elementor-widget elementor-widget-text-editor\" data-id=\"d277a5b\" data-element_type=\"widget\" data-widget_type=\"text-editor.default\">\n\t\t\t\t<div class=\"elementor-widget-container\">\n\t\t\t\t\t\t\t\t\t<p><strong>Informa\u00e7\u00f5es no setor de Concursos,\u00a0<\/strong><strong>das 8h \u00e0s 17h.\u00a0<br \/><\/strong><strong>Fone: (91) 4005-7440 \/ 7441 \/ 7442 <br \/>email: concurso@fadesp.org.br.<\/strong><\/p>\t\t\t\t\t\t\t\t<\/div>\n\t\t\t\t<\/div>\n\t\t\t\t\t<\/div>\n\t\t<\/div>\n\t\t\t\t\t<\/div>\n\t\t<\/section>\n\t\t\t\t\t<\/div>\n\t\t<\/div>\n\t\t\t\t\t<\/div>\n\t\t<\/section>\n\t\t\t\t<\/div>\n\t\t","protected":false},"excerpt":{"rendered":"<p>Processo Seletivo Simplificado (PSS) de Pacaj\u00e1 \u2013 PA A Prefeitura Municipal de Pacaj\u00e1 torna p\u00fablica a realiza\u00e7\u00e3o de Processo Seletivo Simplificado (PSS) para a contrata\u00e7\u00e3o, por prazo determinado, de profissionais para exercer fun\u00e7\u00f5es com os seguintes n\u00edveis de escolaridade: Fundamental Incompleto, Fundamental Completo, M\u00e9dio, M\u00e9dio N\u00edvel T\u00e9cnico e Superior Vagas &#8211;\u00a0 118 Cargos &#8211;Auxiliar de [&hellip;]<\/p>\n","protected":false},"author":9,"featured_media":0,"parent":329,"menu_order":55,"comment_status":"closed","ping_status":"closed","template":"","meta":{"_monsterinsights_skip_tracking":false,"_monsterinsights_sitenote_active":false,"_monsterinsights_sitenote_note":"","_monsterinsights_sitenote_category":0,"footnotes":""},"class_list":["post-4951","page","type-page","status-publish","hentry","entry"],"yoast_head":"<!-- This site is optimized with the Yoast SEO plugin v25.1 - https:\/\/yoast.com\/wordpress\/plugins\/seo\/ -->\n<title>Processo Seletivo Simplificado (PSS) de Pacaj\u00e1 \u2013 PA - 2019 - FADESP<\/title>\n<meta name=\"robots\" content=\"index, follow, max-snippet:-1, max-image-preview:large, max-video-preview:-1\" \/>\n<link rel=\"canonical\" href=\"https:\/\/portalfadesp.org.br\/?page_id=4951\" \/>\n<meta property=\"og:locale\" content=\"pt_BR\" \/>\n<meta property=\"og:type\" content=\"article\" \/>\n<meta property=\"og:title\" content=\"Processo Seletivo Simplificado (PSS) de Pacaj\u00e1 \u2013 PA - 2019 - FADESP\" \/>\n<meta property=\"og:description\" content=\"Processo Seletivo Simplificado (PSS) de Pacaj\u00e1 \u2013 PA A Prefeitura Municipal de Pacaj\u00e1 torna p\u00fablica a realiza\u00e7\u00e3o de Processo Seletivo Simplificado (PSS) para a contrata\u00e7\u00e3o, por prazo determinado, de profissionais para exercer fun\u00e7\u00f5es com os seguintes n\u00edveis de escolaridade: Fundamental Incompleto, Fundamental Completo, M\u00e9dio, M\u00e9dio N\u00edvel T\u00e9cnico e Superior Vagas &#8211;\u00a0 118 Cargos &#8211;Auxiliar de [&hellip;]\" \/>\n<meta property=\"og:url\" content=\"https:\/\/portalfadesp.org.br\/?page_id=4951\" \/>\n<meta property=\"og:site_name\" content=\"FADESP\" \/>\n<meta property=\"article:publisher\" content=\"https:\/\/www.facebook.com\/Fadesp-138351949524662\/\" \/>\n<meta property=\"article:modified_time\" content=\"2022-12-20T14:17:06+00:00\" \/>\n<meta name=\"twitter:card\" content=\"summary_large_image\" \/>\n<meta name=\"twitter:site\" content=\"@Fadesp\" \/>\n<meta name=\"twitter:label1\" content=\"Est. tempo de leitura\" \/>\n\t<meta name=\"twitter:data1\" content=\"1 minuto\" \/>\n<script type=\"application\/ld+json\" class=\"yoast-schema-graph\">{\"@context\":\"https:\/\/schema.org\",\"@graph\":[{\"@type\":\"WebPage\",\"@id\":\"https:\/\/portalfadesp.org.br\/?page_id=4951\",\"url\":\"https:\/\/portalfadesp.org.br\/?page_id=4951\",\"name\":\"Processo Seletivo Simplificado (PSS) de Pacaj\u00e1 \u2013 PA - 2019 - FADESP\",\"isPartOf\":{\"@id\":\"https:\/\/portalfadesp.org.br\/#website\"},\"datePublished\":\"2019-11-14T16:07:22+00:00\",\"dateModified\":\"2022-12-20T14:17:06+00:00\",\"breadcrumb\":{\"@id\":\"https:\/\/portalfadesp.org.br\/?page_id=4951#breadcrumb\"},\"inLanguage\":\"pt-BR\",\"potentialAction\":[{\"@type\":\"ReadAction\",\"target\":[\"https:\/\/portalfadesp.org.br\/?page_id=4951\"]}]},{\"@type\":\"BreadcrumbList\",\"@id\":\"https:\/\/portalfadesp.org.br\/?page_id=4951#breadcrumb\",\"itemListElement\":[{\"@type\":\"ListItem\",\"position\":1,\"name\":\"In\u00edcio\",\"item\":\"https:\/\/portalfadesp.org.br\/\"},{\"@type\":\"ListItem\",\"position\":2,\"name\":\"Concursos &#8211; Homologados\",\"item\":\"https:\/\/portalfadesp.org.br\/?page_id=329\"},{\"@type\":\"ListItem\",\"position\":3,\"name\":\"Processo Seletivo Simplificado (PSS) de Pacaj\u00e1 \u2013 PA &#8211; 2019\"}]},{\"@type\":\"WebSite\",\"@id\":\"https:\/\/portalfadesp.org.br\/#website\",\"url\":\"https:\/\/portalfadesp.org.br\/\",\"name\":\"FADESP\",\"description\":\"Funda\u00e7\u00e3o de Amparo e Desenvolvimento da Pesquisa\",\"publisher\":{\"@id\":\"https:\/\/portalfadesp.org.br\/#organization\"},\"potentialAction\":[{\"@type\":\"SearchAction\",\"target\":{\"@type\":\"EntryPoint\",\"urlTemplate\":\"https:\/\/portalfadesp.org.br\/?s={search_term_string}\"},\"query-input\":{\"@type\":\"PropertyValueSpecification\",\"valueRequired\":true,\"valueName\":\"search_term_string\"}}],\"inLanguage\":\"pt-BR\"},{\"@type\":\"Organization\",\"@id\":\"https:\/\/portalfadesp.org.br\/#organization\",\"name\":\"FADESP\",\"url\":\"https:\/\/portalfadesp.org.br\/\",\"logo\":{\"@type\":\"ImageObject\",\"inLanguage\":\"pt-BR\",\"@id\":\"https:\/\/portalfadesp.org.br\/#\/schema\/logo\/image\/\",\"url\":\"https:\/\/portalfadesp.org.br\/wp-content\/uploads\/2024\/01\/NOVOLOGOFADESPlaranjaH.png\",\"contentUrl\":\"https:\/\/portalfadesp.org.br\/wp-content\/uploads\/2024\/01\/NOVOLOGOFADESPlaranjaH.png\",\"width\":2742,\"height\":839,\"caption\":\"FADESP\"},\"image\":{\"@id\":\"https:\/\/portalfadesp.org.br\/#\/schema\/logo\/image\/\"},\"sameAs\":[\"https:\/\/www.facebook.com\/Fadesp-138351949524662\/\",\"https:\/\/x.com\/Fadesp\",\"https:\/\/www.instagram.com\/fadesp_ufpa\/\",\"https:\/\/www.youtube.com\/@fundacaodeamparoedesenvolv1903\",\"https:\/\/www.threads.net\/@fadesp_ufpa\"]}]}<\/script>\n<!-- \/ Yoast SEO plugin. -->","yoast_head_json":{"title":"Processo Seletivo Simplificado (PSS) de Pacaj\u00e1 \u2013 PA - 2019 - FADESP","robots":{"index":"index","follow":"follow","max-snippet":"max-snippet:-1","max-image-preview":"max-image-preview:large","max-video-preview":"max-video-preview:-1"},"canonical":"https:\/\/portalfadesp.org.br\/?page_id=4951","og_locale":"pt_BR","og_type":"article","og_title":"Processo Seletivo Simplificado (PSS) de Pacaj\u00e1 \u2013 PA - 2019 - FADESP","og_description":"Processo Seletivo Simplificado (PSS) de Pacaj\u00e1 \u2013 PA A Prefeitura Municipal de Pacaj\u00e1 torna p\u00fablica a realiza\u00e7\u00e3o de Processo Seletivo Simplificado (PSS) para a contrata\u00e7\u00e3o, por prazo determinado, de profissionais para exercer fun\u00e7\u00f5es com os seguintes n\u00edveis de escolaridade: Fundamental Incompleto, Fundamental Completo, M\u00e9dio, M\u00e9dio N\u00edvel T\u00e9cnico e Superior Vagas &#8211;\u00a0 118 Cargos &#8211;Auxiliar de [&hellip;]","og_url":"https:\/\/portalfadesp.org.br\/?page_id=4951","og_site_name":"FADESP","article_publisher":"https:\/\/www.facebook.com\/Fadesp-138351949524662\/","article_modified_time":"2022-12-20T14:17:06+00:00","twitter_card":"summary_large_image","twitter_site":"@Fadesp","twitter_misc":{"Est. tempo de leitura":"1 minuto"},"schema":{"@context":"https:\/\/schema.org","@graph":[{"@type":"WebPage","@id":"https:\/\/portalfadesp.org.br\/?page_id=4951","url":"https:\/\/portalfadesp.org.br\/?page_id=4951","name":"Processo Seletivo Simplificado (PSS) de Pacaj\u00e1 \u2013 PA - 2019 - FADESP","isPartOf":{"@id":"https:\/\/portalfadesp.org.br\/#website"},"datePublished":"2019-11-14T16:07:22+00:00","dateModified":"2022-12-20T14:17:06+00:00","breadcrumb":{"@id":"https:\/\/portalfadesp.org.br\/?page_id=4951#breadcrumb"},"inLanguage":"pt-BR","potentialAction":[{"@type":"ReadAction","target":["https:\/\/portalfadesp.org.br\/?page_id=4951"]}]},{"@type":"BreadcrumbList","@id":"https:\/\/portalfadesp.org.br\/?page_id=4951#breadcrumb","itemListElement":[{"@type":"ListItem","position":1,"name":"In\u00edcio","item":"https:\/\/portalfadesp.org.br\/"},{"@type":"ListItem","position":2,"name":"Concursos &#8211; Homologados","item":"https:\/\/portalfadesp.org.br\/?page_id=329"},{"@type":"ListItem","position":3,"name":"Processo Seletivo Simplificado (PSS) de Pacaj\u00e1 \u2013 PA &#8211; 2019"}]},{"@type":"WebSite","@id":"https:\/\/portalfadesp.org.br\/#website","url":"https:\/\/portalfadesp.org.br\/","name":"FADESP","description":"Funda\u00e7\u00e3o de Amparo e Desenvolvimento da Pesquisa","publisher":{"@id":"https:\/\/portalfadesp.org.br\/#organization"},"potentialAction":[{"@type":"SearchAction","target":{"@type":"EntryPoint","urlTemplate":"https:\/\/portalfadesp.org.br\/?s={search_term_string}"},"query-input":{"@type":"PropertyValueSpecification","valueRequired":true,"valueName":"search_term_string"}}],"inLanguage":"pt-BR"},{"@type":"Organization","@id":"https:\/\/portalfadesp.org.br\/#organization","name":"FADESP","url":"https:\/\/portalfadesp.org.br\/","logo":{"@type":"ImageObject","inLanguage":"pt-BR","@id":"https:\/\/portalfadesp.org.br\/#\/schema\/logo\/image\/","url":"https:\/\/portalfadesp.org.br\/wp-content\/uploads\/2024\/01\/NOVOLOGOFADESPlaranjaH.png","contentUrl":"https:\/\/portalfadesp.org.br\/wp-content\/uploads\/2024\/01\/NOVOLOGOFADESPlaranjaH.png","width":2742,"height":839,"caption":"FADESP"},"image":{"@id":"https:\/\/portalfadesp.org.br\/#\/schema\/logo\/image\/"},"sameAs":["https:\/\/www.facebook.com\/Fadesp-138351949524662\/","https:\/\/x.com\/Fadesp","https:\/\/www.instagram.com\/fadesp_ufpa\/","https:\/\/www.youtube.com\/@fundacaodeamparoedesenvolv1903","https:\/\/www.threads.net\/@fadesp_ufpa"]}]}},"_links":{"self":[{"href":"https:\/\/portalfadesp.org.br\/index.php?rest_route=\/wp\/v2\/pages\/4951","targetHints":{"allow":["GET"]}}],"collection":[{"href":"https:\/\/portalfadesp.org.br\/index.php?rest_route=\/wp\/v2\/pages"}],"about":[{"href":"https:\/\/portalfadesp.org.br\/index.php?rest_route=\/wp\/v2\/types\/page"}],"author":[{"embeddable":true,"href":"https:\/\/portalfadesp.org.br\/index.php?rest_route=\/wp\/v2\/users\/9"}],"replies":[{"embeddable":true,"href":"https:\/\/portalfadesp.org.br\/index.php?rest_route=%2Fwp%2Fv2%2Fcomments&post=4951"}],"version-history":[{"count":95,"href":"https:\/\/portalfadesp.org.br\/index.php?rest_route=\/wp\/v2\/pages\/4951\/revisions"}],"predecessor-version":[{"id":36354,"href":"https:\/\/portalfadesp.org.br\/index.php?rest_route=\/wp\/v2\/pages\/4951\/revisions\/36354"}],"up":[{"embeddable":true,"href":"https:\/\/portalfadesp.org.br\/index.php?rest_route=\/wp\/v2\/pages\/329"}],"wp:attachment":[{"href":"https:\/\/portalfadesp.org.br\/index.php?rest_route=%2Fwp%2Fv2%2Fmedia&parent=4951"}],"curies":[{"name":"wp","href":"https:\/\/api.w.org\/{rel}","templated":true}]}}