{"id":49354,"date":"2025-05-29T08:44:03","date_gmt":"2025-05-29T11:44:03","guid":{"rendered":"https:\/\/portalfadesp.org.br\/?page_id=49354"},"modified":"2025-10-24T10:35:39","modified_gmt":"2025-10-24T13:35:39","slug":"pagina_concurso_modelo-3","status":"publish","type":"page","link":"https:\/\/portalfadesp.org.br\/?page_id=49354","title":{"rendered":"Processo Seletivo P\u00fablico da Prefeitura Municipal de Mocajuba &#8211; ACS e ACE (2025)"},"content":{"rendered":"\t\t<div data-elementor-type=\"wp-post\" data-elementor-id=\"49354\" class=\"elementor elementor-49354\" data-elementor-post-type=\"page\">\n\t\t\t\t\t\t<section class=\"elementor-section elementor-top-section elementor-element elementor-element-1f2996d1 elementor-section-boxed elementor-section-height-default elementor-section-height-default\" data-id=\"1f2996d1\" data-element_type=\"section\">\n\t\t\t\t\t\t<div class=\"elementor-container elementor-column-gap-default\">\n\t\t\t\t\t<div class=\"elementor-column elementor-col-100 elementor-top-column elementor-element elementor-element-59a4b3f8\" data-id=\"59a4b3f8\" data-element_type=\"column\">\n\t\t\t<div class=\"elementor-widget-wrap elementor-element-populated\">\n\t\t\t\t\t\t<div class=\"elementor-element elementor-element-799471af elementor-widget elementor-widget-heading\" data-id=\"799471af\" data-element_type=\"widget\" data-widget_type=\"heading.default\">\n\t\t\t\t<div class=\"elementor-widget-container\">\n\t\t\t\t\t<h1 class=\"elementor-heading-title elementor-size-default\">Processo Seletivo P\u00fablico da Prefeitura Municipal de Mocajuba - ACS e ACE (2025)<\/h1>\t\t\t\t<\/div>\n\t\t\t\t<\/div>\n\t\t\t\t<section class=\"elementor-section elementor-inner-section elementor-element elementor-element-336311f elementor-section-boxed elementor-section-height-default elementor-section-height-default\" data-id=\"336311f\" data-element_type=\"section\">\n\t\t\t\t\t\t<div class=\"elementor-container elementor-column-gap-default\">\n\t\t\t\t\t<div class=\"elementor-column elementor-col-50 elementor-inner-column elementor-element elementor-element-75ca0dc3\" data-id=\"75ca0dc3\" data-element_type=\"column\">\n\t\t\t<div class=\"elementor-widget-wrap elementor-element-populated\">\n\t\t\t\t\t\t<div class=\"elementor-element elementor-element-425a3096 elementor-widget elementor-widget-text-editor\" data-id=\"425a3096\" data-element_type=\"widget\" data-widget_type=\"text-editor.default\">\n\t\t\t\t<div class=\"elementor-widget-container\">\n\t\t\t\t\t\t\t\t\t<p style=\"font-weight: 400;\">A Prefeitura Municipal de Mocajuba (PA), por meio da Secretaria Municipal de Sa\u00fade torna p\u00fablica a abertura de Processo Seletivo P\u00fablico (PSP), objeto deste Edital n\u00ba 001\/2025\/PMM\/ACS-ACE, para o preenchimento de vagas imediatas e de forma\u00e7\u00e3o de Cadastro de Reserva, no \u00e2mbito municipal para os cargos de Agente Comunit\u00e1rio de Sa\u00fade (ACS) e de Agente de Combate \u00e0s Endemias (ACE).<\/p><p style=\"font-weight: 400;\">O presente Processo Seletivo P\u00fablico ser\u00e1 realizado em duas etapas para todos os cargos, conforme discriminado a seguir:<\/p><p><strong>1\u00aa ETAPA &#8211;\u00a0<\/strong>Constitu\u00edda pela realiza\u00e7\u00e3o de uma Prova Objetiva para pessoas candidatas de todos os cargos, de car\u00e1ter eliminat\u00f3rio e classificat\u00f3rio, a serem aplicadas no Munic\u00edpio de Mocajuba sob a responsabilidade da Fadesp;<\/p><p><strong>2\u00aa\u00a0<\/strong>\u00a0<strong>ETAPA<\/strong>\u00a0<strong>&#8211;\u00a0<\/strong>Ap\u00f3s o Resultado Definitivo da Prova Objetiva da Etapa I do Processo Seletivo P\u00fablico, as pessoas candidatas aos cargos de ACS e de ACE, n\u00e3o eliminadas e classificadas conforme estabelecido no edital deste certame, ser\u00e3o convocadas para realiza\u00e7\u00e3o do Curso Introdut\u00f3rio de Forma\u00e7\u00e3o Inicial de ACS e de ACE, da Etapa II, a realizar-se na cidade de Mocajuba (PA), sob a responsabilidade da PMM;<\/p><p><strong>Prova objetiva da\u00a02\u00aa Etapa\u00a0<\/strong>\u2013\u00a0O Curso Introdut\u00f3rio de Forma\u00e7\u00e3o Inicial de ACS e de ACE da Etapa II, culminar\u00e1 com uma Prova Objetiva, a realizar-se na cidade de Mocajuba (PA), sob responsabilidade da Fadesp.<\/p><p><span style=\"font-weight: 600;\">Total de vagas ofertadas<\/span>\u00a0= ACS: 108 e ACE: 15 (encontra-se no Anexo I \u2013 Quadro de vagas) do edital.<\/p><p><span style=\"font-weight: 600;\">\u2013 Valor da taxa de Inscri\u00e7\u00e3o:<\/span><br \/>R$ 90,00 (noventa reais)<\/p><p><span style=\"font-weight: 600; color: #ff6600;\"><span style=\"font-style: inherit; font-weight: inherit;\">O cronograma das atividades do concurso est\u00e1 dispon\u00edvel no ANEXO III do Edital n\u00ba 01\/2025.<\/span><\/span><\/p>\t\t\t\t\t\t\t\t<\/div>\n\t\t\t\t<\/div>\n\t\t\t\t\t<\/div>\n\t\t<\/div>\n\t\t\t\t<div class=\"elementor-column elementor-col-50 elementor-inner-column elementor-element elementor-element-79608089\" data-id=\"79608089\" data-element_type=\"column\">\n\t\t\t<div class=\"elementor-widget-wrap elementor-element-populated\">\n\t\t\t\t\t\t<div class=\"elementor-element elementor-element-3fc873d elementor-widget elementor-widget-text-editor\" data-id=\"3fc873d\" data-element_type=\"widget\" data-widget_type=\"text-editor.default\">\n\t\t\t\t<div class=\"elementor-widget-container\">\n\t\t\t\t\t\t\t\t\t<h3 class=\"botaoBug\"><a href=\"https:\/\/concursos3.fadesp.org.br\/prefeitura\/2025\/mocajuba\/web\/\"><strong>\u00c1rea do candidato (Clique aqui)<\/strong><\/a><\/h3><div><em>* Na \u00e1rea do candidato poder\u00e1 ser realizado seu cadastro, inscri\u00e7\u00e3o, emiss\u00e3o de boleto, recursos, impress\u00e3o de cart\u00e3o com local de prova e afins\u2026<\/em><\/div>\t\t\t\t\t\t\t\t<\/div>\n\t\t\t\t<\/div>\n\t\t\t\t<div class=\"elementor-element elementor-element-7ccac55 elementor-widget elementor-widget-text-editor\" data-id=\"7ccac55\" data-element_type=\"widget\" data-widget_type=\"text-editor.default\">\n\t\t\t\t<div class=\"elementor-widget-container\">\n\t\t\t\t\t\t\t\t\t<p><strong>Editais\u00a0<\/strong><\/p>\t\t\t\t\t\t\t\t<\/div>\n\t\t\t\t<\/div>\n\t\t\t\t<div class=\"elementor-element elementor-element-76f1f5d elementor-widget elementor-widget-text-editor\" data-id=\"76f1f5d\" data-element_type=\"widget\" data-widget_type=\"text-editor.default\">\n\t\t\t\t<div class=\"elementor-widget-container\">\n\t\t\t\t\t\t\t\t\t<p><a href=\"https:\/\/portalfadesp.org.br\/wp-content\/uploads\/2025\/09\/Edital-no-019_2025-PMM-ACS-ACE-Resultado-Final-Definitivo.pdf\">Edital n\u00ba 019\/2025 PMM ACS ACE Resultado Final Definitivo, de 19\/09\/2025 <strong>(Clique aqui)<\/strong><\/a><\/p><p><a href=\"https:\/\/portalfadesp.org.br\/wp-content\/uploads\/2025\/09\/Edital-no-018_2025-PMM-ACS-ACE-Resultado-Final-Preliminar.pdf\">Edital n\u00ba 018\/2025 PMM ACS ACE Resultado Final Preliminar, de 16\/09\/2025 <strong>(Clique aqui)<\/strong><\/a><\/p><p><a href=\"https:\/\/portalfadesp.org.br\/wp-content\/uploads\/2025\/09\/Edital-no-017_2025-PMM-ACS-ACE-Resultado-Definitivo-da-Etapa-II.pdf\">Edital n\u00ba 017\/2025 PMM ACS ACE Resultado Definitivo da Etapa II, de 16\/09\/2025 <strong>(Clique aqui)<\/strong><\/a><\/p><p><a href=\"https:\/\/portalfadesp.org.br\/wp-content\/uploads\/2025\/09\/Edital-no-016_2025-PMM-ACS-ACE-Resultado-Preliminar-da-Etapa-II.pdf\">Edital n\u00ba 016\/2025 PMM ACS ACE Resultado Preliminar da Etapa II, de 10\/09\/2025 <strong>(Clique aqui)<\/strong><\/a><\/p>\t\t\t\t\t\t\t\t<\/div>\n\t\t\t\t<\/div>\n\t\t\t\t<div class=\"elementor-element elementor-element-b2b94b6 elementor-widget elementor-widget-eael-adv-accordion\" data-id=\"b2b94b6\" data-element_type=\"widget\" data-widget_type=\"eael-adv-accordion.default\">\n\t\t\t\t<div class=\"elementor-widget-container\">\n\t\t\t\t\t        <div class=\"eael-adv-accordion\" id=\"eael-adv-accordion-b2b94b6\" data-scroll-on-click=\"no\" data-scroll-speed=\"300\" data-accordion-id=\"b2b94b6\" data-accordion-type=\"accordion\" data-toogle-speed=\"300\">\n    <div class=\"eael-accordion-list\">\n                <div id=\"gabaritos-etapa-ii\" class=\"elementor-tab-title eael-accordion-header\" tabindex=\"0\" data-tab=\"1\" aria-controls=\"elementor-tab-content-1871\"><span class=\"eael-advanced-accordion-icon-closed\"><svg aria-hidden=\"true\" class=\"fa-accordion-icon e-font-icon-svg e-fas-plus\" viewBox=\"0 0 448 512\" xmlns=\"http:\/\/www.w3.org\/2000\/svg\"><path d=\"M416 208H272V64c0-17.67-14.33-32-32-32h-32c-17.67 0-32 14.33-32 32v144H32c-17.67 0-32 14.33-32 32v32c0 17.67 14.33 32 32 32h144v144c0 17.67 14.33 32 32 32h32c17.67 0 32-14.33 32-32V304h144c17.67 0 32-14.33 32-32v-32c0-17.67-14.33-32-32-32z\"><\/path><\/svg><\/span><span class=\"eael-advanced-accordion-icon-opened\"><svg aria-hidden=\"true\" class=\"fa-accordion-icon e-font-icon-svg e-fas-minus\" viewBox=\"0 0 448 512\" xmlns=\"http:\/\/www.w3.org\/2000\/svg\"><path d=\"M416 208H32c-17.67 0-32 14.33-32 32v32c0 17.67 14.33 32 32 32h384c17.67 0 32-14.33 32-32v-32c0-17.67-14.33-32-32-32z\"><\/path><\/svg><\/span><span class=\"eael-accordion-tab-title\">Gabaritos Etapa II<\/span><svg aria-hidden=\"true\" class=\"fa-toggle e-font-icon-svg e-fas-angle-right\" viewBox=\"0 0 256 512\" xmlns=\"http:\/\/www.w3.org\/2000\/svg\"><path d=\"M224.3 273l-136 136c-9.4 9.4-24.6 9.4-33.9 0l-22.6-22.6c-9.4-9.4-9.4-24.6 0-33.9l96.4-96.4-96.4-96.4c-9.4-9.4-9.4-24.6 0-33.9L54.3 103c9.4-9.4 24.6-9.4 33.9 0l136 136c9.5 9.4 9.5 24.6.1 34z\"><\/path><\/svg><\/div><div id=\"elementor-tab-content-1871\" class=\"eael-accordion-content clearfix\" data-tab=\"1\" aria-labelledby=\"gabaritos-etapa-ii\"><p><a href=\"https:\/\/portalfadesp.org.br\/wp-content\/uploads\/2025\/09\/GABARITO-OFICIAL-DEFINITIVO-ETAPA-II.pdf\">GABARITO OFICIAL DEFINITIVO ETAPA II, de 09\/09\/2025 <strong>(Clique aqui)<\/strong><\/a><\/p><p><a href=\"https:\/\/portalfadesp.org.br\/wp-content\/uploads\/2025\/09\/GABARITO-OFICIAL-PRELIMINAR-ETAPA-II.pdf\">GABARITO OFICIAL PRELIMINAR ETAPA II, de 01\/09\/2025 <strong>(Clique aqui)<\/strong><\/a><\/p><\/div>\n                <\/div><div class=\"eael-accordion-list\">\n                <div id=\"provas-etapa-ii\" class=\"elementor-tab-title eael-accordion-header\" tabindex=\"0\" data-tab=\"2\" aria-controls=\"elementor-tab-content-1872\"><span class=\"eael-advanced-accordion-icon-closed\"><svg aria-hidden=\"true\" class=\"fa-accordion-icon e-font-icon-svg e-fas-plus\" viewBox=\"0 0 448 512\" xmlns=\"http:\/\/www.w3.org\/2000\/svg\"><path d=\"M416 208H272V64c0-17.67-14.33-32-32-32h-32c-17.67 0-32 14.33-32 32v144H32c-17.67 0-32 14.33-32 32v32c0 17.67 14.33 32 32 32h144v144c0 17.67 14.33 32 32 32h32c17.67 0 32-14.33 32-32V304h144c17.67 0 32-14.33 32-32v-32c0-17.67-14.33-32-32-32z\"><\/path><\/svg><\/span><span class=\"eael-advanced-accordion-icon-opened\"><svg aria-hidden=\"true\" class=\"fa-accordion-icon e-font-icon-svg e-fas-minus\" viewBox=\"0 0 448 512\" xmlns=\"http:\/\/www.w3.org\/2000\/svg\"><path d=\"M416 208H32c-17.67 0-32 14.33-32 32v32c0 17.67 14.33 32 32 32h384c17.67 0 32-14.33 32-32v-32c0-17.67-14.33-32-32-32z\"><\/path><\/svg><\/span><span class=\"eael-accordion-tab-title\">Provas Etapa II<\/span><svg aria-hidden=\"true\" class=\"fa-toggle e-font-icon-svg e-fas-angle-right\" viewBox=\"0 0 256 512\" xmlns=\"http:\/\/www.w3.org\/2000\/svg\"><path d=\"M224.3 273l-136 136c-9.4 9.4-24.6 9.4-33.9 0l-22.6-22.6c-9.4-9.4-9.4-24.6 0-33.9l96.4-96.4-96.4-96.4c-9.4-9.4-9.4-24.6 0-33.9L54.3 103c9.4-9.4 24.6-9.4 33.9 0l136 136c9.5 9.4 9.5 24.6.1 34z\"><\/path><\/svg><\/div><div id=\"elementor-tab-content-1872\" class=\"eael-accordion-content clearfix\" data-tab=\"2\" aria-labelledby=\"provas-etapa-ii\"><p><a href=\"https:\/\/portalfadesp.org.br\/wp-content\/uploads\/2025\/09\/PROVA-1-ETAPA-II.pdf\">PROVA TIPO 1 ETAPA II, de 01\/09\/2025 <strong>(Clique aqui)<\/strong><\/a><\/p><p><a href=\"https:\/\/portalfadesp.org.br\/wp-content\/uploads\/2025\/09\/PROVA-2-ETAPA-II.pdf\">PROVA TIPO 2 ETAPA II, de 01\/09\/2025 <strong>(Clique aqui)<\/strong><\/a><\/p><\/div>\n                <\/div><\/div>\t\t\t\t<\/div>\n\t\t\t\t<\/div>\n\t\t\t\t<div class=\"elementor-element elementor-element-9a9a1e2 elementor-widget elementor-widget-text-editor\" data-id=\"9a9a1e2\" data-element_type=\"widget\" data-widget_type=\"text-editor.default\">\n\t\t\t\t<div class=\"elementor-widget-container\">\n\t\t\t\t\t\t\t\t\t<p><a href=\"https:\/\/portalfadesp.org.br\/wp-content\/uploads\/2025\/08\/Edital-no-015_2025-PMM-ACS-ACE-Convocacao-para-realizacao-da-Prova-Objetiva-da-Etapa-II.pdf\">Edital n\u00ba 015\/2025 PMM ACS ACE Convoca\u00e7\u00e3o para realiza\u00e7\u00e3o da Prova Objetiva da Etapa II, de 28\/08\/2025 <strong>(Clique aqui)<\/strong><\/a><\/p><p><a href=\"https:\/\/portalfadesp.org.br\/wp-content\/uploads\/2025\/08\/Edital-no-014_2025-PMM-ACS-ACE-Resultado-Definitivo-da-Frequencia-do-Curso.pdf\">Edital n\u00ba 014\/2025 PMM ACS ACE Resultado Definitivo da Frequ\u00eancia do Curso, de 28\/08\/2025 <strong>(Clique aqui)<\/strong><\/a><\/p><p><a href=\"https:\/\/portalfadesp.org.br\/wp-content\/uploads\/2025\/08\/Edital-no-013_2025-PMM-ACS-ACE-Resultado-Preliminar-da-Frequencia-do-Curso.pdf\">Edital n\u00ba 013\/2025 PMM ACS ACE Resultado Preliminar da Frequ\u00eancia do Curso, de 25\/08\/2025 <strong>(Clique aqui)<\/strong><\/a><\/p><p><a href=\"https:\/\/portalfadesp.org.br\/wp-content\/uploads\/2025\/08\/Edital-no-012_2025-PMM-ACS-ACE-Convocacao-do-Curso-de-Formacao.pdf\">Edital n\u00ba 012\/2025 PMM ACS ACE Convoca\u00e7\u00e3o do Curso de Forma\u00e7\u00e3o, de 14\/08\/2025 <strong>(Clique aqui)<\/strong><\/a><\/p><p><a href=\"https:\/\/portalfadesp.org.br\/wp-content\/uploads\/2025\/08\/Edital-no-011_2025-PMM-ACS-ACE-Resultado-Definitivo-da-Etapa-I-12_08_2025.pdf\">Edital n\u00ba 011\/2025 PMM ACS ACE Resultado Definitivo da Etapa I, de 12\/08\/2025 <strong>(Clique aqui)<\/strong><\/a><\/p><p><a href=\"https:\/\/portalfadesp.org.br\/wp-content\/uploads\/2025\/08\/Edital-no-010_2025-PMM-ACS-ACE-Resultado-Preliminar-da-Etapa-I-05_008_2025.pdf\"><span style=\"color: #333333;\">Edital n\u00ba 010\/2025 PMM ACS ACE Resultado Preliminar da Etapa I, de 05\/08\/2025 <strong>(Clique aqui)<\/strong><\/span><\/a><\/p>\t\t\t\t\t\t\t\t<\/div>\n\t\t\t\t<\/div>\n\t\t\t\t<div class=\"elementor-element elementor-element-5d42825 elementor-widget elementor-widget-eael-adv-accordion\" data-id=\"5d42825\" data-element_type=\"widget\" data-widget_type=\"eael-adv-accordion.default\">\n\t\t\t\t<div class=\"elementor-widget-container\">\n\t\t\t\t\t        <div class=\"eael-adv-accordion\" id=\"eael-adv-accordion-5d42825\" data-scroll-on-click=\"no\" data-scroll-speed=\"300\" data-accordion-id=\"5d42825\" data-accordion-type=\"accordion\" data-toogle-speed=\"300\">\n    <div class=\"eael-accordion-list\">\n                <div id=\"gabaritos-ace-e-acs\" class=\"elementor-tab-title eael-accordion-header\" tabindex=\"0\" data-tab=\"1\" aria-controls=\"elementor-tab-content-9771\"><span class=\"eael-advanced-accordion-icon-closed\"><svg aria-hidden=\"true\" class=\"fa-accordion-icon e-font-icon-svg e-fas-plus\" viewBox=\"0 0 448 512\" xmlns=\"http:\/\/www.w3.org\/2000\/svg\"><path d=\"M416 208H272V64c0-17.67-14.33-32-32-32h-32c-17.67 0-32 14.33-32 32v144H32c-17.67 0-32 14.33-32 32v32c0 17.67 14.33 32 32 32h144v144c0 17.67 14.33 32 32 32h32c17.67 0 32-14.33 32-32V304h144c17.67 0 32-14.33 32-32v-32c0-17.67-14.33-32-32-32z\"><\/path><\/svg><\/span><span class=\"eael-advanced-accordion-icon-opened\"><svg aria-hidden=\"true\" class=\"fa-accordion-icon e-font-icon-svg e-fas-minus\" viewBox=\"0 0 448 512\" xmlns=\"http:\/\/www.w3.org\/2000\/svg\"><path d=\"M416 208H32c-17.67 0-32 14.33-32 32v32c0 17.67 14.33 32 32 32h384c17.67 0 32-14.33 32-32v-32c0-17.67-14.33-32-32-32z\"><\/path><\/svg><\/span><span class=\"eael-accordion-tab-title\">Gabaritos ACE e ACS<\/span><svg aria-hidden=\"true\" class=\"fa-toggle e-font-icon-svg e-fas-angle-right\" viewBox=\"0 0 256 512\" xmlns=\"http:\/\/www.w3.org\/2000\/svg\"><path d=\"M224.3 273l-136 136c-9.4 9.4-24.6 9.4-33.9 0l-22.6-22.6c-9.4-9.4-9.4-24.6 0-33.9l96.4-96.4-96.4-96.4c-9.4-9.4-9.4-24.6 0-33.9L54.3 103c9.4-9.4 24.6-9.4 33.9 0l136 136c9.5 9.4 9.5 24.6.1 34z\"><\/path><\/svg><\/div><div id=\"elementor-tab-content-9771\" class=\"eael-accordion-content clearfix\" data-tab=\"1\" aria-labelledby=\"gabaritos-ace-e-acs\"><p><a href=\"https:\/\/portalfadesp.org.br\/wp-content\/uploads\/2025\/07\/GABARITO-OFICIAL-DEFINITIVO-ACS-29-07-2025.pdf\">GABARITO OFICIAL DEFINITIVO &#8211; ACS, de 29\/07\/2025 <strong>(Clique aqui)<\/strong><\/a><\/p><p><a href=\"https:\/\/portalfadesp.org.br\/wp-content\/uploads\/2025\/07\/GABARITO-OFICIAL-DEFINITIVO-ACE-29-07-2025.pdf\">GABARITO OFICIAL DEFINITIVO &#8211; ACE, de 29\/07\/2025 <strong>(Clique aqui)<\/strong><\/a><\/p><p><a href=\"https:\/\/portalfadesp.org.br\/wp-content\/uploads\/2025\/07\/GABARITO-OFICIAL-PRELIMINAR-ACE.pdf\">GABARITO OFICIAL PRELIMINAR &#8211; ACE, de 21\/07\/2025 <strong>(Clique aqui)<\/strong><\/a><\/p><p><a href=\"https:\/\/portalfadesp.org.br\/wp-content\/uploads\/2025\/07\/GABARITO-OFICIAL-PRELIMINAR-ACS.pdf\">GABARITO OFICIAL PRELIMINAR &#8211; ACS, de 21\/07\/2025 <strong>(Clique aqui)<\/strong><\/a><\/p><\/div>\n                <\/div><div class=\"eael-accordion-list\">\n                <div id=\"provas-ace-e-acs\" class=\"elementor-tab-title eael-accordion-header\" tabindex=\"0\" data-tab=\"2\" aria-controls=\"elementor-tab-content-9772\"><span class=\"eael-advanced-accordion-icon-closed\"><svg aria-hidden=\"true\" class=\"fa-accordion-icon e-font-icon-svg e-fas-plus\" viewBox=\"0 0 448 512\" xmlns=\"http:\/\/www.w3.org\/2000\/svg\"><path d=\"M416 208H272V64c0-17.67-14.33-32-32-32h-32c-17.67 0-32 14.33-32 32v144H32c-17.67 0-32 14.33-32 32v32c0 17.67 14.33 32 32 32h144v144c0 17.67 14.33 32 32 32h32c17.67 0 32-14.33 32-32V304h144c17.67 0 32-14.33 32-32v-32c0-17.67-14.33-32-32-32z\"><\/path><\/svg><\/span><span class=\"eael-advanced-accordion-icon-opened\"><svg aria-hidden=\"true\" class=\"fa-accordion-icon e-font-icon-svg e-fas-minus\" viewBox=\"0 0 448 512\" xmlns=\"http:\/\/www.w3.org\/2000\/svg\"><path d=\"M416 208H32c-17.67 0-32 14.33-32 32v32c0 17.67 14.33 32 32 32h384c17.67 0 32-14.33 32-32v-32c0-17.67-14.33-32-32-32z\"><\/path><\/svg><\/span><span class=\"eael-accordion-tab-title\">Provas ACE e ACS<\/span><svg aria-hidden=\"true\" class=\"fa-toggle e-font-icon-svg e-fas-angle-right\" viewBox=\"0 0 256 512\" xmlns=\"http:\/\/www.w3.org\/2000\/svg\"><path d=\"M224.3 273l-136 136c-9.4 9.4-24.6 9.4-33.9 0l-22.6-22.6c-9.4-9.4-9.4-24.6 0-33.9l96.4-96.4-96.4-96.4c-9.4-9.4-9.4-24.6 0-33.9L54.3 103c9.4-9.4 24.6-9.4 33.9 0l136 136c9.5 9.4 9.5 24.6.1 34z\"><\/path><\/svg><\/div><div id=\"elementor-tab-content-9772\" class=\"eael-accordion-content clearfix\" data-tab=\"2\" aria-labelledby=\"provas-ace-e-acs\"><p><a href=\"https:\/\/portalfadesp.org.br\/wp-content\/uploads\/2025\/07\/AGENTE-DE-COMBATE-AS-ENDEMIAS-PROVA-TIPO-1.pdf\">AGENTE DE COMBATE \u00c0S ENDEMIAS &#8211; PROVA TIPO 1, de 21\/07\/2025 <strong>(Clique aqui)<\/strong><\/a><\/p><p><a href=\"https:\/\/portalfadesp.org.br\/wp-content\/uploads\/2025\/07\/AGENTE-DE-COMBATE-AS-ENDEMIAS-PROVA-TIPO-2.pdf\">AGENTE DE COMBATE \u00c0S ENDEMIAS &#8211; PROVA TIPO 2, de 21\/07\/2025 <strong>(Clique aqui)<\/strong><\/a><\/p><p><a href=\"https:\/\/portalfadesp.org.br\/wp-content\/uploads\/2025\/07\/AGENTE-COMUNITARIO-DE-SAUDE-PROVA-TIPO-1.pdf\">AGENTE COMUNIT\u00c1RIO DE SA\u00daDE &#8211; PROVA TIPO 1, de 21\/07\/2025 <strong>(Clique aqui)<\/strong><\/a><\/p><p><a href=\"https:\/\/portalfadesp.org.br\/wp-content\/uploads\/2025\/07\/AGENTE-COMUNITARIO-DE-SAUDE-PROVA-TIPO-2.pdf\">AGENTE COMUNIT\u00c1RIO DE SAUDE &#8211; PROVA TIPO 2, de 21\/07\/2025 <strong>(Clique aqui)<\/strong><\/a><\/p><\/div>\n                <\/div><\/div>\t\t\t\t<\/div>\n\t\t\t\t<\/div>\n\t\t\t\t<div class=\"elementor-element elementor-element-368e568 elementor-widget elementor-widget-text-editor\" data-id=\"368e568\" data-element_type=\"widget\" data-widget_type=\"text-editor.default\">\n\t\t\t\t<div class=\"elementor-widget-container\">\n\t\t\t\t\t\t\t\t\t<p>\u00a0<\/p><p><a href=\"https:\/\/portalfadesp.org.br\/wp-content\/uploads\/2025\/07\/Demanda-PSP-Mocajuba-2025.pdf\">Demanda PSP Mocajuba 2025, de 15\/07\/2025 <strong>(Clique aqui)<\/strong><\/a><\/p><p><a href=\"https:\/\/portalfadesp.org.br\/wp-content\/uploads\/2025\/07\/Edital-no-009_2025-PMM-ACS-ACE-Relacao-definitiva-das-Solicitacoes-de-Atendimentos-Especializados-15_07_2025.pdf\">Edital n\u00ba 009\/2025 PMM ACS ACE Rela\u00e7\u00e3o definitiva das Solicita\u00e7\u00f5es de Atendimentos Especializados, de 15\/07\/2025 <strong>(Clique aqui)<\/strong><\/a><\/p><p><a href=\"https:\/\/portalfadesp.org.br\/wp-content\/uploads\/2025\/07\/Edital-no-008_2025-PMM-ACS-ACE-Resultado-Definitivo-das-Inscricoes-para-Concorrer-as-Vagas-para-PcD-Homologadas-15_07_2025.pdf\">Edital n\u00ba 008\/2025 PMM ACS ACE Resultado Definitivo das Inscri\u00e7\u00f5es para Concorrer \u00e0s Vagas para PcD Homologadas, de 15\/07\/2025 <strong>(Clique aqui)<\/strong><\/a><\/p><p><a href=\"https:\/\/portalfadesp.org.br\/wp-content\/uploads\/2025\/07\/Edital-no-007_2025-PMM-ACS-ACE-Resultado-Definitivo-das-Inscricoes-Homologadas-15_07_2025.pdf\">Edital n\u00ba 007\/2025 PMM ACS ACE Resultado Definitivo das Inscri\u00e7\u00f5es Homologadas, de 15\/07\/2025 <strong>(Clique aqui)<\/strong><\/a><\/p><p><a href=\"https:\/\/portalfadesp.org.br\/wp-content\/uploads\/2025\/07\/Edital-no-006_2025-PMM-ACS-ACE-Relacao-Preliminar-dos-Deferimentos-e-Indeferimentos-das-Solicitacoes-de-Atendimentos-Especializados-na-Realizacao-das-Provas-08_07_.pdf\">Edital n\u00ba 006\/2025 PMM ACS ACE Rela\u00e7\u00e3o Preliminar dos Deferimentos e Indeferimentos das Solicita\u00e7\u00f5es de Atendimentos Especializados na Realiza\u00e7\u00e3o das Provas, de 08\/07\/2025 <strong>(Clique aqui)<\/strong><\/a><\/p><p><a href=\"https:\/\/portalfadesp.org.br\/wp-content\/uploads\/2025\/07\/Edital-no-005_2025-PMM-ACS-ACE-Relacao-Preliminar-dos-Deferimentos-e-Indeferimentos-de-Solicitacoes-para-Concorrer-as-Vagas-para-PcD-08_07_2025.pdf\">Edital n\u00ba 005\/2025 PMM ACS ACE Rela\u00e7\u00e3o Preliminar dos Deferimentos e Indeferimentos de Solicita\u00e7\u00f5es para Concorrer \u00e0s Vagas para PcD, de 08\/07\/2025 <strong>(Clique aqui)<\/strong><\/a><\/p><p><a href=\"https:\/\/portalfadesp.org.br\/wp-content\/uploads\/2025\/07\/Edital-no-004_2025-PMM-ACS-ACE-Resultado-Preliminar-das-Inscricoes-Homologadas-08_07_2025.pdf\">Edital n\u00ba 004\/2025 PMM ACS ACE Resultado Preliminar das Inscri\u00e7\u00f5es Homologadas, de 08\/07\/2025 <strong>(Clique aqui)<\/strong><\/a><\/p><p><a href=\"https:\/\/portalfadesp.org.br\/wp-content\/uploads\/2025\/06\/Edital-no-003_2025-PMM-ACS-ACE-Resultado-Definitvo-da-Isencao-Pgto-Taxa-de-Inscricao-PcD-17_06_2025.pdf\">Edital n\u00ba 003\/2025 PMM ACS ACE Resultado Definitvo da Isen\u00e7\u00e3o Pgto Taxa de Inscri\u00e7\u00e3o PcD, de 17\/06\/2025 <strong>(Clique aqui)<\/strong><\/a><\/p><p><a href=\"https:\/\/portalfadesp.org.br\/wp-content\/uploads\/2025\/06\/Edital-no-002_2025-PMM-ACS-ACE-Resultado-Preliminar-da-Isencao-Pgto-Taxa-de-Inscricao-PcD-10_06_2025.pdf\">Edital n\u00ba 002\/2025 PMM ACS ACE Resultado Preliminar da Isen\u00e7\u00e3o do Pagamento da Taxa de Inscri\u00e7\u00e3o PcD, de 10\/06\/2025 <strong>(Clique aqui)<\/strong><\/a><\/p><p><a href=\"https:\/\/portalfadesp.org.br\/wp-content\/uploads\/2025\/05\/LEI-MUNICIPAL-No.-3.699-2022-DE-27-DE-ABRIL-DE-2022.pdf\">LEI MUNICIPAL No.3.699\/2022 de 27\/04\/2022 <strong>(Clique aqui)<\/strong><\/a><\/p><p><a href=\"https:\/\/portalfadesp.org.br\/wp-content\/uploads\/2025\/06\/Edital-no-001_2025-PMM-ACS-ACE-29_05_2025-Edital-de-Abertura-Consolidado.pdf\">Edital n\u00ba 001\/2025 PMM ACS ACE 29\/05\/2025 Edital de Abertura Consolidado, de 03\/06\/2025 <strong>(Clique aqui)<\/strong><\/a><\/p>\t\t\t\t\t\t\t\t<\/div>\n\t\t\t\t<\/div>\n\t\t\t\t\t<\/div>\n\t\t<\/div>\n\t\t\t\t\t<\/div>\n\t\t<\/section>\n\t\t\t\t\t<\/div>\n\t\t<\/div>\n\t\t\t\t\t<\/div>\n\t\t<\/section>\n\t\t\t\t<\/div>\n\t\t","protected":false},"excerpt":{"rendered":"<p>Processo Seletivo P\u00fablico da Prefeitura Municipal de Mocajuba &#8211; ACS e ACE (2025) A Prefeitura Municipal de Mocajuba (PA), por meio da Secretaria Municipal de Sa\u00fade torna p\u00fablica a abertura de Processo Seletivo P\u00fablico (PSP), objeto deste Edital n\u00ba 001\/2025\/PMM\/ACS-ACE, para o preenchimento de vagas imediatas e de forma\u00e7\u00e3o de Cadastro de Reserva, no \u00e2mbito [&hellip;]<\/p>\n","protected":false},"author":12,"featured_media":0,"parent":329,"menu_order":0,"comment_status":"closed","ping_status":"closed","template":"","meta":{"_monsterinsights_skip_tracking":false,"_monsterinsights_sitenote_active":false,"_monsterinsights_sitenote_note":"","_monsterinsights_sitenote_category":0,"footnotes":""},"class_list":["post-49354","page","type-page","status-publish","hentry","entry"],"yoast_head":"<!-- This site is optimized with the Yoast SEO plugin v25.1 - https:\/\/yoast.com\/wordpress\/plugins\/seo\/ -->\n<title>Processo Seletivo P\u00fablico da Prefeitura Municipal de Mocajuba - ACS e ACE (2025) - FADESP<\/title>\n<meta name=\"robots\" content=\"index, follow, max-snippet:-1, max-image-preview:large, max-video-preview:-1\" \/>\n<link rel=\"canonical\" href=\"https:\/\/portalfadesp.org.br\/?page_id=49354\" \/>\n<meta property=\"og:locale\" content=\"pt_BR\" \/>\n<meta property=\"og:type\" content=\"article\" \/>\n<meta property=\"og:title\" content=\"Processo Seletivo P\u00fablico da Prefeitura Municipal de Mocajuba - ACS e ACE (2025) - FADESP\" \/>\n<meta property=\"og:description\" content=\"Processo Seletivo P\u00fablico da Prefeitura Municipal de Mocajuba &#8211; ACS e ACE (2025) A Prefeitura Municipal de Mocajuba (PA), por meio da Secretaria Municipal de Sa\u00fade torna p\u00fablica a abertura de Processo Seletivo P\u00fablico (PSP), objeto deste Edital n\u00ba 001\/2025\/PMM\/ACS-ACE, para o preenchimento de vagas imediatas e de forma\u00e7\u00e3o de Cadastro de Reserva, no \u00e2mbito [&hellip;]\" \/>\n<meta property=\"og:url\" content=\"https:\/\/portalfadesp.org.br\/?page_id=49354\" \/>\n<meta property=\"og:site_name\" content=\"FADESP\" \/>\n<meta property=\"article:publisher\" content=\"https:\/\/www.facebook.com\/Fadesp-138351949524662\/\" \/>\n<meta property=\"article:modified_time\" content=\"2025-10-24T13:35:39+00:00\" \/>\n<meta name=\"twitter:card\" content=\"summary_large_image\" \/>\n<meta name=\"twitter:site\" content=\"@Fadesp\" \/>\n<meta name=\"twitter:label1\" content=\"Est. tempo de leitura\" \/>\n\t<meta name=\"twitter:data1\" content=\"5 minutos\" \/>\n<script type=\"application\/ld+json\" class=\"yoast-schema-graph\">{\"@context\":\"https:\/\/schema.org\",\"@graph\":[{\"@type\":\"WebPage\",\"@id\":\"https:\/\/portalfadesp.org.br\/?page_id=49354\",\"url\":\"https:\/\/portalfadesp.org.br\/?page_id=49354\",\"name\":\"Processo Seletivo P\u00fablico da Prefeitura Municipal de Mocajuba - ACS e ACE (2025) - FADESP\",\"isPartOf\":{\"@id\":\"https:\/\/portalfadesp.org.br\/#website\"},\"datePublished\":\"2025-05-29T11:44:03+00:00\",\"dateModified\":\"2025-10-24T13:35:39+00:00\",\"breadcrumb\":{\"@id\":\"https:\/\/portalfadesp.org.br\/?page_id=49354#breadcrumb\"},\"inLanguage\":\"pt-BR\",\"potentialAction\":[{\"@type\":\"ReadAction\",\"target\":[\"https:\/\/portalfadesp.org.br\/?page_id=49354\"]}]},{\"@type\":\"BreadcrumbList\",\"@id\":\"https:\/\/portalfadesp.org.br\/?page_id=49354#breadcrumb\",\"itemListElement\":[{\"@type\":\"ListItem\",\"position\":1,\"name\":\"In\u00edcio\",\"item\":\"https:\/\/portalfadesp.org.br\/\"},{\"@type\":\"ListItem\",\"position\":2,\"name\":\"Concursos &#8211; Homologados\",\"item\":\"https:\/\/portalfadesp.org.br\/?page_id=329\"},{\"@type\":\"ListItem\",\"position\":3,\"name\":\"Processo Seletivo P\u00fablico da Prefeitura Municipal de Mocajuba &#8211; ACS e ACE (2025)\"}]},{\"@type\":\"WebSite\",\"@id\":\"https:\/\/portalfadesp.org.br\/#website\",\"url\":\"https:\/\/portalfadesp.org.br\/\",\"name\":\"FADESP\",\"description\":\"Funda\u00e7\u00e3o de Amparo e Desenvolvimento da Pesquisa\",\"publisher\":{\"@id\":\"https:\/\/portalfadesp.org.br\/#organization\"},\"potentialAction\":[{\"@type\":\"SearchAction\",\"target\":{\"@type\":\"EntryPoint\",\"urlTemplate\":\"https:\/\/portalfadesp.org.br\/?s={search_term_string}\"},\"query-input\":{\"@type\":\"PropertyValueSpecification\",\"valueRequired\":true,\"valueName\":\"search_term_string\"}}],\"inLanguage\":\"pt-BR\"},{\"@type\":\"Organization\",\"@id\":\"https:\/\/portalfadesp.org.br\/#organization\",\"name\":\"FADESP\",\"url\":\"https:\/\/portalfadesp.org.br\/\",\"logo\":{\"@type\":\"ImageObject\",\"inLanguage\":\"pt-BR\",\"@id\":\"https:\/\/portalfadesp.org.br\/#\/schema\/logo\/image\/\",\"url\":\"https:\/\/portalfadesp.org.br\/wp-content\/uploads\/2024\/01\/NOVOLOGOFADESPlaranjaH.png\",\"contentUrl\":\"https:\/\/portalfadesp.org.br\/wp-content\/uploads\/2024\/01\/NOVOLOGOFADESPlaranjaH.png\",\"width\":2742,\"height\":839,\"caption\":\"FADESP\"},\"image\":{\"@id\":\"https:\/\/portalfadesp.org.br\/#\/schema\/logo\/image\/\"},\"sameAs\":[\"https:\/\/www.facebook.com\/Fadesp-138351949524662\/\",\"https:\/\/x.com\/Fadesp\",\"https:\/\/www.instagram.com\/fadesp_ufpa\/\",\"https:\/\/www.youtube.com\/@fundacaodeamparoedesenvolv1903\",\"https:\/\/www.threads.net\/@fadesp_ufpa\"]}]}<\/script>\n<!-- \/ Yoast SEO plugin. -->","yoast_head_json":{"title":"Processo Seletivo P\u00fablico da Prefeitura Municipal de Mocajuba - ACS e ACE (2025) - FADESP","robots":{"index":"index","follow":"follow","max-snippet":"max-snippet:-1","max-image-preview":"max-image-preview:large","max-video-preview":"max-video-preview:-1"},"canonical":"https:\/\/portalfadesp.org.br\/?page_id=49354","og_locale":"pt_BR","og_type":"article","og_title":"Processo Seletivo P\u00fablico da Prefeitura Municipal de Mocajuba - ACS e ACE (2025) - FADESP","og_description":"Processo Seletivo P\u00fablico da Prefeitura Municipal de Mocajuba &#8211; ACS e ACE (2025) A Prefeitura Municipal de Mocajuba (PA), por meio da Secretaria Municipal de Sa\u00fade torna p\u00fablica a abertura de Processo Seletivo P\u00fablico (PSP), objeto deste Edital n\u00ba 001\/2025\/PMM\/ACS-ACE, para o preenchimento de vagas imediatas e de forma\u00e7\u00e3o de Cadastro de Reserva, no \u00e2mbito [&hellip;]","og_url":"https:\/\/portalfadesp.org.br\/?page_id=49354","og_site_name":"FADESP","article_publisher":"https:\/\/www.facebook.com\/Fadesp-138351949524662\/","article_modified_time":"2025-10-24T13:35:39+00:00","twitter_card":"summary_large_image","twitter_site":"@Fadesp","twitter_misc":{"Est. tempo de leitura":"5 minutos"},"schema":{"@context":"https:\/\/schema.org","@graph":[{"@type":"WebPage","@id":"https:\/\/portalfadesp.org.br\/?page_id=49354","url":"https:\/\/portalfadesp.org.br\/?page_id=49354","name":"Processo Seletivo P\u00fablico da Prefeitura Municipal de Mocajuba - ACS e ACE (2025) - FADESP","isPartOf":{"@id":"https:\/\/portalfadesp.org.br\/#website"},"datePublished":"2025-05-29T11:44:03+00:00","dateModified":"2025-10-24T13:35:39+00:00","breadcrumb":{"@id":"https:\/\/portalfadesp.org.br\/?page_id=49354#breadcrumb"},"inLanguage":"pt-BR","potentialAction":[{"@type":"ReadAction","target":["https:\/\/portalfadesp.org.br\/?page_id=49354"]}]},{"@type":"BreadcrumbList","@id":"https:\/\/portalfadesp.org.br\/?page_id=49354#breadcrumb","itemListElement":[{"@type":"ListItem","position":1,"name":"In\u00edcio","item":"https:\/\/portalfadesp.org.br\/"},{"@type":"ListItem","position":2,"name":"Concursos &#8211; Homologados","item":"https:\/\/portalfadesp.org.br\/?page_id=329"},{"@type":"ListItem","position":3,"name":"Processo Seletivo P\u00fablico da Prefeitura Municipal de Mocajuba &#8211; ACS e ACE (2025)"}]},{"@type":"WebSite","@id":"https:\/\/portalfadesp.org.br\/#website","url":"https:\/\/portalfadesp.org.br\/","name":"FADESP","description":"Funda\u00e7\u00e3o de Amparo e Desenvolvimento da Pesquisa","publisher":{"@id":"https:\/\/portalfadesp.org.br\/#organization"},"potentialAction":[{"@type":"SearchAction","target":{"@type":"EntryPoint","urlTemplate":"https:\/\/portalfadesp.org.br\/?s={search_term_string}"},"query-input":{"@type":"PropertyValueSpecification","valueRequired":true,"valueName":"search_term_string"}}],"inLanguage":"pt-BR"},{"@type":"Organization","@id":"https:\/\/portalfadesp.org.br\/#organization","name":"FADESP","url":"https:\/\/portalfadesp.org.br\/","logo":{"@type":"ImageObject","inLanguage":"pt-BR","@id":"https:\/\/portalfadesp.org.br\/#\/schema\/logo\/image\/","url":"https:\/\/portalfadesp.org.br\/wp-content\/uploads\/2024\/01\/NOVOLOGOFADESPlaranjaH.png","contentUrl":"https:\/\/portalfadesp.org.br\/wp-content\/uploads\/2024\/01\/NOVOLOGOFADESPlaranjaH.png","width":2742,"height":839,"caption":"FADESP"},"image":{"@id":"https:\/\/portalfadesp.org.br\/#\/schema\/logo\/image\/"},"sameAs":["https:\/\/www.facebook.com\/Fadesp-138351949524662\/","https:\/\/x.com\/Fadesp","https:\/\/www.instagram.com\/fadesp_ufpa\/","https:\/\/www.youtube.com\/@fundacaodeamparoedesenvolv1903","https:\/\/www.threads.net\/@fadesp_ufpa"]}]}},"_links":{"self":[{"href":"https:\/\/portalfadesp.org.br\/index.php?rest_route=\/wp\/v2\/pages\/49354","targetHints":{"allow":["GET"]}}],"collection":[{"href":"https:\/\/portalfadesp.org.br\/index.php?rest_route=\/wp\/v2\/pages"}],"about":[{"href":"https:\/\/portalfadesp.org.br\/index.php?rest_route=\/wp\/v2\/types\/page"}],"author":[{"embeddable":true,"href":"https:\/\/portalfadesp.org.br\/index.php?rest_route=\/wp\/v2\/users\/12"}],"replies":[{"embeddable":true,"href":"https:\/\/portalfadesp.org.br\/index.php?rest_route=%2Fwp%2Fv2%2Fcomments&post=49354"}],"version-history":[{"count":73,"href":"https:\/\/portalfadesp.org.br\/index.php?rest_route=\/wp\/v2\/pages\/49354\/revisions"}],"predecessor-version":[{"id":52233,"href":"https:\/\/portalfadesp.org.br\/index.php?rest_route=\/wp\/v2\/pages\/49354\/revisions\/52233"}],"up":[{"embeddable":true,"href":"https:\/\/portalfadesp.org.br\/index.php?rest_route=\/wp\/v2\/pages\/329"}],"wp:attachment":[{"href":"https:\/\/portalfadesp.org.br\/index.php?rest_route=%2Fwp%2Fv2%2Fmedia&parent=49354"}],"curies":[{"name":"wp","href":"https:\/\/api.w.org\/{rel}","templated":true}]}}