{"id":4835,"date":"2019-11-05T15:11:46","date_gmt":"2019-11-05T18:11:46","guid":{"rendered":"https:\/\/162.215.13.167?page_id=4835"},"modified":"2022-12-21T15:10:03","modified_gmt":"2022-12-21T18:10:03","slug":"residencia-multiprofissional-em-atencao-a-clinica-integrada","status":"publish","type":"page","link":"https:\/\/portalfadesp.org.br\/?page_id=4835","title":{"rendered":"RESID\u00caNCIA MULTIPROFISSIONAL EM ATEN\u00c7\u00c3O A CL\u00cdNICA INTEGRADA"},"content":{"rendered":"\t\t<div data-elementor-type=\"wp-post\" data-elementor-id=\"4835\" class=\"elementor elementor-4835\" data-elementor-post-type=\"page\">\n\t\t\t\t\t\t<section class=\"elementor-section elementor-top-section elementor-element elementor-element-5cbdd6ec elementor-section-boxed elementor-section-height-default elementor-section-height-default\" data-id=\"5cbdd6ec\" data-element_type=\"section\">\n\t\t\t\t\t\t<div class=\"elementor-container elementor-column-gap-default\">\n\t\t\t\t\t<div class=\"elementor-column elementor-col-100 elementor-top-column elementor-element elementor-element-70dfc265\" data-id=\"70dfc265\" data-element_type=\"column\">\n\t\t\t<div class=\"elementor-widget-wrap elementor-element-populated\">\n\t\t\t\t\t\t<div class=\"elementor-element elementor-element-41e07633 elementor-widget elementor-widget-heading\" data-id=\"41e07633\" data-element_type=\"widget\" data-widget_type=\"heading.default\">\n\t\t\t\t<div class=\"elementor-widget-container\">\n\t\t\t\t\t<h1 class=\"elementor-heading-title elementor-size-default\">RESID\u00caNCIA MULTIPROFISSIONAL EM ATEN\u00c7\u00c3O A CL\u00cdNICA INTEGRADA\n<\/h1>\t\t\t\t<\/div>\n\t\t\t\t<\/div>\n\t\t\t\t<section class=\"elementor-section elementor-inner-section elementor-element elementor-element-112eb184 elementor-section-boxed elementor-section-height-default elementor-section-height-default\" data-id=\"112eb184\" data-element_type=\"section\">\n\t\t\t\t\t\t<div class=\"elementor-container elementor-column-gap-default\">\n\t\t\t\t\t<div class=\"elementor-column elementor-col-50 elementor-inner-column elementor-element elementor-element-1a9b8b33\" data-id=\"1a9b8b33\" data-element_type=\"column\">\n\t\t\t<div class=\"elementor-widget-wrap elementor-element-populated\">\n\t\t\t\t\t\t<div class=\"elementor-element elementor-element-a1cdffc elementor-widget elementor-widget-text-editor\" data-id=\"a1cdffc\" data-element_type=\"widget\" data-widget_type=\"text-editor.default\">\n\t\t\t\t<div class=\"elementor-widget-container\">\n\t\t\t\t\t\t\t\t\t<p><span style=\"color: #000000;\">A UFPA torna p\u00fablica a realiza\u00e7\u00e3o de Processo Seletivo para o \u201cPrograma de Resid\u00eancia Multiprofissional em Cl\u00ednica Integrada\u201d. Ser\u00e3o preenchidas 10 vagas para a turma de 2020\/2022, nas \u00e1reas de Odontologia, Servi\u00e7o Social, Biomedicina e Enfermagem.<\/span><br \/><span style=\"color: #000000;\">Trata-se de um programa de P\u00f3s-Gradua\u00e7\u00e3o Lato Sensu, com dura\u00e7\u00e3o de 24 meses e oferta de 10 bolsas pagas pelo Minist\u00e9rio da Educa\u00e7\u00e3o distribu\u00eddas nas \u00e1reas de biomedicina, enfermagem, odontologia e servi\u00e7o social. <\/span><br \/><span style=\"color: #000000;\">A sele\u00e7\u00e3o ocorre por edital p\u00fablico divulgado neste portal.<\/span><br \/><span style=\"color: #000000;\">O curso \u00e9 realizado em Bel\u00e9m e exige dedica\u00e7\u00e3o exclusiva do residente, durante os 24 meses.<\/span><br \/><span style=\"color: #000000;\">Os residentes\u00a0<span id=\"OBJ_PREFIX_DWT102_com_zimbra_date\" class=\"Object\" role=\"link\">ter<\/span>\u00e3o viv\u00eancias em v\u00e1rios cen\u00e1rios de servi\u00e7os de sa\u00fade, na perspectiva da forma\u00e7\u00e3o do especialista em cl\u00ednica integrada.<\/span><br \/><span style=\"color: #000000;\">O programa segue as Instru\u00e7\u00f5es Normativas da Comiss\u00e3o Nacional de Resid\u00eancia Multiprofissional em Sa\u00fade e do CONSEPE\/UFPA, artigo 13, Portaria\/MEC n.\u00ba 1077\/2009, Resolu\u00e7\u00e3o n\u00ba 1, de 21 de julho de 2015 e demais resolu\u00e7\u00f5es correlatas da Comiss\u00e3o Nacional de Resid\u00eancia Multiprofissional em Sa\u00fade e \u00c1rea Profissional de Sa\u00fade (CNRMS).<\/span><\/p>\t\t\t\t\t\t\t\t<\/div>\n\t\t\t\t<\/div>\n\t\t\t\t\t<\/div>\n\t\t<\/div>\n\t\t\t\t<div class=\"elementor-column elementor-col-50 elementor-inner-column elementor-element elementor-element-4bdedf4f\" data-id=\"4bdedf4f\" data-element_type=\"column\">\n\t\t\t<div class=\"elementor-widget-wrap elementor-element-populated\">\n\t\t\t\t\t\t<div class=\"elementor-element elementor-element-37836015 elementor-widget elementor-widget-text-editor\" data-id=\"37836015\" data-element_type=\"widget\" data-widget_type=\"text-editor.default\">\n\t\t\t\t<div class=\"elementor-widget-container\">\n\t\t\t\t\t\t\t\t\t<p style=\"text-align: center;\"><span style=\"color: #ffffff;\"><strong>Editais e Avisos<\/strong><\/span><\/p>\t\t\t\t\t\t\t\t<\/div>\n\t\t\t\t<\/div>\n\t\t\t\t<div class=\"elementor-element elementor-element-829c044 elementor-widget elementor-widget-text-editor\" data-id=\"829c044\" data-element_type=\"widget\" data-widget_type=\"text-editor.default\">\n\t\t\t\t<div class=\"elementor-widget-container\">\n\t\t\t\t\t\t\t\t\t<p><a href=\"http:\/\/concursos.fadesp.org.br\/CONVOCACAO%20PARA%20MATRICULA-4.pdf\">4\u00aa CONVOCA\u00c7\u00c3O PARA MATRICULA<\/a><\/p><p><a href=\"http:\/\/concursos.fadesp.org.br\/3CONVOCACAO%20PARA%203.pdf\">3\u00aa CONVOCA\u00c7\u00c3O PARA MATR\u00cdCULA<\/a><\/p><p><a href=\"http:\/\/concursos.fadesp.org.br\/2%20CONVOCACAO%20PARA%20MATRICULA.pdf\">2\u00aa CONVOCA\u00c7\u00c3O PARA MATR\u00cdCULA<\/a><\/p><p><a href=\"http:\/\/concursos.fadesp.org.br\/CONVOCACAO%20PARA%20MATRICULA.pdf\">1\u00aa CONVOCA\u00c7\u00c3O PARA MATR\u00cdCULA<\/a><\/p><p><a href=\"http:\/\/concursos.fadesp.org.br\/errata%20curri%CC%81culo%20servic%CC%A7o%20social.pdf\">Notas Atualizadas da \u00c1rea de Servi\u00e7o Social p\u00f3s Avalia\u00e7\u00e3o Recursal<\/a><\/p><p><a href=\"http:\/\/concursos.fadesp.org.br\/TERMO%20COMPROMISSO%20RESIDENTE.pdf\">TERMO COMPROMISSO<\/a><\/p><p><a href=\"http:\/\/concursos.fadesp.org.br\/Resultado%20de%20ana%CC%81lise%20POS%20RECURSO%20de%20curri%CC%81culo.pdf\">Resultado de ana\u0301lise POS RECURSO de Curri\u0301culo<\/a><\/p><p><a href=\"http:\/\/concursos.fadesp.org.br\/aviso%20alteracao%20de%20cronograma.pdf\">AVISO DE ALTERACAO DO CRONOGRAMA<\/a><\/p><p><a href=\"http:\/\/concursos.fadesp.org.br\/NOVO%20GABARITO.pdf\">Gabarito p\u00f3s-recurso<\/a><\/p><p><a href=\"http:\/\/concursos.fadesp.org.br\/Resultado%20de%20ana%CC%81lise%20de%20curri%CC%81culo.pdf\">Resultado de Ana\u0301lise de Curri\u0301culo<\/a>.<\/p><p><a href=\"http:\/\/concursos.fadesp.org.br\/Convoca%C3%A7%C3%A3o%20para%20entrega%20do%20curriculo%20e%20documentos.pdf\">Convoca\u00e7\u00e3o para entrega de Curr\u00edculo e Documentos.<\/a><\/p><p><a href=\"http:\/\/concursos.fadesp.org.br\/Resultado%20%20PROVA%20OBJETIVA%20RES%20MUL%20CLIN%20INTEG%202020.pdf\">A Coordena\u00e7\u00e3o da resid\u00eancia em cl\u00ednica integrada torna p\u00fablico o resultado da prova objetiva realizada em 15\/01\/2020.<\/a><\/p><p><a href=\"http:\/\/concursos.fadesp.org.br\/GABARITO%20PROVAS.pdf\">GABARITOS<\/a><\/p><p><a href=\"http:\/\/concursos.fadesp.org.br\/RATIFICA%C3%87%C3%83O%20DE%20CONVOCA%C3%87%C3%83O%20E%20LOCAL%20DE%20PROVA.pdf\">RATIFICA\u00c7\u00c3O DE CONVOCA\u00c7\u00c3O E LOCAL DE PROVA <\/a><\/p><p><a href=\"http:\/\/concursos.fadesp.org.br\/CONVOCACAO%20RESIDENCIA%20MULTIP.pdf\">CONVOCA\u00c7\u00c3O E LOCAL DE PROVA<\/a><\/p><p><a href=\"http:\/\/concursos.fadesp.org.br\/errata.pdf\">ERRATA DO EDITAL \u2013 turma 2020\/2022<\/a><\/p><p><a href=\"http:\/\/concursos.fadesp.org.br\/Inscri%C3%A7%C3%B5es%20homologadas.pdf\">INSCRI\u00c7\u00d5ES HOMOLOGADAS E CONVOCA\u00c7\u00c3O PARA PROVA DE RESID\u00caNCIA EM 15\/01\/2020<\/a><\/p><p><span style=\"color: #000000;\"><a href=\"http:\/\/concursos.fadesp.org.br\/RESULTADO%20ISENCAO%20GERAL%20FADESP.pdf\">RESULTADO DO PEDIDO DE ISEN\u00c7\u00c3O AO PAGAMENTO DE TAXA<\/a><\/span><\/p><p><a href=\"http:\/\/concursos.fadesp.org.br\/Edital_clinicaintegrada_2020.pdf\">EDITAL n\u00ba 1 &#8211; Abertura\u00a0<\/a><\/p>\t\t\t\t\t\t\t\t<\/div>\n\t\t\t\t<\/div>\n\t\t\t\t<div class=\"elementor-element elementor-element-6629840a elementor-widget elementor-widget-text-editor\" data-id=\"6629840a\" data-element_type=\"widget\" data-widget_type=\"text-editor.default\">\n\t\t\t\t<div class=\"elementor-widget-container\">\n\t\t\t\t\t\t\t\t\t<p style=\"text-align: center;\"><strong><br \/>Mais informa\u00e7\u00f5es pelo email residenciaclininufpa@gmail.com <\/strong><\/p><p style=\"text-align: center;\"><strong>ou pelo telefone (91) 984558778.<\/strong><a id=\"c7i2X3aNEx\" title=\"Tamanho: -1KB\" href=\"https:\/\/162.215.13.167midias\/anexos\/581_quadro_de_vagas_-_republicada.pdf\" target=\"_blank\" rel=\"noopener\"><\/a><\/p>\t\t\t\t\t\t\t\t<\/div>\n\t\t\t\t<\/div>\n\t\t\t\t\t<\/div>\n\t\t<\/div>\n\t\t\t\t\t<\/div>\n\t\t<\/section>\n\t\t\t\t\t<\/div>\n\t\t<\/div>\n\t\t\t\t\t<\/div>\n\t\t<\/section>\n\t\t\t\t<\/div>\n\t\t","protected":false},"excerpt":{"rendered":"<p>RESID\u00caNCIA MULTIPROFISSIONAL EM ATEN\u00c7\u00c3O A CL\u00cdNICA INTEGRADA A UFPA torna p\u00fablica a realiza\u00e7\u00e3o de Processo Seletivo para o \u201cPrograma de Resid\u00eancia Multiprofissional em Cl\u00ednica Integrada\u201d. Ser\u00e3o preenchidas 10 vagas para a turma de 2020\/2022, nas \u00e1reas de Odontologia, Servi\u00e7o Social, Biomedicina e Enfermagem.Trata-se de um programa de P\u00f3s-Gradua\u00e7\u00e3o Lato Sensu, com dura\u00e7\u00e3o de 24 meses [&hellip;]<\/p>\n","protected":false},"author":9,"featured_media":0,"parent":241,"menu_order":0,"comment_status":"closed","ping_status":"closed","template":"","meta":{"_monsterinsights_skip_tracking":false,"_monsterinsights_sitenote_active":false,"_monsterinsights_sitenote_note":"","_monsterinsights_sitenote_category":0,"footnotes":""},"class_list":["post-4835","page","type-page","status-publish","hentry","entry"],"yoast_head":"<!-- This site is optimized with the Yoast SEO plugin v25.1 - https:\/\/yoast.com\/wordpress\/plugins\/seo\/ -->\n<title>RESID\u00caNCIA MULTIPROFISSIONAL EM ATEN\u00c7\u00c3O A CL\u00cdNICA INTEGRADA - FADESP<\/title>\n<meta name=\"robots\" content=\"index, follow, max-snippet:-1, max-image-preview:large, max-video-preview:-1\" \/>\n<link rel=\"canonical\" href=\"https:\/\/portalfadesp.org.br\/?page_id=4835\" \/>\n<meta property=\"og:locale\" content=\"pt_BR\" \/>\n<meta property=\"og:type\" content=\"article\" \/>\n<meta property=\"og:title\" content=\"RESID\u00caNCIA MULTIPROFISSIONAL EM ATEN\u00c7\u00c3O A CL\u00cdNICA INTEGRADA - FADESP\" \/>\n<meta property=\"og:description\" content=\"RESID\u00caNCIA MULTIPROFISSIONAL EM ATEN\u00c7\u00c3O A CL\u00cdNICA INTEGRADA A UFPA torna p\u00fablica a realiza\u00e7\u00e3o de Processo Seletivo para o \u201cPrograma de Resid\u00eancia Multiprofissional em Cl\u00ednica Integrada\u201d. Ser\u00e3o preenchidas 10 vagas para a turma de 2020\/2022, nas \u00e1reas de Odontologia, Servi\u00e7o Social, Biomedicina e Enfermagem.Trata-se de um programa de P\u00f3s-Gradua\u00e7\u00e3o Lato Sensu, com dura\u00e7\u00e3o de 24 meses [&hellip;]\" \/>\n<meta property=\"og:url\" content=\"https:\/\/portalfadesp.org.br\/?page_id=4835\" \/>\n<meta property=\"og:site_name\" content=\"FADESP\" \/>\n<meta property=\"article:publisher\" content=\"https:\/\/www.facebook.com\/Fadesp-138351949524662\/\" \/>\n<meta property=\"article:modified_time\" content=\"2022-12-21T18:10:03+00:00\" \/>\n<meta name=\"twitter:card\" content=\"summary_large_image\" \/>\n<meta name=\"twitter:site\" content=\"@Fadesp\" \/>\n<meta name=\"twitter:label1\" content=\"Est. tempo de leitura\" \/>\n\t<meta name=\"twitter:data1\" content=\"2 minutos\" \/>\n<script type=\"application\/ld+json\" class=\"yoast-schema-graph\">{\"@context\":\"https:\/\/schema.org\",\"@graph\":[{\"@type\":\"WebPage\",\"@id\":\"https:\/\/portalfadesp.org.br\/?page_id=4835\",\"url\":\"https:\/\/portalfadesp.org.br\/?page_id=4835\",\"name\":\"RESID\u00caNCIA MULTIPROFISSIONAL EM ATEN\u00c7\u00c3O A CL\u00cdNICA INTEGRADA - FADESP\",\"isPartOf\":{\"@id\":\"https:\/\/portalfadesp.org.br\/#website\"},\"datePublished\":\"2019-11-05T18:11:46+00:00\",\"dateModified\":\"2022-12-21T18:10:03+00:00\",\"breadcrumb\":{\"@id\":\"https:\/\/portalfadesp.org.br\/?page_id=4835#breadcrumb\"},\"inLanguage\":\"pt-BR\",\"potentialAction\":[{\"@type\":\"ReadAction\",\"target\":[\"https:\/\/portalfadesp.org.br\/?page_id=4835\"]}]},{\"@type\":\"BreadcrumbList\",\"@id\":\"https:\/\/portalfadesp.org.br\/?page_id=4835#breadcrumb\",\"itemListElement\":[{\"@type\":\"ListItem\",\"position\":1,\"name\":\"In\u00edcio\",\"item\":\"https:\/\/portalfadesp.org.br\/\"},{\"@type\":\"ListItem\",\"position\":2,\"name\":\"Cursos\",\"item\":\"https:\/\/portalfadesp.org.br\/?page_id=241\"},{\"@type\":\"ListItem\",\"position\":3,\"name\":\"RESID\u00caNCIA MULTIPROFISSIONAL EM ATEN\u00c7\u00c3O A CL\u00cdNICA INTEGRADA\"}]},{\"@type\":\"WebSite\",\"@id\":\"https:\/\/portalfadesp.org.br\/#website\",\"url\":\"https:\/\/portalfadesp.org.br\/\",\"name\":\"FADESP\",\"description\":\"Funda\u00e7\u00e3o de Amparo e Desenvolvimento da Pesquisa\",\"publisher\":{\"@id\":\"https:\/\/portalfadesp.org.br\/#organization\"},\"potentialAction\":[{\"@type\":\"SearchAction\",\"target\":{\"@type\":\"EntryPoint\",\"urlTemplate\":\"https:\/\/portalfadesp.org.br\/?s={search_term_string}\"},\"query-input\":{\"@type\":\"PropertyValueSpecification\",\"valueRequired\":true,\"valueName\":\"search_term_string\"}}],\"inLanguage\":\"pt-BR\"},{\"@type\":\"Organization\",\"@id\":\"https:\/\/portalfadesp.org.br\/#organization\",\"name\":\"FADESP\",\"url\":\"https:\/\/portalfadesp.org.br\/\",\"logo\":{\"@type\":\"ImageObject\",\"inLanguage\":\"pt-BR\",\"@id\":\"https:\/\/portalfadesp.org.br\/#\/schema\/logo\/image\/\",\"url\":\"https:\/\/portalfadesp.org.br\/wp-content\/uploads\/2024\/01\/NOVOLOGOFADESPlaranjaH.png\",\"contentUrl\":\"https:\/\/portalfadesp.org.br\/wp-content\/uploads\/2024\/01\/NOVOLOGOFADESPlaranjaH.png\",\"width\":2742,\"height\":839,\"caption\":\"FADESP\"},\"image\":{\"@id\":\"https:\/\/portalfadesp.org.br\/#\/schema\/logo\/image\/\"},\"sameAs\":[\"https:\/\/www.facebook.com\/Fadesp-138351949524662\/\",\"https:\/\/x.com\/Fadesp\",\"https:\/\/www.instagram.com\/fadesp_ufpa\/\",\"https:\/\/www.youtube.com\/@fundacaodeamparoedesenvolv1903\",\"https:\/\/www.threads.net\/@fadesp_ufpa\"]}]}<\/script>\n<!-- \/ Yoast SEO plugin. -->","yoast_head_json":{"title":"RESID\u00caNCIA MULTIPROFISSIONAL EM ATEN\u00c7\u00c3O A CL\u00cdNICA INTEGRADA - FADESP","robots":{"index":"index","follow":"follow","max-snippet":"max-snippet:-1","max-image-preview":"max-image-preview:large","max-video-preview":"max-video-preview:-1"},"canonical":"https:\/\/portalfadesp.org.br\/?page_id=4835","og_locale":"pt_BR","og_type":"article","og_title":"RESID\u00caNCIA MULTIPROFISSIONAL EM ATEN\u00c7\u00c3O A CL\u00cdNICA INTEGRADA - FADESP","og_description":"RESID\u00caNCIA MULTIPROFISSIONAL EM ATEN\u00c7\u00c3O A CL\u00cdNICA INTEGRADA A UFPA torna p\u00fablica a realiza\u00e7\u00e3o de Processo Seletivo para o \u201cPrograma de Resid\u00eancia Multiprofissional em Cl\u00ednica Integrada\u201d. Ser\u00e3o preenchidas 10 vagas para a turma de 2020\/2022, nas \u00e1reas de Odontologia, Servi\u00e7o Social, Biomedicina e Enfermagem.Trata-se de um programa de P\u00f3s-Gradua\u00e7\u00e3o Lato Sensu, com dura\u00e7\u00e3o de 24 meses [&hellip;]","og_url":"https:\/\/portalfadesp.org.br\/?page_id=4835","og_site_name":"FADESP","article_publisher":"https:\/\/www.facebook.com\/Fadesp-138351949524662\/","article_modified_time":"2022-12-21T18:10:03+00:00","twitter_card":"summary_large_image","twitter_site":"@Fadesp","twitter_misc":{"Est. tempo de leitura":"2 minutos"},"schema":{"@context":"https:\/\/schema.org","@graph":[{"@type":"WebPage","@id":"https:\/\/portalfadesp.org.br\/?page_id=4835","url":"https:\/\/portalfadesp.org.br\/?page_id=4835","name":"RESID\u00caNCIA MULTIPROFISSIONAL EM ATEN\u00c7\u00c3O A CL\u00cdNICA INTEGRADA - FADESP","isPartOf":{"@id":"https:\/\/portalfadesp.org.br\/#website"},"datePublished":"2019-11-05T18:11:46+00:00","dateModified":"2022-12-21T18:10:03+00:00","breadcrumb":{"@id":"https:\/\/portalfadesp.org.br\/?page_id=4835#breadcrumb"},"inLanguage":"pt-BR","potentialAction":[{"@type":"ReadAction","target":["https:\/\/portalfadesp.org.br\/?page_id=4835"]}]},{"@type":"BreadcrumbList","@id":"https:\/\/portalfadesp.org.br\/?page_id=4835#breadcrumb","itemListElement":[{"@type":"ListItem","position":1,"name":"In\u00edcio","item":"https:\/\/portalfadesp.org.br\/"},{"@type":"ListItem","position":2,"name":"Cursos","item":"https:\/\/portalfadesp.org.br\/?page_id=241"},{"@type":"ListItem","position":3,"name":"RESID\u00caNCIA MULTIPROFISSIONAL EM ATEN\u00c7\u00c3O A CL\u00cdNICA INTEGRADA"}]},{"@type":"WebSite","@id":"https:\/\/portalfadesp.org.br\/#website","url":"https:\/\/portalfadesp.org.br\/","name":"FADESP","description":"Funda\u00e7\u00e3o de Amparo e Desenvolvimento da Pesquisa","publisher":{"@id":"https:\/\/portalfadesp.org.br\/#organization"},"potentialAction":[{"@type":"SearchAction","target":{"@type":"EntryPoint","urlTemplate":"https:\/\/portalfadesp.org.br\/?s={search_term_string}"},"query-input":{"@type":"PropertyValueSpecification","valueRequired":true,"valueName":"search_term_string"}}],"inLanguage":"pt-BR"},{"@type":"Organization","@id":"https:\/\/portalfadesp.org.br\/#organization","name":"FADESP","url":"https:\/\/portalfadesp.org.br\/","logo":{"@type":"ImageObject","inLanguage":"pt-BR","@id":"https:\/\/portalfadesp.org.br\/#\/schema\/logo\/image\/","url":"https:\/\/portalfadesp.org.br\/wp-content\/uploads\/2024\/01\/NOVOLOGOFADESPlaranjaH.png","contentUrl":"https:\/\/portalfadesp.org.br\/wp-content\/uploads\/2024\/01\/NOVOLOGOFADESPlaranjaH.png","width":2742,"height":839,"caption":"FADESP"},"image":{"@id":"https:\/\/portalfadesp.org.br\/#\/schema\/logo\/image\/"},"sameAs":["https:\/\/www.facebook.com\/Fadesp-138351949524662\/","https:\/\/x.com\/Fadesp","https:\/\/www.instagram.com\/fadesp_ufpa\/","https:\/\/www.youtube.com\/@fundacaodeamparoedesenvolv1903","https:\/\/www.threads.net\/@fadesp_ufpa"]}]}},"_links":{"self":[{"href":"https:\/\/portalfadesp.org.br\/index.php?rest_route=\/wp\/v2\/pages\/4835","targetHints":{"allow":["GET"]}}],"collection":[{"href":"https:\/\/portalfadesp.org.br\/index.php?rest_route=\/wp\/v2\/pages"}],"about":[{"href":"https:\/\/portalfadesp.org.br\/index.php?rest_route=\/wp\/v2\/types\/page"}],"author":[{"embeddable":true,"href":"https:\/\/portalfadesp.org.br\/index.php?rest_route=\/wp\/v2\/users\/9"}],"replies":[{"embeddable":true,"href":"https:\/\/portalfadesp.org.br\/index.php?rest_route=%2Fwp%2Fv2%2Fcomments&post=4835"}],"version-history":[{"count":66,"href":"https:\/\/portalfadesp.org.br\/index.php?rest_route=\/wp\/v2\/pages\/4835\/revisions"}],"predecessor-version":[{"id":38817,"href":"https:\/\/portalfadesp.org.br\/index.php?rest_route=\/wp\/v2\/pages\/4835\/revisions\/38817"}],"up":[{"embeddable":true,"href":"https:\/\/portalfadesp.org.br\/index.php?rest_route=\/wp\/v2\/pages\/241"}],"wp:attachment":[{"href":"https:\/\/portalfadesp.org.br\/index.php?rest_route=%2Fwp%2Fv2%2Fmedia&parent=4835"}],"curies":[{"name":"wp","href":"https:\/\/api.w.org\/{rel}","templated":true}]}}