{"id":48259,"date":"2025-02-12T13:48:39","date_gmt":"2025-02-12T16:48:39","guid":{"rendered":"https:\/\/portalfadesp.org.br\/?page_id=48259"},"modified":"2025-10-24T13:11:15","modified_gmt":"2025-10-24T16:11:15","slug":"pagina_modelo-19-13-6","status":"publish","type":"page","link":"https:\/\/portalfadesp.org.br\/?page_id=48259","title":{"rendered":"Curso de Especializa\u00e7\u00e3o em Farmacologia &#8211; ICS\/UFPA (2025)"},"content":{"rendered":"\t\t<div data-elementor-type=\"wp-post\" data-elementor-id=\"48259\" class=\"elementor elementor-48259\" data-elementor-post-type=\"page\">\n\t\t\t\t\t\t<section class=\"elementor-section elementor-top-section elementor-element elementor-element-1f2996d1 elementor-section-boxed elementor-section-height-default elementor-section-height-default\" data-id=\"1f2996d1\" data-element_type=\"section\">\n\t\t\t\t\t\t<div class=\"elementor-container elementor-column-gap-default\">\n\t\t\t\t\t<div class=\"elementor-column elementor-col-100 elementor-top-column elementor-element elementor-element-59a4b3f8\" data-id=\"59a4b3f8\" data-element_type=\"column\">\n\t\t\t<div class=\"elementor-widget-wrap elementor-element-populated\">\n\t\t\t\t\t\t<div class=\"elementor-element elementor-element-799471af elementor-widget elementor-widget-heading\" data-id=\"799471af\" data-element_type=\"widget\" data-widget_type=\"heading.default\">\n\t\t\t\t<div class=\"elementor-widget-container\">\n\t\t\t\t\t<h1 class=\"elementor-heading-title elementor-size-default\">Curso de Especializa\u00e7\u00e3o em Farmacologia - ICS\/UFPA (2025)<\/h1>\t\t\t\t<\/div>\n\t\t\t\t<\/div>\n\t\t\t\t<section class=\"elementor-section elementor-inner-section elementor-element elementor-element-336311f elementor-section-boxed elementor-section-height-default elementor-section-height-default\" data-id=\"336311f\" data-element_type=\"section\">\n\t\t\t\t\t\t<div class=\"elementor-container elementor-column-gap-default\">\n\t\t\t\t\t<div class=\"elementor-column elementor-col-50 elementor-inner-column elementor-element elementor-element-75ca0dc3\" data-id=\"75ca0dc3\" data-element_type=\"column\">\n\t\t\t<div class=\"elementor-widget-wrap elementor-element-populated\">\n\t\t\t\t\t\t<div class=\"elementor-element elementor-element-425a3096 elementor-widget elementor-widget-text-editor\" data-id=\"425a3096\" data-element_type=\"widget\" data-widget_type=\"text-editor.default\">\n\t\t\t\t<div class=\"elementor-widget-container\">\n\t\t\t\t\t\t\t\t\t<p>A Coordena\u00e7\u00e3o do Curso de Especializa\u00e7\u00e3o em Farmacologia, do Instituto de Ci\u00eancias da Sa\u00fade da Universidade Federal do Par\u00e1, aprovado pela Resolu\u00e7\u00e3o CONSEPE no 5.690, torna p\u00fablica a abertura das inscri\u00e7\u00f5es para o processo de sele\u00e7\u00e3o e admiss\u00e3o de sua 5a turma, em conformidade com a Resolu\u00e7\u00e3o regulamentado pela Resolu\u00e7\u00e3o CONSEPE no 5.425\/2021.<\/p><p><b>Pr\u00e9-requisitos:<\/b>Graduados em cursos da \u00e1rea de Ci\u00eancias da Sa\u00fade, Ci\u00eancias Biol\u00f3gicas e afins.<\/p><p><strong>Objetivos do curso<\/strong>: O Curso de Especializa\u00e7\u00e3o em Farmacologia se prop\u00f5e como ferramenta transformadora da realidade de nossa regi\u00e3o, promovendo o conhecimento farmacol\u00f3gico como ferramenta de eleva\u00e7\u00e3o da qualidade da terap\u00eautica e como agente promotor do uso racional de medicamentos. Orientando atividades que conduzam os profissionais da \u00e1rea da sa\u00fade ao desenvolvimento do conhecimento farmacol\u00f3gico, envolvendo as principais classes farmacol\u00f3gicas relacionadas ao sistema org\u00e2nico humano e suas patologias, seu desdobramento na pesquisa, desenvolvimento e principalmente na aplica\u00e7\u00e3o terap\u00eautica.<\/p><p><strong>Vagas:<\/strong> 60 (sessenta)<\/p><p><strong>Per\u00edodo de Inscri\u00e7\u00e3o: <\/strong>at\u00e9 30\/10\/2025<\/p><p><strong>Taxa de inscri\u00e7\u00e3o:<\/strong> R$:100,00<\/p><p><strong>Para mais informa\u00e7\u00f5es: <\/strong>espfarm.ufpa@gmail.com<\/p>\t\t\t\t\t\t\t\t<\/div>\n\t\t\t\t<\/div>\n\t\t\t\t\t<\/div>\n\t\t<\/div>\n\t\t\t\t<div class=\"elementor-column elementor-col-50 elementor-inner-column elementor-element elementor-element-79608089\" data-id=\"79608089\" data-element_type=\"column\">\n\t\t\t<div class=\"elementor-widget-wrap elementor-element-populated\">\n\t\t\t\t\t\t<div class=\"elementor-element elementor-element-7ccac55 elementor-widget elementor-widget-text-editor\" data-id=\"7ccac55\" data-element_type=\"widget\" data-widget_type=\"text-editor.default\">\n\t\t\t\t<div class=\"elementor-widget-container\">\n\t\t\t\t\t\t\t\t\t<p><span style=\"color: #ffffff;\"><strong>Editais\u00a0<\/strong><\/span><\/p>\t\t\t\t\t\t\t\t<\/div>\n\t\t\t\t<\/div>\n\t\t\t\t<div class=\"elementor-element elementor-element-368e568 elementor-widget elementor-widget-text-editor\" data-id=\"368e568\" data-element_type=\"widget\" data-widget_type=\"text-editor.default\">\n\t\t\t\t<div class=\"elementor-widget-container\">\n\t\t\t\t\t\t\t\t\t<p style=\"text-align: center;\">Reoferta de vagas <strong><a href=\"https:\/\/portalfadesp.org.br\/wp-content\/uploads\/2025\/10\/Edital_CESPFARMACO_n002_2025_retificado.pdf\">(Clique aqui)<\/a><\/strong><\/p><p style=\"text-align: center;\">Lista dos aprovados <strong><a href=\"https:\/\/portalfadesp.org.br\/wp-content\/uploads\/2025\/09\/APROVADOS-NO-CURSO-DE-ESPECIALIZACAO-EM-FARMACOLOGIA.pdf\">(Clique aqui)<\/a><\/strong><\/p><p style=\"text-align: center;\">Edital prorrogado 3 <strong><a href=\"https:\/\/portalfadesp.org.br\/wp-content\/uploads\/2025\/05\/Edital-CESPFARMACO-no-001-2025-Errata.pdf\">(Clique aqui)<\/a><\/strong><\/p><p style=\"text-align: center;\">Edital prorrogado<strong> 2<\/strong> <strong><a href=\"https:\/\/portalfadesp.org.br\/wp-content\/uploads\/2025\/04\/Retificacao-do-Edital-2025-Especializacao-em-Farmacologia-1.pdf\">(Clique aqui)<\/a><\/strong><\/p><p style=\"text-align: center;\">Edital prorrogado<strong> 1\u00a0<a href=\"https:\/\/portalfadesp.org.br\/wp-content\/uploads\/2025\/03\/Edital-Prorrogacao-CESPFARMACO-no-001-2025.pdf\">(Clique aqui)<\/a><\/strong><\/p><p style=\"text-align: center;\">Edital <strong><a href=\"https:\/\/portalfadesp.org.br\/wp-content\/uploads\/2025\/02\/Edital-2025-Especializacao-em-Farmacologia.pdf\">(Clique aqui)<\/a><\/strong><\/p>\t\t\t\t\t\t\t\t<\/div>\n\t\t\t\t<\/div>\n\t\t\t\t\t<\/div>\n\t\t<\/div>\n\t\t\t\t\t<\/div>\n\t\t<\/section>\n\t\t\t\t\t<\/div>\n\t\t<\/div>\n\t\t\t\t\t<\/div>\n\t\t<\/section>\n\t\t\t\t<\/div>\n\t\t","protected":false},"excerpt":{"rendered":"<p>Curso de Especializa\u00e7\u00e3o em Farmacologia &#8211; ICS\/UFPA (2025) A Coordena\u00e7\u00e3o do Curso de Especializa\u00e7\u00e3o em Farmacologia, do Instituto de Ci\u00eancias da Sa\u00fade da Universidade Federal do Par\u00e1, aprovado pela Resolu\u00e7\u00e3o CONSEPE no 5.690, torna p\u00fablica a abertura das inscri\u00e7\u00f5es para o processo de sele\u00e7\u00e3o e admiss\u00e3o de sua 5a turma, em conformidade com a Resolu\u00e7\u00e3o [&hellip;]<\/p>\n","protected":false},"author":12,"featured_media":0,"parent":0,"menu_order":0,"comment_status":"closed","ping_status":"closed","template":"","meta":{"_monsterinsights_skip_tracking":false,"_monsterinsights_sitenote_active":false,"_monsterinsights_sitenote_note":"","_monsterinsights_sitenote_category":0,"footnotes":""},"class_list":["post-48259","page","type-page","status-publish","hentry","entry"],"yoast_head":"<!-- This site is optimized with the Yoast SEO plugin v25.1 - https:\/\/yoast.com\/wordpress\/plugins\/seo\/ -->\n<title>Curso de Especializa\u00e7\u00e3o em Farmacologia - ICS\/UFPA (2025) - FADESP<\/title>\n<meta name=\"robots\" content=\"index, follow, max-snippet:-1, max-image-preview:large, max-video-preview:-1\" \/>\n<link rel=\"canonical\" href=\"https:\/\/portalfadesp.org.br\/?page_id=48259\" \/>\n<meta property=\"og:locale\" content=\"pt_BR\" \/>\n<meta property=\"og:type\" content=\"article\" \/>\n<meta property=\"og:title\" content=\"Curso de Especializa\u00e7\u00e3o em Farmacologia - ICS\/UFPA (2025) - FADESP\" \/>\n<meta property=\"og:description\" content=\"Curso de Especializa\u00e7\u00e3o em Farmacologia &#8211; ICS\/UFPA (2025) A Coordena\u00e7\u00e3o do Curso de Especializa\u00e7\u00e3o em Farmacologia, do Instituto de Ci\u00eancias da Sa\u00fade da Universidade Federal do Par\u00e1, aprovado pela Resolu\u00e7\u00e3o CONSEPE no 5.690, torna p\u00fablica a abertura das inscri\u00e7\u00f5es para o processo de sele\u00e7\u00e3o e admiss\u00e3o de sua 5a turma, em conformidade com a Resolu\u00e7\u00e3o [&hellip;]\" \/>\n<meta property=\"og:url\" content=\"https:\/\/portalfadesp.org.br\/?page_id=48259\" \/>\n<meta property=\"og:site_name\" content=\"FADESP\" \/>\n<meta property=\"article:publisher\" content=\"https:\/\/www.facebook.com\/Fadesp-138351949524662\/\" \/>\n<meta property=\"article:modified_time\" content=\"2025-10-24T16:11:15+00:00\" \/>\n<meta name=\"twitter:card\" content=\"summary_large_image\" \/>\n<meta name=\"twitter:site\" content=\"@Fadesp\" \/>\n<meta name=\"twitter:label1\" content=\"Est. tempo de leitura\" \/>\n\t<meta name=\"twitter:data1\" content=\"2 minutos\" \/>\n<script type=\"application\/ld+json\" class=\"yoast-schema-graph\">{\"@context\":\"https:\/\/schema.org\",\"@graph\":[{\"@type\":\"WebPage\",\"@id\":\"https:\/\/portalfadesp.org.br\/?page_id=48259\",\"url\":\"https:\/\/portalfadesp.org.br\/?page_id=48259\",\"name\":\"Curso de Especializa\u00e7\u00e3o em Farmacologia - ICS\/UFPA (2025) - FADESP\",\"isPartOf\":{\"@id\":\"https:\/\/portalfadesp.org.br\/#website\"},\"datePublished\":\"2025-02-12T16:48:39+00:00\",\"dateModified\":\"2025-10-24T16:11:15+00:00\",\"breadcrumb\":{\"@id\":\"https:\/\/portalfadesp.org.br\/?page_id=48259#breadcrumb\"},\"inLanguage\":\"pt-BR\",\"potentialAction\":[{\"@type\":\"ReadAction\",\"target\":[\"https:\/\/portalfadesp.org.br\/?page_id=48259\"]}]},{\"@type\":\"BreadcrumbList\",\"@id\":\"https:\/\/portalfadesp.org.br\/?page_id=48259#breadcrumb\",\"itemListElement\":[{\"@type\":\"ListItem\",\"position\":1,\"name\":\"In\u00edcio\",\"item\":\"https:\/\/portalfadesp.org.br\/\"},{\"@type\":\"ListItem\",\"position\":2,\"name\":\"Curso de Especializa\u00e7\u00e3o em Farmacologia &#8211; ICS\/UFPA (2025)\"}]},{\"@type\":\"WebSite\",\"@id\":\"https:\/\/portalfadesp.org.br\/#website\",\"url\":\"https:\/\/portalfadesp.org.br\/\",\"name\":\"FADESP\",\"description\":\"Funda\u00e7\u00e3o de Amparo e Desenvolvimento da Pesquisa\",\"publisher\":{\"@id\":\"https:\/\/portalfadesp.org.br\/#organization\"},\"potentialAction\":[{\"@type\":\"SearchAction\",\"target\":{\"@type\":\"EntryPoint\",\"urlTemplate\":\"https:\/\/portalfadesp.org.br\/?s={search_term_string}\"},\"query-input\":{\"@type\":\"PropertyValueSpecification\",\"valueRequired\":true,\"valueName\":\"search_term_string\"}}],\"inLanguage\":\"pt-BR\"},{\"@type\":\"Organization\",\"@id\":\"https:\/\/portalfadesp.org.br\/#organization\",\"name\":\"FADESP\",\"url\":\"https:\/\/portalfadesp.org.br\/\",\"logo\":{\"@type\":\"ImageObject\",\"inLanguage\":\"pt-BR\",\"@id\":\"https:\/\/portalfadesp.org.br\/#\/schema\/logo\/image\/\",\"url\":\"https:\/\/portalfadesp.org.br\/wp-content\/uploads\/2024\/01\/NOVOLOGOFADESPlaranjaH.png\",\"contentUrl\":\"https:\/\/portalfadesp.org.br\/wp-content\/uploads\/2024\/01\/NOVOLOGOFADESPlaranjaH.png\",\"width\":2742,\"height\":839,\"caption\":\"FADESP\"},\"image\":{\"@id\":\"https:\/\/portalfadesp.org.br\/#\/schema\/logo\/image\/\"},\"sameAs\":[\"https:\/\/www.facebook.com\/Fadesp-138351949524662\/\",\"https:\/\/x.com\/Fadesp\",\"https:\/\/www.instagram.com\/fadesp_ufpa\/\",\"https:\/\/www.youtube.com\/@fundacaodeamparoedesenvolv1903\",\"https:\/\/www.threads.net\/@fadesp_ufpa\"]}]}<\/script>\n<!-- \/ Yoast SEO plugin. -->","yoast_head_json":{"title":"Curso de Especializa\u00e7\u00e3o em Farmacologia - ICS\/UFPA (2025) - FADESP","robots":{"index":"index","follow":"follow","max-snippet":"max-snippet:-1","max-image-preview":"max-image-preview:large","max-video-preview":"max-video-preview:-1"},"canonical":"https:\/\/portalfadesp.org.br\/?page_id=48259","og_locale":"pt_BR","og_type":"article","og_title":"Curso de Especializa\u00e7\u00e3o em Farmacologia - ICS\/UFPA (2025) - FADESP","og_description":"Curso de Especializa\u00e7\u00e3o em Farmacologia &#8211; ICS\/UFPA (2025) A Coordena\u00e7\u00e3o do Curso de Especializa\u00e7\u00e3o em Farmacologia, do Instituto de Ci\u00eancias da Sa\u00fade da Universidade Federal do Par\u00e1, aprovado pela Resolu\u00e7\u00e3o CONSEPE no 5.690, torna p\u00fablica a abertura das inscri\u00e7\u00f5es para o processo de sele\u00e7\u00e3o e admiss\u00e3o de sua 5a turma, em conformidade com a Resolu\u00e7\u00e3o [&hellip;]","og_url":"https:\/\/portalfadesp.org.br\/?page_id=48259","og_site_name":"FADESP","article_publisher":"https:\/\/www.facebook.com\/Fadesp-138351949524662\/","article_modified_time":"2025-10-24T16:11:15+00:00","twitter_card":"summary_large_image","twitter_site":"@Fadesp","twitter_misc":{"Est. tempo de leitura":"2 minutos"},"schema":{"@context":"https:\/\/schema.org","@graph":[{"@type":"WebPage","@id":"https:\/\/portalfadesp.org.br\/?page_id=48259","url":"https:\/\/portalfadesp.org.br\/?page_id=48259","name":"Curso de Especializa\u00e7\u00e3o em Farmacologia - ICS\/UFPA (2025) - FADESP","isPartOf":{"@id":"https:\/\/portalfadesp.org.br\/#website"},"datePublished":"2025-02-12T16:48:39+00:00","dateModified":"2025-10-24T16:11:15+00:00","breadcrumb":{"@id":"https:\/\/portalfadesp.org.br\/?page_id=48259#breadcrumb"},"inLanguage":"pt-BR","potentialAction":[{"@type":"ReadAction","target":["https:\/\/portalfadesp.org.br\/?page_id=48259"]}]},{"@type":"BreadcrumbList","@id":"https:\/\/portalfadesp.org.br\/?page_id=48259#breadcrumb","itemListElement":[{"@type":"ListItem","position":1,"name":"In\u00edcio","item":"https:\/\/portalfadesp.org.br\/"},{"@type":"ListItem","position":2,"name":"Curso de Especializa\u00e7\u00e3o em Farmacologia &#8211; ICS\/UFPA (2025)"}]},{"@type":"WebSite","@id":"https:\/\/portalfadesp.org.br\/#website","url":"https:\/\/portalfadesp.org.br\/","name":"FADESP","description":"Funda\u00e7\u00e3o de Amparo e Desenvolvimento da Pesquisa","publisher":{"@id":"https:\/\/portalfadesp.org.br\/#organization"},"potentialAction":[{"@type":"SearchAction","target":{"@type":"EntryPoint","urlTemplate":"https:\/\/portalfadesp.org.br\/?s={search_term_string}"},"query-input":{"@type":"PropertyValueSpecification","valueRequired":true,"valueName":"search_term_string"}}],"inLanguage":"pt-BR"},{"@type":"Organization","@id":"https:\/\/portalfadesp.org.br\/#organization","name":"FADESP","url":"https:\/\/portalfadesp.org.br\/","logo":{"@type":"ImageObject","inLanguage":"pt-BR","@id":"https:\/\/portalfadesp.org.br\/#\/schema\/logo\/image\/","url":"https:\/\/portalfadesp.org.br\/wp-content\/uploads\/2024\/01\/NOVOLOGOFADESPlaranjaH.png","contentUrl":"https:\/\/portalfadesp.org.br\/wp-content\/uploads\/2024\/01\/NOVOLOGOFADESPlaranjaH.png","width":2742,"height":839,"caption":"FADESP"},"image":{"@id":"https:\/\/portalfadesp.org.br\/#\/schema\/logo\/image\/"},"sameAs":["https:\/\/www.facebook.com\/Fadesp-138351949524662\/","https:\/\/x.com\/Fadesp","https:\/\/www.instagram.com\/fadesp_ufpa\/","https:\/\/www.youtube.com\/@fundacaodeamparoedesenvolv1903","https:\/\/www.threads.net\/@fadesp_ufpa"]}]}},"_links":{"self":[{"href":"https:\/\/portalfadesp.org.br\/index.php?rest_route=\/wp\/v2\/pages\/48259","targetHints":{"allow":["GET"]}}],"collection":[{"href":"https:\/\/portalfadesp.org.br\/index.php?rest_route=\/wp\/v2\/pages"}],"about":[{"href":"https:\/\/portalfadesp.org.br\/index.php?rest_route=\/wp\/v2\/types\/page"}],"author":[{"embeddable":true,"href":"https:\/\/portalfadesp.org.br\/index.php?rest_route=\/wp\/v2\/users\/12"}],"replies":[{"embeddable":true,"href":"https:\/\/portalfadesp.org.br\/index.php?rest_route=%2Fwp%2Fv2%2Fcomments&post=48259"}],"version-history":[{"count":30,"href":"https:\/\/portalfadesp.org.br\/index.php?rest_route=\/wp\/v2\/pages\/48259\/revisions"}],"predecessor-version":[{"id":52435,"href":"https:\/\/portalfadesp.org.br\/index.php?rest_route=\/wp\/v2\/pages\/48259\/revisions\/52435"}],"wp:attachment":[{"href":"https:\/\/portalfadesp.org.br\/index.php?rest_route=%2Fwp%2Fv2%2Fmedia&parent=48259"}],"curies":[{"name":"wp","href":"https:\/\/api.w.org\/{rel}","templated":true}]}}