{"id":48185,"date":"2025-02-04T16:29:24","date_gmt":"2025-02-04T19:29:24","guid":{"rendered":"https:\/\/portalfadesp.org.br\/?page_id=48185"},"modified":"2025-08-26T13:50:10","modified_gmt":"2025-08-26T16:50:10","slug":"pagina_modelo-19-13-5","status":"publish","type":"page","link":"https:\/\/portalfadesp.org.br\/?page_id=48185","title":{"rendered":"ESPECIALIZA\u00c7\u00c3O EM GEST\u00c3O DE MELHORIAS EM AMBIENTE LEAN HEALTHCARE &#8211; CAMPUS UNIVERSIT\u00c1RIO DE ABAETETUBA\/UFPA"},"content":{"rendered":"\t\t<div data-elementor-type=\"wp-post\" data-elementor-id=\"48185\" class=\"elementor elementor-48185\" data-elementor-post-type=\"page\">\n\t\t\t\t\t\t<section class=\"elementor-section elementor-top-section elementor-element elementor-element-1f2996d1 elementor-section-boxed elementor-section-height-default elementor-section-height-default\" data-id=\"1f2996d1\" data-element_type=\"section\">\n\t\t\t\t\t\t<div class=\"elementor-container elementor-column-gap-default\">\n\t\t\t\t\t<div class=\"elementor-column elementor-col-100 elementor-top-column elementor-element elementor-element-59a4b3f8\" data-id=\"59a4b3f8\" data-element_type=\"column\">\n\t\t\t<div class=\"elementor-widget-wrap elementor-element-populated\">\n\t\t\t\t\t\t<div class=\"elementor-element elementor-element-799471af elementor-widget elementor-widget-heading\" data-id=\"799471af\" data-element_type=\"widget\" data-widget_type=\"heading.default\">\n\t\t\t\t<div class=\"elementor-widget-container\">\n\t\t\t\t\t<h1 class=\"elementor-heading-title elementor-size-default\">ESPECIALIZA\u00c7\u00c3O EM GEST\u00c3O DE MELHORIAS EM AMBIENTE LEAN HEALTHCARE - CAMPUS UNIVERSIT\u00c1RIO DE ABAETETUBA\/UFPA<\/h1>\t\t\t\t<\/div>\n\t\t\t\t<\/div>\n\t\t\t\t<section class=\"elementor-section elementor-inner-section elementor-element elementor-element-336311f elementor-section-boxed elementor-section-height-default elementor-section-height-default\" data-id=\"336311f\" data-element_type=\"section\">\n\t\t\t\t\t\t<div class=\"elementor-container elementor-column-gap-default\">\n\t\t\t\t\t<div class=\"elementor-column elementor-col-50 elementor-inner-column elementor-element elementor-element-75ca0dc3\" data-id=\"75ca0dc3\" data-element_type=\"column\">\n\t\t\t<div class=\"elementor-widget-wrap elementor-element-populated\">\n\t\t\t\t\t\t<div class=\"elementor-element elementor-element-425a3096 elementor-widget__width-initial elementor-widget elementor-widget-text-editor\" data-id=\"425a3096\" data-element_type=\"widget\" data-widget_type=\"text-editor.default\">\n\t\t\t\t<div class=\"elementor-widget-container\">\n\t\t\t\t\t\t\t\t\t<p>A coordenadora do curso de Especializa\u00e7\u00e3o em Gest\u00e3o de Melhorias em Ambiente Lean Healthcare da Universidade Federal do Par\u00e1 \u2013 Campus Universit\u00e1rio de Abaetetuba, Profa. Me. Elaine Cristina de Souza Angelim, no uso de suas atribui\u00e7\u00f5es legais dadas pela Portaria No 1049\/2024 &#8211; Reitoria e na forma do que disp\u00f5e a resolu\u00e7\u00e3o no 5.743 de 27 de Fevereiro de 2024, torna p\u00fablica a abertura de inscri\u00e7\u00f5es ao Processo Seletivo, para preenchimento de vagas do curso de Especializa\u00e7\u00e3o em Gest\u00e3o de Melhorias em Ambiente Lean Healthcare, com carga hor\u00e1ria de 430 horas, no formato modular, de forma autofinanciada.<\/p><p><b>P\u00fablico-alvo: <\/b>Profissionais de n\u00edvel superior formados na \u00e1rea da sa\u00fade (m\u00e9dico, enfermeiro, farmac\u00eauticos e \u00e1reas afins),<br \/>Engenharia de produ\u00e7\u00e3o , e Administra\u00e7\u00e3o de Empresas.<\/p><p><strong>Vagas:<\/strong> 45 (quarenta e cinco)\u00a0<\/p><p><strong>Per\u00edodo de Inscri\u00e7\u00e3o:<\/strong>18\/08\/2025 a 18\/09\/2025<\/p><p><strong>Local e hor\u00e1rio das entrevistas:\u00a0<\/strong>As entrevistas\u00a0 ser\u00e3o realizadas nas salas de Aula da Faculdade de Ci\u00eancias Exatas e Tecnologia. 8h \u00e0s<br \/>18h, mediante agendamento.<\/p><p><strong>Taxa de inscri\u00e7\u00e3o:<\/strong> R$:100,00<\/p>\t\t\t\t\t\t\t\t<\/div>\n\t\t\t\t<\/div>\n\t\t\t\t\t<\/div>\n\t\t<\/div>\n\t\t\t\t<div class=\"elementor-column elementor-col-50 elementor-inner-column elementor-element elementor-element-79608089\" data-id=\"79608089\" data-element_type=\"column\">\n\t\t\t<div class=\"elementor-widget-wrap elementor-element-populated\">\n\t\t\t\t\t\t<div class=\"elementor-element elementor-element-7ccac55 elementor-widget elementor-widget-text-editor\" data-id=\"7ccac55\" data-element_type=\"widget\" data-widget_type=\"text-editor.default\">\n\t\t\t\t<div class=\"elementor-widget-container\">\n\t\t\t\t\t\t\t\t\t<p><span style=\"color: #ffffff;\"><strong>Inscri\u00e7\u00e3o<\/strong><\/span><\/p>\t\t\t\t\t\t\t\t<\/div>\n\t\t\t\t<\/div>\n\t\t\t\t<div class=\"elementor-element elementor-element-c1e8d26 elementor-widget elementor-widget-text-editor\" data-id=\"c1e8d26\" data-element_type=\"widget\" data-widget_type=\"text-editor.default\">\n\t\t\t\t<div class=\"elementor-widget-container\">\n\t\t\t\t\t\t\t\t\t<p style=\"text-align: center;\"><strong>Para se inscrever, acesse:<\/strong> <a href=\"https:\/\/cursoseventos.fadesp.org.br\/gui\/PortalCursosEventos.aspx\">https:\/\/cursoseventos.fadesp.org.br\/gui\/PortalCursosEventos.aspx<\/a><\/p>\t\t\t\t\t\t\t\t<\/div>\n\t\t\t\t<\/div>\n\t\t\t\t<div class=\"elementor-element elementor-element-2c96b99 elementor-widget elementor-widget-text-editor\" data-id=\"2c96b99\" data-element_type=\"widget\" data-widget_type=\"text-editor.default\">\n\t\t\t\t<div class=\"elementor-widget-container\">\n\t\t\t\t\t\t\t\t\t<p><span style=\"color: #ffffff;\"><strong>Editais\u00a0<\/strong><\/span><\/p>\t\t\t\t\t\t\t\t<\/div>\n\t\t\t\t<\/div>\n\t\t\t\t<div class=\"elementor-element elementor-element-368e568 elementor-widget elementor-widget-text-editor\" data-id=\"368e568\" data-element_type=\"widget\" data-widget_type=\"text-editor.default\">\n\t\t\t\t<div class=\"elementor-widget-container\">\n\t\t\t\t\t\t\t\t\t<p style=\"text-align: center;\">Edital prorrogado 6 <strong><a href=\"https:\/\/portalfadesp.org.br\/wp-content\/uploads\/2025\/08\/6a-Prorrogacao_Edital-e-Anexos-da-Especializacao-Gestao-de-Melhoria-em-Ambiente-Lean-Healhcare.pdf\">(Clique aqui)<\/a><\/strong><\/p><p style=\"text-align: center;\">Edital prorrogado 5 <strong><a href=\"https:\/\/portalfadesp.org.br\/wp-content\/uploads\/2025\/07\/5a-Prorrogacao_Edital-e-Anexos-da-Especializacao-Gestao-de-Melhoria-em-Ambiente-Lean-Healhcare.pdf\">(Clique aqui)<\/a><\/strong><\/p><p style=\"text-align: center;\">Edital prorrogado 4 <strong><a href=\"https:\/\/portalfadesp.org.br\/wp-content\/uploads\/2025\/06\/4a-Prorrogacao_Edital-e-Anexos-da-Especializacao-Gestao-de-Melhoria-em-Ambiente-Lean-Healhcare.pdf\">(Clique aqui)<\/a><\/strong><\/p><p style=\"text-align: center;\">Edital prorrogado 2 <strong><a href=\"https:\/\/portalfadesp.org.br\/wp-content\/uploads\/2025\/05\/3a-Prorrogacao_Edital-e-Anexos-da-Especializacao-Gestao-de-Melhoria-em-Ambiente-Lean-Healhcare.pdf\">(Clique aqui)<\/a><\/strong><\/p><p style=\"text-align: center;\">Edital prorrogado 1 <strong><a href=\"https:\/\/portalfadesp.org.br\/wp-content\/uploads\/2025\/04\/2a-Prorrogacao_Edital-e-Anexos-da-Especializacao-Gestao-de-Melhoria-em-Ambiente-Lean-Healhcare.pdf\">(Clique aqui)<\/a><\/strong><\/p><p style=\"text-align: center;\">Edital 1 <strong><a href=\"https:\/\/portalfadesp.org.br\/wp-content\/uploads\/2025\/07\/Edital-e-Anexos-da-Especializacao-Gestao_de_Melhoria_em_Ambiente_Lean_Healhcare_4_assinado.pdf\">(Clique aqui)<\/a><\/strong><\/p>\t\t\t\t\t\t\t\t<\/div>\n\t\t\t\t<\/div>\n\t\t\t\t\t<\/div>\n\t\t<\/div>\n\t\t\t\t\t<\/div>\n\t\t<\/section>\n\t\t\t\t\t<\/div>\n\t\t<\/div>\n\t\t\t\t\t<\/div>\n\t\t<\/section>\n\t\t\t\t<\/div>\n\t\t","protected":false},"excerpt":{"rendered":"<p>ESPECIALIZA\u00c7\u00c3O EM GEST\u00c3O DE MELHORIAS EM AMBIENTE LEAN HEALTHCARE &#8211; CAMPUS UNIVERSIT\u00c1RIO DE ABAETETUBA\/UFPA A coordenadora do curso de Especializa\u00e7\u00e3o em Gest\u00e3o de Melhorias em Ambiente Lean Healthcare da Universidade Federal do Par\u00e1 \u2013 Campus Universit\u00e1rio de Abaetetuba, Profa. Me. Elaine Cristina de Souza Angelim, no uso de suas atribui\u00e7\u00f5es legais dadas pela Portaria No [&hellip;]<\/p>\n","protected":false},"author":12,"featured_media":0,"parent":0,"menu_order":0,"comment_status":"closed","ping_status":"closed","template":"","meta":{"_monsterinsights_skip_tracking":false,"_monsterinsights_sitenote_active":false,"_monsterinsights_sitenote_note":"","_monsterinsights_sitenote_category":0,"footnotes":""},"class_list":["post-48185","page","type-page","status-publish","hentry","entry"],"yoast_head":"<!-- This site is optimized with the Yoast SEO plugin v25.1 - https:\/\/yoast.com\/wordpress\/plugins\/seo\/ -->\n<title>ESPECIALIZA\u00c7\u00c3O EM GEST\u00c3O DE MELHORIAS EM AMBIENTE LEAN HEALTHCARE - CAMPUS UNIVERSIT\u00c1RIO DE ABAETETUBA\/UFPA - FADESP<\/title>\n<meta name=\"robots\" content=\"index, follow, max-snippet:-1, max-image-preview:large, max-video-preview:-1\" \/>\n<link rel=\"canonical\" href=\"https:\/\/portalfadesp.org.br\/?page_id=48185\" \/>\n<meta property=\"og:locale\" content=\"pt_BR\" \/>\n<meta property=\"og:type\" content=\"article\" \/>\n<meta property=\"og:title\" content=\"ESPECIALIZA\u00c7\u00c3O EM GEST\u00c3O DE MELHORIAS EM AMBIENTE LEAN HEALTHCARE - CAMPUS UNIVERSIT\u00c1RIO DE ABAETETUBA\/UFPA - FADESP\" \/>\n<meta property=\"og:description\" content=\"ESPECIALIZA\u00c7\u00c3O EM GEST\u00c3O DE MELHORIAS EM AMBIENTE LEAN HEALTHCARE &#8211; CAMPUS UNIVERSIT\u00c1RIO DE ABAETETUBA\/UFPA A coordenadora do curso de Especializa\u00e7\u00e3o em Gest\u00e3o de Melhorias em Ambiente Lean Healthcare da Universidade Federal do Par\u00e1 \u2013 Campus Universit\u00e1rio de Abaetetuba, Profa. Me. Elaine Cristina de Souza Angelim, no uso de suas atribui\u00e7\u00f5es legais dadas pela Portaria No [&hellip;]\" \/>\n<meta property=\"og:url\" content=\"https:\/\/portalfadesp.org.br\/?page_id=48185\" \/>\n<meta property=\"og:site_name\" content=\"FADESP\" \/>\n<meta property=\"article:publisher\" content=\"https:\/\/www.facebook.com\/Fadesp-138351949524662\/\" \/>\n<meta property=\"article:modified_time\" content=\"2025-08-26T16:50:10+00:00\" \/>\n<meta name=\"twitter:card\" content=\"summary_large_image\" \/>\n<meta name=\"twitter:site\" content=\"@Fadesp\" \/>\n<meta name=\"twitter:label1\" content=\"Est. tempo de leitura\" \/>\n\t<meta name=\"twitter:data1\" content=\"2 minutos\" \/>\n<script type=\"application\/ld+json\" class=\"yoast-schema-graph\">{\"@context\":\"https:\/\/schema.org\",\"@graph\":[{\"@type\":\"WebPage\",\"@id\":\"https:\/\/portalfadesp.org.br\/?page_id=48185\",\"url\":\"https:\/\/portalfadesp.org.br\/?page_id=48185\",\"name\":\"ESPECIALIZA\u00c7\u00c3O EM GEST\u00c3O DE MELHORIAS EM AMBIENTE LEAN HEALTHCARE - CAMPUS UNIVERSIT\u00c1RIO DE ABAETETUBA\/UFPA - FADESP\",\"isPartOf\":{\"@id\":\"https:\/\/portalfadesp.org.br\/#website\"},\"datePublished\":\"2025-02-04T19:29:24+00:00\",\"dateModified\":\"2025-08-26T16:50:10+00:00\",\"breadcrumb\":{\"@id\":\"https:\/\/portalfadesp.org.br\/?page_id=48185#breadcrumb\"},\"inLanguage\":\"pt-BR\",\"potentialAction\":[{\"@type\":\"ReadAction\",\"target\":[\"https:\/\/portalfadesp.org.br\/?page_id=48185\"]}]},{\"@type\":\"BreadcrumbList\",\"@id\":\"https:\/\/portalfadesp.org.br\/?page_id=48185#breadcrumb\",\"itemListElement\":[{\"@type\":\"ListItem\",\"position\":1,\"name\":\"In\u00edcio\",\"item\":\"https:\/\/portalfadesp.org.br\/\"},{\"@type\":\"ListItem\",\"position\":2,\"name\":\"ESPECIALIZA\u00c7\u00c3O EM GEST\u00c3O DE MELHORIAS EM AMBIENTE LEAN HEALTHCARE &#8211; CAMPUS UNIVERSIT\u00c1RIO DE ABAETETUBA\/UFPA\"}]},{\"@type\":\"WebSite\",\"@id\":\"https:\/\/portalfadesp.org.br\/#website\",\"url\":\"https:\/\/portalfadesp.org.br\/\",\"name\":\"FADESP\",\"description\":\"Funda\u00e7\u00e3o de Amparo e Desenvolvimento da Pesquisa\",\"publisher\":{\"@id\":\"https:\/\/portalfadesp.org.br\/#organization\"},\"potentialAction\":[{\"@type\":\"SearchAction\",\"target\":{\"@type\":\"EntryPoint\",\"urlTemplate\":\"https:\/\/portalfadesp.org.br\/?s={search_term_string}\"},\"query-input\":{\"@type\":\"PropertyValueSpecification\",\"valueRequired\":true,\"valueName\":\"search_term_string\"}}],\"inLanguage\":\"pt-BR\"},{\"@type\":\"Organization\",\"@id\":\"https:\/\/portalfadesp.org.br\/#organization\",\"name\":\"FADESP\",\"url\":\"https:\/\/portalfadesp.org.br\/\",\"logo\":{\"@type\":\"ImageObject\",\"inLanguage\":\"pt-BR\",\"@id\":\"https:\/\/portalfadesp.org.br\/#\/schema\/logo\/image\/\",\"url\":\"https:\/\/portalfadesp.org.br\/wp-content\/uploads\/2024\/01\/NOVOLOGOFADESPlaranjaH.png\",\"contentUrl\":\"https:\/\/portalfadesp.org.br\/wp-content\/uploads\/2024\/01\/NOVOLOGOFADESPlaranjaH.png\",\"width\":2742,\"height\":839,\"caption\":\"FADESP\"},\"image\":{\"@id\":\"https:\/\/portalfadesp.org.br\/#\/schema\/logo\/image\/\"},\"sameAs\":[\"https:\/\/www.facebook.com\/Fadesp-138351949524662\/\",\"https:\/\/x.com\/Fadesp\",\"https:\/\/www.instagram.com\/fadesp_ufpa\/\",\"https:\/\/www.youtube.com\/@fundacaodeamparoedesenvolv1903\",\"https:\/\/www.threads.net\/@fadesp_ufpa\"]}]}<\/script>\n<!-- \/ Yoast SEO plugin. -->","yoast_head_json":{"title":"ESPECIALIZA\u00c7\u00c3O EM GEST\u00c3O DE MELHORIAS EM AMBIENTE LEAN HEALTHCARE - CAMPUS UNIVERSIT\u00c1RIO DE ABAETETUBA\/UFPA - FADESP","robots":{"index":"index","follow":"follow","max-snippet":"max-snippet:-1","max-image-preview":"max-image-preview:large","max-video-preview":"max-video-preview:-1"},"canonical":"https:\/\/portalfadesp.org.br\/?page_id=48185","og_locale":"pt_BR","og_type":"article","og_title":"ESPECIALIZA\u00c7\u00c3O EM GEST\u00c3O DE MELHORIAS EM AMBIENTE LEAN HEALTHCARE - CAMPUS UNIVERSIT\u00c1RIO DE ABAETETUBA\/UFPA - FADESP","og_description":"ESPECIALIZA\u00c7\u00c3O EM GEST\u00c3O DE MELHORIAS EM AMBIENTE LEAN HEALTHCARE &#8211; CAMPUS UNIVERSIT\u00c1RIO DE ABAETETUBA\/UFPA A coordenadora do curso de Especializa\u00e7\u00e3o em Gest\u00e3o de Melhorias em Ambiente Lean Healthcare da Universidade Federal do Par\u00e1 \u2013 Campus Universit\u00e1rio de Abaetetuba, Profa. Me. Elaine Cristina de Souza Angelim, no uso de suas atribui\u00e7\u00f5es legais dadas pela Portaria No [&hellip;]","og_url":"https:\/\/portalfadesp.org.br\/?page_id=48185","og_site_name":"FADESP","article_publisher":"https:\/\/www.facebook.com\/Fadesp-138351949524662\/","article_modified_time":"2025-08-26T16:50:10+00:00","twitter_card":"summary_large_image","twitter_site":"@Fadesp","twitter_misc":{"Est. tempo de leitura":"2 minutos"},"schema":{"@context":"https:\/\/schema.org","@graph":[{"@type":"WebPage","@id":"https:\/\/portalfadesp.org.br\/?page_id=48185","url":"https:\/\/portalfadesp.org.br\/?page_id=48185","name":"ESPECIALIZA\u00c7\u00c3O EM GEST\u00c3O DE MELHORIAS EM AMBIENTE LEAN HEALTHCARE - CAMPUS UNIVERSIT\u00c1RIO DE ABAETETUBA\/UFPA - FADESP","isPartOf":{"@id":"https:\/\/portalfadesp.org.br\/#website"},"datePublished":"2025-02-04T19:29:24+00:00","dateModified":"2025-08-26T16:50:10+00:00","breadcrumb":{"@id":"https:\/\/portalfadesp.org.br\/?page_id=48185#breadcrumb"},"inLanguage":"pt-BR","potentialAction":[{"@type":"ReadAction","target":["https:\/\/portalfadesp.org.br\/?page_id=48185"]}]},{"@type":"BreadcrumbList","@id":"https:\/\/portalfadesp.org.br\/?page_id=48185#breadcrumb","itemListElement":[{"@type":"ListItem","position":1,"name":"In\u00edcio","item":"https:\/\/portalfadesp.org.br\/"},{"@type":"ListItem","position":2,"name":"ESPECIALIZA\u00c7\u00c3O EM GEST\u00c3O DE MELHORIAS EM AMBIENTE LEAN HEALTHCARE &#8211; CAMPUS UNIVERSIT\u00c1RIO DE ABAETETUBA\/UFPA"}]},{"@type":"WebSite","@id":"https:\/\/portalfadesp.org.br\/#website","url":"https:\/\/portalfadesp.org.br\/","name":"FADESP","description":"Funda\u00e7\u00e3o de Amparo e Desenvolvimento da Pesquisa","publisher":{"@id":"https:\/\/portalfadesp.org.br\/#organization"},"potentialAction":[{"@type":"SearchAction","target":{"@type":"EntryPoint","urlTemplate":"https:\/\/portalfadesp.org.br\/?s={search_term_string}"},"query-input":{"@type":"PropertyValueSpecification","valueRequired":true,"valueName":"search_term_string"}}],"inLanguage":"pt-BR"},{"@type":"Organization","@id":"https:\/\/portalfadesp.org.br\/#organization","name":"FADESP","url":"https:\/\/portalfadesp.org.br\/","logo":{"@type":"ImageObject","inLanguage":"pt-BR","@id":"https:\/\/portalfadesp.org.br\/#\/schema\/logo\/image\/","url":"https:\/\/portalfadesp.org.br\/wp-content\/uploads\/2024\/01\/NOVOLOGOFADESPlaranjaH.png","contentUrl":"https:\/\/portalfadesp.org.br\/wp-content\/uploads\/2024\/01\/NOVOLOGOFADESPlaranjaH.png","width":2742,"height":839,"caption":"FADESP"},"image":{"@id":"https:\/\/portalfadesp.org.br\/#\/schema\/logo\/image\/"},"sameAs":["https:\/\/www.facebook.com\/Fadesp-138351949524662\/","https:\/\/x.com\/Fadesp","https:\/\/www.instagram.com\/fadesp_ufpa\/","https:\/\/www.youtube.com\/@fundacaodeamparoedesenvolv1903","https:\/\/www.threads.net\/@fadesp_ufpa"]}]}},"_links":{"self":[{"href":"https:\/\/portalfadesp.org.br\/index.php?rest_route=\/wp\/v2\/pages\/48185","targetHints":{"allow":["GET"]}}],"collection":[{"href":"https:\/\/portalfadesp.org.br\/index.php?rest_route=\/wp\/v2\/pages"}],"about":[{"href":"https:\/\/portalfadesp.org.br\/index.php?rest_route=\/wp\/v2\/types\/page"}],"author":[{"embeddable":true,"href":"https:\/\/portalfadesp.org.br\/index.php?rest_route=\/wp\/v2\/users\/12"}],"replies":[{"embeddable":true,"href":"https:\/\/portalfadesp.org.br\/index.php?rest_route=%2Fwp%2Fv2%2Fcomments&post=48185"}],"version-history":[{"count":53,"href":"https:\/\/portalfadesp.org.br\/index.php?rest_route=\/wp\/v2\/pages\/48185\/revisions"}],"predecessor-version":[{"id":51882,"href":"https:\/\/portalfadesp.org.br\/index.php?rest_route=\/wp\/v2\/pages\/48185\/revisions\/51882"}],"wp:attachment":[{"href":"https:\/\/portalfadesp.org.br\/index.php?rest_route=%2Fwp%2Fv2%2Fmedia&parent=48185"}],"curies":[{"name":"wp","href":"https:\/\/api.w.org\/{rel}","templated":true}]}}