{"id":47988,"date":"2025-01-16T08:51:40","date_gmt":"2025-01-16T11:51:40","guid":{"rendered":"https:\/\/portalfadesp.org.br\/?page_id=47988"},"modified":"2025-12-10T13:05:37","modified_gmt":"2025-12-10T16:05:37","slug":"pagina_concurso_modelo-2-2-2","status":"publish","type":"page","link":"https:\/\/portalfadesp.org.br\/?page_id=47988","title":{"rendered":"CONCURSO P\u00daBLICO DA UNIVERSIDADE FEDERAL DO SUL E SUDESTE DO PAR\u00c1 &#8211; TAE\/UNIFESSPA (EDITAL N\u00b0 001\/2025)"},"content":{"rendered":"\t\t<div data-elementor-type=\"wp-post\" data-elementor-id=\"47988\" class=\"elementor elementor-47988\" data-elementor-post-type=\"page\">\n\t\t\t\t\t\t<section class=\"elementor-section elementor-top-section elementor-element elementor-element-1f2996d1 elementor-section-boxed elementor-section-height-default elementor-section-height-default\" data-id=\"1f2996d1\" data-element_type=\"section\">\n\t\t\t\t\t\t<div class=\"elementor-container elementor-column-gap-default\">\n\t\t\t\t\t<div class=\"elementor-column elementor-col-100 elementor-top-column elementor-element elementor-element-59a4b3f8\" data-id=\"59a4b3f8\" data-element_type=\"column\">\n\t\t\t<div class=\"elementor-widget-wrap elementor-element-populated\">\n\t\t\t\t\t\t<div class=\"elementor-element elementor-element-799471af elementor-widget elementor-widget-heading\" data-id=\"799471af\" data-element_type=\"widget\" data-widget_type=\"heading.default\">\n\t\t\t\t<div class=\"elementor-widget-container\">\n\t\t\t\t\t<h1 class=\"elementor-heading-title elementor-size-default\">CONCURSO P\u00daBLICO DA UNIVERSIDADE FEDERAL DO SUL E SUDESTE DO PAR\u00c1 - TAE\/UNIFESSPA (EDITAL N\u00b0 001\/2025)<\/h1>\t\t\t\t<\/div>\n\t\t\t\t<\/div>\n\t\t\t\t<section class=\"elementor-section elementor-inner-section elementor-element elementor-element-336311f elementor-section-boxed elementor-section-height-default elementor-section-height-default\" data-id=\"336311f\" data-element_type=\"section\">\n\t\t\t\t\t\t<div class=\"elementor-container elementor-column-gap-default\">\n\t\t\t\t\t<div class=\"elementor-column elementor-col-50 elementor-inner-column elementor-element elementor-element-75ca0dc3\" data-id=\"75ca0dc3\" data-element_type=\"column\">\n\t\t\t<div class=\"elementor-widget-wrap elementor-element-populated\">\n\t\t\t\t\t\t<div class=\"elementor-element elementor-element-425a3096 elementor-widget elementor-widget-text-editor\" data-id=\"425a3096\" data-element_type=\"widget\" data-widget_type=\"text-editor.default\">\n\t\t\t\t<div class=\"elementor-widget-container\">\n\t\t\t\t\t\t\t\t\t<p>O REITOR DA UNIVERSIDADE FEDERAL DO SUL E SUDESTE DO PAR\u00c1 (Unifesspa), no exerc\u00edcio de suas atribui\u00e7\u00f5es legais, conferidas pelo decreto presidencial de 16 de setembro de 2024, publicado no Di\u00e1rio Oficial da Uni\u00e3o n\u00ba 180, de 17 de setembro de 2024, se\u00e7\u00e3o 2, pg. 1, e tendo em vista o disposto na Lei n\u00b0 12.824, de 5 de junho de 2013, que criou a Universidade Federal do Sul e Sudeste do Par\u00e1 (Unifesspa), o art. 2\u00b0 do Decreto n\u00ba 7.232, de 19 de julho de 2010, que disp\u00f5e sobre os quantitativos de lota\u00e7\u00e3o dos cargos dos n\u00edveis de classifica\u00e7\u00e3o \u201cD\u201d e \u201cE\u201d integrantes do plano de carreira dos cargos T\u00e9cnico-Administrativos em Educa\u00e7\u00e3o), em conformidade com as Leis n\u00ba 8.112, de 11 de dezembro de 1990 (RJU), Lei n\u00ba 11.091, de 12 de janeiro de 2005 (estrutura\u00e7\u00e3o dos T\u00e9cnico-Administrativos em Educa\u00e7\u00e3o), e com o Decreto n\u00ba 9.739, de 28 de mar\u00e7o de 2019 (estabelece normas sobre concursos p\u00fablicos dentre outros), o DECRETO N\u00ba 9.508, DE 24 DE SETEMBRO DE 2018 (reserva \u00e0s pessoas com defici\u00eancia percentual de cargos e de empregos p\u00fablicos ofertados em concursos p\u00fablicos e em processos seletivos no \u00e2mbito da administra\u00e7\u00e3o p\u00fablica federal direta e indireta), e a INSTRU\u00c7\u00c3O NORMATIVA MGI N\u00ba 23, DE 25 DE JULHO DE 2023 (disciplina a aplica\u00e7\u00e3o da reserva de vagas para pessoas negras nos concursos p\u00fablicos, na forma da Lei n\u00b0 12.990, de 9 de junho de 2014 no \u00e2mbito dos \u00f3rg\u00e3os e entidades da administra\u00e7\u00e3o p\u00fablica federal direta, aut\u00e1rquica e fundacional), torna p\u00fablica a realiza\u00e7\u00e3o do concurso p\u00fablico de provas e t\u00edtulos para o provimento de cargos da Carreira de T\u00e9cnico-Administrativo em Educa\u00e7\u00e3o do quadro de pessoal da Universidade Federal do Sul e Sudeste do Par\u00e1 (Unifesspa), mediante as condi\u00e7\u00f5es estabelecidas neste Edital.<\/p><div><b>A sele\u00e7\u00e3o para os cargos compreender\u00e1 as seguintes fases:<\/b><br \/><b>1\u00aa Fase<\/b>\u00a0\u2013 Provas Objetivas e Discursivas para todos os cargos de n\u00edveis D e E \u2013 De car\u00e1ter eliminat\u00f3rio e classificat\u00f3rio, realizadas na modalidade presencial, com detalhamento apresentado neste Edital;<br \/><b>2\u00aa Fase<\/b> \u2013 Prova Pr\u00e1tica para pessoas candidatas aos cargos de n\u00edvel D, de T\u00e9cnico de Laborat\u00f3rio \/ \u00c1reas de: Audiovisual, Eletr\u00f4nica, Minera\u00e7\u00e3o, Eletromec\u00e2nica, Design e Editora\u00e7\u00e3o, Qu\u00edmica e Automa\u00e7\u00e3o Industrial \u2013 De car\u00e1ter eliminat\u00f3rio e classificat\u00f3rio, realizada na modalidade presencial, com detalhamento apresentado neste Edital;<br \/><b>2\u00aa Fase<\/b>\u00a0\u2013 Prova de T\u00edtulos para todos os cargos de n\u00edvel E \u2013 De car\u00e1ter classificat\u00f3rio, realizada na modalidade on-line, com detalhamento apresentado neste Edital.<br \/>&#8211; Haver\u00e1 ainda a\u00a0<b>Etapa de Avalia\u00e7\u00e3o Biopsicossocial<\/b>, para pessoas candidatas n\u00e3o eliminadas na Prova Objetiva da 1\u00aa Fase do Concurso P\u00fablico, que requisitaram concorrer \u00e0s vagas destinadas a Pessoa com Defici\u00eancia (PcD) e\u00a0a\u00a0<b>Etapa de Heteroidentifica\u00e7\u00e3o<\/b>, para pessoas candidatas n\u00e3o eliminadas na Prova Objetiva da 1\u00aa Fase do Concurso P\u00fablico, que requisitaram concorrer \u00e0s vagas destinadas \u00e0s Pessoas Negras (pretas e pardas).<\/div><div>\u00a0<\/div><div><p><span style=\"color: #000000; font-family: arial, sans-serif;\"><b>Total de vagas ofertadas\u00a0= 110 (encontra-se no Anexo I \u2013 Quadro de vagas) do edital.<\/b><\/span><\/p><p><span style=\"color: #000000; font-family: arial, sans-serif;\"><b>\u2013 Valor das taxas de Inscri\u00e7\u00e3o:<br \/>R$ 110,00 (cento e dez reais) para todos os cargos de n\u00edvel E (superior);<br \/>R$ 100,00 (cem reais) para todos os cargos de n\u00edvel D (m\u00e9dio).<\/b><\/span><\/p><p><span style=\"color: #000000; font-family: arial, sans-serif;\"><b>O cronograma das atividades do concurso est\u00e1 dispon\u00edvel no ANEXO III do Edital N\u00ba 001\/2025 &#8211; TAE\/Unifesspa<\/b><\/span><b>.<\/b><\/p><\/div>\t\t\t\t\t\t\t\t<\/div>\n\t\t\t\t<\/div>\n\t\t\t\t\t<\/div>\n\t\t<\/div>\n\t\t\t\t<div class=\"elementor-column elementor-col-50 elementor-inner-column elementor-element elementor-element-79608089\" data-id=\"79608089\" data-element_type=\"column\">\n\t\t\t<div class=\"elementor-widget-wrap elementor-element-populated\">\n\t\t\t\t\t\t<div class=\"elementor-element elementor-element-be06623 elementor-widget elementor-widget-text-editor\" data-id=\"be06623\" data-element_type=\"widget\" data-widget_type=\"text-editor.default\">\n\t\t\t\t<div class=\"elementor-widget-container\">\n\t\t\t\t\t\t\t\t\t<h3 class=\"botaoBug\"><a href=\"https:\/\/concursos3.fadesp.org.br\/prefeitura\/2025\/unifesspa\/web\/\"><strong>\u00c1rea do candidato (Clique aqui)<\/strong><\/a><\/h3><div><em>* Na \u00e1rea do candidato poder\u00e1 ser realizado seu cadastro, inscri\u00e7\u00e3o, emiss\u00e3o de boleto, recursos, impress\u00e3o de cart\u00e3o com local de prova e afins\u2026<\/em><\/div>\t\t\t\t\t\t\t\t<\/div>\n\t\t\t\t<\/div>\n\t\t\t\t<div class=\"elementor-element elementor-element-7ccac55 elementor-widget elementor-widget-text-editor\" data-id=\"7ccac55\" data-element_type=\"widget\" data-widget_type=\"text-editor.default\">\n\t\t\t\t<div class=\"elementor-widget-container\">\n\t\t\t\t\t\t\t\t\t<p><strong>Editais\u00a0<\/strong><\/p>\t\t\t\t\t\t\t\t<\/div>\n\t\t\t\t<\/div>\n\t\t\t\t<div class=\"elementor-element elementor-element-f816ced elementor-widget elementor-widget-text-editor\" data-id=\"f816ced\" data-element_type=\"widget\" data-widget_type=\"text-editor.default\">\n\t\t\t\t<div class=\"elementor-widget-container\">\n\t\t\t\t\t\t\t\t\t<p><a href=\"https:\/\/portalfadesp.org.br\/wp-content\/uploads\/2025\/12\/Edital_057_2025_TAE_Unifesspa_2025-Abertura-de-Novo-Prazo-Recursal-da-Prova-Discursiva-Sub-Judice.pdf\">Edital 057\/2025 &#8211; TAE\/Unifesspa &#8211; 2025 Abertura de Novo Prazo Recursal da Prova Discursiva Sub Judice, de 10\/12\/2025 <strong>(Clique aqui)<\/strong><\/a><\/p><p><a href=\"https:\/\/portalfadesp.org.br\/wp-content\/uploads\/2025\/09\/Edital_056_2025_TAE_Unifesspa_2025-Relacao-Definitiva-das-Pessoas-Candidatas-Negras-Retificado.pdf\">Edital 056\/2025 &#8211; TAE\/Unifesspa &#8211; Rela\u00e7\u00e3o Definitiva das Pessoas Candidatas Negras Retificado, de 02\/09\/2025 <strong>(Clique aqui)<\/strong><\/a><\/p><p><a href=\"https:\/\/portalfadesp.org.br\/wp-content\/uploads\/2025\/09\/Edital_055_2025_TAE_Unifesspa_2025-Relacao-Definitiva-das-Pessoas-com-Deficiencia-Retificado.pdf\">Edital 055\/2025 &#8211; TAE\/Unifesspa &#8211; Rela\u00e7\u00e3o Definitiva das Pessoas com Defici\u00eancia Retificado, de 02\/09\/2025 <strong>(Clique aqui)<\/strong><\/a><\/p><p><a href=\"https:\/\/portalfadesp.org.br\/wp-content\/uploads\/2025\/09\/Edital_054_2025_TAE_Unifesspa_2025-Relacao-Definitiva-das-Pessoas-Candidatas-Retificado.pdf\">Edital 054\/2025 &#8211; TAE\/Unifesspa &#8211; Rela\u00e7\u00e3o Definitiva das Pessoas Candidatas Retificado, de 02\/09\/2025 <strong>(Clique aqui)<\/strong><\/a><\/p><p><a href=\"https:\/\/portalfadesp.org.br\/wp-content\/uploads\/2025\/09\/Edital_053_2025_TAE_Unifesspa_2025-Resultado-Final-Definitivo-do-Concurso-Publico-Retificado.pdf\">Edital 053\/2025 &#8211; TAE\/Unifesspa &#8211; Resultado Final Definitivo do Concurso P\u00fablico Retificado, de 02\/09\/2025 <strong>(Clique aqui)<\/strong><\/a><\/p><p><a href=\"https:\/\/portalfadesp.org.br\/wp-content\/uploads\/2025\/08\/Edital_052_2025_TAE_Unifesspa_2025-Retificacao-Resultado-Final-Preliminar-do-Concurso-Publico.pdf\">Edital 052\/2025 &#8211; TAE\/Unifesspa &#8211; Retifica\u00e7\u00e3o Resultado Final Preliminar do Concurso P\u00fablico, de 27\/08\/2025 <strong>(Clique aqui)<\/strong><\/a><\/p><p><a href=\"https:\/\/portalfadesp.org.br\/wp-content\/uploads\/2025\/08\/Edital_051_2025_TAE_Unifesspa_2025-Resultado-Definitivo-da-Prova-de-Titulos-Sub-Judice.pdf\">Edital 051\/2025 &#8211; TAE\/Unifesspa &#8211; Resultado Definitivo da Prova de T\u00edtulos Sub Judice, de 26\/08\/2025 <strong>(Clique aqui)<\/strong><\/a><\/p><p><a href=\"https:\/\/portalfadesp.org.br\/wp-content\/uploads\/2025\/08\/Edital_050_2025_TAE_Unifesspa_2025-Resultado-Preliminar-da-Prova-de-Titulos-Sub-Judice.pdf\">Edital 050\/2025 &#8211; TAE\/Unifesspa &#8211; Resultado Preliminar da Prova de T\u00edtulos Sub Judice, de 19\/08\/2025 <strong>(Clique aqui)<\/strong><\/a><\/p><p><a href=\"https:\/\/portalfadesp.org.br\/wp-content\/uploads\/2025\/08\/Edital_049_2025_TAE_Unifesspa_2025-Convocacao-da-pessoa-candidata-apta-a-prova-de-Titulos-Sub-Judice.pdf\">Edital 049\/2025 &#8211; TAE\/Unifesspa &#8211; Convoca\u00e7\u00e3o da pessoa candidata apta \u00e0 prova de T\u00edtulos Sub Judice, de 06\/08\/2025 <strong>(Clique aqui)<\/strong><\/a><\/p><p><a href=\"https:\/\/portalfadesp.org.br\/wp-content\/uploads\/2025\/08\/Edital_048_2025_TAE_Unifesspa_2025-Resultado-Definitivo-da-1a-Fase-Sub-Judice.pdf\">Edital 048\/2025 &#8211; TAE\/Unifesspa &#8211; Resultado Definitivo da 1\u00aa Fase Sub Judice, de 06\/08\/2025 <strong>(Clique aqui)<\/strong><\/a><\/p><p><a href=\"https:\/\/portalfadesp.org.br\/wp-content\/uploads\/2025\/08\/Edital_047_2025_TAE_Unifesspa_2025-Resultado-Preliminar-da-1a-Fase-Sub-Judice-Retificado.pdf\">Edital 047\/2025 &#8211; TAE\/Unifesspa &#8211; Resultado Preliminar da 1\u00aa Fase Sub Judice Retificado, de 06\/08\/2025 <strong>(Clique aqui)<\/strong><\/a><\/p><p><a href=\"https:\/\/portalfadesp.org.br\/wp-content\/uploads\/2025\/07\/Edital_046_2025_TAE_Unifesspa_2025-Resultado-Preliminar-da-1a-Fase-Sub-Judice.pdf\">Edital 046\/2025 &#8211; TAE\/Unifesspa &#8211; Resultado Preliminar da 1\u00aa Fase Sub Judice, de 30\/07\/2025 <strong>(Clique aqui)<\/strong><\/a><\/p><p><a href=\"https:\/\/portalfadesp.org.br\/wp-content\/uploads\/2025\/07\/Edital_045_2025_TAE_Unifesspa_2025-Resultado-Definitivo-da-Prova-Discursiva-Sub-Judice.pdf\">Edital 045\/2025 &#8211; TAE\/Unifesspa &#8211; Resultado Definitivo da Prova Discursiva Sub Judice, de 30\/07\/2025 <strong>(Clique aqui)<\/strong><\/a><\/p><p><a href=\"https:\/\/portalfadesp.org.br\/wp-content\/uploads\/2025\/07\/Edital_044_2025_TAE_Unifesspa_2025-Resultado-Preliminar-da-Prova-Discursiva-Sub-Judice.pdf\">Edital 044\/2025 &#8211; TAE\/Unifesspa &#8211; Resultado Preliminar da Prova Discursiva Sub Judice, de 22\/07\/2025 <strong>(Clique aqui)<\/strong><\/a><\/p><p><a href=\"https:\/\/portalfadesp.org.br\/wp-content\/uploads\/2025\/07\/Edital_043_2025_TAE_Unifesspa_2025-Relacao-Definitiva-das-Pessoas-Candidatas-Negras.pdf\">Edital 043\/2025 &#8211; TAE\/Unifesspa &#8211; Rela\u00e7\u00e3o Definitiva das Pessoas Candidatas Negras, de 08\/07\/2025 <strong>(Clique aqui)<\/strong><\/a><\/p><p><a href=\"https:\/\/portalfadesp.org.br\/wp-content\/uploads\/2025\/07\/Edital_042_2025_TAE_Unifesspa_2025-Relacao-Definitiva-das-Pessoas-com-Deficiencia.pdf\">Edital 042\/2025 &#8211; TAE\/Unifesspa &#8211; Rela\u00e7\u00e3o Definitiva das Pessoas com Defici\u00eancia, de 08\/07\/2025 <strong>(Clique aqui)<\/strong><\/a><\/p><p><a href=\"https:\/\/portalfadesp.org.br\/wp-content\/uploads\/2025\/07\/Edital_041_2025_TAE_Unifesspa_2025-Relacao-Definitiva-das-Pessoas-Candidatas.pdf\">Edital 041\/2025 &#8211; TAE\/Unifesspa &#8211; Rela\u00e7\u00e3o Definitiva das Pessoas Candidatas, de 08\/07\/2025 <strong>(Clique aqui)<\/strong><\/a><\/p><p><a href=\"https:\/\/portalfadesp.org.br\/wp-content\/uploads\/2025\/07\/Edital_040_2025_TAE_Unifesspa_2025-Resultado-Final-Definitivo-do-Concurso-Publico.pdf\">Edital 040\/2025 &#8211; TAE\/Unifesspa &#8211; Resultado Final Definitivo do Concurso P\u00fablico, de 08\/07\/2025 <strong>(Clique aqui)<\/strong><\/a><\/p><p><a href=\"https:\/\/portalfadesp.org.br\/wp-content\/uploads\/2025\/07\/Edital_039_2025_TAE_Unifesspa_2025-Resultado-Final-Preliminar-do-Concurso-Publico.pdf\">Edital 039\/2025 &#8211; TAE\/Unifesspa &#8211; Resultado Final Preliminar, de 02\/07\/2025 <strong>(Clique aqui)<\/strong><\/a><\/p><p><a href=\"https:\/\/portalfadesp.org.br\/wp-content\/uploads\/2025\/07\/Edital_038_2025_TAE_Unifesspa_2025-Resultado-Definitivo-da-Prova-de-Titulos.pdf\">Edital 038\/2025 &#8211; TAE\/Unifesspa &#8211; Resultado Definitivo da Prova de T\u00edtulos, de 01\/07\/2025 <strong>(Clique aqui)<\/strong><\/a><\/p><p><a href=\"https:\/\/portalfadesp.org.br\/wp-content\/uploads\/2025\/07\/Edital_037_2025_TAE_Unifesspa_2025-Resultado-Definitivo-das-Provas-Praticas.pdf\">Edital 037\/2025 &#8211; TAE\/Unifesspa &#8211; Resultado Definitivo das Provas Pr\u00e1ticas, de 01\/07\/2025 <strong>(Clique aqui)<\/strong><\/a><\/p><p><a href=\"https:\/\/portalfadesp.org.br\/wp-content\/uploads\/2025\/06\/Edital_036_2025_TAE_Unifesspa_2025-Retifica-item-do-Edital-relativo-a-opcao-de-lotacao-de-pessoas-classificadas.pdf\">Edital 036\/2025 &#8211; TAE\/Unifesspa &#8211; Retifica item do Edital relativo \u00e0 op\u00e7\u00e3o de lota\u00e7\u00e3o de pessoas classificadas, de 30\/06\/2025 <strong>(Clique aqui)<\/strong><\/a><\/p><p><a href=\"https:\/\/portalfadesp.org.br\/wp-content\/uploads\/2025\/06\/Edital_035_2025_TAE_Unifesspa_2025-Resultado-Preliminar-da-Prova-de-Titulos.pdf\">Edital 035\/2025 &#8211; TAE\/Unifesspa &#8211; Resultado Preliminar da Prova de T\u00edtulos, de 24\/06\/2025 <strong>(Clique aqui)<\/strong><\/a><\/p><p><a href=\"https:\/\/portalfadesp.org.br\/wp-content\/uploads\/2025\/06\/Edital_034_2025_TAE_Unifesspa_2025-Resultado-Preliminar-das-Provas-Praticas.pdf\">Edital 034\/2025 &#8211; TAE\/Unifesspa &#8211; Resultado Preliminar das Provas Pr\u00e1ticas, de 24\/06\/2025 <strong>(Clique aqui)<\/strong><\/a><\/p><p><a href=\"https:\/\/portalfadesp.org.br\/wp-content\/uploads\/2025\/06\/Edital_033_2025_TAE_Unifesspa_2025-Listagem-Definitiva-destacando-e-convocando-as-aptas-a-prova-de-Titulos.pdf\">Edital 033\/2025 &#8211; TAE\/Unifesspa &#8211; Listagem Definitiva destacando e convocando as aptas \u00e0 prova de T\u00edtulos, de 06\/06\/2025 <strong>(Clique aqui)<\/strong><\/a><\/p><p><a href=\"https:\/\/portalfadesp.org.br\/wp-content\/uploads\/2025\/06\/Intrucoes-para-Provas-Praticas.pdf\">Instru\u00e7\u00f5es para Provas Pr\u00e1ticas, de 04\/06\/2025 <strong>(Clique aqui)<\/strong><\/a><\/p><p><a href=\"https:\/\/portalfadesp.org.br\/wp-content\/uploads\/2025\/06\/Edital_032_2025_TAE_Unifesspa_2025-Listagem-Preliminar-com-destaque-as-pesssoas-aptas-a-prova-de-Titulos.pdf\">Edital 032\/2025 &#8211; TAE\/Unifesspa &#8211; Listagem Preliminar com destaque \u00e0s pesssoas aptas \u00e0 prova de T\u00edtulos, de 04\/06\/2025 <strong>(Clique aqui)<\/strong><\/a><\/p><p><a href=\"https:\/\/portalfadesp.org.br\/wp-content\/uploads\/2025\/06\/Edital_031_2025_TAE_Unifesspa_2025-Convocacao-para-Provas-Praticas.pdf\">Edital 031\/2025 -TAE\/Unifesspa &#8211; Convoca\u00e7\u00e3o para Provas Pr\u00e1ticas, de 04\/06\/2025 <strong>(Clique aqui)<\/strong><\/a><\/p><p><a href=\"https:\/\/portalfadesp.org.br\/wp-content\/uploads\/2025\/06\/Edital_030_2025_TAE_Unifesspa_2025-Resultado-Definitivo-da-1a-Fase.pdf\">Edital 030\/2025 &#8211; TAE\/Unifesspa &#8211; Resultado Definitivo da 1\u00aa Fase, de 04\/06\/2025 <strong>(Clique aqui)<\/strong><\/a><\/p><p><a href=\"https:\/\/portalfadesp.org.br\/wp-content\/uploads\/2025\/06\/Edital_029_2025_TAE_Unifesspa_2025-Retifica-itens-do-Edital-relativos-as-Provas-Pratica-e-de-Titulos.pdf\">Edital 029\/2025 &#8211; TAE\/Unifesspa &#8211; Retifica itens do Edital relativos \u00e0s Provas Pr\u00e1tica e de T\u00edtulos, de 03\/06\/2025 <strong>(Clique aqui)<\/strong><\/a><\/p><p><a href=\"https:\/\/portalfadesp.org.br\/wp-content\/uploads\/2025\/05\/Edital_028_2025_TAE_Unifesspa_2025-Resultado-Preliminar-da-1a-Fase.pdf\">Edital 028\/2025 &#8211; TAE\/Unifesspa &#8211; Resultado Preliminar da 1\u00aa Fase, de 28\/05\/2025 <strong>(Clique aqui)<\/strong><\/a><\/p><p><a href=\"https:\/\/portalfadesp.org.br\/wp-content\/uploads\/2025\/05\/Edital_027_2025_TAE_Unifesspa_2025-Resultado-Definitivo-da-Prova-Discursiva.pdf\">Edital 027\/2025 &#8211; TAE\/Unifesspa &#8211; Resultado Definitivo da Prova Discursiva, de 28\/05\/2025 <strong>(Clique aqui)<\/strong><\/a><\/p><p><a href=\"https:\/\/portalfadesp.org.br\/wp-content\/uploads\/2025\/05\/Criterios-Correcao-e-Pontuacao-das-Questoes-Discursivas.pdf\">Crit\u00e9rios para Corre\u00e7\u00e3o e Pontua\u00e7\u00e3o das Quest\u00f5es Discursivas, de 20\/05\/2025 <strong>(Clique aqui)<\/strong><\/a><\/p><p><a href=\"https:\/\/portalfadesp.org.br\/wp-content\/uploads\/2025\/05\/Edital_026_2025_TAE_Unifesspa_2025-Resultado-Preliminar-da-Prova-Discursiva.pdf\">Edital 026\/2025 &#8211; TAE\/Unifesspa &#8211; Resultado Preliminar da Prova Discursiva, de 20\/05\/2025 <strong>(Clique aqui)<\/strong><\/a><\/p><p><a href=\"https:\/\/portalfadesp.org.br\/wp-content\/uploads\/2025\/05\/Edital_025_2025_TAE_Unifesspa-Listagem-Geral-Definitiva-com-as-Pessoas-aptas-a-Redacao.pdf\">Edital 025\/2025 &#8211; TAE\/Unifesspa &#8211; Listagem Geral Definitiva com as Pessoas aptas \u00e0 Reda\u00e7\u00e3o, de 19\/05\/2025 <strong>(Clique aqui)<\/strong><\/a><\/p><p><a href=\"https:\/\/portalfadesp.org.br\/wp-content\/uploads\/2025\/05\/Edital_024_2025_TAE_Unifesspa-Listagem-Geral-Preliminar-com-as-Pessoas-aptas-a-Redacao.pdf\">Edital 024\/2025 &#8211; TAE\/Unifesspa &#8211; Listagem Geral Preliminar com as Pessoas aptas \u00e0 Reda\u00e7\u00e3o, de 14\/05\/2025 <strong>(Clique aqui)<\/strong><\/a><\/p><p><a href=\"https:\/\/portalfadesp.org.br\/wp-content\/uploads\/2025\/05\/Edital_023_2025_TAE_Unifesspa_2025-Resultado-Definitivo-Etapa-de-Heteroidentificacao-14_05_2025.pdf\">Edital 023\/2025 -TAE\/Unifesspa &#8211; Resultado Definitivo da Etapa de Heteroidentifica\u00e7\u00e3o, de 14\/05\/2025 <strong>(Clique aqui)<\/strong><\/a><\/p><p><a href=\"https:\/\/portalfadesp.org.br\/wp-content\/uploads\/2025\/05\/Edital_022_2025_TAE_Unifesspa_2025-Resultado-Definitivo-da-Avaliacao-Biopsicossocial-14_05_2025.pdf\">Edital 022\/2025 -TAE\/Unifesspa &#8211; Resultado Definitivo da Avalia\u00e7\u00e3o Biopsicossocial, de 14\/05\/2025 <strong>(Clique aqui)<\/strong><\/a><\/p><p><a href=\"https:\/\/portalfadesp.org.br\/wp-content\/uploads\/2025\/05\/Edital_021_2025_TAE_Unifesspa_2025-Resultado-Preliminar-Etapa-de-Heteroidentificacao-09_05_2025.pdf\">Edital 021\/2025 &#8211; TAE\/Unifesspa &#8211; Resultado Preliminar Etapa de Heteroidentifica\u00e7\u00e3o, de 09\/05\/2025 <strong>(Clique aqui)<\/strong><\/a><\/p><p><a href=\"https:\/\/portalfadesp.org.br\/wp-content\/uploads\/2025\/05\/Edital_020_2025_TAE_Unifesspa_2025-Resultado-Preliminar-das-Avaliacao-Biopsicossocial.pdf\">Edital 020\/2025 &#8211; TAE\/Unifesspa &#8211; Resultado Preliminar da Avalia\u00e7\u00e3o Biopsicossocial, de 09\/05\/2025 <strong>(Clique aqui)<\/strong><\/a><\/p><p><a href=\"https:\/\/portalfadesp.org.br\/wp-content\/uploads\/2025\/04\/Portaria-no-007-Comissao-de-Heteroidentificacao.pdf\">Portaria n\u00ba 007 Comiss\u00e3o de Heteroidentifica\u00e7\u00e3o, de 30\/04\/2025 <strong>(Clique aqui)<\/strong><\/a><\/p><p><a href=\"https:\/\/portalfadesp.org.br\/wp-content\/uploads\/2025\/04\/CURRICULO-RESUMIDO-COMISSAO-DE-HETEROIDENTIFICACAO.pdf\">Curr\u00edculo Resumido da Comiss\u00e3o de Heteroidentifica\u00e7\u00e3o, de 30\/04\/2025 <strong>(Clique aqui)<\/strong><\/a><\/p><p><a href=\"https:\/\/portalfadesp.org.br\/wp-content\/uploads\/2025\/04\/Edital_019_2025_TAE_Unifesspa_2025-Convocacao-para-a-Etapa-de-Heteroidentificacao-30_04_2025.pdf\">Edital 019\/2025 &#8211; TAE\/Unifesspa &#8211; Convoca\u00e7\u00e3o para a Etapa de Heteroidentifica\u00e7\u00e3o, de 30\/04\/2025 <strong>(Clique aqui)<\/strong><\/a><\/p><p><a href=\"https:\/\/portalfadesp.org.br\/wp-content\/uploads\/2025\/04\/Edital_018_2025_TAE_Unifesspa_2025-Convocacao-para-a-Etapa-Biopsicossocial.pdf\">Edital 018\/2025 &#8211; TAE\/Unifesspa &#8211; Convoca\u00e7\u00e3o para a Etapa Biopsicossocial, de 30\/04\/2025 <strong>(Clique aqui)<\/strong><\/a><\/p><p><a href=\"https:\/\/portalfadesp.org.br\/wp-content\/uploads\/2025\/04\/Edital_017_2025_TAE_Unifesspa_2025-Resultado-Definitivo-das-Provas-Objetivas-30_04_2025.pdf\">Edital 017\/2025 &#8211; TAE\/Unifesspa &#8211; Resultado Definitivo das Provas Objetivas, de 30\/04\/2025 <strong>(Clique aqui)<\/strong><\/a><\/p><p><a href=\"https:\/\/portalfadesp.org.br\/wp-content\/uploads\/2025\/04\/Edital_016_2025_TAE_Unifesspa_2025-Adendo-ao-Cronograma-do-Concurso-Publico-23_04_2025.pdf\">Edital 016\/2025 &#8211; TAE\/Unifesspa &#8211; Adendo ao Cronograma do Concurso P\u00fablico, de 23\/04\/2025 <strong>(Clique aqui)<\/strong><\/a><\/p><p><a href=\"https:\/\/portalfadesp.org.br\/wp-content\/uploads\/2025\/04\/Edital_015_2025_TAE_Unifesspa_2025-Resultado-Preliminar-das-Provas-Objetivas-23_04_2025.pdf\">Edital 015\/2025 &#8211; TAE\/Unifesspa &#8211; Resultado Preliminar das Provas Objetivas, de 23\/04\/2025 <strong>(Clique aqui)<\/strong><\/a><\/p><p><a href=\"https:\/\/portalfadesp.org.br\/wp-content\/uploads\/2025\/04\/Aviso_01_2025_TAE_Unifesspa_2025-Retificacao-do-Gabarito-Definitivo-do-cargo-de-Engenheiro_Area-Eletrica.pdf\">Aviso 01\/2025 &#8211; TAE\/Unifesspa &#8211; Retifica\u00e7\u00e3o do Gabarito Definitivo do cargo de Engenheiro \u00c1rea El\u00e9trica, de 11\/04\/2025 <strong>(Clique aqui)<\/strong><\/a><\/p>\t\t\t\t\t\t\t\t<\/div>\n\t\t\t\t<\/div>\n\t\t\t\t<div class=\"elementor-element elementor-element-6421061 elementor-widget elementor-widget-eael-adv-accordion\" data-id=\"6421061\" data-element_type=\"widget\" data-widget_type=\"eael-adv-accordion.default\">\n\t\t\t\t<div class=\"elementor-widget-container\">\n\t\t\t\t\t        <div class=\"eael-adv-accordion\" id=\"eael-adv-accordion-6421061\" data-scroll-on-click=\"no\" data-scroll-speed=\"300\" data-accordion-id=\"6421061\" data-accordion-type=\"accordion\" data-toogle-speed=\"300\">\n    <div class=\"eael-accordion-list\">\n                <div id=\"nvel-e-manh-provas-gabaritos-e-grade\" class=\"elementor-tab-title eael-accordion-header\" tabindex=\"0\" data-tab=\"1\" aria-controls=\"elementor-tab-content-1041\"><span class=\"eael-advanced-accordion-icon-closed\"><svg aria-hidden=\"true\" class=\"fa-accordion-icon e-font-icon-svg e-fas-plus\" viewBox=\"0 0 448 512\" xmlns=\"http:\/\/www.w3.org\/2000\/svg\"><path d=\"M416 208H272V64c0-17.67-14.33-32-32-32h-32c-17.67 0-32 14.33-32 32v144H32c-17.67 0-32 14.33-32 32v32c0 17.67 14.33 32 32 32h144v144c0 17.67 14.33 32 32 32h32c17.67 0 32-14.33 32-32V304h144c17.67 0 32-14.33 32-32v-32c0-17.67-14.33-32-32-32z\"><\/path><\/svg><\/span><span class=\"eael-advanced-accordion-icon-opened\"><svg aria-hidden=\"true\" class=\"fa-accordion-icon e-font-icon-svg e-fas-minus\" viewBox=\"0 0 448 512\" xmlns=\"http:\/\/www.w3.org\/2000\/svg\"><path d=\"M416 208H32c-17.67 0-32 14.33-32 32v32c0 17.67 14.33 32 32 32h384c17.67 0 32-14.33 32-32v-32c0-17.67-14.33-32-32-32z\"><\/path><\/svg><\/span><h5 class=\"eael-accordion-tab-title\">N\u00edvel E - Manh\u00e3 - Provas, Gabaritos e Grade<\/h5><svg aria-hidden=\"true\" class=\"fa-toggle e-font-icon-svg e-fas-angle-right\" viewBox=\"0 0 256 512\" xmlns=\"http:\/\/www.w3.org\/2000\/svg\"><path d=\"M224.3 273l-136 136c-9.4 9.4-24.6 9.4-33.9 0l-22.6-22.6c-9.4-9.4-9.4-24.6 0-33.9l96.4-96.4-96.4-96.4c-9.4-9.4-9.4-24.6 0-33.9L54.3 103c9.4-9.4 24.6-9.4 33.9 0l136 136c9.5 9.4 9.5 24.6.1 34z\"><\/path><\/svg><\/div><div id=\"elementor-tab-content-1041\" class=\"eael-accordion-content clearfix\" data-tab=\"1\" aria-labelledby=\"nvel-e-manh-provas-gabaritos-e-grade\"><p><a href=\"https:\/\/portalfadesp.org.br\/wp-content\/uploads\/2025\/04\/GABARITO-OFICIAL-DEFINITIVO-CARGOS-DE-NIVEL-E-TURNO-MANHA-10_04_2025.pdf\">GABARITO OFICIAL DEFINITIVO CARGOS DE N\u00cdVEL E TURNO MANH\u00c3, de 10\/04\/2025 <strong>(Clique aqui)<\/strong><\/a><\/p><p><a href=\"https:\/\/portalfadesp.org.br\/wp-content\/uploads\/2025\/04\/GRADE-OFICIAL-DEFINTIVA-QUESTAO-DISCURSIVA-CARGOS-DE-NIVEL-E-TURNO-MANHA-10_04_2025.pdf\">GRADE OFICIAL DEFINTIVA QUEST\u00c3O DISCURSIVA CARGOS DE N\u00cdVEL E TURNO MANH\u00c3, de 10\/04\/2025 <strong>(Clique aqui)<\/strong><\/a><\/p><p><a href=\"https:\/\/drive.google.com\/drive\/folders\/13P6N9LzrdB1wEfPhw4R8G6J2EbP2iT3F?usp=sharing\">Provas N\u00edvel E (Superior) &#8211; Manh\u00e3, de 31\/03\/2025 <strong>(Clique aqui)<\/strong><\/a><\/p><p><a href=\"https:\/\/portalfadesp.org.br\/wp-content\/uploads\/2025\/03\/GABARITO-OFICIAL-PRELIMINAR-CARGOS-DE-NIVEL-E-TURNO-MANHA-31_03_2025-NH3J4IK2.pdf\">GABARITO OFICIAL PRELIMINAR CARGOS DE N\u00cdVEL E TURNO MANH\u00c3, de 31\/03\/2025 <strong>(Clique aqui)<\/strong><\/a><\/p><p><a href=\"https:\/\/portalfadesp.org.br\/wp-content\/uploads\/2025\/03\/GRADE-OFICIAL-PRELIMINAR-QUESTAO-DISCURSIVA-31_03_2025-NH3J4IK2.pdf\">GRADE OFICIAL PRELIMINAR QUEST\u00c3O DISCURSIVA, de 31\/03\/2025 <strong>(Clique aqui)<\/strong><\/a><\/p><\/div>\n                <\/div><\/div>\t\t\t\t<\/div>\n\t\t\t\t<\/div>\n\t\t\t\t<div class=\"elementor-element elementor-element-df52847 elementor-widget elementor-widget-eael-adv-accordion\" data-id=\"df52847\" data-element_type=\"widget\" data-widget_type=\"eael-adv-accordion.default\">\n\t\t\t\t<div class=\"elementor-widget-container\">\n\t\t\t\t\t        <div class=\"eael-adv-accordion\" id=\"eael-adv-accordion-df52847\" data-scroll-on-click=\"no\" data-scroll-speed=\"300\" data-accordion-id=\"df52847\" data-accordion-type=\"accordion\" data-toogle-speed=\"300\">\n    <div class=\"eael-accordion-list\">\n                <div id=\"nvel-d-tarde-provas-gabaritos-e-grade\" class=\"elementor-tab-title eael-accordion-header\" tabindex=\"0\" data-tab=\"1\" aria-controls=\"elementor-tab-content-2341\"><span class=\"eael-advanced-accordion-icon-closed\"><svg aria-hidden=\"true\" class=\"fa-accordion-icon e-font-icon-svg e-fas-plus\" viewBox=\"0 0 448 512\" xmlns=\"http:\/\/www.w3.org\/2000\/svg\"><path d=\"M416 208H272V64c0-17.67-14.33-32-32-32h-32c-17.67 0-32 14.33-32 32v144H32c-17.67 0-32 14.33-32 32v32c0 17.67 14.33 32 32 32h144v144c0 17.67 14.33 32 32 32h32c17.67 0 32-14.33 32-32V304h144c17.67 0 32-14.33 32-32v-32c0-17.67-14.33-32-32-32z\"><\/path><\/svg><\/span><span class=\"eael-advanced-accordion-icon-opened\"><svg aria-hidden=\"true\" class=\"fa-accordion-icon e-font-icon-svg e-fas-minus\" viewBox=\"0 0 448 512\" xmlns=\"http:\/\/www.w3.org\/2000\/svg\"><path d=\"M416 208H32c-17.67 0-32 14.33-32 32v32c0 17.67 14.33 32 32 32h384c17.67 0 32-14.33 32-32v-32c0-17.67-14.33-32-32-32z\"><\/path><\/svg><\/span><h5 class=\"eael-accordion-tab-title\">N\u00edvel D - Tarde - Provas, Gabaritos e Grade<\/h5><svg aria-hidden=\"true\" class=\"fa-toggle e-font-icon-svg e-fas-angle-right\" viewBox=\"0 0 256 512\" xmlns=\"http:\/\/www.w3.org\/2000\/svg\"><path d=\"M224.3 273l-136 136c-9.4 9.4-24.6 9.4-33.9 0l-22.6-22.6c-9.4-9.4-9.4-24.6 0-33.9l96.4-96.4-96.4-96.4c-9.4-9.4-9.4-24.6 0-33.9L54.3 103c9.4-9.4 24.6-9.4 33.9 0l136 136c9.5 9.4 9.5 24.6.1 34z\"><\/path><\/svg><\/div><div id=\"elementor-tab-content-2341\" class=\"eael-accordion-content clearfix\" data-tab=\"1\" aria-labelledby=\"nvel-d-tarde-provas-gabaritos-e-grade\"><p><a href=\"https:\/\/portalfadesp.org.br\/wp-content\/uploads\/2025\/04\/GABARITO-OFICIAL-DEFINITIVO-CARGOS-DE-NIVEL-D-TURNO-TARDE-10_04_2025.pdf\">GABARITO OFICIAL DEFINITIVO CARGOS DE N\u00cdVEL D TURNO TARDE, de 10\/04\/2025 <strong>(Clique aqui)<\/strong><\/a><\/p><p><a href=\"https:\/\/portalfadesp.org.br\/wp-content\/uploads\/2025\/04\/GRADE-OFICIAL-DEFINTIVA-DO-CARGO-DE-NIVEL-D-TURNO-TARDE-10_04_2025.pdf\">GRADE OFICIAL DEFINTIVA DO CARGO DE N\u00cdVEL D TURNO TARDE, de 10\/04\/2025 <strong>(Clique aqui)<\/strong><\/a><\/p><p><a href=\"https:\/\/drive.google.com\/drive\/folders\/1wSBw4h_svskpnN452M5U6UFrDv56yXZD?usp=sharing\">Provas N\u00edvel D (M\u00e9dio) &#8211; Tarde, de 31\/03\/2025 <strong>(Clique aqui)<\/strong><\/a><\/p><p><a href=\"https:\/\/portalfadesp.org.br\/wp-content\/uploads\/2025\/03\/GABARITO-OFICIAL-PRELIMINAR-CARGOS-DE-NIVEL-D-TURNO-TARDE-31_03_2025-NH3J4IK2.pdf\">GABARITO OFICIAL PRELIMINAR CARGOS DE N\u00cdVEL D TURNO TARDE, de 31\/03\/2025 <strong>(Clique aqui)<\/strong><\/a><\/p><p><a href=\"https:\/\/portalfadesp.org.br\/wp-content\/uploads\/2025\/03\/GRADE-OFICIAL-PRELIMINAR-QUESTAO-DISCURSIVA-31_03_2025-NH3J4IK2-1.pdf\">GRADE OFICIAL PRELIMINAR QUEST\u00c3O DISCURSIVA, de 31\/03\/2025 <strong>(Clique aqui)<\/strong><\/a><\/p><\/div>\n                <\/div><\/div>\t\t\t\t<\/div>\n\t\t\t\t<\/div>\n\t\t\t\t<div class=\"elementor-element elementor-element-5cba0b2 elementor-widget elementor-widget-text-editor\" data-id=\"5cba0b2\" data-element_type=\"widget\" data-widget_type=\"text-editor.default\">\n\t\t\t\t<div class=\"elementor-widget-container\">\n\t\t\t\t\t\t\t\t\t<p><a href=\"https:\/\/portalfadesp.org.br\/wp-content\/uploads\/2025\/03\/Edital_014_2025_TAE_Unifesspa_2025-Retifica-a-exigencia-na-apresentacao-de-documentos-nas-avaliacoes.pdf\">Edital 014\/2025 &#8211; TAE Unifesspa 2025 &#8211; Retifica a exig\u00eancia na apresenta\u00e7\u00e3o de documentos nas avalia\u00e7\u00f5es, de 20\/03\/2025 <strong>(Clique aqui)<\/strong><\/a><\/p><p><a href=\"https:\/\/portalfadesp.org.br\/wp-content\/uploads\/2025\/03\/Demanda-Concurso-TAE-Unifesspa-2025.pdf\">Demanda Concurso TAE Unifesspa 2025, de 14\/03\/2025 <strong>(Clique aqui)<\/strong><\/a><\/p>\t\t\t\t\t\t\t\t<\/div>\n\t\t\t\t<\/div>\n\t\t\t\t<div class=\"elementor-element elementor-element-328fbca elementor-widget elementor-widget-eael-adv-accordion\" data-id=\"328fbca\" data-element_type=\"widget\" data-widget_type=\"eael-adv-accordion.default\">\n\t\t\t\t<div class=\"elementor-widget-container\">\n\t\t\t\t\t        <div class=\"eael-adv-accordion\" id=\"eael-adv-accordion-328fbca\" data-scroll-on-click=\"no\" data-scroll-speed=\"300\" data-accordion-id=\"328fbca\" data-accordion-type=\"accordion\" data-toogle-speed=\"300\">\n    <div class=\"eael-accordion-list\">\n                <div id=\"resultado-definitivo-das-inscries\" class=\"elementor-tab-title eael-accordion-header\" tabindex=\"0\" data-tab=\"1\" aria-controls=\"elementor-tab-content-5301\"><span class=\"eael-advanced-accordion-icon-closed\"><svg aria-hidden=\"true\" class=\"fa-accordion-icon e-font-icon-svg e-fas-plus\" viewBox=\"0 0 448 512\" xmlns=\"http:\/\/www.w3.org\/2000\/svg\"><path d=\"M416 208H272V64c0-17.67-14.33-32-32-32h-32c-17.67 0-32 14.33-32 32v144H32c-17.67 0-32 14.33-32 32v32c0 17.67 14.33 32 32 32h144v144c0 17.67 14.33 32 32 32h32c17.67 0 32-14.33 32-32V304h144c17.67 0 32-14.33 32-32v-32c0-17.67-14.33-32-32-32z\"><\/path><\/svg><\/span><span class=\"eael-advanced-accordion-icon-opened\"><svg aria-hidden=\"true\" class=\"fa-accordion-icon e-font-icon-svg e-fas-minus\" viewBox=\"0 0 448 512\" xmlns=\"http:\/\/www.w3.org\/2000\/svg\"><path d=\"M416 208H32c-17.67 0-32 14.33-32 32v32c0 17.67 14.33 32 32 32h384c17.67 0 32-14.33 32-32v-32c0-17.67-14.33-32-32-32z\"><\/path><\/svg><\/span><h5 class=\"eael-accordion-tab-title\">Resultado Definitivo das Inscri\u00e7\u00f5es<\/h5><svg aria-hidden=\"true\" class=\"fa-toggle e-font-icon-svg e-fas-angle-right\" viewBox=\"0 0 256 512\" xmlns=\"http:\/\/www.w3.org\/2000\/svg\"><path d=\"M224.3 273l-136 136c-9.4 9.4-24.6 9.4-33.9 0l-22.6-22.6c-9.4-9.4-9.4-24.6 0-33.9l96.4-96.4-96.4-96.4c-9.4-9.4-9.4-24.6 0-33.9L54.3 103c9.4-9.4 24.6-9.4 33.9 0l136 136c9.5 9.4 9.5 24.6.1 34z\"><\/path><\/svg><\/div><div id=\"elementor-tab-content-5301\" class=\"eael-accordion-content clearfix\" data-tab=\"1\" aria-labelledby=\"resultado-definitivo-das-inscries\"><p><a href=\"https:\/\/portalfadesp.org.br\/wp-content\/uploads\/2025\/03\/Edital_013_2025_TAE_Unifesspa_2025-Relacao-Defintiva-das-Pessoas-com-Atendimentos-Especializados-nas-Provas-Objetivas-e-Discursivas.pdf\">Edital 013\/2025 &#8211; TAE Unifesspa 2025 &#8211;\u00a0 Rela\u00e7\u00e3o Defintiva das Pessoas com Atendimentos Especializados nas Provas Objetivas e Discursivas, de 14\/03\/2025 <strong>(Clique aqui)<\/strong><\/a><\/p><p><a href=\"https:\/\/portalfadesp.org.br\/wp-content\/uploads\/2025\/03\/Edital_012_2025_TAE_Unifesspa_2025-Relacao-Defintiva-das-Pessoas-Autodeclaradas-Negras.pdf\">Edital 012\/2025 &#8211; TAE Unifesspa 2025 &#8211; Rela\u00e7\u00e3o Defintiva das Pessoas Autodeclaradas Negras, de 14\/03\/2025 <strong>(Clique aqui)<\/strong><\/a><\/p><p><a href=\"https:\/\/portalfadesp.org.br\/wp-content\/uploads\/2025\/03\/Edital_011_2025_TAE_Unifesspa_2025-Relacao-Definitiva-das-Pessoas-Concorrentes-as-Vagas-para-PcD.pdf\">Edital 011\/2025 &#8211; TAE Unifesspa 2025 &#8211; Rela\u00e7\u00e3o Definitiva das Pessoas Concorrentes \u00e0s Vagas para PcD, de 14\/03\/2025 <strong>(Clique aqui)<\/strong><\/a><\/p><p><a href=\"https:\/\/portalfadesp.org.br\/wp-content\/uploads\/2025\/03\/Edital_010_2025_TAE_Unifesspa_2025-Resultado-Definitivo-das-Inscricoes-Homologadas.pdf\">Edital 010\/2025 &#8211; TAE Unifesspa 2025 &#8211; Resultado Definitivo das Inscri\u00e7\u00f5es Homologadas, de 14\/03\/2025 <strong>(Clique aqui)<\/strong><\/a><\/p><\/div>\n                <\/div><\/div>\t\t\t\t<\/div>\n\t\t\t\t<\/div>\n\t\t\t\t<div class=\"elementor-element elementor-element-9f0f30a elementor-widget elementor-widget-eael-adv-accordion\" data-id=\"9f0f30a\" data-element_type=\"widget\" data-widget_type=\"eael-adv-accordion.default\">\n\t\t\t\t<div class=\"elementor-widget-container\">\n\t\t\t\t\t        <div class=\"eael-adv-accordion\" id=\"eael-adv-accordion-9f0f30a\" data-scroll-on-click=\"no\" data-scroll-speed=\"300\" data-accordion-id=\"9f0f30a\" data-accordion-type=\"accordion\" data-toogle-speed=\"300\">\n    <div class=\"eael-accordion-list\">\n                <div id=\"resultado-preliminar-das-inscries\" class=\"elementor-tab-title eael-accordion-header\" tabindex=\"0\" data-tab=\"1\" aria-controls=\"elementor-tab-content-1661\"><span class=\"eael-advanced-accordion-icon-closed\"><svg aria-hidden=\"true\" class=\"fa-accordion-icon e-font-icon-svg e-fas-plus\" viewBox=\"0 0 448 512\" xmlns=\"http:\/\/www.w3.org\/2000\/svg\"><path d=\"M416 208H272V64c0-17.67-14.33-32-32-32h-32c-17.67 0-32 14.33-32 32v144H32c-17.67 0-32 14.33-32 32v32c0 17.67 14.33 32 32 32h144v144c0 17.67 14.33 32 32 32h32c17.67 0 32-14.33 32-32V304h144c17.67 0 32-14.33 32-32v-32c0-17.67-14.33-32-32-32z\"><\/path><\/svg><\/span><span class=\"eael-advanced-accordion-icon-opened\"><svg aria-hidden=\"true\" class=\"fa-accordion-icon e-font-icon-svg e-fas-minus\" viewBox=\"0 0 448 512\" xmlns=\"http:\/\/www.w3.org\/2000\/svg\"><path d=\"M416 208H32c-17.67 0-32 14.33-32 32v32c0 17.67 14.33 32 32 32h384c17.67 0 32-14.33 32-32v-32c0-17.67-14.33-32-32-32z\"><\/path><\/svg><\/span><h5 class=\"eael-accordion-tab-title\">Resultado Preliminar das Inscri\u00e7\u00f5es<\/h5><svg aria-hidden=\"true\" class=\"fa-toggle e-font-icon-svg e-fas-angle-right\" viewBox=\"0 0 256 512\" xmlns=\"http:\/\/www.w3.org\/2000\/svg\"><path d=\"M224.3 273l-136 136c-9.4 9.4-24.6 9.4-33.9 0l-22.6-22.6c-9.4-9.4-9.4-24.6 0-33.9l96.4-96.4-96.4-96.4c-9.4-9.4-9.4-24.6 0-33.9L54.3 103c9.4-9.4 24.6-9.4 33.9 0l136 136c9.5 9.4 9.5 24.6.1 34z\"><\/path><\/svg><\/div><div id=\"elementor-tab-content-1661\" class=\"eael-accordion-content clearfix\" data-tab=\"1\" aria-labelledby=\"resultado-preliminar-das-inscries\"><p><a href=\"https:\/\/portalfadesp.org.br\/wp-content\/uploads\/2025\/03\/Edital_009_2025_TAE_Unifesspa_2025-Relacao-Preliminar-das-Pessoas-com-Atendimentos-Especializados-nas-Provas-Objetivas-e-Discursivas.pdf\">Edital 009\/2025 &#8211; TAE\/Unifesspa 2025 &#8211;\u00a0 Rela\u00e7\u00e3o Preliminar das Pessoas com Atendimentos Especializados nas Provas Objetivas e Discursivas, de 07\/03\/2025 <strong>(Clique aqui)<\/strong><\/a><\/p><p><a href=\"https:\/\/portalfadesp.org.br\/wp-content\/uploads\/2025\/03\/Edital_008_2025_TAE_Unifesspa_2025-Relacao-Preliminar-das-Pessoas-Autodeclaradas-Negras.pdf\">Edital 008\/2025 &#8211; TAE\/Unifesspa 2025 &#8211; Rela\u00e7\u00e3o Preliminar das Pessoas Autodeclaradas Negras, de 07\/03\/2025 <strong>(Clique aqui)<\/strong><\/a><\/p><p><a href=\"https:\/\/portalfadesp.org.br\/wp-content\/uploads\/2025\/03\/Edital_007_2025_TAE_Unifesspa_2025-Relacao-Preliminar-das-Pessoas-Concorrentes-as-Vagas-para-PcD.pdf\">Edital 007\/2025 &#8211; TAE\/Unifesspa 2025 &#8211; Rela\u00e7\u00e3o Preliminar das Pessoas Concorrentes \u00e0s Vagas para PcD, de 07\/03\/2025 <strong>(Clique aqui)<\/strong><\/a><\/p><p><a href=\"https:\/\/portalfadesp.org.br\/wp-content\/uploads\/2025\/03\/Edital_006_2025_TAE_Unifesspa_2025-Relacao-Preliminar-das-Inscricoes-Homologadas.pdf\">Edital 006\/2025 &#8211; TAE\/Unifesspa 2025 &#8211; Rela\u00e7\u00e3o Preliminar das Inscri\u00e7\u00f5es Homologadas, de 07\/03\/2025 <strong>(Clique aqui)<\/strong><\/a><\/p><\/div>\n                <\/div><\/div>\t\t\t\t<\/div>\n\t\t\t\t<\/div>\n\t\t\t\t<div class=\"elementor-element elementor-element-368e568 elementor-widget elementor-widget-text-editor\" data-id=\"368e568\" data-element_type=\"widget\" data-widget_type=\"text-editor.default\">\n\t\t\t\t<div class=\"elementor-widget-container\">\n\t\t\t\t\t\t\t\t\t<p>\u00a0<\/p><p><a href=\"https:\/\/portalfadesp.org.br\/wp-content\/uploads\/2025\/02\/Edital_005_2025_TAE_Unifesspa_2025-Resultado-Definitivo-dos-Doadores-de-Medula-Ossea.pdf\">Edital 005\/2025 &#8211; TAE Unifesspa 2025 &#8211; Resultado Definitivo dos Doadores de Medula \u00d3ssea, de 04\/02\/2025 <strong>(Clique aqui)<\/strong><\/a><\/p><p><a href=\"https:\/\/portalfadesp.org.br\/wp-content\/uploads\/2025\/02\/Edital_004_2025_TAE_Unifesspa_2025-Resultado-Definitivo-dos-Isentos-do-CadUnico.pdf\">Edital 004\/2025 &#8211; TAE\/Unifesspa 2025 &#8211; Resultado Definitivo dos Isentos do Cad\u00danico, de 04\/02\/2025 <strong>(Clique aqui)<\/strong><\/a><\/p><p><a href=\"https:\/\/portalfadesp.org.br\/wp-content\/uploads\/2025\/01\/Edital_003_2025_TAE_Unifesspa_2025-Resultado-Preliminar-dos-Doadores-de-Medula-Ossea.pdf\">Edital 003\/2025 &#8211; TAE\/Unifesspa 2025 &#8211; Resultado Preliminar dos Doadores de Medula \u00d3ssea, de 29\/01\/2025 <strong>(Clique aqui)<\/strong><\/a><\/p><p><a href=\"https:\/\/portalfadesp.org.br\/wp-content\/uploads\/2025\/01\/Edital_002_2025_TAE_Unifesspa_2025-Resultado-Preliminar-dos-Isentos-do-CadUnico.pdf\">Edital 002\/2025 &#8211; TAE\/Unifesspa 2025 &#8211; Resultado Preliminar dos Isentos do Cad\u00danico, de 29\/01\/2025 <strong>(Clique aqui)<\/strong><\/a><\/p><p><a href=\"https:\/\/portalfadesp.org.br\/wp-content\/uploads\/2025\/06\/Edital_001_2025_TAE_Unifesspa_2025-Edital-Consolidado-30_06_2025.pdf\">Edital 001\/2025 &#8211; TAE\/Unifesspa 2025 &#8211; Edital Consolidado, de 30\/06\/2025 <strong>(Clique aqui)<\/strong><\/a><\/p><p><a href=\"https:\/\/portalfadesp.org.br\/wp-content\/uploads\/2025\/01\/ATA_DO_SORTEIO_DE_VAGAS_PARA_COTAS_DO_CONCURSO_PUBLICO_DA_UNIFESSPA.pdf\">Ata do sorteio de vagas para cotas do concurso p\u00fablico da UNIFESSPA, de 23\/01\/2025 <strong>(Clique Aqui)<\/strong><\/a><\/p><p><a href=\"https:\/\/portalfadesp.org.br\/wp-content\/uploads\/2025\/01\/Edital_001_2025_TAE_Unifesspa.pdf\">Edital 001\/2025 &#8211; TAE\/Unifesspa, de 16\/01\/2025 <strong>(Clique aqui)<\/strong><\/a><\/p>\t\t\t\t\t\t\t\t<\/div>\n\t\t\t\t<\/div>\n\t\t\t\t\t<\/div>\n\t\t<\/div>\n\t\t\t\t\t<\/div>\n\t\t<\/section>\n\t\t\t\t\t<\/div>\n\t\t<\/div>\n\t\t\t\t\t<\/div>\n\t\t<\/section>\n\t\t\t\t<\/div>\n\t\t","protected":false},"excerpt":{"rendered":"<p>CONCURSO P\u00daBLICO DA UNIVERSIDADE FEDERAL DO SUL E SUDESTE DO PAR\u00c1 &#8211; TAE\/UNIFESSPA (EDITAL N\u00b0 001\/2025) O REITOR DA UNIVERSIDADE FEDERAL DO SUL E SUDESTE DO PAR\u00c1 (Unifesspa), no exerc\u00edcio de suas atribui\u00e7\u00f5es legais, conferidas pelo decreto presidencial de 16 de setembro de 2024, publicado no Di\u00e1rio Oficial da Uni\u00e3o n\u00ba 180, de 17 de [&hellip;]<\/p>\n","protected":false},"author":12,"featured_media":0,"parent":329,"menu_order":0,"comment_status":"closed","ping_status":"closed","template":"","meta":{"_monsterinsights_skip_tracking":false,"_monsterinsights_sitenote_active":false,"_monsterinsights_sitenote_note":"","_monsterinsights_sitenote_category":0,"footnotes":""},"class_list":["post-47988","page","type-page","status-publish","hentry","entry"],"yoast_head":"<!-- This site is optimized with the Yoast SEO plugin v25.1 - https:\/\/yoast.com\/wordpress\/plugins\/seo\/ -->\n<title>CONCURSO P\u00daBLICO DA UNIVERSIDADE FEDERAL DO SUL E SUDESTE DO PAR\u00c1 - TAE\/UNIFESSPA (EDITAL N\u00b0 001\/2025) - FADESP<\/title>\n<meta name=\"robots\" content=\"index, follow, max-snippet:-1, max-image-preview:large, max-video-preview:-1\" \/>\n<link rel=\"canonical\" href=\"https:\/\/portalfadesp.org.br\/?page_id=47988\" \/>\n<meta property=\"og:locale\" content=\"pt_BR\" \/>\n<meta property=\"og:type\" content=\"article\" \/>\n<meta property=\"og:title\" content=\"CONCURSO P\u00daBLICO DA UNIVERSIDADE FEDERAL DO SUL E SUDESTE DO PAR\u00c1 - TAE\/UNIFESSPA (EDITAL N\u00b0 001\/2025) - FADESP\" \/>\n<meta property=\"og:description\" content=\"CONCURSO P\u00daBLICO DA UNIVERSIDADE FEDERAL DO SUL E SUDESTE DO PAR\u00c1 &#8211; TAE\/UNIFESSPA (EDITAL N\u00b0 001\/2025) O REITOR DA UNIVERSIDADE FEDERAL DO SUL E SUDESTE DO PAR\u00c1 (Unifesspa), no exerc\u00edcio de suas atribui\u00e7\u00f5es legais, conferidas pelo decreto presidencial de 16 de setembro de 2024, publicado no Di\u00e1rio Oficial da Uni\u00e3o n\u00ba 180, de 17 de [&hellip;]\" \/>\n<meta property=\"og:url\" content=\"https:\/\/portalfadesp.org.br\/?page_id=47988\" \/>\n<meta property=\"og:site_name\" content=\"FADESP\" \/>\n<meta property=\"article:publisher\" content=\"https:\/\/www.facebook.com\/Fadesp-138351949524662\/\" \/>\n<meta property=\"article:modified_time\" content=\"2025-12-10T16:05:37+00:00\" \/>\n<meta name=\"twitter:card\" content=\"summary_large_image\" \/>\n<meta name=\"twitter:site\" content=\"@Fadesp\" \/>\n<meta name=\"twitter:label1\" content=\"Est. tempo de leitura\" \/>\n\t<meta name=\"twitter:data1\" content=\"9 minutos\" \/>\n<script type=\"application\/ld+json\" class=\"yoast-schema-graph\">{\"@context\":\"https:\/\/schema.org\",\"@graph\":[{\"@type\":\"WebPage\",\"@id\":\"https:\/\/portalfadesp.org.br\/?page_id=47988\",\"url\":\"https:\/\/portalfadesp.org.br\/?page_id=47988\",\"name\":\"CONCURSO P\u00daBLICO DA UNIVERSIDADE FEDERAL DO SUL E SUDESTE DO PAR\u00c1 - TAE\/UNIFESSPA (EDITAL N\u00b0 001\/2025) - FADESP\",\"isPartOf\":{\"@id\":\"https:\/\/portalfadesp.org.br\/#website\"},\"datePublished\":\"2025-01-16T11:51:40+00:00\",\"dateModified\":\"2025-12-10T16:05:37+00:00\",\"breadcrumb\":{\"@id\":\"https:\/\/portalfadesp.org.br\/?page_id=47988#breadcrumb\"},\"inLanguage\":\"pt-BR\",\"potentialAction\":[{\"@type\":\"ReadAction\",\"target\":[\"https:\/\/portalfadesp.org.br\/?page_id=47988\"]}]},{\"@type\":\"BreadcrumbList\",\"@id\":\"https:\/\/portalfadesp.org.br\/?page_id=47988#breadcrumb\",\"itemListElement\":[{\"@type\":\"ListItem\",\"position\":1,\"name\":\"In\u00edcio\",\"item\":\"https:\/\/portalfadesp.org.br\/\"},{\"@type\":\"ListItem\",\"position\":2,\"name\":\"Concursos &#8211; Homologados\",\"item\":\"https:\/\/portalfadesp.org.br\/?page_id=329\"},{\"@type\":\"ListItem\",\"position\":3,\"name\":\"CONCURSO P\u00daBLICO DA UNIVERSIDADE FEDERAL DO SUL E SUDESTE DO PAR\u00c1 &#8211; TAE\/UNIFESSPA (EDITAL N\u00b0 001\/2025)\"}]},{\"@type\":\"WebSite\",\"@id\":\"https:\/\/portalfadesp.org.br\/#website\",\"url\":\"https:\/\/portalfadesp.org.br\/\",\"name\":\"FADESP\",\"description\":\"Funda\u00e7\u00e3o de Amparo e Desenvolvimento da Pesquisa\",\"publisher\":{\"@id\":\"https:\/\/portalfadesp.org.br\/#organization\"},\"potentialAction\":[{\"@type\":\"SearchAction\",\"target\":{\"@type\":\"EntryPoint\",\"urlTemplate\":\"https:\/\/portalfadesp.org.br\/?s={search_term_string}\"},\"query-input\":{\"@type\":\"PropertyValueSpecification\",\"valueRequired\":true,\"valueName\":\"search_term_string\"}}],\"inLanguage\":\"pt-BR\"},{\"@type\":\"Organization\",\"@id\":\"https:\/\/portalfadesp.org.br\/#organization\",\"name\":\"FADESP\",\"url\":\"https:\/\/portalfadesp.org.br\/\",\"logo\":{\"@type\":\"ImageObject\",\"inLanguage\":\"pt-BR\",\"@id\":\"https:\/\/portalfadesp.org.br\/#\/schema\/logo\/image\/\",\"url\":\"https:\/\/portalfadesp.org.br\/wp-content\/uploads\/2024\/01\/NOVOLOGOFADESPlaranjaH.png\",\"contentUrl\":\"https:\/\/portalfadesp.org.br\/wp-content\/uploads\/2024\/01\/NOVOLOGOFADESPlaranjaH.png\",\"width\":2742,\"height\":839,\"caption\":\"FADESP\"},\"image\":{\"@id\":\"https:\/\/portalfadesp.org.br\/#\/schema\/logo\/image\/\"},\"sameAs\":[\"https:\/\/www.facebook.com\/Fadesp-138351949524662\/\",\"https:\/\/x.com\/Fadesp\",\"https:\/\/www.instagram.com\/fadesp_ufpa\/\",\"https:\/\/www.youtube.com\/@fundacaodeamparoedesenvolv1903\",\"https:\/\/www.threads.net\/@fadesp_ufpa\"]}]}<\/script>\n<!-- \/ Yoast SEO plugin. -->","yoast_head_json":{"title":"CONCURSO P\u00daBLICO DA UNIVERSIDADE FEDERAL DO SUL E SUDESTE DO PAR\u00c1 - TAE\/UNIFESSPA (EDITAL N\u00b0 001\/2025) - FADESP","robots":{"index":"index","follow":"follow","max-snippet":"max-snippet:-1","max-image-preview":"max-image-preview:large","max-video-preview":"max-video-preview:-1"},"canonical":"https:\/\/portalfadesp.org.br\/?page_id=47988","og_locale":"pt_BR","og_type":"article","og_title":"CONCURSO P\u00daBLICO DA UNIVERSIDADE FEDERAL DO SUL E SUDESTE DO PAR\u00c1 - TAE\/UNIFESSPA (EDITAL N\u00b0 001\/2025) - FADESP","og_description":"CONCURSO P\u00daBLICO DA UNIVERSIDADE FEDERAL DO SUL E SUDESTE DO PAR\u00c1 &#8211; TAE\/UNIFESSPA (EDITAL N\u00b0 001\/2025) O REITOR DA UNIVERSIDADE FEDERAL DO SUL E SUDESTE DO PAR\u00c1 (Unifesspa), no exerc\u00edcio de suas atribui\u00e7\u00f5es legais, conferidas pelo decreto presidencial de 16 de setembro de 2024, publicado no Di\u00e1rio Oficial da Uni\u00e3o n\u00ba 180, de 17 de [&hellip;]","og_url":"https:\/\/portalfadesp.org.br\/?page_id=47988","og_site_name":"FADESP","article_publisher":"https:\/\/www.facebook.com\/Fadesp-138351949524662\/","article_modified_time":"2025-12-10T16:05:37+00:00","twitter_card":"summary_large_image","twitter_site":"@Fadesp","twitter_misc":{"Est. tempo de leitura":"9 minutos"},"schema":{"@context":"https:\/\/schema.org","@graph":[{"@type":"WebPage","@id":"https:\/\/portalfadesp.org.br\/?page_id=47988","url":"https:\/\/portalfadesp.org.br\/?page_id=47988","name":"CONCURSO P\u00daBLICO DA UNIVERSIDADE FEDERAL DO SUL E SUDESTE DO PAR\u00c1 - TAE\/UNIFESSPA (EDITAL N\u00b0 001\/2025) - FADESP","isPartOf":{"@id":"https:\/\/portalfadesp.org.br\/#website"},"datePublished":"2025-01-16T11:51:40+00:00","dateModified":"2025-12-10T16:05:37+00:00","breadcrumb":{"@id":"https:\/\/portalfadesp.org.br\/?page_id=47988#breadcrumb"},"inLanguage":"pt-BR","potentialAction":[{"@type":"ReadAction","target":["https:\/\/portalfadesp.org.br\/?page_id=47988"]}]},{"@type":"BreadcrumbList","@id":"https:\/\/portalfadesp.org.br\/?page_id=47988#breadcrumb","itemListElement":[{"@type":"ListItem","position":1,"name":"In\u00edcio","item":"https:\/\/portalfadesp.org.br\/"},{"@type":"ListItem","position":2,"name":"Concursos &#8211; Homologados","item":"https:\/\/portalfadesp.org.br\/?page_id=329"},{"@type":"ListItem","position":3,"name":"CONCURSO P\u00daBLICO DA UNIVERSIDADE FEDERAL DO SUL E SUDESTE DO PAR\u00c1 &#8211; TAE\/UNIFESSPA (EDITAL N\u00b0 001\/2025)"}]},{"@type":"WebSite","@id":"https:\/\/portalfadesp.org.br\/#website","url":"https:\/\/portalfadesp.org.br\/","name":"FADESP","description":"Funda\u00e7\u00e3o de Amparo e Desenvolvimento da Pesquisa","publisher":{"@id":"https:\/\/portalfadesp.org.br\/#organization"},"potentialAction":[{"@type":"SearchAction","target":{"@type":"EntryPoint","urlTemplate":"https:\/\/portalfadesp.org.br\/?s={search_term_string}"},"query-input":{"@type":"PropertyValueSpecification","valueRequired":true,"valueName":"search_term_string"}}],"inLanguage":"pt-BR"},{"@type":"Organization","@id":"https:\/\/portalfadesp.org.br\/#organization","name":"FADESP","url":"https:\/\/portalfadesp.org.br\/","logo":{"@type":"ImageObject","inLanguage":"pt-BR","@id":"https:\/\/portalfadesp.org.br\/#\/schema\/logo\/image\/","url":"https:\/\/portalfadesp.org.br\/wp-content\/uploads\/2024\/01\/NOVOLOGOFADESPlaranjaH.png","contentUrl":"https:\/\/portalfadesp.org.br\/wp-content\/uploads\/2024\/01\/NOVOLOGOFADESPlaranjaH.png","width":2742,"height":839,"caption":"FADESP"},"image":{"@id":"https:\/\/portalfadesp.org.br\/#\/schema\/logo\/image\/"},"sameAs":["https:\/\/www.facebook.com\/Fadesp-138351949524662\/","https:\/\/x.com\/Fadesp","https:\/\/www.instagram.com\/fadesp_ufpa\/","https:\/\/www.youtube.com\/@fundacaodeamparoedesenvolv1903","https:\/\/www.threads.net\/@fadesp_ufpa"]}]}},"_links":{"self":[{"href":"https:\/\/portalfadesp.org.br\/index.php?rest_route=\/wp\/v2\/pages\/47988","targetHints":{"allow":["GET"]}}],"collection":[{"href":"https:\/\/portalfadesp.org.br\/index.php?rest_route=\/wp\/v2\/pages"}],"about":[{"href":"https:\/\/portalfadesp.org.br\/index.php?rest_route=\/wp\/v2\/types\/page"}],"author":[{"embeddable":true,"href":"https:\/\/portalfadesp.org.br\/index.php?rest_route=\/wp\/v2\/users\/12"}],"replies":[{"embeddable":true,"href":"https:\/\/portalfadesp.org.br\/index.php?rest_route=%2Fwp%2Fv2%2Fcomments&post=47988"}],"version-history":[{"count":163,"href":"https:\/\/portalfadesp.org.br\/index.php?rest_route=\/wp\/v2\/pages\/47988\/revisions"}],"predecessor-version":[{"id":52860,"href":"https:\/\/portalfadesp.org.br\/index.php?rest_route=\/wp\/v2\/pages\/47988\/revisions\/52860"}],"up":[{"embeddable":true,"href":"https:\/\/portalfadesp.org.br\/index.php?rest_route=\/wp\/v2\/pages\/329"}],"wp:attachment":[{"href":"https:\/\/portalfadesp.org.br\/index.php?rest_route=%2Fwp%2Fv2%2Fmedia&parent=47988"}],"curies":[{"name":"wp","href":"https:\/\/api.w.org\/{rel}","templated":true}]}}