{"id":47844,"date":"2024-12-19T18:08:00","date_gmt":"2024-12-19T21:08:00","guid":{"rendered":"https:\/\/portalfadesp.org.br\/?page_id=47844"},"modified":"2025-04-30T20:17:03","modified_gmt":"2025-04-30T23:17:03","slug":"pagina_concurso_modelo-2-2","status":"publish","type":"page","link":"https:\/\/portalfadesp.org.br\/?page_id=47844","title":{"rendered":"Sele\u00e7\u00e3o para Mestrado Profissional em Instrumenta\u00e7\u00e3o, Controle e Automa\u00e7\u00e3o de Processos de Minera\u00e7\u00e3o &#8211; UFOP\/ITV (2025)"},"content":{"rendered":"\t\t<div data-elementor-type=\"wp-post\" data-elementor-id=\"47844\" class=\"elementor elementor-47844\" data-elementor-post-type=\"page\">\n\t\t\t\t\t\t<section class=\"elementor-section elementor-top-section elementor-element elementor-element-1f2996d1 elementor-section-boxed elementor-section-height-default elementor-section-height-default\" data-id=\"1f2996d1\" data-element_type=\"section\">\n\t\t\t\t\t\t<div class=\"elementor-container elementor-column-gap-default\">\n\t\t\t\t\t<div class=\"elementor-column elementor-col-100 elementor-top-column elementor-element elementor-element-59a4b3f8\" data-id=\"59a4b3f8\" data-element_type=\"column\">\n\t\t\t<div class=\"elementor-widget-wrap elementor-element-populated\">\n\t\t\t\t\t\t<div class=\"elementor-element elementor-element-799471af elementor-widget elementor-widget-heading\" data-id=\"799471af\" data-element_type=\"widget\" data-widget_type=\"heading.default\">\n\t\t\t\t<div class=\"elementor-widget-container\">\n\t\t\t\t\t<h1 class=\"elementor-heading-title elementor-size-default\">Sele\u00e7\u00e3o para Mestrado Profissional em Instrumenta\u00e7\u00e3o, Controle e Automa\u00e7\u00e3o de Processos de Minera\u00e7\u00e3o \u2013 UFOP\/ITV (2025) <\/h1>\t\t\t\t<\/div>\n\t\t\t\t<\/div>\n\t\t\t\t<section class=\"elementor-section elementor-inner-section elementor-element elementor-element-336311f elementor-section-boxed elementor-section-height-default elementor-section-height-default\" data-id=\"336311f\" data-element_type=\"section\">\n\t\t\t\t\t\t<div class=\"elementor-container elementor-column-gap-default\">\n\t\t\t\t\t<div class=\"elementor-column elementor-col-50 elementor-inner-column elementor-element elementor-element-75ca0dc3\" data-id=\"75ca0dc3\" data-element_type=\"column\">\n\t\t\t<div class=\"elementor-widget-wrap elementor-element-populated\">\n\t\t\t\t\t\t<div class=\"elementor-element elementor-element-425a3096 elementor-widget elementor-widget-text-editor\" data-id=\"425a3096\" data-element_type=\"widget\" data-widget_type=\"text-editor.default\">\n\t\t\t\t<div class=\"elementor-widget-container\">\n\t\t\t\t\t\t\t\t\t<p data-themer-decoration-light-background-color=\"rgba(0, 0, 0, 0)\" data-themer-decoration-light-border-color=\"rgb(255, 255, 255)\" data-themer-decoration-light-color=\"rgb(255, 255, 255)\" data-themer-decoration-dark-background-color=\"rgba(0, 0, 0, 0)\" data-themer-decoration-dark-border-color=\"rgba(32, 33, 36, 1)\" data-themer-decoration-dark-color=\"rgba(32, 33, 36, 1)\"><span data-removefontsize=\"true\" data-originalcomputedfontsize=\"16\" data-themer-decoration-light-background-color=\"rgba(0, 0, 0, 0)\" data-themer-decoration-light-border-color=\"rgb(0, 0, 0)\" data-themer-decoration-light-color=\"rgb(0, 0, 0)\" data-themer-decoration-dark-background-color=\"rgba(0, 0, 0, 0)\" data-themer-decoration-dark-border-color=\"rgba(255, 255, 255, 1)\" data-themer-decoration-dark-color=\"rgba(255, 255, 255, 1)\">A Coordena\u00e7\u00e3o do Programa de P\u00f3s-Gradua\u00e7\u00e3o em Instrumenta\u00e7\u00e3o, Controle e Automa\u00e7\u00e3o de Processos de Minera\u00e7\u00e3o da Universidade Federal de Ouro Preto e do Instituto Tecnol\u00f3gico Vale \u2013 PROFICAM \u2013 UFOP\/ITV, tendo em vista a decis\u00e3o do Colegiado de P\u00f3s-Gradua\u00e7\u00e3o, aprovada no dia <\/span><span data-removefontsize=\"true\" data-originalcomputedfontsize=\"16\" data-themer-decoration-light-background-color=\"rgba(0, 0, 0, 0)\" data-themer-decoration-light-border-color=\"rgb(0, 0, 0)\" data-themer-decoration-light-color=\"rgb(0, 0, 0)\" data-themer-decoration-dark-background-color=\"rgba(0, 0, 0, 0)\" data-themer-decoration-dark-border-color=\"rgba(255, 255, 255, 1)\" data-themer-decoration-dark-color=\"rgba(255, 255, 255, 1)\">19 de dezembro de 2024<\/span><span data-removefontsize=\"true\" data-originalcomputedfontsize=\"16\" data-themer-decoration-light-background-color=\"rgba(0, 0, 0, 0)\" data-themer-decoration-light-border-color=\"rgb(0, 0, 0)\" data-themer-decoration-light-color=\"rgb(0, 0, 0)\" data-themer-decoration-dark-background-color=\"rgba(0, 0, 0, 0)\" data-themer-decoration-dark-border-color=\"rgba(255, 255, 255, 1)\" data-themer-decoration-dark-color=\"rgba(255, 255, 255, 1)\">, comunica a abertura de processo seletivo para ingresso no Curso de Mestrado Profissional em Instrumenta\u00e7\u00e3o, Controle e Automa\u00e7\u00e3o de Processos de Minera\u00e7\u00e3o, turma <\/span><span data-removefontsize=\"true\" data-originalcomputedfontsize=\"16\" data-themer-decoration-light-background-color=\"rgba(0, 0, 0, 0)\" data-themer-decoration-light-border-color=\"rgb(0, 0, 0)\" data-themer-decoration-light-color=\"rgb(0, 0, 0)\" data-themer-decoration-dark-background-color=\"rgba(0, 0, 0, 0)\" data-themer-decoration-dark-border-color=\"rgba(255, 255, 255, 1)\" data-themer-decoration-dark-color=\"rgba(255, 255, 255, 1)\">do primeiro semestre letivo de 2025<\/span><span data-removefontsize=\"true\" data-originalcomputedfontsize=\"16\" data-themer-decoration-light-background-color=\"rgba(0, 0, 0, 0)\" data-themer-decoration-light-border-color=\"rgb(0, 0, 0)\" data-themer-decoration-light-color=\"rgb(0, 0, 0)\" data-themer-decoration-dark-background-color=\"rgba(0, 0, 0, 0)\" data-themer-decoration-dark-border-color=\"rgba(255, 255, 255, 1)\" data-themer-decoration-dark-color=\"rgba(255, 255, 255, 1)\">. O processo de sele\u00e7\u00e3o ser\u00e1 regido pelas Resolu\u00e7\u00f5es CEPE 8.039, CEPE 4.350, CEPE 7.507, Portaria PROPPI 02\/2022 e Regimento do PROFICAM, e gerenciado pela Funda\u00e7\u00e3o de Amparo e Desenvolvimento da Pesquisa \u2013 FADESP.<\/span><\/p><p data-themer-decoration-light-background-color=\"rgba(0, 0, 0, 0)\" data-themer-decoration-light-border-color=\"rgb(255, 255, 255)\" data-themer-decoration-light-color=\"rgb(255, 255, 255)\" data-themer-decoration-dark-background-color=\"rgba(0, 0, 0, 0)\" data-themer-decoration-dark-border-color=\"rgba(32, 33, 36, 1)\" data-themer-decoration-dark-color=\"rgba(32, 33, 36, 1)\"><strong>Per\u00edodo de Inscri\u00e7\u00e3o:<\/strong><span data-removefontsize=\"true\" data-originalcomputedfontsize=\"16\" data-themer-decoration-light-background-color=\"rgba(0, 0, 0, 0)\" data-themer-decoration-light-border-color=\"rgb(0, 0, 0)\" data-themer-decoration-light-color=\"rgb(0, 0, 0)\" data-themer-decoration-dark-background-color=\"rgba(0, 0, 0, 0)\" data-themer-decoration-dark-border-color=\"rgba(255, 255, 255, 1)\" data-themer-decoration-dark-color=\"rgba(255, 255, 255, 1)\"> 19\/12\/2024 a 03\/02\/2025.<\/span><\/p><p data-themer-decoration-light-background-color=\"rgba(0, 0, 0, 0)\" data-themer-decoration-light-border-color=\"rgb(255, 255, 255)\" data-themer-decoration-light-color=\"rgb(255, 255, 255)\" data-themer-decoration-dark-background-color=\"rgba(0, 0, 0, 0)\" data-themer-decoration-dark-border-color=\"rgba(32, 33, 36, 1)\" data-themer-decoration-dark-color=\"rgba(32, 33, 36, 1)\"><span data-themer-decoration-light-background-color=\"rgba(0, 0, 0, 0)\" data-themer-decoration-light-border-color=\"rgb(0, 0, 0)\" data-themer-decoration-light-color=\"rgb(0, 0, 0)\" data-themer-decoration-dark-background-color=\"rgba(0, 0, 0, 0)\" data-themer-decoration-dark-border-color=\"rgba(255, 255, 255, 1)\" data-themer-decoration-dark-color=\"rgba(255, 255, 255, 1)\">\u00a0<\/span><strong>Taxa de inscri\u00e7\u00e3o:<\/strong><span data-removefontsize=\"true\" data-originalcomputedfontsize=\"16\" data-themer-decoration-light-background-color=\"rgba(0, 0, 0, 0)\" data-themer-decoration-light-border-color=\"rgb(0, 0, 0)\" data-themer-decoration-light-color=\"rgb(0, 0, 0)\" data-themer-decoration-dark-background-color=\"rgba(0, 0, 0, 0)\" data-themer-decoration-dark-border-color=\"rgba(255, 255, 255, 1)\" data-themer-decoration-dark-color=\"rgba(255, 255, 255, 1)\"> R$ 95,00 (noventa e cinco reais)<\/span><\/p><p data-themer-decoration-light-background-color=\"rgba(0, 0, 0, 0)\" data-themer-decoration-light-border-color=\"rgb(255, 255, 255)\" data-themer-decoration-light-color=\"rgb(255, 255, 255)\" data-themer-decoration-dark-background-color=\"rgba(0, 0, 0, 0)\" data-themer-decoration-dark-border-color=\"rgba(32, 33, 36, 1)\" data-themer-decoration-dark-color=\"rgba(32, 33, 36, 1)\"><span data-removefontsize=\"true\" data-originalcomputedfontsize=\"16\" data-themer-decoration-light-background-color=\"rgba(0, 0, 0, 0)\" data-themer-decoration-light-border-color=\"rgb(0, 0, 0)\" data-themer-decoration-light-color=\"rgb(0, 0, 0)\" data-themer-decoration-dark-background-color=\"rgba(0, 0, 0, 0)\" data-themer-decoration-dark-border-color=\"rgba(255, 255, 255, 1)\" data-themer-decoration-dark-color=\"rgba(255, 255, 255, 1)\"><strong>Edital<\/strong> <strong>P\u00fablico<\/strong><\/span><\/p><p data-themer-decoration-light-background-color=\"rgba(0, 0, 0, 0)\" data-themer-decoration-light-border-color=\"rgb(255, 255, 255)\" data-themer-decoration-light-color=\"rgb(255, 255, 255)\" data-themer-decoration-dark-background-color=\"rgba(0, 0, 0, 0)\" data-themer-decoration-dark-border-color=\"rgba(32, 33, 36, 1)\" data-themer-decoration-dark-color=\"rgba(32, 33, 36, 1)\"><span data-removefontsize=\"true\" data-originalcomputedfontsize=\"16\" data-themer-decoration-light-background-color=\"rgba(0, 0, 0, 0)\" data-themer-decoration-light-border-color=\"rgb(0, 0, 0)\" data-themer-decoration-light-color=\"rgb(0, 0, 0)\" data-themer-decoration-dark-background-color=\"rgba(0, 0, 0, 0)\" data-themer-decoration-dark-border-color=\"rgba(255, 255, 255, 1)\" data-themer-decoration-dark-color=\"rgba(255, 255, 255, 1)\"><strong>Vagas<\/strong>: <\/span><span data-removefontsize=\"true\" data-originalcomputedfontsize=\"16\" data-themer-decoration-light-background-color=\"rgba(0, 0, 0, 0)\" data-themer-decoration-light-border-color=\"rgb(0, 0, 0)\" data-themer-decoration-light-color=\"rgb(0, 0, 0)\" data-themer-decoration-dark-background-color=\"rgba(0, 0, 0, 0)\" data-themer-decoration-dark-border-color=\"rgba(255, 255, 255, 1)\" data-themer-decoration-dark-color=\"rgba(255, 255, 255, 1)\">Ser\u00e3o oferecidas 15 (quinze) vagas e 2 (duas) vagas adicionais para servidores t\u00e9cnico-administrativos da UFOP, conforme Tabela 01.<\/span><\/p><p data-themer-decoration-light-background-color=\"rgba(0, 0, 0, 0)\" data-themer-decoration-light-border-color=\"rgb(255, 255, 255)\" data-themer-decoration-light-color=\"rgb(255, 255, 255)\" data-themer-decoration-dark-background-color=\"rgba(0, 0, 0, 0)\" data-themer-decoration-dark-border-color=\"rgba(32, 33, 36, 1)\" data-themer-decoration-dark-color=\"rgba(32, 33, 36, 1)\"><span data-removefontsize=\"true\" data-originalcomputedfontsize=\"16\" data-themer-decoration-light-background-color=\"rgba(0, 0, 0, 0)\" data-themer-decoration-light-border-color=\"rgb(0, 0, 0)\" data-themer-decoration-light-color=\"rgb(0, 0, 0)\" data-themer-decoration-dark-background-color=\"rgba(0, 0, 0, 0)\" data-themer-decoration-dark-border-color=\"rgba(255, 255, 255, 1)\" data-themer-decoration-dark-color=\"rgba(255, 255, 255, 1)\"><strong>Categorias<\/strong>:<\/span><\/p><p data-themer-decoration-light-background-color=\"rgba(0, 0, 0, 0)\" data-themer-decoration-light-border-color=\"rgb(255, 255, 255)\" data-themer-decoration-light-color=\"rgb(255, 255, 255)\" data-themer-decoration-dark-background-color=\"rgba(0, 0, 0, 0)\" data-themer-decoration-dark-border-color=\"rgba(32, 33, 36, 1)\" data-themer-decoration-dark-color=\"rgba(32, 33, 36, 1)\"><strong>Categoria 01:<\/strong><span data-removefontsize=\"true\" data-originalcomputedfontsize=\"16\" data-themer-decoration-light-background-color=\"rgba(0, 0, 0, 0)\" data-themer-decoration-light-border-color=\"rgb(0, 0, 0)\" data-themer-decoration-light-color=\"rgb(0, 0, 0)\" data-themer-decoration-dark-background-color=\"rgba(0, 0, 0, 0)\" data-themer-decoration-dark-border-color=\"rgba(255, 255, 255, 1)\" data-themer-decoration-dark-color=\"rgba(255, 255, 255, 1)\"> Demanda social com dedica\u00e7\u00e3o exclusiva ao programa, restrita a candidatos que n\u00e3o possuem v\u00ednculo empregat\u00edcio ou empresa formalizada e que n\u00e3o estejam recebendo bolsa ou aux\u00edlio de outra institui\u00e7\u00e3o.<\/span><\/p><p data-themer-decoration-light-background-color=\"rgba(0, 0, 0, 0)\" data-themer-decoration-light-border-color=\"rgb(255, 255, 255)\" data-themer-decoration-light-color=\"rgb(255, 255, 255)\" data-themer-decoration-dark-background-color=\"rgba(0, 0, 0, 0)\" data-themer-decoration-dark-border-color=\"rgba(32, 33, 36, 1)\" data-themer-decoration-dark-color=\"rgba(32, 33, 36, 1)\"><span data-removefontsize=\"true\" data-originalcomputedfontsize=\"16\" data-themer-decoration-light-background-color=\"rgba(0, 0, 0, 0)\" data-themer-decoration-light-border-color=\"rgb(0, 0, 0)\" data-themer-decoration-light-color=\"rgb(0, 0, 0)\" data-themer-decoration-dark-background-color=\"rgba(0, 0, 0, 0)\" data-themer-decoration-dark-border-color=\"rgba(255, 255, 255, 1)\" data-themer-decoration-dark-color=\"rgba(255, 255, 255, 1)\"><strong>Categoria 02<\/strong>:<\/span><span data-removefontsize=\"true\" data-originalcomputedfontsize=\"16\" data-themer-decoration-light-background-color=\"rgba(0, 0, 0, 0)\" data-themer-decoration-light-border-color=\"rgb(0, 0, 0)\" data-themer-decoration-light-color=\"rgb(0, 0, 0)\" data-themer-decoration-dark-background-color=\"rgba(0, 0, 0, 0)\" data-themer-decoration-dark-border-color=\"rgba(255, 255, 255, 1)\" data-themer-decoration-dark-color=\"rgba(255, 255, 255, 1)\"> Demanda social com dedica\u00e7\u00e3o em tempo parcial ao programa.<\/span><\/p><p data-themer-decoration-light-background-color=\"rgba(0, 0, 0, 0)\" data-themer-decoration-light-border-color=\"rgb(255, 255, 255)\" data-themer-decoration-light-color=\"rgb(255, 255, 255)\" data-themer-decoration-dark-background-color=\"rgba(0, 0, 0, 0)\" data-themer-decoration-dark-border-color=\"rgba(32, 33, 36, 1)\" data-themer-decoration-dark-color=\"rgba(32, 33, 36, 1)\"><span data-removefontsize=\"true\" data-originalcomputedfontsize=\"16\" data-themer-decoration-light-background-color=\"rgba(0, 0, 0, 0)\" data-themer-decoration-light-border-color=\"rgb(0, 0, 0)\" data-themer-decoration-light-color=\"rgb(0, 0, 0)\" data-themer-decoration-dark-background-color=\"rgba(0, 0, 0, 0)\" data-themer-decoration-dark-border-color=\"rgba(255, 255, 255, 1)\" data-themer-decoration-dark-color=\"rgba(255, 255, 255, 1)\"><strong>Categoria 03<\/strong>:<\/span><span data-removefontsize=\"true\" data-originalcomputedfontsize=\"16\" data-themer-decoration-light-background-color=\"rgba(0, 0, 0, 0)\" data-themer-decoration-light-border-color=\"rgb(0, 0, 0)\" data-themer-decoration-light-color=\"rgb(0, 0, 0)\" data-themer-decoration-dark-background-color=\"rgba(0, 0, 0, 0)\" data-themer-decoration-dark-border-color=\"rgba(255, 255, 255, 1)\" data-themer-decoration-dark-color=\"rgba(255, 255, 255, 1)\"> Em atendimento \u00e0s normativas da Universidade Federal de Ouro Preto, ser\u00e1 destinada 10% do total de vagas ofertadas para atendimento aos servidores t\u00e9cnico-administrativos da UFOP (Resolu\u00e7\u00e3o CEPE 4350). Esta vaga, por ser adicional e espec\u00edfica para atendimento \u00e0 pol\u00edtica de incentivo \u00e0 qualifica\u00e7\u00e3o dos servidores t\u00e9cnico-administrativos da UFOP, n\u00e3o poder\u00e1 migrar para a ampla concorr\u00eancia e os candidatos optantes concorrem apenas entre si.<\/span><\/p><p data-themer-decoration-light-background-color=\"rgba(0, 0, 0, 0)\" data-themer-decoration-light-border-color=\"rgb(255, 255, 255)\" data-themer-decoration-light-color=\"rgb(255, 255, 255)\" data-themer-decoration-dark-background-color=\"rgba(0, 0, 0, 0)\" data-themer-decoration-dark-border-color=\"rgba(32, 33, 36, 1)\" data-themer-decoration-dark-color=\"rgba(32, 33, 36, 1)\"><span data-originalfontsize=\"10.5pt\" data-originalcomputedfontsize=\"14\" data-themer-decoration-light-background-color=\"rgba(0, 0, 0, 0)\" data-themer-decoration-light-border-color=\"rgb(0, 0, 0)\" data-themer-decoration-light-color=\"rgb(0, 0, 0)\" data-themer-decoration-dark-background-color=\"rgba(0, 0, 0, 0)\" data-themer-decoration-dark-border-color=\"rgba(255, 255, 255, 1)\" data-themer-decoration-dark-color=\"rgba(255, 255, 255, 1)\">O cronograma das atividades est\u00e1 dispon\u00edvel no EDITAL PROFICAM 01\/2024 \u2013 SELE\u00c7\u00c3O PARA INGRESSO NO MESTRADO EM INSTRUMENTA\u00c7\u00c3O, CONTROLE E AUTOMA\u00c7\u00c3O DA UFOP\/ITV \u2013 2025<\/span><\/p><p data-themer-decoration-light-background-color=\"rgba(0, 0, 0, 0)\" data-themer-decoration-light-border-color=\"rgb(255, 255, 255)\" data-themer-decoration-light-color=\"rgb(255, 255, 255)\" data-themer-decoration-dark-background-color=\"rgba(0, 0, 0, 0)\" data-themer-decoration-dark-border-color=\"rgba(32, 33, 36, 1)\" data-themer-decoration-dark-color=\"rgba(32, 33, 36, 1)\"><strong>Chamada Interna<\/strong><\/p><p data-themer-decoration-light-background-color=\"rgba(0, 0, 0, 0)\" data-themer-decoration-light-border-color=\"rgb(255, 255, 255)\" data-themer-decoration-light-color=\"rgb(255, 255, 255)\" data-themer-decoration-dark-background-color=\"rgba(0, 0, 0, 0)\" data-themer-decoration-dark-border-color=\"rgba(32, 33, 36, 1)\" data-themer-decoration-dark-color=\"rgba(32, 33, 36, 1)\"><span data-removefontsize=\"true\" data-originalcomputedfontsize=\"16\" data-themer-decoration-light-background-color=\"rgba(0, 0, 0, 0)\" data-themer-decoration-light-border-color=\"rgb(0, 0, 0)\" data-themer-decoration-light-color=\"rgb(0, 0, 0)\" data-themer-decoration-dark-background-color=\"rgba(0, 0, 0, 0)\" data-themer-decoration-dark-border-color=\"rgba(255, 255, 255, 1)\" data-themer-decoration-dark-color=\"rgba(255, 255, 255, 1)\"><strong>Vagas<\/strong>:<\/span><span data-removefontsize=\"true\" data-originalcomputedfontsize=\"16\" data-themer-decoration-light-background-color=\"rgba(0, 0, 0, 0)\" data-themer-decoration-light-border-color=\"rgb(0, 0, 0)\" data-themer-decoration-light-color=\"rgb(0, 0, 0)\" data-themer-decoration-dark-background-color=\"rgba(0, 0, 0, 0)\" data-themer-decoration-dark-border-color=\"rgba(255, 255, 255, 1)\" data-themer-decoration-dark-color=\"rgba(255, 255, 255, 1)\"> Ser\u00e3o oferecidas 15 (vinte) vagas e 2 (duas) vagas adicionais para empregados do ITV, conforme Tabela 01.<\/span><\/p><p data-themer-decoration-light-background-color=\"rgba(0, 0, 0, 0)\" data-themer-decoration-light-border-color=\"rgb(255, 255, 255)\" data-themer-decoration-light-color=\"rgb(255, 255, 255)\" data-themer-decoration-dark-background-color=\"rgba(0, 0, 0, 0)\" data-themer-decoration-dark-border-color=\"rgba(32, 33, 36, 1)\" data-themer-decoration-dark-color=\"rgba(32, 33, 36, 1)\"><span data-removefontsize=\"true\" data-originalcomputedfontsize=\"16\" data-themer-decoration-light-background-color=\"rgba(0, 0, 0, 0)\" data-themer-decoration-light-border-color=\"rgb(0, 0, 0)\" data-themer-decoration-light-color=\"rgb(0, 0, 0)\" data-themer-decoration-dark-background-color=\"rgba(0, 0, 0, 0)\" data-themer-decoration-dark-border-color=\"rgba(255, 255, 255, 1)\" data-themer-decoration-dark-color=\"rgba(255, 255, 255, 1)\"><strong>Categorias<\/strong>:<\/span><\/p><p data-themer-decoration-light-background-color=\"rgba(0, 0, 0, 0)\" data-themer-decoration-light-border-color=\"rgb(255, 255, 255)\" data-themer-decoration-light-color=\"rgb(255, 255, 255)\" data-themer-decoration-dark-background-color=\"rgba(0, 0, 0, 0)\" data-themer-decoration-dark-border-color=\"rgba(32, 33, 36, 1)\" data-themer-decoration-dark-color=\"rgba(32, 33, 36, 1)\"><span data-removefontsize=\"true\" data-originalcomputedfontsize=\"16\" data-themer-decoration-light-background-color=\"rgba(0, 0, 0, 0)\" data-themer-decoration-light-border-color=\"rgb(0, 0, 0)\" data-themer-decoration-light-color=\"rgb(0, 0, 0)\" data-themer-decoration-dark-background-color=\"rgba(0, 0, 0, 0)\" data-themer-decoration-dark-border-color=\"rgba(255, 255, 255, 1)\" data-themer-decoration-dark-color=\"rgba(255, 255, 255, 1)\"><strong>Categoria VALE<\/strong>: <\/span><span data-removefontsize=\"true\" data-originalcomputedfontsize=\"16\" data-themer-decoration-light-background-color=\"rgba(0, 0, 0, 0)\" data-themer-decoration-light-border-color=\"rgb(0, 0, 0)\" data-themer-decoration-light-color=\"rgb(0, 0, 0)\" data-themer-decoration-dark-background-color=\"rgba(0, 0, 0, 0)\" data-themer-decoration-dark-border-color=\"rgba(255, 255, 255, 1)\" data-themer-decoration-dark-color=\"rgba(255, 255, 255, 1)\">Empregados da Vale.<\/span><\/p><p data-themer-decoration-light-background-color=\"rgba(0, 0, 0, 0)\" data-themer-decoration-light-border-color=\"rgb(255, 255, 255)\" data-themer-decoration-light-color=\"rgb(255, 255, 255)\" data-themer-decoration-dark-background-color=\"rgba(0, 0, 0, 0)\" data-themer-decoration-dark-border-color=\"rgba(32, 33, 36, 1)\" data-themer-decoration-dark-color=\"rgba(32, 33, 36, 1)\"><strong>Categoria ITV: <\/strong><span data-removefontsize=\"true\" data-originalcomputedfontsize=\"16\" data-themer-decoration-light-background-color=\"rgba(0, 0, 0, 0)\" data-themer-decoration-light-border-color=\"rgb(0, 0, 0)\" data-themer-decoration-light-color=\"rgb(0, 0, 0)\" data-themer-decoration-dark-background-color=\"rgba(0, 0, 0, 0)\" data-themer-decoration-dark-border-color=\"rgba(255, 255, 255, 1)\" data-themer-decoration-dark-color=\"rgba(255, 255, 255, 1)\">Empregados do ITV. Esta vaga, por ser adicional e espec\u00edfica, n\u00e3o poder\u00e1 migrar para a outra categoria e os candidatos optantes concorrem apenas entre si.<\/span><\/p><p data-themer-decoration-light-background-color=\"rgba(0, 0, 0, 0)\" data-themer-decoration-light-border-color=\"rgb(255, 255, 255)\" data-themer-decoration-light-color=\"rgb(255, 255, 255)\" data-themer-decoration-dark-background-color=\"rgba(0, 0, 0, 0)\" data-themer-decoration-dark-border-color=\"rgba(32, 33, 36, 1)\" data-themer-decoration-dark-color=\"rgba(32, 33, 36, 1)\"><span data-themer-decoration-light-background-color=\"rgba(0, 0, 0, 0)\" data-themer-decoration-light-border-color=\"rgb(0, 0, 0)\" data-themer-decoration-light-color=\"rgb(0, 0, 0)\" data-themer-decoration-dark-background-color=\"rgba(0, 0, 0, 0)\" data-themer-decoration-dark-border-color=\"rgba(255, 255, 255, 1)\" data-themer-decoration-dark-color=\"rgba(255, 255, 255, 1)\">\u00a0<\/span>O cronograma das atividades est\u00e1 dispon\u00edvel no CHAMADA INTERNA 01\/2024 \u2013 SELE\u00c7\u00c3O PARA INGRESSO NO MESTRADO EM INSTRUMENTA\u00c7\u00c3O, CONTROLE E AUTOMA\u00c7\u00c3O DA UFOP\/ITV \u2013 2025<\/p>\t\t\t\t\t\t\t\t<\/div>\n\t\t\t\t<\/div>\n\t\t\t\t\t<\/div>\n\t\t<\/div>\n\t\t\t\t<div class=\"elementor-column elementor-col-50 elementor-inner-column elementor-element elementor-element-79608089\" data-id=\"79608089\" data-element_type=\"column\">\n\t\t\t<div class=\"elementor-widget-wrap elementor-element-populated\">\n\t\t\t\t\t\t<div class=\"elementor-element elementor-element-8753b05 elementor-position-top elementor-widget elementor-widget-image-box\" data-id=\"8753b05\" data-element_type=\"widget\" data-widget_type=\"image-box.default\">\n\t\t\t\t<div class=\"elementor-widget-container\">\n\t\t\t\t\t<div class=\"elementor-image-box-wrapper\"><figure class=\"elementor-image-box-img\"><a href=\"https:\/\/proficam.ufop.br\/\" target=\"_blank\" tabindex=\"-1\"><img fetchpriority=\"high\" decoding=\"async\" width=\"663\" height=\"112\" src=\"https:\/\/portalfadesp.org.br\/wp-content\/uploads\/2025\/01\/bannerproficam.png\" class=\"elementor-animation-grow attachment-full size-full wp-image-48118\" alt=\"\" srcset=\"https:\/\/portalfadesp.org.br\/wp-content\/uploads\/2025\/01\/bannerproficam.png 663w, https:\/\/portalfadesp.org.br\/wp-content\/uploads\/2025\/01\/bannerproficam-300x51.png 300w\" sizes=\"(max-width: 663px) 100vw, 663px\" \/><\/a><\/figure><div class=\"elementor-image-box-content\"><h3 class=\"elementor-image-box-title\"><a href=\"https:\/\/proficam.ufop.br\/\" target=\"_blank\">Conhe\u00e7a o Programa de P\u00f3s-Gradua\u00e7\u00e3o<\/a><\/h3><\/div><\/div>\t\t\t\t<\/div>\n\t\t\t\t<\/div>\n\t\t\t\t<div class=\"elementor-element elementor-element-c689bf8 elementor-widget elementor-widget-text-editor\" data-id=\"c689bf8\" data-element_type=\"widget\" data-widget_type=\"text-editor.default\">\n\t\t\t\t<div class=\"elementor-widget-container\">\n\t\t\t\t\t\t\t\t\t<h3 class=\"botaoBug\"><a href=\"https:\/\/concursos3.fadesp.org.br\/mestrado\/proficam2025\/web\/\"><strong>\u00c1rea do candidato (Clique aqui)<\/strong><\/a><\/h3><div><em>* Na \u00e1rea do candidato poder\u00e1 ser realizado seu cadastro, inscri\u00e7\u00e3o, emiss\u00e3o de boleto, recursos, impress\u00e3o de cart\u00e3o com local de prova e afins\u2026<\/em><\/div>\t\t\t\t\t\t\t\t<\/div>\n\t\t\t\t<\/div>\n\t\t\t\t<div class=\"elementor-element elementor-element-7ccac55 elementor-widget elementor-widget-text-editor\" data-id=\"7ccac55\" data-element_type=\"widget\" data-widget_type=\"text-editor.default\">\n\t\t\t\t<div class=\"elementor-widget-container\">\n\t\t\t\t\t\t\t\t\t<p><strong>Editais\u00a0<\/strong><\/p>\t\t\t\t\t\t\t\t<\/div>\n\t\t\t\t<\/div>\n\t\t\t\t<div class=\"elementor-element elementor-element-368e568 elementor-widget elementor-widget-text-editor\" data-id=\"368e568\" data-element_type=\"widget\" data-widget_type=\"text-editor.default\">\n\t\t\t\t<div class=\"elementor-widget-container\">\n\t\t\t\t\t\t\t\t\t<p><a href=\"https:\/\/portalfadesp.org.br\/wp-content\/uploads\/2025\/04\/Edital_no-12-PROFICAM_2025-RETIFICA-O-RESULTADO-FINAL-DO-PROCESSO-SELETIVO-DEMANDA-SOCIAL-CATEGORIA-02.pdf\">Edital n\u00ba 12 PROFICAM &#8211; 2025 RETIFICA O RESULTADO FINAL DO PROCESSO SELETIVO DEMANDA SOCIAL CATEGORIA 02, de 30\/04\/2025 <strong>(Clique aqui)<\/strong><\/a><\/p><p><a href=\"https:\/\/portalfadesp.org.br\/wp-content\/uploads\/2025\/03\/Edital_no-11-PROFICAM_2025-RESULTADO-FINAL-DO-PROCESSO-SELETIVO.pdf\">Edital n\u00ba 11 PROFICAM &#8211; 2025 RESULTADO FINAL DO PROCESSO SELETIVO, de 17\/03\/2025 <strong>(Clique aqui)<\/strong><\/a><\/p><p><a href=\"https:\/\/portalfadesp.org.br\/wp-content\/uploads\/2025\/03\/Edital_no-10-PROFICAM_2025-RESULTADO-PRELIMINAR-DO-PROCESSO-SELETIVO.pdf\">Edital n\u00ba 10 PROFICAM &#8211; 2025 RESULTADO PRELIMINAR DO PROCESSO SELETIVO, de 12\/03\/2025 <strong>(Clique aqui)<\/strong><\/a><\/p><p><a href=\"https:\/\/portalfadesp.org.br\/wp-content\/uploads\/2025\/03\/Edital_no-09-PROFICAM_2025-RECONSIDERACAO-DE-PONTUACAO-DE-CANDIDATO-NA-PROVA-OBJETIVA.pdf\">Edital n\u00ba 09 PROFICAM &#8211; 2025 RECONSIDERA\u00c7\u00c3O DE PONTUA\u00c7\u00c3O DE CANDIDATO NA PROVA OBJETIVA, de 12\/03\/2025 <strong>(Clique aqui)<\/strong><\/a><\/p><p><a href=\"https:\/\/portalfadesp.org.br\/wp-content\/uploads\/2025\/03\/Edital_no-08-PROFICAM_2025-RESULTADO-DA-PROVA-OBJETIVA-RETIFICADO.pdf\">Edital n\u00ba 08 PROFICAM &#8211; 2025 RESULTADO DA PROVA OBJETIVA &#8211; RETIFICADO, de 11\/03\/2025 <strong>(Clique aqui)<\/strong><\/a><\/p><p><a href=\"https:\/\/portalfadesp.org.br\/wp-content\/uploads\/2025\/03\/Edital_no-07-PROFICAM_2025-RESULTADO-DA-PROVA-OBJETIVA.pdf\">Edital n\u00ba 07 PROFICAM &#8211; 2025 RESULTADO DA PROVA OBJETIVA, de 07\/03\/2025 <strong>(Clique aqui)<\/strong><\/a><\/p><p><a href=\"https:\/\/exams-fadesp-2025.educat.net.br\/\">Consulte seu gabarito e caderno de prova, de 24\/02\/2025 <strong>(Clique aqui)<\/strong><\/a><\/p><p><a href=\"https:\/\/portalfadesp.org.br\/wp-content\/uploads\/2025\/02\/Edital_no-06-PROFICAM_2025-CONVOCACAO-PARA-O-PRE_TESTE-DA-PLATAFORMA-DE-PROVA-ON_LINE.pdf\">Edital n\u00ba 06 PROFICAM &#8211; 2025 CONVOCA\u00c7\u00c3O PARA O PR\u00c9-TESTE DA PLATAFORMA DE PROVA ON-LINE, de 11\/02\/2025 <strong>(Clique aqui)<\/strong><\/a><\/p><p><a href=\"https:\/\/portalfadesp.org.br\/wp-content\/uploads\/2025\/02\/Edital_no-05-PROFICAM_2025-RESULTADO-DEFINITIVO-DAS-INSCRICOES-HOMOLOGADAS.pdf\">Edital n\u00ba 05 PROFICAM &#8211; 2025 RESULTADO DEFINITIVO DAS INSCRI\u00c7\u00d5ES HOMOLOGADAS, de 11\/02\/2025 <strong>(Clique aqui)<\/strong><\/a><\/p><p><a href=\"https:\/\/portalfadesp.org.br\/wp-content\/uploads\/2025\/02\/Edital_no-04-PROFICAM_2025-RESULTADO-PRELIMINAR-DAS-INSCRICOES-HOMOLOGADAS.pdf\">Edital n\u00ba 04 PROFICAM &#8211; 2025 RESULTADO PRELIMINAR DAS INSCRI\u00c7\u00d5ES HOMOLOGADAS, de 06\/02\/2025 <strong>(Clique aqui)<\/strong><\/a><\/p><p><a href=\"https:\/\/portalfadesp.org.br\/wp-content\/uploads\/2025\/02\/Edital_no-03-PROFICAM_2025-RESULTADO-DEFINITIVO-DO-PROCESSO-DE-ISENCAO.pdf\">Edital n\u00ba 03 PROFICAM &#8211; 2025 RESULTADO DEFINITIVO DO PROCESSO DE ISEN\u00c7\u00c3O, de 17\/01\/2025 <strong>(Clique aqui)<\/strong><\/a><\/p><p><a href=\"https:\/\/portalfadesp.org.br\/wp-content\/uploads\/2025\/01\/RETIFICACAO-ChamadaInterna_2025_01.pdf\">RETIFICA\u00c7\u00c3O &#8211; Chamada Interna, de 20\/01\/2025 <strong>(Clique aqui)<\/strong><\/a><\/p><p><a href=\"https:\/\/portalfadesp.org.br\/wp-content\/uploads\/2025\/01\/RETIFICACAO-Edital_PROFICAM_2025_01.pdf\">RETIFICA\u00c7\u00c3O &#8211; Edital &#8211; PROFICAM, de 20\/01\/2025 <strong>(Clique aqui)<\/strong><\/a><\/p><p><a href=\"https:\/\/portalfadesp.org.br\/wp-content\/uploads\/2025\/01\/Edital_no-02-PROFICAM_2025-RESULTADO-PRELIMINAR-DO-PROCESSO-DE-ISENCAO.pdf\">Edital n\u00ba 02 PROFICAM &#8211; 2025 RESULTADO PRELIMINAR DO PROCESSO DE ISEN\u00c7\u00c3O, de 15\/01\/2025 <strong>(Clique aqui)<\/strong><\/a><\/p><p><a href=\"https:\/\/portalfadesp.org.br\/wp-content\/uploads\/2025\/01\/Carta_aprovacao_VP-1.doc\">Carta de Aprova\u00e7\u00e3o VP &#8211; 1 <strong>(Clique aqui)<\/strong><\/a><\/p><p><a href=\"https:\/\/portalfadesp.org.br\/wp-content\/uploads\/2024\/12\/ChamadaInterna_2025_01.pdf\">Chamada Interna 01\/2024, de 19\/12\/2024 <strong>(Clique aqui)<\/strong><\/a><\/p><p><a href=\"https:\/\/portalfadesp.org.br\/wp-content\/uploads\/2024\/12\/Edital_PROFICAM_2025_01.pdf\">Edital PROFICAM 01\/2024, de 19\/12\/2024 <strong>(Clique aqui)<\/strong><\/a><\/p>\t\t\t\t\t\t\t\t<\/div>\n\t\t\t\t<\/div>\n\t\t\t\t\t<\/div>\n\t\t<\/div>\n\t\t\t\t\t<\/div>\n\t\t<\/section>\n\t\t\t\t\t<\/div>\n\t\t<\/div>\n\t\t\t\t\t<\/div>\n\t\t<\/section>\n\t\t\t\t<\/div>\n\t\t","protected":false},"excerpt":{"rendered":"<p>Sele\u00e7\u00e3o para Mestrado Profissional em Instrumenta\u00e7\u00e3o, Controle e Automa\u00e7\u00e3o de Processos de Minera\u00e7\u00e3o \u2013 UFOP\/ITV (2025) A Coordena\u00e7\u00e3o do Programa de P\u00f3s-Gradua\u00e7\u00e3o em Instrumenta\u00e7\u00e3o, Controle e Automa\u00e7\u00e3o de Processos de Minera\u00e7\u00e3o da Universidade Federal de Ouro Preto e do Instituto Tecnol\u00f3gico Vale \u2013 PROFICAM \u2013 UFOP\/ITV, tendo em vista a decis\u00e3o do Colegiado de P\u00f3s-Gradua\u00e7\u00e3o, [&hellip;]<\/p>\n","protected":false},"author":12,"featured_media":0,"parent":329,"menu_order":0,"comment_status":"closed","ping_status":"closed","template":"","meta":{"_monsterinsights_skip_tracking":false,"_monsterinsights_sitenote_active":false,"_monsterinsights_sitenote_note":"","_monsterinsights_sitenote_category":0,"footnotes":""},"class_list":["post-47844","page","type-page","status-publish","hentry","entry"],"yoast_head":"<!-- This site is optimized with the Yoast SEO plugin v25.1 - https:\/\/yoast.com\/wordpress\/plugins\/seo\/ -->\n<title>Sele\u00e7\u00e3o para Mestrado Profissional em Instrumenta\u00e7\u00e3o, Controle e Automa\u00e7\u00e3o de Processos de Minera\u00e7\u00e3o - UFOP\/ITV (2025) - FADESP<\/title>\n<meta name=\"robots\" content=\"index, follow, max-snippet:-1, max-image-preview:large, max-video-preview:-1\" \/>\n<link rel=\"canonical\" href=\"https:\/\/portalfadesp.org.br\/?page_id=47844\" \/>\n<meta property=\"og:locale\" content=\"pt_BR\" \/>\n<meta property=\"og:type\" content=\"article\" \/>\n<meta property=\"og:title\" content=\"Sele\u00e7\u00e3o para Mestrado Profissional em Instrumenta\u00e7\u00e3o, Controle e Automa\u00e7\u00e3o de Processos de Minera\u00e7\u00e3o - UFOP\/ITV (2025) - FADESP\" \/>\n<meta property=\"og:description\" content=\"Sele\u00e7\u00e3o para Mestrado Profissional em Instrumenta\u00e7\u00e3o, Controle e Automa\u00e7\u00e3o de Processos de Minera\u00e7\u00e3o \u2013 UFOP\/ITV (2025) A Coordena\u00e7\u00e3o do Programa de P\u00f3s-Gradua\u00e7\u00e3o em Instrumenta\u00e7\u00e3o, Controle e Automa\u00e7\u00e3o de Processos de Minera\u00e7\u00e3o da Universidade Federal de Ouro Preto e do Instituto Tecnol\u00f3gico Vale \u2013 PROFICAM \u2013 UFOP\/ITV, tendo em vista a decis\u00e3o do Colegiado de P\u00f3s-Gradua\u00e7\u00e3o, [&hellip;]\" \/>\n<meta property=\"og:url\" content=\"https:\/\/portalfadesp.org.br\/?page_id=47844\" \/>\n<meta property=\"og:site_name\" content=\"FADESP\" \/>\n<meta property=\"article:publisher\" content=\"https:\/\/www.facebook.com\/Fadesp-138351949524662\/\" \/>\n<meta property=\"article:modified_time\" content=\"2025-04-30T23:17:03+00:00\" \/>\n<meta property=\"og:image\" content=\"https:\/\/portalfadesp.org.br\/wp-content\/uploads\/2025\/01\/bannerproficam.png\" \/>\n\t<meta property=\"og:image:width\" content=\"663\" \/>\n\t<meta property=\"og:image:height\" content=\"112\" \/>\n\t<meta property=\"og:image:type\" content=\"image\/png\" \/>\n<meta name=\"twitter:card\" content=\"summary_large_image\" \/>\n<meta name=\"twitter:site\" content=\"@Fadesp\" \/>\n<meta name=\"twitter:label1\" content=\"Est. tempo de leitura\" \/>\n\t<meta name=\"twitter:data1\" content=\"4 minutos\" \/>\n<script type=\"application\/ld+json\" class=\"yoast-schema-graph\">{\"@context\":\"https:\/\/schema.org\",\"@graph\":[{\"@type\":\"WebPage\",\"@id\":\"https:\/\/portalfadesp.org.br\/?page_id=47844\",\"url\":\"https:\/\/portalfadesp.org.br\/?page_id=47844\",\"name\":\"Sele\u00e7\u00e3o para Mestrado Profissional em Instrumenta\u00e7\u00e3o, Controle e Automa\u00e7\u00e3o de Processos de Minera\u00e7\u00e3o - UFOP\/ITV (2025) - FADESP\",\"isPartOf\":{\"@id\":\"https:\/\/portalfadesp.org.br\/#website\"},\"primaryImageOfPage\":{\"@id\":\"https:\/\/portalfadesp.org.br\/?page_id=47844#primaryimage\"},\"image\":{\"@id\":\"https:\/\/portalfadesp.org.br\/?page_id=47844#primaryimage\"},\"thumbnailUrl\":\"https:\/\/portalfadesp.org.br\/wp-content\/uploads\/2025\/01\/bannerproficam.png\",\"datePublished\":\"2024-12-19T21:08:00+00:00\",\"dateModified\":\"2025-04-30T23:17:03+00:00\",\"breadcrumb\":{\"@id\":\"https:\/\/portalfadesp.org.br\/?page_id=47844#breadcrumb\"},\"inLanguage\":\"pt-BR\",\"potentialAction\":[{\"@type\":\"ReadAction\",\"target\":[\"https:\/\/portalfadesp.org.br\/?page_id=47844\"]}]},{\"@type\":\"ImageObject\",\"inLanguage\":\"pt-BR\",\"@id\":\"https:\/\/portalfadesp.org.br\/?page_id=47844#primaryimage\",\"url\":\"https:\/\/portalfadesp.org.br\/wp-content\/uploads\/2025\/01\/bannerproficam.png\",\"contentUrl\":\"https:\/\/portalfadesp.org.br\/wp-content\/uploads\/2025\/01\/bannerproficam.png\",\"width\":663,\"height\":112},{\"@type\":\"BreadcrumbList\",\"@id\":\"https:\/\/portalfadesp.org.br\/?page_id=47844#breadcrumb\",\"itemListElement\":[{\"@type\":\"ListItem\",\"position\":1,\"name\":\"In\u00edcio\",\"item\":\"https:\/\/portalfadesp.org.br\/\"},{\"@type\":\"ListItem\",\"position\":2,\"name\":\"Concursos &#8211; Homologados\",\"item\":\"https:\/\/portalfadesp.org.br\/?page_id=329\"},{\"@type\":\"ListItem\",\"position\":3,\"name\":\"Sele\u00e7\u00e3o para Mestrado Profissional em Instrumenta\u00e7\u00e3o, Controle e Automa\u00e7\u00e3o de Processos de Minera\u00e7\u00e3o &#8211; UFOP\/ITV (2025)\"}]},{\"@type\":\"WebSite\",\"@id\":\"https:\/\/portalfadesp.org.br\/#website\",\"url\":\"https:\/\/portalfadesp.org.br\/\",\"name\":\"FADESP\",\"description\":\"Funda\u00e7\u00e3o de Amparo e Desenvolvimento da Pesquisa\",\"publisher\":{\"@id\":\"https:\/\/portalfadesp.org.br\/#organization\"},\"potentialAction\":[{\"@type\":\"SearchAction\",\"target\":{\"@type\":\"EntryPoint\",\"urlTemplate\":\"https:\/\/portalfadesp.org.br\/?s={search_term_string}\"},\"query-input\":{\"@type\":\"PropertyValueSpecification\",\"valueRequired\":true,\"valueName\":\"search_term_string\"}}],\"inLanguage\":\"pt-BR\"},{\"@type\":\"Organization\",\"@id\":\"https:\/\/portalfadesp.org.br\/#organization\",\"name\":\"FADESP\",\"url\":\"https:\/\/portalfadesp.org.br\/\",\"logo\":{\"@type\":\"ImageObject\",\"inLanguage\":\"pt-BR\",\"@id\":\"https:\/\/portalfadesp.org.br\/#\/schema\/logo\/image\/\",\"url\":\"https:\/\/portalfadesp.org.br\/wp-content\/uploads\/2024\/01\/NOVOLOGOFADESPlaranjaH.png\",\"contentUrl\":\"https:\/\/portalfadesp.org.br\/wp-content\/uploads\/2024\/01\/NOVOLOGOFADESPlaranjaH.png\",\"width\":2742,\"height\":839,\"caption\":\"FADESP\"},\"image\":{\"@id\":\"https:\/\/portalfadesp.org.br\/#\/schema\/logo\/image\/\"},\"sameAs\":[\"https:\/\/www.facebook.com\/Fadesp-138351949524662\/\",\"https:\/\/x.com\/Fadesp\",\"https:\/\/www.instagram.com\/fadesp_ufpa\/\",\"https:\/\/www.youtube.com\/@fundacaodeamparoedesenvolv1903\",\"https:\/\/www.threads.net\/@fadesp_ufpa\"]}]}<\/script>\n<!-- \/ Yoast SEO plugin. -->","yoast_head_json":{"title":"Sele\u00e7\u00e3o para Mestrado Profissional em Instrumenta\u00e7\u00e3o, Controle e Automa\u00e7\u00e3o de Processos de Minera\u00e7\u00e3o - UFOP\/ITV (2025) - FADESP","robots":{"index":"index","follow":"follow","max-snippet":"max-snippet:-1","max-image-preview":"max-image-preview:large","max-video-preview":"max-video-preview:-1"},"canonical":"https:\/\/portalfadesp.org.br\/?page_id=47844","og_locale":"pt_BR","og_type":"article","og_title":"Sele\u00e7\u00e3o para Mestrado Profissional em Instrumenta\u00e7\u00e3o, Controle e Automa\u00e7\u00e3o de Processos de Minera\u00e7\u00e3o - UFOP\/ITV (2025) - FADESP","og_description":"Sele\u00e7\u00e3o para Mestrado Profissional em Instrumenta\u00e7\u00e3o, Controle e Automa\u00e7\u00e3o de Processos de Minera\u00e7\u00e3o \u2013 UFOP\/ITV (2025) A Coordena\u00e7\u00e3o do Programa de P\u00f3s-Gradua\u00e7\u00e3o em Instrumenta\u00e7\u00e3o, Controle e Automa\u00e7\u00e3o de Processos de Minera\u00e7\u00e3o da Universidade Federal de Ouro Preto e do Instituto Tecnol\u00f3gico Vale \u2013 PROFICAM \u2013 UFOP\/ITV, tendo em vista a decis\u00e3o do Colegiado de P\u00f3s-Gradua\u00e7\u00e3o, [&hellip;]","og_url":"https:\/\/portalfadesp.org.br\/?page_id=47844","og_site_name":"FADESP","article_publisher":"https:\/\/www.facebook.com\/Fadesp-138351949524662\/","article_modified_time":"2025-04-30T23:17:03+00:00","og_image":[{"width":663,"height":112,"url":"https:\/\/portalfadesp.org.br\/wp-content\/uploads\/2025\/01\/bannerproficam.png","type":"image\/png"}],"twitter_card":"summary_large_image","twitter_site":"@Fadesp","twitter_misc":{"Est. tempo de leitura":"4 minutos"},"schema":{"@context":"https:\/\/schema.org","@graph":[{"@type":"WebPage","@id":"https:\/\/portalfadesp.org.br\/?page_id=47844","url":"https:\/\/portalfadesp.org.br\/?page_id=47844","name":"Sele\u00e7\u00e3o para Mestrado Profissional em Instrumenta\u00e7\u00e3o, Controle e Automa\u00e7\u00e3o de Processos de Minera\u00e7\u00e3o - UFOP\/ITV (2025) - FADESP","isPartOf":{"@id":"https:\/\/portalfadesp.org.br\/#website"},"primaryImageOfPage":{"@id":"https:\/\/portalfadesp.org.br\/?page_id=47844#primaryimage"},"image":{"@id":"https:\/\/portalfadesp.org.br\/?page_id=47844#primaryimage"},"thumbnailUrl":"https:\/\/portalfadesp.org.br\/wp-content\/uploads\/2025\/01\/bannerproficam.png","datePublished":"2024-12-19T21:08:00+00:00","dateModified":"2025-04-30T23:17:03+00:00","breadcrumb":{"@id":"https:\/\/portalfadesp.org.br\/?page_id=47844#breadcrumb"},"inLanguage":"pt-BR","potentialAction":[{"@type":"ReadAction","target":["https:\/\/portalfadesp.org.br\/?page_id=47844"]}]},{"@type":"ImageObject","inLanguage":"pt-BR","@id":"https:\/\/portalfadesp.org.br\/?page_id=47844#primaryimage","url":"https:\/\/portalfadesp.org.br\/wp-content\/uploads\/2025\/01\/bannerproficam.png","contentUrl":"https:\/\/portalfadesp.org.br\/wp-content\/uploads\/2025\/01\/bannerproficam.png","width":663,"height":112},{"@type":"BreadcrumbList","@id":"https:\/\/portalfadesp.org.br\/?page_id=47844#breadcrumb","itemListElement":[{"@type":"ListItem","position":1,"name":"In\u00edcio","item":"https:\/\/portalfadesp.org.br\/"},{"@type":"ListItem","position":2,"name":"Concursos &#8211; Homologados","item":"https:\/\/portalfadesp.org.br\/?page_id=329"},{"@type":"ListItem","position":3,"name":"Sele\u00e7\u00e3o para Mestrado Profissional em Instrumenta\u00e7\u00e3o, Controle e Automa\u00e7\u00e3o de Processos de Minera\u00e7\u00e3o &#8211; UFOP\/ITV (2025)"}]},{"@type":"WebSite","@id":"https:\/\/portalfadesp.org.br\/#website","url":"https:\/\/portalfadesp.org.br\/","name":"FADESP","description":"Funda\u00e7\u00e3o de Amparo e Desenvolvimento da Pesquisa","publisher":{"@id":"https:\/\/portalfadesp.org.br\/#organization"},"potentialAction":[{"@type":"SearchAction","target":{"@type":"EntryPoint","urlTemplate":"https:\/\/portalfadesp.org.br\/?s={search_term_string}"},"query-input":{"@type":"PropertyValueSpecification","valueRequired":true,"valueName":"search_term_string"}}],"inLanguage":"pt-BR"},{"@type":"Organization","@id":"https:\/\/portalfadesp.org.br\/#organization","name":"FADESP","url":"https:\/\/portalfadesp.org.br\/","logo":{"@type":"ImageObject","inLanguage":"pt-BR","@id":"https:\/\/portalfadesp.org.br\/#\/schema\/logo\/image\/","url":"https:\/\/portalfadesp.org.br\/wp-content\/uploads\/2024\/01\/NOVOLOGOFADESPlaranjaH.png","contentUrl":"https:\/\/portalfadesp.org.br\/wp-content\/uploads\/2024\/01\/NOVOLOGOFADESPlaranjaH.png","width":2742,"height":839,"caption":"FADESP"},"image":{"@id":"https:\/\/portalfadesp.org.br\/#\/schema\/logo\/image\/"},"sameAs":["https:\/\/www.facebook.com\/Fadesp-138351949524662\/","https:\/\/x.com\/Fadesp","https:\/\/www.instagram.com\/fadesp_ufpa\/","https:\/\/www.youtube.com\/@fundacaodeamparoedesenvolv1903","https:\/\/www.threads.net\/@fadesp_ufpa"]}]}},"_links":{"self":[{"href":"https:\/\/portalfadesp.org.br\/index.php?rest_route=\/wp\/v2\/pages\/47844","targetHints":{"allow":["GET"]}}],"collection":[{"href":"https:\/\/portalfadesp.org.br\/index.php?rest_route=\/wp\/v2\/pages"}],"about":[{"href":"https:\/\/portalfadesp.org.br\/index.php?rest_route=\/wp\/v2\/types\/page"}],"author":[{"embeddable":true,"href":"https:\/\/portalfadesp.org.br\/index.php?rest_route=\/wp\/v2\/users\/12"}],"replies":[{"embeddable":true,"href":"https:\/\/portalfadesp.org.br\/index.php?rest_route=%2Fwp%2Fv2%2Fcomments&post=47844"}],"version-history":[{"count":59,"href":"https:\/\/portalfadesp.org.br\/index.php?rest_route=\/wp\/v2\/pages\/47844\/revisions"}],"predecessor-version":[{"id":52127,"href":"https:\/\/portalfadesp.org.br\/index.php?rest_route=\/wp\/v2\/pages\/47844\/revisions\/52127"}],"up":[{"embeddable":true,"href":"https:\/\/portalfadesp.org.br\/index.php?rest_route=\/wp\/v2\/pages\/329"}],"wp:attachment":[{"href":"https:\/\/portalfadesp.org.br\/index.php?rest_route=%2Fwp%2Fv2%2Fmedia&parent=47844"}],"curies":[{"name":"wp","href":"https:\/\/api.w.org\/{rel}","templated":true}]}}