{"id":4766,"date":"2019-11-03T22:13:02","date_gmt":"2019-11-04T01:13:02","guid":{"rendered":"https:\/\/162.215.13.167?page_id=4766"},"modified":"2023-09-26T10:06:15","modified_gmt":"2023-09-26T13:06:15","slug":"uepa-tecnico-2019","status":"publish","type":"page","link":"https:\/\/portalfadesp.org.br\/?page_id=4766","title":{"rendered":"UEPA \/ T\u00c9CNICO &#8211; 2019"},"content":{"rendered":"\t\t<div data-elementor-type=\"wp-post\" data-elementor-id=\"4766\" class=\"elementor elementor-4766\" data-elementor-post-type=\"page\">\n\t\t\t\t\t\t<section class=\"elementor-section elementor-top-section elementor-element elementor-element-6a3536f elementor-section-boxed elementor-section-height-default elementor-section-height-default\" data-id=\"6a3536f\" data-element_type=\"section\">\n\t\t\t\t\t\t<div class=\"elementor-container elementor-column-gap-default\">\n\t\t\t\t\t<div class=\"elementor-column elementor-col-100 elementor-top-column elementor-element elementor-element-5e107171\" data-id=\"5e107171\" data-element_type=\"column\">\n\t\t\t<div class=\"elementor-widget-wrap elementor-element-populated\">\n\t\t\t\t\t\t<div class=\"elementor-element elementor-element-6122afba elementor-widget elementor-widget-heading\" data-id=\"6122afba\" data-element_type=\"widget\" data-widget_type=\"heading.default\">\n\t\t\t\t<div class=\"elementor-widget-container\">\n\t\t\t\t\t<h1 class=\"elementor-heading-title elementor-size-default\">UEPA - 2019<\/h1>\t\t\t\t<\/div>\n\t\t\t\t<\/div>\n\t\t\t\t<section class=\"elementor-section elementor-inner-section elementor-element elementor-element-2b3d37c9 elementor-section-boxed elementor-section-height-default elementor-section-height-default\" data-id=\"2b3d37c9\" data-element_type=\"section\">\n\t\t\t\t\t\t<div class=\"elementor-container elementor-column-gap-default\">\n\t\t\t\t\t<div class=\"elementor-column elementor-col-50 elementor-inner-column elementor-element elementor-element-343e9397\" data-id=\"343e9397\" data-element_type=\"column\">\n\t\t\t<div class=\"elementor-widget-wrap elementor-element-populated\">\n\t\t\t\t\t\t<div class=\"elementor-element elementor-element-436bd9c2 elementor-widget elementor-widget-text-editor\" data-id=\"436bd9c2\" data-element_type=\"widget\" data-widget_type=\"text-editor.default\">\n\t\t\t\t<div class=\"elementor-widget-container\">\n\t\t\t\t\t\t\t\t\t<p>A Universidade do Estado do Par\u00e1 (UEPA) torna p\u00fablica a realiza\u00e7\u00e3o de concurso p\u00fablico para o preenchimento de vagas em cargos t\u00e9cnicos de N\u00edveis M\u00e9dio e\u00a0 Superior para o seu quadro efetivo.<\/p><p><strong>Vagas &#8211;\u00a0 <\/strong>120 (<span style=\"font-family: Calibri, sans-serif; font-size: 11pt;\">93 para n\u00edvel M\u00e9dio e 27 para superior)<\/span><\/p><p><strong>Cargos &#8211; <\/strong>T\u00e9cnico N\u00edvel M\u00e9dio e T\u00e9cnico N\u00edvel Superior.<\/p><p><strong>Remunera\u00e7\u00e3o &#8211; <\/strong>de R$ 998,00 e R$ 1.560,76.<\/p><p><strong>Inscri\u00e7\u00f5es &#8211; <\/strong>05\/11 a 09\/12\/2019.<\/p><p><strong>Taxa &#8211;\u00a0<\/strong>R$ 80,00 para cargos de N\u00edvel M\u00e9dio e R$ 100,00 para cargos de N\u00edvel Superior.<\/p><p><strong>Provas em &#8211;<\/strong>\u00a0Bel\u00e9m, Marab\u00e1, Castanhal e Santar\u00e9m.<\/p><p>&#8230;&#8230;&#8230;&#8230;&#8230;&#8230;&#8230;&#8230;&#8230;&#8230;&#8230;&#8230;&#8230;&#8230;&#8230;&#8230;&#8230;&#8230;&#8230;&#8230;&#8230;&#8230;&#8230;&#8230;&#8230;&#8230;&#8230;&#8230;&#8230;&#8230;&#8230;<\/p><p><strong>Datas importantes<\/strong>:<\/p><p><strong>Per\u00edodo de Inscri\u00e7\u00e3o<\/strong> &#8211; 05\/11 a 09\/12\/2019.<\/p><p><strong>Pedido de isen\u00e7\u00e3o para PcD e Hipossuficiente<\/strong> &#8211;\u00a0 de 05 a 08\/11\/2019.<\/p><p><strong>Pagamento da taxa de inscri\u00e7\u00e3o<\/strong> &#8211; at\u00e9 10\/12\/2019.<\/p><p><strong>Impress\u00e3o do cart\u00e3o de confirma\u00e7\u00e3o<\/strong> &#8211; 23\/12 a 03\/01\/2020.<\/p><p><strong>Data, hora e local da prova objetiva<\/strong> &#8211; 12\/01\/2020.<\/p>\t\t\t\t\t\t\t\t<\/div>\n\t\t\t\t<\/div>\n\t\t\t\t\t<\/div>\n\t\t<\/div>\n\t\t\t\t<div class=\"elementor-column elementor-col-50 elementor-inner-column elementor-element elementor-element-6ffad77f\" data-id=\"6ffad77f\" data-element_type=\"column\">\n\t\t\t<div class=\"elementor-widget-wrap elementor-element-populated\">\n\t\t\t\t\t\t<div class=\"elementor-element elementor-element-6e736e79 elementor-widget elementor-widget-text-editor\" data-id=\"6e736e79\" data-element_type=\"widget\" data-widget_type=\"text-editor.default\">\n\t\t\t\t<div class=\"elementor-widget-container\">\n\t\t\t\t\t\t\t\t\t<p style=\"text-align: center;\"><span style=\"color: #ffffff;\"><strong>Editais e Avisos<\/strong><\/span><\/p>\t\t\t\t\t\t\t\t<\/div>\n\t\t\t\t<\/div>\n\t\t\t\t<div class=\"elementor-element elementor-element-362da917 elementor-widget elementor-widget-text-editor\" data-id=\"362da917\" data-element_type=\"widget\" data-widget_type=\"text-editor.default\">\n\t\t\t\t<div class=\"elementor-widget-container\">\n\t\t\t\t\t\t\t\t\t<p style=\"text-align: center;\"><a href=\"https:\/\/portalfadesp.org.br\/wp-content\/uploads\/2023\/09\/Edital-no-83_2023_3a-Retificacao-do-Resultado-de-Homologacao-Final_Agente-Administrativo_Paragominas-28-04-2023.docx.pdf\"><span style=\"color: #000000;\"><strong>Edital n\u00ba 83_2023_UEPA &#8211; 3\u00aa RETIFICA\u00c7\u00c3O DO RESULTADO DE HOMOLOGA\u00c7\u00c3O FINAL DO CARGO: AGENTE ADMINISTRATIVO -PARAGOMINAS, de 26\/09\/2023 (Clique Aqui)<\/strong><\/span><\/a><\/p><p style=\"text-align: center;\"><span style=\"color: #000000;\"><strong><a style=\"color: #000000;\" href=\"http:\/\/concursos.fadesp.org.br\/uepa2019c\/arquivos\/Edital%2082_2019_UEPA_%202-RETIFICA%C3%87%C3%83O%20DO%20RESULTADO%20DE%20HOMOLOGA%C3%87%C3%83O%20FINAL%20DO%20CARGO-BIBLIOTECONOMIA-TUCURU%C3%8D.pdf\">Edital n\u00ba 82_2021_UEPA &#8211; 2\u00aa RETIFICA\u00c7\u00c3O DO RESULTADO DE HOMOLOGA\u00c7\u00c3O FINAL DO CARGO: 224 &#8211; BIBLIOTECONOMIA -TUCURU\u00cd<\/a><\/strong><\/span><\/p><p style=\"text-align: center;\"><span style=\"color: #000000;\"><strong><a style=\"color: #000000;\" href=\"http:\/\/concursos.fadesp.org.br\/uepa2019c\/arquivos\/Retifica%C3%A7%C3%A3o%20de%20Resultado%20final-Edital%2082-2021-UEPAPA_Cargo%20Agente%20Administrativo%E2%80%93Bel%C3%A9m.pdf\">Edital n\u00ba 81_2021_UEPA &#8211; 1\u00aa RETIFICA\u00c7\u00c3O DO RESULTADO DE HOMOLOGA\u00c7\u00c3O FINAL DO CARGO: 103 &#8211; AGENTE ADMINISTRATIVO \u2013 BEL\u00c9M<\/a><\/strong><\/span><\/p><p style=\"text-align: center;\"><span style=\"color: #000000;\"><strong><a style=\"color: #000000;\" href=\"http:\/\/concursos.fadesp.org.br\/uepa2019c\/arquivos\/Edital%20n%C2%B0%2080_2019_UEPA%20-%20Homologa%C3%A7%C3%A3o.pdf\">UEPA &#8211; Homologa\u00e7\u00e3o &#8211; Em 14\/02\/2020<\/a><\/strong><\/span><\/p><p style=\"text-align: center;\"><span style=\"color: #000000;\"><strong><a style=\"color: #000000;\" href=\"http:\/\/concursos.fadesp.org.br\/uepa2019c\/arquivos\/Edital%20n%C2%B0%2080_2019_UEPA%20-%20HOMOLOGA%C3%87%C3%83O%20DE%20RESULTADOS.pdf\">Edital n\u00b0 80_2019_UEPA &#8211; HOMOLOGA\u00c7\u00c3O DE RESULTADOS<\/a><\/strong><\/span><\/p><p style=\"text-align: center;\"><span style=\"color: #000000;\"><strong><a style=\"color: #000000;\" href=\"http:\/\/concursos.fadesp.org.br\/uepa2019c\/arquivos\/Resultado%20final%20Preliminar%20N%C3%ADvel%20Superior.pdf\">Resultado final Preliminar N\u00edvel Superior<\/a><\/strong><\/span><\/p><p style=\"text-align: center;\"><span style=\"color: #000000;\"><strong><a style=\"color: #000000;\" href=\"http:\/\/concursos.fadesp.org.br\/uepa2019c\/arquivos\/N%C3%ADvel%20Superior%20-%20Resultado%20Final%20da%20Prova%20T%C3%ADtulos%20(Reparado).pdf\">N\u00edvel Superior &#8211; Resultado Final da Prova T\u00edtulos\u00a0<\/a><\/strong><\/span><\/p><p style=\"text-align: center;\"><span style=\"color: #000000;\"><strong><a style=\"color: #000000;\" href=\"http:\/\/concursos.fadesp.org.br\/uepa2019c\/arquivos\/N%C3%ADvel%20Superior%20-%20Resultado%20Preliminar%20da%20Prova%20T%C3%ADtulos.pdf\">RESULTADO PRELIMINAR DA PROVA DE T\u00cdTULOS<\/a><\/strong><\/span><\/p><p style=\"text-align: center;\"><span style=\"color: #000000;\"><strong><a style=\"color: #000000;\" href=\"http:\/\/concursos.fadesp.org.br\/uepa2019c\/arquivos\/Edital%20n%C2%B0%2080_2019_UEPA%20-%20CHAMADA%20PROVA%20DE%20T%C3%8DTULOS.pdf\">Edital n\u00b0 80_2019_UEPA &#8211; CHAMADA PROVA DE T\u00cdTULOS<\/a><\/strong><\/span><\/p><p style=\"text-align: center;\"><span style=\"color: #000000;\"><strong><a style=\"color: #000000;\" href=\"http:\/\/concursos.fadesp.org.br\/uepa2019c\/arquivos\/N%C3%ADvel%20Superior%20-%20Resultado%20Final%20da%20Prova%20Objetiva.pdf\">N\u00edvel Superior &#8211; Resultado Final da Prova Objetiva<\/a><\/strong><\/span><\/p><p style=\"text-align: center;\"><span style=\"color: #000000;\"><strong><a style=\"color: #000000;\" href=\"http:\/\/concursos.fadesp.org.br\/uepa2019c\/arquivos\/N%C3%ADvel%20M%C3%A9dio%20-%20Resultado%20Final%20da%20Prova%20Objetiva.pdf\">N\u00edvel M\u00e9dio &#8211; Resultado Final da Prova Objetiva<\/a><\/strong><\/span><\/p><p style=\"text-align: center;\"><span style=\"color: #000000;\"><strong><a style=\"color: #000000;\" href=\"http:\/\/concursos.fadesp.org.br\/uepa2019c\/arquivos\/N\u00edvel M\u00e9dio - Resultado Preliminar da Prova Objetiva.pdf\" data-wplink-url-error=\"true\">N\u00edvel M\u00e9dio &#8211; Resultado Preliminar da Prova Objetiva<\/a><\/strong><\/span><\/p><p style=\"text-align: center;\"><span style=\"color: #000000;\"><strong><a style=\"color: #000000;\" href=\"http:\/\/concursos.fadesp.org.br\/uepa2019c\/arquivos\/N\u00edvel Superior - Resultado Preliminar da Prova Objetiva.pdf\" data-wplink-url-error=\"true\">N\u00edvel Superior &#8211; Resultado Preliminar da Prova Objetiva<\/a><\/strong><\/span><\/p><p style=\"text-align: center;\"><span style=\"color: #000000;\"><strong><a style=\"color: #000000;\" href=\"http:\/\/concursos.fadesp.org.br\/uepa2019c\/arquivos\/GABARITOS\/GABARITO OFICIAL DEFINITIVO - N\u00cdVEL SUPERIOR (1).pdf\" data-wplink-url-error=\"true\">GABARITO OFICIAL DEFINITIVO &#8211; N\u00cdVEL SUPERIOR<\/a><\/strong><\/span><\/p><p style=\"text-align: center;\"><span style=\"color: #000000;\"><strong><a style=\"color: #000000;\" href=\"http:\/\/concursos.fadesp.org.br\/uepa2019c\/arquivos\/GABARITOS\/GABARITO%20OFICIAL%20DEFINITIVO%20-%20N%C3%8DVEL%20M%C3%89DIO.pdf\">GABARITO OFICIAL DEFINITIVO &#8211; N\u00cdVEL M\u00c9DIO<\/a><\/strong><\/span><\/p><p style=\"text-align: center;\"><span style=\"color: #000000;\"><strong><a style=\"color: #000000;\" href=\"http:\/\/concursos.fadesp.org.br\/uepa2019c\/arquivos\/GABARITOS\/PROVAS%201%20E%202%20-%20N%C3%8DVEL%20T%C3%89CNICO%20SUPERIOR\/GABARITO%20OFICIAL%20PRELIMINAR-N%C3%8DVEL%20SUPERIOR.pdf\">GABARITO OFICIAL PRELIMINAR-N\u00cdVEL SUPERIOR<\/a><\/strong><\/span><\/p><p style=\"text-align: center;\"><span style=\"color: #000000;\"><strong><a style=\"color: #000000;\" href=\"http:\/\/concursos.fadesp.org.br\/uepa2019c\/arquivos\/GABARITOS\/PROVAS%201%20E%202%20-%20N%C3%8DVEL%20T%C3%89CNICO%20M%C3%89DIO\/GABARITO%20OFICIAL%20PRELIMINAR-N%C3%8DVEL%20M%C3%89DIO.pdf\">GABARITO OFICIAL PRELIMINAR-N\u00cdVEL M\u00c9DIO<\/a><\/strong><\/span><\/p><p style=\"text-align: center;\"><span style=\"color: #000000;\"><strong><a style=\"color: #000000;\" href=\"http:\/\/concursos.fadesp.org.br\/uepa2019c\/arquivos\/Provas.html\">PROVAS N\u00cdVEL M\u00c9DIO E SUPERIOR 1 e 2<\/a><\/strong><\/span><\/p><p style=\"text-align: center;\"><span style=\"color: #000000;\"><strong><a style=\"color: #000000;\" href=\"http:\/\/concursos.fadesp.org.br\/uepa2019c\/arquivos\/Edital%20n%C2%B0%2080_2020_UEPA%20-%20Retifica%C3%A7%C3%B5es%20II.pdf\">EDITAL 80\/2019 \u2013 RETIFICA\u00c7\u00d5ES II<\/a><\/strong><\/span><\/p><p style=\"text-align: center;\"><span style=\"color: #000000;\"><strong><a style=\"color: #000000;\" href=\"http:\/\/concursos.fadesp.org.br\/uepa2019c\/arquivos\/Demanda2019.pdf\" target=\"_blank\" rel=\"noopener\">Demanda<\/a><\/strong><\/span><\/p><p style=\"text-align: center;\"><span style=\"color: #000000;\"><strong><a style=\"color: #000000;\" href=\"http:\/\/concursos.fadesp.org.br\/uepa2019c\/arquivos\/Resultado%20Final%20do%20Processo%20de%20Isen%C3%A7%C3%A3o%20de%20Taxa%20de%20Inscri%C3%A7%C3%A3o.pdf\">RESULTADO FINAL DA ISEN\u00c7\u00c3O DE TAXA DE INSCRI\u00c7\u00c3O<\/a><\/strong><\/span><\/p><p style=\"text-align: center;\"><span style=\"color: #000000;\"><strong><a style=\"color: #000000;\" href=\"http:\/\/concursos.fadesp.org.br\/uepa2019c\/arquivos\/Processo%20de%20Isen%C3%A7%C3%A3o%20de%20Taxa%20de%20Inscri%C3%A7%C3%A3o%20-%20Resultado%20Ap%C3%B3s%20Fase%20de%20Recursos.pdf\">RESULTADO DA ISEN\u00c7\u00c3O DE TAXA PARA HIPOSSUFICIENTES FINANCEIROS AP\u00d3S FASE DE RECURSOS \u2013 21\/11\/2019<\/a><\/strong><\/span><\/p><p style=\"text-align: center;\"><span style=\"color: #000000;\"><strong><a style=\"color: #000000;\" href=\"http:\/\/concursos.fadesp.org.br\/uepa2019c\/arquivos\/Isen%C3%A7%C3%A3o%20e%20Atendimento%20Especial%20PcD.pdf\">RESULTADO PRELIMINAR DA ISEN\u00c7\u00c3O PARA PcD E ATENDIMENTO ESPECIAL<\/a><\/strong><\/span><\/p><p style=\"text-align: center;\"><span style=\"color: #000000;\"><strong><a style=\"color: #000000;\" href=\"http:\/\/concursos.fadesp.org.br\/uepa2019c\/arquivos\/Resultado%20do%20Processo%20de%20Isen%C3%A7%C3%A3o%20de%20Taxa%20de%20Inscri%C3%A7%C3%A3o%20Hiposufici%C3%AAncia.pdf\">RESULTADO PRELIMINAR DA ISEN\u00c7\u00c3O POR HIPOSSUFICI\u00caNCIA FINANCEIRA \u2013 12\/11\/2019<\/a><\/strong><\/span><\/p><p style=\"text-align: center;\"><span style=\"color: #000000;\"><strong><a style=\"color: #000000;\" href=\"http:\/\/concursos.fadesp.org.br\/uepa2019c\/arquivos\/Edital%20n%C2%B0%2080_2019_UEPA%20-%20Retifica%C3%A7%C3%B5es.pdf\">EDITAL 80\/2019 \u2013 RETIFICA\u00c7\u00d5ES<\/a><\/strong><\/span><\/p><p style=\"text-align: center;\"><span style=\"color: #000000;\"><strong><a style=\"color: #000000;\" href=\"http:\/\/concursos.fadesp.org.br\/uepa2019c\/arquivos\/Edital%20%20UEPA%20-%20TECNICO%20SUPERIOR%2024.10.2019%20-%20RETIFICADO.pdf\">EDITAL 80\/2019<\/a><\/strong><\/span><\/p>\t\t\t\t\t\t\t\t<\/div>\n\t\t\t\t<\/div>\n\t\t\t\t<div class=\"elementor-element elementor-element-d277a5b elementor-widget elementor-widget-text-editor\" data-id=\"d277a5b\" data-element_type=\"widget\" data-widget_type=\"text-editor.default\">\n\t\t\t\t<div class=\"elementor-widget-container\">\n\t\t\t\t\t\t\t\t\t<p><strong>Informa\u00e7\u00f5es no setor de Concursos,\u00a0<\/strong><strong>das 8h \u00e0s 17h.\u00a0<br \/><\/strong><strong>Fone: (91) 4005-7440 \/ 7441 \/ 7442 <br \/>email: concursoadmuepa@fadesp.org.br,<\/strong><\/p>\t\t\t\t\t\t\t\t<\/div>\n\t\t\t\t<\/div>\n\t\t\t\t\t<\/div>\n\t\t<\/div>\n\t\t\t\t\t<\/div>\n\t\t<\/section>\n\t\t\t\t\t<\/div>\n\t\t<\/div>\n\t\t\t\t\t<\/div>\n\t\t<\/section>\n\t\t\t\t<\/div>\n\t\t","protected":false},"excerpt":{"rendered":"<p>UEPA &#8211; 2019 A Universidade do Estado do Par\u00e1 (UEPA) torna p\u00fablica a realiza\u00e7\u00e3o de concurso p\u00fablico para o preenchimento de vagas em cargos t\u00e9cnicos de N\u00edveis M\u00e9dio e\u00a0 Superior para o seu quadro efetivo. Vagas &#8211;\u00a0 120 (93 para n\u00edvel M\u00e9dio e 27 para superior) Cargos &#8211; T\u00e9cnico N\u00edvel M\u00e9dio e T\u00e9cnico N\u00edvel Superior. [&hellip;]<\/p>\n","protected":false},"author":11,"featured_media":0,"parent":329,"menu_order":55,"comment_status":"closed","ping_status":"closed","template":"","meta":{"_monsterinsights_skip_tracking":false,"_monsterinsights_sitenote_active":false,"_monsterinsights_sitenote_note":"","_monsterinsights_sitenote_category":0,"footnotes":""},"class_list":["post-4766","page","type-page","status-publish","hentry","entry"],"yoast_head":"<!-- This site is optimized with the Yoast SEO plugin v25.1 - https:\/\/yoast.com\/wordpress\/plugins\/seo\/ -->\n<title>UEPA \/ T\u00c9CNICO - 2019 - FADESP<\/title>\n<meta name=\"robots\" content=\"index, follow, max-snippet:-1, max-image-preview:large, max-video-preview:-1\" \/>\n<link rel=\"canonical\" href=\"https:\/\/portalfadesp.org.br\/?page_id=4766\" \/>\n<meta property=\"og:locale\" content=\"pt_BR\" \/>\n<meta property=\"og:type\" content=\"article\" \/>\n<meta property=\"og:title\" content=\"UEPA \/ T\u00c9CNICO - 2019 - FADESP\" \/>\n<meta property=\"og:description\" content=\"UEPA &#8211; 2019 A Universidade do Estado do Par\u00e1 (UEPA) torna p\u00fablica a realiza\u00e7\u00e3o de concurso p\u00fablico para o preenchimento de vagas em cargos t\u00e9cnicos de N\u00edveis M\u00e9dio e\u00a0 Superior para o seu quadro efetivo. Vagas &#8211;\u00a0 120 (93 para n\u00edvel M\u00e9dio e 27 para superior) Cargos &#8211; T\u00e9cnico N\u00edvel M\u00e9dio e T\u00e9cnico N\u00edvel Superior. [&hellip;]\" \/>\n<meta property=\"og:url\" content=\"https:\/\/portalfadesp.org.br\/?page_id=4766\" \/>\n<meta property=\"og:site_name\" content=\"FADESP\" \/>\n<meta property=\"article:publisher\" content=\"https:\/\/www.facebook.com\/Fadesp-138351949524662\/\" \/>\n<meta property=\"article:modified_time\" content=\"2023-09-26T13:06:15+00:00\" \/>\n<meta name=\"twitter:card\" content=\"summary_large_image\" \/>\n<meta name=\"twitter:site\" content=\"@Fadesp\" \/>\n<meta name=\"twitter:label1\" content=\"Est. tempo de leitura\" \/>\n\t<meta name=\"twitter:data1\" content=\"2 minutos\" \/>\n<script type=\"application\/ld+json\" class=\"yoast-schema-graph\">{\"@context\":\"https:\/\/schema.org\",\"@graph\":[{\"@type\":\"WebPage\",\"@id\":\"https:\/\/portalfadesp.org.br\/?page_id=4766\",\"url\":\"https:\/\/portalfadesp.org.br\/?page_id=4766\",\"name\":\"UEPA \/ T\u00c9CNICO - 2019 - FADESP\",\"isPartOf\":{\"@id\":\"https:\/\/portalfadesp.org.br\/#website\"},\"datePublished\":\"2019-11-04T01:13:02+00:00\",\"dateModified\":\"2023-09-26T13:06:15+00:00\",\"breadcrumb\":{\"@id\":\"https:\/\/portalfadesp.org.br\/?page_id=4766#breadcrumb\"},\"inLanguage\":\"pt-BR\",\"potentialAction\":[{\"@type\":\"ReadAction\",\"target\":[\"https:\/\/portalfadesp.org.br\/?page_id=4766\"]}]},{\"@type\":\"BreadcrumbList\",\"@id\":\"https:\/\/portalfadesp.org.br\/?page_id=4766#breadcrumb\",\"itemListElement\":[{\"@type\":\"ListItem\",\"position\":1,\"name\":\"In\u00edcio\",\"item\":\"https:\/\/portalfadesp.org.br\/\"},{\"@type\":\"ListItem\",\"position\":2,\"name\":\"Concursos &#8211; Homologados\",\"item\":\"https:\/\/portalfadesp.org.br\/?page_id=329\"},{\"@type\":\"ListItem\",\"position\":3,\"name\":\"UEPA \/ T\u00c9CNICO &#8211; 2019\"}]},{\"@type\":\"WebSite\",\"@id\":\"https:\/\/portalfadesp.org.br\/#website\",\"url\":\"https:\/\/portalfadesp.org.br\/\",\"name\":\"FADESP\",\"description\":\"Funda\u00e7\u00e3o de Amparo e Desenvolvimento da Pesquisa\",\"publisher\":{\"@id\":\"https:\/\/portalfadesp.org.br\/#organization\"},\"potentialAction\":[{\"@type\":\"SearchAction\",\"target\":{\"@type\":\"EntryPoint\",\"urlTemplate\":\"https:\/\/portalfadesp.org.br\/?s={search_term_string}\"},\"query-input\":{\"@type\":\"PropertyValueSpecification\",\"valueRequired\":true,\"valueName\":\"search_term_string\"}}],\"inLanguage\":\"pt-BR\"},{\"@type\":\"Organization\",\"@id\":\"https:\/\/portalfadesp.org.br\/#organization\",\"name\":\"FADESP\",\"url\":\"https:\/\/portalfadesp.org.br\/\",\"logo\":{\"@type\":\"ImageObject\",\"inLanguage\":\"pt-BR\",\"@id\":\"https:\/\/portalfadesp.org.br\/#\/schema\/logo\/image\/\",\"url\":\"https:\/\/portalfadesp.org.br\/wp-content\/uploads\/2024\/01\/NOVOLOGOFADESPlaranjaH.png\",\"contentUrl\":\"https:\/\/portalfadesp.org.br\/wp-content\/uploads\/2024\/01\/NOVOLOGOFADESPlaranjaH.png\",\"width\":2742,\"height\":839,\"caption\":\"FADESP\"},\"image\":{\"@id\":\"https:\/\/portalfadesp.org.br\/#\/schema\/logo\/image\/\"},\"sameAs\":[\"https:\/\/www.facebook.com\/Fadesp-138351949524662\/\",\"https:\/\/x.com\/Fadesp\",\"https:\/\/www.instagram.com\/fadesp_ufpa\/\",\"https:\/\/www.youtube.com\/@fundacaodeamparoedesenvolv1903\",\"https:\/\/www.threads.net\/@fadesp_ufpa\"]}]}<\/script>\n<!-- \/ Yoast SEO plugin. -->","yoast_head_json":{"title":"UEPA \/ T\u00c9CNICO - 2019 - FADESP","robots":{"index":"index","follow":"follow","max-snippet":"max-snippet:-1","max-image-preview":"max-image-preview:large","max-video-preview":"max-video-preview:-1"},"canonical":"https:\/\/portalfadesp.org.br\/?page_id=4766","og_locale":"pt_BR","og_type":"article","og_title":"UEPA \/ T\u00c9CNICO - 2019 - FADESP","og_description":"UEPA &#8211; 2019 A Universidade do Estado do Par\u00e1 (UEPA) torna p\u00fablica a realiza\u00e7\u00e3o de concurso p\u00fablico para o preenchimento de vagas em cargos t\u00e9cnicos de N\u00edveis M\u00e9dio e\u00a0 Superior para o seu quadro efetivo. Vagas &#8211;\u00a0 120 (93 para n\u00edvel M\u00e9dio e 27 para superior) Cargos &#8211; T\u00e9cnico N\u00edvel M\u00e9dio e T\u00e9cnico N\u00edvel Superior. [&hellip;]","og_url":"https:\/\/portalfadesp.org.br\/?page_id=4766","og_site_name":"FADESP","article_publisher":"https:\/\/www.facebook.com\/Fadesp-138351949524662\/","article_modified_time":"2023-09-26T13:06:15+00:00","twitter_card":"summary_large_image","twitter_site":"@Fadesp","twitter_misc":{"Est. tempo de leitura":"2 minutos"},"schema":{"@context":"https:\/\/schema.org","@graph":[{"@type":"WebPage","@id":"https:\/\/portalfadesp.org.br\/?page_id=4766","url":"https:\/\/portalfadesp.org.br\/?page_id=4766","name":"UEPA \/ T\u00c9CNICO - 2019 - FADESP","isPartOf":{"@id":"https:\/\/portalfadesp.org.br\/#website"},"datePublished":"2019-11-04T01:13:02+00:00","dateModified":"2023-09-26T13:06:15+00:00","breadcrumb":{"@id":"https:\/\/portalfadesp.org.br\/?page_id=4766#breadcrumb"},"inLanguage":"pt-BR","potentialAction":[{"@type":"ReadAction","target":["https:\/\/portalfadesp.org.br\/?page_id=4766"]}]},{"@type":"BreadcrumbList","@id":"https:\/\/portalfadesp.org.br\/?page_id=4766#breadcrumb","itemListElement":[{"@type":"ListItem","position":1,"name":"In\u00edcio","item":"https:\/\/portalfadesp.org.br\/"},{"@type":"ListItem","position":2,"name":"Concursos &#8211; Homologados","item":"https:\/\/portalfadesp.org.br\/?page_id=329"},{"@type":"ListItem","position":3,"name":"UEPA \/ T\u00c9CNICO &#8211; 2019"}]},{"@type":"WebSite","@id":"https:\/\/portalfadesp.org.br\/#website","url":"https:\/\/portalfadesp.org.br\/","name":"FADESP","description":"Funda\u00e7\u00e3o de Amparo e Desenvolvimento da Pesquisa","publisher":{"@id":"https:\/\/portalfadesp.org.br\/#organization"},"potentialAction":[{"@type":"SearchAction","target":{"@type":"EntryPoint","urlTemplate":"https:\/\/portalfadesp.org.br\/?s={search_term_string}"},"query-input":{"@type":"PropertyValueSpecification","valueRequired":true,"valueName":"search_term_string"}}],"inLanguage":"pt-BR"},{"@type":"Organization","@id":"https:\/\/portalfadesp.org.br\/#organization","name":"FADESP","url":"https:\/\/portalfadesp.org.br\/","logo":{"@type":"ImageObject","inLanguage":"pt-BR","@id":"https:\/\/portalfadesp.org.br\/#\/schema\/logo\/image\/","url":"https:\/\/portalfadesp.org.br\/wp-content\/uploads\/2024\/01\/NOVOLOGOFADESPlaranjaH.png","contentUrl":"https:\/\/portalfadesp.org.br\/wp-content\/uploads\/2024\/01\/NOVOLOGOFADESPlaranjaH.png","width":2742,"height":839,"caption":"FADESP"},"image":{"@id":"https:\/\/portalfadesp.org.br\/#\/schema\/logo\/image\/"},"sameAs":["https:\/\/www.facebook.com\/Fadesp-138351949524662\/","https:\/\/x.com\/Fadesp","https:\/\/www.instagram.com\/fadesp_ufpa\/","https:\/\/www.youtube.com\/@fundacaodeamparoedesenvolv1903","https:\/\/www.threads.net\/@fadesp_ufpa"]}]}},"_links":{"self":[{"href":"https:\/\/portalfadesp.org.br\/index.php?rest_route=\/wp\/v2\/pages\/4766","targetHints":{"allow":["GET"]}}],"collection":[{"href":"https:\/\/portalfadesp.org.br\/index.php?rest_route=\/wp\/v2\/pages"}],"about":[{"href":"https:\/\/portalfadesp.org.br\/index.php?rest_route=\/wp\/v2\/types\/page"}],"author":[{"embeddable":true,"href":"https:\/\/portalfadesp.org.br\/index.php?rest_route=\/wp\/v2\/users\/11"}],"replies":[{"embeddable":true,"href":"https:\/\/portalfadesp.org.br\/index.php?rest_route=%2Fwp%2Fv2%2Fcomments&post=4766"}],"version-history":[{"count":161,"href":"https:\/\/portalfadesp.org.br\/index.php?rest_route=\/wp\/v2\/pages\/4766\/revisions"}],"predecessor-version":[{"id":43207,"href":"https:\/\/portalfadesp.org.br\/index.php?rest_route=\/wp\/v2\/pages\/4766\/revisions\/43207"}],"up":[{"embeddable":true,"href":"https:\/\/portalfadesp.org.br\/index.php?rest_route=\/wp\/v2\/pages\/329"}],"wp:attachment":[{"href":"https:\/\/portalfadesp.org.br\/index.php?rest_route=%2Fwp%2Fv2%2Fmedia&parent=4766"}],"curies":[{"name":"wp","href":"https:\/\/api.w.org\/{rel}","templated":true}]}}