{"id":46833,"date":"2024-08-27T15:56:21","date_gmt":"2024-08-27T18:56:21","guid":{"rendered":"https:\/\/portalfadesp.org.br\/?page_id=46833"},"modified":"2025-04-04T11:04:17","modified_gmt":"2025-04-04T14:04:17","slug":"concurso-publico-da-companhia-docas-de-santana-cdsa-2024","status":"publish","type":"page","link":"https:\/\/portalfadesp.org.br\/?page_id=46833","title":{"rendered":"Concurso P\u00fablico da Companhia Docas de Santana &#8211; CDSA (2024)."},"content":{"rendered":"\t\t<div data-elementor-type=\"wp-post\" data-elementor-id=\"46833\" class=\"elementor elementor-46833\" data-elementor-post-type=\"page\">\n\t\t\t\t\t\t<section class=\"elementor-section elementor-top-section elementor-element elementor-element-1f2996d1 elementor-section-boxed elementor-section-height-default elementor-section-height-default\" data-id=\"1f2996d1\" data-element_type=\"section\">\n\t\t\t\t\t\t<div class=\"elementor-container elementor-column-gap-default\">\n\t\t\t\t\t<div class=\"elementor-column elementor-col-100 elementor-top-column elementor-element elementor-element-59a4b3f8\" data-id=\"59a4b3f8\" data-element_type=\"column\">\n\t\t\t<div class=\"elementor-widget-wrap elementor-element-populated\">\n\t\t\t\t\t\t<div class=\"elementor-element elementor-element-799471af elementor-widget elementor-widget-heading\" data-id=\"799471af\" data-element_type=\"widget\" data-widget_type=\"heading.default\">\n\t\t\t\t<div class=\"elementor-widget-container\">\n\t\t\t\t\t<h1 class=\"elementor-heading-title elementor-size-default\">Concurso P\u00fablico da Companhia Docas de Santana - CDSA (2024).<\/h1>\t\t\t\t<\/div>\n\t\t\t\t<\/div>\n\t\t\t\t<section class=\"elementor-section elementor-inner-section elementor-element elementor-element-336311f elementor-section-boxed elementor-section-height-default elementor-section-height-default\" data-id=\"336311f\" data-element_type=\"section\">\n\t\t\t\t\t\t<div class=\"elementor-container elementor-column-gap-default\">\n\t\t\t\t\t<div class=\"elementor-column elementor-col-50 elementor-inner-column elementor-element elementor-element-75ca0dc3\" data-id=\"75ca0dc3\" data-element_type=\"column\">\n\t\t\t<div class=\"elementor-widget-wrap elementor-element-populated\">\n\t\t\t\t\t\t<div class=\"elementor-element elementor-element-425a3096 elementor-widget elementor-widget-text-editor\" data-id=\"425a3096\" data-element_type=\"widget\" data-widget_type=\"text-editor.default\">\n\t\t\t\t<div class=\"elementor-widget-container\">\n\t\t\t\t\t\t\t\t\t<p style=\"font-weight: 400;\">O Diretor-Presidente da Companhia Docas de Santana &#8211; CDSA, no uso de suas atribui\u00e7\u00f5es, torna p\u00fablica a realiza\u00e7\u00e3o de Concurso P\u00fablico da Companhia Docas de Santana, destinado ao preenchimento de vagas do quadro de pessoal efetivo de N\u00edvel M\u00e9dio, mediante as condi\u00e7\u00f5es estabelecidas neste Edital.<\/p><p style=\"font-weight: 400;\"><strong>A sele\u00e7\u00e3o para os cargos de que trata este Edital compreender\u00e1 as seguintes etapas conforme subitens a seguir, respectivamente:<\/strong><\/p><p style=\"font-weight: 400;\"><strong>&#8211; Exame de Habilidades e Conhecimento<\/strong>s mediante aplica\u00e7\u00e3o de Provas Objetivas para todos os cargos, de car\u00e1ter eliminat\u00f3rio e classificat\u00f3rio, a serem aplicadas no Munic\u00edpio de Santana (AP);<\/p><p style=\"font-weight: 400;\"><strong>&#8211; Exame M\u00e9dico<\/strong>, de car\u00e1ter eliminat\u00f3rio, para todos os candidatos n\u00e3o eliminados nas Provas Objetivas e selecionados de acordo com as regras constantes neste Edital.<\/p><p style=\"font-weight: 400;\"><strong>&#8211; Teste de Aptid\u00e3o F\u00edsica<\/strong>, de car\u00e1ter eliminat\u00f3rio, para candidatos aos cargos de Guarda Portu\u00e1rio e de Inspetor da Guarda Portu\u00e1ria, n\u00e3o eliminados no exame m\u00e9dico e selecionados de acordo com as regras constantes neste Edital.<\/p><p style=\"font-weight: 400;\"><strong>&#8211; Prova Pr\u00e1tica,<\/strong> de car\u00e1ter eliminat\u00f3ria e classificat\u00f3ria, para candidatos ao cargo de Operador de Equipamentos, n\u00e3o eliminados no Exame M\u00e9dico e selecionados de acordo com as regras constantes neste Edital.<\/p><p style=\"font-weight: 400;\"><strong>&#8211; Teste de Aptid\u00e3o Psicol\u00f3gic<\/strong>a para Manuseio de Arma de Fogo, de car\u00e1ter eliminat\u00f3rio, para os cargos de Guarda Portu\u00e1rio e de Inspetor da Guarda Portu\u00e1ria, n\u00e3o eliminados no Teste de Aptid\u00e3o F\u00edsica e selecionados de acordo com as regras constantes neste Edital.<\/p><p style=\"font-weight: 400;\"><strong>\u2013 Valor das taxas de Inscri\u00e7\u00e3o: <\/strong>R$ 90,00 (noventa reais) para todos os cargos.<\/p><p style=\"font-weight: 400;\">Total de vagas ofertadas encontra-se no Anexo I \u2013 Quadro de vagas do edital.<\/p><p style=\"font-weight: 400;\">O cronograma das atividades do concurso est\u00e1 dispon\u00edvel no ANEXO III do Edital n\u00ba 01\/2024.<\/p>\t\t\t\t\t\t\t\t<\/div>\n\t\t\t\t<\/div>\n\t\t\t\t\t<\/div>\n\t\t<\/div>\n\t\t\t\t<div class=\"elementor-column elementor-col-50 elementor-inner-column elementor-element elementor-element-79608089\" data-id=\"79608089\" data-element_type=\"column\">\n\t\t\t<div class=\"elementor-widget-wrap elementor-element-populated\">\n\t\t\t\t\t\t<div class=\"elementor-element elementor-element-a08d486 elementor-widget elementor-widget-text-editor\" data-id=\"a08d486\" data-element_type=\"widget\" data-widget_type=\"text-editor.default\">\n\t\t\t\t<div class=\"elementor-widget-container\">\n\t\t\t\t\t\t\t\t\t<h3 class=\"botaoBug\"><a href=\"https:\/\/concursos3.fadesp.org.br\/prefeitura\/2024\/cdsa\/web\/\"><strong>\u00c1rea do candidato (Clique aqui)<\/strong><\/a><\/h3><div><em>* Na \u00e1rea do candidato poder\u00e1 ser realizado seu cadastro, inscri\u00e7\u00e3o, emiss\u00e3o de boleto, recursos, impress\u00e3o de cart\u00e3o com local de prova e afins\u2026<\/em><\/div>\t\t\t\t\t\t\t\t<\/div>\n\t\t\t\t<\/div>\n\t\t\t\t<div class=\"elementor-element elementor-element-7ccac55 elementor-widget elementor-widget-text-editor\" data-id=\"7ccac55\" data-element_type=\"widget\" data-widget_type=\"text-editor.default\">\n\t\t\t\t<div class=\"elementor-widget-container\">\n\t\t\t\t\t\t\t\t\t<p><strong>Editais\u00a0<\/strong><\/p>\t\t\t\t\t\t\t\t<\/div>\n\t\t\t\t<\/div>\n\t\t\t\t<div class=\"elementor-element elementor-element-368e568 elementor-widget elementor-widget-text-editor\" data-id=\"368e568\" data-element_type=\"widget\" data-widget_type=\"text-editor.default\">\n\t\t\t\t<div class=\"elementor-widget-container\">\n\t\t\t\t\t\t\t\t\t<p><a href=\"https:\/\/portalfadesp.org.br\/wp-content\/uploads\/2025\/04\/Edital-n\u00b0-34_2024-Resultado-Final-Guarda-PortuarioSub-Judice.pdf\">Edital n\u00b0 34\/2024 &#8211; Resultado Final Guarda Portu\u00e1rio Sub Judice, de 04\/04\/2025 <strong>(Clique aqui)<\/strong><\/a><\/p><p><a href=\"https:\/\/portalfadesp.org.br\/wp-content\/uploads\/2025\/04\/Edital-n\u00b0-33_2024-Resultado-Definitivo-do-TESTE-PSICOLOGICO-Candidato-Sub-Judice-Guarda-Portuario.pdf\">Edital n\u00b0 33\/2024 &#8211; Resultado Definitivo do TESTE PSICOL\u00d3GICO Candidato Sub Judice &#8211; Guarda Portu\u00e1rio, de 04\/04\/2025 <strong>(Clique aqui)<\/strong><\/a><\/p><p><a href=\"https:\/\/portalfadesp.org.br\/wp-content\/uploads\/2025\/04\/Edital-n\u00b0-32_2024-Resultado-Preliminar-do-TESTE-PSICOLOGICO-Candidato-Sub-Judice-Guarda-Portuario.pdf\">Edital n\u00b0 32\/2024 &#8211; Resultado Preliminar do TESTE PSICOL\u00d3GICO Candidato Sub Judice &#8211; Guarda Portu\u00e1rio, de 01\/04\/2025 <strong>(Clique aqui)<\/strong><\/a><\/p><p><a href=\"https:\/\/portalfadesp.org.br\/wp-content\/uploads\/2025\/03\/Edital-n\u00b0-31_2024-Convocacao-ao-TESTE-PSICOLOGICO-Sub-Judice-Guarda-Portuario.pdf\">Edital n\u00b0 31\/2024 &#8211; Convoca\u00e7\u00e3o ao TESTE PSICOL\u00d3GICO Sub Judice &#8211; Guarda Portu\u00e1rio, de 19\/03\/2025 <strong>(Clique aqui)<\/strong><\/a><\/p><p><a href=\"https:\/\/portalfadesp.org.br\/wp-content\/uploads\/2025\/02\/EDITAL-No-30_2024_RESULTADO-DEFINITIVO-COM-A-RELACAO-DOS-CANDIDATOS-PESSOAS-COM-DEFICIENCIA.pdf\">EDITAL N\u00ba 30\/2024 &#8211; RESULTADO DEFINITIVO COM A RELA\u00c7\u00c3O DOS CANDIDATOS PESSOAS COM DEFICI\u00caNCIA, de 28\/02\/2025 <strong>(Clique aqui)<\/strong><\/a><\/p><p><a href=\"https:\/\/portalfadesp.org.br\/wp-content\/uploads\/2025\/02\/EDITAL-No-29_2024_RESULTADO-FINAL-DEFINITIVO-DO-CONCURSO-PUBLICO-CDSA-2024.pdf\">EDITAL N\u00ba 29\/2024 &#8211; RESULTADO FINAL DEFINITIVO DO CONCURSO P\u00daBLICO CDSA 2024, de 28\/02\/2025 <strong>(Clique aqui)<\/strong><\/a><\/p><p><a href=\"https:\/\/portalfadesp.org.br\/wp-content\/uploads\/2025\/02\/EDITAL-No-28_2024_RESULTADO-FINAL-PRELIMINAR-DO-CONCURSO-PUBLICO-CDSA-2024.pdf\">EDITAL N\u00ba 28\/2024 &#8211; RESULTADO FINAL PRELIMINAR DO CONCURSO P\u00daBLICO CDSA 2024, de 24\/02\/2025 <strong>(Clique aqui)<\/strong><\/a><\/p><p><a href=\"https:\/\/portalfadesp.org.br\/wp-content\/uploads\/2025\/02\/EDITAL-No-27_2024_RESULTADO-DEFINITIVO-DO-TESTE-DE-APTIDAO-PSICOLOGICA-PARA-OS-CARGOS-DE-GUARDA-PORTUARIO-E-INSPETOR-DA-GUARDA-PORTUARIA.pdf\">EDITAL N\u00ba 27\/2024 &#8211; RESULTADO DEFINITIVO DO TESTE DE APTID\u00c3O PSICOL\u00d3GICA PARA OS CARGOS DE GUARDA PORTU\u00c1RIO E INSPETOR DA GUARDA PORTU\u00c1RIA, de 24\/02\/2025 <strong>(Clique aqui)<\/strong><\/a><\/p><p><a href=\"https:\/\/portalfadesp.org.br\/wp-content\/uploads\/2025\/02\/EDITAL-No-26_2024_RESULTADO-PRELIMINAR-DO-TESTE-DE-APTIDAO-PSICOLOGICA-PARA-OS-CARGOS-DE-GUARDA-PORTUARIO-E-INSPETOR-DA-GUARDA-PORTUARIA.pdf\">EDITAL N\u00ba 26\/2024 &#8211; RESULTADO PRELIMINAR DO TESTE DE APTID\u00c3O PSICOL\u00d3GICA PARA OS CARGOS DE GUARDA PORTU\u00c1RIO E INSPETOR DA GUARDA PORTU\u00c1RIA, de 17\/02\/2025 <strong>(Clique aqui)<\/strong><\/a><\/p><p><a href=\"https:\/\/portalfadesp.org.br\/wp-content\/uploads\/2025\/01\/Edital-n\u00b0-25_2025-Convocacao-para-o-Exame-Psicologico.pdf\">Edital n\u00b0 25\/2025 &#8211; Convoca\u00e7\u00e3o para o Exame Psicol\u00f3gico, de 24\/01\/2025 <strong>(Clique aqui)<\/strong><\/a><\/p><p><a href=\"https:\/\/portalfadesp.org.br\/wp-content\/uploads\/2025\/01\/EDITAL-No-24_2024_RESULTADO-DEFINITIVO-DO-TESTE-FISICO.pdf\">EDITAL N\u00ba 24\/2024 &#8211; RESULTADO DEFINITIVO DO TESTE F\u00cdSICO, de 24\/01\/2025 <strong>(Clique aqui)<\/strong><\/a><\/p><p><a href=\"https:\/\/portalfadesp.org.br\/wp-content\/uploads\/2025\/01\/EDITAL-No-23_2024_RESULTADO-DEFINITIVO-DA-PROVA-PRATICA.pdf\">EDITAL N\u00ba 23\/2024 &#8211; RESULTADO DEFINITIVO DA PROVA PR\u00c1TICA, de 24\/01\/2025 <strong>(Clique aqui)<\/strong><\/a><\/p><p><a href=\"https:\/\/portalfadesp.org.br\/wp-content\/uploads\/2025\/01\/EDITAL-No-22_2024_RESULTADO-PRELIMINAR-DO-TESTE-FISICO.pdf\">EDITAL N\u00ba 22\/2024 &#8211; RESULTADO PRELIMINAR DO TESTE F\u00cdSICO, de 15\/01\/2025 <strong>(Clique aqui)<\/strong><\/a><\/p><p><a href=\"https:\/\/portalfadesp.org.br\/wp-content\/uploads\/2025\/01\/EDITAL-No-21_2024_RESULTADO-PRELIMINAR-DA-PROVA-PRATICA.pdf\">EDITAL N\u00ba 21\/2024 &#8211; RESULTADO PRELIMINAR DA PROVA PR\u00c1TICA, de 15\/01\/2025 <strong>(Clique aqui)<\/strong><\/a><\/p><p><a href=\"https:\/\/portalfadesp.org.br\/wp-content\/uploads\/2025\/01\/FICHA-DE-AVALIACAO-DA-PROVA-PRATICA.pdf\">FICHA DE AVALIA\u00c7\u00c3O DA PROVA PR\u00c1TICA, de 13\/01\/2025 <strong>(Clique aqui)<\/strong><\/a><\/p><p><a href=\"https:\/\/portalfadesp.org.br\/wp-content\/uploads\/2025\/01\/Edital-n\u00b0-20_2025-Convocacao-ao-TAF-Sub-Judice-Guarda-Portuario.pdf\">EDITAL N\u00ba 20\/2025 &#8211; CONVOCA\u00c7\u00c3O AO TAF SUB JUDICE &#8211; GUARDA PORTU\u00c1RIO, de 10\/01\/2025 <strong>(Clique aqui)<\/strong><\/a><\/p><p><a href=\"https:\/\/portalfadesp.org.br\/wp-content\/uploads\/2025\/01\/Edital-n\u00b0-19_2025-Convocacao-ao-TAF-Sub-Judice-Guarda-Portuario.pdf\">EDITAL N\u00b0 19\/2025 &#8211; CONVOCA\u00c7\u00c3O AO TAF SUB JUDICE &#8211; GUARDA PORTU\u00c1RIO, de 10\/01\/2025 <strong>(Clique aqui)<\/strong><\/a><\/p><p><a href=\"https:\/\/portalfadesp.org.br\/wp-content\/uploads\/2024\/12\/EDITAL-No-18_2024_CONVOCACAO-PARA-O-TESTE-FISICO.pdf\">EDITAL N\u00ba 18\/2024 &#8211; CONVOCA\u00c7\u00c3O PARA O TESTE F\u00cdSICO, de 20\/12\/2024 <strong>(Clique aqui)<\/strong><\/a><\/p><p><a href=\"https:\/\/portalfadesp.org.br\/wp-content\/uploads\/2024\/12\/EDITAL-No-17_2024_CONVOCACAO-PARA-PROVA-PRATICA-CARGO-DE-OPERADOR-DE-EQUIPAMENTOS.pdf\">EDITAL N\u00ba 17\/2024 &#8211; CONVOCA\u00c7\u00c3O PARA PROVA PR\u00c1TICA CARGO DE OPERADOR DE EQUIPAMENTOS, de 20\/12\/2024 <strong>(Clique aqui)<\/strong><\/a><\/p><p><a href=\"https:\/\/portalfadesp.org.br\/wp-content\/uploads\/2024\/12\/EDITAL-No-16_2024_RESULTADO-DEFINITIVO-DO-EXAME-MEDICO.pdf\">EDITAL N\u00ba 16\/2024 &#8211; RESULTADO DEFINITIVO DO EXAME M\u00c9DICO, de 20\/12\/2024 <strong>(Clique aqui)<\/strong><\/a><\/p><p><a href=\"https:\/\/portalfadesp.org.br\/wp-content\/uploads\/2024\/12\/EDITAL-No-15_2024_RESULTADO-PRELIMINAR-DO-EXAME-MEDICO.pdf\">EDITAL N\u00ba 15\/2024 &#8211; RESULTADO PRELIMINAR DO EXAME M\u00c9DICO, de 12\/12\/2024 <strong>(Clique aqui)<\/strong><\/a><\/p><p><a href=\"https:\/\/portalfadesp.org.br\/wp-content\/uploads\/2024\/11\/EDITAL-No-14_2024_CONVOCACAO-PARA-O-EXAME-MEDICO.pdf\">EDITAL N\u00ba 14\/2024 &#8211; CONVOCA\u00c7\u00c3O PARA O EXAME M\u00c9DICO, de 18\/11\/2024 <strong>(Clique aqui)<\/strong><\/a><\/p><p><a href=\"https:\/\/portalfadesp.org.br\/wp-content\/uploads\/2024\/11\/EDITAL-No-13_2024_RESULTADO-DEFINITIVO-DAS-PROVAS-OBJETIVAS_18_11_2024.pdf\">EDITAL N\u00ba 13\/2024 &#8211; RESULTADO DEFINITIVO DAS PROVAS OBJETIVAS, de 18\/11\/2024 <strong>(Clique aqui)<\/strong><\/a><\/p><p><a href=\"https:\/\/portalfadesp.org.br\/wp-content\/uploads\/2024\/11\/EDITAL-No-12_2024_RESULTADO-PRELIMINAR-DAS-PROVAS-OBJETIVAS-08_11_2024.pdf\">EDITAL N\u00ba 12\/2024 &#8211; RESULTADO PRELIMINAR DAS PROVAS OBJETIVAS, de 08\/11\/2024 <strong>(Clique aqui)<\/strong><\/a><\/p><p><a href=\"https:\/\/portalfadesp.org.br\/wp-content\/uploads\/2024\/11\/GABARITO-OFICIAL-DEFINITIVO-06-10-2024.pdf\">GABARITO OFICIAL DEFINITIVO, de 06\/10\/2024 <strong>(Clique aqui)<\/strong><\/a><\/p><p><a href=\"https:\/\/portalfadesp.org.br\/wp-content\/uploads\/2024\/10\/GABARITO-OFICIAL-PRELIMINAR-28-10-2024.pdf\">GABARITO OFICIAL PRELIMINAR, de 28\/10\/2024 <strong>(Clique aqui)<\/strong><\/a><\/p><p><a href=\"https:\/\/drive.google.com\/drive\/folders\/1-4AyxAh1LmJMmAGaWAOkUcljBt-s3Xlf?usp=sharing\">PROVAS, de 28\/10\/2024 <strong>(Clique aqui)<\/strong><\/a><\/p><p><a href=\"https:\/\/portalfadesp.org.br\/wp-content\/uploads\/2024\/10\/DEMANDA-CDSA-2024.pdf\">DEMANDA, de 18\/10\/2024 <strong>(Clique aqui)<\/strong><\/a><\/p><p><a href=\"https:\/\/portalfadesp.org.br\/wp-content\/uploads\/2024\/10\/EDITAL-No-11_2024_RESULTADO-DEFINITIVO-DOS-CONCORRENTES-AS-VAGAS-PARA-PcD.pdf\">EDITAL N\u00ba 11\/2024 &#8211; RESULTADO DEFINITIVO DOS CONCORRENTES \u00c0S VAGAS PARA PcD, de 17\/10\/2024 <strong>(Clique aqui)<\/strong><\/a><\/p><p><a href=\"https:\/\/portalfadesp.org.br\/wp-content\/uploads\/2024\/10\/EDITAL-No-10_2024_RESULTADO-DEFINITIVO-DOS-ATENDIMENTOS-ESPECIAIS.pdf\">EDITAL N\u00ba 10\/2024 &#8211; RESULTADO DEFINITIVO DOS ATENDIMENTOS ESPECIAIS, de 17\/10\/2024 <strong>(Clique aqui)<\/strong><\/a><\/p><p><a href=\"https:\/\/portalfadesp.org.br\/wp-content\/uploads\/2024\/10\/EDITAL-No-09_2024_RESULTADO-DEFINITIVO-DA-INSCRICOES-DEFERIDAS.pdf\">EDITAL N\u00ba 09\/2024 &#8211; RESULTADO DEFINITIVO DA INSCRI\u00c7\u00d5ES DEFERIDAS, de 17\/10\/2024 <strong>(Clique aqui)<\/strong><\/a><\/p><p><a href=\"https:\/\/portalfadesp.org.br\/wp-content\/uploads\/2024\/10\/EDITAL-No-08_2024_RESULTADO-PRELIMINAR-DOS-CONCORRENTES-AS-VAGAS-PARA-PcD.pdf\">EDITAL N\u00ba 08\/2024_RESULTADO PRELIMINAR DOS CONCORRENTES \u00c0S VAGAS PARA PcD, de 11\/10\/2024 <strong>(Clique aqui)<\/strong><\/a><\/p><p><a href=\"https:\/\/portalfadesp.org.br\/wp-content\/uploads\/2024\/10\/EDITAL-No-07_2024_RESULTADO-PRELIMINAR-DOS-ATENDIMENTOS-ESPECIAIS.pdf\">EDITAL N\u00ba 07\/2024 &#8211; RESULTADO PRELIMINAR DOS ATENDIMENTOS ESPECIAIS, de 11\/10\/2024 <strong>(Clique aqui)<\/strong><\/a><\/p><p><a href=\"https:\/\/portalfadesp.org.br\/wp-content\/uploads\/2024\/10\/EDITAL-No-06_2024_RESULTADO-PRELIMINAR-DA-INSCRICOES-DEFERIDAS.pdf\">EDITAL N\u00ba 06\/2024 &#8211; RESULTADO PRELIMINAR DA INSCRI\u00c7\u00d5ES DEFERIDAS, de 11\/10\/2024 <strong>(Clique aqui)<\/strong><\/a><\/p><p><a href=\"https:\/\/portalfadesp.org.br\/wp-content\/uploads\/2024\/10\/Retificacao-02-do-Edital-no-01_2024-Modifica-o-Cronograma-do-Concurso.pdf\">Retifica\u00e7\u00e3o 02 do Edital n\u00ba 01\/2024 Modifica o Cronograma do Concurso, de 03\/10\/2024 <strong>(Clique aqui)<\/strong><\/a><\/p><p><a href=\"https:\/\/portalfadesp.org.br\/wp-content\/uploads\/2024\/09\/EDITAL-No-05_2024_RESULTADO-DEFINITIVO-ISENCAO-DE-PAGAMENTO-DA-TAXA-DE-INSCRICAO-PARA-INSCRITOS-NO-CADUNICO.pdf\">EDITAL N\u00ba 05\/2024 &#8211; RESULTADO DEFINITIVO ISEN\u00c7\u00c3O DE PAGAMENTO DA TAXA DE INSCRI\u00c7\u00c3O PARA INSCRITOS NO CAD\u00daNICO, de 18\/09\/2024 <strong>(Clique aqui)<\/strong><\/a><\/p><p><a href=\"https:\/\/portalfadesp.org.br\/wp-content\/uploads\/2024\/09\/EDITAL-No-04_2024_RESULTADO-DEFINITIVO-ISENCAO-DE-PAGAMENTO-DA-TAXA-DE-INSCRICAO-PARA-PESSOAS-COM-DEFICIENCIA.pdf\">EDITAL N\u00ba 04\/2024 &#8211; RESULTADO DEFINITIVO ISEN\u00c7\u00c3O DE PAGAMENTO DA TAXA DE INSCRI\u00c7\u00c3O PARA PESSOAS COM DEFICI\u00caNCIA, de 18\/09\/2024 <strong>(Clique aqui)<\/strong><\/a><\/p><p style=\"text-align: left;\"><a href=\"https:\/\/portalfadesp.org.br\/wp-content\/uploads\/2024\/09\/EDITAL-No-03_2024_RESULTADO-PRELIMINAR-ISENCAO-DE-PAGAMENTO-DA-TAXA-DE-INSCRICAO-PARA-INSCRITOS-NO-CADUNICO.pdf\">EDITAL N\u00ba 03\/2024 &#8211; RESULTADO PRELIMINAR ISEN\u00c7\u00c3O DE PAGAMENTO DA TAXA DE INSCRI\u00c7\u00c3O PARA INSCRITOS NO CAD\u00daNICO, de 09\/09\/2024 <strong>(Clique aqui)<\/strong><\/a><\/p><p style=\"text-align: left;\"><a href=\"https:\/\/portalfadesp.org.br\/wp-content\/uploads\/2024\/09\/EDITAL-No-02_2024_RESULTADO-PRELIMINAR-ISENCAO-DE-PAGAMENTO-DA-TAXA-DE-INSCRICAO-PARA-PESSOAS-COM-DEFICIENCIA.pdf\">EDITAL N\u00ba 02\/2024 &#8211; RESULTADO PRELIMINAR ISEN\u00c7\u00c3O DE PAGAMENTO DA TAXA DE INSCRI\u00c7\u00c3O PARA PESSOAS COM DEFICI\u00caNCIA, de 09\/09\/2024 <strong>(Clique aqui)<\/strong><\/a><\/p><p style=\"text-align: left;\"><a href=\"https:\/\/portalfadesp.org.br\/wp-content\/uploads\/2024\/08\/Retificacao-01-do-Edital-no-01_2024.pdf\">Retifica\u00e7\u00e3o 01 do Edital n\u00ba 01\/2024, de 29\/08\/2024 <strong>(Clique aqui)<\/strong><\/a><\/p><p style=\"text-align: left;\"><a href=\"https:\/\/portalfadesp.org.br\/wp-content\/uploads\/2024\/08\/Edital-de-abertura_CDSA-2024.pdf\">Edital de abertura CDSA n\u00ba 01\/2024, de 29\/08\/2024 <strong>(Clique aqui)<\/strong><\/a><\/p>\t\t\t\t\t\t\t\t<\/div>\n\t\t\t\t<\/div>\n\t\t\t\t<div class=\"elementor-element elementor-element-d168ff2 elementor-widget elementor-widget-eael-adv-accordion\" data-id=\"d168ff2\" data-element_type=\"widget\" data-widget_type=\"eael-adv-accordion.default\">\n\t\t\t\t<div class=\"elementor-widget-container\">\n\t\t\t\t\t        <div class=\"eael-adv-accordion\" id=\"eael-adv-accordion-d168ff2\" data-scroll-on-click=\"no\" data-scroll-speed=\"300\" data-accordion-id=\"d168ff2\" data-accordion-type=\"accordion\" data-toogle-speed=\"300\">\n    <div class=\"eael-accordion-list\">\n                <div id=\"documentao-adicional\" class=\"elementor-tab-title eael-accordion-header active-default\" tabindex=\"0\" data-tab=\"1\" aria-controls=\"elementor-tab-content-2191\"><span class=\"eael-advanced-accordion-icon-closed\"><svg aria-hidden=\"true\" class=\"fa-accordion-icon e-font-icon-svg e-fas-plus\" viewBox=\"0 0 448 512\" xmlns=\"http:\/\/www.w3.org\/2000\/svg\"><path d=\"M416 208H272V64c0-17.67-14.33-32-32-32h-32c-17.67 0-32 14.33-32 32v144H32c-17.67 0-32 14.33-32 32v32c0 17.67 14.33 32 32 32h144v144c0 17.67 14.33 32 32 32h32c17.67 0 32-14.33 32-32V304h144c17.67 0 32-14.33 32-32v-32c0-17.67-14.33-32-32-32z\"><\/path><\/svg><\/span><span class=\"eael-advanced-accordion-icon-opened\"><svg aria-hidden=\"true\" class=\"fa-accordion-icon e-font-icon-svg e-fas-minus\" viewBox=\"0 0 448 512\" xmlns=\"http:\/\/www.w3.org\/2000\/svg\"><path d=\"M416 208H32c-17.67 0-32 14.33-32 32v32c0 17.67 14.33 32 32 32h384c17.67 0 32-14.33 32-32v-32c0-17.67-14.33-32-32-32z\"><\/path><\/svg><\/span><h6 class=\"eael-accordion-tab-title\">Documenta\u00e7\u00e3o Adicional<\/h6><svg aria-hidden=\"true\" class=\"fa-toggle e-font-icon-svg e-fas-angle-right\" viewBox=\"0 0 256 512\" xmlns=\"http:\/\/www.w3.org\/2000\/svg\"><path d=\"M224.3 273l-136 136c-9.4 9.4-24.6 9.4-33.9 0l-22.6-22.6c-9.4-9.4-9.4-24.6 0-33.9l96.4-96.4-96.4-96.4c-9.4-9.4-9.4-24.6 0-33.9L54.3 103c9.4-9.4 24.6-9.4 33.9 0l136 136c9.5 9.4 9.5 24.6.1 34z\"><\/path><\/svg><\/div><div id=\"elementor-tab-content-2191\" class=\"eael-accordion-content clearfix active-default\" data-tab=\"1\" aria-labelledby=\"documentao-adicional\"><p style=\"text-align: center;\"><a href=\"https:\/\/portalfadesp.org.br\/wp-content\/uploads\/2024\/08\/REGIMENTO-INTERNO-DA-CDSA.pdf\">REGIMENTO INTERNO DA CDSA <strong>(Clique aqui)<\/strong><\/a><\/p><p style=\"text-align: center;\"><a href=\"https:\/\/portalfadesp.org.br\/wp-content\/uploads\/2024\/08\/Lei-No-732_2006-PMS_CRIACAO-DA-CDSA.pdf\">Lei N\u00ba 732\/2006 PMS &#8211; CRIA\u00c7\u00c3O DA CDSA <strong>(Clique aqui)<\/strong><\/a><\/p><p style=\"text-align: center;\"><a href=\"https:\/\/portalfadesp.org.br\/wp-content\/uploads\/2024\/08\/PORTARIA-RFB-No-143-DE-11-DE-FEVEREIRO-DE-2022.pdf\">PORTARIA RFB N\u00ba 143, DE 11 DE FEVEREIRO DE 2022 <strong>(Clique aqui)<\/strong><\/a><\/p><p style=\"text-align: center;\"><a href=\"https:\/\/portalfadesp.org.br\/wp-content\/uploads\/2024\/08\/ATO-DECLARATORIO-EXECUTIVO-No-14-DE-11-DE-DEZEMBRO-DE-2012.pdf\">ATO DECLARAT\u00d3RIO EXECUTIVO No.14, DE 11 DE DEZEMBRO DE 2012 <strong>(Clique aqui)<\/strong><\/a><\/p><\/div>\n                <\/div><\/div>\t\t\t\t<\/div>\n\t\t\t\t<\/div>\n\t\t\t\t\t<\/div>\n\t\t<\/div>\n\t\t\t\t\t<\/div>\n\t\t<\/section>\n\t\t\t\t\t<\/div>\n\t\t<\/div>\n\t\t\t\t\t<\/div>\n\t\t<\/section>\n\t\t\t\t<\/div>\n\t\t","protected":false},"excerpt":{"rendered":"<p>Concurso P\u00fablico da Companhia Docas de Santana &#8211; CDSA (2024). O Diretor-Presidente da Companhia Docas de Santana &#8211; CDSA, no uso de suas atribui\u00e7\u00f5es, torna p\u00fablica a realiza\u00e7\u00e3o de Concurso P\u00fablico da Companhia Docas de Santana, destinado ao preenchimento de vagas do quadro de pessoal efetivo de N\u00edvel M\u00e9dio, mediante as condi\u00e7\u00f5es estabelecidas neste Edital. [&hellip;]<\/p>\n","protected":false},"author":12,"featured_media":0,"parent":329,"menu_order":0,"comment_status":"closed","ping_status":"closed","template":"","meta":{"_monsterinsights_skip_tracking":false,"_monsterinsights_sitenote_active":false,"_monsterinsights_sitenote_note":"","_monsterinsights_sitenote_category":0,"footnotes":""},"class_list":["post-46833","page","type-page","status-publish","hentry","entry"],"yoast_head":"<!-- This site is optimized with the Yoast SEO plugin v25.1 - https:\/\/yoast.com\/wordpress\/plugins\/seo\/ -->\n<title>Concurso P\u00fablico da Companhia Docas de Santana - CDSA (2024). - FADESP<\/title>\n<meta name=\"robots\" content=\"index, follow, max-snippet:-1, max-image-preview:large, max-video-preview:-1\" \/>\n<link rel=\"canonical\" href=\"https:\/\/portalfadesp.org.br\/?page_id=46833\" \/>\n<meta property=\"og:locale\" content=\"pt_BR\" \/>\n<meta property=\"og:type\" content=\"article\" \/>\n<meta property=\"og:title\" content=\"Concurso P\u00fablico da Companhia Docas de Santana - CDSA (2024). - FADESP\" \/>\n<meta property=\"og:description\" content=\"Concurso P\u00fablico da Companhia Docas de Santana &#8211; CDSA (2024). O Diretor-Presidente da Companhia Docas de Santana &#8211; CDSA, no uso de suas atribui\u00e7\u00f5es, torna p\u00fablica a realiza\u00e7\u00e3o de Concurso P\u00fablico da Companhia Docas de Santana, destinado ao preenchimento de vagas do quadro de pessoal efetivo de N\u00edvel M\u00e9dio, mediante as condi\u00e7\u00f5es estabelecidas neste Edital. [&hellip;]\" \/>\n<meta property=\"og:url\" content=\"https:\/\/portalfadesp.org.br\/?page_id=46833\" \/>\n<meta property=\"og:site_name\" content=\"FADESP\" \/>\n<meta property=\"article:publisher\" content=\"https:\/\/www.facebook.com\/Fadesp-138351949524662\/\" \/>\n<meta property=\"article:modified_time\" content=\"2025-04-04T14:04:17+00:00\" \/>\n<meta name=\"twitter:card\" content=\"summary_large_image\" \/>\n<meta name=\"twitter:site\" content=\"@Fadesp\" \/>\n<meta name=\"twitter:label1\" content=\"Est. tempo de leitura\" \/>\n\t<meta name=\"twitter:data1\" content=\"5 minutos\" \/>\n<script type=\"application\/ld+json\" class=\"yoast-schema-graph\">{\"@context\":\"https:\/\/schema.org\",\"@graph\":[{\"@type\":\"WebPage\",\"@id\":\"https:\/\/portalfadesp.org.br\/?page_id=46833\",\"url\":\"https:\/\/portalfadesp.org.br\/?page_id=46833\",\"name\":\"Concurso P\u00fablico da Companhia Docas de Santana - CDSA (2024). - FADESP\",\"isPartOf\":{\"@id\":\"https:\/\/portalfadesp.org.br\/#website\"},\"datePublished\":\"2024-08-27T18:56:21+00:00\",\"dateModified\":\"2025-04-04T14:04:17+00:00\",\"breadcrumb\":{\"@id\":\"https:\/\/portalfadesp.org.br\/?page_id=46833#breadcrumb\"},\"inLanguage\":\"pt-BR\",\"potentialAction\":[{\"@type\":\"ReadAction\",\"target\":[\"https:\/\/portalfadesp.org.br\/?page_id=46833\"]}]},{\"@type\":\"BreadcrumbList\",\"@id\":\"https:\/\/portalfadesp.org.br\/?page_id=46833#breadcrumb\",\"itemListElement\":[{\"@type\":\"ListItem\",\"position\":1,\"name\":\"In\u00edcio\",\"item\":\"https:\/\/portalfadesp.org.br\/\"},{\"@type\":\"ListItem\",\"position\":2,\"name\":\"Concursos &#8211; Homologados\",\"item\":\"https:\/\/portalfadesp.org.br\/?page_id=329\"},{\"@type\":\"ListItem\",\"position\":3,\"name\":\"Concurso P\u00fablico da Companhia Docas de Santana &#8211; CDSA (2024).\"}]},{\"@type\":\"WebSite\",\"@id\":\"https:\/\/portalfadesp.org.br\/#website\",\"url\":\"https:\/\/portalfadesp.org.br\/\",\"name\":\"FADESP\",\"description\":\"Funda\u00e7\u00e3o de Amparo e Desenvolvimento da Pesquisa\",\"publisher\":{\"@id\":\"https:\/\/portalfadesp.org.br\/#organization\"},\"potentialAction\":[{\"@type\":\"SearchAction\",\"target\":{\"@type\":\"EntryPoint\",\"urlTemplate\":\"https:\/\/portalfadesp.org.br\/?s={search_term_string}\"},\"query-input\":{\"@type\":\"PropertyValueSpecification\",\"valueRequired\":true,\"valueName\":\"search_term_string\"}}],\"inLanguage\":\"pt-BR\"},{\"@type\":\"Organization\",\"@id\":\"https:\/\/portalfadesp.org.br\/#organization\",\"name\":\"FADESP\",\"url\":\"https:\/\/portalfadesp.org.br\/\",\"logo\":{\"@type\":\"ImageObject\",\"inLanguage\":\"pt-BR\",\"@id\":\"https:\/\/portalfadesp.org.br\/#\/schema\/logo\/image\/\",\"url\":\"https:\/\/portalfadesp.org.br\/wp-content\/uploads\/2024\/01\/NOVOLOGOFADESPlaranjaH.png\",\"contentUrl\":\"https:\/\/portalfadesp.org.br\/wp-content\/uploads\/2024\/01\/NOVOLOGOFADESPlaranjaH.png\",\"width\":2742,\"height\":839,\"caption\":\"FADESP\"},\"image\":{\"@id\":\"https:\/\/portalfadesp.org.br\/#\/schema\/logo\/image\/\"},\"sameAs\":[\"https:\/\/www.facebook.com\/Fadesp-138351949524662\/\",\"https:\/\/x.com\/Fadesp\",\"https:\/\/www.instagram.com\/fadesp_ufpa\/\",\"https:\/\/www.youtube.com\/@fundacaodeamparoedesenvolv1903\",\"https:\/\/www.threads.net\/@fadesp_ufpa\"]}]}<\/script>\n<!-- \/ Yoast SEO plugin. -->","yoast_head_json":{"title":"Concurso P\u00fablico da Companhia Docas de Santana - CDSA (2024). - FADESP","robots":{"index":"index","follow":"follow","max-snippet":"max-snippet:-1","max-image-preview":"max-image-preview:large","max-video-preview":"max-video-preview:-1"},"canonical":"https:\/\/portalfadesp.org.br\/?page_id=46833","og_locale":"pt_BR","og_type":"article","og_title":"Concurso P\u00fablico da Companhia Docas de Santana - CDSA (2024). - FADESP","og_description":"Concurso P\u00fablico da Companhia Docas de Santana &#8211; CDSA (2024). O Diretor-Presidente da Companhia Docas de Santana &#8211; CDSA, no uso de suas atribui\u00e7\u00f5es, torna p\u00fablica a realiza\u00e7\u00e3o de Concurso P\u00fablico da Companhia Docas de Santana, destinado ao preenchimento de vagas do quadro de pessoal efetivo de N\u00edvel M\u00e9dio, mediante as condi\u00e7\u00f5es estabelecidas neste Edital. [&hellip;]","og_url":"https:\/\/portalfadesp.org.br\/?page_id=46833","og_site_name":"FADESP","article_publisher":"https:\/\/www.facebook.com\/Fadesp-138351949524662\/","article_modified_time":"2025-04-04T14:04:17+00:00","twitter_card":"summary_large_image","twitter_site":"@Fadesp","twitter_misc":{"Est. tempo de leitura":"5 minutos"},"schema":{"@context":"https:\/\/schema.org","@graph":[{"@type":"WebPage","@id":"https:\/\/portalfadesp.org.br\/?page_id=46833","url":"https:\/\/portalfadesp.org.br\/?page_id=46833","name":"Concurso P\u00fablico da Companhia Docas de Santana - CDSA (2024). - FADESP","isPartOf":{"@id":"https:\/\/portalfadesp.org.br\/#website"},"datePublished":"2024-08-27T18:56:21+00:00","dateModified":"2025-04-04T14:04:17+00:00","breadcrumb":{"@id":"https:\/\/portalfadesp.org.br\/?page_id=46833#breadcrumb"},"inLanguage":"pt-BR","potentialAction":[{"@type":"ReadAction","target":["https:\/\/portalfadesp.org.br\/?page_id=46833"]}]},{"@type":"BreadcrumbList","@id":"https:\/\/portalfadesp.org.br\/?page_id=46833#breadcrumb","itemListElement":[{"@type":"ListItem","position":1,"name":"In\u00edcio","item":"https:\/\/portalfadesp.org.br\/"},{"@type":"ListItem","position":2,"name":"Concursos &#8211; Homologados","item":"https:\/\/portalfadesp.org.br\/?page_id=329"},{"@type":"ListItem","position":3,"name":"Concurso P\u00fablico da Companhia Docas de Santana &#8211; CDSA (2024)."}]},{"@type":"WebSite","@id":"https:\/\/portalfadesp.org.br\/#website","url":"https:\/\/portalfadesp.org.br\/","name":"FADESP","description":"Funda\u00e7\u00e3o de Amparo e Desenvolvimento da Pesquisa","publisher":{"@id":"https:\/\/portalfadesp.org.br\/#organization"},"potentialAction":[{"@type":"SearchAction","target":{"@type":"EntryPoint","urlTemplate":"https:\/\/portalfadesp.org.br\/?s={search_term_string}"},"query-input":{"@type":"PropertyValueSpecification","valueRequired":true,"valueName":"search_term_string"}}],"inLanguage":"pt-BR"},{"@type":"Organization","@id":"https:\/\/portalfadesp.org.br\/#organization","name":"FADESP","url":"https:\/\/portalfadesp.org.br\/","logo":{"@type":"ImageObject","inLanguage":"pt-BR","@id":"https:\/\/portalfadesp.org.br\/#\/schema\/logo\/image\/","url":"https:\/\/portalfadesp.org.br\/wp-content\/uploads\/2024\/01\/NOVOLOGOFADESPlaranjaH.png","contentUrl":"https:\/\/portalfadesp.org.br\/wp-content\/uploads\/2024\/01\/NOVOLOGOFADESPlaranjaH.png","width":2742,"height":839,"caption":"FADESP"},"image":{"@id":"https:\/\/portalfadesp.org.br\/#\/schema\/logo\/image\/"},"sameAs":["https:\/\/www.facebook.com\/Fadesp-138351949524662\/","https:\/\/x.com\/Fadesp","https:\/\/www.instagram.com\/fadesp_ufpa\/","https:\/\/www.youtube.com\/@fundacaodeamparoedesenvolv1903","https:\/\/www.threads.net\/@fadesp_ufpa"]}]}},"_links":{"self":[{"href":"https:\/\/portalfadesp.org.br\/index.php?rest_route=\/wp\/v2\/pages\/46833","targetHints":{"allow":["GET"]}}],"collection":[{"href":"https:\/\/portalfadesp.org.br\/index.php?rest_route=\/wp\/v2\/pages"}],"about":[{"href":"https:\/\/portalfadesp.org.br\/index.php?rest_route=\/wp\/v2\/types\/page"}],"author":[{"embeddable":true,"href":"https:\/\/portalfadesp.org.br\/index.php?rest_route=\/wp\/v2\/users\/12"}],"replies":[{"embeddable":true,"href":"https:\/\/portalfadesp.org.br\/index.php?rest_route=%2Fwp%2Fv2%2Fcomments&post=46833"}],"version-history":[{"count":103,"href":"https:\/\/portalfadesp.org.br\/index.php?rest_route=\/wp\/v2\/pages\/46833\/revisions"}],"predecessor-version":[{"id":48887,"href":"https:\/\/portalfadesp.org.br\/index.php?rest_route=\/wp\/v2\/pages\/46833\/revisions\/48887"}],"up":[{"embeddable":true,"href":"https:\/\/portalfadesp.org.br\/index.php?rest_route=\/wp\/v2\/pages\/329"}],"wp:attachment":[{"href":"https:\/\/portalfadesp.org.br\/index.php?rest_route=%2Fwp%2Fv2%2Fmedia&parent=46833"}],"curies":[{"name":"wp","href":"https:\/\/api.w.org\/{rel}","templated":true}]}}