{"id":46763,"date":"2024-08-20T15:54:08","date_gmt":"2024-08-20T18:54:08","guid":{"rendered":"https:\/\/portalfadesp.org.br\/?page_id=46763"},"modified":"2024-10-23T09:29:05","modified_gmt":"2024-10-23T12:29:05","slug":"especializacao-em-literatura-e-leitura-multimodal-litletmulti-ufpa-2024","status":"publish","type":"page","link":"https:\/\/portalfadesp.org.br\/?page_id=46763","title":{"rendered":"ESPECIALIZA\u00c7\u00c3O EM LITERATURA E LEITURA MULTIMODAL &#8211; ILC\/UFPA (2024)"},"content":{"rendered":"\t\t<div data-elementor-type=\"wp-post\" data-elementor-id=\"46763\" class=\"elementor elementor-46763\" data-elementor-post-type=\"page\">\n\t\t\t\t\t\t<section class=\"elementor-section elementor-top-section elementor-element elementor-element-1f2996d1 elementor-section-boxed elementor-section-height-default elementor-section-height-default\" data-id=\"1f2996d1\" data-element_type=\"section\">\n\t\t\t\t\t\t<div class=\"elementor-container elementor-column-gap-default\">\n\t\t\t\t\t<div class=\"elementor-column elementor-col-100 elementor-top-column elementor-element elementor-element-59a4b3f8\" data-id=\"59a4b3f8\" data-element_type=\"column\">\n\t\t\t<div class=\"elementor-widget-wrap elementor-element-populated\">\n\t\t\t\t\t\t<div class=\"elementor-element elementor-element-799471af elementor-widget elementor-widget-heading\" data-id=\"799471af\" data-element_type=\"widget\" data-widget_type=\"heading.default\">\n\t\t\t\t<div class=\"elementor-widget-container\">\n\t\t\t\t\t<h1 class=\"elementor-heading-title elementor-size-default\">ESPECIALIZA\u00c7\u00c3O EM LITERATURA E LEITURA MULTIMODAL - ILC\/UFPA (2024)<\/h1>\t\t\t\t<\/div>\n\t\t\t\t<\/div>\n\t\t\t\t<section class=\"elementor-section elementor-inner-section elementor-element elementor-element-336311f elementor-section-boxed elementor-section-height-default elementor-section-height-default\" data-id=\"336311f\" data-element_type=\"section\">\n\t\t\t\t\t\t<div class=\"elementor-container elementor-column-gap-default\">\n\t\t\t\t\t<div class=\"elementor-column elementor-col-50 elementor-inner-column elementor-element elementor-element-75ca0dc3\" data-id=\"75ca0dc3\" data-element_type=\"column\">\n\t\t\t<div class=\"elementor-widget-wrap elementor-element-populated\">\n\t\t\t\t\t\t<div class=\"elementor-element elementor-element-425a3096 elementor-widget elementor-widget-text-editor\" data-id=\"425a3096\" data-element_type=\"widget\" data-widget_type=\"text-editor.default\">\n\t\t\t\t<div class=\"elementor-widget-container\">\n\t\t\t\t\t\t\t\t\t<p>A Faculdade de Letras, do Instituto de Letras e Comunica\u00e7\u00e3o, da Universidade Federal do Par\u00e1 torna p\u00fablica a abertura de inscri\u00e7\u00f5es para o PROCESSO SELETIVO DE ALUNOS para o Curso de P\u00f3s- Gradua\u00e7\u00e3o Lato sensu em Literatura e Leitura Multimodal, na modalidade de Presencial, com carga hor\u00e1ria total de 360h, aprovado pela Resolu\u00e7\u00e3o CONSEPE n. 5.524, de 23 de novembro<br \/>de 2023.<\/p><p>Objetivo do Curso \u00e9 qualificar profissionais com forma\u00e7\u00e3o em Letras (Portugu\u00eas, ingl\u00eas, Franc\u00eas, Espanhol, Alem\u00e3o e Libras), Artes, Pedagogia e cursos afins. Que atuem ou desejem atuar como facilitadores de aprendizagem multimodal nos enlaces entre o texto liter\u00e1rio e outras formas de leitura.<\/p><p><strong>Vagas:<\/strong> 60 (sessenta)\u00a0<\/p><p><strong>Per\u00edodo de Inscri\u00e7\u00e3o: <\/strong>20\/08\/2024 \u2013 05\/11\/2024<\/p><p><strong>Taxa de inscri\u00e7\u00e3o:<\/strong> R$ 50,00<\/p><p>Outras informa\u00e7\u00f5es poder\u00e3o ser solicitadas pelo e-mail<br \/><em>literaturaeleituramulti@gmail.com.<\/em><\/p>\t\t\t\t\t\t\t\t<\/div>\n\t\t\t\t<\/div>\n\t\t\t\t\t<\/div>\n\t\t<\/div>\n\t\t\t\t<div class=\"elementor-column elementor-col-50 elementor-inner-column elementor-element elementor-element-79608089\" data-id=\"79608089\" data-element_type=\"column\">\n\t\t\t<div class=\"elementor-widget-wrap elementor-element-populated\">\n\t\t\t\t\t\t<div class=\"elementor-element elementor-element-7ccac55 elementor-widget elementor-widget-text-editor\" data-id=\"7ccac55\" data-element_type=\"widget\" data-widget_type=\"text-editor.default\">\n\t\t\t\t<div class=\"elementor-widget-container\">\n\t\t\t\t\t\t\t\t\t<p><strong>AVISO<\/strong><\/p>\t\t\t\t\t\t\t\t<\/div>\n\t\t\t\t<\/div>\n\t\t\t\t<div class=\"elementor-element elementor-element-6643fa8 elementor-widget elementor-widget-text-editor\" data-id=\"6643fa8\" data-element_type=\"widget\" data-widget_type=\"text-editor.default\">\n\t\t\t\t<div class=\"elementor-widget-container\">\n\t\t\t\t\t\t\t\t\t<p>Informamos que todos os boletos vencidos devem ser atualizados at\u00e9 o dia <strong>10\/10\/2024<\/strong>. Para solicitar a atualiza\u00e7\u00e3o, \u00e9 necess\u00e1rio entrar em contato com a nossa central de atendimento, utilizando um dos seguintes canais:<\/p><p><strong>E-mail<\/strong>: <a rel=\"noopener\">centraldeatendimento@fadesp.org.br<\/a><br \/><strong>WhatsApp<\/strong>: (91) 4005-7440<br \/><strong>Telefones<\/strong>: (91) 4005-7440, 7441, 7442<\/p>\t\t\t\t\t\t\t\t<\/div>\n\t\t\t\t<\/div>\n\t\t\t\t<div class=\"elementor-element elementor-element-68dcedc elementor-widget elementor-widget-text-editor\" data-id=\"68dcedc\" data-element_type=\"widget\" data-widget_type=\"text-editor.default\">\n\t\t\t\t<div class=\"elementor-widget-container\">\n\t\t\t\t\t\t\t\t\t<p><strong>Editais\u00a0<\/strong><\/p>\t\t\t\t\t\t\t\t<\/div>\n\t\t\t\t<\/div>\n\t\t\t\t<div class=\"elementor-element elementor-element-368e568 elementor-widget elementor-widget-text-editor\" data-id=\"368e568\" data-element_type=\"widget\" data-widget_type=\"text-editor.default\">\n\t\t\t\t<div class=\"elementor-widget-container\">\n\t\t\t\t\t\t\t\t\t<p style=\"text-align: center;\">Resultado preliminar <strong><a href=\"https:\/\/portalfadesp.org.br\/wp-content\/uploads\/2024\/10\/Resultado-Selecao-Outubro-2024.pdf\">(Clique aqui)<\/a><\/strong><\/p><p style=\"text-align: center;\">Prorroga\u00e7\u00e3o das inscri\u00e7\u00f5es 2\u00a0<a href=\"https:\/\/portalfadesp.org.br\/wp-content\/uploads\/2024\/10\/Edital-multimodal.pdf\">(<strong>Clique aqui)<\/strong><\/a><\/p><p style=\"text-align: center;\">Prorroga\u00e7\u00e3o das inscri\u00e7\u00f5es 1\u00a0<strong><a href=\"https:\/\/portalfadesp.org.br\/wp-content\/uploads\/2024\/09\/Edital_minuta_Literatura_e_Leitura_Multimodal_19_de_setembro_2024_assinado.pdf\">(Clique aqui)<\/a><\/strong><\/p><p style=\"text-align: center;\">Edital<strong><a href=\"https:\/\/portalfadesp.org.br\/wp-content\/uploads\/2024\/08\/Edital_minuta_Literatura_e_Leitura_Multimodal_6_de_agosto_assinado-1.pdf\">(Clique aqui)<\/a><\/strong><\/p>\t\t\t\t\t\t\t\t<\/div>\n\t\t\t\t<\/div>\n\t\t\t\t\t<\/div>\n\t\t<\/div>\n\t\t\t\t\t<\/div>\n\t\t<\/section>\n\t\t\t\t\t<\/div>\n\t\t<\/div>\n\t\t\t\t\t<\/div>\n\t\t<\/section>\n\t\t\t\t<\/div>\n\t\t","protected":false},"excerpt":{"rendered":"<p>ESPECIALIZA\u00c7\u00c3O EM LITERATURA E LEITURA MULTIMODAL &#8211; ILC\/UFPA (2024) A Faculdade de Letras, do Instituto de Letras e Comunica\u00e7\u00e3o, da Universidade Federal do Par\u00e1 torna p\u00fablica a abertura de inscri\u00e7\u00f5es para o PROCESSO SELETIVO DE ALUNOS para o Curso de P\u00f3s- Gradua\u00e7\u00e3o Lato sensu em Literatura e Leitura Multimodal, na modalidade de Presencial, com carga [&hellip;]<\/p>\n","protected":false},"author":12,"featured_media":0,"parent":0,"menu_order":0,"comment_status":"closed","ping_status":"closed","template":"","meta":{"_monsterinsights_skip_tracking":false,"_monsterinsights_sitenote_active":false,"_monsterinsights_sitenote_note":"","_monsterinsights_sitenote_category":0,"footnotes":""},"class_list":["post-46763","page","type-page","status-publish","hentry","entry"],"yoast_head":"<!-- This site is optimized with the Yoast SEO plugin v25.1 - https:\/\/yoast.com\/wordpress\/plugins\/seo\/ -->\n<title>ESPECIALIZA\u00c7\u00c3O EM LITERATURA E LEITURA MULTIMODAL - ILC\/UFPA (2024) - FADESP<\/title>\n<meta name=\"robots\" content=\"index, follow, max-snippet:-1, max-image-preview:large, max-video-preview:-1\" \/>\n<link rel=\"canonical\" href=\"https:\/\/portalfadesp.org.br\/?page_id=46763\" \/>\n<meta property=\"og:locale\" content=\"pt_BR\" \/>\n<meta property=\"og:type\" content=\"article\" \/>\n<meta property=\"og:title\" content=\"ESPECIALIZA\u00c7\u00c3O EM LITERATURA E LEITURA MULTIMODAL - ILC\/UFPA (2024) - FADESP\" \/>\n<meta property=\"og:description\" content=\"ESPECIALIZA\u00c7\u00c3O EM LITERATURA E LEITURA MULTIMODAL &#8211; ILC\/UFPA (2024) A Faculdade de Letras, do Instituto de Letras e Comunica\u00e7\u00e3o, da Universidade Federal do Par\u00e1 torna p\u00fablica a abertura de inscri\u00e7\u00f5es para o PROCESSO SELETIVO DE ALUNOS para o Curso de P\u00f3s- Gradua\u00e7\u00e3o Lato sensu em Literatura e Leitura Multimodal, na modalidade de Presencial, com carga [&hellip;]\" \/>\n<meta property=\"og:url\" content=\"https:\/\/portalfadesp.org.br\/?page_id=46763\" \/>\n<meta property=\"og:site_name\" content=\"FADESP\" \/>\n<meta property=\"article:publisher\" content=\"https:\/\/www.facebook.com\/Fadesp-138351949524662\/\" \/>\n<meta property=\"article:modified_time\" content=\"2024-10-23T12:29:05+00:00\" \/>\n<meta name=\"twitter:card\" content=\"summary_large_image\" \/>\n<meta name=\"twitter:site\" content=\"@Fadesp\" \/>\n<meta name=\"twitter:label1\" content=\"Est. tempo de leitura\" \/>\n\t<meta name=\"twitter:data1\" content=\"2 minutos\" \/>\n<script type=\"application\/ld+json\" class=\"yoast-schema-graph\">{\"@context\":\"https:\/\/schema.org\",\"@graph\":[{\"@type\":\"WebPage\",\"@id\":\"https:\/\/portalfadesp.org.br\/?page_id=46763\",\"url\":\"https:\/\/portalfadesp.org.br\/?page_id=46763\",\"name\":\"ESPECIALIZA\u00c7\u00c3O EM LITERATURA E LEITURA MULTIMODAL - ILC\/UFPA (2024) - FADESP\",\"isPartOf\":{\"@id\":\"https:\/\/portalfadesp.org.br\/#website\"},\"datePublished\":\"2024-08-20T18:54:08+00:00\",\"dateModified\":\"2024-10-23T12:29:05+00:00\",\"breadcrumb\":{\"@id\":\"https:\/\/portalfadesp.org.br\/?page_id=46763#breadcrumb\"},\"inLanguage\":\"pt-BR\",\"potentialAction\":[{\"@type\":\"ReadAction\",\"target\":[\"https:\/\/portalfadesp.org.br\/?page_id=46763\"]}]},{\"@type\":\"BreadcrumbList\",\"@id\":\"https:\/\/portalfadesp.org.br\/?page_id=46763#breadcrumb\",\"itemListElement\":[{\"@type\":\"ListItem\",\"position\":1,\"name\":\"In\u00edcio\",\"item\":\"https:\/\/portalfadesp.org.br\/\"},{\"@type\":\"ListItem\",\"position\":2,\"name\":\"ESPECIALIZA\u00c7\u00c3O EM LITERATURA E LEITURA MULTIMODAL &#8211; ILC\/UFPA (2024)\"}]},{\"@type\":\"WebSite\",\"@id\":\"https:\/\/portalfadesp.org.br\/#website\",\"url\":\"https:\/\/portalfadesp.org.br\/\",\"name\":\"FADESP\",\"description\":\"Funda\u00e7\u00e3o de Amparo e Desenvolvimento da Pesquisa\",\"publisher\":{\"@id\":\"https:\/\/portalfadesp.org.br\/#organization\"},\"potentialAction\":[{\"@type\":\"SearchAction\",\"target\":{\"@type\":\"EntryPoint\",\"urlTemplate\":\"https:\/\/portalfadesp.org.br\/?s={search_term_string}\"},\"query-input\":{\"@type\":\"PropertyValueSpecification\",\"valueRequired\":true,\"valueName\":\"search_term_string\"}}],\"inLanguage\":\"pt-BR\"},{\"@type\":\"Organization\",\"@id\":\"https:\/\/portalfadesp.org.br\/#organization\",\"name\":\"FADESP\",\"url\":\"https:\/\/portalfadesp.org.br\/\",\"logo\":{\"@type\":\"ImageObject\",\"inLanguage\":\"pt-BR\",\"@id\":\"https:\/\/portalfadesp.org.br\/#\/schema\/logo\/image\/\",\"url\":\"https:\/\/portalfadesp.org.br\/wp-content\/uploads\/2024\/01\/NOVOLOGOFADESPlaranjaH.png\",\"contentUrl\":\"https:\/\/portalfadesp.org.br\/wp-content\/uploads\/2024\/01\/NOVOLOGOFADESPlaranjaH.png\",\"width\":2742,\"height\":839,\"caption\":\"FADESP\"},\"image\":{\"@id\":\"https:\/\/portalfadesp.org.br\/#\/schema\/logo\/image\/\"},\"sameAs\":[\"https:\/\/www.facebook.com\/Fadesp-138351949524662\/\",\"https:\/\/x.com\/Fadesp\",\"https:\/\/www.instagram.com\/fadesp_ufpa\/\",\"https:\/\/www.youtube.com\/@fundacaodeamparoedesenvolv1903\",\"https:\/\/www.threads.net\/@fadesp_ufpa\"]}]}<\/script>\n<!-- \/ Yoast SEO plugin. -->","yoast_head_json":{"title":"ESPECIALIZA\u00c7\u00c3O EM LITERATURA E LEITURA MULTIMODAL - ILC\/UFPA (2024) - FADESP","robots":{"index":"index","follow":"follow","max-snippet":"max-snippet:-1","max-image-preview":"max-image-preview:large","max-video-preview":"max-video-preview:-1"},"canonical":"https:\/\/portalfadesp.org.br\/?page_id=46763","og_locale":"pt_BR","og_type":"article","og_title":"ESPECIALIZA\u00c7\u00c3O EM LITERATURA E LEITURA MULTIMODAL - ILC\/UFPA (2024) - FADESP","og_description":"ESPECIALIZA\u00c7\u00c3O EM LITERATURA E LEITURA MULTIMODAL &#8211; ILC\/UFPA (2024) A Faculdade de Letras, do Instituto de Letras e Comunica\u00e7\u00e3o, da Universidade Federal do Par\u00e1 torna p\u00fablica a abertura de inscri\u00e7\u00f5es para o PROCESSO SELETIVO DE ALUNOS para o Curso de P\u00f3s- Gradua\u00e7\u00e3o Lato sensu em Literatura e Leitura Multimodal, na modalidade de Presencial, com carga [&hellip;]","og_url":"https:\/\/portalfadesp.org.br\/?page_id=46763","og_site_name":"FADESP","article_publisher":"https:\/\/www.facebook.com\/Fadesp-138351949524662\/","article_modified_time":"2024-10-23T12:29:05+00:00","twitter_card":"summary_large_image","twitter_site":"@Fadesp","twitter_misc":{"Est. tempo de leitura":"2 minutos"},"schema":{"@context":"https:\/\/schema.org","@graph":[{"@type":"WebPage","@id":"https:\/\/portalfadesp.org.br\/?page_id=46763","url":"https:\/\/portalfadesp.org.br\/?page_id=46763","name":"ESPECIALIZA\u00c7\u00c3O EM LITERATURA E LEITURA MULTIMODAL - ILC\/UFPA (2024) - FADESP","isPartOf":{"@id":"https:\/\/portalfadesp.org.br\/#website"},"datePublished":"2024-08-20T18:54:08+00:00","dateModified":"2024-10-23T12:29:05+00:00","breadcrumb":{"@id":"https:\/\/portalfadesp.org.br\/?page_id=46763#breadcrumb"},"inLanguage":"pt-BR","potentialAction":[{"@type":"ReadAction","target":["https:\/\/portalfadesp.org.br\/?page_id=46763"]}]},{"@type":"BreadcrumbList","@id":"https:\/\/portalfadesp.org.br\/?page_id=46763#breadcrumb","itemListElement":[{"@type":"ListItem","position":1,"name":"In\u00edcio","item":"https:\/\/portalfadesp.org.br\/"},{"@type":"ListItem","position":2,"name":"ESPECIALIZA\u00c7\u00c3O EM LITERATURA E LEITURA MULTIMODAL &#8211; ILC\/UFPA (2024)"}]},{"@type":"WebSite","@id":"https:\/\/portalfadesp.org.br\/#website","url":"https:\/\/portalfadesp.org.br\/","name":"FADESP","description":"Funda\u00e7\u00e3o de Amparo e Desenvolvimento da Pesquisa","publisher":{"@id":"https:\/\/portalfadesp.org.br\/#organization"},"potentialAction":[{"@type":"SearchAction","target":{"@type":"EntryPoint","urlTemplate":"https:\/\/portalfadesp.org.br\/?s={search_term_string}"},"query-input":{"@type":"PropertyValueSpecification","valueRequired":true,"valueName":"search_term_string"}}],"inLanguage":"pt-BR"},{"@type":"Organization","@id":"https:\/\/portalfadesp.org.br\/#organization","name":"FADESP","url":"https:\/\/portalfadesp.org.br\/","logo":{"@type":"ImageObject","inLanguage":"pt-BR","@id":"https:\/\/portalfadesp.org.br\/#\/schema\/logo\/image\/","url":"https:\/\/portalfadesp.org.br\/wp-content\/uploads\/2024\/01\/NOVOLOGOFADESPlaranjaH.png","contentUrl":"https:\/\/portalfadesp.org.br\/wp-content\/uploads\/2024\/01\/NOVOLOGOFADESPlaranjaH.png","width":2742,"height":839,"caption":"FADESP"},"image":{"@id":"https:\/\/portalfadesp.org.br\/#\/schema\/logo\/image\/"},"sameAs":["https:\/\/www.facebook.com\/Fadesp-138351949524662\/","https:\/\/x.com\/Fadesp","https:\/\/www.instagram.com\/fadesp_ufpa\/","https:\/\/www.youtube.com\/@fundacaodeamparoedesenvolv1903","https:\/\/www.threads.net\/@fadesp_ufpa"]}]}},"_links":{"self":[{"href":"https:\/\/portalfadesp.org.br\/index.php?rest_route=\/wp\/v2\/pages\/46763","targetHints":{"allow":["GET"]}}],"collection":[{"href":"https:\/\/portalfadesp.org.br\/index.php?rest_route=\/wp\/v2\/pages"}],"about":[{"href":"https:\/\/portalfadesp.org.br\/index.php?rest_route=\/wp\/v2\/types\/page"}],"author":[{"embeddable":true,"href":"https:\/\/portalfadesp.org.br\/index.php?rest_route=\/wp\/v2\/users\/12"}],"replies":[{"embeddable":true,"href":"https:\/\/portalfadesp.org.br\/index.php?rest_route=%2Fwp%2Fv2%2Fcomments&post=46763"}],"version-history":[{"count":30,"href":"https:\/\/portalfadesp.org.br\/index.php?rest_route=\/wp\/v2\/pages\/46763\/revisions"}],"predecessor-version":[{"id":47406,"href":"https:\/\/portalfadesp.org.br\/index.php?rest_route=\/wp\/v2\/pages\/46763\/revisions\/47406"}],"wp:attachment":[{"href":"https:\/\/portalfadesp.org.br\/index.php?rest_route=%2Fwp%2Fv2%2Fmedia&parent=46763"}],"curies":[{"name":"wp","href":"https:\/\/api.w.org\/{rel}","templated":true}]}}