{"id":46553,"date":"2024-07-22T14:31:20","date_gmt":"2024-07-22T17:31:20","guid":{"rendered":"https:\/\/portalfadesp.org.br\/?page_id=46553"},"modified":"2025-07-31T10:07:19","modified_gmt":"2025-07-31T13:07:19","slug":"concurso-publico-da-prefeitura-municipal-de-capanema-2024","status":"publish","type":"page","link":"https:\/\/portalfadesp.org.br\/?page_id=46553","title":{"rendered":"Concurso P\u00fablico da Prefeitura Municipal de Capanema (2024)"},"content":{"rendered":"\t\t<div data-elementor-type=\"wp-post\" data-elementor-id=\"46553\" class=\"elementor elementor-46553\" data-elementor-post-type=\"page\">\n\t\t\t\t\t\t<section class=\"elementor-section elementor-top-section elementor-element elementor-element-1f2996d1 elementor-section-boxed elementor-section-height-default elementor-section-height-default\" data-id=\"1f2996d1\" data-element_type=\"section\">\n\t\t\t\t\t\t<div class=\"elementor-container elementor-column-gap-default\">\n\t\t\t\t\t<div class=\"elementor-column elementor-col-100 elementor-top-column elementor-element elementor-element-59a4b3f8\" data-id=\"59a4b3f8\" data-element_type=\"column\">\n\t\t\t<div class=\"elementor-widget-wrap elementor-element-populated\">\n\t\t\t\t\t\t<div class=\"elementor-element elementor-element-799471af elementor-widget elementor-widget-heading\" data-id=\"799471af\" data-element_type=\"widget\" data-widget_type=\"heading.default\">\n\t\t\t\t<div class=\"elementor-widget-container\">\n\t\t\t\t\t<h1 class=\"elementor-heading-title elementor-size-default\">Concurso P\u00fablico da Prefeitura Municipal de Capanema (2024)<\/h1>\t\t\t\t<\/div>\n\t\t\t\t<\/div>\n\t\t\t\t<section class=\"elementor-section elementor-inner-section elementor-element elementor-element-336311f elementor-section-boxed elementor-section-height-default elementor-section-height-default\" data-id=\"336311f\" data-element_type=\"section\">\n\t\t\t\t\t\t<div class=\"elementor-container elementor-column-gap-default\">\n\t\t\t\t\t<div class=\"elementor-column elementor-col-50 elementor-inner-column elementor-element elementor-element-75ca0dc3\" data-id=\"75ca0dc3\" data-element_type=\"column\">\n\t\t\t<div class=\"elementor-widget-wrap elementor-element-populated\">\n\t\t\t\t\t\t<div class=\"elementor-element elementor-element-425a3096 elementor-widget elementor-widget-text-editor\" data-id=\"425a3096\" data-element_type=\"widget\" data-widget_type=\"text-editor.default\">\n\t\t\t\t<div class=\"elementor-widget-container\">\n\t\t\t\t\t\t\t\t\t<p>O Prefeito Municipal de Capanema, no uso de suas atribui\u00e7\u00f5es, torna p\u00fablica a realiza\u00e7\u00e3o de Concurso P\u00fablico destinado ao preenchimento de vagas para cargos do quadro de pessoal efetivo da Prefeitura conforme as condi\u00e7\u00f5es estabelecidas no Edital n\u00ba 01\/2024.<\/p><p>A sele\u00e7\u00e3o para os cargos de que trata este edital compreender\u00e1 as seguintes etapas conforme subitens a seguir.<br \/>&#8211; Prova de Conhecimentos mediante aplica\u00e7\u00e3o de Provas Objetivas para todos os cargos, de car\u00e1ter eliminat\u00f3ria e classificat\u00f3ria, a serem aplicadas no Munic\u00edpio de Capanema;<br \/>&#8211; Prova de T\u00edtulos para todos os cargos de n\u00edvel superior, de car\u00e1ter apenas classificat\u00f3ria, para candidatos selecionados conforme regras constantes no edital;<br \/>&#8211; Exame M\u00e9dico Ocupacional, que poder\u00e1 abranger todos os exames pertinentes \u00e0 aferi\u00e7\u00e3o das condi\u00e7\u00f5es de sa\u00fade f\u00edsica e mental, de car\u00e1ter eliminat\u00f3rio, exclusivamente para os candidatos aos cargos de Agente de Fiscaliza\u00e7\u00e3o de Tr\u00e2nsito e de Guarda Civil Municipal, selecionados conforme regras constantes no edital.<br \/>&#8211; Prova de Aptid\u00e3o F\u00edsica compat\u00edvel com o cargo, de car\u00e1ter eliminat\u00f3ria, exclusivamente para os candidatos aos cargos de Agente de Fiscaliza\u00e7\u00e3o de Tr\u00e2nsito e de Guarda Civil Municipal, selecionados conforme regras constantes no edital.<br \/>&#8211; Exame Psicol\u00f3gico com an\u00e1lise de perfil, de car\u00e1ter eliminat\u00f3rio, exclusivamente para os candidatos aos cargos de Agente de Fiscaliza\u00e7\u00e3o de Tr\u00e2nsito e de Guarda Civil Municipal, selecionados conforme regras constantes no edital.<\/p><p><strong>Total de vagas ofertadas<\/strong> = 203 (encontra-se no Anexo I \u2013 Quadro de vagas) do edital.<\/p><p><strong>&#8211; Valor das taxas de Inscri\u00e7\u00e3o:<\/strong><br \/>R$ 100,00 (cem reais) para todos os cargos de n\u00edvel superior;<br \/>R$ 90,00 (noventa reais) para todos os cargos de n\u00edvel m\u00e9dio.<\/p><p><span style=\"text-decoration: underline;\"><strong><span style=\"color: #ff6600; text-decoration: underline;\">O cronograma das atividades do concurso est\u00e1 dispon\u00edvel no ANEXO III do Edital n\u00ba 01\/2024.<\/span><\/strong><\/span><\/p>\t\t\t\t\t\t\t\t<\/div>\n\t\t\t\t<\/div>\n\t\t\t\t\t<\/div>\n\t\t<\/div>\n\t\t\t\t<div class=\"elementor-column elementor-col-50 elementor-inner-column elementor-element elementor-element-79608089\" data-id=\"79608089\" data-element_type=\"column\">\n\t\t\t<div class=\"elementor-widget-wrap elementor-element-populated\">\n\t\t\t\t\t\t<div class=\"elementor-element elementor-element-3a7d1d1 elementor-widget elementor-widget-text-editor\" data-id=\"3a7d1d1\" data-element_type=\"widget\" data-widget_type=\"text-editor.default\">\n\t\t\t\t<div class=\"elementor-widget-container\">\n\t\t\t\t\t\t\t\t\t<p style=\"text-align: left;\"><strong>AVISO DE PRORROGA\u00c7\u00c3O DO PER\u00cdODO DE RECURSOS CONTRA O RESULTADO FINAL PRELIMINAR DO CONCURSO P\u00daBLICO DA PMC<\/strong><\/p><p>A Fadesp comunica que, em raz\u00e3o da interrup\u00e7\u00e3o do fornecimento de energia el\u00e9trica no s\u00e1bado, dia 21 de dezembro, at\u00e9 \u00e0s 12h00min do domingo, dia 22 de dezembro de 2024, fica prorrogado o per\u00edodo de interposi\u00e7\u00e3o de recursos contra o Resultado Final Preliminar do Concurso P\u00fablico da PMC, at\u00e9 17h00min do dia 23 de dezembro de 2024, devendo-se seguir as demais orienta\u00e7\u00f5es dos editais de divulga\u00e7\u00e3o dos resultados finais preliminares.<\/p><p style=\"text-align: center;\"><strong>ENTREVISTA DEVOLUTIVA<\/strong><\/p><p style=\"text-align: left;\">A Fadesp comunica a realiza\u00e7\u00e3o da Entrevista Devolutiva, solicitada por candidatos considerados inaptos na Avalia\u00e7\u00e3o Psicol\u00f3gica, nos termos do Edital n\u00ba 01\/2024-PMC, que ser\u00e1 realizada \u00e1s 11h00min, do dia 18 de dezembro de 2024, na EMEF Maximiana Menezes, situada na Av. Bar\u00e3o de Capanema, 23 &#8211; Bairro: Areia Branca. <br \/>Todos os recorrentes devem observar maiores detalhes nas respostas a seus recursos em suas p\u00e1ginas individuais no site da Fadesp.<\/p><p style=\"text-align: center;\"><strong>AVISO DE RETIFICA\u00c7\u00c3O<\/strong><\/p><p>A Funda\u00e7\u00e3o de Amparo e Desenvolvimento da Pesquisa (FADESP) informa que o per\u00edodo de inscri\u00e7\u00f5es ao Concurso P\u00fablico da Prefeitura Municipal de Capanema <u>foi prorrogado at\u00e9 04\/09\/2024<\/u>, conforme retifica\u00e7\u00e3o deste Edital, j\u00e1 dispon\u00edvel em nosso portal.<\/p><p>A data da prova tamb\u00e9m foi alterada, em respeito \u00e0s manifesta\u00e7\u00f5es e festividades religiosas da \u00e9poca, refor\u00e7ando o compromisso da FADESP com a diversidade e liberdade de credos.<\/p><p>Todas as altera\u00e7\u00f5es do cronograma de execu\u00e7\u00e3o do concurso est\u00e3o dispon\u00edveis abaixo.<\/p><p><strong>Recomendamos a leitura atenta das retifica\u00e7\u00f5es do Edital de Abertura.<\/strong><\/p><p>Candidatos que pagaram boleto at\u00e9 13\/08\/2024 que n\u00e3o estiverem de acordo com as retifica\u00e7\u00f5es do edital de abertura podem solicitar reembolso da taxa de inscri\u00e7\u00e3o e exclus\u00e3o do certame, mediante an\u00e1lise, at\u00e9 o dia 04\/09\/2024. Para pedir o reembolso, contate-nos pelo e-mail: concursos@fadesp.org.br<\/p>\t\t\t\t\t\t\t\t<\/div>\n\t\t\t\t<\/div>\n\t\t\t\t<div class=\"elementor-element elementor-element-381aae4 elementor-widget elementor-widget-text-editor\" data-id=\"381aae4\" data-element_type=\"widget\" data-widget_type=\"text-editor.default\">\n\t\t\t\t<div class=\"elementor-widget-container\">\n\t\t\t\t\t\t\t\t\t<h3 class=\"botaoBug\"><a href=\"https:\/\/concursos3.fadesp.org.br\/prefeitura\/2024\/capanema\/web\/\"><strong>\u00c1rea do candidato (Clique aqui)<\/strong><\/a><\/h3><div><em>* Na \u00e1rea do candidato poder\u00e1 ser realizado seu cadastro, inscri\u00e7\u00e3o, emiss\u00e3o de boleto, recursos, impress\u00e3o de cart\u00e3o com local de prova e afins\u2026<\/em><\/div>\t\t\t\t\t\t\t\t<\/div>\n\t\t\t\t<\/div>\n\t\t\t\t<div class=\"elementor-element elementor-element-7ccac55 elementor-widget elementor-widget-text-editor\" data-id=\"7ccac55\" data-element_type=\"widget\" data-widget_type=\"text-editor.default\">\n\t\t\t\t<div class=\"elementor-widget-container\">\n\t\t\t\t\t\t\t\t\t<p><strong>Editais\u00a0<\/strong><\/p>\t\t\t\t\t\t\t\t<\/div>\n\t\t\t\t<\/div>\n\t\t\t\t<div class=\"elementor-element elementor-element-ae3f166 elementor-widget elementor-widget-text-editor\" data-id=\"ae3f166\" data-element_type=\"widget\" data-widget_type=\"text-editor.default\">\n\t\t\t\t<div class=\"elementor-widget-container\">\n\t\t\t\t\t\t\t\t\t<p><a href=\"https:\/\/portalfadesp.org.br\/wp-content\/uploads\/2025\/07\/EDITAL-No-48_2024_RESULTADO-DEFINITIVO-DO-EXAME-PSICOLOGICO-SUB-JUDICE.pdf\">EDITAL N\u00ba 48\/2024 &#8211; RESULTADO DEFINITIVO DO EXAME PSICOL\u00d3GICO SUB JUDICE, de 31\/07\/2025 <strong>(Clique aqui)<\/strong><\/a><\/p><p><a href=\"https:\/\/portalfadesp.org.br\/wp-content\/uploads\/2025\/07\/EDITAL-No-47_2024_RESULTADO-PRELIMINAR-DO-EXAME-PSICOLOGICO-SUB-JUDICE.pdf\">EDITAL N\u00ba 47\/2024 &#8211; RESULTADO PRELIMINAR DO EXAME PSICOL\u00d3GICO SUB JUDICE, de 22\/07\/2025 <strong>(Clique aqui)<\/strong><\/a><\/p><p><a href=\"https:\/\/portalfadesp.org.br\/wp-content\/uploads\/2025\/07\/EDITAL-No-46_2024_CONVOCACAO-PARA-EXAME-PSICOLOGICO_CANDIDATO-JORGE-HEMESON-MOURA-DE-ANDRADE-SUB-JUDICE.pdf\">EDITAL N\u00ba 46\/2024 &#8211; CONVOCA\u00c7\u00c3O PARA EXAME PSICOL\u00d3GICO CANDIDATO JORGE HEMESON MOURA DE ANDRADE &#8211; SUB JUDICE, de 09\/07\/2025 <strong>(Clique aqui)<\/strong><\/a><\/p><p><a href=\"https:\/\/portalfadesp.org.br\/wp-content\/uploads\/2025\/07\/EDITAL-No-45_2024_RESULTADO-DEFINITIVO-DA-PROVA-DE-APTIDAO-FISICA_CANDIDATO-JORGE-HEMESON-MOURA-DE-ANDRADE-SUB-JUDICE.pdf\">EDITAL N\u00ba 45\/2024 &#8211; RESULTADO DEFINITIVO DA PROVA DE APTID\u00c3O F\u00cdSICA CANDIDATO JORGE HEMESON MOURA DE ANDRADE &#8211; SUB JUDICE, de 09\/07\/2025 <strong>(Clique aqui)<\/strong><\/a><\/p><p><a href=\"https:\/\/portalfadesp.org.br\/wp-content\/uploads\/2025\/06\/EDITAL-No-44_2024_CONVOCACAO-PARA-PROVA-DE-APTIDAO-FISICA_CANDIDATO-JORGE-HEMESON-MOURA-DE-ANDRADE-SUB-JUDICE.pdf\">EDITAL N\u00ba 44\/2024 &#8211; CONVOCA\u00c7\u00c3O PARA PROVA DE APTID\u00c3O F\u00cdSICA CANDIDATO JORGE HEMESON MOURA DE ANDRADE &#8211; SUB JUDICE, de 30\/06\/2025 <strong>(Clique aqui)<\/strong><\/a><\/p><p><a href=\"https:\/\/portalfadesp.org.br\/wp-content\/uploads\/2025\/06\/EDITAL-No-43_2024_RESULTADO-DEFINITIVO-DO-EXAME-MEDICO_CANDIDATO-JORGE-HEMESON-MOURA-DE-ANDRADE-SUB-JUDICE.pdf\">EDITAL N\u00ba 43\/2024 &#8211; RESULTADO DEFINITIVO DO EXAME M\u00c9DICO CANDIDATO JORGE HEMESON MOURA DE ANDRADE &#8211; SUB JUDICE, de 27\/06\/2025 <strong>(Clique aqui)<\/strong><\/a><\/p><p><a href=\"https:\/\/portalfadesp.org.br\/wp-content\/uploads\/2025\/06\/EDITAL-No-42_2024_CONVOCACAO-PARA-EXAME-MEDICO_CANDIDATO-JORGE-HEMESON-MOURA-DE-ANDRADE-SUB-JUDICE.pdf\">EDITAL N\u00ba 42\/2024 &#8211; CONVOCA\u00c7\u00c3O PARA EXAME M\u00c9DICO CANDIDATO JORGE HEMESON MOURA DE ANDRADE &#8211; SUB JUDICE, de 13\/06\/2025 <strong>(Clique aqui)<\/strong><\/a><\/p><p><a href=\"https:\/\/portalfadesp.org.br\/wp-content\/uploads\/2024\/12\/EDITAL-No-41_2024_LISTA-DOS-CANDIDATOS-PCD-APROVADOS-NO-CONCURSO-PUBLICO.pdf\">EDITAL N\u00ba 41\/2024 &#8211; LISTA DOS CANDIDATOS PCD APROVADOS NO CONCURSO P\u00daBLICO, de 26\/12\/2024 <strong>(Clique aqui)<\/strong><\/a><\/p><p><a href=\"https:\/\/portalfadesp.org.br\/wp-content\/uploads\/2024\/12\/EDITAL-No-40_2024_RESULTADO-FINAL-DEFINITIVO-DO-CONCURSO-CARGOS-DE-PROFESSORES.pdf\">EDITAL N\u00ba 40\/2024 &#8211; RESULTADO FINAL DEFINITIVO DO CONCURSO CARGOS DE PROFESSORES, de 26\/12\/2024 <strong>(Clique aqui)<\/strong><\/a><\/p><p><a href=\"https:\/\/portalfadesp.org.br\/wp-content\/uploads\/2024\/12\/EDITAL-No-39_2024_RESULTADO-FINAL-DEFINITIVO-DO-CONCURSO-CARGOS-DE-NIVEL-SUPERIOR-EXCETO-PROFESSORES.pdf\">EDITAL N\u00ba 39\/2024 &#8211; RESULTADO FINAL DEFINITIVO DO CONCURSO CARGOS DE N\u00cdVEL SUPERIOR EXCETO PROFESSORES, de 26\/12\/2024 <strong>(Clique aqui)<\/strong><\/a><\/p><p><a href=\"https:\/\/portalfadesp.org.br\/wp-content\/uploads\/2024\/12\/EDITAL-No-38_2024_RESULTADO-FINAL-DEFINITIVO-CARGOS-DE-NIVEL-MEDIO.pdf\">EDITAL N\u00ba 38\/2024 &#8211; RESULTADO FINAL DEFINITIVO CARGOS DE N\u00cdVEL M\u00c9DIO, de 26\/12\/2024 <strong>(Clique aqui)<\/strong><\/a><\/p><p><a href=\"https:\/\/portalfadesp.org.br\/wp-content\/uploads\/2024\/12\/EDITAL-No-37_2024_RESULTADO-FINAL-PRELIMINAR-DO-CONCURSO-PARA-OS-CARGOS-DE-PROFESSORES.pdf\">EDITAL N\u00ba 37\/2024 &#8211; RESULTADO FINAL PRELIMINAR DO CONCURSO PARA OS CARGOS DE PROFESSORES, de 20\/12\/2024 <strong>(Clique aqui)<\/strong><\/a><\/p><p><a href=\"https:\/\/portalfadesp.org.br\/wp-content\/uploads\/2024\/12\/EDITAL-No-36_2024_RESULTADO-FINAL-PRELIMINAR-DO-CONCURSO-PARA-OS-CARGOS-DE-NIVEL-SUPERIOR-EXCETO-PROFESSORES.pdf\">EDITAL N\u00ba 36\/2024 &#8211; RESULTADO FINAL PRELIMINAR DO CONCURSO PARA OS CARGOS DE N\u00cdVEL SUPERIOR EXCETO PROFESSORES, de 20\/12\/2024 <strong>(Clique aqui)<\/strong><\/a><\/p><p><a href=\"https:\/\/portalfadesp.org.br\/wp-content\/uploads\/2024\/12\/EDITAL-No-35_2024_RESULTADO-FINAL-PRELIMINAR-DO-CONCURSO-PARA-OS-CARGOS-DE-NIVEL-MEDIO.pdf\">EDITAL N\u00ba 35\/2024 &#8211; RESULTADO FINAL PRELIMINAR DO CONCURSO PARA OS CARGOS DE N\u00cdVEL M\u00c9DIO, de 20\/12\/2024 <strong>(Clique aqui)<\/strong><\/a><\/p><p><a href=\"https:\/\/portalfadesp.org.br\/wp-content\/uploads\/2024\/12\/EDITAL-No-34_2024-RESULTADO-DEFINITIVO-DO-EXAME-PSICOLOGICO_CARGOS-DE-GUARDA-CIVIL-MUNICIPAL-E-AGENTE-DE-FISCALIZACAO-DE-TRANSITO.pdf\">EDITAL N\u00ba 34\/2024 RESULTADO DEFINITIVO DO EXAME PSICOL\u00d3GICO &#8211; CARGOS DE GUARDA CIVIL MUNICIPAL E AGENTE DE FISCALIZA\u00c7\u00c3O DE TR\u00c2NSITO, de 19\/12\/2024 <strong>(Clique aqui)<\/strong><\/a><\/p><p><a href=\"https:\/\/portalfadesp.org.br\/wp-content\/uploads\/2024\/12\/EDITAL-No-33_2024-RESULTADO-PRELIMINAR-DO-EXAME-PSICOLOGICO_CARGOS-DE-GUARDA-CIVIL-MUNICIPAL-E-AGENTE-DE-FISCALIZACAO-DE-TRANSITO.pdf\">EDITAL N\u00ba 33\/2024 RESULTADO PRELIMINAR DO EXAME PSICOL\u00d3GICO &#8211; CARGOS DE GUARDA CIVIL MUNICIPAL E AGENTE DE FISCALIZA\u00c7\u00c3O DE TR\u00c2NSITO, de 10\/12\/2024 <strong>(Clique aqui)<\/strong><\/a><\/p><p><a href=\"https:\/\/portalfadesp.org.br\/wp-content\/uploads\/2024\/12\/EDITAL-No-32_2024-CONVOCACAO-PARA-O-EXAME-PSICOLOGICO_CARGOS-DE-GUARDA-CIVIL-MUNICIPAL-E-AGENTE-DE-FISCALIZACAO-DE-TRANSITO.pdf\">EDITAL N\u00ba 32\/2024 CONVOCA\u00c7\u00c3O PARA O EXAME PSICOL\u00d3GICO &#8211; CARGOS DE GUARDA CIVIL MUNICIPAL E AGENTE DE FISCALIZA\u00c7\u00c3O DE TR\u00c2NSITO, de 03\/12\/2024 <strong>(Clique aqui)<\/strong><\/a><\/p><p><a href=\"https:\/\/portalfadesp.org.br\/wp-content\/uploads\/2024\/12\/EDITAL-No-31_2024-RESULTADO-DEFINITIVO-DA-PROVA-DE-APTIDAO-FISICA_CARGOS-DE-GUARDA-CIVIL-MUNICIPAL-E-AGENTE-DE-FISCALIZACAO-DE-TRANSITO.pdf\">EDITAL N\u00ba 31\/2024 &#8211;\u00a0 RESULTADO DEFINITIVO DA PROVA DE APTID\u00c3O F\u00cdSICA &#8211; CARGOS DE GUARDA CIVIL MUNICIPAL E AGENTE DE FISCALIZA\u00c7\u00c3O DE TR\u00c2NSITO, de 03\/12\/2024 <strong>(Clique aqui)<\/strong><\/a><\/p><p><a href=\"https:\/\/portalfadesp.org.br\/wp-content\/uploads\/2024\/12\/EDITAL-No-30_2024_RESULTADO-DEFINITIVO-DA-PROVA-DE-TITULOS-PARA-OS-CARGOS-DE-NIVEL-SUPERIOR_EXCETO-PROFESSOR.pdf\">EDITAL N\u00ba 30\/2024 &#8211; RESULTADO DEFINITIVO DA PROVA DE T\u00cdTULOS PARA OS CARGOS DE N\u00cdVEL SUPERIOR &#8211; EXCETO PROFESSOR, de 03\/12\/2024 <strong>(Clique aqui)<\/strong><\/a><\/p><p><a href=\"https:\/\/portalfadesp.org.br\/wp-content\/uploads\/2024\/12\/EDITAL-No-29_2024_RESULTADO-DEFINTIVO-DA-PROVA-DE-TITULOS-PARA-OS-CARGOS-PROFESSORES.pdf\">EDITAL N\u00ba 29\/2024 &#8211; RESULTADO DEFINTIVO DA PROVA DE T\u00cdTULOS PARA OS CARGOS PROFESSORES, de 03\/12\/2024 <strong>(Clique aqui)<\/strong><\/a><\/p><p><a href=\"https:\/\/portalfadesp.org.br\/wp-content\/uploads\/2024\/11\/EDITAL-No-28_2024-RESULTADO-PRELIMINAR-DA-PROVA-DE-APTIDAO-FISICA_CARGOS-DE-GUARDA-CIVIL-MUNICIPAL-E-AGENTE-DE-FISCALIZACAO-DE-TRANSITO.pdf\">EDITAL N\u00ba 28\/2024 RESULTADO PRELIMINAR DA PROVA DE APTID\u00c3O F\u00cdSICA &#8211; CARGOS DE GUARDA CIVIL MUNICIPAL E AGENTE DE FISCALIZA\u00c7\u00c3O DE TR\u00c2NSITO, de 26\/11\/2024 <strong>(Clique aqui)<\/strong><\/a><\/p><p><a href=\"https:\/\/portalfadesp.org.br\/wp-content\/uploads\/2024\/11\/EDITAL-No-27_2024_RESULTADO-PRELIMINAR-PROVA-DE-TITULOS-NS-EXCETO-PROFESSORES.pdf\">EDITAL N\u00ba 27\/2024 &#8211; RESULTADO PRELIMINAR PROVA DE T\u00cdTULOS NS EXCETO PROFESSORES, de 26\/11\/2024 <strong>(Clique aqui)<\/strong><\/a><\/p><p><a href=\"https:\/\/portalfadesp.org.br\/wp-content\/uploads\/2024\/11\/EDITAL-No-26_2024_RESULTADO-PRELIMINAR-PROVA-DE-TITULOS-PARA-PROFESSORES.pdf\">EDITAL N\u00ba 26\/2024 &#8211; RESULTADO PRELIMINAR PROVA DE T\u00cdTULOS PARA PROFESSORES, de 26\/11\/2024 <strong>(Clique aqui)<\/strong><\/a><\/p><p><a href=\"https:\/\/portalfadesp.org.br\/wp-content\/uploads\/2024\/11\/EDITAL-No-25_2024_CONVOCACAO-PARA-A-PROVA-DE-APTIDAO-FISICA_CARGOS-DE-GUARDA-CIVIL-MUNICIPAL_E-AGENTE-DE-FISCALIZACAO-DE-TRANSITO.pdf\">EDITAL N\u00ba 25\/2024 CONVOCA\u00c7\u00c3O PARA A PROVA DE APTID\u00c3O F\u00cdSICA CARGOS DE GUARDA CIVIL MUNICIPAL E AGENTE DE FISCALIZA\u00c7\u00c3O DE TR\u00c2NSITO, de 19\/11\/2024 <strong>(Clique aqui)<\/strong><\/a><\/p><p><a href=\"https:\/\/portalfadesp.org.br\/wp-content\/uploads\/2024\/11\/EDITAL-No-24_2024_RESULTADO-DEFINITIVO-DO-EXAME-MEDICO_CARGOS-DE-GUARDA-CIVIL-MUNICIPAL_E-AGENTE-DE-FISCALIZACAO-DE-TRANSITO.pdf\">EDITAL N\u00ba 24\/2024 &#8211; RESULTADO DEFINITIVO DO EXAME M\u00c9DICO CARGOS DE GUARDA CIVIL MUNICIPAL E AGENTE DE FISCALIZA\u00c7\u00c3O DE TR\u00c2NSITO, de 19\/11\/2024 <strong>(Clique aqui)<\/strong><\/a><\/p><p><a href=\"https:\/\/portalfadesp.org.br\/wp-content\/uploads\/2024\/11\/EDITAL-No-23_2024_RESULTADO-PRELIMINAR-DO-EXAME-MEDICO_CARGOS-DE-GUARDA-CIVIL-MUNICIPAL-E-AGENTE-DE-FISCALIZACAO-DE-TRANSITO.pdf\">EDITAL N\u00ba 23\/2024 &#8211; RESULTADO PRELIMINAR DO EXAME M\u00c9DICO_CARGOS DE GUARDA CIVIL MUNICIPAL E AGENTE DE FISCALIZA\u00c7\u00c3O DE TR\u00c2NSITO, de 12\/11\/2024 <strong>(Clique aqui)<\/strong><\/a><\/p><p><a href=\"https:\/\/portalfadesp.org.br\/wp-content\/uploads\/2024\/11\/EDITAL-No-22_2024_CONVOCACAO-PARA-PROVA-DE-TITULOS_CARGOS-DE-NIVEL-SUPERIOR-EXCETO-PROFESSOR.pdf\">EDITAL N\u00ba 22\/2024 &#8211; CONVOCA\u00c7\u00c3O PARA PROVA DE T\u00cdTULOS_CARGOS DE N\u00cdVEL SUPERIOR EXCETO PROFESSOR, de 05\/11\/2024 <strong>(Clique aqui)<\/strong><\/a><\/p><p><a href=\"https:\/\/portalfadesp.org.br\/wp-content\/uploads\/2024\/11\/EDITAL-No-21_2024_CONVOCACAO-PARA-PROVA-DE-TITULOS_CARGOS-DE-NIVEL-SUPERIOR-PROFESSOR.pdf\">EDITAL N\u00ba 21\/2024 &#8211; CONVOCA\u00c7\u00c3O PARA PROVA DE T\u00cdTULOS_CARGOS DE N\u00cdVEL SUPERIOR PROFESSOR, de 05\/11\/2024 <strong>(Clique aqui)<\/strong><\/a><\/p><p><a href=\"https:\/\/portalfadesp.org.br\/wp-content\/uploads\/2024\/11\/EDITAL-No-20_2024_CONVOCACAO-P-EXAME-MEDICO_CARGOS-DE-GUARDA-CIVIL-MUNICIPAL-E-AGENTE-DE-FISCALIZACAO-DE-TRANSITO.pdf\">EDITAL N\u00ba 20\/2024 &#8211; CONVOCA\u00c7\u00c3O PARA EXAME M\u00c9DICO_CARGOS DE GUARDA CIVIL MUNICIPAL E AGENTE DE FISCALIZA\u00c7\u00c3O DE TR\u00c2NSITO, de 05\/11\/2024 <strong>(Clique aqui)<\/strong><\/a><\/p><p><a href=\"https:\/\/portalfadesp.org.br\/wp-content\/uploads\/2024\/11\/EDITAL-No-19_2024_RESULTADO-DEFINITIVO-DAS-PROVAS-OBJETIVAS-PARA-OS-CARGOS-DE-NIVEL-SUPERIOR-EXCETO-PROFESSORES.pdf\">EDITAL N\u00ba 19\/2024 &#8211; RESULTADO DEFINITIVO DAS PROVAS OBJETIVAS PARA OS CARGOS DE N\u00cdVEL SUPERIOR EXCETO PROFESSORES, de 05\/11\/2024 <strong>(Clique aqui)<\/strong><\/a><\/p><p><a href=\"https:\/\/portalfadesp.org.br\/wp-content\/uploads\/2024\/11\/EDITAL-No-18_2024_RESULTADO-DEFINITIVO-DAS-PROVAS-OBJETIVAS-PARA-OS-CARGOS-DE-NIVEL-SUPERIOR-PROFESSOR.pdf\">EDITAL N\u00ba 18\/2024 &#8211; RESULTADO DEFINITIVO DAS PROVAS OBJETIVAS PARA OS CARGOS DE N\u00cdVEL SUPERIOR PROFESSOR, de 05\/11\/2024 <strong>(Clique aqui)<\/strong><\/a><\/p><p><a href=\"https:\/\/portalfadesp.org.br\/wp-content\/uploads\/2024\/11\/EDITAL-No-17_2024_RESULTADO-DEFINITIVO-DAS-PROVAS-OBJETIVAS-PARA-OS-CARGOS-DE-NIVEL-MEDIO.pdf\">EDITAL N\u00ba 17\/2024 &#8211; RESULTADO DEFINITIVO DAS PROVAS OBJETIVAS PARA OS CARGOS DE N\u00cdVEL M\u00c9DIO, de 05\/11\/2024 <strong>(Clique aqui)<\/strong><\/a><\/p><p><a href=\"https:\/\/portalfadesp.org.br\/wp-content\/uploads\/2024\/11\/EDITAL-No-16_2024_RESULTADO-PRELIMINAR-DAS-PROVAS-OBJETIVAS-PARA-OS-CARGOS-DE-NIVEL-SUPERIOR-EXCETO-PROFESSORES.pdf\">EDITAL N\u00ba 16\/2024 &#8211; RESULTADO PRELIMINAR DAS PROVAS OBJETIVAS PARA OS CARGOS DE N\u00cdVEL SUPERIOR EXCETO PROFESSORES, de 01\/11\/2024 <strong>(Clique aqui)<\/strong><\/a><\/p><p><a href=\"https:\/\/portalfadesp.org.br\/wp-content\/uploads\/2024\/11\/EDITAL-No-15_2024_RESULTADO-PRELIMINAR-DAS-PROVAS-OBJETIVAS-PARA-OS-CARGOS-DE-NIVEL-SUPERIOR-PROFESSOR.pdf\">EDITAL N\u00ba 15\/2024 &#8211; RESULTADO PRELIMINAR DAS PROVAS OBJETIVAS PARA OS CARGOS DE N\u00cdVEL SUPERIOR PROFESSOR, de 01\/11\/2024 <strong>(Clique aqui)<\/strong><\/a><\/p><p><a href=\"https:\/\/portalfadesp.org.br\/wp-content\/uploads\/2024\/11\/EDITAL-No-14_2024_RESULTADO-PRELIMINAR-DAS-PROVAS-OBJETIVAS-PARA-OS-CARGOS-DE-NIVEL-MEDIO.pdf\">EDITAL N\u00ba 14\/2024 &#8211; RESULTADO PRELIMINAR DAS PROVAS OBJETIVAS PARA OS CARGOS DE N\u00cdVEL M\u00c9DIO, de 01\/11\/2024 <strong>(Clique aqui)<\/strong><\/a><\/p><p><a href=\"https:\/\/drive.google.com\/drive\/folders\/1VEsu_1SuGOsJn2Yx_nJ7jooGZVOnmc8m?usp=sharing\">Gabarito Oficial Definitivo, de 29\/10\/2024 <strong>(Clique aqui)<\/strong><\/a><\/p><p><a href=\"https:\/\/drive.google.com\/drive\/folders\/1JbOyyHGKHDt35vxMCSbgHe5Jzc8moeOT?usp=sharing\">Gabarito Oficial Preliminar, de 21\/10\/2024 <strong>(Clique aqui)<\/strong><\/a><\/p><p><a href=\"https:\/\/drive.google.com\/drive\/folders\/1vJeXxqz8GMLScvay9bjzzzqrWbGNykON?usp=sharing\">Provas, de 21\/10\/2024 <strong>(Clique aqui)<\/strong><\/a><\/p><p><a href=\"https:\/\/portalfadesp.org.br\/wp-content\/uploads\/2024\/10\/Retificacao-06-_-Altera-o-horario-das-provas-para-os-cargos-de-Nivel-Medio.pdf\">Retifica\u00e7\u00e3o 06 &#8211; Altera o hor\u00e1rio das provas para os cargos de N\u00edvel M\u00e9dio, de 02\/10\/2024 <strong>(Clique aqui)<\/strong><\/a><\/p><p><a href=\"https:\/\/portalfadesp.org.br\/wp-content\/uploads\/2024\/09\/DEMANDA-CONCURSO-PUBLICO-PREFEITURA-MUNICIPAL-DE-CAPANEMA.pdf\">DEMANDA CONCURSO P\u00daBLICO PREFEITURA MUNICIPAL DE CAPANEMA, de 24\/09\/2024 <strong>(Clique aqui)<\/strong><\/a><\/p><p><a href=\"https:\/\/portalfadesp.org.br\/wp-content\/uploads\/2024\/09\/Retificacao-05-_-Corrige-Editais-no-11_20224-e-no-13_2024-CANDIDATOS-CONCORRENTES-AS-VAGAS-PARA-PcD.pdf\">Retifica\u00e7\u00e3o 05 &#8211; Corrige Editais n\u00ba 11\/2024 e n\u00ba 13\/2024 &#8211; CANDIDATOS CONCORRENTES \u00c0S VAGAS PARA PcD, de 24\/09\/2024 <strong>(Clique aqui)<\/strong><\/a><\/p><p><a href=\"https:\/\/portalfadesp.org.br\/wp-content\/uploads\/2024\/09\/EDITAL-No-13-2024_RESULTADO-DEFINITIVO-DOS-CONCORRENTES-AS-VAGAS-PARA-PcD.pdf\">EDITAL N\u00ba 13\/2024 &#8211; RESULTADO DEFINITIVO DOS CONCORRENTES \u00c0S VAGAS PARA PcD, de 19\/09\/2024 <strong>(Clique aqui)<\/strong><\/a><\/p><p><a href=\"https:\/\/portalfadesp.org.br\/wp-content\/uploads\/2024\/09\/EDITAL-No-12-2024_RESULTADO-DEFINITIVO-DOS-ATENDIMENTOS-ESPECIAIS-DEFERIDOS.pdf\">EDITAL N\u00ba 12\/2024 &#8211; RESULTADO DEFINITIVO DOS ATENDIMENTOS ESPECIAIS DEFERIDOS, de 19\/09\/2024 <strong>(Clique aqui)<\/strong><\/a><\/p><p><a href=\"https:\/\/portalfadesp.org.br\/wp-content\/uploads\/2024\/09\/EDITAL-No-11-2024_RESULTADO-DEFINITIVO-DAS-INSCRICOES-DEFERIDAS.pdf\">EDITAL N\u00ba 11\/2024 &#8211; RESULTADO DEFINITIVO DAS INSCRI\u00c7\u00d5ES DEFERIDAS, de 19\/09\/2024 <strong>(Clique aqui)<\/strong><\/a><\/p><p><a href=\"https:\/\/portalfadesp.org.br\/wp-content\/uploads\/2024\/09\/EDITAL-No-10-2024_RESULTADO-PRELIMINAR-DOS-CONCORRENTES-AS-VAGAS-PARA-PcD.pdf\">EDITAL N\u00ba 10\/2024 &#8211; RESULTADO PRELIMINAR DOS CONCORRENTES \u00c0S VAGAS PARA PcD, de 11\/09\/2024 <strong>(Clique aqui)<\/strong><\/a><\/p><p><a href=\"https:\/\/portalfadesp.org.br\/wp-content\/uploads\/2024\/09\/EDITAL-No-09-2024_RESULTADO-PRELIMINAR-DOS-ATENDIMENTOS-ESPECIAIS-DEFERIDOS.pdf\">EDITAL N\u00ba 09\/2024 &#8211; RESULTADO PRELIMINAR DOS ATENDIMENTOS ESPECIAIS DEFERIDOS, de 11\/09\/2024 <strong>(Clique aqui)<\/strong><\/a><\/p><p><a href=\"https:\/\/portalfadesp.org.br\/wp-content\/uploads\/2024\/09\/EDITAL-No-08-2024_RESULTADO-PRELIMINAR-DAS-INSCRICOES-DEFERIDAS.pdf\">EDITAL N\u00ba 08\/2024 &#8211; RESULTADO PRELIMINAR DAS INSCRI\u00c7\u00d5ES DEFERIDAS, de 10\/09\/2024 <strong>(Clique aqui)<\/strong><\/a><\/p><p><a href=\"https:\/\/portalfadesp.org.br\/wp-content\/uploads\/2024\/08\/Retificacao_04-do-Edital-no-01_2024-ANEXO-III-CRONOGRAMA-DE-EXECUCAO.pdf\">Retifica\u00e7\u00e3o 04 do Edital n\u00ba 01\/2024 &#8211; ANEXO III &#8211; CRONOGRAMA DE EXECU\u00c7\u00c3O, de 13\/08\/2024 <strong>(Clique aqui)<\/strong><\/a><\/p><p><a href=\"https:\/\/portalfadesp.org.br\/wp-content\/uploads\/2024\/08\/Retificacao_03-do-Edital-no-01_2024.pdf\">Retifica\u00e7\u00e3o 03 do Edital n\u00ba 01\/2024, de 13\/08\/2024 <strong>(Clique aqui)<\/strong><\/a><\/p>\t\t\t\t\t\t\t\t<\/div>\n\t\t\t\t<\/div>\n\t\t\t\t<div class=\"elementor-element elementor-element-623150c elementor-widget elementor-widget-eael-adv-accordion\" data-id=\"623150c\" data-element_type=\"widget\" data-widget_type=\"eael-adv-accordion.default\">\n\t\t\t\t<div class=\"elementor-widget-container\">\n\t\t\t\t\t        <div class=\"eael-adv-accordion\" id=\"eael-adv-accordion-623150c\" data-scroll-on-click=\"no\" data-scroll-speed=\"300\" data-accordion-id=\"623150c\" data-accordion-type=\"accordion\" data-toogle-speed=\"300\">\n    <div class=\"eael-accordion-list\">\n                <div id=\"resultado-definitivo-da-iseno-da-taxa-de-inscrio\" class=\"elementor-tab-title eael-accordion-header\" tabindex=\"0\" data-tab=\"1\" aria-controls=\"elementor-tab-content-1021\"><span class=\"eael-advanced-accordion-icon-closed\"><svg aria-hidden=\"true\" class=\"fa-accordion-icon e-font-icon-svg e-fas-plus\" viewBox=\"0 0 448 512\" xmlns=\"http:\/\/www.w3.org\/2000\/svg\"><path d=\"M416 208H272V64c0-17.67-14.33-32-32-32h-32c-17.67 0-32 14.33-32 32v144H32c-17.67 0-32 14.33-32 32v32c0 17.67 14.33 32 32 32h144v144c0 17.67 14.33 32 32 32h32c17.67 0 32-14.33 32-32V304h144c17.67 0 32-14.33 32-32v-32c0-17.67-14.33-32-32-32z\"><\/path><\/svg><\/span><span class=\"eael-advanced-accordion-icon-opened\"><svg aria-hidden=\"true\" class=\"fa-accordion-icon e-font-icon-svg e-fas-minus\" viewBox=\"0 0 448 512\" xmlns=\"http:\/\/www.w3.org\/2000\/svg\"><path d=\"M416 208H32c-17.67 0-32 14.33-32 32v32c0 17.67 14.33 32 32 32h384c17.67 0 32-14.33 32-32v-32c0-17.67-14.33-32-32-32z\"><\/path><\/svg><\/span><h6 class=\"eael-accordion-tab-title\">Resultado Definitivo da Isen\u00e7\u00e3o da Taxa de Inscri\u00e7\u00e3o<\/h6><svg aria-hidden=\"true\" class=\"fa-toggle e-font-icon-svg e-fas-angle-right\" viewBox=\"0 0 256 512\" xmlns=\"http:\/\/www.w3.org\/2000\/svg\"><path d=\"M224.3 273l-136 136c-9.4 9.4-24.6 9.4-33.9 0l-22.6-22.6c-9.4-9.4-9.4-24.6 0-33.9l96.4-96.4-96.4-96.4c-9.4-9.4-9.4-24.6 0-33.9L54.3 103c9.4-9.4 24.6-9.4 33.9 0l136 136c9.5 9.4 9.5 24.6.1 34z\"><\/path><\/svg><\/div><div id=\"elementor-tab-content-1021\" class=\"eael-accordion-content clearfix\" data-tab=\"1\" aria-labelledby=\"resultado-definitivo-da-iseno-da-taxa-de-inscrio\"><p style=\"text-align: left;\"><a href=\"https:\/\/portalfadesp.org.br\/wp-content\/uploads\/2024\/09\/EDITAL-No-07-2024_RESULTADO-DEFINITVO-ISENCAO-DE-PAGAMENTO-DA-TAXA-DE-INSCRICAO-PARA-CADASTRADOS-NO-CADUNICO.pdf\">EDITAL N\u00ba 07\/2024 ISEN\u00c7\u00c3O DE PAGAMENTO DA TAXA DE INSCRI\u00c7\u00c3O PARA CADASTRADOS NO CAD\u00daNICO, de 13\/08\/2024 <strong>(Clique aqui)<\/strong><\/a><\/p><p style=\"text-align: left;\"><a href=\"https:\/\/portalfadesp.org.br\/wp-content\/uploads\/2024\/09\/EDITAL-No-06-2024_RESULTADO-DEFINITVO-ISENCAO-DE-PAGAMENTO-DA-TAXA-DE-INSCRICAO-PARA-PESSOAS-COM-DEFICIENCIA.pdf\">EDITAL N\u00ba 06\/2024 ISEN\u00c7\u00c3O DE PAGAMENTO DA TAXA DE INSCRI\u00c7\u00c3O PARA PESSOAS COM DEFICI\u00caNCIA, de 13\/08\/2024 <strong>(Clique aqui)<\/strong><\/a><\/p><p style=\"text-align: left;\"><a href=\"https:\/\/portalfadesp.org.br\/wp-content\/uploads\/2024\/09\/EDITAL-No-05-2024_RESULTADO-DEFINITVO-ISENCAO-DE-PAGAMENTO-DA-TAXA-DE-INSCRICAO-PARA-DOADORES-DE-MEDULA-OSSEA.pdf\">EDITAL N\u00ba 05\/2024 ISEN\u00c7\u00c3O DE PAGAMENTO DA TAXA DE INSCRI\u00c7\u00c3O PARA DOADORES DE MEDULA \u00d3SSEA, de 13\/08\/2024 <strong>(Clique aqui)<\/strong><\/a><\/p><\/div>\n                <\/div><\/div>\t\t\t\t<\/div>\n\t\t\t\t<\/div>\n\t\t\t\t<div class=\"elementor-element elementor-element-a3bf017 elementor-widget elementor-widget-eael-adv-accordion\" data-id=\"a3bf017\" data-element_type=\"widget\" data-widget_type=\"eael-adv-accordion.default\">\n\t\t\t\t<div class=\"elementor-widget-container\">\n\t\t\t\t\t        <div class=\"eael-adv-accordion\" id=\"eael-adv-accordion-a3bf017\" data-scroll-on-click=\"no\" data-scroll-speed=\"300\" data-accordion-id=\"a3bf017\" data-accordion-type=\"accordion\" data-toogle-speed=\"300\">\n    <div class=\"eael-accordion-list\">\n                <div id=\"resultado-preliminar-da-iseno-da-taxa-de-inscrio\" class=\"elementor-tab-title eael-accordion-header\" tabindex=\"0\" data-tab=\"1\" aria-controls=\"elementor-tab-content-1711\"><span class=\"eael-advanced-accordion-icon-closed\"><svg aria-hidden=\"true\" class=\"fa-accordion-icon e-font-icon-svg e-fas-plus\" viewBox=\"0 0 448 512\" xmlns=\"http:\/\/www.w3.org\/2000\/svg\"><path d=\"M416 208H272V64c0-17.67-14.33-32-32-32h-32c-17.67 0-32 14.33-32 32v144H32c-17.67 0-32 14.33-32 32v32c0 17.67 14.33 32 32 32h144v144c0 17.67 14.33 32 32 32h32c17.67 0 32-14.33 32-32V304h144c17.67 0 32-14.33 32-32v-32c0-17.67-14.33-32-32-32z\"><\/path><\/svg><\/span><span class=\"eael-advanced-accordion-icon-opened\"><svg aria-hidden=\"true\" class=\"fa-accordion-icon e-font-icon-svg e-fas-minus\" viewBox=\"0 0 448 512\" xmlns=\"http:\/\/www.w3.org\/2000\/svg\"><path d=\"M416 208H32c-17.67 0-32 14.33-32 32v32c0 17.67 14.33 32 32 32h384c17.67 0 32-14.33 32-32v-32c0-17.67-14.33-32-32-32z\"><\/path><\/svg><\/span><h6 class=\"eael-accordion-tab-title\">Resultado Preliminar da Isen\u00e7\u00e3o da Taxa de Inscri\u00e7\u00e3o<\/h6><svg aria-hidden=\"true\" class=\"fa-toggle e-font-icon-svg e-fas-angle-right\" viewBox=\"0 0 256 512\" xmlns=\"http:\/\/www.w3.org\/2000\/svg\"><path d=\"M224.3 273l-136 136c-9.4 9.4-24.6 9.4-33.9 0l-22.6-22.6c-9.4-9.4-9.4-24.6 0-33.9l96.4-96.4-96.4-96.4c-9.4-9.4-9.4-24.6 0-33.9L54.3 103c9.4-9.4 24.6-9.4 33.9 0l136 136c9.5 9.4 9.5 24.6.1 34z\"><\/path><\/svg><\/div><div id=\"elementor-tab-content-1711\" class=\"eael-accordion-content clearfix\" data-tab=\"1\" aria-labelledby=\"resultado-preliminar-da-iseno-da-taxa-de-inscrio\"><p style=\"text-align: left;\"><a href=\"https:\/\/portalfadesp.org.br\/wp-content\/uploads\/2024\/09\/EDITAL-No-04-2024_RESULTADO-PRELIMINAR-ISENCAO-DE-PAGAMENTO-DA-TAXA-DE-INSCRICAO-PARA-CADASTRADOS-NO-CADUNICO.pdf\">EDITAL N\u00ba 04\/2024 ISEN\u00c7\u00c3O DE PAGAMENTO DA TAXA DE INSCRI\u00c7\u00c3O PARA CADASTRADOS NO CAD\u00daNICO, de 05\/08\/2024 <strong>(Clique aqui)<\/strong><\/a><\/p><p style=\"text-align: left;\"><a href=\"https:\/\/portalfadesp.org.br\/wp-content\/uploads\/2024\/09\/EDITAL-No-03-2024_RESULTADO-PRELIMINAR-ISENCAO-DE-PAGAMENTO-DA-TAXA-DE-INSCRICAO-PARA-PESSOAS-COM-DEFICIENCIA.pdf\">EDITAL N\u00ba 03\/2024 ISEN\u00c7\u00c3O DE PAGAMENTO DA TAXA DE INSCRI\u00c7\u00c3O PARA PESSOAS COM DEFICI\u00caNCIA, de 05\/08\/2024 <strong>(Clique aqui)<\/strong><\/a><\/p><p style=\"text-align: left;\"><a href=\"https:\/\/portalfadesp.org.br\/wp-content\/uploads\/2024\/09\/EDITAL-No-02-2024_RESULTADO-PRELIMINAR-ISENCAO-DE-PAGAMENTO-DA-TAXA-DE-INSCRICAO-PARA-DOADORES-DE-MEDULA-OSSEA.pdf\">EDITAL N\u00ba 02\/2024 ISEN\u00c7\u00c3O DE PAGAMENTO DA TAXA DE INSCRI\u00c7\u00c3O PARA DOADORES DE MEDULA \u00d3SSEA, de 05\/08\/2024 <strong>(Clique aqui)<\/strong><\/a><\/p><\/div>\n                <\/div><\/div>\t\t\t\t<\/div>\n\t\t\t\t<\/div>\n\t\t\t\t<div class=\"elementor-element elementor-element-368e568 elementor-widget elementor-widget-text-editor\" data-id=\"368e568\" data-element_type=\"widget\" data-widget_type=\"text-editor.default\">\n\t\t\t\t<div class=\"elementor-widget-container\">\n\t\t\t\t\t\t\t\t\t<p>\u00a0<\/p><p style=\"text-align: left;\"><a href=\"https:\/\/portalfadesp.org.br\/wp-content\/uploads\/2024\/07\/Retificacao-02-do-Edital-no-01_2024.pdf\">Retifica\u00e7\u00e3o 02 do Edital n\u00ba 01\/2024, de 24\/07\/2024 <strong>(Clique aqui)<\/strong><\/a><\/p><p style=\"text-align: left;\"><a href=\"https:\/\/portalfadesp.org.br\/wp-content\/uploads\/2024\/07\/Retificacao-01-do-Edital-no-01_2024.pdf\">Retifica\u00e7\u00e3o 01 do Edital n\u00ba 01\/2024, de 24\/07\/2024 <strong>(Clique aqui)<\/strong><\/a><\/p><p style=\"text-align: left;\"><a href=\"https:\/\/portalfadesp.org.br\/wp-content\/uploads\/2024\/07\/Edital-no-01_2024-Prefeitura-Municipal-de-Capanema23_07_2024.pdf\">Edital n\u00ba 01_2024 &#8211; Prefeitura Municipal de Capanema, de 23\/07\/2024 <strong>(Clique aqui)<\/strong><\/a><\/p><p style=\"text-align: left;\"><a href=\"https:\/\/portalfadesp.org.br\/wp-content\/uploads\/2024\/07\/Aviso-Edital-de-Abertura.pdf\">Aviso Edital de Abertura, de 23\/07\/2024 <strong>(Clique aqui)<\/strong><\/a><\/p>\t\t\t\t\t\t\t\t<\/div>\n\t\t\t\t<\/div>\n\t\t\t\t<div class=\"elementor-element elementor-element-baa6f35 elementor-widget elementor-widget-eael-adv-accordion\" data-id=\"baa6f35\" data-element_type=\"widget\" data-widget_type=\"eael-adv-accordion.default\">\n\t\t\t\t<div class=\"elementor-widget-container\">\n\t\t\t\t\t        <div class=\"eael-adv-accordion\" id=\"eael-adv-accordion-baa6f35\" data-scroll-on-click=\"no\" data-scroll-speed=\"300\" data-accordion-id=\"baa6f35\" data-accordion-type=\"accordion\" data-toogle-speed=\"300\">\n    <div class=\"eael-accordion-list\">\n                <div id=\"leis-municipais-clique-aqui\" class=\"elementor-tab-title eael-accordion-header\" tabindex=\"0\" data-tab=\"1\" aria-controls=\"elementor-tab-content-1951\"><span class=\"eael-advanced-accordion-icon-closed\"><svg aria-hidden=\"true\" class=\"fa-accordion-icon e-font-icon-svg e-fas-plus\" viewBox=\"0 0 448 512\" xmlns=\"http:\/\/www.w3.org\/2000\/svg\"><path d=\"M416 208H272V64c0-17.67-14.33-32-32-32h-32c-17.67 0-32 14.33-32 32v144H32c-17.67 0-32 14.33-32 32v32c0 17.67 14.33 32 32 32h144v144c0 17.67 14.33 32 32 32h32c17.67 0 32-14.33 32-32V304h144c17.67 0 32-14.33 32-32v-32c0-17.67-14.33-32-32-32z\"><\/path><\/svg><\/span><span class=\"eael-advanced-accordion-icon-opened\"><svg aria-hidden=\"true\" class=\"fa-accordion-icon e-font-icon-svg e-fas-minus\" viewBox=\"0 0 448 512\" xmlns=\"http:\/\/www.w3.org\/2000\/svg\"><path d=\"M416 208H32c-17.67 0-32 14.33-32 32v32c0 17.67 14.33 32 32 32h384c17.67 0 32-14.33 32-32v-32c0-17.67-14.33-32-32-32z\"><\/path><\/svg><\/span><h6 class=\"eael-accordion-tab-title\">Leis Municipais (Clique aqui)<\/h6><svg aria-hidden=\"true\" class=\"fa-toggle e-font-icon-svg e-fas-angle-right\" viewBox=\"0 0 256 512\" xmlns=\"http:\/\/www.w3.org\/2000\/svg\"><path d=\"M224.3 273l-136 136c-9.4 9.4-24.6 9.4-33.9 0l-22.6-22.6c-9.4-9.4-9.4-24.6 0-33.9l96.4-96.4-96.4-96.4c-9.4-9.4-9.4-24.6 0-33.9L54.3 103c9.4-9.4 24.6-9.4 33.9 0l136 136c9.5 9.4 9.5 24.6.1 34z\"><\/path><\/svg><\/div><div id=\"elementor-tab-content-1951\" class=\"eael-accordion-content clearfix\" data-tab=\"1\" aria-labelledby=\"leis-municipais-clique-aqui\"><p><a href=\"https:\/\/portalfadesp.org.br\/wp-content\/uploads\/2024\/07\/Lei-no-01_1990-Lei-Organica-de-Municipio-de-Capanema.pdf\">Lei n\u00ba 01_1990 Lei Org\u00e2nica de Munic\u00edpio de Capanema <strong>(Clique aqui)<\/strong><\/a><\/p><p><a href=\"https:\/\/portalfadesp.org.br\/wp-content\/uploads\/2024\/07\/Lei-no-6.348_201-Codigo-de-Obras-e-Edificacoes-do-Municipio-de-Capanema.pdf\">Lei n\u00ba 6.348_201 C\u00f3digo de Obras e Edifica\u00e7\u00f5es do Munic\u00edpio de Capanema <strong>(Clique aqui)<\/strong><\/a><\/p><p><a href=\"https:\/\/portalfadesp.org.br\/wp-content\/uploads\/2024\/07\/Lei-no-6.458_2020-Guarda-Municipal-do-Municipio-de-Capanema.pdf\">Lei n\u00ba 6.458_2020 Guarda Municipal do Munic\u00edpio de Capanema <strong>(Clique aqui)<\/strong><\/a><\/p><p><a href=\"https:\/\/portalfadesp.org.br\/wp-content\/uploads\/2024\/07\/Lei-no-6.459_2020-Agente-de-Fiscalizacao-de-Transito-do-Municipio-de-Capanema.pdf\">Lei n\u00ba 6.459_2020 Agente de Fiscaliza\u00e7\u00e3o de Tr\u00e2nsito do Munic\u00edpio de Capanema <strong>(Clique aqui)<\/strong><\/a><\/p><p><a href=\"https:\/\/portalfadesp.org.br\/wp-content\/uploads\/2024\/07\/Lei-no-6.565_2024-PCCR-da-Educacao-do-Municipio-de-Capanema.pdf\">Lei n\u00ba 6.565_2024 PCCR da Educa\u00e7\u00e3o do Munic\u00edpio de Capanema <strong>(Clique aqui)<\/strong><\/a><\/p><p><a href=\"https:\/\/portalfadesp.org.br\/wp-content\/uploads\/2024\/07\/Lei-no-6258_2009-Codigo-Tributario-do-Municipio-de-Capanema.pdf\">Lei n\u00ba 6258_2009 C\u00f3digo Tribut\u00e1rio do Munic\u00edpio de Capanema <strong>(Clique aqui)<\/strong><\/a><\/p><p><a href=\"https:\/\/portalfadesp.org.br\/wp-content\/uploads\/2024\/07\/Lei-no-6275_2009-Politica-de-Meio-Ambiente-do-Municipio-de-Capanema.pdf\">Lei n\u00ba 6275_2009 Pol\u00edtica de Meio Ambiente do Munic\u00edpio de Capanema <strong>(Clique aqui)<\/strong><\/a><\/p><p><a href=\"https:\/\/portalfadesp.org.br\/wp-content\/uploads\/2024\/07\/Lei-no-6395_2018-Novo-PCCR-do-Municipio-de-Capanema.pdf\">Lei n\u00ba 6395_2018 Novo PCCR do Munic\u00edpio de Capanema <strong>(Clique aqui)<\/strong><\/a><\/p><\/div>\n                <\/div><\/div>\t\t\t\t<\/div>\n\t\t\t\t<\/div>\n\t\t\t\t\t<\/div>\n\t\t<\/div>\n\t\t\t\t\t<\/div>\n\t\t<\/section>\n\t\t\t\t\t<\/div>\n\t\t<\/div>\n\t\t\t\t\t<\/div>\n\t\t<\/section>\n\t\t\t\t<\/div>\n\t\t","protected":false},"excerpt":{"rendered":"<p>Concurso P\u00fablico da Prefeitura Municipal de Capanema (2024) O Prefeito Municipal de Capanema, no uso de suas atribui\u00e7\u00f5es, torna p\u00fablica a realiza\u00e7\u00e3o de Concurso P\u00fablico destinado ao preenchimento de vagas para cargos do quadro de pessoal efetivo da Prefeitura conforme as condi\u00e7\u00f5es estabelecidas no Edital n\u00ba 01\/2024. A sele\u00e7\u00e3o para os cargos de que trata [&hellip;]<\/p>\n","protected":false},"author":12,"featured_media":0,"parent":329,"menu_order":0,"comment_status":"closed","ping_status":"closed","template":"","meta":{"_monsterinsights_skip_tracking":false,"_monsterinsights_sitenote_active":false,"_monsterinsights_sitenote_note":"","_monsterinsights_sitenote_category":0,"footnotes":""},"class_list":["post-46553","page","type-page","status-publish","hentry","entry"],"yoast_head":"<!-- This site is optimized with the Yoast SEO plugin v25.1 - https:\/\/yoast.com\/wordpress\/plugins\/seo\/ -->\n<title>Concurso P\u00fablico da Prefeitura Municipal de Capanema (2024) - FADESP<\/title>\n<meta name=\"robots\" content=\"index, follow, max-snippet:-1, max-image-preview:large, max-video-preview:-1\" \/>\n<link rel=\"canonical\" href=\"https:\/\/portalfadesp.org.br\/?page_id=46553\" \/>\n<meta property=\"og:locale\" content=\"pt_BR\" \/>\n<meta property=\"og:type\" content=\"article\" \/>\n<meta property=\"og:title\" content=\"Concurso P\u00fablico da Prefeitura Municipal de Capanema (2024) - FADESP\" \/>\n<meta property=\"og:description\" content=\"Concurso P\u00fablico da Prefeitura Municipal de Capanema (2024) O Prefeito Municipal de Capanema, no uso de suas atribui\u00e7\u00f5es, torna p\u00fablica a realiza\u00e7\u00e3o de Concurso P\u00fablico destinado ao preenchimento de vagas para cargos do quadro de pessoal efetivo da Prefeitura conforme as condi\u00e7\u00f5es estabelecidas no Edital n\u00ba 01\/2024. A sele\u00e7\u00e3o para os cargos de que trata [&hellip;]\" \/>\n<meta property=\"og:url\" content=\"https:\/\/portalfadesp.org.br\/?page_id=46553\" \/>\n<meta property=\"og:site_name\" content=\"FADESP\" \/>\n<meta property=\"article:publisher\" content=\"https:\/\/www.facebook.com\/Fadesp-138351949524662\/\" \/>\n<meta property=\"article:modified_time\" content=\"2025-07-31T13:07:19+00:00\" \/>\n<meta name=\"twitter:card\" content=\"summary_large_image\" \/>\n<meta name=\"twitter:site\" content=\"@Fadesp\" \/>\n<meta name=\"twitter:label1\" content=\"Est. tempo de leitura\" \/>\n\t<meta name=\"twitter:data1\" content=\"10 minutos\" \/>\n<script type=\"application\/ld+json\" class=\"yoast-schema-graph\">{\"@context\":\"https:\/\/schema.org\",\"@graph\":[{\"@type\":\"WebPage\",\"@id\":\"https:\/\/portalfadesp.org.br\/?page_id=46553\",\"url\":\"https:\/\/portalfadesp.org.br\/?page_id=46553\",\"name\":\"Concurso P\u00fablico da Prefeitura Municipal de Capanema (2024) - FADESP\",\"isPartOf\":{\"@id\":\"https:\/\/portalfadesp.org.br\/#website\"},\"datePublished\":\"2024-07-22T17:31:20+00:00\",\"dateModified\":\"2025-07-31T13:07:19+00:00\",\"breadcrumb\":{\"@id\":\"https:\/\/portalfadesp.org.br\/?page_id=46553#breadcrumb\"},\"inLanguage\":\"pt-BR\",\"potentialAction\":[{\"@type\":\"ReadAction\",\"target\":[\"https:\/\/portalfadesp.org.br\/?page_id=46553\"]}]},{\"@type\":\"BreadcrumbList\",\"@id\":\"https:\/\/portalfadesp.org.br\/?page_id=46553#breadcrumb\",\"itemListElement\":[{\"@type\":\"ListItem\",\"position\":1,\"name\":\"In\u00edcio\",\"item\":\"https:\/\/portalfadesp.org.br\/\"},{\"@type\":\"ListItem\",\"position\":2,\"name\":\"Concursos &#8211; Homologados\",\"item\":\"https:\/\/portalfadesp.org.br\/?page_id=329\"},{\"@type\":\"ListItem\",\"position\":3,\"name\":\"Concurso P\u00fablico da Prefeitura Municipal de Capanema (2024)\"}]},{\"@type\":\"WebSite\",\"@id\":\"https:\/\/portalfadesp.org.br\/#website\",\"url\":\"https:\/\/portalfadesp.org.br\/\",\"name\":\"FADESP\",\"description\":\"Funda\u00e7\u00e3o de Amparo e Desenvolvimento da Pesquisa\",\"publisher\":{\"@id\":\"https:\/\/portalfadesp.org.br\/#organization\"},\"potentialAction\":[{\"@type\":\"SearchAction\",\"target\":{\"@type\":\"EntryPoint\",\"urlTemplate\":\"https:\/\/portalfadesp.org.br\/?s={search_term_string}\"},\"query-input\":{\"@type\":\"PropertyValueSpecification\",\"valueRequired\":true,\"valueName\":\"search_term_string\"}}],\"inLanguage\":\"pt-BR\"},{\"@type\":\"Organization\",\"@id\":\"https:\/\/portalfadesp.org.br\/#organization\",\"name\":\"FADESP\",\"url\":\"https:\/\/portalfadesp.org.br\/\",\"logo\":{\"@type\":\"ImageObject\",\"inLanguage\":\"pt-BR\",\"@id\":\"https:\/\/portalfadesp.org.br\/#\/schema\/logo\/image\/\",\"url\":\"https:\/\/portalfadesp.org.br\/wp-content\/uploads\/2024\/01\/NOVOLOGOFADESPlaranjaH.png\",\"contentUrl\":\"https:\/\/portalfadesp.org.br\/wp-content\/uploads\/2024\/01\/NOVOLOGOFADESPlaranjaH.png\",\"width\":2742,\"height\":839,\"caption\":\"FADESP\"},\"image\":{\"@id\":\"https:\/\/portalfadesp.org.br\/#\/schema\/logo\/image\/\"},\"sameAs\":[\"https:\/\/www.facebook.com\/Fadesp-138351949524662\/\",\"https:\/\/x.com\/Fadesp\",\"https:\/\/www.instagram.com\/fadesp_ufpa\/\",\"https:\/\/www.youtube.com\/@fundacaodeamparoedesenvolv1903\",\"https:\/\/www.threads.net\/@fadesp_ufpa\"]}]}<\/script>\n<!-- \/ Yoast SEO plugin. -->","yoast_head_json":{"title":"Concurso P\u00fablico da Prefeitura Municipal de Capanema (2024) - FADESP","robots":{"index":"index","follow":"follow","max-snippet":"max-snippet:-1","max-image-preview":"max-image-preview:large","max-video-preview":"max-video-preview:-1"},"canonical":"https:\/\/portalfadesp.org.br\/?page_id=46553","og_locale":"pt_BR","og_type":"article","og_title":"Concurso P\u00fablico da Prefeitura Municipal de Capanema (2024) - FADESP","og_description":"Concurso P\u00fablico da Prefeitura Municipal de Capanema (2024) O Prefeito Municipal de Capanema, no uso de suas atribui\u00e7\u00f5es, torna p\u00fablica a realiza\u00e7\u00e3o de Concurso P\u00fablico destinado ao preenchimento de vagas para cargos do quadro de pessoal efetivo da Prefeitura conforme as condi\u00e7\u00f5es estabelecidas no Edital n\u00ba 01\/2024. A sele\u00e7\u00e3o para os cargos de que trata [&hellip;]","og_url":"https:\/\/portalfadesp.org.br\/?page_id=46553","og_site_name":"FADESP","article_publisher":"https:\/\/www.facebook.com\/Fadesp-138351949524662\/","article_modified_time":"2025-07-31T13:07:19+00:00","twitter_card":"summary_large_image","twitter_site":"@Fadesp","twitter_misc":{"Est. tempo de leitura":"10 minutos"},"schema":{"@context":"https:\/\/schema.org","@graph":[{"@type":"WebPage","@id":"https:\/\/portalfadesp.org.br\/?page_id=46553","url":"https:\/\/portalfadesp.org.br\/?page_id=46553","name":"Concurso P\u00fablico da Prefeitura Municipal de Capanema (2024) - FADESP","isPartOf":{"@id":"https:\/\/portalfadesp.org.br\/#website"},"datePublished":"2024-07-22T17:31:20+00:00","dateModified":"2025-07-31T13:07:19+00:00","breadcrumb":{"@id":"https:\/\/portalfadesp.org.br\/?page_id=46553#breadcrumb"},"inLanguage":"pt-BR","potentialAction":[{"@type":"ReadAction","target":["https:\/\/portalfadesp.org.br\/?page_id=46553"]}]},{"@type":"BreadcrumbList","@id":"https:\/\/portalfadesp.org.br\/?page_id=46553#breadcrumb","itemListElement":[{"@type":"ListItem","position":1,"name":"In\u00edcio","item":"https:\/\/portalfadesp.org.br\/"},{"@type":"ListItem","position":2,"name":"Concursos &#8211; Homologados","item":"https:\/\/portalfadesp.org.br\/?page_id=329"},{"@type":"ListItem","position":3,"name":"Concurso P\u00fablico da Prefeitura Municipal de Capanema (2024)"}]},{"@type":"WebSite","@id":"https:\/\/portalfadesp.org.br\/#website","url":"https:\/\/portalfadesp.org.br\/","name":"FADESP","description":"Funda\u00e7\u00e3o de Amparo e Desenvolvimento da Pesquisa","publisher":{"@id":"https:\/\/portalfadesp.org.br\/#organization"},"potentialAction":[{"@type":"SearchAction","target":{"@type":"EntryPoint","urlTemplate":"https:\/\/portalfadesp.org.br\/?s={search_term_string}"},"query-input":{"@type":"PropertyValueSpecification","valueRequired":true,"valueName":"search_term_string"}}],"inLanguage":"pt-BR"},{"@type":"Organization","@id":"https:\/\/portalfadesp.org.br\/#organization","name":"FADESP","url":"https:\/\/portalfadesp.org.br\/","logo":{"@type":"ImageObject","inLanguage":"pt-BR","@id":"https:\/\/portalfadesp.org.br\/#\/schema\/logo\/image\/","url":"https:\/\/portalfadesp.org.br\/wp-content\/uploads\/2024\/01\/NOVOLOGOFADESPlaranjaH.png","contentUrl":"https:\/\/portalfadesp.org.br\/wp-content\/uploads\/2024\/01\/NOVOLOGOFADESPlaranjaH.png","width":2742,"height":839,"caption":"FADESP"},"image":{"@id":"https:\/\/portalfadesp.org.br\/#\/schema\/logo\/image\/"},"sameAs":["https:\/\/www.facebook.com\/Fadesp-138351949524662\/","https:\/\/x.com\/Fadesp","https:\/\/www.instagram.com\/fadesp_ufpa\/","https:\/\/www.youtube.com\/@fundacaodeamparoedesenvolv1903","https:\/\/www.threads.net\/@fadesp_ufpa"]}]}},"_links":{"self":[{"href":"https:\/\/portalfadesp.org.br\/index.php?rest_route=\/wp\/v2\/pages\/46553","targetHints":{"allow":["GET"]}}],"collection":[{"href":"https:\/\/portalfadesp.org.br\/index.php?rest_route=\/wp\/v2\/pages"}],"about":[{"href":"https:\/\/portalfadesp.org.br\/index.php?rest_route=\/wp\/v2\/types\/page"}],"author":[{"embeddable":true,"href":"https:\/\/portalfadesp.org.br\/index.php?rest_route=\/wp\/v2\/users\/12"}],"replies":[{"embeddable":true,"href":"https:\/\/portalfadesp.org.br\/index.php?rest_route=%2Fwp%2Fv2%2Fcomments&post=46553"}],"version-history":[{"count":170,"href":"https:\/\/portalfadesp.org.br\/index.php?rest_route=\/wp\/v2\/pages\/46553\/revisions"}],"predecessor-version":[{"id":51571,"href":"https:\/\/portalfadesp.org.br\/index.php?rest_route=\/wp\/v2\/pages\/46553\/revisions\/51571"}],"up":[{"embeddable":true,"href":"https:\/\/portalfadesp.org.br\/index.php?rest_route=\/wp\/v2\/pages\/329"}],"wp:attachment":[{"href":"https:\/\/portalfadesp.org.br\/index.php?rest_route=%2Fwp%2Fv2%2Fmedia&parent=46553"}],"curies":[{"name":"wp","href":"https:\/\/api.w.org\/{rel}","templated":true}]}}