{"id":46228,"date":"2024-06-04T12:42:00","date_gmt":"2024-06-04T15:42:00","guid":{"rendered":"https:\/\/portalfadesp.org.br\/?page_id=46228"},"modified":"2024-06-24T15:11:55","modified_gmt":"2024-06-24T18:11:55","slug":"curso-de-especializacao-em-proficiencia-em-inovacoes-e-tecnologias-da-educacao-5-0-icb-nitae-propesp-ufpa","status":"publish","type":"page","link":"https:\/\/portalfadesp.org.br\/?page_id=46228","title":{"rendered":"CURSO DE ESPECIALIZA\u00c7\u00c3O EM PROFICI\u00caNCIA EM INOVA\u00c7\u00d5ES E TECNOLOGIAS DA EDUCA\u00c7\u00c3O 5.0 (ICB\/PROPESP\/UFPA)"},"content":{"rendered":"\t\t<div data-elementor-type=\"wp-post\" data-elementor-id=\"46228\" class=\"elementor elementor-46228\" data-elementor-post-type=\"page\">\n\t\t\t\t\t\t<section class=\"elementor-section elementor-top-section elementor-element elementor-element-1f2996d1 elementor-section-boxed elementor-section-height-default elementor-section-height-default\" data-id=\"1f2996d1\" data-element_type=\"section\">\n\t\t\t\t\t\t<div class=\"elementor-container elementor-column-gap-default\">\n\t\t\t\t\t<div class=\"elementor-column elementor-col-100 elementor-top-column elementor-element elementor-element-59a4b3f8\" data-id=\"59a4b3f8\" data-element_type=\"column\">\n\t\t\t<div class=\"elementor-widget-wrap elementor-element-populated\">\n\t\t\t\t\t\t<div class=\"elementor-element elementor-element-799471af elementor-widget elementor-widget-heading\" data-id=\"799471af\" data-element_type=\"widget\" data-widget_type=\"heading.default\">\n\t\t\t\t<div class=\"elementor-widget-container\">\n\t\t\t\t\t<h1 class=\"elementor-heading-title elementor-size-default\">CURSO DE ESPECIALIZA\u00c7\u00c3O EM PROFICI\u00caNCIA EM INOVA\u00c7\u00d5ES E TECNOLOGIAS DA EDUCA\u00c7\u00c3O 5.0 (ICB\/PROPESP\/UFPA)<\/h1>\t\t\t\t<\/div>\n\t\t\t\t<\/div>\n\t\t\t\t<section class=\"elementor-section elementor-inner-section elementor-element elementor-element-336311f elementor-section-boxed elementor-section-height-default elementor-section-height-default\" data-id=\"336311f\" data-element_type=\"section\">\n\t\t\t\t\t\t<div class=\"elementor-container elementor-column-gap-default\">\n\t\t\t\t\t<div class=\"elementor-column elementor-col-50 elementor-inner-column elementor-element elementor-element-75ca0dc3\" data-id=\"75ca0dc3\" data-element_type=\"column\">\n\t\t\t<div class=\"elementor-widget-wrap elementor-element-populated\">\n\t\t\t\t\t\t<div class=\"elementor-element elementor-element-425a3096 elementor-widget elementor-widget-text-editor\" data-id=\"425a3096\" data-element_type=\"widget\" data-widget_type=\"text-editor.default\">\n\t\t\t\t<div class=\"elementor-widget-container\">\n\t\t\t\t\t\t\t\t\t<p>O Reitor da UNIVERSIDADE FEDERAL DO PAR\u00c1 torna p\u00fablico o\u00a0Edital N\u00ba 01\/2024 \u2013 ICB-PROPESP-UFPA do Processo Seletivo de Candidatos \u00e0 turma 2024\/1 do PROGRAMA DE P\u00d3S-GRADUA\u00c7\u00c3O LATO SENSU PROFICI\u00caNCIA EM INOVA\u00c7\u00d5ES E TECNOLOGIAS DA EDUCA\u00c7\u00c3O 5.0 (Resolu\u00e7\u00e3o Consepe N. 5.719, De 23 De Janeiro De 2024).<\/p><p style=\"font-weight: 400;\"><strong>Objetivo do Curso:<\/strong>\u00a0Qualificar profissionais graduados e rec\u00e9m-graduados das \u00e1reas da Educa\u00e7\u00e3o B\u00e1sica\/Educa\u00e7\u00e3o Profissional e Tecnol\u00f3gica\/Ensino Superior com o prop\u00f3sito de desenvolverem em crian\u00e7as, jovens e adultos novas compet\u00eancias socioemocionais e habilidades cognitivas e metacognitivas por meio do acesso aos novos produtos e servi\u00e7os inovadores e tecnol\u00f3gicos da Educa\u00e7\u00e3o 5.0.<\/p><p style=\"font-weight: 400;\"><strong>P\u00fablico-Alvo E Clientes:\u00a0<\/strong>Profissionais e rec\u00e9m-formados em cursos da \u00e1rea da Educa\u00e7\u00e3o e afim que buscam novos produtos e servi\u00e7os para complementarem suas forma\u00e7\u00f5es acad\u00eamicas iniciais em compet\u00eancias socioemocionais associadas ao Ambiente H\u00edbrido de Aprendizagem e Tecnol\u00f3gicas Inovadoras da Educa\u00e7\u00e3o 5.0.<\/p><p style=\"font-weight: 400;\"><strong>Dura\u00e7\u00e3o<\/strong>: 12 meses<\/p><p style=\"font-weight: 400;\"><strong>Carga Hor\u00e1ria<\/strong>: 420 H<\/p><p style=\"font-weight: 400;\"><strong>Vagas:<\/strong>\u00a0300 (Trezentas) sendo\u00a0210 vagas para ampla concorr\u00eancia e 90 vagas para demanda social e da UFPA.<\/p><p style=\"font-weight: 400;\"><strong>Per\u00edodo de Inscri\u00e7\u00e3o:<\/strong> 29\/05 a 26\/07\/2024 (8h \u00e0s 23:59h)<\/p><p style=\"font-weight: 400;\"><strong>Taxa De Inscri\u00e7\u00e3o:<\/strong>\u00a0\u00a0R$ 100,00 (Cento reais)<\/p><p style=\"font-weight: 400;\"><strong>Investimento:\u00a0<\/strong>12 parcelas de R$ 349,99 (Trezentos e quarenta e nove reais e noventa e nove centavos).<\/p><p style=\"font-weight: 400;\"><strong>Mais Informa\u00e7\u00f5es:\u00a0\u00a0<\/strong><\/p><p style=\"font-weight: 400;\">A sele\u00e7\u00e3o dos candidatos se dar\u00e1 por meio de an\u00e1lise do Curriculum Vitae, registrado, obrigatoriamente, na Plataforma Lattes do CNPq, com as devidas comprova\u00e7\u00f5es e an\u00e1lise da Carta de Apresenta\u00e7\u00e3o e Inten\u00e7\u00e3o.<\/p><p style=\"font-weight: 400;\">As disciplinas ser\u00e3o realizadas em blocos, no turno da noite,\u00a0on-line\u00a0e em formato s\u00edncrono. Posteriormente as aulas ser\u00e3o disponibilizadas na plataforma Moodle do curso para que o aluno possa assistir conforme sua necessidade. Enquanto atividades, ter\u00e3o\u00a0lives,\u00a0podcasts,\u00a0webinar\u00a0e eventos\u00a0on-line, cuja participa\u00e7\u00e3o dos discentes ser\u00e1 requerida e contar\u00e1 na carga hor\u00e1ria do curso<\/p><p style=\"font-weight: 400;\">A emiss\u00e3o do boleto para pagamento da inscri\u00e7\u00e3o deve ser realizada pelo\u00a0site\u00a0da Fadesp no link\u00a0 \u00a0<a href=\"http:\/\/cursoseventos.fadesp.org.br\/gui\/PortalCursosEventos.aspx\" data-saferedirecturl=\"https:\/\/www.google.com\/url?q=http:\/\/cursoseventos.fadesp.org.br\/gui\/PortalCursosEventos.aspx&amp;source=gmail&amp;ust=1717601464499000&amp;usg=AOvVaw0yHptcz_Pq6eDuimLz6O8i\">http:\/\/cursoseventos.fadesp.org.br\/gui\/PortalCursosEventos.aspx<\/a>.<\/p><p style=\"font-weight: 400;\">A inscri\u00e7\u00e3o acad\u00eamica deve ser realizada pelo\u00a0SIGAA no Link:\u00a0\u00a0<a href=\"https:\/\/sigaa.ufpa.br\/sigaa\/public\/processo_seletivo\/lista.jsf?nivel=L&amp;aba=p-lato\" data-saferedirecturl=\"https:\/\/www.google.com\/url?q=https:\/\/sigaa.ufpa.br\/sigaa\/public\/processo_seletivo\/lista.jsf?nivel%3DL%26aba%3Dp-lato&amp;source=gmail&amp;ust=1717601464499000&amp;usg=AOvVaw2K5ON-Bo-binZbD8w-Y9Vq\">https:\/\/sigaa.ufpa.br\/sigaa\/public\/processo_seletivo\/lista.jsf?nivel=L&amp;aba=p-lato<\/a><\/p><p style=\"font-weight: 400;\">Os formul\u00e1rios dos anexos est\u00e3o no arquivo no manual do candidato. Entrega dos documentos, e demais orienta\u00e7\u00f5es e d\u00favidas,\u00a0entrar em contato pelo\u00a0e-mail:\u00a0<a href=\"mailto:ppgpite@ufpa.br\">ppgpite@ufpa.br<\/a>\u00a0ou\u00a0pelo WhatsApp: (+ 55 91) 98607-2093.\u00a0<\/p>\t\t\t\t\t\t\t\t<\/div>\n\t\t\t\t<\/div>\n\t\t\t\t\t<\/div>\n\t\t<\/div>\n\t\t\t\t<div class=\"elementor-column elementor-col-50 elementor-inner-column elementor-element elementor-element-79608089\" data-id=\"79608089\" data-element_type=\"column\">\n\t\t\t<div class=\"elementor-widget-wrap elementor-element-populated\">\n\t\t\t\t\t\t<div class=\"elementor-element elementor-element-7ccac55 elementor-widget elementor-widget-text-editor\" data-id=\"7ccac55\" data-element_type=\"widget\" data-widget_type=\"text-editor.default\">\n\t\t\t\t<div class=\"elementor-widget-container\">\n\t\t\t\t\t\t\t\t\t<p><strong>Editais\u00a0<\/strong><\/p>\t\t\t\t\t\t\t\t<\/div>\n\t\t\t\t<\/div>\n\t\t\t\t<div class=\"elementor-element elementor-element-368e568 elementor-widget elementor-widget-text-editor\" data-id=\"368e568\" data-element_type=\"widget\" data-widget_type=\"text-editor.default\">\n\t\t\t\t<div class=\"elementor-widget-container\">\n\t\t\t\t\t\t\t\t\t<p style=\"text-align: center;\">Modelo de formul\u00e1rio para interposi\u00e7\u00e3o de recurso <strong><a href=\"https:\/\/portalfadesp.org.br\/wp-content\/uploads\/2024\/06\/ANEXO-X-EDITAL-No-01PPGPITE-1.docx\">(Clique aqui)<\/a><\/strong><\/p><p style=\"text-align: center;\">Modelo de declara\u00e7\u00e3o de aus\u00eancia de v\u00ednculo com programa de p\u00f3s-gradua\u00e7\u00e3o <strong><a href=\"https:\/\/portalfadesp.org.br\/wp-content\/uploads\/2024\/06\/ANEXO-VII-EDITAL-No-01PPGPITE-1.docx\">(Clique aqui)<\/a><\/strong><\/p><p style=\"text-align: center;\">Autodeclara\u00e7\u00e3o de baixa renda <strong><a href=\"https:\/\/portalfadesp.org.br\/wp-content\/uploads\/2024\/06\/ANEXO-VI-EDITAL-No-01PPGPITE-1.docx\">(Clique aqui)<\/a><\/strong><\/p><p style=\"text-align: center;\">Modelo de carta de apresenta\u00e7\u00e3o e inten\u00e7\u00e3o <strong><a href=\"https:\/\/portalfadesp.org.br\/wp-content\/uploads\/2024\/06\/ANEXO-V-EDITAL-No-01PPGPITE-1.docx\">(Clique aqui)<\/a><\/strong><\/p><p style=\"text-align: center;\">Ficha formul\u00e1rio de inscri\u00e7\u00e3o <strong><a href=\"https:\/\/portalfadesp.org.br\/wp-content\/uploads\/2024\/06\/ANEXO-IV-EDITAL-No-01PPGPITE-1.docx\">(Clique aqui)<\/a><\/strong><\/p><p style=\"text-align: center;\">Requerimento de isen\u00e7\u00e3o de pagamento da taxa de inscri\u00e7\u00e3o <strong><a href=\"https:\/\/portalfadesp.org.br\/wp-content\/uploads\/2024\/06\/ANEXO-III-EDITAL-No-01PPGPITE-1.docx\">(Clique aqui)<\/a><\/strong><\/p><p style=\"text-align: center;\">Cronograma retificado <strong><a href=\"https:\/\/portalfadesp.org.br\/wp-content\/uploads\/2024\/06\/ANEXO-I-EDITAL-No-01PPGPITE-1.pdf\">(Clique aqui)<\/a><\/strong><\/p><p style=\"text-align: center;\">Inscri\u00e7\u00f5es prorrogadas <strong><a href=\"https:\/\/portalfadesp.org.br\/wp-content\/uploads\/2024\/06\/EDITAL-No-01PPGPITE-prorrogacao-1.pdf\">(Clique aqui)<\/a><\/strong><\/p><p style=\"text-align: center;\"><strong>Edital n\u00b0 01\/2024 <a href=\"https:\/\/portalfadesp.org.br\/wp-content\/uploads\/2024\/06\/EDITAL-No-01PPGPITE_.pdf\">(Clique aqui)<\/a><\/strong><\/p>\t\t\t\t\t\t\t\t<\/div>\n\t\t\t\t<\/div>\n\t\t\t\t\t<\/div>\n\t\t<\/div>\n\t\t\t\t\t<\/div>\n\t\t<\/section>\n\t\t\t\t\t<\/div>\n\t\t<\/div>\n\t\t\t\t\t<\/div>\n\t\t<\/section>\n\t\t\t\t<\/div>\n\t\t","protected":false},"excerpt":{"rendered":"<p>CURSO DE ESPECIALIZA\u00c7\u00c3O EM PROFICI\u00caNCIA EM INOVA\u00c7\u00d5ES E TECNOLOGIAS DA EDUCA\u00c7\u00c3O 5.0 (ICB\/PROPESP\/UFPA) O Reitor da UNIVERSIDADE FEDERAL DO PAR\u00c1 torna p\u00fablico o\u00a0Edital N\u00ba 01\/2024 \u2013 ICB-PROPESP-UFPA do Processo Seletivo de Candidatos \u00e0 turma 2024\/1 do PROGRAMA DE P\u00d3S-GRADUA\u00c7\u00c3O LATO SENSU PROFICI\u00caNCIA EM INOVA\u00c7\u00d5ES E TECNOLOGIAS DA EDUCA\u00c7\u00c3O 5.0 (Resolu\u00e7\u00e3o Consepe N. 5.719, De 23 [&hellip;]<\/p>\n","protected":false},"author":12,"featured_media":0,"parent":0,"menu_order":0,"comment_status":"closed","ping_status":"closed","template":"","meta":{"_monsterinsights_skip_tracking":false,"_monsterinsights_sitenote_active":false,"_monsterinsights_sitenote_note":"","_monsterinsights_sitenote_category":0,"footnotes":""},"class_list":["post-46228","page","type-page","status-publish","hentry","entry"],"yoast_head":"<!-- This site is optimized with the Yoast SEO plugin v25.1 - https:\/\/yoast.com\/wordpress\/plugins\/seo\/ -->\n<title>CURSO DE ESPECIALIZA\u00c7\u00c3O EM PROFICI\u00caNCIA EM INOVA\u00c7\u00d5ES E TECNOLOGIAS DA EDUCA\u00c7\u00c3O 5.0 (ICB\/PROPESP\/UFPA) - FADESP<\/title>\n<meta name=\"robots\" content=\"index, follow, max-snippet:-1, max-image-preview:large, max-video-preview:-1\" \/>\n<link rel=\"canonical\" href=\"https:\/\/portalfadesp.org.br\/?page_id=46228\" \/>\n<meta property=\"og:locale\" content=\"pt_BR\" \/>\n<meta property=\"og:type\" content=\"article\" \/>\n<meta property=\"og:title\" content=\"CURSO DE ESPECIALIZA\u00c7\u00c3O EM PROFICI\u00caNCIA EM INOVA\u00c7\u00d5ES E TECNOLOGIAS DA EDUCA\u00c7\u00c3O 5.0 (ICB\/PROPESP\/UFPA) - FADESP\" \/>\n<meta property=\"og:description\" content=\"CURSO DE ESPECIALIZA\u00c7\u00c3O EM PROFICI\u00caNCIA EM INOVA\u00c7\u00d5ES E TECNOLOGIAS DA EDUCA\u00c7\u00c3O 5.0 (ICB\/PROPESP\/UFPA) O Reitor da UNIVERSIDADE FEDERAL DO PAR\u00c1 torna p\u00fablico o\u00a0Edital N\u00ba 01\/2024 \u2013 ICB-PROPESP-UFPA do Processo Seletivo de Candidatos \u00e0 turma 2024\/1 do PROGRAMA DE P\u00d3S-GRADUA\u00c7\u00c3O LATO SENSU PROFICI\u00caNCIA EM INOVA\u00c7\u00d5ES E TECNOLOGIAS DA EDUCA\u00c7\u00c3O 5.0 (Resolu\u00e7\u00e3o Consepe N. 5.719, De 23 [&hellip;]\" \/>\n<meta property=\"og:url\" content=\"https:\/\/portalfadesp.org.br\/?page_id=46228\" \/>\n<meta property=\"og:site_name\" content=\"FADESP\" \/>\n<meta property=\"article:publisher\" content=\"https:\/\/www.facebook.com\/Fadesp-138351949524662\/\" \/>\n<meta property=\"article:modified_time\" content=\"2024-06-24T18:11:55+00:00\" \/>\n<meta name=\"twitter:card\" content=\"summary_large_image\" \/>\n<meta name=\"twitter:site\" content=\"@Fadesp\" \/>\n<meta name=\"twitter:label1\" content=\"Est. tempo de leitura\" \/>\n\t<meta name=\"twitter:data1\" content=\"3 minutos\" \/>\n<script type=\"application\/ld+json\" class=\"yoast-schema-graph\">{\"@context\":\"https:\/\/schema.org\",\"@graph\":[{\"@type\":\"WebPage\",\"@id\":\"https:\/\/portalfadesp.org.br\/?page_id=46228\",\"url\":\"https:\/\/portalfadesp.org.br\/?page_id=46228\",\"name\":\"CURSO DE ESPECIALIZA\u00c7\u00c3O EM PROFICI\u00caNCIA EM INOVA\u00c7\u00d5ES E TECNOLOGIAS DA EDUCA\u00c7\u00c3O 5.0 (ICB\/PROPESP\/UFPA) - FADESP\",\"isPartOf\":{\"@id\":\"https:\/\/portalfadesp.org.br\/#website\"},\"datePublished\":\"2024-06-04T15:42:00+00:00\",\"dateModified\":\"2024-06-24T18:11:55+00:00\",\"breadcrumb\":{\"@id\":\"https:\/\/portalfadesp.org.br\/?page_id=46228#breadcrumb\"},\"inLanguage\":\"pt-BR\",\"potentialAction\":[{\"@type\":\"ReadAction\",\"target\":[\"https:\/\/portalfadesp.org.br\/?page_id=46228\"]}]},{\"@type\":\"BreadcrumbList\",\"@id\":\"https:\/\/portalfadesp.org.br\/?page_id=46228#breadcrumb\",\"itemListElement\":[{\"@type\":\"ListItem\",\"position\":1,\"name\":\"In\u00edcio\",\"item\":\"https:\/\/portalfadesp.org.br\/\"},{\"@type\":\"ListItem\",\"position\":2,\"name\":\"CURSO DE ESPECIALIZA\u00c7\u00c3O EM PROFICI\u00caNCIA EM INOVA\u00c7\u00d5ES E TECNOLOGIAS DA EDUCA\u00c7\u00c3O 5.0 (ICB\/PROPESP\/UFPA)\"}]},{\"@type\":\"WebSite\",\"@id\":\"https:\/\/portalfadesp.org.br\/#website\",\"url\":\"https:\/\/portalfadesp.org.br\/\",\"name\":\"FADESP\",\"description\":\"Funda\u00e7\u00e3o de Amparo e Desenvolvimento da Pesquisa\",\"publisher\":{\"@id\":\"https:\/\/portalfadesp.org.br\/#organization\"},\"potentialAction\":[{\"@type\":\"SearchAction\",\"target\":{\"@type\":\"EntryPoint\",\"urlTemplate\":\"https:\/\/portalfadesp.org.br\/?s={search_term_string}\"},\"query-input\":{\"@type\":\"PropertyValueSpecification\",\"valueRequired\":true,\"valueName\":\"search_term_string\"}}],\"inLanguage\":\"pt-BR\"},{\"@type\":\"Organization\",\"@id\":\"https:\/\/portalfadesp.org.br\/#organization\",\"name\":\"FADESP\",\"url\":\"https:\/\/portalfadesp.org.br\/\",\"logo\":{\"@type\":\"ImageObject\",\"inLanguage\":\"pt-BR\",\"@id\":\"https:\/\/portalfadesp.org.br\/#\/schema\/logo\/image\/\",\"url\":\"https:\/\/portalfadesp.org.br\/wp-content\/uploads\/2024\/01\/NOVOLOGOFADESPlaranjaH.png\",\"contentUrl\":\"https:\/\/portalfadesp.org.br\/wp-content\/uploads\/2024\/01\/NOVOLOGOFADESPlaranjaH.png\",\"width\":2742,\"height\":839,\"caption\":\"FADESP\"},\"image\":{\"@id\":\"https:\/\/portalfadesp.org.br\/#\/schema\/logo\/image\/\"},\"sameAs\":[\"https:\/\/www.facebook.com\/Fadesp-138351949524662\/\",\"https:\/\/x.com\/Fadesp\",\"https:\/\/www.instagram.com\/fadesp_ufpa\/\",\"https:\/\/www.youtube.com\/@fundacaodeamparoedesenvolv1903\",\"https:\/\/www.threads.net\/@fadesp_ufpa\"]}]}<\/script>\n<!-- \/ Yoast SEO plugin. -->","yoast_head_json":{"title":"CURSO DE ESPECIALIZA\u00c7\u00c3O EM PROFICI\u00caNCIA EM INOVA\u00c7\u00d5ES E TECNOLOGIAS DA EDUCA\u00c7\u00c3O 5.0 (ICB\/PROPESP\/UFPA) - FADESP","robots":{"index":"index","follow":"follow","max-snippet":"max-snippet:-1","max-image-preview":"max-image-preview:large","max-video-preview":"max-video-preview:-1"},"canonical":"https:\/\/portalfadesp.org.br\/?page_id=46228","og_locale":"pt_BR","og_type":"article","og_title":"CURSO DE ESPECIALIZA\u00c7\u00c3O EM PROFICI\u00caNCIA EM INOVA\u00c7\u00d5ES E TECNOLOGIAS DA EDUCA\u00c7\u00c3O 5.0 (ICB\/PROPESP\/UFPA) - FADESP","og_description":"CURSO DE ESPECIALIZA\u00c7\u00c3O EM PROFICI\u00caNCIA EM INOVA\u00c7\u00d5ES E TECNOLOGIAS DA EDUCA\u00c7\u00c3O 5.0 (ICB\/PROPESP\/UFPA) O Reitor da UNIVERSIDADE FEDERAL DO PAR\u00c1 torna p\u00fablico o\u00a0Edital N\u00ba 01\/2024 \u2013 ICB-PROPESP-UFPA do Processo Seletivo de Candidatos \u00e0 turma 2024\/1 do PROGRAMA DE P\u00d3S-GRADUA\u00c7\u00c3O LATO SENSU PROFICI\u00caNCIA EM INOVA\u00c7\u00d5ES E TECNOLOGIAS DA EDUCA\u00c7\u00c3O 5.0 (Resolu\u00e7\u00e3o Consepe N. 5.719, De 23 [&hellip;]","og_url":"https:\/\/portalfadesp.org.br\/?page_id=46228","og_site_name":"FADESP","article_publisher":"https:\/\/www.facebook.com\/Fadesp-138351949524662\/","article_modified_time":"2024-06-24T18:11:55+00:00","twitter_card":"summary_large_image","twitter_site":"@Fadesp","twitter_misc":{"Est. tempo de leitura":"3 minutos"},"schema":{"@context":"https:\/\/schema.org","@graph":[{"@type":"WebPage","@id":"https:\/\/portalfadesp.org.br\/?page_id=46228","url":"https:\/\/portalfadesp.org.br\/?page_id=46228","name":"CURSO DE ESPECIALIZA\u00c7\u00c3O EM PROFICI\u00caNCIA EM INOVA\u00c7\u00d5ES E TECNOLOGIAS DA EDUCA\u00c7\u00c3O 5.0 (ICB\/PROPESP\/UFPA) - FADESP","isPartOf":{"@id":"https:\/\/portalfadesp.org.br\/#website"},"datePublished":"2024-06-04T15:42:00+00:00","dateModified":"2024-06-24T18:11:55+00:00","breadcrumb":{"@id":"https:\/\/portalfadesp.org.br\/?page_id=46228#breadcrumb"},"inLanguage":"pt-BR","potentialAction":[{"@type":"ReadAction","target":["https:\/\/portalfadesp.org.br\/?page_id=46228"]}]},{"@type":"BreadcrumbList","@id":"https:\/\/portalfadesp.org.br\/?page_id=46228#breadcrumb","itemListElement":[{"@type":"ListItem","position":1,"name":"In\u00edcio","item":"https:\/\/portalfadesp.org.br\/"},{"@type":"ListItem","position":2,"name":"CURSO DE ESPECIALIZA\u00c7\u00c3O EM PROFICI\u00caNCIA EM INOVA\u00c7\u00d5ES E TECNOLOGIAS DA EDUCA\u00c7\u00c3O 5.0 (ICB\/PROPESP\/UFPA)"}]},{"@type":"WebSite","@id":"https:\/\/portalfadesp.org.br\/#website","url":"https:\/\/portalfadesp.org.br\/","name":"FADESP","description":"Funda\u00e7\u00e3o de Amparo e Desenvolvimento da Pesquisa","publisher":{"@id":"https:\/\/portalfadesp.org.br\/#organization"},"potentialAction":[{"@type":"SearchAction","target":{"@type":"EntryPoint","urlTemplate":"https:\/\/portalfadesp.org.br\/?s={search_term_string}"},"query-input":{"@type":"PropertyValueSpecification","valueRequired":true,"valueName":"search_term_string"}}],"inLanguage":"pt-BR"},{"@type":"Organization","@id":"https:\/\/portalfadesp.org.br\/#organization","name":"FADESP","url":"https:\/\/portalfadesp.org.br\/","logo":{"@type":"ImageObject","inLanguage":"pt-BR","@id":"https:\/\/portalfadesp.org.br\/#\/schema\/logo\/image\/","url":"https:\/\/portalfadesp.org.br\/wp-content\/uploads\/2024\/01\/NOVOLOGOFADESPlaranjaH.png","contentUrl":"https:\/\/portalfadesp.org.br\/wp-content\/uploads\/2024\/01\/NOVOLOGOFADESPlaranjaH.png","width":2742,"height":839,"caption":"FADESP"},"image":{"@id":"https:\/\/portalfadesp.org.br\/#\/schema\/logo\/image\/"},"sameAs":["https:\/\/www.facebook.com\/Fadesp-138351949524662\/","https:\/\/x.com\/Fadesp","https:\/\/www.instagram.com\/fadesp_ufpa\/","https:\/\/www.youtube.com\/@fundacaodeamparoedesenvolv1903","https:\/\/www.threads.net\/@fadesp_ufpa"]}]}},"_links":{"self":[{"href":"https:\/\/portalfadesp.org.br\/index.php?rest_route=\/wp\/v2\/pages\/46228","targetHints":{"allow":["GET"]}}],"collection":[{"href":"https:\/\/portalfadesp.org.br\/index.php?rest_route=\/wp\/v2\/pages"}],"about":[{"href":"https:\/\/portalfadesp.org.br\/index.php?rest_route=\/wp\/v2\/types\/page"}],"author":[{"embeddable":true,"href":"https:\/\/portalfadesp.org.br\/index.php?rest_route=\/wp\/v2\/users\/12"}],"replies":[{"embeddable":true,"href":"https:\/\/portalfadesp.org.br\/index.php?rest_route=%2Fwp%2Fv2%2Fcomments&post=46228"}],"version-history":[{"count":34,"href":"https:\/\/portalfadesp.org.br\/index.php?rest_route=\/wp\/v2\/pages\/46228\/revisions"}],"predecessor-version":[{"id":46428,"href":"https:\/\/portalfadesp.org.br\/index.php?rest_route=\/wp\/v2\/pages\/46228\/revisions\/46428"}],"wp:attachment":[{"href":"https:\/\/portalfadesp.org.br\/index.php?rest_route=%2Fwp%2Fv2%2Fmedia&parent=46228"}],"curies":[{"name":"wp","href":"https:\/\/api.w.org\/{rel}","templated":true}]}}