{"id":46148,"date":"2024-05-10T15:53:15","date_gmt":"2024-05-10T18:53:15","guid":{"rendered":"https:\/\/portalfadesp.org.br\/?page_id=46148"},"modified":"2024-09-19T08:56:36","modified_gmt":"2024-09-19T11:56:36","slug":"pagina_comum_modelo","status":"publish","type":"page","link":"https:\/\/portalfadesp.org.br\/?page_id=46148","title":{"rendered":"CURSO DE ESPECIALIZA\u00c7\u00c3O EM PR\u00c1TICAS INTEGRATIVAS EM SA\u00daDE E BEM-ESTAR &#8211; UFPA"},"content":{"rendered":"\t\t<div data-elementor-type=\"wp-post\" data-elementor-id=\"46148\" class=\"elementor elementor-46148\" data-elementor-post-type=\"page\">\n\t\t\t\t\t\t<section class=\"elementor-section elementor-top-section elementor-element elementor-element-1f2996d1 elementor-section-boxed elementor-section-height-default elementor-section-height-default\" data-id=\"1f2996d1\" data-element_type=\"section\">\n\t\t\t\t\t\t<div class=\"elementor-container elementor-column-gap-default\">\n\t\t\t\t\t<div class=\"elementor-column elementor-col-100 elementor-top-column elementor-element elementor-element-59a4b3f8\" data-id=\"59a4b3f8\" data-element_type=\"column\">\n\t\t\t<div class=\"elementor-widget-wrap elementor-element-populated\">\n\t\t\t\t\t\t<div class=\"elementor-element elementor-element-799471af elementor-widget elementor-widget-heading\" data-id=\"799471af\" data-element_type=\"widget\" data-widget_type=\"heading.default\">\n\t\t\t\t<div class=\"elementor-widget-container\">\n\t\t\t\t\t<h1 class=\"elementor-heading-title elementor-size-default\">CURSO DE ESPECIALIZA\u00c7\u00c3O EM PR\u00c1TICAS INTEGRATIVAS EM SA\u00daDE E BEM-ESTAR - UFPA<\/h1>\t\t\t\t<\/div>\n\t\t\t\t<\/div>\n\t\t\t\t<section class=\"elementor-section elementor-inner-section elementor-element elementor-element-336311f elementor-section-boxed elementor-section-height-default elementor-section-height-default\" data-id=\"336311f\" data-element_type=\"section\">\n\t\t\t\t\t\t<div class=\"elementor-container elementor-column-gap-default\">\n\t\t\t\t\t<div class=\"elementor-column elementor-col-50 elementor-inner-column elementor-element elementor-element-75ca0dc3\" data-id=\"75ca0dc3\" data-element_type=\"column\">\n\t\t\t<div class=\"elementor-widget-wrap elementor-element-populated\">\n\t\t\t\t\t\t<div class=\"elementor-element elementor-element-425a3096 elementor-widget elementor-widget-text-editor\" data-id=\"425a3096\" data-element_type=\"widget\" data-widget_type=\"text-editor.default\">\n\t\t\t\t<div class=\"elementor-widget-container\">\n\t\t\t\t\t\t\t\t\t<p>A Universidade Federal do Par\u00e1 torna p\u00fablico o Edital para a sele\u00e7\u00e3o de candidatos ao CURSO DE ESPECIALIZA\u00c7\u00c3O EM PR\u00c1TICAS INTEGRATIVAS EM SA\u00daDE E BEM-ESTAR, aprovado pela Resolu\u00e7\u00e3o CONSEPE n\u00b0. 5.741, de 27 de fevereiro de 2024, obedecendo as datas e demais condi\u00e7\u00f5es especificadas, a seguir:<\/p>\n<p><strong>OBJETIVO<\/strong><br>Qualificar profissionais em Pr\u00e1ticas Integrativas em Sa\u00fade, com atua\u00e7\u00e3o norteada por princ\u00edpios \u00e9ticos e t\u00e9cnico-cient\u00edficos para a promo\u00e7\u00e3o individual e coletiva de sa\u00fade e bem-estar.<\/p>\n<p><strong>P\u00daBLICO-ALVO<\/strong><br>Graduados em cursos nas \u00e1reas de Ci\u00eancias da Sa\u00fade e afins.<\/p>\n<p><strong>VAGAS:<\/strong> 200 (duzentas)<\/p>\n<p><strong>PER\u00cdODO DE INSCRI\u00c7\u00c3O: <\/strong>13\/05 a 31\/07\/2024&nbsp;(8h \u00e0s 23:59h)<\/p><p><span style=\"font-variant-ligatures: normal; font-variant-caps: normal; font-size: 14px; font-style: normal; font-weight: 600;\">PER\u00cdODO DE INSCRI\u00c7\u00c3O PARA VAGAS REMANESCENTES:&nbsp;<\/span><span style=\"font-size: 14px; font-style: normal; font-variant-ligatures: normal; font-variant-caps: normal; font-weight: 400;\">19\/09 a 20\/10\/2024<\/span><br><\/p>\n<p><strong>TAXA DE INSCRI\u00c7\u00c3O: <\/strong>R$ 120,00 (Cento e vinte reais)<\/p>\n<p><strong>PARA MAIS INFORMA\u00c7\u00d5ES:<\/strong> peps@ufpa.br<\/p>\t\t\t\t\t\t\t\t<\/div>\n\t\t\t\t<\/div>\n\t\t\t\t\t<\/div>\n\t\t<\/div>\n\t\t\t\t<div class=\"elementor-column elementor-col-50 elementor-inner-column elementor-element elementor-element-79608089\" data-id=\"79608089\" data-element_type=\"column\">\n\t\t\t<div class=\"elementor-widget-wrap elementor-element-populated\">\n\t\t\t\t\t\t<div class=\"elementor-element elementor-element-7ccac55 elementor-widget elementor-widget-text-editor\" data-id=\"7ccac55\" data-element_type=\"widget\" data-widget_type=\"text-editor.default\">\n\t\t\t\t<div class=\"elementor-widget-container\">\n\t\t\t\t\t\t\t\t\t<p><strong>Editais\u00a0<\/strong><\/p>\t\t\t\t\t\t\t\t<\/div>\n\t\t\t\t<\/div>\n\t\t\t\t<div class=\"elementor-element elementor-element-368e568 elementor-widget elementor-widget-text-editor\" data-id=\"368e568\" data-element_type=\"widget\" data-widget_type=\"text-editor.default\">\n\t\t\t\t<div class=\"elementor-widget-container\">\n\t\t\t\t\t\t\t\t\t<p style=\"text-align: center;\">VAGAS REMANESCENTES <strong><a href=\"https:\/\/portalfadesp.org.br\/wp-content\/uploads\/2024\/09\/Vagas-remanescentes-Edital_02-2024-PICS.pdf\">(Clique aqui)<\/a><\/strong><\/p><p style=\"text-align: center;\">1\u00b0 CONVOCAT\u00d3RIA \u2013 DEMANDA SOCIAL <strong><a href=\"https:\/\/portalfadesp.org.br\/wp-content\/uploads\/2024\/09\/CONVOCATORIA-Demanda-Social-PISB-1.pdf\">(Clique aqui)<\/a><\/strong><\/p><p style=\"text-align: center;\">RESULTADO DOS RECURSOS <strong><a href=\"https:\/\/portalfadesp.org.br\/wp-content\/uploads\/2024\/08\/Resultado-dos-Recursos.pdf\">(Clique aqui)<\/a><\/strong><\/p><p style=\"text-align: center;\">RESULTADO PRELIMINAR DE AMPLA CONCORR\u00caNCIA <strong><a href=\"https:\/\/portalfadesp.org.br\/wp-content\/uploads\/2024\/08\/Resultado-Preliminar_-ampla-concorrencia-PISB.pdf\">(Clique aqui)<\/a><\/strong><\/p><p style=\"text-align: center;\">RESULTADO PRELIMINAR DEMANDA SOCIAL <strong><a href=\"https:\/\/portalfadesp.org.br\/wp-content\/uploads\/2024\/08\/Resultado-Preliminar-Demanda-Social-PISB-1.pdf\">(Clique aqui)<\/a><\/strong><\/p><p style=\"text-align: center;\">HOMOLOGA\u00c7\u00c3O DAS INSCRI\u00c7\u00d5ES AMPLA CONCORR\u00caNCIA <strong><a href=\"https:\/\/portalfadesp.org.br\/wp-content\/uploads\/2024\/08\/Homologacao-das-Inscricoes-Ampla-Concorrencia-PISB-1.pdf\">(Clique aqui)<\/a><\/strong><\/p><p style=\"text-align: center;\">HOMOLOGA\u00c7\u00c3O DAS INSCRI\u00c7\u00d5ES DEMANDA SOCIAL <strong><a href=\"https:\/\/portalfadesp.org.br\/wp-content\/uploads\/2024\/08\/Homologacao-das-Inscricoes-Demanda-Social-PISB.pdf\">(Clique aqui)<\/a><\/strong><\/p><p style=\"text-align: center;\">Inscri\u00e7\u00f5es prorrogadas 02 <strong><a href=\"https:\/\/portalfadesp.org.br\/wp-content\/uploads\/2024\/08\/2-Termo-aditivo_Edital_01-2024-PICS-1.pdf\">(Clique aqui)<\/a><\/strong><\/p><p style=\"text-align: center;\">Inscri\u00e7\u00f5es prorrogadas 01 <strong><a href=\"https:\/\/portalfadesp.org.br\/wp-content\/uploads\/2024\/06\/Termo-aditivo_Edital_01-2024-PICS.pdf\">(Clique aqui)<\/a><\/strong><\/p><p style=\"text-align: center;\">Edital <strong><a href=\"https:\/\/portalfadesp.org.br\/wp-content\/uploads\/2024\/05\/Edital_01-2024-PICS-FINAL-mesclado.pdf\">(Clique aqui)<\/a><\/strong><\/p><p style=\"text-align: center;\">Instrumento de avalia\u00e7\u00e3o do curr\u00edculo lattes <strong><a href=\"https:\/\/portalfadesp.org.br\/wp-content\/uploads\/2024\/05\/ANEXO-I-Curriculum-lattes-2024.docx\">(Clique aqui)<\/a><\/strong><\/p><p style=\"text-align: center;\">Projeto de aplica\u00e7\u00e3o <strong><a href=\"https:\/\/portalfadesp.org.br\/wp-content\/uploads\/2024\/05\/Anexo-II_Modelo-de-Projeto-de-aplicacao.docx\">(Clique aqui)<\/a><\/strong><\/p>\t\t\t\t\t\t\t\t<\/div>\n\t\t\t\t<\/div>\n\t\t\t\t\t<\/div>\n\t\t<\/div>\n\t\t\t\t\t<\/div>\n\t\t<\/section>\n\t\t\t\t\t<\/div>\n\t\t<\/div>\n\t\t\t\t\t<\/div>\n\t\t<\/section>\n\t\t\t\t<\/div>\n\t\t","protected":false},"excerpt":{"rendered":"<p>CURSO DE ESPECIALIZA\u00c7\u00c3O EM PR\u00c1TICAS INTEGRATIVAS EM SA\u00daDE E BEM-ESTAR &#8211; UFPA A Universidade Federal do Par\u00e1 torna p\u00fablico o Edital para a sele\u00e7\u00e3o de candidatos ao CURSO DE ESPECIALIZA\u00c7\u00c3O EM PR\u00c1TICAS INTEGRATIVAS EM SA\u00daDE E BEM-ESTAR, aprovado pela Resolu\u00e7\u00e3o CONSEPE n\u00b0. 5.741, de 27 de fevereiro de 2024, obedecendo as datas e demais condi\u00e7\u00f5es [&hellip;]<\/p>\n","protected":false},"author":12,"featured_media":0,"parent":0,"menu_order":0,"comment_status":"closed","ping_status":"closed","template":"","meta":{"_monsterinsights_skip_tracking":false,"_monsterinsights_sitenote_active":false,"_monsterinsights_sitenote_note":"","_monsterinsights_sitenote_category":0,"footnotes":""},"class_list":["post-46148","page","type-page","status-publish","hentry","entry"],"yoast_head":"<!-- This site is optimized with the Yoast SEO plugin v25.1 - https:\/\/yoast.com\/wordpress\/plugins\/seo\/ -->\n<title>CURSO DE ESPECIALIZA\u00c7\u00c3O EM PR\u00c1TICAS INTEGRATIVAS EM SA\u00daDE E BEM-ESTAR - UFPA - FADESP<\/title>\n<meta name=\"robots\" content=\"index, follow, max-snippet:-1, max-image-preview:large, max-video-preview:-1\" \/>\n<link rel=\"canonical\" href=\"https:\/\/portalfadesp.org.br\/?page_id=46148\" \/>\n<meta property=\"og:locale\" content=\"pt_BR\" \/>\n<meta property=\"og:type\" content=\"article\" \/>\n<meta property=\"og:title\" content=\"CURSO DE ESPECIALIZA\u00c7\u00c3O EM PR\u00c1TICAS INTEGRATIVAS EM SA\u00daDE E BEM-ESTAR - UFPA - FADESP\" \/>\n<meta property=\"og:description\" content=\"CURSO DE ESPECIALIZA\u00c7\u00c3O EM PR\u00c1TICAS INTEGRATIVAS EM SA\u00daDE E BEM-ESTAR &#8211; UFPA A Universidade Federal do Par\u00e1 torna p\u00fablico o Edital para a sele\u00e7\u00e3o de candidatos ao CURSO DE ESPECIALIZA\u00c7\u00c3O EM PR\u00c1TICAS INTEGRATIVAS EM SA\u00daDE E BEM-ESTAR, aprovado pela Resolu\u00e7\u00e3o CONSEPE n\u00b0. 5.741, de 27 de fevereiro de 2024, obedecendo as datas e demais condi\u00e7\u00f5es [&hellip;]\" \/>\n<meta property=\"og:url\" content=\"https:\/\/portalfadesp.org.br\/?page_id=46148\" \/>\n<meta property=\"og:site_name\" content=\"FADESP\" \/>\n<meta property=\"article:publisher\" content=\"https:\/\/www.facebook.com\/Fadesp-138351949524662\/\" \/>\n<meta property=\"article:modified_time\" content=\"2024-09-19T11:56:36+00:00\" \/>\n<meta name=\"twitter:card\" content=\"summary_large_image\" \/>\n<meta name=\"twitter:site\" content=\"@Fadesp\" \/>\n<meta name=\"twitter:label1\" content=\"Est. tempo de leitura\" \/>\n\t<meta name=\"twitter:data1\" content=\"2 minutos\" \/>\n<script type=\"application\/ld+json\" class=\"yoast-schema-graph\">{\"@context\":\"https:\/\/schema.org\",\"@graph\":[{\"@type\":\"WebPage\",\"@id\":\"https:\/\/portalfadesp.org.br\/?page_id=46148\",\"url\":\"https:\/\/portalfadesp.org.br\/?page_id=46148\",\"name\":\"CURSO DE ESPECIALIZA\u00c7\u00c3O EM PR\u00c1TICAS INTEGRATIVAS EM SA\u00daDE E BEM-ESTAR - UFPA - FADESP\",\"isPartOf\":{\"@id\":\"https:\/\/portalfadesp.org.br\/#website\"},\"datePublished\":\"2024-05-10T18:53:15+00:00\",\"dateModified\":\"2024-09-19T11:56:36+00:00\",\"breadcrumb\":{\"@id\":\"https:\/\/portalfadesp.org.br\/?page_id=46148#breadcrumb\"},\"inLanguage\":\"pt-BR\",\"potentialAction\":[{\"@type\":\"ReadAction\",\"target\":[\"https:\/\/portalfadesp.org.br\/?page_id=46148\"]}]},{\"@type\":\"BreadcrumbList\",\"@id\":\"https:\/\/portalfadesp.org.br\/?page_id=46148#breadcrumb\",\"itemListElement\":[{\"@type\":\"ListItem\",\"position\":1,\"name\":\"In\u00edcio\",\"item\":\"https:\/\/portalfadesp.org.br\/\"},{\"@type\":\"ListItem\",\"position\":2,\"name\":\"CURSO DE ESPECIALIZA\u00c7\u00c3O EM PR\u00c1TICAS INTEGRATIVAS EM SA\u00daDE E BEM-ESTAR &#8211; UFPA\"}]},{\"@type\":\"WebSite\",\"@id\":\"https:\/\/portalfadesp.org.br\/#website\",\"url\":\"https:\/\/portalfadesp.org.br\/\",\"name\":\"FADESP\",\"description\":\"Funda\u00e7\u00e3o de Amparo e Desenvolvimento da Pesquisa\",\"publisher\":{\"@id\":\"https:\/\/portalfadesp.org.br\/#organization\"},\"potentialAction\":[{\"@type\":\"SearchAction\",\"target\":{\"@type\":\"EntryPoint\",\"urlTemplate\":\"https:\/\/portalfadesp.org.br\/?s={search_term_string}\"},\"query-input\":{\"@type\":\"PropertyValueSpecification\",\"valueRequired\":true,\"valueName\":\"search_term_string\"}}],\"inLanguage\":\"pt-BR\"},{\"@type\":\"Organization\",\"@id\":\"https:\/\/portalfadesp.org.br\/#organization\",\"name\":\"FADESP\",\"url\":\"https:\/\/portalfadesp.org.br\/\",\"logo\":{\"@type\":\"ImageObject\",\"inLanguage\":\"pt-BR\",\"@id\":\"https:\/\/portalfadesp.org.br\/#\/schema\/logo\/image\/\",\"url\":\"https:\/\/portalfadesp.org.br\/wp-content\/uploads\/2024\/01\/NOVOLOGOFADESPlaranjaH.png\",\"contentUrl\":\"https:\/\/portalfadesp.org.br\/wp-content\/uploads\/2024\/01\/NOVOLOGOFADESPlaranjaH.png\",\"width\":2742,\"height\":839,\"caption\":\"FADESP\"},\"image\":{\"@id\":\"https:\/\/portalfadesp.org.br\/#\/schema\/logo\/image\/\"},\"sameAs\":[\"https:\/\/www.facebook.com\/Fadesp-138351949524662\/\",\"https:\/\/x.com\/Fadesp\",\"https:\/\/www.instagram.com\/fadesp_ufpa\/\",\"https:\/\/www.youtube.com\/@fundacaodeamparoedesenvolv1903\",\"https:\/\/www.threads.net\/@fadesp_ufpa\"]}]}<\/script>\n<!-- \/ Yoast SEO plugin. -->","yoast_head_json":{"title":"CURSO DE ESPECIALIZA\u00c7\u00c3O EM PR\u00c1TICAS INTEGRATIVAS EM SA\u00daDE E BEM-ESTAR - UFPA - FADESP","robots":{"index":"index","follow":"follow","max-snippet":"max-snippet:-1","max-image-preview":"max-image-preview:large","max-video-preview":"max-video-preview:-1"},"canonical":"https:\/\/portalfadesp.org.br\/?page_id=46148","og_locale":"pt_BR","og_type":"article","og_title":"CURSO DE ESPECIALIZA\u00c7\u00c3O EM PR\u00c1TICAS INTEGRATIVAS EM SA\u00daDE E BEM-ESTAR - UFPA - FADESP","og_description":"CURSO DE ESPECIALIZA\u00c7\u00c3O EM PR\u00c1TICAS INTEGRATIVAS EM SA\u00daDE E BEM-ESTAR &#8211; UFPA A Universidade Federal do Par\u00e1 torna p\u00fablico o Edital para a sele\u00e7\u00e3o de candidatos ao CURSO DE ESPECIALIZA\u00c7\u00c3O EM PR\u00c1TICAS INTEGRATIVAS EM SA\u00daDE E BEM-ESTAR, aprovado pela Resolu\u00e7\u00e3o CONSEPE n\u00b0. 5.741, de 27 de fevereiro de 2024, obedecendo as datas e demais condi\u00e7\u00f5es [&hellip;]","og_url":"https:\/\/portalfadesp.org.br\/?page_id=46148","og_site_name":"FADESP","article_publisher":"https:\/\/www.facebook.com\/Fadesp-138351949524662\/","article_modified_time":"2024-09-19T11:56:36+00:00","twitter_card":"summary_large_image","twitter_site":"@Fadesp","twitter_misc":{"Est. tempo de leitura":"2 minutos"},"schema":{"@context":"https:\/\/schema.org","@graph":[{"@type":"WebPage","@id":"https:\/\/portalfadesp.org.br\/?page_id=46148","url":"https:\/\/portalfadesp.org.br\/?page_id=46148","name":"CURSO DE ESPECIALIZA\u00c7\u00c3O EM PR\u00c1TICAS INTEGRATIVAS EM SA\u00daDE E BEM-ESTAR - UFPA - FADESP","isPartOf":{"@id":"https:\/\/portalfadesp.org.br\/#website"},"datePublished":"2024-05-10T18:53:15+00:00","dateModified":"2024-09-19T11:56:36+00:00","breadcrumb":{"@id":"https:\/\/portalfadesp.org.br\/?page_id=46148#breadcrumb"},"inLanguage":"pt-BR","potentialAction":[{"@type":"ReadAction","target":["https:\/\/portalfadesp.org.br\/?page_id=46148"]}]},{"@type":"BreadcrumbList","@id":"https:\/\/portalfadesp.org.br\/?page_id=46148#breadcrumb","itemListElement":[{"@type":"ListItem","position":1,"name":"In\u00edcio","item":"https:\/\/portalfadesp.org.br\/"},{"@type":"ListItem","position":2,"name":"CURSO DE ESPECIALIZA\u00c7\u00c3O EM PR\u00c1TICAS INTEGRATIVAS EM SA\u00daDE E BEM-ESTAR &#8211; UFPA"}]},{"@type":"WebSite","@id":"https:\/\/portalfadesp.org.br\/#website","url":"https:\/\/portalfadesp.org.br\/","name":"FADESP","description":"Funda\u00e7\u00e3o de Amparo e Desenvolvimento da Pesquisa","publisher":{"@id":"https:\/\/portalfadesp.org.br\/#organization"},"potentialAction":[{"@type":"SearchAction","target":{"@type":"EntryPoint","urlTemplate":"https:\/\/portalfadesp.org.br\/?s={search_term_string}"},"query-input":{"@type":"PropertyValueSpecification","valueRequired":true,"valueName":"search_term_string"}}],"inLanguage":"pt-BR"},{"@type":"Organization","@id":"https:\/\/portalfadesp.org.br\/#organization","name":"FADESP","url":"https:\/\/portalfadesp.org.br\/","logo":{"@type":"ImageObject","inLanguage":"pt-BR","@id":"https:\/\/portalfadesp.org.br\/#\/schema\/logo\/image\/","url":"https:\/\/portalfadesp.org.br\/wp-content\/uploads\/2024\/01\/NOVOLOGOFADESPlaranjaH.png","contentUrl":"https:\/\/portalfadesp.org.br\/wp-content\/uploads\/2024\/01\/NOVOLOGOFADESPlaranjaH.png","width":2742,"height":839,"caption":"FADESP"},"image":{"@id":"https:\/\/portalfadesp.org.br\/#\/schema\/logo\/image\/"},"sameAs":["https:\/\/www.facebook.com\/Fadesp-138351949524662\/","https:\/\/x.com\/Fadesp","https:\/\/www.instagram.com\/fadesp_ufpa\/","https:\/\/www.youtube.com\/@fundacaodeamparoedesenvolv1903","https:\/\/www.threads.net\/@fadesp_ufpa"]}]}},"_links":{"self":[{"href":"https:\/\/portalfadesp.org.br\/index.php?rest_route=\/wp\/v2\/pages\/46148","targetHints":{"allow":["GET"]}}],"collection":[{"href":"https:\/\/portalfadesp.org.br\/index.php?rest_route=\/wp\/v2\/pages"}],"about":[{"href":"https:\/\/portalfadesp.org.br\/index.php?rest_route=\/wp\/v2\/types\/page"}],"author":[{"embeddable":true,"href":"https:\/\/portalfadesp.org.br\/index.php?rest_route=\/wp\/v2\/users\/12"}],"replies":[{"embeddable":true,"href":"https:\/\/portalfadesp.org.br\/index.php?rest_route=%2Fwp%2Fv2%2Fcomments&post=46148"}],"version-history":[{"count":54,"href":"https:\/\/portalfadesp.org.br\/index.php?rest_route=\/wp\/v2\/pages\/46148\/revisions"}],"predecessor-version":[{"id":47005,"href":"https:\/\/portalfadesp.org.br\/index.php?rest_route=\/wp\/v2\/pages\/46148\/revisions\/47005"}],"wp:attachment":[{"href":"https:\/\/portalfadesp.org.br\/index.php?rest_route=%2Fwp%2Fv2%2Fmedia&parent=46148"}],"curies":[{"name":"wp","href":"https:\/\/api.w.org\/{rel}","templated":true}]}}