{"id":45464,"date":"2024-02-21T16:05:23","date_gmt":"2024-02-21T19:05:23","guid":{"rendered":"https:\/\/portalfadesp.org.br\/?page_id=45464"},"modified":"2024-03-01T15:02:23","modified_gmt":"2024-03-01T18:02:23","slug":"pagina_modelo-19-13-45","status":"publish","type":"page","link":"https:\/\/portalfadesp.org.br\/?page_id=45464","title":{"rendered":"EDITAL N\u00ba 2 &#8211; PROJETO DE CAPACITA\u00c7\u00c3O PARA COMUNIDADES DE BAIXA RENDA &#8211; CAPTEC (VILHENA ALVES)"},"content":{"rendered":"\t\t<div data-elementor-type=\"wp-post\" data-elementor-id=\"45464\" class=\"elementor elementor-45464\" data-elementor-post-type=\"page\">\n\t\t\t\t\t\t<section class=\"elementor-section elementor-top-section elementor-element elementor-element-1f2996d1 elementor-section-boxed elementor-section-height-default elementor-section-height-default\" data-id=\"1f2996d1\" data-element_type=\"section\">\n\t\t\t\t\t\t<div class=\"elementor-container elementor-column-gap-default\">\n\t\t\t\t\t<div class=\"elementor-column elementor-col-100 elementor-top-column elementor-element elementor-element-59a4b3f8\" data-id=\"59a4b3f8\" data-element_type=\"column\">\n\t\t\t<div class=\"elementor-widget-wrap elementor-element-populated\">\n\t\t\t\t\t\t<div class=\"elementor-element elementor-element-799471af elementor-widget elementor-widget-heading\" data-id=\"799471af\" data-element_type=\"widget\" data-widget_type=\"heading.default\">\n\t\t\t\t<div class=\"elementor-widget-container\">\n\t\t\t\t\t<h1 class=\"elementor-heading-title elementor-size-default\">EDITAL N\u00ba 2 - PROJETO DE CAPACITA\u00c7\u00c3O PARA COMUNIDADES DE BAIXA RENDA - CAPTEC (VILHENA ALVES)<\/h1>\t\t\t\t<\/div>\n\t\t\t\t<\/div>\n\t\t\t\t<section class=\"elementor-section elementor-inner-section elementor-element elementor-element-336311f elementor-section-boxed elementor-section-height-default elementor-section-height-default\" data-id=\"336311f\" data-element_type=\"section\">\n\t\t\t\t\t\t<div class=\"elementor-container elementor-column-gap-default\">\n\t\t\t\t\t<div class=\"elementor-column elementor-col-50 elementor-inner-column elementor-element elementor-element-75ca0dc3\" data-id=\"75ca0dc3\" data-element_type=\"column\">\n\t\t\t<div class=\"elementor-widget-wrap elementor-element-populated\">\n\t\t\t\t\t\t<div class=\"elementor-element elementor-element-425a3096 elementor-widget elementor-widget-text-editor\" data-id=\"425a3096\" data-element_type=\"widget\" data-widget_type=\"text-editor.default\">\n\t\t\t\t<div class=\"elementor-widget-container\">\n\t\t\t\t\t\t\t\t\t<p>O Coordenador do Projeto \u2013 Capacita\u00e7\u00e3o para Comunidades de Baixa Renda, no uso das suas atribui\u00e7\u00f5es conferidas pela Portaria 0181\/2022 \u2013 ITEC-UFPA, torna p\u00fablico o EDITAL PARA INSCRI\u00c7\u00c3O AO PROCESSO SELETIVO DE ALUNOS aos cursos de Capacita\u00e7\u00e3o para Comunidades de Baixa Renda &#8211; CAPTEC, destinados a jovens e adultos na modalidade presencial.<\/p><p><strong>Pr\u00e9-requisitos:<\/strong><br \/>O presente edital destina-se aos jovens e adultos que se enquadrem nas seguintes condi\u00e7\u00f5es:<br \/>I \u2013 Sejam maiores de dezoito (18) anos;<br \/>II \u2013 Tenham completado o ensino fundamental;<br \/>III \u2013 Tenham registro no Cadastro \u00danico (Cad\u00danico) ou NIS (N\u00famero de identifica\u00e7\u00e3o Social).<\/p><p><strong>Cursos:<\/strong><br \/>Os cursos oferecidos s\u00e3o:<br \/>I \u2013 Fundamentos e pr\u00e1ticas em manuten\u00e7\u00e3o de motores de combust\u00e3o interna;<br \/>II \u2013 Fundamentos e pr\u00e1ticas em soldagem de eletrodo revestido;<br \/>III \u2013 Fundamentos e pr\u00e1ticas em ar-condicionado-Split e refrigera\u00e7\u00e3o;<br \/>IV \u2013 Fundamentos e pr\u00e1ticas de editor de texto e planilhas;<br \/>V \u2013 Fundamentos e pr\u00e1ticas de instala\u00e7\u00f5es el\u00e9tricas predial dom\u00e9stica (baixa tens\u00e3o);<br \/>VI \u2013 Fundamentos e pr\u00e1ticas de confec\u00e7\u00e3o de repelentes naturais;<br \/>VII \u2013 Fundamentos e pr\u00e1ticas de cria\u00e7\u00e3o de peixe em cativeiro;<br \/>VIII \u2013 Fundamentos e pr\u00e1ticas de manuten\u00e7\u00e3o de motocicleta;<br \/>IX \u2013 Fundamentos e pr\u00e1ticas em eletromec\u00e2nica (m\u00e1quinas el\u00e9tricas).<\/p><p><strong>Carga hor\u00e1ria:<\/strong><br \/>A carga hor\u00e1ria de cada curso ser\u00e1 de 60 horas, nos seguintes hor\u00e1rios:<br \/>\u27a2 De segunda a sexta das 18 \u00e0s 22h no per\u00edodo de 04 a 22 de mar\u00e7o de 2024.<\/p><p><strong>Vagas:<\/strong><br \/>\u27a2 Ser\u00e3o ofertadas vinte e cinco (25) vagas por curso, que totaliza 225 vagas.<br \/>\u27a2 De forma a assegurar que a totalidade de vagas sejam preenchidas, ser\u00e3o<br \/>selecionados candidatos na condi\u00e7\u00e3o de Cadastro de Reservas.<\/p><p><strong>Inscri\u00e7\u00e3o: <\/strong>23\/02\/2024 das 14:30 \u00e0s 20:00 horas, no dia<br \/>24\/02\/2024 das 9 \u00e0s 11 e do dia 26 a 28\/02\/2024 das 14:00 \u00e0s 20:00 h, de forma<br \/>presencial na Escola T\u00e9cnica Estadual (EETEPA) Prof. Vilhena Alves, situada na Av. Magalh\u00e3es Barata, 698 \u2013 S\u00e3o Br\u00e1s, Bel\u00e9m-PA, CEP 66060-281.<\/p><p><strong>Para mais informa\u00e7\u00f5es:\u00a0<\/strong>edbraga@ufpa.br<\/p>\t\t\t\t\t\t\t\t<\/div>\n\t\t\t\t<\/div>\n\t\t\t\t\t<\/div>\n\t\t<\/div>\n\t\t\t\t<div class=\"elementor-column elementor-col-50 elementor-inner-column elementor-element elementor-element-79608089\" data-id=\"79608089\" data-element_type=\"column\">\n\t\t\t<div class=\"elementor-widget-wrap elementor-element-populated\">\n\t\t\t\t\t\t<div class=\"elementor-element elementor-element-7ccac55 elementor-widget elementor-widget-text-editor\" data-id=\"7ccac55\" data-element_type=\"widget\" data-widget_type=\"text-editor.default\">\n\t\t\t\t<div class=\"elementor-widget-container\">\n\t\t\t\t\t\t\t\t\t<p><strong>Editais\u00a0<\/strong><\/p>\t\t\t\t\t\t\t\t<\/div>\n\t\t\t\t<\/div>\n\t\t\t\t<div class=\"elementor-element elementor-element-368e568 elementor-widget elementor-widget-text-editor\" data-id=\"368e568\" data-element_type=\"widget\" data-widget_type=\"text-editor.default\">\n\t\t\t\t<div class=\"elementor-widget-container\">\n\t\t\t\t\t\t\t\t\t<p style=\"text-align: center;\">Resultado dos selecionados <strong><a href=\"https:\/\/portalfadesp.org.br\/wp-content\/uploads\/2024\/03\/RES_PROCESSO-SELETIVO-CAPTEC-VILHENA-ALVES.pdf\">(Clique aqui)<\/a><\/strong><\/p><p style=\"text-align: center;\">Edital <strong><a href=\"https:\/\/portalfadesp.org.br\/wp-content\/uploads\/2024\/02\/Edital_Velhena-Alves.pdf\">(Clique aqui)<\/a><\/strong><\/p>\t\t\t\t\t\t\t\t<\/div>\n\t\t\t\t<\/div>\n\t\t\t\t\t<\/div>\n\t\t<\/div>\n\t\t\t\t\t<\/div>\n\t\t<\/section>\n\t\t\t\t\t<\/div>\n\t\t<\/div>\n\t\t\t\t\t<\/div>\n\t\t<\/section>\n\t\t\t\t<\/div>\n\t\t","protected":false},"excerpt":{"rendered":"<p>EDITAL N\u00ba 2 &#8211; PROJETO DE CAPACITA\u00c7\u00c3O PARA COMUNIDADES DE BAIXA RENDA &#8211; CAPTEC (VILHENA ALVES) O Coordenador do Projeto \u2013 Capacita\u00e7\u00e3o para Comunidades de Baixa Renda, no uso das suas atribui\u00e7\u00f5es conferidas pela Portaria 0181\/2022 \u2013 ITEC-UFPA, torna p\u00fablico o EDITAL PARA INSCRI\u00c7\u00c3O AO PROCESSO SELETIVO DE ALUNOS aos cursos de Capacita\u00e7\u00e3o para Comunidades [&hellip;]<\/p>\n","protected":false},"author":12,"featured_media":0,"parent":0,"menu_order":0,"comment_status":"closed","ping_status":"closed","template":"","meta":{"_monsterinsights_skip_tracking":false,"_monsterinsights_sitenote_active":false,"_monsterinsights_sitenote_note":"","_monsterinsights_sitenote_category":0,"footnotes":""},"class_list":["post-45464","page","type-page","status-publish","hentry","entry"],"yoast_head":"<!-- This site is optimized with the Yoast SEO plugin v25.1 - https:\/\/yoast.com\/wordpress\/plugins\/seo\/ -->\n<title>EDITAL N\u00ba 2 - PROJETO DE CAPACITA\u00c7\u00c3O PARA COMUNIDADES DE BAIXA RENDA - CAPTEC (VILHENA ALVES) - FADESP<\/title>\n<meta name=\"robots\" content=\"index, follow, max-snippet:-1, max-image-preview:large, max-video-preview:-1\" \/>\n<link rel=\"canonical\" href=\"https:\/\/portalfadesp.org.br\/?page_id=45464\" \/>\n<meta property=\"og:locale\" content=\"pt_BR\" \/>\n<meta property=\"og:type\" content=\"article\" \/>\n<meta property=\"og:title\" content=\"EDITAL N\u00ba 2 - PROJETO DE CAPACITA\u00c7\u00c3O PARA COMUNIDADES DE BAIXA RENDA - CAPTEC (VILHENA ALVES) - FADESP\" \/>\n<meta property=\"og:description\" content=\"EDITAL N\u00ba 2 &#8211; PROJETO DE CAPACITA\u00c7\u00c3O PARA COMUNIDADES DE BAIXA RENDA &#8211; CAPTEC (VILHENA ALVES) O Coordenador do Projeto \u2013 Capacita\u00e7\u00e3o para Comunidades de Baixa Renda, no uso das suas atribui\u00e7\u00f5es conferidas pela Portaria 0181\/2022 \u2013 ITEC-UFPA, torna p\u00fablico o EDITAL PARA INSCRI\u00c7\u00c3O AO PROCESSO SELETIVO DE ALUNOS aos cursos de Capacita\u00e7\u00e3o para Comunidades [&hellip;]\" \/>\n<meta property=\"og:url\" content=\"https:\/\/portalfadesp.org.br\/?page_id=45464\" \/>\n<meta property=\"og:site_name\" content=\"FADESP\" \/>\n<meta property=\"article:publisher\" content=\"https:\/\/www.facebook.com\/Fadesp-138351949524662\/\" \/>\n<meta property=\"article:modified_time\" content=\"2024-03-01T18:02:23+00:00\" \/>\n<meta name=\"twitter:card\" content=\"summary_large_image\" \/>\n<meta name=\"twitter:site\" content=\"@Fadesp\" \/>\n<meta name=\"twitter:label1\" content=\"Est. tempo de leitura\" \/>\n\t<meta name=\"twitter:data1\" content=\"2 minutos\" \/>\n<script type=\"application\/ld+json\" class=\"yoast-schema-graph\">{\"@context\":\"https:\/\/schema.org\",\"@graph\":[{\"@type\":\"WebPage\",\"@id\":\"https:\/\/portalfadesp.org.br\/?page_id=45464\",\"url\":\"https:\/\/portalfadesp.org.br\/?page_id=45464\",\"name\":\"EDITAL N\u00ba 2 - PROJETO DE CAPACITA\u00c7\u00c3O PARA COMUNIDADES DE BAIXA RENDA - CAPTEC (VILHENA ALVES) - FADESP\",\"isPartOf\":{\"@id\":\"https:\/\/portalfadesp.org.br\/#website\"},\"datePublished\":\"2024-02-21T19:05:23+00:00\",\"dateModified\":\"2024-03-01T18:02:23+00:00\",\"breadcrumb\":{\"@id\":\"https:\/\/portalfadesp.org.br\/?page_id=45464#breadcrumb\"},\"inLanguage\":\"pt-BR\",\"potentialAction\":[{\"@type\":\"ReadAction\",\"target\":[\"https:\/\/portalfadesp.org.br\/?page_id=45464\"]}]},{\"@type\":\"BreadcrumbList\",\"@id\":\"https:\/\/portalfadesp.org.br\/?page_id=45464#breadcrumb\",\"itemListElement\":[{\"@type\":\"ListItem\",\"position\":1,\"name\":\"In\u00edcio\",\"item\":\"https:\/\/portalfadesp.org.br\/\"},{\"@type\":\"ListItem\",\"position\":2,\"name\":\"EDITAL N\u00ba 2 &#8211; PROJETO DE CAPACITA\u00c7\u00c3O PARA COMUNIDADES DE BAIXA RENDA &#8211; CAPTEC (VILHENA ALVES)\"}]},{\"@type\":\"WebSite\",\"@id\":\"https:\/\/portalfadesp.org.br\/#website\",\"url\":\"https:\/\/portalfadesp.org.br\/\",\"name\":\"FADESP\",\"description\":\"Funda\u00e7\u00e3o de Amparo e Desenvolvimento da Pesquisa\",\"publisher\":{\"@id\":\"https:\/\/portalfadesp.org.br\/#organization\"},\"potentialAction\":[{\"@type\":\"SearchAction\",\"target\":{\"@type\":\"EntryPoint\",\"urlTemplate\":\"https:\/\/portalfadesp.org.br\/?s={search_term_string}\"},\"query-input\":{\"@type\":\"PropertyValueSpecification\",\"valueRequired\":true,\"valueName\":\"search_term_string\"}}],\"inLanguage\":\"pt-BR\"},{\"@type\":\"Organization\",\"@id\":\"https:\/\/portalfadesp.org.br\/#organization\",\"name\":\"FADESP\",\"url\":\"https:\/\/portalfadesp.org.br\/\",\"logo\":{\"@type\":\"ImageObject\",\"inLanguage\":\"pt-BR\",\"@id\":\"https:\/\/portalfadesp.org.br\/#\/schema\/logo\/image\/\",\"url\":\"https:\/\/portalfadesp.org.br\/wp-content\/uploads\/2024\/01\/NOVOLOGOFADESPlaranjaH.png\",\"contentUrl\":\"https:\/\/portalfadesp.org.br\/wp-content\/uploads\/2024\/01\/NOVOLOGOFADESPlaranjaH.png\",\"width\":2742,\"height\":839,\"caption\":\"FADESP\"},\"image\":{\"@id\":\"https:\/\/portalfadesp.org.br\/#\/schema\/logo\/image\/\"},\"sameAs\":[\"https:\/\/www.facebook.com\/Fadesp-138351949524662\/\",\"https:\/\/x.com\/Fadesp\",\"https:\/\/www.instagram.com\/fadesp_ufpa\/\",\"https:\/\/www.youtube.com\/@fundacaodeamparoedesenvolv1903\",\"https:\/\/www.threads.net\/@fadesp_ufpa\"]}]}<\/script>\n<!-- \/ Yoast SEO plugin. -->","yoast_head_json":{"title":"EDITAL N\u00ba 2 - PROJETO DE CAPACITA\u00c7\u00c3O PARA COMUNIDADES DE BAIXA RENDA - CAPTEC (VILHENA ALVES) - FADESP","robots":{"index":"index","follow":"follow","max-snippet":"max-snippet:-1","max-image-preview":"max-image-preview:large","max-video-preview":"max-video-preview:-1"},"canonical":"https:\/\/portalfadesp.org.br\/?page_id=45464","og_locale":"pt_BR","og_type":"article","og_title":"EDITAL N\u00ba 2 - PROJETO DE CAPACITA\u00c7\u00c3O PARA COMUNIDADES DE BAIXA RENDA - CAPTEC (VILHENA ALVES) - FADESP","og_description":"EDITAL N\u00ba 2 &#8211; PROJETO DE CAPACITA\u00c7\u00c3O PARA COMUNIDADES DE BAIXA RENDA &#8211; CAPTEC (VILHENA ALVES) O Coordenador do Projeto \u2013 Capacita\u00e7\u00e3o para Comunidades de Baixa Renda, no uso das suas atribui\u00e7\u00f5es conferidas pela Portaria 0181\/2022 \u2013 ITEC-UFPA, torna p\u00fablico o EDITAL PARA INSCRI\u00c7\u00c3O AO PROCESSO SELETIVO DE ALUNOS aos cursos de Capacita\u00e7\u00e3o para Comunidades [&hellip;]","og_url":"https:\/\/portalfadesp.org.br\/?page_id=45464","og_site_name":"FADESP","article_publisher":"https:\/\/www.facebook.com\/Fadesp-138351949524662\/","article_modified_time":"2024-03-01T18:02:23+00:00","twitter_card":"summary_large_image","twitter_site":"@Fadesp","twitter_misc":{"Est. tempo de leitura":"2 minutos"},"schema":{"@context":"https:\/\/schema.org","@graph":[{"@type":"WebPage","@id":"https:\/\/portalfadesp.org.br\/?page_id=45464","url":"https:\/\/portalfadesp.org.br\/?page_id=45464","name":"EDITAL N\u00ba 2 - PROJETO DE CAPACITA\u00c7\u00c3O PARA COMUNIDADES DE BAIXA RENDA - CAPTEC (VILHENA ALVES) - FADESP","isPartOf":{"@id":"https:\/\/portalfadesp.org.br\/#website"},"datePublished":"2024-02-21T19:05:23+00:00","dateModified":"2024-03-01T18:02:23+00:00","breadcrumb":{"@id":"https:\/\/portalfadesp.org.br\/?page_id=45464#breadcrumb"},"inLanguage":"pt-BR","potentialAction":[{"@type":"ReadAction","target":["https:\/\/portalfadesp.org.br\/?page_id=45464"]}]},{"@type":"BreadcrumbList","@id":"https:\/\/portalfadesp.org.br\/?page_id=45464#breadcrumb","itemListElement":[{"@type":"ListItem","position":1,"name":"In\u00edcio","item":"https:\/\/portalfadesp.org.br\/"},{"@type":"ListItem","position":2,"name":"EDITAL N\u00ba 2 &#8211; PROJETO DE CAPACITA\u00c7\u00c3O PARA COMUNIDADES DE BAIXA RENDA &#8211; CAPTEC (VILHENA ALVES)"}]},{"@type":"WebSite","@id":"https:\/\/portalfadesp.org.br\/#website","url":"https:\/\/portalfadesp.org.br\/","name":"FADESP","description":"Funda\u00e7\u00e3o de Amparo e Desenvolvimento da Pesquisa","publisher":{"@id":"https:\/\/portalfadesp.org.br\/#organization"},"potentialAction":[{"@type":"SearchAction","target":{"@type":"EntryPoint","urlTemplate":"https:\/\/portalfadesp.org.br\/?s={search_term_string}"},"query-input":{"@type":"PropertyValueSpecification","valueRequired":true,"valueName":"search_term_string"}}],"inLanguage":"pt-BR"},{"@type":"Organization","@id":"https:\/\/portalfadesp.org.br\/#organization","name":"FADESP","url":"https:\/\/portalfadesp.org.br\/","logo":{"@type":"ImageObject","inLanguage":"pt-BR","@id":"https:\/\/portalfadesp.org.br\/#\/schema\/logo\/image\/","url":"https:\/\/portalfadesp.org.br\/wp-content\/uploads\/2024\/01\/NOVOLOGOFADESPlaranjaH.png","contentUrl":"https:\/\/portalfadesp.org.br\/wp-content\/uploads\/2024\/01\/NOVOLOGOFADESPlaranjaH.png","width":2742,"height":839,"caption":"FADESP"},"image":{"@id":"https:\/\/portalfadesp.org.br\/#\/schema\/logo\/image\/"},"sameAs":["https:\/\/www.facebook.com\/Fadesp-138351949524662\/","https:\/\/x.com\/Fadesp","https:\/\/www.instagram.com\/fadesp_ufpa\/","https:\/\/www.youtube.com\/@fundacaodeamparoedesenvolv1903","https:\/\/www.threads.net\/@fadesp_ufpa"]}]}},"_links":{"self":[{"href":"https:\/\/portalfadesp.org.br\/index.php?rest_route=\/wp\/v2\/pages\/45464","targetHints":{"allow":["GET"]}}],"collection":[{"href":"https:\/\/portalfadesp.org.br\/index.php?rest_route=\/wp\/v2\/pages"}],"about":[{"href":"https:\/\/portalfadesp.org.br\/index.php?rest_route=\/wp\/v2\/types\/page"}],"author":[{"embeddable":true,"href":"https:\/\/portalfadesp.org.br\/index.php?rest_route=\/wp\/v2\/users\/12"}],"replies":[{"embeddable":true,"href":"https:\/\/portalfadesp.org.br\/index.php?rest_route=%2Fwp%2Fv2%2Fcomments&post=45464"}],"version-history":[{"count":7,"href":"https:\/\/portalfadesp.org.br\/index.php?rest_route=\/wp\/v2\/pages\/45464\/revisions"}],"predecessor-version":[{"id":45621,"href":"https:\/\/portalfadesp.org.br\/index.php?rest_route=\/wp\/v2\/pages\/45464\/revisions\/45621"}],"wp:attachment":[{"href":"https:\/\/portalfadesp.org.br\/index.php?rest_route=%2Fwp%2Fv2%2Fmedia&parent=45464"}],"curies":[{"name":"wp","href":"https:\/\/api.w.org\/{rel}","templated":true}]}}