{"id":45275,"date":"2024-02-05T13:59:15","date_gmt":"2024-02-05T16:59:15","guid":{"rendered":"https:\/\/portalfadesp.org.br\/?page_id=45275"},"modified":"2024-03-14T14:28:43","modified_gmt":"2024-03-14T17:28:43","slug":"pagina_modelo-19-13-43","status":"publish","type":"page","link":"https:\/\/portalfadesp.org.br\/?page_id=45275","title":{"rendered":"Especializa\u00e7\u00e3o em Medicina Preventiva e Social com \u00eanfase em sa\u00fade integrativa &#8211; NMT \/ UFPA (2024)"},"content":{"rendered":"\t\t<div data-elementor-type=\"wp-post\" data-elementor-id=\"45275\" class=\"elementor elementor-45275\" data-elementor-post-type=\"page\">\n\t\t\t\t\t\t<section class=\"elementor-section elementor-top-section elementor-element elementor-element-1f2996d1 elementor-section-boxed elementor-section-height-default elementor-section-height-default\" data-id=\"1f2996d1\" data-element_type=\"section\">\n\t\t\t\t\t\t<div class=\"elementor-container elementor-column-gap-default\">\n\t\t\t\t\t<div class=\"elementor-column elementor-col-100 elementor-top-column elementor-element elementor-element-59a4b3f8\" data-id=\"59a4b3f8\" data-element_type=\"column\">\n\t\t\t<div class=\"elementor-widget-wrap elementor-element-populated\">\n\t\t\t\t\t\t<div class=\"elementor-element elementor-element-799471af elementor-widget elementor-widget-heading\" data-id=\"799471af\" data-element_type=\"widget\" data-widget_type=\"heading.default\">\n\t\t\t\t<div class=\"elementor-widget-container\">\n\t\t\t\t\t<h1 class=\"elementor-heading-title elementor-size-default\">Especializa\u00e7\u00e3o em Medicina Preventiva e Social com \u00eanfase em sa\u00fade integrativa - NMT \/ UFPA (2024)<\/h1>\t\t\t\t<\/div>\n\t\t\t\t<\/div>\n\t\t\t\t<section class=\"elementor-section elementor-inner-section elementor-element elementor-element-336311f elementor-section-boxed elementor-section-height-default elementor-section-height-default\" data-id=\"336311f\" data-element_type=\"section\">\n\t\t\t\t\t\t<div class=\"elementor-container elementor-column-gap-default\">\n\t\t\t\t\t<div class=\"elementor-column elementor-col-50 elementor-inner-column elementor-element elementor-element-75ca0dc3\" data-id=\"75ca0dc3\" data-element_type=\"column\">\n\t\t\t<div class=\"elementor-widget-wrap elementor-element-populated\">\n\t\t\t\t\t\t<div class=\"elementor-element elementor-element-425a3096 elementor-widget elementor-widget-text-editor\" data-id=\"425a3096\" data-element_type=\"widget\" data-widget_type=\"text-editor.default\">\n\t\t\t\t<div class=\"elementor-widget-container\">\n\t\t\t\t\t\t\t\t\t<p>A Universidade Federal do Par\u00e1 torna p\u00fablico o Edital para a sele\u00e7\u00e3o de candidatos ao CURSO DE ESPECIALIZA\u00c7\u00c3O MEDICINA PREVENTIVA E SOCIAL COM \u00caNFASE EM SA\u00daDE INTEGRATIVA, aprovado pela Resolu\u00e7\u00e3o CONSEPE no. 5.709, de 13 de dezembro de 2023, obedecendo as datas e demais condi\u00e7\u00f5es especificadas, a seguir:<\/p><p><strong>OBJETIVO:<\/strong><br \/>Capacitar m\u00e9dicos na \u00e1rea da Medicina Preventiva e Social com \u00eanfase em Sa\u00fade Integrativa, com atua\u00e7\u00e3o norteada por princ\u00edpios \u00e9ticos e t\u00e9cnico-cient\u00edficos para a promo\u00e7\u00e3o individual e coletiva de sa\u00fade e bem-estar.<\/p><p><strong>P\u00daBLICO ALVO:<\/strong><br \/>Graduados em Medicina<\/p><p><strong>Vagas:<\/strong> 100 (cem)\u00a0<\/p><p><strong>Per\u00edodo de Inscri\u00e7\u00e3o: <\/strong>29\/01\/24 a 07\/03\/2024<\/p><p>As inscri\u00e7\u00f5es ao curso, devem ser realizadas primeiramente no Portal da FADESP, no link: <em><strong><a href=\"http:\/\/cursoseventos.fadesp.org.br\/gui\/\">http:\/\/cursoseventos.fadesp.org.br\/gui\/<\/a><\/strong><\/em>PortalCursosEventos.aspx para emiss\u00e3o do boleto ou recibo de quita\u00e7\u00e3o referente \u00e0 taxa de inscri\u00e7\u00e3o.<\/p><p><strong>Taxa de inscri\u00e7\u00e3o:<\/strong> R$:300,00<\/p><p><strong>Para mais informa\u00e7\u00f5es: <\/strong>pelo telefone: (91) 98459-9416, de segunda a sexta feira, no hor\u00e1rio de 8h \u00e0s 18h.<\/p>\t\t\t\t\t\t\t\t<\/div>\n\t\t\t\t<\/div>\n\t\t\t\t\t<\/div>\n\t\t<\/div>\n\t\t\t\t<div class=\"elementor-column elementor-col-50 elementor-inner-column elementor-element elementor-element-79608089\" data-id=\"79608089\" data-element_type=\"column\">\n\t\t\t<div class=\"elementor-widget-wrap elementor-element-populated\">\n\t\t\t\t\t\t<div class=\"elementor-element elementor-element-7ccac55 elementor-widget elementor-widget-text-editor\" data-id=\"7ccac55\" data-element_type=\"widget\" data-widget_type=\"text-editor.default\">\n\t\t\t\t<div class=\"elementor-widget-container\">\n\t\t\t\t\t\t\t\t\t<p><strong>Editais\u00a0<\/strong><\/p>\t\t\t\t\t\t\t\t<\/div>\n\t\t\t\t<\/div>\n\t\t\t\t<div class=\"elementor-element elementor-element-368e568 elementor-widget elementor-widget-text-editor\" data-id=\"368e568\" data-element_type=\"widget\" data-widget_type=\"text-editor.default\">\n\t\t\t\t<div class=\"elementor-widget-container\">\n\t\t\t\t\t\t\t\t\t<p style=\"text-align: center;\">Lista de homologa\u00e7\u00e3o\u00a0 <strong><a href=\"https:\/\/portalfadesp.org.br\/wp-content\/uploads\/2024\/03\/HOMOLOGACAO-MEDICINA-PREVENTIVA-E-SOCIAL-1.pdf\">(Clique aqui)<\/a><\/strong><\/p><p style=\"text-align: center;\">Errata <strong><a href=\"https:\/\/portalfadesp.org.br\/wp-content\/uploads\/2024\/02\/Errata-do-Edital_01-2024.pdf\">(Clique aqui)<\/a><\/strong><\/p><p style=\"text-align: center;\">Edital <strong><a href=\"https:\/\/portalfadesp.org.br\/wp-content\/uploads\/2024\/02\/Edital.pdf\">(Clique aqui)<\/a><\/strong><\/p>\t\t\t\t\t\t\t\t<\/div>\n\t\t\t\t<\/div>\n\t\t\t\t\t<\/div>\n\t\t<\/div>\n\t\t\t\t\t<\/div>\n\t\t<\/section>\n\t\t\t\t\t<\/div>\n\t\t<\/div>\n\t\t\t\t\t<\/div>\n\t\t<\/section>\n\t\t\t\t<\/div>\n\t\t","protected":false},"excerpt":{"rendered":"<p>Especializa\u00e7\u00e3o em Medicina Preventiva e Social com \u00eanfase em sa\u00fade integrativa &#8211; NMT \/ UFPA (2024) A Universidade Federal do Par\u00e1 torna p\u00fablico o Edital para a sele\u00e7\u00e3o de candidatos ao CURSO DE ESPECIALIZA\u00c7\u00c3O MEDICINA PREVENTIVA E SOCIAL COM \u00caNFASE EM SA\u00daDE INTEGRATIVA, aprovado pela Resolu\u00e7\u00e3o CONSEPE no. 5.709, de 13 de dezembro de 2023, [&hellip;]<\/p>\n","protected":false},"author":12,"featured_media":0,"parent":0,"menu_order":0,"comment_status":"closed","ping_status":"closed","template":"","meta":{"_monsterinsights_skip_tracking":false,"_monsterinsights_sitenote_active":false,"_monsterinsights_sitenote_note":"","_monsterinsights_sitenote_category":0,"footnotes":""},"class_list":["post-45275","page","type-page","status-publish","hentry","entry"],"yoast_head":"<!-- This site is optimized with the Yoast SEO plugin v25.1 - https:\/\/yoast.com\/wordpress\/plugins\/seo\/ -->\n<title>Especializa\u00e7\u00e3o em Medicina Preventiva e Social com \u00eanfase em sa\u00fade integrativa - NMT \/ UFPA (2024) - FADESP<\/title>\n<meta name=\"robots\" content=\"index, follow, max-snippet:-1, max-image-preview:large, max-video-preview:-1\" \/>\n<link rel=\"canonical\" href=\"https:\/\/portalfadesp.org.br\/?page_id=45275\" \/>\n<meta property=\"og:locale\" content=\"pt_BR\" \/>\n<meta property=\"og:type\" content=\"article\" \/>\n<meta property=\"og:title\" content=\"Especializa\u00e7\u00e3o em Medicina Preventiva e Social com \u00eanfase em sa\u00fade integrativa - NMT \/ UFPA (2024) - FADESP\" \/>\n<meta property=\"og:description\" content=\"Especializa\u00e7\u00e3o em Medicina Preventiva e Social com \u00eanfase em sa\u00fade integrativa &#8211; NMT \/ UFPA (2024) A Universidade Federal do Par\u00e1 torna p\u00fablico o Edital para a sele\u00e7\u00e3o de candidatos ao CURSO DE ESPECIALIZA\u00c7\u00c3O MEDICINA PREVENTIVA E SOCIAL COM \u00caNFASE EM SA\u00daDE INTEGRATIVA, aprovado pela Resolu\u00e7\u00e3o CONSEPE no. 5.709, de 13 de dezembro de 2023, [&hellip;]\" \/>\n<meta property=\"og:url\" content=\"https:\/\/portalfadesp.org.br\/?page_id=45275\" \/>\n<meta property=\"og:site_name\" content=\"FADESP\" \/>\n<meta property=\"article:publisher\" content=\"https:\/\/www.facebook.com\/Fadesp-138351949524662\/\" \/>\n<meta property=\"article:modified_time\" content=\"2024-03-14T17:28:43+00:00\" \/>\n<meta name=\"twitter:card\" content=\"summary_large_image\" \/>\n<meta name=\"twitter:site\" content=\"@Fadesp\" \/>\n<meta name=\"twitter:label1\" content=\"Est. tempo de leitura\" \/>\n\t<meta name=\"twitter:data1\" content=\"1 minuto\" \/>\n<script type=\"application\/ld+json\" class=\"yoast-schema-graph\">{\"@context\":\"https:\/\/schema.org\",\"@graph\":[{\"@type\":\"WebPage\",\"@id\":\"https:\/\/portalfadesp.org.br\/?page_id=45275\",\"url\":\"https:\/\/portalfadesp.org.br\/?page_id=45275\",\"name\":\"Especializa\u00e7\u00e3o em Medicina Preventiva e Social com \u00eanfase em sa\u00fade integrativa - NMT \/ UFPA (2024) - FADESP\",\"isPartOf\":{\"@id\":\"https:\/\/portalfadesp.org.br\/#website\"},\"datePublished\":\"2024-02-05T16:59:15+00:00\",\"dateModified\":\"2024-03-14T17:28:43+00:00\",\"breadcrumb\":{\"@id\":\"https:\/\/portalfadesp.org.br\/?page_id=45275#breadcrumb\"},\"inLanguage\":\"pt-BR\",\"potentialAction\":[{\"@type\":\"ReadAction\",\"target\":[\"https:\/\/portalfadesp.org.br\/?page_id=45275\"]}]},{\"@type\":\"BreadcrumbList\",\"@id\":\"https:\/\/portalfadesp.org.br\/?page_id=45275#breadcrumb\",\"itemListElement\":[{\"@type\":\"ListItem\",\"position\":1,\"name\":\"In\u00edcio\",\"item\":\"https:\/\/portalfadesp.org.br\/\"},{\"@type\":\"ListItem\",\"position\":2,\"name\":\"Especializa\u00e7\u00e3o em Medicina Preventiva e Social com \u00eanfase em sa\u00fade integrativa &#8211; NMT \/ UFPA (2024)\"}]},{\"@type\":\"WebSite\",\"@id\":\"https:\/\/portalfadesp.org.br\/#website\",\"url\":\"https:\/\/portalfadesp.org.br\/\",\"name\":\"FADESP\",\"description\":\"Funda\u00e7\u00e3o de Amparo e Desenvolvimento da Pesquisa\",\"publisher\":{\"@id\":\"https:\/\/portalfadesp.org.br\/#organization\"},\"potentialAction\":[{\"@type\":\"SearchAction\",\"target\":{\"@type\":\"EntryPoint\",\"urlTemplate\":\"https:\/\/portalfadesp.org.br\/?s={search_term_string}\"},\"query-input\":{\"@type\":\"PropertyValueSpecification\",\"valueRequired\":true,\"valueName\":\"search_term_string\"}}],\"inLanguage\":\"pt-BR\"},{\"@type\":\"Organization\",\"@id\":\"https:\/\/portalfadesp.org.br\/#organization\",\"name\":\"FADESP\",\"url\":\"https:\/\/portalfadesp.org.br\/\",\"logo\":{\"@type\":\"ImageObject\",\"inLanguage\":\"pt-BR\",\"@id\":\"https:\/\/portalfadesp.org.br\/#\/schema\/logo\/image\/\",\"url\":\"https:\/\/portalfadesp.org.br\/wp-content\/uploads\/2024\/01\/NOVOLOGOFADESPlaranjaH.png\",\"contentUrl\":\"https:\/\/portalfadesp.org.br\/wp-content\/uploads\/2024\/01\/NOVOLOGOFADESPlaranjaH.png\",\"width\":2742,\"height\":839,\"caption\":\"FADESP\"},\"image\":{\"@id\":\"https:\/\/portalfadesp.org.br\/#\/schema\/logo\/image\/\"},\"sameAs\":[\"https:\/\/www.facebook.com\/Fadesp-138351949524662\/\",\"https:\/\/x.com\/Fadesp\",\"https:\/\/www.instagram.com\/fadesp_ufpa\/\",\"https:\/\/www.youtube.com\/@fundacaodeamparoedesenvolv1903\",\"https:\/\/www.threads.net\/@fadesp_ufpa\"]}]}<\/script>\n<!-- \/ Yoast SEO plugin. -->","yoast_head_json":{"title":"Especializa\u00e7\u00e3o em Medicina Preventiva e Social com \u00eanfase em sa\u00fade integrativa - NMT \/ UFPA (2024) - FADESP","robots":{"index":"index","follow":"follow","max-snippet":"max-snippet:-1","max-image-preview":"max-image-preview:large","max-video-preview":"max-video-preview:-1"},"canonical":"https:\/\/portalfadesp.org.br\/?page_id=45275","og_locale":"pt_BR","og_type":"article","og_title":"Especializa\u00e7\u00e3o em Medicina Preventiva e Social com \u00eanfase em sa\u00fade integrativa - NMT \/ UFPA (2024) - FADESP","og_description":"Especializa\u00e7\u00e3o em Medicina Preventiva e Social com \u00eanfase em sa\u00fade integrativa &#8211; NMT \/ UFPA (2024) A Universidade Federal do Par\u00e1 torna p\u00fablico o Edital para a sele\u00e7\u00e3o de candidatos ao CURSO DE ESPECIALIZA\u00c7\u00c3O MEDICINA PREVENTIVA E SOCIAL COM \u00caNFASE EM SA\u00daDE INTEGRATIVA, aprovado pela Resolu\u00e7\u00e3o CONSEPE no. 5.709, de 13 de dezembro de 2023, [&hellip;]","og_url":"https:\/\/portalfadesp.org.br\/?page_id=45275","og_site_name":"FADESP","article_publisher":"https:\/\/www.facebook.com\/Fadesp-138351949524662\/","article_modified_time":"2024-03-14T17:28:43+00:00","twitter_card":"summary_large_image","twitter_site":"@Fadesp","twitter_misc":{"Est. tempo de leitura":"1 minuto"},"schema":{"@context":"https:\/\/schema.org","@graph":[{"@type":"WebPage","@id":"https:\/\/portalfadesp.org.br\/?page_id=45275","url":"https:\/\/portalfadesp.org.br\/?page_id=45275","name":"Especializa\u00e7\u00e3o em Medicina Preventiva e Social com \u00eanfase em sa\u00fade integrativa - NMT \/ UFPA (2024) - FADESP","isPartOf":{"@id":"https:\/\/portalfadesp.org.br\/#website"},"datePublished":"2024-02-05T16:59:15+00:00","dateModified":"2024-03-14T17:28:43+00:00","breadcrumb":{"@id":"https:\/\/portalfadesp.org.br\/?page_id=45275#breadcrumb"},"inLanguage":"pt-BR","potentialAction":[{"@type":"ReadAction","target":["https:\/\/portalfadesp.org.br\/?page_id=45275"]}]},{"@type":"BreadcrumbList","@id":"https:\/\/portalfadesp.org.br\/?page_id=45275#breadcrumb","itemListElement":[{"@type":"ListItem","position":1,"name":"In\u00edcio","item":"https:\/\/portalfadesp.org.br\/"},{"@type":"ListItem","position":2,"name":"Especializa\u00e7\u00e3o em Medicina Preventiva e Social com \u00eanfase em sa\u00fade integrativa &#8211; NMT \/ UFPA (2024)"}]},{"@type":"WebSite","@id":"https:\/\/portalfadesp.org.br\/#website","url":"https:\/\/portalfadesp.org.br\/","name":"FADESP","description":"Funda\u00e7\u00e3o de Amparo e Desenvolvimento da Pesquisa","publisher":{"@id":"https:\/\/portalfadesp.org.br\/#organization"},"potentialAction":[{"@type":"SearchAction","target":{"@type":"EntryPoint","urlTemplate":"https:\/\/portalfadesp.org.br\/?s={search_term_string}"},"query-input":{"@type":"PropertyValueSpecification","valueRequired":true,"valueName":"search_term_string"}}],"inLanguage":"pt-BR"},{"@type":"Organization","@id":"https:\/\/portalfadesp.org.br\/#organization","name":"FADESP","url":"https:\/\/portalfadesp.org.br\/","logo":{"@type":"ImageObject","inLanguage":"pt-BR","@id":"https:\/\/portalfadesp.org.br\/#\/schema\/logo\/image\/","url":"https:\/\/portalfadesp.org.br\/wp-content\/uploads\/2024\/01\/NOVOLOGOFADESPlaranjaH.png","contentUrl":"https:\/\/portalfadesp.org.br\/wp-content\/uploads\/2024\/01\/NOVOLOGOFADESPlaranjaH.png","width":2742,"height":839,"caption":"FADESP"},"image":{"@id":"https:\/\/portalfadesp.org.br\/#\/schema\/logo\/image\/"},"sameAs":["https:\/\/www.facebook.com\/Fadesp-138351949524662\/","https:\/\/x.com\/Fadesp","https:\/\/www.instagram.com\/fadesp_ufpa\/","https:\/\/www.youtube.com\/@fundacaodeamparoedesenvolv1903","https:\/\/www.threads.net\/@fadesp_ufpa"]}]}},"_links":{"self":[{"href":"https:\/\/portalfadesp.org.br\/index.php?rest_route=\/wp\/v2\/pages\/45275","targetHints":{"allow":["GET"]}}],"collection":[{"href":"https:\/\/portalfadesp.org.br\/index.php?rest_route=\/wp\/v2\/pages"}],"about":[{"href":"https:\/\/portalfadesp.org.br\/index.php?rest_route=\/wp\/v2\/types\/page"}],"author":[{"embeddable":true,"href":"https:\/\/portalfadesp.org.br\/index.php?rest_route=\/wp\/v2\/users\/12"}],"replies":[{"embeddable":true,"href":"https:\/\/portalfadesp.org.br\/index.php?rest_route=%2Fwp%2Fv2%2Fcomments&post=45275"}],"version-history":[{"count":13,"href":"https:\/\/portalfadesp.org.br\/index.php?rest_route=\/wp\/v2\/pages\/45275\/revisions"}],"predecessor-version":[{"id":45751,"href":"https:\/\/portalfadesp.org.br\/index.php?rest_route=\/wp\/v2\/pages\/45275\/revisions\/45751"}],"wp:attachment":[{"href":"https:\/\/portalfadesp.org.br\/index.php?rest_route=%2Fwp%2Fv2%2Fmedia&parent=45275"}],"curies":[{"name":"wp","href":"https:\/\/api.w.org\/{rel}","templated":true}]}}