{"id":4525,"date":"2019-10-04T11:46:57","date_gmt":"2019-10-04T14:46:57","guid":{"rendered":"https:\/\/162.215.13.167?page_id=4525"},"modified":"2022-12-20T11:17:43","modified_gmt":"2022-12-20T14:17:43","slug":"prefeitura-municipal-de-maraba-procurador-2019","status":"publish","type":"page","link":"https:\/\/portalfadesp.org.br\/?page_id=4525","title":{"rendered":"Prefeitura Municipal de Marab\u00e1 \/ Procurador &#8211; 2019"},"content":{"rendered":"\t\t<div data-elementor-type=\"wp-post\" data-elementor-id=\"4525\" class=\"elementor elementor-4525\" data-elementor-post-type=\"page\">\n\t\t\t\t\t\t<section class=\"elementor-section elementor-top-section elementor-element elementor-element-6a3536f elementor-section-boxed elementor-section-height-default elementor-section-height-default\" data-id=\"6a3536f\" data-element_type=\"section\">\n\t\t\t\t\t\t<div class=\"elementor-container elementor-column-gap-default\">\n\t\t\t\t\t<div class=\"elementor-column elementor-col-100 elementor-top-column elementor-element elementor-element-5e107171\" data-id=\"5e107171\" data-element_type=\"column\">\n\t\t\t<div class=\"elementor-widget-wrap elementor-element-populated\">\n\t\t\t\t\t\t<div class=\"elementor-element elementor-element-6122afba elementor-widget elementor-widget-heading\" data-id=\"6122afba\" data-element_type=\"widget\" data-widget_type=\"heading.default\">\n\t\t\t\t<div class=\"elementor-widget-container\">\n\t\t\t\t\t<h1 class=\"elementor-heading-title elementor-size-default\">Prefeitura Municipal de Marab\u00e1 \/ Procurador - 2019\n<\/h1>\t\t\t\t<\/div>\n\t\t\t\t<\/div>\n\t\t\t\t<section class=\"elementor-section elementor-inner-section elementor-element elementor-element-2b3d37c9 elementor-section-boxed elementor-section-height-default elementor-section-height-default\" data-id=\"2b3d37c9\" data-element_type=\"section\">\n\t\t\t\t\t\t<div class=\"elementor-container elementor-column-gap-default\">\n\t\t\t\t\t<div class=\"elementor-column elementor-col-50 elementor-inner-column elementor-element elementor-element-343e9397\" data-id=\"343e9397\" data-element_type=\"column\">\n\t\t\t<div class=\"elementor-widget-wrap elementor-element-populated\">\n\t\t\t\t\t\t<div class=\"elementor-element elementor-element-436bd9c2 elementor-widget elementor-widget-text-editor\" data-id=\"436bd9c2\" data-element_type=\"widget\" data-widget_type=\"text-editor.default\">\n\t\t\t\t<div class=\"elementor-widget-container\">\n\t\t\t\t\t\t\t\t\t<p>A Prefeitura Municipal de Marab\u00e1 torna p\u00fablica a realiza\u00e7\u00e3o de concurso para o preenchimento de vagas para o cargo de Procurador do Munic\u00edpio, do quadro de pessoal efetivo de n\u00edvel superior.<\/p><p><strong>Vagas &#8211; <\/strong>02<\/p><p><strong>Cargos &#8211; <\/strong>Procurador Municipal (N\u00edvel Superior)<\/p><p><strong>Remunera\u00e7\u00e3o &#8211; <\/strong>R$ 3.373,00 mais 100% de adicional de n\u00edvel superior.<\/p><p><strong>Inscri\u00e7\u00f5es &#8211; <\/strong>11\/10 a 11\/11\/2019.<\/p><p><strong>Taxa &#8211;\u00a0<\/strong>R$ 100,00.<\/p><p>&#8230;&#8230;&#8230;&#8230;&#8230;&#8230;&#8230;&#8230;&#8230;&#8230;&#8230;&#8230;&#8230;&#8230;&#8230;&#8230;&#8230;&#8230;&#8230;&#8230;&#8230;&#8230;&#8230;&#8230;&#8230;&#8230;&#8230;&#8230;&#8230;&#8230;&#8230;.<\/p><p><strong>Datas importantes<\/strong>:<\/p><p><strong>Per\u00edodo de Inscri\u00e7\u00e3o<\/strong> &#8211; 11\/10 a 11\/11\/2019.<\/p><p><strong>Pedido de isen\u00e7\u00e3o por PcD<\/strong> &#8211;\u00a0 11\/10 a 25\/10\/2019.<\/p><p><strong>Pagamento da taxa de inscri\u00e7\u00e3o<\/strong> &#8211; at\u00e9 12\/11\/2019.<\/p><p><strong>Solicita\u00e7\u00e3o de atendimento especial<\/strong> &#8211; at\u00e9 11\/11\/2019.<\/p><p><strong>Impress\u00e3o do cart\u00e3o de confirma\u00e7\u00e3o<\/strong> &#8211; 14 a 24\/11\/2019.<\/p><p><strong>Data, hora e local da prova objetiva<\/strong> &#8211; 24\/11\/2019, das 8h \u00e0s 12h (hor\u00e1rio local), em Marab\u00e1.<\/p><p><strong>Data, hora e local da prova pr\u00e1tica-profissional<\/strong> &#8211; 24\/11\/2019, das 14h30 \u00e0s 18h30 (hor\u00e1rio local), em Marab\u00e1.<\/p>\t\t\t\t\t\t\t\t<\/div>\n\t\t\t\t<\/div>\n\t\t\t\t\t<\/div>\n\t\t<\/div>\n\t\t\t\t<div class=\"elementor-column elementor-col-50 elementor-inner-column elementor-element elementor-element-6ffad77f\" data-id=\"6ffad77f\" data-element_type=\"column\">\n\t\t\t<div class=\"elementor-widget-wrap elementor-element-populated\">\n\t\t\t\t\t\t<div class=\"elementor-element elementor-element-6e736e79 elementor-widget elementor-widget-text-editor\" data-id=\"6e736e79\" data-element_type=\"widget\" data-widget_type=\"text-editor.default\">\n\t\t\t\t<div class=\"elementor-widget-container\">\n\t\t\t\t\t\t\t\t\t<p style=\"text-align: center;\"><span style=\"color: #ffffff;\"><strong>Editais e Avisos<\/strong><\/span><\/p>\t\t\t\t\t\t\t\t<\/div>\n\t\t\t\t<\/div>\n\t\t\t\t<div class=\"elementor-element elementor-element-362da917 elementor-widget elementor-widget-text-editor\" data-id=\"362da917\" data-element_type=\"widget\" data-widget_type=\"text-editor.default\">\n\t\t\t\t<div class=\"elementor-widget-container\">\n\t\t\t\t\t\t\t\t\t<p style=\"text-align: center;\"><strong><a style=\"font-size: 14px; background-color: #ffffff;\" href=\"http:\/\/concursos.fadesp.org.br\/procurador2019\/arquivos\/Resultados\/Desempate%20Resultado%20Final%20do%20Concurso%20Procurador%20Marab%C3%A1.pdf\">Resultado Final Do Concurso Para Procurador Municipal De Marab\u00e1<\/a><\/strong><\/p>\n<p style=\"text-align: center;\"><strong><a href=\"http:\/\/concursos.fadesp.org.br\/procurador2019\/arquivos\/Edital%2005_2020%20PMM%20Procurador.pdf\">Edital 05_2020 Pmm Procurador<\/a><\/strong><\/p>\n<p style=\"text-align: center;\"><strong><a href=\"http:\/\/concursos.fadesp.org.br\/PROCURADOR2019\/arquivos\/Resultados\/Resultado%20Final%20Preliminar%20do%20Concurso%20Procurador%20Marab%C3%A1.pdf\">Resultado Final Preliminar Do Concurso Procurador De Marab\u00e1<\/a><\/strong><\/p>\n<p style=\"text-align: center;\"><strong><a href=\"http:\/\/concursos.fadesp.org.br\/procurador2019\/arquivos\/Resultados\/Resultado%20Preliminar%20Avalia%C3%A7%C3%A3o%20T%C3%ADtulos.pdf\">Resultado Preliminar Da Prova De T\u00edtulos<\/a><\/strong><\/p>\n<p style=\"text-align: center;\"><strong><a href=\"http:\/\/concursos.fadesp.org.br\/procurador2019\/arquivos\/Edital%2002_2020%20CHAMADA%20PROVA%20DE%20T%C3%8DTULOS.pdf\">Edital 02_2020 Chamada Prova De T\u00edtulos<\/a><\/strong><\/p>\n<p style=\"text-align: center;\"><strong><a href=\"http:\/\/concursos.fadesp.org.br\/procurador2019\/arquivos\/Resultados\/RESULTADO%20FINAL%20DA%20PROVA%20PR%C3%81TICA%20PROFISSIONAL.pdf\">Resultado Final Da Prova Pr\u00e1tica Profissional<\/a><\/strong><\/p>\n<p style=\"text-align: center;\"><strong><a href=\"http:\/\/concursos.fadesp.org.br\/procurador2019\/arquivos\/Resultados\/RESULTADO%20PRELIMINAR%20PROVA%20PR%C3%81TICA%20PROCURADOR.pdf\">\u00a0Edital N.\u00ba 05\/2019\/Pmm-Procurador Municipal- Resultado Preliminar Da Prova Pr\u00e1tica Profissional.<\/a><\/strong><\/p>\n<p style=\"text-align: center;\"><strong><a href=\"..\/wp-content\/uploads\/2019\/12\/GRADE-DEFINITIVA-DE-CORRE\u00c7\u00c3O-DA-PROVA-PR\u00c1TICA-PROFISSIONAL.pdf\" target=\"_blank\" rel=\"noopener\">Grade Definitiva De Corre\u00e7\u00e3o Da Prova Pr\u00e1tica-Profissional<\/a><\/strong><\/p>\n<p style=\"text-align: center;\"><strong><a href=\"..\/wp-content\/uploads\/2019\/12\/GRADE-PRELIMINAR-DE-CORRE\u00c7\u00c3O-DA-PROVA-PR\u00c1TICA-PROFISSIONAL.pdf\" target=\"_blank\" rel=\"noopener\">Grade Preliminar De Corre\u00e7\u00e3o Da Prova Pr\u00e1tica-Profissional<\/a><\/strong><\/p>\n<p style=\"text-align: center;\"><strong><a href=\"..\/wp-content\/uploads\/2019\/12\/RESULTADO-FINAL-PROVA-OBJETIVA-PROCURADOR-MARAB\u00c1.pdf\" target=\"_blank\" rel=\"noopener\">Resultado Final Prova Objetiva<\/a><\/strong><\/p>\n<p style=\"text-align: center;\"><strong><a href=\"http:\/\/concursos.fadesp.org.br\/procurador2019\/arquivos\/RESULTADO%20PRELIMINAR%20PROCURADOR.pdf\"><span style=\"color: black;\">Resultado Preliminar Da Prova Objetiva<\/span><\/a><\/strong><\/p>\n<p style=\"text-align: center;\"><strong><a href=\"http:\/\/concursos.fadesp.org.br\/procurador2019\/arquivos\/GABARITO%20OFICIAL%20DEFINITIVO.pdf\">Gabarito Oficial Definitivo<\/a><\/strong><\/p>\n<p style=\"text-align: center;\"><strong><a href=\"http:\/\/concursos.fadesp.org.br\/procurador2019\/arquivos\/GABARITOS%20PRELIMINAR%20OFICIAL\/GABARITO%20OFICIAL%20PRELIMINAR.pdf\"><span style=\"color: black;\">Gabarito Oficial Preliminar.<\/span><\/a><\/strong><\/p>\n<p style=\"text-align: center;\"><strong><a href=\"http:\/\/concursos.fadesp.org.br\/procurador2019\/arquivos\/GABARITOS%20PRELIMINAR%20OFICIAL\/PROCURADOR_PROVA%20OBJETIVA.pdf\"><span style=\"color: black;\">Prova Objetiva\u00a0<\/span><\/a><\/strong><\/p>\n<p style=\"text-align: center;\"><strong><a href=\"http:\/\/concursos.fadesp.org.br\/procurador2019\/arquivos\/GABARITOS%20PRELIMINAR%20OFICIAL\/Prova%20Pr%C3%A1tica%20Profissional.pdf\"><span style=\"color: black;\">Prova Pr\u00e1tica-Profissional\u00a0<\/span><\/a><\/strong><\/p>\n<p style=\"text-align: center;\"><strong><a href=\"http:\/\/concursos.fadesp.org.br\/procurador2019\/arquivos\/Demanda.pdf\"><span style=\"color: black;\">Demanda <\/span><\/a><\/strong><\/p>\n<p style=\"text-align: center;\"><strong><a href=\"http:\/\/concursos.fadesp.org.br\/procurador2019\/arquivos\/Resultados\/RELA%C3%87%C3%83O%20DEFINITIVA%20DE%20PcD%20e%20PEDIDOS%20DE%20ATENDIMENTO%20ESPECIAL.pdf\">Rela\u00e7\u00e3o Definitiva De Pcd E Pedidos De Atendimento Especial<\/a><\/strong><\/p>\n<p style=\"text-align: center;\"><strong><a href=\"http:\/\/concursos.fadesp.org.br\/procurador2019\/arquivos\/Resultados\/RELA%C3%87%C3%83O%20PRELIMINAR%20DE%20PcD%20e%20PEDIDOS%20DE%20ATENDIMENTO%20ESPECIAL.pdf\"><span style=\"color: black;\">Rela\u00e7\u00e3o Preliminar De Pcd E Pedidos De Atendimento Especial<\/span><\/a><\/strong><\/p>\n<p style=\"text-align: center;\"><strong><a href=\"http:\/\/concursos.fadesp.org.br\/procurador2019\/arquivos\/Edital%20n%2002_2019_PMM%20-%20Procurador%20%20Municipal%20-%20Introduz%20retifica%C3%A7%C3%B5es.pdf\"><span style=\"color: #000000;\">Edital N.\u00ba 02\/2019\/PMM<\/span><\/a><\/strong><\/p>\n<p style=\"text-align: center;\"><strong><a href=\"http:\/\/concursos.fadesp.org.br\/procurador2019\/arquivos\/leis\/Lei%20Municipal%20n%C2%BA%2017825.pdf\">Lei Municipal n\u00ba 17825<\/a><\/strong><\/p>\n<p style=\"text-align: center;\"><strong><a href=\"http:\/\/concursos.fadesp.org.br\/procurador2019\/arquivos\/leis\/Lei%20Municipal%20n%C2%BA%2017.844.pdf\">Lei Municipal n\u00ba 17.844<\/a><\/strong>\n<strong><a href=\"http:\/\/concursos.fadesp.org.br\/procurador2019\/arquivos\/leis\/Lei%20Municipal%20n%C2%BA%2017.827.pdf\">Lei Municipal n\u00ba 17.827<\/a><\/strong>\n<strong><a href=\"http:\/\/concursos.fadesp.org.br\/procurador2019\/arquivos\/leis\/Lei%20Municipal%20n%C2%BA%2017.800.pdf\">Lei Municipal n\u00ba 17.800<\/a><\/strong>\n<strong><a href=\"http:\/\/concursos.fadesp.org.br\/procurador2019\/arquivos\/leis\/Lei%20Municipal%20n%C2%BA%2017.759.pdf\">Lei Municipal n\u00ba 17.759<\/a><\/strong>\n<strong><a href=\"http:\/\/concursos.fadesp.org.br\/procurador2019\/arquivos\/leis\/Lei%20Municipal%20n%C2%BA%2017.756.pdf\">Lei Municipal n\u00ba 17.756<\/a><\/strong>\n<strong><a href=\"http:\/\/concursos.fadesp.org.br\/procurador2019\/arquivos\/leis\/Lei%20Municipal%20n%C2%BA%2017.592.pdf\">Lei Municipal n\u00ba 17.592<\/a><\/strong>\n<strong><a href=\"http:\/\/concursos.fadesp.org.br\/procurador2019\/arquivos\/leis\/Lei%20Municipal%20n%C2%BA%2017.385.pdf\">Lei Municipal n\u00ba 17.385<\/a><\/strong>\n<strong><a href=\"http:\/\/www.maraba.pa.leg.br:8080\/sapl\/sapl_documentos\/norma_juridica\/8295_texto_integral\" target=\"_blank\" rel=\"noopener\">Lei Municipal n\u00ba 17.360<\/a><\/strong>\n<strong><a href=\"..\/wp-content\/uploads\/2019\/10\/Lei-Municipal-n\u00ba-17.336.pdf\" target=\"_blank\" rel=\"noopener\">Lei Municipal n\u00ba 17.336<\/a><\/strong>\n<strong><a href=\"http:\/\/concursos.fadesp.org.br\/procurador2019\/arquivos\/leis\/Lei%20Municipal%20n%C2%BA%2017.331.pdf\">Lei Municipal n\u00ba 17.331<\/a><\/strong>\n<strong><a href=\"..\/wp-content\/uploads\/2019\/10\/Edital-n-01_2019_PMM-Procurador-Municipal-de-Marab\u00e1.pdf\" target=\"_blank\" rel=\"noopener\">Edital n\u00ba 01 &#8211; abertura<\/a><\/strong>\n<strong><a href=\"..\/wp-content\/uploads\/2019\/10\/Marab\u00e1-Aviso-de-Edital-Em-04_10_2019.pdf\" target=\"_blank\" rel=\"noopener\">Aviso de edital<\/a><\/strong><\/p>\t\t\t\t\t\t\t\t<\/div>\n\t\t\t\t<\/div>\n\t\t\t\t<div class=\"elementor-element elementor-element-d277a5b elementor-widget elementor-widget-text-editor\" data-id=\"d277a5b\" data-element_type=\"widget\" data-widget_type=\"text-editor.default\">\n\t\t\t\t<div class=\"elementor-widget-container\">\n\t\t\t\t\t\t\t\t\t<p><strong>Informa\u00e7\u00f5es no setor de Concursos,\u00a0<\/strong><strong>das 8h \u00e0s 17h.\u00a0<br \/><\/strong><strong>Fone: (91) 4005-7440 \/ 7441 \/ 7442 <br \/>email: procurador_maraba@fadesp.org.br<\/strong><\/p>\t\t\t\t\t\t\t\t<\/div>\n\t\t\t\t<\/div>\n\t\t\t\t\t<\/div>\n\t\t<\/div>\n\t\t\t\t\t<\/div>\n\t\t<\/section>\n\t\t\t\t\t<\/div>\n\t\t<\/div>\n\t\t\t\t\t<\/div>\n\t\t<\/section>\n\t\t\t\t<\/div>\n\t\t","protected":false},"excerpt":{"rendered":"<p>Prefeitura Municipal de Marab\u00e1 \/ Procurador &#8211; 2019 A Prefeitura Municipal de Marab\u00e1 torna p\u00fablica a realiza\u00e7\u00e3o de concurso para o preenchimento de vagas para o cargo de Procurador do Munic\u00edpio, do quadro de pessoal efetivo de n\u00edvel superior. Vagas &#8211; 02 Cargos &#8211; Procurador Municipal (N\u00edvel Superior) Remunera\u00e7\u00e3o &#8211; R$ 3.373,00 mais 100% de [&hellip;]<\/p>\n","protected":false},"author":11,"featured_media":0,"parent":329,"menu_order":55,"comment_status":"closed","ping_status":"closed","template":"","meta":{"_monsterinsights_skip_tracking":false,"_monsterinsights_sitenote_active":false,"_monsterinsights_sitenote_note":"","_monsterinsights_sitenote_category":0,"footnotes":""},"class_list":["post-4525","page","type-page","status-publish","hentry","entry"],"yoast_head":"<!-- This site is optimized with the Yoast SEO plugin v25.1 - https:\/\/yoast.com\/wordpress\/plugins\/seo\/ -->\n<title>Prefeitura Municipal de Marab\u00e1 \/ Procurador - 2019 - FADESP<\/title>\n<meta name=\"robots\" content=\"index, follow, max-snippet:-1, max-image-preview:large, max-video-preview:-1\" \/>\n<link rel=\"canonical\" href=\"https:\/\/portalfadesp.org.br\/?page_id=4525\" \/>\n<meta property=\"og:locale\" content=\"pt_BR\" \/>\n<meta property=\"og:type\" content=\"article\" \/>\n<meta property=\"og:title\" content=\"Prefeitura Municipal de Marab\u00e1 \/ Procurador - 2019 - FADESP\" \/>\n<meta property=\"og:description\" content=\"Prefeitura Municipal de Marab\u00e1 \/ Procurador &#8211; 2019 A Prefeitura Municipal de Marab\u00e1 torna p\u00fablica a realiza\u00e7\u00e3o de concurso para o preenchimento de vagas para o cargo de Procurador do Munic\u00edpio, do quadro de pessoal efetivo de n\u00edvel superior. Vagas &#8211; 02 Cargos &#8211; Procurador Municipal (N\u00edvel Superior) Remunera\u00e7\u00e3o &#8211; R$ 3.373,00 mais 100% de [&hellip;]\" \/>\n<meta property=\"og:url\" content=\"https:\/\/portalfadesp.org.br\/?page_id=4525\" \/>\n<meta property=\"og:site_name\" content=\"FADESP\" \/>\n<meta property=\"article:publisher\" content=\"https:\/\/www.facebook.com\/Fadesp-138351949524662\/\" \/>\n<meta property=\"article:modified_time\" content=\"2022-12-20T14:17:43+00:00\" \/>\n<meta name=\"twitter:card\" content=\"summary_large_image\" \/>\n<meta name=\"twitter:site\" content=\"@Fadesp\" \/>\n<meta name=\"twitter:label1\" content=\"Est. tempo de leitura\" \/>\n\t<meta name=\"twitter:data1\" content=\"2 minutos\" \/>\n<script type=\"application\/ld+json\" class=\"yoast-schema-graph\">{\"@context\":\"https:\/\/schema.org\",\"@graph\":[{\"@type\":\"WebPage\",\"@id\":\"https:\/\/portalfadesp.org.br\/?page_id=4525\",\"url\":\"https:\/\/portalfadesp.org.br\/?page_id=4525\",\"name\":\"Prefeitura Municipal de Marab\u00e1 \/ Procurador - 2019 - FADESP\",\"isPartOf\":{\"@id\":\"https:\/\/portalfadesp.org.br\/#website\"},\"datePublished\":\"2019-10-04T14:46:57+00:00\",\"dateModified\":\"2022-12-20T14:17:43+00:00\",\"breadcrumb\":{\"@id\":\"https:\/\/portalfadesp.org.br\/?page_id=4525#breadcrumb\"},\"inLanguage\":\"pt-BR\",\"potentialAction\":[{\"@type\":\"ReadAction\",\"target\":[\"https:\/\/portalfadesp.org.br\/?page_id=4525\"]}]},{\"@type\":\"BreadcrumbList\",\"@id\":\"https:\/\/portalfadesp.org.br\/?page_id=4525#breadcrumb\",\"itemListElement\":[{\"@type\":\"ListItem\",\"position\":1,\"name\":\"In\u00edcio\",\"item\":\"https:\/\/portalfadesp.org.br\/\"},{\"@type\":\"ListItem\",\"position\":2,\"name\":\"Concursos &#8211; Homologados\",\"item\":\"https:\/\/portalfadesp.org.br\/?page_id=329\"},{\"@type\":\"ListItem\",\"position\":3,\"name\":\"Prefeitura Municipal de Marab\u00e1 \/ Procurador &#8211; 2019\"}]},{\"@type\":\"WebSite\",\"@id\":\"https:\/\/portalfadesp.org.br\/#website\",\"url\":\"https:\/\/portalfadesp.org.br\/\",\"name\":\"FADESP\",\"description\":\"Funda\u00e7\u00e3o de Amparo e Desenvolvimento da Pesquisa\",\"publisher\":{\"@id\":\"https:\/\/portalfadesp.org.br\/#organization\"},\"potentialAction\":[{\"@type\":\"SearchAction\",\"target\":{\"@type\":\"EntryPoint\",\"urlTemplate\":\"https:\/\/portalfadesp.org.br\/?s={search_term_string}\"},\"query-input\":{\"@type\":\"PropertyValueSpecification\",\"valueRequired\":true,\"valueName\":\"search_term_string\"}}],\"inLanguage\":\"pt-BR\"},{\"@type\":\"Organization\",\"@id\":\"https:\/\/portalfadesp.org.br\/#organization\",\"name\":\"FADESP\",\"url\":\"https:\/\/portalfadesp.org.br\/\",\"logo\":{\"@type\":\"ImageObject\",\"inLanguage\":\"pt-BR\",\"@id\":\"https:\/\/portalfadesp.org.br\/#\/schema\/logo\/image\/\",\"url\":\"https:\/\/portalfadesp.org.br\/wp-content\/uploads\/2024\/01\/NOVOLOGOFADESPlaranjaH.png\",\"contentUrl\":\"https:\/\/portalfadesp.org.br\/wp-content\/uploads\/2024\/01\/NOVOLOGOFADESPlaranjaH.png\",\"width\":2742,\"height\":839,\"caption\":\"FADESP\"},\"image\":{\"@id\":\"https:\/\/portalfadesp.org.br\/#\/schema\/logo\/image\/\"},\"sameAs\":[\"https:\/\/www.facebook.com\/Fadesp-138351949524662\/\",\"https:\/\/x.com\/Fadesp\",\"https:\/\/www.instagram.com\/fadesp_ufpa\/\",\"https:\/\/www.youtube.com\/@fundacaodeamparoedesenvolv1903\",\"https:\/\/www.threads.net\/@fadesp_ufpa\"]}]}<\/script>\n<!-- \/ Yoast SEO plugin. -->","yoast_head_json":{"title":"Prefeitura Municipal de Marab\u00e1 \/ Procurador - 2019 - FADESP","robots":{"index":"index","follow":"follow","max-snippet":"max-snippet:-1","max-image-preview":"max-image-preview:large","max-video-preview":"max-video-preview:-1"},"canonical":"https:\/\/portalfadesp.org.br\/?page_id=4525","og_locale":"pt_BR","og_type":"article","og_title":"Prefeitura Municipal de Marab\u00e1 \/ Procurador - 2019 - FADESP","og_description":"Prefeitura Municipal de Marab\u00e1 \/ Procurador &#8211; 2019 A Prefeitura Municipal de Marab\u00e1 torna p\u00fablica a realiza\u00e7\u00e3o de concurso para o preenchimento de vagas para o cargo de Procurador do Munic\u00edpio, do quadro de pessoal efetivo de n\u00edvel superior. Vagas &#8211; 02 Cargos &#8211; Procurador Municipal (N\u00edvel Superior) Remunera\u00e7\u00e3o &#8211; R$ 3.373,00 mais 100% de [&hellip;]","og_url":"https:\/\/portalfadesp.org.br\/?page_id=4525","og_site_name":"FADESP","article_publisher":"https:\/\/www.facebook.com\/Fadesp-138351949524662\/","article_modified_time":"2022-12-20T14:17:43+00:00","twitter_card":"summary_large_image","twitter_site":"@Fadesp","twitter_misc":{"Est. tempo de leitura":"2 minutos"},"schema":{"@context":"https:\/\/schema.org","@graph":[{"@type":"WebPage","@id":"https:\/\/portalfadesp.org.br\/?page_id=4525","url":"https:\/\/portalfadesp.org.br\/?page_id=4525","name":"Prefeitura Municipal de Marab\u00e1 \/ Procurador - 2019 - FADESP","isPartOf":{"@id":"https:\/\/portalfadesp.org.br\/#website"},"datePublished":"2019-10-04T14:46:57+00:00","dateModified":"2022-12-20T14:17:43+00:00","breadcrumb":{"@id":"https:\/\/portalfadesp.org.br\/?page_id=4525#breadcrumb"},"inLanguage":"pt-BR","potentialAction":[{"@type":"ReadAction","target":["https:\/\/portalfadesp.org.br\/?page_id=4525"]}]},{"@type":"BreadcrumbList","@id":"https:\/\/portalfadesp.org.br\/?page_id=4525#breadcrumb","itemListElement":[{"@type":"ListItem","position":1,"name":"In\u00edcio","item":"https:\/\/portalfadesp.org.br\/"},{"@type":"ListItem","position":2,"name":"Concursos &#8211; Homologados","item":"https:\/\/portalfadesp.org.br\/?page_id=329"},{"@type":"ListItem","position":3,"name":"Prefeitura Municipal de Marab\u00e1 \/ Procurador &#8211; 2019"}]},{"@type":"WebSite","@id":"https:\/\/portalfadesp.org.br\/#website","url":"https:\/\/portalfadesp.org.br\/","name":"FADESP","description":"Funda\u00e7\u00e3o de Amparo e Desenvolvimento da Pesquisa","publisher":{"@id":"https:\/\/portalfadesp.org.br\/#organization"},"potentialAction":[{"@type":"SearchAction","target":{"@type":"EntryPoint","urlTemplate":"https:\/\/portalfadesp.org.br\/?s={search_term_string}"},"query-input":{"@type":"PropertyValueSpecification","valueRequired":true,"valueName":"search_term_string"}}],"inLanguage":"pt-BR"},{"@type":"Organization","@id":"https:\/\/portalfadesp.org.br\/#organization","name":"FADESP","url":"https:\/\/portalfadesp.org.br\/","logo":{"@type":"ImageObject","inLanguage":"pt-BR","@id":"https:\/\/portalfadesp.org.br\/#\/schema\/logo\/image\/","url":"https:\/\/portalfadesp.org.br\/wp-content\/uploads\/2024\/01\/NOVOLOGOFADESPlaranjaH.png","contentUrl":"https:\/\/portalfadesp.org.br\/wp-content\/uploads\/2024\/01\/NOVOLOGOFADESPlaranjaH.png","width":2742,"height":839,"caption":"FADESP"},"image":{"@id":"https:\/\/portalfadesp.org.br\/#\/schema\/logo\/image\/"},"sameAs":["https:\/\/www.facebook.com\/Fadesp-138351949524662\/","https:\/\/x.com\/Fadesp","https:\/\/www.instagram.com\/fadesp_ufpa\/","https:\/\/www.youtube.com\/@fundacaodeamparoedesenvolv1903","https:\/\/www.threads.net\/@fadesp_ufpa"]}]}},"_links":{"self":[{"href":"https:\/\/portalfadesp.org.br\/index.php?rest_route=\/wp\/v2\/pages\/4525","targetHints":{"allow":["GET"]}}],"collection":[{"href":"https:\/\/portalfadesp.org.br\/index.php?rest_route=\/wp\/v2\/pages"}],"about":[{"href":"https:\/\/portalfadesp.org.br\/index.php?rest_route=\/wp\/v2\/types\/page"}],"author":[{"embeddable":true,"href":"https:\/\/portalfadesp.org.br\/index.php?rest_route=\/wp\/v2\/users\/11"}],"replies":[{"embeddable":true,"href":"https:\/\/portalfadesp.org.br\/index.php?rest_route=%2Fwp%2Fv2%2Fcomments&post=4525"}],"version-history":[{"count":141,"href":"https:\/\/portalfadesp.org.br\/index.php?rest_route=\/wp\/v2\/pages\/4525\/revisions"}],"predecessor-version":[{"id":36360,"href":"https:\/\/portalfadesp.org.br\/index.php?rest_route=\/wp\/v2\/pages\/4525\/revisions\/36360"}],"up":[{"embeddable":true,"href":"https:\/\/portalfadesp.org.br\/index.php?rest_route=\/wp\/v2\/pages\/329"}],"wp:attachment":[{"href":"https:\/\/portalfadesp.org.br\/index.php?rest_route=%2Fwp%2Fv2%2Fmedia&parent=4525"}],"curies":[{"name":"wp","href":"https:\/\/api.w.org\/{rel}","templated":true}]}}