{"id":45215,"date":"2024-02-02T16:24:14","date_gmt":"2024-02-02T19:24:14","guid":{"rendered":"https:\/\/portalfadesp.org.br\/?page_id=45215"},"modified":"2024-10-22T15:20:48","modified_gmt":"2024-10-22T18:20:48","slug":"pagina_modelo-19-12-40","status":"publish","type":"page","link":"https:\/\/portalfadesp.org.br\/?page_id=45215","title":{"rendered":"Concurso P\u00fablico da Prefeitura Municipal de Igarap\u00e9-Miri (2024)"},"content":{"rendered":"\t\t<div data-elementor-type=\"wp-post\" data-elementor-id=\"45215\" class=\"elementor elementor-45215\" data-elementor-post-type=\"page\">\n\t\t\t\t\t\t<section class=\"elementor-section elementor-top-section elementor-element elementor-element-1f2996d1 elementor-section-boxed elementor-section-height-default elementor-section-height-default\" data-id=\"1f2996d1\" data-element_type=\"section\">\n\t\t\t\t\t\t<div class=\"elementor-container elementor-column-gap-default\">\n\t\t\t\t\t<div class=\"elementor-column elementor-col-100 elementor-top-column elementor-element elementor-element-59a4b3f8\" data-id=\"59a4b3f8\" data-element_type=\"column\">\n\t\t\t<div class=\"elementor-widget-wrap elementor-element-populated\">\n\t\t\t\t\t\t<div class=\"elementor-element elementor-element-799471af elementor-widget elementor-widget-heading\" data-id=\"799471af\" data-element_type=\"widget\" data-widget_type=\"heading.default\">\n\t\t\t\t<div class=\"elementor-widget-container\">\n\t\t\t\t\t<h1 class=\"elementor-heading-title elementor-size-default\">Concurso P\u00fablico da Prefeitura Municipal de Igarap\u00e9-Miri (2024)<\/h1>\t\t\t\t<\/div>\n\t\t\t\t<\/div>\n\t\t\t\t<section class=\"elementor-section elementor-inner-section elementor-element elementor-element-336311f elementor-section-boxed elementor-section-height-default elementor-section-height-default\" data-id=\"336311f\" data-element_type=\"section\">\n\t\t\t\t\t\t<div class=\"elementor-container elementor-column-gap-default\">\n\t\t\t\t\t<div class=\"elementor-column elementor-col-50 elementor-inner-column elementor-element elementor-element-75ca0dc3\" data-id=\"75ca0dc3\" data-element_type=\"column\">\n\t\t\t<div class=\"elementor-widget-wrap elementor-element-populated\">\n\t\t\t\t\t\t<div class=\"elementor-element elementor-element-425a3096 elementor-widget elementor-widget-text-editor\" data-id=\"425a3096\" data-element_type=\"widget\" data-widget_type=\"text-editor.default\">\n\t\t\t\t<div class=\"elementor-widget-container\">\n\t\t\t\t\t\t\t\t\t<p>O Prefeito Municipal de Igarap\u00e9-Miri, no uso de suas atribui\u00e7\u00f5es, torna p\u00fablica a realiza\u00e7\u00e3o de Concurso P\u00fablico destinado ao preenchimento de vagas para cargos do quadro de pessoal efetivo da Prefeitura as condi\u00e7\u00f5es estabelecidas no edital de abertura &#8211; Edital n.\u00ba 001\/2024.<\/p>\n<p><strong>A sele\u00e7\u00e3o para os cargos de que trata este edital compreender\u00e1 as seguintes provas, conforme subitens a seguir.<\/strong><br><strong>&#8211;<\/strong> Prova de conhecimentos mediante aplica\u00e7\u00e3o de provas objetivas para todos os cargos, de car\u00e1ter eliminat\u00f3rio e classificat\u00f3rio, a serem aplicadas no Munic\u00edpio de Igarap\u00e9-Miri.<br>&#8211; Prova de pr\u00e1tica jur\u00eddica para o cargo de Procurador do Munic\u00edpio, de car\u00e1ter eliminat\u00f3rio e classificat\u00f3rio, a ser aplicada no Munic\u00edpio de Igarap\u00e9-Miri, para candidatos selecionados conforme regras e data constantes neste edital.<br>&#8211; Prova de t\u00edtulos para todos os cargos de n\u00edvel superior, de car\u00e1ter apenas classificat\u00f3rio, para candidatos selecionados conforme regras constantes neste edital.<\/p>\n<p><strong>Total de vagas ofertadas<\/strong> = 320<br><strong>&#8211; N\u00edvel Fundamental<\/strong> = 117 vagas.<br><strong>&#8211; N\u00edvel M\u00e9dio e T\u00e9cnico<\/strong> = 52 vagas.<br><strong>&#8211; N\u00edvel Superior<\/strong> = 75 vagas.<br><strong>&#8211; N\u00edvel Superior Professor =<\/strong> 75 vagas.<\/p>\n<p><strong>&#8211; Valor das taxas de Inscri\u00e7\u00e3o:<\/strong><br>R$ 100,00 (cem reais) para todos os cargos de n\u00edvel superior;<br>R$ 90,00 (noventa reais) para todos os cargos de n\u00edvel m\u00e9dio;<br>R$ 70,00 (setenta reais) para todos os cargos de n\u00edvel fundamental.<\/p>\n<p><strong>&#8211; Per\u00edodo de Inscri\u00e7\u00e3o =<\/strong> 02\/02\/2024 a 11\/03\/2024<\/p>\n<p><strong>&#8211; Solicita\u00e7\u00e3o de isen\u00e7\u00e3o da taxa de inscri\u00e7\u00e3o para PCD =&nbsp;<\/strong>02\/02\/2024&nbsp;a 09\/02\/2024<\/p>\n<p><strong>&#8211; \u00daltimo dia para pagamento da taxa de inscri\u00e7\u00e3o<\/strong> =&nbsp;12\/03\/2024<\/p>\n<p>&#8211; Data prov\u00e1vel para aplica\u00e7\u00e3o das Provas Objetivas <strong>somente para o cargo Auxiliar de Servi\u00e7os Gerais de N\u00edvel Fundamental<\/strong> =&nbsp;24\/03\/2024 \u2013 Turno da manh\u00e3, das 8h \u00e0s 12h.<\/p>\n<p>&#8211; Data prov\u00e1vel para aplica\u00e7\u00e3o das Provas Objetivas <strong>para os demais cargos de N\u00edvel Fundamental<\/strong> =&nbsp;24\/03\/2024 \u2013 Turno da tarde, das 14h30min \u00e0s 18h30min.<\/p>\n<p>&#8211; Data prov\u00e1vel para aplica\u00e7\u00e3o das Provas Objetivas <strong>para todos os cargos de N\u00edvel M\u00e9dio<\/strong> = 07\/04\/2024 \u2013 Turno da manh\u00e3, das 8h \u00e0s 12h.<\/p>\n<p>&#8211; Data prov\u00e1vel para aplica\u00e7\u00e3o das Provas Objetivas <strong>para todos os demais cargos de N\u00edvel Superior<\/strong> =&nbsp;07\/04\/2024 \u2013 Turno da tarde, das 14h30min \u00e0s 18h30min.<\/p>\n<p>&#8211; Convoca\u00e7\u00e3o para a prova de t\u00edtulos de todos os candidatos de cargos de n\u00edvel superior e Convoca\u00e7\u00e3o para prova pr\u00e1tica-jur\u00eddica para o cargo de Procurador Municipal \u2013<strong> 07\/05\/2024<\/strong><\/p>\n<p>&#8211; Per\u00edodo de anexa\u00e7\u00e3o de documentos da prova de t\u00edtulos para todos os cargos de n\u00edvel superior<strong> \u2013 21 a 24\/05\/2024<\/strong><\/p>\n<p>&#8211; Aplica\u00e7\u00e3o da Prova Pr\u00e1tica Jur\u00eddica para o cargo de Procurador Municipal <strong>= <\/strong><strong>26\/05\/2024<\/strong><\/p>\n<p>&#8211; Homologa\u00e7\u00e3o do Resultado Final Classificat\u00f3rio para todos os cargos =<strong> 28\/06\/2024<\/strong><\/p>\t\t\t\t\t\t\t\t<\/div>\n\t\t\t\t<\/div>\n\t\t\t\t\t<\/div>\n\t\t<\/div>\n\t\t\t\t<div class=\"elementor-column elementor-col-50 elementor-inner-column elementor-element elementor-element-79608089\" data-id=\"79608089\" data-element_type=\"column\">\n\t\t\t<div class=\"elementor-widget-wrap elementor-element-populated\">\n\t\t\t\t\t\t<div class=\"elementor-element elementor-element-87262f0 elementor-widget elementor-widget-text-editor\" data-id=\"87262f0\" data-element_type=\"widget\" data-widget_type=\"text-editor.default\">\n\t\t\t\t<div class=\"elementor-widget-container\">\n\t\t\t\t\t\t\t\t\t<div style=\"text-align: center;\"><strong>Aten\u00e7\u00e3o<\/strong><\/div><div>\u00a0<\/div><div>Informa\u00e7\u00f5es sobre convoca\u00e7\u00f5es para habilita\u00e7\u00e3o e posse nos cargos, somente estar\u00e3o dispon\u00edvel no site da Prefeitura Municipal.<\/div>\t\t\t\t\t\t\t\t<\/div>\n\t\t\t\t<\/div>\n\t\t\t\t<div class=\"elementor-element elementor-element-640c09f elementor-widget elementor-widget-text-editor\" data-id=\"640c09f\" data-element_type=\"widget\" data-widget_type=\"text-editor.default\">\n\t\t\t\t<div class=\"elementor-widget-container\">\n\t\t\t\t\t\t\t\t\t<div class=\"botaoBug\" style=\"margin-bottom: 10px;\"><a href=\"http:\/\/concursos2.fadesp.org.br\/prefeitura\/2024\/igarapemiri\/web\/\"><strong>\u00c1rea do candidato (Clique aqui)<\/strong><\/a><\/div><div><em>* Na \u00e1rea do candidato poder\u00e1 ser realizado seu cadastro, inscri\u00e7\u00e3o, emiss\u00e3o de boleto, recursos, impress\u00e3o de cart\u00e3o com local de prova e afins\u2026<\/em><\/div>\t\t\t\t\t\t\t\t<\/div>\n\t\t\t\t<\/div>\n\t\t\t\t<div class=\"elementor-element elementor-element-7ccac55 elementor-widget elementor-widget-text-editor\" data-id=\"7ccac55\" data-element_type=\"widget\" data-widget_type=\"text-editor.default\">\n\t\t\t\t<div class=\"elementor-widget-container\">\n\t\t\t\t\t\t\t\t\t<p><strong>Editais\u00a0<\/strong><\/p>\t\t\t\t\t\t\t\t<\/div>\n\t\t\t\t<\/div>\n\t\t\t\t<div class=\"elementor-element elementor-element-01d3973 elementor-widget elementor-widget-text-editor\" data-id=\"01d3973\" data-element_type=\"widget\" data-widget_type=\"text-editor.default\">\n\t\t\t\t<div class=\"elementor-widget-container\">\n\t\t\t\t\t\t\t\t\t<p style=\"text-align: center;\"><a href=\"https:\/\/portalfadesp.org.br\/wp-content\/uploads\/2024\/07\/AVISO-DE-HOMOLOGACAO-DE-CONCURSO-PUBLICO.pdf\">AVISO DE HOMOLOGA\u00c7\u00c3O DE CONCURSO P\u00daBLICO, de 03\/07\/2024 <strong>(Clique aqui)<\/strong><\/a><\/p>\t\t\t\t\t\t\t\t<\/div>\n\t\t\t\t<\/div>\n\t\t\t\t<div class=\"elementor-element elementor-element-bfe8f3a elementor-widget elementor-widget-eael-adv-accordion\" data-id=\"bfe8f3a\" data-element_type=\"widget\" data-widget_type=\"eael-adv-accordion.default\">\n\t\t\t\t<div class=\"elementor-widget-container\">\n\t\t\t\t\t        <div class=\"eael-adv-accordion\" id=\"eael-adv-accordion-bfe8f3a\" data-scroll-on-click=\"no\" data-scroll-speed=\"300\" data-accordion-id=\"bfe8f3a\" data-accordion-type=\"accordion\" data-toogle-speed=\"300\">\n    <div class=\"eael-accordion-list\">\n                <div id=\"resultado-final-definitivo\" class=\"elementor-tab-title eael-accordion-header\" tabindex=\"0\" data-tab=\"1\" aria-controls=\"elementor-tab-content-2011\"><span class=\"eael-advanced-accordion-icon-closed\"><svg aria-hidden=\"true\" class=\"fa-accordion-icon e-font-icon-svg e-fas-plus\" viewBox=\"0 0 448 512\" xmlns=\"http:\/\/www.w3.org\/2000\/svg\"><path d=\"M416 208H272V64c0-17.67-14.33-32-32-32h-32c-17.67 0-32 14.33-32 32v144H32c-17.67 0-32 14.33-32 32v32c0 17.67 14.33 32 32 32h144v144c0 17.67 14.33 32 32 32h32c17.67 0 32-14.33 32-32V304h144c17.67 0 32-14.33 32-32v-32c0-17.67-14.33-32-32-32z\"><\/path><\/svg><\/span><span class=\"eael-advanced-accordion-icon-opened\"><svg aria-hidden=\"true\" class=\"fa-accordion-icon e-font-icon-svg e-fas-minus\" viewBox=\"0 0 448 512\" xmlns=\"http:\/\/www.w3.org\/2000\/svg\"><path d=\"M416 208H32c-17.67 0-32 14.33-32 32v32c0 17.67 14.33 32 32 32h384c17.67 0 32-14.33 32-32v-32c0-17.67-14.33-32-32-32z\"><\/path><\/svg><\/span><h6 class=\"eael-accordion-tab-title\">Resultado Final Definitivo<\/h6><svg aria-hidden=\"true\" class=\"fa-toggle e-font-icon-svg e-fas-angle-right\" viewBox=\"0 0 256 512\" xmlns=\"http:\/\/www.w3.org\/2000\/svg\"><path d=\"M224.3 273l-136 136c-9.4 9.4-24.6 9.4-33.9 0l-22.6-22.6c-9.4-9.4-9.4-24.6 0-33.9l96.4-96.4-96.4-96.4c-9.4-9.4-9.4-24.6 0-33.9L54.3 103c9.4-9.4 24.6-9.4 33.9 0l136 136c9.5 9.4 9.5 24.6.1 34z\"><\/path><\/svg><\/div><div id=\"elementor-tab-content-2011\" class=\"eael-accordion-content clearfix\" data-tab=\"1\" aria-labelledby=\"resultado-final-definitivo\"><p><a href=\"https:\/\/portalfadesp.org.br\/wp-content\/uploads\/2024\/06\/Resultado-Final-Definitivo-do-Concurso-Publico-PMI-Procurador-Municipal-26-06-2024-BN3WER.pdf\">Resultado Final Definitivo do Concurso P\u00fablico PMI Procurador Municipal, de 26\/06\/2024 <strong>(Clique aqui)<\/strong><\/a><\/p><p><a href=\"https:\/\/portalfadesp.org.br\/wp-content\/uploads\/2024\/06\/Resultado-Final-Definitivo-do-Concurso-Publico-PMI-Nivel-Superior-Professor-26-06-2024-BN3WER.pdf\">Resultado Final Definitivo do Concurso P\u00fablico PMI N\u00edvel Superior Professor, de 26\/06\/2024 <strong>(Clique aqui)<\/strong><\/a><\/p><p><a href=\"https:\/\/portalfadesp.org.br\/wp-content\/uploads\/2024\/06\/Resultado-Final-Definitivo-do-Concurso-Publico-PMI-Nivel-Superior-Exceto-Professor-26-06-2024-BN3WER.pdf\">Resultado Final Definitivo do Concurso P\u00fablico PMI N\u00edvel Superior Exceto Professor, de 26\/06\/2024 <strong>(Clique aqui)<\/strong><\/a><\/p><p><a href=\"https:\/\/portalfadesp.org.br\/wp-content\/uploads\/2024\/06\/Resultado-Final-Definitivo-do-Concurso-Publico-PMI-Nivel-Medio-26-06-2024-BN3WER.pdf\">Resultado Final Definitivo do Concurso P\u00fablico PMI N\u00edvel M\u00e9dio, de 26\/06\/2024 <strong>(Clique aqui)<\/strong><\/a><\/p><p><a href=\"https:\/\/portalfadesp.org.br\/wp-content\/uploads\/2024\/06\/Resultado-Final-Definitivo-do-Concurso-Publico-PMI-Nivel-Fundamental-26-06-2024-BN3WER.pdf\">Resultado Final Definitivo do Concurso P\u00fablico PMI N\u00edvel Fundamental, de 26\/06\/2024 <strong>(Clique aqui)<\/strong><\/a><\/p><\/div>\n                <\/div><\/div>\t\t\t\t<\/div>\n\t\t\t\t<\/div>\n\t\t\t\t<div class=\"elementor-element elementor-element-a875a0e elementor-widget elementor-widget-eael-adv-accordion\" data-id=\"a875a0e\" data-element_type=\"widget\" data-widget_type=\"eael-adv-accordion.default\">\n\t\t\t\t<div class=\"elementor-widget-container\">\n\t\t\t\t\t        <div class=\"eael-adv-accordion\" id=\"eael-adv-accordion-a875a0e\" data-scroll-on-click=\"no\" data-scroll-speed=\"300\" data-accordion-id=\"a875a0e\" data-accordion-type=\"accordion\" data-toogle-speed=\"300\">\n    <div class=\"eael-accordion-list\">\n                <div id=\"resultado-final-preliminar\" class=\"elementor-tab-title eael-accordion-header\" tabindex=\"0\" data-tab=\"1\" aria-controls=\"elementor-tab-content-1761\"><span class=\"eael-advanced-accordion-icon-closed\"><svg aria-hidden=\"true\" class=\"fa-accordion-icon e-font-icon-svg e-fas-plus\" viewBox=\"0 0 448 512\" xmlns=\"http:\/\/www.w3.org\/2000\/svg\"><path d=\"M416 208H272V64c0-17.67-14.33-32-32-32h-32c-17.67 0-32 14.33-32 32v144H32c-17.67 0-32 14.33-32 32v32c0 17.67 14.33 32 32 32h144v144c0 17.67 14.33 32 32 32h32c17.67 0 32-14.33 32-32V304h144c17.67 0 32-14.33 32-32v-32c0-17.67-14.33-32-32-32z\"><\/path><\/svg><\/span><span class=\"eael-advanced-accordion-icon-opened\"><svg aria-hidden=\"true\" class=\"fa-accordion-icon e-font-icon-svg e-fas-minus\" viewBox=\"0 0 448 512\" xmlns=\"http:\/\/www.w3.org\/2000\/svg\"><path d=\"M416 208H32c-17.67 0-32 14.33-32 32v32c0 17.67 14.33 32 32 32h384c17.67 0 32-14.33 32-32v-32c0-17.67-14.33-32-32-32z\"><\/path><\/svg><\/span><h6 class=\"eael-accordion-tab-title\">Resultado Final Preliminar<\/h6><svg aria-hidden=\"true\" class=\"fa-toggle e-font-icon-svg e-fas-angle-right\" viewBox=\"0 0 256 512\" xmlns=\"http:\/\/www.w3.org\/2000\/svg\"><path d=\"M224.3 273l-136 136c-9.4 9.4-24.6 9.4-33.9 0l-22.6-22.6c-9.4-9.4-9.4-24.6 0-33.9l96.4-96.4-96.4-96.4c-9.4-9.4-9.4-24.6 0-33.9L54.3 103c9.4-9.4 24.6-9.4 33.9 0l136 136c9.5 9.4 9.5 24.6.1 34z\"><\/path><\/svg><\/div><div id=\"elementor-tab-content-1761\" class=\"eael-accordion-content clearfix\" data-tab=\"1\" aria-labelledby=\"resultado-final-preliminar\"><p><a href=\"https:\/\/portalfadesp.org.br\/wp-content\/uploads\/2024\/06\/Resultado-Final-Preliminar-do-Concurso-Publico-PMI-Nivel-Superior-Professor-19-06-2024-HJG42J.pdf\">Resultado Final Preliminar do Concurso P\u00fablico PMI N\u00edvel Superior Professor, de 19\/06\/2024 <strong>(Clique aqui)<\/strong><\/a><\/p><p><a href=\"https:\/\/portalfadesp.org.br\/wp-content\/uploads\/2024\/06\/Resultado-Final-Preliminar-do-Concurso-Publico-PMI-Procurador-Municipal-19-06-2024-HJG42J.pdf\">Resultado Final Preliminar do Concurso P\u00fablico PMI Procurador Municipal, de 19\/06\/2024 <strong>(Clique aqui)<\/strong><\/a><\/p><p><a href=\"https:\/\/portalfadesp.org.br\/wp-content\/uploads\/2024\/06\/Resultado-Final-Preliminar-do-Concurso-Publico-PMI-Nivel-Superior-Exceto-Professor-19-06-2024-HJG42J.pdf\">Resultado Final Preliminar do Concurso P\u00fablico PMI N\u00edvel Superior Exceto Professor, de 19\/06\/2024 <strong>(Clique aqui)<\/strong><\/a><\/p><\/div>\n                <\/div><div class=\"eael-accordion-list\">\n                <div id=\"resultado-definitivo-da-prova-de-ttulos\" class=\"elementor-tab-title eael-accordion-header\" tabindex=\"0\" data-tab=\"2\" aria-controls=\"elementor-tab-content-1762\"><span class=\"eael-advanced-accordion-icon-closed\"><svg aria-hidden=\"true\" class=\"fa-accordion-icon e-font-icon-svg e-fas-plus\" viewBox=\"0 0 448 512\" xmlns=\"http:\/\/www.w3.org\/2000\/svg\"><path d=\"M416 208H272V64c0-17.67-14.33-32-32-32h-32c-17.67 0-32 14.33-32 32v144H32c-17.67 0-32 14.33-32 32v32c0 17.67 14.33 32 32 32h144v144c0 17.67 14.33 32 32 32h32c17.67 0 32-14.33 32-32V304h144c17.67 0 32-14.33 32-32v-32c0-17.67-14.33-32-32-32z\"><\/path><\/svg><\/span><span class=\"eael-advanced-accordion-icon-opened\"><svg aria-hidden=\"true\" class=\"fa-accordion-icon e-font-icon-svg e-fas-minus\" viewBox=\"0 0 448 512\" xmlns=\"http:\/\/www.w3.org\/2000\/svg\"><path d=\"M416 208H32c-17.67 0-32 14.33-32 32v32c0 17.67 14.33 32 32 32h384c17.67 0 32-14.33 32-32v-32c0-17.67-14.33-32-32-32z\"><\/path><\/svg><\/span><h6 class=\"eael-accordion-tab-title\">Resultado Definitivo da Prova de T\u00edtulos<\/h6><svg aria-hidden=\"true\" class=\"fa-toggle e-font-icon-svg e-fas-angle-right\" viewBox=\"0 0 256 512\" xmlns=\"http:\/\/www.w3.org\/2000\/svg\"><path d=\"M224.3 273l-136 136c-9.4 9.4-24.6 9.4-33.9 0l-22.6-22.6c-9.4-9.4-9.4-24.6 0-33.9l96.4-96.4-96.4-96.4c-9.4-9.4-9.4-24.6 0-33.9L54.3 103c9.4-9.4 24.6-9.4 33.9 0l136 136c9.5 9.4 9.5 24.6.1 34z\"><\/path><\/svg><\/div><div id=\"elementor-tab-content-1762\" class=\"eael-accordion-content clearfix\" data-tab=\"2\" aria-labelledby=\"resultado-definitivo-da-prova-de-ttulos\"><p><a href=\"https:\/\/portalfadesp.org.br\/wp-content\/uploads\/2024\/06\/RESULTADO-DEFINITIVO-DA-PROVA-DE-TITULOS-CARGOS-DE-PROCURADOR-MUNICIPAL-19_06_2024-HJG42J.pdf\">RESULTADO DEFINITIVO DA PROVA DE T\u00cdTULOS CARGOS DE PROCURADOR MUNICIPAL, de 19\/06\/2024 <strong>(Clique aqui)<\/strong><\/a><\/p><p><a href=\"https:\/\/portalfadesp.org.br\/wp-content\/uploads\/2024\/06\/RESULTADO-DEFINITIVO-DA-PROVA-DE-TITULOS-CARGOS-DE-NIVEL-SUPERIOR-PROFESSORES-19_06_2024-HJG42J.pdf\">RESULTADO DEFINITIVO DA PROVA DE T\u00cdTULOS CARGOS DE N\u00cdVEL SUPERIOR PROFESSORES, de 19\/06\/2024 <strong>(Clique aqui)<\/strong><\/a><\/p><p><a href=\"https:\/\/portalfadesp.org.br\/wp-content\/uploads\/2024\/06\/RESULTADO-DEFINITIVO-DA-PROVA-DE-TITULOS-CARGOS-DE-NIVEL-SUPERIOR-EXCETO-PROFESSORES-19_06_2024-HJG42J.pdf\">RESULTADO DEFINITIVO DA PROVA DE T\u00cdTULOS CARGOS DE N\u00cdVEL SUPERIOR EXCETO PROFESSORES, de 19\/06\/2024 <strong>(Clique aqui)<\/strong><\/a><\/p><\/div>\n                <\/div><div class=\"eael-accordion-list\">\n                <div id=\"resultado-definitivo-da-prova-prtica-jurdica\" class=\"elementor-tab-title eael-accordion-header\" tabindex=\"0\" data-tab=\"3\" aria-controls=\"elementor-tab-content-1763\"><span class=\"eael-advanced-accordion-icon-closed\"><svg aria-hidden=\"true\" class=\"fa-accordion-icon e-font-icon-svg e-fas-plus\" viewBox=\"0 0 448 512\" xmlns=\"http:\/\/www.w3.org\/2000\/svg\"><path d=\"M416 208H272V64c0-17.67-14.33-32-32-32h-32c-17.67 0-32 14.33-32 32v144H32c-17.67 0-32 14.33-32 32v32c0 17.67 14.33 32 32 32h144v144c0 17.67 14.33 32 32 32h32c17.67 0 32-14.33 32-32V304h144c17.67 0 32-14.33 32-32v-32c0-17.67-14.33-32-32-32z\"><\/path><\/svg><\/span><span class=\"eael-advanced-accordion-icon-opened\"><svg aria-hidden=\"true\" class=\"fa-accordion-icon e-font-icon-svg e-fas-minus\" viewBox=\"0 0 448 512\" xmlns=\"http:\/\/www.w3.org\/2000\/svg\"><path d=\"M416 208H32c-17.67 0-32 14.33-32 32v32c0 17.67 14.33 32 32 32h384c17.67 0 32-14.33 32-32v-32c0-17.67-14.33-32-32-32z\"><\/path><\/svg><\/span><h6 class=\"eael-accordion-tab-title\">Resultado Definitivo da Prova Pr\u00e1tica Jur\u00eddica<\/h6><svg aria-hidden=\"true\" class=\"fa-toggle e-font-icon-svg e-fas-angle-right\" viewBox=\"0 0 256 512\" xmlns=\"http:\/\/www.w3.org\/2000\/svg\"><path d=\"M224.3 273l-136 136c-9.4 9.4-24.6 9.4-33.9 0l-22.6-22.6c-9.4-9.4-9.4-24.6 0-33.9l96.4-96.4-96.4-96.4c-9.4-9.4-9.4-24.6 0-33.9L54.3 103c9.4-9.4 24.6-9.4 33.9 0l136 136c9.5 9.4 9.5 24.6.1 34z\"><\/path><\/svg><\/div><div id=\"elementor-tab-content-1763\" class=\"eael-accordion-content clearfix\" data-tab=\"3\" aria-labelledby=\"resultado-definitivo-da-prova-prtica-jurdica\"><p><a href=\"https:\/\/portalfadesp.org.br\/wp-content\/uploads\/2024\/06\/RESULTADO-DEFINITIVO-DA-PROVA-DE-PRATICA-JURIDICA-19_06_2024-HJG42J.pdf\">RESULTADO DEFINITIVO DA PROVA DE PR\u00c1TICA JUR\u00cdDICA, de 19\/06\/2024 <strong>(Clique aqui)<\/strong><\/a><\/p><\/div>\n                <\/div><\/div>\t\t\t\t<\/div>\n\t\t\t\t<\/div>\n\t\t\t\t<div class=\"elementor-element elementor-element-368e568 elementor-widget elementor-widget-text-editor\" data-id=\"368e568\" data-element_type=\"widget\" data-widget_type=\"text-editor.default\">\n\t\t\t\t<div class=\"elementor-widget-container\">\n\t\t\t\t\t\t\t\t\t<p>\u00a0<\/p><p style=\"text-align: center;\"><a href=\"https:\/\/portalfadesp.org.br\/wp-content\/uploads\/2024\/06\/RESULTADO-PRELIMINAR-DA-PROVA-DE-PRATICA-JURIDICA-12_06_2024.pdf\">RESULTADO PRELIMINAR DA PROVA DE PR\u00c1TICA JUR\u00cdDICA, DE 12\/06\/2024 <strong>(Clique aqui)<\/strong><\/a><\/p><p style=\"text-align: center;\"><a href=\"https:\/\/drive.google.com\/drive\/folders\/1j8zLQZKi_zX9UWHZzcnZFwUdeNAjU_H4?usp=sharing\">RESULTADOS PRELIMINARES DAS PROVAS DE T\u00cdTULOS, DE 12\/06\/2024 <strong>(Clique aqui)<\/strong><\/a><\/p><p style=\"text-align: center;\"><a href=\"https:\/\/portalfadesp.org.br\/wp-content\/uploads\/2024\/06\/GRADE-DEFINITIVA-DE-CORRECAO-DA-PROVA-PRATICA-JURIDICA-03-06-2024-.pdf\">GRADE DEFINITIVA DE CORRE\u00c7\u00c3O DA PROVA PRATICA JUR\u00cdDICA, de 03\/06\/2024\u00a0<strong>(Clique aqui)<\/strong><\/a><\/p><p style=\"text-align: center;\"><a href=\"https:\/\/portalfadesp.org.br\/wp-content\/uploads\/2024\/05\/GRADE-PRELIMINAR-DE-CORRECAO-DA-PROVA-PRATICA-JURIDICA-27-05-2024-.pdf\">GRADE PRELIMINAR-DE-CORRE\u00c7\u00c3O DA PROVA PR\u00c1TICA JUR\u00cdDICA, de 27\/05\/2024 <strong>(Clique aqui)<\/strong><\/a><\/p><p style=\"text-align: center;\"><a href=\"https:\/\/portalfadesp.org.br\/wp-content\/uploads\/2024\/05\/Prova-Pratica-Juridica-27-05-2024.pdf\">Prova Pr\u00e1tica Jur\u00eddica, de 27\/05\/2024 <strong>(Clique aqui)<\/strong><\/a><\/p><p style=\"text-align: center;\"><a href=\"https:\/\/drive.google.com\/drive\/folders\/1EHVBg_kO0BNZPLjkh0UySg9DosS3Gb0W?usp=sharing\">Resultados Definitivos das Provas Objetivas e Convoca\u00e7\u00e3o, de 07\/05\/2024 <strong>(Clique aqui)<\/strong><\/a><\/p><p style=\"text-align: center;\"><a href=\"https:\/\/portalfadesp.org.br\/wp-content\/uploads\/2024\/05\/Errata-n\u00b0-04_2024_PMI-Retifica-Cronograma-de-Execucao-07-05-2024.pdf\">Errata n\u00b0 04_2024_PMI &#8211; Retifica Cronograma de Execu\u00e7\u00e3o, de 07\/05\/2024 <strong>(Clique aqui)<\/strong><\/a><\/p><p style=\"text-align: center;\"><a href=\"https:\/\/portalfadesp.org.br\/wp-content\/uploads\/2024\/05\/Errata-n\u00b0-03_2024_PMI-Procurador-Municipal-Permissoes-e-proibicoes-para-prova-de-Pratica-Juridica-03-05-2024.pdf\">Errata n\u00b0 03_2024_PMI &#8211; Procurador Municipal &#8211; Permiss\u00f5es e proibi\u00e7\u00f5es para prova de Pr\u00e1tica Jur\u00eddica, de 03\/05\/2024 <strong>(Clique aqui)<\/strong><\/a><\/p><p style=\"text-align: center;\"><a href=\"https:\/\/drive.google.com\/drive\/folders\/138gRmHMNN7IzYmue-rK4O-kQT25bkFek?usp=sharing\">Resultados Preliminares das Provas Objetivas, de 24\/04\/2024 <strong>(Clique aqui)<\/strong><\/a><\/p><p style=\"text-align: center;\"><a href=\"https:\/\/drive.google.com\/drive\/folders\/1ms2CCLLKi6GazmsF4p1VznFKgDfTU7Oc?usp=sharing\">Gabarito Definitivo dia 07\/04, de 17\/04\/2024 <strong>(Clique aqui)<\/strong><\/a><\/p><p style=\"text-align: center;\"><a href=\"https:\/\/drive.google.com\/drive\/folders\/15lK90_ey9bNDHlvO-yc4YQPQbtMebpYk?usp=sharing\">Gabarito Preliminar dia 07\/04, de 08\/04\/2024 <strong>(Clique aqui)<\/strong><\/a><\/p><p style=\"text-align: center;\"><a href=\"https:\/\/drive.google.com\/drive\/folders\/164jNA6afkqnCW5F2VgwEToGvXRgMdYfY?usp=sharing\">Gabarito Definitivo dia 24\/03, de 03\/04\/2024 <strong>(Clique aqui)<\/strong><\/a><\/p><p style=\"text-align: center;\"><a href=\"https:\/\/drive.google.com\/drive\/folders\/12GwRarBPQ3y54uNe7MQsqwkZ_V9mwLWm?usp=sharing\">Gabarito Preliminar dia 24\/03, de 25\/03\/2024 <strong>(Clique aqui)<\/strong><\/a><\/p><p style=\"text-align: center;\"><a href=\"https:\/\/portalfadesp.org.br\/wp-content\/uploads\/2024\/03\/Demanda-18-03-2024.pdf\">Demanda, de 18\/03\/2024 <strong>(Clique aqui)<\/strong><\/a><\/p><p style=\"text-align: center;\"><a href=\"https:\/\/portalfadesp.org.br\/wp-content\/uploads\/2024\/03\/Resultado-Definitivo-de-Inscricoes-Deferidas-18-03-2024.pdf\">Resultado Definitivo de Inscri\u00e7\u00f5es Deferidas, de 18\/03\/2024 <strong>(Clique aqui)<\/strong><\/a><\/p><p style=\"text-align: center;\"><a href=\"https:\/\/portalfadesp.org.br\/wp-content\/uploads\/2024\/03\/Resultado-Definitivo-de-Concorentes-como-PcD-18-03-2024.pdf\">Resultado Definitivo de Concorrentes como PcD, de 18\/03\/2024 <strong>(Clique aqui)<\/strong><\/a><\/p><p style=\"text-align: center;\"><a href=\"https:\/\/portalfadesp.org.br\/wp-content\/uploads\/2024\/03\/Resultado-Definitivo-de-Atendimentos-Especiais-no-Dia-da-Prova-Objetiva-18-03-2024.pdf\">Resultado Definitivo de Atendimentos Especiais no Dia da Prova Objetiva, de 18\/03\/2024 <strong>(Clique aqui)<\/strong><\/a><\/p><p style=\"text-align: center;\"><a href=\"https:\/\/portalfadesp.org.br\/wp-content\/uploads\/2024\/03\/Resultado-Preliminar-de-Inscricoes-Deferidas.pdf\">Resultado Preliminar de Inscri\u00e7\u00f5es Deferidas, de 13\/03\/2024 <strong>(Clique aqui)<\/strong><\/a><\/p><p style=\"text-align: center;\"><a href=\"https:\/\/portalfadesp.org.br\/wp-content\/uploads\/2024\/03\/Resultado-Preliminar-de-Concorentes-como-PcD.pdf\">Resultado Preliminar de Concorrentes como PcD, de 13\/03\/2024 <strong>(Clique aqui)<\/strong><\/a><\/p><p style=\"text-align: center;\"><a href=\"https:\/\/portalfadesp.org.br\/wp-content\/uploads\/2024\/03\/Resultado-Preliminar-de-Atendimentos-Especiais-no-Dia-da-Prova-Objetiva.pdf\">Resultado Preliminar de Atendimentos Especiais no Dia da Prova Objetiva, de 13\/03\/2024 <strong>(Clique aqui)<\/strong><\/a><\/p><p style=\"text-align: center;\"><a href=\"https:\/\/portalfadesp.org.br\/wp-content\/uploads\/2024\/03\/Farmaceutico-Resultado-Definitivo-de-Isencao-de-Taxa-para-Doador-de-Sangue-08_03_2024.pdf\">Farmac\u00eautico &#8211; Resultado Definitivo de Isen\u00e7\u00e3o de Taxa para Doador de Sangue, de 08\/03\/2024 <strong>(Clique aqui)<\/strong><\/a><\/p><p style=\"text-align: center;\"><a href=\"https:\/\/portalfadesp.org.br\/wp-content\/uploads\/2024\/03\/Farmaceutico-Resultado-Definitivo-de-Isencao-de-Taxa-para-que-Trabalhou-em-Eleicoes-08_03_2024.pdf\">Farmac\u00eautico &#8211; Resultado Definitivo de Isen\u00e7\u00e3o de Taxa para que Trabalhou em Elei\u00e7\u00f5es, de 08\/03\/2024 <strong>(Clique aqui)<\/strong><\/a><\/p><p style=\"text-align: center;\"><a href=\"https:\/\/portalfadesp.org.br\/wp-content\/uploads\/2024\/03\/Farmaceutico-Resultado-Preliminar-de-Isencao-de-Taxa-para-Doador-de-Sangue-04_03_2024.pdf\">Farmac\u00eautico &#8211; Resultado Preliminar de Isen\u00e7\u00e3o de Taxa para Doador de Sangue, de 04\/03\/2024 <strong>(Clique aqui)<\/strong><\/a><\/p><p style=\"text-align: center;\"><a href=\"https:\/\/portalfadesp.org.br\/wp-content\/uploads\/2024\/03\/Farmaceutico-Resultado-Preliminar-de-Isencao-de-Taxa-para-que-Trabalhou-em-Eleicoes-04_03_2024.pdf\">Farmac\u00eautico &#8211; Resultado Preliminar de Isen\u00e7\u00e3o de Taxa para que Trabalhou em Elei\u00e7\u00f5es, de 04\/03\/2024 <strong>(Clique aqui)<\/strong><\/a><\/p><p style=\"text-align: center;\"><a href=\"https:\/\/portalfadesp.org.br\/wp-content\/uploads\/2024\/02\/Resultado-Definitivo-Isencao-de-Taxa-para-PcD-23_02_2024.pdf\">Resultado Definitivo Isen\u00e7\u00e3o de Taxa para PcD, de 23\/02\/2024 <strong>(Clique aqui)<\/strong><\/a><\/p><p style=\"text-align: center;\"><a href=\"https:\/\/portalfadesp.org.br\/wp-content\/uploads\/2024\/02\/Resultado-Definitivo-de-Isencao-de-Taxa-para-Doador-de-Sangue-23_02_2024.pdf\">Resultado Definitivo de Isen\u00e7\u00e3o de Taxa para Doador de Sangue, de 23\/02\/2024 <strong>(Clique aqui)<\/strong><\/a><\/p><p style=\"text-align: center;\"><a href=\"https:\/\/portalfadesp.org.br\/wp-content\/uploads\/2024\/02\/Resultado-Definitivo-de-Isencao-de-Taxa-para-que-Trabalhou-em-Eleicoes-23_02_2024.pdf\">Resultado Definitivo de Isen\u00e7\u00e3o de Taxa para que Trabalhou em Elei\u00e7\u00f5es, de 23\/02\/2024 <strong>(Clique aqui)<\/strong><\/a><\/p><p style=\"text-align: center;\"><a href=\"https:\/\/portalfadesp.org.br\/wp-content\/uploads\/2024\/02\/Errata-n\u00b0-02_2024_PMI-Farmaceutico-Prazo-de-Isencao-de-Taxa-de-Inscricao-21-02-2024.pdf\">Errata n\u00b0 02\/2024_PMI &#8211; Farmaceutico &#8211; Prazo de Isen\u00e7\u00e3o de Taxa de Inscri\u00e7\u00e3o, de 21\/02\/2024 <strong>(Clique aqui)<\/strong><\/a><\/p><p style=\"text-align: center;\"><a href=\"https:\/\/portalfadesp.org.br\/wp-content\/uploads\/2024\/02\/Errata-n\u00b0-01_2024_PMI-Retificacoes-20-02-2024.pdf\">Errata n\u00b0 01\/2024 -PMI &#8211; Retifica\u00e7\u00f5es, de 20\/02\/2024 <strong>(Clique aqui)<\/strong><\/a><\/p><p style=\"text-align: center;\"><a href=\"https:\/\/portalfadesp.org.br\/wp-content\/uploads\/2024\/02\/Resultado-Preliminar-de-Isencao-de-Taxa-para-PcD-16_02_2024.pdf\">Resultado Preliminar de Isen\u00e7\u00e3o de Taxa para PcD, de 16\/02\/2024 <strong>(Clique aqui)<\/strong><\/a><\/p><p style=\"text-align: center;\"><a href=\"https:\/\/portalfadesp.org.br\/wp-content\/uploads\/2024\/02\/Resultado-Preliminar-de-Isencao-de-Taxa-para-Doador-de-Sangue-16_02_2024.pdf\">Resultado Preliminar de Isen\u00e7\u00e3o de Taxa para Doador de Sangue, de 16\/02\/2024 <strong>(Clique aqui)<\/strong><\/a><\/p><p style=\"text-align: center;\"><a href=\"https:\/\/portalfadesp.org.br\/wp-content\/uploads\/2024\/02\/Resultado-Preliminar-de-Isencao-de-Taxa-para-que-Trabalhou-em-Eleicoes-16_02_2024.pdf\">Resultado Preliminar de Isen\u00e7\u00e3o de Taxa para que Trabalhou em Elei\u00e7\u00f5es, de 16\/02\/2024 <strong>(Clique aqui)<\/strong><\/a><\/p><p style=\"text-align: center;\"><a href=\"https:\/\/portalfadesp.org.br\/wp-content\/uploads\/2024\/02\/Edital-n\u00b0-01_2024_PMIM-02-02-2024-B3JHK2f3.pdf\">Edital n\u00b0 01\/2024 &#8211; PMIM &#8211; 02\/02\/2024 <strong>(Clique aqui)<\/strong><\/a><\/p>\t\t\t\t\t\t\t\t<\/div>\n\t\t\t\t<\/div>\n\t\t\t\t<div class=\"elementor-element elementor-element-daa158c elementor-widget elementor-widget-eael-adv-accordion\" data-id=\"daa158c\" data-element_type=\"widget\" data-widget_type=\"eael-adv-accordion.default\">\n\t\t\t\t<div class=\"elementor-widget-container\">\n\t\t\t\t\t        <div class=\"eael-adv-accordion\" id=\"eael-adv-accordion-daa158c\" data-scroll-on-click=\"no\" data-scroll-speed=\"300\" data-accordion-id=\"daa158c\" data-accordion-type=\"accordion\" data-toogle-speed=\"300\">\n    <div class=\"eael-accordion-list\">\n                <div id=\"leis-municipais-clique-aqui\" class=\"elementor-tab-title eael-accordion-header\" tabindex=\"0\" data-tab=\"1\" aria-controls=\"elementor-tab-content-2291\"><span class=\"eael-advanced-accordion-icon-closed\"><svg aria-hidden=\"true\" class=\"fa-accordion-icon e-font-icon-svg e-fas-plus\" viewBox=\"0 0 448 512\" xmlns=\"http:\/\/www.w3.org\/2000\/svg\"><path d=\"M416 208H272V64c0-17.67-14.33-32-32-32h-32c-17.67 0-32 14.33-32 32v144H32c-17.67 0-32 14.33-32 32v32c0 17.67 14.33 32 32 32h144v144c0 17.67 14.33 32 32 32h32c17.67 0 32-14.33 32-32V304h144c17.67 0 32-14.33 32-32v-32c0-17.67-14.33-32-32-32z\"><\/path><\/svg><\/span><span class=\"eael-advanced-accordion-icon-opened\"><svg aria-hidden=\"true\" class=\"fa-accordion-icon e-font-icon-svg e-fas-minus\" viewBox=\"0 0 448 512\" xmlns=\"http:\/\/www.w3.org\/2000\/svg\"><path d=\"M416 208H32c-17.67 0-32 14.33-32 32v32c0 17.67 14.33 32 32 32h384c17.67 0 32-14.33 32-32v-32c0-17.67-14.33-32-32-32z\"><\/path><\/svg><\/span><h6 class=\"eael-accordion-tab-title\">Leis Municipais (Clique aqui)<\/h6><svg aria-hidden=\"true\" class=\"fa-toggle e-font-icon-svg e-fas-angle-right\" viewBox=\"0 0 256 512\" xmlns=\"http:\/\/www.w3.org\/2000\/svg\"><path d=\"M224.3 273l-136 136c-9.4 9.4-24.6 9.4-33.9 0l-22.6-22.6c-9.4-9.4-9.4-24.6 0-33.9l96.4-96.4-96.4-96.4c-9.4-9.4-9.4-24.6 0-33.9L54.3 103c9.4-9.4 24.6-9.4 33.9 0l136 136c9.5 9.4 9.5 24.6.1 34z\"><\/path><\/svg><\/div><div id=\"elementor-tab-content-2291\" class=\"eael-accordion-content clearfix\" data-tab=\"1\" aria-labelledby=\"leis-municipais-clique-aqui\"><p><a href=\"https:\/\/portalfadesp.org.br\/wp-content\/uploads\/2024\/02\/Lei-Municipal-no-4.998_2010-Dispoe-sobre-o-Regime-Juridico-Unico-dos-Servidores-Municipais-de-Igarape-Miri.pdf\">Lei Municipal n\u00ba 4.998_2010 &#8211; Disp\u00f5e sobre o Regime Jur\u00eddico \u00danico dos Servidores Municipais de Igarap\u00e9-Miri, de 06\/02\/2024 <strong>(Clique aqui)<\/strong><\/a><\/p><p><a href=\"https:\/\/portalfadesp.org.br\/wp-content\/uploads\/2024\/02\/Lei-Municipal-no-5.164_2021-Dispoe-sobre-o-Sistema-Unico-de-Assistencia-Social-do-Municipio-de-Igarape-Miri-SUAS.pdf\">Lei Municipal n\u00ba 5.164_2021 &#8211; Disp\u00f5e sobre o Sistema \u00danico de Assist\u00eancia Social do Munic\u00edpio de Igarap\u00e9-Miri-SUAS, de 06\/02\/2024 <strong>(Clique aqui)<\/strong><\/a><\/p><p><a href=\"https:\/\/portalfadesp.org.br\/wp-content\/uploads\/2024\/02\/Lei-Municipal-no-5.174_-2021-Institui-e-disciplina-as-taxas-ambientais-pelo-exercicio-regular-do-poder-de-policia-administrativa-do-Municipio-de-Igarape-Miri.pdf\">Lei Municipal n\u00ba 5.174_ 2021 &#8211; Institui e disciplina as taxas ambientais pelo exerc\u00edcio regular do poder de pol\u00edcia administrativa do Munic\u00edpio de Igarap\u00e9-Miri, de 06\/02\/2024 <strong>(Clique aqui)<\/strong><\/a><\/p><p><a href=\"https:\/\/portalfadesp.org.br\/wp-content\/uploads\/2024\/02\/Lei-Municipal-no-5.197_2022-Institui-a-Politica-Municipal-de-Meio-Ambiente-de-Igarape-Miri.pdf\">Lei Municipal n\u00ba 5.197_2022 &#8211; Institui a Pol\u00edtica Municipal de Meio Ambiente de Igarap\u00e9-Miri, de 06\/02\/2024 <strong>(Clique aqui)<\/strong><\/a><\/p><p><a href=\"https:\/\/portalfadesp.org.br\/wp-content\/uploads\/2024\/02\/Lei-Municipal-no-5226_2023-Dispoe-sobre-a-estrutura-organizacional-da-Procuradoria-do-Municipio-de-Igarape-Miri.pdf\">Lei Municipal n\u00ba 5226_2023 &#8211; Dispoe sobre a estrutura organizacional da Procuradoria do Municipio de Igarap\u00e9-Miri, de 06\/02\/2024 <strong>(Clique aqui)<\/strong><\/a><\/p><p><a href=\"https:\/\/portalfadesp.org.br\/wp-content\/uploads\/2024\/02\/Lei-Municipal-no-5242_2023-Dispoe-sobre-a-Regularizacao-Fundiaria-Urbana-\u2013-REURB-no-Municipio-de-Igarape-Miri.pdf\">Lei Municipal n\u00ba 5242_2023 &#8211; Dispoe sobre a Regularizacao Fundiaria Urbana \u2013 REURB no Municipio de Igarap\u00e9-Miri, de 06\/02\/2024 <strong>(Clique aqui)<\/strong><\/a><\/p><\/div>\n                <\/div><\/div>\t\t\t\t<\/div>\n\t\t\t\t<\/div>\n\t\t\t\t\t<\/div>\n\t\t<\/div>\n\t\t\t\t\t<\/div>\n\t\t<\/section>\n\t\t\t\t\t<\/div>\n\t\t<\/div>\n\t\t\t\t\t<\/div>\n\t\t<\/section>\n\t\t\t\t<\/div>\n\t\t","protected":false},"excerpt":{"rendered":"<p>Concurso P\u00fablico da Prefeitura Municipal de Igarap\u00e9-Miri (2024) O Prefeito Municipal de Igarap\u00e9-Miri, no uso de suas atribui\u00e7\u00f5es, torna p\u00fablica a realiza\u00e7\u00e3o de Concurso P\u00fablico destinado ao preenchimento de vagas para cargos do quadro de pessoal efetivo da Prefeitura as condi\u00e7\u00f5es estabelecidas no edital de abertura &#8211; Edital n.\u00ba 001\/2024. A sele\u00e7\u00e3o para os cargos [&hellip;]<\/p>\n","protected":false},"author":12,"featured_media":0,"parent":329,"menu_order":0,"comment_status":"closed","ping_status":"closed","template":"","meta":{"_monsterinsights_skip_tracking":false,"_monsterinsights_sitenote_active":false,"_monsterinsights_sitenote_note":"","_monsterinsights_sitenote_category":0,"footnotes":""},"class_list":["post-45215","page","type-page","status-publish","hentry","entry"],"yoast_head":"<!-- This site is optimized with the Yoast SEO plugin v25.1 - https:\/\/yoast.com\/wordpress\/plugins\/seo\/ -->\n<title>Concurso P\u00fablico da Prefeitura Municipal de Igarap\u00e9-Miri (2024) - FADESP<\/title>\n<meta name=\"robots\" content=\"index, follow, max-snippet:-1, max-image-preview:large, max-video-preview:-1\" \/>\n<link rel=\"canonical\" href=\"https:\/\/portalfadesp.org.br\/?page_id=45215\" \/>\n<meta property=\"og:locale\" content=\"pt_BR\" \/>\n<meta property=\"og:type\" content=\"article\" \/>\n<meta property=\"og:title\" content=\"Concurso P\u00fablico da Prefeitura Municipal de Igarap\u00e9-Miri (2024) - FADESP\" \/>\n<meta property=\"og:description\" content=\"Concurso P\u00fablico da Prefeitura Municipal de Igarap\u00e9-Miri (2024) O Prefeito Municipal de Igarap\u00e9-Miri, no uso de suas atribui\u00e7\u00f5es, torna p\u00fablica a realiza\u00e7\u00e3o de Concurso P\u00fablico destinado ao preenchimento de vagas para cargos do quadro de pessoal efetivo da Prefeitura as condi\u00e7\u00f5es estabelecidas no edital de abertura &#8211; Edital n.\u00ba 001\/2024. A sele\u00e7\u00e3o para os cargos [&hellip;]\" \/>\n<meta property=\"og:url\" content=\"https:\/\/portalfadesp.org.br\/?page_id=45215\" \/>\n<meta property=\"og:site_name\" content=\"FADESP\" \/>\n<meta property=\"article:publisher\" content=\"https:\/\/www.facebook.com\/Fadesp-138351949524662\/\" \/>\n<meta property=\"article:modified_time\" content=\"2024-10-22T18:20:48+00:00\" \/>\n<meta name=\"twitter:card\" content=\"summary_large_image\" \/>\n<meta name=\"twitter:site\" content=\"@Fadesp\" \/>\n<meta name=\"twitter:label1\" content=\"Est. tempo de leitura\" \/>\n\t<meta name=\"twitter:data1\" content=\"7 minutos\" \/>\n<script type=\"application\/ld+json\" class=\"yoast-schema-graph\">{\"@context\":\"https:\/\/schema.org\",\"@graph\":[{\"@type\":\"WebPage\",\"@id\":\"https:\/\/portalfadesp.org.br\/?page_id=45215\",\"url\":\"https:\/\/portalfadesp.org.br\/?page_id=45215\",\"name\":\"Concurso P\u00fablico da Prefeitura Municipal de Igarap\u00e9-Miri (2024) - FADESP\",\"isPartOf\":{\"@id\":\"https:\/\/portalfadesp.org.br\/#website\"},\"datePublished\":\"2024-02-02T19:24:14+00:00\",\"dateModified\":\"2024-10-22T18:20:48+00:00\",\"breadcrumb\":{\"@id\":\"https:\/\/portalfadesp.org.br\/?page_id=45215#breadcrumb\"},\"inLanguage\":\"pt-BR\",\"potentialAction\":[{\"@type\":\"ReadAction\",\"target\":[\"https:\/\/portalfadesp.org.br\/?page_id=45215\"]}]},{\"@type\":\"BreadcrumbList\",\"@id\":\"https:\/\/portalfadesp.org.br\/?page_id=45215#breadcrumb\",\"itemListElement\":[{\"@type\":\"ListItem\",\"position\":1,\"name\":\"In\u00edcio\",\"item\":\"https:\/\/portalfadesp.org.br\/\"},{\"@type\":\"ListItem\",\"position\":2,\"name\":\"Concursos &#8211; Homologados\",\"item\":\"https:\/\/portalfadesp.org.br\/?page_id=329\"},{\"@type\":\"ListItem\",\"position\":3,\"name\":\"Concurso P\u00fablico da Prefeitura Municipal de Igarap\u00e9-Miri (2024)\"}]},{\"@type\":\"WebSite\",\"@id\":\"https:\/\/portalfadesp.org.br\/#website\",\"url\":\"https:\/\/portalfadesp.org.br\/\",\"name\":\"FADESP\",\"description\":\"Funda\u00e7\u00e3o de Amparo e Desenvolvimento da Pesquisa\",\"publisher\":{\"@id\":\"https:\/\/portalfadesp.org.br\/#organization\"},\"potentialAction\":[{\"@type\":\"SearchAction\",\"target\":{\"@type\":\"EntryPoint\",\"urlTemplate\":\"https:\/\/portalfadesp.org.br\/?s={search_term_string}\"},\"query-input\":{\"@type\":\"PropertyValueSpecification\",\"valueRequired\":true,\"valueName\":\"search_term_string\"}}],\"inLanguage\":\"pt-BR\"},{\"@type\":\"Organization\",\"@id\":\"https:\/\/portalfadesp.org.br\/#organization\",\"name\":\"FADESP\",\"url\":\"https:\/\/portalfadesp.org.br\/\",\"logo\":{\"@type\":\"ImageObject\",\"inLanguage\":\"pt-BR\",\"@id\":\"https:\/\/portalfadesp.org.br\/#\/schema\/logo\/image\/\",\"url\":\"https:\/\/portalfadesp.org.br\/wp-content\/uploads\/2024\/01\/NOVOLOGOFADESPlaranjaH.png\",\"contentUrl\":\"https:\/\/portalfadesp.org.br\/wp-content\/uploads\/2024\/01\/NOVOLOGOFADESPlaranjaH.png\",\"width\":2742,\"height\":839,\"caption\":\"FADESP\"},\"image\":{\"@id\":\"https:\/\/portalfadesp.org.br\/#\/schema\/logo\/image\/\"},\"sameAs\":[\"https:\/\/www.facebook.com\/Fadesp-138351949524662\/\",\"https:\/\/x.com\/Fadesp\",\"https:\/\/www.instagram.com\/fadesp_ufpa\/\",\"https:\/\/www.youtube.com\/@fundacaodeamparoedesenvolv1903\",\"https:\/\/www.threads.net\/@fadesp_ufpa\"]}]}<\/script>\n<!-- \/ Yoast SEO plugin. -->","yoast_head_json":{"title":"Concurso P\u00fablico da Prefeitura Municipal de Igarap\u00e9-Miri (2024) - FADESP","robots":{"index":"index","follow":"follow","max-snippet":"max-snippet:-1","max-image-preview":"max-image-preview:large","max-video-preview":"max-video-preview:-1"},"canonical":"https:\/\/portalfadesp.org.br\/?page_id=45215","og_locale":"pt_BR","og_type":"article","og_title":"Concurso P\u00fablico da Prefeitura Municipal de Igarap\u00e9-Miri (2024) - FADESP","og_description":"Concurso P\u00fablico da Prefeitura Municipal de Igarap\u00e9-Miri (2024) O Prefeito Municipal de Igarap\u00e9-Miri, no uso de suas atribui\u00e7\u00f5es, torna p\u00fablica a realiza\u00e7\u00e3o de Concurso P\u00fablico destinado ao preenchimento de vagas para cargos do quadro de pessoal efetivo da Prefeitura as condi\u00e7\u00f5es estabelecidas no edital de abertura &#8211; Edital n.\u00ba 001\/2024. A sele\u00e7\u00e3o para os cargos [&hellip;]","og_url":"https:\/\/portalfadesp.org.br\/?page_id=45215","og_site_name":"FADESP","article_publisher":"https:\/\/www.facebook.com\/Fadesp-138351949524662\/","article_modified_time":"2024-10-22T18:20:48+00:00","twitter_card":"summary_large_image","twitter_site":"@Fadesp","twitter_misc":{"Est. tempo de leitura":"7 minutos"},"schema":{"@context":"https:\/\/schema.org","@graph":[{"@type":"WebPage","@id":"https:\/\/portalfadesp.org.br\/?page_id=45215","url":"https:\/\/portalfadesp.org.br\/?page_id=45215","name":"Concurso P\u00fablico da Prefeitura Municipal de Igarap\u00e9-Miri (2024) - FADESP","isPartOf":{"@id":"https:\/\/portalfadesp.org.br\/#website"},"datePublished":"2024-02-02T19:24:14+00:00","dateModified":"2024-10-22T18:20:48+00:00","breadcrumb":{"@id":"https:\/\/portalfadesp.org.br\/?page_id=45215#breadcrumb"},"inLanguage":"pt-BR","potentialAction":[{"@type":"ReadAction","target":["https:\/\/portalfadesp.org.br\/?page_id=45215"]}]},{"@type":"BreadcrumbList","@id":"https:\/\/portalfadesp.org.br\/?page_id=45215#breadcrumb","itemListElement":[{"@type":"ListItem","position":1,"name":"In\u00edcio","item":"https:\/\/portalfadesp.org.br\/"},{"@type":"ListItem","position":2,"name":"Concursos &#8211; Homologados","item":"https:\/\/portalfadesp.org.br\/?page_id=329"},{"@type":"ListItem","position":3,"name":"Concurso P\u00fablico da Prefeitura Municipal de Igarap\u00e9-Miri (2024)"}]},{"@type":"WebSite","@id":"https:\/\/portalfadesp.org.br\/#website","url":"https:\/\/portalfadesp.org.br\/","name":"FADESP","description":"Funda\u00e7\u00e3o de Amparo e Desenvolvimento da Pesquisa","publisher":{"@id":"https:\/\/portalfadesp.org.br\/#organization"},"potentialAction":[{"@type":"SearchAction","target":{"@type":"EntryPoint","urlTemplate":"https:\/\/portalfadesp.org.br\/?s={search_term_string}"},"query-input":{"@type":"PropertyValueSpecification","valueRequired":true,"valueName":"search_term_string"}}],"inLanguage":"pt-BR"},{"@type":"Organization","@id":"https:\/\/portalfadesp.org.br\/#organization","name":"FADESP","url":"https:\/\/portalfadesp.org.br\/","logo":{"@type":"ImageObject","inLanguage":"pt-BR","@id":"https:\/\/portalfadesp.org.br\/#\/schema\/logo\/image\/","url":"https:\/\/portalfadesp.org.br\/wp-content\/uploads\/2024\/01\/NOVOLOGOFADESPlaranjaH.png","contentUrl":"https:\/\/portalfadesp.org.br\/wp-content\/uploads\/2024\/01\/NOVOLOGOFADESPlaranjaH.png","width":2742,"height":839,"caption":"FADESP"},"image":{"@id":"https:\/\/portalfadesp.org.br\/#\/schema\/logo\/image\/"},"sameAs":["https:\/\/www.facebook.com\/Fadesp-138351949524662\/","https:\/\/x.com\/Fadesp","https:\/\/www.instagram.com\/fadesp_ufpa\/","https:\/\/www.youtube.com\/@fundacaodeamparoedesenvolv1903","https:\/\/www.threads.net\/@fadesp_ufpa"]}]}},"_links":{"self":[{"href":"https:\/\/portalfadesp.org.br\/index.php?rest_route=\/wp\/v2\/pages\/45215","targetHints":{"allow":["GET"]}}],"collection":[{"href":"https:\/\/portalfadesp.org.br\/index.php?rest_route=\/wp\/v2\/pages"}],"about":[{"href":"https:\/\/portalfadesp.org.br\/index.php?rest_route=\/wp\/v2\/types\/page"}],"author":[{"embeddable":true,"href":"https:\/\/portalfadesp.org.br\/index.php?rest_route=\/wp\/v2\/users\/12"}],"replies":[{"embeddable":true,"href":"https:\/\/portalfadesp.org.br\/index.php?rest_route=%2Fwp%2Fv2%2Fcomments&post=45215"}],"version-history":[{"count":118,"href":"https:\/\/portalfadesp.org.br\/index.php?rest_route=\/wp\/v2\/pages\/45215\/revisions"}],"predecessor-version":[{"id":47402,"href":"https:\/\/portalfadesp.org.br\/index.php?rest_route=\/wp\/v2\/pages\/45215\/revisions\/47402"}],"up":[{"embeddable":true,"href":"https:\/\/portalfadesp.org.br\/index.php?rest_route=\/wp\/v2\/pages\/329"}],"wp:attachment":[{"href":"https:\/\/portalfadesp.org.br\/index.php?rest_route=%2Fwp%2Fv2%2Fmedia&parent=45215"}],"curies":[{"name":"wp","href":"https:\/\/api.w.org\/{rel}","templated":true}]}}