{"id":45128,"date":"2024-01-26T14:48:11","date_gmt":"2024-01-26T17:48:11","guid":{"rendered":"https:\/\/portalfadesp.org.br\/?page_id=45128"},"modified":"2024-06-24T11:58:31","modified_gmt":"2024-06-24T14:58:31","slug":"pagina_modelo-19-12-39","status":"publish","type":"page","link":"https:\/\/portalfadesp.org.br\/?page_id=45128","title":{"rendered":"Processo Seletivo P\u00fablico da Prefeitura Municipal de Oeiras do Par\u00e1 &#8211; ACS (2024)"},"content":{"rendered":"\t\t<div data-elementor-type=\"wp-post\" data-elementor-id=\"45128\" class=\"elementor elementor-45128\" data-elementor-post-type=\"page\">\n\t\t\t\t\t\t<section class=\"elementor-section elementor-top-section elementor-element elementor-element-1f2996d1 elementor-section-boxed elementor-section-height-default elementor-section-height-default\" data-id=\"1f2996d1\" data-element_type=\"section\">\n\t\t\t\t\t\t<div class=\"elementor-container elementor-column-gap-default\">\n\t\t\t\t\t<div class=\"elementor-column elementor-col-100 elementor-top-column elementor-element elementor-element-59a4b3f8\" data-id=\"59a4b3f8\" data-element_type=\"column\">\n\t\t\t<div class=\"elementor-widget-wrap elementor-element-populated\">\n\t\t\t\t\t\t<div class=\"elementor-element elementor-element-799471af elementor-widget elementor-widget-heading\" data-id=\"799471af\" data-element_type=\"widget\" data-widget_type=\"heading.default\">\n\t\t\t\t<div class=\"elementor-widget-container\">\n\t\t\t\t\t<h1 class=\"elementor-heading-title elementor-size-default\">Processo Seletivo P\u00fablico da Prefeitura Municipal de Oeiras do Par\u00e1 - ACS (2024)<\/h1>\t\t\t\t<\/div>\n\t\t\t\t<\/div>\n\t\t\t\t<section class=\"elementor-section elementor-inner-section elementor-element elementor-element-336311f elementor-section-boxed elementor-section-height-default elementor-section-height-default\" data-id=\"336311f\" data-element_type=\"section\">\n\t\t\t\t\t\t<div class=\"elementor-container elementor-column-gap-default\">\n\t\t\t\t\t<div class=\"elementor-column elementor-col-50 elementor-inner-column elementor-element elementor-element-75ca0dc3\" data-id=\"75ca0dc3\" data-element_type=\"column\">\n\t\t\t<div class=\"elementor-widget-wrap elementor-element-populated\">\n\t\t\t\t\t\t<div class=\"elementor-element elementor-element-425a3096 elementor-widget elementor-widget-text-editor\" data-id=\"425a3096\" data-element_type=\"widget\" data-widget_type=\"text-editor.default\">\n\t\t\t\t<div class=\"elementor-widget-container\">\n\t\t\t\t\t\t\t\t\t<p>A Prefeitura Municipal de Oeiras do Par\u00e1 (PMOP), atrav\u00e9s da Secretaria Municipal de Sa\u00fade, supervisionado pela Secretaria Municipal de Administra\u00e7\u00e3o, torna p\u00fablico o Edital de Abertura do Processo Seletivo P\u00fablico (PSP), Edital n\u00b0 01\/2024\/PMOP\/ACS, de acordo com a Lei Federal n\u00ba 8.958\/94, regulamentada pelo Decreto n\u00ba 7.423 de 31\/12\/2010, bem como, para atender aos atos regulamentares da Lei Federal n\u00ba 11.350, de 05 de outubro de 2006 e suas devidas altera\u00e7\u00f5es e Emenda \u00e0 Constitui\u00e7\u00e3o n\u00ba 51 de 14 de fevereiro de 2006, conforme itens, subitens e anexos do Edital, objetivando a realiza\u00e7\u00e3o de Processo Seletivo P\u00fablico, destinado ao preenchimento de vagas na esfera municipal para empregos p\u00fablicos de Agente Comunit\u00e1rio de Sa\u00fade (ACS).<\/p><p><strong>&#8211; Requisitos M\u00ednimos e Vencimento Base para Agentes Comunit\u00e1rios de Sa\u00fade (ACS):<\/strong><br \/>\u2714 Ter, no ato da posse, Declara\u00e7\u00e3o de Conclus\u00e3o ou Certificado de Conclus\u00e3o do Ensino M\u00e9dio;<br \/>\u2714 Ter, no ato da posse, idade m\u00ednima de 18 anos;<br \/>\u2714 N\u00e3o possuir nenhum outro v\u00ednculo empregat\u00edcio efetivo em qualquer ente federado, no ato da posse;<br \/>\u2714 Residir no Bairro\/Localidade em que pretende atuar, na data da publica\u00e7\u00e3o do edital do Processo Seletivo P\u00fablico.<\/p><p><strong>&#8211; Vencimento Base: <\/strong>R$ 2.824,00 + Gratifica\u00e7\u00e3o de insalubridade<\/p><p><strong>&#8211; N\u00ba de vagas:<\/strong> 21 (imediatas) e 57 (cadastro de reservas)<\/p><p><strong>&#8211; Valor da Taxa de Inscri\u00e7\u00e3o:<\/strong> R$70,00 (setenta reais)<\/p><p><strong>&#8211; Per\u00edodo das Inscri\u00e7\u00f5es e anexa\u00e7\u00e3o dos documentos de comprova\u00e7\u00e3o de resid\u00eancia:\u00a0<\/strong>26\/01\/2024 a 15\/02\/2024<\/p><p><strong>&#8211;\u00a0Solicita\u00e7\u00e3o de isen\u00e7\u00e3o da taxa de inscri\u00e7\u00e3o para PCD:<\/strong> 26\/01\/2024 a 02\/02\/2024<\/p><p><strong>\u00a0&#8211; \u00daltimo dia de pagamento:<\/strong>\u00a016\/02\/2024<\/p><p><strong>&#8211; Aplica\u00e7\u00e3o da Prova Objetiva:<\/strong> 03\/03\/2024 (9h \u00e0s 12h)<\/p><p>&#8211; <strong>Convoca\u00e7\u00e3o, pela Secretaria Municipal de Sa\u00fade da PMOP, dos classificados as vagas imediatas ofertadas \u00e0 entrega documenta\u00e7\u00e3o para habilita\u00e7\u00e3o e posse no cargo conforme anexo III (edital) e <\/strong><strong>convoca\u00e7\u00e3o a participarem do Curso Forma\u00e7\u00e3o Inicial de ACS, com avalia\u00e7\u00e3o final sob responsabilidade da Secretaria Municipal de Sa\u00fade da PMOP:<\/strong> 27\/03\/2024<\/p><p><strong>&#8211; Per\u00edodo de execu\u00e7\u00e3o do curso introdut\u00f3rio de ACS e aplica\u00e7\u00e3o de avalia\u00e7\u00e3o final no curso sob organiza\u00e7\u00e3o e execu\u00e7\u00e3o da Secretaria Municipal de Sa\u00fade da PMOP:<\/strong> 03 a 07\/04\/2024<\/p><p><strong>&#8211; Homologa\u00e7\u00e3o do resultado final do PSP de ACS com os aptos a habilita\u00e7\u00e3o e posse nos cargos:<\/strong> 12\/04\/2024<\/p>\t\t\t\t\t\t\t\t<\/div>\n\t\t\t\t<\/div>\n\t\t\t\t\t<\/div>\n\t\t<\/div>\n\t\t\t\t<div class=\"elementor-column elementor-col-50 elementor-inner-column elementor-element elementor-element-79608089\" data-id=\"79608089\" data-element_type=\"column\">\n\t\t\t<div class=\"elementor-widget-wrap elementor-element-populated\">\n\t\t\t\t\t\t<div class=\"elementor-element elementor-element-89732d2 elementor-widget elementor-widget-text-editor\" data-id=\"89732d2\" data-element_type=\"widget\" data-widget_type=\"text-editor.default\">\n\t\t\t\t<div class=\"elementor-widget-container\">\n\t\t\t\t\t\t\t\t\t<div class=\"botaoBug\" style=\"margin-bottom: 10px;\"><a href=\"http:\/\/concursos2.fadesp.org.br\/prefeitura\/2024\/oeiras\/web\/\"><strong>\u00c1rea do candidato (Clique aqui)<\/strong><\/a><\/div><div><em>* Na \u00e1rea do candidato poder\u00e1 ser realizado seu cadastro, inscri\u00e7\u00e3o, emiss\u00e3o de boleto, recursos, impress\u00e3o de cart\u00e3o com local de prova e afins\u2026<\/em><\/div>\t\t\t\t\t\t\t\t<\/div>\n\t\t\t\t<\/div>\n\t\t\t\t<div class=\"elementor-element elementor-element-7ccac55 elementor-widget elementor-widget-text-editor\" data-id=\"7ccac55\" data-element_type=\"widget\" data-widget_type=\"text-editor.default\">\n\t\t\t\t<div class=\"elementor-widget-container\">\n\t\t\t\t\t\t\t\t\t<p><strong>Editais\u00a0<\/strong><\/p>\t\t\t\t\t\t\t\t<\/div>\n\t\t\t\t<\/div>\n\t\t\t\t<div class=\"elementor-element elementor-element-368e568 elementor-widget elementor-widget-text-editor\" data-id=\"368e568\" data-element_type=\"widget\" data-widget_type=\"text-editor.default\">\n\t\t\t\t<div class=\"elementor-widget-container\">\n\t\t\t\t\t\t\t\t\t<p style=\"text-align: center;\"><a href=\"https:\/\/portalfadesp.org.br\/wp-content\/uploads\/2024\/04\/Edital-n\u00b0-03_2023-Homologacao-do-Resultado-Final-12-04-2024-N.pdf\">Edital n\u00b0 03\/2023 &#8211; Homologa\u00e7\u00e3o do Resultado Final, de 12\/04\/2024 <strong>(Clique aqui)<\/strong><\/a><\/p><p style=\"text-align: center;\"><a href=\"https:\/\/portalfadesp.org.br\/wp-content\/uploads\/2024\/04\/Resultado-Definitivo-do-Curso-Introdutorio-de-Formacao-Inicial-12-04-2024.pdf\">Resultado Definitivo do Curso Introdut\u00f3rio de Forma\u00e7\u00e3o Inicial, de 12\/04\/2024 <strong>(Clique aqui)<\/strong><\/a><\/p><p style=\"text-align: center;\"><a href=\"https:\/\/portalfadesp.org.br\/wp-content\/uploads\/2024\/04\/Resultado-Preliminar-do-Curso-Introdutorio-de-Formacao-Inicial-09-04-2024.pdf\">Resultado Preliminar do Curso Introdut\u00f3rio de Forma\u00e7\u00e3o Inicial, de 09\/04\/2024 <strong>(Clique aqui)<\/strong><\/a><\/p><p style=\"text-align: center;\"><a href=\"https:\/\/portalfadesp.org.br\/wp-content\/uploads\/2024\/03\/Edital-n\u00b0-002_2023_Convocacao-do-Curso-de-Formacao.pdf\">Edital n\u00b0 002\/2023 -Convoca\u00e7\u00e3o do Curso de Forma\u00e7\u00e3o, de 27\/03\/2024 <strong>(Clique aqui)<\/strong><\/a><\/p><p style=\"text-align: center;\"><a href=\"https:\/\/portalfadesp.org.br\/wp-content\/uploads\/2024\/03\/Resultado-Definitivo-da-Prova-Objetiva-27-03-2024.pdf\">Resultado Definitivo da Prova Objetiva, de 27\/03\/2024 <strong>(Clique aqui)<\/strong><\/a><\/p><p style=\"text-align: center;\"><a href=\"https:\/\/portalfadesp.org.br\/wp-content\/uploads\/2024\/03\/Resultado-Preliminar-da-Prova-Objetiva-20-03-2024.pdf\">Resultado Preliminar da Prova Objetiva, de 20\/03\/2024 <strong>(Clique aqui)<\/strong><\/a><\/p><p style=\"text-align: center;\"><a href=\"https:\/\/portalfadesp.org.br\/wp-content\/uploads\/2024\/03\/GABARITO-OFICIAL-DEFINITIVO-PROVA-OBJETIVA-ACS-13-03-2024.pdf\">Gabarito Definitivo, de 13\/03\/2024 <strong>(Clique aqui)<\/strong><\/a><\/p><p style=\"text-align: center;\"><a href=\"https:\/\/drive.google.com\/file\/d\/11Kjorm2xE7u5tVEJLl58nxq7T49CQq-I\/view?usp=sharing\">Gabarito Preliminar, de 04\/03\/2024 <strong>(Clique aqui)<\/strong><\/a><\/p><p style=\"text-align: center;\"><a href=\"https:\/\/drive.google.com\/drive\/folders\/10RPlek-gBG7IqpDm3-7pyGAT7EkO7lok?usp=sharing\">Provas, de 04\/03\/2024 <strong>(Clique aqui)<\/strong><\/a><\/p><p style=\"text-align: center;\"><a href=\"https:\/\/portalfadesp.org.br\/wp-content\/uploads\/2024\/02\/Demanda.pdf\">Demanda, de 23\/02\/2024 <strong>(Clique aqui)<\/strong><\/a><\/p><p style=\"text-align: center;\"><a href=\"https:\/\/portalfadesp.org.br\/wp-content\/uploads\/2024\/02\/Resultado-Definitivo-de-Inscricoes-Deferidas-23-02-2024.pdf\">Resultado Definitivo de Inscri\u00e7\u00f5es Deferidas, de 23\/02\/2024 <strong>(Clique aqui)<\/strong><\/a><\/p><p style=\"text-align: center;\"><a href=\"https:\/\/portalfadesp.org.br\/wp-content\/uploads\/2024\/02\/Resultado-Definitivo-de-PcD-Concorrentes-23-02-2024.pdf\">Resultado Definitivo de PcD Concorrentes, de 23\/02\/2024 <strong>(Clique aqui)<\/strong><\/a><\/p><p style=\"text-align: center;\"><a href=\"https:\/\/portalfadesp.org.br\/wp-content\/uploads\/2024\/02\/Resultado-Definitivo-de-Atendimentos-Especial-no-dia-da-prova-objetiva-23-02-2024.pdf\">Resultado Definitivo de Atendimentos Especial no dia da prova objetiva, de 23\/02\/2024 <strong>(Clique aqui)<\/strong><\/a><\/p><p style=\"text-align: center;\"><a href=\"https:\/\/portalfadesp.org.br\/wp-content\/uploads\/2024\/02\/Errata-n\u00b0-01_2024_PMOP-Data-e-Horario-da-Prova-23_02_2024.pdf\">Errata n\u00b0 01\/2024 &#8211; PMOP &#8211; Data e Hor\u00e1rio da Prova, de 23\/02\/2024 <strong>(Clique aqui)<\/strong><\/a><\/p><p style=\"text-align: center;\"><a href=\"https:\/\/portalfadesp.org.br\/wp-content\/uploads\/2024\/02\/Resultado-Preliminar-de-Inscricoes-Deferidas-20-02-2024.pdf\">Resultado Preliminar de Inscri\u00e7\u00f5es Deferidas, de 20\/02\/2024 <strong>(Clique aqui)<\/strong><\/a><\/p><p style=\"text-align: center;\"><a href=\"https:\/\/portalfadesp.org.br\/wp-content\/uploads\/2024\/02\/Resultado-Preliminar-de-PcD-Concorrentes-20-02-2024.pdf\">Resultado Preliminar de PcD Concorrentes, de 20\/02\/2024 <strong>(Clique aqui)<\/strong><\/a><\/p><p style=\"text-align: center;\"><a href=\"https:\/\/portalfadesp.org.br\/wp-content\/uploads\/2024\/02\/Resultado-Preliminar-de-Atendimentos-Especial-no-dia-da-prova-objetiva-20-02-2024.pdf\">Resultado Preliminar de Atendimentos Especial no dia da prova objetiva, de 20\/02\/2024 <strong>(Clique aqui)<\/strong><\/a><\/p><p style=\"text-align: center;\"><a href=\"https:\/\/portalfadesp.org.br\/wp-content\/uploads\/2024\/02\/Resultado-Definitivo-de-Isencao-PCD-09-02-2024.pdf\">Resultado Definitivo de Isen\u00e7\u00e3o PCD, de 09\/02\/2024 <strong>(Clique aqui)<\/strong><\/a><\/p><p style=\"text-align: center;\"><a href=\"https:\/\/portalfadesp.org.br\/wp-content\/uploads\/2024\/02\/Resultado-Preliminar-Isencao-PCD-06-02-2024.pdf\">Resultado Preliminar Isen\u00e7\u00e3o PCD, de 06\/02\/2024 <strong>(Clique aqui)<\/strong><\/a><\/p><p style=\"text-align: center;\"><a href=\"https:\/\/portalfadesp.org.br\/wp-content\/uploads\/2024\/01\/Edital-de-Abertura-01-2024-Oeiras-do-Para-1.pdf\">Edital de Abertura 01\/2024 Oeiras do Par\u00e1, de 26\/01\/2024 <strong>(Clique aqui)<\/strong><\/a><\/p><p style=\"text-align: center;\"><a href=\"https:\/\/portalfadesp.org.br\/wp-content\/uploads\/2024\/01\/Etapas-pre-requisitos-vencimentos-vagas-cronograma-e-documentos-para-habilitacao-ao-curso-de-ACS.pdf\">Etapas, pr\u00e9-requisitos, vencimentos, vagas, cronograma e documentos para habilita\u00e7\u00e3o ao curso de ACS, de 26\/01\/2024 <strong>(Clique aqui)<\/strong><\/a><\/p>\t\t\t\t\t\t\t\t<\/div>\n\t\t\t\t<\/div>\n\t\t\t\t\t<\/div>\n\t\t<\/div>\n\t\t\t\t\t<\/div>\n\t\t<\/section>\n\t\t\t\t\t<\/div>\n\t\t<\/div>\n\t\t\t\t\t<\/div>\n\t\t<\/section>\n\t\t\t\t<\/div>\n\t\t","protected":false},"excerpt":{"rendered":"<p>Processo Seletivo P\u00fablico da Prefeitura Municipal de Oeiras do Par\u00e1 &#8211; ACS (2024) A Prefeitura Municipal de Oeiras do Par\u00e1 (PMOP), atrav\u00e9s da Secretaria Municipal de Sa\u00fade, supervisionado pela Secretaria Municipal de Administra\u00e7\u00e3o, torna p\u00fablico o Edital de Abertura do Processo Seletivo P\u00fablico (PSP), Edital n\u00b0 01\/2024\/PMOP\/ACS, de acordo com a Lei Federal n\u00ba 8.958\/94, [&hellip;]<\/p>\n","protected":false},"author":12,"featured_media":0,"parent":329,"menu_order":0,"comment_status":"closed","ping_status":"closed","template":"","meta":{"_monsterinsights_skip_tracking":false,"_monsterinsights_sitenote_active":false,"_monsterinsights_sitenote_note":"","_monsterinsights_sitenote_category":0,"footnotes":""},"class_list":["post-45128","page","type-page","status-publish","hentry","entry"],"yoast_head":"<!-- This site is optimized with the Yoast SEO plugin v25.1 - https:\/\/yoast.com\/wordpress\/plugins\/seo\/ -->\n<title>Processo Seletivo P\u00fablico da Prefeitura Municipal de Oeiras do Par\u00e1 - ACS (2024) - FADESP<\/title>\n<meta name=\"robots\" content=\"index, follow, max-snippet:-1, max-image-preview:large, max-video-preview:-1\" \/>\n<link rel=\"canonical\" href=\"https:\/\/portalfadesp.org.br\/?page_id=45128\" \/>\n<meta property=\"og:locale\" content=\"pt_BR\" \/>\n<meta property=\"og:type\" content=\"article\" \/>\n<meta property=\"og:title\" content=\"Processo Seletivo P\u00fablico da Prefeitura Municipal de Oeiras do Par\u00e1 - ACS (2024) - FADESP\" \/>\n<meta property=\"og:description\" content=\"Processo Seletivo P\u00fablico da Prefeitura Municipal de Oeiras do Par\u00e1 &#8211; ACS (2024) A Prefeitura Municipal de Oeiras do Par\u00e1 (PMOP), atrav\u00e9s da Secretaria Municipal de Sa\u00fade, supervisionado pela Secretaria Municipal de Administra\u00e7\u00e3o, torna p\u00fablico o Edital de Abertura do Processo Seletivo P\u00fablico (PSP), Edital n\u00b0 01\/2024\/PMOP\/ACS, de acordo com a Lei Federal n\u00ba 8.958\/94, [&hellip;]\" \/>\n<meta property=\"og:url\" content=\"https:\/\/portalfadesp.org.br\/?page_id=45128\" \/>\n<meta property=\"og:site_name\" content=\"FADESP\" \/>\n<meta property=\"article:publisher\" content=\"https:\/\/www.facebook.com\/Fadesp-138351949524662\/\" \/>\n<meta property=\"article:modified_time\" content=\"2024-06-24T14:58:31+00:00\" \/>\n<meta name=\"twitter:card\" content=\"summary_large_image\" \/>\n<meta name=\"twitter:site\" content=\"@Fadesp\" \/>\n<meta name=\"twitter:label1\" content=\"Est. tempo de leitura\" \/>\n\t<meta name=\"twitter:data1\" content=\"4 minutos\" \/>\n<script type=\"application\/ld+json\" class=\"yoast-schema-graph\">{\"@context\":\"https:\/\/schema.org\",\"@graph\":[{\"@type\":\"WebPage\",\"@id\":\"https:\/\/portalfadesp.org.br\/?page_id=45128\",\"url\":\"https:\/\/portalfadesp.org.br\/?page_id=45128\",\"name\":\"Processo Seletivo P\u00fablico da Prefeitura Municipal de Oeiras do Par\u00e1 - ACS (2024) - FADESP\",\"isPartOf\":{\"@id\":\"https:\/\/portalfadesp.org.br\/#website\"},\"datePublished\":\"2024-01-26T17:48:11+00:00\",\"dateModified\":\"2024-06-24T14:58:31+00:00\",\"breadcrumb\":{\"@id\":\"https:\/\/portalfadesp.org.br\/?page_id=45128#breadcrumb\"},\"inLanguage\":\"pt-BR\",\"potentialAction\":[{\"@type\":\"ReadAction\",\"target\":[\"https:\/\/portalfadesp.org.br\/?page_id=45128\"]}]},{\"@type\":\"BreadcrumbList\",\"@id\":\"https:\/\/portalfadesp.org.br\/?page_id=45128#breadcrumb\",\"itemListElement\":[{\"@type\":\"ListItem\",\"position\":1,\"name\":\"In\u00edcio\",\"item\":\"https:\/\/portalfadesp.org.br\/\"},{\"@type\":\"ListItem\",\"position\":2,\"name\":\"Concursos &#8211; Homologados\",\"item\":\"https:\/\/portalfadesp.org.br\/?page_id=329\"},{\"@type\":\"ListItem\",\"position\":3,\"name\":\"Processo Seletivo P\u00fablico da Prefeitura Municipal de Oeiras do Par\u00e1 &#8211; ACS (2024)\"}]},{\"@type\":\"WebSite\",\"@id\":\"https:\/\/portalfadesp.org.br\/#website\",\"url\":\"https:\/\/portalfadesp.org.br\/\",\"name\":\"FADESP\",\"description\":\"Funda\u00e7\u00e3o de Amparo e Desenvolvimento da Pesquisa\",\"publisher\":{\"@id\":\"https:\/\/portalfadesp.org.br\/#organization\"},\"potentialAction\":[{\"@type\":\"SearchAction\",\"target\":{\"@type\":\"EntryPoint\",\"urlTemplate\":\"https:\/\/portalfadesp.org.br\/?s={search_term_string}\"},\"query-input\":{\"@type\":\"PropertyValueSpecification\",\"valueRequired\":true,\"valueName\":\"search_term_string\"}}],\"inLanguage\":\"pt-BR\"},{\"@type\":\"Organization\",\"@id\":\"https:\/\/portalfadesp.org.br\/#organization\",\"name\":\"FADESP\",\"url\":\"https:\/\/portalfadesp.org.br\/\",\"logo\":{\"@type\":\"ImageObject\",\"inLanguage\":\"pt-BR\",\"@id\":\"https:\/\/portalfadesp.org.br\/#\/schema\/logo\/image\/\",\"url\":\"https:\/\/portalfadesp.org.br\/wp-content\/uploads\/2024\/01\/NOVOLOGOFADESPlaranjaH.png\",\"contentUrl\":\"https:\/\/portalfadesp.org.br\/wp-content\/uploads\/2024\/01\/NOVOLOGOFADESPlaranjaH.png\",\"width\":2742,\"height\":839,\"caption\":\"FADESP\"},\"image\":{\"@id\":\"https:\/\/portalfadesp.org.br\/#\/schema\/logo\/image\/\"},\"sameAs\":[\"https:\/\/www.facebook.com\/Fadesp-138351949524662\/\",\"https:\/\/x.com\/Fadesp\",\"https:\/\/www.instagram.com\/fadesp_ufpa\/\",\"https:\/\/www.youtube.com\/@fundacaodeamparoedesenvolv1903\",\"https:\/\/www.threads.net\/@fadesp_ufpa\"]}]}<\/script>\n<!-- \/ Yoast SEO plugin. -->","yoast_head_json":{"title":"Processo Seletivo P\u00fablico da Prefeitura Municipal de Oeiras do Par\u00e1 - ACS (2024) - FADESP","robots":{"index":"index","follow":"follow","max-snippet":"max-snippet:-1","max-image-preview":"max-image-preview:large","max-video-preview":"max-video-preview:-1"},"canonical":"https:\/\/portalfadesp.org.br\/?page_id=45128","og_locale":"pt_BR","og_type":"article","og_title":"Processo Seletivo P\u00fablico da Prefeitura Municipal de Oeiras do Par\u00e1 - ACS (2024) - FADESP","og_description":"Processo Seletivo P\u00fablico da Prefeitura Municipal de Oeiras do Par\u00e1 &#8211; ACS (2024) A Prefeitura Municipal de Oeiras do Par\u00e1 (PMOP), atrav\u00e9s da Secretaria Municipal de Sa\u00fade, supervisionado pela Secretaria Municipal de Administra\u00e7\u00e3o, torna p\u00fablico o Edital de Abertura do Processo Seletivo P\u00fablico (PSP), Edital n\u00b0 01\/2024\/PMOP\/ACS, de acordo com a Lei Federal n\u00ba 8.958\/94, [&hellip;]","og_url":"https:\/\/portalfadesp.org.br\/?page_id=45128","og_site_name":"FADESP","article_publisher":"https:\/\/www.facebook.com\/Fadesp-138351949524662\/","article_modified_time":"2024-06-24T14:58:31+00:00","twitter_card":"summary_large_image","twitter_site":"@Fadesp","twitter_misc":{"Est. tempo de leitura":"4 minutos"},"schema":{"@context":"https:\/\/schema.org","@graph":[{"@type":"WebPage","@id":"https:\/\/portalfadesp.org.br\/?page_id=45128","url":"https:\/\/portalfadesp.org.br\/?page_id=45128","name":"Processo Seletivo P\u00fablico da Prefeitura Municipal de Oeiras do Par\u00e1 - ACS (2024) - FADESP","isPartOf":{"@id":"https:\/\/portalfadesp.org.br\/#website"},"datePublished":"2024-01-26T17:48:11+00:00","dateModified":"2024-06-24T14:58:31+00:00","breadcrumb":{"@id":"https:\/\/portalfadesp.org.br\/?page_id=45128#breadcrumb"},"inLanguage":"pt-BR","potentialAction":[{"@type":"ReadAction","target":["https:\/\/portalfadesp.org.br\/?page_id=45128"]}]},{"@type":"BreadcrumbList","@id":"https:\/\/portalfadesp.org.br\/?page_id=45128#breadcrumb","itemListElement":[{"@type":"ListItem","position":1,"name":"In\u00edcio","item":"https:\/\/portalfadesp.org.br\/"},{"@type":"ListItem","position":2,"name":"Concursos &#8211; Homologados","item":"https:\/\/portalfadesp.org.br\/?page_id=329"},{"@type":"ListItem","position":3,"name":"Processo Seletivo P\u00fablico da Prefeitura Municipal de Oeiras do Par\u00e1 &#8211; ACS (2024)"}]},{"@type":"WebSite","@id":"https:\/\/portalfadesp.org.br\/#website","url":"https:\/\/portalfadesp.org.br\/","name":"FADESP","description":"Funda\u00e7\u00e3o de Amparo e Desenvolvimento da Pesquisa","publisher":{"@id":"https:\/\/portalfadesp.org.br\/#organization"},"potentialAction":[{"@type":"SearchAction","target":{"@type":"EntryPoint","urlTemplate":"https:\/\/portalfadesp.org.br\/?s={search_term_string}"},"query-input":{"@type":"PropertyValueSpecification","valueRequired":true,"valueName":"search_term_string"}}],"inLanguage":"pt-BR"},{"@type":"Organization","@id":"https:\/\/portalfadesp.org.br\/#organization","name":"FADESP","url":"https:\/\/portalfadesp.org.br\/","logo":{"@type":"ImageObject","inLanguage":"pt-BR","@id":"https:\/\/portalfadesp.org.br\/#\/schema\/logo\/image\/","url":"https:\/\/portalfadesp.org.br\/wp-content\/uploads\/2024\/01\/NOVOLOGOFADESPlaranjaH.png","contentUrl":"https:\/\/portalfadesp.org.br\/wp-content\/uploads\/2024\/01\/NOVOLOGOFADESPlaranjaH.png","width":2742,"height":839,"caption":"FADESP"},"image":{"@id":"https:\/\/portalfadesp.org.br\/#\/schema\/logo\/image\/"},"sameAs":["https:\/\/www.facebook.com\/Fadesp-138351949524662\/","https:\/\/x.com\/Fadesp","https:\/\/www.instagram.com\/fadesp_ufpa\/","https:\/\/www.youtube.com\/@fundacaodeamparoedesenvolv1903","https:\/\/www.threads.net\/@fadesp_ufpa"]}]}},"_links":{"self":[{"href":"https:\/\/portalfadesp.org.br\/index.php?rest_route=\/wp\/v2\/pages\/45128","targetHints":{"allow":["GET"]}}],"collection":[{"href":"https:\/\/portalfadesp.org.br\/index.php?rest_route=\/wp\/v2\/pages"}],"about":[{"href":"https:\/\/portalfadesp.org.br\/index.php?rest_route=\/wp\/v2\/types\/page"}],"author":[{"embeddable":true,"href":"https:\/\/portalfadesp.org.br\/index.php?rest_route=\/wp\/v2\/users\/12"}],"replies":[{"embeddable":true,"href":"https:\/\/portalfadesp.org.br\/index.php?rest_route=%2Fwp%2Fv2%2Fcomments&post=45128"}],"version-history":[{"count":73,"href":"https:\/\/portalfadesp.org.br\/index.php?rest_route=\/wp\/v2\/pages\/45128\/revisions"}],"predecessor-version":[{"id":46047,"href":"https:\/\/portalfadesp.org.br\/index.php?rest_route=\/wp\/v2\/pages\/45128\/revisions\/46047"}],"up":[{"embeddable":true,"href":"https:\/\/portalfadesp.org.br\/index.php?rest_route=\/wp\/v2\/pages\/329"}],"wp:attachment":[{"href":"https:\/\/portalfadesp.org.br\/index.php?rest_route=%2Fwp%2Fv2%2Fmedia&parent=45128"}],"curies":[{"name":"wp","href":"https:\/\/api.w.org\/{rel}","templated":true}]}}