{"id":44500,"date":"2023-11-30T14:48:06","date_gmt":"2023-11-30T17:48:06","guid":{"rendered":"https:\/\/portalfadesp.org.br\/?page_id=44500"},"modified":"2024-04-16T08:44:16","modified_gmt":"2024-04-16T11:44:16","slug":"pagina_modelo-19-12-38","status":"publish","type":"page","link":"https:\/\/portalfadesp.org.br\/?page_id=44500","title":{"rendered":"Concurso P\u00fablico da Prefeitura Municipal de Breves &#8211; GUARDA MUNICIPAL (2023)"},"content":{"rendered":"\t\t<div data-elementor-type=\"wp-post\" data-elementor-id=\"44500\" class=\"elementor elementor-44500\" data-elementor-post-type=\"page\">\n\t\t\t\t\t\t<section class=\"elementor-section elementor-top-section elementor-element elementor-element-1f2996d1 elementor-section-boxed elementor-section-height-default elementor-section-height-default\" data-id=\"1f2996d1\" data-element_type=\"section\">\n\t\t\t\t\t\t<div class=\"elementor-container elementor-column-gap-default\">\n\t\t\t\t\t<div class=\"elementor-column elementor-col-100 elementor-top-column elementor-element elementor-element-59a4b3f8\" data-id=\"59a4b3f8\" data-element_type=\"column\">\n\t\t\t<div class=\"elementor-widget-wrap elementor-element-populated\">\n\t\t\t\t\t\t<div class=\"elementor-element elementor-element-799471af elementor-widget elementor-widget-heading\" data-id=\"799471af\" data-element_type=\"widget\" data-widget_type=\"heading.default\">\n\t\t\t\t<div class=\"elementor-widget-container\">\n\t\t\t\t\t<h1 class=\"elementor-heading-title elementor-size-default\">Concurso P\u00fablico da Prefeitura Municipal de Breves - GUARDA MUNICIPAL (2023)<\/h1>\t\t\t\t<\/div>\n\t\t\t\t<\/div>\n\t\t\t\t<section class=\"elementor-section elementor-inner-section elementor-element elementor-element-336311f elementor-section-boxed elementor-section-height-default elementor-section-height-default\" data-id=\"336311f\" data-element_type=\"section\">\n\t\t\t\t\t\t<div class=\"elementor-container elementor-column-gap-default\">\n\t\t\t\t\t<div class=\"elementor-column elementor-col-50 elementor-inner-column elementor-element elementor-element-75ca0dc3\" data-id=\"75ca0dc3\" data-element_type=\"column\">\n\t\t\t<div class=\"elementor-widget-wrap elementor-element-populated\">\n\t\t\t\t\t\t<div class=\"elementor-element elementor-element-425a3096 elementor-widget elementor-widget-text-editor\" data-id=\"425a3096\" data-element_type=\"widget\" data-widget_type=\"text-editor.default\">\n\t\t\t\t<div class=\"elementor-widget-container\">\n\t\t\t\t\t\t\t\t\t<p>O Prefeito Municipal de Breve-PA, no uso de suas atribui\u00e7\u00f5es, torna p\u00fablica a realiza\u00e7\u00e3o de <strong>Concurso P\u00fablico destinado ao preenchimento de vagas do cargo de Guarda Municipal<\/strong> do quadro de pessoal efetivo da Prefeitura, mediante as condi\u00e7\u00f5es estabelecidas no Edital de Abertura.<\/p><p><strong>A sele\u00e7\u00e3o para os cargos de que trata este Edital compreender\u00e1 as seguintes fases, conforme a seguir:<\/strong><br \/>\u2013 Prova de conhecimentos mediante aplica\u00e7\u00e3o de prova objetiva de car\u00e1ter eliminat\u00f3ria e classificat\u00f3ria, a ser aplicada no Munic\u00edpio de Breves.<br \/>\u2013 Prova de Teste de Aptid\u00e3o F\u00edsica, de car\u00e1ter eliminat\u00f3rio, somente para candidatos aptos conforme as regras constantes do Edital.<\/p><p><strong>Per\u00edodo de Inscri\u00e7\u00e3o \u2013<\/strong> 30\/11\/\/2023 a 04\/01\/2024<\/p><p><strong>Valor taxa de Inscri\u00e7\u00e3o:<\/strong> N\u00edvel M\u00e9dio = R$ 90,00 (noventa reais)<\/p><p><strong>Solicita\u00e7\u00e3o de isen\u00e7\u00e3o da taxa de inscri\u00e7\u00e3o para PCD<\/strong> \u2013 30\/11\/2023 a 08\/12\/2023<\/p><p><strong>\u00daltimo dia para pagamento da taxa de inscri\u00e7\u00e3o \u2013<\/strong> 05\/01\/2024<\/p><p><strong>Prova Objetiva \u2013<\/strong> 21\/01\/2024<\/p><p><strong>Prova de Aptid\u00e3o F\u00edsica \u2013<\/strong> 24 e 25 de fevereiro de 2024<\/p>\t\t\t\t\t\t\t\t<\/div>\n\t\t\t\t<\/div>\n\t\t\t\t\t<\/div>\n\t\t<\/div>\n\t\t\t\t<div class=\"elementor-column elementor-col-50 elementor-inner-column elementor-element elementor-element-79608089\" data-id=\"79608089\" data-element_type=\"column\">\n\t\t\t<div class=\"elementor-widget-wrap elementor-element-populated\">\n\t\t\t\t\t\t<div class=\"elementor-element elementor-element-25d67c4 elementor-widget elementor-widget-text-editor\" data-id=\"25d67c4\" data-element_type=\"widget\" data-widget_type=\"text-editor.default\">\n\t\t\t\t<div class=\"elementor-widget-container\">\n\t\t\t\t\t\t\t\t\t<div class=\"botaoBug\" style=\"margin-bottom: 10px;\"><a href=\"http:\/\/concursos2.fadesp.org.br\/prefeitura\/2023\/breves\/web\/\"><strong>\u00c1rea do candidato (Clique aqui)<\/strong><\/a><\/div><div><em>* Na \u00e1rea do candidato poder\u00e1 ser realizado seu cadastro, inscri\u00e7\u00e3o, emiss\u00e3o de boleto, recursos, impress\u00e3o de cart\u00e3o com local de prova e afins\u2026<\/em><\/div>\t\t\t\t\t\t\t\t<\/div>\n\t\t\t\t<\/div>\n\t\t\t\t<div class=\"elementor-element elementor-element-7ccac55 elementor-widget elementor-widget-text-editor\" data-id=\"7ccac55\" data-element_type=\"widget\" data-widget_type=\"text-editor.default\">\n\t\t\t\t<div class=\"elementor-widget-container\">\n\t\t\t\t\t\t\t\t\t<p><strong>Editais\u00a0<\/strong><\/p>\t\t\t\t\t\t\t\t<\/div>\n\t\t\t\t<\/div>\n\t\t\t\t<div class=\"elementor-element elementor-element-368e568 elementor-widget elementor-widget-text-editor\" data-id=\"368e568\" data-element_type=\"widget\" data-widget_type=\"text-editor.default\">\n\t\t\t\t<div class=\"elementor-widget-container\">\n\t\t\t\t\t\t\t\t\t<p style=\"text-align: center;\"><a href=\"https:\/\/portalfadesp.org.br\/wp-content\/uploads\/2024\/04\/Resultado-Definitivo-do-TAF-Sub-Judice-Guarda-Municipal-15-04-2024.pdf\">Resultado Definitivo do TAF Sub Judice &#8211; Guarda Municipal, de 16\/04\/2024 <strong>(Clique aqui)<\/strong><\/a><\/p><p style=\"text-align: center;\"><a href=\"https:\/\/portalfadesp.org.br\/wp-content\/uploads\/2024\/03\/Edital-n\u00b0-04_2023-Convocacao-ao-TAF-Sub-Judice-Guarda-Municipal-19-03-2024.pdf\">Edital n\u00b0 04_2023 &#8211; Convoca\u00e7\u00e3o ao TAF Sub Judice &#8211; Guarda Municipal, de 19\/03\/2024 <strong>(Clique aqui)<\/strong><\/a><\/p><p style=\"text-align: center;\"><a href=\"https:\/\/portalfadesp.org.br\/wp-content\/uploads\/2024\/03\/Edital-n\u00b0-03_2023-Homologacao-do-Resultado-Final-13-03-2024.pdf\">Edital n\u00b0 03_2023 &#8211; Homologa\u00e7\u00e3o do Resultado Final, de 13\/03\/2024 <strong>(Clique aqui)<\/strong><\/a><\/p><p style=\"text-align: center;\"><a href=\"https:\/\/portalfadesp.org.br\/wp-content\/uploads\/2024\/03\/Resultado-Final-Definitivo-13-03-2024.pdf\">Resultado Final Definitivo, de 13\/03\/2024 <strong>(Clique aqui)<\/strong><\/a><\/p><p style=\"text-align: center;\"><a href=\"https:\/\/portalfadesp.org.br\/wp-content\/uploads\/2024\/03\/Resultado-Final-Preliminar-06-03-2024.pdf\">Resultado Final Preliminar, de 06\/03\/2024 <strong>(Clique aqui)<\/strong><\/a><\/p><p style=\"text-align: center;\"><a href=\"https:\/\/portalfadesp.org.br\/wp-content\/uploads\/2024\/03\/Resultado-Definitivo-da-Prova-de-Aptidao-Fisica_Guarda-Municipal-06-03-2024.pdf\">Resultado Definitivo da Prova de Aptid\u00e3o F\u00edsica_Guarda Municipal, de 06\/03\/2024 <strong>(Clique aqui)<\/strong><\/a><\/p><p style=\"text-align: center;\"><a href=\"https:\/\/portalfadesp.org.br\/wp-content\/uploads\/2024\/02\/Resultado-Preliminar-da-Prova-de-Aptidao-Fisica_Guarda-Municipal-28-02-2024.pdf\">Resultado Preliminar da Prova de Aptid\u00e3o F\u00edsica &#8211; Guarda Municipal, de 28\/02\/2024 <strong>(Clique aqui)<\/strong><\/a><\/p><p style=\"text-align: center;\"><a href=\"https:\/\/portalfadesp.org.br\/wp-content\/uploads\/2024\/02\/Edital-n\u00b0-02_2023-Convocacao-ao-TAF-Guarda-Municipal-16-02-2023.docx.pdf\">Edital n\u00b0 02\/2023 &#8211; Convoca\u00e7\u00e3o ao TAF &#8211; Guarda Municipal, de 16\/02\/2023 <strong>(Clique aqui)<\/strong><\/a><\/p><p style=\"text-align: center;\"><a href=\"https:\/\/portalfadesp.org.br\/wp-content\/uploads\/2024\/02\/Resultado-Definitivo-da-Prova-Objetiva-16_02_2024.pdf\">Resultado Definitivo da Prova Objetiva, de 16\/02\/2024 <strong>(Clique aqui)<\/strong><\/a><\/p><p style=\"text-align: center;\"><a href=\"https:\/\/portalfadesp.org.br\/wp-content\/uploads\/2024\/02\/Resultado-Preliminar-da-Prova-Objetiva-07_02_2024.pdf\">Resultado Preliminar da Prova Objetiva, de 07\/02\/2024 <strong>(Clique aqui)<\/strong><\/a><\/p><p style=\"text-align: center;\"><a href=\"https:\/\/portalfadesp.org.br\/wp-content\/uploads\/2024\/01\/GABARITO-OFICIAL-DEFINITIVO_TIPO-1-E-TIPO-2-31-01-2024.pdf\">GABARITO OFICIAL DEFINITIVO &#8211; TIPO 1 E TIPO 2, de 31\/01\/2024 <strong>(Clique aqui)<\/strong><\/a><\/p><p style=\"text-align: center;\"><a href=\"https:\/\/drive.google.com\/file\/d\/1pM05YMKYnIUkFrFKZGSaWU43IbIqppJ_\/view?usp=sharing\">Gabarito Oficial Preliminar, de 22\/01\/2024 <strong>(Clique aqui)<\/strong><\/a><\/p><p style=\"text-align: center;\"><a href=\"https:\/\/drive.google.com\/drive\/folders\/1smIPGh0gtOoXXjdFFY371-gjhbhP_KsF?usp=sharing\">Provas, de 22\/01\/2024 <strong>(Clique aqui)<\/strong><\/a><\/p><p style=\"text-align: center;\"><a href=\"https:\/\/portalfadesp.org.br\/wp-content\/uploads\/2024\/01\/Demanda-de-Inscritos.pdf\">Demanda de Inscritos, de 12\/01\/2024 <strong>(Clique aqui)<\/strong><\/a><\/p><p style=\"text-align: center;\"><a href=\"https:\/\/portalfadesp.org.br\/wp-content\/uploads\/2024\/01\/Resultado-Definitivo-de-Inscricoes-Deferidas-12-01-2024.pdf\">Resultado Definitivo de Inscri\u00e7\u00f5es Deferidas, de 12\/01\/2024 <strong>(Clique aqui)<\/strong><\/a><\/p><p style=\"text-align: center;\"><a href=\"https:\/\/portalfadesp.org.br\/wp-content\/uploads\/2024\/01\/Resultado-Definitivo-de-Atendimentos-Especial-no-dia-da-prova-objetiva-12-01-2024.pdf\">Resultado Definitivo de Atendimentos Especial no dia da prova objetiva, de 12\/01\/2024 <strong>(Clique aqui)<\/strong><\/a><\/p><p style=\"text-align: center;\"><a href=\"https:\/\/portalfadesp.org.br\/wp-content\/uploads\/2024\/01\/Resultado-Definitivo-de-PcD-Concorrentes-12-01-2024.pdf\">Resultado Definitivo de PcD Concorrentes, de 12\/01\/2024 <strong>(Clique aqui)<\/strong><\/a><\/p><p style=\"text-align: center;\"><a href=\"https:\/\/portalfadesp.org.br\/wp-content\/uploads\/2024\/01\/Resultado-Preliminar-de-Inscricoes-Deferidas-09-01-2024.pdf\">Resultado Preliminar de Inscri\u00e7\u00f5es Deferidas, de 09\/01\/2024 <strong>(Clique aqui)<\/strong><\/a><\/p><p style=\"text-align: center;\"><a href=\"https:\/\/portalfadesp.org.br\/wp-content\/uploads\/2024\/01\/Resultado-Preliminar-de-Atendimentos-Especial-no-dia-da-prova-objetiva-09-01-2024.pdf\">Resultado Preliminar de Atendimentos Especial no dia da prova objetiva, de 09\/01\/2024 <strong>(Clique aqui)<\/strong><\/a><\/p><p style=\"text-align: center;\"><a href=\"https:\/\/portalfadesp.org.br\/wp-content\/uploads\/2024\/01\/Resultado-Preliminar-de-PcD-Concorrentes-09-01-2024.pdf\">Resultado Preliminar de PcD Concorrentes, de 09\/01\/2024 <strong>(Clique aqui)<\/strong><\/a><\/p><p style=\"text-align: center;\"><a href=\"https:\/\/portalfadesp.org.br\/wp-content\/uploads\/2023\/12\/Errata-n\u00b0-02_2023_PMB-Prorrogacao-do-Periodo-das-Inscricoes.pdf\">Errata n\u00b0 02\/2023 PMB &#8211; Prorroga\u00e7\u00e3o do Per\u00edodo das Inscri\u00e7\u00f5es, de 22\/12\/2023 <strong>(Clique aqui)<\/strong><\/a><\/p><p style=\"text-align: center;\"><a href=\"https:\/\/portalfadesp.org.br\/wp-content\/uploads\/2023\/12\/Resultado-Definitivo-de-Isencao-de-Taxa-para-PcD-19_12_2023.pdf\">Resultado Definitivo de Isen\u00e7\u00e3o de Taxa para PcD, de 19\/12\/2023 <strong>(Clique aqui)<\/strong><\/a><\/p><p style=\"text-align: center;\"><a href=\"https:\/\/portalfadesp.org.br\/wp-content\/uploads\/2023\/12\/Resultado-Preliminar-de-Isencao-de-Taxa-para-PcD-13_12_2023.pdf\">Resultado Preliminar de Isen\u00e7\u00e3o de Taxa para PcD, de 13\/12\/2023 <strong>(Clique aqui)<\/strong><\/a><\/p><p style=\"text-align: center;\"><a href=\"https:\/\/portalfadesp.org.br\/wp-content\/uploads\/2023\/12\/Errata-n\u00b0-01_2023_PMB-Retificacoes.pdf\">Errata n\u00b0 01_2023_PMB &#8211; Retifica\u00e7\u00f5es, de 11\/12\/2023 <strong>(Clique aqui)<\/strong><\/a><\/p><p style=\"text-align: center;\"><a href=\"https:\/\/portalfadesp.org.br\/wp-content\/uploads\/2023\/11\/Edital-n\u00b0-01_2023_PMB.pdf\">Edital n\u00b0 01\/2023 &#8211; PMB, de 30\/11\/2023 <strong>(Clique aqui)<\/strong><\/a><\/p><p style=\"text-align: center;\"><a href=\"https:\/\/portalfadesp.org.br\/wp-content\/uploads\/2023\/12\/Lei-n\u00b0-2.626-2023-Plano-de-Cargos-e-Salarios-de-Guarda-Municipal.pdf\">Lei n\u00b0 2.626 &#8211; 2023 &#8211; Plano de Cargos e Sal\u00e1rios de Guarda Municipal, de 12\/12\/2023 <strong>(Clique aqui)<\/strong><\/a><\/p><p style=\"text-align: center;\"><a href=\"https:\/\/portalfadesp.org.br\/wp-content\/uploads\/2023\/11\/Lei-n\u00b0-2.628-2023-Criacao-da-Secretaria-Municipal-de-Seguranca-Publica-e-Defesa-Social-de-Breves.pdf\">Lei n\u00b0 2.628-2023 &#8211; Cria\u00e7\u00e3o da Secretaria Municipal de Seguran\u00e7a P\u00fablica e Defesa Social de Breves <strong>(Clique aqui)<\/strong><\/a><\/p><p style=\"text-align: center;\"><a href=\"https:\/\/portalfadesp.org.br\/wp-content\/uploads\/2023\/11\/Lei-no.-2167-2008-Codigo-de-Etica-e-Disciplina-da-Guarda-Municipal-de-Breves.pdf\">Lei n\u00ba. 2167 &#8211; 2008 &#8211; C\u00f3digo de \u00c9tica e Disciplina da Guarda Municipal de Breves <strong>(Clique aqui)<\/strong><\/a><\/p><p style=\"text-align: center;\"><a href=\"https:\/\/portalfadesp.org.br\/wp-content\/uploads\/2023\/11\/Lei-no.-2040-2003-Criacao-da-Guarda-Municipal-de-Breve.pdf\">Lei n\u00ba. 2040 &#8211; 2003 &#8211; Cria\u00e7\u00e3o da Guarda Municipal de Breve <strong>(Clique aqui)<\/strong><\/a><\/p>\t\t\t\t\t\t\t\t<\/div>\n\t\t\t\t<\/div>\n\t\t\t\t\t<\/div>\n\t\t<\/div>\n\t\t\t\t\t<\/div>\n\t\t<\/section>\n\t\t\t\t\t<\/div>\n\t\t<\/div>\n\t\t\t\t\t<\/div>\n\t\t<\/section>\n\t\t\t\t<\/div>\n\t\t","protected":false},"excerpt":{"rendered":"<p>Concurso P\u00fablico da Prefeitura Municipal de Breves &#8211; GUARDA MUNICIPAL (2023) O Prefeito Municipal de Breve-PA, no uso de suas atribui\u00e7\u00f5es, torna p\u00fablica a realiza\u00e7\u00e3o de Concurso P\u00fablico destinado ao preenchimento de vagas do cargo de Guarda Municipal do quadro de pessoal efetivo da Prefeitura, mediante as condi\u00e7\u00f5es estabelecidas no Edital de Abertura. A sele\u00e7\u00e3o [&hellip;]<\/p>\n","protected":false},"author":12,"featured_media":0,"parent":329,"menu_order":0,"comment_status":"closed","ping_status":"closed","template":"","meta":{"_monsterinsights_skip_tracking":false,"_monsterinsights_sitenote_active":false,"_monsterinsights_sitenote_note":"","_monsterinsights_sitenote_category":0,"footnotes":""},"class_list":["post-44500","page","type-page","status-publish","hentry","entry"],"yoast_head":"<!-- This site is optimized with the Yoast SEO plugin v25.1 - https:\/\/yoast.com\/wordpress\/plugins\/seo\/ -->\n<title>Concurso P\u00fablico da Prefeitura Municipal de Breves - GUARDA MUNICIPAL (2023) - FADESP<\/title>\n<meta name=\"robots\" content=\"index, follow, max-snippet:-1, max-image-preview:large, max-video-preview:-1\" \/>\n<link rel=\"canonical\" href=\"https:\/\/portalfadesp.org.br\/?page_id=44500\" \/>\n<meta property=\"og:locale\" content=\"pt_BR\" \/>\n<meta property=\"og:type\" content=\"article\" \/>\n<meta property=\"og:title\" content=\"Concurso P\u00fablico da Prefeitura Municipal de Breves - GUARDA MUNICIPAL (2023) - FADESP\" \/>\n<meta property=\"og:description\" content=\"Concurso P\u00fablico da Prefeitura Municipal de Breves &#8211; GUARDA MUNICIPAL (2023) O Prefeito Municipal de Breve-PA, no uso de suas atribui\u00e7\u00f5es, torna p\u00fablica a realiza\u00e7\u00e3o de Concurso P\u00fablico destinado ao preenchimento de vagas do cargo de Guarda Municipal do quadro de pessoal efetivo da Prefeitura, mediante as condi\u00e7\u00f5es estabelecidas no Edital de Abertura. A sele\u00e7\u00e3o [&hellip;]\" \/>\n<meta property=\"og:url\" content=\"https:\/\/portalfadesp.org.br\/?page_id=44500\" \/>\n<meta property=\"og:site_name\" content=\"FADESP\" \/>\n<meta property=\"article:publisher\" content=\"https:\/\/www.facebook.com\/Fadesp-138351949524662\/\" \/>\n<meta property=\"article:modified_time\" content=\"2024-04-16T11:44:16+00:00\" \/>\n<meta name=\"twitter:card\" content=\"summary_large_image\" \/>\n<meta name=\"twitter:site\" content=\"@Fadesp\" \/>\n<meta name=\"twitter:label1\" content=\"Est. tempo de leitura\" \/>\n\t<meta name=\"twitter:data1\" content=\"3 minutos\" \/>\n<script type=\"application\/ld+json\" class=\"yoast-schema-graph\">{\"@context\":\"https:\/\/schema.org\",\"@graph\":[{\"@type\":\"WebPage\",\"@id\":\"https:\/\/portalfadesp.org.br\/?page_id=44500\",\"url\":\"https:\/\/portalfadesp.org.br\/?page_id=44500\",\"name\":\"Concurso P\u00fablico da Prefeitura Municipal de Breves - GUARDA MUNICIPAL (2023) - FADESP\",\"isPartOf\":{\"@id\":\"https:\/\/portalfadesp.org.br\/#website\"},\"datePublished\":\"2023-11-30T17:48:06+00:00\",\"dateModified\":\"2024-04-16T11:44:16+00:00\",\"breadcrumb\":{\"@id\":\"https:\/\/portalfadesp.org.br\/?page_id=44500#breadcrumb\"},\"inLanguage\":\"pt-BR\",\"potentialAction\":[{\"@type\":\"ReadAction\",\"target\":[\"https:\/\/portalfadesp.org.br\/?page_id=44500\"]}]},{\"@type\":\"BreadcrumbList\",\"@id\":\"https:\/\/portalfadesp.org.br\/?page_id=44500#breadcrumb\",\"itemListElement\":[{\"@type\":\"ListItem\",\"position\":1,\"name\":\"In\u00edcio\",\"item\":\"https:\/\/portalfadesp.org.br\/\"},{\"@type\":\"ListItem\",\"position\":2,\"name\":\"Concursos &#8211; Homologados\",\"item\":\"https:\/\/portalfadesp.org.br\/?page_id=329\"},{\"@type\":\"ListItem\",\"position\":3,\"name\":\"Concurso P\u00fablico da Prefeitura Municipal de Breves &#8211; GUARDA MUNICIPAL (2023)\"}]},{\"@type\":\"WebSite\",\"@id\":\"https:\/\/portalfadesp.org.br\/#website\",\"url\":\"https:\/\/portalfadesp.org.br\/\",\"name\":\"FADESP\",\"description\":\"Funda\u00e7\u00e3o de Amparo e Desenvolvimento da Pesquisa\",\"publisher\":{\"@id\":\"https:\/\/portalfadesp.org.br\/#organization\"},\"potentialAction\":[{\"@type\":\"SearchAction\",\"target\":{\"@type\":\"EntryPoint\",\"urlTemplate\":\"https:\/\/portalfadesp.org.br\/?s={search_term_string}\"},\"query-input\":{\"@type\":\"PropertyValueSpecification\",\"valueRequired\":true,\"valueName\":\"search_term_string\"}}],\"inLanguage\":\"pt-BR\"},{\"@type\":\"Organization\",\"@id\":\"https:\/\/portalfadesp.org.br\/#organization\",\"name\":\"FADESP\",\"url\":\"https:\/\/portalfadesp.org.br\/\",\"logo\":{\"@type\":\"ImageObject\",\"inLanguage\":\"pt-BR\",\"@id\":\"https:\/\/portalfadesp.org.br\/#\/schema\/logo\/image\/\",\"url\":\"https:\/\/portalfadesp.org.br\/wp-content\/uploads\/2024\/01\/NOVOLOGOFADESPlaranjaH.png\",\"contentUrl\":\"https:\/\/portalfadesp.org.br\/wp-content\/uploads\/2024\/01\/NOVOLOGOFADESPlaranjaH.png\",\"width\":2742,\"height\":839,\"caption\":\"FADESP\"},\"image\":{\"@id\":\"https:\/\/portalfadesp.org.br\/#\/schema\/logo\/image\/\"},\"sameAs\":[\"https:\/\/www.facebook.com\/Fadesp-138351949524662\/\",\"https:\/\/x.com\/Fadesp\",\"https:\/\/www.instagram.com\/fadesp_ufpa\/\",\"https:\/\/www.youtube.com\/@fundacaodeamparoedesenvolv1903\",\"https:\/\/www.threads.net\/@fadesp_ufpa\"]}]}<\/script>\n<!-- \/ Yoast SEO plugin. -->","yoast_head_json":{"title":"Concurso P\u00fablico da Prefeitura Municipal de Breves - GUARDA MUNICIPAL (2023) - FADESP","robots":{"index":"index","follow":"follow","max-snippet":"max-snippet:-1","max-image-preview":"max-image-preview:large","max-video-preview":"max-video-preview:-1"},"canonical":"https:\/\/portalfadesp.org.br\/?page_id=44500","og_locale":"pt_BR","og_type":"article","og_title":"Concurso P\u00fablico da Prefeitura Municipal de Breves - GUARDA MUNICIPAL (2023) - FADESP","og_description":"Concurso P\u00fablico da Prefeitura Municipal de Breves &#8211; GUARDA MUNICIPAL (2023) O Prefeito Municipal de Breve-PA, no uso de suas atribui\u00e7\u00f5es, torna p\u00fablica a realiza\u00e7\u00e3o de Concurso P\u00fablico destinado ao preenchimento de vagas do cargo de Guarda Municipal do quadro de pessoal efetivo da Prefeitura, mediante as condi\u00e7\u00f5es estabelecidas no Edital de Abertura. A sele\u00e7\u00e3o [&hellip;]","og_url":"https:\/\/portalfadesp.org.br\/?page_id=44500","og_site_name":"FADESP","article_publisher":"https:\/\/www.facebook.com\/Fadesp-138351949524662\/","article_modified_time":"2024-04-16T11:44:16+00:00","twitter_card":"summary_large_image","twitter_site":"@Fadesp","twitter_misc":{"Est. tempo de leitura":"3 minutos"},"schema":{"@context":"https:\/\/schema.org","@graph":[{"@type":"WebPage","@id":"https:\/\/portalfadesp.org.br\/?page_id=44500","url":"https:\/\/portalfadesp.org.br\/?page_id=44500","name":"Concurso P\u00fablico da Prefeitura Municipal de Breves - GUARDA MUNICIPAL (2023) - FADESP","isPartOf":{"@id":"https:\/\/portalfadesp.org.br\/#website"},"datePublished":"2023-11-30T17:48:06+00:00","dateModified":"2024-04-16T11:44:16+00:00","breadcrumb":{"@id":"https:\/\/portalfadesp.org.br\/?page_id=44500#breadcrumb"},"inLanguage":"pt-BR","potentialAction":[{"@type":"ReadAction","target":["https:\/\/portalfadesp.org.br\/?page_id=44500"]}]},{"@type":"BreadcrumbList","@id":"https:\/\/portalfadesp.org.br\/?page_id=44500#breadcrumb","itemListElement":[{"@type":"ListItem","position":1,"name":"In\u00edcio","item":"https:\/\/portalfadesp.org.br\/"},{"@type":"ListItem","position":2,"name":"Concursos &#8211; Homologados","item":"https:\/\/portalfadesp.org.br\/?page_id=329"},{"@type":"ListItem","position":3,"name":"Concurso P\u00fablico da Prefeitura Municipal de Breves &#8211; GUARDA MUNICIPAL (2023)"}]},{"@type":"WebSite","@id":"https:\/\/portalfadesp.org.br\/#website","url":"https:\/\/portalfadesp.org.br\/","name":"FADESP","description":"Funda\u00e7\u00e3o de Amparo e Desenvolvimento da Pesquisa","publisher":{"@id":"https:\/\/portalfadesp.org.br\/#organization"},"potentialAction":[{"@type":"SearchAction","target":{"@type":"EntryPoint","urlTemplate":"https:\/\/portalfadesp.org.br\/?s={search_term_string}"},"query-input":{"@type":"PropertyValueSpecification","valueRequired":true,"valueName":"search_term_string"}}],"inLanguage":"pt-BR"},{"@type":"Organization","@id":"https:\/\/portalfadesp.org.br\/#organization","name":"FADESP","url":"https:\/\/portalfadesp.org.br\/","logo":{"@type":"ImageObject","inLanguage":"pt-BR","@id":"https:\/\/portalfadesp.org.br\/#\/schema\/logo\/image\/","url":"https:\/\/portalfadesp.org.br\/wp-content\/uploads\/2024\/01\/NOVOLOGOFADESPlaranjaH.png","contentUrl":"https:\/\/portalfadesp.org.br\/wp-content\/uploads\/2024\/01\/NOVOLOGOFADESPlaranjaH.png","width":2742,"height":839,"caption":"FADESP"},"image":{"@id":"https:\/\/portalfadesp.org.br\/#\/schema\/logo\/image\/"},"sameAs":["https:\/\/www.facebook.com\/Fadesp-138351949524662\/","https:\/\/x.com\/Fadesp","https:\/\/www.instagram.com\/fadesp_ufpa\/","https:\/\/www.youtube.com\/@fundacaodeamparoedesenvolv1903","https:\/\/www.threads.net\/@fadesp_ufpa"]}]}},"_links":{"self":[{"href":"https:\/\/portalfadesp.org.br\/index.php?rest_route=\/wp\/v2\/pages\/44500","targetHints":{"allow":["GET"]}}],"collection":[{"href":"https:\/\/portalfadesp.org.br\/index.php?rest_route=\/wp\/v2\/pages"}],"about":[{"href":"https:\/\/portalfadesp.org.br\/index.php?rest_route=\/wp\/v2\/types\/page"}],"author":[{"embeddable":true,"href":"https:\/\/portalfadesp.org.br\/index.php?rest_route=\/wp\/v2\/users\/12"}],"replies":[{"embeddable":true,"href":"https:\/\/portalfadesp.org.br\/index.php?rest_route=%2Fwp%2Fv2%2Fcomments&post=44500"}],"version-history":[{"count":72,"href":"https:\/\/portalfadesp.org.br\/index.php?rest_route=\/wp\/v2\/pages\/44500\/revisions"}],"predecessor-version":[{"id":46039,"href":"https:\/\/portalfadesp.org.br\/index.php?rest_route=\/wp\/v2\/pages\/44500\/revisions\/46039"}],"up":[{"embeddable":true,"href":"https:\/\/portalfadesp.org.br\/index.php?rest_route=\/wp\/v2\/pages\/329"}],"wp:attachment":[{"href":"https:\/\/portalfadesp.org.br\/index.php?rest_route=%2Fwp%2Fv2%2Fmedia&parent=44500"}],"curies":[{"name":"wp","href":"https:\/\/api.w.org\/{rel}","templated":true}]}}