{"id":44283,"date":"2023-11-24T15:57:42","date_gmt":"2023-11-24T18:57:42","guid":{"rendered":"https:\/\/portalfadesp.org.br\/?page_id=44283"},"modified":"2024-03-21T09:43:06","modified_gmt":"2024-03-21T12:43:06","slug":"selecao-para-mestrado-em-instrumentacao-controle-e-automacao-da-ufop-itv-2024","status":"publish","type":"page","link":"https:\/\/portalfadesp.org.br\/?page_id=44283","title":{"rendered":"SELE\u00c7\u00c3O PARA MESTRADO EM INSTRUMENTA\u00c7\u00c3O, CONTROLE E AUTOMA\u00c7\u00c3O DA UFOP\/ITV \u2013 2024"},"content":{"rendered":"\t\t<div data-elementor-type=\"wp-post\" data-elementor-id=\"44283\" class=\"elementor elementor-44283\" data-elementor-post-type=\"page\">\n\t\t\t\t\t\t<section class=\"elementor-section elementor-top-section elementor-element elementor-element-1f2996d1 elementor-section-boxed elementor-section-height-default elementor-section-height-default\" data-id=\"1f2996d1\" data-element_type=\"section\">\n\t\t\t\t\t\t<div class=\"elementor-container elementor-column-gap-default\">\n\t\t\t\t\t<div class=\"elementor-column elementor-col-100 elementor-top-column elementor-element elementor-element-59a4b3f8\" data-id=\"59a4b3f8\" data-element_type=\"column\">\n\t\t\t<div class=\"elementor-widget-wrap elementor-element-populated\">\n\t\t\t\t\t\t<div class=\"elementor-element elementor-element-799471af elementor-widget elementor-widget-heading\" data-id=\"799471af\" data-element_type=\"widget\" data-widget_type=\"heading.default\">\n\t\t\t\t<div class=\"elementor-widget-container\">\n\t\t\t\t\t<h1 class=\"elementor-heading-title elementor-size-default\">SELE\u00c7\u00c3O PARA MESTRADO EM INSTRUMENTA\u00c7\u00c3O, CONTROLE E AUTOMA\u00c7\u00c3O DA UFOP\/ITV \u2013 2024 <\/h1>\t\t\t\t<\/div>\n\t\t\t\t<\/div>\n\t\t\t\t<section class=\"elementor-section elementor-inner-section elementor-element elementor-element-336311f elementor-section-boxed elementor-section-height-default elementor-section-height-default\" data-id=\"336311f\" data-element_type=\"section\">\n\t\t\t\t\t\t<div class=\"elementor-container elementor-column-gap-default\">\n\t\t\t\t\t<div class=\"elementor-column elementor-col-50 elementor-inner-column elementor-element elementor-element-75ca0dc3\" data-id=\"75ca0dc3\" data-element_type=\"column\">\n\t\t\t<div class=\"elementor-widget-wrap elementor-element-populated\">\n\t\t\t\t\t\t<div class=\"elementor-element elementor-element-425a3096 elementor-widget elementor-widget-text-editor\" data-id=\"425a3096\" data-element_type=\"widget\" data-widget_type=\"text-editor.default\">\n\t\t\t\t<div class=\"elementor-widget-container\">\n\t\t\t\t\t\t\t\t\t<p style=\"font-weight: 400;\">Coordena\u00e7\u00e3o do Programa de P\u00f3s-Gradua\u00e7\u00e3o em Instrumenta\u00e7\u00e3o, Controle e Automa\u00e7\u00e3o de Processos de Minera\u00e7\u00e3o da Universidade Federal de Ouro Preto e do Instituto Tecnol\u00f3gico Vale \u2013 PROFICAM \u2013UFOP\/ITV, tendo em vista a decis\u00e3o do Colegiado de P\u00f3s-Gradua\u00e7\u00e3o, aprovada no dia\u00a0<strong>21 de novembro de 2023<\/strong>, comunica a abertura de processo seletivo para ingresso no Curso de Mestrado Profissional em Instrumenta\u00e7\u00e3o, Controle e Automa\u00e7\u00e3o de Processos de Minera\u00e7\u00e3o, turma do\u00a0<strong>primeiro semestre letivo de 2024<\/strong>. O processo de sele\u00e7\u00e3o ser\u00e1 regido pelas normas descritas a seguir, pela Resolu\u00e7\u00e3o CEPE 7.507, Portaria PROPPI 02\/2022, gerenciado pela Funda\u00e7\u00e3o de Amparo e Desenvolvimento da Pesquisa \u2013 FADESP e sua prova aplicada pela Funda\u00e7\u00e3o de Desenvolvimento da Pesquisa \u2013 FUNDEP.<\/p><p style=\"font-weight: 400;\"><strong>Per\u00edodo de Inscri\u00e7\u00e3o:\u00a0<\/strong>24\/11\/2023 a 09\/01\/2024.<\/p><p style=\"font-weight: 400;\"><strong>Taxa de inscri\u00e7\u00e3o:<\/strong>\u00a0R$ 95,00 (noventa e cinco reais)<\/p><p style=\"font-weight: 400;\"><strong>Edital P\u00fablico<\/strong><\/p><p><strong>Vagas:<\/strong>\u00a020 (vinte) vagas e 2 (duas) vagas adicionais para servidores t\u00e9cnico administrativos da UFOP, conforme Tabela 01.<\/p><p><strong>Categorias:<\/strong><\/p><ul style=\"font-weight: 400;\"><li><strong>Categoria 01:<\/strong>\u00a0Demanda social com dedica\u00e7\u00e3o em tempo integral, restrita a candidatos que n\u00e3o possuem v\u00ednculo empregat\u00edcio e que n\u00e3o estejam recebendo bolsa de outra institui\u00e7\u00e3o.<\/li><li><strong>Categoria 02:<\/strong>\u00a0Demanda social com dedica\u00e7\u00e3o em tempo parcial.<\/li><li><strong>Categoria 03:<\/strong>\u00a0Em atendimento \u00e0s normativas da Universidade Federal de Ouro Preto, ser\u00e1 destinada 10% do total de vagas ofertadas para atendimento aos servidores t\u00e9cnico-administrativos da UFOP (Resolu\u00e7\u00e3o CEPE 4350). Esta vaga, por ser adicional e espec\u00edfica para atendimento \u00e0 pol\u00edtica de incentivo \u00e0 qualifica\u00e7\u00e3o dos servidores t\u00e9cnico-administrativos da UFOP, n\u00e3o poder\u00e1 migrar para a ampla concorr\u00eancia e os candidatos optantes concorrem apenas entre si.<\/li><\/ul><div><b style=\"color: #222222; font-family: Arial, Helvetica, sans-serif; font-size: small; font-style: normal; font-variant-ligatures: normal; font-variant-caps: normal;\"><span style=\"font-size: 10.5pt; font-family: 'inherit', serif; color: black; padding: 0cm; border: 1pt none windowtext;\">Chamada Interna<\/span><\/b><\/div><div>\u00a0<\/div><div><p><b><span style=\"font-size: 10.5pt; font-family: 'inherit', serif; padding: 0cm; border: 1pt none windowtext;\">Vagas:<\/span><\/b><span style=\"font-size: 10.5pt;\">\u00a020 (vinte) vagas e 2 (duas) vagas adicionais para empregados do ITV, conforme Tabela 01 em edital.<\/span><b><u><\/u><u><\/u><\/b><\/p><p><b><span style=\"font-size: 10.5pt; font-family: 'inherit', serif; padding: 0cm; border: 1pt none windowtext;\">Categorias:<\/span><\/b><u><\/u><u><\/u><\/p><ul style=\"color: #222222; font-family: Arial, Helvetica, sans-serif; font-size: small; font-style: normal; font-variant-ligatures: normal; font-variant-caps: normal; font-weight: 400; margin-top: 0cm;\" type=\"disc\"><li style=\"margin-left: 17.4pt; color: black; background-image: initial; background-position: initial; background-size: initial; background-repeat: initial; background-attachment: initial; background-origin: initial; background-clip: initial;\"><b><span style=\"font-size: 10.5pt; font-family: 'inherit', serif; padding: 0cm; border: 1pt none windowtext;\">Categoria Vale:\u00a0<\/span><\/b><span style=\"font-size: 10.5pt;\">Empregados da Vale;<u><\/u><u><\/u><\/span><\/li><li style=\"margin-left: 17.4pt; color: black; background-image: initial; background-position: initial; background-size: initial; background-repeat: initial; background-attachment: initial; background-origin: initial; background-clip: initial;\"><b><span style=\"font-size: 10.5pt; font-family: 'inherit', serif; padding: 0cm; border: 1pt none windowtext;\">Categoria ITV:\u00a0<\/span><\/b><span style=\"font-size: 10.5pt;\">Empregados do ITV. Esta vaga, por ser adicional e espec\u00edfica, n\u00e3o poder\u00e1 migrar para a outra categoria e os candidatos optantes concorrem apenas entre si.<\/span><\/li><\/ul><\/div>\t\t\t\t\t\t\t\t<\/div>\n\t\t\t\t<\/div>\n\t\t\t\t\t<\/div>\n\t\t<\/div>\n\t\t\t\t<div class=\"elementor-column elementor-col-50 elementor-inner-column elementor-element elementor-element-79608089\" data-id=\"79608089\" data-element_type=\"column\">\n\t\t\t<div class=\"elementor-widget-wrap elementor-element-populated\">\n\t\t\t\t\t\t<div class=\"elementor-element elementor-element-c5bd0b0 elementor-widget elementor-widget-text-editor\" data-id=\"c5bd0b0\" data-element_type=\"widget\" data-widget_type=\"text-editor.default\">\n\t\t\t\t<div class=\"elementor-widget-container\">\n\t\t\t\t\t\t\t\t\t<div class=\"botaoBug\" style=\"margin-bottom: 10px;\"><a href=\"http:\/\/concursos2.fadesp.org.br\/mestrado\/proficam2024\/web\/\"><strong>\u00c1rea do candidato (Clique aqui)<\/strong><\/a><\/div><div><em>* Na \u00e1rea do candidato poder\u00e1 ser realizado seu cadastro, inscri\u00e7\u00e3o, emiss\u00e3o de boleto, recursos, impress\u00e3o de cart\u00e3o com local de prova e afins\u2026<\/em><\/div>\t\t\t\t\t\t\t\t<\/div>\n\t\t\t\t<\/div>\n\t\t\t\t<div class=\"elementor-element elementor-element-7ccac55 elementor-widget elementor-widget-text-editor\" data-id=\"7ccac55\" data-element_type=\"widget\" data-widget_type=\"text-editor.default\">\n\t\t\t\t<div class=\"elementor-widget-container\">\n\t\t\t\t\t\t\t\t\t<p><strong>Editais\u00a0<\/strong><\/p>\t\t\t\t\t\t\t\t<\/div>\n\t\t\t\t<\/div>\n\t\t\t\t<div class=\"elementor-element elementor-element-368e568 elementor-widget elementor-widget-text-editor\" data-id=\"368e568\" data-element_type=\"widget\" data-widget_type=\"text-editor.default\">\n\t\t\t\t<div class=\"elementor-widget-container\">\n\t\t\t\t\t\t\t\t\t<p style=\"text-align: center;\"><a href=\"https:\/\/portalfadesp.org.br\/wp-content\/uploads\/2024\/03\/Resultado-Final-Definitivo.pdf\">Resultado Final &#8211; Definitivo, de 04\/03\/2024 <strong>(Clique aqui)<\/strong><\/a><\/p><p style=\"text-align: center;\"><a href=\"https:\/\/portalfadesp.org.br\/wp-content\/uploads\/2024\/03\/Resultado-Final-Preliminar-Retificado.pdf\">Resultado Final &#8211; Preliminar &#8211; Retificado, de 01\/03\/2024 <strong>(Clique aqui)<\/strong><\/a><\/p><p style=\"text-align: center;\"><a href=\"https:\/\/portalfadesp.org.br\/wp-content\/uploads\/2024\/02\/RESULTADO-PROVA-OBJETIVA.pdf\">RESULTADO PROVA OBJETIVA, de 21\/02\/2024 <strong>(Clique aqui)<\/strong><\/a><\/p><p style=\"text-align: center;\"><a href=\"https:\/\/portalfadesp.org.br\/wp-content\/uploads\/2024\/02\/Divulgacao_ITV-UFOP-Gabarito.pdf\">Gabarito Preliminar, de 05\/02\/2024 <strong>(Clique aqui)<\/strong><\/a><\/p><p style=\"text-align: center;\"><a href=\"https:\/\/portalfadesp.org.br\/wp-content\/uploads\/2024\/01\/RESULTADO-DEFINITIVO-DA-HOMOLOGACAO-DAS-INSCRICOES.pdf\">Resultado Definitivo da Homologa\u00e7\u00e3o das Inscri\u00e7\u00f5es, de 29\/01\/2024 <strong>(Clique aqui)<\/strong><\/a><\/p><p style=\"text-align: center;\"><a href=\"https:\/\/portalfadesp.org.br\/wp-content\/uploads\/2024\/01\/RESULTADO-PRELIMINAR-DA-HOMOLOGACAO-DAS-INSCRICOES.pdf\">Resultado Preliminar da Homologa\u00e7\u00e3o das Inscri\u00e7\u00f5es, de 22\/01\/2024 <strong>(Clique aqui)<\/strong><\/a><\/p><p style=\"text-align: center;\"><a href=\"https:\/\/portalfadesp.org.br\/wp-content\/uploads\/2024\/01\/RETIFICACAO_ChamadaInterna-2023_assinado.pdf\">RETIFICA\u00c7\u00c3O &#8211; Chamada Interna, de 09\/01\/2024 <strong>(Clique aqui)<\/strong><\/a><\/p><p style=\"text-align: center;\"><a href=\"https:\/\/portalfadesp.org.br\/wp-content\/uploads\/2024\/01\/RETIFICACAO_EDITAL_PROFICAM_ITV__01-2023_assinado.pdf\">RETIFICA\u00c7\u00c3O &#8211; EDITAL PROFICAM ITV 01\/2023, de 09\/01\/2024 <strong>(Clique aqui)<\/strong><\/a><\/p><p style=\"text-align: center;\"><a href=\"https:\/\/portalfadesp.org.br\/wp-content\/uploads\/2023\/12\/Resultado-Definitivo-do-Processo-de-Isencao-de-Taxa-de-Inscricao.pdf\">Resultado Definitivo do Processo de Isen\u00e7\u00e3o de Taxa de Inscri\u00e7\u00e3o, de 20\/12\/2023 <strong>(Clique aqui)<\/strong><\/a><\/p><p style=\"text-align: center;\"><a href=\"https:\/\/portalfadesp.org.br\/wp-content\/uploads\/2023\/12\/Resultado-Preliminar-do-Processo-de-Isencao-de-Taxa-de-Inscricao.pdf\">Resultado Preliminar do Processo de Isen\u00e7\u00e3o de Taxa de Inscri\u00e7\u00e3o, de 18\/12\/2023 <strong>(Clique aqui)<\/strong><\/a><\/p><p style=\"text-align: center;\"><a href=\"https:\/\/portalfadesp.org.br\/wp-content\/uploads\/2023\/12\/Carta_aprovacao_VP-1.doc\">Carta de Aprova\u00e7\u00e3o VP-1 <strong>(Clique aqui)<\/strong><\/a><\/p><p style=\"text-align: center;\"><a href=\"https:\/\/portalfadesp.org.br\/wp-content\/uploads\/2023\/11\/ChamadaInterna_2024_Versao_final_assinado.pdf\">Chamada Interna 2024, de 24\/11\/2023 <strong>(Clique aqui)<\/strong><\/a><\/p><p style=\"text-align: center;\"><a href=\"https:\/\/portalfadesp.org.br\/wp-content\/uploads\/2023\/11\/Edital_PROFICAM_2024_versao_final_assinado.pdf\">Edital PROFICAM 2024, de 24\/11\/2023 <strong>(Clique aqui)<\/strong><\/a><\/p>\t\t\t\t\t\t\t\t<\/div>\n\t\t\t\t<\/div>\n\t\t\t\t\t<\/div>\n\t\t<\/div>\n\t\t\t\t\t<\/div>\n\t\t<\/section>\n\t\t\t\t\t<\/div>\n\t\t<\/div>\n\t\t\t\t\t<\/div>\n\t\t<\/section>\n\t\t\t\t<\/div>\n\t\t","protected":false},"excerpt":{"rendered":"<p>SELE\u00c7\u00c3O PARA MESTRADO EM INSTRUMENTA\u00c7\u00c3O, CONTROLE E AUTOMA\u00c7\u00c3O DA UFOP\/ITV \u2013 2024 Coordena\u00e7\u00e3o do Programa de P\u00f3s-Gradua\u00e7\u00e3o em Instrumenta\u00e7\u00e3o, Controle e Automa\u00e7\u00e3o de Processos de Minera\u00e7\u00e3o da Universidade Federal de Ouro Preto e do Instituto Tecnol\u00f3gico Vale \u2013 PROFICAM \u2013UFOP\/ITV, tendo em vista a decis\u00e3o do Colegiado de P\u00f3s-Gradua\u00e7\u00e3o, aprovada no dia\u00a021 de novembro de [&hellip;]<\/p>\n","protected":false},"author":12,"featured_media":0,"parent":329,"menu_order":0,"comment_status":"closed","ping_status":"closed","template":"","meta":{"_monsterinsights_skip_tracking":false,"_monsterinsights_sitenote_active":false,"_monsterinsights_sitenote_note":"","_monsterinsights_sitenote_category":0,"footnotes":""},"class_list":["post-44283","page","type-page","status-publish","hentry","entry"],"yoast_head":"<!-- This site is optimized with the Yoast SEO plugin v25.1 - https:\/\/yoast.com\/wordpress\/plugins\/seo\/ -->\n<title>SELE\u00c7\u00c3O PARA MESTRADO EM INSTRUMENTA\u00c7\u00c3O, CONTROLE E AUTOMA\u00c7\u00c3O DA UFOP\/ITV \u2013 2024 - FADESP<\/title>\n<meta name=\"description\" content=\"FADESP SELE\u00c7\u00c3O PARA MESTRADO EM INSTRUMENTA\u00c7\u00c3O, CONTROLE E AUTOMA\u00c7\u00c3O DA UFOP\/ITV \u2013 2024\" \/>\n<meta name=\"robots\" content=\"index, follow, max-snippet:-1, max-image-preview:large, max-video-preview:-1\" \/>\n<link rel=\"canonical\" href=\"https:\/\/portalfadesp.org.br\/?page_id=44283\" \/>\n<meta property=\"og:locale\" content=\"pt_BR\" \/>\n<meta property=\"og:type\" content=\"article\" \/>\n<meta property=\"og:title\" content=\"SELE\u00c7\u00c3O PARA MESTRADO EM INSTRUMENTA\u00c7\u00c3O, CONTROLE E AUTOMA\u00c7\u00c3O DA UFOP\/ITV \u2013 2024 - FADESP\" \/>\n<meta property=\"og:description\" content=\"FADESP SELE\u00c7\u00c3O PARA MESTRADO EM INSTRUMENTA\u00c7\u00c3O, CONTROLE E AUTOMA\u00c7\u00c3O DA UFOP\/ITV \u2013 2024\" \/>\n<meta property=\"og:url\" content=\"https:\/\/portalfadesp.org.br\/?page_id=44283\" \/>\n<meta property=\"og:site_name\" content=\"FADESP\" \/>\n<meta property=\"article:publisher\" content=\"https:\/\/www.facebook.com\/Fadesp-138351949524662\/\" \/>\n<meta property=\"article:modified_time\" content=\"2024-03-21T12:43:06+00:00\" \/>\n<meta name=\"twitter:card\" content=\"summary_large_image\" \/>\n<meta name=\"twitter:site\" content=\"@Fadesp\" \/>\n<meta name=\"twitter:label1\" content=\"Est. tempo de leitura\" \/>\n\t<meta name=\"twitter:data1\" content=\"3 minutos\" \/>\n<script type=\"application\/ld+json\" class=\"yoast-schema-graph\">{\"@context\":\"https:\/\/schema.org\",\"@graph\":[{\"@type\":\"WebPage\",\"@id\":\"https:\/\/portalfadesp.org.br\/?page_id=44283\",\"url\":\"https:\/\/portalfadesp.org.br\/?page_id=44283\",\"name\":\"SELE\u00c7\u00c3O PARA MESTRADO EM INSTRUMENTA\u00c7\u00c3O, CONTROLE E AUTOMA\u00c7\u00c3O DA UFOP\/ITV \u2013 2024 - FADESP\",\"isPartOf\":{\"@id\":\"https:\/\/portalfadesp.org.br\/#website\"},\"datePublished\":\"2023-11-24T18:57:42+00:00\",\"dateModified\":\"2024-03-21T12:43:06+00:00\",\"description\":\"FADESP SELE\u00c7\u00c3O PARA MESTRADO EM INSTRUMENTA\u00c7\u00c3O, CONTROLE E AUTOMA\u00c7\u00c3O DA UFOP\/ITV \u2013 2024\",\"breadcrumb\":{\"@id\":\"https:\/\/portalfadesp.org.br\/?page_id=44283#breadcrumb\"},\"inLanguage\":\"pt-BR\",\"potentialAction\":[{\"@type\":\"ReadAction\",\"target\":[\"https:\/\/portalfadesp.org.br\/?page_id=44283\"]}]},{\"@type\":\"BreadcrumbList\",\"@id\":\"https:\/\/portalfadesp.org.br\/?page_id=44283#breadcrumb\",\"itemListElement\":[{\"@type\":\"ListItem\",\"position\":1,\"name\":\"In\u00edcio\",\"item\":\"https:\/\/portalfadesp.org.br\/\"},{\"@type\":\"ListItem\",\"position\":2,\"name\":\"Concursos &#8211; Homologados\",\"item\":\"https:\/\/portalfadesp.org.br\/?page_id=329\"},{\"@type\":\"ListItem\",\"position\":3,\"name\":\"SELE\u00c7\u00c3O PARA MESTRADO EM INSTRUMENTA\u00c7\u00c3O, CONTROLE E AUTOMA\u00c7\u00c3O DA UFOP\/ITV \u2013 2024\"}]},{\"@type\":\"WebSite\",\"@id\":\"https:\/\/portalfadesp.org.br\/#website\",\"url\":\"https:\/\/portalfadesp.org.br\/\",\"name\":\"FADESP\",\"description\":\"Funda\u00e7\u00e3o de Amparo e Desenvolvimento da Pesquisa\",\"publisher\":{\"@id\":\"https:\/\/portalfadesp.org.br\/#organization\"},\"potentialAction\":[{\"@type\":\"SearchAction\",\"target\":{\"@type\":\"EntryPoint\",\"urlTemplate\":\"https:\/\/portalfadesp.org.br\/?s={search_term_string}\"},\"query-input\":{\"@type\":\"PropertyValueSpecification\",\"valueRequired\":true,\"valueName\":\"search_term_string\"}}],\"inLanguage\":\"pt-BR\"},{\"@type\":\"Organization\",\"@id\":\"https:\/\/portalfadesp.org.br\/#organization\",\"name\":\"FADESP\",\"url\":\"https:\/\/portalfadesp.org.br\/\",\"logo\":{\"@type\":\"ImageObject\",\"inLanguage\":\"pt-BR\",\"@id\":\"https:\/\/portalfadesp.org.br\/#\/schema\/logo\/image\/\",\"url\":\"https:\/\/portalfadesp.org.br\/wp-content\/uploads\/2024\/01\/NOVOLOGOFADESPlaranjaH.png\",\"contentUrl\":\"https:\/\/portalfadesp.org.br\/wp-content\/uploads\/2024\/01\/NOVOLOGOFADESPlaranjaH.png\",\"width\":2742,\"height\":839,\"caption\":\"FADESP\"},\"image\":{\"@id\":\"https:\/\/portalfadesp.org.br\/#\/schema\/logo\/image\/\"},\"sameAs\":[\"https:\/\/www.facebook.com\/Fadesp-138351949524662\/\",\"https:\/\/x.com\/Fadesp\",\"https:\/\/www.instagram.com\/fadesp_ufpa\/\",\"https:\/\/www.youtube.com\/@fundacaodeamparoedesenvolv1903\",\"https:\/\/www.threads.net\/@fadesp_ufpa\"]}]}<\/script>\n<!-- \/ Yoast SEO plugin. -->","yoast_head_json":{"title":"SELE\u00c7\u00c3O PARA MESTRADO EM INSTRUMENTA\u00c7\u00c3O, CONTROLE E AUTOMA\u00c7\u00c3O DA UFOP\/ITV \u2013 2024 - FADESP","description":"FADESP SELE\u00c7\u00c3O PARA MESTRADO EM INSTRUMENTA\u00c7\u00c3O, CONTROLE E AUTOMA\u00c7\u00c3O DA UFOP\/ITV \u2013 2024","robots":{"index":"index","follow":"follow","max-snippet":"max-snippet:-1","max-image-preview":"max-image-preview:large","max-video-preview":"max-video-preview:-1"},"canonical":"https:\/\/portalfadesp.org.br\/?page_id=44283","og_locale":"pt_BR","og_type":"article","og_title":"SELE\u00c7\u00c3O PARA MESTRADO EM INSTRUMENTA\u00c7\u00c3O, CONTROLE E AUTOMA\u00c7\u00c3O DA UFOP\/ITV \u2013 2024 - FADESP","og_description":"FADESP SELE\u00c7\u00c3O PARA MESTRADO EM INSTRUMENTA\u00c7\u00c3O, CONTROLE E AUTOMA\u00c7\u00c3O DA UFOP\/ITV \u2013 2024","og_url":"https:\/\/portalfadesp.org.br\/?page_id=44283","og_site_name":"FADESP","article_publisher":"https:\/\/www.facebook.com\/Fadesp-138351949524662\/","article_modified_time":"2024-03-21T12:43:06+00:00","twitter_card":"summary_large_image","twitter_site":"@Fadesp","twitter_misc":{"Est. tempo de leitura":"3 minutos"},"schema":{"@context":"https:\/\/schema.org","@graph":[{"@type":"WebPage","@id":"https:\/\/portalfadesp.org.br\/?page_id=44283","url":"https:\/\/portalfadesp.org.br\/?page_id=44283","name":"SELE\u00c7\u00c3O PARA MESTRADO EM INSTRUMENTA\u00c7\u00c3O, CONTROLE E AUTOMA\u00c7\u00c3O DA UFOP\/ITV \u2013 2024 - FADESP","isPartOf":{"@id":"https:\/\/portalfadesp.org.br\/#website"},"datePublished":"2023-11-24T18:57:42+00:00","dateModified":"2024-03-21T12:43:06+00:00","description":"FADESP SELE\u00c7\u00c3O PARA MESTRADO EM INSTRUMENTA\u00c7\u00c3O, CONTROLE E AUTOMA\u00c7\u00c3O DA UFOP\/ITV \u2013 2024","breadcrumb":{"@id":"https:\/\/portalfadesp.org.br\/?page_id=44283#breadcrumb"},"inLanguage":"pt-BR","potentialAction":[{"@type":"ReadAction","target":["https:\/\/portalfadesp.org.br\/?page_id=44283"]}]},{"@type":"BreadcrumbList","@id":"https:\/\/portalfadesp.org.br\/?page_id=44283#breadcrumb","itemListElement":[{"@type":"ListItem","position":1,"name":"In\u00edcio","item":"https:\/\/portalfadesp.org.br\/"},{"@type":"ListItem","position":2,"name":"Concursos &#8211; Homologados","item":"https:\/\/portalfadesp.org.br\/?page_id=329"},{"@type":"ListItem","position":3,"name":"SELE\u00c7\u00c3O PARA MESTRADO EM INSTRUMENTA\u00c7\u00c3O, CONTROLE E AUTOMA\u00c7\u00c3O DA UFOP\/ITV \u2013 2024"}]},{"@type":"WebSite","@id":"https:\/\/portalfadesp.org.br\/#website","url":"https:\/\/portalfadesp.org.br\/","name":"FADESP","description":"Funda\u00e7\u00e3o de Amparo e Desenvolvimento da Pesquisa","publisher":{"@id":"https:\/\/portalfadesp.org.br\/#organization"},"potentialAction":[{"@type":"SearchAction","target":{"@type":"EntryPoint","urlTemplate":"https:\/\/portalfadesp.org.br\/?s={search_term_string}"},"query-input":{"@type":"PropertyValueSpecification","valueRequired":true,"valueName":"search_term_string"}}],"inLanguage":"pt-BR"},{"@type":"Organization","@id":"https:\/\/portalfadesp.org.br\/#organization","name":"FADESP","url":"https:\/\/portalfadesp.org.br\/","logo":{"@type":"ImageObject","inLanguage":"pt-BR","@id":"https:\/\/portalfadesp.org.br\/#\/schema\/logo\/image\/","url":"https:\/\/portalfadesp.org.br\/wp-content\/uploads\/2024\/01\/NOVOLOGOFADESPlaranjaH.png","contentUrl":"https:\/\/portalfadesp.org.br\/wp-content\/uploads\/2024\/01\/NOVOLOGOFADESPlaranjaH.png","width":2742,"height":839,"caption":"FADESP"},"image":{"@id":"https:\/\/portalfadesp.org.br\/#\/schema\/logo\/image\/"},"sameAs":["https:\/\/www.facebook.com\/Fadesp-138351949524662\/","https:\/\/x.com\/Fadesp","https:\/\/www.instagram.com\/fadesp_ufpa\/","https:\/\/www.youtube.com\/@fundacaodeamparoedesenvolv1903","https:\/\/www.threads.net\/@fadesp_ufpa"]}]}},"_links":{"self":[{"href":"https:\/\/portalfadesp.org.br\/index.php?rest_route=\/wp\/v2\/pages\/44283","targetHints":{"allow":["GET"]}}],"collection":[{"href":"https:\/\/portalfadesp.org.br\/index.php?rest_route=\/wp\/v2\/pages"}],"about":[{"href":"https:\/\/portalfadesp.org.br\/index.php?rest_route=\/wp\/v2\/types\/page"}],"author":[{"embeddable":true,"href":"https:\/\/portalfadesp.org.br\/index.php?rest_route=\/wp\/v2\/users\/12"}],"replies":[{"embeddable":true,"href":"https:\/\/portalfadesp.org.br\/index.php?rest_route=%2Fwp%2Fv2%2Fcomments&post=44283"}],"version-history":[{"count":89,"href":"https:\/\/portalfadesp.org.br\/index.php?rest_route=\/wp\/v2\/pages\/44283\/revisions"}],"predecessor-version":[{"id":45651,"href":"https:\/\/portalfadesp.org.br\/index.php?rest_route=\/wp\/v2\/pages\/44283\/revisions\/45651"}],"up":[{"embeddable":true,"href":"https:\/\/portalfadesp.org.br\/index.php?rest_route=\/wp\/v2\/pages\/329"}],"wp:attachment":[{"href":"https:\/\/portalfadesp.org.br\/index.php?rest_route=%2Fwp%2Fv2%2Fmedia&parent=44283"}],"curies":[{"name":"wp","href":"https:\/\/api.w.org\/{rel}","templated":true}]}}