{"id":43511,"date":"2023-10-10T16:14:52","date_gmt":"2023-10-10T19:14:52","guid":{"rendered":"https:\/\/portalfadesp.org.br\/?page_id=43511"},"modified":"2024-01-30T09:25:34","modified_gmt":"2024-01-30T12:25:34","slug":"pagina_modelo-19-12-35","status":"publish","type":"page","link":"https:\/\/portalfadesp.org.br\/?page_id=43511","title":{"rendered":"2\u00ba Processo Seletivo Simplificado da Prefeitura Municipal de Parauapebas &#8211; N\u00edvel fundamental \/ m\u00e9dio \/ superior (2023)"},"content":{"rendered":"\t\t<div data-elementor-type=\"wp-post\" data-elementor-id=\"43511\" class=\"elementor elementor-43511\" data-elementor-post-type=\"page\">\n\t\t\t\t\t\t<section class=\"elementor-section elementor-top-section elementor-element elementor-element-1f2996d1 elementor-section-boxed elementor-section-height-default elementor-section-height-default\" data-id=\"1f2996d1\" data-element_type=\"section\">\n\t\t\t\t\t\t<div class=\"elementor-container elementor-column-gap-default\">\n\t\t\t\t\t<div class=\"elementor-column elementor-col-100 elementor-top-column elementor-element elementor-element-59a4b3f8\" data-id=\"59a4b3f8\" data-element_type=\"column\">\n\t\t\t<div class=\"elementor-widget-wrap elementor-element-populated\">\n\t\t\t\t\t\t<div class=\"elementor-element elementor-element-799471af elementor-widget elementor-widget-heading\" data-id=\"799471af\" data-element_type=\"widget\" data-widget_type=\"heading.default\">\n\t\t\t\t<div class=\"elementor-widget-container\">\n\t\t\t\t\t<h1 class=\"elementor-heading-title elementor-size-default\">2\u00b0 Processo Seletivo Simplificado da Prefeitura Municipal de Parauapebas - N\u00edvel fundamental \/ m\u00e9dio \/ superior (2023)<\/h1>\t\t\t\t<\/div>\n\t\t\t\t<\/div>\n\t\t\t\t<section class=\"elementor-section elementor-inner-section elementor-element elementor-element-336311f elementor-section-boxed elementor-section-height-default elementor-section-height-default\" data-id=\"336311f\" data-element_type=\"section\">\n\t\t\t\t\t\t<div class=\"elementor-container elementor-column-gap-default\">\n\t\t\t\t\t<div class=\"elementor-column elementor-col-50 elementor-inner-column elementor-element elementor-element-75ca0dc3\" data-id=\"75ca0dc3\" data-element_type=\"column\">\n\t\t\t<div class=\"elementor-widget-wrap elementor-element-populated\">\n\t\t\t\t\t\t<div class=\"elementor-element elementor-element-425a3096 elementor-widget elementor-widget-text-editor\" data-id=\"425a3096\" data-element_type=\"widget\" data-widget_type=\"text-editor.default\">\n\t\t\t\t<div class=\"elementor-widget-container\">\n\t\t\t\t\t\t\t\t\t<p>O Prefeito Municipal de Parauapebas, no uso de suas atribui\u00e7\u00f5es, decide tornar p\u00fablico a realiza\u00e7\u00e3o de Processo Seletivo Simplificado (PSS) destinado \u00e0 contrata\u00e7\u00e3o por prazo determinado para as fun\u00e7\u00f5es correspondentes aos cargos do quadro de pessoal da Prefeitura,<br \/>conforme a Lei Municipal n\u00ba 4.249, de 17 de dezembro de 2002, e a Lei Municipal n\u00ba 5.251, de 29 de junho de 2023, mediante as condi\u00e7\u00f5es estabelecidas no Edital n.\u00ba 001\/2023 \u2013 2\u00ba PSS.<\/p><p><strong>N\u00edveis de Escolaridade \/ N\u00ba de Vagas:<\/strong><br \/><strong>&#8211; N\u00edvel Elementar:<\/strong> 15 vagas<br \/><strong>&#8211; N\u00edvel Auxiliar:<\/strong> 04 vagas<br \/><strong>&#8211; N\u00edvel M\u00e9dio:<\/strong> 228 vagas<br \/><strong>&#8211; N\u00edvel Superior:<\/strong> 191 vagas<\/p><p><strong>&#8211; Per\u00edodo das Inscri\u00e7\u00f5es e anexa\u00e7\u00e3o dos documentos comprobat\u00f3rios da An\u00e1lise<\/strong><br \/><strong>Curricular e Documental:<\/strong>\u00a010 a 25\/10\/2023<br \/><strong>&#8211;\u00a0Solicita\u00e7\u00e3o de isen\u00e7\u00e3o da taxa de inscri\u00e7\u00e3o para PCD:<\/strong>\u00a010 a 16\/10\/2023<br \/><strong>\u00a0&#8211; \u00daltimo dia de pagamento:<\/strong>\u00a026\/10\/2023<br \/><strong>Valor da Taxa:<\/strong><br \/>&#8211; R$ 90,00 (noventa reais) \u2013 N\u00edvel Superior<br \/>&#8211; R$ 75,00 (setenta e cinco reais) \u2013 N\u00edvel M\u00e9dio<br \/>&#8211; R$ 40,00 (quarenta reais) \u2013 N\u00edvel Auxiliar\/Elementar<br \/><strong>&#8211; Processo de verifica\u00e7\u00e3o presencial da autodeclara\u00e7\u00e3o de negros:<\/strong> 07 a 10\/11\/2023<br \/><strong>&#8211; Aplica\u00e7\u00e3o da Prova de Reda\u00e7\u00e3o para os Cargos de N\u00edvel M\u00e9dio e Superior:<\/strong> 03\/12\/2023 (das<br \/>15h \u00e0s 18h)<\/p>\t\t\t\t\t\t\t\t<\/div>\n\t\t\t\t<\/div>\n\t\t\t\t\t<\/div>\n\t\t<\/div>\n\t\t\t\t<div class=\"elementor-column elementor-col-50 elementor-inner-column elementor-element elementor-element-79608089\" data-id=\"79608089\" data-element_type=\"column\">\n\t\t\t<div class=\"elementor-widget-wrap elementor-element-populated\">\n\t\t\t\t\t\t<div class=\"elementor-element elementor-element-344550e elementor-widget elementor-widget-text-editor\" data-id=\"344550e\" data-element_type=\"widget\" data-widget_type=\"text-editor.default\">\n\t\t\t\t<div class=\"elementor-widget-container\">\n\t\t\t\t\t\t\t\t\t<div class=\"botaoBug\" style=\"margin-bottom: 10px; text-align: center;\"><a href=\"http:\/\/concursos2.fadesp.org.br\/prefeitura\/2023\/parauapebas2\/web\/\"><strong>\u00c1rea do candidato (Clique aqui)<\/strong><\/a><\/div><div><em>* Na \u00e1rea do candidato poder\u00e1 ser realizado seu cadastro, inscri\u00e7\u00e3o, emiss\u00e3o de boleto, recursos, impress\u00e3o de cart\u00e3o com local de prova e afins\u2026<\/em><\/div><div>\u00a0<\/div><div style=\"text-align: center;\"><strong>AVISO<\/strong><br \/>Aten\u00e7\u00e3o Candidato (a). Os documentos com a devida assinatura digital tem o mesmo efeito de documentos assinados de punho e reconhecido a firma em cart\u00f3rios presenciais. Valer\u00e3o da mesma forma quando da avalia\u00e7\u00e3o de documentos\/curr\u00edculos\/t\u00edtulos, ap\u00f3s verifica\u00e7\u00e3o de sua autenticidade pela Fadesp.<\/div>\t\t\t\t\t\t\t\t<\/div>\n\t\t\t\t<\/div>\n\t\t\t\t<div class=\"elementor-element elementor-element-7ccac55 elementor-widget elementor-widget-text-editor\" data-id=\"7ccac55\" data-element_type=\"widget\" data-widget_type=\"text-editor.default\">\n\t\t\t\t<div class=\"elementor-widget-container\">\n\t\t\t\t\t\t\t\t\t<p><strong>Editais\u00a0<\/strong><\/p>\t\t\t\t\t\t\t\t<\/div>\n\t\t\t\t<\/div>\n\t\t\t\t<div class=\"elementor-element elementor-element-368e568 elementor-widget elementor-widget-text-editor\" data-id=\"368e568\" data-element_type=\"widget\" data-widget_type=\"text-editor.default\">\n\t\t\t\t<div class=\"elementor-widget-container\">\n\t\t\t\t\t\t\t\t\t<p style=\"text-align: center;\"><a href=\"https:\/\/portalfadesp.org.br\/wp-content\/uploads\/2024\/01\/1a-RETIFICACAO-DO-PSS-DA-HOMOLOGACAO-DO-RESULTADO-CLASSIFICATORIO-FINAL-CARGO-FISIOTERAPEUTA-SEMSA-30-01-2024.docx.pdf\">1\u00aa RETIFICA\u00c7\u00c3O DO PSS DA HOMOLOGA\u00c7\u00c3O DO RESULTADO CLASSIFICAT\u00d3RIO FINAL &#8211; CARGO FISIOTERAPEUTA SEMSA, de 30\/01\/2024 <strong>(Clique aqui)<\/strong><\/a><\/p><p style=\"text-align: center;\"><a href=\"https:\/\/portalfadesp.org.br\/wp-content\/uploads\/2024\/01\/EDOMP-1o-RETIFICACAO-PSS-DA-HOMOLOGACAO-DO-RESULTADO-CLASSIFICATORIO-FINAL-CARGO-FISIOTERAPEUTA-SEMSA-30-01-2024.pdf\">EDOMP &#8211; 1\u00ba RETIFICA\u00c7\u00c3O PSS DA HOMOLOGA\u00c7\u00c3O DO RESULTADO CLASSIFICAT\u00d3RIO FINAL &#8211; CARGO FISIOTERAPEUTA SEMSA, de 30\/01\/2024 <strong>(Clique aqui)<\/strong><\/a><\/p><p style=\"text-align: center;\"><a href=\"https:\/\/portalfadesp.org.br\/wp-content\/uploads\/2023\/12\/Edital-n\u00b0-03_2023_2\u00b0PSS-Homologacao-do-Resultado-Definitivo-Final-20-12-2023.pdf\">Edital n\u00b0 03_2023_2\u00b0PSS &#8211; Homologa\u00e7\u00e3o do Resultado Definitivo Final, de 20\/12\/2023 <strong>(Clique aqui)<\/strong><\/a><\/p><p style=\"text-align: center;\"><a href=\"https:\/\/portalfadesp.org.br\/wp-content\/uploads\/2023\/12\/Edital-n\u00b0-03_2023_2\u00b0PSS-Homologacao-no-Diario-Oficial-20-12-2023.pdf\">Edital n\u00b0 03_2023_2\u00b0PSS &#8211; Homologa\u00e7\u00e3o no Di\u00e1rio Oficial, de 20\/12\/2023 <strong>(Clique aqui)<\/strong><\/a><\/p><p style=\"text-align: center;\"><a href=\"https:\/\/portalfadesp.org.br\/wp-content\/uploads\/2023\/12\/NIVEL-SUPERIOR-Resultado-Final-Definitivo-18-12-2023-2.pdf\">N\u00cdVEL SUPERIOR &#8211; Resultado Final Definitivo, de 18\/12\/2023 <strong>(Clique aqui)<\/strong><\/a><\/p><p style=\"text-align: center;\"><a href=\"https:\/\/portalfadesp.org.br\/wp-content\/uploads\/2023\/12\/NIVEL-MEDIO-Resultado-Final-Definitivo-18-12-2023-2.pdf\">N\u00cdVEL M\u00c9DIO &#8211; Resultado Final Definitivo, de 18\/12\/2023 <strong>(Clique aqui)<\/strong><\/a><\/p><p style=\"text-align: center;\"><a href=\"https:\/\/portalfadesp.org.br\/wp-content\/uploads\/2023\/12\/NIVEL-AUXILIAR-Resultado-Final-Definitivo-18-12-2023-3.pdf\">N\u00cdVEL AUXILIAR &#8211; Resultado Final Definitivo, de 18\/12\/2023 <strong>(Clique aqui)<\/strong><\/a><\/p><p style=\"text-align: center;\"><a href=\"https:\/\/portalfadesp.org.br\/wp-content\/uploads\/2023\/12\/NIVEL-ELEMENTAR-Resultado-Final-Definitivo-18-12-2023-3.pdf\">N\u00cdVEL ELEMENTAR &#8211; Resultado Final Definitivo, de 18\/12\/2023 <strong>(Clique aqui)<\/strong><\/a><\/p><p style=\"text-align: center;\"><a href=\"https:\/\/portalfadesp.org.br\/wp-content\/uploads\/2023\/12\/NIVEL-SUPERIOR-Resultado-Final-Preliminar-15-12-2023-BN334.pdf\">N\u00cdVEL SUPERIOR &#8211; Resultado Final Preliminar, de 15\/12\/2023 <strong>(Clique aqui)<\/strong><\/a><\/p><p style=\"text-align: center;\"><a href=\"https:\/\/portalfadesp.org.br\/wp-content\/uploads\/2023\/12\/NIVEL-MEDIO-Resultado-Final-Preliminar-15-12-2023-BN334.pdf\">N\u00cdVEL M\u00c9DIO &#8211; Resultado Final Preliminar, de 15\/12\/2023 <strong>(Clique aqui)<\/strong><\/a><\/p><p style=\"text-align: center;\"><a href=\"https:\/\/portalfadesp.org.br\/wp-content\/uploads\/2023\/12\/NIVEL-AUXILIAR-Resultado-Final-Preliminar-15-12-2023.pdf\">N\u00cdVEL AUXILIAR &#8211; Resultado Final Preliminar, de 15\/12\/2023 <strong>(Clique aqui)<\/strong><\/a><\/p><p style=\"text-align: center;\"><a href=\"https:\/\/portalfadesp.org.br\/wp-content\/uploads\/2023\/12\/NIVEL-ELEMENTAR-Resultado-Final-Preliminar-15-12-2023.pdf\">N\u00cdVEL ELEMENTAR &#8211; Resultado Final Preliminar, de 15\/12\/2023 <strong>(Clique aqui)<\/strong><\/a><\/p><p style=\"text-align: center;\"><a href=\"https:\/\/portalfadesp.org.br\/wp-content\/uploads\/2023\/12\/Nivel-Superior-Resultado-Definitivo-da-Redacao-15_12_2023-02.pdf\">N\u00edvel Superior &#8211; Resultado Definitivo da Reda\u00e7\u00e3o, de 15\/12\/2023 <strong>(Clique aqui)<\/strong><\/a><\/p><p style=\"text-align: center;\"><a href=\"https:\/\/portalfadesp.org.br\/wp-content\/uploads\/2023\/12\/Nivel-Medio-Resultado-Definitivo-da-Redacao-15_12_2023-BN334-1.pdf\">N\u00edvel M\u00e9dio &#8211; Resultado Definitivo da Reda\u00e7\u00e3o, de 15\/12\/2023 <strong>(Clique aqui)<\/strong><\/a><\/p><p style=\"text-align: center;\"><a href=\"https:\/\/portalfadesp.org.br\/wp-content\/uploads\/2023\/12\/Nivel-Superior-Resultado-Preliminar-da-Redacao-11_12_2023-02.pdf\">N\u00edvel Superior &#8211; Resultado Preliminar da Reda\u00e7\u00e3o, de 11\/12\/2023 <strong>(Clique aqui)<\/strong><\/a><\/p><p style=\"text-align: center;\"><a href=\"https:\/\/portalfadesp.org.br\/wp-content\/uploads\/2023\/12\/Nivel-Medio-Resultado-Preliminar-da-Redacao-11_12_2023.pdf\">N\u00edvel M\u00e9dio &#8211; Resultado Preliminar da Reda\u00e7\u00e3o, de 11\/12\/2023 <strong>(Clique aqui)<\/strong><\/a><\/p><p style=\"text-align: center;\"><a href=\"https:\/\/portalfadesp.org.br\/wp-content\/uploads\/2023\/12\/PSS2-NIVEL-ELEMENTAR-Retificacao-do-Resultado-Definitivo-da-Analise-Curricular-e-Documental-07-12-2023.pdf\">PSS2 &#8211; N\u00cdVEL ELEMENTAR- Retifica\u00e7\u00e3o do Resultado Definitivo da An\u00e1lise Curricular e Documental, de 07\/12\/2023 <strong>(Clique aqui)<\/strong><\/a><\/p><p style=\"text-align: center;\"><a href=\"https:\/\/drive.google.com\/drive\/folders\/1L6NhASt352yumvpiZ9vWDPEtdGKu68zH?usp=sharing\">GRADES, de 04\/12\/2023 <strong>(Clique aqui)<\/strong><\/a><\/p><p style=\"text-align: center;\"><a href=\"https:\/\/drive.google.com\/drive\/folders\/1aaL-OC-rp0D66TCR2zFPBxf7zWt86I6y?usp=sharing\">PROVAS, de 04\/12\/2023 <strong>(Clique aqui)<\/strong><\/a><\/p><p style=\"text-align: center;\"><a href=\"https:\/\/portalfadesp.org.br\/wp-content\/uploads\/2023\/12\/PSS2-NIVEL-SUPERIOR-Resultado-Definitivo-Retificado-da-Analise-Curricular-e-Documental_Convocaca.pdf\">PSS2 &#8211; N\u00cdVEL SUPERIOR &#8211; Resultado Definitivo Retificado da An\u00e1lise Curricular e Documental_Convoca\u00e7\u00e3o a Prova de Reda\u00e7\u00e3o, de 01\/12\/2023 <strong>(Clique aqui)<\/strong><\/a><\/p><p style=\"text-align: center;\"><a href=\"https:\/\/portalfadesp.org.br\/wp-content\/uploads\/2023\/12\/PSS2-NIVEL-MEDIO-Resultado-Definitivo-Retificado-da-Analise-Curricular-e-Documental_Convocacao-a.pdf\">PSS2 &#8211; N\u00cdVEL M\u00c9DIO &#8211; Resultado Definitivo Retificado da An\u00e1lise Curricular e Documental_Convoca\u00e7\u00e3o a Prova de Reda\u00e7\u00e3o, de 01\/12\/2023 <strong>(Clique aqui)<\/strong><\/a><\/p><p style=\"text-align: center;\"><a href=\"https:\/\/portalfadesp.org.br\/wp-content\/uploads\/2023\/11\/PSS2-NIVEL-SUPERIOR-Resultado-Definitivo-da-Analise-Curricular-e-Documental_Convocacao-a-Prova-de-Redacao-27-11-RBEN.pdf\">PSS2 &#8211; N\u00cdVEL SUPERIOR- Resultado Definitivo da An\u00e1lise Curricular e Documental_Convoca\u00e7\u00e3o a Prova de Reda\u00e7\u00e3o, de 27\/11\/2023 <strong>(Clique aqui)<\/strong><\/a><\/p><p style=\"text-align: center;\"><a href=\"https:\/\/portalfadesp.org.br\/wp-content\/uploads\/2023\/11\/PSS2-NIVEL-MEDIO-Resultado-Definitivo-da-Analise-Curricular-e-Documental_Convocacao-a-Prova-de-Redacao-27-11-2023-R.pdf\">PSS2 &#8211; N\u00cdVEL M\u00c9DIO &#8211; Resultado Definitivo da An\u00e1lise Curricular e Documental_Convoca\u00e7\u00e3o a Prova de Reda\u00e7\u00e3o, de 27\/11\/2023 <strong>(Clique aqui)<\/strong><\/a><\/p><p style=\"text-align: center;\"><a href=\"https:\/\/portalfadesp.org.br\/wp-content\/uploads\/2023\/11\/PSS2-NIVEL-AUXILIAR-Resultado-Definitivo-da-Analise-Curricular-e-Documental-27-11-2023-RBENK.pdf\">PSS2 &#8211; N\u00cdVEL AUXILIAR- Resultado Definitivo da An\u00e1lise Curricular e Documental, de 27\/11\/2023 <strong>(Clique aqui)<\/strong><\/a><\/p><p style=\"text-align: center;\"><a href=\"https:\/\/portalfadesp.org.br\/wp-content\/uploads\/2023\/11\/PSS2-NIVEL-ELEMENTAR-Resultado-Definitivo-da-Analise-Curricular-e-Documental-27-11-2023-RBENK.pdf\">PSS2 &#8211; N\u00cdVEL ELEMENTAR- Resultado Definitivo da An\u00e1lise Curricular e Documental, de 27\/11\/2023 <strong>(Clique aqui)<\/strong><\/a><\/p><p style=\"text-align: center;\"><a href=\"https:\/\/portalfadesp.org.br\/wp-content\/uploads\/2023\/11\/ERRATA-04-2o-PSS-.pdf\">ERRATA 04 &#8211; 2\u00ba PSS, de 27\/11\/2023 <strong>(Clique aqui)<\/strong><\/a><\/p><p style=\"text-align: center;\"><a href=\"https:\/\/portalfadesp.org.br\/wp-content\/uploads\/2023\/11\/ERRATA-No04-2023.11.27.EDOMP_.pdf\">ERRATA N\u00ba04 2023.11.27.EDOMP, de 27\/11\/2023 <strong>(Clique aqui)<\/strong><\/a><\/p><p style=\"text-align: center;\"><a href=\"https:\/\/portalfadesp.org.br\/wp-content\/uploads\/2023\/11\/2\u00b0-PSS-DEMANDA.pdf\">Demanda, de 17\/11\/2023 <strong>(Clique aqui)<\/strong><\/a><\/p><p style=\"text-align: center;\"><a href=\"https:\/\/portalfadesp.org.br\/wp-content\/uploads\/2023\/11\/NIVEL-SUPERIOR-Resultado-Preliminar-da-Avaliacao-Curricular-17-11-2023.docx.pdf\">N\u00cdVEL SUPERIOR &#8211; Resultado Preliminar da Avalia\u00e7\u00e3o Curricular, de 17\/11\/2023 <strong>(Clique aqui)<\/strong><\/a><\/p><p style=\"text-align: center;\"><a href=\"https:\/\/portalfadesp.org.br\/wp-content\/uploads\/2023\/11\/NIVEL-MEDIO-Resultado-Preliminar-da-Avaliacao-Curricular-17-11-2023.docx.pdf\">N\u00cdVEL M\u00c9DIO &#8211; Resultado Preliminar da Avalia\u00e7\u00e3o Curricular, de 17\/11\/2023 <strong>(Clique aqui)<\/strong><\/a><\/p><p style=\"text-align: center;\"><a href=\"https:\/\/portalfadesp.org.br\/wp-content\/uploads\/2023\/11\/NIVEL-AUXILIAR-Resultado-Preliminar-da-Avaliacao-Curricular-17-11-2023.docx.pdf\">N\u00cdVEL AUXILIAR &#8211; Resultado Preliminar da Avalia\u00e7\u00e3o Curricular, de 17\/11\/2023 <strong>(Clique aqui)<\/strong><\/a><\/p><p style=\"text-align: center;\"><a href=\"https:\/\/portalfadesp.org.br\/wp-content\/uploads\/2023\/11\/NIVEL-ELEMENTAR-Resultado-Preliminar-da-Avaliacao-Curricular-17-11-2023.pdf\">N\u00cdVEL ELEMENTAR &#8211; Resultado Preliminar da Avalia\u00e7\u00e3o Curricular, de 17\/11\/2023 <strong>(Clique aqui)<\/strong><\/a><\/p><p style=\"text-align: center;\"><a href=\"https:\/\/portalfadesp.org.br\/wp-content\/uploads\/2023\/11\/Resultado-Definitivo-Autodeclaracao-de-Negros-2o-PSS-17-11-2023.pdf\">Resultado Definitivo Autodeclara\u00e7\u00e3o de Negros, de 17\/11\/2023 <strong>(Clique aqui)<\/strong><\/a><\/p><p style=\"text-align: center;\"><a href=\"https:\/\/portalfadesp.org.br\/wp-content\/uploads\/2023\/11\/Resultado-Preliminar-Autodeclaracao-de-Negros-14-11-2023.pdf\">Resultado Preliminar Autodeclara\u00e7\u00e3o de Negros, de 14\/11\/2023 <strong>(Clique aqui)<\/strong><\/a><\/p><p style=\"text-align: center;\"><a href=\"https:\/\/portalfadesp.org.br\/wp-content\/uploads\/2023\/11\/PORTARIA-15_2023_ETAPA-DE-HETEROIDENTIFICACAO-01-11-2023-1.pdf\">PORTARIA 15_2023_ETAPA DE HETEROIDENTIFICA\u00c7\u00c3O, de 01\/11\/2023 <strong>(Clique aqui)<\/strong><\/a><\/p><p style=\"text-align: center;\"><a href=\"https:\/\/portalfadesp.org.br\/wp-content\/uploads\/2023\/11\/Edital-02_2023_2\u00b0-PSS-Convocacao-de-Veracidade-da-Autodeclaracao-de-Negros-1.pdf\">Edital 02_2023_2\u00b0 PSS &#8211; Convoca\u00e7\u00e3o de Veracidade da Autodeclara\u00e7\u00e3o de Negros, de 01\/11\/2023 <strong>(Clique aqui)<\/strong><\/a><\/p><p style=\"text-align: center;\"><a href=\"https:\/\/portalfadesp.org.br\/wp-content\/uploads\/2023\/11\/Resultado-Definitivo-de-Inscricoes-Deferidas-01-11-2023.pdf\">Resultado Definitivo de Inscri\u00e7\u00f5es Deferidas, de 01\/11\/2023 <strong>(Clique aqui)<\/strong><\/a><\/p><p style=\"text-align: center;\"><a href=\"https:\/\/portalfadesp.org.br\/wp-content\/uploads\/2023\/11\/Resultado-Preliminar-de-PcD-Concorrentes-01-11-2023.pdf\">Resultado Preliminar de PcD Concorrentes, de 01\/11\/2023 <strong>(Clique aqui)<\/strong><\/a><\/p><p style=\"text-align: center;\"><a href=\"https:\/\/portalfadesp.org.br\/wp-content\/uploads\/2023\/11\/Resultado-Definitivo-de-Lactantes-01-11-2023.pdf\">Resultado Definitivo de Lactantes, de 01\/11\/2023 <strong>(Clique aqui)<\/strong><\/a><\/p><p style=\"text-align: center;\"><a href=\"https:\/\/portalfadesp.org.br\/wp-content\/uploads\/2023\/11\/Resultado-Definitivo-de-Concorrentes-a-Reserva-de-Vagas-de-Negros-01-11-2023.pdf\">Resultado Definitivo de Concorrentes \u00e0 Reserva de Vagas de Negros, de 01\/11\/2023 <strong>(Clique aqui)<\/strong><\/a><\/p><p style=\"text-align: center;\"><a href=\"https:\/\/portalfadesp.org.br\/wp-content\/uploads\/2023\/11\/Resultado-Definitivo-de-Atendimentos-Especiais-01-11-2023.pdf\">Resultado Definitivo de Atendimentos Especiais, de 01\/11\/2023 <strong>(Clique aqui)<\/strong><\/a><\/p><p style=\"text-align: center;\"><a href=\"https:\/\/portalfadesp.org.br\/wp-content\/uploads\/2023\/11\/Resultado-Dedinitivo-de-PcD-Com-Tempo-Adicional-01-11-2023.pdf\">Resultado Definitivo de PcD Com Tempo Adicional, de 01\/11\/2023 <strong>(Clique aqui)<\/strong><\/a><\/p><p style=\"text-align: center;\"><a href=\"http:\/\/concursos2.fadesp.org.br\/prefeitura\/2023\/parauapebas2\/arquivos\/Resultado Preliminar de Inscri\u00e7\u00f5es Deferidas.pdf\" data-wplink-url-error=\"true\">Resultado Preliminar de Inscri\u00e7\u00f5es Deferidas, de 27\/10\/2023 <strong>(Clique aqui)<\/strong><\/a><\/p><p style=\"text-align: center;\"><a href=\"http:\/\/concursos2.fadesp.org.br\/prefeitura\/2023\/parauapebas2\/arquivos\/Resultado Preliminar de PcD Concorrentes.pdf\" data-wplink-url-error=\"true\">Resultado Preliminar de PcD Concorrentes, de 27\/10\/2023 <strong>(Clique aqui)<\/strong><\/a><\/p><p style=\"text-align: center;\"><a href=\"http:\/\/concursos2.fadesp.org.br\/prefeitura\/2023\/parauapebas2\/arquivos\/Resultado Preliminar de PcD Com Tempo Adicional.pdf\" data-wplink-url-error=\"true\">Resultado Preliminar de PcD Com Tempo Adicional, de 27\/10\/2023 <strong>(Clique aqui)<\/strong><\/a><\/p><p style=\"text-align: center;\"><a href=\"http:\/\/concursos2.fadesp.org.br\/prefeitura\/2023\/parauapebas2\/arquivos\/Resultado Preliminar de Lactantes.pdf\" data-wplink-url-error=\"true\">Resultado Preliminar de Lactantes, de 27\/10\/2023 <strong>(Clique aqui)<\/strong><\/a><\/p><p style=\"text-align: center;\"><a href=\"http:\/\/concursos2.fadesp.org.br\/prefeitura\/2023\/parauapebas2\/arquivos\/Resultado Preliminar de Concorrentes \u00e0 Reserva de Vagas de Negros.pdf\" data-wplink-url-error=\"true\">Resultado Preliminar de Concorrentes \u00e0 Reserva de Vagas de Negros, de 27\/10\/2023 <strong>(Clique aqui)<\/strong><\/a><\/p><p style=\"text-align: center;\"><a href=\"http:\/\/concursos2.fadesp.org.br\/prefeitura\/2023\/parauapebas2\/arquivos\/Resultado Preliminar de Atendimentos Especiais.pdf\" data-wplink-url-error=\"true\">Resultado Preliminar de Atendimentos Especiais, de 27\/10\/2023 <strong>(Clique aqui)<\/strong><\/a><\/p><p style=\"text-align: center;\"><a href=\"http:\/\/concursos2.fadesp.org.br\/prefeitura\/2023\/parauapebas2\/arquivos\/Informa\u00e7\u00f5es Gerais - Atualizadas.pdf\" data-wplink-url-error=\"true\">Informa\u00e7\u00f5es Gerais &#8211; Atualizadas, de 20\/10\/2023 <strong>(Clique aqui)<\/strong><\/a><\/p><p style=\"text-align: center;\"><a href=\"http:\/\/concursos2.fadesp.org.br\/prefeitura\/2023\/parauapebas2\/arquivos\/Resultado Definitivo de Isen\u00e7\u00e3o de Taxa para PcD - 24102023.pdf\" data-wplink-url-error=\"true\">Resultado Definitivo de Isen\u00e7\u00e3o de Taxa para PcD, de 24\/10\/2023 <strong>(Clique aqui)<\/strong><\/a><\/p><p style=\"text-align: center;\"><a href=\"http:\/\/concursos2.fadesp.org.br\/prefeitura\/2023\/parauapebas2\/arquivos\/ERRATA 02 - 2\u00b0 PSS.pdf\" data-wplink-url-error=\"true\">ERRATA 02 &#8211; 2\u00b0 PSS, de 20\/10\/2023 <strong>(Clique aqui)<\/strong><\/a><\/p><p style=\"text-align: center;\"><a href=\"http:\/\/concursos2.fadesp.org.br\/prefeitura\/2023\/parauapebas2\/arquivos\/Resultado Preliminar de Isen\u00e7\u00e3o de Taxa para PcD - 18102023 - Retificado.pdf\" data-wplink-url-error=\"true\">Resultado Preliminar de Isen\u00e7\u00e3o de Taxa para PcD &#8211; Retificado, 18\/10\/2023 <strong>(Clique aqui)<\/strong><\/a><\/p><p style=\"text-align: center;\"><a href=\"http:\/\/concursos2.fadesp.org.br\/prefeitura\/2023\/parauapebas2\/arquivos\/ERRATA 01 - 2\u00ba PSS.pdf\" data-wplink-url-error=\"true\">ERRATA 01 &#8211; 2\u00ba PSS, de 13\/10\/2023 <strong>(Clique aqui)<\/strong><\/a><\/p><p style=\"text-align: center;\"><a href=\"http:\/\/concursos2.fadesp.org.br\/prefeitura\/2023\/parauapebas2\/arquivos\/Edital%2001-2023%20-%202%C2%B0PSS.pdf\">Edital 01-2023 &#8211; 2\u00b0PSS, de 10\/10\/2023 <strong>(Clique aqui)<\/strong><\/a><\/p><p style=\"text-align: center;\"><a href=\"http:\/\/concursos2.fadesp.org.br\/prefeitura\/2023\/parauapebas2\/arquivos\/Tabela de Cargos.pdf\" data-wplink-url-error=\"true\">Tabela de Cargos, de 10\/10\/2023 <strong>(Clique aqui)<\/strong><\/a><\/p><p style=\"text-align: center;\">\u00a0<\/p>\t\t\t\t\t\t\t\t<\/div>\n\t\t\t\t<\/div>\n\t\t\t\t\t<\/div>\n\t\t<\/div>\n\t\t\t\t\t<\/div>\n\t\t<\/section>\n\t\t\t\t\t<\/div>\n\t\t<\/div>\n\t\t\t\t\t<\/div>\n\t\t<\/section>\n\t\t\t\t<\/div>\n\t\t","protected":false},"excerpt":{"rendered":"<p>2\u00b0 Processo Seletivo Simplificado da Prefeitura Municipal de Parauapebas &#8211; N\u00edvel fundamental \/ m\u00e9dio \/ superior (2023) O Prefeito Municipal de Parauapebas, no uso de suas atribui\u00e7\u00f5es, decide tornar p\u00fablico a realiza\u00e7\u00e3o de Processo Seletivo Simplificado (PSS) destinado \u00e0 contrata\u00e7\u00e3o por prazo determinado para as fun\u00e7\u00f5es correspondentes aos cargos do quadro de pessoal da Prefeitura,conforme [&hellip;]<\/p>\n","protected":false},"author":12,"featured_media":0,"parent":329,"menu_order":0,"comment_status":"closed","ping_status":"closed","template":"","meta":{"_monsterinsights_skip_tracking":false,"_monsterinsights_sitenote_active":false,"_monsterinsights_sitenote_note":"","_monsterinsights_sitenote_category":0,"footnotes":""},"class_list":["post-43511","page","type-page","status-publish","hentry","entry"],"yoast_head":"<!-- This site is optimized with the Yoast SEO plugin v25.1 - https:\/\/yoast.com\/wordpress\/plugins\/seo\/ -->\n<title>2\u00ba Processo Seletivo Simplificado da Prefeitura Municipal de Parauapebas - N\u00edvel fundamental \/ m\u00e9dio \/ superior (2023) - FADESP<\/title>\n<meta name=\"robots\" content=\"index, follow, max-snippet:-1, max-image-preview:large, max-video-preview:-1\" \/>\n<link rel=\"canonical\" href=\"https:\/\/portalfadesp.org.br\/?page_id=43511\" \/>\n<meta property=\"og:locale\" content=\"pt_BR\" \/>\n<meta property=\"og:type\" content=\"article\" \/>\n<meta property=\"og:title\" content=\"2\u00ba Processo Seletivo Simplificado da Prefeitura Municipal de Parauapebas - N\u00edvel fundamental \/ m\u00e9dio \/ superior (2023) - FADESP\" \/>\n<meta property=\"og:description\" content=\"2\u00b0 Processo Seletivo Simplificado da Prefeitura Municipal de Parauapebas &#8211; N\u00edvel fundamental \/ m\u00e9dio \/ superior (2023) O Prefeito Municipal de Parauapebas, no uso de suas atribui\u00e7\u00f5es, decide tornar p\u00fablico a realiza\u00e7\u00e3o de Processo Seletivo Simplificado (PSS) destinado \u00e0 contrata\u00e7\u00e3o por prazo determinado para as fun\u00e7\u00f5es correspondentes aos cargos do quadro de pessoal da Prefeitura,conforme [&hellip;]\" \/>\n<meta property=\"og:url\" content=\"https:\/\/portalfadesp.org.br\/?page_id=43511\" \/>\n<meta property=\"og:site_name\" content=\"FADESP\" \/>\n<meta property=\"article:publisher\" content=\"https:\/\/www.facebook.com\/Fadesp-138351949524662\/\" \/>\n<meta property=\"article:modified_time\" content=\"2024-01-30T12:25:34+00:00\" \/>\n<meta name=\"twitter:card\" content=\"summary_large_image\" \/>\n<meta name=\"twitter:site\" content=\"@Fadesp\" \/>\n<meta name=\"twitter:label1\" content=\"Est. tempo de leitura\" \/>\n\t<meta name=\"twitter:data1\" content=\"5 minutos\" \/>\n<script type=\"application\/ld+json\" class=\"yoast-schema-graph\">{\"@context\":\"https:\/\/schema.org\",\"@graph\":[{\"@type\":\"WebPage\",\"@id\":\"https:\/\/portalfadesp.org.br\/?page_id=43511\",\"url\":\"https:\/\/portalfadesp.org.br\/?page_id=43511\",\"name\":\"2\u00ba Processo Seletivo Simplificado da Prefeitura Municipal de Parauapebas - N\u00edvel fundamental \/ m\u00e9dio \/ superior (2023) - FADESP\",\"isPartOf\":{\"@id\":\"https:\/\/portalfadesp.org.br\/#website\"},\"datePublished\":\"2023-10-10T19:14:52+00:00\",\"dateModified\":\"2024-01-30T12:25:34+00:00\",\"breadcrumb\":{\"@id\":\"https:\/\/portalfadesp.org.br\/?page_id=43511#breadcrumb\"},\"inLanguage\":\"pt-BR\",\"potentialAction\":[{\"@type\":\"ReadAction\",\"target\":[\"https:\/\/portalfadesp.org.br\/?page_id=43511\"]}]},{\"@type\":\"BreadcrumbList\",\"@id\":\"https:\/\/portalfadesp.org.br\/?page_id=43511#breadcrumb\",\"itemListElement\":[{\"@type\":\"ListItem\",\"position\":1,\"name\":\"In\u00edcio\",\"item\":\"https:\/\/portalfadesp.org.br\/\"},{\"@type\":\"ListItem\",\"position\":2,\"name\":\"Concursos &#8211; Homologados\",\"item\":\"https:\/\/portalfadesp.org.br\/?page_id=329\"},{\"@type\":\"ListItem\",\"position\":3,\"name\":\"2\u00ba Processo Seletivo Simplificado da Prefeitura Municipal de Parauapebas &#8211; N\u00edvel fundamental \/ m\u00e9dio \/ superior (2023)\"}]},{\"@type\":\"WebSite\",\"@id\":\"https:\/\/portalfadesp.org.br\/#website\",\"url\":\"https:\/\/portalfadesp.org.br\/\",\"name\":\"FADESP\",\"description\":\"Funda\u00e7\u00e3o de Amparo e Desenvolvimento da Pesquisa\",\"publisher\":{\"@id\":\"https:\/\/portalfadesp.org.br\/#organization\"},\"potentialAction\":[{\"@type\":\"SearchAction\",\"target\":{\"@type\":\"EntryPoint\",\"urlTemplate\":\"https:\/\/portalfadesp.org.br\/?s={search_term_string}\"},\"query-input\":{\"@type\":\"PropertyValueSpecification\",\"valueRequired\":true,\"valueName\":\"search_term_string\"}}],\"inLanguage\":\"pt-BR\"},{\"@type\":\"Organization\",\"@id\":\"https:\/\/portalfadesp.org.br\/#organization\",\"name\":\"FADESP\",\"url\":\"https:\/\/portalfadesp.org.br\/\",\"logo\":{\"@type\":\"ImageObject\",\"inLanguage\":\"pt-BR\",\"@id\":\"https:\/\/portalfadesp.org.br\/#\/schema\/logo\/image\/\",\"url\":\"https:\/\/portalfadesp.org.br\/wp-content\/uploads\/2024\/01\/NOVOLOGOFADESPlaranjaH.png\",\"contentUrl\":\"https:\/\/portalfadesp.org.br\/wp-content\/uploads\/2024\/01\/NOVOLOGOFADESPlaranjaH.png\",\"width\":2742,\"height\":839,\"caption\":\"FADESP\"},\"image\":{\"@id\":\"https:\/\/portalfadesp.org.br\/#\/schema\/logo\/image\/\"},\"sameAs\":[\"https:\/\/www.facebook.com\/Fadesp-138351949524662\/\",\"https:\/\/x.com\/Fadesp\",\"https:\/\/www.instagram.com\/fadesp_ufpa\/\",\"https:\/\/www.youtube.com\/@fundacaodeamparoedesenvolv1903\",\"https:\/\/www.threads.net\/@fadesp_ufpa\"]}]}<\/script>\n<!-- \/ Yoast SEO plugin. -->","yoast_head_json":{"title":"2\u00ba Processo Seletivo Simplificado da Prefeitura Municipal de Parauapebas - N\u00edvel fundamental \/ m\u00e9dio \/ superior (2023) - FADESP","robots":{"index":"index","follow":"follow","max-snippet":"max-snippet:-1","max-image-preview":"max-image-preview:large","max-video-preview":"max-video-preview:-1"},"canonical":"https:\/\/portalfadesp.org.br\/?page_id=43511","og_locale":"pt_BR","og_type":"article","og_title":"2\u00ba Processo Seletivo Simplificado da Prefeitura Municipal de Parauapebas - N\u00edvel fundamental \/ m\u00e9dio \/ superior (2023) - FADESP","og_description":"2\u00b0 Processo Seletivo Simplificado da Prefeitura Municipal de Parauapebas &#8211; N\u00edvel fundamental \/ m\u00e9dio \/ superior (2023) O Prefeito Municipal de Parauapebas, no uso de suas atribui\u00e7\u00f5es, decide tornar p\u00fablico a realiza\u00e7\u00e3o de Processo Seletivo Simplificado (PSS) destinado \u00e0 contrata\u00e7\u00e3o por prazo determinado para as fun\u00e7\u00f5es correspondentes aos cargos do quadro de pessoal da Prefeitura,conforme [&hellip;]","og_url":"https:\/\/portalfadesp.org.br\/?page_id=43511","og_site_name":"FADESP","article_publisher":"https:\/\/www.facebook.com\/Fadesp-138351949524662\/","article_modified_time":"2024-01-30T12:25:34+00:00","twitter_card":"summary_large_image","twitter_site":"@Fadesp","twitter_misc":{"Est. tempo de leitura":"5 minutos"},"schema":{"@context":"https:\/\/schema.org","@graph":[{"@type":"WebPage","@id":"https:\/\/portalfadesp.org.br\/?page_id=43511","url":"https:\/\/portalfadesp.org.br\/?page_id=43511","name":"2\u00ba Processo Seletivo Simplificado da Prefeitura Municipal de Parauapebas - N\u00edvel fundamental \/ m\u00e9dio \/ superior (2023) - FADESP","isPartOf":{"@id":"https:\/\/portalfadesp.org.br\/#website"},"datePublished":"2023-10-10T19:14:52+00:00","dateModified":"2024-01-30T12:25:34+00:00","breadcrumb":{"@id":"https:\/\/portalfadesp.org.br\/?page_id=43511#breadcrumb"},"inLanguage":"pt-BR","potentialAction":[{"@type":"ReadAction","target":["https:\/\/portalfadesp.org.br\/?page_id=43511"]}]},{"@type":"BreadcrumbList","@id":"https:\/\/portalfadesp.org.br\/?page_id=43511#breadcrumb","itemListElement":[{"@type":"ListItem","position":1,"name":"In\u00edcio","item":"https:\/\/portalfadesp.org.br\/"},{"@type":"ListItem","position":2,"name":"Concursos &#8211; Homologados","item":"https:\/\/portalfadesp.org.br\/?page_id=329"},{"@type":"ListItem","position":3,"name":"2\u00ba Processo Seletivo Simplificado da Prefeitura Municipal de Parauapebas &#8211; N\u00edvel fundamental \/ m\u00e9dio \/ superior (2023)"}]},{"@type":"WebSite","@id":"https:\/\/portalfadesp.org.br\/#website","url":"https:\/\/portalfadesp.org.br\/","name":"FADESP","description":"Funda\u00e7\u00e3o de Amparo e Desenvolvimento da Pesquisa","publisher":{"@id":"https:\/\/portalfadesp.org.br\/#organization"},"potentialAction":[{"@type":"SearchAction","target":{"@type":"EntryPoint","urlTemplate":"https:\/\/portalfadesp.org.br\/?s={search_term_string}"},"query-input":{"@type":"PropertyValueSpecification","valueRequired":true,"valueName":"search_term_string"}}],"inLanguage":"pt-BR"},{"@type":"Organization","@id":"https:\/\/portalfadesp.org.br\/#organization","name":"FADESP","url":"https:\/\/portalfadesp.org.br\/","logo":{"@type":"ImageObject","inLanguage":"pt-BR","@id":"https:\/\/portalfadesp.org.br\/#\/schema\/logo\/image\/","url":"https:\/\/portalfadesp.org.br\/wp-content\/uploads\/2024\/01\/NOVOLOGOFADESPlaranjaH.png","contentUrl":"https:\/\/portalfadesp.org.br\/wp-content\/uploads\/2024\/01\/NOVOLOGOFADESPlaranjaH.png","width":2742,"height":839,"caption":"FADESP"},"image":{"@id":"https:\/\/portalfadesp.org.br\/#\/schema\/logo\/image\/"},"sameAs":["https:\/\/www.facebook.com\/Fadesp-138351949524662\/","https:\/\/x.com\/Fadesp","https:\/\/www.instagram.com\/fadesp_ufpa\/","https:\/\/www.youtube.com\/@fundacaodeamparoedesenvolv1903","https:\/\/www.threads.net\/@fadesp_ufpa"]}]}},"_links":{"self":[{"href":"https:\/\/portalfadesp.org.br\/index.php?rest_route=\/wp\/v2\/pages\/43511","targetHints":{"allow":["GET"]}}],"collection":[{"href":"https:\/\/portalfadesp.org.br\/index.php?rest_route=\/wp\/v2\/pages"}],"about":[{"href":"https:\/\/portalfadesp.org.br\/index.php?rest_route=\/wp\/v2\/types\/page"}],"author":[{"embeddable":true,"href":"https:\/\/portalfadesp.org.br\/index.php?rest_route=\/wp\/v2\/users\/12"}],"replies":[{"embeddable":true,"href":"https:\/\/portalfadesp.org.br\/index.php?rest_route=%2Fwp%2Fv2%2Fcomments&post=43511"}],"version-history":[{"count":135,"href":"https:\/\/portalfadesp.org.br\/index.php?rest_route=\/wp\/v2\/pages\/43511\/revisions"}],"predecessor-version":[{"id":45202,"href":"https:\/\/portalfadesp.org.br\/index.php?rest_route=\/wp\/v2\/pages\/43511\/revisions\/45202"}],"up":[{"embeddable":true,"href":"https:\/\/portalfadesp.org.br\/index.php?rest_route=\/wp\/v2\/pages\/329"}],"wp:attachment":[{"href":"https:\/\/portalfadesp.org.br\/index.php?rest_route=%2Fwp%2Fv2%2Fmedia&parent=43511"}],"curies":[{"name":"wp","href":"https:\/\/api.w.org\/{rel}","templated":true}]}}