{"id":43219,"date":"2023-09-26T13:20:42","date_gmt":"2023-09-26T16:20:42","guid":{"rendered":"https:\/\/portalfadesp.org.br\/?page_id=43219"},"modified":"2023-12-28T17:19:23","modified_gmt":"2023-12-28T20:19:23","slug":"pagina_modelo-19-12-32","status":"publish","type":"page","link":"https:\/\/portalfadesp.org.br\/?page_id=43219","title":{"rendered":"Concurso P\u00fablico da Prefeitura Municipal de Parauapebas (2023)"},"content":{"rendered":"\t\t<div data-elementor-type=\"wp-post\" data-elementor-id=\"43219\" class=\"elementor elementor-43219\" data-elementor-post-type=\"page\">\n\t\t\t\t\t\t<section class=\"elementor-section elementor-top-section elementor-element elementor-element-1f2996d1 elementor-section-boxed elementor-section-height-default elementor-section-height-default\" data-id=\"1f2996d1\" data-element_type=\"section\">\n\t\t\t\t\t\t<div class=\"elementor-container elementor-column-gap-default\">\n\t\t\t\t\t<div class=\"elementor-column elementor-col-100 elementor-top-column elementor-element elementor-element-59a4b3f8\" data-id=\"59a4b3f8\" data-element_type=\"column\">\n\t\t\t<div class=\"elementor-widget-wrap elementor-element-populated\">\n\t\t\t\t\t\t<div class=\"elementor-element elementor-element-799471af elementor-widget elementor-widget-heading\" data-id=\"799471af\" data-element_type=\"widget\" data-widget_type=\"heading.default\">\n\t\t\t\t<div class=\"elementor-widget-container\">\n\t\t\t\t\t<h1 class=\"elementor-heading-title elementor-size-default\">Concurso P\u00fablico da Prefeitura Municipal de Parauapebas (2023)<\/h1>\t\t\t\t<\/div>\n\t\t\t\t<\/div>\n\t\t\t\t<section class=\"elementor-section elementor-inner-section elementor-element elementor-element-336311f elementor-section-boxed elementor-section-height-default elementor-section-height-default\" data-id=\"336311f\" data-element_type=\"section\">\n\t\t\t\t\t\t<div class=\"elementor-container elementor-column-gap-default\">\n\t\t\t\t\t<div class=\"elementor-column elementor-col-50 elementor-inner-column elementor-element elementor-element-75ca0dc3\" data-id=\"75ca0dc3\" data-element_type=\"column\">\n\t\t\t<div class=\"elementor-widget-wrap elementor-element-populated\">\n\t\t\t\t\t\t<div class=\"elementor-element elementor-element-425a3096 elementor-widget elementor-widget-text-editor\" data-id=\"425a3096\" data-element_type=\"widget\" data-widget_type=\"text-editor.default\">\n\t\t\t\t<div class=\"elementor-widget-container\">\n\t\t\t\t\t\t\t\t\t<p>O Prefeito Municipal de Parauapebas, no uso de suas atribui\u00e7\u00f5es, torna p\u00fablica a realiza\u00e7\u00e3o de Concurso P\u00fablico destinado ao preenchimento de vagas de cargos do quadro de pessoal efetivo da Prefeitura, mediante as condi\u00e7\u00f5es estabelecidas no Edital de Abertura.<\/p><p><strong>A sele\u00e7\u00e3o para os cargos de que trata este Edital compreender\u00e1 as seguintes fases, conforme subitens a seguir:<\/strong><br \/>&#8211; Prova de conhecimentos mediante aplica\u00e7\u00e3o de provas objetivas para todos os cargos, provas subjetiva para todos os cargos de n\u00edvel superior, exceto para o cargo de Procurador do Munic\u00edpio, e prova pr\u00e1tica-jur\u00eddica somente para o cargo de Procurador do Munic\u00edpio, todas provas de car\u00e1ter eliminat\u00f3rio e classificat\u00f3rio, a serem aplicadas no Munic\u00edpio de Parauapebas.<br \/>&#8211; Prova de t\u00edtulos, de car\u00e1ter classificat\u00f3rio, para o cargo de n\u00edvel superior de Procurador Municipal, somente para candidatos selecionados conforme regras constantes deste Edital.<br \/>&#8211; Prova de t\u00edtulos, de car\u00e1ter classificat\u00f3rio, para todos os demais candidatos inscritos nos cargos de n\u00edvel superior, com a devida anexa\u00e7\u00e3o de documentos no per\u00edodo constante do anexo III \u2013 Cronograma de Execu\u00e7\u00e3o.<br \/>&#8211; Prova de Teste de Aptid\u00e3o F\u00edsica, de car\u00e1ter eliminat\u00f3rio, para o cargo de Agente de Defesa Civil I e Agente de Defesa Civil II, somente para candidatos selecionados conforme regras constantes deste<br \/>Edital.<\/p><p><strong>Per\u00edodo de Inscri\u00e7\u00e3o \u2013<\/strong> 29\/09 a 16\/10\/2023<\/p><p><strong>Valor taxa de Inscri\u00e7\u00e3o:<\/strong><br \/>&#8211; N\u00edvel Superior =\u00a0R$ 90,00<br \/>&#8211; N\u00edvel M\u00e9dio, Auxiliar e Elementar = R$ 70,00<\/p><p><strong>Solicita\u00e7\u00e3o de isen\u00e7\u00e3o da taxa de inscri\u00e7\u00e3o para PCD e Hipossufici\u00eancia Financeira<\/strong> \u2013\u00a029\/09\u00a0a 06\/10\/2023<\/p><p><strong>\u00daltimo dia para pagamento da taxa de inscri\u00e7\u00e3o \u2013<\/strong>\u00a017\/10\/2023<\/p><p><strong>Provas &#8211;<\/strong> 19\/11\/2023 para todos os cargos de n\u00edvel m\u00e9dio, exceto Auxiliar Administrativo, N\u00edvel Elementar, N\u00edvel Auxiliar, N\u00edvel Superior e Procurador.<\/p><p><strong>Provas &#8211;<\/strong> 26\/11\/2023 somente para o cargo de Auxiliar Administrativo.<\/p><p>Novo cronograma Errata 04\/2023 <strong><a href=\"http:\/\/concursos2.fadesp.org.br\/prefeitura\/2023\/parauapebascon\/arquivos\/ERRATA%2004%20-%20EDITAL%20001-2023.pdf\">(Clique aqui).<\/a><\/strong><\/p>\t\t\t\t\t\t\t\t<\/div>\n\t\t\t\t<\/div>\n\t\t\t\t\t<\/div>\n\t\t<\/div>\n\t\t\t\t<div class=\"elementor-column elementor-col-50 elementor-inner-column elementor-element elementor-element-79608089\" data-id=\"79608089\" data-element_type=\"column\">\n\t\t\t<div class=\"elementor-widget-wrap elementor-element-populated\">\n\t\t\t\t\t\t<div class=\"elementor-element elementor-element-9f07e80 elementor-widget elementor-widget-text-editor\" data-id=\"9f07e80\" data-element_type=\"widget\" data-widget_type=\"text-editor.default\">\n\t\t\t\t<div class=\"elementor-widget-container\">\n\t\t\t\t\t\t\t\t\t<p style=\"text-align: center;\"><strong>AVISO<\/strong><\/p>\n<p>O Concurso da Prefeitura Municipal de Parauapebas est\u00e1 suspenso, bem como o seu cronograma de execu\u00e7\u00e3o. Acesse abaixo a nota oficial da Fadesp.<\/p>\n<p><span style=\"text-decoration: underline;\"><a href=\"https:\/\/portalfadesp.org.br\/?p=44537\">Nota oficial da Fadesp <strong>(Clique aqui)<\/strong><\/a><\/span><\/p><p><a href=\"https:\/\/portalfadesp.org.br\/wp-content\/uploads\/2023\/12\/PRORROGACAO-DIARIO-OFICIAL-PMP-28-12-2023-1.pdf\">PRORROGA\u00c7\u00c3O DI\u00c1RIO OFICIAL PMP &#8211; P\u00e1gina 4, de 28\/12\/2023 <strong>(Clique aqui)<\/strong><\/a><br><\/p>\t\t\t\t\t\t\t\t<\/div>\n\t\t\t\t<\/div>\n\t\t\t\t<div class=\"elementor-element elementor-element-23a635c elementor-widget elementor-widget-text-editor\" data-id=\"23a635c\" data-element_type=\"widget\" data-widget_type=\"text-editor.default\">\n\t\t\t\t<div class=\"elementor-widget-container\">\n\t\t\t\t\t\t\t\t\t<div class=\"botaoBug\" style=\"margin-bottom: 10px;\"><a href=\"http:\/\/concursos2.fadesp.org.br\/prefeitura\/2023\/parauapebascon\/web\/\"><strong>\u00c1rea do candidato (Clique aqui)<\/strong><\/a><\/div><div><em>* Na \u00e1rea do candidato poder\u00e1 ser realizado seu cadastro, inscri\u00e7\u00e3o, emiss\u00e3o de boleto, recursos, impress\u00e3o de cart\u00e3o com local de prova e afins\u2026<\/em><\/div><div>\u00a0<\/div><div style=\"text-align: center;\"><strong>AVISO<\/strong><\/div><div style=\"text-align: left;\">Informamos que os resultados relacionados abaixo ser\u00e3o publicados na p\u00e1gina deste concurso no dia 24\/10\/2023 \u00e0s 17h.<br \/>&#8211; Resultado preliminar das inscri\u00e7\u00f5es deferidas\/homologadas para concorrer no Concurso P\u00fablico.<br \/>&#8211; Resultado preliminar de candidatos deferidos \u00e0 concorrem na condi\u00e7\u00e3o de reserva de vagas de PcD e\/ou Negros.<br \/>&#8211; Resultado preliminar de solicita\u00e7\u00f5es deferidas de atendimentos especiais no dia das provas.<\/div><div>\u00a0<\/div><div style=\"text-align: center;\"><strong>AVISO<\/strong><br \/>Aten\u00e7\u00e3o Candidato (a). Os documentos com a devida assinatura digital tem o mesmo efeito de documentos assinados de punho e reconhecido a firma em cart\u00f3rios presenciais. Valer\u00e3o da mesma forma quando da avalia\u00e7\u00e3o de documentos\/curr\u00edculos\/t\u00edtulos, ap\u00f3s verifica\u00e7\u00e3o de sua autenticidade pela Fadesp.<\/div>\t\t\t\t\t\t\t\t<\/div>\n\t\t\t\t<\/div>\n\t\t\t\t<div class=\"elementor-element elementor-element-5143b3a elementor-widget elementor-widget-text-editor\" data-id=\"5143b3a\" data-element_type=\"widget\" data-widget_type=\"text-editor.default\">\n\t\t\t\t<div class=\"elementor-widget-container\">\n\t\t\t\t\t\t\t\t\t<p><strong>Editais\u00a0<\/strong><\/p>\t\t\t\t\t\t\t\t<\/div>\n\t\t\t\t<\/div>\n\t\t\t\t<div class=\"elementor-element elementor-element-368e568 elementor-widget elementor-widget-text-editor\" data-id=\"368e568\" data-element_type=\"widget\" data-widget_type=\"text-editor.default\">\n\t\t\t\t<div class=\"elementor-widget-container\">\n\t\t\t\t\t\t\t\t\t<p style=\"text-align: center;\"><a href=\"https:\/\/drive.google.com\/drive\/folders\/1IlfkJoZ6-EODewNQ85kENMAzpId5oEJg\">GABARITO OFICIAL DEFINITIVO(Exceto Auxiliar Administrativo), de 29\/11\/2023 <strong>(Clique aqui)<\/strong><\/a><\/p><p style=\"text-align: center;\"><a href=\"https:\/\/portalfadesp.org.br\/wp-content\/uploads\/2023\/11\/GABARITO-OFICIAL-PRELIMINAR-AUXILIAR-ADMINISTRATIVO-PARAUAPEBAS-2023-27-11-2023.pdf\">GABARITO OFICIAL PRELIMINAR AUXILIAR ADMINISTRATIVO PARAUAPEBAS 2023, de 27\/11\/2023 <strong>(Clique aqui)<\/strong><\/a><\/p><p style=\"text-align: center;\"><a href=\"https:\/\/portalfadesp.org.br\/wp-content\/uploads\/2023\/11\/PROVA-DE-AUXILIAR-ADMINISTRATIVO-TIPO-1-27-11-2023-GRJBRW.pdf\">PROVA DE AUXILIAR ADMINISTRATIVO TIPO 1, de 27\/11\/2023 <strong>(Clique aqui)<\/strong><\/a><\/p><p style=\"text-align: center;\"><a href=\"https:\/\/portalfadesp.org.br\/wp-content\/uploads\/2023\/11\/PROVA-DE-AUXILIAR-ADMINISTRATIVO-TIPO-2-27-11-2023-GRJBRW.pdf\">PROVA DE AUXILIAR ADMINISTRATIVO TIPO 2, de 27\/11\/2023 <strong>(Clique aqui)<\/strong><\/a><\/p><p style=\"text-align: center;\"><a href=\"http:\/\/concursos2.fadesp.org.br\/prefeitura\/2023\/parauapebascon\/arquivos\/b4n3kbksr34gAb.html\">GABARITOS, de 20\/11\/2023 <strong>(Clique aqui)<\/strong><\/a><\/p><p style=\"text-align: center;\"><a href=\"https:\/\/portalfadesp.org.br\/wp-content\/uploads\/2023\/11\/ERRATA-05-EDITAL-001-2023-08-11-2023.pdf\">ERRATA 05 &#8211; EDITAL 001-2023, de 08\/11\/2023 <strong>(Clique aqui)<\/strong><\/a><\/p><p style=\"text-align: center;\"><a href=\"https:\/\/portalfadesp.org.br\/wp-content\/uploads\/2023\/11\/EDOMP-ERRATA-05-08-11-2023.pdf\">EDOMP-ERRATA 05, de 08\/11\/2023 <strong>(Clique aqui)<\/strong><\/a><\/p><p style=\"text-align: center;\"><a href=\"https:\/\/portalfadesp.org.br\/wp-content\/uploads\/2023\/10\/Edital-n\u00b0-02_2023-Convocacao-da-Prova-de-Titulos.pdf\">Edital n\u00b0 02_2023 &#8211; Convoca\u00e7\u00e3o da Prova de T\u00edtulos, de 31\/10\/2023 <strong>(Clique aqui)<\/strong><\/a><\/p><p style=\"text-align: center;\"><a href=\"https:\/\/portalfadesp.org.br\/wp-content\/uploads\/2023\/10\/DEMANDA.pdf\">Demanda, de 31\/10\/2023 <strong>(Clique aqui)<\/strong><\/a><\/p><p style=\"text-align: center;\"><a href=\"https:\/\/portalfadesp.org.br\/wp-content\/uploads\/2023\/10\/Nivel-Superior-Resultado-Definitivo-de-Inscricoes-Deferidas.pdf\">N\u00edvel Superior &#8211; Resultado Definitivo de Inscri\u00e7\u00f5es Deferidas, de 31\/10\/2023 <strong>(Clique aqui)<\/strong><\/a><\/p><p style=\"text-align: center;\"><a href=\"https:\/\/portalfadesp.org.br\/wp-content\/uploads\/2023\/10\/Auxiliar-Administrativo-Resultado-Definitivo-de-Inscricoes-Deferidas.pdf\">Auxiliar Administrativo &#8211; Resultado Definitivo de Inscri\u00e7\u00f5es Deferidas, de 31\/10\/2023 <strong>(Clique aqui)<\/strong><\/a><\/p><p style=\"text-align: center;\"><a href=\"https:\/\/portalfadesp.org.br\/wp-content\/uploads\/2023\/10\/Nivel-Medio-Resultado-Definitivo-de-Inscricoes-Deferidas.pdf\">N\u00edvel M\u00e9dio &#8211; Resultado Definitivo de Inscri\u00e7\u00f5es Deferidas, de 31\/10\/2023 <strong>(Clique aqui)<\/strong><\/a><\/p><p style=\"text-align: center;\"><a href=\"https:\/\/portalfadesp.org.br\/wp-content\/uploads\/2023\/10\/Nivel-Auxiliar-Resultado-Definitivo-de-Inscricoes-Deferidas.pdf\">N\u00edvel Auxiliar &#8211; Resultado Definitivo de Inscri\u00e7\u00f5es Deferidas, de 31\/10\/2023 <strong>(Clique aqui)<\/strong><\/a><\/p><p style=\"text-align: center;\"><a href=\"https:\/\/portalfadesp.org.br\/wp-content\/uploads\/2023\/10\/Nivel-Elementar-Resultado-Definitivo-de-Inscricoes-Deferidas.pdf\">N\u00edvel Elementar &#8211; Resultado Definitivo de Inscri\u00e7\u00f5es Deferidas, de 31\/10\/2023 <strong>(Clique aqui)<\/strong><\/a><\/p><p style=\"text-align: center;\"><a href=\"https:\/\/portalfadesp.org.br\/wp-content\/uploads\/2023\/10\/Resultado-Definitivo-de-Atendimentos-Especiais.pdf\">Resultado Definitivo de Atendimentos Especiais, de 31\/10\/2023 <strong>(Clique aqui)<\/strong><\/a><\/p><p style=\"text-align: center;\"><a href=\"https:\/\/portalfadesp.org.br\/wp-content\/uploads\/2023\/10\/Resultado-Definitivo-de-Lactantes.pdf\">Resultado Definitivo de Lactantes, de 31\/10\/2023 <strong>(Clique aqui)<\/strong><\/a><\/p><p style=\"text-align: center;\"><a href=\"https:\/\/portalfadesp.org.br\/wp-content\/uploads\/2023\/10\/Resultado-Definitivor-de-Tempo-Adicional.pdf\">Resultado Definitivo de Tempo Adicional, de 31\/10\/2023 <strong>(Clique aqui)<\/strong><\/a><\/p><p style=\"text-align: center;\"><a href=\"https:\/\/portalfadesp.org.br\/wp-content\/uploads\/2023\/10\/Resultado-Definitivo-de-Concorrentes-a-Reserva-de-Vagas-de-Negros.pdf\">Resultado Definitivo de Concorrentes \u00e0 Reserva de Vagas de Negros, de 31\/10\/2023 <strong>(Clique aqui)<\/strong><\/a><\/p><p style=\"text-align: center;\"><a href=\"https:\/\/portalfadesp.org.br\/wp-content\/uploads\/2023\/10\/Resultado-Definitivo-de-PcD-Concorrentes.pdf\">Resultado Definitivo de PcD Concorrentes, de 31\/10\/2023 <strong>(Clique aqui)<\/strong><\/a><\/p><p style=\"text-align: center;\"><a href=\"http:\/\/concursos2.fadesp.org.br\/prefeitura\/2023\/parauapebascon\/arquivos\/N\u00edvel Superior - Resultado Preliminar de Inscri\u00e7\u00f5es Deferidas.pdf\" data-wplink-url-error=\"true\">N\u00edvel Superior &#8211; Resultado Preliminar de Inscri\u00e7\u00f5es Deferidas, de 24\/10\/2023 <strong>(Clique aqui)<\/strong><\/a><\/p><p style=\"text-align: center;\"><a href=\"http:\/\/concursos2.fadesp.org.br\/prefeitura\/2023\/parauapebascon\/arquivos\/N\u00edvel M\u00e9dio - Resultado Preliminar de Inscri\u00e7\u00f5es Deferidas.pdf\" data-wplink-url-error=\"true\">N\u00edvel M\u00e9dio &#8211; Resultado Preliminar de Inscri\u00e7\u00f5es Deferidas, de 24\/10\/2023 <strong>(Clique aqui)<\/strong><\/a><\/p><p style=\"text-align: center;\"><a href=\"http:\/\/concursos2.fadesp.org.br\/prefeitura\/2023\/parauapebascon\/arquivos\/N\u00edvel Elementar - Resultado Preliminar de Inscri\u00e7\u00f5es Deferidas.pdf\" data-wplink-url-error=\"true\">N\u00edvel Elementar &#8211; Resultado Preliminar de Inscri\u00e7\u00f5es Deferidas, de 24\/10\/2023 <strong>(Clique aqui)<\/strong><\/a><\/p><p style=\"text-align: center;\"><a href=\"http:\/\/concursos2.fadesp.org.br\/prefeitura\/2023\/parauapebascon\/arquivos\/N\u00edvel Auxiliar - Resultado Preliminar de Inscri\u00e7\u00f5es Deferidas.pdf\" data-wplink-url-error=\"true\">N\u00edvel Auxiliar &#8211; Resultado Preliminar de Inscri\u00e7\u00f5es Deferidas, de 24\/10\/2023 <strong>(Clique aqui)<\/strong><\/a><\/p><p style=\"text-align: center;\"><a href=\"http:\/\/concursos2.fadesp.org.br\/prefeitura\/2023\/parauapebascon\/arquivos\/Auxiliar Administrativo - Resultado Preliminar de Inscri\u00e7\u00f5es Deferidas.pdf\" data-wplink-url-error=\"true\">Auxiliar Administrativo &#8211; Resultado Preliminar de Inscri\u00e7\u00f5es Deferidas, de 24\/10\/2023 <strong>(Clique aqui)<\/strong><\/a><\/p><p style=\"text-align: center;\"><a href=\"http:\/\/concursos2.fadesp.org.br\/prefeitura\/2023\/parauapebascon\/arquivos\/Resultado Preliminar de Atendimentos Especiais.pdf\" data-wplink-url-error=\"true\">Resultado Preliminar de Atendimentos Especiais, de 24\/10\/2023 <strong>(Clique aqui)<\/strong><\/a><\/p><p style=\"text-align: center;\"><a href=\"http:\/\/concursos2.fadesp.org.br\/prefeitura\/2023\/parauapebascon\/arquivos\/Resultado Preliminar de Concorrentes \u00e0 Reserva de Vagas de Negros.pdf\" data-wplink-url-error=\"true\">Resultado Preliminar de Concorrentes \u00e0 Reserva de Vagas de Negros, de 24\/10\/2023 <strong>(Clique aqui)<\/strong><\/a><\/p><p style=\"text-align: center;\"><a href=\"http:\/\/concursos2.fadesp.org.br\/prefeitura\/2023\/parauapebascon\/arquivos\/Resultado Preliminar de Lactantes.pdf\" data-wplink-url-error=\"true\">Resultado Preliminar de Lactantes, de 24\/10\/2023 <strong>(Clique aqui)<\/strong><\/a><\/p><p style=\"text-align: center;\"><a href=\"http:\/\/concursos2.fadesp.org.br\/prefeitura\/2023\/parauapebascon\/arquivos\/Resultado Preliminar de PcD Concorrentes.pdf\" data-wplink-url-error=\"true\">Resultado Preliminar de PcD Concorrentes, de 24\/10\/2023 <strong>(Clique aqui)<\/strong><\/a><\/p><p style=\"text-align: center;\"><a href=\"http:\/\/concursos2.fadesp.org.br\/prefeitura\/2023\/parauapebascon\/arquivos\/Resultado Preliminar de Tempo Adicional.pdf\" data-wplink-url-error=\"true\">Resultado Preliminar de Tempo Adicional, de 24\/10\/2023 <strong>(Clique aqui)<\/strong>\u00a0<\/a><\/p><p style=\"text-align: center;\"><a href=\"http:\/\/concursos2.fadesp.org.br\/prefeitura\/2023\/parauapebascon\/arquivos\/ERRATA 04 - EDITAL 001-2023.pdf\" data-wplink-url-error=\"true\">ERRATA 04 &#8211; EDITAL 001\/2023, de 20\/10\/2023 <strong>(Clique aqui)<\/strong><\/a><\/p><p style=\"text-align: center;\"><a href=\"https:\/\/portalfadesp.org.br\/wp-content\/uploads\/2023\/11\/2023.10.20.EDOMP-ERRATA-04.pdf\">ERRATA 04 &#8211; EDOMP, de 20\/10\/2023 <strong>(Clique aqui)<\/strong><\/a><\/p><p style=\"text-align: center;\"><a href=\"http:\/\/concursos2.fadesp.org.br\/prefeitura\/2023\/parauapebascon\/arquivos\/ERRATA 03-2023 - 18-10-2023.pdf\" data-wplink-url-error=\"true\">ERRATA 03-2023, de 18\/10\/2023 <strong>(Clique aqui)<\/strong><\/a><\/p><p style=\"text-align: center;\"><a href=\"http:\/\/concursos2.fadesp.org.br\/prefeitura\/2023\/parauapebascon\/arquivos\/ERRATA N\u00ba 03-2023 - 18-10-2023 EDOMP.pdf\" data-wplink-url-error=\"true\">ERRATA N\u00ba 03-2023 &#8211; EDOMP, de 18\/10\/2023 <strong>(Clique aqui)<\/strong><\/a><\/p><p style=\"text-align: center;\"><a href=\"http:\/\/concursos2.fadesp.org.br\/prefeitura\/2023\/parauapebascon\/arquivos\/Resultado Definitivo de Isen\u00e7\u00e3o por Hipossuficiencia Financeira - 13_10_2023.pdf\" data-wplink-url-error=\"true\">Resultado Definitivo de Isen\u00e7\u00e3o por Hipossufici\u00eancia Financeira, de 13\/10\/2023 <strong>(Clique aqui)<\/strong><\/a><\/p><p style=\"text-align: center;\"><a href=\"http:\/\/concursos2.fadesp.org.br\/prefeitura\/2023\/parauapebascon\/arquivos\/Resultado Definitivo de Isen\u00e7\u00e3o de Taxa para PcD - 13_10_2023.pdf\" data-wplink-url-error=\"true\">Resultado Definitivo de Isen\u00e7\u00e3o de Taxa para PcD, 13\/10\/2023 <strong>(Clique aqui)<\/strong><\/a><\/p><p style=\"text-align: center;\"><a href=\"http:\/\/concursos2.fadesp.org.br\/prefeitura\/2023\/parauapebascon\/arquivos\/Errata 02_2023_PMP - 10-10-2023.pdf\" data-wplink-url-error=\"true\">Errata 02_2023_PMP, de 10\/10\/2023 <strong>(Clique aqui)<\/strong><\/a><\/p><p style=\"text-align: center;\"><a href=\"http:\/\/concursos2.fadesp.org.br\/prefeitura\/2023\/parauapebascon\/arquivos\/Resultado Preliminar de Isen\u00e7\u00e3o por Hipossuficiencia Financeira - 09_10_2023.pdf\" data-wplink-url-error=\"true\">Resultado Preliminar de Isen\u00e7\u00e3o por Hipossufici\u00eancia Financeira, de 09\/10\/2023 <strong>(Clique aqui)<\/strong><\/a><\/p><p style=\"text-align: center;\"><a href=\"http:\/\/concursos2.fadesp.org.br\/prefeitura\/2023\/parauapebascon\/arquivos\/Resultado Preliminar de Isen\u00e7\u00e3o de Taxa para PcD - 09_10_2023.pdf\" data-wplink-url-error=\"true\">Resultado Preliminar de Isen\u00e7\u00e3o de Taxa para PcD, de 09\/10\/2023 <strong>(Clique aqui)<\/strong><\/a><\/p><p style=\"text-align: center;\"><a href=\"https:\/\/portalfadesp.org.br\/wp-content\/uploads\/2023\/10\/ERRATA-01_2023-02-10-2023-DOMP.pdf\"><strong>Errata 01\/2023 DOMP, de 02\/10\/2023 (Clique Aqui)<\/strong><\/a><\/p><p style=\"text-align: center;\"><a href=\"https:\/\/portalfadesp.org.br\/wp-content\/uploads\/2023\/10\/Errata-01_2023_PMP-02-10-2023.pdf\"><strong>Errata 01\/2023 PMP, de 02\/10\/2023 (Clique Aqui)<\/strong><\/a><\/p><p style=\"text-align: center;\"><a href=\"https:\/\/portalfadesp.org.br\/wp-content\/uploads\/2023\/09\/Edital-n\u00b0-01_2023_PMP.pdf\"><strong>Edital n\u00ba 001\/2023 &#8211; PMP, de 26\/09\/2023 (Clique Aqui)<\/strong><\/a><\/p><p style=\"text-align: center;\"><a href=\"https:\/\/portalfadesp.org.br\/wp-content\/uploads\/2023\/09\/Tabela-de-Cargos.pdf\"><strong>Tabela de Cargos, de 26\/09\/2023 (Clique Aqui)<\/strong><\/a><\/p>\t\t\t\t\t\t\t\t<\/div>\n\t\t\t\t<\/div>\n\t\t\t\t<div class=\"elementor-element elementor-element-80996e5 elementor-widget elementor-widget-text-editor\" data-id=\"80996e5\" data-element_type=\"widget\" data-widget_type=\"text-editor.default\">\n\t\t\t\t<div class=\"elementor-widget-container\">\n\t\t\t\t\t\t\t\t\t<p style=\"text-align: center;\"><strong>Leis de Parauapebas constantes do Edital<\/strong><\/p>\t\t\t\t\t\t\t\t<\/div>\n\t\t\t\t<\/div>\n\t\t\t\t<div class=\"elementor-element elementor-element-90376c3 elementor-widget elementor-widget-text-editor\" data-id=\"90376c3\" data-element_type=\"widget\" data-widget_type=\"text-editor.default\">\n\t\t\t\t<div class=\"elementor-widget-container\">\n\t\t\t\t\t\t\t\t\t<p style=\"text-align: center;\"><a href=\"http:\/\/concursos2.fadesp.org.br\/prefeitura\/2023\/parauapebascon\/arquivos\/Decreto n\u00ba 186-2003 - Procedimento Administrativo no \u00e2mbito do Procon.pdf\" data-wplink-url-error=\"true\"><strong>Decreto n\u00ba 186-2003 &#8211; Procedimento Administrativo no \u00e2mbito do Procon, de 16\/10\/2023 (Clique aqui)<\/strong><\/a><\/p><p style=\"text-align: center;\"><a href=\"https:\/\/portalfadesp.org.br\/wp-content\/uploads\/2023\/10\/Lei-complementar-1-2011-Parauapebas-PA.pdf\"><strong>Lei Complementar 1\/2011 Parauapebas\/PA, de 02\/10\/2023 (Clique Aqui)<\/strong><\/a><\/p><p style=\"text-align: center;\"><a href=\"https:\/\/portalfadesp.org.br\/wp-content\/uploads\/2023\/10\/Lei-complementar-8-2016-Parauapebas-PA.pdf\"><strong>Lei Complementar 8\/2016 Parauapebas\/PA, de 02\/10\/2023 (Clique Aqui)<\/strong><\/a><\/p><p style=\"text-align: center;\"><a href=\"https:\/\/portalfadesp.org.br\/wp-content\/uploads\/2023\/10\/Lei-complementar-23-2020-Parauapebas-PA-Codigo-Tributario.pdf\"><strong>Lei Complementar 23\/2020 Parauapebas\/PA &#8211; C\u00f3digo Tribut\u00e1rio, de 02\/10\/2023 (Clique Aqui)<\/strong><\/a><\/p><p style=\"text-align: center;\"><a href=\"https:\/\/portalfadesp.org.br\/wp-content\/uploads\/2023\/10\/Lei-complementar-24-2021-Parauapebas-PA.pdf\"><strong>Lei Complementar 24\/2021 Parauapebas\/PA, de 02\/10\/2023 (Clique Aqui)<\/strong><\/a><\/p><p style=\"text-align: center;\"><a href=\"https:\/\/portalfadesp.org.br\/wp-content\/uploads\/2023\/10\/Lei-ordinaria-5212-2023-Parauapebas-PA-LOA.pdf\"><strong>Lei Ordin\u00e1ria 5212\/2023 Parauapebas\/PA &#8211; LOA, de 02\/10\/2023 (Clique Aqui)<\/strong><\/a><\/p><p style=\"text-align: center;\"><a href=\"https:\/\/portalfadesp.org.br\/wp-content\/uploads\/2023\/10\/Lei-ordinaria-5158-2022-Parauapebas-PA.pdf\"><strong>Lei Ordin\u00e1ria 5158\/2022 Parauapebas\/PA, de 02\/10\/2023 (Clique Aqui)<\/strong><\/a><\/p><p style=\"text-align: center;\"><a href=\"https:\/\/portalfadesp.org.br\/wp-content\/uploads\/2023\/10\/Lei-ordinaria-5129-2022-Parauapebas-PA.pdf\"><strong>Lei Ordin\u00e1ria 5129\/2022 Parauapebas\/PA, de 02\/10\/2023 (Clique Aqui)<\/strong><\/a><\/p><p style=\"text-align: center;\"><a href=\"https:\/\/portalfadesp.org.br\/wp-content\/uploads\/2023\/10\/Lei-ordinaria-5072-2022-Parauapebas-PA.pdf\"><strong>Lei Ordin\u00e1ria 5072\/2022 Parauapebas\/PA, de 02\/10\/2023 (Clique Aqui)<\/strong><\/a><\/p><p style=\"text-align: center;\"><a href=\"https:\/\/portalfadesp.org.br\/wp-content\/uploads\/2023\/10\/Lei-ordinaria-4477-2011-Parauapebas-PA.pdf\"><strong>Lei Ordin\u00e1ria 4477\/2011 Parauapebas\/PA, de 02\/10\/2023 (Clique Aqui)<\/strong><\/a><\/p><p style=\"text-align: center;\"><a href=\"https:\/\/portalfadesp.org.br\/wp-content\/uploads\/2023\/10\/Lei-ordinaria-4376-2009-Parauapebas-PA.pdf\"><strong>Lei Ordin\u00e1ria 4376\/2009 Parauapebas\/PA, de 02\/10\/2023 (Clique Aqui)<\/strong><\/a><\/p><p style=\"text-align: center;\"><a href=\"https:\/\/portalfadesp.org.br\/wp-content\/uploads\/2023\/10\/Lei-ordinaria-4283-2004-Parauapebas-PA.pdf\"><strong>Lei Ordin\u00e1ria 4283\/2004 Parauapebas\/PA, de 02\/10\/2023 (Clique Aqui)<\/strong><\/a><\/p><p style=\"text-align: center;\"><a href=\"https:\/\/portalfadesp.org.br\/wp-content\/uploads\/2023\/10\/Lei-ordinaria-4253-2002-Parauapebas-PA.pdf\"><strong>Lei Ordin\u00e1ria 4253\/2002 Parauapebas\/PA, de 02\/10\/2023 (Clique Aqui)<\/strong><\/a><\/p><p style=\"text-align: center;\"><a href=\"https:\/\/portalfadesp.org.br\/wp-content\/uploads\/2023\/10\/Lei-ordinaria-4249-2002-Parauapebas-PA.pdf\"><strong>Lei Ordin\u00e1ria 4249\/2002 Parauapebas\/PA, de 02\/10\/2023 (Clique Aqui)<\/strong><\/a><\/p><p style=\"text-align: center;\"><a href=\"https:\/\/portalfadesp.org.br\/wp-content\/uploads\/2023\/10\/Lei-ordinaria-4231-2002-Parauapebas-PA-Estatuto-do-Servidor.pdf\"><strong>Lei Ordin\u00e1ria 4231\/2002 Parauapebas\/PA &#8211; Estatuto do Servidor, de 02\/10\/2023 (Clique Aqui)<\/strong><\/a><\/p><p style=\"text-align: center;\"><a href=\"https:\/\/portalfadesp.org.br\/wp-content\/uploads\/2023\/10\/Lei-ordinaria-4213-2001-Parauapebas-PA.pdf\"><strong>Lei Ordin\u00e1ria 4213\/2001 Parauapebas\/PA, de 02\/10\/2023 (Clique Aqui)<\/strong><\/a><\/p><p style=\"text-align: center;\"><a href=\"https:\/\/portalfadesp.org.br\/wp-content\/uploads\/2023\/10\/Lei-organica-1-1990-Parauapebas-PA.pdf\"><strong>Lei Org\u00e2nica 1\/1990 Parauapebas\/PA, de 02\/10\/2023 (Clique Aqui)<\/strong><\/a><\/p>\t\t\t\t\t\t\t\t<\/div>\n\t\t\t\t<\/div>\n\t\t\t\t\t<\/div>\n\t\t<\/div>\n\t\t\t\t\t<\/div>\n\t\t<\/section>\n\t\t\t\t\t<\/div>\n\t\t<\/div>\n\t\t\t\t\t<\/div>\n\t\t<\/section>\n\t\t\t\t<\/div>\n\t\t","protected":false},"excerpt":{"rendered":"<p>Concurso P\u00fablico da Prefeitura Municipal de Parauapebas (2023) O Prefeito Municipal de Parauapebas, no uso de suas atribui\u00e7\u00f5es, torna p\u00fablica a realiza\u00e7\u00e3o de Concurso P\u00fablico destinado ao preenchimento de vagas de cargos do quadro de pessoal efetivo da Prefeitura, mediante as condi\u00e7\u00f5es estabelecidas no Edital de Abertura. A sele\u00e7\u00e3o para os cargos de que trata [&hellip;]<\/p>\n","protected":false},"author":12,"featured_media":0,"parent":325,"menu_order":0,"comment_status":"closed","ping_status":"closed","template":"","meta":{"_monsterinsights_skip_tracking":false,"_monsterinsights_sitenote_active":false,"_monsterinsights_sitenote_note":"","_monsterinsights_sitenote_category":0,"footnotes":""},"class_list":["post-43219","page","type-page","status-publish","hentry","entry"],"yoast_head":"<!-- This site is optimized with the Yoast SEO plugin v25.1 - https:\/\/yoast.com\/wordpress\/plugins\/seo\/ -->\n<title>Concurso P\u00fablico da Prefeitura Municipal de Parauapebas (2023) - FADESP<\/title>\n<meta name=\"robots\" content=\"index, follow, max-snippet:-1, max-image-preview:large, max-video-preview:-1\" \/>\n<link rel=\"canonical\" href=\"https:\/\/portalfadesp.org.br\/?page_id=43219\" \/>\n<meta property=\"og:locale\" content=\"pt_BR\" \/>\n<meta property=\"og:type\" content=\"article\" \/>\n<meta property=\"og:title\" content=\"Concurso P\u00fablico da Prefeitura Municipal de Parauapebas (2023) - FADESP\" \/>\n<meta property=\"og:description\" content=\"Concurso P\u00fablico da Prefeitura Municipal de Parauapebas (2023) O Prefeito Municipal de Parauapebas, no uso de suas atribui\u00e7\u00f5es, torna p\u00fablica a realiza\u00e7\u00e3o de Concurso P\u00fablico destinado ao preenchimento de vagas de cargos do quadro de pessoal efetivo da Prefeitura, mediante as condi\u00e7\u00f5es estabelecidas no Edital de Abertura. A sele\u00e7\u00e3o para os cargos de que trata [&hellip;]\" \/>\n<meta property=\"og:url\" content=\"https:\/\/portalfadesp.org.br\/?page_id=43219\" \/>\n<meta property=\"og:site_name\" content=\"FADESP\" \/>\n<meta property=\"article:publisher\" content=\"https:\/\/www.facebook.com\/Fadesp-138351949524662\/\" \/>\n<meta property=\"article:modified_time\" content=\"2023-12-28T20:19:23+00:00\" \/>\n<meta name=\"twitter:card\" content=\"summary_large_image\" \/>\n<meta name=\"twitter:site\" content=\"@Fadesp\" \/>\n<meta name=\"twitter:label1\" content=\"Est. tempo de leitura\" \/>\n\t<meta name=\"twitter:data1\" content=\"6 minutos\" \/>\n<script type=\"application\/ld+json\" class=\"yoast-schema-graph\">{\"@context\":\"https:\/\/schema.org\",\"@graph\":[{\"@type\":\"WebPage\",\"@id\":\"https:\/\/portalfadesp.org.br\/?page_id=43219\",\"url\":\"https:\/\/portalfadesp.org.br\/?page_id=43219\",\"name\":\"Concurso P\u00fablico da Prefeitura Municipal de Parauapebas (2023) - FADESP\",\"isPartOf\":{\"@id\":\"https:\/\/portalfadesp.org.br\/#website\"},\"datePublished\":\"2023-09-26T16:20:42+00:00\",\"dateModified\":\"2023-12-28T20:19:23+00:00\",\"breadcrumb\":{\"@id\":\"https:\/\/portalfadesp.org.br\/?page_id=43219#breadcrumb\"},\"inLanguage\":\"pt-BR\",\"potentialAction\":[{\"@type\":\"ReadAction\",\"target\":[\"https:\/\/portalfadesp.org.br\/?page_id=43219\"]}]},{\"@type\":\"BreadcrumbList\",\"@id\":\"https:\/\/portalfadesp.org.br\/?page_id=43219#breadcrumb\",\"itemListElement\":[{\"@type\":\"ListItem\",\"position\":1,\"name\":\"In\u00edcio\",\"item\":\"https:\/\/portalfadesp.org.br\/\"},{\"@type\":\"ListItem\",\"position\":2,\"name\":\"Concursos &#8211; Abertos\",\"item\":\"https:\/\/portalfadesp.org.br\/?page_id=33858\"},{\"@type\":\"ListItem\",\"position\":3,\"name\":\"Concurso &#8211; Em andamento\",\"item\":\"https:\/\/portalfadesp.org.br\/?page_id=325\"},{\"@type\":\"ListItem\",\"position\":4,\"name\":\"Concurso P\u00fablico da Prefeitura Municipal de Parauapebas (2023)\"}]},{\"@type\":\"WebSite\",\"@id\":\"https:\/\/portalfadesp.org.br\/#website\",\"url\":\"https:\/\/portalfadesp.org.br\/\",\"name\":\"FADESP\",\"description\":\"Funda\u00e7\u00e3o de Amparo e Desenvolvimento da Pesquisa\",\"publisher\":{\"@id\":\"https:\/\/portalfadesp.org.br\/#organization\"},\"potentialAction\":[{\"@type\":\"SearchAction\",\"target\":{\"@type\":\"EntryPoint\",\"urlTemplate\":\"https:\/\/portalfadesp.org.br\/?s={search_term_string}\"},\"query-input\":{\"@type\":\"PropertyValueSpecification\",\"valueRequired\":true,\"valueName\":\"search_term_string\"}}],\"inLanguage\":\"pt-BR\"},{\"@type\":\"Organization\",\"@id\":\"https:\/\/portalfadesp.org.br\/#organization\",\"name\":\"FADESP\",\"url\":\"https:\/\/portalfadesp.org.br\/\",\"logo\":{\"@type\":\"ImageObject\",\"inLanguage\":\"pt-BR\",\"@id\":\"https:\/\/portalfadesp.org.br\/#\/schema\/logo\/image\/\",\"url\":\"https:\/\/portalfadesp.org.br\/wp-content\/uploads\/2024\/01\/NOVOLOGOFADESPlaranjaH.png\",\"contentUrl\":\"https:\/\/portalfadesp.org.br\/wp-content\/uploads\/2024\/01\/NOVOLOGOFADESPlaranjaH.png\",\"width\":2742,\"height\":839,\"caption\":\"FADESP\"},\"image\":{\"@id\":\"https:\/\/portalfadesp.org.br\/#\/schema\/logo\/image\/\"},\"sameAs\":[\"https:\/\/www.facebook.com\/Fadesp-138351949524662\/\",\"https:\/\/x.com\/Fadesp\",\"https:\/\/www.instagram.com\/fadesp_ufpa\/\",\"https:\/\/www.youtube.com\/@fundacaodeamparoedesenvolv1903\",\"https:\/\/www.threads.net\/@fadesp_ufpa\"]}]}<\/script>\n<!-- \/ Yoast SEO plugin. -->","yoast_head_json":{"title":"Concurso P\u00fablico da Prefeitura Municipal de Parauapebas (2023) - FADESP","robots":{"index":"index","follow":"follow","max-snippet":"max-snippet:-1","max-image-preview":"max-image-preview:large","max-video-preview":"max-video-preview:-1"},"canonical":"https:\/\/portalfadesp.org.br\/?page_id=43219","og_locale":"pt_BR","og_type":"article","og_title":"Concurso P\u00fablico da Prefeitura Municipal de Parauapebas (2023) - FADESP","og_description":"Concurso P\u00fablico da Prefeitura Municipal de Parauapebas (2023) O Prefeito Municipal de Parauapebas, no uso de suas atribui\u00e7\u00f5es, torna p\u00fablica a realiza\u00e7\u00e3o de Concurso P\u00fablico destinado ao preenchimento de vagas de cargos do quadro de pessoal efetivo da Prefeitura, mediante as condi\u00e7\u00f5es estabelecidas no Edital de Abertura. A sele\u00e7\u00e3o para os cargos de que trata [&hellip;]","og_url":"https:\/\/portalfadesp.org.br\/?page_id=43219","og_site_name":"FADESP","article_publisher":"https:\/\/www.facebook.com\/Fadesp-138351949524662\/","article_modified_time":"2023-12-28T20:19:23+00:00","twitter_card":"summary_large_image","twitter_site":"@Fadesp","twitter_misc":{"Est. tempo de leitura":"6 minutos"},"schema":{"@context":"https:\/\/schema.org","@graph":[{"@type":"WebPage","@id":"https:\/\/portalfadesp.org.br\/?page_id=43219","url":"https:\/\/portalfadesp.org.br\/?page_id=43219","name":"Concurso P\u00fablico da Prefeitura Municipal de Parauapebas (2023) - FADESP","isPartOf":{"@id":"https:\/\/portalfadesp.org.br\/#website"},"datePublished":"2023-09-26T16:20:42+00:00","dateModified":"2023-12-28T20:19:23+00:00","breadcrumb":{"@id":"https:\/\/portalfadesp.org.br\/?page_id=43219#breadcrumb"},"inLanguage":"pt-BR","potentialAction":[{"@type":"ReadAction","target":["https:\/\/portalfadesp.org.br\/?page_id=43219"]}]},{"@type":"BreadcrumbList","@id":"https:\/\/portalfadesp.org.br\/?page_id=43219#breadcrumb","itemListElement":[{"@type":"ListItem","position":1,"name":"In\u00edcio","item":"https:\/\/portalfadesp.org.br\/"},{"@type":"ListItem","position":2,"name":"Concursos &#8211; Abertos","item":"https:\/\/portalfadesp.org.br\/?page_id=33858"},{"@type":"ListItem","position":3,"name":"Concurso &#8211; Em andamento","item":"https:\/\/portalfadesp.org.br\/?page_id=325"},{"@type":"ListItem","position":4,"name":"Concurso P\u00fablico da Prefeitura Municipal de Parauapebas (2023)"}]},{"@type":"WebSite","@id":"https:\/\/portalfadesp.org.br\/#website","url":"https:\/\/portalfadesp.org.br\/","name":"FADESP","description":"Funda\u00e7\u00e3o de Amparo e Desenvolvimento da Pesquisa","publisher":{"@id":"https:\/\/portalfadesp.org.br\/#organization"},"potentialAction":[{"@type":"SearchAction","target":{"@type":"EntryPoint","urlTemplate":"https:\/\/portalfadesp.org.br\/?s={search_term_string}"},"query-input":{"@type":"PropertyValueSpecification","valueRequired":true,"valueName":"search_term_string"}}],"inLanguage":"pt-BR"},{"@type":"Organization","@id":"https:\/\/portalfadesp.org.br\/#organization","name":"FADESP","url":"https:\/\/portalfadesp.org.br\/","logo":{"@type":"ImageObject","inLanguage":"pt-BR","@id":"https:\/\/portalfadesp.org.br\/#\/schema\/logo\/image\/","url":"https:\/\/portalfadesp.org.br\/wp-content\/uploads\/2024\/01\/NOVOLOGOFADESPlaranjaH.png","contentUrl":"https:\/\/portalfadesp.org.br\/wp-content\/uploads\/2024\/01\/NOVOLOGOFADESPlaranjaH.png","width":2742,"height":839,"caption":"FADESP"},"image":{"@id":"https:\/\/portalfadesp.org.br\/#\/schema\/logo\/image\/"},"sameAs":["https:\/\/www.facebook.com\/Fadesp-138351949524662\/","https:\/\/x.com\/Fadesp","https:\/\/www.instagram.com\/fadesp_ufpa\/","https:\/\/www.youtube.com\/@fundacaodeamparoedesenvolv1903","https:\/\/www.threads.net\/@fadesp_ufpa"]}]}},"_links":{"self":[{"href":"https:\/\/portalfadesp.org.br\/index.php?rest_route=\/wp\/v2\/pages\/43219","targetHints":{"allow":["GET"]}}],"collection":[{"href":"https:\/\/portalfadesp.org.br\/index.php?rest_route=\/wp\/v2\/pages"}],"about":[{"href":"https:\/\/portalfadesp.org.br\/index.php?rest_route=\/wp\/v2\/types\/page"}],"author":[{"embeddable":true,"href":"https:\/\/portalfadesp.org.br\/index.php?rest_route=\/wp\/v2\/users\/12"}],"replies":[{"embeddable":true,"href":"https:\/\/portalfadesp.org.br\/index.php?rest_route=%2Fwp%2Fv2%2Fcomments&post=43219"}],"version-history":[{"count":112,"href":"https:\/\/portalfadesp.org.br\/index.php?rest_route=\/wp\/v2\/pages\/43219\/revisions"}],"predecessor-version":[{"id":44935,"href":"https:\/\/portalfadesp.org.br\/index.php?rest_route=\/wp\/v2\/pages\/43219\/revisions\/44935"}],"up":[{"embeddable":true,"href":"https:\/\/portalfadesp.org.br\/index.php?rest_route=\/wp\/v2\/pages\/325"}],"wp:attachment":[{"href":"https:\/\/portalfadesp.org.br\/index.php?rest_route=%2Fwp%2Fv2%2Fmedia&parent=43219"}],"curies":[{"name":"wp","href":"https:\/\/api.w.org\/{rel}","templated":true}]}}