{"id":43134,"date":"2023-09-21T11:28:53","date_gmt":"2023-09-21T14:28:53","guid":{"rendered":"https:\/\/portalfadesp.org.br\/?page_id=43134"},"modified":"2024-09-30T13:53:54","modified_gmt":"2024-09-30T16:53:54","slug":"pagina_modelo-19-13-35","status":"publish","type":"page","link":"https:\/\/portalfadesp.org.br\/?page_id=43134","title":{"rendered":"Especializa\u00e7\u00e3o em Educa\u00e7\u00e3o Ambiental e Sustentabilidade &#8211; PROFIMA\/NUMA\/UFPA"},"content":{"rendered":"\t\t<div data-elementor-type=\"wp-post\" data-elementor-id=\"43134\" class=\"elementor elementor-43134\" data-elementor-post-type=\"page\">\n\t\t\t\t\t\t<section class=\"elementor-section elementor-top-section elementor-element elementor-element-1f2996d1 elementor-section-boxed elementor-section-height-default elementor-section-height-default\" data-id=\"1f2996d1\" data-element_type=\"section\">\n\t\t\t\t\t\t<div class=\"elementor-container elementor-column-gap-default\">\n\t\t\t\t\t<div class=\"elementor-column elementor-col-100 elementor-top-column elementor-element elementor-element-59a4b3f8\" data-id=\"59a4b3f8\" data-element_type=\"column\">\n\t\t\t<div class=\"elementor-widget-wrap elementor-element-populated\">\n\t\t\t\t\t\t<div class=\"elementor-element elementor-element-799471af elementor-widget elementor-widget-heading\" data-id=\"799471af\" data-element_type=\"widget\" data-widget_type=\"heading.default\">\n\t\t\t\t<div class=\"elementor-widget-container\">\n\t\t\t\t\t<h1 class=\"elementor-heading-title elementor-size-default\">Especializa\u00e7\u00e3o em Educa\u00e7\u00e3o Ambiental e Sustentabilidade - PROFIMA\/NUMA\/UFPA\n(Educa\u00e7\u00e3o a Dist\u00e2ncia - EAD)<\/h1>\t\t\t\t<\/div>\n\t\t\t\t<\/div>\n\t\t\t\t<section class=\"elementor-section elementor-inner-section elementor-element elementor-element-336311f elementor-section-boxed elementor-section-height-default elementor-section-height-default\" data-id=\"336311f\" data-element_type=\"section\">\n\t\t\t\t\t\t<div class=\"elementor-container elementor-column-gap-default\">\n\t\t\t\t\t<div class=\"elementor-column elementor-col-50 elementor-inner-column elementor-element elementor-element-75ca0dc3\" data-id=\"75ca0dc3\" data-element_type=\"column\">\n\t\t\t<div class=\"elementor-widget-wrap elementor-element-populated\">\n\t\t\t\t\t\t<div class=\"elementor-element elementor-element-425a3096 elementor-widget elementor-widget-text-editor\" data-id=\"425a3096\" data-element_type=\"widget\" data-widget_type=\"text-editor.default\">\n\t\t\t\t<div class=\"elementor-widget-container\">\n\t\t\t\t\t\t\t\t\t<p>O N\u00facleo de Meio Ambiente da Universidade Federal do Par\u00e1 torna p\u00fablica a abertura de inscri\u00e7\u00f5es para o PROCESSO SELETIVO DE ALUNOS para o Curso de P\u00f3s-Gradua\u00e7\u00e3o Lato sensu em Educa\u00e7\u00e3o Ambiental e Sustentabilidade, na modalidade de Educa\u00e7\u00e3o a Dist\u00e2ncia (EAD), com carga hor\u00e1ria total de 420h e car\u00e1ter Interdisciplinar, aprovado pela Resolu\u00e7\u00e3o CONSEPE n. 5.524, de 25 de agosto de 2022.<\/p><p><b>Pr\u00e9-requisitos: <\/b>As inscri\u00e7\u00f5es t\u00eam como p\u00fablico-alvo candidatos que possu\u00edrem Diploma ou Declara\u00e7\u00e3o de Conclus\u00e3o de Curso Superior (Bacharelado, Licenciatura,Tecnol\u00f3gico ou Sequencial) com no m\u00ednimo 1.600 horas, expedido por institui\u00e7\u00f5es com o devido reconhecimento.<\/p><p class=\"selectable-text copyable-text iq0m558w g0rxnol2\" dir=\"ltr\"><span class=\"selectable-text copyable-text\"><strong>Vagas:<\/strong> 300 vagas no total, dentre as quais 30% (90 vagas) para a demanda social, t\u00e9cnicos e docentes da UFPA e 70% (210 vagas) ser\u00e3o disponibilizadas para ampla concorr\u00eancia.<\/span><\/p><p class=\"selectable-text copyable-text iq0m558w g0rxnol2\" dir=\"ltr\"><span class=\"selectable-text copyable-text\"><strong>Investimento:<\/strong> 12 parcelas de R$ 260,00 (duzentos e sessenta reais).<\/span><\/p><p><strong>Inscri\u00e7\u00f5es para vagas remanescentes: 31\/10\/2024<\/strong><\/p><p><strong>Taxa de inscri\u00e7\u00e3o:<\/strong> R$:100,00<\/p><p>Para realizar a inscri\u00e7\u00e3o o aluno dever\u00e1 acessar o site da FADESP<br \/><em>(<a href=\"http:\/\/cursoseventos.fadesp.org.br\/gui\/PortalCursosEventos.aspx\">http:\/\/cursoseventos.fadesp.org.br\/gui\/PortalCursosEventos.aspx<\/a>)<\/em> fazer o cadastro, gerar o boleto no valor de R$ 100,00, efetuar o pagamento e anexar o comprovante com os documentos na plataforma de inscri\u00e7\u00e3o do curso, no link: <em><a href=\"http:\/\/seletivo.profima.com.br\/\">http:\/\/seletivo.profima.com.br\/<\/a><\/em><\/p><p><strong>Para mais informa\u00e7\u00f5es:<br \/><\/strong>easprofima2023@gmail.com.<\/p>\t\t\t\t\t\t\t\t<\/div>\n\t\t\t\t<\/div>\n\t\t\t\t\t<\/div>\n\t\t<\/div>\n\t\t\t\t<div class=\"elementor-column elementor-col-50 elementor-inner-column elementor-element elementor-element-79608089\" data-id=\"79608089\" data-element_type=\"column\">\n\t\t\t<div class=\"elementor-widget-wrap elementor-element-populated\">\n\t\t\t\t\t\t<div class=\"elementor-element elementor-element-25941e3 elementor-widget elementor-widget-text-editor\" data-id=\"25941e3\" data-element_type=\"widget\" data-widget_type=\"text-editor.default\">\n\t\t\t\t<div class=\"elementor-widget-container\">\n\t\t\t\t\t\t\t\t\t<p><strong>Avisos<\/strong><\/p>\t\t\t\t\t\t\t\t<\/div>\n\t\t\t\t<\/div>\n\t\t\t\t<div class=\"elementor-element elementor-element-1ebc249 elementor-widget elementor-widget-text-editor\" data-id=\"1ebc249\" data-element_type=\"widget\" data-widget_type=\"text-editor.default\">\n\t\t\t\t<div class=\"elementor-widget-container\">\n\t\t\t\t\t\t\t\t\t<p style=\"text-align: center;\">As inscri\u00e7\u00f5es para as <strong>VAGAS REMANESCENTES<\/strong> ser\u00e3o admitidas, exclusivamente, via internet, por meio do preenchimento do formul\u00e1rio eletr\u00f4nico dispon\u00edvel no endere\u00e7o http:\/\/seletivo.profima.com.br, at\u00e9 \u00e0s 23h59m do dia <strong>31\/10\/2024<\/strong>, observado o hor\u00e1rio de Bel\u00e9m\/PA.\u00a0<\/p>\t\t\t\t\t\t\t\t<\/div>\n\t\t\t\t<\/div>\n\t\t\t\t<div class=\"elementor-element elementor-element-7ccac55 elementor-widget elementor-widget-text-editor\" data-id=\"7ccac55\" data-element_type=\"widget\" data-widget_type=\"text-editor.default\">\n\t\t\t\t<div class=\"elementor-widget-container\">\n\t\t\t\t\t\t\t\t\t<p><strong>Editais<\/strong><\/p>\t\t\t\t\t\t\t\t<\/div>\n\t\t\t\t<\/div>\n\t\t\t\t<div class=\"elementor-element elementor-element-368e568 elementor-widget elementor-widget-text-editor\" data-id=\"368e568\" data-element_type=\"widget\" data-widget_type=\"text-editor.default\">\n\t\t\t\t<div class=\"elementor-widget-container\">\n\t\t\t\t\t\t\t\t\t<p style=\"text-align: center;\">Vagas Remanescentes <strong><a href=\"https:\/\/portalfadesp.org.br\/wp-content\/uploads\/2024\/09\/EDITAL-No-01_2024-_EEAS_VAGAS-REMANESCENTES_v1.pdf\">(Clique aqui)<\/a><\/strong><\/p><p style=\"text-align: center;\">Resultado final <strong><a href=\"https:\/\/portalfadesp.org.br\/wp-content\/uploads\/2024\/01\/Resultado_Final_EDITAL-No-01_2023-_PROFIMA-NUMA-UFPA_EEAS_v1.pdf\">(Clique aqui)<\/a><\/strong><\/p><p style=\"text-align: center;\">Prorroga\u00e7\u00e3o de inscri\u00e7\u00e3o <strong><a href=\"https:\/\/portalfadesp.org.br\/wp-content\/uploads\/2023\/11\/Cronograma-de-Prorrogacao_28.11.23.pdf\">(Clique aqui)<\/a><\/strong><\/p><p style=\"text-align: center;\">Prorroga\u00e7\u00e3o do edital <strong><a href=\"https:\/\/portalfadesp.org.br\/wp-content\/uploads\/2023\/10\/EDITAL-NOVAS-DATAS-No-01_2023-_PROFIMA-NUMA-UFPA_EEAS.pdf\">(Clique aqui)<\/a><\/strong><\/p><p style=\"text-align: center;\">Edital 1 <strong><a href=\"https:\/\/portalfadesp.org.br\/wp-content\/uploads\/2023\/09\/EDITAL-No-01_2023-_PROFIMA-NUMA-UFPA_EEAS_v4.pdf\">(Clique aqui)<\/a><\/strong><\/p>\t\t\t\t\t\t\t\t<\/div>\n\t\t\t\t<\/div>\n\t\t\t\t\t<\/div>\n\t\t<\/div>\n\t\t\t\t\t<\/div>\n\t\t<\/section>\n\t\t\t\t\t<\/div>\n\t\t<\/div>\n\t\t\t\t\t<\/div>\n\t\t<\/section>\n\t\t\t\t<\/div>\n\t\t","protected":false},"excerpt":{"rendered":"<p>Especializa\u00e7\u00e3o em Educa\u00e7\u00e3o Ambiental e Sustentabilidade &#8211; PROFIMA\/NUMA\/UFPA (Educa\u00e7\u00e3o a Dist\u00e2ncia &#8211; EAD) O N\u00facleo de Meio Ambiente da Universidade Federal do Par\u00e1 torna p\u00fablica a abertura de inscri\u00e7\u00f5es para o PROCESSO SELETIVO DE ALUNOS para o Curso de P\u00f3s-Gradua\u00e7\u00e3o Lato sensu em Educa\u00e7\u00e3o Ambiental e Sustentabilidade, na modalidade de Educa\u00e7\u00e3o a Dist\u00e2ncia (EAD), com [&hellip;]<\/p>\n","protected":false},"author":12,"featured_media":0,"parent":0,"menu_order":0,"comment_status":"closed","ping_status":"closed","template":"","meta":{"_monsterinsights_skip_tracking":false,"_monsterinsights_sitenote_active":false,"_monsterinsights_sitenote_note":"","_monsterinsights_sitenote_category":0,"footnotes":""},"class_list":["post-43134","page","type-page","status-publish","hentry","entry"],"yoast_head":"<!-- This site is optimized with the Yoast SEO plugin v25.1 - https:\/\/yoast.com\/wordpress\/plugins\/seo\/ -->\n<title>Especializa\u00e7\u00e3o em Educa\u00e7\u00e3o Ambiental e Sustentabilidade - PROFIMA\/NUMA\/UFPA - FADESP<\/title>\n<meta name=\"robots\" content=\"index, follow, max-snippet:-1, max-image-preview:large, max-video-preview:-1\" \/>\n<link rel=\"canonical\" href=\"https:\/\/portalfadesp.org.br\/?page_id=43134\" \/>\n<meta property=\"og:locale\" content=\"pt_BR\" \/>\n<meta property=\"og:type\" content=\"article\" \/>\n<meta property=\"og:title\" content=\"Especializa\u00e7\u00e3o em Educa\u00e7\u00e3o Ambiental e Sustentabilidade - PROFIMA\/NUMA\/UFPA - FADESP\" \/>\n<meta property=\"og:description\" content=\"Especializa\u00e7\u00e3o em Educa\u00e7\u00e3o Ambiental e Sustentabilidade &#8211; PROFIMA\/NUMA\/UFPA (Educa\u00e7\u00e3o a Dist\u00e2ncia &#8211; EAD) O N\u00facleo de Meio Ambiente da Universidade Federal do Par\u00e1 torna p\u00fablica a abertura de inscri\u00e7\u00f5es para o PROCESSO SELETIVO DE ALUNOS para o Curso de P\u00f3s-Gradua\u00e7\u00e3o Lato sensu em Educa\u00e7\u00e3o Ambiental e Sustentabilidade, na modalidade de Educa\u00e7\u00e3o a Dist\u00e2ncia (EAD), com [&hellip;]\" \/>\n<meta property=\"og:url\" content=\"https:\/\/portalfadesp.org.br\/?page_id=43134\" \/>\n<meta property=\"og:site_name\" content=\"FADESP\" \/>\n<meta property=\"article:publisher\" content=\"https:\/\/www.facebook.com\/Fadesp-138351949524662\/\" \/>\n<meta property=\"article:modified_time\" content=\"2024-09-30T16:53:54+00:00\" \/>\n<meta name=\"twitter:card\" content=\"summary_large_image\" \/>\n<meta name=\"twitter:site\" content=\"@Fadesp\" \/>\n<meta name=\"twitter:label1\" content=\"Est. tempo de leitura\" \/>\n\t<meta name=\"twitter:data1\" content=\"2 minutos\" \/>\n<script type=\"application\/ld+json\" class=\"yoast-schema-graph\">{\"@context\":\"https:\/\/schema.org\",\"@graph\":[{\"@type\":\"WebPage\",\"@id\":\"https:\/\/portalfadesp.org.br\/?page_id=43134\",\"url\":\"https:\/\/portalfadesp.org.br\/?page_id=43134\",\"name\":\"Especializa\u00e7\u00e3o em Educa\u00e7\u00e3o Ambiental e Sustentabilidade - PROFIMA\/NUMA\/UFPA - FADESP\",\"isPartOf\":{\"@id\":\"https:\/\/portalfadesp.org.br\/#website\"},\"datePublished\":\"2023-09-21T14:28:53+00:00\",\"dateModified\":\"2024-09-30T16:53:54+00:00\",\"breadcrumb\":{\"@id\":\"https:\/\/portalfadesp.org.br\/?page_id=43134#breadcrumb\"},\"inLanguage\":\"pt-BR\",\"potentialAction\":[{\"@type\":\"ReadAction\",\"target\":[\"https:\/\/portalfadesp.org.br\/?page_id=43134\"]}]},{\"@type\":\"BreadcrumbList\",\"@id\":\"https:\/\/portalfadesp.org.br\/?page_id=43134#breadcrumb\",\"itemListElement\":[{\"@type\":\"ListItem\",\"position\":1,\"name\":\"In\u00edcio\",\"item\":\"https:\/\/portalfadesp.org.br\/\"},{\"@type\":\"ListItem\",\"position\":2,\"name\":\"Especializa\u00e7\u00e3o em Educa\u00e7\u00e3o Ambiental e Sustentabilidade &#8211; PROFIMA\/NUMA\/UFPA\"}]},{\"@type\":\"WebSite\",\"@id\":\"https:\/\/portalfadesp.org.br\/#website\",\"url\":\"https:\/\/portalfadesp.org.br\/\",\"name\":\"FADESP\",\"description\":\"Funda\u00e7\u00e3o de Amparo e Desenvolvimento da Pesquisa\",\"publisher\":{\"@id\":\"https:\/\/portalfadesp.org.br\/#organization\"},\"potentialAction\":[{\"@type\":\"SearchAction\",\"target\":{\"@type\":\"EntryPoint\",\"urlTemplate\":\"https:\/\/portalfadesp.org.br\/?s={search_term_string}\"},\"query-input\":{\"@type\":\"PropertyValueSpecification\",\"valueRequired\":true,\"valueName\":\"search_term_string\"}}],\"inLanguage\":\"pt-BR\"},{\"@type\":\"Organization\",\"@id\":\"https:\/\/portalfadesp.org.br\/#organization\",\"name\":\"FADESP\",\"url\":\"https:\/\/portalfadesp.org.br\/\",\"logo\":{\"@type\":\"ImageObject\",\"inLanguage\":\"pt-BR\",\"@id\":\"https:\/\/portalfadesp.org.br\/#\/schema\/logo\/image\/\",\"url\":\"https:\/\/portalfadesp.org.br\/wp-content\/uploads\/2024\/01\/NOVOLOGOFADESPlaranjaH.png\",\"contentUrl\":\"https:\/\/portalfadesp.org.br\/wp-content\/uploads\/2024\/01\/NOVOLOGOFADESPlaranjaH.png\",\"width\":2742,\"height\":839,\"caption\":\"FADESP\"},\"image\":{\"@id\":\"https:\/\/portalfadesp.org.br\/#\/schema\/logo\/image\/\"},\"sameAs\":[\"https:\/\/www.facebook.com\/Fadesp-138351949524662\/\",\"https:\/\/x.com\/Fadesp\",\"https:\/\/www.instagram.com\/fadesp_ufpa\/\",\"https:\/\/www.youtube.com\/@fundacaodeamparoedesenvolv1903\",\"https:\/\/www.threads.net\/@fadesp_ufpa\"]}]}<\/script>\n<!-- \/ Yoast SEO plugin. -->","yoast_head_json":{"title":"Especializa\u00e7\u00e3o em Educa\u00e7\u00e3o Ambiental e Sustentabilidade - PROFIMA\/NUMA\/UFPA - FADESP","robots":{"index":"index","follow":"follow","max-snippet":"max-snippet:-1","max-image-preview":"max-image-preview:large","max-video-preview":"max-video-preview:-1"},"canonical":"https:\/\/portalfadesp.org.br\/?page_id=43134","og_locale":"pt_BR","og_type":"article","og_title":"Especializa\u00e7\u00e3o em Educa\u00e7\u00e3o Ambiental e Sustentabilidade - PROFIMA\/NUMA\/UFPA - FADESP","og_description":"Especializa\u00e7\u00e3o em Educa\u00e7\u00e3o Ambiental e Sustentabilidade &#8211; PROFIMA\/NUMA\/UFPA (Educa\u00e7\u00e3o a Dist\u00e2ncia &#8211; EAD) O N\u00facleo de Meio Ambiente da Universidade Federal do Par\u00e1 torna p\u00fablica a abertura de inscri\u00e7\u00f5es para o PROCESSO SELETIVO DE ALUNOS para o Curso de P\u00f3s-Gradua\u00e7\u00e3o Lato sensu em Educa\u00e7\u00e3o Ambiental e Sustentabilidade, na modalidade de Educa\u00e7\u00e3o a Dist\u00e2ncia (EAD), com [&hellip;]","og_url":"https:\/\/portalfadesp.org.br\/?page_id=43134","og_site_name":"FADESP","article_publisher":"https:\/\/www.facebook.com\/Fadesp-138351949524662\/","article_modified_time":"2024-09-30T16:53:54+00:00","twitter_card":"summary_large_image","twitter_site":"@Fadesp","twitter_misc":{"Est. tempo de leitura":"2 minutos"},"schema":{"@context":"https:\/\/schema.org","@graph":[{"@type":"WebPage","@id":"https:\/\/portalfadesp.org.br\/?page_id=43134","url":"https:\/\/portalfadesp.org.br\/?page_id=43134","name":"Especializa\u00e7\u00e3o em Educa\u00e7\u00e3o Ambiental e Sustentabilidade - PROFIMA\/NUMA\/UFPA - FADESP","isPartOf":{"@id":"https:\/\/portalfadesp.org.br\/#website"},"datePublished":"2023-09-21T14:28:53+00:00","dateModified":"2024-09-30T16:53:54+00:00","breadcrumb":{"@id":"https:\/\/portalfadesp.org.br\/?page_id=43134#breadcrumb"},"inLanguage":"pt-BR","potentialAction":[{"@type":"ReadAction","target":["https:\/\/portalfadesp.org.br\/?page_id=43134"]}]},{"@type":"BreadcrumbList","@id":"https:\/\/portalfadesp.org.br\/?page_id=43134#breadcrumb","itemListElement":[{"@type":"ListItem","position":1,"name":"In\u00edcio","item":"https:\/\/portalfadesp.org.br\/"},{"@type":"ListItem","position":2,"name":"Especializa\u00e7\u00e3o em Educa\u00e7\u00e3o Ambiental e Sustentabilidade &#8211; PROFIMA\/NUMA\/UFPA"}]},{"@type":"WebSite","@id":"https:\/\/portalfadesp.org.br\/#website","url":"https:\/\/portalfadesp.org.br\/","name":"FADESP","description":"Funda\u00e7\u00e3o de Amparo e Desenvolvimento da Pesquisa","publisher":{"@id":"https:\/\/portalfadesp.org.br\/#organization"},"potentialAction":[{"@type":"SearchAction","target":{"@type":"EntryPoint","urlTemplate":"https:\/\/portalfadesp.org.br\/?s={search_term_string}"},"query-input":{"@type":"PropertyValueSpecification","valueRequired":true,"valueName":"search_term_string"}}],"inLanguage":"pt-BR"},{"@type":"Organization","@id":"https:\/\/portalfadesp.org.br\/#organization","name":"FADESP","url":"https:\/\/portalfadesp.org.br\/","logo":{"@type":"ImageObject","inLanguage":"pt-BR","@id":"https:\/\/portalfadesp.org.br\/#\/schema\/logo\/image\/","url":"https:\/\/portalfadesp.org.br\/wp-content\/uploads\/2024\/01\/NOVOLOGOFADESPlaranjaH.png","contentUrl":"https:\/\/portalfadesp.org.br\/wp-content\/uploads\/2024\/01\/NOVOLOGOFADESPlaranjaH.png","width":2742,"height":839,"caption":"FADESP"},"image":{"@id":"https:\/\/portalfadesp.org.br\/#\/schema\/logo\/image\/"},"sameAs":["https:\/\/www.facebook.com\/Fadesp-138351949524662\/","https:\/\/x.com\/Fadesp","https:\/\/www.instagram.com\/fadesp_ufpa\/","https:\/\/www.youtube.com\/@fundacaodeamparoedesenvolv1903","https:\/\/www.threads.net\/@fadesp_ufpa"]}]}},"_links":{"self":[{"href":"https:\/\/portalfadesp.org.br\/index.php?rest_route=\/wp\/v2\/pages\/43134","targetHints":{"allow":["GET"]}}],"collection":[{"href":"https:\/\/portalfadesp.org.br\/index.php?rest_route=\/wp\/v2\/pages"}],"about":[{"href":"https:\/\/portalfadesp.org.br\/index.php?rest_route=\/wp\/v2\/types\/page"}],"author":[{"embeddable":true,"href":"https:\/\/portalfadesp.org.br\/index.php?rest_route=\/wp\/v2\/users\/12"}],"replies":[{"embeddable":true,"href":"https:\/\/portalfadesp.org.br\/index.php?rest_route=%2Fwp%2Fv2%2Fcomments&post=43134"}],"version-history":[{"count":61,"href":"https:\/\/portalfadesp.org.br\/index.php?rest_route=\/wp\/v2\/pages\/43134\/revisions"}],"predecessor-version":[{"id":47233,"href":"https:\/\/portalfadesp.org.br\/index.php?rest_route=\/wp\/v2\/pages\/43134\/revisions\/47233"}],"wp:attachment":[{"href":"https:\/\/portalfadesp.org.br\/index.php?rest_route=%2Fwp%2Fv2%2Fmedia&parent=43134"}],"curies":[{"name":"wp","href":"https:\/\/api.w.org\/{rel}","templated":true}]}}