{"id":42461,"date":"2023-08-08T16:17:46","date_gmt":"2023-08-08T19:17:46","guid":{"rendered":"https:\/\/portalfadesp.org.br\/?page_id=42461"},"modified":"2023-11-16T11:47:28","modified_gmt":"2023-11-16T14:47:28","slug":"pagina_modelo-19-13-32","status":"publish","type":"page","link":"https:\/\/portalfadesp.org.br\/?page_id=42461","title":{"rendered":"Especializa\u00e7\u00e3o em Gest\u00e3o da Qualidade em Sa\u00fade e Seguran\u00e7a do Paciente &#8211; UFPA \/ ICS (2023)"},"content":{"rendered":"\t\t<div data-elementor-type=\"wp-post\" data-elementor-id=\"42461\" class=\"elementor elementor-42461\" data-elementor-post-type=\"page\">\n\t\t\t\t\t\t<section class=\"elementor-section elementor-top-section elementor-element elementor-element-1f2996d1 elementor-section-boxed elementor-section-height-default elementor-section-height-default\" data-id=\"1f2996d1\" data-element_type=\"section\">\n\t\t\t\t\t\t<div class=\"elementor-container elementor-column-gap-default\">\n\t\t\t\t\t<div class=\"elementor-column elementor-col-100 elementor-top-column elementor-element elementor-element-59a4b3f8\" data-id=\"59a4b3f8\" data-element_type=\"column\">\n\t\t\t<div class=\"elementor-widget-wrap elementor-element-populated\">\n\t\t\t\t\t\t<div class=\"elementor-element elementor-element-799471af elementor-widget elementor-widget-heading\" data-id=\"799471af\" data-element_type=\"widget\" data-widget_type=\"heading.default\">\n\t\t\t\t<div class=\"elementor-widget-container\">\n\t\t\t\t\t<h1 class=\"elementor-heading-title elementor-size-default\">Especializa\u00e7\u00e3o em Gest\u00e3o da Qualidade em Sa\u00fade e Seguran\u00e7a do Paciente <br>UFPA \/ ICS (2023)<\/h1>\t\t\t\t<\/div>\n\t\t\t\t<\/div>\n\t\t\t\t<section class=\"elementor-section elementor-inner-section elementor-element elementor-element-336311f elementor-section-boxed elementor-section-height-default elementor-section-height-default\" data-id=\"336311f\" data-element_type=\"section\">\n\t\t\t\t\t\t<div class=\"elementor-container elementor-column-gap-default\">\n\t\t\t\t\t<div class=\"elementor-column elementor-col-50 elementor-inner-column elementor-element elementor-element-75ca0dc3\" data-id=\"75ca0dc3\" data-element_type=\"column\">\n\t\t\t<div class=\"elementor-widget-wrap elementor-element-populated\">\n\t\t\t\t\t\t<div class=\"elementor-element elementor-element-425a3096 elementor-widget elementor-widget-text-editor\" data-id=\"425a3096\" data-element_type=\"widget\" data-widget_type=\"text-editor.default\">\n\t\t\t\t<div class=\"elementor-widget-container\">\n\t\t\t\t\t\t\t\t\t<p>A Universidade Federal do Par\u00e1 torna p\u00fablico, a abertura na cidade de Bel\u00e9m-PA da sele\u00e7\u00e3o para 1\u00b0 <strong>TURMA MULTIPROFISSIONAL DO CURSO DE ESPECIALIZA\u00c7\u00c3O EM GEST\u00c3O DA <\/strong><strong>QUALIDADE EM SA\u00daDE E SEGURAN\u00c7A DO PACIENTE<\/strong>, na modalidade presencial,<br>promovido pela Faculdade de Enfermagem do Instituto de Ci\u00eancias da Sa\u00fade, aprovado pela Resolu\u00e7\u00e3o do CONSEPE no. 5.607, de 28 de fevereiro de 2023.<\/p>\n<p><strong>P\u00fablico-alvo: <\/strong>Profissionais graduados da \u00e1rea da sa\u00fade (enfermeiros, m\u00e9dicos, farmac\u00eauticos, psic\u00f3logos, nutricionistas, assistentes sociais, fisioterapeutas, terapeutas ocupacionais, odont\u00f3logos, fonoaudi\u00f3logos, biom\u00e9dicos, administradores e gestores de sa\u00fade) interessados em liderar programas de qualidade em organiza\u00e7\u00f5es de sa\u00fade, bem como contribuir e oferecer uma assist\u00eancia segura e de qualidade ao paciente livre de danos.<\/p>\n<p><strong>Vagas: <\/strong>50 (cinquenta)<\/p>\n<p><strong>Per\u00edodo de Inscri\u00e7\u00e3o: <\/strong>at\u00e9 08\/11\/2023<\/p>\n<p><strong>Taxa de inscri\u00e7\u00e3o:<\/strong> R$ 150,00 (Cento e cinquenta reais)<\/p>\n<p><strong>Para mais informa\u00e7\u00f5es:<\/strong>&nbsp;berenice@ufpa.br<\/p>\n<p><span style=\"font-size: 14px;\">A emiss\u00e3o de boleto para pagamento da inscri\u00e7\u00e3o ser\u00e1 Portal da F<a href=\"http:\/\/cursoseventos.fadesp.org.br\/gui\/PortalCursosEventos.aspx\">ADESP, no&nbsp;<\/a><\/span><span style=\"font-size: 14px;\"><a href=\"http:\/\/cursoseventos.fadesp.org.br\/gui\/PortalCursosEventos.aspx\">link h<i>ttp:\/\/cursoseventos.fadesp.org.br\/gui\/PortalCursosEventos.aspx<\/i><\/a><\/span><\/p>\n<p>A inscri\u00e7\u00e3o dever\u00e1 ser feita mediante o preenchimento do google forms no link: <a href=\"https:\/\/forms.gle\/uWKCo9yiBMQ4y86e8\"><i>https:\/\/forms.gle\/uWKCo9yiBMQ4y86e8<\/i><\/a>&nbsp; &nbsp; &nbsp;<\/p>\t\t\t\t\t\t\t\t<\/div>\n\t\t\t\t<\/div>\n\t\t\t\t\t<\/div>\n\t\t<\/div>\n\t\t\t\t<div class=\"elementor-column elementor-col-50 elementor-inner-column elementor-element elementor-element-79608089\" data-id=\"79608089\" data-element_type=\"column\">\n\t\t\t<div class=\"elementor-widget-wrap elementor-element-populated\">\n\t\t\t\t\t\t<div class=\"elementor-element elementor-element-7ccac55 elementor-widget elementor-widget-text-editor\" data-id=\"7ccac55\" data-element_type=\"widget\" data-widget_type=\"text-editor.default\">\n\t\t\t\t<div class=\"elementor-widget-container\">\n\t\t\t\t\t\t\t\t\t<p><strong>Editais\u00a0<\/strong><\/p>\t\t\t\t\t\t\t\t<\/div>\n\t\t\t\t<\/div>\n\t\t\t\t<div class=\"elementor-element elementor-element-368e568 elementor-widget elementor-widget-text-editor\" data-id=\"368e568\" data-element_type=\"widget\" data-widget_type=\"text-editor.default\">\n\t\t\t\t<div class=\"elementor-widget-container\">\n\t\t\t\t\t\t\t\t\t<p style=\"text-align: center;\">Resultado final <a href=\"https:\/\/portalfadesp.org.br\/wp-content\/uploads\/2023\/11\/RESULTADO-FINAL-PA_S.pdf\">(<strong>Clique aqui)<\/strong><\/a><br \/>Resultado Parcial da Sele\u00e7\u00e3o de Bolsas<strong> <a href=\"https:\/\/portalfadesp.org.br\/wp-content\/uploads\/2023\/11\/RESULTADO-PARCIAL.pdf\">(Clique aqui)<\/a><\/strong><\/p><p style=\"text-align: center;\">Homologa\u00e7\u00e3o das inscri\u00e7\u00f5es <strong><a href=\"https:\/\/portalfadesp.org.br\/wp-content\/uploads\/2023\/11\/5250H.pdf\">(Clique aqui)<\/a><\/strong><\/p><p style=\"text-align: center;\">Prorroga\u00e7\u00e3o do edital 2 <strong><a href=\"https:\/\/portalfadesp.org.br\/wp-content\/uploads\/2023\/10\/Edital_GESTAO-DA-QUALIDADE-_PRORROGACAO-2.pdf\">(Clique aqui)<\/a><\/strong><\/p><p style=\"text-align: center;\">Prorroga\u00e7\u00e3o do edital<strong> <a href=\"https:\/\/portalfadesp.org.br\/wp-content\/uploads\/2023\/09\/Edital_GESTAO-DA-QUALIDADE-_PRORROGACAO.pdf\">(Clique aqui)<\/a><\/strong><\/p><p style=\"text-align: center;\">Edital <strong><a href=\"https:\/\/portalfadesp.org.br\/wp-content\/uploads\/2023\/08\/Edital_GESTAO-DA-QUALIDADE-07-08.pdf\">(Clique aqui)<\/a><\/strong><\/p><p style=\"text-align: center;\">\u00a0<\/p>\t\t\t\t\t\t\t\t<\/div>\n\t\t\t\t<\/div>\n\t\t\t\t\t<\/div>\n\t\t<\/div>\n\t\t\t\t\t<\/div>\n\t\t<\/section>\n\t\t\t\t\t<\/div>\n\t\t<\/div>\n\t\t\t\t\t<\/div>\n\t\t<\/section>\n\t\t\t\t<\/div>\n\t\t","protected":false},"excerpt":{"rendered":"<p>Especializa\u00e7\u00e3o em Gest\u00e3o da Qualidade em Sa\u00fade e Seguran\u00e7a do Paciente UFPA \/ ICS (2023) A Universidade Federal do Par\u00e1 torna p\u00fablico, a abertura na cidade de Bel\u00e9m-PA da sele\u00e7\u00e3o para 1\u00b0 TURMA MULTIPROFISSIONAL DO CURSO DE ESPECIALIZA\u00c7\u00c3O EM GEST\u00c3O DA QUALIDADE EM SA\u00daDE E SEGURAN\u00c7A DO PACIENTE, na modalidade presencial,promovido pela Faculdade de Enfermagem [&hellip;]<\/p>\n","protected":false},"author":12,"featured_media":0,"parent":0,"menu_order":0,"comment_status":"closed","ping_status":"closed","template":"","meta":{"_monsterinsights_skip_tracking":false,"_monsterinsights_sitenote_active":false,"_monsterinsights_sitenote_note":"","_monsterinsights_sitenote_category":0,"footnotes":""},"class_list":["post-42461","page","type-page","status-publish","hentry","entry"],"yoast_head":"<!-- This site is optimized with the Yoast SEO plugin v25.1 - https:\/\/yoast.com\/wordpress\/plugins\/seo\/ -->\n<title>Especializa\u00e7\u00e3o em Gest\u00e3o da Qualidade em Sa\u00fade e Seguran\u00e7a do Paciente - UFPA \/ ICS (2023) - FADESP<\/title>\n<meta name=\"robots\" content=\"index, follow, max-snippet:-1, max-image-preview:large, max-video-preview:-1\" \/>\n<link rel=\"canonical\" href=\"https:\/\/portalfadesp.org.br\/?page_id=42461\" \/>\n<meta property=\"og:locale\" content=\"pt_BR\" \/>\n<meta property=\"og:type\" content=\"article\" \/>\n<meta property=\"og:title\" content=\"Especializa\u00e7\u00e3o em Gest\u00e3o da Qualidade em Sa\u00fade e Seguran\u00e7a do Paciente - UFPA \/ ICS (2023) - FADESP\" \/>\n<meta property=\"og:description\" content=\"Especializa\u00e7\u00e3o em Gest\u00e3o da Qualidade em Sa\u00fade e Seguran\u00e7a do Paciente UFPA \/ ICS (2023) A Universidade Federal do Par\u00e1 torna p\u00fablico, a abertura na cidade de Bel\u00e9m-PA da sele\u00e7\u00e3o para 1\u00b0 TURMA MULTIPROFISSIONAL DO CURSO DE ESPECIALIZA\u00c7\u00c3O EM GEST\u00c3O DA QUALIDADE EM SA\u00daDE E SEGURAN\u00c7A DO PACIENTE, na modalidade presencial,promovido pela Faculdade de Enfermagem [&hellip;]\" \/>\n<meta property=\"og:url\" content=\"https:\/\/portalfadesp.org.br\/?page_id=42461\" \/>\n<meta property=\"og:site_name\" content=\"FADESP\" \/>\n<meta property=\"article:publisher\" content=\"https:\/\/www.facebook.com\/Fadesp-138351949524662\/\" \/>\n<meta property=\"article:modified_time\" content=\"2023-11-16T14:47:28+00:00\" \/>\n<meta name=\"twitter:card\" content=\"summary_large_image\" \/>\n<meta name=\"twitter:site\" content=\"@Fadesp\" \/>\n<meta name=\"twitter:label1\" content=\"Est. tempo de leitura\" \/>\n\t<meta name=\"twitter:data1\" content=\"2 minutos\" \/>\n<script type=\"application\/ld+json\" class=\"yoast-schema-graph\">{\"@context\":\"https:\/\/schema.org\",\"@graph\":[{\"@type\":\"WebPage\",\"@id\":\"https:\/\/portalfadesp.org.br\/?page_id=42461\",\"url\":\"https:\/\/portalfadesp.org.br\/?page_id=42461\",\"name\":\"Especializa\u00e7\u00e3o em Gest\u00e3o da Qualidade em Sa\u00fade e Seguran\u00e7a do Paciente - UFPA \/ ICS (2023) - FADESP\",\"isPartOf\":{\"@id\":\"https:\/\/portalfadesp.org.br\/#website\"},\"datePublished\":\"2023-08-08T19:17:46+00:00\",\"dateModified\":\"2023-11-16T14:47:28+00:00\",\"breadcrumb\":{\"@id\":\"https:\/\/portalfadesp.org.br\/?page_id=42461#breadcrumb\"},\"inLanguage\":\"pt-BR\",\"potentialAction\":[{\"@type\":\"ReadAction\",\"target\":[\"https:\/\/portalfadesp.org.br\/?page_id=42461\"]}]},{\"@type\":\"BreadcrumbList\",\"@id\":\"https:\/\/portalfadesp.org.br\/?page_id=42461#breadcrumb\",\"itemListElement\":[{\"@type\":\"ListItem\",\"position\":1,\"name\":\"In\u00edcio\",\"item\":\"https:\/\/portalfadesp.org.br\/\"},{\"@type\":\"ListItem\",\"position\":2,\"name\":\"Especializa\u00e7\u00e3o em Gest\u00e3o da Qualidade em Sa\u00fade e Seguran\u00e7a do Paciente &#8211; UFPA \/ ICS (2023)\"}]},{\"@type\":\"WebSite\",\"@id\":\"https:\/\/portalfadesp.org.br\/#website\",\"url\":\"https:\/\/portalfadesp.org.br\/\",\"name\":\"FADESP\",\"description\":\"Funda\u00e7\u00e3o de Amparo e Desenvolvimento da Pesquisa\",\"publisher\":{\"@id\":\"https:\/\/portalfadesp.org.br\/#organization\"},\"potentialAction\":[{\"@type\":\"SearchAction\",\"target\":{\"@type\":\"EntryPoint\",\"urlTemplate\":\"https:\/\/portalfadesp.org.br\/?s={search_term_string}\"},\"query-input\":{\"@type\":\"PropertyValueSpecification\",\"valueRequired\":true,\"valueName\":\"search_term_string\"}}],\"inLanguage\":\"pt-BR\"},{\"@type\":\"Organization\",\"@id\":\"https:\/\/portalfadesp.org.br\/#organization\",\"name\":\"FADESP\",\"url\":\"https:\/\/portalfadesp.org.br\/\",\"logo\":{\"@type\":\"ImageObject\",\"inLanguage\":\"pt-BR\",\"@id\":\"https:\/\/portalfadesp.org.br\/#\/schema\/logo\/image\/\",\"url\":\"https:\/\/portalfadesp.org.br\/wp-content\/uploads\/2024\/01\/NOVOLOGOFADESPlaranjaH.png\",\"contentUrl\":\"https:\/\/portalfadesp.org.br\/wp-content\/uploads\/2024\/01\/NOVOLOGOFADESPlaranjaH.png\",\"width\":2742,\"height\":839,\"caption\":\"FADESP\"},\"image\":{\"@id\":\"https:\/\/portalfadesp.org.br\/#\/schema\/logo\/image\/\"},\"sameAs\":[\"https:\/\/www.facebook.com\/Fadesp-138351949524662\/\",\"https:\/\/x.com\/Fadesp\",\"https:\/\/www.instagram.com\/fadesp_ufpa\/\",\"https:\/\/www.youtube.com\/@fundacaodeamparoedesenvolv1903\",\"https:\/\/www.threads.net\/@fadesp_ufpa\"]}]}<\/script>\n<!-- \/ Yoast SEO plugin. -->","yoast_head_json":{"title":"Especializa\u00e7\u00e3o em Gest\u00e3o da Qualidade em Sa\u00fade e Seguran\u00e7a do Paciente - UFPA \/ ICS (2023) - FADESP","robots":{"index":"index","follow":"follow","max-snippet":"max-snippet:-1","max-image-preview":"max-image-preview:large","max-video-preview":"max-video-preview:-1"},"canonical":"https:\/\/portalfadesp.org.br\/?page_id=42461","og_locale":"pt_BR","og_type":"article","og_title":"Especializa\u00e7\u00e3o em Gest\u00e3o da Qualidade em Sa\u00fade e Seguran\u00e7a do Paciente - UFPA \/ ICS (2023) - FADESP","og_description":"Especializa\u00e7\u00e3o em Gest\u00e3o da Qualidade em Sa\u00fade e Seguran\u00e7a do Paciente UFPA \/ ICS (2023) A Universidade Federal do Par\u00e1 torna p\u00fablico, a abertura na cidade de Bel\u00e9m-PA da sele\u00e7\u00e3o para 1\u00b0 TURMA MULTIPROFISSIONAL DO CURSO DE ESPECIALIZA\u00c7\u00c3O EM GEST\u00c3O DA QUALIDADE EM SA\u00daDE E SEGURAN\u00c7A DO PACIENTE, na modalidade presencial,promovido pela Faculdade de Enfermagem [&hellip;]","og_url":"https:\/\/portalfadesp.org.br\/?page_id=42461","og_site_name":"FADESP","article_publisher":"https:\/\/www.facebook.com\/Fadesp-138351949524662\/","article_modified_time":"2023-11-16T14:47:28+00:00","twitter_card":"summary_large_image","twitter_site":"@Fadesp","twitter_misc":{"Est. tempo de leitura":"2 minutos"},"schema":{"@context":"https:\/\/schema.org","@graph":[{"@type":"WebPage","@id":"https:\/\/portalfadesp.org.br\/?page_id=42461","url":"https:\/\/portalfadesp.org.br\/?page_id=42461","name":"Especializa\u00e7\u00e3o em Gest\u00e3o da Qualidade em Sa\u00fade e Seguran\u00e7a do Paciente - UFPA \/ ICS (2023) - FADESP","isPartOf":{"@id":"https:\/\/portalfadesp.org.br\/#website"},"datePublished":"2023-08-08T19:17:46+00:00","dateModified":"2023-11-16T14:47:28+00:00","breadcrumb":{"@id":"https:\/\/portalfadesp.org.br\/?page_id=42461#breadcrumb"},"inLanguage":"pt-BR","potentialAction":[{"@type":"ReadAction","target":["https:\/\/portalfadesp.org.br\/?page_id=42461"]}]},{"@type":"BreadcrumbList","@id":"https:\/\/portalfadesp.org.br\/?page_id=42461#breadcrumb","itemListElement":[{"@type":"ListItem","position":1,"name":"In\u00edcio","item":"https:\/\/portalfadesp.org.br\/"},{"@type":"ListItem","position":2,"name":"Especializa\u00e7\u00e3o em Gest\u00e3o da Qualidade em Sa\u00fade e Seguran\u00e7a do Paciente &#8211; UFPA \/ ICS (2023)"}]},{"@type":"WebSite","@id":"https:\/\/portalfadesp.org.br\/#website","url":"https:\/\/portalfadesp.org.br\/","name":"FADESP","description":"Funda\u00e7\u00e3o de Amparo e Desenvolvimento da Pesquisa","publisher":{"@id":"https:\/\/portalfadesp.org.br\/#organization"},"potentialAction":[{"@type":"SearchAction","target":{"@type":"EntryPoint","urlTemplate":"https:\/\/portalfadesp.org.br\/?s={search_term_string}"},"query-input":{"@type":"PropertyValueSpecification","valueRequired":true,"valueName":"search_term_string"}}],"inLanguage":"pt-BR"},{"@type":"Organization","@id":"https:\/\/portalfadesp.org.br\/#organization","name":"FADESP","url":"https:\/\/portalfadesp.org.br\/","logo":{"@type":"ImageObject","inLanguage":"pt-BR","@id":"https:\/\/portalfadesp.org.br\/#\/schema\/logo\/image\/","url":"https:\/\/portalfadesp.org.br\/wp-content\/uploads\/2024\/01\/NOVOLOGOFADESPlaranjaH.png","contentUrl":"https:\/\/portalfadesp.org.br\/wp-content\/uploads\/2024\/01\/NOVOLOGOFADESPlaranjaH.png","width":2742,"height":839,"caption":"FADESP"},"image":{"@id":"https:\/\/portalfadesp.org.br\/#\/schema\/logo\/image\/"},"sameAs":["https:\/\/www.facebook.com\/Fadesp-138351949524662\/","https:\/\/x.com\/Fadesp","https:\/\/www.instagram.com\/fadesp_ufpa\/","https:\/\/www.youtube.com\/@fundacaodeamparoedesenvolv1903","https:\/\/www.threads.net\/@fadesp_ufpa"]}]}},"_links":{"self":[{"href":"https:\/\/portalfadesp.org.br\/index.php?rest_route=\/wp\/v2\/pages\/42461","targetHints":{"allow":["GET"]}}],"collection":[{"href":"https:\/\/portalfadesp.org.br\/index.php?rest_route=\/wp\/v2\/pages"}],"about":[{"href":"https:\/\/portalfadesp.org.br\/index.php?rest_route=\/wp\/v2\/types\/page"}],"author":[{"embeddable":true,"href":"https:\/\/portalfadesp.org.br\/index.php?rest_route=\/wp\/v2\/users\/12"}],"replies":[{"embeddable":true,"href":"https:\/\/portalfadesp.org.br\/index.php?rest_route=%2Fwp%2Fv2%2Fcomments&post=42461"}],"version-history":[{"count":43,"href":"https:\/\/portalfadesp.org.br\/index.php?rest_route=\/wp\/v2\/pages\/42461\/revisions"}],"predecessor-version":[{"id":44138,"href":"https:\/\/portalfadesp.org.br\/index.php?rest_route=\/wp\/v2\/pages\/42461\/revisions\/44138"}],"wp:attachment":[{"href":"https:\/\/portalfadesp.org.br\/index.php?rest_route=%2Fwp%2Fv2%2Fmedia&parent=42461"}],"curies":[{"name":"wp","href":"https:\/\/api.w.org\/{rel}","templated":true}]}}