{"id":42049,"date":"2023-07-14T10:13:50","date_gmt":"2023-07-14T13:13:50","guid":{"rendered":"https:\/\/portalfadesp.org.br\/?page_id=42049"},"modified":"2024-05-03T08:49:40","modified_gmt":"2024-05-03T11:49:40","slug":"pagina_modelo-19-13-31","status":"publish","type":"page","link":"https:\/\/portalfadesp.org.br\/?page_id=42049","title":{"rendered":"Processo Seletivo do SEBRAE\/PA (2023)"},"content":{"rendered":"\t\t<div data-elementor-type=\"wp-post\" data-elementor-id=\"42049\" class=\"elementor elementor-42049\" data-elementor-post-type=\"page\">\n\t\t\t\t\t\t<section class=\"elementor-section elementor-top-section elementor-element elementor-element-1f2996d1 elementor-section-boxed elementor-section-height-default elementor-section-height-default\" data-id=\"1f2996d1\" data-element_type=\"section\">\n\t\t\t\t\t\t<div class=\"elementor-container elementor-column-gap-default\">\n\t\t\t\t\t<div class=\"elementor-column elementor-col-100 elementor-top-column elementor-element elementor-element-59a4b3f8\" data-id=\"59a4b3f8\" data-element_type=\"column\">\n\t\t\t<div class=\"elementor-widget-wrap elementor-element-populated\">\n\t\t\t\t\t\t<div class=\"elementor-element elementor-element-799471af elementor-widget elementor-widget-heading\" data-id=\"799471af\" data-element_type=\"widget\" data-widget_type=\"heading.default\">\n\t\t\t\t<div class=\"elementor-widget-container\">\n\t\t\t\t\t<h1 class=\"elementor-heading-title elementor-size-default\">Processo Seletivo do SEBRAE\/PA (2023)<\/h1>\t\t\t\t<\/div>\n\t\t\t\t<\/div>\n\t\t\t\t<section class=\"elementor-section elementor-inner-section elementor-element elementor-element-336311f elementor-section-boxed elementor-section-height-default elementor-section-height-default\" data-id=\"336311f\" data-element_type=\"section\">\n\t\t\t\t\t\t<div class=\"elementor-container elementor-column-gap-default\">\n\t\t\t\t\t<div class=\"elementor-column elementor-col-50 elementor-inner-column elementor-element elementor-element-75ca0dc3\" data-id=\"75ca0dc3\" data-element_type=\"column\">\n\t\t\t<div class=\"elementor-widget-wrap elementor-element-populated\">\n\t\t\t\t\t\t<div class=\"elementor-element elementor-element-425a3096 elementor-widget elementor-widget-text-editor\" data-id=\"425a3096\" data-element_type=\"widget\" data-widget_type=\"text-editor.default\">\n\t\t\t\t<div class=\"elementor-widget-container\">\n\t\t\t\t\t\t\t\t\t<p>O Servi\u00e7o de Apoio \u00e0s Micro e Pequenas Empresas do Estado de Par\u00e1, SEBRAE\/PA, entidade associativa de direito privado, sem fins lucrativos, de interesse coletivo e de utilidade p\u00fablica, institu\u00edda na forma de servi\u00e7o social aut\u00f4nomo, desvinculada da administra\u00e7\u00e3o p\u00fablica, nos termos do inciso XVIII do art. 5\u00ba da Constitui\u00e7\u00e3o Federal de 1988, criada pela Lei n\u00ba 8.029, de 12 de abril de 1990, regulamentada pelo Decreto n\u00ba 99.570, de 9 de outubro de 1990, e posteriormente alterada pela Lei n\u00ba 8.154, de 28 de dezembro de 1990, inscrito no CNPJ\/MF sob o n\u00ba 05.081.187\/0001-19, com sede na Rua Municipalidade, 1461, Bairro do Umarizal, Bel\u00e9m, Estado do Par\u00e1, CEP.: 66.050-350, denominado simplesmente SEBRAE\/PA, vem por meio da Unidade Gest\u00e3o de Pessoas, tornar p\u00fablica a abertura de Processo Seletivo de pessoal, destinado ao provimento de vagas existentes, bem como para forma\u00e7\u00e3o de cadastro de reserva para os cargos de Analista T\u00e9cnico I, Step 1, conforme procedimentos descritos no Comunicado.<\/p><p>O SEBRAE\/PA, por for\u00e7a da pr\u00f3pria Lei que o criou, realiza o presente Processo Seletivo visando a transpar\u00eancia de seu processo de contrata\u00e7\u00e3o e registra que n\u00e3o tem o dever de realizar concurso p\u00fablico, previsto no art. 37, II, da CF para o ingresso em seu quadro de pessoal, ato diferenciado do ora executado, n\u00e3o acarretando, portanto, qualquer tipo de estabilidade.<\/p><p><strong>O Processo Seletivo ser\u00e1 realizado em quatro etapas:<\/strong><\/p><p>1\u00aa \u2013 Avalia\u00e7\u00e3o de Conhecimentos.<\/p><p>2\u00aa \u2013 An\u00e1lise Curricular e Documental.<\/p><p>3\u00aa \u2013 Avalia\u00e7\u00e3o Coletiva de Habilidade e Perfil.<\/p><p>4\u00aa \u2013 Entrevista Individual por Compet\u00eancias.<\/p><p>Cargos de Analista T\u00e9cnico I, Step I (Anexo III)<\/p><ul><li>\u00c1rea Meio: Contabilidade, RH \/ Administra\u00e7\u00e3o, Engenharia Civil, Design Gr\u00e1fico, Administra\u00e7\u00e3o, Tecnologia da Informa\u00e7\u00e3o, Comunica\u00e7\u00e3o Social\/Jornalismo, Direito.<\/li><li>\u00c1rea Fim: N\u00edvel Superior<\/li><\/ul><p>&#8211; Sal\u00e1rio Fixo ser\u00e1 de R$ 6.771,65 (seis mil, setecentos e setenta e um reais e sessenta e cinco centavos), com os seguintes benef\u00edcios fornecidos pelo SEBRAE\/PA: Plano de Sa\u00fade, Aux\u00edlio Alimenta\u00e7\u00e3o, Vale Transporte, Plano de Previd\u00eancia Privada (SEBRAEPREV), Seguro de Vida em Grupo, Plano Odontol\u00f3gico, dentre outros.<\/p><p><strong>&#8211; Per\u00edodo das Inscri\u00e7\u00f5es:\u00a0<\/strong>14 de julho a 10 de agosto de 2023.<\/p><p><strong>&#8211; \u00daltimo dia de pagamento do boleto: <\/strong>11\u00a0de agosto de 2023<\/p><p>&#8211; <strong>Solicita\u00e7\u00e3o de isen\u00e7\u00e3o da taxa de inscri\u00e7\u00e3o para Pessoas com Defici\u00eancia (PCD) e Pessoas com Hipossufici\u00eancia Econ\u00f4mica:<\/strong>\u00a014 de julho a 21 de junho de 2023.<\/p><p><strong>&#8211; Valor da Taxa: <\/strong>R$ 90,00 (noventa reais).<\/p><p><strong>&#8211; Prova Objetiva: <\/strong>20 de agosto de 2023<\/p>\t\t\t\t\t\t\t\t<\/div>\n\t\t\t\t<\/div>\n\t\t\t\t\t<\/div>\n\t\t<\/div>\n\t\t\t\t<div class=\"elementor-column elementor-col-50 elementor-inner-column elementor-element elementor-element-79608089\" data-id=\"79608089\" data-element_type=\"column\">\n\t\t\t<div class=\"elementor-widget-wrap elementor-element-populated\">\n\t\t\t\t\t\t<div class=\"elementor-element elementor-element-17bb994 elementor-widget elementor-widget-text-editor\" data-id=\"17bb994\" data-element_type=\"widget\" data-widget_type=\"text-editor.default\">\n\t\t\t\t<div class=\"elementor-widget-container\">\n\t\t\t\t\t\t\t\t\t<div class=\"botaoBug\" style=\"margin-bottom: 10px;\"><a href=\"http:\/\/concursos2.fadesp.org.br\/prefeitura\/2023\/sebrae\/web\/\"><strong>\u00c1rea do candidato (Clique aqui)<\/strong><\/a><\/div><div><em>* Na \u00e1rea do candidato poder\u00e1 ser realizado seu cadastro, inscri\u00e7\u00e3o, emiss\u00e3o de boleto, recursos, impress\u00e3o de cart\u00e3o e afins\u2026<\/em><\/div><div><em>\u00a0<\/em><\/div>\t\t\t\t\t\t\t\t<\/div>\n\t\t\t\t<\/div>\n\t\t\t\t<div class=\"elementor-element elementor-element-7ccac55 elementor-widget elementor-widget-text-editor\" data-id=\"7ccac55\" data-element_type=\"widget\" data-widget_type=\"text-editor.default\">\n\t\t\t\t<div class=\"elementor-widget-container\">\n\t\t\t\t\t\t\t\t\t<p><strong>Editais\u00a0<\/strong><\/p>\t\t\t\t\t\t\t\t<\/div>\n\t\t\t\t<\/div>\n\t\t\t\t<div class=\"elementor-element elementor-element-368e568 elementor-widget elementor-widget-text-editor\" data-id=\"368e568\" data-element_type=\"widget\" data-widget_type=\"text-editor.default\">\n\t\t\t\t<div class=\"elementor-widget-container\">\n\t\t\t\t\t\t\t\t\t<p style=\"text-align: center;\"><a href=\"https:\/\/portalfadesp.org.br\/wp-content\/uploads\/2024\/05\/Convocacao-dos-Candidatos-Sebrae-Pa_-03-05-2024.pdf\">Convoca\u00e7\u00e3o dos Candidatos &#8211; Sebrae PA, 03\/05\/2024 <strong>(Clique aqui)<\/strong><\/a><\/p><p style=\"text-align: center;\"><a href=\"https:\/\/portalfadesp.org.br\/wp-content\/uploads\/2024\/04\/Resultado-Definitivo-da-4a-Etapa-Entrevista-Individual-por-Competencias-01-04-2024.pdf\">Resultado Definitivo da 4\u00aa Etapa -Entrevista Individual por Compet\u00eancias, de 01\/04\/2024 <strong>(Clique aqui)<\/strong><\/a><\/p><p style=\"text-align: center;\"><a href=\"https:\/\/portalfadesp.org.br\/wp-content\/uploads\/2024\/03\/Resultado-Preliminar-da-4a-Etapa-Entrevista-Individual-por-Competencias-27-03-2024.pdf\">Resultado Preliminar da 4\u00aa Etapa &#8211; Entrevista Individual por Compet\u00eancias, de 27\/03\/2024 <strong>(Clique aqui)<\/strong><\/a><\/p><p style=\"text-align: center;\"><a href=\"https:\/\/portalfadesp.org.br\/wp-content\/uploads\/2024\/03\/CONVOCACAO-4a-ETAPA-SUB-JUDICE-ENTREVISTA-INDIVIDUAL-POR-COMPETENCIAS-21-03-2024.pdf\">CONVOCA\u00c7\u00c3O 4\u00aa ETAPA SUB JUDICE &#8211; ENTREVISTA INDIVIDUAL POR COMPET\u00caNCIAS, de 21\/03\/2024 <strong>(Clique aqui)<\/strong><\/a><\/p><p style=\"text-align: center;\"><a href=\"https:\/\/portalfadesp.org.br\/wp-content\/uploads\/2023\/12\/Convocacao-dos-Candidatos-SEBRAE-20-12-2023.pdf\">Convoca\u00e7\u00e3o dos Candidatos &#8211; SEBRAE, de 20\/12\/2023 <strong>(Clique aqui)<\/strong><\/a><\/p><p style=\"text-align: center;\"><a href=\"https:\/\/portalfadesp.org.br\/wp-content\/uploads\/2023\/12\/Retificacao-do-Resultado-Final-do-Processo-de-Selecao-do-SEBRAE-20023-12-12-2023.pdf\">Retifica\u00e7\u00e3o do Resultado Final do Processo de Sele\u00e7\u00e3o do SEBRAE-2023, de 12\/12\/2023 <strong>(Clique aqui)<\/strong><\/a><\/p><p style=\"text-align: center;\"><a href=\"https:\/\/portalfadesp.org.br\/wp-content\/uploads\/2023\/12\/Resultado-Definitivo-da-4a-Etapa-Sub-Judice-Entrevista-Individual-por-Competencias-11-12-2023.pdf\">Resultado Definitivo da 4\u00aa Etapa &#8211; Sub Judice &#8211; Entrevista Individual por Compet\u00eancias, de 11\/12\/2023 <strong>(Clique aqui)<\/strong><\/a><\/p><p style=\"text-align: center;\"><a href=\"https:\/\/portalfadesp.org.br\/wp-content\/uploads\/2023\/12\/CONVOCACAO-4a-ETAPA-SUB-JUDICE-ENTREVISTA-INDIVIDUAL-POR-COMPETENCIAS-06-12-2023.pdf\">CONVOCA\u00c7\u00c3O 4\u00aa ETAPA SUB JUDICE &#8211; ENTREVISTA INDIVIDUAL POR COMPET\u00caNCIAS, de 06\/12\/2023 <strong>(Clique aqui)<\/strong><\/a><\/p><p style=\"text-align: center;\"><a href=\"https:\/\/portalfadesp.org.br\/wp-content\/uploads\/2023\/12\/Resultado-Definitivo-da-3a-Etapa-Avaliacao-Coletiva-de-Habilidades-e-Perfil_Sub-Judice-06-12-2023-1.pdf\">Resultado Definitivo da 3\u00aa Etapa &#8211; Avalia\u00e7\u00e3o Coletiva de Habilidades e Perfil_Sub Judice, de 06\/12\/2023 <strong>(Clique aqui)<\/strong><\/a><\/p><p style=\"text-align: center;\"><a href=\"https:\/\/portalfadesp.org.br\/wp-content\/uploads\/2023\/12\/Convocacao-3a-Etapa-Sub-Judice-01-12-2023.pdf\">Convoca\u00e7\u00e3o 3\u00aa Etapa Sub Judice, de 01\/12\/2023 <strong>(Clique aqui)<\/strong><\/a><\/p><p style=\"text-align: center;\"><a href=\"https:\/\/portalfadesp.org.br\/wp-content\/uploads\/2023\/11\/Resultado-Definitivo-da-2a-Etapa-Sub-Judice-Analise-Curricular-e-Documental-29-11-2023.pdf\">Resultado Definitivo da 2\u00aa Etapa Sub Judice &#8211; An\u00e1lise Curricular e Documental, de 29\/11\/2023 <strong>(Clique aqui)<\/strong><\/a><\/p><p style=\"text-align: center;\"><a href=\"https:\/\/portalfadesp.org.br\/wp-content\/uploads\/2023\/11\/Resultado-Definitivo-da-2a-Etapa-Sub-Judice-Analise-Curricular-e-Documental-27-11-2023.pdf\">Resultado Definitivo da 2\u00aa Etapa Sub Judice &#8211; An\u00e1lise Curricular e Documental, de 27\/11\/2023 <strong>(Clique aqui)<\/strong><\/a><\/p><p style=\"text-align: center;\"><a href=\"https:\/\/portalfadesp.org.br\/wp-content\/uploads\/2023\/11\/Resultado-Final-do-Processo-de-Selecao-do-SEBRAE-2023-21-11-2023.pdf\">Resultado Final do Processo de Sele\u00e7\u00e3o do SEBRAE-2023, de 21\/11\/2023 <strong>(Clique aqui)<\/strong><\/a><\/p><p style=\"text-align: center;\"><a href=\"https:\/\/portalfadesp.org.br\/wp-content\/uploads\/2023\/11\/Resultado-Definitivo-da-4a-Etapa-Entrevista-Individual-por-Competencias-21-11-2023.pdf\">Resultado Definitivo da 4\u00aa Etapa -Entrevista Individual por Compet\u00eancias, de 21\/11\/2023 <strong>(Clique aqui)<\/strong><\/a><\/p><p style=\"text-align: center;\"><a href=\"https:\/\/portalfadesp.org.br\/wp-content\/uploads\/2023\/11\/Resultado-Definitivo-da-4a-Etapa-Sub-Judice-Entrevista-Individual-por-Competencias-17-11-2023.docx.pdf\">Resultado Definitivo da 4\u00aa Etapa &#8211; Sub Judice &#8211; Entrevista Individual por Compet\u00eancias, de 17\/11\/2023 <strong>(Clique aqui)<\/strong>\u00a0<\/a><\/p><p style=\"text-align: center;\"><a href=\"https:\/\/portalfadesp.org.br\/wp-content\/uploads\/2023\/11\/Resultado-Definitivo-da-3a-Etapa-Avaliacao-Coletiva-de-Habilidades-e-Perfil_Sub-Judice-17-11-2023.pdf\">Resultado Definitivo da 3\u00aa Etapa &#8211; Avalia\u00e7\u00e3o Coletiva de Habilidades e Perfil_Sub Judice, de 17\/11\/2023 <strong>(Clique aqui)<\/strong><\/a><\/p><p style=\"text-align: center;\"><a href=\"https:\/\/portalfadesp.org.br\/wp-content\/uploads\/2023\/11\/CONVOCACAO-4a-ETAPA-SUB-JUDICE-ENTREVISTA-INDIVIDUAL-POR-COMPETENCIAS-14-11-2023.pdf\">CONVOCA\u00c7\u00c3O 4\u00aa ETAPA SUB JUDICE &#8211; ENTREVISTA INDIVIDUAL POR COMPET\u00caNCIAS, de 14\/11\/2023 <strong>(Clique aqui)<\/strong><\/a><\/p><p style=\"text-align: center;\"><a href=\"https:\/\/portalfadesp.org.br\/wp-content\/uploads\/2023\/11\/Resultado-Preliminar-da-4a-Etapa-Entrevista-Individual-por-Competencias-14-11-2023.pdf\">Resultado Preliminar da 4\u00aa Etapa -Entrevista Individual por Compet\u00eancias, de 14\/11\/2023 <strong>(Clique aqui)<\/strong><\/a><\/p><p style=\"text-align: center;\"><a href=\"https:\/\/portalfadesp.org.br\/wp-content\/uploads\/2023\/11\/Convocacao-3a-Etapa-Sub-Judice-10-11-2023.pdf\">Convoca\u00e7\u00e3o 3\u00aa Etapa Sub Judice, de 10\/11\/2023 <strong>(Clique aqui)<\/strong><\/a><\/p><p style=\"text-align: center;\"><a href=\"https:\/\/portalfadesp.org.br\/wp-content\/uploads\/2023\/11\/Resultado-Definitivo-da-2a-Etapa-Sub-Judice-Analise-Curricular-e-Documental-10-11-2023.pdf\">Resultado Definitivo da 2\u00aa Etapa Sub Judice &#8211; An\u00e1lise Curricular e Documental, de 10\/11\/2023 <strong>(Clique aqui)<\/strong><\/a><\/p><p style=\"text-align: center;\"><a href=\"https:\/\/portalfadesp.org.br\/wp-content\/uploads\/2023\/11\/Retificacao-do-Resultado-Definitivo-da-3a-Etapa-Avaliacao-Coletiva-de-Habilidades-e-Perfil_Sub-Judice-09-11-2023.pdf\">Retifica\u00e7\u00e3o do Resultado Definitivo da 3\u00aa Etapa &#8211; Avalia\u00e7\u00e3o Coletiva de Habilidades e Perfil_Sub Judice, de 09\/11\/2023 <strong>(Clique aqui)<\/strong><\/a><\/p><p style=\"text-align: center;\"><a href=\"https:\/\/portalfadesp.org.br\/wp-content\/uploads\/2023\/11\/Resultado-Definitivo-da-3a-Etapa-Avaliacao-Coletiva-de-Habilidades-e-Perfil_Sub-Judice-08-11-2023.pdf\">Resultado Definitivo da 3\u00aa Etapa &#8211; Avalia\u00e7\u00e3o Coletiva de Habilidades e Perfil_Sub Judice, de 08\/11\/2023 <strong>(Clique aqui)<\/strong><\/a><\/p><p style=\"text-align: center;\"><a href=\"https:\/\/portalfadesp.org.br\/wp-content\/uploads\/2023\/11\/Resultado-Definitivo-da-3a-Etapa-Avaliacao-Coletiva-de-Habilidades-e-Perfil_Sub-Judice-08-11-2023-1.pdf\">Resultado Definitivo da 3\u00aa Etapa &#8211; Avalia\u00e7\u00e3o Coletiva de Habilidades e Perfil_Sub Judice, de 08\/11\/2023 <strong>(Clique aqui)<\/strong><\/a><\/p><p style=\"text-align: center;\"><a href=\"https:\/\/portalfadesp.org.br\/wp-content\/uploads\/2023\/11\/CONVOCACAO-4a-ETAPA-SUB-JUDICE-ENTREVISTA-INDIVIDUAL-POR-COMPETENCIAS-01-11-2023.pdf\">CONVOCA\u00c7\u00c3O 4\u00aa ETAPA SUB JUDICE &#8211; ENTREVISTA INDIVIDUAL POR COMPET\u00caNCIAS, de 01\/11\/2023 <strong>(Clique aqui)<\/strong><\/a><\/p><p style=\"text-align: center;\"><a href=\"https:\/\/portalfadesp.org.br\/wp-content\/uploads\/2023\/11\/Resultado-Definitivo-da-3a-Etapa-Avaliacao-Coletiva-de-Habilidades-e-Perfil_Sub-Judice-01-11-2023.pdf\">Resultado Definitivo da 3\u00aa Etapa &#8211; Avalia\u00e7\u00e3o Coletiva de Habilidades e Perfil_Sub Judice, de 01\/11\/2023 <strong>(Clique aqui)<\/strong><\/a><\/p><p style=\"text-align: center;\"><a href=\"http:\/\/concursos2.fadesp.org.br\/prefeitura\/2023\/sebrae\/arquivos\/Convoca\u00e7\u00e3o 3\u00aa Etapa Sub Judice Antonio carlos A Pereira - 30-10-2023.pdf\" data-wplink-url-error=\"true\">Convoca\u00e7\u00e3o 3\u00aa Etapa Sub Judice Antonio carlos A Pereira, de 30\/10\/2023 <strong>(Clique aqui)<\/strong><\/a><\/p><p style=\"text-align: center;\"><a href=\"http:\/\/concursos2.fadesp.org.br\/prefeitura\/2023\/sebrae\/arquivos\/Resultado Definitivo da 2\u00aa Etapa Sub Judice - An\u00e1lise Curricular e Documental - 27-10-2023.pdf\" data-wplink-url-error=\"true\">Resultado Definitivo da 2\u00aa Etapa Sub Judice &#8211; An\u00e1lise Curricular e Documental, de 27\/10\/2023 <strong>(Clique aqui)<\/strong><\/a><\/p><p style=\"text-align: center;\"><a href=\"http:\/\/concursos2.fadesp.org.br\/prefeitura\/2023\/sebrae\/arquivos\/Convoca\u00e7\u00e3o 3\u00aa Etapa Sub Judice Lais Vidigal Maia - 27-10-2023.pdf\" data-wplink-url-error=\"true\">Convoca\u00e7\u00e3o 3\u00aa Etapa Sub Judice Lais Vidigal Maia, de 27\/10\/2023 <strong>(Clique aqui)<\/strong><\/a><\/p><p style=\"text-align: center;\"><a href=\"http:\/\/concursos2.fadesp.org.br\/prefeitura\/2023\/sebrae\/arquivos\/CONVOCA\u00c7\u00c3O 4\u00aa ETAPA - ENTREVISTA INDIVIDUAL POR COMPET\u00caNCIA.pdf\" data-wplink-url-error=\"true\">CONVOCA\u00c7\u00c3O 4\u00aa ETAPA &#8211; ENTREVISTA INDIVIDUAL POR COMPET\u00caNCIA, de 24\/10\/2023 <strong>(Clique aqui)<\/strong><\/a><\/p><p style=\"text-align: center;\"><a href=\"http:\/\/concursos2.fadesp.org.br\/prefeitura\/2023\/sebrae\/arquivos\/Resultado Definitivo da 3\u00aa Etapa - Avalia\u00e7\u00e3o Coletiva de Habilidades e Perfil- 24-10-2023.pdf\" data-wplink-url-error=\"true\">Resultado Definitivo da 3\u00aa Etapa &#8211; Avalia\u00e7\u00e3o Coletiva de Habilidades e Perfil, de 24\/10\/2023 <strong>(Clique aqui)<\/strong><\/a><\/p><p style=\"text-align: center;\"><a href=\"http:\/\/concursos2.fadesp.org.br\/prefeitura\/2023\/sebrae\/arquivos\/Errata 04 do Comunicado 01 2023_Processo Seletivo SEBRAE_PA - 20-10-2023.pdf\" data-wplink-url-error=\"true\">Errata 04 do Comunicado 01 2023_Processo Seletivo SEBRAE_PA, de 20\/10\/2023 <strong>(Clique aqui)<\/strong><\/a><\/p><p style=\"text-align: center;\"><a href=\"http:\/\/concursos2.fadesp.org.br\/prefeitura\/2023\/sebrae\/arquivos\/Convoca\u00e7\u00e3o 3\u00aa Etapa Sub Judice Helton Louren\u00e7o - 20-10-2023.pdf\" data-wplink-url-error=\"true\">Convoca\u00e7\u00e3o 3\u00aa Etapa Sub Judice Helton Louren\u00e7o, de 20\/10\/2023 <strong>(Clique aqui)<\/strong><\/a><\/p><p style=\"text-align: center;\"><a href=\"http:\/\/concursos2.fadesp.org.br\/prefeitura\/2023\/sebrae\/arquivos\/Resultado Preliminar da 3\u00aa Etapa - Avalia\u00e7\u00e3o Coletiva de Habilidades e Perfil- 18-10-2023.pdf\" data-wplink-url-error=\"true\">Resultado Preliminar da 3\u00aa Etapa &#8211; Avalia\u00e7\u00e3o Coletiva de Habilidades e Perfil, de 18\/10\/2023 <strong>(Clique aqui)<\/strong><\/a><\/p><p style=\"text-align: center;\"><a href=\"http:\/\/concursos2.fadesp.org.br\/prefeitura\/2023\/sebrae\/arquivos\/Convoca\u00e7\u00e3o 3\u00aa Etapa Sub Judice Ivaldo Ferreira de M Junior - 10-10-2023.pdf\" data-wplink-url-error=\"true\">Convoca\u00e7\u00e3o 3\u00aa Etapa Sub Judice Ivaldo Ferreira de M Junior, 10\/10\/2023 <strong>(Clique aqui)<\/strong><\/a><\/p><p style=\"text-align: center;\"><a href=\"http:\/\/concursos2.fadesp.org.br\/prefeitura\/2023\/sebrae\/arquivos\/CONVOCA\u00c7\u00c3O 3\u00aa ETAPA - AVALIA\u00c7\u00c3O COLETIVA DE HABILIDADES E PERFIL 4N3B4.pdf\" data-wplink-url-error=\"true\">CONVOCA\u00c7\u00c3O 3\u00aa ETAPA &#8211; AVALIA\u00c7\u00c3O COLETIVA DE HABILIDADES E PERFIL, de 03\/10\/2023 <strong>(Clique aqui)<\/strong><\/a><\/p><p style=\"text-align: center;\"><a href=\"http:\/\/concursos2.fadesp.org.br\/prefeitura\/2023\/sebrae\/arquivos\/Resultado Definitivo da 2\u00aa Etapa - An\u00e1lise Curricular e Documental - 03-10-2023 4N3B4.pdf\" data-wplink-url-error=\"true\">Resultado Definitivo da 2\u00aa Etapa &#8211; An\u00e1lise Curricular e Documental, de 03\/10\/2023 <strong>(Clique aqui)<\/strong><\/a><\/p><p style=\"text-align: center;\"><a href=\"https:\/\/portalfadesp.org.br\/wp-content\/uploads\/2023\/09\/Resultado_Preliminar_da_2_Etapa_-_Analise_Curricular_e_Documental_-_27-09-2023.pdf\">RESULTADO PRELIMINAR DA 2\u00aa ETAPA &#8211; AN\u00c1LISE CURRICULAR E DOCUMENTAL, de 27\/09\/2023 <strong>(Clique aqui)<\/strong><\/a><\/p><p style=\"text-align: center;\"><a href=\"http:\/\/concursos2.fadesp.org.br\/prefeitura\/2023\/sebrae\/arquivos\/CONVOCA\u00c7\u00c3O PARA 2\u00aa ETAPA - AN\u00c1LISE CURRICULAR DOCUMENTAL - 05-09-2023 I5O32J5.pdf\" data-wplink-url-error=\"true\">CONVOCA\u00c7\u00c3O PARA 2\u00aa ETAPA &#8211; AN\u00c1LISE CURRICULAR DOCUMENTAL, de 05\/09\/2023 <strong>(Clique aqui)<\/strong><\/a><\/p><p style=\"text-align: center;\"><a href=\"http:\/\/concursos2.fadesp.org.br\/prefeitura\/2023\/sebrae\/arquivos\/Resultado Definitivo da 1\u00aa Etapa - Avalia\u00e7\u00e3o de Conhecimentos - 05-09-2023 B4N3234.pdf\" data-wplink-url-error=\"true\">Resultado Definitivo da 1\u00aa Etapa &#8211; Avalia\u00e7\u00e3o de Conhecimentos, de 05\/09\/2023 <strong>(Clique aqui)<\/strong><\/a><\/p><p style=\"text-align: center;\"><a href=\"http:\/\/concursos2.fadesp.org.br\/prefeitura\/2023\/sebrae\/arquivos\/Resultado Preliminar da 1\u00aa Etapa - Avalia\u00e7\u00e3o de Conhecimentos - 30-08-2023 6JH4K35.pdf\" data-wplink-url-error=\"true\">Resultado Preliminar da 1\u00aa Etapa &#8211; Avalia\u00e7\u00e3o de Conhecimentos, de 30\/08\/2023 <strong>(Clique aqui)<\/strong><\/a><\/p><p style=\"text-align: center;\"><a href=\"http:\/\/concursos2.fadesp.org.br\/prefeitura\/2023\/sebrae\/arquivos\/GABARITO OFICIAL DEFINITIVO DA PROVAS OBJETIVAS SEBRAE 2023 29-08-2023 rbnm43.pdf\" data-wplink-url-error=\"true\">GABARITO OFICIAL DEFINITIVO DA PROVAS OBJETIVAS SEBRAE 2023, de 29\/08\/2023 <strong>(Clique aqui)<\/strong><\/a><\/p><p style=\"text-align: center;\"><a href=\"http:\/\/concursos2.fadesp.org.br\/prefeitura\/2023\/sebrae\/arquivos\/GRADE DEFINITIVO PARA CORRE\u00c7\u00c3O DAS REDA\u00c7\u00d5ES SEBRAE 2023 - 29-08-2023 rbnm43.pdf\" data-wplink-url-error=\"true\">GRADE DEFINITIVO PARA CORRE\u00c7\u00c3O DAS REDA\u00c7\u00d5ES SEBRAE 2023, de 29\/08\/2023 <strong>(Clique aqui)<\/strong><\/a><\/p><p style=\"text-align: center;\"><a href=\"http:\/\/concursos2.fadesp.org.br\/prefeitura\/2023\/sebrae\/arquivos\/GABARITO OFICIAL PRELIMINAR DA PROVAS OBJETIVAS SEBRAE 2023 21-08-2023 43NM43.pdf\" data-wplink-url-error=\"true\">GABARITO OFICIAL PRELIMINAR DA PROVAS OBJETIVAS SEBRAE 2023 &#8211; <strong>RETIFICADO SOMENTE O GABARITO DE CONHECIMENTOS ESPEC\u00cdFICOS DO CARGO \u00c1REA FIM<\/strong>, de 21\/08\/2023 <strong>(Clique aqui)<\/strong><\/a><\/p><p style=\"text-align: center;\"><a href=\"http:\/\/concursos2.fadesp.org.br\/prefeitura\/2023\/sebrae\/arquivos\/GRADE OFICIAL PRELIMINAR PARA CORRE\u00c7\u00c3O DAS REDA\u00c7\u00d5ES SEBRAE 2023 - 21-08-2023 43NM43.pdf\" data-wplink-url-error=\"true\">GRADE OFICIAL PRELIMINAR PARA CORRE\u00c7\u00c3O DAS REDA\u00c7\u00d5ES SEBRAE 2023, de 21\/08\/2023 <strong>(Clique aqui)<\/strong><\/a><\/p><p style=\"text-align: center;\"><a href=\"http:\/\/concursos2.fadesp.org.br\/prefeitura\/2023\/sebrae\/arquivos\/5bn23m5v52msg12PrOv.html\">Provas, de 21\/08\/2023 <strong>(Clique aqui)<\/strong><\/a><\/p><p style=\"text-align: center;\"><a href=\"http:\/\/concursos2.fadesp.org.br\/prefeitura\/2023\/sebrae\/arquivos\/Errata 03 do Comunicado 01 2023_Processo Seletivo SEBRAE_PA - ANEXO I - 18-08-2023.pdf\" data-wplink-url-error=\"true\">Errata 03 do Comunicado 01 2023_Processo Seletivo SEBRAE_PA &#8211; ANEXO I, de 18\/08\/2023 <strong>(Clique aqui)<\/strong><\/a><\/p><p style=\"text-align: center;\"><a href=\"http:\/\/concursos2.fadesp.org.br\/prefeitura\/2023\/sebrae\/arquivos\/Convoca\u00e7\u00e3o da 1\u00aa Etapa - Avalia\u00e7\u00e3o de Conhecimentos - 17-08-2023.pdf\" data-wplink-url-error=\"true\">Convoca\u00e7\u00e3o da 1\u00aa Etapa &#8211; Avalia\u00e7\u00e3o de Conhecimentos, de 17\/08\/2023 <strong>(Clique aqui)<\/strong><\/a><\/p><p style=\"text-align: center;\"><a href=\"http:\/\/concursos2.fadesp.org.br\/prefeitura\/2023\/sebrae\/arquivos\/Demanda - 17-08-2023.pdf\" data-wplink-url-error=\"true\">Demanda, de 17\/08\/2023 <strong>(Clique aqui)<\/strong><\/a><\/p><p style=\"text-align: center;\"><a href=\"http:\/\/concursos2.fadesp.org.br\/prefeitura\/2023\/sebrae\/arquivos\/Resultado Definitivo de Inscri\u00e7\u00f5es Deferidas - 17-08-2023.pdf\" data-wplink-url-error=\"true\">Resultado Definitivo de Inscri\u00e7\u00f5es Deferidas, de 17\/08\/2023 <strong>(Clique aqui)<\/strong><\/a><\/p><p style=\"text-align: center;\"><a href=\"http:\/\/concursos2.fadesp.org.br\/prefeitura\/2023\/sebrae\/arquivos\/Resultado Definitivo de PcD Concorrentes - 17-08-2023.pdf\" data-wplink-url-error=\"true\">Resultado Definitivo de PcD Concorrentes, de 17\/08\/2023 <strong>(Clique aqui)<\/strong><\/a><\/p><p style=\"text-align: center;\"><a href=\"http:\/\/concursos2.fadesp.org.br\/prefeitura\/2023\/sebrae\/arquivos\/Resultado Definitivo de Atendimento Especial e Tempo Adicional - 17-08-2023.pdf\" data-wplink-url-error=\"true\">Resultado Definitivo de Atendimento Especial e Tempo Adicional, de 17\/08\/2023 <strong>(Clique aqui)<\/strong><\/a><\/p><p style=\"text-align: center;\"><a href=\"http:\/\/concursos2.fadesp.org.br\/prefeitura\/2023\/sebrae\/arquivos\/Resultado Preliminar de Inscri\u00e7\u00f5es Deferidas - 14-08-2023.pdf\" data-wplink-url-error=\"true\">Resultado Preliminar de Inscri\u00e7\u00f5es Deferidas, de 14\/08\/2023 <strong>(Clique aqui)<\/strong><\/a><\/p><p style=\"text-align: center;\"><a href=\"http:\/\/concursos2.fadesp.org.br\/prefeitura\/2023\/sebrae\/arquivos\/Resultado Preliminar de PcD Concorrentes - 14-08-2023.pdf\" data-wplink-url-error=\"true\">Resultado Preliminar de PcD Concorrentes, de 14\/08\/2023 <strong>(Clique aqui)<\/strong><\/a><\/p><p style=\"text-align: center;\"><a href=\"http:\/\/concursos2.fadesp.org.br\/prefeitura\/2023\/sebrae\/arquivos\/Resultado Preliminar de Atendimento Especial e Tempo Adicional, no dia da prova objetiva - 14-08-2023.pdf\" data-wplink-url-error=\"true\">Resultado Preliminar de Atendimento Especial e Tempo Adicional, no dia da prova objetiva, de 14\/08\/2023 <strong>(Clique aqui)<\/strong><\/a><\/p><p style=\"text-align: center;\"><a href=\"http:\/\/concursos2.fadesp.org.br\/prefeitura\/2023\/sebrae\/arquivos\/Errata 02 do Comunicado 01 2023_Processo Seletivo SEBRAE_PA - 01-08-2023.pdf\" data-wplink-url-error=\"true\">Errata 02 do Comunicado 01 2023_Processo Seletivo SEBRAE_PA, de 01\/08\/2023 <strong>(Clique aqui)<\/strong><\/a><\/p><p style=\"text-align: center;\"><a href=\"http:\/\/concursos2.fadesp.org.br\/prefeitura\/2023\/sebrae\/arquivos\/Resultado Definitivo do Processo de Isen\u00e7\u00e3o de Taxa de Inscri\u00e7\u00e3o - 31-07-2023.pdf\" data-wplink-url-error=\"true\">Resultado Definitivo do Processo de Isen\u00e7\u00e3o de Taxa de Inscri\u00e7\u00e3o, de 31\/07\/2023 <strong>(Clique aqui)<\/strong><\/a><\/p><p style=\"text-align: center;\"><a href=\"http:\/\/concursos2.fadesp.org.br\/prefeitura\/2023\/sebrae\/arquivos\/Resultado Preliminar do Processo de Isen\u00e7\u00e3o de Taxa de Inscri\u00e7\u00e3o - 25-07-2023.pdf\" data-wplink-url-error=\"true\">Resultado Preliminar do Processo de Isen\u00e7\u00e3o de Taxa de Inscri\u00e7\u00e3o, de 25\/07\/2023 <strong>(Clique aqui)<\/strong><\/a><\/p><p style=\"text-align: center;\"><a href=\"http:\/\/concursos2.fadesp.org.br\/prefeitura\/2023\/sebrae\/arquivos\/Errata 01 do Comunicado 01 2023_Processo Seletivo SEBRAE_PA - 21-07-2023.pdf\" data-wplink-url-error=\"true\">Errata 01 do Comunicado 01 2023_Processo Seletivo SEBRAE_PA, de 21\/07\/2023 <strong>(Clique aqui)<\/strong><\/a><\/p><p style=\"text-align: center;\"><a href=\"http:\/\/concursos2.fadesp.org.br\/prefeitura\/2023\/sebrae\/arquivos\/Comunicado%2001%202023%20Processo%20Seletivo%2001%202023%20Sebrae%20PA%20-%2014-07-2023.pdf\">Comunicado 01 2023 Processo Seletivo 01 2023 Sebrae PA, de 14\/07\/2023 <strong>(Clique aqui)<\/strong><\/a><\/p><p style=\"text-align: center;\"><a href=\"http:\/\/concursos2.fadesp.org.br\/prefeitura\/2023\/sebrae\/arquivos\/Manual_de_Planejamento_Gerenciamento_Monitoramento_e_Avalia\u00e7\u00e3o_da_Estrat\u00e9gia.pdf\">Manual de Planejamento Gerenciamento Monitoramento e Avalia\u00e7\u00e3o da Estrat\u00e9gia, de 17\/07\/2023 <strong>(Clique aqui)<\/strong><\/a><\/p><p style=\"text-align: center;\"><a href=\"http:\/\/concursos2.fadesp.org.br\/prefeitura\/2023\/sebrae\/arquivos\/POL\u00cdTICA DE PRIVACIDADE E TRATAMENTO DE DADOS PESSOAIS DO SISTEMA SEBRAE.pdf\" data-wplink-url-error=\"true\">POL\u00cdTICA DE PRIVACIDADE E TRATAMENTO DE DADOS PESSOAIS DO SISTEMA SEBRAE, de 17\/07\/2023 <strong>(Clique aqui)<\/strong><\/a><\/p><p style=\"text-align: center;\"><a href=\"http:\/\/concursos2.fadesp.org.br\/prefeitura\/2023\/sebrae\/arquivos\/C\u00f3digo_de_\u00c9tica_do_Sistema_Sebrae.pdf\">C\u00f3digo de \u00c9tica do Sistema Sebrae, de 17\/07\/2023 <strong>(Clique aqui)<\/strong><\/a><\/p><p style=\"text-align: center;\"><a href=\"http:\/\/concursos2.fadesp.org.br\/prefeitura\/2023\/sebrae\/arquivos\/REGIMENTO INTERNO SEBRAE PA.pdf\" data-wplink-url-error=\"true\">REGIMENTO INTERNO SEBRAE PA, de 17\/07\/2023 <strong>(Clique aqui)<\/strong><\/a><\/p><p style=\"text-align: center;\"><a href=\"http:\/\/concursos2.fadesp.org.br\/prefeitura\/2023\/sebrae\/arquivos\/Estatuto_Social_SEBRAE_PA_2021.pdf\">Estatuto Social SEBRAE PA 2021, de 17\/07\/2023 <strong>(Clique aqui)<\/strong><\/a><\/p>\t\t\t\t\t\t\t\t<\/div>\n\t\t\t\t<\/div>\n\t\t\t\t\t<\/div>\n\t\t<\/div>\n\t\t\t\t\t<\/div>\n\t\t<\/section>\n\t\t\t\t\t<\/div>\n\t\t<\/div>\n\t\t\t\t\t<\/div>\n\t\t<\/section>\n\t\t\t\t<\/div>\n\t\t","protected":false},"excerpt":{"rendered":"<p>Processo Seletivo do SEBRAE\/PA (2023) O Servi\u00e7o de Apoio \u00e0s Micro e Pequenas Empresas do Estado de Par\u00e1, SEBRAE\/PA, entidade associativa de direito privado, sem fins lucrativos, de interesse coletivo e de utilidade p\u00fablica, institu\u00edda na forma de servi\u00e7o social aut\u00f4nomo, desvinculada da administra\u00e7\u00e3o p\u00fablica, nos termos do inciso XVIII do art. 5\u00ba da Constitui\u00e7\u00e3o [&hellip;]<\/p>\n","protected":false},"author":12,"featured_media":0,"parent":329,"menu_order":0,"comment_status":"closed","ping_status":"closed","template":"","meta":{"_monsterinsights_skip_tracking":false,"_monsterinsights_sitenote_active":false,"_monsterinsights_sitenote_note":"","_monsterinsights_sitenote_category":0,"footnotes":""},"class_list":["post-42049","page","type-page","status-publish","hentry","entry"],"yoast_head":"<!-- This site is optimized with the Yoast SEO plugin v25.1 - https:\/\/yoast.com\/wordpress\/plugins\/seo\/ -->\n<title>Processo Seletivo do SEBRAE\/PA (2023) - FADESP<\/title>\n<meta name=\"robots\" content=\"index, follow, max-snippet:-1, max-image-preview:large, max-video-preview:-1\" \/>\n<link rel=\"canonical\" href=\"https:\/\/portalfadesp.org.br\/?page_id=42049\" \/>\n<meta property=\"og:locale\" content=\"pt_BR\" \/>\n<meta property=\"og:type\" content=\"article\" \/>\n<meta property=\"og:title\" content=\"Processo Seletivo do SEBRAE\/PA (2023) - FADESP\" \/>\n<meta property=\"og:description\" content=\"Processo Seletivo do SEBRAE\/PA (2023) O Servi\u00e7o de Apoio \u00e0s Micro e Pequenas Empresas do Estado de Par\u00e1, SEBRAE\/PA, entidade associativa de direito privado, sem fins lucrativos, de interesse coletivo e de utilidade p\u00fablica, institu\u00edda na forma de servi\u00e7o social aut\u00f4nomo, desvinculada da administra\u00e7\u00e3o p\u00fablica, nos termos do inciso XVIII do art. 5\u00ba da Constitui\u00e7\u00e3o [&hellip;]\" \/>\n<meta property=\"og:url\" content=\"https:\/\/portalfadesp.org.br\/?page_id=42049\" \/>\n<meta property=\"og:site_name\" content=\"FADESP\" \/>\n<meta property=\"article:publisher\" content=\"https:\/\/www.facebook.com\/Fadesp-138351949524662\/\" \/>\n<meta property=\"article:modified_time\" content=\"2024-05-03T11:49:40+00:00\" \/>\n<meta name=\"twitter:card\" content=\"summary_large_image\" \/>\n<meta name=\"twitter:site\" content=\"@Fadesp\" \/>\n<meta name=\"twitter:label1\" content=\"Est. tempo de leitura\" \/>\n\t<meta name=\"twitter:data1\" content=\"7 minutos\" \/>\n<script type=\"application\/ld+json\" class=\"yoast-schema-graph\">{\"@context\":\"https:\/\/schema.org\",\"@graph\":[{\"@type\":\"WebPage\",\"@id\":\"https:\/\/portalfadesp.org.br\/?page_id=42049\",\"url\":\"https:\/\/portalfadesp.org.br\/?page_id=42049\",\"name\":\"Processo Seletivo do SEBRAE\/PA (2023) - FADESP\",\"isPartOf\":{\"@id\":\"https:\/\/portalfadesp.org.br\/#website\"},\"datePublished\":\"2023-07-14T13:13:50+00:00\",\"dateModified\":\"2024-05-03T11:49:40+00:00\",\"breadcrumb\":{\"@id\":\"https:\/\/portalfadesp.org.br\/?page_id=42049#breadcrumb\"},\"inLanguage\":\"pt-BR\",\"potentialAction\":[{\"@type\":\"ReadAction\",\"target\":[\"https:\/\/portalfadesp.org.br\/?page_id=42049\"]}]},{\"@type\":\"BreadcrumbList\",\"@id\":\"https:\/\/portalfadesp.org.br\/?page_id=42049#breadcrumb\",\"itemListElement\":[{\"@type\":\"ListItem\",\"position\":1,\"name\":\"In\u00edcio\",\"item\":\"https:\/\/portalfadesp.org.br\/\"},{\"@type\":\"ListItem\",\"position\":2,\"name\":\"Concursos &#8211; Homologados\",\"item\":\"https:\/\/portalfadesp.org.br\/?page_id=329\"},{\"@type\":\"ListItem\",\"position\":3,\"name\":\"Processo Seletivo do SEBRAE\/PA (2023)\"}]},{\"@type\":\"WebSite\",\"@id\":\"https:\/\/portalfadesp.org.br\/#website\",\"url\":\"https:\/\/portalfadesp.org.br\/\",\"name\":\"FADESP\",\"description\":\"Funda\u00e7\u00e3o de Amparo e Desenvolvimento da Pesquisa\",\"publisher\":{\"@id\":\"https:\/\/portalfadesp.org.br\/#organization\"},\"potentialAction\":[{\"@type\":\"SearchAction\",\"target\":{\"@type\":\"EntryPoint\",\"urlTemplate\":\"https:\/\/portalfadesp.org.br\/?s={search_term_string}\"},\"query-input\":{\"@type\":\"PropertyValueSpecification\",\"valueRequired\":true,\"valueName\":\"search_term_string\"}}],\"inLanguage\":\"pt-BR\"},{\"@type\":\"Organization\",\"@id\":\"https:\/\/portalfadesp.org.br\/#organization\",\"name\":\"FADESP\",\"url\":\"https:\/\/portalfadesp.org.br\/\",\"logo\":{\"@type\":\"ImageObject\",\"inLanguage\":\"pt-BR\",\"@id\":\"https:\/\/portalfadesp.org.br\/#\/schema\/logo\/image\/\",\"url\":\"https:\/\/portalfadesp.org.br\/wp-content\/uploads\/2024\/01\/NOVOLOGOFADESPlaranjaH.png\",\"contentUrl\":\"https:\/\/portalfadesp.org.br\/wp-content\/uploads\/2024\/01\/NOVOLOGOFADESPlaranjaH.png\",\"width\":2742,\"height\":839,\"caption\":\"FADESP\"},\"image\":{\"@id\":\"https:\/\/portalfadesp.org.br\/#\/schema\/logo\/image\/\"},\"sameAs\":[\"https:\/\/www.facebook.com\/Fadesp-138351949524662\/\",\"https:\/\/x.com\/Fadesp\",\"https:\/\/www.instagram.com\/fadesp_ufpa\/\",\"https:\/\/www.youtube.com\/@fundacaodeamparoedesenvolv1903\",\"https:\/\/www.threads.net\/@fadesp_ufpa\"]}]}<\/script>\n<!-- \/ Yoast SEO plugin. -->","yoast_head_json":{"title":"Processo Seletivo do SEBRAE\/PA (2023) - FADESP","robots":{"index":"index","follow":"follow","max-snippet":"max-snippet:-1","max-image-preview":"max-image-preview:large","max-video-preview":"max-video-preview:-1"},"canonical":"https:\/\/portalfadesp.org.br\/?page_id=42049","og_locale":"pt_BR","og_type":"article","og_title":"Processo Seletivo do SEBRAE\/PA (2023) - FADESP","og_description":"Processo Seletivo do SEBRAE\/PA (2023) O Servi\u00e7o de Apoio \u00e0s Micro e Pequenas Empresas do Estado de Par\u00e1, SEBRAE\/PA, entidade associativa de direito privado, sem fins lucrativos, de interesse coletivo e de utilidade p\u00fablica, institu\u00edda na forma de servi\u00e7o social aut\u00f4nomo, desvinculada da administra\u00e7\u00e3o p\u00fablica, nos termos do inciso XVIII do art. 5\u00ba da Constitui\u00e7\u00e3o [&hellip;]","og_url":"https:\/\/portalfadesp.org.br\/?page_id=42049","og_site_name":"FADESP","article_publisher":"https:\/\/www.facebook.com\/Fadesp-138351949524662\/","article_modified_time":"2024-05-03T11:49:40+00:00","twitter_card":"summary_large_image","twitter_site":"@Fadesp","twitter_misc":{"Est. tempo de leitura":"7 minutos"},"schema":{"@context":"https:\/\/schema.org","@graph":[{"@type":"WebPage","@id":"https:\/\/portalfadesp.org.br\/?page_id=42049","url":"https:\/\/portalfadesp.org.br\/?page_id=42049","name":"Processo Seletivo do SEBRAE\/PA (2023) - FADESP","isPartOf":{"@id":"https:\/\/portalfadesp.org.br\/#website"},"datePublished":"2023-07-14T13:13:50+00:00","dateModified":"2024-05-03T11:49:40+00:00","breadcrumb":{"@id":"https:\/\/portalfadesp.org.br\/?page_id=42049#breadcrumb"},"inLanguage":"pt-BR","potentialAction":[{"@type":"ReadAction","target":["https:\/\/portalfadesp.org.br\/?page_id=42049"]}]},{"@type":"BreadcrumbList","@id":"https:\/\/portalfadesp.org.br\/?page_id=42049#breadcrumb","itemListElement":[{"@type":"ListItem","position":1,"name":"In\u00edcio","item":"https:\/\/portalfadesp.org.br\/"},{"@type":"ListItem","position":2,"name":"Concursos &#8211; Homologados","item":"https:\/\/portalfadesp.org.br\/?page_id=329"},{"@type":"ListItem","position":3,"name":"Processo Seletivo do SEBRAE\/PA (2023)"}]},{"@type":"WebSite","@id":"https:\/\/portalfadesp.org.br\/#website","url":"https:\/\/portalfadesp.org.br\/","name":"FADESP","description":"Funda\u00e7\u00e3o de Amparo e Desenvolvimento da Pesquisa","publisher":{"@id":"https:\/\/portalfadesp.org.br\/#organization"},"potentialAction":[{"@type":"SearchAction","target":{"@type":"EntryPoint","urlTemplate":"https:\/\/portalfadesp.org.br\/?s={search_term_string}"},"query-input":{"@type":"PropertyValueSpecification","valueRequired":true,"valueName":"search_term_string"}}],"inLanguage":"pt-BR"},{"@type":"Organization","@id":"https:\/\/portalfadesp.org.br\/#organization","name":"FADESP","url":"https:\/\/portalfadesp.org.br\/","logo":{"@type":"ImageObject","inLanguage":"pt-BR","@id":"https:\/\/portalfadesp.org.br\/#\/schema\/logo\/image\/","url":"https:\/\/portalfadesp.org.br\/wp-content\/uploads\/2024\/01\/NOVOLOGOFADESPlaranjaH.png","contentUrl":"https:\/\/portalfadesp.org.br\/wp-content\/uploads\/2024\/01\/NOVOLOGOFADESPlaranjaH.png","width":2742,"height":839,"caption":"FADESP"},"image":{"@id":"https:\/\/portalfadesp.org.br\/#\/schema\/logo\/image\/"},"sameAs":["https:\/\/www.facebook.com\/Fadesp-138351949524662\/","https:\/\/x.com\/Fadesp","https:\/\/www.instagram.com\/fadesp_ufpa\/","https:\/\/www.youtube.com\/@fundacaodeamparoedesenvolv1903","https:\/\/www.threads.net\/@fadesp_ufpa"]}]}},"_links":{"self":[{"href":"https:\/\/portalfadesp.org.br\/index.php?rest_route=\/wp\/v2\/pages\/42049","targetHints":{"allow":["GET"]}}],"collection":[{"href":"https:\/\/portalfadesp.org.br\/index.php?rest_route=\/wp\/v2\/pages"}],"about":[{"href":"https:\/\/portalfadesp.org.br\/index.php?rest_route=\/wp\/v2\/types\/page"}],"author":[{"embeddable":true,"href":"https:\/\/portalfadesp.org.br\/index.php?rest_route=\/wp\/v2\/users\/12"}],"replies":[{"embeddable":true,"href":"https:\/\/portalfadesp.org.br\/index.php?rest_route=%2Fwp%2Fv2%2Fcomments&post=42049"}],"version-history":[{"count":205,"href":"https:\/\/portalfadesp.org.br\/index.php?rest_route=\/wp\/v2\/pages\/42049\/revisions"}],"predecessor-version":[{"id":46106,"href":"https:\/\/portalfadesp.org.br\/index.php?rest_route=\/wp\/v2\/pages\/42049\/revisions\/46106"}],"up":[{"embeddable":true,"href":"https:\/\/portalfadesp.org.br\/index.php?rest_route=\/wp\/v2\/pages\/329"}],"wp:attachment":[{"href":"https:\/\/portalfadesp.org.br\/index.php?rest_route=%2Fwp%2Fv2%2Fmedia&parent=42049"}],"curies":[{"name":"wp","href":"https:\/\/api.w.org\/{rel}","templated":true}]}}