{"id":41409,"date":"2023-06-23T13:52:02","date_gmt":"2023-06-23T16:52:02","guid":{"rendered":"https:\/\/portalfadesp.org.br\/?page_id=41409"},"modified":"2023-08-11T15:02:38","modified_gmt":"2023-08-11T18:02:38","slug":"pagina_modelo-19-12-27","status":"publish","type":"page","link":"https:\/\/portalfadesp.org.br\/?page_id=41409","title":{"rendered":"Processo Seletivo P\u00fablico da Prefeitura Municipal de Marituba \u2013 2023"},"content":{"rendered":"\t\t<div data-elementor-type=\"wp-post\" data-elementor-id=\"41409\" class=\"elementor elementor-41409\" data-elementor-post-type=\"page\">\n\t\t\t\t\t\t<section class=\"elementor-section elementor-top-section elementor-element elementor-element-1f2996d1 elementor-section-boxed elementor-section-height-default elementor-section-height-default\" data-id=\"1f2996d1\" data-element_type=\"section\">\n\t\t\t\t\t\t<div class=\"elementor-container elementor-column-gap-default\">\n\t\t\t\t\t<div class=\"elementor-column elementor-col-100 elementor-top-column elementor-element elementor-element-59a4b3f8\" data-id=\"59a4b3f8\" data-element_type=\"column\">\n\t\t\t<div class=\"elementor-widget-wrap elementor-element-populated\">\n\t\t\t\t\t\t<div class=\"elementor-element elementor-element-799471af elementor-widget elementor-widget-heading\" data-id=\"799471af\" data-element_type=\"widget\" data-widget_type=\"heading.default\">\n\t\t\t\t<div class=\"elementor-widget-container\">\n\t\t\t\t\t<h1 class=\"elementor-heading-title elementor-size-default\">Processo Seletivo P\u00fablico da Prefeitura Municipal de Marituba \u2013 2023  <\/h1>\t\t\t\t<\/div>\n\t\t\t\t<\/div>\n\t\t\t\t<section class=\"elementor-section elementor-inner-section elementor-element elementor-element-336311f elementor-section-boxed elementor-section-height-default elementor-section-height-default\" data-id=\"336311f\" data-element_type=\"section\">\n\t\t\t\t\t\t<div class=\"elementor-container elementor-column-gap-default\">\n\t\t\t\t\t<div class=\"elementor-column elementor-col-50 elementor-inner-column elementor-element elementor-element-75ca0dc3\" data-id=\"75ca0dc3\" data-element_type=\"column\">\n\t\t\t<div class=\"elementor-widget-wrap elementor-element-populated\">\n\t\t\t\t\t\t<div class=\"elementor-element elementor-element-425a3096 elementor-widget__width-initial elementor-widget elementor-widget-text-editor\" data-id=\"425a3096\" data-element_type=\"widget\" data-widget_type=\"text-editor.default\">\n\t\t\t\t<div class=\"elementor-widget-container\">\n\t\t\t\t\t\t\t\t\t<p>A Prefeitura Municipal de Marituba (PMM), atrav\u00e9s da Secretaria Municipal de Sa\u00fade, supervisionado pela Secretaria Municipal de Administra\u00e7\u00e3o, torna p\u00fablico o Edital de Abertura do Processo Seletivo P\u00fablico (PSP), Edital n\u00b0 01\/2023\/PMM\/ACS, de acordo com a Lei Federal n\u00ba 8.958\/94, regulamentada pelo Decreto n\u00ba 7.423 de 31\/12\/2010, bem como, atender os atos regulamentares dados pela Lei Federal n\u00ba 11.350, de 5 de outubro de 2006 e suas devidas altera\u00e7\u00f5es e Emenda \u00e0 Constitui\u00e7\u00e3o n\u00ba 51 de 14 de fevereiro de 2006, destinado ao preenchimento de vagas na esfera municipal para empregos p\u00fablicos de Agente Comunit\u00e1rio de Sa\u00fade (ACS), mediante as condi\u00e7\u00f5es estabelecidas no referido edital.<\/p><p><b>&#8211; Requisitos M\u00ednimos e Vencimento Base para Agentes Comunit\u00e1rios de Sa\u00fade (ACS)<\/b><\/p><p><b>\u2714 <\/b>Ter, no ato da posse, Declara\u00e7\u00e3o de Conclus\u00e3o ou Certificado de Conclus\u00e3o do Ensino M\u00e9dio;<\/p><p><b>\u2714 <\/b>Ter, no ato da posse, idade m\u00ednima de 18 anos;<\/p><p><b>\u2714 <\/b>N\u00e3o possuir nenhum outro v\u00ednculo empregat\u00edcio efetivo em qualquer ente federado, no ato da posse;<\/p><p><b>\u2714<\/b> Residir na \u00e1rea da comunidade em que pretende atuar, na data da publica\u00e7\u00e3o do edital do Processo Seletivo.<\/p><p><b>&#8211; Vagas: <\/b>175<\/p><p><strong>FASE I:<\/strong><\/p><p>FASE I: An\u00e1lise\/Avalia\u00e7\u00e3o para o candidato que RESIDE na Localidade\/Bairro para concorrer no PSP \u2013 Fase de Car\u00e1ter Eliminat\u00f3rio. O candidato obrigatoriamente dever\u00e1 anexar de forma on-line a sua comprova\u00e7\u00e3o de resid\u00eancia na Localidade\/Bairro que pretende concorrer neste PSP (subitens 1.3.1., 1.3.1.1. e 1.3.1.2. do edital de abertura).<\/p><p><strong>&#8211; Per\u00edodo das Inscri\u00e7\u00f5es:<\/strong> 23\/06\/2023 a 10\/07\/2023.<\/p><p><strong>&#8211; Solicita\u00e7\u00e3o de isen\u00e7\u00e3o da taxa de inscri\u00e7\u00e3o para PcD:<\/strong> 23 a 27\/06\/2023.<\/p><p><strong>&#8211; \u00daltimo dia de pagamento<\/strong>: 11\/07\/2023.<\/p><p><strong>&#8211; Valor da Taxa:<\/strong> R$ 70,00 (setenta reais).<\/p><p><strong>&#8211; Prova Objetiva:<\/strong> 23\/07\/2023 \u2013 Das 9h \u00e0s 13h.<\/p><p>&#8211; Convoca\u00e7\u00e3o, pela Secretaria Municipal de Sa\u00fade da PMM, dos classificados as vagas imediatas ofertadas a participarem do Curso Forma\u00e7\u00e3o Inicial de ACS, com avalia\u00e7\u00e3o final sob responsabilidade da Secretaria Municipal de Sa\u00fade da PMM: 31\/07\/2023.<\/p><p>&#8211; Per\u00edodo de execu\u00e7\u00e3o do curso introdut\u00f3rio e aplica\u00e7\u00e3o de avalia\u00e7\u00e3o final sob responsabilidade, organiza\u00e7\u00e3o e execu\u00e7\u00e3o da Secretaria Municipal de Sa\u00fade da PMM: 02\/08\/2023 a 06\/08\/2023.<br \/>&#8211; Homologa\u00e7\u00e3o do resultado final com os aptos a habilita\u00e7\u00e3o e posse: 07\/08\/2023.<\/p>\t\t\t\t\t\t\t\t<\/div>\n\t\t\t\t<\/div>\n\t\t\t\t\t<\/div>\n\t\t<\/div>\n\t\t\t\t<div class=\"elementor-column elementor-col-50 elementor-inner-column elementor-element elementor-element-79608089\" data-id=\"79608089\" data-element_type=\"column\">\n\t\t\t<div class=\"elementor-widget-wrap elementor-element-populated\">\n\t\t\t\t\t\t<div class=\"elementor-element elementor-element-72a287a elementor-widget elementor-widget-text-editor\" data-id=\"72a287a\" data-element_type=\"widget\" data-widget_type=\"text-editor.default\">\n\t\t\t\t<div class=\"elementor-widget-container\">\n\t\t\t\t\t\t\t\t\t<div><div style=\"text-align: center;\"><strong>Aten\u00e7\u00e3o<\/strong><\/div><div>\u00a0<\/div><div>Informa\u00e7\u00f5es sobre convoca\u00e7\u00f5es para habilita\u00e7\u00e3o e posse nos cargos, somente estar\u00e3o dispon\u00edvel no site da Prefeitura Municipal.<\/div><\/div><div style=\"text-align: center;\">\u00a0<\/div>\t\t\t\t\t\t\t\t<\/div>\n\t\t\t\t<\/div>\n\t\t\t\t<div class=\"elementor-element elementor-element-7ccac55 elementor-widget elementor-widget-text-editor\" data-id=\"7ccac55\" data-element_type=\"widget\" data-widget_type=\"text-editor.default\">\n\t\t\t\t<div class=\"elementor-widget-container\">\n\t\t\t\t\t\t\t\t\t<p><strong>Editais\u00a0<\/strong><\/p>\t\t\t\t\t\t\t\t<\/div>\n\t\t\t\t<\/div>\n\t\t\t\t<div class=\"elementor-element elementor-element-368e568 elementor-widget elementor-widget-text-editor\" data-id=\"368e568\" data-element_type=\"widget\" data-widget_type=\"text-editor.default\">\n\t\t\t\t<div class=\"elementor-widget-container\">\n\t\t\t\t\t\t\t\t\t<p style=\"text-align: center;\"><a href=\"http:\/\/concursos2.fadesp.org.br\/prefeitura\/2023\/marituba\/arquivos\/Edital n\u00b0 003_2023_Homologa\u00e7\u00e3o do Resultado Final - 08-07-2023 3G5KJ4.pdf\" data-wplink-url-error=\"true\">Edital n\u00b0 003_2023_Homologa\u00e7\u00e3o do Resultado Final, de 07\/08\/2023 <strong>(Clique aqui)<\/strong><\/a><\/p><p style=\"text-align: center;\"><a href=\"http:\/\/concursos2.fadesp.org.br\/prefeitura\/2023\/marituba\/arquivos\/Resultado do Curso Introdut\u00f3rio de Forma\u00e7\u00e3o Inicial - 07-08-2023 86B5M65.pdf\" data-wplink-url-error=\"true\">Resultado do Curso Introdut\u00f3rio de Forma\u00e7\u00e3o Inicial, de 07\/08\/2023 <strong>(Clique aqui)<\/strong><\/a><\/p><p style=\"text-align: center;\"><a href=\"http:\/\/concursos2.fadesp.org.br\/prefeitura\/2023\/marituba\/arquivos\/Edital n\u00b0 002_2023_Convoca\u00e7\u00e3o do Curso de Forma\u00e7\u00e3o Inicial - 31-07-2023 B4NM324.pdf\" data-wplink-url-error=\"true\">Edital n\u00b0 002_2023_Convoca\u00e7\u00e3o do Curso de Forma\u00e7\u00e3o Inicial, de 31\/07\/2023 <strong>(Clique aqui)<\/strong><\/a><\/p><p style=\"text-align: center;\"><a href=\"http:\/\/concursos2.fadesp.org.br\/prefeitura\/2023\/marituba\/arquivos\/Resultado Definitivo da Prova Objetiva_Fase II - 31-07-2023 4N3M434.pdf\" data-wplink-url-error=\"true\">Resultado Definitivo da Prova Objetiva_Fase II, 31\/07\/2023 <strong>(Clique aqui)<\/strong><\/a><\/p><p style=\"text-align: center;\"><a href=\"http:\/\/concursos2.fadesp.org.br\/prefeitura\/2023\/marituba\/arquivos\/Resultado Preliminar da Fase II - 28-07-2023 BRNWE2.pdf\" data-wplink-url-error=\"true\">Resultado Preliminar da Fase II, de 28\/07\/2023 <strong>(Clique aqui)<\/strong><\/a><\/p><p style=\"text-align: center;\"><a href=\"http:\/\/concursos2.fadesp.org.br\/prefeitura\/2023\/marituba\/arquivos\/GABARITO OFICIAL DEFINITIVO_ACS - 27-07-2023 3bn2432.pdf\" data-wplink-url-error=\"true\">GABARITO OFICIAL DEFINITIVO_ACS, de 28\/07\/2023 <strong>(Clique aqui)<\/strong><\/a><\/p><p style=\"text-align: center;\"><a href=\"http:\/\/concursos2.fadesp.org.br\/prefeitura\/2023\/marituba\/arquivos\/GABARITO OFICIAL PRELIMINAR ACS MARITUBA 2023 B3N2M4.pdf\" data-wplink-url-error=\"true\">GABARITO OFICIAL PRELIMINAR ACS MARITUBA 2023, de 24\/07\/2023 <strong>(Clique aqui)<\/strong><\/a><\/p><p style=\"text-align: center;\"><a href=\"http:\/\/concursos2.fadesp.org.br\/prefeitura\/2023\/marituba\/arquivos\/PROVA ACS AGENTE COMUNIT\u00c1RIO DE SA\u00daDE MARITUBA TIPO 1 B3N2M4.pdf\" data-wplink-url-error=\"true\">PROVA ACS AGENTE COMUNIT\u00c1RIO DE SA\u00daDE MARITUBA TIPO 1, de 24\/07\/2023 <strong>(Clique aqui)<\/strong><\/a><\/p><p style=\"text-align: center;\"><a href=\"http:\/\/concursos2.fadesp.org.br\/prefeitura\/2023\/marituba\/arquivos\/PROVA ACS AGENTE COMUNIT\u00c1RIO DE SA\u00daDE MARITUBA TIPO 2 B3N2M4.pdf\" data-wplink-url-error=\"true\">PROVA ACS AGENTE COMUNIT\u00c1RIO DE SA\u00daDE MARITUBA TIPO 2, de 24\/07\/2023 <strong>(Clique aqui)<\/strong><\/a><\/p><p style=\"text-align: center;\"><a href=\"http:\/\/concursos2.fadesp.org.br\/prefeitura\/2023\/marituba\/arquivos\/Resultado Definitivo de Inscri\u00e7\u00f5es Homologadas para Realizar a Prova Objetiva - 19-07-2023 BN2436XV4.pdf\" data-wplink-url-error=\"true\">Resultado Definitivo de Inscri\u00e7\u00f5es Homologadas para Realizar a Prova Objetiva, de 19\/07\/2023 <strong>(Clique aqui)<\/strong><\/a><\/p><p style=\"text-align: center;\"><a href=\"http:\/\/concursos2.fadesp.org.br\/prefeitura\/2023\/marituba\/arquivos\/Resultado Definitivo de Concorrentes como PcD - 19-07-2023 BN2436XV4.pdf\" data-wplink-url-error=\"true\">Resultado Definitivo de Concorrentes como PcD, de 19\/07\/2023 <strong>(Clique aqui)<\/strong><\/a><\/p><p style=\"text-align: center;\"><a href=\"http:\/\/concursos2.fadesp.org.br\/prefeitura\/2023\/marituba\/arquivos\/Resultado Definitivo de Atendimentos Especiais no Dia da Prova - 19-07-2023 BN2436XV4.pdf\" data-wplink-url-error=\"true\">Resultado Definitivo de Atendimentos Especiais no Dia da Prova, de 19\/07\/2023 <strong>(Clique aqui)<\/strong><\/a><\/p><p style=\"text-align: center;\"><a href=\"http:\/\/concursos2.fadesp.org.br\/prefeitura\/2023\/marituba\/arquivos\/Resultado Definitivo da FASE I - 19-07-2023 BN2436XV4.pdf\" data-wplink-url-error=\"true\">Resultado Definitivo da FASE I, de 19\/07\/2023 <strong>(Clique aqui)<\/strong><\/a><\/p><p style=\"text-align: center;\"><a href=\"http:\/\/concursos2.fadesp.org.br\/prefeitura\/2023\/marituba\/arquivos\/Demanda_Concorr\u00eancia - 19-07-2023 BN2436XV4.pdf\" data-wplink-url-error=\"true\">Demanda Concorr\u00eancia, de 19\/07\/2023 <strong>(Clique aqui)<\/strong><\/a><\/p><p style=\"text-align: center;\"><a href=\"http:\/\/concursos2.fadesp.org.br\/prefeitura\/2023\/marituba\/arquivos\/Resultado Preliminar de Inscri\u00e7\u00f5es Homologadas para Realizar a Prova Objetiva - 17-07-2023 3UI2B43BV.pdf\" data-wplink-url-error=\"true\">Resultado Preliminar de Inscri\u00e7\u00f5es Homologadas para Realizar a Prova Objetiva, 17\/07\/2023 <strong>(Clique aqui)<\/strong><\/a><\/p><p style=\"text-align: center;\"><a href=\"http:\/\/concursos2.fadesp.org.br\/prefeitura\/2023\/marituba\/arquivos\/Resultado Preliminar de Concorentes como PcD - 17-07-2023 3UI2B43BV.pdf\" data-wplink-url-error=\"true\">Resultado Preliminar de Concorrentes como PcD, de 17\/07\/2023 <strong>(Clique aqui)<\/strong><\/a><\/p><p style=\"text-align: center;\"><a href=\"http:\/\/concursos2.fadesp.org.br\/prefeitura\/2023\/marituba\/arquivos\/Resultado Preliminar de Atendimentos Especiais no Dia da Prova - 17-07-2023 3UI2B43BV.pdf\" data-wplink-url-error=\"true\">Resultado Preliminar de Atendimentos Especiais no Dia da Prova, de 17\/07\/2023 <strong>(Clique aqui)<\/strong><\/a><\/p><p style=\"text-align: center;\"><a href=\"http:\/\/concursos2.fadesp.org.br\/prefeitura\/2023\/marituba\/arquivos\/Resultado Preliminar da FASE I - Comprova\u00e7\u00e3o de Endere\u00e7o - 17-07-2023 3UI2B43BV.pdf\" data-wplink-url-error=\"true\">Resultado Preliminar da FASE I &#8211; Comprova\u00e7\u00e3o de Endere\u00e7o, de 17\/07\/2023 <strong>(Clique aqui)<\/strong><\/a><\/p><p style=\"text-align: center;\"><a href=\"http:\/\/concursos2.fadesp.org.br\/prefeitura\/2023\/marituba\/arquivos\/Errata n\u00b0 01_2023 - Prorroga\u00e7\u00e3o das Inscri\u00e7\u00f5es.pdf\" data-wplink-url-error=\"true\">Errata n\u00b0 01_2023 &#8211; Prorroga\u00e7\u00e3o das Inscri\u00e7\u00f5es, de 06\/07\/2023 <strong>(Clique aqui)<\/strong><\/a><\/p><p style=\"text-align: center;\"><a href=\"http:\/\/concursos2.fadesp.org.br\/prefeitura\/2023\/marituba\/arquivos\/Resultado Definitivo Isen\u00e7\u00e3o PCD - 03-07-2023.pdf\" data-wplink-url-error=\"true\">Resultado Definitivo Isen\u00e7\u00e3o PCD, de 03\/07\/2023 <strong>(Clique aqui)<\/strong><\/a><\/p><p style=\"text-align: center;\"><a href=\"http:\/\/concursos2.fadesp.org.br\/prefeitura\/2023\/marituba\/arquivos\/Resultado Preliminar Isen\u00e7\u00e3o PcD - 28-06-2023.pdf\" data-wplink-url-error=\"true\">Resultado Preliminar Isen\u00e7\u00e3o PcD, de 28\/06\/2023 <strong>(Clique aqui)<\/strong><\/a><\/p><p style=\"text-align: center;\"><a href=\"http:\/\/concursos2.fadesp.org.br\/prefeitura\/2023\/marituba\/arquivos\/Etapas, pr\u00e9-requisitos, vencimentos, vagas, cronograma e documentos para posse.pdf\" data-wplink-url-error=\"true\">Etapas, pr\u00e9-requisitos, vencimentos, vagas, cronograma e documentos para posse, de 23\/06\/2023 <strong>(Clique aqui)<\/strong><\/a><\/p><p style=\"text-align: center;\"><a href=\"http:\/\/concursos2.fadesp.org.br\/prefeitura\/2023\/marituba\/arquivos\/Edital%20de%20Abertura.pdf\">Edital 01\/2023, de 23\/06\/2023 <strong>(Clique aqui)<\/strong><\/a><\/p>\t\t\t\t\t\t\t\t<\/div>\n\t\t\t\t<\/div>\n\t\t\t\t\t<\/div>\n\t\t<\/div>\n\t\t\t\t\t<\/div>\n\t\t<\/section>\n\t\t\t\t\t<\/div>\n\t\t<\/div>\n\t\t\t\t\t<\/div>\n\t\t<\/section>\n\t\t\t\t<\/div>\n\t\t","protected":false},"excerpt":{"rendered":"<p>Processo Seletivo P\u00fablico da Prefeitura Municipal de Marituba \u2013 2023 A Prefeitura Municipal de Marituba (PMM), atrav\u00e9s da Secretaria Municipal de Sa\u00fade, supervisionado pela Secretaria Municipal de Administra\u00e7\u00e3o, torna p\u00fablico o Edital de Abertura do Processo Seletivo P\u00fablico (PSP), Edital n\u00b0 01\/2023\/PMM\/ACS, de acordo com a Lei Federal n\u00ba 8.958\/94, regulamentada pelo Decreto n\u00ba 7.423 [&hellip;]<\/p>\n","protected":false},"author":12,"featured_media":0,"parent":329,"menu_order":0,"comment_status":"closed","ping_status":"closed","template":"","meta":{"_monsterinsights_skip_tracking":false,"_monsterinsights_sitenote_active":false,"_monsterinsights_sitenote_note":"","_monsterinsights_sitenote_category":0,"footnotes":""},"class_list":["post-41409","page","type-page","status-publish","hentry","entry"],"yoast_head":"<!-- This site is optimized with the Yoast SEO plugin v25.1 - https:\/\/yoast.com\/wordpress\/plugins\/seo\/ -->\n<title>Processo Seletivo P\u00fablico da Prefeitura Municipal de Marituba \u2013 2023 - FADESP<\/title>\n<meta name=\"robots\" content=\"index, follow, max-snippet:-1, max-image-preview:large, max-video-preview:-1\" \/>\n<link rel=\"canonical\" href=\"https:\/\/portalfadesp.org.br\/?page_id=41409\" \/>\n<meta property=\"og:locale\" content=\"pt_BR\" \/>\n<meta property=\"og:type\" content=\"article\" \/>\n<meta property=\"og:title\" content=\"Processo Seletivo P\u00fablico da Prefeitura Municipal de Marituba \u2013 2023 - FADESP\" \/>\n<meta property=\"og:description\" content=\"Processo Seletivo P\u00fablico da Prefeitura Municipal de Marituba \u2013 2023 A Prefeitura Municipal de Marituba (PMM), atrav\u00e9s da Secretaria Municipal de Sa\u00fade, supervisionado pela Secretaria Municipal de Administra\u00e7\u00e3o, torna p\u00fablico o Edital de Abertura do Processo Seletivo P\u00fablico (PSP), Edital n\u00b0 01\/2023\/PMM\/ACS, de acordo com a Lei Federal n\u00ba 8.958\/94, regulamentada pelo Decreto n\u00ba 7.423 [&hellip;]\" \/>\n<meta property=\"og:url\" content=\"https:\/\/portalfadesp.org.br\/?page_id=41409\" \/>\n<meta property=\"og:site_name\" content=\"FADESP\" \/>\n<meta property=\"article:publisher\" content=\"https:\/\/www.facebook.com\/Fadesp-138351949524662\/\" \/>\n<meta property=\"article:modified_time\" content=\"2023-08-11T18:02:38+00:00\" \/>\n<meta name=\"twitter:card\" content=\"summary_large_image\" \/>\n<meta name=\"twitter:site\" content=\"@Fadesp\" \/>\n<meta name=\"twitter:label1\" content=\"Est. tempo de leitura\" \/>\n\t<meta name=\"twitter:data1\" content=\"4 minutos\" \/>\n<script type=\"application\/ld+json\" class=\"yoast-schema-graph\">{\"@context\":\"https:\/\/schema.org\",\"@graph\":[{\"@type\":\"WebPage\",\"@id\":\"https:\/\/portalfadesp.org.br\/?page_id=41409\",\"url\":\"https:\/\/portalfadesp.org.br\/?page_id=41409\",\"name\":\"Processo Seletivo P\u00fablico da Prefeitura Municipal de Marituba \u2013 2023 - FADESP\",\"isPartOf\":{\"@id\":\"https:\/\/portalfadesp.org.br\/#website\"},\"datePublished\":\"2023-06-23T16:52:02+00:00\",\"dateModified\":\"2023-08-11T18:02:38+00:00\",\"breadcrumb\":{\"@id\":\"https:\/\/portalfadesp.org.br\/?page_id=41409#breadcrumb\"},\"inLanguage\":\"pt-BR\",\"potentialAction\":[{\"@type\":\"ReadAction\",\"target\":[\"https:\/\/portalfadesp.org.br\/?page_id=41409\"]}]},{\"@type\":\"BreadcrumbList\",\"@id\":\"https:\/\/portalfadesp.org.br\/?page_id=41409#breadcrumb\",\"itemListElement\":[{\"@type\":\"ListItem\",\"position\":1,\"name\":\"In\u00edcio\",\"item\":\"https:\/\/portalfadesp.org.br\/\"},{\"@type\":\"ListItem\",\"position\":2,\"name\":\"Concursos &#8211; Homologados\",\"item\":\"https:\/\/portalfadesp.org.br\/?page_id=329\"},{\"@type\":\"ListItem\",\"position\":3,\"name\":\"Processo Seletivo P\u00fablico da Prefeitura Municipal de Marituba \u2013 2023\"}]},{\"@type\":\"WebSite\",\"@id\":\"https:\/\/portalfadesp.org.br\/#website\",\"url\":\"https:\/\/portalfadesp.org.br\/\",\"name\":\"FADESP\",\"description\":\"Funda\u00e7\u00e3o de Amparo e Desenvolvimento da Pesquisa\",\"publisher\":{\"@id\":\"https:\/\/portalfadesp.org.br\/#organization\"},\"potentialAction\":[{\"@type\":\"SearchAction\",\"target\":{\"@type\":\"EntryPoint\",\"urlTemplate\":\"https:\/\/portalfadesp.org.br\/?s={search_term_string}\"},\"query-input\":{\"@type\":\"PropertyValueSpecification\",\"valueRequired\":true,\"valueName\":\"search_term_string\"}}],\"inLanguage\":\"pt-BR\"},{\"@type\":\"Organization\",\"@id\":\"https:\/\/portalfadesp.org.br\/#organization\",\"name\":\"FADESP\",\"url\":\"https:\/\/portalfadesp.org.br\/\",\"logo\":{\"@type\":\"ImageObject\",\"inLanguage\":\"pt-BR\",\"@id\":\"https:\/\/portalfadesp.org.br\/#\/schema\/logo\/image\/\",\"url\":\"https:\/\/portalfadesp.org.br\/wp-content\/uploads\/2024\/01\/NOVOLOGOFADESPlaranjaH.png\",\"contentUrl\":\"https:\/\/portalfadesp.org.br\/wp-content\/uploads\/2024\/01\/NOVOLOGOFADESPlaranjaH.png\",\"width\":2742,\"height\":839,\"caption\":\"FADESP\"},\"image\":{\"@id\":\"https:\/\/portalfadesp.org.br\/#\/schema\/logo\/image\/\"},\"sameAs\":[\"https:\/\/www.facebook.com\/Fadesp-138351949524662\/\",\"https:\/\/x.com\/Fadesp\",\"https:\/\/www.instagram.com\/fadesp_ufpa\/\",\"https:\/\/www.youtube.com\/@fundacaodeamparoedesenvolv1903\",\"https:\/\/www.threads.net\/@fadesp_ufpa\"]}]}<\/script>\n<!-- \/ Yoast SEO plugin. -->","yoast_head_json":{"title":"Processo Seletivo P\u00fablico da Prefeitura Municipal de Marituba \u2013 2023 - FADESP","robots":{"index":"index","follow":"follow","max-snippet":"max-snippet:-1","max-image-preview":"max-image-preview:large","max-video-preview":"max-video-preview:-1"},"canonical":"https:\/\/portalfadesp.org.br\/?page_id=41409","og_locale":"pt_BR","og_type":"article","og_title":"Processo Seletivo P\u00fablico da Prefeitura Municipal de Marituba \u2013 2023 - FADESP","og_description":"Processo Seletivo P\u00fablico da Prefeitura Municipal de Marituba \u2013 2023 A Prefeitura Municipal de Marituba (PMM), atrav\u00e9s da Secretaria Municipal de Sa\u00fade, supervisionado pela Secretaria Municipal de Administra\u00e7\u00e3o, torna p\u00fablico o Edital de Abertura do Processo Seletivo P\u00fablico (PSP), Edital n\u00b0 01\/2023\/PMM\/ACS, de acordo com a Lei Federal n\u00ba 8.958\/94, regulamentada pelo Decreto n\u00ba 7.423 [&hellip;]","og_url":"https:\/\/portalfadesp.org.br\/?page_id=41409","og_site_name":"FADESP","article_publisher":"https:\/\/www.facebook.com\/Fadesp-138351949524662\/","article_modified_time":"2023-08-11T18:02:38+00:00","twitter_card":"summary_large_image","twitter_site":"@Fadesp","twitter_misc":{"Est. tempo de leitura":"4 minutos"},"schema":{"@context":"https:\/\/schema.org","@graph":[{"@type":"WebPage","@id":"https:\/\/portalfadesp.org.br\/?page_id=41409","url":"https:\/\/portalfadesp.org.br\/?page_id=41409","name":"Processo Seletivo P\u00fablico da Prefeitura Municipal de Marituba \u2013 2023 - FADESP","isPartOf":{"@id":"https:\/\/portalfadesp.org.br\/#website"},"datePublished":"2023-06-23T16:52:02+00:00","dateModified":"2023-08-11T18:02:38+00:00","breadcrumb":{"@id":"https:\/\/portalfadesp.org.br\/?page_id=41409#breadcrumb"},"inLanguage":"pt-BR","potentialAction":[{"@type":"ReadAction","target":["https:\/\/portalfadesp.org.br\/?page_id=41409"]}]},{"@type":"BreadcrumbList","@id":"https:\/\/portalfadesp.org.br\/?page_id=41409#breadcrumb","itemListElement":[{"@type":"ListItem","position":1,"name":"In\u00edcio","item":"https:\/\/portalfadesp.org.br\/"},{"@type":"ListItem","position":2,"name":"Concursos &#8211; Homologados","item":"https:\/\/portalfadesp.org.br\/?page_id=329"},{"@type":"ListItem","position":3,"name":"Processo Seletivo P\u00fablico da Prefeitura Municipal de Marituba \u2013 2023"}]},{"@type":"WebSite","@id":"https:\/\/portalfadesp.org.br\/#website","url":"https:\/\/portalfadesp.org.br\/","name":"FADESP","description":"Funda\u00e7\u00e3o de Amparo e Desenvolvimento da Pesquisa","publisher":{"@id":"https:\/\/portalfadesp.org.br\/#organization"},"potentialAction":[{"@type":"SearchAction","target":{"@type":"EntryPoint","urlTemplate":"https:\/\/portalfadesp.org.br\/?s={search_term_string}"},"query-input":{"@type":"PropertyValueSpecification","valueRequired":true,"valueName":"search_term_string"}}],"inLanguage":"pt-BR"},{"@type":"Organization","@id":"https:\/\/portalfadesp.org.br\/#organization","name":"FADESP","url":"https:\/\/portalfadesp.org.br\/","logo":{"@type":"ImageObject","inLanguage":"pt-BR","@id":"https:\/\/portalfadesp.org.br\/#\/schema\/logo\/image\/","url":"https:\/\/portalfadesp.org.br\/wp-content\/uploads\/2024\/01\/NOVOLOGOFADESPlaranjaH.png","contentUrl":"https:\/\/portalfadesp.org.br\/wp-content\/uploads\/2024\/01\/NOVOLOGOFADESPlaranjaH.png","width":2742,"height":839,"caption":"FADESP"},"image":{"@id":"https:\/\/portalfadesp.org.br\/#\/schema\/logo\/image\/"},"sameAs":["https:\/\/www.facebook.com\/Fadesp-138351949524662\/","https:\/\/x.com\/Fadesp","https:\/\/www.instagram.com\/fadesp_ufpa\/","https:\/\/www.youtube.com\/@fundacaodeamparoedesenvolv1903","https:\/\/www.threads.net\/@fadesp_ufpa"]}]}},"_links":{"self":[{"href":"https:\/\/portalfadesp.org.br\/index.php?rest_route=\/wp\/v2\/pages\/41409","targetHints":{"allow":["GET"]}}],"collection":[{"href":"https:\/\/portalfadesp.org.br\/index.php?rest_route=\/wp\/v2\/pages"}],"about":[{"href":"https:\/\/portalfadesp.org.br\/index.php?rest_route=\/wp\/v2\/types\/page"}],"author":[{"embeddable":true,"href":"https:\/\/portalfadesp.org.br\/index.php?rest_route=\/wp\/v2\/users\/12"}],"replies":[{"embeddable":true,"href":"https:\/\/portalfadesp.org.br\/index.php?rest_route=%2Fwp%2Fv2%2Fcomments&post=41409"}],"version-history":[{"count":98,"href":"https:\/\/portalfadesp.org.br\/index.php?rest_route=\/wp\/v2\/pages\/41409\/revisions"}],"predecessor-version":[{"id":42437,"href":"https:\/\/portalfadesp.org.br\/index.php?rest_route=\/wp\/v2\/pages\/41409\/revisions\/42437"}],"up":[{"embeddable":true,"href":"https:\/\/portalfadesp.org.br\/index.php?rest_route=\/wp\/v2\/pages\/329"}],"wp:attachment":[{"href":"https:\/\/portalfadesp.org.br\/index.php?rest_route=%2Fwp%2Fv2%2Fmedia&parent=41409"}],"curies":[{"name":"wp","href":"https:\/\/api.w.org\/{rel}","templated":true}]}}