{"id":41230,"date":"2023-06-13T09:12:21","date_gmt":"2023-06-13T12:12:21","guid":{"rendered":"https:\/\/portalfadesp.org.br\/?page_id=41230"},"modified":"2024-01-05T11:11:15","modified_gmt":"2024-01-05T14:11:15","slug":"pagina_modelo-19-12-26","status":"publish","type":"page","link":"https:\/\/portalfadesp.org.br\/?page_id=41230","title":{"rendered":"Processo de Sele\u00e7\u00e3o do\u00a0Conselho Municipal dos Direitos da Crian\u00e7a e do Adolescente \u2013 COMDICA (2023)."},"content":{"rendered":"\t\t<div data-elementor-type=\"wp-post\" data-elementor-id=\"41230\" class=\"elementor elementor-41230\" data-elementor-post-type=\"page\">\n\t\t\t\t\t\t<section class=\"elementor-section elementor-top-section elementor-element elementor-element-1f2996d1 elementor-section-boxed elementor-section-height-default elementor-section-height-default\" data-id=\"1f2996d1\" data-element_type=\"section\">\n\t\t\t\t\t\t<div class=\"elementor-container elementor-column-gap-default\">\n\t\t\t\t\t<div class=\"elementor-column elementor-col-100 elementor-top-column elementor-element elementor-element-59a4b3f8\" data-id=\"59a4b3f8\" data-element_type=\"column\">\n\t\t\t<div class=\"elementor-widget-wrap elementor-element-populated\">\n\t\t\t\t\t\t<div class=\"elementor-element elementor-element-799471af elementor-widget elementor-widget-heading\" data-id=\"799471af\" data-element_type=\"widget\" data-widget_type=\"heading.default\">\n\t\t\t\t<div class=\"elementor-widget-container\">\n\t\t\t\t\t<h1 class=\"elementor-heading-title elementor-size-default\">Processo de Sele\u00e7\u00e3o do&nbsp;Conselho dos Direitos da Crian\u00e7a e do Adolescente do Munic\u00edpio de Ananindeua\u2013 COMDICA (2023).<\/h1>\t\t\t\t<\/div>\n\t\t\t\t<\/div>\n\t\t\t\t<section class=\"elementor-section elementor-inner-section elementor-element elementor-element-336311f elementor-section-boxed elementor-section-height-default elementor-section-height-default\" data-id=\"336311f\" data-element_type=\"section\">\n\t\t\t\t\t\t<div class=\"elementor-container elementor-column-gap-default\">\n\t\t\t\t\t<div class=\"elementor-column elementor-col-50 elementor-inner-column elementor-element elementor-element-75ca0dc3\" data-id=\"75ca0dc3\" data-element_type=\"column\">\n\t\t\t<div class=\"elementor-widget-wrap elementor-element-populated\">\n\t\t\t\t\t\t<div class=\"elementor-element elementor-element-425a3096 elementor-widget elementor-widget-text-editor\" data-id=\"425a3096\" data-element_type=\"widget\" data-widget_type=\"text-editor.default\">\n\t\t\t\t<div class=\"elementor-widget-container\">\n\t\t\t\t\t\t\t\t\t<p><span class=\"s2\"><span class=\"bumpedFont15\">O Conselho Municipal dos Direitos da Crian\u00e7a e do Adolescente <\/span><\/span><span class=\"s2\"><span class=\"bumpedFont15\">de Ananindeua &#8211; <\/span><\/span><span class=\"s2\"><span class=\"bumpedFont15\">COMDICA realiza<\/span><\/span> <span class=\"s3\"><span class=\"bumpedFont15\">Processo de Escolha Unificado <\/span><\/span><span class=\"s3\"><span class=\"bumpedFont15\">2023 dos<\/span><\/span><a name=\"_GoBack\"><\/a><span class=\"s3\"><span class=\"bumpedFont15\"> Membros dos Conselhos Tutelares I, II, III e IV, de Ananindeua para o quadri\u00eanio 2024\/2027<\/span><\/span><span class=\"s3\"><span class=\"bumpedFont15\">, em conformidade com o art. 132 a 139, \u00a72\u00ba, da Lei Federal n. 8.069\/1990 (Estatuto da Crian\u00e7a e do Adolescente), na Resolu\u00e7\u00e3o n\u00ba 231\/2022 do CONANDA, na Lei Municipal n\u00ba 2.714\/9.4.2015 e altera\u00e7\u00f5es efetuadas pela Lei Complementar Municipal n\u00ba 3.307\/31.03.2023, mediante as condi\u00e7\u00f5es estabelecidas nas Resolu\u00e7\u00f5es\/Editais dispon\u00edveis na p\u00e1gina do referido processo.<\/span><\/span><\/p><p class=\"s6\"><strong><span class=\"s5\"><span class=\"bumpedFont15\">Resultado final dos inscritos deferidos e Aptos \u00e0 Prova Objetiva e Prova de Reda\u00e7\u00e3o:<\/span><\/span><\/strong><span class=\"s2\"><span class=\"bumpedFont15\">\u00a023\/06\/2023<\/span><\/span><span class=\"s2\"><span class=\"bumpedFont15\">.<\/span><\/span><\/p><p class=\"s6\"><strong><span class=\"s5\"><span class=\"bumpedFont15\">Prova <\/span><\/span><span class=\"s5\"><span class=\"bumpedFont15\">O<\/span><\/span><span class=\"s5\"><span class=\"bumpedFont15\">bjetiva<\/span><\/span><span class=\"s5\"><span class=\"bumpedFont15\"> e Prova de Reda\u00e7\u00e3o:<\/span><\/span><\/strong><span class=\"s5\"><span class=\"bumpedFont15\">\u00a0<\/span><\/span><span class=\"s2\"><span class=\"bumpedFont15\">0<\/span><\/span><span class=\"s2\"><span class=\"bumpedFont15\">2<\/span><\/span><span class=\"s2\"><span class=\"bumpedFont15\">\/07\/20<\/span><\/span><span class=\"s2\"><span class=\"bumpedFont15\">23<\/span><\/span><span class=\"s2\"><span class=\"bumpedFont15\"> \u2013 Das 8h \u00e0s 13h<\/span><\/span><span class=\"s2\"><span class=\"bumpedFont15\">.<\/span><\/span><\/p><p class=\"s6\"><strong><span class=\"s5\"><span class=\"bumpedFont15\">Resultado Definitivo da Prova Objetiva e Prova de Reda\u00e7\u00e3o:<\/span><\/span><\/strong><span class=\"s2\"><span class=\"bumpedFont15\">\u00a018\/07\/2023.<\/span><\/span><\/p><p class=\"s6\"><strong><span class=\"s5\"><span class=\"bumpedFont15\">Convoca\u00e7\u00e3o para a Avalia\u00e7\u00e3o Psicol\u00f3gica:<\/span><\/span><\/strong><span class=\"s2\"><span class=\"bumpedFont15\">\u00a018\/07\/2023<\/span><\/span><\/p><p class=\"s6\"><strong><span class=\"s5\"><span class=\"bumpedFont15\">Avalia\u00e7\u00e3o <\/span><\/span><span class=\"s5\"><span class=\"bumpedFont15\">P<\/span><\/span><span class=\"s5\"><span class=\"bumpedFont15\">sicol\u00f3gica:<\/span><\/span><\/strong><span class=\"s5\"><span class=\"bumpedFont15\">\u00a0<\/span><\/span><span class=\"s7\"><span class=\"bumpedFont15\">23<\/span><\/span><span class=\"s2\"><span class=\"bumpedFont15\">\/0<\/span><\/span><span class=\"s2\"><span class=\"bumpedFont15\">7<\/span><\/span><span class=\"s2\"><span class=\"bumpedFont15\">\/20<\/span><\/span><span class=\"s2\"><span class=\"bumpedFont15\">23<\/span><\/span><span class=\"s2\"><span class=\"bumpedFont15\">.<\/span><\/span><\/p><p class=\"s6\"><strong><span class=\"s5\"><span class=\"bumpedFont15\">Resultado Definitivo do Processo de Sele\u00e7\u00e3o e Rela\u00e7\u00e3o de <\/span><\/span><span class=\"s5\"><span class=\"bumpedFont15\">candidatos habilitados a elei\u00e7\u00e3o: <\/span><\/span><\/strong><span class=\"s2\"><span class=\"bumpedFont15\">08\/08\/2023.<\/span><\/span><\/p><p class=\"s6\"><strong><span class=\"s5\"><span class=\"bumpedFont15\">Curso de Forma\u00e7\u00e3o <\/span><\/span><span class=\"s5\"><span class=\"bumpedFont15\">Continuada de 40h para os <\/span><\/span><span class=\"s5\"><span class=\"bumpedFont15\">eleitos<\/span><\/span><span class=\"s5\"><span class=\"bumpedFont15\"> :<\/span><\/span><\/strong><span class=\"s2\"><span class=\"bumpedFont15\">23\/10\/2023 a 27\/10\/2023<\/span><\/span><\/p>\t\t\t\t\t\t\t\t<\/div>\n\t\t\t\t<\/div>\n\t\t\t\t\t<\/div>\n\t\t<\/div>\n\t\t\t\t<div class=\"elementor-column elementor-col-50 elementor-inner-column elementor-element elementor-element-79608089\" data-id=\"79608089\" data-element_type=\"column\">\n\t\t\t<div class=\"elementor-widget-wrap elementor-element-populated\">\n\t\t\t\t\t\t<div class=\"elementor-element elementor-element-2204930 elementor-widget elementor-widget-text-editor\" data-id=\"2204930\" data-element_type=\"widget\" data-widget_type=\"text-editor.default\">\n\t\t\t\t<div class=\"elementor-widget-container\">\n\t\t\t\t\t\t\t\t\t<div class=\"botaoBug\" style=\"margin-bottom: 10px;\"><a href=\"http:\/\/concursos2.fadesp.org.br\/prefeitura\/2023\/comdica\/web\/\"><strong>\u00c1rea do candidato (Clique aqui)<\/strong><\/a><\/div><div><em>* Na \u00e1rea do candidato poder\u00e1 ser realizado seu cadastro, inscri\u00e7\u00e3o, emiss\u00e3o de boleto, recursos, impress\u00e3o de cart\u00e3o e afins\u2026<\/em><\/div><div>\u00a0<\/div><div style=\"text-align: center;\"><strong>AVISO<\/strong><\/div><div style=\"text-align: center;\"><strong>Prazo para recurso \u00e0 Comiss\u00e3o Eleitoral at\u00e9 14\/08\/2023 no Conselho Municipal dos Direitos da Crian\u00e7a e do Adolescente de Ananindeua.\u00a0<\/strong><\/div>\t\t\t\t\t\t\t\t<\/div>\n\t\t\t\t<\/div>\n\t\t\t\t<div class=\"elementor-element elementor-element-7ccac55 elementor-widget elementor-widget-text-editor\" data-id=\"7ccac55\" data-element_type=\"widget\" data-widget_type=\"text-editor.default\">\n\t\t\t\t<div class=\"elementor-widget-container\">\n\t\t\t\t\t\t\t\t\t<p><strong>Editais\u00a0<\/strong><\/p>\t\t\t\t\t\t\t\t<\/div>\n\t\t\t\t<\/div>\n\t\t\t\t<div class=\"elementor-element elementor-element-368e568 elementor-widget elementor-widget-text-editor\" data-id=\"368e568\" data-element_type=\"widget\" data-widget_type=\"text-editor.default\">\n\t\t\t\t<div class=\"elementor-widget-container\">\n\t\t\t\t\t\t\t\t\t<p style=\"text-align: center;\"><a href=\"https:\/\/portalfadesp.org.br\/wp-content\/uploads\/2023\/11\/PUBLICACAO-DIARIO-PREF-ANANINDEUA-PAGINAS-06-07-e-08-17-11-2023.pdf\">PUBLICA\u00c7\u00c3O DI\u00c1RIO PREF ANANINDEUA &#8211; P\u00c1GINAS 06, 07 e 08, de 17\/11\/2023 <strong>(Clique aqui)<\/strong><\/a><\/p><p style=\"text-align: center;\"><a href=\"https:\/\/portalfadesp.org.br\/wp-content\/uploads\/2023\/11\/RESOLUCAO-044-DE-20-10-2023.pdf\">RESOLU\u00c7\u00c3O 044, de 20\/10\/2023 <strong>(Clique aqui)<\/strong><\/a><\/p><p style=\"text-align: center;\"><a href=\"http:\/\/concursos2.fadesp.org.br\/prefeitura\/2023\/comdica\/arquivos\/Resultado Defintivo Final e Habilitados a Elei\u00e7\u00e3o - 08_08_2023.pdf\" data-wplink-url-error=\"true\">Resultado Defintivo Final e Habilitados a Elei\u00e7\u00e3o, de 08\/08\/2023 <strong>(Clique aqui)<\/strong><\/a><\/p><p style=\"text-align: center;\"><a href=\"http:\/\/concursos2.fadesp.org.br\/prefeitura\/2023\/comdica\/arquivos\/RESOLU\u00c7\u00c3O 029 E 030-2023 - Di\u00e1rio Oficial 7.8.2023.pdf\" data-wplink-url-error=\"true\">RESOLU\u00c7\u00c3O 029 E 030-2023 &#8211; Di\u00e1rio Oficial, de\u00a0 07\/08\/2023 <strong>(Clique aqui)<\/strong><\/a><\/p><p style=\"text-align: center;\"><a href=\"http:\/\/concursos2.fadesp.org.br\/prefeitura\/2023\/comdica\/arquivos\/Resultado Preliminar Final - 02_08_2023.pdf\" data-wplink-url-error=\"true\">Resultado Preliminar Final, de 02\/08\/2023 <strong>(Clique aqui)<\/strong><\/a><\/p><p style=\"text-align: center;\"><a href=\"http:\/\/concursos2.fadesp.org.br\/prefeitura\/2023\/comdica\/arquivos\/Resultado Definitivo da Avalia\u00e7\u00e3o Ps\u00edcol\u00f3gica - 02_08_2023.pdf\" data-wplink-url-error=\"true\">Resultado Definitivo da Avalia\u00e7\u00e3o Ps\u00edcol\u00f3gica, de 02\/08\/2023 <strong>(Clique aqui)<\/strong><\/a><\/p><p style=\"text-align: center;\"><a href=\"http:\/\/concursos2.fadesp.org.br\/prefeitura\/2023\/comdica\/arquivos\/Resultado Preliminar da Avalia\u00e7\u00e3o Ps\u00edcol\u00f3gica - 26_07_2023 BN34M4.pdf\" data-wplink-url-error=\"true\">Resultado Preliminar da Avalia\u00e7\u00e3o Ps\u00edcol\u00f3gica, de 26\/07\/2023 <strong>(Clique aqui)<\/strong><\/a><\/p><p style=\"text-align: center;\"><a href=\"http:\/\/concursos2.fadesp.org.br\/prefeitura\/2023\/comdica\/arquivos\/RESOLU\u00c7\u00c3O 028 - 18-07-2023.pdf\" data-wplink-url-error=\"true\">RESOLU\u00c7\u00c3O 028, de 18\/07\/2023 <strong>(Clique aqui)<\/strong><\/a><\/p><p style=\"text-align: center;\"><a href=\"http:\/\/concursos2.fadesp.org.br\/prefeitura\/2023\/comdica\/arquivos\/RESOLU\u00c7\u00c3O 027-2023 - 13-07-2023.pdf\" data-wplink-url-error=\"true\">RESOLU\u00c7\u00c3O 027-2023, de 13\/07\/2023 <strong>(Clique aqui)<\/strong><\/a><\/p><p style=\"text-align: center;\"><a href=\"http:\/\/concursos2.fadesp.org.br\/prefeitura\/2023\/comdica\/arquivos\/Convoca\u00e7\u00e3o para Avalia\u00e7\u00e3o Psicol\u00f3gica - 18-07-2023 R43JWR.pdf\" data-wplink-url-error=\"true\">Convoca\u00e7\u00e3o para Avalia\u00e7\u00e3o Psicol\u00f3gica, de 18\/07\/2023 <strong>(Clique aqui)<\/strong><\/a><\/p><p style=\"text-align: center;\"><a href=\"http:\/\/concursos2.fadesp.org.br\/prefeitura\/2023\/comdica\/arquivos\/Resultado Definitivo da Prova Reda\u00e7\u00e3o - 18_07_2023 R43JWR.pdf\" data-wplink-url-error=\"true\">Resultado Definitivo da Prova Reda\u00e7\u00e3o, de 18\/07\/2023 <strong>(Clique aqui)<\/strong><\/a><\/p><p style=\"text-align: center;\"><a href=\"http:\/\/concursos2.fadesp.org.br\/prefeitura\/2023\/comdica\/arquivos\/Resultado Definitivo da Prova Objetiva - 18_07_2023 R43JWR.pdf\" data-wplink-url-error=\"true\">Resultado Definitivo da Prova Objetiva, de 18\/07\/2023 <strong>(Clique aqui)<\/strong><\/a><\/p><p style=\"text-align: center;\"><a href=\"http:\/\/concursos2.fadesp.org.br\/prefeitura\/2023\/comdica\/arquivos\/Resultado Preliminar da Prova Reda\u00e7\u00e3o - 12_07_2023.pdf\" data-wplink-url-error=\"true\">Resultado Preliminar da Prova Reda\u00e7\u00e3o, de 12\/07\/2023 <strong>(Clique aqui)<\/strong><\/a><\/p><p style=\"text-align: center;\"><a href=\"http:\/\/concursos2.fadesp.org.br\/prefeitura\/2023\/comdica\/arquivos\/Resultado Preliminar da Prova Objetiva - 12_07_2023.pdf\" data-wplink-url-error=\"true\">Resultado Preliminar da Prova Objetiva, de 12\/07\/2023 <strong>(Clique aqui)<\/strong><\/a><\/p><p style=\"text-align: center;\"><a href=\"http:\/\/concursos2.fadesp.org.br\/prefeitura\/2023\/comdica\/arquivos\/GABARITO OFICIAL DEFINITIVO RETIFICADO_COMDICA_TIPO 1 E TIPO 2 - 11-07-2023.pdf\" data-wplink-url-error=\"true\">GABARITO OFICIAL DEFINITIVO RETIFICADO COMDICA TIPO 1 E TIPO 2, de 11\/07\/2023 <strong>(Clique aqui)<\/strong><\/a><\/p><p style=\"text-align: center;\"><a href=\"http:\/\/concursos2.fadesp.org.br\/prefeitura\/2023\/comdica\/arquivos\/GRADE OFICIAL DEFINITIVO DE CORRE\u00c7\u00c3O DAS REDA\u00c7\u00d5ES_COMDICA - 09-07-2023.pdf\" data-wplink-url-error=\"true\">GRADE OFICIAL DEFINITIVO DE CORRE\u00c7\u00c3O DAS REDA\u00c7\u00d5ES_COMDICA, de 09\/07\/2023 <strong>(Clique aqui)<\/strong><\/a><\/p><p style=\"text-align: center;\"><a href=\"http:\/\/concursos2.fadesp.org.br\/prefeitura\/2023\/comdica\/arquivos\/GABARITO OFICIAL DEFINITIVO_COMDICA_TIPO 1 E TIPO 2 - 09-07-2023.pdf\" data-wplink-url-error=\"true\">GABARITO OFICIAL DEFINITIVO_COMDICA_TIPO 1 E TIPO 2, de 09\/07\/2023 <strong>(Clique aqui)<\/strong><\/a><\/p><p style=\"text-align: center;\"><a href=\"http:\/\/concursos2.fadesp.org.br\/prefeitura\/2023\/comdica\/arquivos\/RESOLU\u00c7\u00c3O 025-2023 RECURSO NO PORTAL FADESP - 06-07-2023.pdf\" data-wplink-url-error=\"true\">RESOLU\u00c7\u00c3O 025-2023 RECURSO NO PORTAL FADESP, de 06\/07\/2023 <strong>(Clique aqui)<\/strong><\/a><\/p><p style=\"text-align: center;\"><a href=\"http:\/\/concursos2.fadesp.org.br\/prefeitura\/2023\/comdica\/arquivos\/gabarito\/GRADE OFICIAL PRELIMINAR DE CORRE\u00c7\u00c3O DAS REDA\u00c7\u00d5ES_COMDICA NBM3VH4.pdf\" data-wplink-url-error=\"true\">GRADE OFICIAL PRELIMINAR DE CORRE\u00c7\u00c3O DAS REDA\u00c7\u00d5ES COMDICA, de 03\/07\/2023 <strong>(Clique aqui)<\/strong><\/a><\/p><p style=\"text-align: center;\"><a href=\"http:\/\/concursos2.fadesp.org.br\/prefeitura\/2023\/comdica\/arquivos\/gabarito\/GABARITO OFICIAL PRELIMINAR_COMDICA TIPO 1 E TIPO 2 NBM3VH4.pdf\" data-wplink-url-error=\"true\">GABARITO OFICIAL PRELIMINAR COMDICA TIPO 1 E TIPO 2, de 03\/07\/2023 <strong>(Clique aqui)<\/strong><\/a><\/p><p style=\"text-align: center;\"><a href=\"http:\/\/concursos2.fadesp.org.br\/prefeitura\/2023\/comdica\/arquivos\/NKLBWQWNJKL4PrOv.html\">PROVAS, de 03\/07\/2023 <strong>(Clique aqui)<\/strong><\/a><\/p><p style=\"text-align: center;\"><a href=\"http:\/\/concursos2.fadesp.org.br\/prefeitura\/2023\/comdica\/arquivos\/6809_diario_de_junho_30.pdf\">Resolu\u00e7\u00e3o COMDICA\u00a0 No 24 Di\u00e1rio Oficial, de 30\/06\/2023 <strong>(Clique aqui)<\/strong><\/a><\/p><p style=\"text-align: center;\"><a href=\"http:\/\/concursos2.fadesp.org.br\/prefeitura\/2023\/comdica\/arquivos\/Convoca\u00e7\u00e3o da Prova Objetiva e Reda\u00e7\u00e3o - Retificado 30_06_2023.pdf\" data-wplink-url-error=\"true\">Convoca\u00e7\u00e3o da Prova Objetiva e Reda\u00e7\u00e3o &#8211; Retificado, de 26\/06\/2023 <strong>(Clique aqui)<\/strong><\/a><\/p><p style=\"text-align: center;\"><a href=\"http:\/\/concursos2.fadesp.org.br\/prefeitura\/2023\/comdica\/arquivos\/6 RESOLU\u00c7\u00c3O COMDICA N\u00ba 023 de 23 de Junho de 2023_Aptos e Habilitados a Prova.pdf\" data-wplink-url-error=\"true\">RESOLU\u00c7\u00c3O COMDICA N\u00ba 023 de 23 de Junho de 2023_Aptos e Habilitados a Prova, de 26\/06\/2023 <strong>(Clique aqui)<\/strong><\/a><\/p><p style=\"text-align: center;\"><a href=\"http:\/\/concursos2.fadesp.org.br\/prefeitura\/2023\/comdica\/arquivos\/5 RESOLU\u00c7\u00c3O 022-2023 ERRATA DA RESOLU\u00c7\u00c3O 021-2023 de 21-06-2023.pdf\" data-wplink-url-error=\"true\">RESOLU\u00c7\u00c3O 022-2023 ERRATA DA RESOLU\u00c7\u00c3O 021-2023, de 21\/06\/2023 <strong>(Clique aqui)<\/strong><\/a><\/p><p style=\"text-align: center;\"><a href=\"http:\/\/concursos2.fadesp.org.br\/prefeitura\/2023\/comdica\/arquivos\/4 RESOLU\u00c7\u00c3O 021-2023 - LISTA DOS CANDIDATOS DEFERIDOS E INDEFERIDOS de 19-06-2023.pdf\" data-wplink-url-error=\"true\">RESOLU\u00c7\u00c3O 021-2023 &#8211; LISTA DOS CANDIDATOS DEFERIDOS E INDEFERIDOS, de 19\/06\/2023 <strong>(Clique aqui)<\/strong><\/a><\/p><p style=\"text-align: center;\"><a href=\"http:\/\/concursos2.fadesp.org.br\/prefeitura\/2023\/comdica\/arquivos\/3 RESOLU\u00c7\u00c3O 020-2023 EDITAL 002-2023 ADITAMENTO EDITAL 001 E RETIFICA\u00c7\u00c3O CRONOGRAMA ELEI\u00c7\u00d5ES.pdf\" data-wplink-url-error=\"true\">RESOLU\u00c7\u00c3O 020-2023 EDITAL 002-2023 ADITAMENTO EDITAL 001 E RETIFICA\u00c7\u00c3O CRONOGRAMA ELEI\u00c7\u00d5ES, de 19\/06\/2023 <strong>(Clique aqui)<\/strong><\/a><\/p><p style=\"text-align: center;\"><a href=\"http:\/\/concursos2.fadesp.org.br\/prefeitura\/2023\/comdica\/arquivos\/2 ERRATA DA RESOLU\u00c7\u00c3O 009-2023 e edital 01-2023.pdf\" data-wplink-url-error=\"true\">ERRATA DA RESOLU\u00c7\u00c3O 009-2023 e edital 01-2023, de 19\/06\/2023 <strong>(Clique aqui)<\/strong><\/a><\/p><p style=\"text-align: center;\"><a href=\"http:\/\/concursos2.fadesp.org.br\/prefeitura\/2023\/comdica\/arquivos\/1 RESOLU\u00c7\u00c3O COMDICA 009 - EDITAL 01-2023 ELEI\u00c7\u00d5ES CONS. TUTELAR ANANINDEUA (1).pdf\" data-wplink-url-error=\"true\">RESOLU\u00c7\u00c3O COMDICA 009 &#8211; EDITAL 01-2023 ELEI\u00c7\u00d5ES CONS. TUTELAR ANANINDEUA, de 19\/06\/2023 <strong>(Clique aqui)<\/strong><\/a><\/p>\t\t\t\t\t\t\t\t<\/div>\n\t\t\t\t<\/div>\n\t\t\t\t\t<\/div>\n\t\t<\/div>\n\t\t\t\t\t<\/div>\n\t\t<\/section>\n\t\t\t\t\t<\/div>\n\t\t<\/div>\n\t\t\t\t\t<\/div>\n\t\t<\/section>\n\t\t\t\t<\/div>\n\t\t","protected":false},"excerpt":{"rendered":"<p>Processo de Sele\u00e7\u00e3o do&nbsp;Conselho dos Direitos da Crian\u00e7a e do Adolescente do Munic\u00edpio de Ananindeua\u2013 COMDICA (2023). O Conselho Municipal dos Direitos da Crian\u00e7a e do Adolescente de Ananindeua &#8211; COMDICA realiza Processo de Escolha Unificado 2023 dos Membros dos Conselhos Tutelares I, II, III e IV, de Ananindeua para o quadri\u00eanio 2024\/2027, em conformidade [&hellip;]<\/p>\n","protected":false},"author":12,"featured_media":0,"parent":329,"menu_order":0,"comment_status":"closed","ping_status":"closed","template":"","meta":{"_monsterinsights_skip_tracking":false,"_monsterinsights_sitenote_active":false,"_monsterinsights_sitenote_note":"","_monsterinsights_sitenote_category":0,"footnotes":""},"class_list":["post-41230","page","type-page","status-publish","hentry","entry"],"yoast_head":"<!-- This site is optimized with the Yoast SEO plugin v25.1 - https:\/\/yoast.com\/wordpress\/plugins\/seo\/ -->\n<title>Processo de Sele\u00e7\u00e3o do\u00a0Conselho Municipal dos Direitos da Crian\u00e7a e do Adolescente \u2013 COMDICA (2023). - FADESP<\/title>\n<meta name=\"robots\" content=\"index, follow, max-snippet:-1, max-image-preview:large, max-video-preview:-1\" \/>\n<link rel=\"canonical\" href=\"https:\/\/portalfadesp.org.br\/?page_id=41230\" \/>\n<meta property=\"og:locale\" content=\"pt_BR\" \/>\n<meta property=\"og:type\" content=\"article\" \/>\n<meta property=\"og:title\" content=\"Processo de Sele\u00e7\u00e3o do\u00a0Conselho Municipal dos Direitos da Crian\u00e7a e do Adolescente \u2013 COMDICA (2023). - FADESP\" \/>\n<meta property=\"og:description\" content=\"Processo de Sele\u00e7\u00e3o do&nbsp;Conselho dos Direitos da Crian\u00e7a e do Adolescente do Munic\u00edpio de Ananindeua\u2013 COMDICA (2023). O Conselho Municipal dos Direitos da Crian\u00e7a e do Adolescente de Ananindeua &#8211; COMDICA realiza Processo de Escolha Unificado 2023 dos Membros dos Conselhos Tutelares I, II, III e IV, de Ananindeua para o quadri\u00eanio 2024\/2027, em conformidade [&hellip;]\" \/>\n<meta property=\"og:url\" content=\"https:\/\/portalfadesp.org.br\/?page_id=41230\" \/>\n<meta property=\"og:site_name\" content=\"FADESP\" \/>\n<meta property=\"article:publisher\" content=\"https:\/\/www.facebook.com\/Fadesp-138351949524662\/\" \/>\n<meta property=\"article:modified_time\" content=\"2024-01-05T14:11:15+00:00\" \/>\n<meta name=\"twitter:card\" content=\"summary_large_image\" \/>\n<meta name=\"twitter:site\" content=\"@Fadesp\" \/>\n<meta name=\"twitter:label1\" content=\"Est. tempo de leitura\" \/>\n\t<meta name=\"twitter:data1\" content=\"3 minutos\" \/>\n<script type=\"application\/ld+json\" class=\"yoast-schema-graph\">{\"@context\":\"https:\/\/schema.org\",\"@graph\":[{\"@type\":\"WebPage\",\"@id\":\"https:\/\/portalfadesp.org.br\/?page_id=41230\",\"url\":\"https:\/\/portalfadesp.org.br\/?page_id=41230\",\"name\":\"Processo de Sele\u00e7\u00e3o do\u00a0Conselho Municipal dos Direitos da Crian\u00e7a e do Adolescente \u2013 COMDICA (2023). - FADESP\",\"isPartOf\":{\"@id\":\"https:\/\/portalfadesp.org.br\/#website\"},\"datePublished\":\"2023-06-13T12:12:21+00:00\",\"dateModified\":\"2024-01-05T14:11:15+00:00\",\"breadcrumb\":{\"@id\":\"https:\/\/portalfadesp.org.br\/?page_id=41230#breadcrumb\"},\"inLanguage\":\"pt-BR\",\"potentialAction\":[{\"@type\":\"ReadAction\",\"target\":[\"https:\/\/portalfadesp.org.br\/?page_id=41230\"]}]},{\"@type\":\"BreadcrumbList\",\"@id\":\"https:\/\/portalfadesp.org.br\/?page_id=41230#breadcrumb\",\"itemListElement\":[{\"@type\":\"ListItem\",\"position\":1,\"name\":\"In\u00edcio\",\"item\":\"https:\/\/portalfadesp.org.br\/\"},{\"@type\":\"ListItem\",\"position\":2,\"name\":\"Concursos &#8211; Homologados\",\"item\":\"https:\/\/portalfadesp.org.br\/?page_id=329\"},{\"@type\":\"ListItem\",\"position\":3,\"name\":\"Processo de Sele\u00e7\u00e3o do\u00a0Conselho Municipal dos Direitos da Crian\u00e7a e do Adolescente \u2013 COMDICA (2023).\"}]},{\"@type\":\"WebSite\",\"@id\":\"https:\/\/portalfadesp.org.br\/#website\",\"url\":\"https:\/\/portalfadesp.org.br\/\",\"name\":\"FADESP\",\"description\":\"Funda\u00e7\u00e3o de Amparo e Desenvolvimento da Pesquisa\",\"publisher\":{\"@id\":\"https:\/\/portalfadesp.org.br\/#organization\"},\"potentialAction\":[{\"@type\":\"SearchAction\",\"target\":{\"@type\":\"EntryPoint\",\"urlTemplate\":\"https:\/\/portalfadesp.org.br\/?s={search_term_string}\"},\"query-input\":{\"@type\":\"PropertyValueSpecification\",\"valueRequired\":true,\"valueName\":\"search_term_string\"}}],\"inLanguage\":\"pt-BR\"},{\"@type\":\"Organization\",\"@id\":\"https:\/\/portalfadesp.org.br\/#organization\",\"name\":\"FADESP\",\"url\":\"https:\/\/portalfadesp.org.br\/\",\"logo\":{\"@type\":\"ImageObject\",\"inLanguage\":\"pt-BR\",\"@id\":\"https:\/\/portalfadesp.org.br\/#\/schema\/logo\/image\/\",\"url\":\"https:\/\/portalfadesp.org.br\/wp-content\/uploads\/2024\/01\/NOVOLOGOFADESPlaranjaH.png\",\"contentUrl\":\"https:\/\/portalfadesp.org.br\/wp-content\/uploads\/2024\/01\/NOVOLOGOFADESPlaranjaH.png\",\"width\":2742,\"height\":839,\"caption\":\"FADESP\"},\"image\":{\"@id\":\"https:\/\/portalfadesp.org.br\/#\/schema\/logo\/image\/\"},\"sameAs\":[\"https:\/\/www.facebook.com\/Fadesp-138351949524662\/\",\"https:\/\/x.com\/Fadesp\",\"https:\/\/www.instagram.com\/fadesp_ufpa\/\",\"https:\/\/www.youtube.com\/@fundacaodeamparoedesenvolv1903\",\"https:\/\/www.threads.net\/@fadesp_ufpa\"]}]}<\/script>\n<!-- \/ Yoast SEO plugin. -->","yoast_head_json":{"title":"Processo de Sele\u00e7\u00e3o do\u00a0Conselho Municipal dos Direitos da Crian\u00e7a e do Adolescente \u2013 COMDICA (2023). - FADESP","robots":{"index":"index","follow":"follow","max-snippet":"max-snippet:-1","max-image-preview":"max-image-preview:large","max-video-preview":"max-video-preview:-1"},"canonical":"https:\/\/portalfadesp.org.br\/?page_id=41230","og_locale":"pt_BR","og_type":"article","og_title":"Processo de Sele\u00e7\u00e3o do\u00a0Conselho Municipal dos Direitos da Crian\u00e7a e do Adolescente \u2013 COMDICA (2023). - FADESP","og_description":"Processo de Sele\u00e7\u00e3o do&nbsp;Conselho dos Direitos da Crian\u00e7a e do Adolescente do Munic\u00edpio de Ananindeua\u2013 COMDICA (2023). O Conselho Municipal dos Direitos da Crian\u00e7a e do Adolescente de Ananindeua &#8211; COMDICA realiza Processo de Escolha Unificado 2023 dos Membros dos Conselhos Tutelares I, II, III e IV, de Ananindeua para o quadri\u00eanio 2024\/2027, em conformidade [&hellip;]","og_url":"https:\/\/portalfadesp.org.br\/?page_id=41230","og_site_name":"FADESP","article_publisher":"https:\/\/www.facebook.com\/Fadesp-138351949524662\/","article_modified_time":"2024-01-05T14:11:15+00:00","twitter_card":"summary_large_image","twitter_site":"@Fadesp","twitter_misc":{"Est. tempo de leitura":"3 minutos"},"schema":{"@context":"https:\/\/schema.org","@graph":[{"@type":"WebPage","@id":"https:\/\/portalfadesp.org.br\/?page_id=41230","url":"https:\/\/portalfadesp.org.br\/?page_id=41230","name":"Processo de Sele\u00e7\u00e3o do\u00a0Conselho Municipal dos Direitos da Crian\u00e7a e do Adolescente \u2013 COMDICA (2023). - FADESP","isPartOf":{"@id":"https:\/\/portalfadesp.org.br\/#website"},"datePublished":"2023-06-13T12:12:21+00:00","dateModified":"2024-01-05T14:11:15+00:00","breadcrumb":{"@id":"https:\/\/portalfadesp.org.br\/?page_id=41230#breadcrumb"},"inLanguage":"pt-BR","potentialAction":[{"@type":"ReadAction","target":["https:\/\/portalfadesp.org.br\/?page_id=41230"]}]},{"@type":"BreadcrumbList","@id":"https:\/\/portalfadesp.org.br\/?page_id=41230#breadcrumb","itemListElement":[{"@type":"ListItem","position":1,"name":"In\u00edcio","item":"https:\/\/portalfadesp.org.br\/"},{"@type":"ListItem","position":2,"name":"Concursos &#8211; Homologados","item":"https:\/\/portalfadesp.org.br\/?page_id=329"},{"@type":"ListItem","position":3,"name":"Processo de Sele\u00e7\u00e3o do\u00a0Conselho Municipal dos Direitos da Crian\u00e7a e do Adolescente \u2013 COMDICA (2023)."}]},{"@type":"WebSite","@id":"https:\/\/portalfadesp.org.br\/#website","url":"https:\/\/portalfadesp.org.br\/","name":"FADESP","description":"Funda\u00e7\u00e3o de Amparo e Desenvolvimento da Pesquisa","publisher":{"@id":"https:\/\/portalfadesp.org.br\/#organization"},"potentialAction":[{"@type":"SearchAction","target":{"@type":"EntryPoint","urlTemplate":"https:\/\/portalfadesp.org.br\/?s={search_term_string}"},"query-input":{"@type":"PropertyValueSpecification","valueRequired":true,"valueName":"search_term_string"}}],"inLanguage":"pt-BR"},{"@type":"Organization","@id":"https:\/\/portalfadesp.org.br\/#organization","name":"FADESP","url":"https:\/\/portalfadesp.org.br\/","logo":{"@type":"ImageObject","inLanguage":"pt-BR","@id":"https:\/\/portalfadesp.org.br\/#\/schema\/logo\/image\/","url":"https:\/\/portalfadesp.org.br\/wp-content\/uploads\/2024\/01\/NOVOLOGOFADESPlaranjaH.png","contentUrl":"https:\/\/portalfadesp.org.br\/wp-content\/uploads\/2024\/01\/NOVOLOGOFADESPlaranjaH.png","width":2742,"height":839,"caption":"FADESP"},"image":{"@id":"https:\/\/portalfadesp.org.br\/#\/schema\/logo\/image\/"},"sameAs":["https:\/\/www.facebook.com\/Fadesp-138351949524662\/","https:\/\/x.com\/Fadesp","https:\/\/www.instagram.com\/fadesp_ufpa\/","https:\/\/www.youtube.com\/@fundacaodeamparoedesenvolv1903","https:\/\/www.threads.net\/@fadesp_ufpa"]}]}},"_links":{"self":[{"href":"https:\/\/portalfadesp.org.br\/index.php?rest_route=\/wp\/v2\/pages\/41230","targetHints":{"allow":["GET"]}}],"collection":[{"href":"https:\/\/portalfadesp.org.br\/index.php?rest_route=\/wp\/v2\/pages"}],"about":[{"href":"https:\/\/portalfadesp.org.br\/index.php?rest_route=\/wp\/v2\/types\/page"}],"author":[{"embeddable":true,"href":"https:\/\/portalfadesp.org.br\/index.php?rest_route=\/wp\/v2\/users\/12"}],"replies":[{"embeddable":true,"href":"https:\/\/portalfadesp.org.br\/index.php?rest_route=%2Fwp%2Fv2%2Fcomments&post=41230"}],"version-history":[{"count":104,"href":"https:\/\/portalfadesp.org.br\/index.php?rest_route=\/wp\/v2\/pages\/41230\/revisions"}],"predecessor-version":[{"id":44154,"href":"https:\/\/portalfadesp.org.br\/index.php?rest_route=\/wp\/v2\/pages\/41230\/revisions\/44154"}],"up":[{"embeddable":true,"href":"https:\/\/portalfadesp.org.br\/index.php?rest_route=\/wp\/v2\/pages\/329"}],"wp:attachment":[{"href":"https:\/\/portalfadesp.org.br\/index.php?rest_route=%2Fwp%2Fv2%2Fmedia&parent=41230"}],"curies":[{"name":"wp","href":"https:\/\/api.w.org\/{rel}","templated":true}]}}