{"id":41024,"date":"2023-05-30T10:58:29","date_gmt":"2023-05-30T13:58:29","guid":{"rendered":"https:\/\/portalfadesp.org.br\/?page_id=41024"},"modified":"2023-07-10T14:18:53","modified_gmt":"2023-07-10T17:18:53","slug":"pagina_modelo-19-12-25","status":"publish","type":"page","link":"https:\/\/portalfadesp.org.br\/?page_id=41024","title":{"rendered":"Processo Seletivo P\u00fablico da Prefeitura Municipal de Tucum\u00e3 &#8211; 2023"},"content":{"rendered":"\t\t<div data-elementor-type=\"wp-post\" data-elementor-id=\"41024\" class=\"elementor elementor-41024\" data-elementor-post-type=\"page\">\n\t\t\t\t\t\t<section class=\"elementor-section elementor-top-section elementor-element elementor-element-1f2996d1 elementor-section-boxed elementor-section-height-default elementor-section-height-default\" data-id=\"1f2996d1\" data-element_type=\"section\">\n\t\t\t\t\t\t<div class=\"elementor-container elementor-column-gap-default\">\n\t\t\t\t\t<div class=\"elementor-column elementor-col-100 elementor-top-column elementor-element elementor-element-59a4b3f8\" data-id=\"59a4b3f8\" data-element_type=\"column\">\n\t\t\t<div class=\"elementor-widget-wrap elementor-element-populated\">\n\t\t\t\t\t\t<div class=\"elementor-element elementor-element-799471af elementor-widget elementor-widget-heading\" data-id=\"799471af\" data-element_type=\"widget\" data-widget_type=\"heading.default\">\n\t\t\t\t<div class=\"elementor-widget-container\">\n\t\t\t\t\t<h1 class=\"elementor-heading-title elementor-size-default\">Processo Seletivo P\u00fablico da Prefeitura Municipal de Tucum\u00e3 - 2023<\/h1>\t\t\t\t<\/div>\n\t\t\t\t<\/div>\n\t\t\t\t<section class=\"elementor-section elementor-inner-section elementor-element elementor-element-336311f elementor-section-boxed elementor-section-height-default elementor-section-height-default\" data-id=\"336311f\" data-element_type=\"section\">\n\t\t\t\t\t\t<div class=\"elementor-container elementor-column-gap-default\">\n\t\t\t\t\t<div class=\"elementor-column elementor-col-50 elementor-inner-column elementor-element elementor-element-75ca0dc3\" data-id=\"75ca0dc3\" data-element_type=\"column\">\n\t\t\t<div class=\"elementor-widget-wrap elementor-element-populated\">\n\t\t\t\t\t\t<div class=\"elementor-element elementor-element-425a3096 elementor-widget elementor-widget-text-editor\" data-id=\"425a3096\" data-element_type=\"widget\" data-widget_type=\"text-editor.default\">\n\t\t\t\t<div class=\"elementor-widget-container\">\n\t\t\t\t\t\t\t\t\t<p>A Prefeitura Municipal de Tucum\u00e3 (PMT), atrav\u00e9s da Secretaria Municipal de Sa\u00fade, supervisionado pela Secretaria Municipal de Administra\u00e7\u00e3o, torna p\u00fablico o <strong>Edital de Abertura do Processo Seletivo P\u00fablico (PSP)<\/strong>, objetivando a realiza\u00e7\u00e3o de Processo Seletivo P\u00fablico, destinado ao preenchimento de vagas na esfera municipal para empregos p\u00fablicos de <strong>Agente Comunit\u00e1rio de Sa\u00fade (ACS)<\/strong> mediante as condi\u00e7\u00f5es estabelecidas no Edital n\u00ba 001\/2023\/PMT.<\/p><p><strong>Cargos e vagas: <\/strong>Agente Comunit\u00e1rio de Sa\u00fade &#8211; ACS = 13 (treze) vagas imediatas e 92 (noventa e duas) cadastro reserva.<\/p><p><strong>Requisitos: <\/strong><\/p><ul><li>Ter, no ato da posse, Declara\u00e7\u00e3o de Conclus\u00e3o ou Certificado de Conclus\u00e3o do Ensino M\u00e9dio;<\/li><li>Ter, no ato da posse, idade m\u00ednima de 18 anos;<\/li><li>N\u00e3o possuir nenhum outro v\u00ednculo empregat\u00edcio efetivo em qualquer ente federado, no ato da posse;<\/li><li>Residir na \u00e1rea da comunidade em que pretende atuar, <strong>na data da publica\u00e7\u00e3o<\/strong> do edital do Processo Seletivo P\u00fablico;<\/li><li>Vencimento base: R$ 2.640,00<\/li><\/ul><p><strong>Per\u00edodo de Inscri\u00e7\u00e3o: <\/strong>30 de maio a 07 de junho de 2023.<\/p><p><strong>Solicita\u00e7\u00e3o de isen\u00e7\u00e3o da taxa de inscri\u00e7\u00e3o para PCD e Atendimento Especial:<\/strong>30 de maio a 01 de junho de 2023.<\/p><p><strong>\u00daltimo dia de pagamento: <\/strong>08 de junho de 2023<\/p><p><strong>Valor da Taxa: <\/strong>R$ 70,00 (setenta reais).<\/p><p><strong>Prova Objetiva:<\/strong> 18 de junho de 2023<\/p>\t\t\t\t\t\t\t\t<\/div>\n\t\t\t\t<\/div>\n\t\t\t\t\t<\/div>\n\t\t<\/div>\n\t\t\t\t<div class=\"elementor-column elementor-col-50 elementor-inner-column elementor-element elementor-element-79608089\" data-id=\"79608089\" data-element_type=\"column\">\n\t\t\t<div class=\"elementor-widget-wrap elementor-element-populated\">\n\t\t\t\t\t\t<div class=\"elementor-element elementor-element-1a0a309 elementor-widget elementor-widget-text-editor\" data-id=\"1a0a309\" data-element_type=\"widget\" data-widget_type=\"text-editor.default\">\n\t\t\t\t<div class=\"elementor-widget-container\">\n\t\t\t\t\t\t\t\t\t<div style=\"text-align: center;\"><strong>Aten\u00e7\u00e3o<\/strong><\/div><div>\u00a0<\/div><div>Informa\u00e7\u00f5es sobre convoca\u00e7\u00f5es para habilita\u00e7\u00e3o e posse nos cargos, somente estar\u00e3o dispon\u00edvel no site da Prefeitura Municipal<\/div>\t\t\t\t\t\t\t\t<\/div>\n\t\t\t\t<\/div>\n\t\t\t\t<div class=\"elementor-element elementor-element-7ccac55 elementor-widget elementor-widget-text-editor\" data-id=\"7ccac55\" data-element_type=\"widget\" data-widget_type=\"text-editor.default\">\n\t\t\t\t<div class=\"elementor-widget-container\">\n\t\t\t\t\t\t\t\t\t<p><strong>Editais\u00a0<\/strong><\/p>\t\t\t\t\t\t\t\t<\/div>\n\t\t\t\t<\/div>\n\t\t\t\t<div class=\"elementor-element elementor-element-368e568 elementor-widget elementor-widget-text-editor\" data-id=\"368e568\" data-element_type=\"widget\" data-widget_type=\"text-editor.default\">\n\t\t\t\t<div class=\"elementor-widget-container\">\n\t\t\t\t\t\t\t\t\t<p style=\"text-align: center;\"><a href=\"http:\/\/concursos2.fadesp.org.br\/prefeitura\/2023\/tucuma\/arquivos\/Edital n\u00b0 003_2023_Homologa\u00e7\u00e3o do Resultado Final - 03-07-2023.pdf\" data-wplink-url-error=\"true\">Edital n\u00b0 003_2023_Homologa\u00e7\u00e3o do Resultado Final, 03\/07\/2023 <strong>(Clique aqui)<\/strong><\/a><\/p><p style=\"text-align: center;\"><a href=\"http:\/\/concursos2.fadesp.org.br\/prefeitura\/2023\/tucuma\/arquivos\/Resultado do Curso Introdut\u00f3rio de Forma\u00e7\u00e3o Inicial - 03-07-2023 HWJ4K4.pdf\" data-wplink-url-error=\"true\">Resultado do Curso Introdut\u00f3rio de Forma\u00e7\u00e3o Inicial, 03\/07\/2023 <strong>(Clique aqui)<\/strong><\/a><\/p><p style=\"text-align: center;\"><a href=\"http:\/\/concursos2.fadesp.org.br\/prefeitura\/2023\/tucuma\/arquivos\/Edital n\u00b0 002_2023_Convoca\u00e7\u00e3o do Curso de Forma\u00e7\u00e3o - 26-06-2023.pdf\" data-wplink-url-error=\"true\">Edital n\u00b0 002_2023_Convoca\u00e7\u00e3o do Curso de Forma\u00e7\u00e3o, de 26\/06\/2023 <strong>(Clique aqui)<\/strong><\/a><\/p><p style=\"text-align: center;\"><a href=\"http:\/\/concursos2.fadesp.org.br\/prefeitura\/2023\/tucuma\/arquivos\/Resultado Definitivo da Prova Objetiva - 26-06-2023.pdf\" data-wplink-url-error=\"true\">Resultado Definitivo da Prova Objetiva, de 26\/06\/2023 <strong>(Clique aqui)<\/strong><\/a><\/p><p style=\"text-align: center;\"><a href=\"http:\/\/concursos2.fadesp.org.br\/prefeitura\/2023\/tucuma\/arquivos\/Resultado Preliminar da Prova Objetiva - 23-06-2023 H4U21I5T3.pdf\" data-wplink-url-error=\"true\">Resultado Preliminar da Prova Objetiva, de 23\/06\/2023 <strong>(Clique aqui)<\/strong><\/a><\/p><p style=\"text-align: center;\"><a href=\"http:\/\/concursos2.fadesp.org.br\/prefeitura\/2023\/tucuma\/arquivos\/GABARITO OFICIAL DEFINITIVO AGENTE COMUNIT\u00c1RIO DE SA\u00daDE - 23-06-2023 QW8ER89.pdf\" data-wplink-url-error=\"true\">GABARITO OFICIAL DEFINITIVO AGENTE COMUNIT\u00c1RIO DE SA\u00daDE, de 23\/06\/2023 <strong>(Clique aqui)<\/strong><\/a><\/p><p style=\"text-align: center;\"><a href=\"http:\/\/concursos2.fadesp.org.br\/prefeitura\/2023\/tucuma\/arquivos\/GABARITO OFICIAL PRELIMINAR ACS 2023 - 19-06-2023 R1IH414B2.pdf\" data-wplink-url-error=\"true\">GABARITO OFICIAL PRELIMINAR ACS 2023, de 19\/06\/2023 <strong>(Clique aqui)<\/strong><\/a><\/p><p style=\"text-align: center;\"><a href=\"http:\/\/concursos2.fadesp.org.br\/prefeitura\/2023\/tucuma\/arquivos\/PROVA ACS AGENTE COMUNIT\u00c1RIO DE SA\u00daDE TIPO 1 - 19-06-2023 R1IH414B2.pdf\" data-wplink-url-error=\"true\">PROVA ACS AGENTE COMUNIT\u00c1RIO DE SA\u00daDE TIPO 1, de 19\/06\/2023 <strong>(Clique aqui)<\/strong><\/a><\/p><p style=\"text-align: center;\"><a href=\"http:\/\/concursos2.fadesp.org.br\/prefeitura\/2023\/tucuma\/arquivos\/PROVA ACS AGENTE COMUNIT\u00c1RIO DE SA\u00daDE TIPO 2 - 19-06-2023 R1IH414B2.pdf\" data-wplink-url-error=\"true\">PROVA ACS AGENTE COMUNIT\u00c1RIO DE SA\u00daDE TIPO 2, de 19\/06\/2023 <strong>(Clique aqui)<\/strong><\/a><\/p><p style=\"text-align: center;\"><a href=\"http:\/\/concursos2.fadesp.org.br\/prefeitura\/2023\/tucuma\/arquivos\/Demanda - 14-06-2023.pdf\" data-wplink-url-error=\"true\">Demanda, de 14\/06\/2023 <strong>(Clique aqui)<\/strong><\/a><\/p><p style=\"text-align: center;\"><a href=\"http:\/\/concursos2.fadesp.org.br\/prefeitura\/2023\/tucuma\/arquivos\/Resultado Definitivo de Inscri\u00e7\u00f5es Deferidas - 14-06-2023 DA5D5SF.pdf\" data-wplink-url-error=\"true\">Resultado Definitivo de Inscri\u00e7\u00f5es Deferidas, de 14\/06\/2023 <strong>(Clique aqui)<\/strong><\/a><\/p><p style=\"text-align: center;\"><a href=\"http:\/\/concursos2.fadesp.org.br\/prefeitura\/2023\/tucuma\/arquivos\/Resultado Definitivo de Concorrentes como PcD - 14-06-2023 DA5D5SF.pdf\" data-wplink-url-error=\"true\">Resultado Definitivo de Concorrentes como PcD, 14\/06\/2023 <strong>(Clique aqui)<\/strong><\/a><\/p><p style=\"text-align: center;\"><a href=\"http:\/\/concursos2.fadesp.org.br\/prefeitura\/2023\/tucuma\/arquivos\/Resultado Definitivo de Atendimentos Especiais no Dia da Prova - 14-06-2023 DA5D5SF.pdf\" data-wplink-url-error=\"true\">Resultado Definitivo de Atendimentos Especiais no Dia da Prova, de 14\/06\/2023 <strong>(Clique aqui)<\/strong><\/a><\/p><p style=\"text-align: center;\"><a href=\"http:\/\/concursos2.fadesp.org.br\/prefeitura\/2023\/tucuma\/arquivos\/Resultado Preliminar de Inscri\u00e7\u00f5es Deferidas - 12-06-2023.pdf\" data-wplink-url-error=\"true\">Resultado Preliminar de Inscri\u00e7\u00f5es Deferidas,de 12\/06\/2023 <strong>(Clique aqui)<\/strong><\/a><\/p><p style=\"text-align: center;\"><a href=\"http:\/\/concursos2.fadesp.org.br\/prefeitura\/2023\/tucuma\/arquivos\/Resultado Preliminar de Concorentes como PcD - 12-06-2023.pdf\" data-wplink-url-error=\"true\">Resultado Preliminar de Concorentes como PcD, de 12\/06\/2023 <strong>(Clique aqui)<\/strong><\/a><\/p><p style=\"text-align: center;\"><a href=\"http:\/\/concursos2.fadesp.org.br\/prefeitura\/2023\/tucuma\/arquivos\/Resultado Preliminar de Atendimentos Especiais no Dia da Prova - 12-06-2023.pdf\" data-wplink-url-error=\"true\">Resultado Preliminar de Atendimentos Especiais no Dia da Prova, de 12\/06\/2023 <strong>(Clique aqui)<\/strong><\/a><\/p><p style=\"text-align: center;\"><a href=\"http:\/\/concursos2.fadesp.org.br\/prefeitura\/2023\/tucuma\/arquivos\/Resultado Definitivo Isen\u00e7\u00e3o PcD - 05-06-2023.pdf\" data-wplink-url-error=\"true\">Resultado Definitivo Isen\u00e7\u00e3o PcD, 05\/06\/2023 <strong>(Clique aqui)<\/strong><\/a><\/p><p style=\"text-align: center;\"><a href=\"http:\/\/concursos2.fadesp.org.br\/prefeitura\/2023\/tucuma\/arquivos\/Resultado Preliminar Isen\u00e7\u00e3o PcD - 02-06-2023.pdf\" data-wplink-url-error=\"true\">Resultado Preliminar Isen\u00e7\u00e3o PcD, de 02\/06\/2023 <strong>(Clique aqui)<\/strong><\/a><\/p><p style=\"text-align: center;\"><a href=\"http:\/\/concursos2.fadesp.org.br\/prefeitura\/2023\/tucuma\/arquivos\/Errata n\u00b0 01 do Edital n\u00b0 01_2023_PMT - 01-06-2023.pdf\" data-wplink-url-error=\"true\">Errata n\u00b0 01 do Edital n\u00b0 01_2023_PMT, de 01\/06\/2023 <strong>(Clique aqui)<\/strong><\/a><\/p><p style=\"text-align: center;\"><a href=\"http:\/\/concursos2.fadesp.org.br\/prefeitura\/2023\/tucuma\/arquivos\/Pr\u00e9-requisitos, Vencimentos, Tabela de Vagas e Cronograma.pdf\" data-wplink-url-error=\"true\">Pr\u00e9-requisitos, Vencimentos, Tabela de Vagas e Cronograma, de 30\/05\/2023 <strong>(Clique aqui)<\/strong><\/a><\/p><p style=\"text-align: center;\"><a href=\"http:\/\/concursos2.fadesp.org.br\/prefeitura\/2023\/tucuma\/arquivos\/Edital de Abertura - 30-05-2023.pdf\" data-wplink-url-error=\"true\">Edital de Abertura 01\/2023, de 30\/05\/2023 <strong>(Clique aqui)<\/strong><\/a><\/p>\t\t\t\t\t\t\t\t<\/div>\n\t\t\t\t<\/div>\n\t\t\t\t\t<\/div>\n\t\t<\/div>\n\t\t\t\t\t<\/div>\n\t\t<\/section>\n\t\t\t\t\t<\/div>\n\t\t<\/div>\n\t\t\t\t\t<\/div>\n\t\t<\/section>\n\t\t\t\t<\/div>\n\t\t","protected":false},"excerpt":{"rendered":"<p>Processo Seletivo P\u00fablico da Prefeitura Municipal de Tucum\u00e3 &#8211; 2023 A Prefeitura Municipal de Tucum\u00e3 (PMT), atrav\u00e9s da Secretaria Municipal de Sa\u00fade, supervisionado pela Secretaria Municipal de Administra\u00e7\u00e3o, torna p\u00fablico o Edital de Abertura do Processo Seletivo P\u00fablico (PSP), objetivando a realiza\u00e7\u00e3o de Processo Seletivo P\u00fablico, destinado ao preenchimento de vagas na esfera municipal para [&hellip;]<\/p>\n","protected":false},"author":12,"featured_media":0,"parent":329,"menu_order":0,"comment_status":"closed","ping_status":"closed","template":"","meta":{"_monsterinsights_skip_tracking":false,"_monsterinsights_sitenote_active":false,"_monsterinsights_sitenote_note":"","_monsterinsights_sitenote_category":0,"footnotes":""},"class_list":["post-41024","page","type-page","status-publish","hentry","entry"],"yoast_head":"<!-- This site is optimized with the Yoast SEO plugin v25.1 - https:\/\/yoast.com\/wordpress\/plugins\/seo\/ -->\n<title>Processo Seletivo P\u00fablico da Prefeitura Municipal de Tucum\u00e3 - 2023 - FADESP<\/title>\n<meta name=\"robots\" content=\"index, follow, max-snippet:-1, max-image-preview:large, max-video-preview:-1\" \/>\n<link rel=\"canonical\" href=\"https:\/\/portalfadesp.org.br\/?page_id=41024\" \/>\n<meta property=\"og:locale\" content=\"pt_BR\" \/>\n<meta property=\"og:type\" content=\"article\" \/>\n<meta property=\"og:title\" content=\"Processo Seletivo P\u00fablico da Prefeitura Municipal de Tucum\u00e3 - 2023 - FADESP\" \/>\n<meta property=\"og:description\" content=\"Processo Seletivo P\u00fablico da Prefeitura Municipal de Tucum\u00e3 &#8211; 2023 A Prefeitura Municipal de Tucum\u00e3 (PMT), atrav\u00e9s da Secretaria Municipal de Sa\u00fade, supervisionado pela Secretaria Municipal de Administra\u00e7\u00e3o, torna p\u00fablico o Edital de Abertura do Processo Seletivo P\u00fablico (PSP), objetivando a realiza\u00e7\u00e3o de Processo Seletivo P\u00fablico, destinado ao preenchimento de vagas na esfera municipal para [&hellip;]\" \/>\n<meta property=\"og:url\" content=\"https:\/\/portalfadesp.org.br\/?page_id=41024\" \/>\n<meta property=\"og:site_name\" content=\"FADESP\" \/>\n<meta property=\"article:publisher\" content=\"https:\/\/www.facebook.com\/Fadesp-138351949524662\/\" \/>\n<meta property=\"article:modified_time\" content=\"2023-07-10T17:18:53+00:00\" \/>\n<meta name=\"twitter:card\" content=\"summary_large_image\" \/>\n<meta name=\"twitter:site\" content=\"@Fadesp\" \/>\n<meta name=\"twitter:label1\" content=\"Est. tempo de leitura\" \/>\n\t<meta name=\"twitter:data1\" content=\"3 minutos\" \/>\n<script type=\"application\/ld+json\" class=\"yoast-schema-graph\">{\"@context\":\"https:\/\/schema.org\",\"@graph\":[{\"@type\":\"WebPage\",\"@id\":\"https:\/\/portalfadesp.org.br\/?page_id=41024\",\"url\":\"https:\/\/portalfadesp.org.br\/?page_id=41024\",\"name\":\"Processo Seletivo P\u00fablico da Prefeitura Municipal de Tucum\u00e3 - 2023 - FADESP\",\"isPartOf\":{\"@id\":\"https:\/\/portalfadesp.org.br\/#website\"},\"datePublished\":\"2023-05-30T13:58:29+00:00\",\"dateModified\":\"2023-07-10T17:18:53+00:00\",\"breadcrumb\":{\"@id\":\"https:\/\/portalfadesp.org.br\/?page_id=41024#breadcrumb\"},\"inLanguage\":\"pt-BR\",\"potentialAction\":[{\"@type\":\"ReadAction\",\"target\":[\"https:\/\/portalfadesp.org.br\/?page_id=41024\"]}]},{\"@type\":\"BreadcrumbList\",\"@id\":\"https:\/\/portalfadesp.org.br\/?page_id=41024#breadcrumb\",\"itemListElement\":[{\"@type\":\"ListItem\",\"position\":1,\"name\":\"In\u00edcio\",\"item\":\"https:\/\/portalfadesp.org.br\/\"},{\"@type\":\"ListItem\",\"position\":2,\"name\":\"Concursos &#8211; Homologados\",\"item\":\"https:\/\/portalfadesp.org.br\/?page_id=329\"},{\"@type\":\"ListItem\",\"position\":3,\"name\":\"Processo Seletivo P\u00fablico da Prefeitura Municipal de Tucum\u00e3 &#8211; 2023\"}]},{\"@type\":\"WebSite\",\"@id\":\"https:\/\/portalfadesp.org.br\/#website\",\"url\":\"https:\/\/portalfadesp.org.br\/\",\"name\":\"FADESP\",\"description\":\"Funda\u00e7\u00e3o de Amparo e Desenvolvimento da Pesquisa\",\"publisher\":{\"@id\":\"https:\/\/portalfadesp.org.br\/#organization\"},\"potentialAction\":[{\"@type\":\"SearchAction\",\"target\":{\"@type\":\"EntryPoint\",\"urlTemplate\":\"https:\/\/portalfadesp.org.br\/?s={search_term_string}\"},\"query-input\":{\"@type\":\"PropertyValueSpecification\",\"valueRequired\":true,\"valueName\":\"search_term_string\"}}],\"inLanguage\":\"pt-BR\"},{\"@type\":\"Organization\",\"@id\":\"https:\/\/portalfadesp.org.br\/#organization\",\"name\":\"FADESP\",\"url\":\"https:\/\/portalfadesp.org.br\/\",\"logo\":{\"@type\":\"ImageObject\",\"inLanguage\":\"pt-BR\",\"@id\":\"https:\/\/portalfadesp.org.br\/#\/schema\/logo\/image\/\",\"url\":\"https:\/\/portalfadesp.org.br\/wp-content\/uploads\/2024\/01\/NOVOLOGOFADESPlaranjaH.png\",\"contentUrl\":\"https:\/\/portalfadesp.org.br\/wp-content\/uploads\/2024\/01\/NOVOLOGOFADESPlaranjaH.png\",\"width\":2742,\"height\":839,\"caption\":\"FADESP\"},\"image\":{\"@id\":\"https:\/\/portalfadesp.org.br\/#\/schema\/logo\/image\/\"},\"sameAs\":[\"https:\/\/www.facebook.com\/Fadesp-138351949524662\/\",\"https:\/\/x.com\/Fadesp\",\"https:\/\/www.instagram.com\/fadesp_ufpa\/\",\"https:\/\/www.youtube.com\/@fundacaodeamparoedesenvolv1903\",\"https:\/\/www.threads.net\/@fadesp_ufpa\"]}]}<\/script>\n<!-- \/ Yoast SEO plugin. -->","yoast_head_json":{"title":"Processo Seletivo P\u00fablico da Prefeitura Municipal de Tucum\u00e3 - 2023 - FADESP","robots":{"index":"index","follow":"follow","max-snippet":"max-snippet:-1","max-image-preview":"max-image-preview:large","max-video-preview":"max-video-preview:-1"},"canonical":"https:\/\/portalfadesp.org.br\/?page_id=41024","og_locale":"pt_BR","og_type":"article","og_title":"Processo Seletivo P\u00fablico da Prefeitura Municipal de Tucum\u00e3 - 2023 - FADESP","og_description":"Processo Seletivo P\u00fablico da Prefeitura Municipal de Tucum\u00e3 &#8211; 2023 A Prefeitura Municipal de Tucum\u00e3 (PMT), atrav\u00e9s da Secretaria Municipal de Sa\u00fade, supervisionado pela Secretaria Municipal de Administra\u00e7\u00e3o, torna p\u00fablico o Edital de Abertura do Processo Seletivo P\u00fablico (PSP), objetivando a realiza\u00e7\u00e3o de Processo Seletivo P\u00fablico, destinado ao preenchimento de vagas na esfera municipal para [&hellip;]","og_url":"https:\/\/portalfadesp.org.br\/?page_id=41024","og_site_name":"FADESP","article_publisher":"https:\/\/www.facebook.com\/Fadesp-138351949524662\/","article_modified_time":"2023-07-10T17:18:53+00:00","twitter_card":"summary_large_image","twitter_site":"@Fadesp","twitter_misc":{"Est. tempo de leitura":"3 minutos"},"schema":{"@context":"https:\/\/schema.org","@graph":[{"@type":"WebPage","@id":"https:\/\/portalfadesp.org.br\/?page_id=41024","url":"https:\/\/portalfadesp.org.br\/?page_id=41024","name":"Processo Seletivo P\u00fablico da Prefeitura Municipal de Tucum\u00e3 - 2023 - FADESP","isPartOf":{"@id":"https:\/\/portalfadesp.org.br\/#website"},"datePublished":"2023-05-30T13:58:29+00:00","dateModified":"2023-07-10T17:18:53+00:00","breadcrumb":{"@id":"https:\/\/portalfadesp.org.br\/?page_id=41024#breadcrumb"},"inLanguage":"pt-BR","potentialAction":[{"@type":"ReadAction","target":["https:\/\/portalfadesp.org.br\/?page_id=41024"]}]},{"@type":"BreadcrumbList","@id":"https:\/\/portalfadesp.org.br\/?page_id=41024#breadcrumb","itemListElement":[{"@type":"ListItem","position":1,"name":"In\u00edcio","item":"https:\/\/portalfadesp.org.br\/"},{"@type":"ListItem","position":2,"name":"Concursos &#8211; Homologados","item":"https:\/\/portalfadesp.org.br\/?page_id=329"},{"@type":"ListItem","position":3,"name":"Processo Seletivo P\u00fablico da Prefeitura Municipal de Tucum\u00e3 &#8211; 2023"}]},{"@type":"WebSite","@id":"https:\/\/portalfadesp.org.br\/#website","url":"https:\/\/portalfadesp.org.br\/","name":"FADESP","description":"Funda\u00e7\u00e3o de Amparo e Desenvolvimento da Pesquisa","publisher":{"@id":"https:\/\/portalfadesp.org.br\/#organization"},"potentialAction":[{"@type":"SearchAction","target":{"@type":"EntryPoint","urlTemplate":"https:\/\/portalfadesp.org.br\/?s={search_term_string}"},"query-input":{"@type":"PropertyValueSpecification","valueRequired":true,"valueName":"search_term_string"}}],"inLanguage":"pt-BR"},{"@type":"Organization","@id":"https:\/\/portalfadesp.org.br\/#organization","name":"FADESP","url":"https:\/\/portalfadesp.org.br\/","logo":{"@type":"ImageObject","inLanguage":"pt-BR","@id":"https:\/\/portalfadesp.org.br\/#\/schema\/logo\/image\/","url":"https:\/\/portalfadesp.org.br\/wp-content\/uploads\/2024\/01\/NOVOLOGOFADESPlaranjaH.png","contentUrl":"https:\/\/portalfadesp.org.br\/wp-content\/uploads\/2024\/01\/NOVOLOGOFADESPlaranjaH.png","width":2742,"height":839,"caption":"FADESP"},"image":{"@id":"https:\/\/portalfadesp.org.br\/#\/schema\/logo\/image\/"},"sameAs":["https:\/\/www.facebook.com\/Fadesp-138351949524662\/","https:\/\/x.com\/Fadesp","https:\/\/www.instagram.com\/fadesp_ufpa\/","https:\/\/www.youtube.com\/@fundacaodeamparoedesenvolv1903","https:\/\/www.threads.net\/@fadesp_ufpa"]}]}},"_links":{"self":[{"href":"https:\/\/portalfadesp.org.br\/index.php?rest_route=\/wp\/v2\/pages\/41024","targetHints":{"allow":["GET"]}}],"collection":[{"href":"https:\/\/portalfadesp.org.br\/index.php?rest_route=\/wp\/v2\/pages"}],"about":[{"href":"https:\/\/portalfadesp.org.br\/index.php?rest_route=\/wp\/v2\/types\/page"}],"author":[{"embeddable":true,"href":"https:\/\/portalfadesp.org.br\/index.php?rest_route=\/wp\/v2\/users\/12"}],"replies":[{"embeddable":true,"href":"https:\/\/portalfadesp.org.br\/index.php?rest_route=%2Fwp%2Fv2%2Fcomments&post=41024"}],"version-history":[{"count":49,"href":"https:\/\/portalfadesp.org.br\/index.php?rest_route=\/wp\/v2\/pages\/41024\/revisions"}],"predecessor-version":[{"id":41771,"href":"https:\/\/portalfadesp.org.br\/index.php?rest_route=\/wp\/v2\/pages\/41024\/revisions\/41771"}],"up":[{"embeddable":true,"href":"https:\/\/portalfadesp.org.br\/index.php?rest_route=\/wp\/v2\/pages\/329"}],"wp:attachment":[{"href":"https:\/\/portalfadesp.org.br\/index.php?rest_route=%2Fwp%2Fv2%2Fmedia&parent=41024"}],"curies":[{"name":"wp","href":"https:\/\/api.w.org\/{rel}","templated":true}]}}