{"id":40805,"date":"2023-05-12T15:08:35","date_gmt":"2023-05-12T18:08:35","guid":{"rendered":"https:\/\/portalfadesp.org.br\/?page_id=40805"},"modified":"2023-07-10T14:17:39","modified_gmt":"2023-07-10T17:17:39","slug":"pagina_modelo-19-12-23","status":"publish","type":"page","link":"https:\/\/portalfadesp.org.br\/?page_id=40805","title":{"rendered":"Processo Seletivo P\u00fablico da Prefeitura Municipal de Camet\u00e1 (2023)"},"content":{"rendered":"\t\t<div data-elementor-type=\"wp-post\" data-elementor-id=\"40805\" class=\"elementor elementor-40805\" data-elementor-post-type=\"page\">\n\t\t\t\t\t\t<section class=\"elementor-section elementor-top-section elementor-element elementor-element-1f2996d1 elementor-section-boxed elementor-section-height-default elementor-section-height-default\" data-id=\"1f2996d1\" data-element_type=\"section\">\n\t\t\t\t\t\t<div class=\"elementor-container elementor-column-gap-default\">\n\t\t\t\t\t<div class=\"elementor-column elementor-col-100 elementor-top-column elementor-element elementor-element-59a4b3f8\" data-id=\"59a4b3f8\" data-element_type=\"column\">\n\t\t\t<div class=\"elementor-widget-wrap elementor-element-populated\">\n\t\t\t\t\t\t<div class=\"elementor-element elementor-element-799471af elementor-widget elementor-widget-heading\" data-id=\"799471af\" data-element_type=\"widget\" data-widget_type=\"heading.default\">\n\t\t\t\t<div class=\"elementor-widget-container\">\n\t\t\t\t\t<h1 class=\"elementor-heading-title elementor-size-default\">Processo Seletivo P\u00fablico da Prefeitura Municipal de Camet\u00e1 (2023)<\/h1>\t\t\t\t<\/div>\n\t\t\t\t<\/div>\n\t\t\t\t<section class=\"elementor-section elementor-inner-section elementor-element elementor-element-336311f elementor-section-boxed elementor-section-height-default elementor-section-height-default\" data-id=\"336311f\" data-element_type=\"section\">\n\t\t\t\t\t\t<div class=\"elementor-container elementor-column-gap-default\">\n\t\t\t\t\t<div class=\"elementor-column elementor-col-50 elementor-inner-column elementor-element elementor-element-75ca0dc3\" data-id=\"75ca0dc3\" data-element_type=\"column\">\n\t\t\t<div class=\"elementor-widget-wrap elementor-element-populated\">\n\t\t\t\t\t\t<div class=\"elementor-element elementor-element-425a3096 elementor-widget elementor-widget-text-editor\" data-id=\"425a3096\" data-element_type=\"widget\" data-widget_type=\"text-editor.default\">\n\t\t\t\t<div class=\"elementor-widget-container\">\n\t\t\t\t\t\t\t\t\t<p><span style=\"font-size: 11.0pt; line-height: 107%; font-family: 'Calibri',sans-serif; mso-ascii-theme-font: minor-latin; mso-fareast-font-family: Calibri; mso-fareast-theme-font: minor-latin; mso-hansi-theme-font: minor-latin; mso-bidi-font-family: 'Times New Roman'; mso-bidi-theme-font: minor-bidi; mso-ansi-language: PT-BR; mso-fareast-language: EN-US; mso-bidi-language: AR-SA;\">O Prefeito Municipal de Camet\u00e1, no uso de suas atribui\u00e7\u00f5es, torna p\u00fablica a realiza\u00e7\u00e3o do Processo Seletivo P\u00fablico destinado ao preenchimento de vagas na esfera municipal para o cargo de <b>Agente Comunit\u00e1rio de Sa\u00fade (ACS)<\/b>, mediante as condi\u00e7\u00f5es estabelecidas no Edital n\u00ba 001\/2023\/PMC.<\/span><\/p><p><b>Cargos e vagas:<\/b><\/p><p><strong>Agente Comunit\u00e1rio de Sa\u00fade (ACS):<\/strong> 118 vagas \u2013 Ensino M\u00e9dio Completo no ato da posse.<\/p><p><strong>Per\u00edodo de Inscri\u00e7\u00e3o: <\/strong>15 a 30 de maio de 2023<\/p><p><strong>Taxa de inscri\u00e7\u00e3o:<\/strong> R$ 70,00 (setenta reais)<\/p><p><strong>Solicita\u00e7\u00e3o de isen\u00e7\u00e3o da taxa de inscri\u00e7\u00e3o para PCD e Atendimento Especial:<\/strong>\u00a015 a 19\/05\/2023<\/p><p><strong>\u00daltimo dia de pagamento:\u00a0<\/strong>31\/05\/2023<\/p><p><strong>Prova Objetiva da Fase I (todos os candidatos): <\/strong>11\/06\/2023, das 9 \u00e0s 12 horas<\/p>\t\t\t\t\t\t\t\t<\/div>\n\t\t\t\t<\/div>\n\t\t\t\t\t<\/div>\n\t\t<\/div>\n\t\t\t\t<div class=\"elementor-column elementor-col-50 elementor-inner-column elementor-element elementor-element-79608089\" data-id=\"79608089\" data-element_type=\"column\">\n\t\t\t<div class=\"elementor-widget-wrap elementor-element-populated\">\n\t\t\t\t\t\t<div class=\"elementor-element elementor-element-6c209a4 elementor-widget elementor-widget-text-editor\" data-id=\"6c209a4\" data-element_type=\"widget\" data-widget_type=\"text-editor.default\">\n\t\t\t\t<div class=\"elementor-widget-container\">\n\t\t\t\t\t\t\t\t\t<div style=\"text-align: center;\"><strong>Aten\u00e7\u00e3o<\/strong><\/div><div style=\"text-align: center;\">\u00a0<\/div><div>Informa\u00e7\u00f5es sobre convoca\u00e7\u00f5es para habilita\u00e7\u00e3o e posse nos cargos, somente estar\u00e3o dispon\u00edvel no site da Prefeitura Municipal.<\/div>\t\t\t\t\t\t\t\t<\/div>\n\t\t\t\t<\/div>\n\t\t\t\t<div class=\"elementor-element elementor-element-7ccac55 elementor-widget elementor-widget-text-editor\" data-id=\"7ccac55\" data-element_type=\"widget\" data-widget_type=\"text-editor.default\">\n\t\t\t\t<div class=\"elementor-widget-container\">\n\t\t\t\t\t\t\t\t\t<p><strong>Editais\u00a0<\/strong><\/p>\t\t\t\t\t\t\t\t<\/div>\n\t\t\t\t<\/div>\n\t\t\t\t<div class=\"elementor-element elementor-element-368e568 elementor-widget elementor-widget-text-editor\" data-id=\"368e568\" data-element_type=\"widget\" data-widget_type=\"text-editor.default\">\n\t\t\t\t<div class=\"elementor-widget-container\">\n\t\t\t\t\t\t\t\t\t<p style=\"text-align: center;\"><a href=\"http:\/\/concursos2.fadesp.org.br\/prefeitura\/2023\/cameta\/arquivos\/Edital n\u00b0 002_2023_Convoca\u00e7\u00e3o do Curso de Forma\u00e7\u00e3o_27-06-2023.pdf\" data-wplink-url-error=\"true\">Edital n\u00b0 002_2023_Convoca\u00e7\u00e3o do Curso de Forma\u00e7\u00e3o, de 27\/06\/2023 <strong>(Clique aqui)<\/strong><\/a><\/p><p style=\"text-align: center;\"><a href=\"http:\/\/concursos2.fadesp.org.br\/prefeitura\/2023\/cameta\/arquivos\/Resultado Definitivo da Prova Objetiva - 27-06-2023 HU124RW.pdf\" data-wplink-url-error=\"true\">Resultado Definitivo da Prova Objetiva, de 26\/06\/2023 <strong>(Clique aqui)<\/strong><\/a><\/p><p style=\"text-align: center;\"><a href=\"http:\/\/concursos2.fadesp.org.br\/prefeitura\/2023\/cameta\/arquivos\/Resultado Preliminar da Prova Objetiva - 21-06-2023 F3OI2NE.pdf\" data-wplink-url-error=\"true\">Resultado Preliminar da Prova Objetiva, de 21\/06\/2023 <strong>(Clique aqui)<\/strong><\/a><\/p><p style=\"text-align: center;\"><a href=\"http:\/\/concursos2.fadesp.org.br\/prefeitura\/2023\/cameta\/arquivos\/GABARITO OFICIAL DEFINITIVO_AGENTE COMUNIT\u00c1RIO DE SA\u00daDE - 19-06-2023 U4G32I43U.pdf\" data-wplink-url-error=\"true\">GABARITO OFICIAL DEFINITIVO AGENTE COMUNIT\u00c1RIO DE SA\u00daDE, de 19\/06\/2023 <strong>(Clique aqui)<\/strong><\/a><\/p><p style=\"text-align: center;\"><a href=\"http:\/\/concursos2.fadesp.org.br\/prefeitura\/2023\/cameta\/arquivos\/GABARITO OFICIAL PRELIMINAR_ AGENTE COMUNIT\u00c1RIO DE SA\u00daDE - 12-06-2023 S4sdD87D1.pdf\" data-wplink-url-error=\"true\">GABARITO OFICIAL PRELIMINAR AGENTE COMUNIT\u00c1RIO DE SA\u00daDE, de 12\/06\/2023 <strong>(Clique aqui)<\/strong><\/a><\/p><p style=\"text-align: center;\"><a href=\"http:\/\/concursos2.fadesp.org.br\/prefeitura\/2023\/cameta\/arquivos\/PROVA OBJETIVA_AGENTE COMUNIT\u00c1RIO DE SA\u00daDE_TIPO 1 - 12-06-2023 S4sdD87D1.pdf\" data-wplink-url-error=\"true\">PROVA OBJETIVA AGENTE COMUNIT\u00c1RIO DE SA\u00daDE TIPO 1, de 12\/06\/2023 <strong>(Clique aqui)<\/strong><\/a><\/p><p style=\"text-align: center;\"><a href=\"http:\/\/concursos2.fadesp.org.br\/prefeitura\/2023\/cameta\/arquivos\/PROVA OBJETIVA_AGENTE COMUNIT\u00c1RIO DE SA\u00daDE_TIPO 2 - 12-06-2023 S4sdD87D1.pdf\" data-wplink-url-error=\"true\">PROVA OBJETIVA AGENTE COMUNIT\u00c1RIO DE SA\u00daDE TIPO 2, de 12\/06\/2023 <strong>(Clique aqui)<\/strong><\/a><\/p><p style=\"text-align: center;\"><a href=\"http:\/\/concursos2.fadesp.org.br\/prefeitura\/2023\/cameta\/arquivos\/Demanda - Retificada.pdf\" data-wplink-url-error=\"true\">Demanda retificada, de 05\/06\/2023 <strong>(Clique aqui)<\/strong><\/a><\/p><p style=\"text-align: center;\"><a href=\"http:\/\/concursos2.fadesp.org.br\/prefeitura\/2023\/cameta\/arquivos\/Resultado Definitivo de Inscri\u00e7\u00f5es Deferidas - 05-06-2023.pdf\" data-wplink-url-error=\"true\">Resultado Definitivo de Inscri\u00e7\u00f5es Deferidas, de 05\/06\/2023 <strong>(Clique aqui)<\/strong><\/a><\/p><p style=\"text-align: center;\"><a href=\"http:\/\/concursos2.fadesp.org.br\/prefeitura\/2023\/cameta\/arquivos\/Resultado Definitivo de Concorrentes como PcD - 05-06-2023.pdf\" data-wplink-url-error=\"true\">Resultado Definitivo de Concorrentes como PcD, de 05\/06\/2023 <strong>(Clique aqui)<\/strong><\/a><\/p><p style=\"text-align: center;\"><a href=\"http:\/\/concursos2.fadesp.org.br\/prefeitura\/2023\/cameta\/arquivos\/Resultado Definitivo de Atendimentos Especiais no Dia da Prova - 05-06-2023.pdf\" data-wplink-url-error=\"true\">Resultado Definitivo de Atendimentos Especiais no Dia da Prova, de 05\/06\/2023 <strong>(Clique aqui)<\/strong><\/a><\/p><p style=\"text-align: center;\"><a href=\"http:\/\/concursos2.fadesp.org.br\/prefeitura\/2023\/cameta\/arquivos\/Resultado Preliminar de Inscri\u00e7\u00f5es Deferidas - 01-06-2023.pdf\" data-wplink-url-error=\"true\">Resultado Preliminar de Inscri\u00e7\u00f5es Deferidas, de 01\/06\/2023 <strong>(Clique aqui)<\/strong><\/a><\/p><p style=\"text-align: center;\"><a href=\"http:\/\/concursos2.fadesp.org.br\/prefeitura\/2023\/cameta\/arquivos\/Resultado Preliminar de Atendimentos Especiais no Dia da Prova - 01-06-2023.pdf\" data-wplink-url-error=\"true\">Resultado Preliminar de Atendimentos Especiais no Dia da Prova, 01\/06\/2023 <strong>(Clique aqui)<\/strong><\/a><\/p><p style=\"text-align: center;\"><a href=\"http:\/\/concursos2.fadesp.org.br\/prefeitura\/2023\/cameta\/arquivos\/Resultado Preliminar de Concorentes como PcD - 01-06-2023.pdf\" data-wplink-url-error=\"true\">Resultado Preliminar de Concorrentes como PcD , 01\/06\/2023 <strong>(Clique aqui)<\/strong><\/a><\/p><p style=\"text-align: center;\"><a href=\"http:\/\/concursos2.fadesp.org.br\/prefeitura\/2023\/cameta\/arquivos\/Resultado Definitivo Isen\u00e7\u00e3o PcD - 26-05-2023.pdf\" data-wplink-url-error=\"true\">Resultado Definitivo Isen\u00e7\u00e3o PcD, de 26\/05\/2023 <strong>(Clique aqui)<\/strong><\/a><\/p><p style=\"text-align: center;\"><a href=\"http:\/\/concursos2.fadesp.org.br\/prefeitura\/2023\/cameta\/arquivos\/Resultado Preliminar Isen\u00e7\u00e3o PcD - 22-05-2023.pdf\" data-wplink-url-error=\"true\">Resultado Preliminar Isen\u00e7\u00e3o PcD, de 22\/05\/2023 <strong>(Clique aqui)<\/strong><\/a><\/p><p style=\"text-align: center;\"><a href=\"http:\/\/concursos2.fadesp.org.br\/prefeitura\/2023\/cameta\/arquivos\/Tabela de Vagas, Pr\u00e9-Requisitos, Sal\u00e1rio e Cronograma.pdf\" data-wplink-url-error=\"true\">Tabela de Vagas, Pr\u00e9-Requisitos, Sal\u00e1rio e Cronograma <strong>(Clique aqui)<\/strong><\/a><\/p><p style=\"text-align: center;\"><a href=\"http:\/\/concursos2.fadesp.org.br\/prefeitura\/2023\/cameta\/arquivos\/Edital de Abertura - Republicado em 15-05-2023.pdf\" data-wplink-url-error=\"true\">Edital de Abertura &#8211; Republicado, de 15\/05\/2023 <strong>(Clique aqui)<\/strong><\/a><\/p>\t\t\t\t\t\t\t\t<\/div>\n\t\t\t\t<\/div>\n\t\t\t\t\t<\/div>\n\t\t<\/div>\n\t\t\t\t\t<\/div>\n\t\t<\/section>\n\t\t\t\t\t<\/div>\n\t\t<\/div>\n\t\t\t\t\t<\/div>\n\t\t<\/section>\n\t\t\t\t<\/div>\n\t\t","protected":false},"excerpt":{"rendered":"<p>Processo Seletivo P\u00fablico da Prefeitura Municipal de Camet\u00e1 (2023) O Prefeito Municipal de Camet\u00e1, no uso de suas atribui\u00e7\u00f5es, torna p\u00fablica a realiza\u00e7\u00e3o do Processo Seletivo P\u00fablico destinado ao preenchimento de vagas na esfera municipal para o cargo de Agente Comunit\u00e1rio de Sa\u00fade (ACS), mediante as condi\u00e7\u00f5es estabelecidas no Edital n\u00ba 001\/2023\/PMC. Cargos e vagas: [&hellip;]<\/p>\n","protected":false},"author":12,"featured_media":0,"parent":329,"menu_order":0,"comment_status":"closed","ping_status":"closed","template":"","meta":{"_monsterinsights_skip_tracking":false,"_monsterinsights_sitenote_active":false,"_monsterinsights_sitenote_note":"","_monsterinsights_sitenote_category":0,"footnotes":""},"class_list":["post-40805","page","type-page","status-publish","hentry","entry"],"yoast_head":"<!-- This site is optimized with the Yoast SEO plugin v25.1 - https:\/\/yoast.com\/wordpress\/plugins\/seo\/ -->\n<title>Processo Seletivo P\u00fablico da Prefeitura Municipal de Camet\u00e1 (2023) - FADESP<\/title>\n<meta name=\"robots\" content=\"index, follow, max-snippet:-1, max-image-preview:large, max-video-preview:-1\" \/>\n<link rel=\"canonical\" href=\"https:\/\/portalfadesp.org.br\/?page_id=40805\" \/>\n<meta property=\"og:locale\" content=\"pt_BR\" \/>\n<meta property=\"og:type\" content=\"article\" \/>\n<meta property=\"og:title\" content=\"Processo Seletivo P\u00fablico da Prefeitura Municipal de Camet\u00e1 (2023) - FADESP\" \/>\n<meta property=\"og:description\" content=\"Processo Seletivo P\u00fablico da Prefeitura Municipal de Camet\u00e1 (2023) O Prefeito Municipal de Camet\u00e1, no uso de suas atribui\u00e7\u00f5es, torna p\u00fablica a realiza\u00e7\u00e3o do Processo Seletivo P\u00fablico destinado ao preenchimento de vagas na esfera municipal para o cargo de Agente Comunit\u00e1rio de Sa\u00fade (ACS), mediante as condi\u00e7\u00f5es estabelecidas no Edital n\u00ba 001\/2023\/PMC. Cargos e vagas: [&hellip;]\" \/>\n<meta property=\"og:url\" content=\"https:\/\/portalfadesp.org.br\/?page_id=40805\" \/>\n<meta property=\"og:site_name\" content=\"FADESP\" \/>\n<meta property=\"article:publisher\" content=\"https:\/\/www.facebook.com\/Fadesp-138351949524662\/\" \/>\n<meta property=\"article:modified_time\" content=\"2023-07-10T17:17:39+00:00\" \/>\n<meta name=\"twitter:card\" content=\"summary_large_image\" \/>\n<meta name=\"twitter:site\" content=\"@Fadesp\" \/>\n<meta name=\"twitter:label1\" content=\"Est. tempo de leitura\" \/>\n\t<meta name=\"twitter:data1\" content=\"2 minutos\" \/>\n<script type=\"application\/ld+json\" class=\"yoast-schema-graph\">{\"@context\":\"https:\/\/schema.org\",\"@graph\":[{\"@type\":\"WebPage\",\"@id\":\"https:\/\/portalfadesp.org.br\/?page_id=40805\",\"url\":\"https:\/\/portalfadesp.org.br\/?page_id=40805\",\"name\":\"Processo Seletivo P\u00fablico da Prefeitura Municipal de Camet\u00e1 (2023) - FADESP\",\"isPartOf\":{\"@id\":\"https:\/\/portalfadesp.org.br\/#website\"},\"datePublished\":\"2023-05-12T18:08:35+00:00\",\"dateModified\":\"2023-07-10T17:17:39+00:00\",\"breadcrumb\":{\"@id\":\"https:\/\/portalfadesp.org.br\/?page_id=40805#breadcrumb\"},\"inLanguage\":\"pt-BR\",\"potentialAction\":[{\"@type\":\"ReadAction\",\"target\":[\"https:\/\/portalfadesp.org.br\/?page_id=40805\"]}]},{\"@type\":\"BreadcrumbList\",\"@id\":\"https:\/\/portalfadesp.org.br\/?page_id=40805#breadcrumb\",\"itemListElement\":[{\"@type\":\"ListItem\",\"position\":1,\"name\":\"In\u00edcio\",\"item\":\"https:\/\/portalfadesp.org.br\/\"},{\"@type\":\"ListItem\",\"position\":2,\"name\":\"Concursos &#8211; Homologados\",\"item\":\"https:\/\/portalfadesp.org.br\/?page_id=329\"},{\"@type\":\"ListItem\",\"position\":3,\"name\":\"Processo Seletivo P\u00fablico da Prefeitura Municipal de Camet\u00e1 (2023)\"}]},{\"@type\":\"WebSite\",\"@id\":\"https:\/\/portalfadesp.org.br\/#website\",\"url\":\"https:\/\/portalfadesp.org.br\/\",\"name\":\"FADESP\",\"description\":\"Funda\u00e7\u00e3o de Amparo e Desenvolvimento da Pesquisa\",\"publisher\":{\"@id\":\"https:\/\/portalfadesp.org.br\/#organization\"},\"potentialAction\":[{\"@type\":\"SearchAction\",\"target\":{\"@type\":\"EntryPoint\",\"urlTemplate\":\"https:\/\/portalfadesp.org.br\/?s={search_term_string}\"},\"query-input\":{\"@type\":\"PropertyValueSpecification\",\"valueRequired\":true,\"valueName\":\"search_term_string\"}}],\"inLanguage\":\"pt-BR\"},{\"@type\":\"Organization\",\"@id\":\"https:\/\/portalfadesp.org.br\/#organization\",\"name\":\"FADESP\",\"url\":\"https:\/\/portalfadesp.org.br\/\",\"logo\":{\"@type\":\"ImageObject\",\"inLanguage\":\"pt-BR\",\"@id\":\"https:\/\/portalfadesp.org.br\/#\/schema\/logo\/image\/\",\"url\":\"https:\/\/portalfadesp.org.br\/wp-content\/uploads\/2024\/01\/NOVOLOGOFADESPlaranjaH.png\",\"contentUrl\":\"https:\/\/portalfadesp.org.br\/wp-content\/uploads\/2024\/01\/NOVOLOGOFADESPlaranjaH.png\",\"width\":2742,\"height\":839,\"caption\":\"FADESP\"},\"image\":{\"@id\":\"https:\/\/portalfadesp.org.br\/#\/schema\/logo\/image\/\"},\"sameAs\":[\"https:\/\/www.facebook.com\/Fadesp-138351949524662\/\",\"https:\/\/x.com\/Fadesp\",\"https:\/\/www.instagram.com\/fadesp_ufpa\/\",\"https:\/\/www.youtube.com\/@fundacaodeamparoedesenvolv1903\",\"https:\/\/www.threads.net\/@fadesp_ufpa\"]}]}<\/script>\n<!-- \/ Yoast SEO plugin. -->","yoast_head_json":{"title":"Processo Seletivo P\u00fablico da Prefeitura Municipal de Camet\u00e1 (2023) - FADESP","robots":{"index":"index","follow":"follow","max-snippet":"max-snippet:-1","max-image-preview":"max-image-preview:large","max-video-preview":"max-video-preview:-1"},"canonical":"https:\/\/portalfadesp.org.br\/?page_id=40805","og_locale":"pt_BR","og_type":"article","og_title":"Processo Seletivo P\u00fablico da Prefeitura Municipal de Camet\u00e1 (2023) - FADESP","og_description":"Processo Seletivo P\u00fablico da Prefeitura Municipal de Camet\u00e1 (2023) O Prefeito Municipal de Camet\u00e1, no uso de suas atribui\u00e7\u00f5es, torna p\u00fablica a realiza\u00e7\u00e3o do Processo Seletivo P\u00fablico destinado ao preenchimento de vagas na esfera municipal para o cargo de Agente Comunit\u00e1rio de Sa\u00fade (ACS), mediante as condi\u00e7\u00f5es estabelecidas no Edital n\u00ba 001\/2023\/PMC. Cargos e vagas: [&hellip;]","og_url":"https:\/\/portalfadesp.org.br\/?page_id=40805","og_site_name":"FADESP","article_publisher":"https:\/\/www.facebook.com\/Fadesp-138351949524662\/","article_modified_time":"2023-07-10T17:17:39+00:00","twitter_card":"summary_large_image","twitter_site":"@Fadesp","twitter_misc":{"Est. tempo de leitura":"2 minutos"},"schema":{"@context":"https:\/\/schema.org","@graph":[{"@type":"WebPage","@id":"https:\/\/portalfadesp.org.br\/?page_id=40805","url":"https:\/\/portalfadesp.org.br\/?page_id=40805","name":"Processo Seletivo P\u00fablico da Prefeitura Municipal de Camet\u00e1 (2023) - FADESP","isPartOf":{"@id":"https:\/\/portalfadesp.org.br\/#website"},"datePublished":"2023-05-12T18:08:35+00:00","dateModified":"2023-07-10T17:17:39+00:00","breadcrumb":{"@id":"https:\/\/portalfadesp.org.br\/?page_id=40805#breadcrumb"},"inLanguage":"pt-BR","potentialAction":[{"@type":"ReadAction","target":["https:\/\/portalfadesp.org.br\/?page_id=40805"]}]},{"@type":"BreadcrumbList","@id":"https:\/\/portalfadesp.org.br\/?page_id=40805#breadcrumb","itemListElement":[{"@type":"ListItem","position":1,"name":"In\u00edcio","item":"https:\/\/portalfadesp.org.br\/"},{"@type":"ListItem","position":2,"name":"Concursos &#8211; Homologados","item":"https:\/\/portalfadesp.org.br\/?page_id=329"},{"@type":"ListItem","position":3,"name":"Processo Seletivo P\u00fablico da Prefeitura Municipal de Camet\u00e1 (2023)"}]},{"@type":"WebSite","@id":"https:\/\/portalfadesp.org.br\/#website","url":"https:\/\/portalfadesp.org.br\/","name":"FADESP","description":"Funda\u00e7\u00e3o de Amparo e Desenvolvimento da Pesquisa","publisher":{"@id":"https:\/\/portalfadesp.org.br\/#organization"},"potentialAction":[{"@type":"SearchAction","target":{"@type":"EntryPoint","urlTemplate":"https:\/\/portalfadesp.org.br\/?s={search_term_string}"},"query-input":{"@type":"PropertyValueSpecification","valueRequired":true,"valueName":"search_term_string"}}],"inLanguage":"pt-BR"},{"@type":"Organization","@id":"https:\/\/portalfadesp.org.br\/#organization","name":"FADESP","url":"https:\/\/portalfadesp.org.br\/","logo":{"@type":"ImageObject","inLanguage":"pt-BR","@id":"https:\/\/portalfadesp.org.br\/#\/schema\/logo\/image\/","url":"https:\/\/portalfadesp.org.br\/wp-content\/uploads\/2024\/01\/NOVOLOGOFADESPlaranjaH.png","contentUrl":"https:\/\/portalfadesp.org.br\/wp-content\/uploads\/2024\/01\/NOVOLOGOFADESPlaranjaH.png","width":2742,"height":839,"caption":"FADESP"},"image":{"@id":"https:\/\/portalfadesp.org.br\/#\/schema\/logo\/image\/"},"sameAs":["https:\/\/www.facebook.com\/Fadesp-138351949524662\/","https:\/\/x.com\/Fadesp","https:\/\/www.instagram.com\/fadesp_ufpa\/","https:\/\/www.youtube.com\/@fundacaodeamparoedesenvolv1903","https:\/\/www.threads.net\/@fadesp_ufpa"]}]}},"_links":{"self":[{"href":"https:\/\/portalfadesp.org.br\/index.php?rest_route=\/wp\/v2\/pages\/40805","targetHints":{"allow":["GET"]}}],"collection":[{"href":"https:\/\/portalfadesp.org.br\/index.php?rest_route=\/wp\/v2\/pages"}],"about":[{"href":"https:\/\/portalfadesp.org.br\/index.php?rest_route=\/wp\/v2\/types\/page"}],"author":[{"embeddable":true,"href":"https:\/\/portalfadesp.org.br\/index.php?rest_route=\/wp\/v2\/users\/12"}],"replies":[{"embeddable":true,"href":"https:\/\/portalfadesp.org.br\/index.php?rest_route=%2Fwp%2Fv2%2Fcomments&post=40805"}],"version-history":[{"count":73,"href":"https:\/\/portalfadesp.org.br\/index.php?rest_route=\/wp\/v2\/pages\/40805\/revisions"}],"predecessor-version":[{"id":41765,"href":"https:\/\/portalfadesp.org.br\/index.php?rest_route=\/wp\/v2\/pages\/40805\/revisions\/41765"}],"up":[{"embeddable":true,"href":"https:\/\/portalfadesp.org.br\/index.php?rest_route=\/wp\/v2\/pages\/329"}],"wp:attachment":[{"href":"https:\/\/portalfadesp.org.br\/index.php?rest_route=%2Fwp%2Fv2%2Fmedia&parent=40805"}],"curies":[{"name":"wp","href":"https:\/\/api.w.org\/{rel}","templated":true}]}}