{"id":40734,"date":"2023-05-10T13:18:48","date_gmt":"2023-05-10T16:18:48","guid":{"rendered":"https:\/\/portalfadesp.org.br\/?page_id=40734"},"modified":"2023-07-10T14:16:19","modified_gmt":"2023-07-10T17:16:19","slug":"pagina_modelo-19-12-22","status":"publish","type":"page","link":"https:\/\/portalfadesp.org.br\/?page_id=40734","title":{"rendered":"Processo Seletivo P\u00fablico da Prefeitura Municipal de Augusto Corr\u00eaa\u00a0(2023)."},"content":{"rendered":"\t\t<div data-elementor-type=\"wp-post\" data-elementor-id=\"40734\" class=\"elementor elementor-40734\" data-elementor-post-type=\"page\">\n\t\t\t\t\t\t<section class=\"elementor-section elementor-top-section elementor-element elementor-element-1f2996d1 elementor-section-boxed elementor-section-height-default elementor-section-height-default\" data-id=\"1f2996d1\" data-element_type=\"section\">\n\t\t\t\t\t\t<div class=\"elementor-container elementor-column-gap-default\">\n\t\t\t\t\t<div class=\"elementor-column elementor-col-100 elementor-top-column elementor-element elementor-element-59a4b3f8\" data-id=\"59a4b3f8\" data-element_type=\"column\">\n\t\t\t<div class=\"elementor-widget-wrap elementor-element-populated\">\n\t\t\t\t\t\t<div class=\"elementor-element elementor-element-799471af elementor-widget elementor-widget-heading\" data-id=\"799471af\" data-element_type=\"widget\" data-widget_type=\"heading.default\">\n\t\t\t\t<div class=\"elementor-widget-container\">\n\t\t\t\t\t<h1 class=\"elementor-heading-title elementor-size-default\">Processo Seletivo P\u00fablico da Prefeitura Municipal de Augusto Corr\u00eaa\u00a0(2023).<\/h1>\t\t\t\t<\/div>\n\t\t\t\t<\/div>\n\t\t\t\t<section class=\"elementor-section elementor-inner-section elementor-element elementor-element-336311f elementor-section-boxed elementor-section-height-default elementor-section-height-default\" data-id=\"336311f\" data-element_type=\"section\">\n\t\t\t\t\t\t<div class=\"elementor-container elementor-column-gap-default\">\n\t\t\t\t\t<div class=\"elementor-column elementor-col-50 elementor-inner-column elementor-element elementor-element-75ca0dc3\" data-id=\"75ca0dc3\" data-element_type=\"column\">\n\t\t\t<div class=\"elementor-widget-wrap elementor-element-populated\">\n\t\t\t\t\t\t<div class=\"elementor-element elementor-element-425a3096 elementor-widget elementor-widget-text-editor\" data-id=\"425a3096\" data-element_type=\"widget\" data-widget_type=\"text-editor.default\">\n\t\t\t\t<div class=\"elementor-widget-container\">\n\t\t\t\t\t\t\t\t\t<p>O Prefeito Municipal de Augusto Corr\u00eaa, no uso de suas atribui\u00e7\u00f5es, torna p\u00fablica a realiza\u00e7\u00e3o do Processo Seletivo P\u00fablico destinado ao preenchimento de vagas na esfera municipal para os cargos de Agente Comunit\u00e1rio de Sa\u00fade (ACS e Agente De Combate \u00e0s Endemias (ACE), mediante as condi\u00e7\u00f5es estabelecidas no Edital n\u00ba 001\/2023\/PMAC.<\/p>\n<p><strong>Cargos e vagas:<\/strong><\/p>\n<p>&#8211; Agente Comunit\u00e1rio de Sa\u00fade (ACS) = 45 vagas \/ Ensino M\u00e9dio Completo no ato da posse.<br>&#8211; Agente De Combate \u00e0s Endemias (ACE) = 04 vagas \/ Ensino M\u00e9dio Completo no ato da posse.<\/p>\n<p><strong>&#8211; Per\u00edodo das Inscri\u00e7\u00f5es:<\/strong>&nbsp;10 a 22 de maio de 2023.<br><strong>&nbsp;&#8211; Solicita\u00e7\u00e3o de isen\u00e7\u00e3o da taxa de inscri\u00e7\u00e3o para PCD e Atendimento Especial<\/strong>: 10 a 15\/05\/2023.<br><strong>&#8211; \u00daltimo dia de pagamento:<\/strong>&nbsp;23\/05\/2023<br><strong>&#8211; Valor da Taxa:<\/strong> R$ 80,00 (oitenta reais).<br><strong>&#8211; Prova Objetiva da Fase I (todos os candidatos):<\/strong> 04\/06\/2023, de 8 \u00e0s 12 horas<br><strong>&#8211; Prova Objetiva da Fase III:<\/strong> 25\/06\/2023, de 9 \u00e0s 12 horas<\/p>\t\t\t\t\t\t\t\t<\/div>\n\t\t\t\t<\/div>\n\t\t\t\t\t<\/div>\n\t\t<\/div>\n\t\t\t\t<div class=\"elementor-column elementor-col-50 elementor-inner-column elementor-element elementor-element-79608089\" data-id=\"79608089\" data-element_type=\"column\">\n\t\t\t<div class=\"elementor-widget-wrap elementor-element-populated\">\n\t\t\t\t\t\t<div class=\"elementor-element elementor-element-dc54908 elementor-widget elementor-widget-text-editor\" data-id=\"dc54908\" data-element_type=\"widget\" data-widget_type=\"text-editor.default\">\n\t\t\t\t<div class=\"elementor-widget-container\">\n\t\t\t\t\t\t\t\t\t<div class=\"botaoBug\" style=\"margin-bottom: 10px;\"><a href=\"http:\/\/concursos2.fadesp.org.br\/prefeitura\/2023\/augustocorrea\/web\/\"><strong>\u00c1rea do candidato (Clique aqui)<\/strong><\/a><\/div><div><em>* Na \u00e1rea do candidato poder\u00e1 ser realizado seu cadastro, inscri\u00e7\u00e3o, emiss\u00e3o de boleto, recursos, impress\u00e3o de cart\u00e3o, anexa\u00e7\u00e3o de documentos da prova de t\u00edtulos\u00a0 e afins&#8230;<\/em><\/div><div>\u00a0<\/div><div><div style=\"text-align: center;\"><strong>Aten\u00e7\u00e3o<\/strong><\/div><div>\u00a0<\/div><div>Informa\u00e7\u00f5es sobre convoca\u00e7\u00f5es para habilita\u00e7\u00e3o e posse nos cargos, somente estar\u00e3o dispon\u00edvel no site da Prefeitura Municipal.<\/div><\/div>\t\t\t\t\t\t\t\t<\/div>\n\t\t\t\t<\/div>\n\t\t\t\t<div class=\"elementor-element elementor-element-7ccac55 elementor-widget elementor-widget-text-editor\" data-id=\"7ccac55\" data-element_type=\"widget\" data-widget_type=\"text-editor.default\">\n\t\t\t\t<div class=\"elementor-widget-container\">\n\t\t\t\t\t\t\t\t\t<p><strong>Editais\u00a0<\/strong><\/p>\t\t\t\t\t\t\t\t<\/div>\n\t\t\t\t<\/div>\n\t\t\t\t<div class=\"elementor-element elementor-element-368e568 elementor-widget elementor-widget-text-editor\" data-id=\"368e568\" data-element_type=\"widget\" data-widget_type=\"text-editor.default\">\n\t\t\t\t<div class=\"elementor-widget-container\">\n\t\t\t\t\t\t\t\t\t<p style=\"text-align: center;\"><a href=\"http:\/\/concursos2.fadesp.org.br\/prefeitura\/2023\/augustocorrea\/arquivos\/HOMOLOGA\u00c7\u00c3O EDITAL_AUGUSTO CORREA - IOEPA - 07.07.2023.pdf\" data-wplink-url-error=\"true\">HOMOLOGA\u00c7\u00c3O EDITAL_AUGUSTO CORREA &#8211; IOEPA &#8211; 07\/07\/2023 <strong>(Clique aqui)<\/strong><\/a><\/p><p style=\"text-align: center;\"><a href=\"http:\/\/concursos2.fadesp.org.br\/prefeitura\/2023\/augustocorrea\/arquivos\/Edital n\u00b0 003_2023_Homologa\u00e7\u00e3o do Resultado Final - 07-07-2023.pdf\" data-wplink-url-error=\"true\">Edital n\u00b0 003_2023_Homologa\u00e7\u00e3o do Resultado Final, de 07\/07\/2023 <strong>(Clique aqui)<\/strong><\/a><\/p><p style=\"text-align: center;\"><a href=\"http:\/\/concursos2.fadesp.org.br\/prefeitura\/2023\/augustocorrea\/arquivos\/Resultado Final Definitivo - 07-07-2023.pdf\" data-wplink-url-error=\"true\">Resultado Final Definitivo, de 07\/07\/2023 <strong>(Clique aqui)<\/strong><\/a><\/p><p style=\"text-align: center;\"><a href=\"http:\/\/concursos2.fadesp.org.br\/prefeitura\/2023\/augustocorrea\/arquivos\/Resultado Final Preliminar - 04-07-2023 21ui4i4f.pdf\" data-wplink-url-error=\"true\">Resultado Final Preliminar, de 04\/07\/2023 <strong>(Clique aqui)<\/strong><\/a><\/p><p style=\"text-align: center;\"><a href=\"http:\/\/concursos2.fadesp.org.br\/prefeitura\/2023\/augustocorrea\/arquivos\/Resultado Definitivo da Prova Objetiva - IV FASE - 03-07-2023 24h1i124.pdf\" data-wplink-url-error=\"true\">Resultado Definitivo da Prova Objetiva &#8211; IV FASE, de 03\/07\/2023 <strong>(Clique aqui)<\/strong><\/a><\/p><p style=\"text-align: center;\"><a href=\"http:\/\/concursos2.fadesp.org.br\/prefeitura\/2023\/augustocorrea\/arquivos\/Resultado Preliminar da Prova Objetiva - IV FASE - 30-06-2023 CXBZB87CB.pdf\" data-wplink-url-error=\"true\">Resultado Preliminar da Prova Objetiva &#8211; IV FASE &#8211; Retificado, de 30\/06\/2023 <strong>(Clique aqui)<\/strong><\/a><\/p><p style=\"text-align: center;\"><a href=\"http:\/\/concursos2.fadesp.org.br\/prefeitura\/2023\/augustocorrea\/arquivos\/ERRATA N\u00ba 02 DE 29-06-2023 DO EDITAL N\u00ba 001_20213_REPUBLICADO EM 12-05-2023.pdf\" data-wplink-url-error=\"true\">ERRATA N\u00ba 02\u00a0 DO EDITAL N\u00ba 001_2023_REPUBLICADO, de 29\/06\/2023 <strong>(Clique aqui)<\/strong><\/a><\/p><p style=\"text-align: center;\"><a href=\"http:\/\/concursos2.fadesp.org.br\/prefeitura\/2023\/augustocorrea\/arquivos\/vxz987dasv98jvdagAbdef.html\">Gabarito Definitivo Fase IV, de 29\/06\/2023 <strong>(Clique aqui)<\/strong><\/a><\/p><p style=\"text-align: center;\"><a href=\"http:\/\/concursos2.fadesp.org.br\/prefeitura\/2023\/augustocorrea\/arquivos\/pw9n9M3eHZ0xgAb.html\">Gabarito Preliminar Fase IV, de 26\/06\/2023 <strong>(Clique aqui)<\/strong><\/a><\/p><p style=\"text-align: center;\"><a href=\"http:\/\/concursos2.fadesp.org.br\/prefeitura\/2023\/augustocorrea\/arquivos\/1dh1dj1EgCmcPrOv.html\">Prova fase IV, de 26\/06\/2023 <strong>(Clique aqui)<\/strong><\/a><\/p><p style=\"text-align: center;\"><a href=\"http:\/\/concursos2.fadesp.org.br\/prefeitura\/2023\/augustocorrea\/arquivos\/Resultado da Frequ\u00eancia no Curso Introdut\u00f3rio de Forma\u00e7\u00e3o Inicial_ACS-ACE - 23-06-2023.pdf\" data-wplink-url-error=\"true\">Resultado da Frequ\u00eancia no Curso Introdut\u00f3rio de Forma\u00e7\u00e3o Inicial ACS-ACE, 23\/06\/2023 <strong>(Clique aqui)<\/strong><\/a><\/p><p style=\"text-align: center;\"><a href=\"http:\/\/concursos2.fadesp.org.br\/prefeitura\/2023\/augustocorrea\/arquivos\/Edital n\u00b0 002_2023_Convoca\u00e7\u00e3o aos Cursos Introdut\u00f3rios de Forma\u00e7\u00e3o Inicial_ACE_ACS - 16-06-2023 DSAU323.pdf\" data-wplink-url-error=\"true\">Edital n\u00b0 002\/2023 Convoca\u00e7\u00e3o aos Cursos Introdut\u00f3rios de Forma\u00e7\u00e3o Inicial ACE-ACS, de 16\/06\/2023 <strong>(Clique aqui)<\/strong><\/a><\/p><p style=\"text-align: center;\"><a href=\"http:\/\/concursos2.fadesp.org.br\/prefeitura\/2023\/augustocorrea\/arquivos\/Resultado Definitivo da Prova Objetiva - Fase I - 16-06-2023 DSAU323.pdf\" data-wplink-url-error=\"true\">Resultado Definitivo da Prova Objetiva &#8211; Fase I, de 16\/06\/2023 <strong>(Clique aqui)<\/strong><\/a><\/p><p style=\"text-align: center;\"><a href=\"http:\/\/concursos2.fadesp.org.br\/prefeitura\/2023\/augustocorrea\/arquivos\/Resultado Definitivo da Prova de T\u00edtulos - Fase II - 16-06-2023 DSAU323.pdf\" data-wplink-url-error=\"true\">Resultado Definitivo da Prova de T\u00edtulos &#8211; Fase II, de 16\/06\/2023 <strong>(Clique aqui)<\/strong><\/a><\/p><p style=\"text-align: center;\"><a href=\"http:\/\/concursos2.fadesp.org.br\/prefeitura\/2023\/augustocorrea\/arquivos\/Resultado Preliminar da Prova de T\u00edtulos SDOG4add.pdf\" data-wplink-url-error=\"true\">Resultado Preliminar da Prova de T\u00edtulos, de 13\/06\/2023 <strong>(Clique aqui)<\/strong><\/a><\/p><p style=\"text-align: center;\"><a href=\"http:\/\/concursos2.fadesp.org.br\/prefeitura\/2023\/augustocorrea\/arquivos\/Resultado Preliminar da Prova Objetiva SDOG4add.pdf\" data-wplink-url-error=\"true\">Resultado Preliminar da Prova Objetiva, de 13\/06\/2023 <strong>(Clique aqui)<\/strong><\/a><\/p><p style=\"text-align: center;\"><a href=\"http:\/\/concursos2.fadesp.org.br\/prefeitura\/2023\/augustocorrea\/arquivos\/9826dsaSd26sSDawAgAb.html\">Gabarito Definitivo, de 09\/06\/2023 <strong>(Clique aqui)<\/strong><\/a><\/p><p style=\"text-align: center;\"><a href=\"http:\/\/concursos2.fadesp.org.br\/prefeitura\/2023\/augustocorrea\/arquivos\/9I7HI9h98gGGVJKPrOv.html\">Provas, de 05\/06\/2023 <strong>(Clique aqui)<\/strong><\/a><\/p><p style=\"text-align: center;\"><a href=\"http:\/\/concursos2.fadesp.org.br\/prefeitura\/2023\/augustocorrea\/arquivos\/3jo498H989ghARgAb.html\">Gabaritos, de 05\/06\/2023 <strong>(Clique aqui)<\/strong><\/a><\/p><p style=\"text-align: center;\"><a href=\"http:\/\/concursos2.fadesp.org.br\/prefeitura\/2023\/augustocorrea\/arquivos\/Demanda.pdf\">Demanda, de 29\/05\/2023 <strong>(Clique aqui)<\/strong><\/a><\/p><p style=\"text-align: center;\"><a href=\"http:\/\/concursos2.fadesp.org.br\/prefeitura\/2023\/augustocorrea\/arquivos\/Resultado Definitivo Inscri\u00e7\u00f5es Deferidas - 29-05-2023.pdf\" data-wplink-url-error=\"true\">Resultado Definitivo Inscri\u00e7\u00f5es Deferidas, de 29\/05\/2023 <strong>(Clique aqui)<\/strong><\/a><\/p><p style=\"text-align: center;\"><a href=\"http:\/\/concursos2.fadesp.org.br\/prefeitura\/2023\/augustocorrea\/arquivos\/Resultado Definitivo de Concorentes como PcD - 29-05-2023.pdf\" data-wplink-url-error=\"true\">Resultado Definitivo de Concorentes como PcD &#8211; 29\/05\/2023 <strong>(Clique aqui)<\/strong><\/a><\/p><p style=\"text-align: center;\"><a href=\"http:\/\/concursos2.fadesp.org.br\/prefeitura\/2023\/augustocorrea\/arquivos\/Resultado Definitivo de Atendimentos Especiais no Dia da Prova Objetiva - 29-05-2023.pdf\" data-wplink-url-error=\"true\">Resultado Definitivo de Atendimentos Especiais no Dia da Prova Objetiva, de 29\/05\/2023 <strong>(Clique aqui)<\/strong><\/a><\/p><p style=\"text-align: center;\"><a href=\"http:\/\/concursos2.fadesp.org.br\/prefeitura\/2023\/augustocorrea\/arquivos\/Resultado Preliminar de Inscri\u00e7\u00f5es Deferidas - 25-05-2023.pdf\" data-wplink-url-error=\"true\">Resultado Preliminar de Inscri\u00e7\u00f5es Deferidas &#8211; 25-05-2023 <strong>(Clique aqui)<\/strong><\/a><\/p><p style=\"text-align: center;\"><a href=\"http:\/\/concursos2.fadesp.org.br\/prefeitura\/2023\/augustocorrea\/arquivos\/Resultado Preliminar de Concorentes como PcD - 25-05-2023.pdf\" data-wplink-url-error=\"true\">Resultado Preliminar de Concorentes como PcD, de 25\/05\/2023 <strong>(Clique aqui)<\/strong><\/a><\/p><p style=\"text-align: center;\"><a href=\"http:\/\/concursos2.fadesp.org.br\/prefeitura\/2023\/augustocorrea\/arquivos\/Resultado Preliminar de Atendimentos Especiais no Dia da Prova Objetiva - 25-05-2023.pdf\" data-wplink-url-error=\"true\">Resultado Preliminar de Atendimentos Especiais no Dia da Prova Objetiva, de 25\/05\/2023 <strong>(Clique aqui)<\/strong><\/a><\/p><p style=\"text-align: center;\"><a href=\"http:\/\/concursos2.fadesp.org.br\/prefeitura\/2023\/augustocorrea\/arquivos\/Errata n\u00b0 01 do Edital n\u00b0 01_2023_PMAC - 22-05-2023.pdf\" data-wplink-url-error=\"true\">Errata n\u00b0 01 do Edital n\u00b0 01_2023_PMAC, de 22\/05\/2023 <strong>(Clique aqui)<\/strong><\/a><\/p><p style=\"text-align: center;\"><a href=\"http:\/\/concursos2.fadesp.org.br\/prefeitura\/2023\/augustocorrea\/arquivos\/Resultado Definitivo Isen\u00e7\u00e3o PcD - 19-05-2023.pdf\" data-wplink-url-error=\"true\">Resultado Definitivo Isen\u00e7\u00e3o PcD, de 19\/05\/2023 <strong>(Clique aqui)<\/strong><\/a><\/p><p style=\"text-align: center;\"><a href=\"http:\/\/concursos2.fadesp.org.br\/prefeitura\/2023\/augustocorrea\/arquivos\/Resultado Preliminar Isen\u00e7\u00e3o taxa PcD - 16-05-2023.pdf\" data-wplink-url-error=\"true\">Resultado Preliminar Isen\u00e7\u00e3o taxa PcD, de 16\/05\/2023 <strong>(Clique aqui)<\/strong><\/a><\/p><p style=\"text-align: center;\"><a href=\"http:\/\/concursos2.fadesp.org.br\/prefeitura\/2023\/augustocorrea\/arquivos\/EDITAL N\u00ba 001_20213_REPUBLICADO EM 12-05-2023.pdf\" data-wplink-url-error=\"true\"><strong>EDITAL N\u00ba 001_2023_REPUBLICADO, de 12\/05\/2023 (Clique aqui)<\/strong><\/a><\/p><p style=\"text-align: center;\"><a href=\"http:\/\/concursos2.fadesp.org.br\/prefeitura\/2023\/augustocorrea\/arquivos\/LEI-MUNICIPAL 1.883_2015 RJU DOS FUNCIONARIOS PUBLICOS AUGUSTO CORREA_opt.pdf\" data-wplink-url-error=\"true\">LEI-MUNICIPAL 1.883_2015 RJU DOS FUNCIONARIOS PUBLICOS AUGUSTO CORREA <strong>(Clique aqui)<\/strong><\/a><\/p><p style=\"text-align: center;\">\u00a0<\/p>\t\t\t\t\t\t\t\t<\/div>\n\t\t\t\t<\/div>\n\t\t\t\t\t<\/div>\n\t\t<\/div>\n\t\t\t\t\t<\/div>\n\t\t<\/section>\n\t\t\t\t\t<\/div>\n\t\t<\/div>\n\t\t\t\t\t<\/div>\n\t\t<\/section>\n\t\t\t\t<\/div>\n\t\t","protected":false},"excerpt":{"rendered":"<p>Processo Seletivo P\u00fablico da Prefeitura Municipal de Augusto Corr\u00eaa\u00a0(2023). O Prefeito Municipal de Augusto Corr\u00eaa, no uso de suas atribui\u00e7\u00f5es, torna p\u00fablica a realiza\u00e7\u00e3o do Processo Seletivo P\u00fablico destinado ao preenchimento de vagas na esfera municipal para os cargos de Agente Comunit\u00e1rio de Sa\u00fade (ACS e Agente De Combate \u00e0s Endemias (ACE), mediante as condi\u00e7\u00f5es [&hellip;]<\/p>\n","protected":false},"author":12,"featured_media":0,"parent":329,"menu_order":0,"comment_status":"closed","ping_status":"closed","template":"","meta":{"_monsterinsights_skip_tracking":false,"_monsterinsights_sitenote_active":false,"_monsterinsights_sitenote_note":"","_monsterinsights_sitenote_category":0,"footnotes":""},"class_list":["post-40734","page","type-page","status-publish","hentry","entry"],"yoast_head":"<!-- This site is optimized with the Yoast SEO plugin v25.1 - https:\/\/yoast.com\/wordpress\/plugins\/seo\/ -->\n<title>Processo Seletivo P\u00fablico da Prefeitura Municipal de Augusto Corr\u00eaa\u00a0(2023). - FADESP<\/title>\n<meta name=\"robots\" content=\"index, follow, max-snippet:-1, max-image-preview:large, max-video-preview:-1\" \/>\n<link rel=\"canonical\" href=\"https:\/\/portalfadesp.org.br\/?page_id=40734\" \/>\n<meta property=\"og:locale\" content=\"pt_BR\" \/>\n<meta property=\"og:type\" content=\"article\" \/>\n<meta property=\"og:title\" content=\"Processo Seletivo P\u00fablico da Prefeitura Municipal de Augusto Corr\u00eaa\u00a0(2023). - FADESP\" \/>\n<meta property=\"og:description\" content=\"Processo Seletivo P\u00fablico da Prefeitura Municipal de Augusto Corr\u00eaa\u00a0(2023). O Prefeito Municipal de Augusto Corr\u00eaa, no uso de suas atribui\u00e7\u00f5es, torna p\u00fablica a realiza\u00e7\u00e3o do Processo Seletivo P\u00fablico destinado ao preenchimento de vagas na esfera municipal para os cargos de Agente Comunit\u00e1rio de Sa\u00fade (ACS e Agente De Combate \u00e0s Endemias (ACE), mediante as condi\u00e7\u00f5es [&hellip;]\" \/>\n<meta property=\"og:url\" content=\"https:\/\/portalfadesp.org.br\/?page_id=40734\" \/>\n<meta property=\"og:site_name\" content=\"FADESP\" \/>\n<meta property=\"article:publisher\" content=\"https:\/\/www.facebook.com\/Fadesp-138351949524662\/\" \/>\n<meta property=\"article:modified_time\" content=\"2023-07-10T17:16:19+00:00\" \/>\n<meta name=\"twitter:card\" content=\"summary_large_image\" \/>\n<meta name=\"twitter:site\" content=\"@Fadesp\" \/>\n<meta name=\"twitter:label1\" content=\"Est. tempo de leitura\" \/>\n\t<meta name=\"twitter:data1\" content=\"3 minutos\" \/>\n<script type=\"application\/ld+json\" class=\"yoast-schema-graph\">{\"@context\":\"https:\/\/schema.org\",\"@graph\":[{\"@type\":\"WebPage\",\"@id\":\"https:\/\/portalfadesp.org.br\/?page_id=40734\",\"url\":\"https:\/\/portalfadesp.org.br\/?page_id=40734\",\"name\":\"Processo Seletivo P\u00fablico da Prefeitura Municipal de Augusto Corr\u00eaa\u00a0(2023). - FADESP\",\"isPartOf\":{\"@id\":\"https:\/\/portalfadesp.org.br\/#website\"},\"datePublished\":\"2023-05-10T16:18:48+00:00\",\"dateModified\":\"2023-07-10T17:16:19+00:00\",\"breadcrumb\":{\"@id\":\"https:\/\/portalfadesp.org.br\/?page_id=40734#breadcrumb\"},\"inLanguage\":\"pt-BR\",\"potentialAction\":[{\"@type\":\"ReadAction\",\"target\":[\"https:\/\/portalfadesp.org.br\/?page_id=40734\"]}]},{\"@type\":\"BreadcrumbList\",\"@id\":\"https:\/\/portalfadesp.org.br\/?page_id=40734#breadcrumb\",\"itemListElement\":[{\"@type\":\"ListItem\",\"position\":1,\"name\":\"In\u00edcio\",\"item\":\"https:\/\/portalfadesp.org.br\/\"},{\"@type\":\"ListItem\",\"position\":2,\"name\":\"Concursos &#8211; Homologados\",\"item\":\"https:\/\/portalfadesp.org.br\/?page_id=329\"},{\"@type\":\"ListItem\",\"position\":3,\"name\":\"Processo Seletivo P\u00fablico da Prefeitura Municipal de Augusto Corr\u00eaa\u00a0(2023).\"}]},{\"@type\":\"WebSite\",\"@id\":\"https:\/\/portalfadesp.org.br\/#website\",\"url\":\"https:\/\/portalfadesp.org.br\/\",\"name\":\"FADESP\",\"description\":\"Funda\u00e7\u00e3o de Amparo e Desenvolvimento da Pesquisa\",\"publisher\":{\"@id\":\"https:\/\/portalfadesp.org.br\/#organization\"},\"potentialAction\":[{\"@type\":\"SearchAction\",\"target\":{\"@type\":\"EntryPoint\",\"urlTemplate\":\"https:\/\/portalfadesp.org.br\/?s={search_term_string}\"},\"query-input\":{\"@type\":\"PropertyValueSpecification\",\"valueRequired\":true,\"valueName\":\"search_term_string\"}}],\"inLanguage\":\"pt-BR\"},{\"@type\":\"Organization\",\"@id\":\"https:\/\/portalfadesp.org.br\/#organization\",\"name\":\"FADESP\",\"url\":\"https:\/\/portalfadesp.org.br\/\",\"logo\":{\"@type\":\"ImageObject\",\"inLanguage\":\"pt-BR\",\"@id\":\"https:\/\/portalfadesp.org.br\/#\/schema\/logo\/image\/\",\"url\":\"https:\/\/portalfadesp.org.br\/wp-content\/uploads\/2024\/01\/NOVOLOGOFADESPlaranjaH.png\",\"contentUrl\":\"https:\/\/portalfadesp.org.br\/wp-content\/uploads\/2024\/01\/NOVOLOGOFADESPlaranjaH.png\",\"width\":2742,\"height\":839,\"caption\":\"FADESP\"},\"image\":{\"@id\":\"https:\/\/portalfadesp.org.br\/#\/schema\/logo\/image\/\"},\"sameAs\":[\"https:\/\/www.facebook.com\/Fadesp-138351949524662\/\",\"https:\/\/x.com\/Fadesp\",\"https:\/\/www.instagram.com\/fadesp_ufpa\/\",\"https:\/\/www.youtube.com\/@fundacaodeamparoedesenvolv1903\",\"https:\/\/www.threads.net\/@fadesp_ufpa\"]}]}<\/script>\n<!-- \/ Yoast SEO plugin. -->","yoast_head_json":{"title":"Processo Seletivo P\u00fablico da Prefeitura Municipal de Augusto Corr\u00eaa\u00a0(2023). - FADESP","robots":{"index":"index","follow":"follow","max-snippet":"max-snippet:-1","max-image-preview":"max-image-preview:large","max-video-preview":"max-video-preview:-1"},"canonical":"https:\/\/portalfadesp.org.br\/?page_id=40734","og_locale":"pt_BR","og_type":"article","og_title":"Processo Seletivo P\u00fablico da Prefeitura Municipal de Augusto Corr\u00eaa\u00a0(2023). - FADESP","og_description":"Processo Seletivo P\u00fablico da Prefeitura Municipal de Augusto Corr\u00eaa\u00a0(2023). O Prefeito Municipal de Augusto Corr\u00eaa, no uso de suas atribui\u00e7\u00f5es, torna p\u00fablica a realiza\u00e7\u00e3o do Processo Seletivo P\u00fablico destinado ao preenchimento de vagas na esfera municipal para os cargos de Agente Comunit\u00e1rio de Sa\u00fade (ACS e Agente De Combate \u00e0s Endemias (ACE), mediante as condi\u00e7\u00f5es [&hellip;]","og_url":"https:\/\/portalfadesp.org.br\/?page_id=40734","og_site_name":"FADESP","article_publisher":"https:\/\/www.facebook.com\/Fadesp-138351949524662\/","article_modified_time":"2023-07-10T17:16:19+00:00","twitter_card":"summary_large_image","twitter_site":"@Fadesp","twitter_misc":{"Est. tempo de leitura":"3 minutos"},"schema":{"@context":"https:\/\/schema.org","@graph":[{"@type":"WebPage","@id":"https:\/\/portalfadesp.org.br\/?page_id=40734","url":"https:\/\/portalfadesp.org.br\/?page_id=40734","name":"Processo Seletivo P\u00fablico da Prefeitura Municipal de Augusto Corr\u00eaa\u00a0(2023). - FADESP","isPartOf":{"@id":"https:\/\/portalfadesp.org.br\/#website"},"datePublished":"2023-05-10T16:18:48+00:00","dateModified":"2023-07-10T17:16:19+00:00","breadcrumb":{"@id":"https:\/\/portalfadesp.org.br\/?page_id=40734#breadcrumb"},"inLanguage":"pt-BR","potentialAction":[{"@type":"ReadAction","target":["https:\/\/portalfadesp.org.br\/?page_id=40734"]}]},{"@type":"BreadcrumbList","@id":"https:\/\/portalfadesp.org.br\/?page_id=40734#breadcrumb","itemListElement":[{"@type":"ListItem","position":1,"name":"In\u00edcio","item":"https:\/\/portalfadesp.org.br\/"},{"@type":"ListItem","position":2,"name":"Concursos &#8211; Homologados","item":"https:\/\/portalfadesp.org.br\/?page_id=329"},{"@type":"ListItem","position":3,"name":"Processo Seletivo P\u00fablico da Prefeitura Municipal de Augusto Corr\u00eaa\u00a0(2023)."}]},{"@type":"WebSite","@id":"https:\/\/portalfadesp.org.br\/#website","url":"https:\/\/portalfadesp.org.br\/","name":"FADESP","description":"Funda\u00e7\u00e3o de Amparo e Desenvolvimento da Pesquisa","publisher":{"@id":"https:\/\/portalfadesp.org.br\/#organization"},"potentialAction":[{"@type":"SearchAction","target":{"@type":"EntryPoint","urlTemplate":"https:\/\/portalfadesp.org.br\/?s={search_term_string}"},"query-input":{"@type":"PropertyValueSpecification","valueRequired":true,"valueName":"search_term_string"}}],"inLanguage":"pt-BR"},{"@type":"Organization","@id":"https:\/\/portalfadesp.org.br\/#organization","name":"FADESP","url":"https:\/\/portalfadesp.org.br\/","logo":{"@type":"ImageObject","inLanguage":"pt-BR","@id":"https:\/\/portalfadesp.org.br\/#\/schema\/logo\/image\/","url":"https:\/\/portalfadesp.org.br\/wp-content\/uploads\/2024\/01\/NOVOLOGOFADESPlaranjaH.png","contentUrl":"https:\/\/portalfadesp.org.br\/wp-content\/uploads\/2024\/01\/NOVOLOGOFADESPlaranjaH.png","width":2742,"height":839,"caption":"FADESP"},"image":{"@id":"https:\/\/portalfadesp.org.br\/#\/schema\/logo\/image\/"},"sameAs":["https:\/\/www.facebook.com\/Fadesp-138351949524662\/","https:\/\/x.com\/Fadesp","https:\/\/www.instagram.com\/fadesp_ufpa\/","https:\/\/www.youtube.com\/@fundacaodeamparoedesenvolv1903","https:\/\/www.threads.net\/@fadesp_ufpa"]}]}},"_links":{"self":[{"href":"https:\/\/portalfadesp.org.br\/index.php?rest_route=\/wp\/v2\/pages\/40734","targetHints":{"allow":["GET"]}}],"collection":[{"href":"https:\/\/portalfadesp.org.br\/index.php?rest_route=\/wp\/v2\/pages"}],"about":[{"href":"https:\/\/portalfadesp.org.br\/index.php?rest_route=\/wp\/v2\/types\/page"}],"author":[{"embeddable":true,"href":"https:\/\/portalfadesp.org.br\/index.php?rest_route=\/wp\/v2\/users\/12"}],"replies":[{"embeddable":true,"href":"https:\/\/portalfadesp.org.br\/index.php?rest_route=%2Fwp%2Fv2%2Fcomments&post=40734"}],"version-history":[{"count":114,"href":"https:\/\/portalfadesp.org.br\/index.php?rest_route=\/wp\/v2\/pages\/40734\/revisions"}],"predecessor-version":[{"id":41916,"href":"https:\/\/portalfadesp.org.br\/index.php?rest_route=\/wp\/v2\/pages\/40734\/revisions\/41916"}],"up":[{"embeddable":true,"href":"https:\/\/portalfadesp.org.br\/index.php?rest_route=\/wp\/v2\/pages\/329"}],"wp:attachment":[{"href":"https:\/\/portalfadesp.org.br\/index.php?rest_route=%2Fwp%2Fv2%2Fmedia&parent=40734"}],"curies":[{"name":"wp","href":"https:\/\/api.w.org\/{rel}","templated":true}]}}